{"id":2067,"date":"2026-03-12T11:29:09","date_gmt":"2026-03-12T10:29:09","guid":{"rendered":"https:\/\/www.hoteldelabaiecrozonmorgat.com\/elaia-metadatas\/"},"modified":"2026-05-21T12:20:50","modified_gmt":"2026-05-21T10:20:50","slug":"elaia-metadatas","status":"publish","type":"page","link":"https:\/\/www.hoteldelabaiecrozonmorgat.com\/de\/elaia-metadatas\/","title":{"rendered":"Entdecken Sie in Ihrer Umgebung"},"content":{"rendered":"\n<section class=\"wp-block-group section-elaia has-global-padding is-layout-constrained wp-container-core-group-is-layout-8b65383b wp-block-group-is-layout-constrained\" style=\"margin-top:0px;margin-bottom:0px;padding-top:8rem;padding-right:10rem;padding-bottom:8rem;padding-left:10rem\">\n\n\n\n<style>\n  html {\n    scroll-behavior: smooth;\n  }\n\n  .em-wrap.em-mobile-filters-open {\n    z-index: 100000 !important;\n  }\n\n  \/* \u2550\u2550\u2550\u2550\u2550\u2550\u2550\u2550\u2550\u2550\u2550\u2550\u2550\u2550\u2550\u2550\u2550\u2550\u2550\u2550\u2550\u2550\u2550\u2550\u2550\u2550\u2550\u2550\u2550\u2550\u2550\u2550\u2550\u2550\u2550\u2550\u2550\u2550\u2550\n     BASE \u2014 Layout principal et typographie\n     \u2550\u2550\u2550\u2550\u2550\u2550\u2550\u2550\u2550\u2550\u2550\u2550\u2550\u2550\u2550\u2550\u2550\u2550\u2550\u2550\u2550\u2550\u2550\u2550\u2550\u2550\u2550\u2550\u2550\u2550\u2550\u2550\u2550\u2550\u2550\u2550\u2550\u2550\u2550 *\/\n  .em-wrap {\n    position: relative !important;\n    z-index: 10 !important;\n    isolation: isolate;\n\n    display: flex;\n    flex-direction: column;\n    \/* Hauteur auto : la page coule naturellement et le footer du th\u00e8me suit le contenu.\n       Anciennement height:calc(100vh - --em-header-offset) qui for\u00e7ait un viewport entier\n       et faisait appara\u00eetre le footer \u00e0 un endroit bizarre. *\/\n\n    font-family: 'Inter', -apple-system, sans-serif !important;\n    color: #0f172a;\n    max-width: 1400px;\n    margin: 0 auto;\n    padding: 0 24px 40px;\n    -webkit-font-smoothing: antialiased;\n  }\n\n  .em-wrap * {\n    box-sizing: border-box;\n  }\n\n  \/* \u2500\u2500\u2500 Header \u2014 Titre + barre de recherche \u2500\u2500\u2500 *\/\n  .em-header {\n    padding: 40px 0 24px;\n    display: flex;\n    align-items: flex-end;\n    justify-content: space-between;\n    gap: 16px;\n    flex-wrap: wrap;\n    flex-shrink: 0;\n    \/* le header ne se compresse pas *\/\n  }\n\n  .em-header-title {\n    font-size: 24px !important;\n    font-weight: 800 !important;\n    margin: 0 !important;\n    color: #0f172a;\n  }\n\n  .em-header-sub {\n    font-size: 14px;\n    color: #64748b;\n    margin: 4px 0 0;\n  }\n\n  \/* \u2500\u2500\u2500 Recherche \u2014 Champ avec ic\u00f4ne loupe \u2500\u2500\u2500 *\/\n  .em-search-wrap {\n    position: relative;\n  }\n\n  .em-sidebar .em-search-wrap {\n    margin-top: 16px;\n  }\n\n  .em-search-icon {\n    position: absolute;\n    left: 12px;\n    top: 50%;\n    transform: translateY(-50%);\n    width: 16px;\n    height: 16px;\n    color: #94a3b8;\n    pointer-events: none;\n  }\n\n  .em-search {\n    width: 100% !important;\n    padding: 10px 16px 10px 36px !important;\n    font-size: 14px !important;\n    font-family: inherit;\n    border: 1px solid #e2e8f0 !important;\n    border-radius: 12px !important;\n    background: #fff !important;\n    color: #0f172a;\n    outline: none;\n  }\n\n  .em-search:focus {\n    border-color: #3b82f6 !important;\n    box-shadow: 0 0 0 3px #3b82f618 !important;\n  }\n\n  .em-search::placeholder {\n    color: #94a3b8;\n  }\n\n  .em-main {\n    flex: 1;\n    min-width: 0;\n    width: 100%;\n    display: flex;\n    flex-direction: column;\n    gap: 24px;\n  }\n\n  \/* \u2500\u2500\u2500 Onglets \u2014 Filtrage par cat\u00e9gorie \u2500\u2500\u2500 *\/\n  \/* --em-header-offset est calcul\u00e9 au runtime par le JS (hauteur d'un header sticky\/fix\u00e9 du th\u00e8me, sinon 0) *\/\n  .em-tabs {\n    display: flex !important;\n    flex-wrap: wrap;\n    gap: 8px;\n    flex-shrink: 0;\n  }\n\n  \/* Overlay opaque sous le header du th\u00e8me, affich\u00e9 uniquement pendant le scroll \u2014 masque les cards qui d\u00e9filent \u00e0 travers un header semi-transparent *\/\n  #em-header-overlay {\n    position: fixed;\n    top: 0;\n    left: 0;\n    right: 0;\n    height: var(--em-header-offset, 0px);\n    pointer-events: none;\n    opacity: 0;\n    transition: opacity 0.15s;\n  }\n\n  html.em-scrolled #em-header-overlay {\n    opacity: 1;\n  }\n\n  .em-tab {\n    flex: 0 1 auto;\n    max-width: 100%;\n    padding: 8px 16px;\n    border-radius: 8px;\n    font-size: 14px;\n    font-weight: 500;\n    cursor: pointer;\n    border: 1px solid #e2e8f0;\n    background: #fff;\n    color: #64748b;\n    transition: all 0.15s;\n    font-family: inherit;\n    white-space: normal;\n    overflow-wrap: anywhere;\n    text-align: left;\n  }\n\n  .em-tab:hover {\n    border-color: #cbd5e1;\n  }\n\n  .em-tab.active {\n    background: #3b82f6 !important;\n    color: #fff !important;\n    border-color: #3b82f6 !important;\n  }\n\n  .em-tab-count {\n    margin-left: 6px;\n    font-size: 12px;\n    opacity: 0.7;\n  }\n\n  .em-main-body {\n    display: flex;\n    flex-direction: column;\n    gap: 24px;\n  }\n\n\n  \/* \u2550\u2550\u2550\u2550\u2550\u2550\u2550\u2550\u2550\u2550\u2550\u2550\u2550\u2550\u2550\u2550\u2550\u2550\u2550\u2550\u2550\u2550\u2550\u2550\u2550\u2550\u2550\u2550\u2550\u2550\u2550\u2550\u2550\u2550\u2550\u2550\u2550\u2550\u2550\n     CARTE \u2014 Leaflet + l\u00e9gende + marqueurs\n     \u2550\u2550\u2550\u2550\u2550\u2550\u2550\u2550\u2550\u2550\u2550\u2550\u2550\u2550\u2550\u2550\u2550\u2550\u2550\u2550\u2550\u2550\u2550\u2550\u2550\u2550\u2550\u2550\u2550\u2550\u2550\u2550\u2550\u2550\u2550\u2550\u2550\u2550\u2550 *\/\n  .em-map-section {\n    \/* margin-bottom: 24px; *\/\n    isolation: isolate;\n  }\n\n  .em-map-section--hidden {\n    display: none;\n  }\n\n  .em-map-wrap {\n    border-radius: 16px;\n    overflow: hidden;\n    border: 1px solid #e2e8f0;\n    box-shadow: 0 1px 3px rgba(0, 0, 0, 0.04);\n  }\n\n  .em-map {\n    height: 420px;\n    width: 100%;\n  }\n\n  \/* Personnalisation des popups Leaflet *\/\n  .em-map .leaflet-popup-content-wrapper {\n    border-radius: 12px;\n    box-shadow: 0 4px 12px rgba(0, 0, 0, 0.12);\n    padding: 0;\n    overflow: hidden;\n  }\n\n  .em-map .leaflet-popup-content {\n    margin: 0;\n    min-width: 200px;\n  }\n\n  .em-map .leaflet-popup-tip {\n    box-shadow: 0 2px 6px rgba(0, 0, 0, 0.1);\n  }\n\n  .em-map-popup {\n    padding: 12px 14px;\n  }\n\n  .em-map-popup-name {\n    font-size: 14px;\n    font-weight: 700;\n    color: #0f172a;\n    margin: 0 0 4px;\n    line-height: 1.3;\n  }\n\n  .em-map-popup-cat {\n    font-size: 11px;\n    font-weight: 600;\n    text-transform: uppercase;\n    letter-spacing: 0.3px;\n    margin: 0 0 8px;\n  }\n\n  .em-map-popup-btn {\n    display: inline-flex;\n    align-items: center;\n    gap: 4px;\n    font-size: 12px;\n    font-weight: 600;\n    color: #3b82f6;\n    cursor: pointer;\n    background: none;\n    border: none;\n    padding: 0;\n    font-family: inherit;\n  }\n\n  .em-map-popup-btn:hover {\n    text-decoration: underline;\n  }\n\n  \/* L\u00e9gende de la carte *\/\n  .em-map-legend {\n    display: flex;\n    gap: 16px;\n    padding: 10px 16px;\n    background: #fff;\n    border-top: 1px solid #e2e8f0;\n    flex-wrap: wrap;\n  }\n\n  .em-map-legend-item {\n    display: flex;\n    min-width: 0;\n    max-width: 100%;\n    align-items: center;\n    gap: 6px;\n    font-size: 12px;\n    font-weight: 600;\n    color: #64748b;\n    cursor: pointer;\n    transition: opacity 0.15s;\n    overflow-wrap: anywhere;\n  }\n\n  .em-map-legend-item:hover {\n    opacity: 0.7;\n  }\n\n  .em-map-legend-item--off {\n    opacity: 0.3;\n  }\n\n  .em-map-legend-item--off .em-map-legend-dot {\n    background: #cbd5e1 !important;\n    box-shadow: none !important;\n  }\n\n  .em-map-legend-dot {\n    width: 10px;\n    height: 10px;\n    border-radius: 50%;\n    flex-shrink: 0;\n    box-shadow: 0 0 0 2px rgba(0, 0, 0, 0.08);\n  }\n\n  \/* Bouton toggle carte *\/\n  .em-map-toggle {\n    display: inline-flex;\n    align-items: center;\n    gap: 6px;\n    padding: 8px 14px;\n    border-radius: 8px;\n    border: 1px solid #e2e8f0;\n    background: #fff;\n    color: #64748b;\n    font-size: 13px;\n    font-weight: 600;\n    cursor: pointer;\n    font-family: inherit;\n    transition: all 0.15s;\n    margin-bottom: 16px;\n  }\n\n  .em-map-toggle:hover {\n    border-color: #3b82f6;\n    color: #3b82f6;\n  }\n\n  .em-map-toggle.active {\n    background: #3b82f6;\n    color: #fff;\n    border-color: #3b82f6;\n  }\n\n  \/* Quand le bouton Carte est plac\u00e9 dans la barre des onglets, alignement avec .em-tab *\/\n  .em-tabs .em-map-toggle {\n    font-size: 14px;\n    padding: 8px 16px;\n    margin-bottom: 0;\n    flex-shrink: 0;\n  }\n\n  \/* Marqueurs personnalis\u00e9s SVG *\/\n  .em-marker {\n    transition: transform 0.15s ease;\n  }\n\n  .em-marker:hover {\n    transform: scale(1.3);\n    z-index: 1000 !important;\n  }\n\n  .em-marker--active {\n    transform: scale(1.4);\n    z-index: 1000 !important;\n  }\n\n  \/* \u2550\u2550\u2550\u2550\u2550\u2550\u2550\u2550\u2550\u2550\u2550\u2550\u2550\u2550\u2550\u2550\u2550\u2550\u2550\u2550\u2550\u2550\u2550\u2550\u2550\u2550\u2550\u2550\u2550\u2550\u2550\u2550\u2550\u2550\u2550\u2550\u2550\u2550\u2550\n     LAYOUT \u2014 Sidebar filtres + grille cards\n     \u2550\u2550\u2550\u2550\u2550\u2550\u2550\u2550\u2550\u2550\u2550\u2550\u2550\u2550\u2550\u2550\u2550\u2550\u2550\u2550\u2550\u2550\u2550\u2550\u2550\u2550\u2550\u2550\u2550\u2550\u2550\u2550\u2550\u2550\u2550\u2550\u2550\u2550\u2550 *\/\n  .em-layout {\n    display: flex;\n    min-width: 0;\n    width: 100%;\n    gap: 24px;\n    align-items: flex-start;\n    scroll-margin-top: calc(var(--em-header-offset, 0px) + 16px);\n  }\n\n  .em-sidebar {\n    flex: 0 0 285px;\n    position: sticky;\n    top: calc(var(--em-header-offset, 0px) + 24px);\n    align-self: flex-start;\n    max-height: calc(100vh - var(--em-header-offset, 0px) - 48px);\n    overflow-y: auto;\n    scroll-behavior: smooth;\n  }\n\n\n  \/* \u2500\u2500\u2500 Filtres lat\u00e9raux \u2500\u2500\u2500 *\/\n  .em-filters {\n    background: #fff;\n    border-radius: 12px;\n    padding: 20px;\n    border: 1px solid #e2e8f0;\n    box-shadow: 0 1px 3px rgba(0, 0, 0, 0.04);\n  }\n\n  .em-filters-title {\n    width: 100%;\n    padding: 0;\n    border: 0;\n    background: none;\n    text-align: left;\n    font-family: inherit;\n    font-size: 15px !important;\n    font-weight: 700 !important;\n    margin: 0 0 16px !important;\n    color: #0f172a;\n  }\n\n  .em-filters-title-main {\n    display: flex;\n    align-items: center;\n    gap: 8px;\n  }\n\n  .em-filters-title-icon {\n    width: 18px;\n    height: 18px;\n    flex-shrink: 0;\n  }\n\n  .em-filters-title-hint {\n    display: none;\n  }\n\n  .em-filter-group {\n    margin-bottom: 18px;\n  }\n\n  .em-filter-group:last-child {\n    margin-bottom: 0;\n  }\n\n  .em-filter-label {\n    display: block;\n    font-size: 12px;\n    font-weight: 700;\n    color: #94a3b8;\n    text-transform: uppercase;\n    letter-spacing: 0.5px;\n    margin-bottom: 8px;\n  }\n\n  .em-filter-check {\n    display: flex;\n    align-items: center;\n    gap: 8px;\n    padding: 5px 0;\n    cursor: pointer;\n  }\n\n  .em-filter-check input[type=\"checkbox\"] {\n    cursor: pointer;\n    accent-color: #3b82f6;\n    width: 15px;\n    height: 15px;\n  }\n\n  .em-filter-check span {\n    font-size: 13px;\n    color: #64748b;\n    font-weight: 500;\n  }\n\n  .em-filter-reset {\n    width: 100%;\n    padding: 10px;\n    background: #0f172a;\n    color: #fff;\n    border: none;\n    border-radius: 8px;\n    font-size: 13px;\n    font-weight: 600;\n    cursor: pointer;\n    font-family: inherit;\n    margin-top: 16px;\n  }\n\n  .em-filter-reset:hover {\n    background: #000;\n  }\n\n  \/* \u2500\u2500\u2500 Compteurs \u2500\u2500\u2500 *\/\n  .em-stats {\n    display: flex;\n    gap: 8px;\n    margin-bottom: 20px;\n    flex-wrap: wrap;\n    justify-content: center;\n  }\n\n  .em-stat {\n    background: #fff;\n    border: 1px solid #e2e8f0;\n    border-radius: 8px;\n    padding: 8px 14px;\n    font-size: 13px;\n    color: #64748b;\n  }\n\n  .em-stat strong {\n    color: #0f172a;\n    font-weight: 700;\n    margin-left: 4px;\n  }\n\n  \/* \u2550\u2550\u2550\u2550\u2550\u2550\u2550\u2550\u2550\u2550\u2550\u2550\u2550\u2550\u2550\u2550\u2550\u2550\u2550\u2550\u2550\u2550\u2550\u2550\u2550\u2550\u2550\u2550\u2550\u2550\u2550\u2550\u2550\u2550\u2550\u2550\u2550\u2550\u2550\n     CARDS \u2014 Grille de fiches m\u00e9tadonn\u00e9es\n     \u2550\u2550\u2550\u2550\u2550\u2550\u2550\u2550\u2550\u2550\u2550\u2550\u2550\u2550\u2550\u2550\u2550\u2550\u2550\u2550\u2550\u2550\u2550\u2550\u2550\u2550\u2550\u2550\u2550\u2550\u2550\u2550\u2550\u2550\u2550\u2550\u2550\u2550\u2550 *\/\n  .em-cards {\n    display: grid !important;\n    grid-template-columns: repeat(auto-fill, minmax(280px, 1fr)) !important;\n    gap: 20px !important;\n  }\n\n  .em-card {\n    background: #fff !important;\n    border: 1px solid #e2e8f0 !important;\n    border-radius: 12px !important;\n    overflow: hidden !important;\n    cursor: pointer;\n    transition: all 0.2s;\n    box-shadow: 0 1px 3px rgba(0, 0, 0, 0.04);\n    display: block !important;\n  }\n\n  .em-card.em-hidden {\n    display: none !important;\n  }\n\n  .em-card:hover {\n    box-shadow: 0 4px 6px -1px rgba(0, 0, 0, 0.07) !important;\n    transform: translateY(-2px);\n    border-color: #3b82f6 !important;\n  }\n\n  .em-card--highlight {\n    box-shadow: 0 0 0 3px #3b82f6 !important;\n  }\n\n  \/* Image de la card *\/\n  .em-card-img-wrap {\n    position: relative;\n  }\n\n  .em-card-img {\n    width: 100% !important;\n    height: 160px !important;\n    object-fit: cover !important;\n    display: block !important;\n    background: #f1f5f9;\n  }\n\n  .em-card-placeholder {\n    width: 100%;\n    height: 160px;\n    background: linear-gradient(135deg, #f1f5f9, #e2e8f0);\n    display: flex;\n    align-items: center;\n    justify-content: center;\n    color: #94a3b8;\n    font-size: 14px;\n    font-weight: 500;\n  }\n\n  .em-card-badge {\n    position: absolute;\n    top: 10px;\n    left: 10px;\n    max-width: calc(100% - 20px);\n    padding: 4px 10px;\n    border-radius: 6px;\n    font-size: 11px;\n    font-weight: 700;\n    text-transform: uppercase;\n    letter-spacing: 0.3px;\n    backdrop-filter: blur(8px);\n    white-space: normal;\n    overflow-wrap: anywhere;\n    line-height: 1.25;\n  }\n\n  \/* Badges de cat\u00e9gorie (couleurs par type) *\/\n  .badge-accom {\n    background: rgba(16, 185, 129, 0.9);\n    color: #fff;\n  }\n\n  .badge-city {\n    background: rgba(59, 130, 246, 0.9);\n    color: #fff;\n  }\n\n  .badge-activity {\n    background: rgba(168, 85, 247, 0.9);\n    color: #fff;\n  }\n\n  .badge-event {\n    background: rgba(239, 68, 68, 0.9);\n    color: #fff;\n  }\n\n  .badge-restaurant {\n    background: rgba(245, 158, 11, 0.9);\n    color: #fff;\n  }\n\n  .badge-service {\n    background: rgba(99, 102, 241, 0.9);\n    color: #fff;\n  }\n\n  .badge-default {\n    background: rgba(100, 116, 139, 0.9);\n    color: #fff;\n  }\n\n  \/* Contenu de la card *\/\n  .em-card-body {\n    padding: 16px;\n  }\n\n  .em-card-title {\n    font-size: 15px !important;\n    font-weight: 700 !important;\n    margin: 0 0 8px !important;\n    color: #0f172a;\n    line-height: 1.3;\n  }\n\n  .em-card-tags {\n    display: flex;\n    flex-wrap: wrap;\n    gap: 5px;\n    margin-bottom: 10px;\n  }\n\n  .em-tag {\n    display: inline-flex;\n    align-items: center;\n    gap: 3px;\n    padding: 3px 8px;\n    border-radius: 5px;\n    font-size: 11px;\n    font-weight: 600;\n    background: #f1f5f9;\n    color: #64748b;\n  }\n\n  .em-tag-blue {\n    background: #dbeafe;\n    color: #1e40af;\n  }\n\n  .em-tag-green {\n    background: #d1fae5;\n    color: #065f46;\n  }\n\n  .em-tag-orange {\n    background: #fed7aa;\n    color: #92400e;\n  }\n\n  .em-tag-purple {\n    background: #ede9fe;\n    color: #6b21a8;\n  }\n\n  \/* Champs r\u00e9sum\u00e9s visibles sur la card *\/\n  .em-card-fields {\n    margin-bottom: 10px;\n  }\n\n  .em-card-field {\n    display: flex;\n    gap: 6px;\n    font-size: 12px;\n    margin-bottom: 4px;\n  }\n\n  .em-card-field-label {\n    color: #94a3b8;\n    flex-shrink: 0;\n  }\n\n  .em-card-field-value {\n    color: #0f172a;\n    overflow: hidden;\n    text-overflow: ellipsis;\n    white-space: nowrap;\n  }\n\n  \/* Pied de card *\/\n  .em-card-footer {\n    padding-top: 10px;\n    border-top: 1px solid #e2e8f0;\n    display: flex;\n    align-items: center;\n    gap: 4px;\n    font-size: 12px;\n    font-weight: 600;\n    color: #3b82f6;\n  }\n\n  .em-card-footer svg {\n    width: 14px;\n    height: 14px;\n    transition: transform 0.15s;\n  }\n\n  .em-card:hover .em-card-footer svg {\n    transform: translateX(2px);\n  }\n\n  \/* \u00c9tat vide *\/\n  .em-empty {\n    text-align: center;\n    padding: 60px 20px;\n    color: #64748b;\n  }\n\n  \/* \u2550\u2550\u2550\u2550\u2550\u2550\u2550\u2550\u2550\u2550\u2550\u2550\u2550\u2550\u2550\u2550\u2550\u2550\u2550\u2550\u2550\u2550\u2550\u2550\u2550\u2550\u2550\u2550\u2550\u2550\u2550\u2550\u2550\u2550\u2550\u2550\u2550\u2550\u2550\n     MODAL \u2014 D\u00e9tail d'une fiche\n     \u2550\u2550\u2550\u2550\u2550\u2550\u2550\u2550\u2550\u2550\u2550\u2550\u2550\u2550\u2550\u2550\u2550\u2550\u2550\u2550\u2550\u2550\u2550\u2550\u2550\u2550\u2550\u2550\u2550\u2550\u2550\u2550\u2550\u2550\u2550\u2550\u2550\u2550\u2550 *\/\n  .em-modal-overlay {\n    position: fixed;\n    inset: 0;\n    background: rgba(0, 0, 0, 0.5);\n    backdrop-filter: blur(4px);\n    z-index: 99999;\n    display: flex;\n    align-items: center;\n    justify-content: center;\n    padding: 16px;\n    animation: emFadeIn 0.2s ease;\n  }\n\n  @keyframes emFadeIn {\n    from {\n      opacity: 0\n    }\n\n    to {\n      opacity: 1\n    }\n  }\n\n  .em-modal {\n    background: #fff;\n    border-radius: 16px;\n    max-width: 640px;\n    width: 100%;\n    max-height: 85vh;\n    overflow: hidden;\n    box-shadow: 0 10px 15px -3px rgba(0, 0, 0, 0.08);\n    display: flex;\n    flex-direction: column;\n    animation: emSlideUp 0.25s ease;\n  }\n\n  @keyframes emSlideUp {\n    from {\n      opacity: 0;\n      transform: translateY(20px)\n    }\n\n    to {\n      opacity: 1;\n      transform: translateY(0)\n    }\n  }\n\n  \/* Modal avec image *\/\n  .em-modal-img-wrap {\n    position: relative;\n    flex-shrink: 0;\n  }\n\n  .em-modal-img {\n    width: 100%;\n    height: 220px;\n    object-fit: cover;\n    display: block;\n  }\n\n  .em-modal-img-gradient {\n    position: absolute;\n    inset: 0;\n    background: linear-gradient(to top, rgba(0, 0, 0, 0.4), transparent);\n  }\n\n  .em-modal-img-info {\n    position: absolute;\n    bottom: 16px;\n    left: 20px;\n    right: 20px;\n  }\n\n  .em-modal-img-cat {\n    font-size: 12px;\n    font-weight: 500;\n    color: rgba(255, 255, 255, 0.8);\n    margin: 0 0 4px;\n  }\n\n  .em-modal-img-title {\n    font-size: 20px;\n    font-weight: 800;\n    color: #fff;\n    margin: 0;\n  }\n\n  .em-modal-close {\n    position: absolute;\n    top: 12px;\n    right: 12px;\n    width: 32px;\n    height: 32px;\n    border-radius: 50%;\n    background: rgba(0, 0, 0, 0.4);\n    color: #fff;\n    border: none;\n    cursor: pointer;\n    display: flex;\n    align-items: center;\n    justify-content: center;\n    font-size: 16px;\n  }\n\n  .em-modal-close:hover {\n    background: rgba(0, 0, 0, 0.6);\n  }\n\n  \/* Modal sans image *\/\n  .em-modal-header-noimg {\n    display: flex;\n    align-items: center;\n    justify-content: space-between;\n    padding: 20px 24px;\n    border-bottom: 1px solid #e2e8f0;\n  }\n\n  .em-modal-header-noimg-cat {\n    font-size: 12px;\n    color: #94a3b8;\n    margin: 0 0 2px;\n  }\n\n  .em-modal-header-noimg-title {\n    font-size: 18px;\n    font-weight: 800;\n    color: #0f172a;\n    margin: 0;\n  }\n\n  .em-modal-close-noimg {\n    width: 32px;\n    height: 32px;\n    border-radius: 8px;\n    border: none;\n    cursor: pointer;\n    color: #94a3b8;\n    background: none;\n    display: flex;\n    align-items: center;\n    justify-content: center;\n    font-size: 16px;\n  }\n\n  .em-modal-close-noimg:hover {\n    background: #f1f5f9;\n    color: #0f172a;\n  }\n\n  \/* Corps et entr\u00e9es de la modal *\/\n  .em-modal-body {\n    padding: 20px 24px;\n    overflow-y: auto;\n    flex: 1;\n    scroll-behavior: smooth;\n  }\n\n  .em-modal-entry {\n    margin-bottom: 16px;\n  }\n\n  .em-modal-entry-label {\n    font-size: 11px;\n    font-weight: 700;\n    text-transform: uppercase;\n    letter-spacing: 0.5px;\n    color: #94a3b8;\n    margin: 0 0 4px;\n  }\n\n  .em-modal-entry-value {\n    font-size: 14px;\n    color: #0f172a;\n    margin: 0;\n    line-height: 1.5;\n    white-space: pre-line;\n  }\n\n  \/* Badge date d'\u00e9v\u00e9nement *\/\n  .em-modal-event {\n    display: inline-flex;\n    align-items: center;\n    padding: 6px 12px;\n    margin-bottom: 16px;\n    background: #fff7ed;\n    color: #c2410c;\n    border-radius: 8px;\n    font-size: 13px;\n    font-weight: 600;\n  }\n\n  \/* Player vid\u00e9o *\/\n  .em-modal-video-wrap {\n    position: relative;\n    width: 100%;\n    padding-top: 56.25%;\n    overflow: hidden;\n    border-radius: 8px;\n    background: #000;\n  }\n\n  .em-modal-video-wrap iframe {\n    position: absolute;\n    inset: 0;\n    width: 100%;\n    height: 100%;\n    border: 0;\n  }\n\n  .em-modal-video-file {\n    width: 100%;\n    border-radius: 8px;\n    background: #000;\n    display: block;\n  }\n\n  \/* Galerie d'images *\/\n  .em-modal-gallery {\n    display: grid;\n    grid-template-columns: repeat(3, 1fr);\n    gap: 8px;\n  }\n\n  @media (min-width: 480px) {\n    .em-modal-gallery {\n      grid-template-columns: repeat(4, 1fr);\n    }\n  }\n\n  .em-modal-gallery-item {\n    display: block;\n    aspect-ratio: 1 \/ 1;\n    border-radius: 8px;\n    overflow: hidden;\n    border: 1px solid #e2e8f0;\n    background: #f1f5f9;\n    transition: transform .15s ease, border-color .15s ease;\n  }\n\n  .em-modal-gallery-item:hover {\n    transform: scale(1.03);\n    border-color: #cbd5e1;\n  }\n\n  .em-modal-gallery-item img {\n    width: 100%;\n    height: 100%;\n    object-fit: cover;\n    display: block;\n  }\n\n  \/* Documents PDF *\/\n  .em-modal-docs {\n    list-style: none;\n    margin: 0;\n    padding: 0;\n    display: flex;\n    flex-direction: column;\n    gap: 6px;\n  }\n\n  .em-modal-doc {\n    display: flex;\n    align-items: center;\n    gap: 8px;\n    padding: 8px 12px;\n    border: 1px solid #fce7f3;\n    background: rgba(253, 242, 248, .6);\n    color: #be185d;\n    border-radius: 8px;\n    text-decoration: none;\n    font-size: 14px;\n    transition: border-color .15s ease, background .15s ease;\n  }\n\n  .em-modal-doc:hover {\n    border-color: #f9a8d4;\n    background: #fdf2f8;\n  }\n\n  .em-modal-doc svg {\n    flex-shrink: 0;\n  }\n\n  .em-modal-doc-name {\n    flex: 1;\n    overflow: hidden;\n    text-overflow: ellipsis;\n    white-space: nowrap;\n    font-weight: 500;\n  }\n\n  .em-modal-doc-type {\n    flex-shrink: 0;\n    padding: 2px 6px;\n    background: #fce7f3;\n    color: #be185d;\n    border-radius: 4px;\n    font-size: 10px;\n    font-weight: 600;\n    text-transform: uppercase;\n    letter-spacing: .04em;\n  }\n\n  \/* Questions fr\u00e9quentes *\/\n  .em-modal-faq {\n    margin-top: 16px;\n    padding-top: 16px;\n    border-top: 1px solid #e2e8f0;\n  }\n\n  .em-modal-faq-item {\n    margin-top: 12px;\n    border: 1px solid #e2e8f0;\n    border-radius: 8px;\n    overflow: hidden;\n    background: #f8fafc;\n  }\n\n  .em-modal-faq-q {\n    padding: 10px 12px;\n    font-size: 13px;\n    font-weight: 600;\n    color: #0f172a;\n  }\n\n  .em-modal-faq-a {\n    padding: 10px 12px;\n    font-size: 13px;\n    color: #475569;\n    line-height: 1.5;\n    border-top: 1px solid #e2e8f0;\n    background: #fff;\n    white-space: pre-line;\n  }\n\n  .em-modal-faq-a-empty {\n    color: #94a3b8;\n    font-style: italic;\n  }\n\n  \/* Pied de modal *\/\n  .em-modal-footer {\n    padding: 16px 24px;\n    border-top: 1px solid #e2e8f0;\n    display: flex;\n    align-items: center;\n    justify-content: space-between;\n  }\n\n  .em-modal-link {\n    display: inline-flex;\n    align-items: center;\n    gap: 6px;\n    font-size: 14px;\n    font-weight: 600;\n    color: #3b82f6;\n    text-decoration: none;\n  }\n\n  .em-modal-link:hover {\n    opacity: 0.8;\n  }\n\n  .em-modal-close-btn {\n    padding: 8px 16px;\n    font-size: 14px;\n    font-weight: 500;\n    color: #64748b;\n    background: none;\n    border: none;\n    cursor: pointer;\n    font-family: inherit;\n  }\n\n  .em-modal-close-btn:hover {\n    color: #0f172a;\n  }\n\n  \/* \u2550\u2550\u2550\u2550\u2550\u2550\u2550\u2550\u2550\u2550\u2550\u2550\u2550\u2550\u2550\u2550\u2550\u2550\u2550\u2550\u2550\u2550\u2550\u2550\u2550\u2550\u2550\u2550\u2550\u2550\u2550\u2550\u2550\u2550\u2550\u2550\u2550\u2550\u2550\n     RESPONSIVE\n     \u2550\u2550\u2550\u2550\u2550\u2550\u2550\u2550\u2550\u2550\u2550\u2550\u2550\u2550\u2550\u2550\u2550\u2550\u2550\u2550\u2550\u2550\u2550\u2550\u2550\u2550\u2550\u2550\u2550\u2550\u2550\u2550\u2550\u2550\u2550\u2550\u2550\u2550\u2550 *\/\n  @media (max-width: 1024px) {\n    .em-layout {\n      flex-direction: column;\n    }\n\n    .em-sidebar {\n      flex-basis: auto;\n      height: auto;\n      position: static;\n      width: 100%;\n      max-height: none;\n      overflow: visible;\n    }\n\n    \/* Sidebar collapsible sur mobile *\/\n    .em-sidebar {\n      order: -1;\n    }\n\n    .em-filters {\n      padding: 14px;\n    }\n\n    .em-filters-title {\n      font-size: 14px !important;\n      margin-bottom: 0 !important;\n      cursor: pointer;\n      display: flex;\n      align-items: center;\n      justify-content: space-between;\n    }\n\n    .em-filters-title-hint {\n      display: block;\n      margin-top: 2px;\n      font-size: 12px;\n      line-height: 1.3;\n      font-weight: 500;\n      color: #64748b;\n    }\n\n    .em-filters-title::after {\n      content: 'Fermer';\n      margin-left: 12px;\n      font-size: 12px;\n      font-weight: 700;\n      color: #3b82f6;\n    }\n\n    .em-filters.collapsed .em-filters-title::after {\n      content: 'Ouvrir \u2192';\n      transform: none;\n    }\n\n    .em-filters.collapsed {\n      padding: 0;\n      border-color: #3b82f655;\n      background: #3b82f618;\n      box-shadow: none;\n    }\n\n    .em-filters.collapsed .em-filters-title {\n      padding: 14px 16px;\n    }\n\n    .em-filters.collapsed .em-stats,\n    .em-filters.collapsed .em-filter-group,\n    .em-filters.collapsed .em-filter-reset,\n    .em-filters.collapsed .em-search-wrap {\n      display: none;\n    }\n  }\n\n  @media (max-width: 720px) {\n    html.em-filters-open,\n    html.em-filters-open body {\n      overflow: hidden !important;\n    }\n\n    .em-wrap {\n      padding: 0 12px;\n    }\n\n    .em-header {\n      \/* flex-direction: column;\n      align-items: stretch; *\/\n      padding: 24px 0 16px;\n      gap: 12px;\n    }\n\n    .em-header-title {\n      font-size: 20px !important;\n    }\n\n    .em-search-wrap {\n      width: 100%;\n    }\n\n    .em-tabs {\n      gap: 6px;\n      margin-bottom: 16px;\n    }\n\n    .em-tab {\n      padding: 6px 12px;\n      font-size: 13px;\n    }\n\n    .em-tabs .em-map-toggle {\n      padding: 6px 12px;\n      font-size: 13px;\n    }\n\n    .em-filter-backdrop {\n      position: fixed;\n      inset: 0;\n      z-index: 100000;\n      background: rgba(15, 23, 42, 0.48);\n      opacity: 0;\n      visibility: hidden;\n      transition: opacity 0.2s ease, visibility 0.2s ease;\n    }\n\n    .em-filter-backdrop.is-visible {\n      opacity: 1;\n      visibility: visible;\n    }\n\n    .em-filters:not(.collapsed) {\n      position: fixed;\n      z-index: 100001;\n      top: max(16px, env(safe-area-inset-top));\n      right: 12px;\n      bottom: max(16px, env(safe-area-inset-bottom));\n      left: 12px;\n      max-height: none;\n      overflow-y: auto;\n      overscroll-behavior: contain;\n      scroll-behavior: smooth;\n      box-shadow: 0 24px 60px rgba(15, 23, 42, 0.24);\n    }\n\n    .em-filters:not(.collapsed) .em-filters-title {\n      position: sticky;\n      top: -14px;\n      z-index: 1;\n      margin: -14px -14px 16px !important;\n      padding: 14px;\n      background: #fff;\n      border-bottom: 1px solid #e2e8f0;\n    }\n\n    .em-filters:not(.collapsed) .em-filters-title::after {\n      content: '\u2715';\n      transform: none;\n      font-size: 16px;\n    }\n\n    \/* Carte mobile *\/\n    .em-map {\n      height: 280px;\n    }\n\n    .em-map-wrap {\n      border-radius: 12px;\n    }\n\n    .em-map-legend {\n      gap: 10px;\n      padding: 8px 12px;\n    }\n\n    .em-map-legend-item {\n      font-size: 11px;\n    }\n\n\n\n    \/* Cards mobile *\/\n    .em-cards {\n      grid-template-columns: 1fr !important;\n      gap: 14px !important;\n    }\n\n    .em-card-img,\n    .em-card-placeholder {\n      height: 140px !important;\n    }\n\n    .em-card-body {\n      padding: 12px;\n    }\n\n    .em-card-title {\n      font-size: 14px !important;\n    }\n\n    .em-card-tags {\n      gap: 4px;\n    }\n\n    .em-tag {\n      font-size: 10px;\n      padding: 2px 6px;\n    }\n\n    \/* Compteurs compacts *\/\n    .em-stats {\n      gap: 8px;\n      margin-bottom: 14px;\n    }\n\n    .em-stat {\n      padding: 6px 10px;\n      font-size: 12px;\n    }\n\n    \/* Modal \u2192 bottom sheet sur mobile *\/\n    .em-modal-overlay {\n      align-items: flex-end;\n      padding: 0;\n    }\n\n    .em-modal {\n      border-radius: 16px 16px 0 0;\n      max-height: 90vh;\n      max-width: 100%;\n      animation: emSlideUpMobile 0.3s cubic-bezier(0.22, 1, 0.36, 1);\n    }\n\n    @keyframes emSlideUpMobile {\n      from {\n        transform: translateY(100%);\n      }\n\n      to {\n        transform: translateY(0);\n      }\n    }\n\n    .em-modal-img {\n      height: 180px;\n    }\n\n    .em-modal-body {\n      padding: 16px;\n    }\n\n    .em-modal-footer {\n      padding: 12px 16px;\n    }\n\n    .em-modal-entry-value {\n      font-size: 13px;\n    }\n  }\n\n  @media (max-width: 380px) {\n    .em-map {\n      height: 220px;\n    }\n\n    .em-card-img,\n    .em-card-placeholder {\n      height: 120px !important;\n    }\n\n    .em-card-fields {\n      display: none;\n    }\n  }\n<\/style>\n\n\n\n<script type=\"application\/ld+json\">{\"@context\":\"https:\/\/schema.org\",\"@graph\":[{\"@type\":\"ItemList\",\"name\":\"Mod\u00e8le Villes\",\"itemListElement\":[{\"@type\":\"ListItem\",\"position\":1,\"item\":{\"@type\":\"Thing\",\"name\":\"Morgat\",\"description\":\"Station baln\u00e9aire embl\u00e9matique de la presqu\u2019\u00eele de Crozon, situ\u00e9e directement \u00e0 proximit\u00e9 imm\u00e9diate de l\u2019H\u00f4tel de la Baie, sur la plage de Morgat. \",\"url\":\"https:\/\/www.hoteldelabaiecrozonmorgat.com\/?lang=en\",\"image\":\"https:\/\/elaia-public.s3.fr-par.scw.cloud\/metadata_images\/image_69d7a03b68dff.jpeg\",\"geo\":{\"@type\":\"GeoCoordinates\",\"latitude\":48.2267256,\"longitude\":-4.5027445},\"additionalProperty\":[{\"@type\":\"PropertyValue\",\"name\":\"Distance depuis l'h\u00f4tel (km)\",\"value\":\"0\"},{\"@type\":\"PropertyValue\",\"name\":\"Duration min\",\"value\":\"0\"},{\"@type\":\"PropertyValue\",\"name\":\"Lieux incontournables\",\"value\":\"Plage de Morgat, port de Morgat, grottes marines, pointe du Kador, sentier c\u00f4tier GR34. \"},{\"@type\":\"PropertyValue\",\"name\":\"March\u00e9s \/ Foires\",\"value\":\"March\u00e9 de producteurs en presqu\u2019\u00eele de Crozon.\"},{\"@type\":\"PropertyValue\",\"name\":\"\u00c9v\u00e9nements\",\"value\":\"Festivals d\u2019\u00e9t\u00e9 et animations li\u00e9es \u00e0 la station baln\u00e9aire. \"},{\"@type\":\"PropertyValue\",\"name\":\"Cat\u00e9gorie \/ Type\",\"value\":\"(*) Ville, ( ) Village, ( ) Station Baln\u00e9aire, ( ) Lieu-dit, ( ) Point d'int\u00e9r\u00eat, ( ) Bourg\"},{\"@type\":\"PropertyValue\",\"name\":\"Nom de la ville\",\"value\":\"Morgat\"},{\"@type\":\"PropertyValue\",\"name\":\"Localisation (d\u00e9partement \/ r\u00e9gion)\",\"value\":\"Crozon, Finist\u00e8re, Bretagne\"},{\"@type\":\"PropertyValue\",\"name\":\"Points forts \/ Atouts\",\"value\":\"Plage, front de mer, activit\u00e9s nautiques, grottes marines, ambiance baln\u00e9aire, d\u00e9part id\u00e9al pour le GR34. \"}]}},{\"@type\":\"ListItem\",\"position\":2,\"item\":{\"@type\":\"Thing\",\"name\":\"Crozon\",\"description\":\"Bourg principal de la commune, pratique pour fl\u00e2ner, faire des courses et d\u00e9couvrir le c\u0153ur de la presqu\u2019\u00eele de Crozon. \",\"image\":\"https:\/\/elaia-public.s3.fr-par.scw.cloud\/metadata_images\/image_69d8c97401518.jpeg\",\"geo\":{\"@type\":\"GeoCoordinates\",\"latitude\":48.2459683,\"longitude\":-4.4898033},\"additionalProperty\":[{\"@type\":\"PropertyValue\",\"name\":\"Lieux incontournables\",\"value\":\"Centre de Crozon, office de tourisme, march\u00e9 local, acc\u00e8s vers Morgat et les sites de la presqu\u2019\u00eele. \"},{\"@type\":\"PropertyValue\",\"name\":\"March\u00e9s \/ Foires\",\"value\":\"March\u00e9s locaux du bourg de Crozon. \"},{\"@type\":\"PropertyValue\",\"name\":\"\u00c9v\u00e9nements\",\"value\":\"Animations de saison et vie locale du bourg. \"},{\"@type\":\"PropertyValue\",\"name\":\"Cat\u00e9gorie \/ Type\",\"value\":\"(*) Ville, ( ) Village, ( ) Station Baln\u00e9aire, ( ) Lieu-dit, ( ) Point d'int\u00e9r\u00eat, ( ) Bourg\"},{\"@type\":\"PropertyValue\",\"name\":\"Localisation (d\u00e9partement \/ r\u00e9gion)\",\"value\":\"Crozon, Finist\u00e8re, Bretagne\"},{\"@type\":\"PropertyValue\",\"name\":\"Nom de la ville\",\"value\":\"Crozon\"},{\"@type\":\"PropertyValue\",\"name\":\"Distance depuis l'H\u00f4tel (km)\",\"value\":\"4\"},{\"@type\":\"PropertyValue\",\"name\":\"Temps de route depuis l'H\u00f4tel (min)\",\"value\":\"7\"},{\"@type\":\"PropertyValue\",\"name\":\"Points forts \/ Atouts\",\"value\":\"Centre-bourg anim\u00e9, acc\u00e8s facile depuis Morgat, point de d\u00e9part pour explorer la presqu\u2019\u00eele. \"}]}},{\"@type\":\"ListItem\",\"position\":3,\"item\":{\"@type\":\"Thing\",\"name\":\"Camaret-sur-Mer\",\"description\":\"Ville portuaire au bout de la presqu\u2019\u00eele, tr\u00e8s appr\u00e9ci\u00e9e pour son patrimoine maritime et ses paysages c\u00f4tiers. \",\"image\":\"https:\/\/elaia-public.s3.fr-par.scw.cloud\/metadata_images\/image_69d8cc3806a4f.jpeg\",\"geo\":{\"@type\":\"GeoCoordinates\",\"latitude\":48.2768812,\"longitude\":-4.5963192},\"additionalProperty\":[{\"@type\":\"PropertyValue\",\"name\":\"Lieux incontournables\",\"value\":\"Tour Vauban, alignements de Lagatjar, port de Camaret, pointe de Pen-Hir \u00e0 proximit\u00e9. \"},{\"@type\":\"PropertyValue\",\"name\":\"March\u00e9s \/ Foires\",\"value\":\"March\u00e9 local de Camaret-sur-Mer. \"},{\"@type\":\"PropertyValue\",\"name\":\"\u00c9v\u00e9nements\",\"value\":\"Animations portuaires, f\u00eates maritimes et saison estivale. \"},{\"@type\":\"PropertyValue\",\"name\":\"Cat\u00e9gorie \/ Type\",\"value\":\"(*) Ville, ( ) Village, ( ) Station Baln\u00e9aire, ( ) Lieu-dit, ( ) Point d'int\u00e9r\u00eat, ( ) Bourg\"},{\"@type\":\"PropertyValue\",\"name\":\"Nom de la ville\",\"value\":\"Camaret-sur-Mer\"},{\"@type\":\"PropertyValue\",\"name\":\"Localisation (d\u00e9partement \/ r\u00e9gion)\",\"value\":\"Finist\u00e8re, Bretagne\"},{\"@type\":\"PropertyValue\",\"name\":\"Points forts \/ Atouts\",\"value\":\"Port, patrimoine Vauban, panoramas c\u00f4tiers, atmosph\u00e8re maritime, d\u00e9part pour les randonn\u00e9es du littoral. \"},{\"@type\":\"PropertyValue\",\"name\":\"Distance depuis l'H\u00f4tel (km)\",\"value\":\"12\"},{\"@type\":\"PropertyValue\",\"name\":\"Temps de route depuis l'H\u00f4tel (min)\",\"value\":\"14\"}]}},{\"@type\":\"ListItem\",\"position\":4,\"item\":{\"@type\":\"Thing\",\"name\":\"Argol\",\"description\":\"Village \u00e0 l\u2019entr\u00e9e de la presqu\u2019\u00eele de Crozon, int\u00e9ressant pour une \u00e9tape plus calme et plus verte. \",\"image\":\"https:\/\/elaia-public.s3.fr-par.scw.cloud\/metadata_images\/image_69d8cc78ca9a7.jpeg\",\"geo\":{\"@type\":\"GeoCoordinates\",\"latitude\":48.2458636,\"longitude\":-4.3170182},\"additionalProperty\":[{\"@type\":\"PropertyValue\",\"name\":\"Lieux incontournables\",\"value\":\"Village d\u2019Argol, for\u00eat d\u2019Argol, mus\u00e9e vivant des vieux m\u00e9tiers \u00e0 proximit\u00e9. \"},{\"@type\":\"PropertyValue\",\"name\":\"March\u00e9s \/ Foires\",\"value\":\"March\u00e9s de proximit\u00e9 et vie de bourg rural. \"},{\"@type\":\"PropertyValue\",\"name\":\"\u00c9v\u00e9nements\",\"value\":\"Animations locales et visites culturelles en saison. \"},{\"@type\":\"PropertyValue\",\"name\":\"Cat\u00e9gorie \/ Type\",\"value\":\"(*) Ville, ( ) Village, ( ) Station Baln\u00e9aire, ( ) Lieu-dit, ( ) Point d'int\u00e9r\u00eat, ( ) Bourg\"},{\"@type\":\"PropertyValue\",\"name\":\"Nom de la ville\",\"value\":\"Argol\"},{\"@type\":\"PropertyValue\",\"name\":\"Localisation (d\u00e9partement \/ r\u00e9gion)\",\"value\":\"Finist\u00e8re, Bretagne\"},{\"@type\":\"PropertyValue\",\"name\":\"Distance depuis l'H\u00f4tel (km)\",\"value\":\"16.2\"},{\"@type\":\"PropertyValue\",\"name\":\"Temps de route depuis l'H\u00f4tel (min)\",\"value\":\"18\"},{\"@type\":\"PropertyValue\",\"name\":\"Points forts \/ Atouts\",\"value\":\"Ambiance rurale, nature, for\u00eat d\u2019Argol, bonne porte d\u2019entr\u00e9e vers la presqu\u2019\u00eele.\"}]}},{\"@type\":\"ListItem\",\"position\":5,\"item\":{\"@type\":\"Thing\",\"name\":\"Roscanvel\",\"description\":\"Village de la rade de Brest, appr\u00e9ci\u00e9 pour ses panoramas maritimes et ses points de vue sur les fortifications c\u00f4ti\u00e8res. \",\"image\":\"https:\/\/elaia-public.s3.fr-par.scw.cloud\/metadata_images\/image_69d8cd178b64c.jpeg\",\"geo\":{\"@type\":\"GeoCoordinates\",\"latitude\":48.3155977,\"longitude\":-4.5478081},\"additionalProperty\":[{\"@type\":\"PropertyValue\",\"name\":\"Lieux incontournables\",\"value\":\"Pointe des Espagnols, bords de rade, parcours c\u00f4tiers autour de Roscanvel. \"},{\"@type\":\"PropertyValue\",\"name\":\"March\u00e9s \/ Foires\",\"value\":\"Petits march\u00e9s et rendez-vous locaux de la commune. \"},{\"@type\":\"PropertyValue\",\"name\":\"\u00c9v\u00e9nements\",\"value\":\"Animations estivales et sorties nature. (\"},{\"@type\":\"PropertyValue\",\"name\":\"Cat\u00e9gorie \/ Type\",\"value\":\"(*) Ville, ( ) Village, ( ) Station Baln\u00e9aire, ( ) Lieu-dit, ( ) Point d'int\u00e9r\u00eat, ( ) Bourg\"},{\"@type\":\"PropertyValue\",\"name\":\"Nom de la ville\",\"value\":\"Roscanvel\"},{\"@type\":\"PropertyValue\",\"name\":\"Points forts \/ Atouts\",\"value\":\"Paysages de rade, ambiance paisible, itin\u00e9raires de promenade, proximit\u00e9 de sites militaires et naturels. \"},{\"@type\":\"PropertyValue\",\"name\":\"Localisation (d\u00e9partement \/ r\u00e9gion)\",\"value\":\"Finist\u00e8re, Bretagne\"},{\"@type\":\"PropertyValue\",\"name\":\"Distance depuis l'H\u00f4tel (km)\",\"value\":\"20\"},{\"@type\":\"PropertyValue\",\"name\":\"Temps de route depuis l'H\u00f4tel (min)\",\"value\":\"20\"}]}},{\"@type\":\"ListItem\",\"position\":6,\"item\":{\"@type\":\"Thing\",\"name\":\"Paimpol\",\"description\":\"Paimpol est une charmante ville portuaire de la c\u00f4te nord de la Bretagne, connue pour son vieux port color\u00e9, ses maisons bretonnes et le paysage maritime.\",\"url\":\"https:\/\/www.ville-paimpol.fr\",\"geo\":{\"@type\":\"GeoCoordinates\",\"latitude\":48.793,\"longitude\":-3.037},\"additionalProperty\":[{\"@type\":\"PropertyValue\",\"name\":\"Lieux incontournables\",\"value\":\"Port de Paimpol, Abbaye de Beauport, Tour de Kerroc\u2019h\"},{\"@type\":\"PropertyValue\",\"name\":\"March\u00e9s \/ Foires\",\"value\":\"March\u00e9s locaux et foires saisonni\u00e8res autour du port\"},{\"@type\":\"PropertyValue\",\"name\":\"\u00c9v\u00e9nements\",\"value\":\"\u00c9v\u00e9nements maritimes et festivals d\u2019\u00e9t\u00e9\"},{\"@type\":\"PropertyValue\",\"name\":\"Cat\u00e9gorie \/ Type\",\"value\":\"(*) Ville, ( ) Village, ( ) Station Baln\u00e9aire, ( ) Lieu-dit, ( ) Point d'int\u00e9r\u00eat, ( ) Bourg\"},{\"@type\":\"PropertyValue\",\"name\":\"Distance depuis l'H\u00f4tel (km)\",\"value\":\"5\"},{\"@type\":\"PropertyValue\",\"name\":\"Temps de route depuis l'H\u00f4tel (min)\",\"value\":\"8\"},{\"@type\":\"PropertyValue\",\"name\":\"Nom de la ville\",\"value\":\"Paimpol\"},{\"@type\":\"PropertyValue\",\"name\":\"Localisation (d\u00e9partement \/ r\u00e9gion)\",\"value\":\"C\u00f4tes-d'Armor, Bretagne\"},{\"@type\":\"PropertyValue\",\"name\":\"Points forts \/ Atouts\",\"value\":\"Port pittoresque, patrimoine maritime, acc\u00e8s aux plages et \u00e0 l\u2019\u00cele de Br\u00e9hat, animations estivales\"}]}}]},{\"@type\":\"ItemList\",\"name\":\"Activit\u00e9s\",\"itemListElement\":[{\"@type\":\"ListItem\",\"position\":1,\"item\":{\"@type\":\"Thing\",\"name\":\"Centre Nautique de Crozon-Morgat\",\"description\":\"Base nautique proposant des activit\u00e9s en mer \u00e0 Morgat : location et stages de voile, kayak de mer, planche \u00e0 voile, catamaran, et sorties encadr\u00e9es pour d\u00e9couvrir la baie et les grottes marines.\",\"url\":\"https:\/\/www.morgat.fr\/centre-nautique-de-crozon-morgat-cncm.html\",\"image\":\"https:\/\/www.cncm.fr\/wp-content\/uploads\/2025\/02\/pho_0116-800x400.jpg\",\"geo\":{\"@type\":\"GeoCoordinates\",\"latitude\":48.2234255,\"longitude\":-4.4980112},\"additionalProperty\":[{\"@type\":\"PropertyValue\",\"name\":\"Type d'activit\u00e9\",\"value\":\"(*) Sport, ( ) Nature, ( ) Culturel, ( ) Artistique, ( ) Autre\"},{\"@type\":\"PropertyValue\",\"name\":\"Distance depuis l'h\u00f4tel (km)\",\"value\":\"0\"},{\"@type\":\"PropertyValue\",\"name\":\"R\u00e9servation\",\"value\":\"oui\"},{\"@type\":\"PropertyValue\",\"name\":\"Horaires\",\"value\":\"D'avril \u00e0 septembre pour la location et l'encadrement\"},{\"@type\":\"PropertyValue\",\"name\":\"Infos et contact\",\"value\":\"Centre Nautique de Crozon-Morgat, plage de Morgat. Informations via le site Morgat.\"},{\"@type\":\"PropertyValue\",\"name\":\"Langues parl\u00e9es\",\"value\":\"Fran\u00e7ais\"},{\"@type\":\"PropertyValue\",\"name\":\"Animaux accept\u00e9s\",\"value\":\"non\"},{\"@type\":\"PropertyValue\",\"name\":\"Categorie 4jfcpx5\",\"value\":\"Adultes\"},{\"@type\":\"PropertyValue\",\"name\":\"Cat\u00e9gorie\",\"value\":\"( ) Famille, ( ) Enfants, ( ) Adolescents, ( ) S\u00e9niors, ( ) Adultes\"}]}},{\"@type\":\"ListItem\",\"position\":2,\"item\":{\"@type\":\"Thing\",\"name\":\"Grottes marines de Morgat en kayak\",\"description\":\"Balade en kayak de mer pour approcher les grottes marines, les falaises et les sites g\u00e9ologiques de la baie de Morgat, avec accompagnement par un moniteur.\",\"url\":\"https:\/\/www.crozon-tourisme.bzh\/presquile-de-crozon\/les-incontournables-de-la-presquile-de-crozon\/les-grottes-marines-de-morgat\/\",\"image\":\"https:\/\/www.crozon-tourisme.bzh\/assets\/uploads\/sites\/9\/2024\/02\/format-photo-site1.png\",\"additionalProperty\":[{\"@type\":\"PropertyValue\",\"name\":\"Type d'activit\u00e9\",\"value\":\"( ) Sport, (*) Nature, ( ) Culturel, ( ) Artistique, ( ) Autre\"},{\"@type\":\"PropertyValue\",\"name\":\"R\u00e9servation\",\"value\":\"oui\"},{\"@type\":\"PropertyValue\",\"name\":\"Horaires\",\"value\":\"D'avril \u00e0 septembre selon la m\u00e9t\u00e9o\"},{\"@type\":\"PropertyValue\",\"name\":\"Infos et contact\",\"value\":\"Activit\u00e9 propos\u00e9e depuis le Centre Nautique de Crozon-Morgat.\"},{\"@type\":\"PropertyValue\",\"name\":\"Langues parl\u00e9es\",\"value\":\"Fran\u00e7ais\"},{\"@type\":\"PropertyValue\",\"name\":\"Animaux accept\u00e9s\",\"value\":\"non\"},{\"@type\":\"PropertyValue\",\"name\":\"Categorie 4jfcpx5\",\"value\":\"Adultes\"},{\"@type\":\"PropertyValue\",\"name\":\"Cat\u00e9gorie\",\"value\":\"( ) Famille, ( ) Enfants, ( ) Adolescents, ( ) S\u00e9niors, ( ) Adultes\"}]}},{\"@type\":\"ListItem\",\"position\":3,\"item\":{\"@type\":\"Thing\",\"name\":\"Plage de Morgat\",\"description\":\"Grande plage de sable fin id\u00e9ale pour la baignade, la d\u00e9tente et les activit\u00e9s de bord de mer dans un cadre prot\u00e9g\u00e9 au fond de la baie de Douarnenez.\",\"url\":\"https:\/\/www.hoteldelabaiecrozonmorgat.com\/hotel-bord-de-plage-crozon-morgat\/\",\"image\":\"https:\/\/www.hoteldelabaiecrozonmorgat.com\/wp-content\/uploads\/2026\/01\/activites-familiales-dans-la-baie-de-crozon-1536x1024.jpg\",\"geo\":{\"@type\":\"GeoCoordinates\",\"latitude\":48.2268981,\"longitude\":-4.5029281},\"additionalProperty\":[{\"@type\":\"PropertyValue\",\"name\":\"Type d'activit\u00e9\",\"value\":\"( ) Sport, (*) Nature, ( ) Culturel, ( ) Artistique, ( ) Autre\"},{\"@type\":\"PropertyValue\",\"name\":\"Distance depuis l'h\u00f4tel (km)\",\"value\":\"-3\"},{\"@type\":\"PropertyValue\",\"name\":\"R\u00e9servation\",\"value\":\"non\"},{\"@type\":\"PropertyValue\",\"name\":\"Horaires\",\"value\":\"En acc\u00e8s libre toute la journ\u00e9e\"},{\"@type\":\"PropertyValue\",\"name\":\"Infos et contact\",\"value\":\"Plage principale de Morgat, Crozon.\"},{\"@type\":\"PropertyValue\",\"name\":\"Langues parl\u00e9es\",\"value\":\"Fran\u00e7ais\"},{\"@type\":\"PropertyValue\",\"name\":\"Animaux accept\u00e9s\",\"value\":\"non\"},{\"@type\":\"PropertyValue\",\"name\":\"Categorie 4jfcpx5\",\"value\":\"Famille\"},{\"@type\":\"PropertyValue\",\"name\":\"Cat\u00e9gorie\",\"value\":\"( ) Famille, ( ) Enfants, ( ) Adolescents, ( ) S\u00e9niors, ( ) Adultes\"}]}},{\"@type\":\"ListItem\",\"position\":4,\"item\":{\"@type\":\"Thing\",\"name\":\"Randonn\u00e9e sur le GR34 vers le Cap de la Ch\u00e8vre\",\"description\":\"Balade c\u00f4ti\u00e8re le long du sentier des douaniers, avec vues sur les falaises, les paysages sauvages de la presqu'\u00eele et le site de l'\u00cele Vierge.\",\"url\":\"https:\/\/www.morgat.fr\/littoral-crozon-morgat.html\",\"image\":\"https:\/\/elaia-public.s3.fr-par.scw.cloud\/metadata_images\/image_69dd3ea41c85f.jpg\",\"additionalProperty\":[{\"@type\":\"PropertyValue\",\"name\":\"Type d'activit\u00e9\",\"value\":\"( ) Sport, (*) Nature, ( ) Culturel, ( ) Artistique, ( ) Autre\"},{\"@type\":\"PropertyValue\",\"name\":\"Distance depuis l'h\u00f4tel (km)\",\"value\":\"-3\"},{\"@type\":\"PropertyValue\",\"name\":\"R\u00e9servation\",\"value\":\"non\"},{\"@type\":\"PropertyValue\",\"name\":\"Horaires\",\"value\":\"En acc\u00e8s libre toute l'ann\u00e9e\"},{\"@type\":\"PropertyValue\",\"name\":\"Infos et contact\",\"value\":\"D\u00e9part possible depuis Morgat en direction du Cap de la Ch\u00e8vre.\"},{\"@type\":\"PropertyValue\",\"name\":\"Langues parl\u00e9es\",\"value\":\"Fran\u00e7ais\"},{\"@type\":\"PropertyValue\",\"name\":\"Animaux accept\u00e9s\",\"value\":\"oui\"},{\"@type\":\"PropertyValue\",\"name\":\"Categorie 4jfcpx5\",\"value\":\"Adultes\"},{\"@type\":\"PropertyValue\",\"name\":\"Cat\u00e9gorie\",\"value\":\"( ) Famille, ( ) Enfants, ( ) Adolescents, ( ) S\u00e9niors, ( ) Adultes\"}]}},{\"@type\":\"ListItem\",\"position\":5,\"item\":{\"@type\":\"Thing\",\"name\":\"Maison des Min\u00e9raux\",\"description\":\"Mus\u00e9e et espace de d\u00e9couverte consacr\u00e9 \u00e0 la g\u00e9ologie, aux roches, aux min\u00e9raux, \u00e0 la faune et \u00e0 la flore de la presqu'\u00eele de Crozon et du Massif armoricain.\",\"url\":\"https:\/\/www.maison-des-mineraux.org\/\",\"image\":\"https:\/\/www.maison-des-mineraux.org\/local\/adapt-img\/1200\/20x\/local\/cache-vignettes\/L1200xH800\/arton533-23f54.jpg?1768986608\",\"geo\":{\"@type\":\"GeoCoordinates\",\"latitude\":48.2041398,\"longitude\":-4.5275328},\"additionalProperty\":[{\"@type\":\"PropertyValue\",\"name\":\"Type d'activit\u00e9\",\"value\":\"( ) Sport, ( ) Nature, (*) Culturel, ( ) Artistique, ( ) Autre\"},{\"@type\":\"PropertyValue\",\"name\":\"Distance depuis l'h\u00f4tel (km)\",\"value\":\"1\"},{\"@type\":\"PropertyValue\",\"name\":\"R\u00e9servation\",\"value\":\"non\"},{\"@type\":\"PropertyValue\",\"name\":\"Horaires\",\"value\":\"Ouvert toute l'ann\u00e9e\"},{\"@type\":\"PropertyValue\",\"name\":\"Infos et contact\",\"value\":\"\u00c0 Saint-Hernot, commune de Crozon, sur la route du Cap de la Ch\u00e8vre.\"},{\"@type\":\"PropertyValue\",\"name\":\"Langues parl\u00e9es\",\"value\":\"Fran\u00e7ais\"},{\"@type\":\"PropertyValue\",\"name\":\"Animaux accept\u00e9s\",\"value\":\"non\"},{\"@type\":\"PropertyValue\",\"name\":\"Categorie 4jfcpx5\",\"value\":\"Famille\"},{\"@type\":\"PropertyValue\",\"name\":\"Cat\u00e9gorie\",\"value\":\"(*) Famille, ( ) Enfants, ( ) Adolescents, ( ) S\u00e9niors, ( ) Adultes\"}]}},{\"@type\":\"ListItem\",\"position\":6,\"item\":{\"@type\":\"Thing\",\"name\":\"Surf \u00e0 la plage de la Palue\",\"description\":\"Spot de surf de r\u00e9f\u00e9rence sur le versant ouest du cap de la Ch\u00e8vre, r\u00e9put\u00e9 pour ses vagues r\u00e9guli\u00e8res et ses conditions adapt\u00e9es aux sports de glisse.\",\"url\":\"https:\/\/www.morgat.fr\/spots-de-surf-a-crozon-morgat.html\",\"image\":\"https:\/\/www.cncm.fr\/wp-content\/uploads\/2022\/02\/surf-a-la-palue.jpg\",\"geo\":{\"@type\":\"GeoCoordinates\",\"latitude\":48.2000165,\"longitude\":-4.5541724},\"additionalProperty\":[{\"@type\":\"PropertyValue\",\"name\":\"Type d'activit\u00e9\",\"value\":\"(*) Sport, ( ) Nature, ( ) Culturel, ( ) Artistique, ( ) Autre\"},{\"@type\":\"PropertyValue\",\"name\":\"Distance depuis l'h\u00f4tel (km)\",\"value\":\"7\"},{\"@type\":\"PropertyValue\",\"name\":\"R\u00e9servation\",\"value\":\"non\"},{\"@type\":\"PropertyValue\",\"name\":\"Horaires\",\"value\":\"Selon les conditions de mer et de mar\u00e9e\"},{\"@type\":\"PropertyValue\",\"name\":\"Infos et contact\",\"value\":\"Plage de la Palue, entre le s\u00e9maphore et la pointe de Dinan.\"},{\"@type\":\"PropertyValue\",\"name\":\"Langues parl\u00e9es\",\"value\":\"Fran\u00e7ais\"},{\"@type\":\"PropertyValue\",\"name\":\"Animaux accept\u00e9s\",\"value\":\"oui\"},{\"@type\":\"PropertyValue\",\"name\":\"Categorie 4jfcpx5\",\"value\":\"Adultes\"},{\"@type\":\"PropertyValue\",\"name\":\"Cat\u00e9gorie\",\"value\":\"(*) Famille, ( ) Enfants, ( ) Adolescents, ( ) S\u00e9niors, ( ) Adultes\"}]}},{\"@type\":\"ListItem\",\"position\":7,\"item\":{\"@type\":\"Thing\",\"name\":\"Surf \u00e0 Lostmarc'h\",\"description\":\"Autre spot appr\u00e9ci\u00e9 des surfeurs, avec des vagues pouvant \u00eatre puissantes. La baignade y est interdite en raison des courants forts.\",\"url\":\"https:\/\/www.morgat.fr\/spots-de-surf-a-crozon-morgat.html\",\"image\":\"https:\/\/lh3.googleusercontent.com\/gps-cs-s\/APNQkAGOIEkZrT9gf2oIOM9tio-jWz90hPz3Qv3bLb2Xf3aSiKZBRTqLBAu54yXO-uU4oUAjKPeXLsohsxTu4pFmWuJR4ARype8JlcDVkq4nOW-tLE1ScrAJQRpaJpc3ObZGw2A_EoxU5e41_Cn5=s1360-w1360-h1020-rw\",\"geo\":{\"@type\":\"GeoCoordinates\",\"latitude\":48.2058,\"longitude\":-4.563},\"additionalProperty\":[{\"@type\":\"PropertyValue\",\"name\":\"Type d'activit\u00e9\",\"value\":\"(*) Sport, ( ) Nature, ( ) Culturel, ( ) Artistique, ( ) Autre\"},{\"@type\":\"PropertyValue\",\"name\":\"Distance depuis l'h\u00f4tel (km)\",\"value\":\"2\"},{\"@type\":\"PropertyValue\",\"name\":\"R\u00e9servation\",\"value\":\"non\"},{\"@type\":\"PropertyValue\",\"name\":\"Horaires\",\"value\":\"Selon les conditions de mer et de mar\u00e9e\"},{\"@type\":\"PropertyValue\",\"name\":\"Infos et contact\",\"value\":\"Plage de Lostmarc'h, presqu'\u00eele de Crozon.\"},{\"@type\":\"PropertyValue\",\"name\":\"Langues parl\u00e9es\",\"value\":\"Fran\u00e7ais\"},{\"@type\":\"PropertyValue\",\"name\":\"Animaux accept\u00e9s\",\"value\":\"oui\"},{\"@type\":\"PropertyValue\",\"name\":\"Cat\u00e9gorie\",\"value\":\"( ) Famille, ( ) Enfants, ( ) Adolescents, ( ) S\u00e9niors, (*) Adultes\"}]}},{\"@type\":\"ListItem\",\"position\":8,\"item\":{\"@type\":\"Thing\",\"name\":\"Pointe de Dinan et rochers perc\u00e9s\",\"description\":\"Balade panoramique vers un site naturel embl\u00e9matique avec falaises, rochers sculpt\u00e9s par l'\u00e9rosion et vue sur la c\u00f4te sauvage.\",\"url\":\"https:\/\/www.crozon-tourisme.bzh\/activite\/pointe-de-dinan\/\",\"image\":\"https:\/\/cdt29.media.tourinsoft.eu\/upload\/Crozon21-aLamoureux-D6A9240-2.jpg?width=590&height=590&crop=1\",\"additionalProperty\":[{\"@type\":\"PropertyValue\",\"name\":\"Type d'activit\u00e9\",\"value\":\"( ) Sport, (*) Nature, ( ) Culturel, ( ) Artistique, ( ) Autre\"},{\"@type\":\"PropertyValue\",\"name\":\"Distance depuis l'h\u00f4tel (km)\",\"value\":\"3\"},{\"@type\":\"PropertyValue\",\"name\":\"R\u00e9servation\",\"value\":\"non\"},{\"@type\":\"PropertyValue\",\"name\":\"Horaires\",\"value\":\"En acc\u00e8s libre toute l'ann\u00e9e\"},{\"@type\":\"PropertyValue\",\"name\":\"Infos et contact\",\"value\":\"Secteur de la pointe de Dinan, au sud-ouest de Morgat.\"},{\"@type\":\"PropertyValue\",\"name\":\"Langues parl\u00e9es\",\"value\":\"Fran\u00e7ais\"},{\"@type\":\"PropertyValue\",\"name\":\"Animaux accept\u00e9s\",\"value\":\"oui\"},{\"@type\":\"PropertyValue\",\"name\":\"Categorie 4jfcpx5\",\"value\":\"Adultes\"},{\"@type\":\"PropertyValue\",\"name\":\"Cat\u00e9gorie\",\"value\":\"(*) Famille, ( ) Enfants, ( ) Adolescents, ( ) S\u00e9niors, ( ) Adultes\"}]}},{\"@type\":\"ListItem\",\"position\":9,\"item\":{\"@type\":\"Thing\",\"name\":\"Centre \u00c9questre \u00c9trier de l'Aber\",\"description\":\"Centre \u00e9questre en bord de mer proposant des cours, des balades et des randonn\u00e9es \u00e0 cheval ou \u00e0 poney dans un cadre naturel exceptionnel.\",\"url\":\"https:\/\/www.morgat.fr\/centre-equestre-etrier-de-l-aber.html\",\"image\":\"https:\/\/elaia-public.s3.fr-par.scw.cloud\/metadata_images\/image_69dd3dec1ef89.jpg\",\"geo\":{\"@type\":\"GeoCoordinates\",\"latitude\":48.2464843,\"longitude\":-4.4892925},\"additionalProperty\":[{\"@type\":\"PropertyValue\",\"name\":\"Type d'activit\u00e9\",\"value\":\"(*) Sport, ( ) Nature, ( ) Culturel, ( ) Artistique, ( ) Autre\"},{\"@type\":\"PropertyValue\",\"name\":\"Distance depuis l'h\u00f4tel (km)\",\"value\":\"0\"},{\"@type\":\"PropertyValue\",\"name\":\"R\u00e9servation\",\"value\":\"oui\"},{\"@type\":\"PropertyValue\",\"name\":\"Horaires\",\"value\":\"Le matin ou en soir\u00e9e\"},{\"@type\":\"PropertyValue\",\"name\":\"Infos et contact\",\"value\":\"Dominant la plage de l'Aber et la baie de Douarnenez.\"},{\"@type\":\"PropertyValue\",\"name\":\"Langues parl\u00e9es\",\"value\":\"Fran\u00e7ais\"},{\"@type\":\"PropertyValue\",\"name\":\"Animaux accept\u00e9s\",\"value\":\"non\"},{\"@type\":\"PropertyValue\",\"name\":\"Categorie 4jfcpx5\",\"value\":\"Famille\"},{\"@type\":\"PropertyValue\",\"name\":\"Cat\u00e9gorie\",\"value\":\"(*) Famille, ( ) Enfants, ( ) Adolescents, ( ) S\u00e9niors, ( ) Adultes\"}]}},{\"@type\":\"ListItem\",\"position\":10,\"item\":{\"@type\":\"Thing\",\"name\":\"Les Mardis de Morgat\",\"description\":\"Rendez-vous musical en plein air chaque mardi soir en \u00e9t\u00e9, avec une programmation folk, rock, pop et reggae mettant en avant les artistes de la presqu'\u00eele.\",\"url\":\"https:\/\/www.facebook.com\/mardisdemorgat\/?locale=fr_FR\",\"image\":\"https:\/\/elaia-public.s3.fr-par.scw.cloud\/metadata_images\/image_69dd3e3c9b8ef.jpg\",\"geo\":{\"@type\":\"GeoCoordinates\",\"latitude\":48.223553,\"longitude\":-4.494581},\"additionalProperty\":[{\"@type\":\"PropertyValue\",\"name\":\"Type d'activit\u00e9\",\"value\":\"( ) Sport, ( ) Nature, (*) Culturel, ( ) Artistique, ( ) Autre\"},{\"@type\":\"PropertyValue\",\"name\":\"Distance depuis l'h\u00f4tel (km)\",\"value\":\"-3\"},{\"@type\":\"PropertyValue\",\"name\":\"R\u00e9servation\",\"value\":\"non\"},{\"@type\":\"PropertyValue\",\"name\":\"Horaires\",\"value\":\"Chaque mardi soir en \u00e9t\u00e9\"},{\"@type\":\"PropertyValue\",\"name\":\"Infos et contact\",\"value\":\"Manifestation organis\u00e9e \u00e0 Morgat sur le port et dans les lieux de convivialit\u00e9 du bourg.\"},{\"@type\":\"PropertyValue\",\"name\":\"Langues parl\u00e9es\",\"value\":\"Fran\u00e7ais\"},{\"@type\":\"PropertyValue\",\"name\":\"Animaux accept\u00e9s\",\"value\":\"oui\"},{\"@type\":\"PropertyValue\",\"name\":\"Categorie 4jfcpx5\",\"value\":\"Adultes\"},{\"@type\":\"PropertyValue\",\"name\":\"Cat\u00e9gorie\",\"value\":\"( ) Famille, ( ) Enfants, ( ) Adolescents, ( ) S\u00e9niors, ( ) Adultes\"}]}}]},{\"@type\":\"ItemList\",\"name\":\"\u00c9v\u00e9nements \u00e0 proximit\u00e9 de l'h\u00f4tel\",\"itemListElement\":[{\"@type\":\"ListItem\",\"position\":1,\"item\":{\"@type\":\"Thing\",\"name\":\"March\u00e9 artisanal nocturne de Morgat\",\"description\":\"March\u00e9 estival d\u2019artisans cr\u00e9ateurs organis\u00e9 \u00e0 Morgat, \u00e0 l\u2019occasion des festivit\u00e9s des Mardis de Morgat, du 14 juillet et du 15 ao\u00fbt. Environ quarante artisans y participent.\",\"url\":\"https:\/\/www.crozon-tourisme.bzh\/commerce\/les-marches-de-crozon\/\",\"image\":\"https:\/\/cdt29.media.tourinsoft.eu\/upload\/Crozon2020-alamoureux-3K3-7432-20.jpg?width=1180&height=590&crop=1\",\"additionalProperty\":[{\"@type\":\"PropertyValue\",\"name\":\"Distance depuis l'h\u00f4tel (km)\",\"value\":\"0.8\"},{\"@type\":\"PropertyValue\",\"name\":\"Temps de trajet depuis l'h\u00f4tel\",\"value\":\"4 min\"},{\"@type\":\"PropertyValue\",\"name\":\"Cat\u00e9gorie de l'\u00e9v\u00e9nement\",\"value\":\"( ) musique, ( ) exposition, ( ) festival, ( ) foire, ( ) brocante, (*) march\u00e9\"},{\"@type\":\"PropertyValue\",\"name\":\"Cat\u00e9gorie de public\",\"value\":\"(*) famille, ( ) enfants, ( ) adultes, ( ) senior, ( ) ados\"},{\"@type\":\"PropertyValue\",\"name\":\"R\u00e9servation\",\"value\":\"Oui\"},{\"@type\":\"PropertyValue\",\"name\":\"Horaire\",\"value\":\"Du 1er juillet au 31 ao\u00fbt, de 16h \u00e0 minuit.\"},{\"@type\":\"PropertyValue\",\"name\":\"Infos et contact\",\"value\":\"Placier : 06 33 18 19 88. Mairie de Crozon : +33 2 98 27 10 28.\"}]}},{\"@type\":\"ListItem\",\"position\":2,\"item\":{\"@type\":\"Thing\",\"name\":\"Grand march\u00e9 de Morgat\",\"description\":\"Grand march\u00e9 hebdomadaire de Morgat, organis\u00e9 en \u00e9t\u00e9 sur les mercredis de juillet \u00e0 ao\u00fbt.\",\"url\":\"https:\/\/www.crozon-tourisme.bzh\/agenda\/grand-marche-de-morgat\/\",\"image\":\"https:\/\/cdt29.media.tourinsoft.eu\/upload\/1024-1536.jpg?width=1180&height=590&crop=1\",\"additionalProperty\":[{\"@type\":\"PropertyValue\",\"name\":\"Distance depuis l'h\u00f4tel (km)\",\"value\":\"0.9\"},{\"@type\":\"PropertyValue\",\"name\":\"Temps de trajet depuis l'h\u00f4tel\",\"value\":\"5 min\"},{\"@type\":\"PropertyValue\",\"name\":\"Cat\u00e9gorie de l'\u00e9v\u00e9nement\",\"value\":\"( ) musique, ( ) exposition, ( ) festival, ( ) foire, ( ) brocante, (*) march\u00e9\"},{\"@type\":\"PropertyValue\",\"name\":\"Cat\u00e9gorie de public\",\"value\":\"(*) famille, ( ) enfants, ( ) adultes, ( ) senior, ( ) ados\"},{\"@type\":\"PropertyValue\",\"name\":\"R\u00e9servation\",\"value\":\"Non\"},{\"@type\":\"PropertyValue\",\"name\":\"Horaire\",\"value\":\"Les 1er, 3e et 5e mercredis de juillet \u00e0 ao\u00fbt.\"},{\"@type\":\"PropertyValue\",\"name\":\"Infos et contact\",\"value\":\"Ville de Crozon : +33 2 98 27 10 28.\"}]}},{\"@type\":\"ListItem\",\"position\":3,\"item\":{\"@type\":\"Thing\",\"name\":\"Festival du Bout du Monde\",\"description\":\"Grand festival de musique organis\u00e9 \u00e0 Crozon \u00e0 la Prairie de Landaoudec.\",\"url\":\"https:\/\/www.festivalduboutdumonde.com\/\",\"image\":\"https:\/\/elaia-public.s3.fr-par.scw.cloud\/metadata_images\/image_69dd429a3af9f.jpg\",\"additionalProperty\":[{\"@type\":\"PropertyValue\",\"name\":\"Distance depuis l'h\u00f4tel (km)\",\"value\":\"4.2\"},{\"@type\":\"PropertyValue\",\"name\":\"Temps de trajet depuis l'h\u00f4tel\",\"value\":\"10 min\"},{\"@type\":\"PropertyValue\",\"name\":\"Cat\u00e9gorie de l'\u00e9v\u00e9nement\",\"value\":\"( ) musique, ( ) exposition, (*) festival, ( ) foire, ( ) brocante, ( ) march\u00e9\"},{\"@type\":\"PropertyValue\",\"name\":\"Cat\u00e9gorie de public\",\"value\":\"( ) famille, ( ) enfants, ( ) adultes, ( ) senior, (*) ados\"},{\"@type\":\"PropertyValue\",\"name\":\"R\u00e9servation\",\"value\":\"Oui\"},{\"@type\":\"PropertyValue\",\"name\":\"Horaire\",\"value\":\"Du 31 juillet 2026 au 2 ao\u00fbt 2026.\"},{\"@type\":\"PropertyValue\",\"name\":\"Infos et contact\",\"value\":\"Billetterie et informations sur le site du festival.\"}]}},{\"@type\":\"ListItem\",\"position\":4,\"item\":{\"@type\":\"Thing\",\"name\":\"Denez\",\"description\":\"Concert acoustique de Denez, m\u00ealant gwerz traditionnelles et compositions accompagn\u00e9es par des instrumentistes.\",\"url\":\"https:\/\/www.denezprigent.com\/\",\"image\":\"https:\/\/static.wixstatic.com\/media\/5481f0_e544924545f140d480e784b60f8c4a89~mv2.jpg\/v1\/fill\/w_2110,h_974,al_c,q_90,usm_0.66_1.00_0.01,enc_avif,quality_auto\/OK%20N16_edited.jpg\",\"additionalProperty\":[{\"@type\":\"PropertyValue\",\"name\":\"Distance depuis l'h\u00f4tel (km)\",\"value\":\"3.5\"},{\"@type\":\"PropertyValue\",\"name\":\"Temps de trajet depuis l'h\u00f4tel\",\"value\":\"8 min\"},{\"@type\":\"PropertyValue\",\"name\":\"Cat\u00e9gorie de l'\u00e9v\u00e9nement\",\"value\":\"(*) musique, ( ) exposition, ( ) festival, ( ) foire, ( ) brocante, ( ) march\u00e9\"},{\"@type\":\"PropertyValue\",\"name\":\"Cat\u00e9gorie de public\",\"value\":\"( ) famille, ( ) enfants, (*) adultes, ( ) senior, ( ) ados\"},{\"@type\":\"PropertyValue\",\"name\":\"R\u00e9servation\",\"value\":\"Oui\"},{\"@type\":\"PropertyValue\",\"name\":\"Horaire\",\"value\":\"Le 11 avril 2026 de 20h30 \u00e0 22h30.\"},{\"@type\":\"PropertyValue\",\"name\":\"Infos et contact\",\"value\":\"Billetterie Quai Ouest Musiques. Tarif sur r\u00e9servation conseill\u00e9.\"}]}}]},{\"@type\":\"ItemList\",\"name\":\"\u00c9v\u00e9nements locaux\",\"itemListElement\":[{\"@type\":\"ListItem\",\"position\":1,\"item\":{\"@type\":\"Thing\",\"name\":\"Visite guid\u00e9e \u00ab\u00a0Les rendez-vous de la Pointe\u00a0\u00bb\",\"description\":\"Comprendre un paysage d\u2019exception, en famille.\\n\\nCette visite guid\u00e9e invite petits et grands \u00e0 d\u00e9couvrir les paysages spectaculaires de la Pointe du Raz et \u00e0 comprendre ce qui fait la singularit\u00e9 de ce site embl\u00e9matique du Finist\u00e8re. Au fil du parcours, le guide d\u00e9crypte la formation des falaises, l\u2019influence des vents et des courants, ainsi que l\u2019histoire humaine intimement li\u00e9e \u00e0 ce bout du monde. Anecdotes, observations et \u00e9changes rythment la visite, pens\u00e9e pour \u00eatre accessible et ludique. Une formule id\u00e9ale pour une premi\u00e8re approche du site, \u00e0 partager en famille, entre terre et mer.\\n\\nD\u00e9part du s\u00e9maphore (\u00e0 800 m du parking) - Dur\u00e9e 1h\",\"url\":\"https:\/\/www.toutcommenceenfinistere.com\/pointe-du-raz\/preparer-sa-visite\/\",\"geo\":{\"@type\":\"GeoCoordinates\",\"latitude\":48.040859,\"longitude\":-4.670977},\"additionalProperty\":[{\"@type\":\"PropertyValue\",\"name\":\"Titre\",\"value\":\"Visite guid\u00e9e \u00ab\u00a0Les rendez-vous de la Pointe\u00a0\u00bb\"},{\"@type\":\"PropertyValue\",\"name\":\"Cat\u00e9gorie\",\"value\":\"Sport & randonn\u00e9e\"},{\"@type\":\"PropertyValue\",\"name\":\"Ville\",\"value\":\"Plogoff\"},{\"@type\":\"PropertyValue\",\"name\":\"Code postal\",\"value\":\"29770\"}]}},{\"@type\":\"ListItem\",\"position\":2,\"item\":{\"@type\":\"Thing\",\"name\":\"Navire Amiral - Exposition\",\"description\":\"Dans le cadre du 10\u00e8me anniversaire des Ateliers des Capucins, d\u00e9couvrez cette exposition propos\u00e9e en partenariat avec La Com\u00e9die-Fran\u00e7aise et la Marine Nationale.\\n\\nCordages, coulisses, superpositions... Les gestes et rituels de la Marine Nationale et de la Com\u00e9die-Fran\u00e7aise se r\u00e9pondent et nourrissent un imaginaire commun. \u00c0 travers ses photographies, St\u00e9phane Lavou\u00e9 brouille les rep\u00e8res : sommes-nous sur sc\u00e8ne ou \u00e0 bord d\u2019un navire ? \\n\\nEn r\u00e9sidence associ\u00e9e aux mandats d\u2019\u00c9ric Ruf a\u0300 la Com\u00e9die-Fran\u00e7aise depuis 2015, St\u00e9phane Lavou\u00e9 a multipli\u00e9\u0301 les projets pendant dix ans au sein de la maison de Moli\u00e8re : portraits officiels de la troupe, s\u00e9rie sur les loges des com\u00e9diens (Les Loges du Fran\u00e7ais, ed. Gallimard), affiches de saison, travail au long court sur les \u00ab servitudes \u00bb, m\u00e9tiers du th\u00e9\u00e2tre au service du plateau. Pendant ces ann\u00e9es de r\u00e9sidence dans les entrailles du \u00ab navire amiral \u00bb du premier th\u00e9\u00e2tre public fran\u00e7ais, il a eu l\u2019impression de vivre un embarquement immobile. Plonge\u0301 dans un b\u00e2timent sans fen\u00eatres, au milieu du plateau-passerelle ou perche\u0301 dans les cintres encombr\u00e9s de c\u00e2bles et de bouts, il a eu la sensation de parcourir les coursives d\u2019une fr\u00e9gate et de vivre une patrouille d\u2019un sous-marin nucl\u00e9aire.\\n\\nA une \u00e9poque ou\u0300 les marins, afin d\u2019\u00e9viter les p\u00e9rils, ne naviguaient plus l\u2019hiver, ils servaient dans les th\u00e9\u00e2tres. Leur connaissance des n\u0153uds, des bouts, des poulies, des \u00e9lingues et leur habilite\u0301 a\u0300 man\u0153uvrer vite et en nombre dans un espace r\u00e9duit faisait d\u2019eux de parfaits machinistes. Ils sont en effet a\u0300 l\u2019origine de nombreuses traditions et superstitions encore tr\u00e8s vivaces dans les th\u00e9\u00e2tres, comme le photographe a pu les vivre en c\u00f4toyant l\u2019\u00e9quipage de la Com\u00e9die-Fran\u00e7aise. \\n\\nDepuis longtemps, les marins ont quitt\u00e9\u0301 depuis bien longtemps les coulisses de la salle Richelieu, les traditions, elles, demeurent. St\u00e9phane Lavou\u00e9 a eu tre\u0300s envie d\u2019aller voir si, a\u0300 bord des navires de la Royale, ces traditions e\u0301taient encore vivaces. Et si oui, de quelles manie\u0300res elles pouvaient contribuer a\u0300 the\u0301a\u0302traliser le quotidien des marins embarque\u0301s sur ces ba\u0302timents militaires de nouvelle ge\u0301ne\u0301ration. Ainsi, il a obtenu les autorisations pour embarquer a\u0300 bord des trois navires emble\u0301matiques de la flotte franc\u0327aise.\\nLa FREMM la Bretagne, le SNLE Le Te\u0301me\u0301raire, le Porte-avions Charles De Gaulle.\\n\\nVisites guid\u00e9es : Du 12\/06\/2026 au 20\/09\/2026\\nGratuit, sur inscription.\\nDur\u00e9e de la visite guid\u00e9e : entre 45 minutes et 1 heure. \\nHors vacances scolaires : Chaque weekend \u00e0 15h00.\\nEn p\u00e9riode de vacances scolaires : Tous les jours \u00e0 15h00.\",\"url\":\"https:\/\/www.ateliersdescapucins.fr\/fr\/programmation\",\"geo\":{\"@type\":\"GeoCoordinates\",\"latitude\":48.3894,\"longitude\":-4.49924},\"additionalProperty\":[{\"@type\":\"PropertyValue\",\"name\":\"Titre\",\"value\":\"Navire Amiral - Exposition\"},{\"@type\":\"PropertyValue\",\"name\":\"Cat\u00e9gorie\",\"value\":\"En famille\"},{\"@type\":\"PropertyValue\",\"name\":\"Ville\",\"value\":\"Brest\"},{\"@type\":\"PropertyValue\",\"name\":\"Code postal\",\"value\":\"29200\"}]}},{\"@type\":\"ListItem\",\"position\":3,\"item\":{\"@type\":\"Thing\",\"name\":\"Cin\u00e9mas Douarnenez\",\"description\":\"Consultez le programme des cin\u00e9mas de Douarnenez sur leurs sites : \\nCin\u00e9ma Le Club 39 rue Berthelot : www.cinemaleclub.fr \\nCin\u00e9ma La Balise 39 rue Louis Pasteur : www.cinemalabalise.fr\",\"url\":\"http:\/\/www.cinemaleclub.fr\/\",\"geo\":{\"@type\":\"GeoCoordinates\",\"latitude\":48.09242,\"longitude\":-4.33041},\"additionalProperty\":[{\"@type\":\"PropertyValue\",\"name\":\"Titre\",\"value\":\"Cin\u00e9mas Douarnenez\"},{\"@type\":\"PropertyValue\",\"name\":\"Cat\u00e9gorie\",\"value\":\"Spectacles & cin\u00e9ma\"},{\"@type\":\"PropertyValue\",\"name\":\"Ville\",\"value\":\"Douarnenez\"},{\"@type\":\"PropertyValue\",\"name\":\"Code postal\",\"value\":\"29100\"}]}},{\"@type\":\"ListItem\",\"position\":4,\"item\":{\"@type\":\"Thing\",\"name\":\"March\u00e9 des Ateliers\",\"description\":\"Artisanes, artisans et artistes des ateliers Jean Moulin vous ouvrent leurs ateliers tous les mercredis de l\u2019\u00e9t\u00e9. C\u00e9ramiques, peintures, impressions textiles, sculptures et bien plus\u2026 venez fl\u00e2ner et d\u00e9couvrir leurs activit\u00e9s dans un lieu foisonnant \u00e0 deux pas du sentier des douaniers !\",\"geo\":{\"@type\":\"GeoCoordinates\",\"latitude\":48.0176766,\"longitude\":-4.5304275},\"additionalProperty\":[{\"@type\":\"PropertyValue\",\"name\":\"Titre\",\"value\":\"March\u00e9 des Ateliers\"},{\"@type\":\"PropertyValue\",\"name\":\"Cat\u00e9gorie\",\"value\":\"March\u00e9s & foires\"},{\"@type\":\"PropertyValue\",\"name\":\"Ville\",\"value\":\"Plouhinec\"},{\"@type\":\"PropertyValue\",\"name\":\"Code postal\",\"value\":\"29780\"}]}},{\"@type\":\"ListItem\",\"position\":5,\"item\":{\"@type\":\"Thing\",\"name\":\"Visite guid\u00e9e du ch\u00e2teau de Kerveatoux\",\"description\":\"Le mercredi, samedi et dimanche (sauf les 4 et 5 juillet et les 15 et 16 ao\u00fbt).\\n\\nNous vous proposons la d\u00e9couverte du ch\u00e2teau de Kerveatoux lors d'une balade guid\u00e9e\u00a0autour du ch\u00e2teau afin de d\u00e9couvrir ce beau manoir breton du XV\u00e8me si\u00e8cle qui a, par la suite, \u00e9t\u00e9 transform\u00e9\u00a0en ch\u00e2teau romantique \u00e0 la fin du XIX\u00e8me si\u00e8cle. Vous y d\u00e9couvrirez \u00e9tang, moulins, pigeonnier, canons, tours... Ainsi que de multiples histoires comme celle de la grille du diable, celle de\u00a0l'occupation du lieu par les allemands,\u00a0des canons pris \u00e0 l'abordage en Crim\u00e9e, ou encore l'histoire des familles Russel de Bedford et Taisne, propri\u00e9taire des lieux depuis 1845.\\n\\nLe th\u00e8me de la visite est l'histoire du ch\u00e2teau, vie agricole et occupation allemande. Elle inclut la visite de la serre, de la basse cour, des \u00e9curies et des machines agricoles. Elle permet de d\u00e9couvrir un bunker, les outils de la vie quotidienne de la vie paysanne, la serre avec sa vigne du XIX\u00e8me si\u00e8cle et le cam\u00e9lia de Picasso. \\n\\nSitu\u00e9 \u00e0 5 minutes de St Renan, de Plouarzel, et \u00e0 proximit\u00e9 du menhir de Kerloas, le ch\u00e2teau de Kerveatoux, cach\u00e9 au c\u0153ur des arbres vous accueille pour une charmante visite guid\u00e9e d'1h30 en ext\u00e9rieur, qui saura ravir petits et grands.\\n\\nProfitez-en pour aller voir le menhir de Kerloas ! Situ\u00e9 \u00e0 quelques kilom\u00e8tres du ch\u00e2teau, le plus haut menhir du monde saura vous impressionner gr\u00e2ce \u00e0 ses 9,50 m\u00e8tres de haut.\",\"url\":\"http:\/\/www.kerveatoux.fr\/\",\"geo\":{\"@type\":\"GeoCoordinates\",\"latitude\":48.433551,\"longitude\":-4.6611348},\"additionalProperty\":[{\"@type\":\"PropertyValue\",\"name\":\"Titre\",\"value\":\"Visite guid\u00e9e du ch\u00e2teau de Kerveatoux\"},{\"@type\":\"PropertyValue\",\"name\":\"Cat\u00e9gorie\",\"value\":\"Autres \u00e9v\u00e9nements\"},{\"@type\":\"PropertyValue\",\"name\":\"Ville\",\"value\":\"Plouarzel\"},{\"@type\":\"PropertyValue\",\"name\":\"Code postal\",\"value\":\"29810\"}]}},{\"@type\":\"ListItem\",\"position\":6,\"item\":{\"@type\":\"Thing\",\"name\":\"S\u00e9jour rando sur le GR34\u00ae. Pointe du Raz - Ile de Sein 6J\/6N\",\"description\":\"Six jours de rando accompagn\u00e9e sur la c\u00f4te qui surplombe la mer d'Iroise. Du Raz de Sein \u00e0 la Baie de Douarnenez, pouss\u00e9s par un l\u00e9ger vent de noiro\u00eet ou (d\u00e9)coiff\u00e9s par les embruns, suivez Marie ! au d\u00e9tour du sentier, elle vous emm\u00e8ne \u00e0 la rencontre de l'\u00e2me du Cap-Sizun. Et vous embarque jusque l'\u00eele de Sein pour une escapade de l'autre c\u00f4t\u00e9 de l'horizon ...\\nH\u00e9berg\u00e9s dans un g\u00eete con\u00e7u pour les randonneurs, vous profiterez de repas confectionn\u00e9s \u00e0 partir de produits locaux de qualit\u00e9.\",\"url\":\"https:\/\/www.sentiersmaritimes.com\/rando-accompagnee-bretagne-normandie\/221-la-pointe-du-raz-et-l-ile-de-sein.html\",\"geo\":{\"@type\":\"GeoCoordinates\",\"latitude\":48.036674,\"longitude\":-4.666499},\"additionalProperty\":[{\"@type\":\"PropertyValue\",\"name\":\"Titre\",\"value\":\"S\u00e9jour rando sur le GR34\u00ae. Pointe du Raz - Ile de Sein 6J\/6N\"},{\"@type\":\"PropertyValue\",\"name\":\"Cat\u00e9gorie\",\"value\":\"Sport & randonn\u00e9e\"},{\"@type\":\"PropertyValue\",\"name\":\"Ville\",\"value\":\"Plogoff\"},{\"@type\":\"PropertyValue\",\"name\":\"Code postal\",\"value\":\"29770\"}]}},{\"@type\":\"ListItem\",\"position\":7,\"item\":{\"@type\":\"Thing\",\"name\":\"Gef\u00fchrter Fotospaziergang durch Douarnenez\",\"description\":\"Gef\u00fchrter Fotospaziergang durch Douarnenez :\\nEntdecken Sie mit dem Marco-Polo-Autor und erfahrenen Reiseleiter Errol Friedhelm Karakoc die Hafenstadt und ihre K\u00f6nigin, die Sardine. Auf den Spuren der hiesigen Fischer begegnen Sie streitbaren Damen, kuriosen Riten der heimischen Bev\u00f6lkerung, h\u00fcbscher Architektur aus den letzten Jahrhunderten, spannenden Legenden, vielleicht sogar Kommissar Dupin und haben dabei immer wieder den Blick auf die Bucht. Freuen Sie sich auf etwa zwei Stunden des Flanierens durch die Gassen des Hafenviertels Rosmeur.\\n\\nDauer: ca. 2h\\nSprache: auf Deutsch\\nSchwierigkeitsgrad: einfach bis mittel (leichte Steigungen\/Gef\u00e4lle auf st\u00e4dtischen Wegen, einige Stufen)\",\"url\":\"http:\/\/www.douarnenez-tourisme.com\/\",\"geo\":{\"@type\":\"GeoCoordinates\",\"latitude\":48.0931504,\"longitude\":-4.3310605},\"additionalProperty\":[{\"@type\":\"PropertyValue\",\"name\":\"Titre\",\"value\":\"Gef\u00fchrter Fotospaziergang durch Douarnenez\"},{\"@type\":\"PropertyValue\",\"name\":\"Cat\u00e9gorie\",\"value\":\"Autres \u00e9v\u00e9nements\"},{\"@type\":\"PropertyValue\",\"name\":\"Ville\",\"value\":\"Douarnenez\"},{\"@type\":\"PropertyValue\",\"name\":\"Code postal\",\"value\":\"29100\"}]}},{\"@type\":\"ListItem\",\"position\":8,\"item\":{\"@type\":\"Thing\",\"name\":\"La Pointe du Raz \u00e0 l'heure des Phares\",\"description\":\"Participez au plus beau son et lumi\u00e8re de l\u2019Ouest !\\n\u00c0 la tomb\u00e9e du jour, laissez-vous conter les nombreuses histoires qui ont fa\u00e7onn\u00e9es la renomm\u00e9e de la Pointe du Raz, aujourd\u2019hui l\u2019un des sites les plus visit\u00e9s de Bretagne. Une visite compl\u00e8te et captivante, riche en th\u00e9matiques vari\u00e9es, le tout dans l\u2019atmosph\u00e8re et les lumi\u00e8res grandioses du Bout du Monde.\\n\\nInformations pratiques : le stationnement sur le parking du site est payant.\\n\\nR\u00e9servation possible aupr\u00e8s de l'Office de Tourisme \u00e0 Audierne.\",\"url\":\"http:\/\/virginie-guezennec.fr\/\",\"geo\":{\"@type\":\"GeoCoordinates\",\"latitude\":48.0382383,\"longitude\":-4.7240061},\"additionalProperty\":[{\"@type\":\"PropertyValue\",\"name\":\"Titre\",\"value\":\"La Pointe du Raz \u00e0 l'heure des Phares\"},{\"@type\":\"PropertyValue\",\"name\":\"Cat\u00e9gorie\",\"value\":\"Sport & randonn\u00e9e\"},{\"@type\":\"PropertyValue\",\"name\":\"Ville\",\"value\":\"Plogoff\"},{\"@type\":\"PropertyValue\",\"name\":\"Code postal\",\"value\":\"29770\"}]}},{\"@type\":\"ListItem\",\"position\":9,\"item\":{\"@type\":\"Thing\",\"name\":\"Balade comment\u00e9e - Le patrimoine du Faou\",\"description\":\"Le Faou, Petite Cit\u00e9 de Caract\u00e8re situ\u00e9e en bordure de l\u2019estuaire de l\u2019Aulne, offre une visite guid\u00e9e riche en d\u00e9couvertes historiques et architecturales. En d\u00e9ambulant dans ses rues pav\u00e9es, les visiteurs sont \u00e9merveill\u00e9s par les maisons \u00e0 pans de bois datant des XVe et XVIe si\u00e8cles, magnifiquement pr\u00e9serv\u00e9es.\\n\\nL\u2019\u00e9glise Saint-Sauveur, un joyau du gothique breton, d\u00e9voile ses vitraux color\u00e9s et son impressionnant porche sculpt\u00e9. La promenade se poursuit les petites ruelles, o\u00f9 la vue sur le port et les paysages environnants invite \u00e0 la contemplation. Cette balade au Faou est une immersion authentique dans le patrimoine breton, alliant histoire, culture et nature.\\n\\nInfos pratiques :\\n\\n    juillet \u2013 ao\u00fbt : les jeudis \u00e0 10h30\\n    3\u20ac : adulte | Gratuit : -18 ans\\n\\n    R\u00e9servation obligatoire dans les Offices de Tourisme\\n    dur\u00e9e : 1h30\\n    RDV : devant l\u2019Office de Tourisme \u2013 Le FAOU\\n    Acc\u00e8s PMR possible\\n\\nVisite assur\u00e9e par l\u2019Office de Tourisme.\",\"geo\":{\"@type\":\"GeoCoordinates\",\"latitude\":48.29577,\"longitude\":-4.18072},\"additionalProperty\":[{\"@type\":\"PropertyValue\",\"name\":\"Titre\",\"value\":\"Balade comment\u00e9e - Le patrimoine du Faou\"},{\"@type\":\"PropertyValue\",\"name\":\"Cat\u00e9gorie\",\"value\":\"Autres \u00e9v\u00e9nements\"},{\"@type\":\"PropertyValue\",\"name\":\"Ville\",\"value\":\"Le Faou\"},{\"@type\":\"PropertyValue\",\"name\":\"Code postal\",\"value\":\"29590\"}]}},{\"@type\":\"ListItem\",\"position\":10,\"item\":{\"@type\":\"Thing\",\"name\":\"Visite guid\u00e9e du ch\u00e2teau de Kerveatoux\",\"description\":\"Nous vous proposons la d\u00e9couverte du ch\u00e2teau de Kerveatoux lors d'une balade guid\u00e9e\u00a0autour du ch\u00e2teau afin de d\u00e9couvrir ce beau manoir breton du XV\u00e8me si\u00e8cle qui a, par la suite, \u00e9t\u00e9 transform\u00e9\u00a0en ch\u00e2teau romantique \u00e0 la fin du XIX\u00e8me si\u00e8cle. Vous y d\u00e9couvrirez \u00e9tang, moulins, pigeonnier, canons, tours... Ainsi que de multiples histoires comme celle de la grille du diable, celle de\u00a0l'occupation du lieu par les allemands,\u00a0des canons pris \u00e0 l'abordage en Crim\u00e9e, ou encore l'histoire des familles Russel de Bedford et Taisne, propri\u00e9taire des lieux depuis 1845.\\n\\nLe th\u00e8me de la visite est l'histoire du ch\u00e2teau, vie agricole et occupation allemande. Elle inclut la visite de la serre, de la basse cour, des \u00e9curies et des machines agricoles. Elle permet de d\u00e9couvrir un bunker, les outils de la vie quotidienne de la vie paysanne, la serre avec sa vigne du XIX\u00e8me si\u00e8cle et le cam\u00e9lia de Picasso. \\n\\nSitu\u00e9 \u00e0 5 minutes de St Renan, de Plouarzel, et \u00e0 proximit\u00e9 du menhir de Kerloas, le ch\u00e2teau de Kerveatoux, cach\u00e9 au c\u0153ur des arbres vous accueille pour une charmante visite guid\u00e9e d'1h30 en ext\u00e9rieur, qui saura ravir petits et grands.\\n\\nProfitez-en pour aller voir le menhir de Kerloas ! Situ\u00e9 \u00e0 quelques kilom\u00e8tres du ch\u00e2teau, le plus haut menhir du monde saura vous impressionner gr\u00e2ce \u00e0 ses 9,50 m\u00e8tres de haut.\",\"url\":\"http:\/\/www.kerveatoux.fr\/\",\"geo\":{\"@type\":\"GeoCoordinates\",\"latitude\":48.4336401,\"longitude\":-4.6612803},\"additionalProperty\":[{\"@type\":\"PropertyValue\",\"name\":\"Titre\",\"value\":\"Visite guid\u00e9e du ch\u00e2teau de Kerveatoux\"},{\"@type\":\"PropertyValue\",\"name\":\"Cat\u00e9gorie\",\"value\":\"Autres \u00e9v\u00e9nements\"},{\"@type\":\"PropertyValue\",\"name\":\"Ville\",\"value\":\"Plouarzel\"},{\"@type\":\"PropertyValue\",\"name\":\"Code postal\",\"value\":\"29810\"}]}},{\"@type\":\"ListItem\",\"position\":11,\"item\":{\"@type\":\"Thing\",\"name\":\"D\u00e9couvrez la rade de Brest en toute libert\u00e9 gr\u00e2ce \u00e0 Nautic Lib !\",\"description\":\"En partenariat avec Playa Rent, Brest Bretagne Nautisme met \u00e0 votre disposition un service de location en libre-service de kayaks. Accessible \u00e0 tous, ce dispositif vous permet de louer votre embarcation en quelques minutes, directement depuis une borne connect\u00e9e, et de profiter des plaisirs de la navigation \u00e0 votre rythme. Une solution simple, rapide et innovante pour d\u00e9couvrir le littoral brestois en toute autonomie.\\n\\nComment \u00e7a fonctionne ? \\nDeux stations  sont \u00e0 votre disposition :\\nUne situ\u00e9e \u00e0 l'extr\u00e9mit\u00e9 de la plage du Moulin Blanc et l'autre pr\u00e8s de la capitainerie du moulin blanc .\\nR\u00e9servation directement sur la borne via un QR code.\\nD\u00e9verrouillage du mat\u00e9riel apr\u00e8s d\u00e9p\u00f4t d'une empreinte bancaire.\\nRestitution du mat\u00e9riel dans l'une des stations Nautic Lib.\\nDur\u00e9e de location libre, avec une facturation automatique au retour du mat\u00e9riel.\\nGilets de sauvetage fournis.\\nMat\u00e9riel fabriqu\u00e9 en Bretagne.\\nStations autonomes en \u00e9nergie et con\u00e7ues pour s'int\u00e9grer au paysage.\",\"url\":\"https:\/\/www.playa-rent.fr\/toutes-les-stations\/plage-du-moulin-blanc-brest-france\/\",\"geo\":{\"@type\":\"GeoCoordinates\",\"latitude\":48.3981,\"longitude\":-4.42568},\"additionalProperty\":[{\"@type\":\"PropertyValue\",\"name\":\"Titre\",\"value\":\"D\u00e9couvrez la rade de Brest en toute libert\u00e9 gr\u00e2ce \u00e0 Nautic Lib !\"},{\"@type\":\"PropertyValue\",\"name\":\"Cat\u00e9gorie\",\"value\":\"Autres \u00e9v\u00e9nements\"},{\"@type\":\"PropertyValue\",\"name\":\"Ville\",\"value\":\"Guipavas\"},{\"@type\":\"PropertyValue\",\"name\":\"Code postal\",\"value\":\"29490\"}]}},{\"@type\":\"ListItem\",\"position\":12,\"item\":{\"@type\":\"Thing\",\"name\":\"Visite guid\u00e9e d'Audierne\",\"description\":\"Accompagn\u00e9 par un guide de l\u2019office de tourisme, venez profiter d\u2019un instant de d\u00e9couverte et de partage sur l\u2019histoire d\u2019Audierne. Laissez-vous guider dans la ville afin de d\u00e9couvrir son histoire passionnante et souvent m\u00e9connue, au cours d\u2019une balade dans les venelles. Depuis les hauteurs, vous apercevrez comment les richesses de la mer ont fa\u00e7onn\u00e9 la ville et son histoire !\",\"url\":\"http:\/\/www.capsizuntourisme.fr\/\",\"geo\":{\"@type\":\"GeoCoordinates\",\"latitude\":48.02369,\"longitude\":-4.53993},\"additionalProperty\":[{\"@type\":\"PropertyValue\",\"name\":\"Titre\",\"value\":\"Visite guid\u00e9e d'Audierne\"},{\"@type\":\"PropertyValue\",\"name\":\"Cat\u00e9gorie\",\"value\":\"Autres \u00e9v\u00e9nements\"},{\"@type\":\"PropertyValue\",\"name\":\"Ville\",\"value\":\"Audierne\"},{\"@type\":\"PropertyValue\",\"name\":\"Code postal\",\"value\":\"29770\"}]}},{\"@type\":\"ListItem\",\"position\":13,\"item\":{\"@type\":\"Thing\",\"name\":\"Visite guid\u00e9e de la Tour Vauban\",\"description\":\"Visites guid\u00e9es de la Tour tous les jours \u00e0 15h\\n\\nTarif 7 euros\\nR\u00e9servation conseill\u00e9e au 02 98 27 91 12 ou par mail \u00e0 tourvauban@camaretsurmer.fr\\nJauge limit\u00e9e \u00e0 20 personnes\",\"geo\":{\"@type\":\"GeoCoordinates\",\"latitude\":48.27979,\"longitude\":-4.59193},\"additionalProperty\":[{\"@type\":\"PropertyValue\",\"name\":\"Titre\",\"value\":\"Visite guid\u00e9e de la Tour Vauban\"},{\"@type\":\"PropertyValue\",\"name\":\"Cat\u00e9gorie\",\"value\":\"Autres \u00e9v\u00e9nements\"},{\"@type\":\"PropertyValue\",\"name\":\"Ville\",\"value\":\"Camaret-sur-Mer\"},{\"@type\":\"PropertyValue\",\"name\":\"Code postal\",\"value\":\"29570\"}]}},{\"@type\":\"ListItem\",\"position\":14,\"item\":{\"@type\":\"Thing\",\"name\":\"L'Appel des Profondeurs\",\"description\":\"Dans le cadre du cycle d\u00e9di\u00e9 \u00e0 l'appel des profondeurs, une s\u00e9rie d'expositions est d\u00e9ploy\u00e9e \u00e0 l'\u00e9chelle nationale du r\u00e9seau des Mus\u00e9es Nationaux de la Marine du territoire. Un parcours unique et in\u00e9dit qui invite le public \u00e0 explorer l'histoire et les enjeux contemporains de l'exploration sous-marine, des premi\u00e8res tentatives de cartographie aux technologies les plus avanc\u00e9es. \\n\\nPour l'occasion, c'est une exposition d\u00e9di\u00e9e \u00e0 l'histoire de la cartographie sous-marine, a ses \u00e9volutions et enjeux au fil du temps qui sera propos\u00e9e \u00e0 Brest.\",\"url\":\"https:\/\/www.musee-marine.fr\/notre-reseau\/evenement-commun\/lappel-des-profondeurs.html\",\"geo\":{\"@type\":\"GeoCoordinates\",\"latitude\":48.38105,\"longitude\":-4.49278},\"additionalProperty\":[{\"@type\":\"PropertyValue\",\"name\":\"Titre\",\"value\":\"L'Appel des Profondeurs\"},{\"@type\":\"PropertyValue\",\"name\":\"Cat\u00e9gorie\",\"value\":\"En famille\"},{\"@type\":\"PropertyValue\",\"name\":\"Ville\",\"value\":\"Brest\"},{\"@type\":\"PropertyValue\",\"name\":\"Code postal\",\"value\":\"29200\"}]}},{\"@type\":\"ListItem\",\"position\":15,\"item\":{\"@type\":\"Thing\",\"name\":\"Tonnerre Com\u00e9die Club - Plateau d'humour\",\"description\":\"Le stand up du Tonnerre Com\u00e9die Club arrive \u00e0 la Com\u00e9die du Finist\u00e8re, aux Ateliers des Capucins, le spot incontournable du rire \u00e0 Brest.\\n\\nDans une ambiance vivante et chaleureuse, quatre humoristes locaux vous emm\u00e8nent dans leur univers et encha\u00eenent les blagues et les interactions. Une soir\u00e9e 100% bretonne o\u00f9 on vient pour rire, ensemble, et fort.  \\n\\n Informations pratiques :\\n\\nDur\u00e9e 1h15\\nTout public\\nSalle accessible aux PMR\\nPlacement libre, par ordre d'arriv\u00e9e\\nAcc\u00e8s \u00e0 la salle possible avec contr\u00f4le billet 30 minutes avant le d\u00e9but de la repr\u00e9sentation\\nL'horaire indiqu\u00e9 correspond \u00e0 l'heure de d\u00e9but du spectacle. Toute personne se pr\u00e9sentant apr\u00e8s cet horaire, m\u00eame en possession d'un billet, pourra se voir refuser l'acc\u00e8s \u00e0 la salle.\",\"url\":\"http:\/\/www.comediedufinistere.fr\/\",\"geo\":{\"@type\":\"GeoCoordinates\",\"latitude\":48.3890223,\"longitude\":-4.4983387},\"additionalProperty\":[{\"@type\":\"PropertyValue\",\"name\":\"Titre\",\"value\":\"Tonnerre Com\u00e9die Club - Plateau d'humour\"},{\"@type\":\"PropertyValue\",\"name\":\"Cat\u00e9gorie\",\"value\":\"Spectacles & cin\u00e9ma\"},{\"@type\":\"PropertyValue\",\"name\":\"Ville\",\"value\":\"Brest\"},{\"@type\":\"PropertyValue\",\"name\":\"Code postal\",\"value\":\"29200\"}]}},{\"@type\":\"ListItem\",\"position\":16,\"item\":{\"@type\":\"Thing\",\"name\":\"Visite du manoir de Kerscao\",\"description\":\"Le manoir est inscrit \u00e0 l\u2019inventaire suppl\u00e9mentaire des monuments historiques (qui ont fortement soutenu la restauration de la chapelle). Les propri\u00e9taires vous accueillent sur r\u00e9servation pour une visite comment\u00e9e de ses jardins seuls ou des jardins et de son int\u00e9rieur.\",\"url\":\"http:\/\/www.manoirdekerscao.fr\/\",\"geo\":{\"@type\":\"GeoCoordinates\",\"latitude\":48.3744869,\"longitude\":-4.6450747},\"additionalProperty\":[{\"@type\":\"PropertyValue\",\"name\":\"Titre\",\"value\":\"Visite du manoir de Kerscao\"},{\"@type\":\"PropertyValue\",\"name\":\"Cat\u00e9gorie\",\"value\":\"Autres \u00e9v\u00e9nements\"},{\"@type\":\"PropertyValue\",\"name\":\"Ville\",\"value\":\"Locmaria-Plouzan\u00e9\"},{\"@type\":\"PropertyValue\",\"name\":\"Code postal\",\"value\":\"29280\"}]}},{\"@type\":\"ListItem\",\"position\":17,\"item\":{\"@type\":\"Thing\",\"name\":\"R\u00e9cits du bout du monde\",\"description\":\"Embarquez pour une sortie cont\u00e9e entre mer et l\u00e9gendes, une exp\u00e9rience unique et in\u00e9dite par Archipel Excursions & Ribine Exp\u00e9rience. Sortie \u00e9v\u00e8nementielle, uniquement le 14 mai, 20 juin, 16 juillet, 13 ao\u00fbt et 12 septembre.\\n\\nEt si vous partiez \u00e0 la rencontre de l\u2019Iroise autrement ?\\nArchipel Excursions et Ribine Exp\u00e9rience, tous deux ambassadeurs de la Route des Phares unissent leurs forces pour vous proposer une aventure in\u00e9dite : R\u00e9cits du bout du monde.\\nEn Bretagne, l\u2019histoire se m\u00eale toujours \u00e0 la l\u00e9gende \u2026 Plongez dans l\u2019imaginaire breton avec Lo\u00efc, guide conteur passionn\u00e9, qui vous r\u00e9v\u00e8lera les r\u00e9cits cach\u00e9s derri\u00e8re ces paysages sublimes que Thomas, guide marin amoureux du territoire, vous fera d\u00e9couvrir par la mer.\\n\\nEntre les paysages saisissants de la c\u00f4te bretonne, les phares et les forts, laissez-vous emporter par les histoires et l\u00e9gendes qui ont fa\u00e7onn\u00e9 ce territoire du bout du monde. Au d\u00e9part du Conquet, nous naviguerons autour des Phares de Kermorvan et Saint Mathieu, puis nous vous conduirons jusqu\u2019\u00e0 l\u2019anse de Bertheaume en longeant la c\u00f4te. 2h d\u2019immersion totale dans l\u2019histoire et la culture bretonne, berc\u00e9s par les flots dans des paysages exceptionnels.\",\"geo\":{\"@type\":\"GeoCoordinates\",\"latitude\":48.3513213,\"longitude\":-4.7392891},\"additionalProperty\":[{\"@type\":\"PropertyValue\",\"name\":\"Titre\",\"value\":\"R\u00e9cits du bout du monde\"},{\"@type\":\"PropertyValue\",\"name\":\"Cat\u00e9gorie\",\"value\":\"Autres \u00e9v\u00e9nements\"},{\"@type\":\"PropertyValue\",\"name\":\"Ville\",\"value\":\"Le Conquet\"},{\"@type\":\"PropertyValue\",\"name\":\"Code postal\",\"value\":\"29217\"}]}},{\"@type\":\"ListItem\",\"position\":18,\"item\":{\"@type\":\"Thing\",\"name\":\"Les arts des algues - Arzo\u00f9 bezhin\",\"description\":\"Exposition collective d'arts plastiques et photos d'algues.\\n\\nIls sont sept, artistes plasticiens, photographes ou autres, mettant l\u2019algue au centre de leur cr\u00e9ativit\u00e9 selon une d\u00e9marche artistique personnelle.\\nLeur objectif ? Promouvoir l\u2019algue en tant que mat\u00e9riau \u00ab plastique \u00bb, objet de cr\u00e9ation po\u00e9tique et de vision esth\u00e9tique, en opposition au ph\u00e9nom\u00e8ne des algues vertes, qui donnent une image n\u00e9gative largement r\u00e9pandue, mais qui correspond cependant \u00e0 une r\u00e9alit\u00e9.\\n\\nGoulven Loa\u00ebc, plasticien (Plouguerneau),\\nFran\u00e7ois B\u00e9chu, photographe (Beg Meil), \\nChristian Rouchouse, photographe (Plouguerneau), \\nMarie-Jo Skrzyniarz, photographe (Lyon, Pays bigouden),\\nJean-Fran\u00e7ois Tilly, photographe (Plougastel-Daoulas),\\nClaude P\u00e9ron, photographe (Brest),\\nEt Laurent No\u00ebl (Angers) absent cette ann\u00e9e.\\n\\nOuvert du lundi au vendredi de 8h \u00e0 12h.\\nPermanences des artistes les vendredis et samedis apr\u00e8s-midi de 15h \u00e0 18h et les samedis matin de 9h30 \u00e0 12h30.\",\"geo\":{\"@type\":\"GeoCoordinates\",\"latitude\":48.3212595,\"longitude\":-4.2992682},\"additionalProperty\":[{\"@type\":\"PropertyValue\",\"name\":\"Titre\",\"value\":\"Les arts des algues - Arzo\u00f9 bezhin\"},{\"@type\":\"PropertyValue\",\"name\":\"Cat\u00e9gorie\",\"value\":\"Expositions\"},{\"@type\":\"PropertyValue\",\"name\":\"Ville\",\"value\":\"Logonna-Daoulas\"},{\"@type\":\"PropertyValue\",\"name\":\"Code postal\",\"value\":\"29460\"}]}},{\"@type\":\"ListItem\",\"position\":19,\"item\":{\"@type\":\"Thing\",\"name\":\"Patapon et la for\u00eat des chansons\",\"description\":\"Le petit Patapon, enfant adorant chanter et jouer, part pour une for\u00eat merveilleuse o\u00f9 les animaux chantent et dansent !\\nAvec bonheur, il rencontrera le petit Faon, monsieur l'\u00e9cureuil, le Castor farceur, la petite chouette, monsieur le renard et Petit ourson, un tout petit ours qui adore le miel.\\nVenez chanter et enchanter votre journ\u00e9e avec Patapon et tous ses amis dans cette for\u00eat merveilleuse, une com\u00e9die musicale pour les tout-petits comme pour les grands au Pays des chansons.\\n\\nInformations pratiques : \\nDur\u00e9e 30 minutes. \\nSpectacle destin\u00e9 aux enfants de 2 \u00e0 6 ans. \\nR\u00e9servation obligatoire, en ligne.\",\"url\":\"http:\/\/www.comediedufinistere.fr\/\",\"geo\":{\"@type\":\"GeoCoordinates\",\"latitude\":48.3890223,\"longitude\":-4.4983387},\"additionalProperty\":[{\"@type\":\"PropertyValue\",\"name\":\"Titre\",\"value\":\"Patapon et la for\u00eat des chansons\"},{\"@type\":\"PropertyValue\",\"name\":\"Cat\u00e9gorie\",\"value\":\"En famille\"},{\"@type\":\"PropertyValue\",\"name\":\"Ville\",\"value\":\"Brest\"},{\"@type\":\"PropertyValue\",\"name\":\"Code postal\",\"value\":\"29200\"}]}},{\"@type\":\"ListItem\",\"position\":20,\"item\":{\"@type\":\"Thing\",\"name\":\"\\\"Chic carton \u00e0 dessin\\\" - Fabriquer son portfolio (4h)\",\"description\":\"Le carton \u00e0 dessin qu'on appelle aussi portfolio est utile pour prot\u00e9ger les documents, gravures, photos ... Le portfolios est aussi un \u00e9crin, un bel objet pour pr\u00e9senter vos tr\u00e9sors de la meilleure mani\u00e8re.\\n\\nVous le fabriquerez vous-m\u00eame \u00e0 l'atelier dans une ambiance cr\u00e9ative. Carton, papier, tissu, rubans, formats, tout est (presque) possible. Tous les styles, chic, sobre, sophistiqu\u00e9, r\u00e9cup', \u00e0 vous de choisir. Pour apprendre ou se perfectionner : \u00e9querrage du carton, collage, assemblage, trouver les harmonies.\\nCompter 4 heures d'atelier et vous repartez avec votre portfolios personnalis\u00e9 (max 25X30) . Pas de pr\u00e9requis mais demande de la minutie. Venez les mains dans les poches sauf si vous avez de jolis papiers de couvrure \u00e0 magnifier :) \\n\\nInformations pratiques :\\n-  Adultes \\n- Dur\u00e9e : 4 heures\",\"geo\":{\"@type\":\"GeoCoordinates\",\"latitude\":48.3951276,\"longitude\":-4.4792974},\"additionalProperty\":[{\"@type\":\"PropertyValue\",\"name\":\"Titre\",\"value\":\"\\\"Chic carton \u00e0 dessin\\\" - Fabriquer son portfolio (4h)\"},{\"@type\":\"PropertyValue\",\"name\":\"Cat\u00e9gorie\",\"value\":\"Autres \u00e9v\u00e9nements\"},{\"@type\":\"PropertyValue\",\"name\":\"Ville\",\"value\":\"Brest\"},{\"@type\":\"PropertyValue\",\"name\":\"Code postal\",\"value\":\"29200\"}]}},{\"@type\":\"ListItem\",\"position\":21,\"item\":{\"@type\":\"Thing\",\"name\":\"Visite guid\u00e9e \u00ab\u00a0Les rendez-vous de la Pointe\u00a0\u00bb\",\"description\":\"Comprendre un paysage d\u2019exception, en famille.\\n\\nCette visite guid\u00e9e invite petits et grands \u00e0 d\u00e9couvrir les paysages spectaculaires de la Pointe du Raz et \u00e0 comprendre ce qui fait la singularit\u00e9 de ce site embl\u00e9matique du Finist\u00e8re. Au fil du parcours, le guide d\u00e9crypte la formation des falaises, l\u2019influence des vents et des courants, ainsi que l\u2019histoire humaine intimement li\u00e9e \u00e0 ce bout du monde. Anecdotes, observations et \u00e9changes rythment la visite, pens\u00e9e pour \u00eatre accessible et ludique. Une formule id\u00e9ale pour une premi\u00e8re approche du site, \u00e0 partager en famille, entre terre et mer.\\n\\nD\u00e9part du s\u00e9maphore (\u00e0 800 m du parking) - Dur\u00e9e 1h\",\"url\":\"https:\/\/www.toutcommenceenfinistere.com\/pointe-du-raz\/preparer-sa-visite\/\",\"geo\":{\"@type\":\"GeoCoordinates\",\"latitude\":48.040859,\"longitude\":-4.670977},\"additionalProperty\":[{\"@type\":\"PropertyValue\",\"name\":\"Titre\",\"value\":\"Visite guid\u00e9e \u00ab\u00a0Les rendez-vous de la Pointe\u00a0\u00bb\"},{\"@type\":\"PropertyValue\",\"name\":\"Cat\u00e9gorie\",\"value\":\"Sport & randonn\u00e9e\"},{\"@type\":\"PropertyValue\",\"name\":\"Ville\",\"value\":\"Plogoff\"},{\"@type\":\"PropertyValue\",\"name\":\"Code postal\",\"value\":\"29770\"}]}},{\"@type\":\"ListItem\",\"position\":22,\"item\":{\"@type\":\"Thing\",\"name\":\"Visite guid\u00e9e de cri\u00e9e d\u2019Audierne-Poulgoazec\",\"description\":\"Venez assister en direct \u00e0 la vente aux ench\u00e8res \u00e0 la halle \u00e0 mar\u00e9e.\\nUne visite exceptionnelle \u00e0 la d\u00e9couverte de la cri\u00e9e de Poulgoazec, singuli\u00e8re par la qualit\u00e9 de sa p\u00eache c\u00f4ti\u00e8re.\\nAccompagn\u00e9 par nos m\u00e9diateurs, nous vous ferons d\u00e9couvrir l'histoire du port, ses techniques de p\u00eaches, les diff\u00e9rentes esp\u00e8ces de poissons et les conditions de travail des marins-p\u00eacheurs.\\n \\nSur r\u00e9servation, 30 pers. max, chaussures ferm\u00e9es obligatoires, photos interdites \u00e0 l'int\u00e9rieur de la halle \u00e0 mar\u00e9e.\\nLes animaux ne sont pas accept\u00e9s.\\n \\nBilletterie disponible dans le bureaux de l'Office de Tourisme.  \\n \\nPoint de rendez-vous \u00e0 l'Abri du marin de Plouhinec.\",\"geo\":{\"@type\":\"GeoCoordinates\",\"latitude\":48.0184347,\"longitude\":-4.5316125},\"additionalProperty\":[{\"@type\":\"PropertyValue\",\"name\":\"Titre\",\"value\":\"Visite guid\u00e9e de cri\u00e9e d\u2019Audierne-Poulgoazec\"},{\"@type\":\"PropertyValue\",\"name\":\"Cat\u00e9gorie\",\"value\":\"Autres \u00e9v\u00e9nements\"},{\"@type\":\"PropertyValue\",\"name\":\"Ville\",\"value\":\"Plouhinec\"},{\"@type\":\"PropertyValue\",\"name\":\"Code postal\",\"value\":\"29780\"}]}},{\"@type\":\"ListItem\",\"position\":23,\"item\":{\"@type\":\"Thing\",\"name\":\"Visite interactive - Il \u00e9tait une fois, une sorci\u00e8re\u2026\",\"description\":\"Apr\u00e8s la lecture d\u2019un conte pr\u00e8s de la cabane de la sorci\u00e8re, chaque famille tire au sort un \u00e9l\u00e9ment du conte et partent \u00e0 sa recherche dans l\u2019exposition. Une fois trouv\u00e9, elles sont invit\u00e9es \u00e0 l\u2019observer pour en apprendre davantage sur lui. Bouc, crapaud ou encore hibou sont au rendez-vous.\\n\\nOuverture des r\u00e9servations prochainement.\",\"url\":\"https:\/\/www.cdp29.fr\/\",\"geo\":{\"@type\":\"GeoCoordinates\",\"latitude\":48.36204,\"longitude\":-4.26534},\"additionalProperty\":[{\"@type\":\"PropertyValue\",\"name\":\"Titre\",\"value\":\"Visite interactive - Il \u00e9tait une fois, une sorci\u00e8re\u2026\"},{\"@type\":\"PropertyValue\",\"name\":\"Cat\u00e9gorie\",\"value\":\"En famille\"},{\"@type\":\"PropertyValue\",\"name\":\"Ville\",\"value\":\"Daoulas\"},{\"@type\":\"PropertyValue\",\"name\":\"Code postal\",\"value\":\"29460\"}]}},{\"@type\":\"ListItem\",\"position\":24,\"item\":{\"@type\":\"Thing\",\"name\":\"Projection du film \\\"L'Indien \u00e0 la rame\\\"\",\"description\":\"Australie-R\u00e9union \u00e0 la rame: 5800 km en couple, sans escale et sans assistance. \\n\\n\\nNaty Verlinden r\u00eavait de r\u00e9aliser un film d\u2019aventure. Quand elle entend parler du projet de Sophie et Fanch de traverser l\u2019oc\u00e9an Indien \u00e0 la rame, elle les contacte et ose leur demander d\u2019\u00eatre celle qui mettra en images cette folle aventure.\\n\\nSophie et Fanch, \u00e7a les arrange. Ils ont d\u00e9j\u00e0 tellement de choses \u00e0 faire sur un si grand projet. Ce ne sont pas des aventuriers professionnels, bien au contraire, ce sont plut\u00f4t des beatnik de l\u2019aventure. Ils posent des vacances pour partir, ils vendent leur voilier pour financer leur travers\u00e9e alors r\u00e9aliser un film de ce qu\u2019ils s\u2019appr\u00eatent \u00e0 faire n\u2019est pas une priorit\u00e9. Ils pr\u00e9f\u00e8rent savourer l\u2019instant en le vivant.\\n\\nNaty aime les aventures mais elle aime tout autant les humains qui les vivent. Avec leurs caract\u00e8res, leurs sensibilit\u00e9s, leurs valeurs et les potentielles temp\u00eates relationnelles qui naissent dans ces exp\u00e9riences de vies hors-normes. A travers son regard, elle vous fait d\u00e9couvrir la travers\u00e9e \u00e0 la rame d\u2019un difficile oc\u00e9an par un couple amoureux \u00e0 qui tout le monde n\u2019a cess\u00e9 de dire: \u00ab 5800km \u00e0 la rame? En couple en plus? Mais vous \u00eates compl\u00e8tement fous! \u00bb\\n\\nCe que tous ces gens n\u2019avaient pas en t\u00eate, c\u2019\u00e9tait que les folies sont les seules choses qu\u2019on ne regrettent jamais. Cette citation d\u2019Oscar Wilde est un des mantra du couple de rameurs.\\n\\nVous verrez que Sophie et Fanch ne sont pas si diff\u00e9rents de vous tous. Ils ont juste peut-\u00eatre le petit plus qui les a fait r\u00e9aliser leur r\u00eave: la volont\u00e9 d\u2019oser et l\u2019importance de s\u2019aimer encore plus dans la difficult\u00e9.\\n\\nA travers son film, Naty vous montre qu\u2019un bateau \u00e0 rame peut devenir un laboratoire d\u2019amour, \u00e0 la fois tendre, dr\u00f4le et vertigineux o\u00f9 l\u2019on observe comment on continue d\u2019aimer dans la fatigue, dans le silence, dans la peur. Comment on tient ensemble dans un huit clos \u00e0 ciel ouvert? L\u2019amour, l\u2019humour, la bienveillance, la remise en question ou peut-\u00eatre juste l\u2019acceptation de ne pas tout ma\u00eetriser.\\n\\nEn participant \u00e0 cette projection, vous soutenez l'association de Sophie et Fanch \\\"Et d'aventures en aventures\\\". Les b\u00e9n\u00e9fices des projections seront utilis\u00e9s pour les futurs projets p\u00e9dagogiques li\u00e9s \u00e0 cette aventure: \u00e9dition du livre de Sophie, projet de cr\u00e9ation d'une bande dessin\u00e9e et d'une exposition \u00e9ducative.\\n\\n45 min de film + temps d'\u00e9change. \\n\\nSur r\u00e9servation via Hello Asso - lien ci-dessous\",\"url\":\"https:\/\/www.instagram.com\/l_indien_a_la_rame\/\",\"geo\":{\"@type\":\"GeoCoordinates\",\"latitude\":48.24281,\"longitude\":-4.48436},\"additionalProperty\":[{\"@type\":\"PropertyValue\",\"name\":\"Titre\",\"value\":\"Projection du film \\\"L'Indien \u00e0 la rame\\\"\"},{\"@type\":\"PropertyValue\",\"name\":\"Cat\u00e9gorie\",\"value\":\"Spectacles & cin\u00e9ma\"},{\"@type\":\"PropertyValue\",\"name\":\"Ville\",\"value\":\"Crozon\"},{\"@type\":\"PropertyValue\",\"name\":\"Code postal\",\"value\":\"29160\"}]}},{\"@type\":\"ListItem\",\"position\":25,\"item\":{\"@type\":\"Thing\",\"name\":\"Oc\u00e9anolab - Projet Alcid\",\"description\":\"Un nouveau projet \u00e0 Oc\u00e9anolab :\\nLes chercheurs du projet \u00ab ALCID (Algues, Climat, Invasives, Diversit\u00e9) \u00bb posent leurs valises \u00e0 Oc\u00e9anolab et chercheront \u00e0 r\u00e9pondre \u00e0 la question suivante : \u00ab Comment les algues bretonnes, et le vivant qui en d\u00e9pend, r\u00e9agiront-ils au changement climatique ? \u00bb.\\n\\nL\u2019objectif pour les scientifiques est de comprendre comment le changement climatique, avec l'augmentation de la temp\u00e9rature de l'eau de mer, va modifier les champs d'algues bretons. Il s'agit \u00e9galement d'\u00e9tudier les impacts de la pr\u00e9sence d'une esp\u00e8ce exotique, comme la sargasse, dans ce contexte.\\n\\n12 bassins pr\u00e9sentant 7 esp\u00e8ces diff\u00e9rentes d\u2019algues seront \u00e0 d\u00e9couvrir dans ce laboratoire unique en son genre.\\n\\nInformations pratiques : \\nL\u2019espace est ouvert tous les jours durant les p\u00e9riodes de vacances scolaires puis les mercredis, week-ends et jours f\u00e9ri\u00e9s en dehors des vacances scolaires.\",\"url\":\"https:\/\/www.oceanopolis.com\/\",\"geo\":{\"@type\":\"GeoCoordinates\",\"latitude\":48.38997,\"longitude\":-4.4361},\"additionalProperty\":[{\"@type\":\"PropertyValue\",\"name\":\"Titre\",\"value\":\"Oc\u00e9anolab - Projet Alcid\"},{\"@type\":\"PropertyValue\",\"name\":\"Cat\u00e9gorie\",\"value\":\"En famille\"},{\"@type\":\"PropertyValue\",\"name\":\"Ville\",\"value\":\"Brest\"},{\"@type\":\"PropertyValue\",\"name\":\"Code postal\",\"value\":\"29200\"}]}},{\"@type\":\"ListItem\",\"position\":26,\"item\":{\"@type\":\"Thing\",\"name\":\"Gef\u00fchrter Fotospaziergang durch Douarnenez\",\"description\":\"Gef\u00fchrter Fotospaziergang durch Douarnenez :\\nEntdecken Sie mit dem Marco-Polo-Autor und erfahrenen Reiseleiter Errol Friedhelm Karakoc die Hafenstadt und ihre K\u00f6nigin, die Sardine. Auf den Spuren der hiesigen Fischer begegnen Sie streitbaren Damen, kuriosen Riten der heimischen Bev\u00f6lkerung, h\u00fcbscher Architektur aus den letzten Jahrhunderten, spannenden Legenden, vielleicht sogar Kommissar Dupin und haben dabei immer wieder den Blick auf die Bucht. Freuen Sie sich auf etwa zwei Stunden des Flanierens durch die Gassen des Hafenviertels Rosmeur.\\n\\nDauer: ca. 2h\\nSprache: auf Deutsch\\nSchwierigkeitsgrad: einfach bis mittel (leichte Steigungen\/Gef\u00e4lle auf st\u00e4dtischen Wegen, einige Stufen)\",\"url\":\"http:\/\/www.douarnenez-tourisme.com\/\",\"geo\":{\"@type\":\"GeoCoordinates\",\"latitude\":48.0931504,\"longitude\":-4.3310605},\"additionalProperty\":[{\"@type\":\"PropertyValue\",\"name\":\"Titre\",\"value\":\"Gef\u00fchrter Fotospaziergang durch Douarnenez\"},{\"@type\":\"PropertyValue\",\"name\":\"Cat\u00e9gorie\",\"value\":\"Autres \u00e9v\u00e9nements\"},{\"@type\":\"PropertyValue\",\"name\":\"Ville\",\"value\":\"Douarnenez\"},{\"@type\":\"PropertyValue\",\"name\":\"Code postal\",\"value\":\"29100\"}]}},{\"@type\":\"ListItem\",\"position\":27,\"item\":{\"@type\":\"Thing\",\"name\":\"La paillote, point de locations nautiques\",\"description\":\"En \u00e9t\u00e9, La Paillote du Yelen est le lieu incontournable de la presqu'\u00eele de Logonna-Daoulas !\\nPoint de locations nautiques ouvert 6 jours\/7\\n\\nC'est ouvert du mardi au dimanche en juillet et ao\u00fbt.\\n\\nEn famille, seul ou entre amis, naviguez sur le support de votre choix : planche \u00e0 voile, kayak de mer, catamaran, paddle.\\nNous proposons \u00e9galement des cours particuliers en wingfoil, catamaran, planche \u00e0 voile, kayak et paddle.\\n\\nSur place : vente de boissons et glaces.\\n\\nEn fonction des conditions m\u00e9t\u00e9orologiques la paillote peut \u00eatre ferm\u00e9e.\",\"url\":\"https:\/\/www.moulinmer.com\/\",\"geo\":{\"@type\":\"GeoCoordinates\",\"latitude\":48.3202272,\"longitude\":-4.3256528},\"additionalProperty\":[{\"@type\":\"PropertyValue\",\"name\":\"Titre\",\"value\":\"La paillote, point de locations nautiques\"},{\"@type\":\"PropertyValue\",\"name\":\"Cat\u00e9gorie\",\"value\":\"Autres \u00e9v\u00e9nements\"},{\"@type\":\"PropertyValue\",\"name\":\"Ville\",\"value\":\"Logonna-Daoulas\"},{\"@type\":\"PropertyValue\",\"name\":\"Code postal\",\"value\":\"29460\"}]}},{\"@type\":\"ListItem\",\"position\":28,\"item\":{\"@type\":\"Thing\",\"name\":\"Visite guid\u00e9e - Rando Nature \u00e0 la Pointe du Van\",\"description\":\"Une immersion au c\u0153ur des paysages sauvages !\\n\\nMoins fr\u00e9quent\u00e9e mais tout aussi spectaculaire, la Pointe du Van se d\u00e9voile lors de cette randonn\u00e9e guid\u00e9e entre landes battues par les vents, falaises abruptes et patrimoine discret. Le guide vous accompagne \u00e0 la d\u00e9couverte d\u2019un territoire pr\u00e9serv\u00e9, fa\u00e7onn\u00e9 par la rencontre permanente entre la terre et l\u2019oc\u00e9an. Faune, flore, g\u00e9ologie et traces d\u2019activit\u00e9s humaines se m\u00ealent pour raconter l\u2019histoire de ces paysages contrast\u00e9s. Une sortie id\u00e9ale pour les amoureux de nature et de grands espaces.\\n\\nD\u00e9part du parking de la Pointe du Van - Dur\u00e9e 3h - 5 km \\n\\nLes mardis \u00e0 9h.\\n\\nSur r\u00e9servation aupr\u00e8s de la Maison de site ou de l'Office de Tourisme du Cap-Sizun \u00e0 Audierne.\",\"url\":\"https:\/\/www.toutcommenceenfinistere.com\/pointe-du-raz\/preparer-sa-visite\/\",\"geo\":{\"@type\":\"GeoCoordinates\",\"latitude\":48.064635,\"longitude\":-4.713811},\"additionalProperty\":[{\"@type\":\"PropertyValue\",\"name\":\"Titre\",\"value\":\"Visite guid\u00e9e - Rando Nature \u00e0 la Pointe du Van\"},{\"@type\":\"PropertyValue\",\"name\":\"Cat\u00e9gorie\",\"value\":\"Sport & randonn\u00e9e\"},{\"@type\":\"PropertyValue\",\"name\":\"Ville\",\"value\":\"Cl\u00e9den-Cap-Sizun\"},{\"@type\":\"PropertyValue\",\"name\":\"Code postal\",\"value\":\"29770\"}]}},{\"@type\":\"ListItem\",\"position\":29,\"item\":{\"@type\":\"Thing\",\"name\":\"Visite cr\u00e9pusculaire de la Pointe du Raz\",\"description\":\"La Pointe du Raz \u00e0 l'heure dor\u00e9e ! \\n\\n\u00c0 l\u2019heure o\u00f9 le soleil d\u00e9cline, la Pointe du Raz r\u00e9v\u00e8le une atmosph\u00e8re toute particuli\u00e8re. Cette visite cr\u00e9pusculaire propose une immersion sensorielle au c\u0153ur du Grand Site, lorsque les couleurs s\u2019adoucissent et que la lumi\u00e8re dor\u00e9e embrase les falaises. Progressivement, phares et balises s\u2019illuminent, offrant un v\u00e9ritable ballet lumineux sur la mer d\u2019Iroise. Entre paysages grandioses, r\u00e9cits maritimes et instants contemplatifs, vivez une exp\u00e9rience unique, hors du temps, au plus \u00e0 l\u2019ouest de la France.\\n\\nSur r\u00e9servation aupr\u00e8s de la Maison de site de la Pointe du Raz ou de l'Office de Tourisme du Cap-Sizun \u00e0 Audierne.\",\"url\":\"https:\/\/www.toutcommenceenfinistere.com\/pointe-du-raz\/preparer-sa-visite\/\",\"geo\":{\"@type\":\"GeoCoordinates\",\"latitude\":48.040859,\"longitude\":-4.670977},\"additionalProperty\":[{\"@type\":\"PropertyValue\",\"name\":\"Titre\",\"value\":\"Visite cr\u00e9pusculaire de la Pointe du Raz\"},{\"@type\":\"PropertyValue\",\"name\":\"Cat\u00e9gorie\",\"value\":\"Sport & randonn\u00e9e\"},{\"@type\":\"PropertyValue\",\"name\":\"Ville\",\"value\":\"Plogoff\"},{\"@type\":\"PropertyValue\",\"name\":\"Code postal\",\"value\":\"29770\"}]}},{\"@type\":\"ListItem\",\"position\":30,\"item\":{\"@type\":\"Thing\",\"name\":\"March\u00e9 de la ferme du Meot\",\"description\":\"Retrouvez les march\u00e9s de la Ferme du Meot tous les mercredis de l\u2019\u00e9t\u00e9 (sans exception) !\\n\\nVous y trouverez en Agriculture Biologique\u00a0: \\n\\n    \u2022 les fruits et l\u00e9gumes de la ferme\\n    \u2022 des pizzas faites sur place avec les produits de la ferme et des fermes alentours\\n    \u2022 des fleurs cultiv\u00e9es sur place\\n    \u2022 d\u2019autres produits des fermes alentours (pains, fromage, bi\u00e8re, vin, confiture, poisson etc.)\\n    \u2022 Les P\u2019tites Graines, \u00e9picerie s\u00e8che (olives, g\u00e2teaux ap\u00e9ro, \u00e9pices, p\u00e2tes, c\u00e9r\u00e9ales et autres gourmandises)\\n\\nPensez \u00e0 prendre de la monnaie ou vos ch\u00e9quiers, nous ne prenons pas la carte bancaire\u00a0!\",\"geo\":{\"@type\":\"GeoCoordinates\",\"latitude\":48.3669345,\"longitude\":-4.3237429},\"additionalProperty\":[{\"@type\":\"PropertyValue\",\"name\":\"Titre\",\"value\":\"March\u00e9 de la ferme du Meot\"},{\"@type\":\"PropertyValue\",\"name\":\"Cat\u00e9gorie\",\"value\":\"March\u00e9s & foires\"},{\"@type\":\"PropertyValue\",\"name\":\"Ville\",\"value\":\"Loperhet\"},{\"@type\":\"PropertyValue\",\"name\":\"Code postal\",\"value\":\"29470\"}]}},{\"@type\":\"ListItem\",\"position\":31,\"item\":{\"@type\":\"Thing\",\"name\":\"Comm\u00e9moration : Bataille de la Baie de Chesapeake\",\"description\":\"\u00c0 la veille du 245e anniversaire de la bataille de la baie de Chesapeake, une c\u00e9r\u00e9monie comm\u00e9morative se tiendra pour rendre hommage \u00e0 un \u00e9pisode d\u00e9cisif de la guerre d\u2019Ind\u00e9pendance am\u00e9ricaine et au r\u00f4le d\u00e9terminant jou\u00e9 par la Marine royale fran\u00e7aise.\\n\\nLe 5 septembre 1781, au large des caps de Virginie, la flotte fran\u00e7aise command\u00e9e par le comte de Grasse affrontait la Royal Navy britannique. Cette bataille navale, allait avoir des cons\u00e9quences consid\u00e9rables : en emp\u00eachant les Britanniques de reprendre le contr\u00f4le de la baie de Chesapeake, la flotte fran\u00e7aise permit aux forces franco-am\u00e9ricaines de poursuivre le si\u00e8ge de Yorktown, en Virginie. Quelques semaines plus tard, le g\u00e9n\u00e9ral britannique Cornwallis capitulait, dans ce qui constitue le tournant d\u00e9cisif de la guerre d\u2019Ind\u00e9pendance des \u00c9tats-Unis.\\n\\nPourquoi comm\u00e9morer Chesapeake \u00e0 Brest ?\\nBrest est particuli\u00e8rement l\u00e9gitime pour c\u00e9l\u00e9brer cet \u00e9pisode de l\u2019histoire franco-am\u00e9ricaine. C\u2019est depuis son port que l\u2019exp\u00e9dition navale de de Grasse prend son d\u00e9part au printemps 1781. La ville est alors l'un des grands arsenaux de la Marine royale et constitue l'un des principaux points d'appui de la puissance maritime fran\u00e7aise.\\n\\nC\u2019est pr\u00e9cis\u00e9ment cette histoire de coop\u00e9ration entre la France et les \u00c9tats-Unis que symbolise le Monument am\u00e9ricain du cours Dajot, \u00e9rig\u00e9 sur les remparts de Brest face \u00e0 la rade.\\n\\nInformations pratiques : \\nInstallation \u00e0 10h45\\nD\u00e9but de la c\u00e9r\u00e9monie \u00e0 11h.\",\"url\":\"https:\/\/brest.fr\/commemoration-de-la-bataille-de-la-baie-de-chesapeake\",\"geo\":{\"@type\":\"GeoCoordinates\",\"latitude\":48.3835486,\"longitude\":-4.4863992},\"additionalProperty\":[{\"@type\":\"PropertyValue\",\"name\":\"Titre\",\"value\":\"Comm\u00e9moration : Bataille de la Baie de Chesapeake\"},{\"@type\":\"PropertyValue\",\"name\":\"Cat\u00e9gorie\",\"value\":\"Autres \u00e9v\u00e9nements\"},{\"@type\":\"PropertyValue\",\"name\":\"Ville\",\"value\":\"Brest\"},{\"@type\":\"PropertyValue\",\"name\":\"Code postal\",\"value\":\"29200\"}]}},{\"@type\":\"ListItem\",\"position\":32,\"item\":{\"@type\":\"Thing\",\"name\":\"A la d\u00e9couverte des animaux visibles et invisibles en famille\",\"description\":\"Sur un circuit de 2 km, l'enfant \u00e0 partir de 3 ans, accompagn\u00e9 d'un adulte r\u00e9f\u00e9rent est invit\u00e9 \u00e0 explorer le Bois de La Forest Landerneau \u00e0 la d\u00e9couverte des animaux visibles et invisibles. \\n\\nL'imaginaire et les connaissances sur les animaux sont \u00e9voqu\u00e9s. Des ateliers ludiques sont propos\u00e9s. Tout au long des chemins, les uns et les autres observent, \u00e9coutent les animaux, et cherchent des indices de la vie animale ( empreintes, excr\u00e9ments, restes de repas). \\n\\nCette sortie est aussi l'occasion de d\u00e9couvrir ou re-d\u00e9couvrir les sculptures de G\u00e9rard Le Hir, artiste forestois. \\nC'est avant tout un moyen pour passer du temps en for\u00eat et profiter de ses bienfaits. \\n\\nEnfilez les bottes, pr\u00e9voyez la gourde remplie d'eau dans le sac \u00e0 dos, couvrez-vous de v\u00eatements longs et venez observer la nature.\\n\\n- Nombre de places limit\u00e9.\\n- R\u00e9servation obligatoire.\",\"url\":\"https:\/\/marchons-respirons.fr\/\",\"geo\":{\"@type\":\"GeoCoordinates\",\"latitude\":48.4378718,\"longitude\":-4.3078881},\"additionalProperty\":[{\"@type\":\"PropertyValue\",\"name\":\"Titre\",\"value\":\"A la d\u00e9couverte des animaux visibles et invisibles en famille\"},{\"@type\":\"PropertyValue\",\"name\":\"Cat\u00e9gorie\",\"value\":\"En famille\"},{\"@type\":\"PropertyValue\",\"name\":\"Ville\",\"value\":\"La Forest-Landerneau\"},{\"@type\":\"PropertyValue\",\"name\":\"Code postal\",\"value\":\"29800\"}]}},{\"@type\":\"ListItem\",\"position\":33,\"item\":{\"@type\":\"Thing\",\"name\":\"Tout Commen\u00e7e en Finist\u00e8re Ladies Classic\",\"description\":\"Comp\u00e9tition internationale de cyclisme f\u00e9minin (UCI 1.1) au d\u00e9part du Pays Bigouden (annonce officielle du lieu de d\u00e9part le 10 juin) vers le circuit d'arriv\u00e9e de Plouhinec (autour de la plage de Gwendrez et des sites arch\u00e9ologiques de Menez Dregan). \\n\\n\u00c9preuve explosive et spectacle assur\u00e9 par les meilleures f\u00e9minines du moment. \\nDiffusion live r\u00e9seaux sociaux et plateforme France TV.\",\"url\":\"https:\/\/pointeduraz-ladiesclassic.bzh\/\",\"geo\":{\"@type\":\"GeoCoordinates\",\"latitude\":48.009859,\"longitude\":-4.4803825},\"additionalProperty\":[{\"@type\":\"PropertyValue\",\"name\":\"Titre\",\"value\":\"Tout Commen\u00e7e en Finist\u00e8re Ladies Classic\"},{\"@type\":\"PropertyValue\",\"name\":\"Cat\u00e9gorie\",\"value\":\"Sport & randonn\u00e9e\"},{\"@type\":\"PropertyValue\",\"name\":\"Ville\",\"value\":\"Plouhinec\"},{\"@type\":\"PropertyValue\",\"name\":\"Code postal\",\"value\":\"29780\"}]}},{\"@type\":\"ListItem\",\"position\":34,\"item\":{\"@type\":\"Thing\",\"name\":\"Brest En Bulles - Les Rencontres Brestoises de la BD\",\"description\":\"Cette ann\u00e9e, il y aura donc 40 auteur.e.s de BD en d\u00e9dicace, mais surtout 4 tables rondes sur diff\u00e9rents th\u00e8mes (la sant\u00e9 dans la BD, la pr\u00e9servation de la biodiversit\u00e9, le punk en France des ann\u00e9es 70 \u00e0 2010, \u2026), un spectacle interactif inspir\u00e9 d\u2019une bande dessin\u00e9e de Lewis Trondheim, un concert dessin\u00e9, des ateliers de dessins, une chasse au tr\u00e9sor, une projection du film \u2018\u2019la guerre des lulus\u2019\u2019 et une rencontre avec les auteurs de la BD et bien d\u2019autres choses encore.\\nTout cela est rendu possible par le maintien renforc\u00e9 de nos soutiens institutionnels (Sofia, R\u00e9gion, D\u00e9partement, Ville de Brest, les m\u00e9diath\u00e8ques brestoises, \u2026) et nos partenaires (Dialogues, CMB, Le T\u00e9l\u00e9gramme, MPT harteloire, Ligue de l\u2019enseignement,\u2026).\",\"url\":\"https:\/\/www.brestenbulle.fr\/\",\"geo\":{\"@type\":\"GeoCoordinates\",\"latitude\":48.3890457,\"longitude\":-4.4982695},\"additionalProperty\":[{\"@type\":\"PropertyValue\",\"name\":\"Titre\",\"value\":\"Brest En Bulles - Les Rencontres Brestoises de la BD\"},{\"@type\":\"PropertyValue\",\"name\":\"Cat\u00e9gorie\",\"value\":\"En famille\"},{\"@type\":\"PropertyValue\",\"name\":\"Ville\",\"value\":\"Brest\"},{\"@type\":\"PropertyValue\",\"name\":\"Code postal\",\"value\":\"29200\"}]}},{\"@type\":\"ListItem\",\"position\":35,\"item\":{\"@type\":\"Thing\",\"name\":\"Exposition collective\",\"description\":\"Catherine Cloup utilise diverses techniques - gravures \u00e0 l\u2019eau forte, taille d\u2019\u00e9pargne et linogravure ; sculptures en terre cuite, en m\u00e9tal de r\u00e9cup\u00e9ration, etc. - avec des th\u00e8mes tr\u00e8s souvent marins ou locaux, figuratifs ou non. \\n\\nL\u00e9o Barbotin est designer d'objets et photographe. En 2024, il a d\u00e9velopp\u00e9 un projet avec la ville du Conquet, y utilisant les outils du design pour mettre en valeur l\u2019identit\u00e9 patrimoniale de la cit\u00e9 !\\nBilzig est une police de caract\u00e8res con\u00e7ue par Jeanne Saliou pour r\u00e9pondre aux besoins typographiques du breton, du gallo et du fran\u00e7ais. Elle int\u00e8gre les mutations consonantiques du breton et les enjeux de l'\u00e9criture inclusive.\\n\\nL'exposition pr\u00e9sente le processus de cr\u00e9ation : recherches, livrets sp\u00e9cimens, kak\u00e9monos et affiches.\",\"geo\":{\"@type\":\"GeoCoordinates\",\"latitude\":48.3513213,\"longitude\":-4.7392891},\"additionalProperty\":[{\"@type\":\"PropertyValue\",\"name\":\"Titre\",\"value\":\"Exposition collective\"},{\"@type\":\"PropertyValue\",\"name\":\"Cat\u00e9gorie\",\"value\":\"Expositions\"},{\"@type\":\"PropertyValue\",\"name\":\"Ville\",\"value\":\"Le Conquet\"},{\"@type\":\"PropertyValue\",\"name\":\"Code postal\",\"value\":\"29217\"}]}},{\"@type\":\"ListItem\",\"position\":36,\"item\":{\"@type\":\"Thing\",\"name\":\"Atelier de dentelle aux fuseaux\",\"description\":\"Association cr\u00e9\u00e9e pour enseigner la dentelle aux fuseaux, mais aussi la confection du filet... support de nos coiffes locales.\",\"url\":\"http:\/\/www.atelierhorsdutemps.fr\/\",\"geo\":{\"@type\":\"GeoCoordinates\",\"latitude\":48.0261773,\"longitude\":-4.6111777},\"additionalProperty\":[{\"@type\":\"PropertyValue\",\"name\":\"Titre\",\"value\":\"Atelier de dentelle aux fuseaux\"},{\"@type\":\"PropertyValue\",\"name\":\"Cat\u00e9gorie\",\"value\":\"Autres \u00e9v\u00e9nements\"},{\"@type\":\"PropertyValue\",\"name\":\"Ville\",\"value\":\"Primelin\"},{\"@type\":\"PropertyValue\",\"name\":\"Code postal\",\"value\":\"29770\"}]}},{\"@type\":\"ListItem\",\"position\":37,\"item\":{\"@type\":\"Thing\",\"name\":\"Exposition \\\"V\u00e9g\u00e9tal\\\", balade botanique dans les collections patrimoniales\",\"description\":\"Aux horaires d'ouverture de la m\u00e9diath\u00e8que Fran\u00e7ois Mitterand\\n\\nD\u2019o\u00f9 viennent les fruits et l\u00e9gumes ? Depuis quand v\u00e9g\u00e9talisons-nous nos maisons ? Comment l\u2019art s\u2019invite-t-il au jardin ? \\nPartez \u00e0 la d\u00e9couverte du v\u00e9g\u00e9tal en parcourant r\u00e9cits d\u2019explorateurs, manuels de jardinage et livres d\u2019artistes, pour un voyage botanique \u00e0 travers les si\u00e8cles.\\n\\nVisite guid\u00e9e le Samedi 18 juillet \u00e0 14h30 et la Mercredi 15 juillet \u00e0 14h sur inscription\\nSalle d'exposition, au 1er \u00e9tage\\n\\nTout public\",\"url\":\"https:\/\/www.ateliersdescapucins.fr\/fr\/programmation\/exposition-vegetal-balade-botanique-dans-les-collections-patrimoniales\",\"geo\":{\"@type\":\"GeoCoordinates\",\"latitude\":48.3891,\"longitude\":-4.49935},\"additionalProperty\":[{\"@type\":\"PropertyValue\",\"name\":\"Titre\",\"value\":\"Exposition \\\"V\u00e9g\u00e9tal\\\", balade botanique dans les collections patrimoniales\"},{\"@type\":\"PropertyValue\",\"name\":\"Cat\u00e9gorie\",\"value\":\"Expositions\"},{\"@type\":\"PropertyValue\",\"name\":\"Ville\",\"value\":\"Brest\"},{\"@type\":\"PropertyValue\",\"name\":\"Code postal\",\"value\":\"29200\"}]}},{\"@type\":\"ListItem\",\"position\":38,\"item\":{\"@type\":\"Thing\",\"name\":\"Exposition collective Au Gai Sabot\",\"description\":\"Exposition collective et personnel d'artistes contemporain, Mathurin Queffelec en juillet (encre sur papier, planche de BD) et en Aout Soizick Pommier (Peinture abstraite sur toiles) tous l'\u00e9t\u00e9 une quinzaine d'artistes en peintures, gravures, sculpture, c\u00e9ramique...\",\"url\":\"https:\/\/gaisabot.weebly.com\/\",\"geo\":{\"@type\":\"GeoCoordinates\",\"latitude\":48.0237348,\"longitude\":-4.5613454},\"additionalProperty\":[{\"@type\":\"PropertyValue\",\"name\":\"Titre\",\"value\":\"Exposition collective Au Gai Sabot\"},{\"@type\":\"PropertyValue\",\"name\":\"Cat\u00e9gorie\",\"value\":\"Expositions\"},{\"@type\":\"PropertyValue\",\"name\":\"Ville\",\"value\":\"Audierne\"},{\"@type\":\"PropertyValue\",\"name\":\"Code postal\",\"value\":\"29770\"}]}},{\"@type\":\"ListItem\",\"position\":39,\"item\":{\"@type\":\"Thing\",\"name\":\"Mardi Yoga\",\"description\":\"L\u2019association Immanence Yoga propose des cours de yoga \u00e0 la salle Claude Bellin (place Saint-Yves) \u00e0 Plomodiern au mois d\u2019ao\u00fbt. Les s\u00e9ances combinent postures, techniques de respiration, relaxation et m\u00e9ditation pour favoriser le calme et le bien-\u00eatre.\\n\\nLes cours ont lieu les mardis 18 et 25 ao\u00fbt, de 10h \u00e0 11h15. Chaque s\u00e9ance permet de pratiquer les postures de yoga, d\u2019exp\u00e9rimenter diff\u00e9rentes techniques de respiration et de m\u00e9ditation, et de se d\u00e9tendre profond\u00e9ment.\\n\\nTarif : 10 \u20ac par s\u00e9ance\\nInscription obligatoire par t\u00e9l\u00e9phone (sms)\\n\\nContact : Carole 06.08.95.57.39\",\"url\":\"http:\/\/www.immanence-yoga.fr\/\",\"geo\":{\"@type\":\"GeoCoordinates\",\"latitude\":48.18213,\"longitude\":-4.23132},\"additionalProperty\":[{\"@type\":\"PropertyValue\",\"name\":\"Titre\",\"value\":\"Mardi Yoga\"},{\"@type\":\"PropertyValue\",\"name\":\"Cat\u00e9gorie\",\"value\":\"Autres \u00e9v\u00e9nements\"},{\"@type\":\"PropertyValue\",\"name\":\"Ville\",\"value\":\"Plomodiern\"},{\"@type\":\"PropertyValue\",\"name\":\"Code postal\",\"value\":\"29550\"}]}},{\"@type\":\"ListItem\",\"position\":40,\"item\":{\"@type\":\"Thing\",\"name\":\"Portes ouvertes \u00e0 Vertical art\",\"description\":\"Et si votre rentr\u00e9e commen\u00e7ait... sur les murs ?\\n\\nVertical'Art Brest vous ouvre grand ses portes pour 2 jours 100% gratuits d\u00e9di\u00e9s \u00e0 l'escalade de bloc. On vous y attend nombreux.ses.! \\n\\n\\nParcours adapt\u00e9s pour petits et grands\\n\\nAmbiance conviviale et sans pression\\n\\n Notre \u00e9quipe pour vous coacher et vous faire adorer votre premi\u00e8re grimpe\\n\\nQue vous veniez en solo pour d\u00e9compresser, en famille pour un moment complice, ou entre potes pour tenter l'aventure ensemble, une chose est s\u00fbre : vous allez adorer !\\n\\nAlors, pr\u00eat(e) \u00e0 voir la rentr\u00e9e d'un autre \u0153il ?  On vous attend nombreux.ses\\n\\nInformations pratiques :\\n\\n Pour tous les niveaux, d\u00e9butants comme grimpeurs confirm\u00e9s\\nSalles s\u00e9curis\u00e9es et adapt\u00e9es\",\"geo\":{\"@type\":\"GeoCoordinates\",\"latitude\":48.42752,\"longitude\":-4.46055},\"additionalProperty\":[{\"@type\":\"PropertyValue\",\"name\":\"Titre\",\"value\":\"Portes ouvertes \u00e0 Vertical art\"},{\"@type\":\"PropertyValue\",\"name\":\"Cat\u00e9gorie\",\"value\":\"En famille\"},{\"@type\":\"PropertyValue\",\"name\":\"Ville\",\"value\":\"Gouesnou\"},{\"@type\":\"PropertyValue\",\"name\":\"Code postal\",\"value\":\"29850\"}]}},{\"@type\":\"ListItem\",\"position\":41,\"item\":{\"@type\":\"Thing\",\"name\":\"Marche afghane en rose\",\"description\":\"Cette ann\u00e9e, on pr\u00e9pare votre octobre rose en avance. Vous \u00eates inscrit(e)s \u00e0 une course ou une marche rose pour soutenir la lutte contre le cancer du sein ? Je vous propose une pr\u00e9paration \u00e0 ces deux activit\u00e9s avec une initiation \u00e0 la marche afghane pour apprendre \u00e0 les pratiquer sans efforts. C'est aussi une technique pour vous permettre de retourner marcher suite \u00e0 un traumatisme du corps ou de l'esprit. Pour cette pr\u00e9paration, vous b\u00e9n\u00e9ficiez d'une sortie avec un tarif promotionnel afin que toutes et tous vous puissiez vous retrouver sur le sentier pour une marche rose r\u00e9ussie.\",\"url\":\"http:\/\/www.terredecume.fr\/\",\"geo\":{\"@type\":\"GeoCoordinates\",\"latitude\":48.3744869,\"longitude\":-4.6450747},\"additionalProperty\":[{\"@type\":\"PropertyValue\",\"name\":\"Titre\",\"value\":\"Marche afghane en rose\"},{\"@type\":\"PropertyValue\",\"name\":\"Cat\u00e9gorie\",\"value\":\"Sport & randonn\u00e9e\"},{\"@type\":\"PropertyValue\",\"name\":\"Ville\",\"value\":\"Locmaria-Plouzan\u00e9\"},{\"@type\":\"PropertyValue\",\"name\":\"Code postal\",\"value\":\"29280\"}]}},{\"@type\":\"ListItem\",\"position\":42,\"item\":{\"@type\":\"Thing\",\"name\":\"Concert en \u00e9glises et chapelles : CONSTELLATION\",\"description\":\"Le quartet \u00ab CONSTELLATION \u00bb propose un r\u00e9pertoire revisit\u00e9. Vincent VANSTEENE, vibraphoniste, a compos\u00e9 l\u2019ensemble des morceaux sur lesquels deux paroliers ont pos\u00e9 leurs mots : Jacques VINCENT pour les plus anciens et plus r\u00e9cemment Peter John BUTLER pour les textes en anglais. On y retrouve\\nles mots du voyage dans tous les paysages qui nous habitent, au bout du Cap, au fond de la Baie, un parc, des rues, une ville, le vent, une \u00eele,...il neige, des portraits, des figures inspirantes. Marine VANSTEENE les chante avec chaleur et intensit\u00e9, et improvise.  Bruno MAZURIER est \u00e0 la batterie et G\u00e9rard MEREUZE est \u00e0 la contrebasse.\",\"geo\":{\"@type\":\"GeoCoordinates\",\"latitude\":48.0934247,\"longitude\":-4.3257356},\"additionalProperty\":[{\"@type\":\"PropertyValue\",\"name\":\"Titre\",\"value\":\"Concert en \u00e9glises et chapelles : CONSTELLATION\"},{\"@type\":\"PropertyValue\",\"name\":\"Cat\u00e9gorie\",\"value\":\"Concerts, musique & festivals\"},{\"@type\":\"PropertyValue\",\"name\":\"Ville\",\"value\":\"Douarnenez\"},{\"@type\":\"PropertyValue\",\"name\":\"Code postal\",\"value\":\"29100\"}]}},{\"@type\":\"ListItem\",\"position\":43,\"item\":{\"@type\":\"Thing\",\"name\":\"Ateliers cr\u00e9atifs aux sites arch\u00e9ologiques de Menez Dregan\",\"description\":\"Le centre d'interpr\u00e9tation de Menez Dregan vous d\u00e9voile les sp\u00e9cificit\u00e9s des sites arch\u00e9ologiques et des hommes qui l\u00e9sant fr\u00e9quent\u00e9s, en vous pr\u00e9sentant les m\u00e9thodes et les apports de l'arch\u00e9ologie. \\n\\nAtelier gravure sur ardoise - lundi\\nAtelier cr\u00e9ation de collier ou bracelet en coquillages - mercredi\\nAtelier r\u00e9alisation d'un pendentif en pierre de St\u00e9atite - vendredi \\n\\nA partir de 7 ans jusqu\u2019\u00e0 77 ans.\\nLes activit\u00e9s se d\u00e9roulent en petits groupes afin de garantir une exp\u00e9rience conviviale et adapt\u00e9e \u00e0 tous les publics.\\n\\nR\u00e9servation en ligne possible. \\n\\nGratuit.\",\"url\":\"https:\/\/www.plouhinec.bzh\/grotte-de-menez-dregan\/\",\"geo\":{\"@type\":\"GeoCoordinates\",\"latitude\":47.9872409,\"longitude\":-4.4740849},\"additionalProperty\":[{\"@type\":\"PropertyValue\",\"name\":\"Titre\",\"value\":\"Ateliers cr\u00e9atifs aux sites arch\u00e9ologiques de Menez Dregan\"},{\"@type\":\"PropertyValue\",\"name\":\"Cat\u00e9gorie\",\"value\":\"Autres \u00e9v\u00e9nements\"},{\"@type\":\"PropertyValue\",\"name\":\"Ville\",\"value\":\"Plouhinec\"},{\"@type\":\"PropertyValue\",\"name\":\"Code postal\",\"value\":\"29780\"}]}},{\"@type\":\"ListItem\",\"position\":44,\"item\":{\"@type\":\"Thing\",\"name\":\"Rando le long des Falaises de la Pointe du Raz\",\"description\":\"D\u00e9couverte de la Pointe du Raz par le plus beau des acc\u00e8s: le sentier des douaniers. \\nDepuis le caf\u00e9-papeterie Monsieur Papier, anciennement le Relais de l\u2019\u00cele de Sein, partez sur les traces de l\u2019ancien embarcad\u00e8re de Bestr\u00e9e, autrefois utilis\u00e9 par les gardiens de phare, les p\u00eacheurs et les iliens. L\u2019approche de la Pointe du Raz par le sud offre un parcours particuli\u00e8rement spectaculaire.\\nAu bout du promontoire de la Pointe du Raz, un panorama remarquable s\u2019ouvre sur la mer d\u2019Iroise : ses phares, l\u2019\u00eele de Sein et, par temps clair, l\u2019\u00eele d\u2019Ouessant. Le retour s\u2019effectue par le sentier longeant la baie des Tr\u00e9pass\u00e9s, entre falaises et grands espaces maritimes.\\nSelon la saison, il est \u00e9galement possible d\u2019observer les mouettes tridactyles en p\u00e9riode de nidification sur les falaises.\",\"url\":\"http:\/\/virginie-guezennec.fr\/\",\"geo\":{\"@type\":\"GeoCoordinates\",\"latitude\":48.037321,\"longitude\":-4.712428},\"additionalProperty\":[{\"@type\":\"PropertyValue\",\"name\":\"Titre\",\"value\":\"Rando le long des Falaises de la Pointe du Raz\"},{\"@type\":\"PropertyValue\",\"name\":\"Cat\u00e9gorie\",\"value\":\"Sport & randonn\u00e9e\"},{\"@type\":\"PropertyValue\",\"name\":\"Ville\",\"value\":\"Plogoff\"},{\"@type\":\"PropertyValue\",\"name\":\"Code postal\",\"value\":\"29770\"}]}},{\"@type\":\"ListItem\",\"position\":45,\"item\":{\"@type\":\"Thing\",\"name\":\"Exposition de L\u2019Abri des Guetteurs \\\"l'Odyss\u00e9e d'Eliboubane\\\"\",\"description\":\"Yvon Le Corre, cr\u00e9ateur de l'affiche des premi\u00e8res f\u00eates de 1986 est mis \u00e0 l'honneur pour cette exposition d'\u00e9t\u00e9.\",\"url\":\"http:\/\/www.labridesguetteurs.com\/\",\"geo\":{\"@type\":\"GeoCoordinates\",\"latitude\":48.0963267,\"longitude\":-4.3280107},\"additionalProperty\":[{\"@type\":\"PropertyValue\",\"name\":\"Titre\",\"value\":\"Exposition de L\u2019Abri des Guetteurs \\\"l'Odyss\u00e9e d'Eliboubane\\\"\"},{\"@type\":\"PropertyValue\",\"name\":\"Cat\u00e9gorie\",\"value\":\"Expositions\"},{\"@type\":\"PropertyValue\",\"name\":\"Ville\",\"value\":\"Douarnenez\"},{\"@type\":\"PropertyValue\",\"name\":\"Code postal\",\"value\":\"29100\"}]}},{\"@type\":\"ListItem\",\"position\":46,\"item\":{\"@type\":\"Thing\",\"name\":\"Foire de Daoulas\",\"description\":\"Organis\u00e9e par l\u2019Association \u00ab Les P\u2019tits Potes Iront \u00bb, la Foire de Daoulas revient et aura lieu le 5 septembre 2026 \u00e0 Daoulas.\\n\\nLA Foire de Daoulas sera pr\u00eate \u00e0 vous accueillir pour une journ\u00e9e et une une soir\u00e9e d'expo, de concert, de spectacles, de d\u00e9bat, de stands d'artisans, de producteurs locaux et de bonne humeur. \\n\\n- \u00c9v\u00e8nement gratuit et ouvert \u00e0 toutes et tous. \\n- Restauration et bar sur place (avec cochon grill\u00e9, assiette v\u00e9g\u00e9tarienne).\\n\\nN'h\u00e9sitez pas \u00e0 nous rejoindre en tant que B\u00e9n\u00e9voles pour pr\u00e9parer la f\u00eate ou le jour J !\\nEnvoyez un mail \u00e0 : lesptitspotirons@gmail.com\",\"geo\":{\"@type\":\"GeoCoordinates\",\"latitude\":48.36228,\"longitude\":-4.26005},\"additionalProperty\":[{\"@type\":\"PropertyValue\",\"name\":\"Titre\",\"value\":\"Foire de Daoulas\"},{\"@type\":\"PropertyValue\",\"name\":\"Cat\u00e9gorie\",\"value\":\"Concerts, musique & festivals\"},{\"@type\":\"PropertyValue\",\"name\":\"Ville\",\"value\":\"Daoulas\"},{\"@type\":\"PropertyValue\",\"name\":\"Code postal\",\"value\":\"29460\"}]}},{\"@type\":\"ListItem\",\"position\":47,\"item\":{\"@type\":\"Thing\",\"name\":\"La Pointe du Raz \u00e0 l'heure des Phares\",\"description\":\"Participez au plus beau son et lumi\u00e8re de l\u2019Ouest !\\n\u00c0 la tomb\u00e9e du jour, laissez-vous conter les nombreuses histoires qui ont fa\u00e7onn\u00e9es la renomm\u00e9e de la Pointe du Raz, aujourd\u2019hui l\u2019un des sites les plus visit\u00e9s de Bretagne. Une visite compl\u00e8te et captivante, riche en th\u00e9matiques vari\u00e9es, le tout dans l\u2019atmosph\u00e8re et les lumi\u00e8res grandioses du Bout du Monde.\\n\\nInformations pratiques : le stationnement sur le parking du site est payant.\\n\\nR\u00e9servation possible aupr\u00e8s de l'Office de Tourisme \u00e0 Audierne.\",\"url\":\"http:\/\/virginie-guezennec.fr\/\",\"geo\":{\"@type\":\"GeoCoordinates\",\"latitude\":48.0382383,\"longitude\":-4.7240061},\"additionalProperty\":[{\"@type\":\"PropertyValue\",\"name\":\"Titre\",\"value\":\"La Pointe du Raz \u00e0 l'heure des Phares\"},{\"@type\":\"PropertyValue\",\"name\":\"Cat\u00e9gorie\",\"value\":\"Sport & randonn\u00e9e\"},{\"@type\":\"PropertyValue\",\"name\":\"Ville\",\"value\":\"Plogoff\"},{\"@type\":\"PropertyValue\",\"name\":\"Code postal\",\"value\":\"29770\"}]}},{\"@type\":\"ListItem\",\"position\":48,\"item\":{\"@type\":\"Thing\",\"name\":\"Jeudi Yoga\",\"description\":\"L\u2019association Immanence Yoga propose des cours de yoga \u00e0 la salle municipale (place de l'\u00e9glise) \u00e0 Plon\u00e9vez-Porzay tout au long du mois d\u2019ao\u00fbt. Les s\u00e9ances combinent postures, techniques de respiration, relaxation et m\u00e9ditation pour favoriser le calme et le bien-\u00eatre.\\n\\nLes cours ont lieu les jeudis 13, 20 et 27 ao\u00fbt, de 10h \u00e0 11h15. Chaque s\u00e9ance permet de pratiquer les postures de yoga, d\u2019exp\u00e9rimenter diff\u00e9rentes techniques de respiration et de m\u00e9ditation, et de se d\u00e9tendre profond\u00e9ment.\\n\\nTarif : 10 \u20ac par s\u00e9ance (en esp\u00e8ce ou ch\u00e8que)\\nInscription obligatoire par t\u00e9l\u00e9phone (sms)\\n\\nContact : Carole 06.08.95.57.39\",\"url\":\"http:\/\/www.immanence-yoga.fr\/\",\"geo\":{\"@type\":\"GeoCoordinates\",\"latitude\":48.12494,\"longitude\":-4.21912},\"additionalProperty\":[{\"@type\":\"PropertyValue\",\"name\":\"Titre\",\"value\":\"Jeudi Yoga\"},{\"@type\":\"PropertyValue\",\"name\":\"Cat\u00e9gorie\",\"value\":\"Autres \u00e9v\u00e9nements\"},{\"@type\":\"PropertyValue\",\"name\":\"Ville\",\"value\":\"Plon\u00e9vez-Porzay\"},{\"@type\":\"PropertyValue\",\"name\":\"Code postal\",\"value\":\"29550\"}]}},{\"@type\":\"ListItem\",\"position\":49,\"item\":{\"@type\":\"Thing\",\"name\":\"Atelier Calligraphie\",\"description\":\"D\u00e9couvrez l'histoire de l\u2019\u00e9criture, la fabrication des encres, du parchemin et de la reliure en prenant exemple sur des fac-simil\u00e9s de manuscrits de Land\u00e9vennec. Initiez-vous ensuite \u00e0 la \\\"minuscule caroline\\\" et \u00e0 l\u2019\u00e9criture \u00e0 la plume d\u2019oie. L'occasion de d\u00e9couvrir le travail des moines copistes tout en repartant avec une oeuvre calligraphi\u00e9e !\",\"url\":\"http:\/\/www.cdp29.fr\/\",\"geo\":{\"@type\":\"GeoCoordinates\",\"latitude\":48.29135,\"longitude\":-4.26745},\"additionalProperty\":[{\"@type\":\"PropertyValue\",\"name\":\"Titre\",\"value\":\"Atelier Calligraphie\"},{\"@type\":\"PropertyValue\",\"name\":\"Cat\u00e9gorie\",\"value\":\"Autres \u00e9v\u00e9nements\"},{\"@type\":\"PropertyValue\",\"name\":\"Ville\",\"value\":\"Land\u00e9vennec\"},{\"@type\":\"PropertyValue\",\"name\":\"Code postal\",\"value\":\"29560\"}]}},{\"@type\":\"ListItem\",\"position\":50,\"item\":{\"@type\":\"Thing\",\"name\":\"Au temps de la Reconstruction\",\"description\":\"Avis aux amateurs d\u2019histoire contemporaine ! Venez d\u00e9ambuler dans le centre-ville reconstruit de Brest, transform\u00e9 apr\u00e8s les destructions de la Seconde Guerre mondiale. La rive gauche de la ville, r\u00e9am\u00e9nag\u00e9e et reconstruite, d\u00e9voile un tout autre visage de Brest, un t\u00e9moignage fascinant de son renouveau et de la r\u00e9silience de ses habitants.\\nAu cours de cette visite guid\u00e9e, vous d\u00e9couvrirez les d\u00e9fis de la reconstruction, les choix architecturaux qui ont fa\u00e7onn\u00e9 la ville moderne et les traces de cette p\u00e9riode cl\u00e9 de l\u2019histoire brestoise. Une visite \u00e0 ne pas manquer pour comprendre les grandes \u00e9tapes de la reconstruction de Brest, une p\u00e9riode d\u00e9terminante.\\n\\nInformations pratiques : \\nDur\u00e9e 2h.\\nPr\u00e9voir de bonnes chaussures. \\nSur r\u00e9servation aupr\u00e8s de l'Office de Tourisme Brest en vue, au guichet, par t\u00e9l\u00e9phone ou en ligne. \\n\\nL'Office de Tourisme Brest en vue se r\u00e9serve le droit d'annuler la visite si le nombre minimum de participants (5) n'est pas atteint, en cas de mauvaises conditions m\u00e9t\u00e9orologiques.\",\"url\":\"https:\/\/www.brest-metropole-tourisme.fr\/reservation-en-ligne\/visites-guidees\",\"geo\":{\"@type\":\"GeoCoordinates\",\"latitude\":48.3884227,\"longitude\":-4.4850204},\"additionalProperty\":[{\"@type\":\"PropertyValue\",\"name\":\"Titre\",\"value\":\"Au temps de la Reconstruction\"},{\"@type\":\"PropertyValue\",\"name\":\"Cat\u00e9gorie\",\"value\":\"En famille\"},{\"@type\":\"PropertyValue\",\"name\":\"Ville\",\"value\":\"Brest\"},{\"@type\":\"PropertyValue\",\"name\":\"Code postal\",\"value\":\"29200\"}]}},{\"@type\":\"ListItem\",\"position\":51,\"item\":{\"@type\":\"Thing\",\"name\":\"F\u00eate de la mer et du nautisme\",\"description\":\"Petits et grands, d\u00e9butants ou confirm\u00e9s, sont invit\u00e9s \u00e0 vivre \u00ab au fil de l\u2019eau \u00bb le temps d\u2019un week-end au Moulin-Blanc \u00e0 Brest et \u00e0 la maison de la Mer au Relecq-Kerhuon (dimanche apr\u00e8s-midi).\\n\\nProgramme de la journ\u00e9e :\\n\\n- Le matin\\nInscriptions \u00e0 partir de 9h30\\n\\nEn mer\\nPirates de la rade, de 10h30 \u00e0 12h30 (priorit\u00e9 aux familles avec enfants)\\nEmbarquements sur des bateaux du patrimoine Dalh Mad, Loch Monna, Notre-Dame de Rumengol (balades avec histoires cont\u00e9es par \\nles m\u00e9diath\u00e8ques municipales de Brest, le samedi)\\nD\u00e9couverte de la nage et sauvetage sportif - Service aquatique de Brest m\u00e9tropole\\nP\u00e9dalos pour enfants\\n\\n\u00c0 terre\\nMaquillage des pirates - Compagnie Amuse-Gueule\\n\\n- L'apr\u00e8s-midi\\nInscriptions \u00e0 partir de 13h\\n\\nEn mer\\nBapt\u00eames et balades \u00e0 la voile ou au moteur, d\u00e9riveur et catamaran, aviron de mer, Stand Up Paddle, kayak\u2026\\nBBN, CKCB, FSGT, YCBI, service du nautisme, Sports & Quartiers\\nBapt\u00eames de plong\u00e9e - Abysse, COPB, Handisport et GMAP (accessible aux personnes \u00e0 mobilit\u00e9 r\u00e9duite)\\nInitiation voile en supports adapt\u00e9s - Handivoile  (accessible aux personnes \u00e0 mobilit\u00e9 r\u00e9duite)\\nInitiation \u00e0 la godille - Association La Martine\\n\\nA terre\\nChallenge ergom\u00e8tre - YCBI (accessible aux personnes \u00e0 mobilit\u00e9 r\u00e9duite)\\nD\u00e9couverte de la nage et sauvetage sportif - Service aquatique de Brest m\u00e9tropole\\nMaquillage des pirates - Compagnie Amuse-Gueule\\n\\nTout au long du week-end :\\nDanse tahitienne - Hei Puna\\nBibliambule - M\u00e9diath\u00e8ques municipales de Brest\\nChants marins - Marins du Bout du Monde (uniquement le dimanche)\\nD\u00e9monstrateurs de chiens sauveteurs - Bretagne Terre-Neuve sauveteur (uniquement le dimanche)\\nChampionnat d\u2019Europe d\u2019Ocean Racing : retransmission des courses sur \u00e9cran g\u00e9ant avec commentateur et interview des athl\u00e8tes\\nStand artisanat polyn\u00e9siens\",\"url\":\"https:\/\/brest.fr\/la-fete-de-la-mer-et-du-nautisme-0\",\"geo\":{\"@type\":\"GeoCoordinates\",\"latitude\":48.3921137,\"longitude\":-4.4332261},\"additionalProperty\":[{\"@type\":\"PropertyValue\",\"name\":\"Titre\",\"value\":\"F\u00eate de la mer et du nautisme\"},{\"@type\":\"PropertyValue\",\"name\":\"Cat\u00e9gorie\",\"value\":\"En famille\"},{\"@type\":\"PropertyValue\",\"name\":\"Ville\",\"value\":\"Brest\"},{\"@type\":\"PropertyValue\",\"name\":\"Code postal\",\"value\":\"29200\"}]}},{\"@type\":\"ListItem\",\"position\":52,\"item\":{\"@type\":\"Thing\",\"name\":\"La Librairie Dialogues\",\"description\":\"La visite vous fera d\u00e9couvrir l\u2019univers de la librairie qui figure dans le top 10 des plus grandes librairies ind\u00e9pendantes de France\u00a0!\\n\\nL\u2019Office de Tourisme de Brest en vue vous propose une d\u00e9couverte des coulisses du circuit du livre et de l\u2019histoire de notre librairie.\\nProfitez d\u2019un moment privil\u00e9gi\u00e9 avec une guide conf\u00e9renci\u00e8re et nos libraires passionn\u00e9s.\\n\\nInformations pratiques : \\n- D\u00e9part \u00e0 10 h 30 devant l\u2019entr\u00e9e de la librairie c\u00f4t\u00e9 rue de Siam.\\n- Dur\u00e9e : 45 minutes. \\n- Tarifs : 4\u20ac\/ adulte, 3\u20ac\/ enfant (6 \u00e0 17 ans), gratuit pour les - de 6 ans\\nSur inscription aupr\u00e8s de l'Office de Tourisme de Brest m\u00e9tropole, en ligne, par t\u00e9l\u00e9phone ou au guichet. \\n\\nL'Office de Tourisme se r\u00e9serve le droit d'annuler la visite si le nombre de participants minimum (5 personnes) n'est pas atteint.\",\"geo\":{\"@type\":\"GeoCoordinates\",\"latitude\":48.38748,\"longitude\":-4.49044},\"additionalProperty\":[{\"@type\":\"PropertyValue\",\"name\":\"Titre\",\"value\":\"La Librairie Dialogues\"},{\"@type\":\"PropertyValue\",\"name\":\"Cat\u00e9gorie\",\"value\":\"Autres \u00e9v\u00e9nements\"},{\"@type\":\"PropertyValue\",\"name\":\"Ville\",\"value\":\"Brest\"},{\"@type\":\"PropertyValue\",\"name\":\"Code postal\",\"value\":\"29200\"}]}},{\"@type\":\"ListItem\",\"position\":53,\"item\":{\"@type\":\"Thing\",\"name\":\"Gef\u00fchrter Fotospaziergang durch Douarnenez\",\"description\":\"Gef\u00fchrter Fotospaziergang durch Douarnenez :\\nEntdecken Sie mit dem Marco-Polo-Autor und erfahrenen Reiseleiter Errol Friedhelm Karakoc die Hafenstadt und ihre K\u00f6nigin, die Sardine. Auf den Spuren der hiesigen Fischer begegnen Sie streitbaren Damen, kuriosen Riten der heimischen Bev\u00f6lkerung, h\u00fcbscher Architektur aus den letzten Jahrhunderten, spannenden Legenden, vielleicht sogar Kommissar Dupin und haben dabei immer wieder den Blick auf die Bucht. Freuen Sie sich auf etwa zwei Stunden des Flanierens durch die Gassen des Hafenviertels Rosmeur.\\n\\nDauer: ca. 2h\\nSprache: auf Deutsch\\nSchwierigkeitsgrad: einfach bis mittel (leichte Steigungen\/Gef\u00e4lle auf st\u00e4dtischen Wegen, einige Stufen)\",\"url\":\"http:\/\/www.douarnenez-tourisme.com\/\",\"geo\":{\"@type\":\"GeoCoordinates\",\"latitude\":48.0931504,\"longitude\":-4.3310605},\"additionalProperty\":[{\"@type\":\"PropertyValue\",\"name\":\"Titre\",\"value\":\"Gef\u00fchrter Fotospaziergang durch Douarnenez\"},{\"@type\":\"PropertyValue\",\"name\":\"Cat\u00e9gorie\",\"value\":\"Autres \u00e9v\u00e9nements\"},{\"@type\":\"PropertyValue\",\"name\":\"Ville\",\"value\":\"Douarnenez\"},{\"@type\":\"PropertyValue\",\"name\":\"Code postal\",\"value\":\"29100\"}]}},{\"@type\":\"ListItem\",\"position\":54,\"item\":{\"@type\":\"Thing\",\"name\":\"Karaok\u00e9 anim\u00e9\",\"description\":\"La star c'est vous !\\nMontez sur sc\u00e8ne et prenez le micro pour devenir la star que vous avez toujours voulu \u00eatre et montrez au grand public votre talent cach\u00e9.\",\"url\":\"http:\/\/www.larecredes3cures.com\/\",\"geo\":{\"@type\":\"GeoCoordinates\",\"latitude\":48.4749211,\"longitude\":-4.5265787},\"additionalProperty\":[{\"@type\":\"PropertyValue\",\"name\":\"Titre\",\"value\":\"Karaok\u00e9 anim\u00e9\"},{\"@type\":\"PropertyValue\",\"name\":\"Cat\u00e9gorie\",\"value\":\"Concerts, musique & festivals\"},{\"@type\":\"PropertyValue\",\"name\":\"Ville\",\"value\":\"Milizac-Guipronvel\"},{\"@type\":\"PropertyValue\",\"name\":\"Code postal\",\"value\":\"29290\"}]}},{\"@type\":\"ListItem\",\"position\":55,\"item\":{\"@type\":\"Thing\",\"name\":\"Exposition Patrick Serc\",\"description\":\"Mercredi 10h30 -  12h30\\nvendredi 17h - 19h\\nSamedi 10h30 - 13h\",\"url\":\"https:\/\/artria.sitew.fr\/\",\"geo\":{\"@type\":\"GeoCoordinates\",\"latitude\":48.024744,\"longitude\":-4.562468},\"additionalProperty\":[{\"@type\":\"PropertyValue\",\"name\":\"Titre\",\"value\":\"Exposition Patrick Serc\"},{\"@type\":\"PropertyValue\",\"name\":\"Cat\u00e9gorie\",\"value\":\"Expositions\"},{\"@type\":\"PropertyValue\",\"name\":\"Ville\",\"value\":\"Audierne\"},{\"@type\":\"PropertyValue\",\"name\":\"Code postal\",\"value\":\"29770\"}]}},{\"@type\":\"ListItem\",\"position\":56,\"item\":{\"@type\":\"Thing\",\"name\":\"Contes cailloux - Maison des Min\u00e9raux\",\"description\":\"Comprendre la Terre\\n\\n\u201cGraines de cailloux\u201d : Une g\u00e9ologue observe les grains de sable qu\u2019elle a rapport\u00e9s dans son laboratoire. Elle voudrait conna\u00eetre leurs histoires et leur propose un voyage dans la machine \u00e0 r\u00e9veiller les cailloux.\\n\\nEnfants 7\/12 ans\\nCompris dans la visite du mus\u00e9e\",\"geo\":{\"@type\":\"GeoCoordinates\",\"latitude\":48.20406,\"longitude\":-4.52798},\"additionalProperty\":[{\"@type\":\"PropertyValue\",\"name\":\"Titre\",\"value\":\"Contes cailloux - Maison des Min\u00e9raux\"},{\"@type\":\"PropertyValue\",\"name\":\"Cat\u00e9gorie\",\"value\":\"En famille\"},{\"@type\":\"PropertyValue\",\"name\":\"Ville\",\"value\":\"Crozon\"},{\"@type\":\"PropertyValue\",\"name\":\"Code postal\",\"value\":\"29160\"}]}},{\"@type\":\"ListItem\",\"position\":57,\"item\":{\"@type\":\"Thing\",\"name\":\"Gef\u00fchrter Fotospaziergang durch Douarnenez\",\"description\":\"Gef\u00fchrter Fotospaziergang durch Douarnenez :\\nEntdecken Sie mit dem Marco-Polo-Autor und erfahrenen Reiseleiter Errol Friedhelm Karakoc die Hafenstadt und ihre K\u00f6nigin, die Sardine. Auf den Spuren der hiesigen Fischer begegnen Sie streitbaren Damen, kuriosen Riten der heimischen Bev\u00f6lkerung, h\u00fcbscher Architektur aus den letzten Jahrhunderten, spannenden Legenden, vielleicht sogar Kommissar Dupin und haben dabei immer wieder den Blick auf die Bucht. Freuen Sie sich auf etwa zwei Stunden des Flanierens durch die Gassen des Hafenviertels Rosmeur.\\n\\nDauer: ca. 2h\\nSprache: auf Deutsch\\nSchwierigkeitsgrad: einfach bis mittel (leichte Steigungen\/Gef\u00e4lle auf st\u00e4dtischen Wegen, einige Stufen)\",\"url\":\"http:\/\/www.douarnenez-tourisme.com\/\",\"geo\":{\"@type\":\"GeoCoordinates\",\"latitude\":48.0931504,\"longitude\":-4.3310605},\"additionalProperty\":[{\"@type\":\"PropertyValue\",\"name\":\"Titre\",\"value\":\"Gef\u00fchrter Fotospaziergang durch Douarnenez\"},{\"@type\":\"PropertyValue\",\"name\":\"Cat\u00e9gorie\",\"value\":\"Autres \u00e9v\u00e9nements\"},{\"@type\":\"PropertyValue\",\"name\":\"Ville\",\"value\":\"Douarnenez\"},{\"@type\":\"PropertyValue\",\"name\":\"Code postal\",\"value\":\"29100\"}]}},{\"@type\":\"ListItem\",\"position\":58,\"item\":{\"@type\":\"Thing\",\"name\":\"Balade en baie d\u2019Audierne\",\"description\":\"Au d\u00e9part du port de Ste-Evette, vous longez la c\u00f4te sauvage du Cap-Sizun et d\u00e9couvrez des paysages insoup\u00e7onn\u00e9s : la chapelle StTugen, l\u2019Ile aux Vaches, Pors-Loubous, le petit port de Bestr\u00e9e et la fameuse pointe du Raz.\\nAvant de remettre le cap sur le continent, vous vous approcherez \u00e9galement de l\u2019\u00e9l\u00e9gant phare de la Vieille.\\n\\nGratuit pour les moins de 4 ans (enregistr\u00e9s en agence) \/ Chien : 4\u20ac\\n\\nBilletterie disponible aupr\u00e8s de l'Office de Tourisme \u00e0 Audierne.\",\"url\":\"https:\/\/www.finist-mer.fr\/\",\"geo\":{\"@type\":\"GeoCoordinates\",\"latitude\":48.0060997,\"longitude\":-4.5553163},\"additionalProperty\":[{\"@type\":\"PropertyValue\",\"name\":\"Titre\",\"value\":\"Balade en baie d\u2019Audierne\"},{\"@type\":\"PropertyValue\",\"name\":\"Cat\u00e9gorie\",\"value\":\"Autres \u00e9v\u00e9nements\"},{\"@type\":\"PropertyValue\",\"name\":\"Ville\",\"value\":\"Audierne\"},{\"@type\":\"PropertyValue\",\"name\":\"Code postal\",\"value\":\"29770\"}]}},{\"@type\":\"ListItem\",\"position\":59,\"item\":{\"@type\":\"Thing\",\"name\":\"Visite guid\u00e9e des vieux quartiers de Douarnenez\",\"description\":\"Cette balade vous fait d\u00e9couvrir l'\u00e2me de Douarnenez et comprendre son histoire si intimement li\u00e9e \u00e0 l'\u00e9pop\u00e9e de la sardine. Parcourez les rues et les venelles de la ville avec leur architecture du 19\u00e8me si\u00e8cle et leurs anciennes conserveries dissimul\u00e9es parmi les maisons. Fl\u00e2nez sur le vieux port m\u00e9moire de tout l'ancien Douarnenez jusqu'\u00e0 l'abri du marin, lieu sacr\u00e9 pour les p\u00eacheurs. Inscription n\u00e9cessaire \u00e0 l'Office de Tourisme.\",\"url\":\"http:\/\/www.douarnenez-tourisme.com\/\",\"geo\":{\"@type\":\"GeoCoordinates\",\"latitude\":48.0931504,\"longitude\":-4.3310605},\"additionalProperty\":[{\"@type\":\"PropertyValue\",\"name\":\"Titre\",\"value\":\"Visite guid\u00e9e des vieux quartiers de Douarnenez\"},{\"@type\":\"PropertyValue\",\"name\":\"Cat\u00e9gorie\",\"value\":\"Autres \u00e9v\u00e9nements\"},{\"@type\":\"PropertyValue\",\"name\":\"Ville\",\"value\":\"Douarnenez\"},{\"@type\":\"PropertyValue\",\"name\":\"Code postal\",\"value\":\"29100\"}]}},{\"@type\":\"ListItem\",\"position\":60,\"item\":{\"@type\":\"Thing\",\"name\":\"Exposition Couleurs de Bretagne\",\"description\":\"L'association \u00abCouleurs de Bretagne\u00bb organise un concours de peinture et de dessin cet \u00e9t\u00e9 \u00e0 Pont-Croix. D\u00e9couvrez les \u0153uvres prim\u00e9es et le talent de ces artistes - enfants et adultes - \u00e0 la m\u00e9diath\u00e8que, jusqu'\u00e0 la fin ao\u00fbt. \\n\\n+ d'infos http:\/\/www.couleursdebretagne.org\/\",\"url\":\"https:\/\/mediatheque.pont-croix.fr\/\",\"geo\":{\"@type\":\"GeoCoordinates\",\"latitude\":48.0417328,\"longitude\":-4.4885744},\"additionalProperty\":[{\"@type\":\"PropertyValue\",\"name\":\"Titre\",\"value\":\"Exposition Couleurs de Bretagne\"},{\"@type\":\"PropertyValue\",\"name\":\"Cat\u00e9gorie\",\"value\":\"Expositions\"},{\"@type\":\"PropertyValue\",\"name\":\"Ville\",\"value\":\"Pont-Croix\"},{\"@type\":\"PropertyValue\",\"name\":\"Code postal\",\"value\":\"29790\"}]}},{\"@type\":\"ListItem\",\"position\":61,\"item\":{\"@type\":\"Thing\",\"name\":\"Randonn\u00e9e bien-\u00eatre : 1 \u00e0 3 jours - Le mercredi, vers le Petit Minou\",\"description\":\"Randonnez \u00e0 la journ\u00e9e avec Terre d'\u00c9cume, du mercredi au vendredi, pour rallier l\u2019un des phares de l\u2019Iroise.\\nProgramme du mercredi :  vers le phare du Petit Minou \u2013 Lieu : Porsmilin\\n\\nChoisissez de participer 1, 2 ou 3 jours, selon vos envies et disponibilit\u00e9s : les stages sont modulables !\\nJeudi 9 h \u2013 Vers le phare de Saint-Mathieu \\nVendredi 9 h \u2013 Vers le phare de Kermorvan\\n\\nLes randonn\u00e9es bien-\u00eatre sont des moments de d\u00e9tente pour allier bien-\u00eatre, sport en douceur et d\u00e9couverte du patrimoine local, afin de se reconnecter pleinement \u00e0 soi-m\u00eame et \u00e0 la nature. On randonne avec des moments de relaxation et de m\u00e9ditation. On utilise l\u2019\u00e9coute des chants d\u2019oiseaux pour se reconnecter \u00e0 la nature. On g\u00e8re sa respiration et son effort avec la \u201cmarche afghane\\\".\\n\\nAu programme : Randonn\u00e9es \u2013 Marche afghane \u2013 Ornithologie \u2013 M\u00e9ditation et relaxation \u2013 Stretching\/\u00c9tirements - D\u00e9couverte des phares\\n\\nNiveau de difficult\u00e9 adapt\u00e9 \u00e0 vos besoins et envies.\\n\\nR\u00e9servation en ligne sur terredecume.fr\\nAvec ou sans h\u00e9bergements : plus d'infos sur le site.\\nNombre de places limit\u00e9 \u00e0 15 personnes\/stage.\\n\u00c0 partir de 16 ans.\",\"url\":\"https:\/\/terredecume.fr\/\",\"geo\":{\"@type\":\"GeoCoordinates\",\"latitude\":48.3377566,\"longitude\":-4.6143471},\"additionalProperty\":[{\"@type\":\"PropertyValue\",\"name\":\"Titre\",\"value\":\"Randonn\u00e9e bien-\u00eatre : 1 \u00e0 3 jours - Le mercredi, vers le Petit Minou\"},{\"@type\":\"PropertyValue\",\"name\":\"Cat\u00e9gorie\",\"value\":\"Sport & randonn\u00e9e\"},{\"@type\":\"PropertyValue\",\"name\":\"Ville\",\"value\":\"Locmaria-Plouzan\u00e9\"},{\"@type\":\"PropertyValue\",\"name\":\"Code postal\",\"value\":\"29280\"}]}},{\"@type\":\"ListItem\",\"position\":62,\"item\":{\"@type\":\"Thing\",\"name\":\"Visite guid\u00e9e de l'\u00eele Tristan\",\"description\":\"Situ\u00e9e \u00e0 quelques encablures de Douarnenez, l'\u00eele Tristan, site naturel prot\u00e9g\u00e9 est la propri\u00e9t\u00e9 du Conservatoire du Littoral. Marchez sur les pas du c\u00e9l\u00e8bre brigand de La Fontenelle, de Tristan et Yseult et des nombreux artistes qui ont fr\u00e9quent\u00e9 l'\u00eele au d\u00e9but 20\u00e8me si\u00e8cle. Inscription obligatoire \u00e0 l'Office de Tourisme du Pays de Douarnenez ou sur le site internet. Chiens non admis. Les conditions m\u00e9t\u00e9orologiques et la houle peuvent nous contraindre \u00e0 annuler la visite.\",\"url\":\"http:\/\/www.douarnenez-tourisme.com\/\",\"geo\":{\"@type\":\"GeoCoordinates\",\"latitude\":48.0972725,\"longitude\":-4.3354308},\"additionalProperty\":[{\"@type\":\"PropertyValue\",\"name\":\"Titre\",\"value\":\"Visite guid\u00e9e de l'\u00eele Tristan\"},{\"@type\":\"PropertyValue\",\"name\":\"Cat\u00e9gorie\",\"value\":\"Sport & randonn\u00e9e\"},{\"@type\":\"PropertyValue\",\"name\":\"Ville\",\"value\":\"Douarnenez\"},{\"@type\":\"PropertyValue\",\"name\":\"Code postal\",\"value\":\"29100\"}]}},{\"@type\":\"ListItem\",\"position\":63,\"item\":{\"@type\":\"Thing\",\"name\":\"Bodygliss\",\"description\":\"S\u00e9ance anim\u00e9e par Fabienne D'Ortoli - Ocean by Fab. \\n\\nUne familiarisation avec les vagues, une initiation \u00e0 la glisse avec son corps (pas de planche) et savoir rep\u00e9rer les courants. \u00catre \u00e0 l\u2019aise dans les vagues, rep\u00e9rer les courants, savoir quoi faire et prendre du plaisir \u00e0 glisser ! Utiliser son corps pour glisser, ne faire qu\u2019un avec la vague et l\u2019Oc\u00e9an + aspect s\u00e9curitaire.\\n\\nBaie des Tr\u00e9pass\u00e9s, les samedis matin \u00e0 9h en  juillet - ao\u00fbt 2026.\\n\\nInscription au plus tard la veille par mail ou par t\u00e9l\u00e9phone. \\nLa s\u00e9ance (18\u20ac) ou par syst\u00e8me de cartes (d\u00e9gressif).\",\"url\":\"http:\/\/www.oceanbyfab.com\/\",\"geo\":{\"@type\":\"GeoCoordinates\",\"latitude\":48.0468405,\"longitude\":-4.7069558},\"additionalProperty\":[{\"@type\":\"PropertyValue\",\"name\":\"Titre\",\"value\":\"Bodygliss\"},{\"@type\":\"PropertyValue\",\"name\":\"Cat\u00e9gorie\",\"value\":\"Autres \u00e9v\u00e9nements\"},{\"@type\":\"PropertyValue\",\"name\":\"Ville\",\"value\":\"Cl\u00e9den-Cap-Sizun\"},{\"@type\":\"PropertyValue\",\"name\":\"Code postal\",\"value\":\"29770\"}]}},{\"@type\":\"ListItem\",\"position\":64,\"item\":{\"@type\":\"Thing\",\"name\":\"Exposition \\\"Ce que l'eau murmure aux pieds\\\"\",\"description\":\"Exposition \\nPeintures et porcelaines\\nAtelier Galerie Laurence Bernard\\n\\ndu mardi au samedi \\nde 10h30 \u00e0 12h30 et de 15h30 \u00e0 18h30\",\"url\":\"https:\/\/www.atelierlaurencebernard.com\/\",\"geo\":{\"@type\":\"GeoCoordinates\",\"latitude\":48.0254525,\"longitude\":-4.5369374},\"additionalProperty\":[{\"@type\":\"PropertyValue\",\"name\":\"Titre\",\"value\":\"Exposition \\\"Ce que l'eau murmure aux pieds\\\"\"},{\"@type\":\"PropertyValue\",\"name\":\"Cat\u00e9gorie\",\"value\":\"Expositions\"},{\"@type\":\"PropertyValue\",\"name\":\"Ville\",\"value\":\"Audierne\"},{\"@type\":\"PropertyValue\",\"name\":\"Code postal\",\"value\":\"29770\"}]}},{\"@type\":\"ListItem\",\"position\":65,\"item\":{\"@type\":\"Thing\",\"name\":\"Animation - La p\u00eache aux d\u00e9tails\",\"description\":\"\u00c0 l\u2019aide d\u2019un document support fourni \u00e0 l\u2019accueil, les enfants partiront \u00e0 la recherche de d\u00e9tails sur les bateaux. 3\/12 ans - En autonomie.\",\"geo\":{\"@type\":\"GeoCoordinates\",\"latitude\":48.0923984,\"longitude\":-4.3326434},\"additionalProperty\":[{\"@type\":\"PropertyValue\",\"name\":\"Titre\",\"value\":\"Animation - La p\u00eache aux d\u00e9tails\"},{\"@type\":\"PropertyValue\",\"name\":\"Cat\u00e9gorie\",\"value\":\"Autres \u00e9v\u00e9nements\"},{\"@type\":\"PropertyValue\",\"name\":\"Ville\",\"value\":\"Douarnenez\"},{\"@type\":\"PropertyValue\",\"name\":\"Code postal\",\"value\":\"29100\"}]}},{\"@type\":\"ListItem\",\"position\":66,\"item\":{\"@type\":\"Thing\",\"name\":\"Forum des associations de Plon\u00e9vez-Porzay\",\"description\":\"En cette rentr\u00e9e, petits et grands, retrouvons-nous avec enthousiasme pour partager de nouvelles envies, de beaux projets et, pourquoi pas, quelques bonnes r\u00e9solutions ! \ud83d\ude0a\\n\\nC\u2019est le moment id\u00e9al pour :\\n\\n\u2705 Se lancer dans une nouvelle activit\u00e9\\n\u2705 Retrouver celle que l\u2019on aime d\u00e9j\u00e0\\n\u2705 D\u00e9couvrir de nouvelles passions\\n\u2705 Rencontrer celles et ceux qui font vivre notre commune au quotidien\\n\\nNos associations et leurs b\u00e9n\u00e9voles vous donnent rendez-vous au Forum des associations ! Ils seront heureux de vous accueillir, d\u2019\u00e9changer avec vous et de vous faire d\u00e9couvrir leurs activit\u00e9s. \ud83e\udd1d\\n\\n\ud83c\udfc3 Sport\\n\ud83c\udfad Culture\\n\ud83c\udfa8 Loisirs\\n\ud83c\udfdb\ufe0f Patrimoine\\n\u2764\ufe0f Solidarit\u00e9\\n\\nIl y en a pour tous les go\u00fbts, tous les \u00e2ges et toutes les envies !\\n\\n\ud83d\udcc5 Rendez-vous de 9 h 30 \u00e0 12 h 30 \u00e0 la salle omnisports.\\n\\nVenez nombreux : le Forum des associations vous attend !\",\"geo\":{\"@type\":\"GeoCoordinates\",\"latitude\":48.12568,\"longitude\":-4.22215},\"additionalProperty\":[{\"@type\":\"PropertyValue\",\"name\":\"Titre\",\"value\":\"Forum des associations de Plon\u00e9vez-Porzay\"},{\"@type\":\"PropertyValue\",\"name\":\"Cat\u00e9gorie\",\"value\":\"March\u00e9s & foires\"},{\"@type\":\"PropertyValue\",\"name\":\"Ville\",\"value\":\"Plon\u00e9vez-Porzay\"},{\"@type\":\"PropertyValue\",\"name\":\"Code postal\",\"value\":\"29550\"}]}},{\"@type\":\"ListItem\",\"position\":67,\"item\":{\"@type\":\"Thing\",\"name\":\"Galerie Cobalt - Exposition collective\",\"description\":\"Du 11 juillet au 26 septembre 2026 se tiendra une exposition collective de trois peintres : Nicole Priol, Gaeteno Persechini et Thierry Benza\u00efd.\\n\\nMardi au samedi 10h-13h 16h-19h\\nDimanche 10h-13h\\nEt tous les jours sur rdv.\",\"geo\":{\"@type\":\"GeoCoordinates\",\"latitude\":48.0226149,\"longitude\":-4.5407798},\"additionalProperty\":[{\"@type\":\"PropertyValue\",\"name\":\"Titre\",\"value\":\"Galerie Cobalt - Exposition collective\"},{\"@type\":\"PropertyValue\",\"name\":\"Cat\u00e9gorie\",\"value\":\"Expositions\"},{\"@type\":\"PropertyValue\",\"name\":\"Ville\",\"value\":\"Audierne\"},{\"@type\":\"PropertyValue\",\"name\":\"Code postal\",\"value\":\"29770\"}]}},{\"@type\":\"ListItem\",\"position\":68,\"item\":{\"@type\":\"Thing\",\"name\":\"Initiation \u00e0 la danse bretonne et mini Fest-Noz - Ferme Oc\u00e9'\u00e2ne\",\"description\":\"\\\"Pour danser jusqu'au bout de la nuit\\\"\\n\\nFest-noz de cl\u00f4ture avec PLACK, Tanguy Soubigou et Sonneurs (21h-1h)\\n\\nParticipation \u00e0 prix libre. \\nRepas partag\u00e9 les soirs de mini fest noz. \\nChacun apporte un plat sal\u00e9 et\/o\u00f9 sucr\u00e9. \\n\\nPlus d'infos et r\u00e9servations au 06 32 24 86 19\",\"url\":\"https:\/\/www.oceane-crozon.net\/index2.html\",\"geo\":{\"@type\":\"GeoCoordinates\",\"latitude\":48.27183,\"longitude\":-4.42213},\"additionalProperty\":[{\"@type\":\"PropertyValue\",\"name\":\"Titre\",\"value\":\"Initiation \u00e0 la danse bretonne et mini Fest-Noz - Ferme Oc\u00e9'\u00e2ne\"},{\"@type\":\"PropertyValue\",\"name\":\"Cat\u00e9gorie\",\"value\":\"Concerts, musique & festivals\"},{\"@type\":\"PropertyValue\",\"name\":\"Ville\",\"value\":\"Lanv\u00e9oc\"},{\"@type\":\"PropertyValue\",\"name\":\"Code postal\",\"value\":\"29160\"}]}},{\"@type\":\"ListItem\",\"position\":69,\"item\":{\"@type\":\"Thing\",\"name\":\"Balade nature au phare du Petit Minou\",\"description\":\"D\u00e9couvrez la faune et la flore bretonne.\\nQue se cache-t-il dans le d\u00e9cor du phare du petit minou ? En arrivant sur ce promontoire rocheux, \u00e9coutez et observez. De nombreux oiseaux vous regardent en sillonnant le ciel, les plantes coinc\u00e9es entre les interstices de la roche ne sont visibles qu'\u00e0 ceux qui prennent le temps de s'arr\u00eater. Je vous propose ici de vous immerger dans l'univers de ce phare. Tel un explorateur, venez (re)d\u00e9couvrir ce site d'exception.\\n\\nC'est la sortie culturelle et familiale, id\u00e9ale pour en apprendre plus sur la botanique du littoral, la faune qui vagabonde autour de ce pic rocheux. Le tout, ponctu\u00e9 d'anecdotes sur le phare du petit minou, embl\u00e9matique de notre r\u00e9gion.\\n\\nInformations pratiques : \\nLieu de RDV : phare du Petit Minou\\nTous les lundis matin 9h\\nD'autres dates sont disponibles pendant les vacances scolaires et les weekends, consultez le site de r\u00e9servation .\\nR\u00e9servation en ligne sur : terredecume.fr\\nNombre de places limit\u00e9 \u00e0 15 personnes\/sortie.\\nSortie familiale adapt\u00e9e \u00e0 tous - Accessible PMR\\nDur\u00e9e : 45mn \u00e0 1h\\nGratuit pour les enfants de moins de 10 ans\\nCartes cadeaux disponibles.\",\"url\":\"https:\/\/terredecume.fr\/\",\"geo\":{\"@type\":\"GeoCoordinates\",\"latitude\":48.36396,\"longitude\":-4.59965},\"additionalProperty\":[{\"@type\":\"PropertyValue\",\"name\":\"Titre\",\"value\":\"Balade nature au phare du Petit Minou\"},{\"@type\":\"PropertyValue\",\"name\":\"Cat\u00e9gorie\",\"value\":\"Sport & randonn\u00e9e\"},{\"@type\":\"PropertyValue\",\"name\":\"Ville\",\"value\":\"Plouzan\u00e9\"},{\"@type\":\"PropertyValue\",\"name\":\"Code postal\",\"value\":\"29280\"}]}},{\"@type\":\"ListItem\",\"position\":70,\"item\":{\"@type\":\"Thing\",\"name\":\"Concert avec Clandestino, chut !\",\"description\":\"Concert de musique\",\"geo\":{\"@type\":\"GeoCoordinates\",\"latitude\":48.27635,\"longitude\":-4.59611},\"additionalProperty\":[{\"@type\":\"PropertyValue\",\"name\":\"Titre\",\"value\":\"Concert avec Clandestino, chut !\"},{\"@type\":\"PropertyValue\",\"name\":\"Cat\u00e9gorie\",\"value\":\"Concerts, musique & festivals\"},{\"@type\":\"PropertyValue\",\"name\":\"Ville\",\"value\":\"Camaret-sur-Mer\"},{\"@type\":\"PropertyValue\",\"name\":\"Code postal\",\"value\":\"29570\"}]}},{\"@type\":\"ListItem\",\"position\":71,\"item\":{\"@type\":\"Thing\",\"name\":\"Speedy Graphito : Arr\u00eat sur images - Exposition\",\"description\":\"Pour la premi\u00e8re fois en Bretagne, l'artiste investit la galerie d\u2019art avec une exposition qui retrace plus de 40 ans de cr\u00e9ation. Pens\u00e9e comme une \u0153uvre totale, cette r\u00e9trospective transforme l\u2019ancien cin\u00e9ma en un v\u00e9ritable \u00ab Graphitoscope \u00bb, un dispositif visuel o\u00f9 les images se d\u00e9ploient et se r\u00e9pondent dans un parcours en mouvement.\\n\\nCon\u00e7ue en r\u00e9sonance avec l\u2019histoire du lieu, l\u2019exposition se construit comme un film : chaque oeuvre devient un plan, chaque espace une s\u00e9quence, chaque d\u00e9placement une progression narrative. De la sc\u00e9nographie \u00e0 la s\u00e9lection des \u0153uvres, l\u2019artiste a imagin\u00e9 un parcours libre et immersif, o\u00f9 le regard \u00e9volue au fil des images.\\n\\n\u00c0 travers ce voyage visuel, l'artiste peinte explore les liens entre histoire de l\u2019art et culture contemporaine. Du surr\u00e9alisme \u00e0 l\u2019abstraction, du pop art au pixel art, son \u0153uvre traverse les styles avec une libert\u00e9 revendiqu\u00e9e, brouillant les fronti\u00e8res entre culture savante et populaire.\\n\\nEntrez dans un univers foisonnant et en perp\u00e9tuelle \u00e9volution, o\u00f9 chaque visite propose une lecture diff\u00e9rente.\",\"url\":\"https:\/\/www.artcomoedia.fr\/exposition\/arret-sur-images\/\",\"geo\":{\"@type\":\"GeoCoordinates\",\"latitude\":48.3853899,\"longitude\":-4.4883749},\"additionalProperty\":[{\"@type\":\"PropertyValue\",\"name\":\"Titre\",\"value\":\"Speedy Graphito : Arr\u00eat sur images - Exposition\"},{\"@type\":\"PropertyValue\",\"name\":\"Cat\u00e9gorie\",\"value\":\"Expositions\"},{\"@type\":\"PropertyValue\",\"name\":\"Ville\",\"value\":\"Brest\"},{\"@type\":\"PropertyValue\",\"name\":\"Code postal\",\"value\":\"29200\"}]}},{\"@type\":\"ListItem\",\"position\":72,\"item\":{\"@type\":\"Thing\",\"name\":\"Visite de la ferme de Keratry : Spiruline de Bretagne\",\"description\":\"Nous produisons l\u2019algue bleu-vert de fa\u00e7on artisanale, en apportant un soin tout particulier \u00e0 la cr\u00e9ation et \u00e0 l\u2019entretien d\u2019un milieu de culture de qualit\u00e9 optimum. Imm\u00e9diatement apr\u00e8s s\u00e9chage, r\u00e9alis\u00e9 lentement, \u00e0 basse temp\u00e9rature, la spiruline en paillettes est ensach\u00e9e dans des emballages aluminis\u00e9s afin de vous garantir un produit aux qualit\u00e9s totalement pr\u00e9serv\u00e9es. Notre spiruline, 100% pure, est disponible sur le site de production, \u00e0 la ferme de Keratry.\\nCultiv\u00e9e sous serres, l\u2019algue profite de la lumi\u00e8re et des chaleurs estivales de Bretagne pour croitre et se multiplier en toute harmonie.\",\"geo\":{\"@type\":\"GeoCoordinates\",\"latitude\":48.080168,\"longitude\":-4.27106},\"additionalProperty\":[{\"@type\":\"PropertyValue\",\"name\":\"Titre\",\"value\":\"Visite de la ferme de Keratry : Spiruline de Bretagne\"},{\"@type\":\"PropertyValue\",\"name\":\"Cat\u00e9gorie\",\"value\":\"Autres \u00e9v\u00e9nements\"},{\"@type\":\"PropertyValue\",\"name\":\"Ville\",\"value\":\"Douarnenez\"},{\"@type\":\"PropertyValue\",\"name\":\"Code postal\",\"value\":\"29100\"}]}},{\"@type\":\"ListItem\",\"position\":73,\"item\":{\"@type\":\"Thing\",\"name\":\"Pointe du Raz Ladies Classic\",\"description\":\"Comp\u00e9tition internationale de cyclisme f\u00e9minin (UCI PRO SERIES) au d\u00e9part de la Pointe du Raz vers le circuit d'arriv\u00e9e de Plouhinec (autour de la plage de Gwendrez et des sites arch\u00e9ologiques de Menez Dregan). Le parcours emprunte les plus belles routes et chemins du Cap-Sizun. Une course de mouvement et un beau spectacle offert par le peloton international. \\n\\nRetransmission en direct \u00e0 la TV : France TV et Eurosport.\",\"url\":\"https:\/\/pointeduraz-ladiesclassic.bzh\/\",\"geo\":{\"@type\":\"GeoCoordinates\",\"latitude\":48.0102041,\"longitude\":-4.4807646},\"additionalProperty\":[{\"@type\":\"PropertyValue\",\"name\":\"Titre\",\"value\":\"Pointe du Raz Ladies Classic\"},{\"@type\":\"PropertyValue\",\"name\":\"Cat\u00e9gorie\",\"value\":\"Autres \u00e9v\u00e9nements\"},{\"@type\":\"PropertyValue\",\"name\":\"Ville\",\"value\":\"Plouhinec\"},{\"@type\":\"PropertyValue\",\"name\":\"Code postal\",\"value\":\"29780\"}]}},{\"@type\":\"ListItem\",\"position\":74,\"item\":{\"@type\":\"Thing\",\"name\":\"Concert Tokataporte\",\"description\":\"Concert Tokataporte Chez Tatabel (chansons fran\u00e7aises)\\nPensez \u00e0 r\u00e9server si vous souhaitez manger sur place !\",\"geo\":{\"@type\":\"GeoCoordinates\",\"latitude\":48.16934,\"longitude\":-4.28909},\"additionalProperty\":[{\"@type\":\"PropertyValue\",\"name\":\"Titre\",\"value\":\"Concert Tokataporte\"},{\"@type\":\"PropertyValue\",\"name\":\"Cat\u00e9gorie\",\"value\":\"Concerts, musique & festivals\"},{\"@type\":\"PropertyValue\",\"name\":\"Ville\",\"value\":\"Plomodiern\"},{\"@type\":\"PropertyValue\",\"name\":\"Code postal\",\"value\":\"29550\"}]}},{\"@type\":\"ListItem\",\"position\":75,\"item\":{\"@type\":\"Thing\",\"name\":\"Trico\u2019sette\",\"description\":\"Un moment pour papoter, tricoter et crocheter, avec une boisson et\/ou une p\u00e2tisserie.\\n\\nSur inscription, possibilit\u00e9 de r\u00e9server le brunch du samedi \u00e9galement\",\"geo\":{\"@type\":\"GeoCoordinates\",\"latitude\":48.37441,\"longitude\":-4.37047},\"additionalProperty\":[{\"@type\":\"PropertyValue\",\"name\":\"Titre\",\"value\":\"Trico\u2019sette\"},{\"@type\":\"PropertyValue\",\"name\":\"Cat\u00e9gorie\",\"value\":\"Autres \u00e9v\u00e9nements\"},{\"@type\":\"PropertyValue\",\"name\":\"Ville\",\"value\":\"Plougastel-Daoulas\"},{\"@type\":\"PropertyValue\",\"name\":\"Code postal\",\"value\":\"29470\"}]}},{\"@type\":\"ListItem\",\"position\":76,\"item\":{\"@type\":\"Thing\",\"name\":\"Le jeudi hu\u00eetres \u00e0 La Paillote du Yelen !\",\"description\":\"Tous les jeudis, La Paillote du Yelen organise une soir\u00e9e conviviale et accessible \u00e0 tous, les pieds dans l\u2019eau, de 18h \u00e0 21h, autour des d\u00e9licieuses hu\u00eetres de chez Co\u00efc.\\n\\nAu menu : une assiette de 6 hu\u00eetres fra\u00eeches, servies avec citron, pain et beurre (8\u20ac).\\nProfitez \u00e9galement de notre s\u00e9lection de vins blancs et de nos boissons pour accompagner ce moment de partage et de d\u00e9tente au bord de l\u2019eau.\",\"url\":\"https:\/\/www.moulinmer.com\/\",\"geo\":{\"@type\":\"GeoCoordinates\",\"latitude\":48.3221392,\"longitude\":-4.324462},\"additionalProperty\":[{\"@type\":\"PropertyValue\",\"name\":\"Titre\",\"value\":\"Le jeudi hu\u00eetres \u00e0 La Paillote du Yelen !\"},{\"@type\":\"PropertyValue\",\"name\":\"Cat\u00e9gorie\",\"value\":\"Autres \u00e9v\u00e9nements\"},{\"@type\":\"PropertyValue\",\"name\":\"Ville\",\"value\":\"Logonna-Daoulas\"},{\"@type\":\"PropertyValue\",\"name\":\"Code postal\",\"value\":\"29460\"}]}},{\"@type\":\"ListItem\",\"position\":77,\"item\":{\"@type\":\"Thing\",\"name\":\"Visite guid\u00e9e - Rando \u00e0 la Pointe du Raz\",\"description\":\"Une aventure pour marcheurs confirm\u00e9s !\\n\\nCette randonn\u00e9e propose d\u2019acc\u00e9der \u00e0 la Pointe du Raz par des sentiers moins connus et plus sauvages. Au fil du parcours, la puissance des \u00e9l\u00e9ments marins se fait ressentir, tandis que le guide d\u00e9voile les richesses naturelles du site : faune, flore, paysages et phares l\u00e9gendaires qui veillent sur la mer d\u2019Iroise. Une exp\u00e9rience intense et immersive, r\u00e9serv\u00e9e aux marcheurs habitu\u00e9s, pour vivre pleinement l\u2019esprit du Grand Site de France.\\n\\nD\u00e9part de Lescoff \u00e0 Plogoff - Dur\u00e9e 3h30 - 9 km \\n\\nLes jeudis \u00e0 9h.\\n\\nSur r\u00e9servation aupr\u00e8s de la Maison de site ou de l'Office de Tourisme du Cap-Sizun \u00e0 Audierne.\",\"url\":\"https:\/\/www.toutcommenceenfinistere.com\/pointe-du-raz\/preparer-sa-visite\/\",\"geo\":{\"@type\":\"GeoCoordinates\",\"latitude\":48.039113,\"longitude\":-4.705542},\"additionalProperty\":[{\"@type\":\"PropertyValue\",\"name\":\"Titre\",\"value\":\"Visite guid\u00e9e - Rando \u00e0 la Pointe du Raz\"},{\"@type\":\"PropertyValue\",\"name\":\"Cat\u00e9gorie\",\"value\":\"Sport & randonn\u00e9e\"},{\"@type\":\"PropertyValue\",\"name\":\"Ville\",\"value\":\"Plogoff\"},{\"@type\":\"PropertyValue\",\"name\":\"Code postal\",\"value\":\"29770\"}]}},{\"@type\":\"ListItem\",\"position\":78,\"item\":{\"@type\":\"Thing\",\"name\":\"Exposition \\\"Faire les gras, le go\u00fbt de la f\u00eate \u00e0 Douarnenez\\\"\",\"description\":\"A travers des t\u00e9moignages, des costumes, des vid\u00e9os, des photos anciennes et r\u00e9centes, venez d\u00e9couvrir un carnaval tr\u00e8s populaire encore aujourd\u2019hui dont les origines sont li\u00e9es \u00e0 la vie maritime et portuaire de la ville. Une visite immersive pour\u00a0revivre la folle ambiance des Gras de Douarnenez.\\nExposition accessible aux heures et jours d'ouverture du Port-mus\u00e9e.\",\"geo\":{\"@type\":\"GeoCoordinates\",\"latitude\":48.0923984,\"longitude\":-4.3326434},\"additionalProperty\":[{\"@type\":\"PropertyValue\",\"name\":\"Titre\",\"value\":\"Exposition \\\"Faire les gras, le go\u00fbt de la f\u00eate \u00e0 Douarnenez\\\"\"},{\"@type\":\"PropertyValue\",\"name\":\"Cat\u00e9gorie\",\"value\":\"Expositions\"},{\"@type\":\"PropertyValue\",\"name\":\"Ville\",\"value\":\"Douarnenez\"},{\"@type\":\"PropertyValue\",\"name\":\"Code postal\",\"value\":\"29100\"}]}},{\"@type\":\"ListItem\",\"position\":79,\"item\":{\"@type\":\"Thing\",\"name\":\"Cours de Poterie - Modelage et tournage\",\"description\":\"Envie de mettre les mains dans la terre et de laisser parler votre cr\u00e9ativit\u00e9 ?\\n\\nJe vous propose de venir d\u00e9couvrir la poterie lors d\u2019un cours convivial, dans un atelier baign\u00e9 de lumi\u00e8re, \u00e0 50 m\u00e8tres de la plage Saint-Julien.\\n\\nQue vous soyez d\u00e9butant\u00b7e ou d\u00e9j\u00e0 initi\u00e9\u00b7e, c\u2019est un moment pour ralentir, exp\u00e9rimenter, et cr\u00e9er \u00e0 votre rythme, dans une ambiance d\u00e9tendue.\\n\\nAu plaisir de vous accueillir et de partager ce moment avec vous !\\n\\nTous les jeudis jusqu\u2019au 10 septembre 2026, de 18h \u00e0 20h. \\nIl est possible de r\u00e9server un atelier sur un autre cr\u00e9neau (week-end compris), minimum 3 participant.e.s.\\nInscription par sms : 06.40.41.92.91 ou par email : umistudiocontact@gmail.com\\nTarif : 35\u20ac. Vous r\u00e9cup\u00e9rez toutes vos cr\u00e9ations cuites.\\nPour un envoi postal de celles-ci, comptez 6\u20ac de frais de port.\\n\\nLes enfants de moins de 7 ans sont les bienvenus accompagn\u00e9s de leurs parents. Pour eux\/elles l'atelier est \u00e0 25\u20ac\\n\\nPlus d'infos sur mon site web : https:\/\/www.umistudio.fr\/cours\\n\\nA bient\u00f4t !\",\"url\":\"https:\/\/www.instagram.com\/umi.studio\",\"geo\":{\"@type\":\"GeoCoordinates\",\"latitude\":48.0176766,\"longitude\":-4.5304275},\"additionalProperty\":[{\"@type\":\"PropertyValue\",\"name\":\"Titre\",\"value\":\"Cours de Poterie - Modelage et tournage\"},{\"@type\":\"PropertyValue\",\"name\":\"Cat\u00e9gorie\",\"value\":\"Autres \u00e9v\u00e9nements\"},{\"@type\":\"PropertyValue\",\"name\":\"Ville\",\"value\":\"Plouhinec\"},{\"@type\":\"PropertyValue\",\"name\":\"Code postal\",\"value\":\"29780\"}]}},{\"@type\":\"ListItem\",\"position\":80,\"item\":{\"@type\":\"Thing\",\"name\":\"Projection du documentaire \\\"Gardiennes\\\" en pr\u00e9sence des r\u00e9alisatrices\",\"description\":\"Projection du film documentaire  \u00ab Gardiennes \u00bb\\nen pr\u00e9sence des r\u00e9alisatrices Lou Paulin et Ang\u00e8le Meschin, suivie d'un \u00e9change avec des filles de gardiennes. \\n\\n\u00ab Gardiennes \u00bb donne la parole aux gardiennes de phare et retrace leurs parcours, leur engagement et leur quotidien dans un univers longtemps m\u00e9connu. \u00c0 travers leurs r\u00e9cits et des images d'archives, le documentaire met en lumi\u00e8re ces femmes qui ont marqu\u00e9 l'histoire maritime bretonne.\\n\\nR\u00e9servation conseill\u00e9e aupr\u00e8s de la Maison de site de la Pointe du Raz 02 98 70 67 18 \u2013 contact-pointeduraz@finistere.fr ou de l'Office de tourisme  02 57 56 03 13 \\nExon\u00e9ration du ticket de parking sur pr\u00e9sentation du billet de r\u00e9servation.\",\"url\":\"https:\/\/www.toutcommenceenfinistere.com\/pointe-du-raz\/actus-et-expositions\/\",\"geo\":{\"@type\":\"GeoCoordinates\",\"latitude\":48.0382383,\"longitude\":-4.7240061},\"additionalProperty\":[{\"@type\":\"PropertyValue\",\"name\":\"Titre\",\"value\":\"Projection du documentaire \\\"Gardiennes\\\" en pr\u00e9sence des r\u00e9alisatrices\"},{\"@type\":\"PropertyValue\",\"name\":\"Cat\u00e9gorie\",\"value\":\"Spectacles & cin\u00e9ma\"},{\"@type\":\"PropertyValue\",\"name\":\"Ville\",\"value\":\"Plogoff\"},{\"@type\":\"PropertyValue\",\"name\":\"Code postal\",\"value\":\"29770\"}]}},{\"@type\":\"ListItem\",\"position\":81,\"item\":{\"@type\":\"Thing\",\"name\":\"Initiation aux danses bretonnes\",\"description\":\"L\u2019association Ar C\u2019hab e Ta\u00f1sal vous invite \u00e0 entrer dans la ronde et vous propose une initiation aux danses bretonnes : gavotte, an dro, hanterdro, da\u00f1s plinn, rond de Saint-Vincent, cercle circassien, de quoi profiter des nombreux festo\u00f9-noz de l\u2019\u00e9t\u00e9. \\n\\nTous les mercredis soir, du mercredi 15 juillet au mercredi 26 ao\u00fbt 2026, de 20h30 \u00e0 22h30, \u00e0 la Salle Chez Jeanne, 2, rue du G\u00e9n\u00e9ral-de-Gaulle, 29780 Plouhinec. Gratuit. \\n\\nPour adultes et enfants \u00e0 partir de 7 ans.\\n\\nContact : 07 89 31 72 93, archabetansal@gmail.com, https:\/\/association-archabetansal.jimdofree.com.\\n\\nUn espace buvette est \u00e0 disposition \u00e0 la pause.\\n\\nParticipation libre au chapeau. La recette du chapeau sera revers\u00e9e \u00e0 la recherche contre le cancer p\u00e9diatrique, par le biais de l\u2019association Un horizon d\u2019espoir.\\n\\nEnsemble mettons l\u2019\u00e9nergie de la danse au profit d\u2019une cause qui nous tient \u00e0 c\u0153ur.\",\"url\":\"https:\/\/association-archabetansal.jimdofree.com\/\",\"geo\":{\"@type\":\"GeoCoordinates\",\"latitude\":48.0145538,\"longitude\":-4.4872651},\"additionalProperty\":[{\"@type\":\"PropertyValue\",\"name\":\"Titre\",\"value\":\"Initiation aux danses bretonnes\"},{\"@type\":\"PropertyValue\",\"name\":\"Cat\u00e9gorie\",\"value\":\"Spectacles & cin\u00e9ma\"},{\"@type\":\"PropertyValue\",\"name\":\"Ville\",\"value\":\"Plouhinec\"},{\"@type\":\"PropertyValue\",\"name\":\"Code postal\",\"value\":\"29780\"}]}},{\"@type\":\"ListItem\",\"position\":82,\"item\":{\"@type\":\"Thing\",\"name\":\"Le BBH affronte Besancon\",\"description\":\"C\u2019est la rentr\u00e9e pour les Rebelles ! Pour cette premi\u00e8re journ\u00e9e de la Ligue Butagaz \u00c9nergie, elles retrouvent leur public et accueillent l\u2019Entente Sportive Besan\u00e7on F\u00e9minin.\\n\\nPour ce premier rendez-vous de la saison, les Brestoises auront \u00e0 c\u0153ur de lancer leur championnat de la meilleure des mani\u00e8res face \u00e0 une \u00e9quipe bisontine habitu\u00e9e aux joutes du haut niveau. Une belle affiche pour retrouver l\u2019intensit\u00e9, l\u2019engagement et l\u2019ambiance qui font vibrer la Brest Arena \u00e0 chaque rencontre.\\n\\nQue vous soyez fid\u00e8le supporter, amateur de handball ou simplement curieux de d\u00e9couvrir le spectacle offert par le sport f\u00e9minin de haut niveau, venez encourager les Rebelles et partager avec elles ce premier grand moment de la saison !\\n\\nUn rendez-vous sportif et convivial \u00e0 vivre en famille ou entre amis, au c\u0153ur de Brest.\\n\\nInformations pratiques : \\nDates et horaires donn\u00e9s \u00e0 titre indicatif, sous r\u00e9serve de modification. \\nR\u00e9servation fortement recommand\u00e9e.\\n\\nO\u00f9 acheter vos billets ? \\nAu si\u00e8ge du Brest Bretagne Handball (Brest Arena \u2013 C\u00f4t\u00e9 parking \u2013 Acc\u00e8s par la passerelle \u00e0 l\u2019ext\u00e9rieur, 02 29 00 74 48)\\nAu guichet de Brest Arena le jour du match (sous r\u00e9serve de places disponibles) 1h30 avant la rencontre\\nEn ligne.\",\"url\":\"https:\/\/brestarena.fr\/event\/bbh-besancon\/\",\"geo\":{\"@type\":\"GeoCoordinates\",\"latitude\":48.3873947,\"longitude\":-4.5199544},\"additionalProperty\":[{\"@type\":\"PropertyValue\",\"name\":\"Titre\",\"value\":\"Le BBH affronte Besancon\"},{\"@type\":\"PropertyValue\",\"name\":\"Cat\u00e9gorie\",\"value\":\"En famille\"},{\"@type\":\"PropertyValue\",\"name\":\"Ville\",\"value\":\"Brest\"},{\"@type\":\"PropertyValue\",\"name\":\"Code postal\",\"value\":\"29200\"}]}},{\"@type\":\"ListItem\",\"position\":83,\"item\":{\"@type\":\"Thing\",\"name\":\"EsCAP'ade historique en sac \u00e0 dos\",\"description\":\"Partez \u00e0 la d\u00e9couverte des rues de Pont-Croix avec un sac \u00e0 dos rempli d'\u00e9nigmes pour en apprendre davantage sur cette cit\u00e9.\\n\\n\u00c0 mi-chemin entre visite guid\u00e9e et g\u00e9ocaching, ces EsCAP'ade permettent de d\u00e9couvrir de fa\u00e7on ludique l'histoire de Pont-Croix. Lecture, balade, observation et d\u00e9ductions sont n\u00e9cessaires pour ouvrir les poches du sac \u00e0 dos et mener \u00e0 bien la mission.\\n\\nLa visite dure entre 1h30 et 2h, \u00e0 r\u00e9aliser \u00e0 votre rythme. Elle est d\u00e9conseill\u00e9e aux enfants de moins de 7 ans.\\n\\nPlusieurs missions sont disponibles, dont une en anglais.\",\"url\":\"https:\/\/escap29.fr\/\",\"geo\":{\"@type\":\"GeoCoordinates\",\"latitude\":48.040988,\"longitude\":-4.487926},\"additionalProperty\":[{\"@type\":\"PropertyValue\",\"name\":\"Titre\",\"value\":\"EsCAP'ade historique en sac \u00e0 dos\"},{\"@type\":\"PropertyValue\",\"name\":\"Cat\u00e9gorie\",\"value\":\"En famille\"},{\"@type\":\"PropertyValue\",\"name\":\"Ville\",\"value\":\"Pont-Croix\"},{\"@type\":\"PropertyValue\",\"name\":\"Code postal\",\"value\":\"29790\"}]}},{\"@type\":\"ListItem\",\"position\":84,\"item\":{\"@type\":\"Thing\",\"name\":\"Concert harpe et quatuor \u00e0 corde\",\"description\":\"Cinq jeunes talents nous propose un programme exceptionnel. Le programme Paris\u2013Vienne propose un dialogue entre deux foyers majeurs de la modernit\u00e9 musicale \u00e0 la fin du XIXe et au d\u00e9but du XXe si\u00e8cle. \u00c0 cette \u00e9poque, de nouvelles esth\u00e9tiques \u00e9mergent et transforment profond\u00e9ment le langage musical, aussi bien \u00e0 Vienne qu\u2019\u00e0 Paris. Des \u00e9lans post-romantiques d\u2019Anton Webern et de Gustav Mahler \u00e0 la po\u00e9sie fran\u00e7aise de Claude Debussy et d\u2019Andr\u00e9 Caplet, ces univers singuliers se r\u00e9pondent et s\u2019\u00e9clairent mutuellement. Ce programme pr\u00e9sente ainsi plusieurs \u0153uvres embl\u00e9matiques du r\u00e9pertoire viennois, qui illustrent la profondeur expressive et la richesse harmonique de cet esth\u00e9tique : le Langsamer Satz de Webern, l\u2019Adagietto de la Symphonie n\u00b05 de Mahler, ou encore le lied Der Doppelg\u00e4nger, extrait du Schwanengesang de Schubert. En regard, le programme met en lumi\u00e8re deux \u0153uvres fran\u00e7aises, pour harpe et quatuor \u00e0 cordes. Plus rares mais tout aussi marquantes, les Deux danses de Debussy.\\nAvec Jos\u00e9phine Plagnol harpe, Thomas Briant, violon, Ocard Hetzfeld, violon, Alberic Boullenois, violoncelle et Cl\u00e9ment Pimenta, alto\",\"url\":\"http:\/\/www.pontargler.com\/\",\"geo\":{\"@type\":\"GeoCoordinates\",\"latitude\":48.29366,\"longitude\":-4.26813},\"additionalProperty\":[{\"@type\":\"PropertyValue\",\"name\":\"Titre\",\"value\":\"Concert harpe et quatuor \u00e0 corde\"},{\"@type\":\"PropertyValue\",\"name\":\"Cat\u00e9gorie\",\"value\":\"Concerts, musique & festivals\"},{\"@type\":\"PropertyValue\",\"name\":\"Ville\",\"value\":\"Land\u00e9vennec\"},{\"@type\":\"PropertyValue\",\"name\":\"Code postal\",\"value\":\"29560\"}]}},{\"@type\":\"ListItem\",\"position\":85,\"item\":{\"@type\":\"Thing\",\"name\":\"March\u00e9 d'Argol\",\"description\":\"Pr\u00e9sence de marchands ambulants de 9h00 \u00e0 12h00\",\"geo\":{\"@type\":\"GeoCoordinates\",\"latitude\":48.2453,\"longitude\":-4.31641},\"additionalProperty\":[{\"@type\":\"PropertyValue\",\"name\":\"Titre\",\"value\":\"March\u00e9 d'Argol\"},{\"@type\":\"PropertyValue\",\"name\":\"Cat\u00e9gorie\",\"value\":\"March\u00e9s & foires\"},{\"@type\":\"PropertyValue\",\"name\":\"Ville\",\"value\":\"Argol\"},{\"@type\":\"PropertyValue\",\"name\":\"Code postal\",\"value\":\"29560\"}]}},{\"@type\":\"ListItem\",\"position\":86,\"item\":{\"@type\":\"Thing\",\"name\":\"Exposition Peinture Thierry Labruyere\",\"description\":\"Exposition de peinture \u00e0 l'Espace Culturel Escale Marine du 11 Juillet au 31 Aout . \\nLa Presqu'ile de Crozon sublim\u00e9s sur de Grands Formats tous les jours de 16h \u00e0 20h .\",\"url\":\"http:\/\/labruyerethierry.com\/\",\"geo\":{\"@type\":\"GeoCoordinates\",\"latitude\":48.22512,\"longitude\":-4.50659},\"additionalProperty\":[{\"@type\":\"PropertyValue\",\"name\":\"Titre\",\"value\":\"Exposition Peinture Thierry Labruyere\"},{\"@type\":\"PropertyValue\",\"name\":\"Cat\u00e9gorie\",\"value\":\"Expositions\"},{\"@type\":\"PropertyValue\",\"name\":\"Ville\",\"value\":\"Crozon\"},{\"@type\":\"PropertyValue\",\"name\":\"Code postal\",\"value\":\"29160\"}]}},{\"@type\":\"ListItem\",\"position\":87,\"item\":{\"@type\":\"Thing\",\"name\":\"F\u00fchrungen durch die Altstadt, auf Deutsch.\",\"description\":\"Entdecken Sie die reiche und bewegte Geschichte dieses Fischereihafens, von der Vorgeschichte bis Heute. Bummeln Sie durch die Gassen der Altstadt, die zum alten Hafen Rosmeur f\u00fchren, wo es, einst, von Ruderbooten f\u00fcr den Sardinenfischfang wimmelte. Treffen Sie den Geist der \\\"Penn Sardin\\\" Stadt.\\nAusk\u00fcnfte, Einschreibung, Abgehen : Office de Tourisme\",\"url\":\"http:\/\/www.douarnenez-tourisme.com\/\",\"geo\":{\"@type\":\"GeoCoordinates\",\"latitude\":48.0932841,\"longitude\":-4.3306155},\"additionalProperty\":[{\"@type\":\"PropertyValue\",\"name\":\"Titre\",\"value\":\"F\u00fchrungen durch die Altstadt, auf Deutsch.\"},{\"@type\":\"PropertyValue\",\"name\":\"Cat\u00e9gorie\",\"value\":\"Autres \u00e9v\u00e9nements\"},{\"@type\":\"PropertyValue\",\"name\":\"Ville\",\"value\":\"Douarnenez\"},{\"@type\":\"PropertyValue\",\"name\":\"Code postal\",\"value\":\"29100\"}]}},{\"@type\":\"ListItem\",\"position\":88,\"item\":{\"@type\":\"Thing\",\"name\":\"Balade nocturne autour des phares de l'Iroise (Corsen)\",\"description\":\"Balade \u00e0 la Pointe de Corsen : quand la nuit s\u2019allume de l\u00e9gendes...\\n\\n\u00c0 la tomb\u00e9e du jour, laissez-vous guider le long de la c\u00f4te sauvage d\u2019Iroise.\\nSous le ciel \u00e9toil\u00e9, les phares et feux marins commencent leur ballet lumineux.\\n\\nUn voyage entre histoire et \u00e9clats de lumi\u00e8re.  \\nD\u00e9couvrez l\u2019univers fascinant de la s\u00e9curit\u00e9 maritime, des r\u00e9cits de temp\u00eates aux anecdotes des gardiens de phares.\\nPlongez dans l\u2019histoire de ces g\u00e9ants mythiques, veilleurs infatigables de nos c\u00f4tes.\\nSaurez-vous rep\u00e9rer les 12 phares visibles depuis la Pointe de Corsen ?\\n\\nUne exp\u00e9rience magique au cr\u00e9puscule entre le souffle du vent, le bruit des vagues et la danse des lumi\u00e8res, cette balade est bien plus qu\u2019une promenade, c\u2019est une immersion dans l\u2019\u00e2me maritime du Finist\u00e8re.\\n\\nRejoignez-nous pour une soir\u00e9e inoubliable, o\u00f9 chaque \u00e9clat raconte une histoire.\\n\\nPr\u00eats \u00e0 voir la mer d'Iroise comme vous ne l\u2019avez jamais vue ?\\n\\nHoraire en fonction du coucher du soleil. Sur r\u00e9servation.\",\"url\":\"https:\/\/www.iroise-sauvage.com\/services-8\",\"geo\":{\"@type\":\"GeoCoordinates\",\"latitude\":48.413054,\"longitude\":-4.795125},\"additionalProperty\":[{\"@type\":\"PropertyValue\",\"name\":\"Titre\",\"value\":\"Balade nocturne autour des phares de l'Iroise (Corsen)\"},{\"@type\":\"PropertyValue\",\"name\":\"Cat\u00e9gorie\",\"value\":\"Sport & randonn\u00e9e\"},{\"@type\":\"PropertyValue\",\"name\":\"Ville\",\"value\":\"Plouarzel\"},{\"@type\":\"PropertyValue\",\"name\":\"Code postal\",\"value\":\"29810\"}]}},{\"@type\":\"ListItem\",\"position\":89,\"item\":{\"@type\":\"Thing\",\"name\":\"Jeu de piste \\\"Le fant\u00f4me de l'abbaye\\\"\",\"description\":\"Alerte !\\n\\nL'abbaye de Saint-Mathieu est en proie aux farces malicieuses d'un fant\u00f4me. La derni\u00e8re victime n'est autre que l'abb\u00e9 Chamel dont la cheville a \u00e9t\u00e9 foul\u00e9e.\\n\\nIl est grand temps d'arr\u00eater cet esprit fac\u00e9tieux avant qu'un incident plus grave ne survienne !\\n\\nSon apparition est pour le moment inexpliqu\u00e9e, y aurait-il un tra\u00eetre au sein de la communaut\u00e9 monastique ? \\n\\n\u00c0 l'aide du Fr\u00e8re Husse, venez r\u00e9soudre les \u00e9nigmes du fant\u00f4me, relevez les d\u00e9fis et tentez de le capturer afin de ramener le calme \u00e0 l'abbaye.  \\n\\nSur r\u00e9servation.\",\"url\":\"https:\/\/phares-iroise.bzh\/\",\"geo\":{\"@type\":\"GeoCoordinates\",\"latitude\":48.3298633,\"longitude\":-4.7709141},\"additionalProperty\":[{\"@type\":\"PropertyValue\",\"name\":\"Titre\",\"value\":\"Jeu de piste \\\"Le fant\u00f4me de l'abbaye\\\"\"},{\"@type\":\"PropertyValue\",\"name\":\"Cat\u00e9gorie\",\"value\":\"En famille\"},{\"@type\":\"PropertyValue\",\"name\":\"Ville\",\"value\":\"Plougonvelin\"},{\"@type\":\"PropertyValue\",\"name\":\"Code postal\",\"value\":\"29217\"}]}},{\"@type\":\"ListItem\",\"position\":90,\"item\":{\"@type\":\"Thing\",\"name\":\"Visite - La plage de Lanvoy et ses fossiles\",\"description\":\"La plage de Lanvoy et ses fossiles : une histoire vieille de 400 millions d'ann\u00e9es !\\n\\nLa rade de Brest est une r\u00e9gion riche en fossiles bien connus des pal\u00e9ontologues depuis des d\u00e9cennies. Fig\u00e9s aujourd\u2019hui dans les roches des plages de la rade, ils sont les t\u00e9moins d\u2019une vie qui a prosp\u00e9r\u00e9 il y a pr\u00e8s de 400 millions d\u2019ann\u00e9es. \\n\\nLa visite propose de d\u00e9couvrir les secrets de la plage de Lanvoy directement sur le terrain. \\nNous observerons et verrons comment reconna\u00eetre les principaux types de roches (granites, gr\u00e8s, calcaires, schistes\u2026) et les grands groupes d\u2019animaux fossiles (coraux, mollusques, trilobites\u2026) qui ont v\u00e9cu dans la rade \u00e0 une p\u00e9riode de l\u2019histoire de la Terre o\u00f9 la Bretagne montrait un paysage totalement diff\u00e9rent compar\u00e9 \u00e0 celui que nous connaissons.\\n\\n- R\u00e9servation obligatoire.\\n- Nombre de places limit\u00e9.\",\"geo\":{\"@type\":\"GeoCoordinates\",\"latitude\":48.2971423,\"longitude\":-4.2250107},\"additionalProperty\":[{\"@type\":\"PropertyValue\",\"name\":\"Titre\",\"value\":\"Visite - La plage de Lanvoy et ses fossiles\"},{\"@type\":\"PropertyValue\",\"name\":\"Cat\u00e9gorie\",\"value\":\"Sport & randonn\u00e9e\"},{\"@type\":\"PropertyValue\",\"name\":\"Ville\",\"value\":\"Hanvec\"},{\"@type\":\"PropertyValue\",\"name\":\"Code postal\",\"value\":\"29460\"}]}},{\"@type\":\"ListItem\",\"position\":91,\"item\":{\"@type\":\"Thing\",\"name\":\"Pr\u00e9sentation du travail de la nacre\",\"description\":\"Un artisanat rare. Nous ne sommes qu\u2019une dizaine en France \u00e0 travailler cette mati\u00e8re premi\u00e8re. L'atelier est int\u00e9gr\u00e9 \u00e0 la boutique et me permet, en plus d'y cr\u00e9er des bijoux, de faire des pr\u00e9sentations de mon savoir-faire et du travail de la nacre. Du mardi au samedi \u00e0 14h30.\\n\\nInscription obligatoire.\",\"url\":\"http:\/\/atelierdelanacre.fr\/\",\"geo\":{\"@type\":\"GeoCoordinates\",\"latitude\":48.02369,\"longitude\":-4.53993},\"additionalProperty\":[{\"@type\":\"PropertyValue\",\"name\":\"Titre\",\"value\":\"Pr\u00e9sentation du travail de la nacre\"},{\"@type\":\"PropertyValue\",\"name\":\"Cat\u00e9gorie\",\"value\":\"Autres \u00e9v\u00e9nements\"},{\"@type\":\"PropertyValue\",\"name\":\"Ville\",\"value\":\"Audierne\"},{\"@type\":\"PropertyValue\",\"name\":\"Code postal\",\"value\":\"29770\"}]}},{\"@type\":\"ListItem\",\"position\":92,\"item\":{\"@type\":\"Thing\",\"name\":\"Atelier Chantier de fouilles\",\"description\":\"L'atelier d\u00e9bute par une introduction sur l\u2019arch\u00e9ologie autour d\u2019une coupe stratigraphique repr\u00e9sentant les sols du monast\u00e8re : chaque niveau t\u00e9moigne d\u2019une p\u00e9riode ou d\u2019un \u00e9v\u00e9nement marquant de l'histoire du site. Puis mise en pratique dans un mini chantier fictif avec analyse des d\u00e9couvertes et bilan des fouilles !\",\"url\":\"http:\/\/www.cdp29.fr\/\",\"geo\":{\"@type\":\"GeoCoordinates\",\"latitude\":48.29135,\"longitude\":-4.26745},\"additionalProperty\":[{\"@type\":\"PropertyValue\",\"name\":\"Titre\",\"value\":\"Atelier Chantier de fouilles\"},{\"@type\":\"PropertyValue\",\"name\":\"Cat\u00e9gorie\",\"value\":\"En famille\"},{\"@type\":\"PropertyValue\",\"name\":\"Ville\",\"value\":\"Land\u00e9vennec\"},{\"@type\":\"PropertyValue\",\"name\":\"Code postal\",\"value\":\"29560\"}]}},{\"@type\":\"ListItem\",\"position\":93,\"item\":{\"@type\":\"Thing\",\"name\":\"S\u00e9ances de Yoga sur la plage\",\"description\":\"S\u00e9ances de Yoga sur la plage de Trescadec. Professeure dipl\u00f4m\u00e9e de l'Ecole Fran\u00e7aise de Yoga.\\nLes mardis \u00e0 10h30 et les jeudis \u00e0 18h30.\\n13\u20ac\/personne comprenant le tapis, r\u00e9servation obligatoire\\nS\u00e9ance sur mesure (individuelle, entre amis, en famille...) sur demande.\",\"url\":\"https:\/\/nirodha-yoga.fr\/\",\"geo\":{\"@type\":\"GeoCoordinates\",\"latitude\":48.0118551,\"longitude\":-4.5441499},\"additionalProperty\":[{\"@type\":\"PropertyValue\",\"name\":\"Titre\",\"value\":\"S\u00e9ances de Yoga sur la plage\"},{\"@type\":\"PropertyValue\",\"name\":\"Cat\u00e9gorie\",\"value\":\"Autres \u00e9v\u00e9nements\"},{\"@type\":\"PropertyValue\",\"name\":\"Ville\",\"value\":\"Audierne\"},{\"@type\":\"PropertyValue\",\"name\":\"Code postal\",\"value\":\"29770\"}]}},{\"@type\":\"ListItem\",\"position\":94,\"item\":{\"@type\":\"Thing\",\"name\":\"Randonn\u00e9e p\u00e9destre - Elorn et Gorre menez\",\"description\":\"Lo Pieds Rhet Rando vous donne rendez-vous pour une randonn\u00e9e de 10 km sur le sentier littoral de Loperhet.\\nPot offert \u00e0 l'arriv\u00e9e, avec far breton.\\n\\nRDV lieu-dit Menguen, route de Traon-Elorn \u00e0 Loperhet pour le d\u00e9part.\\n\\nRandonn\u00e9e ouverte \u00e0 tous, anim\u00e9e pas des b\u00e9n\u00e9voles des clubs affili\u00e9s FFRandonn\u00e9es.\\n\\nPour les randos \u00e0 la journ\u00e9e pr\u00e9voir pique-nique, de bonnes chaussures, de l'eau, cr\u00e8me solaire et chapeau, coupe-vent, des embouts en caoutchouc pour b\u00e2tons de marche.\",\"geo\":{\"@type\":\"GeoCoordinates\",\"latitude\":48.4076506,\"longitude\":-4.3251918},\"additionalProperty\":[{\"@type\":\"PropertyValue\",\"name\":\"Titre\",\"value\":\"Randonn\u00e9e p\u00e9destre - Elorn et Gorre menez\"},{\"@type\":\"PropertyValue\",\"name\":\"Cat\u00e9gorie\",\"value\":\"Sport & randonn\u00e9e\"},{\"@type\":\"PropertyValue\",\"name\":\"Ville\",\"value\":\"Loperhet\"},{\"@type\":\"PropertyValue\",\"name\":\"Code postal\",\"value\":\"29470\"}]}},{\"@type\":\"ListItem\",\"position\":95,\"item\":{\"@type\":\"Thing\",\"name\":\"\u00c0 la lisi\u00e8re, entre l'eau et la berge, entre la terre et le large\",\"description\":\"L'association Maison-phare du Millier pr\u00e9sente 2 expositions avant la restauration du lieu. \\n\\nUne exposition sur l'histoire de cette construction de signalisation maritime au XIX\u00e8me si\u00e8cle.\\n\\nEt les peintures de Laurence Bernard en \u00e9cho \u00e0 la berge, la terre, le large et l'eau. Les \u0153uvres de l'artiste t\u00e9moignent de la recherche d'un geste graphique qui devient mouvement, amplitude, ondulation et respiration. Laurence Bernard peint sur toiles de lin et de chanvre du XIXe si\u00e8cle.\",\"url\":\"https:\/\/wwww.maisonpharedumillier.fr\/\",\"geo\":{\"@type\":\"GeoCoordinates\",\"latitude\":48.0990005,\"longitude\":-4.4655718},\"additionalProperty\":[{\"@type\":\"PropertyValue\",\"name\":\"Titre\",\"value\":\"\u00c0 la lisi\u00e8re, entre l'eau et la berge, entre la terre et le large\"},{\"@type\":\"PropertyValue\",\"name\":\"Cat\u00e9gorie\",\"value\":\"Expositions\"},{\"@type\":\"PropertyValue\",\"name\":\"Ville\",\"value\":\"Beuzec-Cap-Sizun\"},{\"@type\":\"PropertyValue\",\"name\":\"Code postal\",\"value\":\"29790\"}]}},{\"@type\":\"ListItem\",\"position\":96,\"item\":{\"@type\":\"Thing\",\"name\":\"Journ\u00e9e des Abris\",\"description\":\"Cette journ\u00e9e est organis\u00e9e dans le cadre des c\u00e9r\u00e9monies comm\u00e9moratives de la Lib\u00e9ration de Brest. Elles se d\u00e9rouleront successivement sur quatre sites pour rendre hommage aux nombreuses victimes civiles des bombardements.\\n\\nD\u00e9roul\u00e9 des c\u00e9r\u00e9monies :\\n9h15 : Abri de Saint-Pierre (mur d\u2019enceinte de l\u2019\u00e9glise, route des Quatre-Pompes)\\n10h00 : Abri de Lamb\u00e9zellec (bois de la Brasserie, rue Marguerite Duras)\\n10h45 : Abri de l\u2019H\u00f4pital Ponchelet (entr\u00e9e rue Jules Guesde)\\n11h15 : Abri Sadi Carnot (entr\u00e9e rue Emile Zola partie haute)\",\"url\":\"https:\/\/brest.fr\/journee-des-abris\",\"geo\":{\"@type\":\"GeoCoordinates\",\"latitude\":48.39048,\"longitude\":-4.48671},\"additionalProperty\":[{\"@type\":\"PropertyValue\",\"name\":\"Titre\",\"value\":\"Journ\u00e9e des Abris\"},{\"@type\":\"PropertyValue\",\"name\":\"Cat\u00e9gorie\",\"value\":\"Autres \u00e9v\u00e9nements\"},{\"@type\":\"PropertyValue\",\"name\":\"Ville\",\"value\":\"Brest\"},{\"@type\":\"PropertyValue\",\"name\":\"Code postal\",\"value\":\"29200\"}]}},{\"@type\":\"ListItem\",\"position\":97,\"item\":{\"@type\":\"Thing\",\"name\":\"Hermeline, Seule en Sc\u00e8ne-One Woman Show\",\"description\":\"On croit qu\u2019on a oubli\u00e9 ? C\u2019est faux.\\n\\nIl suffit d\u2019un son. D\u2019une voix. D\u2019une cassette qui gr\u00e9sille. George Michael r\u00e9\u00e9dit\u00e9.\\n\\nEt tout revient de votre vous d'hier. Les \u00e9motions. L\u2019\u00e2ge. Intacts.\\n\\nHermeline rembobine. Et vous tend le micro.\\n\\nUn seule en sc\u00e8ne intimiste et interactif, o\u00f9 les souvenirs prennent l\u2019antenne.\\n\\n\u00c9lucubrations, confidences, nostalgie en partage.\\n\\nEt vous, quel est votre souvenir vintage ?\\n\\n\\nInformations pratiques :\\n\\nDur\u00e9e 1h15\\nTout public\\nSalle accessible aux PMR\\nPlacement libre, par ordre d'arriv\u00e9e\\nAcc\u00e8s \u00e0 la salle possible avec contr\u00f4le billet 30 minutes avant le d\u00e9but de la repr\u00e9sentation\\nL'horaire indiqu\u00e9 correspond \u00e0 l'heure de d\u00e9but du spectacle. Toute personne se pr\u00e9sentant apr\u00e8s cet horaire, m\u00eame en possession d'un billet, pourra se voir refuser l'acc\u00e8s \u00e0 la salle.\",\"url\":\"https:\/\/comediedufinistere.fr\/spectacles\/hermeline\/\",\"geo\":{\"@type\":\"GeoCoordinates\",\"latitude\":48.3890223,\"longitude\":-4.4983387},\"additionalProperty\":[{\"@type\":\"PropertyValue\",\"name\":\"Titre\",\"value\":\"Hermeline, Seule en Sc\u00e8ne-One Woman Show\"},{\"@type\":\"PropertyValue\",\"name\":\"Cat\u00e9gorie\",\"value\":\"Spectacles & cin\u00e9ma\"},{\"@type\":\"PropertyValue\",\"name\":\"Ville\",\"value\":\"Brest\"},{\"@type\":\"PropertyValue\",\"name\":\"Code postal\",\"value\":\"29200\"}]}},{\"@type\":\"ListItem\",\"position\":98,\"item\":{\"@type\":\"Thing\",\"name\":\"D\u00e9couverte de la marche afghane avec Terre d'\u00e9cume\",\"description\":\"La marche afghane est une technique de respiration qui permet de synchroniser sa respiration avec le pas en fonction du terrain.\\n\\nMarchez aux c\u00f4t\u00e9s de Terre d'\u00e9cume sur les d\u00e9nivel\u00e9s de l\u2019Iroise pour exp\u00e9rimenter cette technique qui vous permettra de g\u00e9rer votre effort physique pendant la marche. Nous travaillerons \u00e9galement sur la prise de conscience du corps et sur la r\u00e9cup\u00e9ration. Rendez-vous sur le GR34 pour d\u00e9couvrir une nouvelle exp\u00e9rience de marche.\\n\\nNiveau de difficult\u00e9 et parcours adapt\u00e9 \u00e0 vos besoins et envies.\\n\\nR\u00e9servable en formule \\\"cocon solo\\\", vous partez seul avec moi pour vous faire chouchouter ou pour rallier un objectif personnel ( gestion du stress, pr\u00e9paration physique, pr\u00e9paration d'un trek ou GR...).\\n\\nInformations pratiques : \\n\\nLieux : GR34 ( lieux de d\u00e9parts entre Ste Anne du Portzic, phare du petit minou et plage de Porsmilin).\\nLes mardis \u00e0 13h 30 \\nNombre de places limit\u00e9 \u00e0 15 personnes\/journ\u00e9e.\\n\u00c0 partir de 16 ans.\\nDur\u00e9e : 2 \u00e0 3h\\n> R\u00e9servation en ligne ou par t\u00e9l\u00e9phone.\\n\\nCartes cadeaux disponibles.\",\"url\":\"https:\/\/terredecume.fr\/\",\"geo\":{\"@type\":\"GeoCoordinates\",\"latitude\":48.35619,\"longitude\":-4.67838},\"additionalProperty\":[{\"@type\":\"PropertyValue\",\"name\":\"Titre\",\"value\":\"D\u00e9couverte de la marche afghane avec Terre d'\u00e9cume\"},{\"@type\":\"PropertyValue\",\"name\":\"Cat\u00e9gorie\",\"value\":\"Sport & randonn\u00e9e\"},{\"@type\":\"PropertyValue\",\"name\":\"Ville\",\"value\":\"Plouzan\u00e9\"},{\"@type\":\"PropertyValue\",\"name\":\"Code postal\",\"value\":\"29280\"}]}},{\"@type\":\"ListItem\",\"position\":99,\"item\":{\"@type\":\"Thing\",\"name\":\"Les Marguerites #2 \u2013 March\u00e9 de micro-\u00e9ditions\",\"description\":\"Les Marguerites poussent pour une deuxi\u00e8me \u00e9dition, arros\u00e9es par la librairie La Pluie d'\u00c9t\u00e9 ! \\n\\nRetrouvez les productions d'artistes et d'artisan\u00b7es de l'image et du papier, qui con\u00e7oivent et fa\u00e7onnent des objets imprim\u00e9s, des fanzines et de la papeterie. \\n\\nLa journ\u00e9e sera ponctu\u00e9e par un concert de la chorale des Ondes Vagabondes \u00e0 17h. \\n\\nPetite restauration sur place, propos\u00e9e par la librairie.\",\"url\":\"http:\/\/lapluiedete.fr\/\",\"geo\":{\"@type\":\"GeoCoordinates\",\"latitude\":48.0410261,\"longitude\":-4.4879467},\"additionalProperty\":[{\"@type\":\"PropertyValue\",\"name\":\"Titre\",\"value\":\"Les Marguerites #2 \u2013 March\u00e9 de micro-\u00e9ditions\"},{\"@type\":\"PropertyValue\",\"name\":\"Cat\u00e9gorie\",\"value\":\"Autres \u00e9v\u00e9nements\"},{\"@type\":\"PropertyValue\",\"name\":\"Ville\",\"value\":\"Pont-Croix\"},{\"@type\":\"PropertyValue\",\"name\":\"Code postal\",\"value\":\"29790\"}]}},{\"@type\":\"ListItem\",\"position\":100,\"item\":{\"@type\":\"Thing\",\"name\":\"F\u00eate de l'ULAMIR \u00e0 l'Incroyable Jardin\",\"description\":\"L'ULAMIR vous propose de conclure ces vacances d'\u00e9t\u00e9, lors d'un \u00e9v\u00e8nement doux et convivial. Pour l'occasion nous vous accueillons \u00e0 l'Incroyable jardin de Crozon. \\n\\n\\nUn atelier participatif pour tous les ages sera propos\u00e9 pour r\u00e9fl\u00e9chir \u00e0 l'Incroyable Centre social que nous imaginerons ensemble de mani\u00e8re ludique. \\n\\n\\nL'accueil de l'ULAMIR sera exceptionnellement au grand air pour l'occasion, vous pourrez d'ores et d\u00e9j\u00e0 adh\u00e9rer, ou bien vous pr\u00e9-inscrire sur les activit\u00e9s qui vous int\u00e9ressent. Et aussi et surtout venir nous rencontrer pour discuter et d\u00e9couvrir ou bien red\u00e9couvrir l'ULAMIR. \\n\\n\\nDes animations seront propos\u00e9e pour toutes et tous en libre acc\u00e8s ainsi que des cr\u00eapes \u00e0 l'odeur all\u00e9chante. \\n\\n\\n\u00e0 15h30 nous vous proposerons un spectacle libre et gratuit avec la compagnie A corps et Ames:\\n\\nLes Vovos:\\n\\nLes Vov\u00f3s sont deux tr\u00e8s vieilles femmes qui essayent tous les jours de se sentir bien dans leurs pompes. Elles ont plus d\u2019un tour dans leurs sacs pour prouver au monde que malgr\u00e9 leur \u00e2ge, on peut encore croquer la vie, embrasser son d\u00e9sir, parler d\u2019amour, d\u2019amiti\u00e9, de sexe, et de couches qui d\u00e9bordent.\\n\\nQue c\u2019est \u00e7a aussi, la vie. Et qu\u2019\u00e0 cela, personne n\u2019\u00e9chappe. Mais avant, elles \u00e9taient trois. Il y avait Abigail...\\n\\nCe spectacle est la c\u00e9r\u00e9monie d\u2019adieu \u00e0 leur amie. Munies de leurs d\u00e9ambulateurs et d\u2019une petite malle en bois dans laquelle sont collect\u00e9s pr\u00e9cieusement leurs souvenirs ensemble, c\u2019est \u00e0 travers la danse que Brooke et Maggie lui rendent un hommage intime et po\u00e9tique, afin d\u2019adoucir notre rapport \u00e0 la mort et suspendre le temps qui file.\\n\\nMaintenant, il faut continuer \u00e0 deux et danser pour ne pas perdre pied, et comme disait Pina Bausch \u00abDansez, dansez sinon nous sommes perdu.es...\u00bb\",\"geo\":{\"@type\":\"GeoCoordinates\",\"latitude\":48.23831,\"longitude\":-4.49593},\"additionalProperty\":[{\"@type\":\"PropertyValue\",\"name\":\"Titre\",\"value\":\"F\u00eate de l'ULAMIR \u00e0 l'Incroyable Jardin\"},{\"@type\":\"PropertyValue\",\"name\":\"Cat\u00e9gorie\",\"value\":\"Autres \u00e9v\u00e9nements\"},{\"@type\":\"PropertyValue\",\"name\":\"Ville\",\"value\":\"Crozon\"},{\"@type\":\"PropertyValue\",\"name\":\"Code postal\",\"value\":\"29160\"}]}},{\"@type\":\"ListItem\",\"position\":101,\"item\":{\"@type\":\"Thing\",\"name\":\"Visite guid\u00e9e \u00ab\u00a0Les rendez-vous de la Pointe\u00a0\u00bb\",\"description\":\"Comprendre un paysage d\u2019exception, en famille.\\n\\nCette visite guid\u00e9e invite petits et grands \u00e0 d\u00e9couvrir les paysages spectaculaires de la Pointe du Raz et \u00e0 comprendre ce qui fait la singularit\u00e9 de ce site embl\u00e9matique du Finist\u00e8re. Au fil du parcours, le guide d\u00e9crypte la formation des falaises, l\u2019influence des vents et des courants, ainsi que l\u2019histoire humaine intimement li\u00e9e \u00e0 ce bout du monde. Anecdotes, observations et \u00e9changes rythment la visite, pens\u00e9e pour \u00eatre accessible et ludique. Une formule id\u00e9ale pour une premi\u00e8re approche du site, \u00e0 partager en famille, entre terre et mer.\\n\\nD\u00e9part du s\u00e9maphore (\u00e0 800 m du parking) - Dur\u00e9e 1h\",\"url\":\"https:\/\/www.toutcommenceenfinistere.com\/pointe-du-raz\/preparer-sa-visite\/\",\"geo\":{\"@type\":\"GeoCoordinates\",\"latitude\":48.040859,\"longitude\":-4.670977},\"additionalProperty\":[{\"@type\":\"PropertyValue\",\"name\":\"Titre\",\"value\":\"Visite guid\u00e9e \u00ab\u00a0Les rendez-vous de la Pointe\u00a0\u00bb\"},{\"@type\":\"PropertyValue\",\"name\":\"Cat\u00e9gorie\",\"value\":\"Sport & randonn\u00e9e\"},{\"@type\":\"PropertyValue\",\"name\":\"Ville\",\"value\":\"Plogoff\"},{\"@type\":\"PropertyValue\",\"name\":\"Code postal\",\"value\":\"29770\"}]}},{\"@type\":\"ListItem\",\"position\":102,\"item\":{\"@type\":\"Thing\",\"name\":\"Visite guid\u00e9e \u00ab\u00a0Les rendez-vous de la Pointe\u00a0\u00bb\",\"description\":\"Comprendre un paysage d\u2019exception, en famille.\\n\\nCette visite guid\u00e9e invite petits et grands \u00e0 d\u00e9couvrir les paysages spectaculaires de la Pointe du Raz et \u00e0 comprendre ce qui fait la singularit\u00e9 de ce site embl\u00e9matique du Finist\u00e8re. Au fil du parcours, le guide d\u00e9crypte la formation des falaises, l\u2019influence des vents et des courants, ainsi que l\u2019histoire humaine intimement li\u00e9e \u00e0 ce bout du monde. Anecdotes, observations et \u00e9changes rythment la visite, pens\u00e9e pour \u00eatre accessible et ludique. Une formule id\u00e9ale pour une premi\u00e8re approche du site, \u00e0 partager en famille, entre terre et mer.\\n\\nD\u00e9part du s\u00e9maphore (\u00e0 800 m du parking) - Dur\u00e9e 1h\",\"url\":\"https:\/\/www.toutcommenceenfinistere.com\/pointe-du-raz\/preparer-sa-visite\/\",\"geo\":{\"@type\":\"GeoCoordinates\",\"latitude\":48.040859,\"longitude\":-4.670977},\"additionalProperty\":[{\"@type\":\"PropertyValue\",\"name\":\"Titre\",\"value\":\"Visite guid\u00e9e \u00ab\u00a0Les rendez-vous de la Pointe\u00a0\u00bb\"},{\"@type\":\"PropertyValue\",\"name\":\"Cat\u00e9gorie\",\"value\":\"Sport & randonn\u00e9e\"},{\"@type\":\"PropertyValue\",\"name\":\"Ville\",\"value\":\"Plogoff\"},{\"@type\":\"PropertyValue\",\"name\":\"Code postal\",\"value\":\"29770\"}]}},{\"@type\":\"ListItem\",\"position\":103,\"item\":{\"@type\":\"Thing\",\"name\":\"Soir\u00e9e tatouages \u00e9ph\u00e9m\u00e8res\",\"description\":\"Le temps d'une soir\u00e9e, laissez courir votre imagination et Guillaume Duval vous fera le tatouage (\u00e9ph\u00e9m\u00e8re) qui fera de vous le pirate ou le motard que vous avez toujours voulu \u00eatre !\",\"url\":\"http:\/\/www.larecredes3cures.com\/\",\"geo\":{\"@type\":\"GeoCoordinates\",\"latitude\":48.4749211,\"longitude\":-4.5265787},\"additionalProperty\":[{\"@type\":\"PropertyValue\",\"name\":\"Titre\",\"value\":\"Soir\u00e9e tatouages \u00e9ph\u00e9m\u00e8res\"},{\"@type\":\"PropertyValue\",\"name\":\"Cat\u00e9gorie\",\"value\":\"Spectacles & cin\u00e9ma\"},{\"@type\":\"PropertyValue\",\"name\":\"Ville\",\"value\":\"Milizac-Guipronvel\"},{\"@type\":\"PropertyValue\",\"name\":\"Code postal\",\"value\":\"29290\"}]}},{\"@type\":\"ListItem\",\"position\":104,\"item\":{\"@type\":\"Thing\",\"name\":\"Vide grenier de la rentr\u00e9e\",\"description\":\"Le Saint Renan Iroise V\u00e9lo organise son Vide Grenier. Pus de 300m d'exposants vous attendent pour chiner objets et v\u00eatements.\\nSur place se trouve une buvette ainsi que des sandwichs, des cr\u00eapes froment et bl\u00e9 Noir faites et \u00e0 d\u00e9guster sur place.\\nTarif entr\u00e9e 1\u20ac50 ( gratuit pour les moins de 15 ans ).\",\"geo\":{\"@type\":\"GeoCoordinates\",\"latitude\":48.43362,\"longitude\":-4.62076},\"additionalProperty\":[{\"@type\":\"PropertyValue\",\"name\":\"Titre\",\"value\":\"Vide grenier de la rentr\u00e9e\"},{\"@type\":\"PropertyValue\",\"name\":\"Cat\u00e9gorie\",\"value\":\"Brocantes & vide-greniers\"},{\"@type\":\"PropertyValue\",\"name\":\"Ville\",\"value\":\"Saint-Renan\"},{\"@type\":\"PropertyValue\",\"name\":\"Code postal\",\"value\":\"29290\"}]}},{\"@type\":\"ListItem\",\"position\":105,\"item\":{\"@type\":\"Thing\",\"name\":\"Visite guid\u00e9e \u00ab\u00a0Les rendez-vous de la Pointe\u00a0\u00bb\",\"description\":\"Comprendre un paysage d\u2019exception, en famille.\\n\\nCette visite guid\u00e9e invite petits et grands \u00e0 d\u00e9couvrir les paysages spectaculaires de la Pointe du Raz et \u00e0 comprendre ce qui fait la singularit\u00e9 de ce site embl\u00e9matique du Finist\u00e8re. Au fil du parcours, le guide d\u00e9crypte la formation des falaises, l\u2019influence des vents et des courants, ainsi que l\u2019histoire humaine intimement li\u00e9e \u00e0 ce bout du monde. Anecdotes, observations et \u00e9changes rythment la visite, pens\u00e9e pour \u00eatre accessible et ludique. Une formule id\u00e9ale pour une premi\u00e8re approche du site, \u00e0 partager en famille, entre terre et mer.\\n\\nD\u00e9part du s\u00e9maphore (\u00e0 800 m du parking) - Dur\u00e9e 1h\",\"url\":\"https:\/\/www.toutcommenceenfinistere.com\/pointe-du-raz\/preparer-sa-visite\/\",\"geo\":{\"@type\":\"GeoCoordinates\",\"latitude\":48.040859,\"longitude\":-4.670977},\"additionalProperty\":[{\"@type\":\"PropertyValue\",\"name\":\"Titre\",\"value\":\"Visite guid\u00e9e \u00ab\u00a0Les rendez-vous de la Pointe\u00a0\u00bb\"},{\"@type\":\"PropertyValue\",\"name\":\"Cat\u00e9gorie\",\"value\":\"Sport & randonn\u00e9e\"},{\"@type\":\"PropertyValue\",\"name\":\"Ville\",\"value\":\"Plogoff\"},{\"@type\":\"PropertyValue\",\"name\":\"Code postal\",\"value\":\"29770\"}]}},{\"@type\":\"ListItem\",\"position\":106,\"item\":{\"@type\":\"Thing\",\"name\":\"Atelier Arch\u00e9o'labo\",\"description\":\"D\u00e9couvre les m\u00e9tiers de l'arch\u00e9ologie gr\u00e2ce \u00e0 des travaux en \u00e9quipe autour de 5 postes scientifiques : Arch\u00e9ozoologie, Anthropologie, Carpologie...Une immersion ludique dans les coulisses des sciences m\u00e9connues de l'arch\u00e9ologie.\",\"url\":\"http:\/\/www.cdp29.fr\/\",\"geo\":{\"@type\":\"GeoCoordinates\",\"latitude\":48.29135,\"longitude\":-4.26745},\"additionalProperty\":[{\"@type\":\"PropertyValue\",\"name\":\"Titre\",\"value\":\"Atelier Arch\u00e9o'labo\"},{\"@type\":\"PropertyValue\",\"name\":\"Cat\u00e9gorie\",\"value\":\"Autres \u00e9v\u00e9nements\"},{\"@type\":\"PropertyValue\",\"name\":\"Ville\",\"value\":\"Land\u00e9vennec\"},{\"@type\":\"PropertyValue\",\"name\":\"Code postal\",\"value\":\"29560\"}]}},{\"@type\":\"ListItem\",\"position\":107,\"item\":{\"@type\":\"Thing\",\"name\":\"Les Beaux Dimanches de la Rue Saint-Malo\",\"description\":\"Les Beaux Dimanches sont des manifestations artistiques et culturelles organis\u00e9es, les dimanches apr\u00e8s-midi, depuis 2005, par l'association Vivre La Rue dans l'atypique Rue Saint-Malo, ruelle pav\u00e9e qu'elle pr\u00e9serve et anime \u00e0 Brest Recouvrance depuis 1990.\\n\\nCes dimanches apr\u00e8s-midi r\u00e9unissent des publics de les tous \u00e2ges et de toutes les cultures, des habitants du quartier de Recouvrance-Pontaniou-Queliverzan impliqu\u00e9s dans l'organisation de ces manifestations artistiques populaires et des artistes autour de spectacles de musique, th\u00e9\u00e2tre, danse, arts de la rue et du cirque, des expositions et des performances artistiques en \\\"live\\\", des projections de films avec d\u00e9bats en pr\u00e9sence des r\u00e9alisateurs, des jeux et ateliers, des lectures et pr\u00e9sentations de livres par leurs auteurs, du slam, des contes, et toutes formes de projets en coh\u00e9rence avec des valeurs humanistes et environnementales...\\n\\nDates des Beaux Dimanches 2026 : Les dimanches 7 et 14 juin, 6 et 13 septembre 2026 de 15h \u00e0 21h.\\n\\nTous publics.\\nRestauration et taverne bio et \u00e9quitable.\\nParticipation aux frais libre \u00e0 partir de 6\u20ac minimum et \u00e0 partir de 12 ans.\\nAcc\u00e8s tram et t\u00e9l\u00e9ph\u00e9rique Capucins.\",\"url\":\"http:\/\/vivrelarue.net\/\",\"geo\":{\"@type\":\"GeoCoordinates\",\"latitude\":48.38944,\"longitude\":-4.50179},\"additionalProperty\":[{\"@type\":\"PropertyValue\",\"name\":\"Titre\",\"value\":\"Les Beaux Dimanches de la Rue Saint-Malo\"},{\"@type\":\"PropertyValue\",\"name\":\"Cat\u00e9gorie\",\"value\":\"Concerts, musique & festivals\"},{\"@type\":\"PropertyValue\",\"name\":\"Ville\",\"value\":\"Brest\"},{\"@type\":\"PropertyValue\",\"name\":\"Code postal\",\"value\":\"29200\"}]}},{\"@type\":\"ListItem\",\"position\":108,\"item\":{\"@type\":\"Thing\",\"name\":\"Visite de l'Atelier de c\u00e9ramique \\\"Miss Terre de l'Ouest\\\"\",\"description\":\"D\u00e9couverte d'un atelier de c\u00e9ramique avec Mimi Caroff\\nLes mercredis de 17h \u00e0 18h et les vendredis de 9h30 \u00e0 10h30.\\nSur r\u00e9servation.\\nGratuit - de 18 ans\",\"geo\":{\"@type\":\"GeoCoordinates\",\"latitude\":48.094177,\"longitude\":-4.3268591},\"additionalProperty\":[{\"@type\":\"PropertyValue\",\"name\":\"Titre\",\"value\":\"Visite de l'Atelier de c\u00e9ramique \\\"Miss Terre de l'Ouest\\\"\"},{\"@type\":\"PropertyValue\",\"name\":\"Cat\u00e9gorie\",\"value\":\"Autres \u00e9v\u00e9nements\"},{\"@type\":\"PropertyValue\",\"name\":\"Ville\",\"value\":\"Douarnenez\"},{\"@type\":\"PropertyValue\",\"name\":\"Code postal\",\"value\":\"29100\"}]}},{\"@type\":\"ListItem\",\"position\":109,\"item\":{\"@type\":\"Thing\",\"name\":\"Dict\u00e9e \u00e0 la plume - Mus\u00e9e de l'\u00e9cole rurale\",\"description\":\"Les amis du mus\u00e9e, anciens \u00e9l\u00e8ves ou b\u00e9n\u00e9voles, vous invitent \u00e0 partager un moment convivial dans la salle de classe des ann\u00e9es 1910 autour d\u2019une dict\u00e9e extraite des manuels scolaires de la collection. L\u2019occasion de s\u2019essayer \u00e0 l\u2019\u00e9criture \u00e0 la plume et \u00e0 l\u2019encre violette et de faire ses devoirs de vacances !\\nTout public \u00e0 partir de 8 ans.\",\"url\":\"https:\/\/musee-ecole.fr\/\",\"geo\":{\"@type\":\"GeoCoordinates\",\"latitude\":48.2446376,\"longitude\":-4.2266491},\"additionalProperty\":[{\"@type\":\"PropertyValue\",\"name\":\"Titre\",\"value\":\"Dict\u00e9e \u00e0 la plume - Mus\u00e9e de l'\u00e9cole rurale\"},{\"@type\":\"PropertyValue\",\"name\":\"Cat\u00e9gorie\",\"value\":\"Autres \u00e9v\u00e9nements\"},{\"@type\":\"PropertyValue\",\"name\":\"Ville\",\"value\":\"Tr\u00e9garvan\"},{\"@type\":\"PropertyValue\",\"name\":\"Code postal\",\"value\":\"29560\"}]}},{\"@type\":\"ListItem\",\"position\":110,\"item\":{\"@type\":\"Thing\",\"name\":\"Gef\u00fchrter Fotospaziergang durch Douarnenez\",\"description\":\"Gef\u00fchrter Fotospaziergang durch Douarnenez :\\nEntdecken Sie mit dem Marco-Polo-Autor und erfahrenen Reiseleiter Errol Friedhelm Karakoc die Hafenstadt und ihre K\u00f6nigin, die Sardine. Auf den Spuren der hiesigen Fischer begegnen Sie streitbaren Damen, kuriosen Riten der heimischen Bev\u00f6lkerung, h\u00fcbscher Architektur aus den letzten Jahrhunderten, spannenden Legenden, vielleicht sogar Kommissar Dupin und haben dabei immer wieder den Blick auf die Bucht. Freuen Sie sich auf etwa zwei Stunden des Flanierens durch die Gassen des Hafenviertels Rosmeur.\\n\\nDauer: ca. 2h\\nSprache: auf Deutsch\\nSchwierigkeitsgrad: einfach bis mittel (leichte Steigungen\/Gef\u00e4lle auf st\u00e4dtischen Wegen, einige Stufen)\",\"url\":\"http:\/\/www.douarnenez-tourisme.com\/\",\"geo\":{\"@type\":\"GeoCoordinates\",\"latitude\":48.0931504,\"longitude\":-4.3310605},\"additionalProperty\":[{\"@type\":\"PropertyValue\",\"name\":\"Titre\",\"value\":\"Gef\u00fchrter Fotospaziergang durch Douarnenez\"},{\"@type\":\"PropertyValue\",\"name\":\"Cat\u00e9gorie\",\"value\":\"Autres \u00e9v\u00e9nements\"},{\"@type\":\"PropertyValue\",\"name\":\"Ville\",\"value\":\"Douarnenez\"},{\"@type\":\"PropertyValue\",\"name\":\"Code postal\",\"value\":\"29100\"}]}},{\"@type\":\"ListItem\",\"position\":111,\"item\":{\"@type\":\"Thing\",\"name\":\"Atelier nature - les petites b\u00eates du ch\u00e2teau\",\"description\":\"Explorez le parc du ch\u00e2teau pour d\u00e9couvrir les insectes qui s'y cachent. Au programme, p\u00eache dans le lavoir, observation des pollinisateurs et grand jeu des abeilles.\",\"url\":\"https:\/\/www.kerveatoux.fr\/Calendrier-et-Inscriptions\",\"geo\":{\"@type\":\"GeoCoordinates\",\"latitude\":48.433551,\"longitude\":-4.6611348},\"additionalProperty\":[{\"@type\":\"PropertyValue\",\"name\":\"Titre\",\"value\":\"Atelier nature - les petites b\u00eates du ch\u00e2teau\"},{\"@type\":\"PropertyValue\",\"name\":\"Cat\u00e9gorie\",\"value\":\"En famille\"},{\"@type\":\"PropertyValue\",\"name\":\"Ville\",\"value\":\"Plouarzel\"},{\"@type\":\"PropertyValue\",\"name\":\"Code postal\",\"value\":\"29810\"}]}},{\"@type\":\"ListItem\",\"position\":112,\"item\":{\"@type\":\"Thing\",\"name\":\"Animation Jeux en Bois\",\"description\":\"Animation ludique pour petits et grands sur le quai de Camaret tous les mercredis apr\u00e8s-midi juillet\/ao\u00fbt, temps permettant!\",\"url\":\"https:\/\/kazheolgames.fr\/\",\"geo\":{\"@type\":\"GeoCoordinates\",\"latitude\":48.2769296,\"longitude\":-4.5961323},\"additionalProperty\":[{\"@type\":\"PropertyValue\",\"name\":\"Titre\",\"value\":\"Animation Jeux en Bois\"},{\"@type\":\"PropertyValue\",\"name\":\"Cat\u00e9gorie\",\"value\":\"En famille\"},{\"@type\":\"PropertyValue\",\"name\":\"Ville\",\"value\":\"Camaret-sur-Mer\"},{\"@type\":\"PropertyValue\",\"name\":\"Code postal\",\"value\":\"29570\"}]}},{\"@type\":\"ListItem\",\"position\":113,\"item\":{\"@type\":\"Thing\",\"name\":\"Gef\u00fchrter Fotospaziergang durch Douarnenez\",\"description\":\"Gef\u00fchrter Fotospaziergang durch Douarnenez :\\nEntdecken Sie mit dem Marco-Polo-Autor und erfahrenen Reiseleiter Errol Friedhelm Karakoc die Hafenstadt und ihre K\u00f6nigin, die Sardine. Auf den Spuren der hiesigen Fischer begegnen Sie streitbaren Damen, kuriosen Riten der heimischen Bev\u00f6lkerung, h\u00fcbscher Architektur aus den letzten Jahrhunderten, spannenden Legenden, vielleicht sogar Kommissar Dupin und haben dabei immer wieder den Blick auf die Bucht. Freuen Sie sich auf etwa zwei Stunden des Flanierens durch die Gassen des Hafenviertels Rosmeur.\\n\\nDauer: ca. 2h\\nSprache: auf Deutsch\\nSchwierigkeitsgrad: einfach bis mittel (leichte Steigungen\/Gef\u00e4lle auf st\u00e4dtischen Wegen, einige Stufen)\",\"url\":\"http:\/\/www.douarnenez-tourisme.com\/\",\"geo\":{\"@type\":\"GeoCoordinates\",\"latitude\":48.0931504,\"longitude\":-4.3310605},\"additionalProperty\":[{\"@type\":\"PropertyValue\",\"name\":\"Titre\",\"value\":\"Gef\u00fchrter Fotospaziergang durch Douarnenez\"},{\"@type\":\"PropertyValue\",\"name\":\"Cat\u00e9gorie\",\"value\":\"Autres \u00e9v\u00e9nements\"},{\"@type\":\"PropertyValue\",\"name\":\"Ville\",\"value\":\"Douarnenez\"},{\"@type\":\"PropertyValue\",\"name\":\"Code postal\",\"value\":\"29100\"}]}},{\"@type\":\"ListItem\",\"position\":114,\"item\":{\"@type\":\"Thing\",\"name\":\"Visite guid\u00e9e de la Conserverie Kerbriant\",\"description\":\"Visite de la conserverie artisanale et familiale fabriquant des plats cuisin\u00e9s \u00e0 base de thon, maquereaux, sardines. Visite  sur r\u00e9servation et se terminant par une d\u00e9gustation. Nombres de places limit\u00e9es. R\u00e9servation sur le site internet de l'Office de Tourisme du Pays de Douarnenez ou sur www.kerbriant.fr.\\nDu lundi au vendredi  : plusieurs visites possibles suivant la saison et les disponibilit\u00e9s\",\"geo\":{\"@type\":\"GeoCoordinates\",\"latitude\":48.0811149,\"longitude\":-4.296134},\"additionalProperty\":[{\"@type\":\"PropertyValue\",\"name\":\"Titre\",\"value\":\"Visite guid\u00e9e de la Conserverie Kerbriant\"},{\"@type\":\"PropertyValue\",\"name\":\"Cat\u00e9gorie\",\"value\":\"Autres \u00e9v\u00e9nements\"},{\"@type\":\"PropertyValue\",\"name\":\"Ville\",\"value\":\"Douarnenez\"},{\"@type\":\"PropertyValue\",\"name\":\"Code postal\",\"value\":\"29100\"}]}},{\"@type\":\"ListItem\",\"position\":115,\"item\":{\"@type\":\"Thing\",\"name\":\"Visite - la plage de Troaon et ses fossiles\",\"description\":\"La plage de Troaon et ses fossiles : une histoire vieille de 400 millions d'ann\u00e9es !\\n\\nLa rade de Brest est une r\u00e9gion riche en fossiles bien connus des pal\u00e9ontologues depuis des d\u00e9cennies. Fig\u00e9s aujourd\u2019hui dans les roches des plages de la rade, ils sont les t\u00e9moins d\u2019une vie qui a prosp\u00e9r\u00e9 il y a pr\u00e8s de 400 millions d\u2019ann\u00e9es. \\n\\nLa visite propose de d\u00e9couvrir les secrets de la plage de Troaon directement sur le terrain. Nous observerons et verrons comment reconna\u00eetre les principaux types de roches (granites, gr\u00e8s, calcaires, schistes\u2026) et les grands groupes d\u2019animaux fossiles (coraux, mollusques, trilobites\u2026) qui ont v\u00e9cu dans la rade \u00e0 une p\u00e9riode de l\u2019histoire de la Terre o\u00f9 la Bretagne montrait un paysage totalement diff\u00e9rent compar\u00e9 \u00e0 celui que nous connaissons.\\n\\n- R\u00e9servation obligatoire.\\n- Nombre de places limit\u00e9.\",\"geo\":{\"@type\":\"GeoCoordinates\",\"latitude\":48.3092319,\"longitude\":-4.2611543},\"additionalProperty\":[{\"@type\":\"PropertyValue\",\"name\":\"Titre\",\"value\":\"Visite - la plage de Troaon et ses fossiles\"},{\"@type\":\"PropertyValue\",\"name\":\"Cat\u00e9gorie\",\"value\":\"Sport & randonn\u00e9e\"},{\"@type\":\"PropertyValue\",\"name\":\"Ville\",\"value\":\"H\u00f4pital-Camfrout\"},{\"@type\":\"PropertyValue\",\"name\":\"Code postal\",\"value\":\"29460\"}]}},{\"@type\":\"ListItem\",\"position\":116,\"item\":{\"@type\":\"Thing\",\"name\":\"Visite de la ferme de Keratry : Spiruline de Bretagne\",\"description\":\"Nous produisons l\u2019algue bleu-vert de fa\u00e7on artisanale, en apportant un soin tout particulier \u00e0 la cr\u00e9ation et \u00e0 l\u2019entretien d\u2019un milieu de culture de qualit\u00e9 optimum. Imm\u00e9diatement apr\u00e8s s\u00e9chage, r\u00e9alis\u00e9 lentement, \u00e0 basse temp\u00e9rature, la spiruline en paillettes est ensach\u00e9e dans des emballages aluminis\u00e9s afin de vous garantir un produit aux qualit\u00e9s totalement pr\u00e9serv\u00e9es. Notre spiruline, 100% pure, est disponible sur le site de production, \u00e0 la ferme de Keratry.\\nCultiv\u00e9e sous serres, l\u2019algue profite de la lumi\u00e8re et des chaleurs estivales de Bretagne pour croitre et se multiplier en toute harmonie.\",\"geo\":{\"@type\":\"GeoCoordinates\",\"latitude\":48.080168,\"longitude\":-4.27106},\"additionalProperty\":[{\"@type\":\"PropertyValue\",\"name\":\"Titre\",\"value\":\"Visite de la ferme de Keratry : Spiruline de Bretagne\"},{\"@type\":\"PropertyValue\",\"name\":\"Cat\u00e9gorie\",\"value\":\"Autres \u00e9v\u00e9nements\"},{\"@type\":\"PropertyValue\",\"name\":\"Ville\",\"value\":\"Douarnenez\"},{\"@type\":\"PropertyValue\",\"name\":\"Code postal\",\"value\":\"29100\"}]}},{\"@type\":\"ListItem\",\"position\":117,\"item\":{\"@type\":\"Thing\",\"name\":\"Atelier : apprendre \u00e0 couvrir ses livres\",\"description\":\"C\u2019est la rentr\u00e9e !\\n\\n\u00c9l\u00e8ve (coll\u00e8ge, lyc\u00e9e) ou parent d\u2019\u00e9l\u00e8ve, venez apprendre les techniques et astuces des relieurs et relieuses des m\u00e9diath\u00e8ques pour couvrir vos livres ! \\n\\nMat\u00e9riel n\u00e9cessaire fourni. Venez avec quelques livres.\",\"url\":\"https:\/\/www.ateliersdescapucins.fr\/fr\/programmation\/apprendre-couvrir-ses-livres\",\"geo\":{\"@type\":\"GeoCoordinates\",\"latitude\":48.3891,\"longitude\":-4.49935},\"additionalProperty\":[{\"@type\":\"PropertyValue\",\"name\":\"Titre\",\"value\":\"Atelier : apprendre \u00e0 couvrir ses livres\"},{\"@type\":\"PropertyValue\",\"name\":\"Cat\u00e9gorie\",\"value\":\"Autres \u00e9v\u00e9nements\"},{\"@type\":\"PropertyValue\",\"name\":\"Ville\",\"value\":\"Brest\"},{\"@type\":\"PropertyValue\",\"name\":\"Code postal\",\"value\":\"29200\"}]}},{\"@type\":\"ListItem\",\"position\":118,\"item\":{\"@type\":\"Thing\",\"name\":\"Concert \\\"An Henchou Treuz\\\"\",\"description\":\"Concert \\\"An Henchou Treuz\\\" (folk)\",\"geo\":{\"@type\":\"GeoCoordinates\",\"latitude\":48.18152,\"longitude\":-4.23248},\"additionalProperty\":[{\"@type\":\"PropertyValue\",\"name\":\"Titre\",\"value\":\"Concert \\\"An Henchou Treuz\\\"\"},{\"@type\":\"PropertyValue\",\"name\":\"Cat\u00e9gorie\",\"value\":\"Concerts, musique & festivals\"},{\"@type\":\"PropertyValue\",\"name\":\"Ville\",\"value\":\"Plomodiern\"},{\"@type\":\"PropertyValue\",\"name\":\"Code postal\",\"value\":\"29550\"}]}},{\"@type\":\"ListItem\",\"position\":119,\"item\":{\"@type\":\"Thing\",\"name\":\"Braderie -Vente textile au poids\",\"description\":\"Vente sp\u00e9ciale textile au poids pour adultes et enfants  . Le prix au poids sera de 2\u20ac.\\nOrganis\u00e9 par cap solidarit\u00e9.\",\"geo\":{\"@type\":\"GeoCoordinates\",\"latitude\":47.99202,\"longitude\":-4.43108},\"additionalProperty\":[{\"@type\":\"PropertyValue\",\"name\":\"Titre\",\"value\":\"Braderie -Vente textile au poids\"},{\"@type\":\"PropertyValue\",\"name\":\"Cat\u00e9gorie\",\"value\":\"Autres \u00e9v\u00e9nements\"},{\"@type\":\"PropertyValue\",\"name\":\"Ville\",\"value\":\"Ploz\u00e9vet\"},{\"@type\":\"PropertyValue\",\"name\":\"Code postal\",\"value\":\"29710\"}]}},{\"@type\":\"ListItem\",\"position\":120,\"item\":{\"@type\":\"Thing\",\"name\":\"Vernissage de l'exposition Jacques Bo\u00ebnnec\",\"description\":\"Vernissage de l'exposition Jacques Bo\u00ebnnec\",\"geo\":{\"@type\":\"GeoCoordinates\",\"latitude\":48.18076,\"longitude\":-4.2322},\"additionalProperty\":[{\"@type\":\"PropertyValue\",\"name\":\"Titre\",\"value\":\"Vernissage de l'exposition Jacques Bo\u00ebnnec\"},{\"@type\":\"PropertyValue\",\"name\":\"Cat\u00e9gorie\",\"value\":\"Expositions\"},{\"@type\":\"PropertyValue\",\"name\":\"Ville\",\"value\":\"Plomodiern\"},{\"@type\":\"PropertyValue\",\"name\":\"Code postal\",\"value\":\"29550\"}]}},{\"@type\":\"ListItem\",\"position\":121,\"item\":{\"@type\":\"Thing\",\"name\":\"Exposition - \\\"La libert\u00e9. Force vive, d\u00e9ploy\u00e9e\\\"\",\"description\":\"L\u2019association Prim\u2019vers et prose de Daoulas \u2013 commune labellis\u00e9e Village en po\u00e9sie depuis 2011 \u2013 vous invite \u00e0 l\u2019exposition en plein air, le long de la ria de Daoulas, de photo-po\u00e9sie sur le th\u00e8me national de la 28e \u00e9dition du Printemps des Po\u00e8tes\u00a0: La libert\u00e9. Force vive, d\u00e9ploy\u00e9e. \\n\\nLe vernissage aura lieu le samedi 30 mai 2026 au Moulin du Pont, 1 Bis, Rte de Loperhet \u00e0 Daoulas .\\nAu programme : \\n\\n9h30-12h30 : Atelier d\u2019\u00e9criture spontan\u00e9e anim\u00e9 par Annie LE MERRER\\nInscription via notre e-mail : primversprose@gmail.com\\n\\n14h-15h : Pr\u00e9sentation des travaux po\u00e9tiques des \u00e9l\u00e8ves\\nde David LEFRESNE et des coll\u00e9giens de Ga\u00eblle KERHERV\u00c9\\n\\n15h-17h : BALADE PO\u00c9TIQUE le long de la Ria de Daoulas\\n\\n17h-18h30 : Salon exposants : rencontres et d\u00e9dicaces\\nPr\u00e9sentations des travaux et ouvrages des auteurs et photographes pr\u00e9sents\\n\\n18h30-20h : Pot de l\u2019amiti\u00e9\",\"geo\":{\"@type\":\"GeoCoordinates\",\"latitude\":48.3557944,\"longitude\":-4.2654948},\"additionalProperty\":[{\"@type\":\"PropertyValue\",\"name\":\"Titre\",\"value\":\"Exposition - \\\"La libert\u00e9. Force vive, d\u00e9ploy\u00e9e\\\"\"},{\"@type\":\"PropertyValue\",\"name\":\"Cat\u00e9gorie\",\"value\":\"Expositions\"},{\"@type\":\"PropertyValue\",\"name\":\"Ville\",\"value\":\"Daoulas\"},{\"@type\":\"PropertyValue\",\"name\":\"Code postal\",\"value\":\"29460\"}]}},{\"@type\":\"ListItem\",\"position\":122,\"item\":{\"@type\":\"Thing\",\"name\":\"SB29 - Toulouse FC\",\"description\":\"Pour la rentr\u00e9e, le Stade Brestois 29 retrouve son public et accueillent Toulouse dans le cadre de la 2\u00e8me journ\u00e9e du championnat de Ligue 1 McDonald's, \u00e0 vivre pleinement au c\u0153ur de la ville.\\n\\nDans les tribunes comme autour du stade, l\u2019ambiance brestoise promet d\u2019\u00eatre au rendez-vous : passionn\u00e9e, populaire, chaleureuse\u2026  Ici, le football se vit en famille, entre amis, avec les habitu\u00e9s comme avec celles et ceux qui d\u00e9couvrent l\u2019atmosph\u00e8re unique du SB29.\\n\\nInformations pratiques : \\nR\u00e9servation fortement recommand\u00e9e. \\nPlacement assis, num\u00e9rot\u00e9.\",\"url\":\"https:\/\/billetterie.sb29.bzh\/\",\"geo\":{\"@type\":\"GeoCoordinates\",\"latitude\":48.40289,\"longitude\":-4.46141},\"additionalProperty\":[{\"@type\":\"PropertyValue\",\"name\":\"Titre\",\"value\":\"SB29 - Toulouse FC\"},{\"@type\":\"PropertyValue\",\"name\":\"Cat\u00e9gorie\",\"value\":\"En famille\"},{\"@type\":\"PropertyValue\",\"name\":\"Ville\",\"value\":\"Brest\"},{\"@type\":\"PropertyValue\",\"name\":\"Code postal\",\"value\":\"29200\"}]}},{\"@type\":\"ListItem\",\"position\":123,\"item\":{\"@type\":\"Thing\",\"name\":\"Les Lolos \u00e0 l'eau 4\",\"description\":\"Ev\u00e8nement joyeux et solidaire autour de l'oc\u00e9an et du bien-\u00eatre pour sensibiliser \u00e0 la pr\u00e9vention des cancers et lever des fonds pour soutenir des associations d'aide aux malades. \\n\\n2 temps forts : une soir\u00e9e cin\u00e9ma avec le Brest Surf Film Festival avec projection de films de surf et une journ\u00e9e \u00e0 la plage de Goulien avec des activit\u00e9s aquatiques et bien-\u00eatre (surf, body-board, yoga...). \\n\\nPetite restauration et buvette sur place.\",\"geo\":{\"@type\":\"GeoCoordinates\",\"latitude\":48.24561,\"longitude\":-4.48861},\"additionalProperty\":[{\"@type\":\"PropertyValue\",\"name\":\"Titre\",\"value\":\"Les Lolos \u00e0 l'eau 4\"},{\"@type\":\"PropertyValue\",\"name\":\"Cat\u00e9gorie\",\"value\":\"Spectacles & cin\u00e9ma\"},{\"@type\":\"PropertyValue\",\"name\":\"Ville\",\"value\":\"Crozon\"},{\"@type\":\"PropertyValue\",\"name\":\"Code postal\",\"value\":\"29160\"}]}},{\"@type\":\"ListItem\",\"position\":124,\"item\":{\"@type\":\"Thing\",\"name\":\"Escape game \u00ab Les \u00e9vad\u00e9s du ch\u00e2teau \u00bb\",\"description\":\"Brest, 1811. Enferm\u00e9s. Surveill\u00e9s. Condamn\u00e9s. Bagnards, vous avez cru vous enfuir si facilement ! Cruelle illusion... Vous voil\u00e0 transf\u00e9r\u00e9s dans les tristes ge\u00f4les du ch\u00e2teau. Tr\u00e8s peu ont r\u00e9ussi \u00e0 en sortir, et vous ?\\n\\nInformations pratiques : \\nLes mercredis \u00e0 16h\\nLe samedi \u00e0 14h et 16h. \\nNon accessible \u00e0 personne \u00e0 mobilit\u00e9 r\u00e9duite, \\n\\nDur\u00e9e 1h30, avec 60 minutes de jeu. \\nPublic : Adultes et familles (\u00e0 partir de 10 ans)\\nGroupes de 3 \u00e0 6 personnes. \\nTarif 90\u20ac\\nR\u00e9servations en ligne.\",\"url\":\"https:\/\/www.musee-marine.fr\/nos-musees\/brest\/visiter\/offre-culturelle\/escape-game-les-evades-du-chateau.html\",\"geo\":{\"@type\":\"GeoCoordinates\",\"latitude\":48.3810239,\"longitude\":-4.4946544},\"additionalProperty\":[{\"@type\":\"PropertyValue\",\"name\":\"Titre\",\"value\":\"Escape game \u00ab Les \u00e9vad\u00e9s du ch\u00e2teau \u00bb\"},{\"@type\":\"PropertyValue\",\"name\":\"Cat\u00e9gorie\",\"value\":\"En famille\"},{\"@type\":\"PropertyValue\",\"name\":\"Ville\",\"value\":\"Brest\"},{\"@type\":\"PropertyValue\",\"name\":\"Code postal\",\"value\":\"29200\"}]}},{\"@type\":\"ListItem\",\"position\":125,\"item\":{\"@type\":\"Thing\",\"name\":\"Visite guid\u00e9e \u00ab\u00a0Les rendez-vous de la Pointe\u00a0\u00bb\",\"description\":\"Comprendre un paysage d\u2019exception, en famille.\\n\\nCette visite guid\u00e9e invite petits et grands \u00e0 d\u00e9couvrir les paysages spectaculaires de la Pointe du Raz et \u00e0 comprendre ce qui fait la singularit\u00e9 de ce site embl\u00e9matique du Finist\u00e8re. Au fil du parcours, le guide d\u00e9crypte la formation des falaises, l\u2019influence des vents et des courants, ainsi que l\u2019histoire humaine intimement li\u00e9e \u00e0 ce bout du monde. Anecdotes, observations et \u00e9changes rythment la visite, pens\u00e9e pour \u00eatre accessible et ludique. Une formule id\u00e9ale pour une premi\u00e8re approche du site, \u00e0 partager en famille, entre terre et mer.\\n\\nD\u00e9part du s\u00e9maphore (\u00e0 800 m du parking) - Dur\u00e9e 1h\",\"url\":\"https:\/\/www.toutcommenceenfinistere.com\/pointe-du-raz\/preparer-sa-visite\/\",\"geo\":{\"@type\":\"GeoCoordinates\",\"latitude\":48.040859,\"longitude\":-4.670977},\"additionalProperty\":[{\"@type\":\"PropertyValue\",\"name\":\"Titre\",\"value\":\"Visite guid\u00e9e \u00ab\u00a0Les rendez-vous de la Pointe\u00a0\u00bb\"},{\"@type\":\"PropertyValue\",\"name\":\"Cat\u00e9gorie\",\"value\":\"Sport & randonn\u00e9e\"},{\"@type\":\"PropertyValue\",\"name\":\"Ville\",\"value\":\"Plogoff\"},{\"@type\":\"PropertyValue\",\"name\":\"Code postal\",\"value\":\"29770\"}]}},{\"@type\":\"ListItem\",\"position\":126,\"item\":{\"@type\":\"Thing\",\"name\":\"Gotlib, l'humour ind\u00e9l\u00e9bile - Exposition\",\"description\":\"Un monument de la BD d\u00e9barque aux Ateliers ! Figure incontournable de la bande dessin\u00e9e fran\u00e7aise, Gotlib a marqu\u00e9 plusieurs g\u00e9n\u00e9rations avec son humour absurde, irr\u00e9v\u00e9rencieux et terriblement moderne. De Pilote \u00e0 Fluide Glacial, il a bouscul\u00e9 les codes du neuvi\u00e8me art avec une libert\u00e9 de ton devenue culte.\\n\\nImagin\u00e9e par Julien Sol\u00e9 et Arnaud Le Gou\u00ebfflec, cette exposition retrace le parcours foisonnant de l\u2019auteur \u00e0 travers des planches originales, archives, objets d\u2019\u00e9poque et clins d\u2019\u0153il \u00e0 son univers d\u00e9jant\u00e9. On y retrouve toute la finesse de son trait, son sens du d\u00e9tail et cette mani\u00e8re unique de m\u00ealer satire, po\u00e9sie et non-sens.\\n\\nUne plong\u00e9e joyeuse dans l\u2019univers d\u2019un g\u00e9nie de la BD, aussi mordant qu\u2019intemporel.\\n\\nVisites guid\u00e9es : 10 juillet, 21 juillet, 4 et 18 ao\u00fbt \u00e0 17h\",\"url\":\"https:\/\/www.ateliersdescapucins.fr\/fr\/programmation\/exposition-gotlib-lumour-indelebile\",\"geo\":{\"@type\":\"GeoCoordinates\",\"latitude\":48.3892147,\"longitude\":-4.4977701},\"additionalProperty\":[{\"@type\":\"PropertyValue\",\"name\":\"Titre\",\"value\":\"Gotlib, l'humour ind\u00e9l\u00e9bile - Exposition\"},{\"@type\":\"PropertyValue\",\"name\":\"Cat\u00e9gorie\",\"value\":\"Expositions\"},{\"@type\":\"PropertyValue\",\"name\":\"Ville\",\"value\":\"Brest\"},{\"@type\":\"PropertyValue\",\"name\":\"Code postal\",\"value\":\"29200\"}]}},{\"@type\":\"ListItem\",\"position\":127,\"item\":{\"@type\":\"Thing\",\"name\":\"Atelier \\\"Jardinons au naturel\\\"\",\"description\":\"Am\u00e9nager un jardin accueillant pour la biodiversit\u00e9.\\nMise en pratique de techniques de jardinage au naturel par V\u00e9ronique Landur\u00e9-Morel, jardini\u00e8re-fruiti\u00e8re bio.\",\"geo\":{\"@type\":\"GeoCoordinates\",\"latitude\":48.3513213,\"longitude\":-4.7392891},\"additionalProperty\":[{\"@type\":\"PropertyValue\",\"name\":\"Titre\",\"value\":\"Atelier \\\"Jardinons au naturel\\\"\"},{\"@type\":\"PropertyValue\",\"name\":\"Cat\u00e9gorie\",\"value\":\"Sport & randonn\u00e9e\"},{\"@type\":\"PropertyValue\",\"name\":\"Ville\",\"value\":\"Le Conquet\"},{\"@type\":\"PropertyValue\",\"name\":\"Code postal\",\"value\":\"29217\"}]}},{\"@type\":\"ListItem\",\"position\":128,\"item\":{\"@type\":\"Thing\",\"name\":\"Les lectures au saut du lit\",\"description\":\"Retrouvez Julie pour des lectures d\u2019albums le jeudi matin. Un moment pour les 3-6 ans.\\n\\nDur\u00e9e : 30 min\",\"geo\":{\"@type\":\"GeoCoordinates\",\"latitude\":48.37441,\"longitude\":-4.37047},\"additionalProperty\":[{\"@type\":\"PropertyValue\",\"name\":\"Titre\",\"value\":\"Les lectures au saut du lit\"},{\"@type\":\"PropertyValue\",\"name\":\"Cat\u00e9gorie\",\"value\":\"En famille\"},{\"@type\":\"PropertyValue\",\"name\":\"Ville\",\"value\":\"Plougastel-Daoulas\"},{\"@type\":\"PropertyValue\",\"name\":\"Code postal\",\"value\":\"29470\"}]}},{\"@type\":\"ListItem\",\"position\":129,\"item\":{\"@type\":\"Thing\",\"name\":\"Visite guid\u00e9e des champs chez MimiBzh\",\"description\":\"D\u00e9couvrez une vingtaine de fleurs et de plantes m\u00e9dicinales dans un \u00e9crin de verdure au pied du Menez Hom ! Entre terre et mer, le chant des oiseaux accompagnera votre visite.\\nNous vous partageons nos techniques, notre parcours et nous vous pr\u00e9sentons nos cosm\u00e9tiques naturels artisanaux, le tout avec (et si le c\u0153ur vous en dit) une petite infusion maison.\\n\\nAnimations : d\u00e9gustation de tisanes, go\u00fbter \u00e0 base de produits locaux offert sur r\u00e9servation (selon les horaires de visites). \\nVisite de 2 heures, sur r\u00e9servation (15 personnes maximum).\",\"url\":\"http:\/\/mimi.bzh\/\",\"geo\":{\"@type\":\"GeoCoordinates\",\"latitude\":48.213724,\"longitude\":-4.197027},\"additionalProperty\":[{\"@type\":\"PropertyValue\",\"name\":\"Titre\",\"value\":\"Visite guid\u00e9e des champs chez MimiBzh\"},{\"@type\":\"PropertyValue\",\"name\":\"Cat\u00e9gorie\",\"value\":\"Autres \u00e9v\u00e9nements\"},{\"@type\":\"PropertyValue\",\"name\":\"Ville\",\"value\":\"Din\u00e9ault\"},{\"@type\":\"PropertyValue\",\"name\":\"Code postal\",\"value\":\"29150\"}]}},{\"@type\":\"ListItem\",\"position\":130,\"item\":{\"@type\":\"Thing\",\"name\":\"Orchestre Electropic\",\"description\":\"Une soir\u00e9e 100% vari\u00e9t\u00e9 fran\u00e7aise en live.\",\"url\":\"https:\/\/www.facebook.com\/profile.php?id=61557156620176\",\"geo\":{\"@type\":\"GeoCoordinates\",\"latitude\":48.0349614,\"longitude\":-4.2437439},\"additionalProperty\":[{\"@type\":\"PropertyValue\",\"name\":\"Titre\",\"value\":\"Orchestre Electropic\"},{\"@type\":\"PropertyValue\",\"name\":\"Cat\u00e9gorie\",\"value\":\"Spectacles & cin\u00e9ma\"},{\"@type\":\"PropertyValue\",\"name\":\"Ville\",\"value\":\"Le Juch\"},{\"@type\":\"PropertyValue\",\"name\":\"Code postal\",\"value\":\"29100\"}]}},{\"@type\":\"ListItem\",\"position\":131,\"item\":{\"@type\":\"Thing\",\"name\":\"Randonn\u00e9e bien-\u00eatre : 1 \u00e0 3 jours - Le vendredi, vers Kermorvan\",\"description\":\"Randonnez \u00e0 la journ\u00e9e avec Terre d'\u00c9cume, du mercredi au vendredi, pour rallier l\u2019un des phares de l\u2019Iroise.\\nProgramme du vendredi :  vers le phare de Kermorvan \u2013 Lieu : Le Conquet\\n\\nChoisissez de participer 1, 2 ou 3 jours, selon vos envies et disponibilit\u00e9s : les stages sont modulables !\\nMercredi 9 h - vers le phare du Petit-Minou\\nJeudi 9 h \u2013 vers le phare de Saint-Mathieu \\n\\nLes randonn\u00e9es bien-\u00eatre sont des moments de d\u00e9tente pour allier bien-\u00eatre, sport en douceur et d\u00e9couverte du patrimoine local, afin de se reconnecter pleinement \u00e0 soi-m\u00eame et \u00e0 la nature. On randonne avec des moments de relaxation et de m\u00e9ditation. On utilise l\u2019\u00e9coute des chants d\u2019oiseaux pour se reconnecter \u00e0 la nature. On g\u00e8re sa respiration et son effort avec la \u201cmarche afghane\\\".\\n\\nAu programme : Randonn\u00e9es \u2013 Marche afghane \u2013 Ornithologie \u2013 M\u00e9ditation et relaxation \u2013 Stretching\/\u00c9tirements - D\u00e9couverte des phares\\n\\nNiveau de difficult\u00e9 adapt\u00e9 \u00e0 vos besoins et envies.\\n\\nR\u00e9servation en ligne sur terredecume.fr\\nAvec ou sans h\u00e9bergements : plus d'infos sur le site.\\nNombre de places limit\u00e9 \u00e0 15 personnes\/stage.\\n\u00c0 partir de 16 ans.\",\"url\":\"https:\/\/terredecume.fr\/\",\"geo\":{\"@type\":\"GeoCoordinates\",\"latitude\":48.3621128,\"longitude\":-4.7894416},\"additionalProperty\":[{\"@type\":\"PropertyValue\",\"name\":\"Titre\",\"value\":\"Randonn\u00e9e bien-\u00eatre : 1 \u00e0 3 jours - Le vendredi, vers Kermorvan\"},{\"@type\":\"PropertyValue\",\"name\":\"Cat\u00e9gorie\",\"value\":\"Sport & randonn\u00e9e\"},{\"@type\":\"PropertyValue\",\"name\":\"Ville\",\"value\":\"Plougonvelin\"},{\"@type\":\"PropertyValue\",\"name\":\"Code postal\",\"value\":\"29217\"}]}},{\"@type\":\"ListItem\",\"position\":132,\"item\":{\"@type\":\"Thing\",\"name\":\"Balade comment\u00e9e - Le patrimoine de Morgat\",\"description\":\"Plongez dans l\u2019histoire maritime de Morgat, un charmant village c\u00f4tier breton, lors d\u2019une balade comment\u00e9e. Autrefois port de p\u00eache anim\u00e9, Morgat a su pr\u00e9server son patrimoine maritime et architectural, offrant aujourd\u2019hui un voyage unique \u00e0 travers le temps.\\n\\nEn d\u00e9ambulant le long du vieux port, vous d\u00e9couvrirez les vestiges de l\u2019activit\u00e9 halieutique qui a fa\u00e7onn\u00e9 l\u2019identit\u00e9 du village ainsi que l\u2019histoire des somptueuses villas du XIXe si\u00e8cle, construites par les notables de l\u2019\u00e9poque. Elles t\u00e9moignent de l\u2019essor touristique de Morgat et de son attrait pour les estivants en qu\u00eate de paysages marins.\\nInfos pratiques :\\n\\n    juillet \u2013 ao\u00fbt : les lundis \u00e0 10h30\\n    3\u20ac : adulte | Gratuit : -18 ans\\n\\n    R\u00e9servation obligatoire dans les Offices de Tourisme\\n    dur\u00e9e : 1h30\\n    RDV : place d\u2019YS \u2013 CROZON-MORGAT\\n    Acc\u00e8s PMR possible\\n\\nVisite assur\u00e9e par l\u2019Office de Tourisme.\",\"geo\":{\"@type\":\"GeoCoordinates\",\"latitude\":48.22528,\"longitude\":-4.50422},\"additionalProperty\":[{\"@type\":\"PropertyValue\",\"name\":\"Titre\",\"value\":\"Balade comment\u00e9e - Le patrimoine de Morgat\"},{\"@type\":\"PropertyValue\",\"name\":\"Cat\u00e9gorie\",\"value\":\"Autres \u00e9v\u00e9nements\"},{\"@type\":\"PropertyValue\",\"name\":\"Ville\",\"value\":\"Crozon\"},{\"@type\":\"PropertyValue\",\"name\":\"Code postal\",\"value\":\"29160\"}]}},{\"@type\":\"ListItem\",\"position\":133,\"item\":{\"@type\":\"Thing\",\"name\":\"Soir\u00e9e danses bachata et salsa\",\"description\":\"20H \u2013 21H : Bachata Fusion\\nModerne + Dominicaine\\n21H \u2013 1H : SOIR\u00c9E 100% DANSE\\nSalsa \u2022 Bachata \u2022 Kizomba\\nMix by DJ Dre\\nAvec Sals\u2019Ananas\",\"url\":\"https:\/\/www.facebook.com\/profile.php?id=61557156620176\",\"geo\":{\"@type\":\"GeoCoordinates\",\"latitude\":48.0349614,\"longitude\":-4.2437439},\"additionalProperty\":[{\"@type\":\"PropertyValue\",\"name\":\"Titre\",\"value\":\"Soir\u00e9e danses bachata et salsa\"},{\"@type\":\"PropertyValue\",\"name\":\"Cat\u00e9gorie\",\"value\":\"Spectacles & cin\u00e9ma\"},{\"@type\":\"PropertyValue\",\"name\":\"Ville\",\"value\":\"Le Juch\"},{\"@type\":\"PropertyValue\",\"name\":\"Code postal\",\"value\":\"29100\"}]}},{\"@type\":\"ListItem\",\"position\":134,\"item\":{\"@type\":\"Thing\",\"name\":\"Apr\u00e8s-midi avec Pierre Treille, cr\u00e9ateur de jeux\",\"description\":\"Nouveaut\u00e9 pour ao\u00fbt, nous accueillons tous les mardis de 17h \u00e0 19h30 Pierre Treille, cr\u00e9ateur de jeux de soci\u00e9t\u00e9s, qui vient pr\u00e9senter ses prototypes et recueillir des avis sur ses cr\u00e9ations. C'est l'occasion de d\u00e9couvrir des jeux que vous n'avez pas encore vus ! Des jeux de plis, de strat\u00e9gies, d'ambiances ou encore de coop\u00e9ration seront pr\u00e9sents !\",\"url\":\"https:\/\/www.instagram.com\/strolladlaobra\/\",\"geo\":{\"@type\":\"GeoCoordinates\",\"latitude\":48.0418527,\"longitude\":-4.4885657},\"additionalProperty\":[{\"@type\":\"PropertyValue\",\"name\":\"Titre\",\"value\":\"Apr\u00e8s-midi avec Pierre Treille, cr\u00e9ateur de jeux\"},{\"@type\":\"PropertyValue\",\"name\":\"Cat\u00e9gorie\",\"value\":\"En famille\"},{\"@type\":\"PropertyValue\",\"name\":\"Ville\",\"value\":\"Pont-Croix\"},{\"@type\":\"PropertyValue\",\"name\":\"Code postal\",\"value\":\"29790\"}]}},{\"@type\":\"ListItem\",\"position\":135,\"item\":{\"@type\":\"Thing\",\"name\":\"Conf\u00e9rence \\\"Robert-Louis Stevenson, les chemins de la libert\u00e9\\\"\",\"description\":\"Fran\u00e7oise Sylvestre, tour \u00e0 tour journaliste, libraire, \u00e9crivaine, invite ses lecteurs et les passionn\u00e9s d\u2019\u00c9cosse \u00e0 emprunter les chemins que Stevenson a parcourus toute sa vie, toujours en qu\u00eate d\u2019aventures et de libert\u00e9. Elle nous fait emprunter les traces qu\u2019il a laiss\u00e9es, de sa naissance \u00e0 \u00c9dimbourg en 1850 \u00e0 sa mort \u00e0 Samoa en 1894.\",\"url\":\"http:\/\/www.bretagne-ecosse.org\/\",\"geo\":{\"@type\":\"GeoCoordinates\",\"latitude\":48.0152505,\"longitude\":-4.5051148},\"additionalProperty\":[{\"@type\":\"PropertyValue\",\"name\":\"Titre\",\"value\":\"Conf\u00e9rence \\\"Robert-Louis Stevenson, les chemins de la libert\u00e9\\\"\"},{\"@type\":\"PropertyValue\",\"name\":\"Cat\u00e9gorie\",\"value\":\"Autres \u00e9v\u00e9nements\"},{\"@type\":\"PropertyValue\",\"name\":\"Ville\",\"value\":\"Plouhinec\"},{\"@type\":\"PropertyValue\",\"name\":\"Code postal\",\"value\":\"29780\"}]}},{\"@type\":\"ListItem\",\"position\":136,\"item\":{\"@type\":\"Thing\",\"name\":\"Visite guid\u00e9e de l'\u00eele Tristan\",\"description\":\"Situ\u00e9e \u00e0 quelques encablures de Douarnenez, l'\u00eele Tristan, site naturel prot\u00e9g\u00e9 est la propri\u00e9t\u00e9 du Conservatoire du Littoral. Marchez sur les pas du c\u00e9l\u00e8bre brigand de La Fontenelle, de Tristan et Yseult et des nombreux artistes qui ont fr\u00e9quent\u00e9 l'\u00eele au d\u00e9but 20\u00e8me si\u00e8cle. Inscription obligatoire \u00e0 l'Office de Tourisme du Pays de Douarnenez ou sur le site internet. Chiens non admis. Les conditions m\u00e9t\u00e9orologiques et la houle peuvent nous contraindre \u00e0 annuler la visite.\",\"url\":\"http:\/\/www.douarnenez-tourisme.com\/\",\"geo\":{\"@type\":\"GeoCoordinates\",\"latitude\":48.0972725,\"longitude\":-4.3354308},\"additionalProperty\":[{\"@type\":\"PropertyValue\",\"name\":\"Titre\",\"value\":\"Visite guid\u00e9e de l'\u00eele Tristan\"},{\"@type\":\"PropertyValue\",\"name\":\"Cat\u00e9gorie\",\"value\":\"Sport & randonn\u00e9e\"},{\"@type\":\"PropertyValue\",\"name\":\"Ville\",\"value\":\"Douarnenez\"},{\"@type\":\"PropertyValue\",\"name\":\"Code postal\",\"value\":\"29100\"}]}},{\"@type\":\"ListItem\",\"position\":137,\"item\":{\"@type\":\"Thing\",\"name\":\"Visite de l'exposition Brest, l'art pour raconter la ville\",\"description\":\"A travers une s\u00e9lection d'oeuvres issue des collections du Mus\u00e9e des Beaux-Arts de Brest, l'exposition invite \u00e0 d\u00e9couvrir Brest tel que les artistes l'ont vu et interpr\u00e9t\u00e9 du 18\u00e8me au 20\u00e8me si\u00e8cle. Peintures, arts graphiques et regards d'artistes deviennent autant de cl\u00e9s pour comprendre l'histoire, la transformations et l'identit\u00e9 du territoire. Propos\u00e9e en plein-air, l'exposition m\u00eale lecture artistique et approche patrimoniale autour d'un graphisme ludique et dynamique. Un parcours pens\u00e9 pour toutes et tous o\u00f9 l'art dialogue avec la m\u00e9moire de la ville. \\n\\nInformations pratiques : \\nDur\u00e9e 1h30.\\nR\u00e9servation obligatoire aupr\u00e8s de l'Office de Tourisme Brest en vue, par t\u00e9l\u00e9phone, au guichet ou en ligne. \\nNombre de place limit\u00e9. \\n\\nL'Office de Tourisme Brest en vue se r\u00e9serve le droit d'annuler la visite si le nombre de participant minimum (5) n'est pas atteint ou en cas de m\u00e9t\u00e9o d\u00e9favorables.\",\"geo\":{\"@type\":\"GeoCoordinates\",\"latitude\":48.38873,\"longitude\":-4.49865},\"additionalProperty\":[{\"@type\":\"PropertyValue\",\"name\":\"Titre\",\"value\":\"Visite de l'exposition Brest, l'art pour raconter la ville\"},{\"@type\":\"PropertyValue\",\"name\":\"Cat\u00e9gorie\",\"value\":\"Expositions\"},{\"@type\":\"PropertyValue\",\"name\":\"Ville\",\"value\":\"Brest\"},{\"@type\":\"PropertyValue\",\"name\":\"Code postal\",\"value\":\"29200\"}]}},{\"@type\":\"ListItem\",\"position\":138,\"item\":{\"@type\":\"Thing\",\"name\":\"Visite guid\u00e9e \u00ab\u00a0Les rendez-vous de la Pointe\u00a0\u00bb\",\"description\":\"Comprendre un paysage d\u2019exception, en famille.\\n\\nCette visite guid\u00e9e invite petits et grands \u00e0 d\u00e9couvrir les paysages spectaculaires de la Pointe du Raz et \u00e0 comprendre ce qui fait la singularit\u00e9 de ce site embl\u00e9matique du Finist\u00e8re. Au fil du parcours, le guide d\u00e9crypte la formation des falaises, l\u2019influence des vents et des courants, ainsi que l\u2019histoire humaine intimement li\u00e9e \u00e0 ce bout du monde. Anecdotes, observations et \u00e9changes rythment la visite, pens\u00e9e pour \u00eatre accessible et ludique. Une formule id\u00e9ale pour une premi\u00e8re approche du site, \u00e0 partager en famille, entre terre et mer.\\n\\nD\u00e9part du s\u00e9maphore (\u00e0 800 m du parking) - Dur\u00e9e 1h\",\"url\":\"https:\/\/www.toutcommenceenfinistere.com\/pointe-du-raz\/preparer-sa-visite\/\",\"geo\":{\"@type\":\"GeoCoordinates\",\"latitude\":48.040859,\"longitude\":-4.670977},\"additionalProperty\":[{\"@type\":\"PropertyValue\",\"name\":\"Titre\",\"value\":\"Visite guid\u00e9e \u00ab\u00a0Les rendez-vous de la Pointe\u00a0\u00bb\"},{\"@type\":\"PropertyValue\",\"name\":\"Cat\u00e9gorie\",\"value\":\"Sport & randonn\u00e9e\"},{\"@type\":\"PropertyValue\",\"name\":\"Ville\",\"value\":\"Plogoff\"},{\"@type\":\"PropertyValue\",\"name\":\"Code postal\",\"value\":\"29770\"}]}},{\"@type\":\"ListItem\",\"position\":139,\"item\":{\"@type\":\"Thing\",\"name\":\"Les Rendez-Vous P\u00e9pites: Les ch\u00e8vres de Mohair de Cornouaille \u00e0 l'H\u00f4pital-Camfrout\",\"description\":\"L'\u00e9levage de ch\u00e8vres angora de Mohair de Cornouaille vous attend \u00e0 l'H\u00f4pital-Camfrout !\\n\\nVenez  d\u00e9couvrir cet \u00e9levage atypique ou des ch\u00e8vres sont \u00e9lev\u00e9es uniquement pour leurs toisons et le mohair transform\u00e9 par une coop\u00e9rative et une quinzaine d'artisans situ\u00e9s essentiellement dans le sud de la France, ou des ateliers familiaux transforment encore le mohair.\\n\\nAu programme : visite de l'exploitation, puis une pr\u00e9sentation des ch\u00e8vres et des produits, et enfin un go\u00fbter sucr\u00e9 offert par l'Office de tourisme.\\n\\n- Rendez-vous \u00e0 l'exploitation de Mohair de Cornouaille pour le d\u00e9part de visite.\\n- Inscription obligatoire \u00e0 l'office de tourisme.\\n- Nombre de places limit\u00e9.\\n- Les animaux de compagnie ne sont pas accept\u00e9s.\",\"url\":\"https:\/\/www.tourisme-landerneau-daoulas.fr\/\",\"geo\":{\"@type\":\"GeoCoordinates\",\"latitude\":48.3178941,\"longitude\":-4.2608998},\"additionalProperty\":[{\"@type\":\"PropertyValue\",\"name\":\"Titre\",\"value\":\"Les Rendez-Vous P\u00e9pites: Les ch\u00e8vres de Mohair de Cornouaille \u00e0 l'H\u00f4pital-Camfrout\"},{\"@type\":\"PropertyValue\",\"name\":\"Cat\u00e9gorie\",\"value\":\"En famille\"},{\"@type\":\"PropertyValue\",\"name\":\"Ville\",\"value\":\"H\u00f4pital-Camfrout\"},{\"@type\":\"PropertyValue\",\"name\":\"Code postal\",\"value\":\"29460\"}]}},{\"@type\":\"ListItem\",\"position\":140,\"item\":{\"@type\":\"Thing\",\"name\":\"Atelier d'initiation au handtufting Cr\u00e9ation tapis laine\",\"description\":\"Pour votre initiation, vous r\u00e9aliserez un petit tapis rond ou carr\u00e9 de 40x40cm, \\nen pure laine avec la technique du handtufting qui se fait \u00e0 partir d\u2019un pistolet \\n\u00e0 tufter. Toutes les fournitures sont fournies.\\n\\nUn stage de d\u00e9couverte artistique et technique dans une belle ambiance sous \\nla supervision de Flore, tufteuse depuis 2009, et \u00e0 la cl\u00e9 un beau tapis r\u00e9alis\u00e9 \\npar vous-m\u00eame que vous emporterez chez vous ainsi qu\u2019un souvenir inoubliable.\\n\\nNOMBRES DE PARTICIPANTS PAR SESSION : jusqu\u2019\u00e0 3 personnes\\nUNE JOURNEE : Environ 7-8  heures sont n\u00e9cessaires, \u00e0 partir de 9h30. \\nAlternative : possibilit\u00e9 de 2 demi-journ\u00e9es (cons\u00e9cutives ou non).\",\"url\":\"http:\/\/www.rectangledor.com\/\",\"geo\":{\"@type\":\"GeoCoordinates\",\"latitude\":48.0178694,\"longitude\":-4.5304599},\"additionalProperty\":[{\"@type\":\"PropertyValue\",\"name\":\"Titre\",\"value\":\"Atelier d'initiation au handtufting Cr\u00e9ation tapis laine\"},{\"@type\":\"PropertyValue\",\"name\":\"Cat\u00e9gorie\",\"value\":\"Autres \u00e9v\u00e9nements\"},{\"@type\":\"PropertyValue\",\"name\":\"Ville\",\"value\":\"Plouhinec\"},{\"@type\":\"PropertyValue\",\"name\":\"Code postal\",\"value\":\"29780\"}]}},{\"@type\":\"ListItem\",\"position\":141,\"item\":{\"@type\":\"Thing\",\"name\":\"Visite guid\u00e9e du sillon de Camaret-sur-Mer + visite libre de la Tour\",\"description\":\"Visite guid\u00e9e du sillon + visite libre de la Tour, tous les vendredis\\nTarif 7 euros, r\u00e9servation conseill\u00e9e au 02 98 27 91 12 ou par mail \u00e0 tourvauban@camaretsurmer.fr, jauge limit\u00e9e \u00e0 20 personnes\",\"geo\":{\"@type\":\"GeoCoordinates\",\"latitude\":48.27979,\"longitude\":-4.59193},\"additionalProperty\":[{\"@type\":\"PropertyValue\",\"name\":\"Titre\",\"value\":\"Visite guid\u00e9e du sillon de Camaret-sur-Mer + visite libre de la Tour\"},{\"@type\":\"PropertyValue\",\"name\":\"Cat\u00e9gorie\",\"value\":\"Autres \u00e9v\u00e9nements\"},{\"@type\":\"PropertyValue\",\"name\":\"Ville\",\"value\":\"Camaret-sur-Mer\"},{\"@type\":\"PropertyValue\",\"name\":\"Code postal\",\"value\":\"29570\"}]}},{\"@type\":\"ListItem\",\"position\":142,\"item\":{\"@type\":\"Thing\",\"name\":\"Balades climatiques par la Maison des Min\u00e9raux\",\"description\":\"Site : Porzh Koubou  (crozon)\\n\\nEt si les roches pouvaient parler ? Entre fossiles tropicaux et t\u00e9moins de glaciations, d\u00e9couvrez comment les paysages porte les marques de climats pass\u00e9s... et ce qu'il dit de l'avenir !\\n\\n2h00\\n10\u20ac \/ personnes\\nA partir de 14 ans\\nSur r\u00e9servation\",\"geo\":{\"@type\":\"GeoCoordinates\",\"latitude\":48.24561,\"longitude\":-4.48861},\"additionalProperty\":[{\"@type\":\"PropertyValue\",\"name\":\"Titre\",\"value\":\"Balades climatiques par la Maison des Min\u00e9raux\"},{\"@type\":\"PropertyValue\",\"name\":\"Cat\u00e9gorie\",\"value\":\"En famille\"},{\"@type\":\"PropertyValue\",\"name\":\"Ville\",\"value\":\"Crozon\"},{\"@type\":\"PropertyValue\",\"name\":\"Code postal\",\"value\":\"29160\"}]}},{\"@type\":\"ListItem\",\"position\":143,\"item\":{\"@type\":\"Thing\",\"name\":\"Bourse aux v\u00eatements - pu\u00e9riculture\",\"description\":\"Bourse aux v\u00eatements automne-hiver (enfants et adultes) et articles de pu\u00e9riculture, organis\u00e9e par l\u2019association Familles Rurales.\\nD\u00e9p\u00f4t des articles le lundi 24 ao\u00fbt, de 14h \u00e0 19h30.\",\"geo\":{\"@type\":\"GeoCoordinates\",\"latitude\":48.4323369,\"longitude\":-4.628738},\"additionalProperty\":[{\"@type\":\"PropertyValue\",\"name\":\"Titre\",\"value\":\"Bourse aux v\u00eatements - pu\u00e9riculture\"},{\"@type\":\"PropertyValue\",\"name\":\"Cat\u00e9gorie\",\"value\":\"March\u00e9s & foires\"},{\"@type\":\"PropertyValue\",\"name\":\"Ville\",\"value\":\"Saint-Renan\"},{\"@type\":\"PropertyValue\",\"name\":\"Code postal\",\"value\":\"29290\"}]}},{\"@type\":\"ListItem\",\"position\":144,\"item\":{\"@type\":\"Thing\",\"name\":\"Visite \\\"Des bancs de sardines aux bancs d'usines\\\"\",\"description\":\"D\u00e9couvrez la vie des p\u00eacheurs et surtout des ouvri\u00e8res dans les conserveries locales. \\nAnimations sans suppl\u00e9ment sur pr\u00e9sentation du billet d'entr\u00e9e et des disponibilit\u00e9s.\",\"geo\":{\"@type\":\"GeoCoordinates\",\"latitude\":48.0923984,\"longitude\":-4.3326434},\"additionalProperty\":[{\"@type\":\"PropertyValue\",\"name\":\"Titre\",\"value\":\"Visite \\\"Des bancs de sardines aux bancs d'usines\\\"\"},{\"@type\":\"PropertyValue\",\"name\":\"Cat\u00e9gorie\",\"value\":\"Autres \u00e9v\u00e9nements\"},{\"@type\":\"PropertyValue\",\"name\":\"Ville\",\"value\":\"Douarnenez\"},{\"@type\":\"PropertyValue\",\"name\":\"Code postal\",\"value\":\"29100\"}]}},{\"@type\":\"ListItem\",\"position\":145,\"item\":{\"@type\":\"Thing\",\"name\":\"L'abbaye-forteresse en 3D\",\"description\":\"Explorez l\u2019abbaye de Land\u00e9vennec \u00e0 travers un parcours in\u00e9dit ! Commencez par la d\u00e9couverte de notre exposition temporaire, puis installez-vous confortablement en salle pour l'exp\u00e9rience en 3D. Enfilez vos lunettes de r\u00e9alit\u00e9 virtuelle et remontez le temps jusqu\u2019au XIIIe si\u00e8cle pour voir l'ancienne abbaye-forteresse rena\u00eetre sous vos yeux. Enfin, terminez par un tour sur le terrain : arpentez les ruines actuelles et confrontez les vestiges r\u00e9els aux secrets r\u00e9v\u00e9l\u00e9s par l'arch\u00e9ologie num\u00e9rique.\",\"url\":\"http:\/\/www.cdp29.fr\/\",\"geo\":{\"@type\":\"GeoCoordinates\",\"latitude\":48.29135,\"longitude\":-4.26745},\"additionalProperty\":[{\"@type\":\"PropertyValue\",\"name\":\"Titre\",\"value\":\"L'abbaye-forteresse en 3D\"},{\"@type\":\"PropertyValue\",\"name\":\"Cat\u00e9gorie\",\"value\":\"Autres \u00e9v\u00e9nements\"},{\"@type\":\"PropertyValue\",\"name\":\"Ville\",\"value\":\"Land\u00e9vennec\"},{\"@type\":\"PropertyValue\",\"name\":\"Code postal\",\"value\":\"29560\"}]}},{\"@type\":\"ListItem\",\"position\":146,\"item\":{\"@type\":\"Thing\",\"name\":\"Visite guid\u00e9e du site naturel des Plomarc'h\",\"description\":\"Balade comment\u00e9e sur le site naturel des Plomarc'h situ\u00e9 \u00e0 proximit\u00e9 du port du Rosmeur \u00e0 Douarnenez. Au fil de cette visite comment\u00e9e se d\u00e9voileront les tr\u00e9sors du pass\u00e9 dont une usine de salaison de poissons gallo-romaine et un ancien village du 18 \u00e8me.  Inscription n\u00e9cessaire \u00e0 l'Office de Tourisme.\",\"url\":\"https:\/\/douarnenez-tourisme.com\/a-voir-a-faire\/les-visites-guidees\/le-site-naturel-des-plomarch\/\",\"geo\":{\"@type\":\"GeoCoordinates\",\"latitude\":48.091288,\"longitude\":-4.3214678},\"additionalProperty\":[{\"@type\":\"PropertyValue\",\"name\":\"Titre\",\"value\":\"Visite guid\u00e9e du site naturel des Plomarc'h\"},{\"@type\":\"PropertyValue\",\"name\":\"Cat\u00e9gorie\",\"value\":\"Autres \u00e9v\u00e9nements\"},{\"@type\":\"PropertyValue\",\"name\":\"Ville\",\"value\":\"Douarnenez\"},{\"@type\":\"PropertyValue\",\"name\":\"Code postal\",\"value\":\"29100\"}]}},{\"@type\":\"ListItem\",\"position\":147,\"item\":{\"@type\":\"Thing\",\"name\":\"Concert Trio Vocal Baroque\",\"description\":\"L'ensemble des escapades baroques propose une programme estival avec une trio vocal compos\u00e9 de Julia BARAT, Camille ESVELIN et Pierre-Emmanuel CLAIR. Venez \u00e9couter dans l'\u00e9crin acoustique de l'Abbaye de Land\u00e9vennec ces pi\u00e8ces pour voix, chefs d'\u0153uvre de la fin de la renaissance et de l'\u00e9poque baroque avec des compositeurs tels que M.A. CHARPENTIER, Thomas MORLAY ou encore Claudio MONTEVERDI.\",\"geo\":{\"@type\":\"GeoCoordinates\",\"latitude\":48.24748,\"longitude\":-4.31835},\"additionalProperty\":[{\"@type\":\"PropertyValue\",\"name\":\"Titre\",\"value\":\"Concert Trio Vocal Baroque\"},{\"@type\":\"PropertyValue\",\"name\":\"Cat\u00e9gorie\",\"value\":\"Concerts, musique & festivals\"},{\"@type\":\"PropertyValue\",\"name\":\"Ville\",\"value\":\"Land\u00e9vennec\"},{\"@type\":\"PropertyValue\",\"name\":\"Code postal\",\"value\":\"29560\"}]}},{\"@type\":\"ListItem\",\"position\":148,\"item\":{\"@type\":\"Thing\",\"name\":\"Forum des associations\",\"description\":\"Venez d\u00e9couvrir les activit\u00e9s 2026\/2027 et inscrivez vous !  Tous les secteurs d\u2019activit\u00e9, social, culturel ou sportif, seront repr\u00e9sent\u00e9s. \\nOrganis\u00e9 par la mairie\",\"geo\":{\"@type\":\"GeoCoordinates\",\"latitude\":47.98562,\"longitude\":-4.42047},\"additionalProperty\":[{\"@type\":\"PropertyValue\",\"name\":\"Titre\",\"value\":\"Forum des associations\"},{\"@type\":\"PropertyValue\",\"name\":\"Cat\u00e9gorie\",\"value\":\"Autres \u00e9v\u00e9nements\"},{\"@type\":\"PropertyValue\",\"name\":\"Ville\",\"value\":\"Ploz\u00e9vet\"},{\"@type\":\"PropertyValue\",\"name\":\"Code postal\",\"value\":\"29710\"}]}},{\"@type\":\"ListItem\",\"position\":149,\"item\":{\"@type\":\"Thing\",\"name\":\"Atelier d'initiation au handtufting Cr\u00e9ation tapis laine\",\"description\":\"Pour votre initiation, vous r\u00e9aliserez un petit tapis rond ou carr\u00e9 de 40x40cm, \\nen pure laine avec la technique du handtufting qui se fait \u00e0 partir d\u2019un pistolet \\n\u00e0 tufter. Toutes les fournitures sont fournies.\\n\\nUn stage de d\u00e9couverte artistique et technique dans une belle ambiance sous \\nla supervision de Flore, tufteuse depuis 2009, et \u00e0 la cl\u00e9 un beau tapis r\u00e9alis\u00e9 \\npar vous-m\u00eame que vous emporterez chez vous ainsi qu\u2019un souvenir inoubliable.\\n\\nNOMBRES DE PARTICIPANTS PAR SESSION : jusqu\u2019\u00e0 3 personnes\\nUNE JOURNEE : Environ 7-8  heures sont n\u00e9cessaires, \u00e0 partir de 9h30. \\nAlternative : possibilit\u00e9 de 2 demi-journ\u00e9es (cons\u00e9cutives ou non).\",\"url\":\"http:\/\/www.rectangledor.com\/\",\"geo\":{\"@type\":\"GeoCoordinates\",\"latitude\":48.0178694,\"longitude\":-4.5304599},\"additionalProperty\":[{\"@type\":\"PropertyValue\",\"name\":\"Titre\",\"value\":\"Atelier d'initiation au handtufting Cr\u00e9ation tapis laine\"},{\"@type\":\"PropertyValue\",\"name\":\"Cat\u00e9gorie\",\"value\":\"Autres \u00e9v\u00e9nements\"},{\"@type\":\"PropertyValue\",\"name\":\"Ville\",\"value\":\"Plouhinec\"},{\"@type\":\"PropertyValue\",\"name\":\"Code postal\",\"value\":\"29780\"}]}},{\"@type\":\"ListItem\",\"position\":150,\"item\":{\"@type\":\"Thing\",\"name\":\"Visite cr\u00e9pusculaire de la Pointe du Raz\",\"description\":\"La Pointe du Raz \u00e0 l'heure dor\u00e9e ! \\n\\n\u00c0 l\u2019heure o\u00f9 le soleil d\u00e9cline, la Pointe du Raz r\u00e9v\u00e8le une atmosph\u00e8re toute particuli\u00e8re. Cette visite cr\u00e9pusculaire propose une immersion sensorielle au c\u0153ur du Grand Site, lorsque les couleurs s\u2019adoucissent et que la lumi\u00e8re dor\u00e9e embrase les falaises. Progressivement, phares et balises s\u2019illuminent, offrant un v\u00e9ritable ballet lumineux sur la mer d\u2019Iroise. Entre paysages grandioses, r\u00e9cits maritimes et instants contemplatifs, vivez une exp\u00e9rience unique, hors du temps, au plus \u00e0 l\u2019ouest de la France.\\n\\nSur r\u00e9servation aupr\u00e8s de la Maison de site de la Pointe du Raz ou de l'Office de Tourisme du Cap-Sizun \u00e0 Audierne.\",\"url\":\"https:\/\/www.toutcommenceenfinistere.com\/pointe-du-raz\/preparer-sa-visite\/\",\"geo\":{\"@type\":\"GeoCoordinates\",\"latitude\":48.040859,\"longitude\":-4.670977},\"additionalProperty\":[{\"@type\":\"PropertyValue\",\"name\":\"Titre\",\"value\":\"Visite cr\u00e9pusculaire de la Pointe du Raz\"},{\"@type\":\"PropertyValue\",\"name\":\"Cat\u00e9gorie\",\"value\":\"Sport & randonn\u00e9e\"},{\"@type\":\"PropertyValue\",\"name\":\"Ville\",\"value\":\"Plogoff\"},{\"@type\":\"PropertyValue\",\"name\":\"Code postal\",\"value\":\"29770\"}]}},{\"@type\":\"ListItem\",\"position\":151,\"item\":{\"@type\":\"Thing\",\"name\":\"Exposition photographies \\\"A terre en mer, les \u00eeles de Michel Thersiquel\\\"\",\"description\":\"Cette r\u00e9trospective, install\u00e9e sur 200 m\u00b2, rassemble 65 photographies en noir et blanc, prises entre 1978 et le milieu des ann\u00e9es 1980. Un grand nombre de ces clich\u00e9s n\u2019ont jamais \u00e9t\u00e9 expos\u00e9s au public.\\nCon\u00e7ue avec le soutien de l\u2019Association des Amis de Michel Thersiquel, cette exposition invite \u00e0 d\u00e9couvrir l\u2019\u0153uvre de Michel Thersiquel, l\u2019un des plus grands photographes bretons de sa g\u00e9n\u00e9ration. \u00c0 travers son regard unique, \u00e0 la fois po\u00e9tique et r\u00e9aliste, Thersiquel capte l\u2019intimit\u00e9 et le quotidien des habitants des \u00eeles du Ponant : Batz, Belle-\u00cele, Sein, Groix et Ouessant. Loin des clich\u00e9s, il livre une vision brute et authentique de ces territoires insulaires.\\n\\nUn regard sur la Bretagne\\nMichel Thersiquel a marqu\u00e9 l\u2019histoire de la photographie en France. D\u00e8s les ann\u00e9es 70, son travail est reconnu \u00e0 l\u2019international pour son approche humaine et patiente. Il a d\u00e9di\u00e9 son travail \u00e0 la Bretagne, sa r\u00e9gion natale, et aux vies simples de ses habitants. Ses photos t\u00e9moignent de la rencontre entre tradition et modernit\u00e9, comme dans ses s\u00e9ries sur les \u00eeles bretonnes, les mar\u00e9es noires et la p\u00eache.\\n\\nUne plong\u00e9e dans l\u2019intimit\u00e9 des \u00eeles\\nL\u2019exposition \u00ab \u00c0 terre en mer, les \u00eeles de Michel Thersiquel \u00bb pr\u00e9sente un ensemble de photographies des \u00eeles du Ponant, capturant la vie insulaire dans toute sa simplicit\u00e9, sa gravit\u00e9 et son humour. Thersiquel se concentre sur les moments du quotidien : les habitants, leurs m\u00e9tiers, leur environnement. Chaque clich\u00e9, pris avec une lenteur et une pr\u00e9cision m\u00e9ticuleuses, permet d\u2019appr\u00e9hender la r\u00e9alit\u00e9 des \u00eeles, loin des images de cartes postale.\\n\\nHoraires d'ouverture sur le site du Port-mus\u00e9e.\",\"url\":\"https:\/\/www.port-musee.org\/?event=a-terre-en-mer-les-iles-de-michel-thersiquel&event_date=2026-02-18\",\"geo\":{\"@type\":\"GeoCoordinates\",\"latitude\":48.0923984,\"longitude\":-4.3326434},\"additionalProperty\":[{\"@type\":\"PropertyValue\",\"name\":\"Titre\",\"value\":\"Exposition photographies \\\"A terre en mer, les \u00eeles de Michel Thersiquel\\\"\"},{\"@type\":\"PropertyValue\",\"name\":\"Cat\u00e9gorie\",\"value\":\"Expositions\"},{\"@type\":\"PropertyValue\",\"name\":\"Ville\",\"value\":\"Douarnenez\"},{\"@type\":\"PropertyValue\",\"name\":\"Code postal\",\"value\":\"29100\"}]}},{\"@type\":\"ListItem\",\"position\":152,\"item\":{\"@type\":\"Thing\",\"name\":\"Jeu de piste guid\u00e9 \\\"d\u00e9couverte du patrimoine au port du Passage\\\"\",\"description\":\"D\u00e9couvrez la chapelle Saint-Languis, l\u2019histoire du village du Passage entre son bac et ponts \u00e0 travers ce jeu de piste guid\u00e9 !\\n Avoir de bonnes chaussures et de l'eau est conseill\u00e9 lors de cette animation\\n\\n\\n\\nLe r\u00e8glement se fer le jour J de l'animation \u00e0 la boutique du mus\u00e9e ou directement sur place en pr\u00e9voyant l'appoint.\",\"url\":\"https:\/\/www.museepaysplougastel.fr\/animations\",\"geo\":{\"@type\":\"GeoCoordinates\",\"latitude\":48.3913143,\"longitude\":-4.381277},\"additionalProperty\":[{\"@type\":\"PropertyValue\",\"name\":\"Titre\",\"value\":\"Jeu de piste guid\u00e9 \\\"d\u00e9couverte du patrimoine au port du Passage\\\"\"},{\"@type\":\"PropertyValue\",\"name\":\"Cat\u00e9gorie\",\"value\":\"En famille\"},{\"@type\":\"PropertyValue\",\"name\":\"Ville\",\"value\":\"Plougastel-Daoulas\"},{\"@type\":\"PropertyValue\",\"name\":\"Code postal\",\"value\":\"29470\"}]}},{\"@type\":\"ListItem\",\"position\":153,\"item\":{\"@type\":\"Thing\",\"name\":\"Exposition \\\"Marines d'hier et d'aujourd'hui\\\"\",\"description\":\"Exposition propos\u00e9e par le Mus\u00e9e Maritime du Cap Sizun.\\ndu 6 juillet au 28 ao\u00fbt 2026\\nlundi \u00e0 vendredi : 10 h - 13 h \/ 14 h 30 - 18 h 30\\ndimanche : 14 h 30 - 18 h 30\\nsamedi : ferm\u00e9\",\"url\":\"https:\/\/www.youtube.com\/shorts\/bOWdbSclY2w\",\"geo\":{\"@type\":\"GeoCoordinates\",\"latitude\":48.0251489,\"longitude\":-4.5358517},\"additionalProperty\":[{\"@type\":\"PropertyValue\",\"name\":\"Titre\",\"value\":\"Exposition \\\"Marines d'hier et d'aujourd'hui\\\"\"},{\"@type\":\"PropertyValue\",\"name\":\"Cat\u00e9gorie\",\"value\":\"Expositions\"},{\"@type\":\"PropertyValue\",\"name\":\"Ville\",\"value\":\"Audierne\"},{\"@type\":\"PropertyValue\",\"name\":\"Code postal\",\"value\":\"29770\"}]}},{\"@type\":\"ListItem\",\"position\":154,\"item\":{\"@type\":\"Thing\",\"name\":\"Tour de ville du Conquet\",\"description\":\"Le tour de ville du Conquet nous ouvre une fen\u00eatre sur l'histoire de ce bout du monde. L'isolement, la rudesse du climat mais aussi l'appel incessant du large ont donn\u00e9 \u00e0 ce lieu et ses habitants un destin extraordinaire que Ribine Exp\u00e9rience vous propose de d\u00e9couvrir. Sur r\u00e9servation.\",\"url\":\"http:\/\/ribine-experience.fr\/\",\"geo\":{\"@type\":\"GeoCoordinates\",\"latitude\":48.3585519,\"longitude\":-4.7698143},\"additionalProperty\":[{\"@type\":\"PropertyValue\",\"name\":\"Titre\",\"value\":\"Tour de ville du Conquet\"},{\"@type\":\"PropertyValue\",\"name\":\"Cat\u00e9gorie\",\"value\":\"Autres \u00e9v\u00e9nements\"},{\"@type\":\"PropertyValue\",\"name\":\"Ville\",\"value\":\"Le Conquet\"},{\"@type\":\"PropertyValue\",\"name\":\"Code postal\",\"value\":\"29217\"}]}},{\"@type\":\"ListItem\",\"position\":155,\"item\":{\"@type\":\"Thing\",\"name\":\"Exposition Tintin et son univers\",\"description\":\"Tout l'\u00e9t\u00e9, venez d\u00e9couvrir une superbe exposition d\u00e9di\u00e9e \u00e0 l'univers de Tintin !\",\"geo\":{\"@type\":\"GeoCoordinates\",\"latitude\":48.3593718,\"longitude\":-4.7737684},\"additionalProperty\":[{\"@type\":\"PropertyValue\",\"name\":\"Titre\",\"value\":\"Exposition Tintin et son univers\"},{\"@type\":\"PropertyValue\",\"name\":\"Cat\u00e9gorie\",\"value\":\"Expositions\"},{\"@type\":\"PropertyValue\",\"name\":\"Ville\",\"value\":\"Le Conquet\"},{\"@type\":\"PropertyValue\",\"name\":\"Code postal\",\"value\":\"29217\"}]}},{\"@type\":\"ListItem\",\"position\":156,\"item\":{\"@type\":\"Thing\",\"name\":\"Rando Sant\u00e9\",\"description\":\"La 21\u00e8me \u00e9dition de la Rando-Sant\u00e9 aura lieu le dimanche 30 Ao\u00fbt 2026. Cette journ\u00e9e est un \u00e9v\u00e8nement convivial, solidaire et pour tous. \\n\\nLe programme :\\n\\nLe dimanche matin : randonn\u00e9es pour les cyclotouristes, les v\u00e9t\u00e9tistes et les foul\u00e9es nature\\nRandonn\u00e9es cyclo : 55km et 95 km (d\u00e9parts libres de 8h \u00e0 10h)\\nRandonn\u00e9es VTT : 15km et 25 km (d\u00e9parts libres de 8h \u00e0 11h)\\nFoul\u00e9es nature 9km (d\u00e9parts libres de 8h \u00e0 11h)\\n\\nLe dimanche apr\u00e8s-midi : les marcheurs\\nRandonn\u00e9es p\u00e9destres : 3 circuits : 4km\/9km\/14km d\u00e9parts libres de 13h30 \u00e0 16h\\n\\nA partir de 14h animations musicales, fest-deiz, animations enfants, jeux bretons, balades \u00e0 poney etc\u2026\\n\\nRestauration : cr\u00eapes, go\u00fbter du randonneur\\n\\nSoutien au comit\u00e9 d\u00e9partemental Handisport Tarifs 5 euros\",\"url\":\"https:\/\/mahalon.fr\/\",\"geo\":{\"@type\":\"GeoCoordinates\",\"latitude\":48.0351667,\"longitude\":-4.4365454},\"additionalProperty\":[{\"@type\":\"PropertyValue\",\"name\":\"Titre\",\"value\":\"Rando Sant\u00e9\"},{\"@type\":\"PropertyValue\",\"name\":\"Cat\u00e9gorie\",\"value\":\"En famille\"},{\"@type\":\"PropertyValue\",\"name\":\"Ville\",\"value\":\"Mahalon\"},{\"@type\":\"PropertyValue\",\"name\":\"Code postal\",\"value\":\"29790\"}]}},{\"@type\":\"ListItem\",\"position\":157,\"item\":{\"@type\":\"Thing\",\"name\":\"Summer Tour\",\"description\":\"Une journ\u00e9e authentique, conviviale et festive au coeur de la nature !\\n\\nAu programme : visite de la ferme, animations, repas traiteur (sur r\u00e9servation), buvette & cr\u00eapes, produits locaux, ambiance musicale avec Gurund'Ys (\u00e0 19h)\\n\\nVenez partager un moment unique en famille, entre amis ou entre passionn\u00e9s d'animaux !\\n\\nEntr\u00e9e : 3\u20ac\",\"geo\":{\"@type\":\"GeoCoordinates\",\"latitude\":48.25146,\"longitude\":-4.22228},\"additionalProperty\":[{\"@type\":\"PropertyValue\",\"name\":\"Titre\",\"value\":\"Summer Tour\"},{\"@type\":\"PropertyValue\",\"name\":\"Cat\u00e9gorie\",\"value\":\"Concerts, musique & festivals\"},{\"@type\":\"PropertyValue\",\"name\":\"Ville\",\"value\":\"Tr\u00e9garvan\"},{\"@type\":\"PropertyValue\",\"name\":\"Code postal\",\"value\":\"29560\"}]}},{\"@type\":\"ListItem\",\"position\":158,\"item\":{\"@type\":\"Thing\",\"name\":\"Vivre et r\u00e9sister sous l'occupation\",\"description\":\"Immersion dans le pass\u00e9 tumultueux de Brest en d\u00e9couvrant l\u2019histoire poignante de la Seconde Guerre mondiale. \u00c0 travers cette visite guid\u00e9e, vous comprendrez la r\u00e9alit\u00e9 du quotidien des Brestois sous l\u2019Occupation, mais aussi l'esprit de r\u00e9sistance qui animait ceux qui luttaient pour la libert\u00e9.\\n\\nVotre guide vous emm\u00e8ne sur les traces de ces moments sombres mais aussi h\u00e9ro\u00efques, vous racontant le courage et la r\u00e9silience des habitants qui ont travers\u00e9 ces ann\u00e9es difficiles. Vous explorerez les lieux embl\u00e9matiques de la r\u00e9sistance \u00e0 Brest, tout en d\u00e9couvrant les conditions de vie impos\u00e9es par l\u2019Occupant. \\n\\nCette visite est l\u2019occasion unique de red\u00e9couvrir Brest sous un jour historique et de comprendre l\u2019importance de la r\u00e9sistance dans la ville. Un voyage dans le temps et la m\u00e9moire collective !\\nLa visite comprend l\u2019entr\u00e9e dans l\u2019abri Sadi Carnot.\\n\\nInformations pratiques :\\nDur\u00e9e 2h30.\\nPr\u00e9voir de bonnes chaussures. \\nSur r\u00e9servation aupr\u00e8s de l'Office de Tourisme Brest en vue, par t\u00e9l\u00e9phone, au guichet ou en ligne. \\nNombre de place limit\u00e9. \\n\\nL\u2019Office de Tourisme Brest en vue se r\u00e9serve le droit d\u2019annuler la visite si le nombre minimum de participants (5 personnes) n'est pas atteint, ou en cas de mauvaises conditions m\u00e9t\u00e9orologiques.\",\"url\":\"https:\/\/www.brest-metropole-tourisme.fr\/reservation-en-ligne\/visites-guidees\",\"geo\":{\"@type\":\"GeoCoordinates\",\"latitude\":48.3884227,\"longitude\":-4.4850204},\"additionalProperty\":[{\"@type\":\"PropertyValue\",\"name\":\"Titre\",\"value\":\"Vivre et r\u00e9sister sous l'occupation\"},{\"@type\":\"PropertyValue\",\"name\":\"Cat\u00e9gorie\",\"value\":\"En famille\"},{\"@type\":\"PropertyValue\",\"name\":\"Ville\",\"value\":\"Brest\"},{\"@type\":\"PropertyValue\",\"name\":\"Code postal\",\"value\":\"29200\"}]}},{\"@type\":\"ListItem\",\"position\":159,\"item\":{\"@type\":\"Thing\",\"name\":\"Bains de For\u00eat\",\"description\":\"\u00c0 l\u2019\u00e9coute des arbres\\n\\nAu c\u0153ur du Bois de Suguensou, offrez-vous une parenth\u00e8se hors du temps pour ralentir et vous reconnecter \u00e0 vos sensations.\\nCette exp\u00e9rience guid\u00e9e invite \u00e0 explorer la rencontre avec les arbres de mani\u00e8re progressive : d\u2019abord \u00e0 distance, puis en s\u2019approchant doucement de leurs troncs. \u00c0 travers une \u00e9coute attentive du corps et une perception subtile du mouvement \u00e9nerg\u00e9tique, chacun est amen\u00e9 \u00e0 vivre un dialogue silencieux avec le vivant.\\nSurprenante au d\u00e9but, cette approche devient rapidement un moment profond d\u2019ancrage et de pr\u00e9sence, o\u00f9 l\u2019on passe du \u00ab faire \u00bb \u00e0 l\u2019\u00ab \u00eatre \u00bb.\\n\\nInformations particuli\u00e8res :\\n- Tout public \u00e0 partir de 11 ans\\n- Pr\u00e9voir une tenue adapt\u00e9e permettant d'aller hors des sentiers\\n\\nLes lundis matins \u00e0 9h.\\nR\u00e9servation possible aupr\u00e8s de l'Office de Tourisme d'Audierne ou par t\u00e9l\u00e9phone.\",\"url\":\"http:\/\/virginie-guezennec.fr\/\",\"geo\":{\"@type\":\"GeoCoordinates\",\"latitude\":48.035306,\"longitude\":-4.5400859},\"additionalProperty\":[{\"@type\":\"PropertyValue\",\"name\":\"Titre\",\"value\":\"Bains de For\u00eat\"},{\"@type\":\"PropertyValue\",\"name\":\"Cat\u00e9gorie\",\"value\":\"Sport & randonn\u00e9e\"},{\"@type\":\"PropertyValue\",\"name\":\"Ville\",\"value\":\"Audierne\"},{\"@type\":\"PropertyValue\",\"name\":\"Code postal\",\"value\":\"29770\"}]}},{\"@type\":\"ListItem\",\"position\":160,\"item\":{\"@type\":\"Thing\",\"name\":\"Le dessous des mers - Exposition\",\"description\":\"\u00c0 Brest, l\u2019exposition Le dessous des mers s\u2019inscrit dans le cycle \u00ab L\u2019appel des profondeurs \u00bb, d\u00e9ploy\u00e9 \u00e0 l\u2019\u00e9chelle du r\u00e9seau du mus\u00e9e national de la Marine. Elle explore cinq si\u00e8cles d\u2019histoire de la cartographie sous-marine, entre imaginaires, innovations scientifiques et enjeux contemporains.\\n\\nUne plong\u00e9e au c\u0153ur de la cartographie des profondeurs\\nPr\u00e9sent\u00e9e au mus\u00e9e national de la Marine \u00e0 Brest du 26 juin 2026 au 7 mars 2027, l\u2019exposition Le dessous des mers. L\u2019aventure de la cartographie sous-marine est la deuxi\u00e8me \u00e9tape du cycle \u00ab L\u2019appel des profondeurs \u00bb, propos\u00e9 pour la premi\u00e8re fois \u00e0 l\u2019\u00e9chelle du r\u00e9seau du mus\u00e9e. \\n\\nDes premi\u00e8res cartes marines, peupl\u00e9es de monstres et de cr\u00e9atures myst\u00e9rieuses, jusqu\u2019aux mod\u00e9lisations 3D des fonds marins, le parcours retrace cinq si\u00e8cles d\u2019innovations visant \u00e0 mesurer, analyser et repr\u00e9senter ces territoires longtemps rest\u00e9s invisibles.\\n\\nDe l\u2019imaginaire \u00e0 la science\\nQu\u2019y a-t-il sous la mer ? Bien avant de devenir une science, la cartographie marine s\u2019est construite sur des savoirs empiriques et des repr\u00e9sentations fascinantes, entre peur et curiosit\u00e9.\\n\\nL\u2019exposition revient sur ce basculement majeur, notamment au XVIIIe si\u00e8cle avec la figure de Charles-Fran\u00e7ois Beautemps-Beaupr\u00e9, consid\u00e9r\u00e9 comme le p\u00e8re de l\u2019hydrographie moderne. La cr\u00e9ation du D\u00e9p\u00f4t des cartes et plans de la Marine en 1720 marque une \u00e9tape d\u00e9cisive dans la structuration de cette discipline. \\n\\n\u00c0 Brest, ce r\u00e9cit prend aussi une dimension locale, \u00e0 travers des \u00e9pisodes historiques comme le blocus anglais (1793-1814) ou les travaux d\u2019am\u00e9nagement du port.\",\"url\":\"https:\/\/www.musee-marine.fr\/nos-musees\/brest\/expositions-et-evenements\/les-expositions\/le-dessous-des-mers-laventure-de-la-cartographie-sous-marine.html\",\"geo\":{\"@type\":\"GeoCoordinates\",\"latitude\":48.3817225,\"longitude\":-4.4921918},\"additionalProperty\":[{\"@type\":\"PropertyValue\",\"name\":\"Titre\",\"value\":\"Le dessous des mers - Exposition\"},{\"@type\":\"PropertyValue\",\"name\":\"Cat\u00e9gorie\",\"value\":\"Expositions\"},{\"@type\":\"PropertyValue\",\"name\":\"Ville\",\"value\":\"Brest\"},{\"@type\":\"PropertyValue\",\"name\":\"Code postal\",\"value\":\"29200\"}]}},{\"@type\":\"ListItem\",\"position\":161,\"item\":{\"@type\":\"Thing\",\"name\":\"Concours de palet breton\",\"description\":\"Concours annuel organis\u00e9 par Celtic ar Pont. \\n\\nBuvette et restauration.\\n\\nOuvert \u00e0 tous !\",\"geo\":{\"@type\":\"GeoCoordinates\",\"latitude\":48.04248,\"longitude\":-4.48929},\"additionalProperty\":[{\"@type\":\"PropertyValue\",\"name\":\"Titre\",\"value\":\"Concours de palet breton\"},{\"@type\":\"PropertyValue\",\"name\":\"Cat\u00e9gorie\",\"value\":\"Autres \u00e9v\u00e9nements\"},{\"@type\":\"PropertyValue\",\"name\":\"Ville\",\"value\":\"Pont-Croix\"},{\"@type\":\"PropertyValue\",\"name\":\"Code postal\",\"value\":\"29790\"}]}},{\"@type\":\"ListItem\",\"position\":162,\"item\":{\"@type\":\"Thing\",\"name\":\"Balade en baie d\u2019Audierne\",\"description\":\"Au d\u00e9part du port de Ste-Evette, vous longez la c\u00f4te sauvage du Cap-Sizun et d\u00e9couvrez des paysages insoup\u00e7onn\u00e9s : la chapelle StTugen, l\u2019Ile aux Vaches, Pors-Loubous, le petit port de Bestr\u00e9e et la fameuse pointe du Raz.\\nAvant de remettre le cap sur le continent, vous vous approcherez \u00e9galement de l\u2019\u00e9l\u00e9gant phare de la Vieille.\\n\\nGratuit pour les moins de 4 ans (enregistr\u00e9s en agence) \/ Chien : 4\u20ac\\n\\nBilletterie disponible aupr\u00e8s de l'Office de Tourisme \u00e0 Audierne.\",\"url\":\"https:\/\/www.finist-mer.fr\/\",\"geo\":{\"@type\":\"GeoCoordinates\",\"latitude\":48.0060997,\"longitude\":-4.5553163},\"additionalProperty\":[{\"@type\":\"PropertyValue\",\"name\":\"Titre\",\"value\":\"Balade en baie d\u2019Audierne\"},{\"@type\":\"PropertyValue\",\"name\":\"Cat\u00e9gorie\",\"value\":\"Autres \u00e9v\u00e9nements\"},{\"@type\":\"PropertyValue\",\"name\":\"Ville\",\"value\":\"Audierne\"},{\"@type\":\"PropertyValue\",\"name\":\"Code postal\",\"value\":\"29770\"}]}},{\"@type\":\"ListItem\",\"position\":163,\"item\":{\"@type\":\"Thing\",\"name\":\"Balade ornithologique sp\u00e9ciale \u00ab retour des limicoles \u00bb\",\"description\":\"\u00c0 l'occasion du retour des limicoles, je vous propose une balade ornithologique dans un lieu in\u00e9dit pour aller \u00e0 la rencontre de ces esp\u00e8ces end\u00e9miques de Bretagne, aussi mignonnes que fascinantes. \u00c0 vos jumelles !\",\"url\":\"http:\/\/www.terredecume.fr\/\",\"geo\":{\"@type\":\"GeoCoordinates\",\"latitude\":48.3557701,\"longitude\":-4.6794651},\"additionalProperty\":[{\"@type\":\"PropertyValue\",\"name\":\"Titre\",\"value\":\"Balade ornithologique sp\u00e9ciale \u00ab retour des limicoles \u00bb\"},{\"@type\":\"PropertyValue\",\"name\":\"Cat\u00e9gorie\",\"value\":\"Sport & randonn\u00e9e\"},{\"@type\":\"PropertyValue\",\"name\":\"Ville\",\"value\":\"Le Conquet\"},{\"@type\":\"PropertyValue\",\"name\":\"Code postal\",\"value\":\"29217\"}]}},{\"@type\":\"ListItem\",\"position\":164,\"item\":{\"@type\":\"Thing\",\"name\":\"Jeu de piste \\\"Le fant\u00f4me de l'abbaye\\\"\",\"description\":\"Alerte !\\n\\nL'abbaye de Saint-Mathieu est en proie aux farces malicieuses d'un fant\u00f4me. La derni\u00e8re victime n'est autre que l'abb\u00e9 Chamel dont la cheville a \u00e9t\u00e9 foul\u00e9e.\\n\\nIl est grand temps d'arr\u00eater cet esprit fac\u00e9tieux avant qu'un incident plus grave ne survienne !\\n\\nSon apparition est pour le moment inexpliqu\u00e9e, y aurait-il un tra\u00eetre au sein de la communaut\u00e9 monastique ? \\n\\n\u00c0 l'aide du Fr\u00e8re Husse, venez r\u00e9soudre les \u00e9nigmes du fant\u00f4me, relevez les d\u00e9fis et tentez de le capturer afin de ramener le calme \u00e0 l'abbaye.  \\n\\nSur r\u00e9servation.\",\"url\":\"https:\/\/phares-iroise.bzh\/\",\"geo\":{\"@type\":\"GeoCoordinates\",\"latitude\":48.3298633,\"longitude\":-4.7709141},\"additionalProperty\":[{\"@type\":\"PropertyValue\",\"name\":\"Titre\",\"value\":\"Jeu de piste \\\"Le fant\u00f4me de l'abbaye\\\"\"},{\"@type\":\"PropertyValue\",\"name\":\"Cat\u00e9gorie\",\"value\":\"En famille\"},{\"@type\":\"PropertyValue\",\"name\":\"Ville\",\"value\":\"Plougonvelin\"},{\"@type\":\"PropertyValue\",\"name\":\"Code postal\",\"value\":\"29217\"}]}},{\"@type\":\"ListItem\",\"position\":165,\"item\":{\"@type\":\"Thing\",\"name\":\"Championnat d'Europe Ocean Racing\",\"description\":\"Le championnat d\u2019Europe d\u2019Ocean Racing et toute l\u2019\u00e9lite europ\u00e9enne d\u00e9barque \u00e0 Brest .\\n\\nC\u2019est une course de kayak de mer o\u00f9 les concurrents jouent avec les \u00e9l\u00e9ments (vent et houle) sur des parcours de 20km. Pr\u00e8s de 300 comp\u00e9titeurs europ\u00e9ens vont s\u2019affronter sur nos c\u00f4tes. A terre un village sera ouvert \u00e0 tous (restauration, animations diverses\u2026). Retransmission des courses en direct sur le village, concerts, animations et artisanat polyn\u00e9sien.\\n\\nPlus d'infos sur https:\/\/www.ffck.org\",\"url\":\"http:\/\/oceaneuro2026.com\/\",\"geo\":{\"@type\":\"GeoCoordinates\",\"latitude\":48.391613,\"longitude\":-4.435704},\"additionalProperty\":[{\"@type\":\"PropertyValue\",\"name\":\"Titre\",\"value\":\"Championnat d'Europe Ocean Racing\"},{\"@type\":\"PropertyValue\",\"name\":\"Cat\u00e9gorie\",\"value\":\"Autres \u00e9v\u00e9nements\"},{\"@type\":\"PropertyValue\",\"name\":\"Ville\",\"value\":\"Brest\"},{\"@type\":\"PropertyValue\",\"name\":\"Code postal\",\"value\":\"29200\"}]}},{\"@type\":\"ListItem\",\"position\":166,\"item\":{\"@type\":\"Thing\",\"name\":\"Visite guid\u00e9e - Rando \u00e0 la Pointe du Raz\",\"description\":\"Une aventure pour marcheurs confirm\u00e9s !\\n\\nCette randonn\u00e9e propose d\u2019acc\u00e9der \u00e0 la Pointe du Raz par des sentiers moins connus et plus sauvages. Au fil du parcours, la puissance des \u00e9l\u00e9ments marins se fait ressentir, tandis que le guide d\u00e9voile les richesses naturelles du site : faune, flore, paysages et phares l\u00e9gendaires qui veillent sur la mer d\u2019Iroise. Une exp\u00e9rience intense et immersive, r\u00e9serv\u00e9e aux marcheurs habitu\u00e9s, pour vivre pleinement l\u2019esprit du Grand Site de France.\\n\\nD\u00e9part du parking de l'impasse Roz Kerveur (Lescoff) \u00e0 Plogoff - Dur\u00e9e 3h30 - 9 km \\n\\nSur r\u00e9servation aupr\u00e8s de la Maison de site ou de l'Office de Tourisme du Cap-Sizun \u00e0 Audierne.\",\"url\":\"https:\/\/www.toutcommenceenfinistere.com\/pointe-du-raz\/preparer-sa-visite\/\",\"geo\":{\"@type\":\"GeoCoordinates\",\"latitude\":48.039113,\"longitude\":-4.705542},\"additionalProperty\":[{\"@type\":\"PropertyValue\",\"name\":\"Titre\",\"value\":\"Visite guid\u00e9e - Rando \u00e0 la Pointe du Raz\"},{\"@type\":\"PropertyValue\",\"name\":\"Cat\u00e9gorie\",\"value\":\"Sport & randonn\u00e9e\"},{\"@type\":\"PropertyValue\",\"name\":\"Ville\",\"value\":\"Plogoff\"},{\"@type\":\"PropertyValue\",\"name\":\"Code postal\",\"value\":\"29770\"}]}},{\"@type\":\"ListItem\",\"position\":167,\"item\":{\"@type\":\"Thing\",\"name\":\"Animations estivales \u00e0 Aquacap\",\"description\":\"Lundi : Parcours aquatique de 14h30 \u00e0 16h30\\n\\nMardi : Waterball de 14h30 \u00e0 16h30 (suppl\u00e9ment 1 \u20ac)\\n\\nMercredi : Escape game de 14h30 \u00e0 18h30 (44 \u20ac par \u00e9quipe de 2 \u00e0 5 personnes, sur r\u00e9servation)\\n\\nJeudi : Construis ton radeau de 14h30 \u00e0 16h30 \/ Escape game de 17h \u00e0 21h (44 \u20ac par \u00e9quipe de 2 \u00e0 5 personnes, sur r\u00e9servation)\\n\\nVendredi : Waterball de 14h30 \u00e0 16h30 (suppl\u00e9ment 1 \u20ac)\\n\\nDimanche matin en famille : Eau du bassin ludique chauff\u00e9e \u00e0 32\u00b0C et p\u00eache \u00e0 la ligne\\n\\n\\nHoraires : du 6 juillet au 30 ao\u00fbt, nous passons en horaires Vacances d\u2019\u00e9t\u00e9\\nLundi, mercredi, vendredi, samedi et dimanche : 10h-13h30 \/ 14h30-19h\\nOuverture en nocturne le mardi et jeudi : 10-13h30 \/ 14h30-21h30\",\"url\":\"https:\/\/www.aquacap.fr\/\",\"geo\":{\"@type\":\"GeoCoordinates\",\"latitude\":48.033334,\"longitude\":-4.564891},\"additionalProperty\":[{\"@type\":\"PropertyValue\",\"name\":\"Titre\",\"value\":\"Animations estivales \u00e0 Aquacap\"},{\"@type\":\"PropertyValue\",\"name\":\"Cat\u00e9gorie\",\"value\":\"En famille\"},{\"@type\":\"PropertyValue\",\"name\":\"Ville\",\"value\":\"Audierne\"},{\"@type\":\"PropertyValue\",\"name\":\"Code postal\",\"value\":\"29770\"}]}},{\"@type\":\"ListItem\",\"position\":168,\"item\":{\"@type\":\"Thing\",\"name\":\"Exposition  : Ph\u00e9nom\u00e8nes -  Monique Duguer et Patrick Guellec\",\"description\":\"Les deux artistes avaient d\u00e9j\u00e0 expos\u00e9 ensemble l'an pass\u00e9 \u00e0 l'Office de Tourisme de Ploz\u00e9vet sur le th\u00e8me Visions maritimes.\\n\\n Monique peint depuis l'\u00e2ge de 14 ans. Elle travaille uniquement la peinture \u00e0 l'huile et utilise beaucoup les couleurs vives. Elle \u00e9voque le th\u00e8me \\\"Ph\u00e9nom\u00e8nes\\\" par des tableaux qui expriment un ressenti, une \u00e9motion dont elle puise l'inspiration dans un \u00e9v\u00e8nement, un film, un livre, une actualit\u00e9.. Les tableaux d\u00e9crivent des paysages, des personnages, des atmosph\u00e8res surnaturelles, fantastiques. . Monique n'h\u00e9site pas \u00e0 dire qu'elle travaille dans la lenteur pour aboutir au r\u00e9sultat escompt\u00e9. \\n\\n \\nPatrick Gu\u00e9llec, quant \u00e0 lui utilise, en plus de la peinture acrylique, les techniques de l'aquarelle et chacune de ses toiles est \u00e9galement une invitation \u00e0 ressentir. Il traite le th\u00e8me \\\"Ph\u00e9nom\u00e8nes\\\" par une pr\u00e9sentation de tableaux  \u00e9voquant la transformation de la v\u00e9g\u00e9tation ou le chaos de la nature. Chacune des toiles maintient toutefois  un \u00e9quilibre des formes et des couleurs.\\n\\n \\n\\nVisites libres pendant les heures d'ouverture.\\nOrganis\u00e9 par l'Office de tourisme du Haut pays Bigouden\",\"geo\":{\"@type\":\"GeoCoordinates\",\"latitude\":47.98536,\"longitude\":-4.42624},\"additionalProperty\":[{\"@type\":\"PropertyValue\",\"name\":\"Titre\",\"value\":\"Exposition  : Ph\u00e9nom\u00e8nes -  Monique Duguer et Patrick Guellec\"},{\"@type\":\"PropertyValue\",\"name\":\"Cat\u00e9gorie\",\"value\":\"En famille\"},{\"@type\":\"PropertyValue\",\"name\":\"Ville\",\"value\":\"Ploz\u00e9vet\"},{\"@type\":\"PropertyValue\",\"name\":\"Code postal\",\"value\":\"29710\"}]}},{\"@type\":\"ListItem\",\"position\":169,\"item\":{\"@type\":\"Thing\",\"name\":\"Stage Multiactivit\u00e9s 8\/12 ans \u00e0 Moulin Mer\",\"description\":\"Vivez un stage multi-activit\u00e9s inoubliable entre Kayak, Paddle et Catamaran pour un maximum de sensations.\\n\\nLes jeunes explorent la mer en s\u2019amusant, encadr\u00e9s par des moniteurs passionn\u00e9s.\\nUn programme flexible qui s\u2019adapte \u00e0 la m\u00e9t\u00e9o et aux envies des navigateurs en herbe !\\n\\nStages du matin 9h30-12h ou stages d'apr\u00e8s-midi 14h-16h30.\",\"url\":\"https:\/\/www.moulinmer.com\/\",\"geo\":{\"@type\":\"GeoCoordinates\",\"latitude\":48.31832,\"longitude\":-4.28392},\"additionalProperty\":[{\"@type\":\"PropertyValue\",\"name\":\"Titre\",\"value\":\"Stage Multiactivit\u00e9s 8\/12 ans \u00e0 Moulin Mer\"},{\"@type\":\"PropertyValue\",\"name\":\"Cat\u00e9gorie\",\"value\":\"Autres \u00e9v\u00e9nements\"},{\"@type\":\"PropertyValue\",\"name\":\"Ville\",\"value\":\"Logonna-Daoulas\"},{\"@type\":\"PropertyValue\",\"name\":\"Code postal\",\"value\":\"29460\"}]}},{\"@type\":\"ListItem\",\"position\":170,\"item\":{\"@type\":\"Thing\",\"name\":\"Concert de chansons de Georges Brassens\",\"description\":\"La compagnie BRASSENS fait devivre les chansons du po\u00e8te\",\"geo\":{\"@type\":\"GeoCoordinates\",\"latitude\":48.27635,\"longitude\":-4.59611},\"additionalProperty\":[{\"@type\":\"PropertyValue\",\"name\":\"Titre\",\"value\":\"Concert de chansons de Georges Brassens\"},{\"@type\":\"PropertyValue\",\"name\":\"Cat\u00e9gorie\",\"value\":\"Concerts, musique & festivals\"},{\"@type\":\"PropertyValue\",\"name\":\"Ville\",\"value\":\"Camaret-sur-Mer\"},{\"@type\":\"PropertyValue\",\"name\":\"Code postal\",\"value\":\"29570\"}]}},{\"@type\":\"ListItem\",\"position\":171,\"item\":{\"@type\":\"Thing\",\"name\":\"Atelier caf\u00e9 c\u00e9ramique & cours d'initiation au modelage\",\"description\":\"Installez-vous, choisissez la pi\u00e8ce de votre choix d\u00e9j\u00e0 biscuit\u00e9e (tasse, bol, assiette...) et laissez libre cours \u00e0 votre imagination.\\n\\nNous  vous guiderons dans le choix des couleurs et des techniques pour d\u00e9corer votre pi\u00e8ce.\\nUne fois termin\u00e9e, votre pi\u00e8ce sera \u00e9maill\u00e9e et cuite dans notre atelier et vous pourrez la r\u00e9cup\u00e9rer quelques semaines plus tard. \\nUn moment simple, convivial et apaisant, ouvert \u00e0 tous les niveaux et \u00e0 toutes les envies.\\n\\nPour ceux qui souhaitent aller plus loin dans la pratique, je vous propose des cours d'initiation au modelage.\\nVous y d\u00e9couvrez comment travailler la terre avec vos mains, sans tour de potier, gr\u00e2ce \u00e0 diff\u00e9rentes techniques comme le pinc\u00e9, le colombins ou encore la plaque.\\nJe vous accompagne \u00e9tape par \u00e9tape pour r\u00e9aliser votre propre pi\u00e8ce : bol, vase, sculpture et objet d\u00e9coratif ...\\n\\nLes cours sont accessible aux d\u00e9butants comme aux initi\u00e9s, pour les adultes comme pour les enfants\\nApr\u00e8s la s\u00e9ance, vos cr\u00e9ations sont s\u00e9ch\u00e9es puis cuites \u00e0 deux reprise dans mon atelier.\\nVous pourrez ainsi r\u00e9cup\u00e9rer vos pi\u00e8ces quelques semaines plus tard.\\n\\nR\u00e9servez votre cr\u00e9neau !\\n\\nOuvert tous les jours \u00e0 partir de juin \u00e0 octobre de 9h \u00e0 21h. \\nLes autres mois de l\u2019ann\u00e9e du mercredi au lundi (ferm\u00e9 le mardi) de 9h \u00e0 18h.\",\"url\":\"https:\/\/www.instagram.com\/fleursbleuesceramique?igsh=ZWJscm13NmZrNHZz&utm_source=qr\",\"geo\":{\"@type\":\"GeoCoordinates\",\"latitude\":48.0234305,\"longitude\":-4.5398973},\"additionalProperty\":[{\"@type\":\"PropertyValue\",\"name\":\"Titre\",\"value\":\"Atelier caf\u00e9 c\u00e9ramique & cours d'initiation au modelage\"},{\"@type\":\"PropertyValue\",\"name\":\"Cat\u00e9gorie\",\"value\":\"Autres \u00e9v\u00e9nements\"},{\"@type\":\"PropertyValue\",\"name\":\"Ville\",\"value\":\"Audierne\"},{\"@type\":\"PropertyValue\",\"name\":\"Code postal\",\"value\":\"29770\"}]}},{\"@type\":\"ListItem\",\"position\":172,\"item\":{\"@type\":\"Thing\",\"name\":\"Atelier de c\u00e9ramique sur le th\u00e8me \\\"du modelage \u00e0 l'\u00e9panouissement cr\u00e9atif\\\" par les C\u00e9ramiques de Blue\",\"description\":\"Reconnectez-vous \u00e0 la nature, port\u00e9 par les 4 \u00e9l\u00e9ments en cr\u00e9ant une c\u00e9ramique qui vous ressemble.\\nTarif par s\u00e9ance pour la r\u00e9alisation d'un projet : 50\u20ac qui comprend les mati\u00e8res premi\u00e8res, la formation, les 2 cuissons et l'\u00e9maillage. \\nSur r\u00e9servation au 06.78.78.55.77\",\"url\":\"https:\/\/www.sandrineweckel.fr\/mes-ateliers-et-formations\/\",\"geo\":{\"@type\":\"GeoCoordinates\",\"latitude\":48.1028916,\"longitude\":-4.3807995},\"additionalProperty\":[{\"@type\":\"PropertyValue\",\"name\":\"Titre\",\"value\":\"Atelier de c\u00e9ramique sur le th\u00e8me \\\"du modelage \u00e0 l'\u00e9panouissement cr\u00e9atif\\\" par les C\u00e9ramiques de Blue\"},{\"@type\":\"PropertyValue\",\"name\":\"Cat\u00e9gorie\",\"value\":\"Autres \u00e9v\u00e9nements\"},{\"@type\":\"PropertyValue\",\"name\":\"Ville\",\"value\":\"Poullan-sur-Mer\"},{\"@type\":\"PropertyValue\",\"name\":\"Code postal\",\"value\":\"29100\"}]}},{\"@type\":\"ListItem\",\"position\":173,\"item\":{\"@type\":\"Thing\",\"name\":\"March\u00e9s du Pays de Douarnenez\",\"description\":\"Centre-ville : Du mardi au samedi : Produits frais dans les Halles le matin.\\nTr\u00e9boul : Du lundi au samedi :  produits frais sur le Port de Plaisance le matin\\nMercredi et samedi matin : grand march\u00e9 sur le Port de Plaisance\\nPloar\u00e9 (place du P\u00e8re Maunoir) : le mardi de 9h 13h, producteurs locaux \\nPlage des Sables Blancs (place Cora Laparcerie) : le jeudi de 18h \u00e0 21h30 (09 juillet au 20 ao\u00fbt 2026)\",\"url\":\"http:\/\/www.douarnenez-tourisme.com\/\",\"geo\":{\"@type\":\"GeoCoordinates\",\"latitude\":48.0934716,\"longitude\":-4.3268701},\"additionalProperty\":[{\"@type\":\"PropertyValue\",\"name\":\"Titre\",\"value\":\"March\u00e9s du Pays de Douarnenez\"},{\"@type\":\"PropertyValue\",\"name\":\"Cat\u00e9gorie\",\"value\":\"March\u00e9s & foires\"},{\"@type\":\"PropertyValue\",\"name\":\"Ville\",\"value\":\"Douarnenez\"},{\"@type\":\"PropertyValue\",\"name\":\"Code postal\",\"value\":\"29100\"}]}},{\"@type\":\"ListItem\",\"position\":174,\"item\":{\"@type\":\"Thing\",\"name\":\"Visite de la chapelle Notre Dame de Lorette\",\"description\":\"Visite et commentaires sur l'histoire de la chapelle Notre Dame de Lorette \u00e0 Irvillac, par les b\u00e9n\u00e9voles de l'association War Hentchou Irvilhag .\",\"url\":\"https:\/\/war-hentchou-irvilhag.over-blog.com\/\",\"geo\":{\"@type\":\"GeoCoordinates\",\"latitude\":48.35978,\"longitude\":-4.186038},\"additionalProperty\":[{\"@type\":\"PropertyValue\",\"name\":\"Titre\",\"value\":\"Visite de la chapelle Notre Dame de Lorette\"},{\"@type\":\"PropertyValue\",\"name\":\"Cat\u00e9gorie\",\"value\":\"Autres \u00e9v\u00e9nements\"},{\"@type\":\"PropertyValue\",\"name\":\"Ville\",\"value\":\"Irvillac\"},{\"@type\":\"PropertyValue\",\"name\":\"Code postal\",\"value\":\"29460\"}]}},{\"@type\":\"ListItem\",\"position\":175,\"item\":{\"@type\":\"Thing\",\"name\":\"Concert de Oizau\",\"description\":\"Vendredi 28 aout \u00e0 18h30 : concert de Oizau, harpe et chansons \u00e0 textes.\",\"url\":\"http:\/\/www.lapluiedete.fr\/\",\"geo\":{\"@type\":\"GeoCoordinates\",\"latitude\":48.0410345,\"longitude\":-4.4879437},\"additionalProperty\":[{\"@type\":\"PropertyValue\",\"name\":\"Titre\",\"value\":\"Concert de Oizau\"},{\"@type\":\"PropertyValue\",\"name\":\"Cat\u00e9gorie\",\"value\":\"Concerts, musique & festivals\"},{\"@type\":\"PropertyValue\",\"name\":\"Ville\",\"value\":\"Pont-Croix\"},{\"@type\":\"PropertyValue\",\"name\":\"Code postal\",\"value\":\"29790\"}]}},{\"@type\":\"ListItem\",\"position\":176,\"item\":{\"@type\":\"Thing\",\"name\":\"Il est con mais je l'aime - Spectacle d'humour\",\"description\":\"L'amour, c'est simple. Sauf quand on est deux.\\n\\nLaura et Arthur sont ensemble depuis 6 ans. Pour renforcer la solidit\u00e9 de leur couple, ils d\u00e9cident de suivre un programme sur 5 jours, avec un objectif diff\u00e9rent pour chaque journ\u00e9e.\\n\\nIls vont devoir utiliser la communication non-violente, revivre leur rencontre ou encore casser la routine... autant dire que la semaine ne sera pas de tout repos !\\n\\nUne com\u00e9die dr\u00f4le et actuelle sur le couple, le quotidien et l'amour... qui pourrait m\u00eame vous donner de l'inspiration !\\n\\nInformations pratiques :\\n\\nDur\u00e9e 1h15\\nTout public\\nSalle accessible aux PMR\\nPlacement libre, par ordre d'arriv\u00e9e\\nAcc\u00e8s \u00e0 la salle possible avec contr\u00f4le billet 30 minutes avant le d\u00e9but de la repr\u00e9sentation\\nL'horaire indiqu\u00e9 correspond \u00e0 l'heure de d\u00e9but du spectacle. Toute personne se pr\u00e9sentant apr\u00e8s cet horaire, m\u00eame en possession d'un billet, pourra se voir refuser l'acc\u00e8s \u00e0 la salle.\",\"url\":\"http:\/\/www.comediedufinistere.fr\/\",\"geo\":{\"@type\":\"GeoCoordinates\",\"latitude\":48.3890223,\"longitude\":-4.4983387},\"additionalProperty\":[{\"@type\":\"PropertyValue\",\"name\":\"Titre\",\"value\":\"Il est con mais je l'aime - Spectacle d'humour\"},{\"@type\":\"PropertyValue\",\"name\":\"Cat\u00e9gorie\",\"value\":\"Spectacles & cin\u00e9ma\"},{\"@type\":\"PropertyValue\",\"name\":\"Ville\",\"value\":\"Brest\"},{\"@type\":\"PropertyValue\",\"name\":\"Code postal\",\"value\":\"29200\"}]}},{\"@type\":\"ListItem\",\"position\":177,\"item\":{\"@type\":\"Thing\",\"name\":\"Les vendredis Concerts\",\"description\":\"Les vendredis concerts 5\u00e8me Edition Reprises de vos tubes pr\u00e9f\u00e9r\u00e9s Fran\u00e7ais et Internationales des Ann\u00e9es 80's \u00e0 nos jours. Pop Rock, blues, country, Jazz, Finger's style en passant par un blind test. Nos artistes multiples vous replongerons dans votre pass\u00e9 musical.\",\"geo\":{\"@type\":\"GeoCoordinates\",\"latitude\":48.24584,\"longitude\":-4.49062},\"additionalProperty\":[{\"@type\":\"PropertyValue\",\"name\":\"Titre\",\"value\":\"Les vendredis Concerts\"},{\"@type\":\"PropertyValue\",\"name\":\"Cat\u00e9gorie\",\"value\":\"Concerts, musique & festivals\"},{\"@type\":\"PropertyValue\",\"name\":\"Ville\",\"value\":\"Crozon\"},{\"@type\":\"PropertyValue\",\"name\":\"Code postal\",\"value\":\"29160\"}]}},{\"@type\":\"ListItem\",\"position\":178,\"item\":{\"@type\":\"Thing\",\"name\":\"Visite atelier \u00ab Les fraises de Plougastel\u00bb\",\"description\":\"La fraise est-elle r\u00e9ellement un fruit ? D\u00e9couvrez l\u2019histoire des fraises de Plougastel puis r\u00e9alisez un atelier cr\u00e9atif autour de ce fruit.\\nLe r\u00e8glement s\u2019effectue en amont \u00e0 la boutique du mus\u00e9e.\\n\\nTarif 5 \u20ac par personne \\n\\nLe r\u00e8glement se fer le jour J de l'animation \u00e0 la boutique du mus\u00e9e (Office de Tourisme, 6 rue de l'\u00e9glise Plougastel-Daoulas). Puis, rendez-vous \u00e0 l'Espace Fr\u00e9zier (Place Jean-Fournier).\",\"url\":\"https:\/\/www.museepaysplougastel.fr\/\",\"geo\":{\"@type\":\"GeoCoordinates\",\"latitude\":48.3734843,\"longitude\":-4.3704427},\"additionalProperty\":[{\"@type\":\"PropertyValue\",\"name\":\"Titre\",\"value\":\"Visite atelier \u00ab Les fraises de Plougastel\u00bb\"},{\"@type\":\"PropertyValue\",\"name\":\"Cat\u00e9gorie\",\"value\":\"En famille\"},{\"@type\":\"PropertyValue\",\"name\":\"Ville\",\"value\":\"Plougastel-Daoulas\"},{\"@type\":\"PropertyValue\",\"name\":\"Code postal\",\"value\":\"29470\"}]}},{\"@type\":\"ListItem\",\"position\":179,\"item\":{\"@type\":\"Thing\",\"name\":\"Le vol du coeur d'Anne de Bretagne\",\"description\":\"Menez l'enqu\u00eate \u00e0 l'int\u00e9rieur de l'espace mus\u00e9ographique de Breizh Odyss\u00e9e et partez \u00e0 la recherche du reliquaire contenant le c\u0153ur de la duchesse Anne !\\nActivit\u00e9 pour les 7-12 ans accompagn\u00e9s d'un parent, sans r\u00e9servation\",\"url\":\"http:\/\/www.breizh-odyssee.bzh\/\",\"geo\":{\"@type\":\"GeoCoordinates\",\"latitude\":48.29236,\"longitude\":-4.2678},\"additionalProperty\":[{\"@type\":\"PropertyValue\",\"name\":\"Titre\",\"value\":\"Le vol du coeur d'Anne de Bretagne\"},{\"@type\":\"PropertyValue\",\"name\":\"Cat\u00e9gorie\",\"value\":\"En famille\"},{\"@type\":\"PropertyValue\",\"name\":\"Ville\",\"value\":\"Land\u00e9vennec\"},{\"@type\":\"PropertyValue\",\"name\":\"Code postal\",\"value\":\"29560\"}]}},{\"@type\":\"ListItem\",\"position\":180,\"item\":{\"@type\":\"Thing\",\"name\":\"Bal populaire, DJ et feu d'artifice\",\"description\":\"Une soir\u00e9e conviviale et festive !\\nD\u00e8s le d\u00e9but de soir\u00e9e, le trio breton Smooth Project, avec son r\u00e9pertoire de 50 ans de reprises de tubes pop, rock, funk & standards connus et revisit\u00e9s version \u00ab pop swing \u00bb \u2026 Ils seront suivis par le groupe Party train groupe de funk qui vous au c\u0153ur des musiques. \\n\\n\u00c0 23h, c\u2019est le feu d\u2019artifice mis en musique cette ann\u00e9e. \\nEt pour continuer la nuit ensemble, DJ Montgomery mixera tous les tubes d\u2019hier et \\nd\u2019aujourd\u2019hui !\\n\\nInformations pratiques :\\nTout public\\nAcc\u00e8s libre\\nPetite restauration sur place.\",\"url\":\"https:\/\/www.lerelecqkerhuon.bzh\/agenda\/\",\"geo\":{\"@type\":\"GeoCoordinates\",\"latitude\":48.3978896,\"longitude\":-4.3946601},\"additionalProperty\":[{\"@type\":\"PropertyValue\",\"name\":\"Titre\",\"value\":\"Bal populaire, DJ et feu d'artifice\"},{\"@type\":\"PropertyValue\",\"name\":\"Cat\u00e9gorie\",\"value\":\"En famille\"},{\"@type\":\"PropertyValue\",\"name\":\"Ville\",\"value\":\"Le Relecq-Kerhuon\"},{\"@type\":\"PropertyValue\",\"name\":\"Code postal\",\"value\":\"29480\"}]}},{\"@type\":\"ListItem\",\"position\":181,\"item\":{\"@type\":\"Thing\",\"name\":\"Escape game \u00ab Les \u00e9vad\u00e9s du ch\u00e2teau \u00bb\",\"description\":\"Brest, 1811. Enferm\u00e9s. Surveill\u00e9s. Condamn\u00e9s. Bagnards, vous avez cru vous enfuir si facilement ! Cruelle illusion... Vous voil\u00e0 transf\u00e9r\u00e9s dans les tristes ge\u00f4les du ch\u00e2teau. Tr\u00e8s peu ont r\u00e9ussi \u00e0 en sortir, et vous ?\\n\\nInformations pratiques : \\nDur\u00e9e 1h30, avec 60 minutes de jeu. \\nPublic : Adultes et familles (\u00e0 partir de 10 ans)\\nGroupes de 3 \u00e0 6 personnes. \\nR\u00e9servations en ligne.\",\"url\":\"https:\/\/www.musee-marine.fr\/nos-musees\/brest\/visiter\/offre-culturelle\/escape-game-les-evades-du-chateau.html\",\"geo\":{\"@type\":\"GeoCoordinates\",\"latitude\":48.3810239,\"longitude\":-4.4946544},\"additionalProperty\":[{\"@type\":\"PropertyValue\",\"name\":\"Titre\",\"value\":\"Escape game \u00ab Les \u00e9vad\u00e9s du ch\u00e2teau \u00bb\"},{\"@type\":\"PropertyValue\",\"name\":\"Cat\u00e9gorie\",\"value\":\"En famille\"},{\"@type\":\"PropertyValue\",\"name\":\"Ville\",\"value\":\"Brest\"},{\"@type\":\"PropertyValue\",\"name\":\"Code postal\",\"value\":\"29200\"}]}},{\"@type\":\"ListItem\",\"position\":182,\"item\":{\"@type\":\"Thing\",\"name\":\"Balade en baie d\u2019Audierne\",\"description\":\"Au d\u00e9part du port de Ste-Evette, vous longez la c\u00f4te sauvage du Cap-Sizun et d\u00e9couvrez des paysages insoup\u00e7onn\u00e9s : la chapelle StTugen, l\u2019Ile aux Vaches, Pors-Loubous, le petit port de Bestr\u00e9e et la fameuse pointe du Raz.\\nAvant de remettre le cap sur le continent, vous vous approcherez \u00e9galement de l\u2019\u00e9l\u00e9gant phare de la Vieille.\\n\\nGratuit pour les moins de 4 ans (enregistr\u00e9s en agence) \/ Chien : 4\u20ac\\n\\nBilletterie disponible aupr\u00e8s de l'Office de Tourisme \u00e0 Audierne.\",\"url\":\"https:\/\/www.finist-mer.fr\/\",\"geo\":{\"@type\":\"GeoCoordinates\",\"latitude\":48.0060997,\"longitude\":-4.5553163},\"additionalProperty\":[{\"@type\":\"PropertyValue\",\"name\":\"Titre\",\"value\":\"Balade en baie d\u2019Audierne\"},{\"@type\":\"PropertyValue\",\"name\":\"Cat\u00e9gorie\",\"value\":\"Autres \u00e9v\u00e9nements\"},{\"@type\":\"PropertyValue\",\"name\":\"Ville\",\"value\":\"Audierne\"},{\"@type\":\"PropertyValue\",\"name\":\"Code postal\",\"value\":\"29770\"}]}},{\"@type\":\"ListItem\",\"position\":183,\"item\":{\"@type\":\"Thing\",\"name\":\"Rando U\",\"description\":\"Randonn\u00e9es Marche et VTT en presqu'\u00eele de Crozon au d\u00e9part du village vacances APAS \u00e0 Camaret\/mer\",\"geo\":{\"@type\":\"GeoCoordinates\",\"latitude\":48.26289,\"longitude\":-4.61582},\"additionalProperty\":[{\"@type\":\"PropertyValue\",\"name\":\"Titre\",\"value\":\"Rando U\"},{\"@type\":\"PropertyValue\",\"name\":\"Cat\u00e9gorie\",\"value\":\"Sport & randonn\u00e9e\"},{\"@type\":\"PropertyValue\",\"name\":\"Ville\",\"value\":\"Camaret-sur-Mer\"},{\"@type\":\"PropertyValue\",\"name\":\"Code postal\",\"value\":\"29570\"}]}},{\"@type\":\"ListItem\",\"position\":184,\"item\":{\"@type\":\"Thing\",\"name\":\"Tournoi de Beach-volley\",\"description\":\"Les volleyeurs et volleyeuses investissent la plage du Moulin-Blanc pour leur traditionnel tournoi de fin d\u2019\u00e9t\u00e9 de beach volley.\\n\\nDeux jours de comp\u00e9tition au soleil avec du 2x2 mixte ou 3x3 f\u00e9minin\/ masculin dans une ambiance festive et spectacle garanti.\",\"url\":\"https:\/\/www.facebook.com\/les.daous.du.29\",\"geo\":{\"@type\":\"GeoCoordinates\",\"latitude\":48.3976845,\"longitude\":-4.4263325},\"additionalProperty\":[{\"@type\":\"PropertyValue\",\"name\":\"Titre\",\"value\":\"Tournoi de Beach-volley\"},{\"@type\":\"PropertyValue\",\"name\":\"Cat\u00e9gorie\",\"value\":\"Autres \u00e9v\u00e9nements\"},{\"@type\":\"PropertyValue\",\"name\":\"Ville\",\"value\":\"Guipavas\"},{\"@type\":\"PropertyValue\",\"name\":\"Code postal\",\"value\":\"29490\"}]}},{\"@type\":\"ListItem\",\"position\":185,\"item\":{\"@type\":\"Thing\",\"name\":\"Rencontres musicales de Tr\u00e9babu \u2013 \u00ab\u00a0Kanerien Lanveneg\u00a0\u00bb\",\"description\":\"Un groupe d'amis, 39 choristes, r\u00e9unis autour de Danielle Corre, animent l'\u00e9glise avec des chants profanes et religieux en langue bretonne.\",\"geo\":{\"@type\":\"GeoCoordinates\",\"latitude\":48.3710617,\"longitude\":-4.7359158},\"additionalProperty\":[{\"@type\":\"PropertyValue\",\"name\":\"Titre\",\"value\":\"Rencontres musicales de Tr\u00e9babu \u2013 \u00ab\u00a0Kanerien Lanveneg\u00a0\u00bb\"},{\"@type\":\"PropertyValue\",\"name\":\"Cat\u00e9gorie\",\"value\":\"Concerts, musique & festivals\"},{\"@type\":\"PropertyValue\",\"name\":\"Ville\",\"value\":\"Tr\u00e9babu\"},{\"@type\":\"PropertyValue\",\"name\":\"Code postal\",\"value\":\"29217\"}]}},{\"@type\":\"ListItem\",\"position\":186,\"item\":{\"@type\":\"Thing\",\"name\":\"Gef\u00fchrter Fotospaziergang durch Douarnenez\",\"description\":\"Gef\u00fchrter Fotospaziergang durch Douarnenez :\\nEntdecken Sie mit dem Marco-Polo-Autor und erfahrenen Reiseleiter Errol Friedhelm Karakoc die Hafenstadt und ihre K\u00f6nigin, die Sardine. Auf den Spuren der hiesigen Fischer begegnen Sie streitbaren Damen, kuriosen Riten der heimischen Bev\u00f6lkerung, h\u00fcbscher Architektur aus den letzten Jahrhunderten, spannenden Legenden, vielleicht sogar Kommissar Dupin und haben dabei immer wieder den Blick auf die Bucht. Freuen Sie sich auf etwa zwei Stunden des Flanierens durch die Gassen des Hafenviertels Rosmeur.\\n\\nDauer: ca. 2h\\nSprache: auf Deutsch\\nSchwierigkeitsgrad: einfach bis mittel (leichte Steigungen\/Gef\u00e4lle auf st\u00e4dtischen Wegen, einige Stufen)\",\"url\":\"http:\/\/www.douarnenez-tourisme.com\/\",\"geo\":{\"@type\":\"GeoCoordinates\",\"latitude\":48.0931504,\"longitude\":-4.3310605},\"additionalProperty\":[{\"@type\":\"PropertyValue\",\"name\":\"Titre\",\"value\":\"Gef\u00fchrter Fotospaziergang durch Douarnenez\"},{\"@type\":\"PropertyValue\",\"name\":\"Cat\u00e9gorie\",\"value\":\"Autres \u00e9v\u00e9nements\"},{\"@type\":\"PropertyValue\",\"name\":\"Ville\",\"value\":\"Douarnenez\"},{\"@type\":\"PropertyValue\",\"name\":\"Code postal\",\"value\":\"29100\"}]}},{\"@type\":\"ListItem\",\"position\":187,\"item\":{\"@type\":\"Thing\",\"name\":\"Destok\",\"description\":\"Un vide grenier XXL s'installe au bord de l'eau ! Autour de la corniche pi\u00e9tonne et la place de Camfrout, plusieurs exposants vous feront d\u00e9couvrir de nombreuses p\u00e9pites!\\n\\nInformations pratiques :\\nAutour de la corniche pi\u00e9tonne et la place Camfrout-Partie pi\u00e9tonne\\nStationnement : complexe de Kerzincuff et au Carmel\",\"url\":\"http:\/\/www.lerelecqkerhuon.bzh\/\",\"geo\":{\"@type\":\"GeoCoordinates\",\"latitude\":48.39801,\"longitude\":-4.38832},\"additionalProperty\":[{\"@type\":\"PropertyValue\",\"name\":\"Titre\",\"value\":\"Destok\"},{\"@type\":\"PropertyValue\",\"name\":\"Cat\u00e9gorie\",\"value\":\"Brocantes & vide-greniers\"},{\"@type\":\"PropertyValue\",\"name\":\"Ville\",\"value\":\"Le Relecq-Kerhuon\"},{\"@type\":\"PropertyValue\",\"name\":\"Code postal\",\"value\":\"29480\"}]}},{\"@type\":\"ListItem\",\"position\":188,\"item\":{\"@type\":\"Thing\",\"name\":\"Cours de Poterie - Modelage et tournage\",\"description\":\"Envie de mettre les mains dans la terre et de laisser parler votre cr\u00e9ativit\u00e9 ?\\n\\nJe vous propose de venir d\u00e9couvrir la poterie lors d\u2019un cours convivial, dans un atelier baign\u00e9 de lumi\u00e8re, \u00e0 50 m\u00e8tres de la plage Saint-Julien.\\n\\nQue vous soyez d\u00e9butant\u00b7e ou d\u00e9j\u00e0 initi\u00e9\u00b7e, c\u2019est un moment pour ralentir, exp\u00e9rimenter, et cr\u00e9er \u00e0 votre rythme, dans une ambiance d\u00e9tendue.\\n\\nAu plaisir de vous accueillir et de partager ce moment avec vous !\\n\\nTous les jeudis jusqu\u2019au 10 septembre 2026, de 18h \u00e0 20h. \\nIl est possible de r\u00e9server un atelier sur un autre cr\u00e9neau (week-end compris), minimum 3 participant.e.s.\\nInscription par sms : 06.40.41.92.91 ou par email : umistudiocontact@gmail.com\\nTarif : 35\u20ac. Vous r\u00e9cup\u00e9rez toutes vos cr\u00e9ations cuites.\\nPour un envoi postal de celles-ci, comptez 6\u20ac de frais de port.\\n\\nLes enfants de moins de 7 ans sont les bienvenus accompagn\u00e9s de leurs parents. Pour eux\/elles l'atelier est \u00e0 25\u20ac\\n\\nPlus d'infos sur mon site web : https:\/\/www.umistudio.fr\/cours\\n\\nA bient\u00f4t !\",\"url\":\"https:\/\/www.instagram.com\/umi.studio\",\"geo\":{\"@type\":\"GeoCoordinates\",\"latitude\":48.0176766,\"longitude\":-4.5304275},\"additionalProperty\":[{\"@type\":\"PropertyValue\",\"name\":\"Titre\",\"value\":\"Cours de Poterie - Modelage et tournage\"},{\"@type\":\"PropertyValue\",\"name\":\"Cat\u00e9gorie\",\"value\":\"Autres \u00e9v\u00e9nements\"},{\"@type\":\"PropertyValue\",\"name\":\"Ville\",\"value\":\"Plouhinec\"},{\"@type\":\"PropertyValue\",\"name\":\"Code postal\",\"value\":\"29780\"}]}},{\"@type\":\"ListItem\",\"position\":189,\"item\":{\"@type\":\"Thing\",\"name\":\"Atelier v\u00e9lo participatif et solidaire\",\"description\":\"Depuis cette ann\u00e9e, l'atelier v\u00e9lo associatif Marc'h-houarn est ouvert le dernier dimanche apr\u00e8s-midi du mois \u00e0 Goarem An Abat. \\n\\nLes permanences sont anim\u00e9es par des b\u00e9n\u00e9voles qui peuvent t'aider \u00e0 entretenir ou r\u00e9parer ta bicyclette. Si tu n'as pas de biclou, l'asso en a en stock qui ne demandent qu'\u00e0 \u00eatre remis en \u00e9tat !\",\"url\":\"http:\/\/www.march-houarn.org\/\",\"geo\":{\"@type\":\"GeoCoordinates\",\"latitude\":48.24143,\"longitude\":-4.29881},\"additionalProperty\":[{\"@type\":\"PropertyValue\",\"name\":\"Titre\",\"value\":\"Atelier v\u00e9lo participatif et solidaire\"},{\"@type\":\"PropertyValue\",\"name\":\"Cat\u00e9gorie\",\"value\":\"Autres \u00e9v\u00e9nements\"},{\"@type\":\"PropertyValue\",\"name\":\"Ville\",\"value\":\"Argol\"},{\"@type\":\"PropertyValue\",\"name\":\"Code postal\",\"value\":\"29560\"}]}},{\"@type\":\"ListItem\",\"position\":190,\"item\":{\"@type\":\"Thing\",\"name\":\"Visite guid\u00e9e du Daoulas historique\",\"description\":\"Petite cit\u00e9 prosp\u00e8re, Daoulas s\u2019est d\u00e9velopp\u00e9e autour d\u2019un ch\u00e2teau, aujourd\u2019hui disparu, d\u2019une abbaye et de ses trois moulins. En suivant cette visite, vous parcourrez une des plus anciennes rues de la ville, mais aussi une des plus typiques avec ses maisons anciennes, ses chapelles et son ancien enclos paroissial. Profitez de la balade jusqu\u2019\u00e0 l\u2019abbaye !\\n\\nD\u00e9part du Moulin du Pont (\u00c9comus\u00e9e de la Meunerie).\\nInscription obligatoire\\nDur\u00e9e : 1h\\n\\nVisite accessible PMR, avec pente importante et cheminement sur pav\u00e9s.\\nOrganisation : Office de tourisme du pays de Landerneau-Daoulas - 02 98 85 13 09\",\"geo\":{\"@type\":\"GeoCoordinates\",\"latitude\":48.3616903,\"longitude\":-4.2612576},\"additionalProperty\":[{\"@type\":\"PropertyValue\",\"name\":\"Titre\",\"value\":\"Visite guid\u00e9e du Daoulas historique\"},{\"@type\":\"PropertyValue\",\"name\":\"Cat\u00e9gorie\",\"value\":\"Autres \u00e9v\u00e9nements\"},{\"@type\":\"PropertyValue\",\"name\":\"Ville\",\"value\":\"Daoulas\"},{\"@type\":\"PropertyValue\",\"name\":\"Code postal\",\"value\":\"29460\"}]}},{\"@type\":\"ListItem\",\"position\":191,\"item\":{\"@type\":\"Thing\",\"name\":\"Accueils Enfants \u00c9t\u00e9 2026 - Forest Cool - Cap Sizun\",\"description\":\"Offrez du temps en nature \u00e0 vos enfants ou petits enfants !\\n\\nLa Forest Cool propose des accueils en For\u00eat pour les enfants de 6 ans et plus, les lundis, mardis et mercredis apr\u00e8s-midis de 13h30 \u00e0 16h00 sur la commune de Primelin (sur la route entre Audierne et la pointe du Raz)\\n\\nLors d'un accueil en for\u00eat les enfants retrouvent la simplicit\u00e9 de jouer dans la nature, entour\u00e9s de copains et encadr\u00e9s par des adultes form\u00e9s \u00e0 la p\u00e9dagogie par la nature. \\nSous la douceur des arbres, autour d'un feu, il sera propos\u00e9 de cr\u00e9er, imaginer, jouer, chacun peut suivre ses envies en toute s\u00e9curit\u00e9. Un temps aussi de d\u00e9couverte, o\u00f9 l'on grimpe, on rigole, on parle Breton parfois, on cr\u00e9e des souvenirs natures !\\n\\nLes deux p\u00e9dagogues par la nature pr\u00e9parent la for\u00eat pour qu'elle invite aux jeux, aux explorations libres. Les enfants retrouvent des propositions de bricolages et cr\u00e9ations, la possibilit\u00e9 de cuisiner une collation sur le feu. L'enfant est amen\u00e9 \u00e0 suivre ses envies et accompagn\u00e9 dans son \u00e9lan. \\n\\nNous aimons la mixit\u00e9 des \u00e2ges qui invite \u00e0 apprendre des uns et des autres. \\n\\nL\u2019id\u00e9e est de permettre aux enfants de d\u00e9velopper leur sensibilit\u00e9 \u00e0 la nature, vivre des moments simples pour soi, mais aussi ensemble. S\u2019appuyer sur le milieu naturel pour apprendre, grandir, cr\u00e9er du lien. \\n\\nCes ateliers peuvent se vivre sur une apr\u00e8s-midi seulement ou bien sur un ensemble de trois apr\u00e8s-midis, pour vivre un moment nature dans le Cap-Sizun ! \\n\\nN'h\u00e9sitez pas \u00e0 nous contacter pour plus de renseignements.\\nTarif : 22\u20ac pour un apr\u00e8s-midi; 60\u20ac pour trois apr\u00e8s-midis du lundi au mercredi. \\n\\nOffre valable Juillet et Ao\u00fbt. Accueil des familles et leurs enfants de tous \u00e2ges les matins. \\n\\nLa Forest Cool du Cap Sizun fait partie du r\u00e9seau National de P\u00e9dagogie par la Nature.\\n\\nR\u00e9servation sur le site Hello asso de l'association : https:\/\/www.helloasso.com\/associations\/association-graines-des-possibles\",\"url\":\"http:\/\/grainesdespossibles@mailo.com\/\",\"geo\":{\"@type\":\"GeoCoordinates\",\"latitude\":48.033235,\"longitude\":-4.592736},\"additionalProperty\":[{\"@type\":\"PropertyValue\",\"name\":\"Titre\",\"value\":\"Accueils Enfants \u00c9t\u00e9 2026 - Forest Cool - Cap Sizun\"},{\"@type\":\"PropertyValue\",\"name\":\"Cat\u00e9gorie\",\"value\":\"En famille\"},{\"@type\":\"PropertyValue\",\"name\":\"Ville\",\"value\":\"Primelin\"},{\"@type\":\"PropertyValue\",\"name\":\"Code postal\",\"value\":\"29770\"}]}},{\"@type\":\"ListItem\",\"position\":192,\"item\":{\"@type\":\"Thing\",\"name\":\"Visite de la pointe Saint-Mathieu\",\"description\":\"Dans un p\u00e9rim\u00e8tre ultra concentr\u00e9, la pointe Saint-Mathieu nous ouvre une fen\u00eatre sur la Bretagne, son histoire mouvement\u00e9e, sa vie maritime et ses l\u00e9gendes \u00e9ternelles. Cette visite vous fera entrevoir l'histoire cach\u00e9e derri\u00e8re la splendeur de ce bout du Monde. RDV entre le phare et le mus\u00e9e de l'abbaye.\",\"url\":\"http:\/\/ribine-experience.fr\/\",\"geo\":{\"@type\":\"GeoCoordinates\",\"latitude\":48.3308594,\"longitude\":-4.7705926},\"additionalProperty\":[{\"@type\":\"PropertyValue\",\"name\":\"Titre\",\"value\":\"Visite de la pointe Saint-Mathieu\"},{\"@type\":\"PropertyValue\",\"name\":\"Cat\u00e9gorie\",\"value\":\"Autres \u00e9v\u00e9nements\"},{\"@type\":\"PropertyValue\",\"name\":\"Ville\",\"value\":\"Plougonvelin\"},{\"@type\":\"PropertyValue\",\"name\":\"Code postal\",\"value\":\"29217\"}]}},{\"@type\":\"ListItem\",\"position\":193,\"item\":{\"@type\":\"Thing\",\"name\":\"Exposition \/ Ma sorci\u00e8re mal nomm\u00e9e - Magie et Pouvoir au f\u00e9minin\",\"description\":\"Cette ann\u00e9e, l'Abbaye de Daoulas accueillera l'exposition \\\"Ma sorci\u00e8re mal nomm\u00e9e - Pouvoir et magie au f\u00e9minin\\\" et explorera l'une des figures f\u00e9minines les plus puissantes et controvers\u00e9es de l'histoire.\\n\\nL'exposition Ma sorci\u00e8re mal nomm\u00e9e \u2013 Pouvoir et Magie au f\u00e9minin vous plonge au c\u0153ur de l'une des figures f\u00e9minines les plus puissantes et controvers\u00e9es de l'histoire. Loin des clich\u00e9s et des fantasmes, elle confronte la richesse des repr\u00e9sentations et des d\u00e9nominations de la sorci\u00e8re \u00e0 la complexit\u00e9 de sa r\u00e9alit\u00e9 historique.\\n\\nA travers un parcours immersif nous d\u00e9voilant selon les cultures qui est d\u00e9sign\u00e9 comme sorci\u00e8re, quelles sont ses pratiques, ses savoirs et nous r\u00e9v\u00e9lant la construction d\u2019un arch\u00e9type li\u00e9e \u00e0 l\u2019inquisition et aux proc\u00e8s en sorcellerie, l\u2019exposition montre comment cette figure f\u00e9minine peuple nos imaginaires jusqu\u2019\u00e0 devenir aujourd\u2019hui un embl\u00e8me f\u00e9ministe.\",\"url\":\"https:\/\/www.cdp29.fr\/fr\/ma-visite\/offer\/1732\/ma-sorciere-mal-nommee-pouvoir-et-magie-au-feminin\",\"geo\":{\"@type\":\"GeoCoordinates\",\"latitude\":48.3620578,\"longitude\":-4.2653057},\"additionalProperty\":[{\"@type\":\"PropertyValue\",\"name\":\"Titre\",\"value\":\"Exposition \/ Ma sorci\u00e8re mal nomm\u00e9e - Magie et Pouvoir au f\u00e9minin\"},{\"@type\":\"PropertyValue\",\"name\":\"Cat\u00e9gorie\",\"value\":\"Expositions\"},{\"@type\":\"PropertyValue\",\"name\":\"Ville\",\"value\":\"Daoulas\"},{\"@type\":\"PropertyValue\",\"name\":\"Code postal\",\"value\":\"29460\"}]}},{\"@type\":\"ListItem\",\"position\":194,\"item\":{\"@type\":\"Thing\",\"name\":\"Les aventures du magicien d'Oz\",\"description\":\"Oscar est un magicien un peu maladroit. Son lapin Alfred lui tient compagnie mais la vie est bien triste pour nos deux amis. Une nuit, une tornade vient frapper le cirque d'Oscar et ils se r\u00e9veillent dans un pays inconnu, un pays merveilleux !\\n\\nUn monde peupl\u00e9 de cr\u00e9atures fantastiques, de personnages dr\u00f4les et attachants comme un \u00e9pouvantail, un lion ainsi que des farfadets aussi amicaux qu'espi\u00e8gles. Mais Oscar et Alfred devront traverser de nombreuses p\u00e9rip\u00e9ties afin de sauver ce monde d'un terrible Roi, le Roi Alcarazas et de son dragon, le dragon d'\u00e9meraude.\\n\\nInformations pratiques : \\nDur\u00e9e 50 minutes. \\nSpectacle destin\u00e9 aux enfants de 3 \u00e0 10 ans. \\nR\u00e9servation obligatoire, en ligne.\",\"url\":\"http:\/\/www.comediedufinistere.fr\/\",\"geo\":{\"@type\":\"GeoCoordinates\",\"latitude\":48.3890223,\"longitude\":-4.4983387},\"additionalProperty\":[{\"@type\":\"PropertyValue\",\"name\":\"Titre\",\"value\":\"Les aventures du magicien d'Oz\"},{\"@type\":\"PropertyValue\",\"name\":\"Cat\u00e9gorie\",\"value\":\"En famille\"},{\"@type\":\"PropertyValue\",\"name\":\"Ville\",\"value\":\"Brest\"},{\"@type\":\"PropertyValue\",\"name\":\"Code postal\",\"value\":\"29200\"}]}},{\"@type\":\"ListItem\",\"position\":195,\"item\":{\"@type\":\"Thing\",\"name\":\"\u00cele Tristan - \\\"Ile Ouverte\\\"\",\"description\":\"L'\u00eele Tristan propri\u00e9t\u00e9 du Conservatoire du Littoral est ouverte au public gratuitement pendant la mar\u00e9e basse. Passage \u00e0 pied. Les chiens, la cueillette, les pique-niques sont interdits sur le site. Il est interdit de fumer sur le site.\\n\\nPROMENEURS, ATTENTION ! CES HORAIRES DE PASSAGE SONT COMMUNIQUES \u00c0 TITRE INDICATIF.\\nLa travers\u00e9e \u00e0 pied se fait sous votre responsabilit\u00e9. \\nSoyez extr\u00eamement vigilants \u00e0 la mont\u00e9e des eaux pour ne pas rester bloqu\u00e9s sur l\u2019\u00eele. Les temps de passage peuvent \u00eatre raccourcis en fonction des conditions m\u00e9t\u00e9orologiques et de la force du vent. En pr\u00e9sence d\u2019eau dans la passe, la force des courants interdit toute travers\u00e9e. \\nEn cas de probl\u00e8me, le Conservatoire du littoral, propri\u00e9taire de l\u2019\u00cele Tristan, et la ville de Douarnenez, gestionnaire du site, d\u00e9clinent toutes responsabilit\u00e9s.\\nPR\u00c9VOYEZ DES CHAUSSURES NON GLISSANTES\",\"geo\":{\"@type\":\"GeoCoordinates\",\"latitude\":48.0972725,\"longitude\":-4.3354308},\"additionalProperty\":[{\"@type\":\"PropertyValue\",\"name\":\"Titre\",\"value\":\"\u00cele Tristan - \\\"Ile Ouverte\\\"\"},{\"@type\":\"PropertyValue\",\"name\":\"Cat\u00e9gorie\",\"value\":\"Sport & randonn\u00e9e\"},{\"@type\":\"PropertyValue\",\"name\":\"Ville\",\"value\":\"Douarnenez\"},{\"@type\":\"PropertyValue\",\"name\":\"Code postal\",\"value\":\"29100\"}]}},{\"@type\":\"ListItem\",\"position\":196,\"item\":{\"@type\":\"Thing\",\"name\":\"Stage Aventure Nature\",\"description\":\"Partons \u00e0 l\u2019aventure dans les bois, le bois de Lanfeust ou d\u2019autres. Entre jeux buissonniers, d\u00e9couverte de notre environnement proche, sculpture sur bois, sur 3 demi-journ\u00e9es.\\n\\nLes programmes sont libres et adapt\u00e9s selon les envies.\\n\\nQuelques exemples d'activit\u00e9s :\\nPistage (lecture d'empreinte, moulage, pose de pi\u00e8ge photos).\\nJeux buissonniers (construction de cabane d'embarcation flottante, petite vannerie sauvage).\\nSculpture sur bois (apprendre \u00e0 utiliser un couteau dans de bonnes conditions de s\u00e9curit\u00e9).\\nObservation ornithologique.\",\"url\":\"http:\/\/wildwata.com\/\",\"geo\":{\"@type\":\"GeoCoordinates\",\"latitude\":48.3668906,\"longitude\":-4.7468749},\"additionalProperty\":[{\"@type\":\"PropertyValue\",\"name\":\"Titre\",\"value\":\"Stage Aventure Nature\"},{\"@type\":\"PropertyValue\",\"name\":\"Cat\u00e9gorie\",\"value\":\"En famille\"},{\"@type\":\"PropertyValue\",\"name\":\"Ville\",\"value\":\"Le Conquet\"},{\"@type\":\"PropertyValue\",\"name\":\"Code postal\",\"value\":\"29217\"}]}},{\"@type\":\"ListItem\",\"position\":197,\"item\":{\"@type\":\"Thing\",\"name\":\"Bains de For\u00eat\",\"description\":\"\u00c0 l\u2019\u00e9coute des arbres\\n\\nAu c\u0153ur du Bois de Suguensou, offrez-vous une parenth\u00e8se hors du temps pour ralentir et vous reconnecter \u00e0 vos sensations.\\nCette exp\u00e9rience guid\u00e9e invite \u00e0 explorer la rencontre avec les arbres de mani\u00e8re progressive : d\u2019abord \u00e0 distance, puis en s\u2019approchant doucement de leurs troncs. \u00c0 travers une \u00e9coute attentive du corps et une perception subtile du mouvement \u00e9nerg\u00e9tique, chacun est amen\u00e9 \u00e0 vivre un dialogue silencieux avec le vivant.\\nSurprenante au d\u00e9but, cette approche devient rapidement un moment profond d\u2019ancrage et de pr\u00e9sence, o\u00f9 l\u2019on passe du \u00ab faire \u00bb \u00e0 l\u2019\u00ab \u00eatre \u00bb.\\n\\nInformations particuli\u00e8res :\\n- Tout public \u00e0 partir de 11 ans\\n- Pr\u00e9voir une tenue adapt\u00e9e permettant d'aller hors des sentiers\\n\\nLes lundis matins \u00e0 9h.\\nR\u00e9servation possible aupr\u00e8s de l'Office de Tourisme d'Audierne ou par t\u00e9l\u00e9phone.\",\"url\":\"http:\/\/virginie-guezennec.fr\/\",\"geo\":{\"@type\":\"GeoCoordinates\",\"latitude\":48.035306,\"longitude\":-4.5400859},\"additionalProperty\":[{\"@type\":\"PropertyValue\",\"name\":\"Titre\",\"value\":\"Bains de For\u00eat\"},{\"@type\":\"PropertyValue\",\"name\":\"Cat\u00e9gorie\",\"value\":\"Sport & randonn\u00e9e\"},{\"@type\":\"PropertyValue\",\"name\":\"Ville\",\"value\":\"Audierne\"},{\"@type\":\"PropertyValue\",\"name\":\"Code postal\",\"value\":\"29770\"}]}},{\"@type\":\"ListItem\",\"position\":198,\"item\":{\"@type\":\"Thing\",\"name\":\"Portes ouvertes association Danses en Cap Sizun\",\"description\":\"Danses en Cap Sizun propose d'ouvrir gratuitement ses portes aux cours d'initiation \u00e0 la danse en ligne et \u00e0 la danse en couple du 15 au 25 septembre 2026. Les jours et horaires sont sur l'affiche. Au plaisir de se retrouver \u00e0 Plouhinec Salle Jeanne \u00e0 la rentr\u00e9e.\",\"geo\":{\"@type\":\"GeoCoordinates\",\"latitude\":48.0145538,\"longitude\":-4.4872651},\"additionalProperty\":[{\"@type\":\"PropertyValue\",\"name\":\"Titre\",\"value\":\"Portes ouvertes association Danses en Cap Sizun\"},{\"@type\":\"PropertyValue\",\"name\":\"Cat\u00e9gorie\",\"value\":\"Spectacles & cin\u00e9ma\"},{\"@type\":\"PropertyValue\",\"name\":\"Ville\",\"value\":\"Plouhinec\"},{\"@type\":\"PropertyValue\",\"name\":\"Code postal\",\"value\":\"29780\"}]}},{\"@type\":\"ListItem\",\"position\":199,\"item\":{\"@type\":\"Thing\",\"name\":\"Visitez la distillerie Brumenn\",\"description\":\"A la rencontre de l'alambic !\\n\\nVisitez la distillerie Brumenn avec son cr\u00e9ateur Vincent Conseil, distillateur-cueilleur depuis 2021, \u00e0 Camaret sur Mer, en Presqu'\u00eele de Crozon.\\n\\nVenez d\u00e9couvrir les secrets de la distillation, le fonctionnement d'un alambic traditionnel en cuivre, et les diff\u00e9rentes \u00e9tapes de fabrication d'alcool artisanal.\\n\\nVous d\u00e9gusterez pour finir les alcools fabriqu\u00e9s sur place, \u00e0 l'ancienne, et en agriculture biologique : whisky, lambig, gin, pastis, liqueurs, pommeau... Des boissons naturelles et authentiques, \u00e0 l'image de la presqu'\u00eele !\\n\\nFabrication \u00e0 partir de plantes et de fruits cueillis dans la nature et dans le jardin de la distillerie ou cultiv\u00e9s localement en agriculture biologique.\",\"geo\":{\"@type\":\"GeoCoordinates\",\"latitude\":48.27045,\"longitude\":-4.5847},\"additionalProperty\":[{\"@type\":\"PropertyValue\",\"name\":\"Titre\",\"value\":\"Visitez la distillerie Brumenn\"},{\"@type\":\"PropertyValue\",\"name\":\"Cat\u00e9gorie\",\"value\":\"Autres \u00e9v\u00e9nements\"},{\"@type\":\"PropertyValue\",\"name\":\"Ville\",\"value\":\"Camaret-sur-Mer\"},{\"@type\":\"PropertyValue\",\"name\":\"Code postal\",\"value\":\"29570\"}]}},{\"@type\":\"ListItem\",\"position\":200,\"item\":{\"@type\":\"Thing\",\"name\":\"Visite guid\u00e9e - Rando Nature \u00e0 la Pointe du Van\",\"description\":\"Une immersion au c\u0153ur des paysages sauvages !\\n\\nMoins fr\u00e9quent\u00e9e mais tout aussi spectaculaire, la Pointe du Van se d\u00e9voile lors de cette randonn\u00e9e guid\u00e9e entre landes battues par les vents, falaises abruptes et patrimoine discret. Le guide vous accompagne \u00e0 la d\u00e9couverte d\u2019un territoire pr\u00e9serv\u00e9, fa\u00e7onn\u00e9 par la rencontre permanente entre la terre et l\u2019oc\u00e9an. Faune, flore, g\u00e9ologie et traces d\u2019activit\u00e9s humaines se m\u00ealent pour raconter l\u2019histoire de ces paysages contrast\u00e9s. Une sortie id\u00e9ale pour les amoureux de nature et de grands espaces.\\n\\nD\u00e9part du parking de la Pointe du Van - Dur\u00e9e 3h - 5 km \\n\\nLes mardis \u00e0 9h.\\n\\nSur r\u00e9servation aupr\u00e8s de la Maison de site ou de l'Office de Tourisme du Cap-Sizun \u00e0 Audierne.\",\"url\":\"https:\/\/www.toutcommenceenfinistere.com\/pointe-du-raz\/preparer-sa-visite\/\",\"geo\":{\"@type\":\"GeoCoordinates\",\"latitude\":48.064635,\"longitude\":-4.713811},\"additionalProperty\":[{\"@type\":\"PropertyValue\",\"name\":\"Titre\",\"value\":\"Visite guid\u00e9e - Rando Nature \u00e0 la Pointe du Van\"},{\"@type\":\"PropertyValue\",\"name\":\"Cat\u00e9gorie\",\"value\":\"Sport & randonn\u00e9e\"},{\"@type\":\"PropertyValue\",\"name\":\"Ville\",\"value\":\"Cl\u00e9den-Cap-Sizun\"},{\"@type\":\"PropertyValue\",\"name\":\"Code postal\",\"value\":\"29770\"}]}},{\"@type\":\"ListItem\",\"position\":201,\"item\":{\"@type\":\"Thing\",\"name\":\"Balade comment\u00e9e - Le patrimoine de Land\u00e9vennec\",\"description\":\"Explorez Land\u00e9vennec, un tr\u00e9sor historique breton, \u00e0 travers cette balade comment\u00e9e. Ce village embl\u00e9matique, situ\u00e9 sur les bords de l\u2019Aulne, vous transporte \u00e0 travers les \u00e9poques.\\n\\nEn fl\u00e2nant sur ses chemins pittoresques, vous serez captiv\u00e9s par les vestiges de son glorieux pass\u00e9, notamment les ruines de son ancienne abbaye fond\u00e9e au Ve si\u00e8cle. L\u2019\u00e9glise Saint-Gu\u00e9nol\u00e9, un joyau de l\u2019architecture bretonne, vous \u00e9merveillera par ses d\u00e9tails architecturaux et son ambiance paisible.\\n\\nCette excursion \u00e0 Land\u00e9vennec est une immersion authentique dans l\u2019histoire et la culture bretonnes, alliant patrimoine, spiritualit\u00e9 et nature.\\n\\nInfos pratiques :\\n\\n    juillet \u2013 ao\u00fbt : les lundis \u00e0 14h30\\n    3\u20ac : adulte | Gratuit : -18 ans\\n\\n    R\u00e9servation obligatoire dans les Offices de Tourisme\\n    dur\u00e9e : 1h30\\n    RDV : devant l\u2019Office de Tourisme \u2013 LANDEVENNEC\\n    Acc\u00e8s PMR possible\\n\\nVisite assur\u00e9e par l\u2019Office de Tourisme\",\"geo\":{\"@type\":\"GeoCoordinates\",\"latitude\":48.2934,\"longitude\":-4.26771},\"additionalProperty\":[{\"@type\":\"PropertyValue\",\"name\":\"Titre\",\"value\":\"Balade comment\u00e9e - Le patrimoine de Land\u00e9vennec\"},{\"@type\":\"PropertyValue\",\"name\":\"Cat\u00e9gorie\",\"value\":\"Autres \u00e9v\u00e9nements\"},{\"@type\":\"PropertyValue\",\"name\":\"Ville\",\"value\":\"Land\u00e9vennec\"},{\"@type\":\"PropertyValue\",\"name\":\"Code postal\",\"value\":\"29560\"}]}},{\"@type\":\"ListItem\",\"position\":202,\"item\":{\"@type\":\"Thing\",\"name\":\"Balade comment\u00e9e en Cap-Sizun\",\"description\":\"Visite motoris\u00e9e ludique et originale, accessible pour tous les \u00e2ges et surtout les personnes les moins mobiles. Victor, capiste pur beurre, partagera avec vous son amour et sa passion pour le Cap-Sizun, pour ses paysages, sa faune, son histoire, la p\u00eache,... La visite est riche de ses anecdotes, de ses explications tr\u00e8s accessibles et enrichissantes. Vous descendez du v\u00e9hicule sur les points du visite les plus int\u00e9ressants.\\n\\nLaissez-vous guider et profiter. Le temps file tr\u00e8s vite \u00e0 ses c\u00f4t\u00e9s et la visite est tr\u00e8s agr\u00e9able.\\n\\n\u00c0 partager sans mod\u00e9ration.\",\"url\":\"https:\/\/www.victourducap.fr\/\",\"geo\":{\"@type\":\"GeoCoordinates\",\"latitude\":48.01434,\"longitude\":-4.48639},\"additionalProperty\":[{\"@type\":\"PropertyValue\",\"name\":\"Titre\",\"value\":\"Balade comment\u00e9e en Cap-Sizun\"},{\"@type\":\"PropertyValue\",\"name\":\"Cat\u00e9gorie\",\"value\":\"Autres \u00e9v\u00e9nements\"},{\"@type\":\"PropertyValue\",\"name\":\"Ville\",\"value\":\"Plouhinec\"},{\"@type\":\"PropertyValue\",\"name\":\"Code postal\",\"value\":\"29780\"}]}},{\"@type\":\"ListItem\",\"position\":203,\"item\":{\"@type\":\"Thing\",\"name\":\"Visite guid\u00e9e de la Chapelle de Saint-Tugen\",\"description\":\"Visites guid\u00e9e les jeudis \u00e0 10h30 : venez d\u00e9couvrir et comprendre ce monument class\u00e9 au titre des Monuments Historique, embl\u00e9matique du Cap-Sizun, \u00e0 travers son histoire (petite et grande) et la richesse de ses tr\u00e9sors artistiques et religieux. \\nSans r\u00e9servation. \\n\\nVisite libre de tous les jours de 14h30 \u00e0 18h30 jusqu\u2019au 30 septembre.\\n\\nLibre participation (2\u20ac souhait\u00e9s).\",\"url\":\"http:\/\/patrimoineprimelin.fr\/\",\"geo\":{\"@type\":\"GeoCoordinates\",\"latitude\":48.022336,\"longitude\":-4.592026},\"additionalProperty\":[{\"@type\":\"PropertyValue\",\"name\":\"Titre\",\"value\":\"Visite guid\u00e9e de la Chapelle de Saint-Tugen\"},{\"@type\":\"PropertyValue\",\"name\":\"Cat\u00e9gorie\",\"value\":\"Autres \u00e9v\u00e9nements\"},{\"@type\":\"PropertyValue\",\"name\":\"Ville\",\"value\":\"Primelin\"},{\"@type\":\"PropertyValue\",\"name\":\"Code postal\",\"value\":\"29770\"}]}},{\"@type\":\"ListItem\",\"position\":204,\"item\":{\"@type\":\"Thing\",\"name\":\"Visite guid\u00e9e d'Audierne\",\"description\":\"Accompagn\u00e9 par un guide de l\u2019office de tourisme, venez profiter d\u2019un instant de d\u00e9couverte et de partage sur l\u2019histoire d\u2019Audierne. Laissez-vous guider dans la ville afin de d\u00e9couvrir son histoire passionnante et souvent m\u00e9connue, au cours d\u2019une balade dans les venelles. Depuis les hauteurs, vous apercevrez comment les richesses de la mer ont fa\u00e7onn\u00e9 la ville et son histoire !\",\"url\":\"http:\/\/www.capsizuntourisme.fr\/\",\"geo\":{\"@type\":\"GeoCoordinates\",\"latitude\":48.02369,\"longitude\":-4.53993},\"additionalProperty\":[{\"@type\":\"PropertyValue\",\"name\":\"Titre\",\"value\":\"Visite guid\u00e9e d'Audierne\"},{\"@type\":\"PropertyValue\",\"name\":\"Cat\u00e9gorie\",\"value\":\"Autres \u00e9v\u00e9nements\"},{\"@type\":\"PropertyValue\",\"name\":\"Ville\",\"value\":\"Audierne\"},{\"@type\":\"PropertyValue\",\"name\":\"Code postal\",\"value\":\"29770\"}]}},{\"@type\":\"ListItem\",\"position\":205,\"item\":{\"@type\":\"Thing\",\"name\":\"Sortie stand-up paddle dans la ria\",\"description\":\"D\u00e9couvrez la ria autrement, au fil de l'eau !\\nSorties encadr\u00e9es et comment\u00e9es par un moniteur dipl\u00f4m\u00e9.\",\"geo\":{\"@type\":\"GeoCoordinates\",\"latitude\":48.3513213,\"longitude\":-4.7392891},\"additionalProperty\":[{\"@type\":\"PropertyValue\",\"name\":\"Titre\",\"value\":\"Sortie stand-up paddle dans la ria\"},{\"@type\":\"PropertyValue\",\"name\":\"Cat\u00e9gorie\",\"value\":\"Sport & randonn\u00e9e\"},{\"@type\":\"PropertyValue\",\"name\":\"Ville\",\"value\":\"Le Conquet\"},{\"@type\":\"PropertyValue\",\"name\":\"Code postal\",\"value\":\"29217\"}]}},{\"@type\":\"ListItem\",\"position\":206,\"item\":{\"@type\":\"Thing\",\"name\":\"Visite cr\u00e9pusculaire de la Pointe du Raz\",\"description\":\"La Pointe du Raz \u00e0 l'heure dor\u00e9e ! \\n\\n\u00c0 l\u2019heure o\u00f9 le soleil d\u00e9cline, la Pointe du Raz r\u00e9v\u00e8le une atmosph\u00e8re toute particuli\u00e8re. Cette visite cr\u00e9pusculaire propose une immersion sensorielle au c\u0153ur du Grand Site, lorsque les couleurs s\u2019adoucissent et que la lumi\u00e8re dor\u00e9e embrase les falaises. Progressivement, phares et balises s\u2019illuminent, offrant un v\u00e9ritable ballet lumineux sur la mer d\u2019Iroise. Entre paysages grandioses, r\u00e9cits maritimes et instants contemplatifs, vivez une exp\u00e9rience unique, hors du temps, au plus \u00e0 l\u2019ouest de la France.\\n\\nSur r\u00e9servation aupr\u00e8s de la Maison de site de la Pointe du Raz ou de l'Office de Tourisme du Cap-Sizun \u00e0 Audierne.\",\"url\":\"https:\/\/www.toutcommenceenfinistere.com\/pointe-du-raz\/preparer-sa-visite\/\",\"geo\":{\"@type\":\"GeoCoordinates\",\"latitude\":48.040859,\"longitude\":-4.670977},\"additionalProperty\":[{\"@type\":\"PropertyValue\",\"name\":\"Titre\",\"value\":\"Visite cr\u00e9pusculaire de la Pointe du Raz\"},{\"@type\":\"PropertyValue\",\"name\":\"Cat\u00e9gorie\",\"value\":\"Sport & randonn\u00e9e\"},{\"@type\":\"PropertyValue\",\"name\":\"Ville\",\"value\":\"Plogoff\"},{\"@type\":\"PropertyValue\",\"name\":\"Code postal\",\"value\":\"29770\"}]}},{\"@type\":\"ListItem\",\"position\":207,\"item\":{\"@type\":\"Thing\",\"name\":\"Bretagne Virtuelle\",\"description\":\"Vivez un exp\u00e9rience immersive unique !\\n\\nPlongez dans un voyage temporel en r\u00e9alit\u00e9 virtuelle, qui vous fera d\u00e9couvrir  la Bretagne \u00e0 360\u00b0 au coeur de l'espace mus\u00e9ographique de Breizh Odyss\u00e9e\\n\\nRencontrez Les h\u00e9ros de l'histoire bretonne ou explorez Le secret des m\u00e9galithes de Bretagne et du monde\",\"url\":\"http:\/\/www.billetterie.breizh-odyssee.bzh\/\",\"geo\":{\"@type\":\"GeoCoordinates\",\"latitude\":48.29236,\"longitude\":-4.2678},\"additionalProperty\":[{\"@type\":\"PropertyValue\",\"name\":\"Titre\",\"value\":\"Bretagne Virtuelle\"},{\"@type\":\"PropertyValue\",\"name\":\"Cat\u00e9gorie\",\"value\":\"En famille\"},{\"@type\":\"PropertyValue\",\"name\":\"Ville\",\"value\":\"Land\u00e9vennec\"},{\"@type\":\"PropertyValue\",\"name\":\"Code postal\",\"value\":\"29560\"}]}},{\"@type\":\"ListItem\",\"position\":208,\"item\":{\"@type\":\"Thing\",\"name\":\"Balade en baie d\u2019Audierne\",\"description\":\"Au d\u00e9part du port de Ste-Evette, vous longez la c\u00f4te sauvage du Cap-Sizun et d\u00e9couvrez des paysages insoup\u00e7onn\u00e9s : la chapelle StTugen, l\u2019Ile aux Vaches, Pors-Loubous, le petit port de Bestr\u00e9e et la fameuse pointe du Raz.\\nAvant de remettre le cap sur le continent, vous vous approcherez \u00e9galement de l\u2019\u00e9l\u00e9gant phare de la Vieille.\\n\\nGratuit pour les moins de 4 ans (enregistr\u00e9s en agence) \/ Chien : 4\u20ac\\n\\nBilletterie disponible aupr\u00e8s de l'Office de Tourisme \u00e0 Audierne.\",\"url\":\"https:\/\/www.finist-mer.fr\/\",\"geo\":{\"@type\":\"GeoCoordinates\",\"latitude\":48.0060997,\"longitude\":-4.5553163},\"additionalProperty\":[{\"@type\":\"PropertyValue\",\"name\":\"Titre\",\"value\":\"Balade en baie d\u2019Audierne\"},{\"@type\":\"PropertyValue\",\"name\":\"Cat\u00e9gorie\",\"value\":\"Autres \u00e9v\u00e9nements\"},{\"@type\":\"PropertyValue\",\"name\":\"Ville\",\"value\":\"Audierne\"},{\"@type\":\"PropertyValue\",\"name\":\"Code postal\",\"value\":\"29770\"}]}},{\"@type\":\"ListItem\",\"position\":209,\"item\":{\"@type\":\"Thing\",\"name\":\"Lev\u00e9e du pont levis - Tour Vauban\",\"description\":\"Pr\u00e9sentation et mise en fonction du pont-levis de la Tour Vauban\\n\\nInclus dans la visite libre\\n\\nTous les mercredis \u00e0 16h en juillet et ao\u00fbt\",\"geo\":{\"@type\":\"GeoCoordinates\",\"latitude\":48.27989,\"longitude\":-4.59106},\"additionalProperty\":[{\"@type\":\"PropertyValue\",\"name\":\"Titre\",\"value\":\"Lev\u00e9e du pont levis - Tour Vauban\"},{\"@type\":\"PropertyValue\",\"name\":\"Cat\u00e9gorie\",\"value\":\"Spectacles & cin\u00e9ma\"},{\"@type\":\"PropertyValue\",\"name\":\"Ville\",\"value\":\"Camaret-sur-Mer\"},{\"@type\":\"PropertyValue\",\"name\":\"Code postal\",\"value\":\"29570\"}]}},{\"@type\":\"ListItem\",\"position\":210,\"item\":{\"@type\":\"Thing\",\"name\":\"Visite guid\u00e9e de cri\u00e9e d\u2019Audierne-Poulgoazec\",\"description\":\"Venez assister en direct \u00e0 la vente aux ench\u00e8res \u00e0 la halle \u00e0 mar\u00e9e.\\nUne visite exceptionnelle \u00e0 la d\u00e9couverte de la cri\u00e9e de Poulgoazec, singuli\u00e8re par la qualit\u00e9 de sa p\u00eache c\u00f4ti\u00e8re.\\nAccompagn\u00e9 par nos m\u00e9diateurs, nous vous ferons d\u00e9couvrir l'histoire du port, ses techniques de p\u00eaches, les diff\u00e9rentes esp\u00e8ces de poissons et les conditions de travail des marins-p\u00eacheurs.\\n \\nSur r\u00e9servation, 30 pers. max, chaussures ferm\u00e9es obligatoires, photos interdites \u00e0 l'int\u00e9rieur de la halle \u00e0 mar\u00e9e.\\nLes animaux ne sont pas accept\u00e9s.\\n \\nBilletterie disponible dans le bureaux de l'Office de Tourisme.  \\n \\nPoint de rendez-vous \u00e0 l'Abri du marin de Plouhinec.\",\"geo\":{\"@type\":\"GeoCoordinates\",\"latitude\":48.0184347,\"longitude\":-4.5316125},\"additionalProperty\":[{\"@type\":\"PropertyValue\",\"name\":\"Titre\",\"value\":\"Visite guid\u00e9e de cri\u00e9e d\u2019Audierne-Poulgoazec\"},{\"@type\":\"PropertyValue\",\"name\":\"Cat\u00e9gorie\",\"value\":\"Autres \u00e9v\u00e9nements\"},{\"@type\":\"PropertyValue\",\"name\":\"Ville\",\"value\":\"Plouhinec\"},{\"@type\":\"PropertyValue\",\"name\":\"Code postal\",\"value\":\"29780\"}]}},{\"@type\":\"ListItem\",\"position\":211,\"item\":{\"@type\":\"Thing\",\"name\":\"Stage de voile \u00e0 Rostiviec\",\"description\":\"Venez au Centre Nautique Rostiviec Loperhet afin de profiter de splendides navigations dans la baie de Daoulas en stage de 5 jours pour les vacances de printemps et les vacances d'\u00e9t\u00e9. \\n\\nL'\u00e9quipe peut vous accompagner sur : catamaran, planche, d\u00e9riveur, stand up.\\n\\nR\u00e9servation obligatoire, au 02 98 07 06 64 ou par mail \u00e0 cnrostiviec@gmail.com ou en s'inscrivant en ligne sur www.centre-nautique-rostiviec-loperhet.com  .\\n\\nA bient\u00f4t \u00e0 Rostiviec !\",\"url\":\"https:\/\/www.centre-nautique-rostiviec-loperhet.com\/\",\"geo\":{\"@type\":\"GeoCoordinates\",\"latitude\":48.348335,\"longitude\":-4.3280509},\"additionalProperty\":[{\"@type\":\"PropertyValue\",\"name\":\"Titre\",\"value\":\"Stage de voile \u00e0 Rostiviec\"},{\"@type\":\"PropertyValue\",\"name\":\"Cat\u00e9gorie\",\"value\":\"En famille\"},{\"@type\":\"PropertyValue\",\"name\":\"Ville\",\"value\":\"Loperhet\"},{\"@type\":\"PropertyValue\",\"name\":\"Code postal\",\"value\":\"29470\"}]}},{\"@type\":\"ListItem\",\"position\":212,\"item\":{\"@type\":\"Thing\",\"name\":\"Visite guid\u00e9e de l'\u00eele Tristan\",\"description\":\"Situ\u00e9e \u00e0 quelques encablures de Douarnenez, l'\u00eele Tristan, site naturel prot\u00e9g\u00e9 est la propri\u00e9t\u00e9 du Conservatoire du Littoral. Marchez sur les pas du c\u00e9l\u00e8bre brigand de La Fontenelle, de Tristan et Yseult et des nombreux artistes qui ont fr\u00e9quent\u00e9 l'\u00eele au d\u00e9but 20\u00e8me si\u00e8cle. Inscription obligatoire \u00e0 l'Office de Tourisme du Pays de Douarnenez ou sur le site internet. Chiens non admis. Les conditions m\u00e9t\u00e9orologiques et la houle peuvent nous contraindre \u00e0 annuler la visite.\",\"url\":\"http:\/\/www.douarnenez-tourisme.com\/\",\"geo\":{\"@type\":\"GeoCoordinates\",\"latitude\":48.0972725,\"longitude\":-4.3354308},\"additionalProperty\":[{\"@type\":\"PropertyValue\",\"name\":\"Titre\",\"value\":\"Visite guid\u00e9e de l'\u00eele Tristan\"},{\"@type\":\"PropertyValue\",\"name\":\"Cat\u00e9gorie\",\"value\":\"Sport & randonn\u00e9e\"},{\"@type\":\"PropertyValue\",\"name\":\"Ville\",\"value\":\"Douarnenez\"},{\"@type\":\"PropertyValue\",\"name\":\"Code postal\",\"value\":\"29100\"}]}},{\"@type\":\"ListItem\",\"position\":213,\"item\":{\"@type\":\"Thing\",\"name\":\"Visite guid\u00e9e \u00ab\u00a0Les rendez-vous de la Pointe\u00a0\u00bb\",\"description\":\"Comprendre un paysage d\u2019exception, en famille.\\n\\nCette visite guid\u00e9e invite petits et grands \u00e0 d\u00e9couvrir les paysages spectaculaires de la Pointe du Raz et \u00e0 comprendre ce qui fait la singularit\u00e9 de ce site embl\u00e9matique du Finist\u00e8re. Au fil du parcours, le guide d\u00e9crypte la formation des falaises, l\u2019influence des vents et des courants, ainsi que l\u2019histoire humaine intimement li\u00e9e \u00e0 ce bout du monde. Anecdotes, observations et \u00e9changes rythment la visite, pens\u00e9e pour \u00eatre accessible et ludique. Une formule id\u00e9ale pour une premi\u00e8re approche du site, \u00e0 partager en famille, entre terre et mer.\\n\\nD\u00e9part du s\u00e9maphore (\u00e0 800 m du parking) - Dur\u00e9e 1h\",\"url\":\"https:\/\/www.toutcommenceenfinistere.com\/pointe-du-raz\/preparer-sa-visite\/\",\"geo\":{\"@type\":\"GeoCoordinates\",\"latitude\":48.040859,\"longitude\":-4.670977},\"additionalProperty\":[{\"@type\":\"PropertyValue\",\"name\":\"Titre\",\"value\":\"Visite guid\u00e9e \u00ab\u00a0Les rendez-vous de la Pointe\u00a0\u00bb\"},{\"@type\":\"PropertyValue\",\"name\":\"Cat\u00e9gorie\",\"value\":\"Sport & randonn\u00e9e\"},{\"@type\":\"PropertyValue\",\"name\":\"Ville\",\"value\":\"Plogoff\"},{\"@type\":\"PropertyValue\",\"name\":\"Code postal\",\"value\":\"29770\"}]}},{\"@type\":\"ListItem\",\"position\":214,\"item\":{\"@type\":\"Thing\",\"name\":\"Visite guid\u00e9e du Calvaire\",\"description\":\"D\u00e9couvrez l'un des sept calvaires monumentaux de Bretagne \u00e0 travers cette visite men\u00e9e par la SPREV (Sauvegarde du Patrimoine Religieux en Vie).\\n\\nClass\u00e9 Monument Historique, il fait partie des \u00ab 7 calvaires monumentaux de Bretagne \u00bb.  Comptant pas moins de 182 figurines sculpt\u00e9es, 28 sc\u00e8nes bibliques ou l\u00e9gendaires y sont repr\u00e9sent\u00e9es. Il fut \u00e9rig\u00e9 apr\u00e8s la grande peste (1598) qui s\u00e9vit dans la r\u00e9gion. Il doit sa particularit\u00e9 aux pierres qui le composent, embl\u00e9matiques de la rade de Brest : la pierre de Logonna pour son socle et la kersantite pour ses sculptures. Cible des bombardements en ao\u00fbt 1944, les statuettes furent sauv\u00e9es par un soldat am\u00e9ricain qui les mit \u00e0 l\u2019abri dans son presbyt\u00e8re. \\nL\u2019\u00e9glise St Pierre, \u00e0 c\u00f4t\u00e9 de laquelle il se dresse, fut reconstruite h\u00e2tivement avec un clocher d\u00e9sormais en b\u00e9ton.\",\"url\":\"http:\/\/www.sprev.org\/\",\"geo\":{\"@type\":\"GeoCoordinates\",\"latitude\":48.3739281,\"longitude\":-4.3700705},\"additionalProperty\":[{\"@type\":\"PropertyValue\",\"name\":\"Titre\",\"value\":\"Visite guid\u00e9e du Calvaire\"},{\"@type\":\"PropertyValue\",\"name\":\"Cat\u00e9gorie\",\"value\":\"Autres \u00e9v\u00e9nements\"},{\"@type\":\"PropertyValue\",\"name\":\"Ville\",\"value\":\"Plougastel-Daoulas\"},{\"@type\":\"PropertyValue\",\"name\":\"Code postal\",\"value\":\"29470\"}]}},{\"@type\":\"ListItem\",\"position\":215,\"item\":{\"@type\":\"Thing\",\"name\":\"Le BBH affronte Borussia Dortmund\",\"description\":\"Place \u00e0 la Ligue des Champions ! Pour cette deuxi\u00e8me journ\u00e9e de la phase de groupes, les Rebelles affrontent le club allemand du Borussia Dortmund.\\n\\nApr\u00e8s un premier rendez-vous dans la comp\u00e9tition, les Rebelles poursuivent leur parcours europ\u00e9en avec l\u2019ambition de d\u00e9crocher une nouvelle victoire devant leur public. Face \u00e0 une formation allemande r\u00e9put\u00e9e pour son intensit\u00e9 et son engagement, les Brestoises devront une nouvelle fois faire preuve de caract\u00e8re pour s\u2019imposer.\\n\\nDans l\u2019ambiance survolt\u00e9e de la Brest Arena, venez encourager les Rebelles et vivre au plus pr\u00e8s les \u00e9motions du handball f\u00e9minin de haut niveau. Une belle affiche europ\u00e9enne \u00e0 partager en famille ou entre amis, pour vibrer au rythme de la Ligue des Champions !\\n\\n\\nInformations pratiques : \\nDates et horaires donn\u00e9s \u00e0 titre indicatif, sous r\u00e9serve de modification. \\nR\u00e9servation fortement recommand\u00e9e.\\n\\nO\u00f9 acheter vos billets ? \\nAu si\u00e8ge du Brest Bretagne Handball (Brest Arena \u2013 C\u00f4t\u00e9 parking \u2013 Acc\u00e8s par la passerelle \u00e0 l\u2019ext\u00e9rieur, 02 29 00 74 48)\\nAu guichet de Brest Arena le jour du match (sous r\u00e9serve de places disponibles) 1h30 avant la rencontre\\nEn ligne.\",\"url\":\"https:\/\/brestarena.fr\/event\/bbh-dortmund\/\",\"geo\":{\"@type\":\"GeoCoordinates\",\"latitude\":48.3873947,\"longitude\":-4.5199544},\"additionalProperty\":[{\"@type\":\"PropertyValue\",\"name\":\"Titre\",\"value\":\"Le BBH affronte Borussia Dortmund\"},{\"@type\":\"PropertyValue\",\"name\":\"Cat\u00e9gorie\",\"value\":\"En famille\"},{\"@type\":\"PropertyValue\",\"name\":\"Ville\",\"value\":\"Brest\"},{\"@type\":\"PropertyValue\",\"name\":\"Code postal\",\"value\":\"29200\"}]}},{\"@type\":\"ListItem\",\"position\":216,\"item\":{\"@type\":\"Thing\",\"name\":\"Kaz'Heol Games\",\"description\":\"Des Animations-Jeux en Bois tous les mercredis, temps permettant, durant tout l'\u00e9t\u00e9 pour le plaisir de tous, en ext\u00e9rieur sur le quai de Camaret. Ouverts \u00e0 tous, petits et grands!\",\"url\":\"http:\/\/kazheolgames.fr\/\",\"geo\":{\"@type\":\"GeoCoordinates\",\"latitude\":48.27681,\"longitude\":-4.5963},\"additionalProperty\":[{\"@type\":\"PropertyValue\",\"name\":\"Titre\",\"value\":\"Kaz'Heol Games\"},{\"@type\":\"PropertyValue\",\"name\":\"Cat\u00e9gorie\",\"value\":\"En famille\"},{\"@type\":\"PropertyValue\",\"name\":\"Ville\",\"value\":\"Camaret-sur-Mer\"},{\"@type\":\"PropertyValue\",\"name\":\"Code postal\",\"value\":\"29570\"}]}},{\"@type\":\"ListItem\",\"position\":217,\"item\":{\"@type\":\"Thing\",\"name\":\"Rando-V\u00e9lo - Balade \u00e0 v\u00e9lo \u00e9lectrique de la Pointe du Van \u00e0 la Pointe du Raz\",\"description\":\"D\u00e9couverte \u00e0 v\u00e9lo \u00e9lectrique d\u2019un territoire maritime sauvage pour comprendre et ressentir comment les paysages ont fa\u00e7onn\u00e9 l\u2019histoire et la vie des habitants du Cap Sizun. Plusieurs haltes rythment le parcours : moulins \u00e0 vent, chapelle tourn\u00e9e vers la mer et l\u2019\u00cele de Sein, fermes et maisons de p\u00eacheurs, maison de gardien de phare, port-abri et plage. Le circuit s\u2019ach\u00e8ve \u00e0 la Pointe du Raz, avec un temps d\u00e9di\u00e9 \u00e0 son histoire et \u00e0 une connexion sensible \u00e0 la puissance \u00e9nerg\u00e9tique de la mer d\u2019Iroise.\\n\\nRendez-Vous le lundi \u00e0 13h30 et le mardi \u00e0 11h sur le parking de la Pointe du Van, au niveau des racks \u00e0 v\u00e9lo. Parcours de 9km - temps de visite 3h00 - Retour en autonomie. Pr\u00e9voir un pique pour la sortie du mardi. \\n\\nR\u00e9servation obligatoire.\\n\\nGroupe 8 personnes maximum. \\nLe tarif ne comprend pas la location du v\u00e9lo \u00e9lectrique et le casque (obligatoire). Liste des loueurs de v\u00e9los \u00e9lectrique disponible \u00e0 l'Office de Tourisme. En cas d'utilisation d'un v\u00e9lo personnel, veillez \u00e0 vous assurer qu'il soit pr\u00eat \u00e0 rouler : pneus gonfl\u00e9s, freins et feux de route fonctionnel.\\n\\nR\u00e9servation possible \u00e0 l'Office de Tourisme \u00e0 Audierne ainsi que par t\u00e9l\u00e9phone.\",\"url\":\"http:\/\/virginie-guezennec.fr\/\",\"geo\":{\"@type\":\"GeoCoordinates\",\"latitude\":48.064635,\"longitude\":-4.713811},\"additionalProperty\":[{\"@type\":\"PropertyValue\",\"name\":\"Titre\",\"value\":\"Rando-V\u00e9lo - Balade \u00e0 v\u00e9lo \u00e9lectrique de la Pointe du Van \u00e0 la Pointe du Raz\"},{\"@type\":\"PropertyValue\",\"name\":\"Cat\u00e9gorie\",\"value\":\"Sport & randonn\u00e9e\"},{\"@type\":\"PropertyValue\",\"name\":\"Ville\",\"value\":\"Cl\u00e9den-Cap-Sizun\"},{\"@type\":\"PropertyValue\",\"name\":\"Code postal\",\"value\":\"29770\"}]}},{\"@type\":\"ListItem\",\"position\":218,\"item\":{\"@type\":\"Thing\",\"name\":\"March\u00e9 des producteurs - Cidrerie de Rozavern\",\"description\":\"Du 06 juillet au 24 ao\u00fbt 2026 \\nLe lundi de 17h \u00e0 20h : March\u00e9 de producteurs de pays\",\"url\":\"https:\/\/www.rozavern.fr\/Marches-de-producteurs.html\",\"geo\":{\"@type\":\"GeoCoordinates\",\"latitude\":48.25025,\"longitude\":-4.38179},\"additionalProperty\":[{\"@type\":\"PropertyValue\",\"name\":\"Titre\",\"value\":\"March\u00e9 des producteurs - Cidrerie de Rozavern\"},{\"@type\":\"PropertyValue\",\"name\":\"Cat\u00e9gorie\",\"value\":\"March\u00e9s & foires\"},{\"@type\":\"PropertyValue\",\"name\":\"Ville\",\"value\":\"Telgruc-sur-Mer\"},{\"@type\":\"PropertyValue\",\"name\":\"Code postal\",\"value\":\"29560\"}]}},{\"@type\":\"ListItem\",\"position\":219,\"item\":{\"@type\":\"Thing\",\"name\":\"Exposition Brest, l'art pour raconter la ville\",\"description\":\"A travers une s\u00e9lection d'oeuvres issue des collections du Mus\u00e9e des Beaux-Arts de Brest, l'exposition invite \u00e0 d\u00e9couvrir Brest tel que les artistes l'ont vu et interpr\u00e9t\u00e9 du 18\u00e8me au 20\u00e8me si\u00e8cle. Peintures, arts graphiques et regards d'artistes deviennent autant de cl\u00e9s pour comprendre l'histoire, la transformations et l'identit\u00e9 du territoire. Propos\u00e9e en plein-air, l'exposition m\u00eale lecture artistique et approche patrimoniale autour d'un graphisme ludique et dynamique. Un parcours pens\u00e9 pour toutes et tous o\u00f9 l'art dialogue avec la m\u00e9moire de la ville.\",\"geo\":{\"@type\":\"GeoCoordinates\",\"latitude\":48.38659,\"longitude\":-4.48777},\"additionalProperty\":[{\"@type\":\"PropertyValue\",\"name\":\"Titre\",\"value\":\"Exposition Brest, l'art pour raconter la ville\"},{\"@type\":\"PropertyValue\",\"name\":\"Cat\u00e9gorie\",\"value\":\"Expositions\"},{\"@type\":\"PropertyValue\",\"name\":\"Ville\",\"value\":\"Brest\"},{\"@type\":\"PropertyValue\",\"name\":\"Code postal\",\"value\":\"29200\"}]}},{\"@type\":\"ListItem\",\"position\":220,\"item\":{\"@type\":\"Thing\",\"name\":\"Au secours des plantes menac\u00e9es - Exposition\",\"description\":\"Cr\u00e9\u00e9 en 1975, le Conservatoire botanique national de Brest est le premier jardin au monde d\u00e9di\u00e9 \u00e0 la sauvegarde des plantes menac\u00e9es. Depuis 50 ans, il m\u00e8ne des actions de conservation pour pr\u00e9server les esp\u00e8ces v\u00e9g\u00e9tales en danger et contribuer \u00e0 leur retour dans leur milieu naturel.\\n\\n\u00c0 travers 15 panneaux illustr\u00e9s, l\u2019exposition invite le public \u00e0 d\u00e9couvrir les enjeux de la disparition des plantes et les actions mises en \u0153uvre pour les prot\u00e9ger. Les botanistes estiment en effet que pr\u00e8s de 20 % des 420 000 esp\u00e8ces v\u00e9g\u00e9tales connues sur Terre sont aujourd\u2019hui menac\u00e9es d\u2019extinction.\\n\\nLes plantes pr\u00e9sent\u00e9es dans l\u2019exposition sont \u00e9galement cultiv\u00e9es dans les serres tropicales du Conservatoire, o\u00f9 sont conserv\u00e9es pr\u00e8s de 2 000 esp\u00e8ces rares ou menac\u00e9es, constituant l\u2019une des collections les plus importantes au monde. Install\u00e9e dans le jardin botanique, cette exposition permet aux visiteurs de mieux comprendre le r\u00f4le essentiel des jardins botaniques dans la sauvegarde de la biodiversit\u00e9 v\u00e9g\u00e9tale.\",\"url\":\"https:\/\/www.cbnbrest.fr\/\",\"geo\":{\"@type\":\"GeoCoordinates\",\"latitude\":48.39954,\"longitude\":-4.44072},\"additionalProperty\":[{\"@type\":\"PropertyValue\",\"name\":\"Titre\",\"value\":\"Au secours des plantes menac\u00e9es - Exposition\"},{\"@type\":\"PropertyValue\",\"name\":\"Cat\u00e9gorie\",\"value\":\"Expositions\"},{\"@type\":\"PropertyValue\",\"name\":\"Ville\",\"value\":\"Brest\"},{\"@type\":\"PropertyValue\",\"name\":\"Code postal\",\"value\":\"29200\"}]}},{\"@type\":\"ListItem\",\"position\":221,\"item\":{\"@type\":\"Thing\",\"name\":\"March\u00e9 Bio Local et Musical\",\"description\":\"\\\"Le march\u00e9, c\u2019est tous les mardis d\u00e8s 17h, place de la R\u00e9publique, suivi d\u2019un concert \u00e0 20h. Restauration et buvette sur place.\\nLe march\u00e9 bio local et musical de Pont-Croix met \u00e0 l\u2019honneur les acteurs locaux\u00a0: artisans et cr\u00e9ateurs soucieux de l\u2019environnement et producteurs bio. C\u2019est aussi un \u00e9v\u00e8nement familial, festif et musical.\\n+ d\u2019infos\u00a0: mabiolozic.org & sur facebook\\\"\",\"url\":\"http:\/\/mabiolozic.org\/\",\"geo\":{\"@type\":\"GeoCoordinates\",\"latitude\":48.0406541,\"longitude\":-4.486483},\"additionalProperty\":[{\"@type\":\"PropertyValue\",\"name\":\"Titre\",\"value\":\"March\u00e9 Bio Local et Musical\"},{\"@type\":\"PropertyValue\",\"name\":\"Cat\u00e9gorie\",\"value\":\"Concerts, musique & festivals\"},{\"@type\":\"PropertyValue\",\"name\":\"Ville\",\"value\":\"Pont-Croix\"},{\"@type\":\"PropertyValue\",\"name\":\"Code postal\",\"value\":\"29790\"}]}},{\"@type\":\"ListItem\",\"position\":222,\"item\":{\"@type\":\"Thing\",\"name\":\"R\u00e9ouverture du pavillon Tropical\",\"description\":\"Apr\u00e8s des travaux de r\u00e9novation dans le cadre du projet M\u00e9tamorphose, l'heure de la r\u00e9ouverture \u00e0 sonn\u00e9 ! D\u00e9couvrez les nouveaut\u00e9s de cette grande m\u00e9tamorphose pour une exp\u00e9rience de visite r\u00e9solument plus sensorielle et spectaculaire.\\n\\nQu\u2019est-ce qui a chang\u00e9 ?\\nUne mus\u00e9ographie mise \u00e0 jour\\n\\nLe nouveau Pavillon Tropical privil\u00e9gie une immersion multisensorielle. Vous devenez acteur de vos d\u00e9couvertes \u00e0 travers des dispositifs interactifs innovants.\\n\\nDes espaces repens\u00e9s\\n\\nUn nouveau parcours de visite exp\u00e9rientiel, fluide et intuitif\\nDes vitrages agrandis dont un impressionnant panorama courbe de 28 m\u00b2\\nDes perspectives in\u00e9dites avec l\u2019ajout de passerelles et points de vue plongeants\\nUne sc\u00e9nographie immersive m\u00ealant projections, ambiances sonores et dispositifs tactiles\\nDes collections enrichies\\n\\nLe pavillon accueille d\u00e9sormais des pi\u00e8ces exceptionnelles comme une m\u00e2choire de m\u00e9galodon reconstitu\u00e9e de 2,85 m\u00e8tres, t\u00e9moignage spectaculaire de l\u2019\u00e9volution des requins \u00e0 travers les \u00e2ges.\\n\\nUne approche p\u00e9dagogique renouvel\u00e9e\\n\\nL\u2019esprit de collection des mus\u00e9ums se conjugue avec l\u2019exploration sensorielle pour offrir plusieurs niveaux de lecture, adapt\u00e9s \u00e0 tous les publics et toutes les fa\u00e7ons d\u2019apprendre.\\n\\nLes 4 nouveaut\u00e9s du pavillon tropical :\\n\\n- Les odyss\u00e9es du Pacifique\\nL\u2019oc\u00e9an Pacifique est un espace de migration oc\u00e9anique depuis toujours r\u00e9gi par les courants et les astres. Au cours d\u2019un spectacle multim\u00e9dia immersif et po\u00e9tique, contemplez la dispersion des \u0153ufs et des larves du r\u00e9cif. Ce spectacle onirique, situ\u00e9 en d\u00e9but de parcours \u00e9chappe au strict domaine scientifique pour vous faire r\u00eaver et vous embarquer \u00e0 la d\u00e9couverte de la biodiversit\u00e9 marine tropicale.\\n\\n- Le lagon\\n\u00c0 la suite du spectacle immersif, d\u00e9couvrez le lagon, une alc\u00f4ve r\u00e9cifale.\\nLe lagon, un environnement tr\u00e8s peu profond, baign\u00e9 de lumi\u00e8re, abrite des coraux qui vivent en symbiose avec des algues zooxanthelles qui leurs fournissent une large proportion de leur alimentation via la photosynth\u00e8se.\\nDans ce bassin, observable par au dessus, vous pourrez admirer :\\n\\n- Des coraux\\nPlusieurs dizaines de b\u00e9nitiers. Ces mollusques bivalves g\u00e9ants sont spectaculaires en raison de leur taille et de leurs manteaux aux couleurs chatoyantes.\\nDes poissons tropicaux\\nCet espace s\u2019accompagnera d\u2019un conte sonore \u00e9crit par David Wahl, artiste associ\u00e9 \u00e0 Oc\u00e9anopolis, au sujet du myst\u00e9rieux ver Palolo et de sa relation ancestrale avec les peuples du Pacifique.\\n\\n- La vie en banc\\nUn tout nouveau bassin cylindrique de 3 m\u00e8tres de diam\u00e8tre pour autant de hauteur, vous offrira une vue spectaculaire de la vie en banc, sur les fonds sableux, au pied de la barri\u00e8re de corail. Vous y retrouverez plusieurs esp\u00e8ces, rarement pr\u00e9sent\u00e9es en aquarium :\\n\\nUne colonie de plus de 200 anguilles jardini\u00e8res (Heteroconger hassi)\\nDes bancs de poissons-rasoirs (Aeoliscus strigatus)\\nDes coraux de couleurs vives (Tubastrea spp.) et des colonies de corail noir (Cirrhipathes spiralis)\\nUn banc de plusieurs centaines d\u2019anthias (Luzonichthys waitei)\\nCe nouvel aquarium, \u00e0 la lumi\u00e8re beaucoup plus tamis\u00e9, donne un aper\u00e7u de la richesse des r\u00e9cifs profonds m\u00e9sophotiques. Ces environnements, situ\u00e9s \u00e0 40 m\u00e8tres et jusqu\u2019\u00e0 200 m\u00e8tres de profondeurs, sont longtemps rest\u00e9s m\u00e9connus de la communaut\u00e9 scientifique.\\n\\n- Le carbet scientifique\\nSitu\u00e9 en derni\u00e8re partie du parcours de visite, au c\u0153ur de la serre tropicale d\u2019Oc\u00e9anopolis, un tout nouveau dispositif vous permettra de d\u00e9couvrir les conditions de vie des scientifiques lors de leurs missions de terrain : le carbet scientifique.\\n\\nAbri collectif en bois, ouvert ou semi-ouvert, largement r\u00e9pandu en Guyane et dans l\u2019ensemble de la Cara\u00efbe, cette structure traditionnelle am\u00e9rindienne a inspir\u00e9 le CNRS pour l\u2019implantation d\u2019une vaste station de recherche en Guyane, au c\u0153ur de la R\u00e9serve naturelle des Nouragues.\\n\\nLe carbet scientifique d\u2019Oc\u00e9anopolis transpose cette ambiance : charpente en bois apparente, toiture haute, espace ouvert sur une v\u00e9g\u00e9tation dense, humidit\u00e9 fluctuante entre 80 et 100 %, temp\u00e9rature autour de 25 \u00b0C et lumi\u00e8re filtr\u00e9e par l\u2019\u00e9paisseur du couvert v\u00e9g\u00e9tal.\\n\\n\u00c0 l\u2019int\u00e9rieur du carbet, vous d\u00e9couvrirez :\\n\\nUne fresque monumentale de plus de 5 m\u00e8tres de hauteur et 4 m\u00e8tres de largeur pr\u00e9sentant les esp\u00e8ces v\u00e9g\u00e9tales qui s\u2019\u00e9tagent dans la for\u00eat guyanaise\\nDix vitrines pr\u00e9sentant des maquettes de graines r\u00e9alis\u00e9es en cire par le plasticien Louis de Torhout\\nCes \u0153uvres mettent en lumi\u00e8re les multiples modes de reproduction et de dispersion des plantes, ainsi que les alliances subtiles entre v\u00e9g\u00e9tal, animaux et \u00e9v\u00e8nements naturels (vent, eau, gravit\u00e9, humidit\u00e9) n\u00e9cessaires \u00e0 leur survie dans cet environnement comp\u00e9titif.\\n\\n Th\u00e9matiques actualis\u00e9es :\\nSi les grandes th\u00e9matiques (coraux, requins, biodiversit\u00e9 tropicale) demeurent, leur traitement \u00e9volue pour int\u00e9grer :\\n\\nLes derni\u00e8res d\u00e9couvertes sur les r\u00e9cifs m\u00e9sophotiques\\nLes enjeux du changement climatique sur les \u00e9cosyst\u00e8mes coralliens\\nLe r\u00f4le crucial des requins dans l\u2019\u00e9quilibre des oc\u00e9ans\\nLes connexions entre \u00e9cosyst\u00e8mes terrestres et marins\",\"url\":\"https:\/\/www.oceanopolis.com\/reouverture-du-pavillon-tropical-oceanopolis\/\",\"geo\":{\"@type\":\"GeoCoordinates\",\"latitude\":48.38997,\"longitude\":-4.4361},\"additionalProperty\":[{\"@type\":\"PropertyValue\",\"name\":\"Titre\",\"value\":\"R\u00e9ouverture du pavillon Tropical\"},{\"@type\":\"PropertyValue\",\"name\":\"Cat\u00e9gorie\",\"value\":\"En famille\"},{\"@type\":\"PropertyValue\",\"name\":\"Ville\",\"value\":\"Brest\"},{\"@type\":\"PropertyValue\",\"name\":\"Code postal\",\"value\":\"29200\"}]}},{\"@type\":\"ListItem\",\"position\":223,\"item\":{\"@type\":\"Thing\",\"name\":\"Randonn\u00e9e bien-\u00eatre  sur le GR 34 vers le phare du petit minou\",\"description\":\"Randonnez \u00e0 la journ\u00e9e avec Terre d'\u00e9cume pour rallier l\u2019un des phares de l\u2019Iroise.\\n\\nLes randonn\u00e9es bien-\u00eatre sont des moments de d\u00e9tente pour allier bien-\u00eatre, sport en douceur et d\u00e9couverte du patrimoine local, afin de se reconnecter pleinement \u00e0 soi-m\u00eame et \u00e0 la nature. On randonne avec des moments de relaxation et de m\u00e9ditation. On utilise l\u2019\u00e9coute des chants d\u2019oiseaux pour se reconnecter \u00e0 la nature. On g\u00e8re sa respiration et son effort avec la \u201cmarche afghane\u201d.\\nC'est l'occasion de d\u00e9couvrir le littoral autrement.\\n\\nAu programme de la journ\u00e9e : Randonn\u00e9e \u2013 Marche afghane (respiration) \u2013 Ornithologie \u2013 M\u00e9ditation et relaxation \u2013 Stretching\/\u00c9tirements - D\u00e9couverte des phares\\n\\nNiveau de difficult\u00e9 adapt\u00e9 \u00e0 vos besoins et envies.\\n\\nInformations pratiques : \\n\\nLes mercredis d\u00e8s 9h  (journ\u00e9e compl\u00e8te)\\nNombre de places limit\u00e9 \u00e0 15 personnes\/journ\u00e9e.\\n\u00c0 partir de 16 ans.\\nSur demande aupr\u00e8s de Terre d'Ecume\\n Des options sur plusieurs jours et des s\u00e9jours randonn\u00e9es bien-\u00eatre sont disponibles sur : https:\/\/terredecume.fr\/sejours\/\\nD'autres randonn\u00e9es sont disponibles pendant la semaine sur le GR34 (De Ste Anne du Portzic \u00e0 Porspoder). \\nPlus d'infos sur terredecume.fr\\nCartes cadeaux disponibles.\",\"url\":\"https:\/\/terredecume.fr\/\",\"geo\":{\"@type\":\"GeoCoordinates\",\"latitude\":48.35619,\"longitude\":-4.67838},\"additionalProperty\":[{\"@type\":\"PropertyValue\",\"name\":\"Titre\",\"value\":\"Randonn\u00e9e bien-\u00eatre  sur le GR 34 vers le phare du petit minou\"},{\"@type\":\"PropertyValue\",\"name\":\"Cat\u00e9gorie\",\"value\":\"Sport & randonn\u00e9e\"},{\"@type\":\"PropertyValue\",\"name\":\"Ville\",\"value\":\"Plouzan\u00e9\"},{\"@type\":\"PropertyValue\",\"name\":\"Code postal\",\"value\":\"29280\"}]}},{\"@type\":\"ListItem\",\"position\":224,\"item\":{\"@type\":\"Thing\",\"name\":\"Pardon & b\u00e9n\u00e9diction de la mer\",\"description\":\"Retrouvez durant trois jours man\u00e8ges et autres attractions foraines place Charles de Gaulle. \\n\\nDimanche 6 septembre : \\nPardon & b\u00e9n\u00e9diction de la mer.\\nSuivie d'une parade de bateaux par la SNSM.\",\"geo\":{\"@type\":\"GeoCoordinates\",\"latitude\":48.27993,\"longitude\":-4.59221},\"additionalProperty\":[{\"@type\":\"PropertyValue\",\"name\":\"Titre\",\"value\":\"Pardon & b\u00e9n\u00e9diction de la mer\"},{\"@type\":\"PropertyValue\",\"name\":\"Cat\u00e9gorie\",\"value\":\"Autres \u00e9v\u00e9nements\"},{\"@type\":\"PropertyValue\",\"name\":\"Ville\",\"value\":\"Camaret-sur-Mer\"},{\"@type\":\"PropertyValue\",\"name\":\"Code postal\",\"value\":\"29570\"}]}},{\"@type\":\"ListItem\",\"position\":225,\"item\":{\"@type\":\"Thing\",\"name\":\"Rando-V\u00e9lo - Balade \u00e0 v\u00e9lo \u00e9lectrique de la Pointe du Van \u00e0 la Pointe du Raz\",\"description\":\"D\u00e9couverte \u00e0 v\u00e9lo \u00e9lectrique d\u2019un territoire maritime sauvage pour comprendre et ressentir comment les paysages ont fa\u00e7onn\u00e9 l\u2019histoire et la vie des habitants du Cap Sizun. Plusieurs haltes rythment le parcours : moulins \u00e0 vent, chapelle tourn\u00e9e vers la mer et l\u2019\u00cele de Sein, fermes et maisons de p\u00eacheurs, maison de gardien de phare, port-abri et plage. Le circuit s\u2019ach\u00e8ve \u00e0 la Pointe du Raz, avec un temps d\u00e9di\u00e9 \u00e0 son histoire et \u00e0 une connexion sensible \u00e0 la puissance \u00e9nerg\u00e9tique de la mer d\u2019Iroise.\\n\\nRendez-Vous le lundi \u00e0 13h30 et le mardi \u00e0 11h sur le parking de la Pointe du Van, au niveau des racks \u00e0 v\u00e9lo. Parcours de 9km - temps de visite 3h00 - Retour en autonomie. Pr\u00e9voir un pique pour la sortie du mardi. \\n\\nR\u00e9servation obligatoire.\\n\\nGroupe 8 personnes maximum. \\nLe tarif ne comprend pas la location du v\u00e9lo \u00e9lectrique et le casque (obligatoire). Liste des loueurs de v\u00e9los \u00e9lectrique disponible \u00e0 l'Office de Tourisme. En cas d'utilisation d'un v\u00e9lo personnel, veillez \u00e0 vous assurer qu'il soit pr\u00eat \u00e0 rouler : pneus gonfl\u00e9s, freins et feux de route fonctionnel.\\n\\nR\u00e9servation possible \u00e0 l'Office de Tourisme \u00e0 Audierne ainsi que par t\u00e9l\u00e9phone.\",\"url\":\"http:\/\/virginie-guezennec.fr\/\",\"geo\":{\"@type\":\"GeoCoordinates\",\"latitude\":48.064635,\"longitude\":-4.713811},\"additionalProperty\":[{\"@type\":\"PropertyValue\",\"name\":\"Titre\",\"value\":\"Rando-V\u00e9lo - Balade \u00e0 v\u00e9lo \u00e9lectrique de la Pointe du Van \u00e0 la Pointe du Raz\"},{\"@type\":\"PropertyValue\",\"name\":\"Cat\u00e9gorie\",\"value\":\"Sport & randonn\u00e9e\"},{\"@type\":\"PropertyValue\",\"name\":\"Ville\",\"value\":\"Cl\u00e9den-Cap-Sizun\"},{\"@type\":\"PropertyValue\",\"name\":\"Code postal\",\"value\":\"29770\"}]}},{\"@type\":\"ListItem\",\"position\":226,\"item\":{\"@type\":\"Thing\",\"name\":\"Fen\u00eatres Ouvertes #7 - Festival itin\u00e9rant interquartiers\",\"description\":\"Soir\u00e9es artistiques et festives dans les quartiers populaires de Brest les vendredis soirs: \\nTout au long de l\u2019\u00e9t\u00e9, le festival itin\u00e9rant inter-quartiers se d\u00e9ploie avec des soir\u00e9es artistiques et festives ouvertes \u00e0 tous. \\n\\nAu programme : \\nvendredi 26 juin   - Lamb\u00e9zellec (Brest)\\nvendredi 3 juillet  - Bellevue (Brest)\\nvendredi 10 juillet   - Queliverzan (Brest)\\nvendredi 17 juillet   - Kerbernard (Brest)\\nvendredi 24 juillet  - Keredern (Brest)\\nvendredi 28 ao\u00fbt  - Valy Hir (Brest)\\nvendredi 4 septembre - Pontanezen (Brest)\\nvendredi 11 septembre  - Kerangoff (Brest)\\n\\nSpectacle ou concert, sc\u00e8ne ouverte, repas et cr\u00e9ations partag\u00e9es s\u2019entrem\u00ealent pour allier d\u00e9couverte et convivialit\u00e9.\\nTout public.  Gratuit.\\n\\nPour tout compl\u00e9ment d'information contacter le 06 65 71 61 09.\",\"url\":\"https:\/\/www.theatredugrain.com\/FENETRES-OUVERTES-7-2026.html\",\"geo\":{\"@type\":\"GeoCoordinates\",\"latitude\":48.381201,\"longitude\":-4.509831},\"additionalProperty\":[{\"@type\":\"PropertyValue\",\"name\":\"Titre\",\"value\":\"Fen\u00eatres Ouvertes #7 - Festival itin\u00e9rant interquartiers\"},{\"@type\":\"PropertyValue\",\"name\":\"Cat\u00e9gorie\",\"value\":\"En famille\"},{\"@type\":\"PropertyValue\",\"name\":\"Ville\",\"value\":\"Brest\"},{\"@type\":\"PropertyValue\",\"name\":\"Code postal\",\"value\":\"29200\"}]}},{\"@type\":\"ListItem\",\"position\":227,\"item\":{\"@type\":\"Thing\",\"name\":\"March\u00e9 saisonnier\",\"description\":\"Tous les dimanches :\\nMarch\u00e9 - Tous produits\",\"geo\":{\"@type\":\"GeoCoordinates\",\"latitude\":48.1253469,\"longitude\":-4.2199348},\"additionalProperty\":[{\"@type\":\"PropertyValue\",\"name\":\"Titre\",\"value\":\"March\u00e9 saisonnier\"},{\"@type\":\"PropertyValue\",\"name\":\"Cat\u00e9gorie\",\"value\":\"March\u00e9s & foires\"},{\"@type\":\"PropertyValue\",\"name\":\"Ville\",\"value\":\"Plon\u00e9vez-Porzay\"},{\"@type\":\"PropertyValue\",\"name\":\"Code postal\",\"value\":\"29550\"}]}},{\"@type\":\"ListItem\",\"position\":228,\"item\":{\"@type\":\"Thing\",\"name\":\"Ouverture de l'\u00e9glise Notre-Dame du Juch\",\"description\":\"Toute l\u2019ann\u00e9e, tous les jours de 10h \u00e0 17h. Sur rendez-vous : visite guid\u00e9e possible.\",\"geo\":{\"@type\":\"GeoCoordinates\",\"latitude\":48.0663827,\"longitude\":-4.2557126},\"additionalProperty\":[{\"@type\":\"PropertyValue\",\"name\":\"Titre\",\"value\":\"Ouverture de l'\u00e9glise Notre-Dame du Juch\"},{\"@type\":\"PropertyValue\",\"name\":\"Cat\u00e9gorie\",\"value\":\"Autres \u00e9v\u00e9nements\"},{\"@type\":\"PropertyValue\",\"name\":\"Ville\",\"value\":\"Le Juch\"},{\"@type\":\"PropertyValue\",\"name\":\"Code postal\",\"value\":\"29100\"}]}},{\"@type\":\"ListItem\",\"position\":229,\"item\":{\"@type\":\"Thing\",\"name\":\"Visite guid\u00e9e \u00ab\u00a0Les rendez-vous de la Pointe\u00a0\u00bb\",\"description\":\"Comprendre un paysage d\u2019exception, en famille.\\n\\nCette visite guid\u00e9e invite petits et grands \u00e0 d\u00e9couvrir les paysages spectaculaires de la Pointe du Raz et \u00e0 comprendre ce qui fait la singularit\u00e9 de ce site embl\u00e9matique du Finist\u00e8re. Au fil du parcours, le guide d\u00e9crypte la formation des falaises, l\u2019influence des vents et des courants, ainsi que l\u2019histoire humaine intimement li\u00e9e \u00e0 ce bout du monde. Anecdotes, observations et \u00e9changes rythment la visite, pens\u00e9e pour \u00eatre accessible et ludique. Une formule id\u00e9ale pour une premi\u00e8re approche du site, \u00e0 partager en famille, entre terre et mer.\\n\\nD\u00e9part du s\u00e9maphore (\u00e0 800 m du parking) - Dur\u00e9e 1h\",\"url\":\"https:\/\/www.toutcommenceenfinistere.com\/pointe-du-raz\/preparer-sa-visite\/\",\"geo\":{\"@type\":\"GeoCoordinates\",\"latitude\":48.040859,\"longitude\":-4.670977},\"additionalProperty\":[{\"@type\":\"PropertyValue\",\"name\":\"Titre\",\"value\":\"Visite guid\u00e9e \u00ab\u00a0Les rendez-vous de la Pointe\u00a0\u00bb\"},{\"@type\":\"PropertyValue\",\"name\":\"Cat\u00e9gorie\",\"value\":\"Sport & randonn\u00e9e\"},{\"@type\":\"PropertyValue\",\"name\":\"Ville\",\"value\":\"Plogoff\"},{\"@type\":\"PropertyValue\",\"name\":\"Code postal\",\"value\":\"29770\"}]}},{\"@type\":\"ListItem\",\"position\":230,\"item\":{\"@type\":\"Thing\",\"name\":\"Randonn\u00e9e bien-\u00eatre : 1 \u00e0 3 jours - Le mercredi, vers le Petit Minou\",\"description\":\"Randonnez \u00e0 la journ\u00e9e avec Terre d'\u00e9cume, du mercredi au vendredi, pour rallier l\u2019un des phares de l\u2019Iroise.\\nProgramme du mercredi :  vers le phare du Petit Minou \u2013 Lieu : Porsmilin\\n\\nChoisissez de participer 1, 2 ou 3 jours, selon vos envies et disponibilit\u00e9s : les stages sont modulables !\\nJeudi 9 h \u2013 Vers le phare de Saint-Mathieu \\nVendredi 9 h \u2013 Vers le phare de Kermorvan\\n\\nLes randonn\u00e9es bien-\u00eatre sont des moments de d\u00e9tente pour allier bien-\u00eatre, sport en douceur et d\u00e9couverte du patrimoine local, afin de se reconnecter pleinement \u00e0 soi-m\u00eame et \u00e0 la nature. On randonne avec des moments de relaxation et de m\u00e9ditation. On utilise l\u2019\u00e9coute des chants d\u2019oiseaux pour se reconnecter \u00e0 la nature. On g\u00e8re sa respiration et son effort avec la \u201cmarche afghane\\\".\\n\\nAu programme : Randonn\u00e9es \u2013 Marche afghane \u2013 Ornithologie \u2013 M\u00e9ditation et relaxation \u2013 Stretching\/\u00c9tirements - D\u00e9couverte des phares\\n\\nNiveau de difficult\u00e9 adapt\u00e9 \u00e0 vos besoins et envies.\\n\\nR\u00e9servation en ligne sur terredecume.fr\\nAvec ou sans h\u00e9bergements : plus d'infos sur le site.\\nNombre de places limit\u00e9 \u00e0 15 personnes\/stage.\\n\u00c0 partir de 16 ans.\",\"url\":\"https:\/\/terredecume.fr\/\",\"geo\":{\"@type\":\"GeoCoordinates\",\"latitude\":48.3377566,\"longitude\":-4.6143471},\"additionalProperty\":[{\"@type\":\"PropertyValue\",\"name\":\"Titre\",\"value\":\"Randonn\u00e9e bien-\u00eatre : 1 \u00e0 3 jours - Le mercredi, vers le Petit Minou\"},{\"@type\":\"PropertyValue\",\"name\":\"Cat\u00e9gorie\",\"value\":\"Sport & randonn\u00e9e\"},{\"@type\":\"PropertyValue\",\"name\":\"Ville\",\"value\":\"Locmaria-Plouzan\u00e9\"},{\"@type\":\"PropertyValue\",\"name\":\"Code postal\",\"value\":\"29280\"}]}},{\"@type\":\"ListItem\",\"position\":231,\"item\":{\"@type\":\"Thing\",\"name\":\"Stage Moussaillon 4-7 ans \u00e0 Moulin Mer\",\"description\":\"Destin\u00e9s aux plus jeunes, nos stages Moussaillons offrent une premi\u00e8re d\u00e9couverte ludique et s\u00e9curis\u00e9e du milieu marin et des sports nautiques. \\n\\nPour public jeune enfant : se familiariser avec le monde maritime, sensibilisation au nautisme par le jeu et d\u00e9couverte du milieu marin.\\nCes stages sont con\u00e7us pour donner le go\u00fbt de la voile et \u00e9veiller la curiosit\u00e9 des petits marins en herbe.\\nDe vraies aventures sur l'eau, dans l'eau, sur la gr\u00e8ve.\\n\\nStages du matin 9h30-12h ou stages d'apr\u00e8s-midi 14h-16h30.\",\"url\":\"https:\/\/www.moulinmer.com\/\",\"geo\":{\"@type\":\"GeoCoordinates\",\"latitude\":48.31832,\"longitude\":-4.28392},\"additionalProperty\":[{\"@type\":\"PropertyValue\",\"name\":\"Titre\",\"value\":\"Stage Moussaillon 4-7 ans \u00e0 Moulin Mer\"},{\"@type\":\"PropertyValue\",\"name\":\"Cat\u00e9gorie\",\"value\":\"En famille\"},{\"@type\":\"PropertyValue\",\"name\":\"Ville\",\"value\":\"Logonna-Daoulas\"},{\"@type\":\"PropertyValue\",\"name\":\"Code postal\",\"value\":\"29460\"}]}},{\"@type\":\"ListItem\",\"position\":232,\"item\":{\"@type\":\"Thing\",\"name\":\"Exposition : DRAW -  La communaut\u00e9 de ceux qui n'ont rien en commun\",\"description\":\"La s\u00e9rie d\u2019expositions  a vu le jour sous la forme d\u2019une  invitation. Une invitation lanc\u00e9e  par l\u2019artiste, cr\u00e9ateur, \u00e9ducateur et militant Tomas Vu \u00e0 ses pairs ; d\u2019une communaut\u00e9 artistique d\u2019une ville \u00e0 celle d\u2019une autre ; des inqui\u00e9tudes politiques d\u2019une nation \u00e0 celles d\u2019autres nations. C\u2019est l\u2019occasion de r\u00e9fl\u00e9chir au caract\u00e8re \u00e9ph\u00e9m\u00e8re et \u00e0 l\u2019urgence du dessin en tant que m\u00e9dium, ainsi qu\u2019une chance d\u2019appr\u00e9hender le moment contemporain dans  toute sa complexit\u00e9.\",\"url\":\"https:\/\/www.cac-passerelle.com\/\",\"geo\":{\"@type\":\"GeoCoordinates\",\"latitude\":48.3884131,\"longitude\":-4.4850075},\"additionalProperty\":[{\"@type\":\"PropertyValue\",\"name\":\"Titre\",\"value\":\"Exposition : DRAW -  La communaut\u00e9 de ceux qui n'ont rien en commun\"},{\"@type\":\"PropertyValue\",\"name\":\"Cat\u00e9gorie\",\"value\":\"Expositions\"},{\"@type\":\"PropertyValue\",\"name\":\"Ville\",\"value\":\"Brest\"},{\"@type\":\"PropertyValue\",\"name\":\"Code postal\",\"value\":\"29200\"}]}},{\"@type\":\"ListItem\",\"position\":233,\"item\":{\"@type\":\"Thing\",\"name\":\"Visite guid\u00e9e de l'\u00eele Tristan\",\"description\":\"Situ\u00e9e \u00e0 quelques encablures de Douarnenez, l'\u00eele Tristan, site naturel prot\u00e9g\u00e9 est la propri\u00e9t\u00e9 du Conservatoire du Littoral. Marchez sur les pas du c\u00e9l\u00e8bre brigand de La Fontenelle, de Tristan et Yseult et des nombreux artistes qui ont fr\u00e9quent\u00e9 l'\u00eele au d\u00e9but 20\u00e8me si\u00e8cle. Inscription obligatoire \u00e0 l'Office de Tourisme du Pays de Douarnenez ou sur le site internet. Chiens non admis. Les conditions m\u00e9t\u00e9orologiques et la houle peuvent nous contraindre \u00e0 annuler la visite.\",\"url\":\"http:\/\/www.douarnenez-tourisme.com\/\",\"geo\":{\"@type\":\"GeoCoordinates\",\"latitude\":48.0972725,\"longitude\":-4.3354308},\"additionalProperty\":[{\"@type\":\"PropertyValue\",\"name\":\"Titre\",\"value\":\"Visite guid\u00e9e de l'\u00eele Tristan\"},{\"@type\":\"PropertyValue\",\"name\":\"Cat\u00e9gorie\",\"value\":\"Sport & randonn\u00e9e\"},{\"@type\":\"PropertyValue\",\"name\":\"Ville\",\"value\":\"Douarnenez\"},{\"@type\":\"PropertyValue\",\"name\":\"Code postal\",\"value\":\"29100\"}]}},{\"@type\":\"ListItem\",\"position\":234,\"item\":{\"@type\":\"Thing\",\"name\":\"Visite guid\u00e9e de l'\u00eele Tristan\",\"description\":\"Situ\u00e9e \u00e0 quelques encablures de Douarnenez, l'\u00eele Tristan, site naturel prot\u00e9g\u00e9 est la propri\u00e9t\u00e9 du Conservatoire du Littoral. Marchez sur les pas du c\u00e9l\u00e8bre brigand de La Fontenelle, de Tristan et Yseult et des nombreux artistes qui ont fr\u00e9quent\u00e9 l'\u00eele au d\u00e9but 20\u00e8me si\u00e8cle. Inscription obligatoire \u00e0 l'Office de Tourisme du Pays de Douarnenez ou sur le site internet. Chiens non admis. Les conditions m\u00e9t\u00e9orologiques et la houle peuvent nous contraindre \u00e0 annuler la visite.\",\"url\":\"http:\/\/www.douarnenez-tourisme.com\/\",\"geo\":{\"@type\":\"GeoCoordinates\",\"latitude\":48.0972725,\"longitude\":-4.3354308},\"additionalProperty\":[{\"@type\":\"PropertyValue\",\"name\":\"Titre\",\"value\":\"Visite guid\u00e9e de l'\u00eele Tristan\"},{\"@type\":\"PropertyValue\",\"name\":\"Cat\u00e9gorie\",\"value\":\"Sport & randonn\u00e9e\"},{\"@type\":\"PropertyValue\",\"name\":\"Ville\",\"value\":\"Douarnenez\"},{\"@type\":\"PropertyValue\",\"name\":\"Code postal\",\"value\":\"29100\"}]}},{\"@type\":\"ListItem\",\"position\":235,\"item\":{\"@type\":\"Thing\",\"name\":\"F\u00eate du Cheval et de la Forge\",\"description\":\"Au programme : d\u00e9fil\u00e9, repas, d\u00e9monstrations avec les chevaux, animations...\\n\\nSamedi 12 \u00e0 14h : arrachage et vente de pommes de terre\\n\\nDimanche 14 : d\u00e9fil\u00e9 \u00e0 11h\\nRepas \u00e0 midi\\nA partir de 14h  : spectacles \u00e9questres \\n17h : concert de clarisse l'avenant \u00e0  l'\u00e9glise de confort\",\"geo\":{\"@type\":\"GeoCoordinates\",\"latitude\":48.0507898,\"longitude\":-4.4280268},\"additionalProperty\":[{\"@type\":\"PropertyValue\",\"name\":\"Titre\",\"value\":\"F\u00eate du Cheval et de la Forge\"},{\"@type\":\"PropertyValue\",\"name\":\"Cat\u00e9gorie\",\"value\":\"Concerts, musique & festivals\"},{\"@type\":\"PropertyValue\",\"name\":\"Ville\",\"value\":\"Confort-Meilars\"},{\"@type\":\"PropertyValue\",\"name\":\"Code postal\",\"value\":\"29790\"}]}},{\"@type\":\"ListItem\",\"position\":236,\"item\":{\"@type\":\"Thing\",\"name\":\"Bains de For\u00eat\",\"description\":\"\u00c0 l\u2019\u00e9coute des arbres\\n\\nAu c\u0153ur du Bois de Suguensou, offrez-vous une parenth\u00e8se hors du temps pour ralentir et vous reconnecter \u00e0 vos sensations.\\nCette exp\u00e9rience guid\u00e9e invite \u00e0 explorer la rencontre avec les arbres de mani\u00e8re progressive : d\u2019abord \u00e0 distance, puis en s\u2019approchant doucement de leurs troncs. \u00c0 travers une \u00e9coute attentive du corps et une perception subtile du mouvement \u00e9nerg\u00e9tique, chacun est amen\u00e9 \u00e0 vivre un dialogue silencieux avec le vivant.\\nSurprenante au d\u00e9but, cette approche devient rapidement un moment profond d\u2019ancrage et de pr\u00e9sence, o\u00f9 l\u2019on passe du \u00ab faire \u00bb \u00e0 l\u2019\u00ab \u00eatre \u00bb.\\n\\nInformations particuli\u00e8res :\\n- Tout public \u00e0 partir de 11 ans\\n- Pr\u00e9voir une tenue adapt\u00e9e permettant d'aller hors des sentiers\\n\\nLes lundis matins \u00e0 9h.\\nR\u00e9servation possible aupr\u00e8s de l'Office de Tourisme d'Audierne ou par t\u00e9l\u00e9phone.\",\"url\":\"http:\/\/virginie-guezennec.fr\/\",\"geo\":{\"@type\":\"GeoCoordinates\",\"latitude\":48.035306,\"longitude\":-4.5400859},\"additionalProperty\":[{\"@type\":\"PropertyValue\",\"name\":\"Titre\",\"value\":\"Bains de For\u00eat\"},{\"@type\":\"PropertyValue\",\"name\":\"Cat\u00e9gorie\",\"value\":\"Sport & randonn\u00e9e\"},{\"@type\":\"PropertyValue\",\"name\":\"Ville\",\"value\":\"Audierne\"},{\"@type\":\"PropertyValue\",\"name\":\"Code postal\",\"value\":\"29770\"}]}},{\"@type\":\"ListItem\",\"position\":237,\"item\":{\"@type\":\"Thing\",\"name\":\"Atelier d'initiation au handtufting - confection d'un tapis laine\",\"description\":\"Le stage se fait en une journ\u00e9e, de 9h30 \u00e0 environ 17h, avec pause d\u00e9jeuner.  Merci de me contacter pour convenir d'une date qui vous convient.\\n\\nUne opportunit\u00e9 de d\u00e9couvrir la technique du handtufting, fabrication d'un petit tapis en pure laine de 40x40cm, dans une ambiance conviviale, avec la supervision d'une artiste en handtufting confirm\u00e9e, plus de 15 ans d'exp\u00e9rience, tout le mat\u00e9riel est fourni, vous repartez avec votre oeuvre, votre choix du design et un souvenir inoubliable.\",\"url\":\"http:\/\/www.rectangledor.com\/\",\"geo\":{\"@type\":\"GeoCoordinates\",\"latitude\":48.0177402,\"longitude\":-4.5304652},\"additionalProperty\":[{\"@type\":\"PropertyValue\",\"name\":\"Titre\",\"value\":\"Atelier d'initiation au handtufting - confection d'un tapis laine\"},{\"@type\":\"PropertyValue\",\"name\":\"Cat\u00e9gorie\",\"value\":\"Autres \u00e9v\u00e9nements\"},{\"@type\":\"PropertyValue\",\"name\":\"Ville\",\"value\":\"Plouhinec\"},{\"@type\":\"PropertyValue\",\"name\":\"Code postal\",\"value\":\"29780\"}]}},{\"@type\":\"ListItem\",\"position\":238,\"item\":{\"@type\":\"Thing\",\"name\":\"Visite de la pointe Saint-Mathieu\",\"description\":\"Dans un p\u00e9rim\u00e8tre ultra concentr\u00e9, la pointe Saint-Mathieu nous ouvre une fen\u00eatre sur la Bretagne, son histoire mouvement\u00e9e, sa vie maritime et ses l\u00e9gendes \u00e9ternelles. Cette visite vous fera entrevoir l'histoire cach\u00e9e derri\u00e8re la splendeur de ce bout du Monde.\",\"url\":\"http:\/\/ribine-experience.fr\/\",\"geo\":{\"@type\":\"GeoCoordinates\",\"latitude\":48.3308594,\"longitude\":-4.7705926},\"additionalProperty\":[{\"@type\":\"PropertyValue\",\"name\":\"Titre\",\"value\":\"Visite de la pointe Saint-Mathieu\"},{\"@type\":\"PropertyValue\",\"name\":\"Cat\u00e9gorie\",\"value\":\"Autres \u00e9v\u00e9nements\"},{\"@type\":\"PropertyValue\",\"name\":\"Ville\",\"value\":\"Plougonvelin\"},{\"@type\":\"PropertyValue\",\"name\":\"Code postal\",\"value\":\"29217\"}]}},{\"@type\":\"ListItem\",\"position\":239,\"item\":{\"@type\":\"Thing\",\"name\":\"Visite guid\u00e9e \u00ab\u00a0Les rendez-vous de la Pointe\u00a0\u00bb\",\"description\":\"Comprendre un paysage d\u2019exception, en famille.\\n\\nCette visite guid\u00e9e invite petits et grands \u00e0 d\u00e9couvrir les paysages spectaculaires de la Pointe du Raz et \u00e0 comprendre ce qui fait la singularit\u00e9 de ce site embl\u00e9matique du Finist\u00e8re. Au fil du parcours, le guide d\u00e9crypte la formation des falaises, l\u2019influence des vents et des courants, ainsi que l\u2019histoire humaine intimement li\u00e9e \u00e0 ce bout du monde. Anecdotes, observations et \u00e9changes rythment la visite, pens\u00e9e pour \u00eatre accessible et ludique. Une formule id\u00e9ale pour une premi\u00e8re approche du site, \u00e0 partager en famille, entre terre et mer.\\n\\nD\u00e9part du s\u00e9maphore (\u00e0 800 m du parking) - Dur\u00e9e 1h\",\"url\":\"https:\/\/www.toutcommenceenfinistere.com\/pointe-du-raz\/preparer-sa-visite\/\",\"geo\":{\"@type\":\"GeoCoordinates\",\"latitude\":48.040859,\"longitude\":-4.670977},\"additionalProperty\":[{\"@type\":\"PropertyValue\",\"name\":\"Titre\",\"value\":\"Visite guid\u00e9e \u00ab\u00a0Les rendez-vous de la Pointe\u00a0\u00bb\"},{\"@type\":\"PropertyValue\",\"name\":\"Cat\u00e9gorie\",\"value\":\"Sport & randonn\u00e9e\"},{\"@type\":\"PropertyValue\",\"name\":\"Ville\",\"value\":\"Plogoff\"},{\"@type\":\"PropertyValue\",\"name\":\"Code postal\",\"value\":\"29770\"}]}},{\"@type\":\"ListItem\",\"position\":240,\"item\":{\"@type\":\"Thing\",\"name\":\"PREVEL XTREM CHALLENGE\",\"description\":\"Course p\u00e9destre de trail : 3 boucles de 7 kms , qui peuvent se courir dans les 2 sens + 1 boucle surprise \ud83e\udee2 elles seront courues de mani\u00e8re al\u00e9atoire.\\n\\n \u2022 R\u00c8GLE DU JEU \ud83d\udccf les challengers devront enchainer 7 tours, les 10 derniers arriv\u00e9s \u00e0 chaque fin de boucle, sont \u00e9limin\u00e9s.\u274c\\n\\nLe gagnant de cette \u00e9preuve sera le premier finisher de la derni\u00e8re boucle.\",\"url\":\"https:\/\/www.rederien-cap-sizun.com\/\",\"geo\":{\"@type\":\"GeoCoordinates\",\"latitude\":48.02493,\"longitude\":-4.60945},\"additionalProperty\":[{\"@type\":\"PropertyValue\",\"name\":\"Titre\",\"value\":\"PREVEL XTREM CHALLENGE\"},{\"@type\":\"PropertyValue\",\"name\":\"Cat\u00e9gorie\",\"value\":\"Autres \u00e9v\u00e9nements\"},{\"@type\":\"PropertyValue\",\"name\":\"Ville\",\"value\":\"Primelin\"},{\"@type\":\"PropertyValue\",\"name\":\"Code postal\",\"value\":\"29770\"}]}},{\"@type\":\"ListItem\",\"position\":241,\"item\":{\"@type\":\"Thing\",\"name\":\"Concert en \u00e9glises et chapelles : Dremmwel et Klervi Rivi\u00e8re\",\"description\":\"Dremmwel et Klervi Rivi\u00e8re entra\u00eenent les spectateurs au coeur de la musique bretonne. Ils n\u2019ont jamais cess\u00e9 de promouvoir ce qu\u2019elle renferme de plus intime. Avec un m\u00e9lange unique d\u2019instruments et des assemblages artistiques originaux, Dremmwel et Klervi Rivi\u00e8re scrutent un m\u00eame horizon \u00e0 travers un choix document\u00e9 de chants et de musiques de veine traditionnelle ou de titres plus r\u00e9cemment compos\u00e9s.\",\"geo\":{\"@type\":\"GeoCoordinates\",\"latitude\":48.0583151,\"longitude\":-4.3353462},\"additionalProperty\":[{\"@type\":\"PropertyValue\",\"name\":\"Titre\",\"value\":\"Concert en \u00e9glises et chapelles : Dremmwel et Klervi Rivi\u00e8re\"},{\"@type\":\"PropertyValue\",\"name\":\"Cat\u00e9gorie\",\"value\":\"Concerts, musique & festivals\"},{\"@type\":\"PropertyValue\",\"name\":\"Ville\",\"value\":\"Douarnenez\"},{\"@type\":\"PropertyValue\",\"name\":\"Code postal\",\"value\":\"29100\"}]}},{\"@type\":\"ListItem\",\"position\":242,\"item\":{\"@type\":\"Thing\",\"name\":\"Exposition \\\"Soyons SAGE, pensons nos paysages\\\"\",\"description\":\"L\u2019exposition \u00abSoyons SAGE, pensons nos paysages\u00bb a pour objectif de mettre en lumi\u00e8re la nature ordinaire des bassins versants de l\u2019Ouest-Cornouaille et de sensibiliser le public aux services rendus par les \u00e9cosyst\u00e8mes aquatiques.\\n\\n\u00c0 travers une s\u00e9rie de 12 photographies immersives, OUESCO* questionne les liens que nous entretenons avec nos paysages ainsi que notre mani\u00e8re d\u2019habiter le territoire.\\n\\nEn \u00e9cho \u00e0 notre environnement proche et afin de soutenir une approche sensible des milieux naturels, l\u2019exposition est jalonn\u00e9e de QR codes invitant les visiteurs \u00e0 d\u00e9couvrir le \u00ab territoire d\u2019eau \u00bb en suivant des circuits de randonn\u00e9e.\\n\\n*Etablissement public en charge de la gestion durable et \u00e9quilibr\u00e9e de la ressource en eau et de la pr\u00e9servation des milieux aquatiques des bassins versants de l\u2019Ouest-Cornouaille.\\ncontact@ouesco.fr\\nT\u00e9l 02 98 59 46 86\",\"geo\":{\"@type\":\"GeoCoordinates\",\"latitude\":48.039,\"longitude\":-4.48929},\"additionalProperty\":[{\"@type\":\"PropertyValue\",\"name\":\"Titre\",\"value\":\"Exposition \\\"Soyons SAGE, pensons nos paysages\\\"\"},{\"@type\":\"PropertyValue\",\"name\":\"Cat\u00e9gorie\",\"value\":\"Expositions\"},{\"@type\":\"PropertyValue\",\"name\":\"Ville\",\"value\":\"Pont-Croix\"},{\"@type\":\"PropertyValue\",\"name\":\"Code postal\",\"value\":\"29790\"}]}},{\"@type\":\"ListItem\",\"position\":243,\"item\":{\"@type\":\"Thing\",\"name\":\"Randos v\u00e9lo ou marche de la POINTE DU RAZ LADIES CLASSIC\",\"description\":\"Roulez sur le parcours des f\u00e9minines pros et pour la bonne cause !\\n\\nVenez nombreux \u00e0 la Pointe du Finist\u00e8re, ce samedi 5 septembre, dans le Cap Sizun et au d\u00e9part de Plouhinec. \\n\\nNous vous proposons de filer \u00e0 votre rythme sur les plus belles routes du Cap et de la Pointe du Raz ou d'arpenter les chemins de traverse m\u00e9connus. \\n \\nUne partie de votre inscription sera revers\u00e9e \u00e0 l'association Kemper Institut du Sein (KIS) qui lutte contre le cancer du sein. N'h\u00e9sitez pas, en fin d'inscription, \u00e0 soutenir cette association par votre don.\\n \\n- 2 randos v\u00e9lo : 55 ou 85 kms. La rando 85 kms reprend l'essentiel du parcours des pros (chemins compris)\\n- 2 randos p\u00e9destres : 7,5 ou 12 kms sur les chemins de Plouhinec. \\n \\nRando + course, le parfait combo !\\nLes randonn\u00e9es sont programm\u00e9es en ouverture de la comp\u00e9tition internationale f\u00e9minine Tout commence en Finist\u00e8re Ladies Classic (UCI 1.1).\\nApr\u00e8s votre rando et un bon repas sur Plouhinec ou Audierne, vous pourrez suivre la course des femmes et assister \u00e0 l'arriv\u00e9e sur le circuit final de Plouhinec.\\nLa course sera aussi diffus\u00e9e en live sur les r\u00e9seaux sociaux (Facebook, YouTube) et sur la plateforme France TV.\\n\\nNe boudez pas votre plaisir, venez dans le Cap Sizun, partageons ensemble cette belle f\u00eate du v\u00e9lo et du sport pour tous : d\u00e9paysement et plaisir garantis !\",\"url\":\"https:\/\/pointeduraz-ladiesclassic.bzh\/\",\"geo\":{\"@type\":\"GeoCoordinates\",\"latitude\":48.0159937,\"longitude\":-4.4903103},\"additionalProperty\":[{\"@type\":\"PropertyValue\",\"name\":\"Titre\",\"value\":\"Randos v\u00e9lo ou marche de la POINTE DU RAZ LADIES CLASSIC\"},{\"@type\":\"PropertyValue\",\"name\":\"Cat\u00e9gorie\",\"value\":\"Sport & randonn\u00e9e\"},{\"@type\":\"PropertyValue\",\"name\":\"Ville\",\"value\":\"Plouhinec\"},{\"@type\":\"PropertyValue\",\"name\":\"Code postal\",\"value\":\"29780\"}]}},{\"@type\":\"ListItem\",\"position\":244,\"item\":{\"@type\":\"Thing\",\"name\":\"S\u00e9ance de Yoga\",\"description\":\"S\u00e9ances de hatha Yoga les lundis \u00e0 10h et 18h30, mardis 19h30, jeudi 12h30.\\nSur inscription.\\nS\u00e9ances accessibles aux d\u00e9butants.\\nTravail du souffle, renforcement du dos.\",\"url\":\"https:\/\/nirodha-yoga.fr\/\",\"geo\":{\"@type\":\"GeoCoordinates\",\"latitude\":48.0565349,\"longitude\":-4.507816},\"additionalProperty\":[{\"@type\":\"PropertyValue\",\"name\":\"Titre\",\"value\":\"S\u00e9ance de Yoga\"},{\"@type\":\"PropertyValue\",\"name\":\"Cat\u00e9gorie\",\"value\":\"Autres \u00e9v\u00e9nements\"},{\"@type\":\"PropertyValue\",\"name\":\"Ville\",\"value\":\"Beuzec-Cap-Sizun\"},{\"@type\":\"PropertyValue\",\"name\":\"Code postal\",\"value\":\"29790\"}]}},{\"@type\":\"ListItem\",\"position\":245,\"item\":{\"@type\":\"Thing\",\"name\":\"Stages de natation \u00e9t\u00e9 2026 \u00e0 la Tr\u00e9ziroise\",\"description\":\"Du 13\/07 au 28\/08, nous proposons des stages de natation \u00e0 la semaine (du lundi au vendredi : 1 cours de 45 minutes \/ jour).\\nD\u00e8s 4 ans.\",\"geo\":{\"@type\":\"GeoCoordinates\",\"latitude\":48.3416929,\"longitude\":-4.718374},\"additionalProperty\":[{\"@type\":\"PropertyValue\",\"name\":\"Titre\",\"value\":\"Stages de natation \u00e9t\u00e9 2026 \u00e0 la Tr\u00e9ziroise\"},{\"@type\":\"PropertyValue\",\"name\":\"Cat\u00e9gorie\",\"value\":\"En famille\"},{\"@type\":\"PropertyValue\",\"name\":\"Ville\",\"value\":\"Plougonvelin\"},{\"@type\":\"PropertyValue\",\"name\":\"Code postal\",\"value\":\"29217\"}]}},{\"@type\":\"ListItem\",\"position\":246,\"item\":{\"@type\":\"Thing\",\"name\":\"D\u00e9couverte \u00e0 pied - La Pointe du Van, sauvage et sacr\u00e9e\",\"description\":\"La Pointe du Van concentre toute l\u2019essence de la Bretagne sauvage : des \u00e9l\u00e9ments puissants, un patrimoine religieux encore sacralis\u00e9, des oiseaux maritimes venus du Nord pour se reproduire, une v\u00e9g\u00e9tation surprenante de r\u00e9sistance et des paysages grandioses en format XXL. Les panoramas s\u2019ouvrent sur la mythique mer d\u2019Iroise et ses phares l\u00e9gendaires, baign\u00e9s de lumi\u00e8res bretonnes uniques. Moins fr\u00e9quent\u00e9e que la Pointe du Raz, elle offre une exp\u00e9rience plus confidentielle, id\u00e9ale pour les amoureux de nature pr\u00e9serv\u00e9e et de contemplation. Une invitation \u00e0 la d\u00e9couverte, \u00e0 l\u2019\u00e9merveillement et \u00e0 la reconnexion. \\n\\nRendez-vous mercredi \u00e0 14h et jeudi \u00e0 9h sur le parking de la Pointe du Van, au niveau du snack. \\nParcours facile, 2,5 km, temps de visite 2h30.\\n\\nR\u00e9servation obligatoire.\\n\\nR\u00e9servation possible \u00e0 l'Office de Tourisme \u00e0 Audierne ainsi que par t\u00e9l\u00e9phone.\",\"url\":\"http:\/\/virginie-guezennec.fr\/\",\"geo\":{\"@type\":\"GeoCoordinates\",\"latitude\":48.064635,\"longitude\":-4.713811},\"additionalProperty\":[{\"@type\":\"PropertyValue\",\"name\":\"Titre\",\"value\":\"D\u00e9couverte \u00e0 pied - La Pointe du Van, sauvage et sacr\u00e9e\"},{\"@type\":\"PropertyValue\",\"name\":\"Cat\u00e9gorie\",\"value\":\"Sport & randonn\u00e9e\"},{\"@type\":\"PropertyValue\",\"name\":\"Ville\",\"value\":\"Cl\u00e9den-Cap-Sizun\"},{\"@type\":\"PropertyValue\",\"name\":\"Code postal\",\"value\":\"29770\"}]}},{\"@type\":\"ListItem\",\"position\":247,\"item\":{\"@type\":\"Thing\",\"name\":\"D\u00e9couverte des oiseaux du littoral\",\"description\":\"Sortie nature et balade ornithologique : d\u00e9couverte et observation des oiseaux du littoral du pays d\u2019Iroise. \\n\\nTendez l\u2019oreille et venez d\u00e9couvrir les richesses naturelles du Finist\u00e8re. Peut-\u00eatre y a-t-il un rouge-gorge sur votre droite, un go\u00ebland au-dessus de votre t\u00eate filant dans les courants d\u2019air ? \\n\\nLe long du sentier c\u00f4tier, nous cherchons les esp\u00e8ces cach\u00e9es entre les rochers ou dans l\u2019\u00e9cume des vagues. Nous apprenons \u00e0 les identifier et nous \u00e9coutons leur chant.\\n\\nSorties au d\u00e9part de la plage de Porsmilin tous les lundis matin \u00e0 9 h. Des sorties sur d'autres sites sont pr\u00e9vues dans la semaine, n'h\u00e9sitez pas \u00e0 nous contacter.\\nAdapt\u00e9 aux enfants. Tarif enfant jusqu'\u00e0 9 ans inclus.\\nR\u00e9servation en ligne.\\n\\nLes randonn\u00e9es et balades nature propos\u00e9es par Terre d'\u00c9cume sont accessibles \u00e0 tous (de 16 \u00e0 99 ans), la difficult\u00e9 des circuits (distance, d\u00e9nivel\u00e9 et rythme de marche) est adapt\u00e9e \u00e0 chacun.\\nAcc\u00e8s PMR et difficult\u00e9 \u00e0 se mouvoir (b\u00e9quilles, ...)\u00a0: circuits disponibles sur demande.\",\"url\":\"https:\/\/terredecume.fr\/\",\"geo\":{\"@type\":\"GeoCoordinates\",\"latitude\":48.3744869,\"longitude\":-4.6450747},\"additionalProperty\":[{\"@type\":\"PropertyValue\",\"name\":\"Titre\",\"value\":\"D\u00e9couverte des oiseaux du littoral\"},{\"@type\":\"PropertyValue\",\"name\":\"Cat\u00e9gorie\",\"value\":\"En famille\"},{\"@type\":\"PropertyValue\",\"name\":\"Ville\",\"value\":\"Locmaria-Plouzan\u00e9\"},{\"@type\":\"PropertyValue\",\"name\":\"Code postal\",\"value\":\"29280\"}]}},{\"@type\":\"ListItem\",\"position\":248,\"item\":{\"@type\":\"Thing\",\"name\":\"Sortie journ\u00e9e \u00e0 bord de La Recouvrance (avec repas)\",\"description\":\"Une certaine id\u00e9e de la navigation : bateau ambassadeur de la Ville de Brest, La Recouvrance et son \u00e9quipe de sept marins professionnels font partager leurs passions pour la navigation sur ce Fleuron des C\u00f4tes de France.\\n\\nLe parcours de navigation est d\u00e9cid\u00e9 par le capitaine. Pour une exp\u00e9rience immersive, vous avez la possibilit\u00e9 d'aider aux manoeuvres.\\n\\nOrganisation des sorties \u00e0 la journ\u00e9e : \\n\\n10h00 : Embarquement quai Malbert\\nBriefing s\u00e9curit\u00e9, histoire du bateau\\n\\n10h30 : Appareillage\\nNavigation de la matin\u00e9e en Rade de Brest\\n\\n12h30 : Panier repas pr\u00e9par\u00e9 par un traiteur servi \u00e0 bord\\nNavigation de l'apr\u00e8s-midi en Rade de Brest\\n\\n17h00 : D\u00e9barquement quai Malbert\\n\\nInformations pratiques : \\nBillets en vente \u00e0 l'Office de Tourisme Brest en vue, 52 rue du Ch\u00e2teau (sous r\u00e9serve de disponibilit\u00e9).\\nR\u00e9servation obligatoire.\",\"url\":\"https:\/\/www.larecouvrance.com\/\",\"geo\":{\"@type\":\"GeoCoordinates\",\"latitude\":48.3804036,\"longitude\":-4.4870384},\"additionalProperty\":[{\"@type\":\"PropertyValue\",\"name\":\"Titre\",\"value\":\"Sortie journ\u00e9e \u00e0 bord de La Recouvrance (avec repas)\"},{\"@type\":\"PropertyValue\",\"name\":\"Cat\u00e9gorie\",\"value\":\"Autres \u00e9v\u00e9nements\"},{\"@type\":\"PropertyValue\",\"name\":\"Ville\",\"value\":\"Brest\"},{\"@type\":\"PropertyValue\",\"name\":\"Code postal\",\"value\":\"29200\"}]}},{\"@type\":\"ListItem\",\"position\":249,\"item\":{\"@type\":\"Thing\",\"name\":\"Aquagym en mer avec Ocean by Fab\",\"description\":\"Aquagym en mer : savant m\u00e9lange de natation, aquagym et pilates, travail du corps dans sa globalit\u00e9, travail des postures et respiration.\\nGainage, renforcement musculaire complet en douceur (\u00e9paules, dos, abdos, cuisses et fessiers).\",\"url\":\"https:\/\/www.instagram.com\/fabie_d_ortoli\/\",\"geo\":{\"@type\":\"GeoCoordinates\",\"latitude\":48.024744,\"longitude\":-4.562468},\"additionalProperty\":[{\"@type\":\"PropertyValue\",\"name\":\"Titre\",\"value\":\"Aquagym en mer avec Ocean by Fab\"},{\"@type\":\"PropertyValue\",\"name\":\"Cat\u00e9gorie\",\"value\":\"Autres \u00e9v\u00e9nements\"},{\"@type\":\"PropertyValue\",\"name\":\"Ville\",\"value\":\"Audierne\"},{\"@type\":\"PropertyValue\",\"name\":\"Code postal\",\"value\":\"29770\"}]}},{\"@type\":\"ListItem\",\"position\":250,\"item\":{\"@type\":\"Thing\",\"name\":\"Mini fest noz au Grand H\u00f4tel de la Mer\",\"description\":\"Le Club Kador propose un mini fest noz ouvert \u00e0 tous. Initiation avant chaque danse.\",\"url\":\"http:\/\/kadordanse.wordpress.com\/\",\"geo\":{\"@type\":\"GeoCoordinates\",\"latitude\":48.2339,\"longitude\":-4.49691},\"additionalProperty\":[{\"@type\":\"PropertyValue\",\"name\":\"Titre\",\"value\":\"Mini fest noz au Grand H\u00f4tel de la Mer\"},{\"@type\":\"PropertyValue\",\"name\":\"Cat\u00e9gorie\",\"value\":\"Concerts, musique & festivals\"},{\"@type\":\"PropertyValue\",\"name\":\"Ville\",\"value\":\"Crozon\"},{\"@type\":\"PropertyValue\",\"name\":\"Code postal\",\"value\":\"29160\"}]}},{\"@type\":\"ListItem\",\"position\":251,\"item\":{\"@type\":\"Thing\",\"name\":\"Troc et Puces de quartier\",\"description\":\"Venez faire des affaires ! \\nVide grenier et dressing de quartier et de particuliers, en ext\u00e9rieur (annulation si intemp\u00e9ries).\\nAcc\u00e8s par rue de Kerfily.  \\nGrand parking fl\u00e9ch\u00e9 \u00e0 proximit\u00e9. \\nBuvette.\\nOrganis\u00e9 par l'association de quartier Hameau des Saules\\n\\nPour les exposants :\\nInscription uniquement par mail avec r\u00e8glement \u00e0 asso.hameau.des.saules@gmail.com\\nR\u00e9serv\u00e9 aux adh\u00e9rents de l'association et priorit\u00e9 donn\u00e9e aux habitants de Ploz\u00e9vet (entre 40 et 45 emplacements) . \\nLes professionnels ne sont pas accept\u00e9s.\\nEmplacement de 7 m\u00e8tres environ. 10 euros l'emplacement.\\n\\nOrganis\u00e9 par l'association de quartier Hameau des Saules.\",\"geo\":{\"@type\":\"GeoCoordinates\",\"latitude\":47.98679,\"longitude\":-4.42162},\"additionalProperty\":[{\"@type\":\"PropertyValue\",\"name\":\"Titre\",\"value\":\"Troc et Puces de quartier\"},{\"@type\":\"PropertyValue\",\"name\":\"Cat\u00e9gorie\",\"value\":\"Brocantes & vide-greniers\"},{\"@type\":\"PropertyValue\",\"name\":\"Ville\",\"value\":\"Ploz\u00e9vet\"},{\"@type\":\"PropertyValue\",\"name\":\"Code postal\",\"value\":\"29710\"}]}},{\"@type\":\"ListItem\",\"position\":252,\"item\":{\"@type\":\"Thing\",\"name\":\"Exposition de photographies de \u200b\u200b\u200b\u200bIsrael Ari\u00f1o\",\"description\":\"Vernissage le samedi 4 juillet 2026 en pr\u00e9sence de l'artiste.\",\"geo\":{\"@type\":\"GeoCoordinates\",\"latitude\":48.0933013,\"longitude\":-4.3287374},\"additionalProperty\":[{\"@type\":\"PropertyValue\",\"name\":\"Titre\",\"value\":\"Exposition de photographies de \u200b\u200b\u200b\u200bIsrael Ari\u00f1o\"},{\"@type\":\"PropertyValue\",\"name\":\"Cat\u00e9gorie\",\"value\":\"Expositions\"},{\"@type\":\"PropertyValue\",\"name\":\"Ville\",\"value\":\"Douarnenez\"},{\"@type\":\"PropertyValue\",\"name\":\"Code postal\",\"value\":\"29100\"}]}},{\"@type\":\"ListItem\",\"position\":253,\"item\":{\"@type\":\"Thing\",\"name\":\"Tournoi de Molky \u00e0 Vertical Art\",\"description\":\"Rendez-vous pour notre tournoi de M\u00f6lkky ! Que vous soyez d\u00e9j\u00e0 un pro du lancer ou que vous d\u00e9couvriez le jeu sur place, venez tenter votre chance, viser juste et profiter d\u2019un moment simple entre amis.\\n\\n \\nOn vous attend nombreux pour prolonger l\u2019\u00e9t\u00e9 comme il faut chez Vertical\u2019Art Brest\\n\\nInformations pratiques :\\n\\n Sur inscription via Weezevent\",\"url\":\"https:\/\/brest.vertical-art.fr\/news\/\",\"geo\":{\"@type\":\"GeoCoordinates\",\"latitude\":48.42752,\"longitude\":-4.46055},\"additionalProperty\":[{\"@type\":\"PropertyValue\",\"name\":\"Titre\",\"value\":\"Tournoi de Molky \u00e0 Vertical Art\"},{\"@type\":\"PropertyValue\",\"name\":\"Cat\u00e9gorie\",\"value\":\"En famille\"},{\"@type\":\"PropertyValue\",\"name\":\"Ville\",\"value\":\"Gouesnou\"},{\"@type\":\"PropertyValue\",\"name\":\"Code postal\",\"value\":\"29850\"}]}},{\"@type\":\"ListItem\",\"position\":254,\"item\":{\"@type\":\"Thing\",\"name\":\"Animation \u00e0 la ferme Oc\u00e9'\u00e2ne - Petit.es \u00e2nier.es\",\"description\":\"Venez \u00e0 la d\u00e9couverte de l'\u00e2ne, animal c\u00e2lin et attachant en famille.\\nNous vous apprenons \u00e0 vous en occupez et nous partons en balade.\\n\\n1 \u00e2ne par famille, 40e par famille, 5 familles maximum.\\n\\nD\u00e9couvrez toutes nos activit\u00e9s sur : https:\/\/www.oceane-crozon.net\/index2.html\",\"url\":\"https:\/\/www.oceane-crozon.net\/index2.html\",\"geo\":{\"@type\":\"GeoCoordinates\",\"latitude\":48.27188,\"longitude\":-4.42258},\"additionalProperty\":[{\"@type\":\"PropertyValue\",\"name\":\"Titre\",\"value\":\"Animation \u00e0 la ferme Oc\u00e9'\u00e2ne - Petit.es \u00e2nier.es\"},{\"@type\":\"PropertyValue\",\"name\":\"Cat\u00e9gorie\",\"value\":\"En famille\"},{\"@type\":\"PropertyValue\",\"name\":\"Ville\",\"value\":\"Lanv\u00e9oc\"},{\"@type\":\"PropertyValue\",\"name\":\"Code postal\",\"value\":\"29160\"}]}},{\"@type\":\"ListItem\",\"position\":255,\"item\":{\"@type\":\"Thing\",\"name\":\"Centre des arts Andr\u00e9 Malraux\",\"url\":\"https:\/\/centredesarts.douarnenez.bzh\/\",\"geo\":{\"@type\":\"GeoCoordinates\",\"latitude\":48.08554,\"longitude\":-4.33113},\"additionalProperty\":[{\"@type\":\"PropertyValue\",\"name\":\"Titre\",\"value\":\"Centre des arts Andr\u00e9 Malraux\"},{\"@type\":\"PropertyValue\",\"name\":\"Cat\u00e9gorie\",\"value\":\"Spectacles & cin\u00e9ma\"},{\"@type\":\"PropertyValue\",\"name\":\"Ville\",\"value\":\"Douarnenez\"},{\"@type\":\"PropertyValue\",\"name\":\"Code postal\",\"value\":\"29100\"}]}},{\"@type\":\"ListItem\",\"position\":256,\"item\":{\"@type\":\"Thing\",\"name\":\"Dans les all\u00e9es du cimeti\u00e8re Saint-Martin\",\"description\":\"La visite vous entraine dans les all\u00e9es de ce cimeti\u00e8re historique, un des plus vieux cimeti\u00e8res brestois am\u00e9nag\u00e9 au 18\u00e8me si\u00e8cle. Elle vous fait d\u00e9couvrir des s\u00e9pultures notables du cimeti\u00e8re, \u00e0 la fois des personnalit\u00e9s c\u00e9l\u00e8bres qui ont contribu\u00e9 \u00e0 l'histoire de Brest, mais aussi des monuments fun\u00e9raires remarquables, repr\u00e9sentatifs des symboliques fun\u00e9raires et des mat\u00e9riaux en usage. \\n\\nVisite propos\u00e9e dans le cadre du label Ville d'Art & d'Histoire.\\n\\nInformations pratiques : \\nDur\u00e9e 1h30.\\nR\u00e9servation obligatoire aupr\u00e8s de l'Office de Tourisme Brest en vue, au guichet, par t\u00e9l\u00e9phone ou en ligne.\\nL'Office de Tourisme Brest en vue se r\u00e9serve le droit d'annuler la visite si le nombre de participants minimum (5) n'est pas atteint, ou en cas de m\u00e9t\u00e9o d\u00e9favorable.\",\"geo\":{\"@type\":\"GeoCoordinates\",\"latitude\":48.394162,\"longitude\":-4.4782092},\"additionalProperty\":[{\"@type\":\"PropertyValue\",\"name\":\"Titre\",\"value\":\"Dans les all\u00e9es du cimeti\u00e8re Saint-Martin\"},{\"@type\":\"PropertyValue\",\"name\":\"Cat\u00e9gorie\",\"value\":\"Autres \u00e9v\u00e9nements\"},{\"@type\":\"PropertyValue\",\"name\":\"Ville\",\"value\":\"Brest\"},{\"@type\":\"PropertyValue\",\"name\":\"Code postal\",\"value\":\"29200\"}]}},{\"@type\":\"ListItem\",\"position\":257,\"item\":{\"@type\":\"Thing\",\"name\":\"Ateliers d'initiation \u00e0 la broderie pour enfants de l'Atelier du 5\",\"description\":\"Sur r\u00e9servation \u00e0 partir de 8 ans, par mail ou par t\u00e9l\u00e9phone :  ateliers de broderie de 15h \u00e0 17h du mardi au samedi pendant les vacances ou le mercredi apr\u00e8s-midi en p\u00e9riode scolaire. L'horaire peut \u00eatre adapt\u00e9e \u00e0 la demande.\",\"geo\":{\"@type\":\"GeoCoordinates\",\"latitude\":48.0246239,\"longitude\":-4.5415165},\"additionalProperty\":[{\"@type\":\"PropertyValue\",\"name\":\"Titre\",\"value\":\"Ateliers d'initiation \u00e0 la broderie pour enfants de l'Atelier du 5\"},{\"@type\":\"PropertyValue\",\"name\":\"Cat\u00e9gorie\",\"value\":\"En famille\"},{\"@type\":\"PropertyValue\",\"name\":\"Ville\",\"value\":\"Audierne\"},{\"@type\":\"PropertyValue\",\"name\":\"Code postal\",\"value\":\"29770\"}]}},{\"@type\":\"ListItem\",\"position\":258,\"item\":{\"@type\":\"Thing\",\"name\":\"Visite guid\u00e9e de l'\u00eele Tristan\",\"description\":\"Situ\u00e9e \u00e0 quelques encablures de Douarnenez, l'\u00eele Tristan, site naturel prot\u00e9g\u00e9 est la propri\u00e9t\u00e9 du Conservatoire du Littoral. Marchez sur les pas du c\u00e9l\u00e8bre brigand de La Fontenelle, de Tristan et Yseult et des nombreux artistes qui ont fr\u00e9quent\u00e9 l'\u00eele au d\u00e9but 20\u00e8me si\u00e8cle. Inscription obligatoire \u00e0 l'Office de Tourisme du Pays de Douarnenez ou sur le site internet. Chiens non admis. Les conditions m\u00e9t\u00e9orologiques et la houle peuvent nous contraindre \u00e0 annuler la visite.\",\"url\":\"http:\/\/www.douarnenez-tourisme.com\/\",\"geo\":{\"@type\":\"GeoCoordinates\",\"latitude\":48.0972725,\"longitude\":-4.3354308},\"additionalProperty\":[{\"@type\":\"PropertyValue\",\"name\":\"Titre\",\"value\":\"Visite guid\u00e9e de l'\u00eele Tristan\"},{\"@type\":\"PropertyValue\",\"name\":\"Cat\u00e9gorie\",\"value\":\"Sport & randonn\u00e9e\"},{\"@type\":\"PropertyValue\",\"name\":\"Ville\",\"value\":\"Douarnenez\"},{\"@type\":\"PropertyValue\",\"name\":\"Code postal\",\"value\":\"29100\"}]}},{\"@type\":\"ListItem\",\"position\":259,\"item\":{\"@type\":\"Thing\",\"name\":\"Le charme du Brest d'Avant-Guerre - Quartier de Recouvrance\",\"description\":\"Venez revivre l\u2019histoire de Recouvrance, un quartier embl\u00e9matique de Brest avant la guerre et \u00e0 l\u2019atmosph\u00e8re unique. Cette visite guid\u00e9e vous invite \u00e0 explorer l\u2019histoire de ses habitants, les c\u00e9l\u00e8bres \u00ab Yannicks \u00bb, et \u00e0 ressentir l\u2019ambiance typique de ce lieu \u00e9pargn\u00e9 par les bombardements.\\n\\nVotre guide vous conduira de la plus ancienne rue de Brest au Plateau des Capucins, vous racontant des anecdotes de la vie quotidienne \u00e0 une \u00e9poque o\u00f9 ce quartier bouillonnait d\u2019activit\u00e9. Vous comprendrez mieux la m\u00e9moire et l\u2019identit\u00e9 de Brest \u00e0 travers les yeux de ses habitants d\u2019avant-guerre.\\n\\nInformations pratiques :\\nDur\u00e9e 2h.\\nD\u00e9nivel\u00e9 important.\\nSur r\u00e9servation aupr\u00e8s de l'Office de Tourisme Brest en vue, par t\u00e9l\u00e9phone, au guichet ou en ligne. \\nNombre de place limit\u00e9. \\n\\nL\u2019Office de Tourisme Brest en vue se r\u00e9serve le droit d\u2019annuler la visite si le nombre minimum de participants (5 personnes) n'est pas atteint, ou en cas de mauvaises conditions m\u00e9t\u00e9orologiques.\",\"url\":\"https:\/\/www.brest-metropole-tourisme.fr\/reservation-en-ligne\/visites-guidees\",\"geo\":{\"@type\":\"GeoCoordinates\",\"latitude\":48.38324,\"longitude\":-4.49752},\"additionalProperty\":[{\"@type\":\"PropertyValue\",\"name\":\"Titre\",\"value\":\"Le charme du Brest d'Avant-Guerre - Quartier de Recouvrance\"},{\"@type\":\"PropertyValue\",\"name\":\"Cat\u00e9gorie\",\"value\":\"En famille\"},{\"@type\":\"PropertyValue\",\"name\":\"Ville\",\"value\":\"Brest\"},{\"@type\":\"PropertyValue\",\"name\":\"Code postal\",\"value\":\"29200\"}]}},{\"@type\":\"ListItem\",\"position\":260,\"item\":{\"@type\":\"Thing\",\"name\":\"Exposition Fa\u00f1ch Rol\",\"description\":\"Exposition Fa\u00f1ch Rol : cr\u00e9ations surr\u00e9alistes\\nOuverture : les jeudis, vendredis et dimanches matin de 9h \u00e0 12h ou sur RDV.\\n\\nVernissage le vendredi 7 juillet \u00e0 18h30\",\"geo\":{\"@type\":\"GeoCoordinates\",\"latitude\":48.18152,\"longitude\":-4.23248},\"additionalProperty\":[{\"@type\":\"PropertyValue\",\"name\":\"Titre\",\"value\":\"Exposition Fa\u00f1ch Rol\"},{\"@type\":\"PropertyValue\",\"name\":\"Cat\u00e9gorie\",\"value\":\"Expositions\"},{\"@type\":\"PropertyValue\",\"name\":\"Ville\",\"value\":\"Plomodiern\"},{\"@type\":\"PropertyValue\",\"name\":\"Code postal\",\"value\":\"29550\"}]}},{\"@type\":\"ListItem\",\"position\":261,\"item\":{\"@type\":\"Thing\",\"name\":\"D\u00e9couverte des oiseaux du littoral\",\"description\":\"Sortie nature et balade ornithologique : d\u00e9couverte et observation des oiseaux du littoral du pays d\u2019Iroise. \\nLa ria du Conquet est un sanctuaire pour les oiseaux du littoral. Au rythme des saisons et des mar\u00e9es, les esp\u00e8ces se relaient pour notre plus grand bonheur. La plupart ont les pieds dans l'eau, les autres font trempette et si vous levez la t\u00eate, c'est encore la f\u00eate !\\n\\nTendez l\u2019oreille et venez d\u00e9couvrir les richesses naturelles du Finist\u00e8re. Peut-\u00eatre y a-t-il un rouge-gorge sur votre droite, un go\u00e9land au-dessus de votre t\u00eate filant dans les courants d\u2019air ? \\n\\nLe long du sentier c\u00f4tier, nous cherchons les esp\u00e8ces cach\u00e9es entre les rochers ou dans l\u2019\u00e9cume des vagues. Nous apprenons \u00e0 les identifier et nous \u00e9coutons leur chant.\\n\\nSorties au d\u00e9part de la ria du Conquet tous les mardis matin \u00e0 9 h. Des sorties sur d'autres sites sont pr\u00e9vues dans la semaine, n'h\u00e9sitez pas \u00e0 nous contacter.\\nAdapt\u00e9 aux enfants. Tarif enfant jusqu'\u00e0 9 ans inclus.\\nR\u00e9servation en ligne.\\n\\nLes randonn\u00e9es et balades nature propos\u00e9es par Terre d'\u00c9cume sont accessibles \u00e0 tous (de 16 \u00e0 99 ans), la difficult\u00e9 des circuits (distance, d\u00e9nivel\u00e9 et rythme de marche) est adapt\u00e9e \u00e0 chacun.\\nAcc\u00e8s PMR et difficult\u00e9 \u00e0 se mouvoir (b\u00e9quilles, ...)\u00a0: circuits disponibles sur demande.\",\"url\":\"http:\/\/terredecume.fr\/\",\"geo\":{\"@type\":\"GeoCoordinates\",\"latitude\":48.3513213,\"longitude\":-4.7392891},\"additionalProperty\":[{\"@type\":\"PropertyValue\",\"name\":\"Titre\",\"value\":\"D\u00e9couverte des oiseaux du littoral\"},{\"@type\":\"PropertyValue\",\"name\":\"Cat\u00e9gorie\",\"value\":\"En famille\"},{\"@type\":\"PropertyValue\",\"name\":\"Ville\",\"value\":\"Le Conquet\"},{\"@type\":\"PropertyValue\",\"name\":\"Code postal\",\"value\":\"29217\"}]}},{\"@type\":\"ListItem\",\"position\":262,\"item\":{\"@type\":\"Thing\",\"name\":\"Balade m\u00e9ditative dans le Parc marin direction l'\u00eele de Qu\u00e9m\u00e9n\u00e8s\",\"description\":\"Partez \u00e0 la d\u00e9couverte des \u00eeles du parc marin d'Iroise lors d'une balade m\u00e9ditative. Rejoignez les \u00eeles sur une vedette confortable, marchez au rythme des vagues et de votre respiration, observez les oiseaux marins et m\u00e9ditez sur une plage. Une balade unique alliant nature et d\u00e9connexion.\\n\\nApr\u00e8s avoir embarqu\u00e9 au Conquet, \u00e0 la cale Saint-Christophe, la vedette vous am\u00e8nera confortablement vers l'\u00eele de Qu\u00e9m\u00e9n\u00e8s. Au bout d'une vingtaine de minutes vous aborderez les premi\u00e8res \u00eeles aux eaux turquoises et d\u00e9barquerez sur l'une d'elles. Entre respirations gr\u00e2ce \u00e0 la marche afghane et m\u00e9ditations sur la plage, laissez votre esprit divaguer dans ces espaces berc\u00e9s par les vagues et le vent. Dans le calme ambiant, vous vous laisserez aller \u00e0 quelques r\u00eaveries. En chemin, nous  prendrons le temps d'observer les oiseaux end\u00e9miques de ces terres isol\u00e9es, un patrimoine naturel unique \u00e0 d\u00e9couvrir et qui participera \u00e0 votre d\u00e9connexion.\\n\\nCette balade est co-organis\u00e9e par Balade Parc marin (balade en bateau) et Terre d'\u00e9cume (Marche afghane, balade ornithologique, randonn\u00e9e bien-\u00eatre)\\n\\nPaiement en esp\u00e8ces ou CB sur le bateau.\",\"url\":\"http:\/\/terredecume.fr\/\",\"geo\":{\"@type\":\"GeoCoordinates\",\"latitude\":48.3602527,\"longitude\":-4.7778495},\"additionalProperty\":[{\"@type\":\"PropertyValue\",\"name\":\"Titre\",\"value\":\"Balade m\u00e9ditative dans le Parc marin direction l'\u00eele de Qu\u00e9m\u00e9n\u00e8s\"},{\"@type\":\"PropertyValue\",\"name\":\"Cat\u00e9gorie\",\"value\":\"Sport & randonn\u00e9e\"},{\"@type\":\"PropertyValue\",\"name\":\"Ville\",\"value\":\"Le Conquet\"},{\"@type\":\"PropertyValue\",\"name\":\"Code postal\",\"value\":\"29217\"}]}},{\"@type\":\"ListItem\",\"position\":263,\"item\":{\"@type\":\"Thing\",\"name\":\"Vide Greniers de l'association Bertheaume\",\"description\":\"80 exposants. Petite restauration rapide sur place. Le fort de Bertheaume sera ouvert \u00e0 la visite.\",\"url\":\"https:\/\/www.facebook.com\/associationbertheaume\/\",\"geo\":{\"@type\":\"GeoCoordinates\",\"latitude\":48.3371047,\"longitude\":-4.6975136},\"additionalProperty\":[{\"@type\":\"PropertyValue\",\"name\":\"Titre\",\"value\":\"Vide Greniers de l'association Bertheaume\"},{\"@type\":\"PropertyValue\",\"name\":\"Cat\u00e9gorie\",\"value\":\"Brocantes & vide-greniers\"},{\"@type\":\"PropertyValue\",\"name\":\"Ville\",\"value\":\"Plougonvelin\"},{\"@type\":\"PropertyValue\",\"name\":\"Code postal\",\"value\":\"29217\"}]}},{\"@type\":\"ListItem\",\"position\":264,\"item\":{\"@type\":\"Thing\",\"name\":\"Visite guid\u00e9e \u00ab\u00a0Les rendez-vous de la Pointe\u00a0\u00bb\",\"description\":\"Comprendre un paysage d\u2019exception, en famille.\\n\\nCette visite guid\u00e9e invite petits et grands \u00e0 d\u00e9couvrir les paysages spectaculaires de la Pointe du Raz et \u00e0 comprendre ce qui fait la singularit\u00e9 de ce site embl\u00e9matique du Finist\u00e8re. Au fil du parcours, le guide d\u00e9crypte la formation des falaises, l\u2019influence des vents et des courants, ainsi que l\u2019histoire humaine intimement li\u00e9e \u00e0 ce bout du monde. Anecdotes, observations et \u00e9changes rythment la visite, pens\u00e9e pour \u00eatre accessible et ludique. Une formule id\u00e9ale pour une premi\u00e8re approche du site, \u00e0 partager en famille, entre terre et mer.\\n\\nD\u00e9part du s\u00e9maphore (\u00e0 800 m du parking) - Dur\u00e9e 1h\",\"url\":\"https:\/\/www.toutcommenceenfinistere.com\/pointe-du-raz\/preparer-sa-visite\/\",\"geo\":{\"@type\":\"GeoCoordinates\",\"latitude\":48.040859,\"longitude\":-4.670977},\"additionalProperty\":[{\"@type\":\"PropertyValue\",\"name\":\"Titre\",\"value\":\"Visite guid\u00e9e \u00ab\u00a0Les rendez-vous de la Pointe\u00a0\u00bb\"},{\"@type\":\"PropertyValue\",\"name\":\"Cat\u00e9gorie\",\"value\":\"Sport & randonn\u00e9e\"},{\"@type\":\"PropertyValue\",\"name\":\"Ville\",\"value\":\"Plogoff\"},{\"@type\":\"PropertyValue\",\"name\":\"Code postal\",\"value\":\"29770\"}]}},{\"@type\":\"ListItem\",\"position\":265,\"item\":{\"@type\":\"Thing\",\"name\":\"Le korrigan en f\u00eate\",\"description\":\"Concert avec la participation \\nDe Chef and the gang, Wakan et Dbird\",\"geo\":{\"@type\":\"GeoCoordinates\",\"latitude\":48.23879,\"longitude\":-4.46201},\"additionalProperty\":[{\"@type\":\"PropertyValue\",\"name\":\"Titre\",\"value\":\"Le korrigan en f\u00eate\"},{\"@type\":\"PropertyValue\",\"name\":\"Cat\u00e9gorie\",\"value\":\"Concerts, musique & festivals\"},{\"@type\":\"PropertyValue\",\"name\":\"Ville\",\"value\":\"Crozon\"},{\"@type\":\"PropertyValue\",\"name\":\"Code postal\",\"value\":\"29160\"}]}},{\"@type\":\"ListItem\",\"position\":266,\"item\":{\"@type\":\"Thing\",\"name\":\"Semaine des d\u00e9couvertes gourmandes\",\"description\":\"La 3\u00e8me semaine des d\u00e9couvertes gourmande \u00e0 Plougastel aura lieu du 24 au 30 ao\u00fbt 2026\\n\\nDurant cette semaine, les \u00e9tablissements de restauration proposeront, en plus de leur carte habituelle, un plat, une boisson r\u00e9alis\u00e9-e \u00e0 partir de produits locaux.\",\"url\":\"https:\/\/fr-fr.facebook.com\/mairiePlougastelDaoulas\/\",\"geo\":{\"@type\":\"GeoCoordinates\",\"latitude\":48.374102,\"longitude\":-4.369414},\"additionalProperty\":[{\"@type\":\"PropertyValue\",\"name\":\"Titre\",\"value\":\"Semaine des d\u00e9couvertes gourmandes\"},{\"@type\":\"PropertyValue\",\"name\":\"Cat\u00e9gorie\",\"value\":\"Autres \u00e9v\u00e9nements\"},{\"@type\":\"PropertyValue\",\"name\":\"Ville\",\"value\":\"Plougastel-Daoulas\"},{\"@type\":\"PropertyValue\",\"name\":\"Code postal\",\"value\":\"29470\"}]}},{\"@type\":\"ListItem\",\"position\":267,\"item\":{\"@type\":\"Thing\",\"name\":\"Balade en baie d\u2019Audierne\",\"description\":\"Au d\u00e9part du port de Ste-Evette, vous longez la c\u00f4te sauvage du Cap-Sizun et d\u00e9couvrez des paysages insoup\u00e7onn\u00e9s : la chapelle StTugen, l\u2019Ile aux Vaches, Pors-Loubous, le petit port de Bestr\u00e9e et la fameuse pointe du Raz.\\nAvant de remettre le cap sur le continent, vous vous approcherez \u00e9galement de l\u2019\u00e9l\u00e9gant phare de la Vieille.\\n\\nGratuit pour les moins de 4 ans (enregistr\u00e9s en agence) \/ Chien : 4\u20ac\\n\\nBilletterie disponible aupr\u00e8s de l'Office de Tourisme \u00e0 Audierne.\",\"url\":\"https:\/\/www.finist-mer.fr\/\",\"geo\":{\"@type\":\"GeoCoordinates\",\"latitude\":48.0060997,\"longitude\":-4.5553163},\"additionalProperty\":[{\"@type\":\"PropertyValue\",\"name\":\"Titre\",\"value\":\"Balade en baie d\u2019Audierne\"},{\"@type\":\"PropertyValue\",\"name\":\"Cat\u00e9gorie\",\"value\":\"Autres \u00e9v\u00e9nements\"},{\"@type\":\"PropertyValue\",\"name\":\"Ville\",\"value\":\"Audierne\"},{\"@type\":\"PropertyValue\",\"name\":\"Code postal\",\"value\":\"29770\"}]}},{\"@type\":\"ListItem\",\"position\":268,\"item\":{\"@type\":\"Thing\",\"name\":\"Des tours \u00e0 l'abbaye ?!\",\"description\":\"Au XIII? si\u00e8cle, l\u2019abbaye de Land\u00e9vennec se transforme en v\u00e9ritable ch\u00e2teau fort. Tours, douves et pont-levis viennent entourer l\u2019\u00e9glise et les b\u00e2timents monastiques : un changement spectaculaire pour ce lieu de pri\u00e8re. L\u2019exposition invite \u00e0 explorer cette \u00e9tonnante m\u00e9tamorphose, entre rivalit\u00e9s de pouvoir, ambitions, richesses et besoins de protection. Objets arch\u00e9ologiques, jeux et manipulations rythment le parcours, tandis qu\u2019une reconstitution num\u00e9rique en 3D permet de visualiser l\u2019abbaye telle qu\u2019elle se dressait au Moyen \u00c2ge.\\nPetits et grands sont invit\u00e9s \u00e0 remonter le temps, \u00e0 comprendre la vie quotidienne des moines et \u00e0 d\u00e9couvrir les secrets d\u2019une abbaye au c\u0153ur de l\u2019histoire bretonne.\",\"url\":\"http:\/\/www.cdp29.fr\/\",\"geo\":{\"@type\":\"GeoCoordinates\",\"latitude\":48.29135,\"longitude\":-4.26745},\"additionalProperty\":[{\"@type\":\"PropertyValue\",\"name\":\"Titre\",\"value\":\"Des tours \u00e0 l'abbaye ?!\"},{\"@type\":\"PropertyValue\",\"name\":\"Cat\u00e9gorie\",\"value\":\"Expositions\"},{\"@type\":\"PropertyValue\",\"name\":\"Ville\",\"value\":\"Land\u00e9vennec\"},{\"@type\":\"PropertyValue\",\"name\":\"Code postal\",\"value\":\"29560\"}]}},{\"@type\":\"ListItem\",\"position\":269,\"item\":{\"@type\":\"Thing\",\"name\":\"Les dimanches \u00e0 Oc\u00e9'\u00e2ne\",\"description\":\"Programme :\\n\\n14h-15h30 : Ateliers artistiques et nature\\n\\nA partir de 16h : Visite libre de la ferme de Kera\u00ebl et go\u00fbter cr\u00eapes\\n\\n18h30 - 19h30 : Initiation \u00e0 la danse Bretonne\\n\\nInterlude repas partag\u00e9\\n\\n20h-21h30 : Mini Fest Noz\",\"url\":\"https:\/\/www.oceane-crozon.net\/index2.html\",\"geo\":{\"@type\":\"GeoCoordinates\",\"latitude\":48.27188,\"longitude\":-4.42258},\"additionalProperty\":[{\"@type\":\"PropertyValue\",\"name\":\"Titre\",\"value\":\"Les dimanches \u00e0 Oc\u00e9'\u00e2ne\"},{\"@type\":\"PropertyValue\",\"name\":\"Cat\u00e9gorie\",\"value\":\"En famille\"},{\"@type\":\"PropertyValue\",\"name\":\"Ville\",\"value\":\"Lanv\u00e9oc\"},{\"@type\":\"PropertyValue\",\"name\":\"Code postal\",\"value\":\"29160\"}]}},{\"@type\":\"ListItem\",\"position\":270,\"item\":{\"@type\":\"Thing\",\"name\":\"Exposition des Aquarelles de Fred P.\",\"description\":\"Exposition de Fred P. \u00e0 l'Atelier d'Images \u00e0 Pont-Croix\\nLa Bretagne et le Cap-Sizun y sont \u00e0 l\u2019honneur : paysages breton, faune, flore et l\u00e9gendes locales, venez d\u00e9couvrir l\u2019univers onirique de Fred P. et de ses aquarelles en pr\u00e9sence de l'artiste.\\n\\nVernissage le vendredi 7 ao\u00fbt \u00e0 partir de 18h30.\\n\\nEntr\u00e9e libre\",\"url\":\"http:\/\/www.pont-croix-photo.fr\/\",\"geo\":{\"@type\":\"GeoCoordinates\",\"latitude\":48.04117,\"longitude\":-4.487383},\"additionalProperty\":[{\"@type\":\"PropertyValue\",\"name\":\"Titre\",\"value\":\"Exposition des Aquarelles de Fred P.\"},{\"@type\":\"PropertyValue\",\"name\":\"Cat\u00e9gorie\",\"value\":\"Expositions\"},{\"@type\":\"PropertyValue\",\"name\":\"Ville\",\"value\":\"Pont-Croix\"},{\"@type\":\"PropertyValue\",\"name\":\"Code postal\",\"value\":\"29790\"}]}},{\"@type\":\"ListItem\",\"position\":271,\"item\":{\"@type\":\"Thing\",\"name\":\"Activit\u00e9 Echecs\",\"description\":\"Tous les derniers mercredis du mois, activit\u00e9 ouverte \u00e0 toutes et tous, de tous les \u00e2ges !\",\"url\":\"https:\/\/www.lapointe-emmaus.bzh\/\",\"geo\":{\"@type\":\"GeoCoordinates\",\"latitude\":48.0301028,\"longitude\":-4.616325},\"additionalProperty\":[{\"@type\":\"PropertyValue\",\"name\":\"Titre\",\"value\":\"Activit\u00e9 Echecs\"},{\"@type\":\"PropertyValue\",\"name\":\"Cat\u00e9gorie\",\"value\":\"En famille\"},{\"@type\":\"PropertyValue\",\"name\":\"Ville\",\"value\":\"Primelin\"},{\"@type\":\"PropertyValue\",\"name\":\"Code postal\",\"value\":\"29770\"}]}},{\"@type\":\"ListItem\",\"position\":272,\"item\":{\"@type\":\"Thing\",\"name\":\"Visite guid\u00e9e du moulin \u00e0 vent de Luz\u00e9oc - Telgruc-sur-Mer\",\"description\":\"Visites guid\u00e9es assur\u00e9es par les b\u00e9n\u00e9voles de l'association EIOST\\nDerni\u00e8re entr\u00e9e : 17 h 30\",\"geo\":{\"@type\":\"GeoCoordinates\",\"latitude\":48.22033,\"longitude\":-4.36865},\"additionalProperty\":[{\"@type\":\"PropertyValue\",\"name\":\"Titre\",\"value\":\"Visite guid\u00e9e du moulin \u00e0 vent de Luz\u00e9oc - Telgruc-sur-Mer\"},{\"@type\":\"PropertyValue\",\"name\":\"Cat\u00e9gorie\",\"value\":\"Autres \u00e9v\u00e9nements\"},{\"@type\":\"PropertyValue\",\"name\":\"Ville\",\"value\":\"Telgruc-sur-Mer\"},{\"@type\":\"PropertyValue\",\"name\":\"Code postal\",\"value\":\"29560\"}]}},{\"@type\":\"ListItem\",\"position\":273,\"item\":{\"@type\":\"Thing\",\"name\":\"Visite de la distillerie Moby Dick\",\"description\":\"Distillerie artisanale aux m\u00e9thodes ancestrales, nous fabriquons \u00e0 l\u2019ancienne des spiritueux issus de v\u00e9g\u00e9taux naturels que nous cultivons ou glanons. Nos cultures de plantes aromatiques et m\u00e9dicinales, nous permettent d\u2019\u00eatre le plus autonome possible dans les v\u00e9g\u00e9taux utilis\u00e9s.\\n\\nDepuis 11ans, nous produisons whisky, gin (m\u00e9daille d\u2019argent fran\u00e7aise), pastis, liqueurs, lambig et eau de vie. \\nNotre gamme \u00e9volue en fonction de nos envies, de nos cultures, et de notre curiosit\u00e9, qui nous poussent \u00e0 cr\u00e9er, m\u00e9langer, et tester des associations toujours plus surprenantes.\\n\\nPour cela, nous avons fait le choix de travailler avec de beaux alambics en cuivre, et pratiquons la distillation \u00e0 repasse. Une vieille m\u00e9thode permettant une distillation tr\u00e8s lente, et ainsi une pr\u00e9servation de toutes les saveurs, pour une explosion d\u2019ar\u00f4mes en bouche.\\n\\nSi cette belle alchimie vous int\u00e9resse, nous proposons des visites gratuites, tous les jours \u00e0 17h00 en Juillet et en Ao\u00fbt.  Une d\u00e9gustation gratuite vous sera propos\u00e9e lors de votre visite.\\n\\nA bient\u00f4t \u00e0 Plogoff, sur la route de la Pointe du Raz\u00a0!\",\"url\":\"http:\/\/www.distillerie-mobydick.fr\/\",\"geo\":{\"@type\":\"GeoCoordinates\",\"latitude\":48.0358755,\"longitude\":-4.6643866},\"additionalProperty\":[{\"@type\":\"PropertyValue\",\"name\":\"Titre\",\"value\":\"Visite de la distillerie Moby Dick\"},{\"@type\":\"PropertyValue\",\"name\":\"Cat\u00e9gorie\",\"value\":\"Autres \u00e9v\u00e9nements\"},{\"@type\":\"PropertyValue\",\"name\":\"Ville\",\"value\":\"Plogoff\"},{\"@type\":\"PropertyValue\",\"name\":\"Code postal\",\"value\":\"29770\"}]}},{\"@type\":\"ListItem\",\"position\":274,\"item\":{\"@type\":\"Thing\",\"name\":\"Balade comment\u00e9e - La batterie de Kerviniou\",\"description\":\"La batterie de Kerviniou\\n\\nD\u00e9couvrez la batterie de Kerviniou \u00e0 Roscanvel, un vestige historique de la d\u00e9fense de la rade de Brest. Ces ouvrages militaires, int\u00e9gr\u00e9s au syst\u00e8me d\u00e9fensif breton, offrent une plong\u00e9e dans le pass\u00e9 strat\u00e9gique de la r\u00e9gion.\\n\\nAvec leurs vues imprenables sur la mer et son architecture imposante, la batterie de Kerviniou allient patrimoine et paysages marins, pour une visite riche en \u00e9motions et en histoire.\\n\\nDepuis ce panorama, nous \u00e9voquerons ensemble les embl\u00e9matiques fort de Cornouaille ainsi que celui des Capucins.\\n\\nInfos pratiques :\\n\\n    juillet \u2013 ao\u00fbt : les jeudis 16\/07 \u2013 30\/07 \u2013 13\/08 \u2013 27\/08 \u00e0 10h30\\n    3\u20ac : adulte | Gratuit : -18 ans\\n\\n    R\u00e9servation obligatoire dans les Offices de Tourisme\\n    dur\u00e9e : 1h30\\n    Pr\u00e9voir chaussures de marche\\n    RDV : parking de la batterie de Cornouaille \u2013 ROSCANVEL\\n\\nVisite assur\u00e9e par l\u2019Office de Tourisme.\",\"geo\":{\"@type\":\"GeoCoordinates\",\"latitude\":48.3286657,\"longitude\":-4.5687414},\"additionalProperty\":[{\"@type\":\"PropertyValue\",\"name\":\"Titre\",\"value\":\"Balade comment\u00e9e - La batterie de Kerviniou\"},{\"@type\":\"PropertyValue\",\"name\":\"Cat\u00e9gorie\",\"value\":\"Autres \u00e9v\u00e9nements\"},{\"@type\":\"PropertyValue\",\"name\":\"Ville\",\"value\":\"Roscanvel\"},{\"@type\":\"PropertyValue\",\"name\":\"Code postal\",\"value\":\"29570\"}]}},{\"@type\":\"ListItem\",\"position\":275,\"item\":{\"@type\":\"Thing\",\"name\":\"Visite de la pointe Saint-Mathieu\",\"description\":\"Dans un p\u00e9rim\u00e8tre ultra concentr\u00e9, la pointe Saint-Mathieu nous ouvre une fen\u00eatre sur la Bretagne, son histoire mouvement\u00e9e, sa vie maritime et ses l\u00e9gendes \u00e9ternelles. Cette visite vous fera entrevoir l'histoire cach\u00e9e derri\u00e8re la splendeur de ce bout du Monde.\",\"url\":\"http:\/\/ribine-experience.fr\/\",\"geo\":{\"@type\":\"GeoCoordinates\",\"latitude\":48.3308594,\"longitude\":-4.7705926},\"additionalProperty\":[{\"@type\":\"PropertyValue\",\"name\":\"Titre\",\"value\":\"Visite de la pointe Saint-Mathieu\"},{\"@type\":\"PropertyValue\",\"name\":\"Cat\u00e9gorie\",\"value\":\"Autres \u00e9v\u00e9nements\"},{\"@type\":\"PropertyValue\",\"name\":\"Ville\",\"value\":\"Plougonvelin\"},{\"@type\":\"PropertyValue\",\"name\":\"Code postal\",\"value\":\"29217\"}]}},{\"@type\":\"ListItem\",\"position\":276,\"item\":{\"@type\":\"Thing\",\"name\":\"Exposition - \\\"Le ronronnement des machines\\\"\",\"description\":\"La Maison de la Fontaine accueille l\u2019exposition \u00ab Le ronronnement des machines \u00bb des artistes L\u00e9ticia Chanliau, Brieg Huon et Chlo\u00e9 Macary-Carney.\\n \\nL\u2019occasion pour les artistes de s\u2019interroger sur notre rapport aux machines par le biais d\u2019une exposition ludique et participative en direction de tous les publics, y compris les plus jeunes. L\u2019exposition se prolonge aux abords de la Tour Tanguy par des reproductions de dessins et peintures.\\n\\nL\u2019exposition : \\nL\u00e9ticia Chanliau, Brieg Huon et Chlo\u00e9 Macary-Carney, trois artistes qui vivent et travaillent \u00e0 Brest, proposent une exposition ludique, qui explore la nature de nos relations avec les machines. \u00c0 quoi servent-elles ? Si ce sont des objets qui nous entourent et nous accompagnent au quotidien, nous ne prenons pas souvent le temps de les observer, de tenter de les comprendre : nous les cantonnons \u00e0 leur efficacit\u00e9. L\u2019exposition nous incite \u00e0 nous interroger sur leurs capacit\u00e9s \u00e0 nous apporter du bien-\u00eatre, mais aussi de tenter de saisir notre attachement \u00e0 ces machines, ainsi que la relation d\u2019emprise qui peut parfois en d\u00e9couler.\\n\\nL\u2019exposition se d\u00e9ploie tout d\u2019abord en int\u00e9rieur, \u00e0 la Maison de la Fontaine, autour de sculptures et d\u2019installations, permettant une exp\u00e9rience immersive et participative. Un espace de lecture et de d\u00e9tente, garni de \u00ab coussins-outils \u00bb confectionn\u00e9s lors d\u2019ateliers avec le jeune public pendant le temps de r\u00e9sidence artistique, permet \u00e9galement de d\u00e9couvrir des t\u00e9moignages de femmes et d\u2019hommes que les artistes ont interrog\u00e9s sur leur rapport aux machines et aux outils. \\n\\nL\u2019exposition en ext\u00e9rieur, sur les panneaux install\u00e9s aux abords de la Tour Tanguy, permet de d\u00e9couvrir des reproductions de dessins et peintures r\u00e9alis\u00e9s dans le cadre de ces entretiens. Lors de ces \u00e9changes, les artistes auront capt\u00e9 ce que leurs poches rec\u00e8lent pour r\u00e9aliser des portraits en creux des personnes interrog\u00e9es et r\u00e9v\u00e9ler la beaut\u00e9, l\u2019\u00e9tranget\u00e9 de leurs amulettes modernes, des images \u00ab vide-poche \u00bb inspir\u00e9es du travail de Louis-L\u00e9opold Boilly.\\n\\nDeux Lieux d\u2019exposition :\\n\\nLa Maison de la Fontaine\\nAux abords de la Tour Tanguy square Pierre P\u00e9ron\\n\\nOuverture de l\u2019exposition \\nDu mardi au samedi de 14h30 \u00e0 18h30, le mercredi de 10h \u00e0 12h et de 14h30 \u00e0 18h30.\\nFerm\u00e9e les dimanches, lundis et jours f\u00e9ri\u00e9s\\nDans le cadre des Journ\u00e9es Europ\u00e9ennes du patrimoine ouverture le dimanche 20 septembre de 14h30 \u00e0 18h30.\\nRencontres des artistes avec le public\\n\\n\\nRencontre grand public (sans inscription) :\\nsamedi 20 juin de 14h30 \u00e0 18h30\\ndimanche 20 septembre de 14h30 \u00e0 18h30 \u2013 ouverture exceptionnelle dans le cadre des Journ\u00e9es Europ\u00e9ennes du Patrimoine.\",\"geo\":{\"@type\":\"GeoCoordinates\",\"latitude\":48.38207,\"longitude\":-4.49944},\"additionalProperty\":[{\"@type\":\"PropertyValue\",\"name\":\"Titre\",\"value\":\"Exposition - \\\"Le ronronnement des machines\\\"\"},{\"@type\":\"PropertyValue\",\"name\":\"Cat\u00e9gorie\",\"value\":\"Expositions\"},{\"@type\":\"PropertyValue\",\"name\":\"Ville\",\"value\":\"Brest\"},{\"@type\":\"PropertyValue\",\"name\":\"Code postal\",\"value\":\"29200\"}]}},{\"@type\":\"ListItem\",\"position\":277,\"item\":{\"@type\":\"Thing\",\"name\":\"Les Ateliers des capucins f\u00eatent leurs 10 ans !\",\"description\":\"En une d\u00e9cennie, les Ateliers sont devenus un espace partag\u00e9, travers\u00e9 par toutes les g\u00e9n\u00e9rations et toutes les cultures. Usagers, colocs, artistes, visiteurs : chacun y \u00e9crit, \u00e0 sa mani\u00e8re, une part de cette nouvelle histoire collective.\\n\\nUne telle histoire, \u00e7a se f\u00eate ensemble et \u00e7a se pr\u00e9pare \u00e0 plusieurs ! Alors, on a embarqu\u00e9 nos amis dans l\u2019aventure :  Le Quartz, La Car\u00e8ne, Astropolis, Brest En Bulles, Le Fourneau et bien d\u2019autres\u2026  \\n\\nPr\u00e9parez-vous pour une ann\u00e9e rythm\u00e9e d\u2019une programmation sp\u00e9ciale avec des rendez-vous artistiques, prestigieux et populaires ouverts \u00e0 tous !\\n\\nCher petit pilote de trottinettes folles, ch\u00e8re amatrice d\u2019art, ch\u00e8re mamie rock\u2019n\u2019roll, cher papy skateur, ch\u00e8re ados rebelle, cher fl\u00e2neur, ch\u00e8re sportive, cher danseur, vous \u00eates officiellement tous et toutes invit\u00e9s \u00e0 f\u00eater les 10 ans des Ateliers ! \\n\\n\\n\\nBienvenue aux Ateliers. \\nDepuis dix ans\u2026 et pour longtemps encore.\",\"url\":\"https:\/\/www.ateliersdescapucins.fr\/fr\/programmation\/les-ateliers-fetent-leurs-10-ans\",\"geo\":{\"@type\":\"GeoCoordinates\",\"latitude\":48.3894,\"longitude\":-4.49924},\"additionalProperty\":[{\"@type\":\"PropertyValue\",\"name\":\"Titre\",\"value\":\"Les Ateliers des capucins f\u00eatent leurs 10 ans !\"},{\"@type\":\"PropertyValue\",\"name\":\"Cat\u00e9gorie\",\"value\":\"Concerts, musique & festivals\"},{\"@type\":\"PropertyValue\",\"name\":\"Ville\",\"value\":\"Brest\"},{\"@type\":\"PropertyValue\",\"name\":\"Code postal\",\"value\":\"29200\"}]}},{\"@type\":\"ListItem\",\"position\":278,\"item\":{\"@type\":\"Thing\",\"name\":\"Conf\u00e9rences \\\"Rendez-vous - Emgavio\u00f9 Landevenneg\\\"\",\"description\":\"Cycle de conf\u00e9rences mensuelles de mars \u00e0 octobre 2026\\n\\nEn partenariat avec Breizh Odyss\u00e9e, l\u2019association \u00ab Histoire et Culture de Bretagne \u00bb propose ses \u00ab Rendez-vous de Landevenneg \u00bb, \u00e0 la salle polyvalente de Landevenneg.\\nL\u2019histoire, la culture, la soci\u00e9t\u00e9, l\u2019environnement.. de nombreux th\u00e8mes seront abord\u00e9s lors de ces nouveaux \u00ab Emgavio\u00f9 \u00bb de la presqu\u2019\u00eele de Crozon.\",\"url\":\"https:\/\/www.breizh-odyssee.bzh\/evenements\/conferences\",\"geo\":{\"@type\":\"GeoCoordinates\",\"latitude\":48.2910595,\"longitude\":-4.2675401},\"additionalProperty\":[{\"@type\":\"PropertyValue\",\"name\":\"Titre\",\"value\":\"Conf\u00e9rences \\\"Rendez-vous - Emgavio\u00f9 Landevenneg\\\"\"},{\"@type\":\"PropertyValue\",\"name\":\"Cat\u00e9gorie\",\"value\":\"Autres \u00e9v\u00e9nements\"},{\"@type\":\"PropertyValue\",\"name\":\"Ville\",\"value\":\"Land\u00e9vennec\"},{\"@type\":\"PropertyValue\",\"name\":\"Code postal\",\"value\":\"29560\"}]}},{\"@type\":\"ListItem\",\"position\":279,\"item\":{\"@type\":\"Thing\",\"name\":\"Bains de For\u00eat\",\"description\":\"\u00c0 l\u2019\u00e9coute des arbres\\n\\nAu c\u0153ur du Bois de Suguensou, offrez-vous une parenth\u00e8se hors du temps pour ralentir et vous reconnecter \u00e0 vos sensations.\\nCette exp\u00e9rience guid\u00e9e invite \u00e0 explorer la rencontre avec les arbres de mani\u00e8re progressive : d\u2019abord \u00e0 distance, puis en s\u2019approchant doucement de leurs troncs. \u00c0 travers une \u00e9coute attentive du corps et une perception subtile du mouvement \u00e9nerg\u00e9tique, chacun est amen\u00e9 \u00e0 vivre un dialogue silencieux avec le vivant.\\nSurprenante au d\u00e9but, cette approche devient rapidement un moment profond d\u2019ancrage et de pr\u00e9sence, o\u00f9 l\u2019on passe du \u00ab faire \u00bb \u00e0 l\u2019\u00ab \u00eatre \u00bb.\\n\\nInformations particuli\u00e8res :\\n- Tout public \u00e0 partir de 11 ans\\n- Pr\u00e9voir une tenue adapt\u00e9e permettant d'aller hors des sentiers\\n\\nLes lundis matins \u00e0 9h.\\nR\u00e9servation possible aupr\u00e8s de l'Office de Tourisme d'Audierne ou par t\u00e9l\u00e9phone.\",\"url\":\"http:\/\/virginie-guezennec.fr\/\",\"geo\":{\"@type\":\"GeoCoordinates\",\"latitude\":48.035306,\"longitude\":-4.5400859},\"additionalProperty\":[{\"@type\":\"PropertyValue\",\"name\":\"Titre\",\"value\":\"Bains de For\u00eat\"},{\"@type\":\"PropertyValue\",\"name\":\"Cat\u00e9gorie\",\"value\":\"Sport & randonn\u00e9e\"},{\"@type\":\"PropertyValue\",\"name\":\"Ville\",\"value\":\"Audierne\"},{\"@type\":\"PropertyValue\",\"name\":\"Code postal\",\"value\":\"29770\"}]}},{\"@type\":\"ListItem\",\"position\":280,\"item\":{\"@type\":\"Thing\",\"name\":\"Visite guid\u00e9e \u00ab\u00a0Les rendez-vous de la Pointe\u00a0\u00bb\",\"description\":\"Comprendre un paysage d\u2019exception, en famille.\\n\\nCette visite guid\u00e9e invite petits et grands \u00e0 d\u00e9couvrir les paysages spectaculaires de la Pointe du Raz et \u00e0 comprendre ce qui fait la singularit\u00e9 de ce site embl\u00e9matique du Finist\u00e8re. Au fil du parcours, le guide d\u00e9crypte la formation des falaises, l\u2019influence des vents et des courants, ainsi que l\u2019histoire humaine intimement li\u00e9e \u00e0 ce bout du monde. Anecdotes, observations et \u00e9changes rythment la visite, pens\u00e9e pour \u00eatre accessible et ludique. Une formule id\u00e9ale pour une premi\u00e8re approche du site, \u00e0 partager en famille, entre terre et mer.\\n\\nD\u00e9part du s\u00e9maphore (\u00e0 800 m du parking) - Dur\u00e9e 1h\",\"url\":\"https:\/\/www.toutcommenceenfinistere.com\/pointe-du-raz\/preparer-sa-visite\/\",\"geo\":{\"@type\":\"GeoCoordinates\",\"latitude\":48.040859,\"longitude\":-4.670977},\"additionalProperty\":[{\"@type\":\"PropertyValue\",\"name\":\"Titre\",\"value\":\"Visite guid\u00e9e \u00ab\u00a0Les rendez-vous de la Pointe\u00a0\u00bb\"},{\"@type\":\"PropertyValue\",\"name\":\"Cat\u00e9gorie\",\"value\":\"Sport & randonn\u00e9e\"},{\"@type\":\"PropertyValue\",\"name\":\"Ville\",\"value\":\"Plogoff\"},{\"@type\":\"PropertyValue\",\"name\":\"Code postal\",\"value\":\"29770\"}]}},{\"@type\":\"ListItem\",\"position\":281,\"item\":{\"@type\":\"Thing\",\"name\":\"D\u00e9couverte des oiseaux du littoral\",\"description\":\"Sortie nature et balade ornithologique : d\u00e9couverte et observation des oiseaux du littoral du pays d\u2019Iroise. \\n\\nTendez l\u2019oreille et venez d\u00e9couvrir les richesses naturelles du Finist\u00e8re. Peut-\u00eatre y a-t-il un rouge-gorge sur votre droite, un go\u00ebland au-dessus de votre t\u00eate filant dans les courants d\u2019air ? \\n\\nLe long du sentier c\u00f4tier, nous cherchons les esp\u00e8ces cach\u00e9es entre les rochers ou dans l\u2019\u00e9cume des vagues. Nous apprenons \u00e0 les identifier et nous \u00e9coutons leur chant.\\n\\nSorties au d\u00e9part de la plage de Porsmilin tous les lundis matin \u00e0 9 h. Des sorties sur d'autres sites sont pr\u00e9vues dans la semaine, n'h\u00e9sitez pas \u00e0 nous contacter.\\nAdapt\u00e9 aux enfants. Tarif enfant jusqu'\u00e0 9 ans inclus.\\nR\u00e9servation en ligne.\\n\\nLes randonn\u00e9es et balades nature propos\u00e9es par Terre d'\u00c9cume sont accessibles \u00e0 tous (de 16 \u00e0 99 ans), la difficult\u00e9 des circuits (distance, d\u00e9nivel\u00e9 et rythme de marche) est adapt\u00e9e \u00e0 chacun.\\nAcc\u00e8s PMR et difficult\u00e9 \u00e0 se mouvoir (b\u00e9quilles, ...)\u00a0: circuits disponibles sur demande.\",\"url\":\"https:\/\/terredecume.fr\/\",\"geo\":{\"@type\":\"GeoCoordinates\",\"latitude\":48.3744869,\"longitude\":-4.6450747},\"additionalProperty\":[{\"@type\":\"PropertyValue\",\"name\":\"Titre\",\"value\":\"D\u00e9couverte des oiseaux du littoral\"},{\"@type\":\"PropertyValue\",\"name\":\"Cat\u00e9gorie\",\"value\":\"En famille\"},{\"@type\":\"PropertyValue\",\"name\":\"Ville\",\"value\":\"Locmaria-Plouzan\u00e9\"},{\"@type\":\"PropertyValue\",\"name\":\"Code postal\",\"value\":\"29280\"}]}},{\"@type\":\"ListItem\",\"position\":282,\"item\":{\"@type\":\"Thing\",\"name\":\"Gef\u00fchrter Fotospaziergang durch Douarnenez\",\"description\":\"Gef\u00fchrter Fotospaziergang durch Douarnenez :\\nEntdecken Sie mit dem Marco-Polo-Autor und erfahrenen Reiseleiter Errol Friedhelm Karakoc die Hafenstadt und ihre K\u00f6nigin, die Sardine. Auf den Spuren der hiesigen Fischer begegnen Sie streitbaren Damen, kuriosen Riten der heimischen Bev\u00f6lkerung, h\u00fcbscher Architektur aus den letzten Jahrhunderten, spannenden Legenden, vielleicht sogar Kommissar Dupin und haben dabei immer wieder den Blick auf die Bucht. Freuen Sie sich auf etwa zwei Stunden des Flanierens durch die Gassen des Hafenviertels Rosmeur.\\n\\nDauer: ca. 2h\\nSprache: auf Deutsch\\nSchwierigkeitsgrad: einfach bis mittel (leichte Steigungen\/Gef\u00e4lle auf st\u00e4dtischen Wegen, einige Stufen)\",\"url\":\"http:\/\/www.douarnenez-tourisme.com\/\",\"geo\":{\"@type\":\"GeoCoordinates\",\"latitude\":48.0931504,\"longitude\":-4.3310605},\"additionalProperty\":[{\"@type\":\"PropertyValue\",\"name\":\"Titre\",\"value\":\"Gef\u00fchrter Fotospaziergang durch Douarnenez\"},{\"@type\":\"PropertyValue\",\"name\":\"Cat\u00e9gorie\",\"value\":\"Autres \u00e9v\u00e9nements\"},{\"@type\":\"PropertyValue\",\"name\":\"Ville\",\"value\":\"Douarnenez\"},{\"@type\":\"PropertyValue\",\"name\":\"Code postal\",\"value\":\"29100\"}]}},{\"@type\":\"ListItem\",\"position\":283,\"item\":{\"@type\":\"Thing\",\"name\":\"Fest Deiz au mus\u00e9e Ti Gwechal de Dirinon\",\"description\":\"14h30 : Animation jeux Bretons au mus\u00e9e Ti Gwechal de Dirinon\\n17h : Initiation aux danses\\n18h-21h : Fest Deiz avec Diatonik Penn ar Bed,\\nSivi Wonder et Irvoas \/ Moign\\nSur place restauration et buvette : Galette saucisse et cr\u00eape dessert. - Suivant la m\u00e9t\u00e9o annulation possible de la manifestation - Partenaire de l'organisation: Association Ti Ar Vro\",\"geo\":{\"@type\":\"GeoCoordinates\",\"latitude\":48.3974813,\"longitude\":-4.2697699},\"additionalProperty\":[{\"@type\":\"PropertyValue\",\"name\":\"Titre\",\"value\":\"Fest Deiz au mus\u00e9e Ti Gwechal de Dirinon\"},{\"@type\":\"PropertyValue\",\"name\":\"Cat\u00e9gorie\",\"value\":\"Concerts, musique & festivals\"},{\"@type\":\"PropertyValue\",\"name\":\"Ville\",\"value\":\"Dirinon\"},{\"@type\":\"PropertyValue\",\"name\":\"Code postal\",\"value\":\"29460\"}]}},{\"@type\":\"ListItem\",\"position\":284,\"item\":{\"@type\":\"Thing\",\"name\":\"Visite guid\u00e9e \u00e0 la Cidrerie de Rozavern\",\"description\":\"Savez-vous comment les pommes se transforment en jus ou en cidre ?\\n\\nNous vous faisons visiter la cidrerie pour vous pr\u00e9senter notre fa\u00e7on de travailler et les \u00e9tapes n\u00e9cessaires \u00e0 l\u2019\u00e9laboration de nos produits.\\n\\nLe mat\u00e9riel, les processus, les d\u00e9fis et le calendrier, nous vous expliquons tout et vos questions sont les bienvenues !\\n\\nPlusieurs fa\u00e7ons de visiter :\\n\\n    En juillet et ao\u00fbt : mardi et jeudi \u00e0 11h et \u00e0 18h. La visite est gratuite, sans r\u00e9servation, et commence \u00e0 l\u2019heure pile !\\n    En groupe, selon nos disponibilit\u00e9s, sur rendez-vous (tu e vefe e Brezhoneg, it can be in English, si se puede en Espa\u00f1ol)\\n\\nLa visite se termine par une d\u00e9gustation des produits. Elle est gratuite et dure environ une heure trente.\",\"url\":\"https:\/\/www.rozavern.fr\/Visite-guidee.html\",\"geo\":{\"@type\":\"GeoCoordinates\",\"latitude\":48.25025,\"longitude\":-4.38179},\"additionalProperty\":[{\"@type\":\"PropertyValue\",\"name\":\"Titre\",\"value\":\"Visite guid\u00e9e \u00e0 la Cidrerie de Rozavern\"},{\"@type\":\"PropertyValue\",\"name\":\"Cat\u00e9gorie\",\"value\":\"Autres \u00e9v\u00e9nements\"},{\"@type\":\"PropertyValue\",\"name\":\"Ville\",\"value\":\"Telgruc-sur-Mer\"},{\"@type\":\"PropertyValue\",\"name\":\"Code postal\",\"value\":\"29560\"}]}},{\"@type\":\"ListItem\",\"position\":285,\"item\":{\"@type\":\"Thing\",\"name\":\"Les Marines de Dilasser - Exposition\",\"description\":\"\u00c0 l\u2019occasion du centenaire de la naissance du peintre Fran\u00e7ois Dilasser, l\u2019association Atelier Fran\u00e7ois Dilasser organise une vaste r\u00e9trospective r\u00e9partie en dix lieux de Bretagne. Le mus\u00e9e national de la Marine pr\u00e9sente une douzaine d\u2019\u0153uvres d\u2019inspiration maritime du peintre.\\n\\nLa mer constitua tout au long de sa vie l\u2019horizon familier de Fran\u00e7ois Dilasser. Il vivait une partie de son temps \u00e0 Kerlouan \u00e0 deux pas de l\u2019eau et eut un atelier \u00e0 Brignogan. Deux ou trois fois par semaine il marchait et courait sur la gr\u00e8ve de Keremma. La mer donc. \\n\\nPourtant, et cela tient \u00e0 la nature m\u00eame de son \u0153uvre, point ici d\u2019illustration directe de cette inclination. La forme arch\u00e9typale qui apparait en 1973, une sorte de parall\u00e9l\u00e9pip\u00e8de, \u00e0 la fois cadre et contour, en \u00e9voquant l\u2019apparence d\u2019antiques et l\u00e9gendaires navires, va s\u2019articuler dans les assemblages magistraux dits \u00ab Passage de la Mer Rouge \u00bb. \\n\\nPlus tard, un ami, l\u2019\u00e9crivain Jean-Pierre Abraham, signale au peintre l\u2019existence d\u2019un bateau-phare tout rouge dans le port-mus\u00e9e de Douarnenez. Ce sera le d\u00e9clencheur d\u2019un ensemble comprenant les T\u00eates marines ou Pr\u00e9 bateaux-feux puis les Bateaux-feux eux-m\u00eames. \u00c0 cela il faut ajouter une s\u00e9rie ant\u00e9rieure et plus directement paysag\u00e8re dont le titre provient du nom d\u2019un rocher de la Manche, Yok.\",\"url\":\"https:\/\/www.musee-marine.fr\/nos-musees\/brest\/expositions-et-evenements\/les-expositions\/centenaire-francois-dilasser-une-retrospective-en-bretagne.html\",\"geo\":{\"@type\":\"GeoCoordinates\",\"latitude\":48.3817225,\"longitude\":-4.4921918},\"additionalProperty\":[{\"@type\":\"PropertyValue\",\"name\":\"Titre\",\"value\":\"Les Marines de Dilasser - Exposition\"},{\"@type\":\"PropertyValue\",\"name\":\"Cat\u00e9gorie\",\"value\":\"Expositions\"},{\"@type\":\"PropertyValue\",\"name\":\"Ville\",\"value\":\"Brest\"},{\"@type\":\"PropertyValue\",\"name\":\"Code postal\",\"value\":\"29200\"}]}},{\"@type\":\"ListItem\",\"position\":286,\"item\":{\"@type\":\"Thing\",\"name\":\"Escape game historique\",\"description\":\"En 1898, alors que le port de Pont-Croix vit ses derni\u00e8res ann\u00e9es, un myst\u00e9rieux sabotage menace le d\u00e9part du dernier caboteur du Goyen.\\n\\nLes joueurs auront une heure pour enqu\u00eater dans le bureau d'un n\u00e9gociant en grains afin de faire la lumi\u00e8re sur cette affaire. Fouille, observation, r\u00e9flexion et coop\u00e9ration seront de mise pour mener \u00e0 bien cette mission.\\n\\nInstall\u00e9 sous les combles du Marquisat \u00e0 Pont-Croix, cet escape game vous plongera dans l'histoire de la fin du 19\u00e8me si\u00e8cle. Une fa\u00e7on ludique de d\u00e9couvrir le patrimoine local en famille ou entre amis.\\n\\nR\u00e9servation 06 66 73 04 34\\n54\u20ac pour 2 joueurs, 63 \u20ac pour 3, 72\u20ac pour 4, et 75\u20ac pour 5\\n\\nTous les jours de Juillet \u00e0 Octobre\",\"url\":\"https:\/\/escap29.fr\/\",\"geo\":{\"@type\":\"GeoCoordinates\",\"latitude\":48.040988,\"longitude\":-4.487926},\"additionalProperty\":[{\"@type\":\"PropertyValue\",\"name\":\"Titre\",\"value\":\"Escape game historique\"},{\"@type\":\"PropertyValue\",\"name\":\"Cat\u00e9gorie\",\"value\":\"En famille\"},{\"@type\":\"PropertyValue\",\"name\":\"Ville\",\"value\":\"Pont-Croix\"},{\"@type\":\"PropertyValue\",\"name\":\"Code postal\",\"value\":\"29790\"}]}},{\"@type\":\"ListItem\",\"position\":287,\"item\":{\"@type\":\"Thing\",\"name\":\"Exposition - Charybde & Scylla\",\"description\":\"Derri\u00e8re Charybde & Scylla\u00a0se cache une jeune artiste brestoise talentueuse. \\nL\u2019\u00e9quipe organisatrice \u00ab Des Cr\u00eapes & Des Jeux \u00bb, s\u00e9duite par sa cr\u00e9ativit\u00e9, l\u2019avait choisie pour r\u00e9aliser l\u2019affiche de l\u2019\u00e9v\u00e8nement en f\u00e9vrier 2026. Nous avons le plaisir de l\u2019accueillir pour exposer ses cr\u00e9ations tout l\u2019\u00e9t\u00e9 \u00e0 la biblioth\u00e8que. \\n\\nVenez la rencontrer lors du vernissage de l\u2019exposition, le vendredi 26 juin \u00e0 20h30 !\\nOuverture le mardi et vendredi de 17h \u00e0 19h & le mercredi et samedi de 10h \u00e0 12h.\\nEntr\u00e9e libre et ouverte \u00e0 tous.\",\"url\":\"https:\/\/www.bibliotheque-loperhet.fr\/\",\"geo\":{\"@type\":\"GeoCoordinates\",\"latitude\":48.3744141,\"longitude\":-4.3055249},\"additionalProperty\":[{\"@type\":\"PropertyValue\",\"name\":\"Titre\",\"value\":\"Exposition - Charybde & Scylla\"},{\"@type\":\"PropertyValue\",\"name\":\"Cat\u00e9gorie\",\"value\":\"Expositions\"},{\"@type\":\"PropertyValue\",\"name\":\"Ville\",\"value\":\"Loperhet\"},{\"@type\":\"PropertyValue\",\"name\":\"Code postal\",\"value\":\"29470\"}]}},{\"@type\":\"ListItem\",\"position\":288,\"item\":{\"@type\":\"Thing\",\"name\":\"Visite de la pointe Saint-Mathieu\",\"description\":\"Dans un p\u00e9rim\u00e8tre ultra concentr\u00e9, la pointe Saint-Mathieu nous ouvre une fen\u00eatre sur la Bretagne, son histoire mouvement\u00e9e, sa vie maritime et ses l\u00e9gendes \u00e9ternelles. Cette visite vous fera entrevoir l'histoire cach\u00e9e derri\u00e8re la splendeur de ce bout du Monde.\",\"url\":\"http:\/\/ribine-experience.fr\/\",\"geo\":{\"@type\":\"GeoCoordinates\",\"latitude\":48.3308594,\"longitude\":-4.7705926},\"additionalProperty\":[{\"@type\":\"PropertyValue\",\"name\":\"Titre\",\"value\":\"Visite de la pointe Saint-Mathieu\"},{\"@type\":\"PropertyValue\",\"name\":\"Cat\u00e9gorie\",\"value\":\"Autres \u00e9v\u00e9nements\"},{\"@type\":\"PropertyValue\",\"name\":\"Ville\",\"value\":\"Plougonvelin\"},{\"@type\":\"PropertyValue\",\"name\":\"Code postal\",\"value\":\"29217\"}]}},{\"@type\":\"ListItem\",\"position\":289,\"item\":{\"@type\":\"Thing\",\"name\":\"Exposition peintures et c\u00e9ramiques contemporaines 2026#3\",\"description\":\"L\u2019exposition #3 rassemble 5 artistes. Retour au calme, \u00e0 la porcelaine et, plus largement, \u00e0 l\u2019essence mat\u00e9rielle de chaque chose.\\n\\nJean Girel | Ruth Gurvich | Val\u00e9rie Hermans | Ana\u00efs Leli\u00e8vre | Toshio Shimamura\\n\\nCommissariat par St\u00e9phanie Le Follic-Hadida\\n\\nAna\u00efs Leli\u00e8vre qui agit de fa\u00e7on tr\u00e8s privil\u00e9gi\u00e9e sur le champ de l\u2019installation, c\u00e9ramique et papier, interroge et rend hommage \u00e0 la g\u00e9ologie, \u00e0 ses strates superficielles et profondes, ses arrachements, ses d\u00e9chirures\u2026 Ruth Gurvichd\u00e9veloppe, au gr\u00e9 de plusieurs installations sur table, un rapport illusionniste et m\u00e9ditatif \u00e0 la mati\u00e8re. Entre papier et porcelaine, les sens se troublent et vagabondent d\u00e9licieusement. \\n\\nD\u00e9cors peints sur porcelaine interagiront avec la science des \u00e9maux de Jean Girel, nourri des lumi\u00e8res bretonnes et avec les bleus iris\u00e9s de Val\u00e9rie Hermans. Les macro-photographies de Toshio Shimamura, portraits de fleurs fl\u00e9tries et de nuages fugaces r\u00e9sonneront sereinement dans ce concert de pr\u00e9sences c\u00e9ramiques.\",\"url\":\"http:\/\/artbausa.com\/\",\"geo\":{\"@type\":\"GeoCoordinates\",\"latitude\":48.2418,\"longitude\":-4.49576},\"additionalProperty\":[{\"@type\":\"PropertyValue\",\"name\":\"Titre\",\"value\":\"Exposition peintures et c\u00e9ramiques contemporaines 2026#3\"},{\"@type\":\"PropertyValue\",\"name\":\"Cat\u00e9gorie\",\"value\":\"Expositions\"},{\"@type\":\"PropertyValue\",\"name\":\"Ville\",\"value\":\"Crozon\"},{\"@type\":\"PropertyValue\",\"name\":\"Code postal\",\"value\":\"29160\"}]}},{\"@type\":\"ListItem\",\"position\":290,\"item\":{\"@type\":\"Thing\",\"name\":\"Visite guid\u00e9e \u00ab\u00a0Les rendez-vous de la Pointe\u00a0\u00bb\",\"description\":\"Comprendre un paysage d\u2019exception, en famille.\\n\\nCette visite guid\u00e9e invite petits et grands \u00e0 d\u00e9couvrir les paysages spectaculaires de la Pointe du Raz et \u00e0 comprendre ce qui fait la singularit\u00e9 de ce site embl\u00e9matique du Finist\u00e8re. Au fil du parcours, le guide d\u00e9crypte la formation des falaises, l\u2019influence des vents et des courants, ainsi que l\u2019histoire humaine intimement li\u00e9e \u00e0 ce bout du monde. Anecdotes, observations et \u00e9changes rythment la visite, pens\u00e9e pour \u00eatre accessible et ludique. Une formule id\u00e9ale pour une premi\u00e8re approche du site, \u00e0 partager en famille, entre terre et mer.\\n\\nD\u00e9part du s\u00e9maphore (\u00e0 800 m du parking) - Dur\u00e9e 1h\",\"url\":\"https:\/\/www.toutcommenceenfinistere.com\/pointe-du-raz\/preparer-sa-visite\/\",\"geo\":{\"@type\":\"GeoCoordinates\",\"latitude\":48.040859,\"longitude\":-4.670977},\"additionalProperty\":[{\"@type\":\"PropertyValue\",\"name\":\"Titre\",\"value\":\"Visite guid\u00e9e \u00ab\u00a0Les rendez-vous de la Pointe\u00a0\u00bb\"},{\"@type\":\"PropertyValue\",\"name\":\"Cat\u00e9gorie\",\"value\":\"Sport & randonn\u00e9e\"},{\"@type\":\"PropertyValue\",\"name\":\"Ville\",\"value\":\"Plogoff\"},{\"@type\":\"PropertyValue\",\"name\":\"Code postal\",\"value\":\"29770\"}]}},{\"@type\":\"ListItem\",\"position\":291,\"item\":{\"@type\":\"Thing\",\"name\":\"Balade d\u00e9couverte en baie d'Audierne avec Audierne Yachting\",\"description\":\"Balade d\u00e9couverte de 3 h en baie d'Audierne sur l'Atlantis,un voilier habitable de 11,75 m avec un skipper professionnel exp\u00e9riment\u00e9 qui adapte la navigation \u00e0 tous les niveaux de 4 \u00e0 80 ans.\\nUn moment privil\u00e9gi\u00e9 de connexion avec le monde marin, durant cette navigation au large, vous pouvez participer ou simplement vous laisser porter.\",\"url\":\"http:\/\/www.audierne-yachting.com\/\",\"geo\":{\"@type\":\"GeoCoordinates\",\"latitude\":48.0228702,\"longitude\":-4.5386722},\"additionalProperty\":[{\"@type\":\"PropertyValue\",\"name\":\"Titre\",\"value\":\"Balade d\u00e9couverte en baie d'Audierne avec Audierne Yachting\"},{\"@type\":\"PropertyValue\",\"name\":\"Cat\u00e9gorie\",\"value\":\"Autres \u00e9v\u00e9nements\"},{\"@type\":\"PropertyValue\",\"name\":\"Ville\",\"value\":\"Audierne\"},{\"@type\":\"PropertyValue\",\"name\":\"Code postal\",\"value\":\"29770\"}]}},{\"@type\":\"ListItem\",\"position\":292,\"item\":{\"@type\":\"Thing\",\"name\":\"Visite guid\u00e9e des vieux quartiers de Douarnenez\",\"description\":\"Cette balade vous fait d\u00e9couvrir l'\u00e2me de Douarnenez et comprendre son histoire si intimement li\u00e9e \u00e0 l'\u00e9pop\u00e9e de la sardine. Parcourez les rues et les venelles de la ville avec leur architecture du 19\u00e8me si\u00e8cle et leurs anciennes conserveries dissimul\u00e9es parmi les maisons. Fl\u00e2nez sur le vieux port m\u00e9moire de tout l'ancien Douarnenez jusqu'\u00e0 l'abri du marin, lieu sacr\u00e9 pour les p\u00eacheurs. Inscription n\u00e9cessaire \u00e0 l'Office de Tourisme.\",\"url\":\"http:\/\/www.douarnenez-tourisme.com\/\",\"geo\":{\"@type\":\"GeoCoordinates\",\"latitude\":48.0931504,\"longitude\":-4.3310605},\"additionalProperty\":[{\"@type\":\"PropertyValue\",\"name\":\"Titre\",\"value\":\"Visite guid\u00e9e des vieux quartiers de Douarnenez\"},{\"@type\":\"PropertyValue\",\"name\":\"Cat\u00e9gorie\",\"value\":\"Autres \u00e9v\u00e9nements\"},{\"@type\":\"PropertyValue\",\"name\":\"Ville\",\"value\":\"Douarnenez\"},{\"@type\":\"PropertyValue\",\"name\":\"Code postal\",\"value\":\"29100\"}]}},{\"@type\":\"ListItem\",\"position\":293,\"item\":{\"@type\":\"Thing\",\"name\":\"March\u00e9 bio, local et musical - Concert Skanky Combo\",\"description\":\"Retrouvez \u00e0 partir de 17 heures sur la place de la R\u00e9publique de Pont-Croix artisans, producteurs, food-trucks et buvette du Cap Sizun et des territoires alentours. \\n\\n\u00c0 20 heures, Skanky Combo viendra vous faire danser au son des ses compositions ska, rocksteady, et reggae.\",\"url\":\"http:\/\/mabiolozic.org\/\",\"geo\":{\"@type\":\"GeoCoordinates\",\"latitude\":48.0406541,\"longitude\":-4.486483},\"additionalProperty\":[{\"@type\":\"PropertyValue\",\"name\":\"Titre\",\"value\":\"March\u00e9 bio, local et musical - Concert Skanky Combo\"},{\"@type\":\"PropertyValue\",\"name\":\"Cat\u00e9gorie\",\"value\":\"Concerts, musique & festivals\"},{\"@type\":\"PropertyValue\",\"name\":\"Ville\",\"value\":\"Pont-Croix\"},{\"@type\":\"PropertyValue\",\"name\":\"Code postal\",\"value\":\"29790\"}]}},{\"@type\":\"ListItem\",\"position\":294,\"item\":{\"@type\":\"Thing\",\"name\":\"Conf\u00e9rence l'IA er les humano\u00eedes\",\"description\":\"Conference d\u00e9bat\",\"geo\":{\"@type\":\"GeoCoordinates\",\"latitude\":48.27411,\"longitude\":-4.59593},\"additionalProperty\":[{\"@type\":\"PropertyValue\",\"name\":\"Titre\",\"value\":\"Conf\u00e9rence l'IA er les humano\u00eedes\"},{\"@type\":\"PropertyValue\",\"name\":\"Cat\u00e9gorie\",\"value\":\"Autres \u00e9v\u00e9nements\"},{\"@type\":\"PropertyValue\",\"name\":\"Ville\",\"value\":\"Camaret-sur-Mer\"},{\"@type\":\"PropertyValue\",\"name\":\"Code postal\",\"value\":\"29570\"}]}},{\"@type\":\"ListItem\",\"position\":295,\"item\":{\"@type\":\"Thing\",\"name\":\"Visite guid\u00e9e \u00ab\u00a0Les rendez-vous de la Pointe\u00a0\u00bb\",\"description\":\"Comprendre un paysage d\u2019exception, en famille.\\n\\nCette visite guid\u00e9e invite petits et grands \u00e0 d\u00e9couvrir les paysages spectaculaires de la Pointe du Raz et \u00e0 comprendre ce qui fait la singularit\u00e9 de ce site embl\u00e9matique du Finist\u00e8re. Au fil du parcours, le guide d\u00e9crypte la formation des falaises, l\u2019influence des vents et des courants, ainsi que l\u2019histoire humaine intimement li\u00e9e \u00e0 ce bout du monde. Anecdotes, observations et \u00e9changes rythment la visite, pens\u00e9e pour \u00eatre accessible et ludique. Une formule id\u00e9ale pour une premi\u00e8re approche du site, \u00e0 partager en famille, entre terre et mer.\\n\\nD\u00e9part du s\u00e9maphore (\u00e0 800 m du parking) - Dur\u00e9e 1h\",\"url\":\"https:\/\/www.toutcommenceenfinistere.com\/pointe-du-raz\/preparer-sa-visite\/\",\"geo\":{\"@type\":\"GeoCoordinates\",\"latitude\":48.040859,\"longitude\":-4.670977},\"additionalProperty\":[{\"@type\":\"PropertyValue\",\"name\":\"Titre\",\"value\":\"Visite guid\u00e9e \u00ab\u00a0Les rendez-vous de la Pointe\u00a0\u00bb\"},{\"@type\":\"PropertyValue\",\"name\":\"Cat\u00e9gorie\",\"value\":\"Sport & randonn\u00e9e\"},{\"@type\":\"PropertyValue\",\"name\":\"Ville\",\"value\":\"Plogoff\"},{\"@type\":\"PropertyValue\",\"name\":\"Code postal\",\"value\":\"29770\"}]}},{\"@type\":\"ListItem\",\"position\":296,\"item\":{\"@type\":\"Thing\",\"name\":\"Dances bretonnes avec le groupe PLACK\",\"description\":\"Musique et initiation aux dances bretonnes\",\"geo\":{\"@type\":\"GeoCoordinates\",\"latitude\":48.27635,\"longitude\":-4.59611},\"additionalProperty\":[{\"@type\":\"PropertyValue\",\"name\":\"Titre\",\"value\":\"Dances bretonnes avec le groupe PLACK\"},{\"@type\":\"PropertyValue\",\"name\":\"Cat\u00e9gorie\",\"value\":\"Spectacles & cin\u00e9ma\"},{\"@type\":\"PropertyValue\",\"name\":\"Ville\",\"value\":\"Camaret-sur-Mer\"},{\"@type\":\"PropertyValue\",\"name\":\"Code postal\",\"value\":\"29570\"}]}},{\"@type\":\"ListItem\",\"position\":297,\"item\":{\"@type\":\"Thing\",\"name\":\"Visite guid\u00e9e - Rando Nature \u00e0 la Pointe du Van\",\"description\":\"Une immersion au c\u0153ur des paysages sauvages !\\n\\nMoins fr\u00e9quent\u00e9e mais tout aussi spectaculaire, la Pointe du Van se d\u00e9voile lors de cette randonn\u00e9e guid\u00e9e entre landes battues par les vents, falaises abruptes et patrimoine discret. Le guide vous accompagne \u00e0 la d\u00e9couverte d\u2019un territoire pr\u00e9serv\u00e9, fa\u00e7onn\u00e9 par la rencontre permanente entre la terre et l\u2019oc\u00e9an. Faune, flore, g\u00e9ologie et traces d\u2019activit\u00e9s humaines se m\u00ealent pour raconter l\u2019histoire de ces paysages contrast\u00e9s. Une sortie id\u00e9ale pour les amoureux de nature et de grands espaces.\\n\\nD\u00e9part du parking de la Pointe du Van - Dur\u00e9e 3h - 5 km \\n\\nLes mardis \u00e0 9h.\\n\\nSur r\u00e9servation aupr\u00e8s de la Maison de site ou de l'Office de Tourisme du Cap-Sizun \u00e0 Audierne.\",\"url\":\"https:\/\/www.toutcommenceenfinistere.com\/pointe-du-raz\/preparer-sa-visite\/\",\"geo\":{\"@type\":\"GeoCoordinates\",\"latitude\":48.064635,\"longitude\":-4.713811},\"additionalProperty\":[{\"@type\":\"PropertyValue\",\"name\":\"Titre\",\"value\":\"Visite guid\u00e9e - Rando Nature \u00e0 la Pointe du Van\"},{\"@type\":\"PropertyValue\",\"name\":\"Cat\u00e9gorie\",\"value\":\"Sport & randonn\u00e9e\"},{\"@type\":\"PropertyValue\",\"name\":\"Ville\",\"value\":\"Cl\u00e9den-Cap-Sizun\"},{\"@type\":\"PropertyValue\",\"name\":\"Code postal\",\"value\":\"29770\"}]}},{\"@type\":\"ListItem\",\"position\":298,\"item\":{\"@type\":\"Thing\",\"name\":\"Bains de For\u00eat\",\"description\":\"\u00c0 l\u2019\u00e9coute des arbres\\n\\nAu c\u0153ur du Bois de Suguensou, offrez-vous une parenth\u00e8se hors du temps pour ralentir et vous reconnecter \u00e0 vos sensations.\\nCette exp\u00e9rience guid\u00e9e invite \u00e0 explorer la rencontre avec les arbres de mani\u00e8re progressive : d\u2019abord \u00e0 distance, puis en s\u2019approchant doucement de leurs troncs. \u00c0 travers une \u00e9coute attentive du corps et une perception subtile du mouvement \u00e9nerg\u00e9tique, chacun est amen\u00e9 \u00e0 vivre un dialogue silencieux avec le vivant.\\nSurprenante au d\u00e9but, cette approche devient rapidement un moment profond d\u2019ancrage et de pr\u00e9sence, o\u00f9 l\u2019on passe du \u00ab faire \u00bb \u00e0 l\u2019\u00ab \u00eatre \u00bb.\\n\\nInformations particuli\u00e8res :\\n- Tout public \u00e0 partir de 11 ans\\n- Pr\u00e9voir une tenue adapt\u00e9e permettant d'aller hors des sentiers\\n\\nLes lundis matins \u00e0 9h.\\nR\u00e9servation possible aupr\u00e8s de l'Office de Tourisme d'Audierne ou par t\u00e9l\u00e9phone.\",\"url\":\"http:\/\/virginie-guezennec.fr\/\",\"geo\":{\"@type\":\"GeoCoordinates\",\"latitude\":48.035306,\"longitude\":-4.5400859},\"additionalProperty\":[{\"@type\":\"PropertyValue\",\"name\":\"Titre\",\"value\":\"Bains de For\u00eat\"},{\"@type\":\"PropertyValue\",\"name\":\"Cat\u00e9gorie\",\"value\":\"Sport & randonn\u00e9e\"},{\"@type\":\"PropertyValue\",\"name\":\"Ville\",\"value\":\"Audierne\"},{\"@type\":\"PropertyValue\",\"name\":\"Code postal\",\"value\":\"29770\"}]}},{\"@type\":\"ListItem\",\"position\":299,\"item\":{\"@type\":\"Thing\",\"name\":\"Randonn\u00e9e bien-\u00eatre : 1 \u00e0 3 jours - Le jeudi, vers Saint-Mathieu\",\"description\":\"Randonnez \u00e0 la journ\u00e9e avec Terre d'\u00c9cume, du mercredi au vendredi, pour rallier l\u2019un des phares de l\u2019Iroise.\\nProgramme du jeudi :  vers le phare de Saint-Mathieu \u2013 Lieu : Plougonvelin\\n\\nChoisissez de participer 1, 2 ou 3 jours, selon vos envies et disponibilit\u00e9s : les stages sont modulables !\\nMercredi 9 h \u2013  vers le phare du Petit Minou \\nVendredi 9 h \u2013 Vers le phare de Kermorvan \\n\\nLes randonn\u00e9es bien-\u00eatre sont des moments de d\u00e9tente pour allier bien-\u00eatre, sport en douceur et d\u00e9couverte du patrimoine local, afin de se reconnecter pleinement \u00e0 soi-m\u00eame et \u00e0 la nature.\\n\\nAu programme : Randonn\u00e9es \u2013 Marche afghane \u2013 Ornithologie \u2013 M\u00e9ditation et relaxation \u2013 Stretching\/\u00c9tirements - D\u00e9couverte des phares\\n\\nNiveau de difficult\u00e9 adapt\u00e9 \u00e0 vos besoins et envies.\\n\\nR\u00e9servation en ligne sur terredecume.fr\\nAvec ou sans h\u00e9bergements : plus d'infos sur le site.\\nNombre de places limit\u00e9 \u00e0 15 personnes\/stage.\\n\u00c0 partir de 16 ans.\",\"url\":\"https:\/\/terredecume.fr\/\",\"geo\":{\"@type\":\"GeoCoordinates\",\"latitude\":48.3299965,\"longitude\":-4.7710739},\"additionalProperty\":[{\"@type\":\"PropertyValue\",\"name\":\"Titre\",\"value\":\"Randonn\u00e9e bien-\u00eatre : 1 \u00e0 3 jours - Le jeudi, vers Saint-Mathieu\"},{\"@type\":\"PropertyValue\",\"name\":\"Cat\u00e9gorie\",\"value\":\"Sport & randonn\u00e9e\"},{\"@type\":\"PropertyValue\",\"name\":\"Ville\",\"value\":\"Locmaria-Plouzan\u00e9\"},{\"@type\":\"PropertyValue\",\"name\":\"Code postal\",\"value\":\"29280\"}]}},{\"@type\":\"ListItem\",\"position\":300,\"item\":{\"@type\":\"Thing\",\"name\":\"\u00cele Tristan - \\\"Ile Ouverte\\\"\",\"description\":\"L'\u00eele Tristan propri\u00e9t\u00e9 du Conservatoire du Littoral est ouverte au public gratuitement pendant la mar\u00e9e basse. Passage \u00e0 pied. Les chiens, la cueillette, les pique-niques sont interdits sur le site. Il est interdit de fumer sur le site.\\n\\nPROMENEURS, ATTENTION ! CES HORAIRES DE PASSAGE SONT COMMUNIQUES \u00c0 TITRE INDICATIF.\\nLa travers\u00e9e \u00e0 pied se fait sous votre responsabilit\u00e9. \\nSoyez extr\u00eamement vigilants \u00e0 la mont\u00e9e des eaux pour ne pas rester bloqu\u00e9s sur l\u2019\u00eele. Les temps de passage peuvent \u00eatre raccourcis en fonction des conditions m\u00e9t\u00e9orologiques et de la force du vent. En pr\u00e9sence d\u2019eau dans la passe, la force des courants interdit toute travers\u00e9e. \\nEn cas de probl\u00e8me, le Conservatoire du littoral, propri\u00e9taire de l\u2019\u00cele Tristan, et la ville de Douarnenez, gestionnaire du site, d\u00e9clinent toutes responsabilit\u00e9s.\\nPR\u00c9VOYEZ DES CHAUSSURES NON GLISSANTES\",\"geo\":{\"@type\":\"GeoCoordinates\",\"latitude\":48.0972725,\"longitude\":-4.3354308},\"additionalProperty\":[{\"@type\":\"PropertyValue\",\"name\":\"Titre\",\"value\":\"\u00cele Tristan - \\\"Ile Ouverte\\\"\"},{\"@type\":\"PropertyValue\",\"name\":\"Cat\u00e9gorie\",\"value\":\"Sport & randonn\u00e9e\"},{\"@type\":\"PropertyValue\",\"name\":\"Ville\",\"value\":\"Douarnenez\"},{\"@type\":\"PropertyValue\",\"name\":\"Code postal\",\"value\":\"29100\"}]}},{\"@type\":\"ListItem\",\"position\":301,\"item\":{\"@type\":\"Thing\",\"name\":\"Concert\",\"description\":\"Concert avec \\\"les Fr\u00e8res\\\", nouveau groupe de la Presqu'ile\",\"geo\":{\"@type\":\"GeoCoordinates\",\"latitude\":48.27635,\"longitude\":-4.59611},\"additionalProperty\":[{\"@type\":\"PropertyValue\",\"name\":\"Titre\",\"value\":\"Concert\"},{\"@type\":\"PropertyValue\",\"name\":\"Cat\u00e9gorie\",\"value\":\"Concerts, musique & festivals\"},{\"@type\":\"PropertyValue\",\"name\":\"Ville\",\"value\":\"Camaret-sur-Mer\"},{\"@type\":\"PropertyValue\",\"name\":\"Code postal\",\"value\":\"29570\"}]}},{\"@type\":\"ListItem\",\"position\":302,\"item\":{\"@type\":\"Thing\",\"name\":\"Semaine des d\u00e9couvertes\",\"description\":\"Pour la 2e ann\u00e9e cons\u00e9cutive, les \u00e9tablissements de restauration de Plougastel proposeront un \u00e9v\u00e9nement intitul\u00e9 \u00ab semaine des d\u00e9couvertes \u00bb. \\n2 semaines durant lesquelles, les restaurants et caf\u00e9s proposeront des plats, des menus et\/ou des boissons confectionn\u00e9s \u00e0 partir de produits locaux de Plougastel et des environs. \\nChaque \u00e9tablissement s\u2019appropriera l\u2019\u00e9v\u00e9nement \u00e0 sa mani\u00e8re pour valoriser richesses culinaires et la gastronomie : menu, plat, boisson, d\u00e9jeuner, d\u00eener, sur place, \u00e0 emporter... Mille-feuilles de fraises, verrine ch\u00e8vre-saumon, cr\u00eapes aux fraises, layer cake fraises, breizh burger, kig ar farz de la mer sont quelques uns des mets propos\u00e9s qui r\u00e9galeront les papilles de tous.\",\"url\":\"https:\/\/fr-fr.facebook.com\/mairiePlougastelDaoulas\/\",\"geo\":{\"@type\":\"GeoCoordinates\",\"latitude\":48.374102,\"longitude\":-4.369414},\"additionalProperty\":[{\"@type\":\"PropertyValue\",\"name\":\"Titre\",\"value\":\"Semaine des d\u00e9couvertes\"},{\"@type\":\"PropertyValue\",\"name\":\"Cat\u00e9gorie\",\"value\":\"Autres \u00e9v\u00e9nements\"},{\"@type\":\"PropertyValue\",\"name\":\"Ville\",\"value\":\"Plougastel-Daoulas\"},{\"@type\":\"PropertyValue\",\"name\":\"Code postal\",\"value\":\"29470\"}]}},{\"@type\":\"ListItem\",\"position\":303,\"item\":{\"@type\":\"Thing\",\"name\":\"Exposition \\\"J'ai r\u00eav\u00e9 la Bretagne\\\"\",\"description\":\"Exposition d'une quinzaine d'artistes.\\nInspir\u00e9s par la Bretagne, vivant en Bretagne, ces peintres, sculpteurs et c\u00e9ramistes pr\u00e9sentent \u00e0 la Galerie de Bretagne (Quimper et Douarnenez) un grand choix d'oeuvres et de paysages.\",\"url\":\"http:\/\/www.galeriedebretagne.com\/\",\"geo\":{\"@type\":\"GeoCoordinates\",\"latitude\":48.0933932,\"longitude\":-4.3259373},\"additionalProperty\":[{\"@type\":\"PropertyValue\",\"name\":\"Titre\",\"value\":\"Exposition \\\"J'ai r\u00eav\u00e9 la Bretagne\\\"\"},{\"@type\":\"PropertyValue\",\"name\":\"Cat\u00e9gorie\",\"value\":\"Expositions\"},{\"@type\":\"PropertyValue\",\"name\":\"Ville\",\"value\":\"Douarnenez\"},{\"@type\":\"PropertyValue\",\"name\":\"Code postal\",\"value\":\"29100\"}]}},{\"@type\":\"ListItem\",\"position\":304,\"item\":{\"@type\":\"Thing\",\"name\":\"Visite de la pointe Saint-Mathieu\",\"description\":\"Dans un p\u00e9rim\u00e8tre ultra concentr\u00e9, la pointe Saint-Mathieu nous ouvre une fen\u00eatre sur la Bretagne, son histoire mouvement\u00e9e, sa vie maritime et ses l\u00e9gendes \u00e9ternelles. Cette visite vous fera entrevoir l'histoire cach\u00e9e derri\u00e8re la splendeur de ce bout du Monde.\",\"url\":\"http:\/\/ribine-experience.fr\/\",\"geo\":{\"@type\":\"GeoCoordinates\",\"latitude\":48.3308594,\"longitude\":-4.7705926},\"additionalProperty\":[{\"@type\":\"PropertyValue\",\"name\":\"Titre\",\"value\":\"Visite de la pointe Saint-Mathieu\"},{\"@type\":\"PropertyValue\",\"name\":\"Cat\u00e9gorie\",\"value\":\"Autres \u00e9v\u00e9nements\"},{\"@type\":\"PropertyValue\",\"name\":\"Ville\",\"value\":\"Plougonvelin\"},{\"@type\":\"PropertyValue\",\"name\":\"Code postal\",\"value\":\"29217\"}]}},{\"@type\":\"ListItem\",\"position\":305,\"item\":{\"@type\":\"Thing\",\"name\":\"Visite guid\u00e9e \u00ab\u00a0Les rendez-vous de la Pointe\u00a0\u00bb\",\"description\":\"Comprendre un paysage d\u2019exception, en famille.\\n\\nCette visite guid\u00e9e invite petits et grands \u00e0 d\u00e9couvrir les paysages spectaculaires de la Pointe du Raz et \u00e0 comprendre ce qui fait la singularit\u00e9 de ce site embl\u00e9matique du Finist\u00e8re. Au fil du parcours, le guide d\u00e9crypte la formation des falaises, l\u2019influence des vents et des courants, ainsi que l\u2019histoire humaine intimement li\u00e9e \u00e0 ce bout du monde. Anecdotes, observations et \u00e9changes rythment la visite, pens\u00e9e pour \u00eatre accessible et ludique. Une formule id\u00e9ale pour une premi\u00e8re approche du site, \u00e0 partager en famille, entre terre et mer.\\n\\nD\u00e9part du s\u00e9maphore (\u00e0 800 m du parking) - Dur\u00e9e 1h\",\"url\":\"https:\/\/www.toutcommenceenfinistere.com\/pointe-du-raz\/preparer-sa-visite\/\",\"geo\":{\"@type\":\"GeoCoordinates\",\"latitude\":48.040859,\"longitude\":-4.670977},\"additionalProperty\":[{\"@type\":\"PropertyValue\",\"name\":\"Titre\",\"value\":\"Visite guid\u00e9e \u00ab\u00a0Les rendez-vous de la Pointe\u00a0\u00bb\"},{\"@type\":\"PropertyValue\",\"name\":\"Cat\u00e9gorie\",\"value\":\"Sport & randonn\u00e9e\"},{\"@type\":\"PropertyValue\",\"name\":\"Ville\",\"value\":\"Plogoff\"},{\"@type\":\"PropertyValue\",\"name\":\"Code postal\",\"value\":\"29770\"}]}},{\"@type\":\"ListItem\",\"position\":306,\"item\":{\"@type\":\"Thing\",\"name\":\"Visite guid\u00e9e d'Audierne\",\"description\":\"Accompagn\u00e9 par un guide de l\u2019office de tourisme, venez profiter d\u2019un instant de d\u00e9couverte et de partage sur l\u2019histoire d\u2019Audierne. Laissez-vous guider dans la ville afin de d\u00e9couvrir son histoire passionnante et souvent m\u00e9connue, au cours d\u2019une balade dans les venelles. Depuis les hauteurs, vous apercevrez comment les richesses de la mer ont fa\u00e7onn\u00e9 la ville et son histoire !\",\"url\":\"http:\/\/www.capsizuntourisme.fr\/\",\"geo\":{\"@type\":\"GeoCoordinates\",\"latitude\":48.02369,\"longitude\":-4.53993},\"additionalProperty\":[{\"@type\":\"PropertyValue\",\"name\":\"Titre\",\"value\":\"Visite guid\u00e9e d'Audierne\"},{\"@type\":\"PropertyValue\",\"name\":\"Cat\u00e9gorie\",\"value\":\"Autres \u00e9v\u00e9nements\"},{\"@type\":\"PropertyValue\",\"name\":\"Ville\",\"value\":\"Audierne\"},{\"@type\":\"PropertyValue\",\"name\":\"Code postal\",\"value\":\"29770\"}]}},{\"@type\":\"ListItem\",\"position\":307,\"item\":{\"@type\":\"Thing\",\"name\":\"Cours de Poterie - Modelage et tournage\",\"description\":\"Envie de mettre les mains dans la terre et de laisser parler votre cr\u00e9ativit\u00e9 ?\\n\\nJe vous propose de venir d\u00e9couvrir la poterie lors d\u2019un cours convivial, dans un atelier baign\u00e9 de lumi\u00e8re, \u00e0 50 m\u00e8tres de la plage Saint-Julien.\\n\\nQue vous soyez d\u00e9butant\u00b7e ou d\u00e9j\u00e0 initi\u00e9\u00b7e, c\u2019est un moment pour ralentir, exp\u00e9rimenter, et cr\u00e9er \u00e0 votre rythme, dans une ambiance d\u00e9tendue.\\n\\nAu plaisir de vous accueillir et de partager ce moment avec vous !\\n\\nTous les jeudis jusqu\u2019au 10 septembre 2026, de 18h \u00e0 20h. \\nIl est possible de r\u00e9server un atelier sur un autre cr\u00e9neau (week-end compris), minimum 3 participant.e.s.\\nInscription par sms : 06.40.41.92.91 ou par email : umistudiocontact@gmail.com\\nTarif : 35\u20ac. Vous r\u00e9cup\u00e9rez toutes vos cr\u00e9ations cuites.\\nPour un envoi postal de celles-ci, comptez 6\u20ac de frais de port.\\n\\nLes enfants de moins de 7 ans sont les bienvenus accompagn\u00e9s de leurs parents. Pour eux\/elles l'atelier est \u00e0 25\u20ac\\n\\nPlus d'infos sur mon site web : https:\/\/www.umistudio.fr\/cours\\n\\nA bient\u00f4t !\",\"url\":\"https:\/\/www.instagram.com\/umi.studio\",\"geo\":{\"@type\":\"GeoCoordinates\",\"latitude\":48.0176766,\"longitude\":-4.5304275},\"additionalProperty\":[{\"@type\":\"PropertyValue\",\"name\":\"Titre\",\"value\":\"Cours de Poterie - Modelage et tournage\"},{\"@type\":\"PropertyValue\",\"name\":\"Cat\u00e9gorie\",\"value\":\"Autres \u00e9v\u00e9nements\"},{\"@type\":\"PropertyValue\",\"name\":\"Ville\",\"value\":\"Plouhinec\"},{\"@type\":\"PropertyValue\",\"name\":\"Code postal\",\"value\":\"29780\"}]}},{\"@type\":\"ListItem\",\"position\":308,\"item\":{\"@type\":\"Thing\",\"name\":\"D\u00e9couverte des oiseaux du littoral\",\"description\":\"Sortie nature et balade ornithologique : d\u00e9couverte et observation des oiseaux du littoral du pays d\u2019Iroise. \\nLa ria du Conquet est un sanctuaire pour les oiseaux du littoral. Au rythme des saisons et des mar\u00e9es, les esp\u00e8ces se relaient pour notre plus grand bonheur. La plupart ont les pieds dans l'eau, les autres font trempette et si vous levez la t\u00eate, c'est encore la f\u00eate !\\n\\nTendez l\u2019oreille et venez d\u00e9couvrir les richesses naturelles du Finist\u00e8re. Peut-\u00eatre y a-t-il un rouge-gorge sur votre droite, un go\u00e9land au-dessus de votre t\u00eate filant dans les courants d\u2019air ? \\n\\nLe long du sentier c\u00f4tier, nous cherchons les esp\u00e8ces cach\u00e9es entre les rochers ou dans l\u2019\u00e9cume des vagues. Nous apprenons \u00e0 les identifier et nous \u00e9coutons leur chant.\\n\\nSorties au d\u00e9part de la ria du Conquet tous les mardis matin \u00e0 9 h. Des sorties sur d'autres sites sont pr\u00e9vues dans la semaine, n'h\u00e9sitez pas \u00e0 nous contacter.\\nAdapt\u00e9 aux enfants. Tarif enfant jusqu'\u00e0 9 ans inclus.\\nR\u00e9servation en ligne.\\n\\nLes randonn\u00e9es et balades nature propos\u00e9es par Terre d'\u00c9cume sont accessibles \u00e0 tous (de 16 \u00e0 99 ans), la difficult\u00e9 des circuits (distance, d\u00e9nivel\u00e9 et rythme de marche) est adapt\u00e9e \u00e0 chacun.\\nAcc\u00e8s PMR et difficult\u00e9 \u00e0 se mouvoir (b\u00e9quilles, ...)\u00a0: circuits disponibles sur demande.\",\"url\":\"http:\/\/terredecume.fr\/\",\"geo\":{\"@type\":\"GeoCoordinates\",\"latitude\":48.3513213,\"longitude\":-4.7392891},\"additionalProperty\":[{\"@type\":\"PropertyValue\",\"name\":\"Titre\",\"value\":\"D\u00e9couverte des oiseaux du littoral\"},{\"@type\":\"PropertyValue\",\"name\":\"Cat\u00e9gorie\",\"value\":\"En famille\"},{\"@type\":\"PropertyValue\",\"name\":\"Ville\",\"value\":\"Le Conquet\"},{\"@type\":\"PropertyValue\",\"name\":\"Code postal\",\"value\":\"29217\"}]}},{\"@type\":\"ListItem\",\"position\":309,\"item\":{\"@type\":\"Thing\",\"name\":\"Sortie demi-journ\u00e9e \u00e0 bord de La Recouvrance\",\"description\":\"Une certaine id\u00e9e de la navigation : bateau ambassadeur de la Ville de Brest, La Recouvrance et son \u00e9quipe de sept marins professionnels font partager leurs passions pour la navigation sur ce Fleuron des C\u00f4tes de France.\\n\\nLe parcours de navigation est d\u00e9cid\u00e9 par le capitaine. Pour une exp\u00e9rience immersive, vous avez la possibilit\u00e9 d'aider aux manoeuvres.\\n\\nOrganisation des sorties \u00e0 la demi-journ\u00e9e : \\n\\n- Matin \\n10h00 : Embarquement Quai Malbert - Port de commerce de Brest\\nBriefing s\u00e9curit\u00e9, histoire du bateau\\n10h30 : Appareillage\\nNavigation en Rade de Brest\\n13h00 : D\u00e9barquement Quai Malbert - Port de commerce de Brest\\n\\n- Apr\u00e8s-midi\\n14h00 : Embarquement Quai Malbert - Port de commerce de Brest\\nBriefing s\u00e9curit\u00e9, histoire du bateau\\n14h30 : Appareillage\\nNavigation en Rade de Brest\\n17h00 : D\u00e9barquement Quai Malbert - Port de commerce de Brest\\n\\nInformations pratiques : \\nBillets en vente \u00e0 l'Office de Tourisme Brest en vue, 52 rue du Ch\u00e2teau (sous r\u00e9serve de disponibilit\u00e9).\\nR\u00e9servation obligatoire.\",\"url\":\"https:\/\/www.larecouvrance.com\/\",\"geo\":{\"@type\":\"GeoCoordinates\",\"latitude\":48.3804036,\"longitude\":-4.4870384},\"additionalProperty\":[{\"@type\":\"PropertyValue\",\"name\":\"Titre\",\"value\":\"Sortie demi-journ\u00e9e \u00e0 bord de La Recouvrance\"},{\"@type\":\"PropertyValue\",\"name\":\"Cat\u00e9gorie\",\"value\":\"Autres \u00e9v\u00e9nements\"},{\"@type\":\"PropertyValue\",\"name\":\"Ville\",\"value\":\"Brest\"},{\"@type\":\"PropertyValue\",\"name\":\"Code postal\",\"value\":\"29200\"}]}},{\"@type\":\"ListItem\",\"position\":310,\"item\":{\"@type\":\"Thing\",\"name\":\"Balade comment\u00e9e en Cap-Sizun\",\"description\":\"Visite motoris\u00e9e ludique et originale, accessible pour tous les \u00e2ges et surtout les personnes les moins mobiles. Victor, capiste pur beurre, partagera avec vous son amour et sa passion pour le Cap-Sizun, pour ses paysages, sa faune, son histoire, la p\u00eache,... La visite est riche de ses anecdotes, de ses explications tr\u00e8s accessibles et enrichissantes. Vous descendez du v\u00e9hicule sur les points du visite les plus int\u00e9ressants.\\n\\nLaissez-vous guider et profiter. Le temps file tr\u00e8s vite \u00e0 ses c\u00f4t\u00e9s et la visite est tr\u00e8s agr\u00e9able.\\n\\n\u00c0 partager sans mod\u00e9ration.\",\"url\":\"https:\/\/www.victourducap.fr\/\",\"geo\":{\"@type\":\"GeoCoordinates\",\"latitude\":48.01434,\"longitude\":-4.48639},\"additionalProperty\":[{\"@type\":\"PropertyValue\",\"name\":\"Titre\",\"value\":\"Balade comment\u00e9e en Cap-Sizun\"},{\"@type\":\"PropertyValue\",\"name\":\"Cat\u00e9gorie\",\"value\":\"Autres \u00e9v\u00e9nements\"},{\"@type\":\"PropertyValue\",\"name\":\"Ville\",\"value\":\"Plouhinec\"},{\"@type\":\"PropertyValue\",\"name\":\"Code postal\",\"value\":\"29780\"}]}},{\"@type\":\"ListItem\",\"position\":311,\"item\":{\"@type\":\"Thing\",\"name\":\"Rando-V\u00e9lo - Balade \u00e0 v\u00e9lo \u00e9lectrique de la Pointe du Van \u00e0 la Pointe du Raz\",\"description\":\"D\u00e9couverte \u00e0 v\u00e9lo \u00e9lectrique d\u2019un territoire maritime sauvage pour comprendre et ressentir comment les paysages ont fa\u00e7onn\u00e9 l\u2019histoire et la vie des habitants du Cap Sizun. Plusieurs haltes rythment le parcours : moulins \u00e0 vent, chapelle tourn\u00e9e vers la mer et l\u2019\u00cele de Sein, fermes et maisons de p\u00eacheurs, maison de gardien de phare, port-abri et plage. Le circuit s\u2019ach\u00e8ve \u00e0 la Pointe du Raz, avec un temps d\u00e9di\u00e9 \u00e0 son histoire et \u00e0 une connexion sensible \u00e0 la puissance \u00e9nerg\u00e9tique de la mer d\u2019Iroise.\\n\\nR\u00e9servation obligatoire.\\n\\nGroupe 8 personnes maximum. \\nLe tarif ne comprend pas la location du v\u00e9lo \u00e9lectrique et le casque (obligatoire). Liste des loueurs de v\u00e9los \u00e9lectrique disponible \u00e0 l'Office de Tourisme. En cas d'utilisation d'un v\u00e9lo personnel, veillez \u00e0 vous assurer qu'il soit pr\u00eat \u00e0 rouler : pneus gonfl\u00e9s, freins et feux de route fonctionnel.\\n\\nR\u00e9servation possible \u00e0 l'Office de Tourisme \u00e0 Audierne ainsi que par t\u00e9l\u00e9phone.\",\"url\":\"http:\/\/virginie-guezennec.fr\/\",\"geo\":{\"@type\":\"GeoCoordinates\",\"latitude\":48.064635,\"longitude\":-4.713811},\"additionalProperty\":[{\"@type\":\"PropertyValue\",\"name\":\"Titre\",\"value\":\"Rando-V\u00e9lo - Balade \u00e0 v\u00e9lo \u00e9lectrique de la Pointe du Van \u00e0 la Pointe du Raz\"},{\"@type\":\"PropertyValue\",\"name\":\"Cat\u00e9gorie\",\"value\":\"Sport & randonn\u00e9e\"},{\"@type\":\"PropertyValue\",\"name\":\"Ville\",\"value\":\"Cl\u00e9den-Cap-Sizun\"},{\"@type\":\"PropertyValue\",\"name\":\"Code postal\",\"value\":\"29770\"}]}},{\"@type\":\"ListItem\",\"position\":312,\"item\":{\"@type\":\"Thing\",\"name\":\"Visite accompagn\u00e9e Panorama\",\"description\":\"Un soup\u00e7on d\u2019histoire, une dose de jardin et une pointe de photos\u2026 Voil\u00e0 la recette de cette visite incontournable pour appr\u00e9hender le site de l\u2019Abbaye de Daoulas dans son ensemble et selon vos centres d\u2019int\u00e9r\u00eats. \\nD\u00e9couvrez les vestiges de l\u2019abbaye et son histoire depuis le 12e si\u00e8cle. Profitez des jardins et de ses plantes vertueuses venues du monde entier. Appr\u00e9hendez l\u2019exposition photographique de l'artiste Joan Fontcuberta. Le tout en une heure, ou moins si besoin, et dans une dynamique de partage et d'accessibilit\u00e9 \u00e0 tous.\",\"url\":\"https:\/\/www.cdp29.fr\/\",\"geo\":{\"@type\":\"GeoCoordinates\",\"latitude\":48.36204,\"longitude\":-4.26534},\"additionalProperty\":[{\"@type\":\"PropertyValue\",\"name\":\"Titre\",\"value\":\"Visite accompagn\u00e9e Panorama\"},{\"@type\":\"PropertyValue\",\"name\":\"Cat\u00e9gorie\",\"value\":\"Autres \u00e9v\u00e9nements\"},{\"@type\":\"PropertyValue\",\"name\":\"Ville\",\"value\":\"Daoulas\"},{\"@type\":\"PropertyValue\",\"name\":\"Code postal\",\"value\":\"29460\"}]}},{\"@type\":\"ListItem\",\"position\":313,\"item\":{\"@type\":\"Thing\",\"name\":\"Concert en \u00e9glises et chapelles : trio P\u00caR-VARI KERVAREC, \\\"L\u2019H\u00e9ritage de Bretagne\\\"\",\"description\":\"Au-del\u00e0 des notes, le Trio P\u00ear-Vari Kervarec raconte des histoires. Il tisse des r\u00e9cits ancr\u00e9s dans la m\u00e9moire collective, faisant r\u00e9sonner les mots du breton avec une sinc\u00e9rit\u00e9 poignante. A travers la force de la musique et du verbe, il rappelle que la culture bretonne est une langue vivante, un souffle qui se transmet et se renouvelle sans cesse. \\nLe Trio P\u00ear-Vari Kervarec ne se contente pas d\u2019interpr\u00e9ter la tradition : il la r\u00e9invente avec une sensibilit\u00e9 rare, insufflant une modernit\u00e9 respectueuse \u00e0 un r\u00e9pertoire qui traverse les \u00e2ges. \\nAvec le Trio P\u00ear-Vari Kervarec, la m\u00e9moire d\u2019un peuple ne se fige pas dans le pass\u00e9 : elle s\u2019\u00e9l\u00e8ve, elle danse, elle continue de chanter.\",\"geo\":{\"@type\":\"GeoCoordinates\",\"latitude\":48.0934247,\"longitude\":-4.3257356},\"additionalProperty\":[{\"@type\":\"PropertyValue\",\"name\":\"Titre\",\"value\":\"Concert en \u00e9glises et chapelles : trio P\u00caR-VARI KERVAREC, \\\"L\u2019H\u00e9ritage de Bretagne\\\"\"},{\"@type\":\"PropertyValue\",\"name\":\"Cat\u00e9gorie\",\"value\":\"Concerts, musique & festivals\"},{\"@type\":\"PropertyValue\",\"name\":\"Ville\",\"value\":\"Douarnenez\"},{\"@type\":\"PropertyValue\",\"name\":\"Code postal\",\"value\":\"29100\"}]}},{\"@type\":\"ListItem\",\"position\":314,\"item\":{\"@type\":\"Thing\",\"name\":\"Exploration en famille sur le th\u00e8me de l'eau\",\"description\":\"Sur un circuit de 1,5 km, l'enfant \u00e0 partir de 3 ans, accompagn\u00e9 d'un adulte r\u00e9f\u00e9rant, est invit\u00e9 \u00e0 explorer l'eau, de la gouttelette au ruisseau, en passant par un lavoir et par une mare.\\nL'eau est indispensable \u00e0 la vie. Le cycle de l'eau est expliqu\u00e9 simplement, et chacun est invit\u00e9 \u00e0 comprendre l'association naturelle entre l'eau et la for\u00eat.\\nLes feuilles, les pommes de pin, les plumes, les b\u00e2tons ramass\u00e9s en chemin permettent l'exploration et les jeux.\\nLa motricit\u00e9 de l'enfant s'exerce librement au fil des opportunit\u00e9s propos\u00e9es par la for\u00eat.\\nDes activit\u00e9s ludiques avec l'eau compl\u00e8tent la sortie.\\n\\nEnfilez les bottes, pr\u00e9voyez la gourde remplie d'eau dans le sac \u00e0 dos, et un petit sac pour les collectes.\\nLes appareils photos sont aussi les bienvenus.\\n\\n- Nombre de places limit\u00e9.\\n- R\u00e9servation obligatoire.\",\"url\":\"https:\/\/marchons-respirons.fr\/\",\"geo\":{\"@type\":\"GeoCoordinates\",\"latitude\":48.4378722,\"longitude\":-4.3078881},\"additionalProperty\":[{\"@type\":\"PropertyValue\",\"name\":\"Titre\",\"value\":\"Exploration en famille sur le th\u00e8me de l'eau\"},{\"@type\":\"PropertyValue\",\"name\":\"Cat\u00e9gorie\",\"value\":\"En famille\"},{\"@type\":\"PropertyValue\",\"name\":\"Ville\",\"value\":\"La Forest-Landerneau\"},{\"@type\":\"PropertyValue\",\"name\":\"Code postal\",\"value\":\"29800\"}]}},{\"@type\":\"ListItem\",\"position\":315,\"item\":{\"@type\":\"Thing\",\"name\":\"Le chat d\u00e9ambule \u00e0 Brest\",\"description\":\"Le dessinateur et sculpteur belge Philippe Geluck installe l\u2019exposition de son c\u00e9l\u00e8bre Chat jusqu\u2019au mois d\u2019octobre \u00e0 Brest ! Avec cette exposition, le centre-ville se transforme en galerie \u00e0 ciel ouvert.\\n\\nAu d\u00e9tour des rues, il est ainsi fort possible que vous tombiez sur une des 15 sculptures monumentales de ce fameux Chat, parfois joyeux, parfois po\u00e9tique, et toujours surr\u00e9aliste.\\n\\nEmplacement des statues :\\n\\nHaut de Siam : Une statue devant Cyrillus\\nHaut de Siam : Une statue devant Ecoute et Voir\\nHaut de Siam : Une statue devant Oceania\\nHaut de Siam : Une statue devant le Soci\u00e9t\u00e9 G\u00e9n\u00e9rale\\nRue Etienne Dolet : Une statue devant Histoire de chocolat\\nRue de Siam : devant Devred en amont des fontaines\\nPorte de l\u2019Herminier : Une statue sous l\u2019arche devant le Square l'Herminier, derri\u00e8re les barri\u00e8res\\nRue Ducouedic : Une statue entre Citya et La Fayette \\nPlacette Fran\u00e7ais libre c\u00f4t\u00e9 de l\u2019entr\u00e9e du pont de Recouvrance\\nJardin de Gaulle : Deux statues pourront \u00eatre plac\u00e9es de chaque c\u00f4t\u00e9 de la st\u00e8le russe\\nSquare de Bazeilles : Quatres statues\\nEmplacements des bornes :\\n\\nHaut de Siam\\nDevant Dialogue\\nSquare de Bazeilles\\nJardin de Gaulle\",\"url\":\"https:\/\/brest.fr\/le-chat-deambule-brest\",\"geo\":{\"@type\":\"GeoCoordinates\",\"latitude\":48.4012202,\"longitude\":-4.492127},\"additionalProperty\":[{\"@type\":\"PropertyValue\",\"name\":\"Titre\",\"value\":\"Le chat d\u00e9ambule \u00e0 Brest\"},{\"@type\":\"PropertyValue\",\"name\":\"Cat\u00e9gorie\",\"value\":\"Expositions\"},{\"@type\":\"PropertyValue\",\"name\":\"Ville\",\"value\":\"Brest\"},{\"@type\":\"PropertyValue\",\"name\":\"Code postal\",\"value\":\"29200\"}]}},{\"@type\":\"ListItem\",\"position\":316,\"item\":{\"@type\":\"Thing\",\"name\":\"Visite guid\u00e9e d'Audierne\",\"description\":\"Accompagn\u00e9 par un guide de l\u2019office de tourisme, venez profiter d\u2019un instant de d\u00e9couverte et de partage sur l\u2019histoire d\u2019Audierne. Laissez-vous guider dans la ville afin de d\u00e9couvrir son histoire passionnante et souvent m\u00e9connue, au cours d\u2019une balade dans les venelles. Depuis les hauteurs, vous apercevrez comment les richesses de la mer ont fa\u00e7onn\u00e9 la ville et son histoire !\",\"url\":\"http:\/\/www.capsizuntourisme.fr\/\",\"geo\":{\"@type\":\"GeoCoordinates\",\"latitude\":48.02369,\"longitude\":-4.53993},\"additionalProperty\":[{\"@type\":\"PropertyValue\",\"name\":\"Titre\",\"value\":\"Visite guid\u00e9e d'Audierne\"},{\"@type\":\"PropertyValue\",\"name\":\"Cat\u00e9gorie\",\"value\":\"Autres \u00e9v\u00e9nements\"},{\"@type\":\"PropertyValue\",\"name\":\"Ville\",\"value\":\"Audierne\"},{\"@type\":\"PropertyValue\",\"name\":\"Code postal\",\"value\":\"29770\"}]}},{\"@type\":\"ListItem\",\"position\":317,\"item\":{\"@type\":\"Thing\",\"name\":\"Soir\u00e9e d'observation astronomique\",\"description\":\"Venez \u00e0 l'observatoire PEGASE dans l'\u00e9cole (diwan) \u00e0 partir de l'heure indiqu\u00e9e pour observer le ciel avec les instruments mis \u00e0 disposition.\\nVenez avec vos jumelles.\\nEn cas d'intemp\u00e9ries, le club peut proposer une conf\u00e9rence \u00e0 l'auditorium de l'\u00e9cole.\\nSoir\u00e9e \\\"tout public\\\" sans inscription et c'est gratuit !\",\"url\":\"https:\/\/pegasi.fr\/\",\"geo\":{\"@type\":\"GeoCoordinates\",\"latitude\":48.426673,\"longitude\":-4.6178433},\"additionalProperty\":[{\"@type\":\"PropertyValue\",\"name\":\"Titre\",\"value\":\"Soir\u00e9e d'observation astronomique\"},{\"@type\":\"PropertyValue\",\"name\":\"Cat\u00e9gorie\",\"value\":\"Autres \u00e9v\u00e9nements\"},{\"@type\":\"PropertyValue\",\"name\":\"Ville\",\"value\":\"Saint-Renan\"},{\"@type\":\"PropertyValue\",\"name\":\"Code postal\",\"value\":\"29290\"}]}},{\"@type\":\"ListItem\",\"position\":318,\"item\":{\"@type\":\"Thing\",\"name\":\"Les Pierres qui parlent (Kayak Bertheaume)\",\"description\":\"Une histoire de rase cailloux, comme le Tournepierre camoufl\u00e9 sur ses rochers. On se fond dans le trait de c\u00f4te, on l\u2019explore on part \u00e0 la d\u00e9couverte, de ses petits coins de paradis, visible seulement de la mer. Un lieu riche, charg\u00e9 d'histoire qui se livre petit \u00e0 petit.\\nEt parfois entre deux coup de pagaie, on entend la pierre chanter...\\nBalade \u00e0 mar\u00e9e basse entre les\",\"url\":\"https:\/\/www.wildwata.com\/\",\"geo\":{\"@type\":\"GeoCoordinates\",\"latitude\":48.339873,\"longitude\":-4.69987},\"additionalProperty\":[{\"@type\":\"PropertyValue\",\"name\":\"Titre\",\"value\":\"Les Pierres qui parlent (Kayak Bertheaume)\"},{\"@type\":\"PropertyValue\",\"name\":\"Cat\u00e9gorie\",\"value\":\"En famille\"},{\"@type\":\"PropertyValue\",\"name\":\"Ville\",\"value\":\"Plougonvelin\"},{\"@type\":\"PropertyValue\",\"name\":\"Code postal\",\"value\":\"29217\"}]}},{\"@type\":\"ListItem\",\"position\":319,\"item\":{\"@type\":\"Thing\",\"name\":\"Rando-V\u00e9lo - Balade \u00e0 v\u00e9lo \u00e9lectrique de la Pointe du Van \u00e0 la Pointe du Raz\",\"description\":\"D\u00e9couverte \u00e0 v\u00e9lo \u00e9lectrique d\u2019un territoire maritime sauvage pour comprendre et ressentir comment les paysages ont fa\u00e7onn\u00e9 l\u2019histoire et la vie des habitants du Cap Sizun. Plusieurs haltes rythment le parcours : moulins \u00e0 vent, chapelle tourn\u00e9e vers la mer et l\u2019\u00cele de Sein, fermes et maisons de p\u00eacheurs, maison de gardien de phare, port-abri et plage. Le circuit s\u2019ach\u00e8ve \u00e0 la Pointe du Raz, avec un temps d\u00e9di\u00e9 \u00e0 son histoire et \u00e0 une connexion sensible \u00e0 la puissance \u00e9nerg\u00e9tique de la mer d\u2019Iroise.\\n\\nR\u00e9servation obligatoire.\\n\\nGroupe 8 personnes maximum. \\nLe tarif ne comprend pas la location du v\u00e9lo \u00e9lectrique et le casque (obligatoire). Liste des loueurs de v\u00e9los \u00e9lectrique disponible \u00e0 l'Office de Tourisme. En cas d'utilisation d'un v\u00e9lo personnel, veillez \u00e0 vous assurer qu'il soit pr\u00eat \u00e0 rouler : pneus gonfl\u00e9s, freins et feux de route fonctionnel.\\n\\nR\u00e9servation possible \u00e0 l'Office de Tourisme \u00e0 Audierne ainsi que par t\u00e9l\u00e9phone.\",\"url\":\"http:\/\/virginie-guezennec.fr\/\",\"geo\":{\"@type\":\"GeoCoordinates\",\"latitude\":48.064635,\"longitude\":-4.713811},\"additionalProperty\":[{\"@type\":\"PropertyValue\",\"name\":\"Titre\",\"value\":\"Rando-V\u00e9lo - Balade \u00e0 v\u00e9lo \u00e9lectrique de la Pointe du Van \u00e0 la Pointe du Raz\"},{\"@type\":\"PropertyValue\",\"name\":\"Cat\u00e9gorie\",\"value\":\"Sport & randonn\u00e9e\"},{\"@type\":\"PropertyValue\",\"name\":\"Ville\",\"value\":\"Cl\u00e9den-Cap-Sizun\"},{\"@type\":\"PropertyValue\",\"name\":\"Code postal\",\"value\":\"29770\"}]}},{\"@type\":\"ListItem\",\"position\":320,\"item\":{\"@type\":\"Thing\",\"name\":\"Visite guid\u00e9e - Rando \u00e0 la Pointe du Raz\",\"description\":\"Une aventure pour marcheurs confirm\u00e9s !\\n\\nCette randonn\u00e9e propose d\u2019acc\u00e9der \u00e0 la Pointe du Raz par des sentiers moins connus et plus sauvages. Au fil du parcours, la puissance des \u00e9l\u00e9ments marins se fait ressentir, tandis que le guide d\u00e9voile les richesses naturelles du site : faune, flore, paysages et phares l\u00e9gendaires qui veillent sur la mer d\u2019Iroise. Une exp\u00e9rience intense et immersive, r\u00e9serv\u00e9e aux marcheurs habitu\u00e9s, pour vivre pleinement l\u2019esprit du Grand Site de France.\\n\\nD\u00e9part de Lescoff \u00e0 Plogoff - Dur\u00e9e 3h30 - 9 km \\n\\nLes jeudis \u00e0 9h.\\n\\nSur r\u00e9servation aupr\u00e8s de la Maison de site ou de l'Office de Tourisme du Cap-Sizun \u00e0 Audierne.\",\"url\":\"https:\/\/www.toutcommenceenfinistere.com\/pointe-du-raz\/preparer-sa-visite\/\",\"geo\":{\"@type\":\"GeoCoordinates\",\"latitude\":48.039113,\"longitude\":-4.705542},\"additionalProperty\":[{\"@type\":\"PropertyValue\",\"name\":\"Titre\",\"value\":\"Visite guid\u00e9e - Rando \u00e0 la Pointe du Raz\"},{\"@type\":\"PropertyValue\",\"name\":\"Cat\u00e9gorie\",\"value\":\"Sport & randonn\u00e9e\"},{\"@type\":\"PropertyValue\",\"name\":\"Ville\",\"value\":\"Plogoff\"},{\"@type\":\"PropertyValue\",\"name\":\"Code postal\",\"value\":\"29770\"}]}},{\"@type\":\"ListItem\",\"position\":321,\"item\":{\"@type\":\"Thing\",\"name\":\"Exposition du peintre Jean-Yves Madec\",\"description\":\"Exposition r\u00e9trospective en hommage au peintre Jean-Yves Madec dans les murs de la mairie.\",\"geo\":{\"@type\":\"GeoCoordinates\",\"latitude\":48.4338675,\"longitude\":-4.7309515},\"additionalProperty\":[{\"@type\":\"PropertyValue\",\"name\":\"Titre\",\"value\":\"Exposition du peintre Jean-Yves Madec\"},{\"@type\":\"PropertyValue\",\"name\":\"Cat\u00e9gorie\",\"value\":\"Expositions\"},{\"@type\":\"PropertyValue\",\"name\":\"Ville\",\"value\":\"Plouarzel\"},{\"@type\":\"PropertyValue\",\"name\":\"Code postal\",\"value\":\"29810\"}]}},{\"@type\":\"ListItem\",\"position\":322,\"item\":{\"@type\":\"Thing\",\"name\":\"Exposition temporaire - \\\"Plus ou moins b\u00eates\\\" - Les animaux et l'\u00e9ducation\",\"description\":\"\u00c0 travers les manuels scolaires, la litt\u00e9rature jeunesse, les jeux et objets p\u00e9dagogiques, l\u2019exposition explore la place des figures animales dans l\u2019enseignement et l\u2019\u00e9ducation informelle.\\n\\nLes premiers apprentissages scolaires fa\u00e7onnent une vision du monde animal o\u00f9 se m\u00ealent science et morale : distinguer les \\\"bonnes\\\" et les \\\"mauvaises\\\" b\u00eates selon leur utilit\u00e9 pour l\u2019homme, puis, sous l\u2019influence des th\u00e9ories de Darwin, interroger la place de l\u2019humain au sein du vivant.\\nEn classe, l\u2019animal est aussi un support p\u00e9dagogique, des dissections aux mod\u00e8les anatomiques en passant par les travaux d\u2019\u00e9l\u00e8ves. Enfin, l\u2019exposition met en lumi\u00e8re l\u2019\u00e9volution des regards sur l\u2019environnement, de l\u2019observation naturaliste aux premi\u00e8res r\u00e9flexions \u00e9cologiques int\u00e9gr\u00e9es aux enseignements.\\nCon\u00e7ue comme une v\u00e9ritable exp\u00e9rience immersive, cette exposition accorde une large place \u00e0 la m\u00e9diation participative : reconnaissance de traces et de cris d\u2019animaux, jeux \u00e9ducatifs et dispositifs interactifs.\",\"url\":\"https:\/\/musee-ecole.fr\/\",\"geo\":{\"@type\":\"GeoCoordinates\",\"latitude\":48.2446376,\"longitude\":-4.2266491},\"additionalProperty\":[{\"@type\":\"PropertyValue\",\"name\":\"Titre\",\"value\":\"Exposition temporaire - \\\"Plus ou moins b\u00eates\\\" - Les animaux et l'\u00e9ducation\"},{\"@type\":\"PropertyValue\",\"name\":\"Cat\u00e9gorie\",\"value\":\"Expositions\"},{\"@type\":\"PropertyValue\",\"name\":\"Ville\",\"value\":\"Tr\u00e9garvan\"},{\"@type\":\"PropertyValue\",\"name\":\"Code postal\",\"value\":\"29560\"}]}},{\"@type\":\"ListItem\",\"position\":323,\"item\":{\"@type\":\"Thing\",\"name\":\"Visite guid\u00e9e & spectacle d'oiseaux \u00e0 l'Aquashow\",\"description\":\"Du 04 avril au 03 juillet : tous les jours de 10h00 \u00e0 18h00, 3 spectacles d'oiseaux par jour et la visite guid\u00e9e des aquariums \u00e0 11h00.\\n\\nDu 04 juillet au 30 aout : tous les jours de 10h00 \u00e0 19h00, 3 spectacles d'oiseaux par jour et la visite guid\u00e9e des aquariums \u00e0 11h00.\\n\\nDu 31 aout au 27 septembre : tous les jours de 10h00 \u00e0 18h00, 3 spectacles d'oiseaux par jour et la visite guid\u00e9e des aquariums \u00e0 11h00.\",\"url\":\"http:\/\/www.aquarium.fr\/\",\"geo\":{\"@type\":\"GeoCoordinates\",\"latitude\":48.0282888,\"longitude\":-4.5361101},\"additionalProperty\":[{\"@type\":\"PropertyValue\",\"name\":\"Titre\",\"value\":\"Visite guid\u00e9e & spectacle d'oiseaux \u00e0 l'Aquashow\"},{\"@type\":\"PropertyValue\",\"name\":\"Cat\u00e9gorie\",\"value\":\"En famille\"},{\"@type\":\"PropertyValue\",\"name\":\"Ville\",\"value\":\"Audierne\"},{\"@type\":\"PropertyValue\",\"name\":\"Code postal\",\"value\":\"29770\"}]}},{\"@type\":\"ListItem\",\"position\":324,\"item\":{\"@type\":\"Thing\",\"name\":\"A la d\u00e9couverte de la for\u00eat avec les b\u00e9b\u00e9s\",\"description\":\"Cet atelier en for\u00eat est con\u00e7u pour les enfants de moins de 3 ans, accompagn\u00e9s d'un adulte r\u00e9f\u00e9rant. \\nIl offre \u00e0 l'enfant des opportunit\u00e9s de d\u00e9couvertes:\\n- Toucher la terre, la mousse, les feuilles, les bouts de bois. -Ecouter les oiseaux, le bruit du vent dans les feuilles\\n- Humer les fragrances subtiles lib\u00e9r\u00e9es par les arbres, les parfums floraux, les odeurs de la terre. \\n- Observer les petites b\u00eates. \\n\\nLa for\u00eat est aussi un formidable lieu d'explorations motrices : marcher, enjamber, grimper, sauter, s'agripper, se hisser, ramper, s'\u00e9quilibrer, courir. Le rythme permet une exploration libre selon l'\u00e2ge des enfants. \\nDes haltes favorisent les exp\u00e9riences sensorielles et adapt\u00e9es selon l'\u00e2ge des enfants. Gr\u00e2ce \u00e0 l'adulte accompagnateur, l'enfant est s\u00e9curis\u00e9 dans ses explorations. \\nQuelques suggestions sont propos\u00e9es, mais parfois c'est la for\u00eat ou les enfants eux-m\u00eames qui donnent une impulsion pour un jeu. Enfin, l'adulte accompagnateur profite \u00e9galement des bienfaits de la for\u00eat.\\n\\n- Les poussettes l\u00e9g\u00e8res sont possibles. \\n- Le portage en \u00e9charpe ou en porte-b\u00e9b\u00e9 est conseill\u00e9.\\n- R\u00e9servation obligatoire.\\n- Nombre de places limit\u00e9s.\",\"url\":\"https:\/\/marchons-respirons.fr\/\",\"geo\":{\"@type\":\"GeoCoordinates\",\"latitude\":48.4378722,\"longitude\":-4.3078876},\"additionalProperty\":[{\"@type\":\"PropertyValue\",\"name\":\"Titre\",\"value\":\"A la d\u00e9couverte de la for\u00eat avec les b\u00e9b\u00e9s\"},{\"@type\":\"PropertyValue\",\"name\":\"Cat\u00e9gorie\",\"value\":\"Sport & randonn\u00e9e\"},{\"@type\":\"PropertyValue\",\"name\":\"Ville\",\"value\":\"La Forest-Landerneau\"},{\"@type\":\"PropertyValue\",\"name\":\"Code postal\",\"value\":\"29800\"}]}},{\"@type\":\"ListItem\",\"position\":325,\"item\":{\"@type\":\"Thing\",\"name\":\"Visite guid\u00e9e de cri\u00e9e d\u2019Audierne-Poulgoazec\",\"description\":\"Venez assister en direct \u00e0 la vente aux ench\u00e8res \u00e0 la halle \u00e0 mar\u00e9e.\\nUne visite exceptionnelle \u00e0 la d\u00e9couverte de la cri\u00e9e de Poulgoazec, singuli\u00e8re par la qualit\u00e9 de sa p\u00eache c\u00f4ti\u00e8re.\\nAccompagn\u00e9 par nos m\u00e9diateurs, nous vous ferons d\u00e9couvrir l'histoire du port, ses techniques de p\u00eaches, les diff\u00e9rentes esp\u00e8ces de poissons et les conditions de travail des marins-p\u00eacheurs.\\n \\nSur r\u00e9servation, 30 pers. max, chaussures ferm\u00e9es obligatoires, photos interdites \u00e0 l'int\u00e9rieur de la halle \u00e0 mar\u00e9e.\\nLes animaux ne sont pas accept\u00e9s.\\n \\nBilletterie disponible dans le bureaux de l'Office de Tourisme.  \\n \\nPoint de rendez-vous \u00e0 l'Abri du marin de Plouhinec.\",\"geo\":{\"@type\":\"GeoCoordinates\",\"latitude\":48.0184347,\"longitude\":-4.5316125},\"additionalProperty\":[{\"@type\":\"PropertyValue\",\"name\":\"Titre\",\"value\":\"Visite guid\u00e9e de cri\u00e9e d\u2019Audierne-Poulgoazec\"},{\"@type\":\"PropertyValue\",\"name\":\"Cat\u00e9gorie\",\"value\":\"Autres \u00e9v\u00e9nements\"},{\"@type\":\"PropertyValue\",\"name\":\"Ville\",\"value\":\"Plouhinec\"},{\"@type\":\"PropertyValue\",\"name\":\"Code postal\",\"value\":\"29780\"}]}},{\"@type\":\"ListItem\",\"position\":326,\"item\":{\"@type\":\"Thing\",\"name\":\"DJ set de Chamar\",\"description\":\"Dj set de Chamar Chez Tatabel - tout les mercredis d'ao\u00fbt\\nPensez \u00e0 r\u00e9server si vous souhaitez manger sur place !\",\"geo\":{\"@type\":\"GeoCoordinates\",\"latitude\":48.16934,\"longitude\":-4.28909},\"additionalProperty\":[{\"@type\":\"PropertyValue\",\"name\":\"Titre\",\"value\":\"DJ set de Chamar\"},{\"@type\":\"PropertyValue\",\"name\":\"Cat\u00e9gorie\",\"value\":\"Concerts, musique & festivals\"},{\"@type\":\"PropertyValue\",\"name\":\"Ville\",\"value\":\"Plomodiern\"},{\"@type\":\"PropertyValue\",\"name\":\"Code postal\",\"value\":\"29550\"}]}},{\"@type\":\"ListItem\",\"position\":327,\"item\":{\"@type\":\"Thing\",\"name\":\"Visite accompagn\u00e9e - La sorci\u00e8re n'est jamais loin\",\"description\":\"La visite accompagn\u00e9e de l\u2019exposition \u201cMa sorci\u00e8re mal nomm\u00e9e\u201d  vous fera d\u00e9couvrir les diff\u00e9rentes figures de la sorci\u00e8re (gu\u00e9risseuse, ogresse, chamane, m\u00e9dium\u2026) \u00e0 travers les si\u00e8cles et les continents.\",\"url\":\"https:\/\/www.cdp29.fr\/\",\"geo\":{\"@type\":\"GeoCoordinates\",\"latitude\":48.36204,\"longitude\":-4.26534},\"additionalProperty\":[{\"@type\":\"PropertyValue\",\"name\":\"Titre\",\"value\":\"Visite accompagn\u00e9e - La sorci\u00e8re n'est jamais loin\"},{\"@type\":\"PropertyValue\",\"name\":\"Cat\u00e9gorie\",\"value\":\"Autres \u00e9v\u00e9nements\"},{\"@type\":\"PropertyValue\",\"name\":\"Ville\",\"value\":\"Daoulas\"},{\"@type\":\"PropertyValue\",\"name\":\"Code postal\",\"value\":\"29460\"}]}},{\"@type\":\"ListItem\",\"position\":328,\"item\":{\"@type\":\"Thing\",\"name\":\"Atelier Cyanotype - Maison des Min\u00e9raux\",\"description\":\"R\u00e9aliser des images cr\u00e9atives uniques avec la lumi\u00e8re !\\n\\nFais appara\u00eetre des images comme par magie ! A partir de feuilles, fleurs ou de petits objets, tu utiliseras la lumi\u00e8re pour r\u00e9v\u00e9ler tes cr\u00e9ations. Tu repartiras avec tes r\u00e9alisations.\\n\\n15\u20ac\\n2h\\nEnfant (7\/12 ans) \\nSur r\u00e9servation au 02.98.27.19.73\",\"geo\":{\"@type\":\"GeoCoordinates\",\"latitude\":48.20406,\"longitude\":-4.52798},\"additionalProperty\":[{\"@type\":\"PropertyValue\",\"name\":\"Titre\",\"value\":\"Atelier Cyanotype - Maison des Min\u00e9raux\"},{\"@type\":\"PropertyValue\",\"name\":\"Cat\u00e9gorie\",\"value\":\"Autres \u00e9v\u00e9nements\"},{\"@type\":\"PropertyValue\",\"name\":\"Ville\",\"value\":\"Crozon\"},{\"@type\":\"PropertyValue\",\"name\":\"Code postal\",\"value\":\"29160\"}]}},{\"@type\":\"ListItem\",\"position\":329,\"item\":{\"@type\":\"Thing\",\"name\":\"C'hoari Tour - Ludoth\u00e8que itin\u00e9rante du Cap-Sizun - Mahalon\",\"description\":\"Itin\u00e9rances de la ludoth\u00e8que avec nos grands jeux en bois. Il y aura un cr\u00e9ateur de jeux soci\u00e9t\u00e9 qui sera pr\u00e9sent avec ses prototypes.\",\"url\":\"https:\/\/laobra.bzh\/ludotheque\/c-hoari-tour\",\"geo\":{\"@type\":\"GeoCoordinates\",\"latitude\":48.034979,\"longitude\":-4.436238},\"additionalProperty\":[{\"@type\":\"PropertyValue\",\"name\":\"Titre\",\"value\":\"C'hoari Tour - Ludoth\u00e8que itin\u00e9rante du Cap-Sizun - Mahalon\"},{\"@type\":\"PropertyValue\",\"name\":\"Cat\u00e9gorie\",\"value\":\"En famille\"},{\"@type\":\"PropertyValue\",\"name\":\"Ville\",\"value\":\"Mahalon\"},{\"@type\":\"PropertyValue\",\"name\":\"Code postal\",\"value\":\"29790\"}]}},{\"@type\":\"ListItem\",\"position\":330,\"item\":{\"@type\":\"Thing\",\"name\":\"Visite de la pointe Saint-Mathieu\",\"description\":\"Dans un p\u00e9rim\u00e8tre ultra concentr\u00e9, la pointe Saint-Mathieu nous ouvre une fen\u00eatre sur la Bretagne, son histoire mouvement\u00e9e, sa vie maritime et ses l\u00e9gendes \u00e9ternelles. Cette visite vous fera entrevoir l'histoire cach\u00e9e derri\u00e8re la splendeur de ce bout du Monde.\",\"url\":\"http:\/\/ribine-experience.fr\/\",\"geo\":{\"@type\":\"GeoCoordinates\",\"latitude\":48.3308594,\"longitude\":-4.7705926},\"additionalProperty\":[{\"@type\":\"PropertyValue\",\"name\":\"Titre\",\"value\":\"Visite de la pointe Saint-Mathieu\"},{\"@type\":\"PropertyValue\",\"name\":\"Cat\u00e9gorie\",\"value\":\"Autres \u00e9v\u00e9nements\"},{\"@type\":\"PropertyValue\",\"name\":\"Ville\",\"value\":\"Plougonvelin\"},{\"@type\":\"PropertyValue\",\"name\":\"Code postal\",\"value\":\"29217\"}]}},{\"@type\":\"ListItem\",\"position\":331,\"item\":{\"@type\":\"Thing\",\"name\":\"Concert Ballades Celtiques\",\"description\":\"Avec le groupe Lirzin\\nOrganis\u00e9 par la paroisse de St Tugdual\",\"geo\":{\"@type\":\"GeoCoordinates\",\"latitude\":47.98611,\"longitude\":-4.42699},\"additionalProperty\":[{\"@type\":\"PropertyValue\",\"name\":\"Titre\",\"value\":\"Concert Ballades Celtiques\"},{\"@type\":\"PropertyValue\",\"name\":\"Cat\u00e9gorie\",\"value\":\"Concerts, musique & festivals\"},{\"@type\":\"PropertyValue\",\"name\":\"Ville\",\"value\":\"Ploz\u00e9vet\"},{\"@type\":\"PropertyValue\",\"name\":\"Code postal\",\"value\":\"29710\"}]}},{\"@type\":\"ListItem\",\"position\":332,\"item\":{\"@type\":\"Thing\",\"name\":\"Mini conf\u00e9rence - Les brasseurs de science\",\"description\":\"Pr\u00e9sentation du conservatoire botanique national de Brest et focus sur la flore du littoral brestois.\\nPar St\u00e9phanie Hudin, \u00e9cologue, sp\u00e9cialiste de la conservation de la biodiversit\u00e9 v\u00e9g\u00e9tale et directrice du Conservatoire botanique national de Brest.\\n\\nInformations pratiques:\\nDur\u00e9e 1h45\\n\\nOrganis\u00e9e par la ville de Brest et le caf\u00e9 de la Maison Blanche - Bistrot de la Rade\",\"url\":\"https:\/\/brest.fr\/agenda\",\"geo\":{\"@type\":\"GeoCoordinates\",\"latitude\":48.36372,\"longitude\":-4.53121},\"additionalProperty\":[{\"@type\":\"PropertyValue\",\"name\":\"Titre\",\"value\":\"Mini conf\u00e9rence - Les brasseurs de science\"},{\"@type\":\"PropertyValue\",\"name\":\"Cat\u00e9gorie\",\"value\":\"Autres \u00e9v\u00e9nements\"},{\"@type\":\"PropertyValue\",\"name\":\"Ville\",\"value\":\"Brest\"},{\"@type\":\"PropertyValue\",\"name\":\"Code postal\",\"value\":\"29200\"}]}},{\"@type\":\"ListItem\",\"position\":333,\"item\":{\"@type\":\"Thing\",\"name\":\"Visite guid\u00e9e d'Audierne\",\"description\":\"Accompagn\u00e9 par un guide de l\u2019office de tourisme, venez profiter d\u2019un instant de d\u00e9couverte et de partage sur l\u2019histoire d\u2019Audierne. Laissez-vous guider dans la ville afin de d\u00e9couvrir son histoire passionnante et souvent m\u00e9connue, au cours d\u2019une balade dans les venelles. Depuis les hauteurs, vous apercevrez comment les richesses de la mer ont fa\u00e7onn\u00e9 la ville et son histoire !\",\"url\":\"http:\/\/www.capsizuntourisme.fr\/\",\"geo\":{\"@type\":\"GeoCoordinates\",\"latitude\":48.02369,\"longitude\":-4.53993},\"additionalProperty\":[{\"@type\":\"PropertyValue\",\"name\":\"Titre\",\"value\":\"Visite guid\u00e9e d'Audierne\"},{\"@type\":\"PropertyValue\",\"name\":\"Cat\u00e9gorie\",\"value\":\"Autres \u00e9v\u00e9nements\"},{\"@type\":\"PropertyValue\",\"name\":\"Ville\",\"value\":\"Audierne\"},{\"@type\":\"PropertyValue\",\"name\":\"Code postal\",\"value\":\"29770\"}]}},{\"@type\":\"ListItem\",\"position\":334,\"item\":{\"@type\":\"Thing\",\"name\":\"Visite de cri\u00e9e Famille\",\"description\":\"Venez d\u00e9couvrir le monde de la p\u00eache professionnelle en format Ludique. Une visite adapt\u00e9e pour les familles et les plus jeunes afin de mettre un premier pied dans le monde de la p\u00eache c\u00f4ti\u00e8re. Techniques de p\u00eaches, d\u00e9couverte des poissons et fonctionnement de la cri\u00e9e, nous vous attendons pour passer un bon moment en compagnie de notre guide.\\n\\nVisite conseill\u00e9e pour les familles (enfants de - de 12ans).\\n\\nR\u00e9servation aupr\u00e8s de l'Office de Tourisme \u00e0 Audierne ou par t\u00e9l\u00e9phone. \\n\\nPoint de rendez-vous \u00e0 l'Abri du marin de Poulgoazec.\",\"url\":\"https:\/\/www.capsizuntourisme.fr\/\",\"geo\":{\"@type\":\"GeoCoordinates\",\"latitude\":48.0184525,\"longitude\":-4.5316231},\"additionalProperty\":[{\"@type\":\"PropertyValue\",\"name\":\"Titre\",\"value\":\"Visite de cri\u00e9e Famille\"},{\"@type\":\"PropertyValue\",\"name\":\"Cat\u00e9gorie\",\"value\":\"En famille\"},{\"@type\":\"PropertyValue\",\"name\":\"Ville\",\"value\":\"Plouhinec\"},{\"@type\":\"PropertyValue\",\"name\":\"Code postal\",\"value\":\"29780\"}]}},{\"@type\":\"ListItem\",\"position\":335,\"item\":{\"@type\":\"Thing\",\"name\":\"Atelier de dentelle aux fuseaux\",\"description\":\"Association cr\u00e9\u00e9e pour enseigner la dentelle aux fuseaux, mais aussi la confection du filet... support de nos coiffes locales.\",\"url\":\"http:\/\/www.atelierhorsdutemps.fr\/\",\"geo\":{\"@type\":\"GeoCoordinates\",\"latitude\":48.0261091,\"longitude\":-4.6111536},\"additionalProperty\":[{\"@type\":\"PropertyValue\",\"name\":\"Titre\",\"value\":\"Atelier de dentelle aux fuseaux\"},{\"@type\":\"PropertyValue\",\"name\":\"Cat\u00e9gorie\",\"value\":\"Autres \u00e9v\u00e9nements\"},{\"@type\":\"PropertyValue\",\"name\":\"Ville\",\"value\":\"Primelin\"},{\"@type\":\"PropertyValue\",\"name\":\"Code postal\",\"value\":\"29770\"}]}},{\"@type\":\"ListItem\",\"position\":336,\"item\":{\"@type\":\"Thing\",\"name\":\"Visite guid\u00e9e \u00ab\u00a0Les rendez-vous de la Pointe\u00a0\u00bb\",\"description\":\"Comprendre un paysage d\u2019exception, en famille.\\n\\nCette visite guid\u00e9e invite petits et grands \u00e0 d\u00e9couvrir les paysages spectaculaires de la Pointe du Raz et \u00e0 comprendre ce qui fait la singularit\u00e9 de ce site embl\u00e9matique du Finist\u00e8re. Au fil du parcours, le guide d\u00e9crypte la formation des falaises, l\u2019influence des vents et des courants, ainsi que l\u2019histoire humaine intimement li\u00e9e \u00e0 ce bout du monde. Anecdotes, observations et \u00e9changes rythment la visite, pens\u00e9e pour \u00eatre accessible et ludique. Une formule id\u00e9ale pour une premi\u00e8re approche du site, \u00e0 partager en famille, entre terre et mer.\\n\\nD\u00e9part du s\u00e9maphore (\u00e0 800 m du parking) - Dur\u00e9e 1h\",\"url\":\"https:\/\/www.toutcommenceenfinistere.com\/pointe-du-raz\/preparer-sa-visite\/\",\"geo\":{\"@type\":\"GeoCoordinates\",\"latitude\":48.040859,\"longitude\":-4.670977},\"additionalProperty\":[{\"@type\":\"PropertyValue\",\"name\":\"Titre\",\"value\":\"Visite guid\u00e9e \u00ab\u00a0Les rendez-vous de la Pointe\u00a0\u00bb\"},{\"@type\":\"PropertyValue\",\"name\":\"Cat\u00e9gorie\",\"value\":\"Sport & randonn\u00e9e\"},{\"@type\":\"PropertyValue\",\"name\":\"Ville\",\"value\":\"Plogoff\"},{\"@type\":\"PropertyValue\",\"name\":\"Code postal\",\"value\":\"29770\"}]}},{\"@type\":\"ListItem\",\"position\":337,\"item\":{\"@type\":\"Thing\",\"name\":\"Visite guid\u00e9e - Rando Nature \u00e0 la Pointe du Van\",\"description\":\"Une immersion au c\u0153ur des paysages sauvages !\\n\\nMoins fr\u00e9quent\u00e9e mais tout aussi spectaculaire, la Pointe du Van se d\u00e9voile lors de cette randonn\u00e9e guid\u00e9e entre landes battues par les vents, falaises abruptes et patrimoine discret. Le guide vous accompagne \u00e0 la d\u00e9couverte d\u2019un territoire pr\u00e9serv\u00e9, fa\u00e7onn\u00e9 par la rencontre permanente entre la terre et l\u2019oc\u00e9an. Faune, flore, g\u00e9ologie et traces d\u2019activit\u00e9s humaines se m\u00ealent pour raconter l\u2019histoire de ces paysages contrast\u00e9s. Une sortie id\u00e9ale pour les amoureux de nature et de grands espaces.\\n\\nD\u00e9part du parking de la Pointe du Van - Dur\u00e9e 3h - 5 km \\n\\nSur r\u00e9servation aupr\u00e8s de la Maison de site ou de l'Office de Tourisme du Cap-Sizun \u00e0 Audierne.\",\"url\":\"https:\/\/www.toutcommenceenfinistere.com\/pointe-du-raz\/preparer-sa-visite\/\",\"geo\":{\"@type\":\"GeoCoordinates\",\"latitude\":48.064635,\"longitude\":-4.713811},\"additionalProperty\":[{\"@type\":\"PropertyValue\",\"name\":\"Titre\",\"value\":\"Visite guid\u00e9e - Rando Nature \u00e0 la Pointe du Van\"},{\"@type\":\"PropertyValue\",\"name\":\"Cat\u00e9gorie\",\"value\":\"Sport & randonn\u00e9e\"},{\"@type\":\"PropertyValue\",\"name\":\"Ville\",\"value\":\"Cl\u00e9den-Cap-Sizun\"},{\"@type\":\"PropertyValue\",\"name\":\"Code postal\",\"value\":\"29770\"}]}},{\"@type\":\"ListItem\",\"position\":338,\"item\":{\"@type\":\"Thing\",\"name\":\"D\u00e9couverte \u00e0 pied - La Pointe du Van, sauvage et sacr\u00e9e\",\"description\":\"La Pointe du Van concentre toute l\u2019essence de la Bretagne sauvage : des \u00e9l\u00e9ments puissants, un patrimoine religieux encore sacralis\u00e9, des oiseaux maritimes venus du Nord pour se reproduire, une v\u00e9g\u00e9tation surprenante de r\u00e9sistance et des paysages grandioses en format XXL. Les panoramas s\u2019ouvrent sur la mythique mer d\u2019Iroise et ses phares l\u00e9gendaires, baign\u00e9s de lumi\u00e8res bretonnes uniques. Moins fr\u00e9quent\u00e9e que la Pointe du Raz, elle offre une exp\u00e9rience plus confidentielle, id\u00e9ale pour les amoureux de nature pr\u00e9serv\u00e9e et de contemplation. Une invitation \u00e0 la d\u00e9couverte, \u00e0 l\u2019\u00e9merveillement et \u00e0 la reconnexion. \\n\\nRendez-vous mercredi \u00e0 14h et jeudi \u00e0 9h sur le parking de la Pointe du Van, au niveau du snack. \\nParcours facile, 2,5 km, temps de visite 2h30.\\n\\nR\u00e9servation obligatoire.\\n\\nR\u00e9servation possible \u00e0 l'Office de Tourisme \u00e0 Audierne ainsi que par t\u00e9l\u00e9phone.\",\"url\":\"http:\/\/virginie-guezennec.fr\/\",\"geo\":{\"@type\":\"GeoCoordinates\",\"latitude\":48.064635,\"longitude\":-4.713811},\"additionalProperty\":[{\"@type\":\"PropertyValue\",\"name\":\"Titre\",\"value\":\"D\u00e9couverte \u00e0 pied - La Pointe du Van, sauvage et sacr\u00e9e\"},{\"@type\":\"PropertyValue\",\"name\":\"Cat\u00e9gorie\",\"value\":\"Sport & randonn\u00e9e\"},{\"@type\":\"PropertyValue\",\"name\":\"Ville\",\"value\":\"Cl\u00e9den-Cap-Sizun\"},{\"@type\":\"PropertyValue\",\"name\":\"Code postal\",\"value\":\"29770\"}]}},{\"@type\":\"ListItem\",\"position\":339,\"item\":{\"@type\":\"Thing\",\"name\":\"Visite guid\u00e9e - Rando Nature \u00e0 la Pointe du Van\",\"description\":\"Une immersion au c\u0153ur des paysages sauvages !\\n\\nMoins fr\u00e9quent\u00e9e mais tout aussi spectaculaire, la Pointe du Van se d\u00e9voile lors de cette randonn\u00e9e guid\u00e9e entre landes battues par les vents, falaises abruptes et patrimoine discret. Le guide vous accompagne \u00e0 la d\u00e9couverte d\u2019un territoire pr\u00e9serv\u00e9, fa\u00e7onn\u00e9 par la rencontre permanente entre la terre et l\u2019oc\u00e9an. Faune, flore, g\u00e9ologie et traces d\u2019activit\u00e9s humaines se m\u00ealent pour raconter l\u2019histoire de ces paysages contrast\u00e9s. Une sortie id\u00e9ale pour les amoureux de nature et de grands espaces.\\n\\nD\u00e9part du parking de la Pointe du Van - Dur\u00e9e 3h - 5 km \\n\\nLes mardis \u00e0 9h.\\n\\nSur r\u00e9servation aupr\u00e8s de la Maison de site ou de l'Office de Tourisme du Cap-Sizun \u00e0 Audierne.\",\"url\":\"https:\/\/www.toutcommenceenfinistere.com\/pointe-du-raz\/preparer-sa-visite\/\",\"geo\":{\"@type\":\"GeoCoordinates\",\"latitude\":48.064635,\"longitude\":-4.713811},\"additionalProperty\":[{\"@type\":\"PropertyValue\",\"name\":\"Titre\",\"value\":\"Visite guid\u00e9e - Rando Nature \u00e0 la Pointe du Van\"},{\"@type\":\"PropertyValue\",\"name\":\"Cat\u00e9gorie\",\"value\":\"Sport & randonn\u00e9e\"},{\"@type\":\"PropertyValue\",\"name\":\"Ville\",\"value\":\"Cl\u00e9den-Cap-Sizun\"},{\"@type\":\"PropertyValue\",\"name\":\"Code postal\",\"value\":\"29770\"}]}},{\"@type\":\"ListItem\",\"position\":340,\"item\":{\"@type\":\"Thing\",\"name\":\"1 h pour comprendre son ado-One Man Show\",\"description\":\"Essayons de comprendre nos Ados en 1 Heure. En vrai \u00e7a va \u00eatre une pure dinguerie!\\n\\nUn stand Up \u00e0 voir en famille, dans lequel nous \u00e9tudierons l' Ado, ce petit \u00eatre tout mignon qui peut se transformer en Hulk \u00e0 la moindre contrari\u00e9t\u00e9. Attention les boomers en prendront aussi pour leur grade ! Les auteurs, sont eux-m\u00eames papas d' Ados, et \u00e0 priori ces derniers les inspirent puisqu'on leur doit, en autres le succ\u00e8s : Les Adoleschiants.\\n\\n\u00c0 Savoir : Jean-Baptiste Mazoyer est un com\u00e9dien de Stand Up (Reconnect\u00e9, Geek...), mais \u00e9galement auteur pour la t\u00e9l\u00e9 et le web. Robert Punzano est auteur et metteur en sc\u00e8ne, on lui doit Les Colocs, Coach-Moi si tu Peux, Ce Soir ou Jamais...\\n\\nInformations pratiques : \\nDur\u00e9e 1h\\nHumour\\nTout public\\nSalle accessible aux PMR\\nPlacement libre, par ordre d'arriv\u00e9e\\nAcc\u00e8s \u00e0 la salle possible avec contr\u00f4le billet 30 minutes avant le d\u00e9but de la repr\u00e9sentation\\nL'horaire indiqu\u00e9 correspond \u00e0 l'heure de d\u00e9but du spectacle. Toute personne se pr\u00e9sentant apr\u00e8s cet horaire, m\u00eame en possession d'un billet, pourra se voir refuser l'acc\u00e8s \u00e0 la salle.\",\"url\":\"https:\/\/www.comediedufinistere.fr\/index.php\/le-programme?view=article&id=445:1h-pour-comprendre-son-ado&catid=8\",\"geo\":{\"@type\":\"GeoCoordinates\",\"latitude\":48.3890223,\"longitude\":-4.4983387},\"additionalProperty\":[{\"@type\":\"PropertyValue\",\"name\":\"Titre\",\"value\":\"1 h pour comprendre son ado-One Man Show\"},{\"@type\":\"PropertyValue\",\"name\":\"Cat\u00e9gorie\",\"value\":\"Spectacles & cin\u00e9ma\"},{\"@type\":\"PropertyValue\",\"name\":\"Ville\",\"value\":\"Brest\"},{\"@type\":\"PropertyValue\",\"name\":\"Code postal\",\"value\":\"29200\"}]}},{\"@type\":\"ListItem\",\"position\":341,\"item\":{\"@type\":\"Thing\",\"name\":\"Gef\u00fchrter Fotospaziergang durch Douarnenez\",\"description\":\"Gef\u00fchrter Fotospaziergang durch Douarnenez :\\nEntdecken Sie mit dem Marco-Polo-Autor und erfahrenen Reiseleiter Errol Friedhelm Karakoc die Hafenstadt und ihre K\u00f6nigin, die Sardine. Auf den Spuren der hiesigen Fischer begegnen Sie streitbaren Damen, kuriosen Riten der heimischen Bev\u00f6lkerung, h\u00fcbscher Architektur aus den letzten Jahrhunderten, spannenden Legenden, vielleicht sogar Kommissar Dupin und haben dabei immer wieder den Blick auf die Bucht. Freuen Sie sich auf etwa zwei Stunden des Flanierens durch die Gassen des Hafenviertels Rosmeur.\\n\\nDauer: ca. 2h\\nSprache: auf Deutsch\\nSchwierigkeitsgrad: einfach bis mittel (leichte Steigungen\/Gef\u00e4lle auf st\u00e4dtischen Wegen, einige Stufen)\",\"url\":\"http:\/\/www.douarnenez-tourisme.com\/\",\"geo\":{\"@type\":\"GeoCoordinates\",\"latitude\":48.0931504,\"longitude\":-4.3310605},\"additionalProperty\":[{\"@type\":\"PropertyValue\",\"name\":\"Titre\",\"value\":\"Gef\u00fchrter Fotospaziergang durch Douarnenez\"},{\"@type\":\"PropertyValue\",\"name\":\"Cat\u00e9gorie\",\"value\":\"Autres \u00e9v\u00e9nements\"},{\"@type\":\"PropertyValue\",\"name\":\"Ville\",\"value\":\"Douarnenez\"},{\"@type\":\"PropertyValue\",\"name\":\"Code postal\",\"value\":\"29100\"}]}},{\"@type\":\"ListItem\",\"position\":342,\"item\":{\"@type\":\"Thing\",\"name\":\"Balade ornithologique sur le sentier c\u00f4tier\",\"description\":\"Sortie nature : D\u00e9couverte et observation des oiseaux du littoral du pays d\u2019Iroise. \\n\\nTendez l\u2019oreille et venez d\u00e9couvrir les richesses naturelles du Finist\u00e8re. Peut-\u00eatre y a-t-il un rouge-gorge sur votre droite, un go\u00e9land au-dessus de votre t\u00eate filant dans les courants d\u2019air ? \\nLe long du sentier, nous cherchons les esp\u00e8ces cach\u00e9es entre les rochers ou dans l\u2019\u00e9cume des vagues. Nous apprenons \u00e0 les identifier et nous \u00e9coutons leur chant.\",\"url\":\"http:\/\/terredecume.fr\/\",\"geo\":{\"@type\":\"GeoCoordinates\",\"latitude\":48.3548649,\"longitude\":-4.680289},\"additionalProperty\":[{\"@type\":\"PropertyValue\",\"name\":\"Titre\",\"value\":\"Balade ornithologique sur le sentier c\u00f4tier\"},{\"@type\":\"PropertyValue\",\"name\":\"Cat\u00e9gorie\",\"value\":\"Sport & randonn\u00e9e\"},{\"@type\":\"PropertyValue\",\"name\":\"Ville\",\"value\":\"Locmaria-Plouzan\u00e9\"},{\"@type\":\"PropertyValue\",\"name\":\"Code postal\",\"value\":\"29280\"}]}},{\"@type\":\"ListItem\",\"position\":343,\"item\":{\"@type\":\"Thing\",\"name\":\"Concert en \u00e9glises et chapelles : Trobairitz\",\"description\":\"Un voyage intemporel depuis l\u2019\u00e9poque m\u00e9di\u00e9vale dans la po\u00e9sie, les pens\u00e9es, les pr\u00e9occupations des femmes. Depuis le jeu de la bo\u00fbq\u00e2l\u00e2h renfermant des joyaux anonymes de la tradition orale f\u00e9minine alg\u00e9rienne jusqu\u2019\u00e0 la po\u00e9sie lyrique de l\u2019orient italien ou du sud de la France tout en passant par les chansons s\u00e9farades ou le romancero viejo de l\u2019Espagne m\u00e9di\u00e9vale et de la Reconquista, ces po\u00e8mes racontent l\u2019amour, le corps, la d\u00e9ception, la perfidie, la r\u00e9silience...en un mot la vie.\\n\\nIngrid BLASCO : vielle \u00e0 roue, lecture, composition\\nAlice KHAYATI : chant, fl\u00fbte \u00e0 bec, percussions\\nMathias MANTELLO : percussions, chant\\nNathalie LE GAOUTAT : viole de gambe\",\"geo\":{\"@type\":\"GeoCoordinates\",\"latitude\":48.1007102,\"longitude\":-4.3467658},\"additionalProperty\":[{\"@type\":\"PropertyValue\",\"name\":\"Titre\",\"value\":\"Concert en \u00e9glises et chapelles : Trobairitz\"},{\"@type\":\"PropertyValue\",\"name\":\"Cat\u00e9gorie\",\"value\":\"Concerts, musique & festivals\"},{\"@type\":\"PropertyValue\",\"name\":\"Ville\",\"value\":\"Douarnenez\"},{\"@type\":\"PropertyValue\",\"name\":\"Code postal\",\"value\":\"29100\"}]}},{\"@type\":\"ListItem\",\"position\":344,\"item\":{\"@type\":\"Thing\",\"name\":\"March\u00e9 des Ateliers\",\"description\":\"Artisanes, artisans et artistes des ateliers Jean Moulin vous ouvrent leurs ateliers tous les mercredis de l\u2019\u00e9t\u00e9. C\u00e9ramiques, peintures, impressions textiles, sculptures et bien plus\u2026 venez fl\u00e2ner et d\u00e9couvrir leurs activit\u00e9s dans un lieu foisonnant \u00e0 deux pas du sentier des douaniers !\",\"geo\":{\"@type\":\"GeoCoordinates\",\"latitude\":48.0176766,\"longitude\":-4.5304275},\"additionalProperty\":[{\"@type\":\"PropertyValue\",\"name\":\"Titre\",\"value\":\"March\u00e9 des Ateliers\"},{\"@type\":\"PropertyValue\",\"name\":\"Cat\u00e9gorie\",\"value\":\"March\u00e9s & foires\"},{\"@type\":\"PropertyValue\",\"name\":\"Ville\",\"value\":\"Plouhinec\"},{\"@type\":\"PropertyValue\",\"name\":\"Code postal\",\"value\":\"29780\"}]}},{\"@type\":\"ListItem\",\"position\":345,\"item\":{\"@type\":\"Thing\",\"name\":\"Visite cr\u00e9pusculaire de la Pointe du Raz\",\"description\":\"La Pointe du Raz \u00e0 l'heure dor\u00e9e ! \\n\\n\u00c0 l\u2019heure o\u00f9 le soleil d\u00e9cline, la Pointe du Raz r\u00e9v\u00e8le une atmosph\u00e8re toute particuli\u00e8re. Cette visite cr\u00e9pusculaire propose une immersion sensorielle au c\u0153ur du Grand Site, lorsque les couleurs s\u2019adoucissent et que la lumi\u00e8re dor\u00e9e embrase les falaises. Progressivement, phares et balises s\u2019illuminent, offrant un v\u00e9ritable ballet lumineux sur la mer d\u2019Iroise. Entre paysages grandioses, r\u00e9cits maritimes et instants contemplatifs, vivez une exp\u00e9rience unique, hors du temps, au plus \u00e0 l\u2019ouest de la France.\\n\\nSur r\u00e9servation aupr\u00e8s de la Maison de site de la Pointe du Raz ou de l'Office de Tourisme du Cap-Sizun \u00e0 Audierne.\",\"url\":\"https:\/\/www.toutcommenceenfinistere.com\/pointe-du-raz\/preparer-sa-visite\/\",\"geo\":{\"@type\":\"GeoCoordinates\",\"latitude\":48.040859,\"longitude\":-4.670977},\"additionalProperty\":[{\"@type\":\"PropertyValue\",\"name\":\"Titre\",\"value\":\"Visite cr\u00e9pusculaire de la Pointe du Raz\"},{\"@type\":\"PropertyValue\",\"name\":\"Cat\u00e9gorie\",\"value\":\"Sport & randonn\u00e9e\"},{\"@type\":\"PropertyValue\",\"name\":\"Ville\",\"value\":\"Plogoff\"},{\"@type\":\"PropertyValue\",\"name\":\"Code postal\",\"value\":\"29770\"}]}},{\"@type\":\"ListItem\",\"position\":346,\"item\":{\"@type\":\"Thing\",\"name\":\"Dessiner \u00e0 l'Aquashow\",\"description\":\"10h-12h\\nMer 8, 15, 22, 29 JUILLET\\nMer 5, 12, 19, 26 AO\u00dbT\\n\\nAdresse : Aquashow d'Audierne \\nTARIF : 20\u20ac + entr\u00e9e aquashow 7,50\u20ac\\nTARIF FAMILLE : 15\u20ac + entr\u00e9e aquashow 7,50\u20ac (par enfant)\",\"url\":\"http:\/\/voirvoirdehors.com\/\",\"geo\":{\"@type\":\"GeoCoordinates\",\"latitude\":48.0282077,\"longitude\":-4.5357824},\"additionalProperty\":[{\"@type\":\"PropertyValue\",\"name\":\"Titre\",\"value\":\"Dessiner \u00e0 l'Aquashow\"},{\"@type\":\"PropertyValue\",\"name\":\"Cat\u00e9gorie\",\"value\":\"En famille\"},{\"@type\":\"PropertyValue\",\"name\":\"Ville\",\"value\":\"Audierne\"},{\"@type\":\"PropertyValue\",\"name\":\"Code postal\",\"value\":\"29770\"}]}},{\"@type\":\"ListItem\",\"position\":347,\"item\":{\"@type\":\"Thing\",\"name\":\"Visite guid\u00e9e \u00ab\u00a0Les rendez-vous de la Pointe\u00a0\u00bb\",\"description\":\"Comprendre un paysage d\u2019exception, en famille.\\n\\nCette visite guid\u00e9e invite petits et grands \u00e0 d\u00e9couvrir les paysages spectaculaires de la Pointe du Raz et \u00e0 comprendre ce qui fait la singularit\u00e9 de ce site embl\u00e9matique du Finist\u00e8re. Au fil du parcours, le guide d\u00e9crypte la formation des falaises, l\u2019influence des vents et des courants, ainsi que l\u2019histoire humaine intimement li\u00e9e \u00e0 ce bout du monde. Anecdotes, observations et \u00e9changes rythment la visite, pens\u00e9e pour \u00eatre accessible et ludique. Une formule id\u00e9ale pour une premi\u00e8re approche du site, \u00e0 partager en famille, entre terre et mer.\\n\\nD\u00e9part du s\u00e9maphore (\u00e0 800 m du parking) - Dur\u00e9e 1h\",\"url\":\"https:\/\/www.toutcommenceenfinistere.com\/pointe-du-raz\/preparer-sa-visite\/\",\"geo\":{\"@type\":\"GeoCoordinates\",\"latitude\":48.040859,\"longitude\":-4.670977},\"additionalProperty\":[{\"@type\":\"PropertyValue\",\"name\":\"Titre\",\"value\":\"Visite guid\u00e9e \u00ab\u00a0Les rendez-vous de la Pointe\u00a0\u00bb\"},{\"@type\":\"PropertyValue\",\"name\":\"Cat\u00e9gorie\",\"value\":\"Sport & randonn\u00e9e\"},{\"@type\":\"PropertyValue\",\"name\":\"Ville\",\"value\":\"Plogoff\"},{\"@type\":\"PropertyValue\",\"name\":\"Code postal\",\"value\":\"29770\"}]}},{\"@type\":\"ListItem\",\"position\":348,\"item\":{\"@type\":\"Thing\",\"name\":\"Visite guid\u00e9e des vieux quartiers de Douarnenez\",\"description\":\"Cette balade vous fait d\u00e9couvrir l'\u00e2me de Douarnenez et comprendre son histoire si intimement li\u00e9e \u00e0 l'\u00e9pop\u00e9e de la sardine. Parcourez les rues et les venelles de la ville avec leur architecture du 19\u00e8me si\u00e8cle et leurs anciennes conserveries dissimul\u00e9es parmi les maisons. Fl\u00e2nez sur le vieux port m\u00e9moire de tout l'ancien Douarnenez jusqu'\u00e0 l'abri du marin, lieu sacr\u00e9 pour les p\u00eacheurs. Inscription n\u00e9cessaire \u00e0 l'Office de Tourisme.\",\"url\":\"http:\/\/www.douarnenez-tourisme.com\/\",\"geo\":{\"@type\":\"GeoCoordinates\",\"latitude\":48.0931504,\"longitude\":-4.3310605},\"additionalProperty\":[{\"@type\":\"PropertyValue\",\"name\":\"Titre\",\"value\":\"Visite guid\u00e9e des vieux quartiers de Douarnenez\"},{\"@type\":\"PropertyValue\",\"name\":\"Cat\u00e9gorie\",\"value\":\"Autres \u00e9v\u00e9nements\"},{\"@type\":\"PropertyValue\",\"name\":\"Ville\",\"value\":\"Douarnenez\"},{\"@type\":\"PropertyValue\",\"name\":\"Code postal\",\"value\":\"29100\"}]}},{\"@type\":\"ListItem\",\"position\":349,\"item\":{\"@type\":\"Thing\",\"name\":\"March\u00e9 des Ateliers\",\"description\":\"Artisanes, artisans et artistes des ateliers Jean Moulin vous ouvrent leurs ateliers tous les mercredis de l\u2019\u00e9t\u00e9. C\u00e9ramiques, peintures, impressions textiles, sculptures et bien plus\u2026 venez fl\u00e2ner et d\u00e9couvrir leurs activit\u00e9s dans un lieu foisonnant \u00e0 deux pas du sentier des douaniers !\",\"geo\":{\"@type\":\"GeoCoordinates\",\"latitude\":48.0176766,\"longitude\":-4.5304275},\"additionalProperty\":[{\"@type\":\"PropertyValue\",\"name\":\"Titre\",\"value\":\"March\u00e9 des Ateliers\"},{\"@type\":\"PropertyValue\",\"name\":\"Cat\u00e9gorie\",\"value\":\"March\u00e9s & foires\"},{\"@type\":\"PropertyValue\",\"name\":\"Ville\",\"value\":\"Plouhinec\"},{\"@type\":\"PropertyValue\",\"name\":\"Code postal\",\"value\":\"29780\"}]}},{\"@type\":\"ListItem\",\"position\":350,\"item\":{\"@type\":\"Thing\",\"name\":\"March\u00e9 bio, local et musical - Concerts du groupe Battements puis The Past Travellers\",\"description\":\"Retrouvez \u00e0 partir de 17 heures sur la place de la R\u00e9publique de Pont-Croix artisans, producteurs, food-trucks et buvette du Cap Sizun et des territoires alentours. \\n\\n\u00c0 19 heures, le groupe Battements, duo piano\/batterie, vous fera voyager au son de sa musique percutante et po\u00e9tique peupl\u00e9e de paysages oc\u00e9aniques et de m\u00e9t\u00e9o capricieuse.\\n\\n\u00c0 20 heures, venez d\u00e9couvrir le m\u00e9lange entre disco funk et world music de The Past Travellers.\",\"url\":\"http:\/\/mabiolozic.org\/\",\"geo\":{\"@type\":\"GeoCoordinates\",\"latitude\":48.0406541,\"longitude\":-4.486483},\"additionalProperty\":[{\"@type\":\"PropertyValue\",\"name\":\"Titre\",\"value\":\"March\u00e9 bio, local et musical - Concerts du groupe Battements puis The Past Travellers\"},{\"@type\":\"PropertyValue\",\"name\":\"Cat\u00e9gorie\",\"value\":\"Concerts, musique & festivals\"},{\"@type\":\"PropertyValue\",\"name\":\"Ville\",\"value\":\"Pont-Croix\"},{\"@type\":\"PropertyValue\",\"name\":\"Code postal\",\"value\":\"29790\"}]}},{\"@type\":\"ListItem\",\"position\":351,\"item\":{\"@type\":\"Thing\",\"name\":\"Charlie et le manoir enchant\u00e9\",\"description\":\"Petits et grands, pr\u00e9parez-vous \u00e0 vivre une aventure extraordinaire, une histoire magique, celle de Charlie et de son ami, le chiot Puppy.\\n\\nTous deux se retrouvent pi\u00e9g\u00e9s dans le manoir hant\u00e9 et ils feront tout pour en sortir et sauver les habitants du manoir.\\n\\nAvec des personnages dr\u00f4les et attachants, des rencontres avec des fant\u00f4mes farceurs, prenez part \u00e0 cette grande aventure et aidez Puppy et Charlie \u00e0 d\u00e9couvrir le secret du Manoir de Pottycherry !\\n\\nUne grande com\u00e9die musicale pleine de fantaisie, d'aventure et de rires, pour toute la famille !\\n\\nInformations pratiques :\\n\\nDur\u00e9e 50 Minutes\\nDestin\u00e9 aux enfants  de 3 \u00e0 10 ans  .\\nChaque adulte et chaque enfant doit \u00eatre en possession d'une place pour assister au spectacle.\\nR\u00e9servation en ligne aupr\u00e8s de La Com\u00e9die du Finist\u00e8re\",\"url\":\"http:\/\/www.comediedufinistere.fr\/\",\"geo\":{\"@type\":\"GeoCoordinates\",\"latitude\":48.3890223,\"longitude\":-4.4983387},\"additionalProperty\":[{\"@type\":\"PropertyValue\",\"name\":\"Titre\",\"value\":\"Charlie et le manoir enchant\u00e9\"},{\"@type\":\"PropertyValue\",\"name\":\"Cat\u00e9gorie\",\"value\":\"En famille\"},{\"@type\":\"PropertyValue\",\"name\":\"Ville\",\"value\":\"Brest\"},{\"@type\":\"PropertyValue\",\"name\":\"Code postal\",\"value\":\"29200\"}]}},{\"@type\":\"ListItem\",\"position\":352,\"item\":{\"@type\":\"Thing\",\"name\":\"Promenade dessin\u00e9e - Croquis urbain, carnet de voyage\",\"description\":\"Mat\u00e9riels fournis\\n\\nCarnets et crayons en poche, l'atelier vous propose des promenades originales \u00e0 travers rues, sous-bois et rivages...\\nSuivant la m\u00e9t\u00e9o, les promenades dessin\u00e9es ont lieu dans l'ancien bourg d'Audierne, sur les rives de Poulgoazec \u00e0 Plouhinec, sur les berges du Goyen, ou la for\u00eat de Suguensou \u00e0 Audierne.\\nEn cas de pluie, les ateliers ont lieu en int\u00e9rieur : caf\u00e9s-terrasse d'Audierne ou \u00e0 l'atelier de Marijo Foehrl\u00e9.\\n\\nCALENDRIER SEPTEMBRE :\\n\\nAUDIERNE\\nMar 01   10h-12h30 \/ 14h30-17h\\nMer 02   10h-12h30\\nJeu 03    10h-12h30\\nVen 04   10h-12h30\\n-\\nLun 07   10h-12h30 \\nMar 08   10h-12h30 \/ 14h30-17h\\nMer 09   10h-12h30\\nJeu 10    10h-12h30\\nVen 11   10h-12h30\\n\\n1 ATELIER \/ 1 s\u00e9ance de 2h30 \\nTARIF ADULTES : 30\u20ac\\nTARIF JEUNES ET FAMILLE (3pers) : 25\u20ac\\n\\n1 STAGE DE 3 jours \/ 3 s\u00e9ances de 2h30\\nTARIF ADULTES : 80\u20ac\\nTARIF JEUNES ET FAMILLE (3pers) : 70\u20ac\",\"url\":\"https:\/\/www.voirvoirdehors.com\/\",\"geo\":{\"@type\":\"GeoCoordinates\",\"latitude\":48.024744,\"longitude\":-4.562468},\"additionalProperty\":[{\"@type\":\"PropertyValue\",\"name\":\"Titre\",\"value\":\"Promenade dessin\u00e9e - Croquis urbain, carnet de voyage\"},{\"@type\":\"PropertyValue\",\"name\":\"Cat\u00e9gorie\",\"value\":\"Autres \u00e9v\u00e9nements\"},{\"@type\":\"PropertyValue\",\"name\":\"Ville\",\"value\":\"Audierne\"},{\"@type\":\"PropertyValue\",\"name\":\"Code postal\",\"value\":\"29770\"}]}},{\"@type\":\"ListItem\",\"position\":353,\"item\":{\"@type\":\"Thing\",\"name\":\"Sant\u00e9  !- Com\u00e9die\",\"description\":\"Les urgences, le soir du 31 d\u00e9cembre.\\n\\nQuoi de plus normal que d'y croiser des bras cass\u00e9s ?\\n\\nUne brochette de trois losers magnifiques va dynamiter cette cour des miracles \u00e0 grands coups de disputes improbables, d'ivresse incongrue et de blessures grotesques autour d'une intrigue polici\u00e8re haletante...\\n\\nInformations pratiques : \\n\\nDur\u00e9e 1h15\\nHumour\\nTout public\\nSalle accessible aux PMR\\nPlacement libre, par ordre d'arriv\u00e9e\\nAcc\u00e8s \u00e0 la salle possible avec contr\u00f4le billet 30 minutes avant le d\u00e9but de la repr\u00e9sentation\\nL'horaire indiqu\u00e9 correspond \u00e0 l'heure de d\u00e9but du spectacle. Toute personne se pr\u00e9sentant apr\u00e8s cet horaire, m\u00eame en possession d'un billet, pourra se voir refuser l'acc\u00e8s \u00e0 la salle.\",\"url\":\"https:\/\/comediedufinistere.mapado.com\/event\/760204-sante\",\"geo\":{\"@type\":\"GeoCoordinates\",\"latitude\":48.3890223,\"longitude\":-4.4983387},\"additionalProperty\":[{\"@type\":\"PropertyValue\",\"name\":\"Titre\",\"value\":\"Sant\u00e9  !- Com\u00e9die\"},{\"@type\":\"PropertyValue\",\"name\":\"Cat\u00e9gorie\",\"value\":\"Spectacles & cin\u00e9ma\"},{\"@type\":\"PropertyValue\",\"name\":\"Ville\",\"value\":\"Brest\"},{\"@type\":\"PropertyValue\",\"name\":\"Code postal\",\"value\":\"29200\"}]}},{\"@type\":\"ListItem\",\"position\":354,\"item\":{\"@type\":\"Thing\",\"name\":\"Visite - La kersantite \u00e0 Kersanton\",\"description\":\"La kersantite \u00e0 Kersanton : entre histoires g\u00e9ologique et contemporaine:\\n\\nLa kersantite est une roche embl\u00e9matique de la Bretagne, la seule dont le nom officiel vient d\u2019un toponyme breton. Elle est r\u00e9put\u00e9e depuis des si\u00e8cles pour ses propri\u00e9t\u00e9s int\u00e9ressantes pour la sculpture. Elle fut ainsi utilis\u00e9e pour la construction de b\u00e2timents, l\u2019art religieux ou encore les monuments aux morts. \\n\\nLa visite propose de d\u00e9couvrir la plage de Kersanton, lieu \u00e0 l\u2019origine du nom de la kersantite, et ses environs. Nous y observerons et verrons comment reconna\u00eetre les principaux types de roches et les grands groupes d\u2019animaux fossiles. Nous pourrons constater qu\u2019ils sont les t\u00e9moins d\u2019\u00e9v\u00e9nements importants qui ont profond\u00e9ment impact\u00e9 l\u2019histoire de la vie sur Terre et les paysages de la Bretagne. Nous d\u00e9couvrirons enfin les vestiges des anciennes carri\u00e8res de kersantite, t\u00e9moins d\u2019une longue histoire de l\u2019exploitation de cette roche dans le Finist\u00e8re qui a culmin\u00e9 au 20\u00e8me si\u00e8cle. \\n\\n- R\u00e9servation obligatoire.\\n- Nombre de places limit\u00e9.\",\"geo\":{\"@type\":\"GeoCoordinates\",\"latitude\":48.345042,\"longitude\":-4.301515},\"additionalProperty\":[{\"@type\":\"PropertyValue\",\"name\":\"Titre\",\"value\":\"Visite - La kersantite \u00e0 Kersanton\"},{\"@type\":\"PropertyValue\",\"name\":\"Cat\u00e9gorie\",\"value\":\"Sport & randonn\u00e9e\"},{\"@type\":\"PropertyValue\",\"name\":\"Ville\",\"value\":\"Loperhet\"},{\"@type\":\"PropertyValue\",\"name\":\"Code postal\",\"value\":\"29470\"}]}},{\"@type\":\"ListItem\",\"position\":355,\"item\":{\"@type\":\"Thing\",\"name\":\"Balade nature et g\u00e9ologique - Porzh Koubou (Crozon) - Maison des Min\u00e9raux\",\"description\":\"Balade Nature & G\u00e9ologique\\n\\nApprenez \u00e0 lire le paysage, et voyagez jusqu\u2019\u00e0 l\u2019\u00e8re primaire sur les traces d\u2019oc\u00e9ans disparus, des vestiges de volcans sous-marins, et d\u00e9couvrez une ancienne cha\u00eene de montagnes... juste ici, sous vos pieds !\\n\\nDur\u00e9e : 2h\\nTarif : 15 \u20ac\\nSur r\u00e9servation au 02 98 27 19 73\",\"url\":\"https:\/\/www.maison-des-mineraux.org\/spip.php?article805\",\"geo\":{\"@type\":\"GeoCoordinates\",\"latitude\":48.24561,\"longitude\":-4.48861},\"additionalProperty\":[{\"@type\":\"PropertyValue\",\"name\":\"Titre\",\"value\":\"Balade nature et g\u00e9ologique - Porzh Koubou (Crozon) - Maison des Min\u00e9raux\"},{\"@type\":\"PropertyValue\",\"name\":\"Cat\u00e9gorie\",\"value\":\"En famille\"},{\"@type\":\"PropertyValue\",\"name\":\"Ville\",\"value\":\"Crozon\"},{\"@type\":\"PropertyValue\",\"name\":\"Code postal\",\"value\":\"29160\"}]}},{\"@type\":\"ListItem\",\"position\":356,\"item\":{\"@type\":\"Thing\",\"name\":\"Exposition Hors Saison au Marquisat\",\"description\":\"Bastien Duval photographie la campagne qu'il habite, en baie d\u2019Audierne dans le Finist\u00e8re. Il photographie une vie rurale et c\u00f4ti\u00e8re dans un territoire partag\u00e9 entre les enjeux du littoral et ceux de la ruralit\u00e9. Dans ces paysages, lotissements, fermes et maisons secondaires se confondent et quelques centaines de m\u00e8tres suffisent pour passer du bourg aux champs puis \u00e0 l\u2019oc\u00e9an. A l\u2019occasion du Bicentenaire de la Photographie, Bastien Duval a r\u00e9alis\u00e9 une r\u00e9sidence sur la commune de Pont-Croix. Saisi par la beaut\u00e9 de ce lieu, il s\u2019int\u00e9resse \u00e0 la vall\u00e9e du Goyen changeante au rythme des mar\u00e9es. L\u2019id\u00e9e de lisi\u00e8re l\u2019a s\u00e9duite, dans la rencontre entre l\u2019eau douce et l\u2019oc\u00e9an, la rivi\u00e8re et les champs, la nature et l\u2019habitat, le pass\u00e9 et le pr\u00e9sent. Il a suivi ce fil pendant ces quelques semaines de r\u00e9sidence.\\n\\nL'exposition est accompagn\u00e9e d'un volet de cr\u00e9ation participative par les \u00e9l\u00e8ves de 4e du Coll\u00e8ge de Pont-Croix, r\u00e9alis\u00e9 avec la photographe Coline Jourdan (Atelier Maezad).\",\"geo\":{\"@type\":\"GeoCoordinates\",\"latitude\":48.040965,\"longitude\":-4.4879944},\"additionalProperty\":[{\"@type\":\"PropertyValue\",\"name\":\"Titre\",\"value\":\"Exposition Hors Saison au Marquisat\"},{\"@type\":\"PropertyValue\",\"name\":\"Cat\u00e9gorie\",\"value\":\"Expositions\"},{\"@type\":\"PropertyValue\",\"name\":\"Ville\",\"value\":\"Pont-Croix\"},{\"@type\":\"PropertyValue\",\"name\":\"Code postal\",\"value\":\"29790\"}]}},{\"@type\":\"ListItem\",\"position\":357,\"item\":{\"@type\":\"Thing\",\"name\":\"Visite - Des ruines au mus\u00e9e\",\"description\":\"Laissez-vous conter l\u2019histoire fascinante de l\u2019un des plus anciens monast\u00e8res de Bretagne ! Arpentez le mus\u00e9e qui vous d\u00e9voile le r\u00e9sultat de 25 ans de fouilles passionnantes. Un v\u00e9ritable voyage dans le temps pour comprendre 1 500 ans d\u2019histoire bretonne. Parcourez ensuite les vestiges de l'ancienne abbaye en d\u00e9couvrant l'\u00e9volution architecturale du site, de l'\u00e9poque carolingienne jusqu'\u00e0 sa reconstruction romane. Terminez la visite au coeur du jardin des simples.\",\"url\":\"http:\/\/www.cdp29.fr\/\",\"geo\":{\"@type\":\"GeoCoordinates\",\"latitude\":48.29135,\"longitude\":-4.26745},\"additionalProperty\":[{\"@type\":\"PropertyValue\",\"name\":\"Titre\",\"value\":\"Visite - Des ruines au mus\u00e9e\"},{\"@type\":\"PropertyValue\",\"name\":\"Cat\u00e9gorie\",\"value\":\"Autres \u00e9v\u00e9nements\"},{\"@type\":\"PropertyValue\",\"name\":\"Ville\",\"value\":\"Land\u00e9vennec\"},{\"@type\":\"PropertyValue\",\"name\":\"Code postal\",\"value\":\"29560\"}]}},{\"@type\":\"ListItem\",\"position\":358,\"item\":{\"@type\":\"Thing\",\"name\":\"Vide grenier de Rentr\u00e9e\",\"description\":\"9h \u00e0 18h \\nEntr\u00e9e gratuite\\nPetite restauration et buvette\\nGrand parking\\n\\nRenseignements et inscriptions au 07 89 09 62 42\",\"geo\":{\"@type\":\"GeoCoordinates\",\"latitude\":48.29167,\"longitude\":-4.45387},\"additionalProperty\":[{\"@type\":\"PropertyValue\",\"name\":\"Titre\",\"value\":\"Vide grenier de Rentr\u00e9e\"},{\"@type\":\"PropertyValue\",\"name\":\"Cat\u00e9gorie\",\"value\":\"Brocantes & vide-greniers\"},{\"@type\":\"PropertyValue\",\"name\":\"Ville\",\"value\":\"Lanv\u00e9oc\"},{\"@type\":\"PropertyValue\",\"name\":\"Code postal\",\"value\":\"29160\"}]}},{\"@type\":\"ListItem\",\"position\":359,\"item\":{\"@type\":\"Thing\",\"name\":\"Exposition \\\"Nature et s\u00e9r\u00e9nit\u00e9 dans le Cap Sizun\\\"\",\"description\":\"Le vernissage de l'exposition photographique d'Aude S\u00e9galen, autour des paysages de Goulien, aura lieu dans la biblioth\u00e8que Christian Pelras le 04 avril \u00e0 18h, autour d'un verre.\",\"geo\":{\"@type\":\"GeoCoordinates\",\"latitude\":48.05585,\"longitude\":-4.593026},\"additionalProperty\":[{\"@type\":\"PropertyValue\",\"name\":\"Titre\",\"value\":\"Exposition \\\"Nature et s\u00e9r\u00e9nit\u00e9 dans le Cap Sizun\\\"\"},{\"@type\":\"PropertyValue\",\"name\":\"Cat\u00e9gorie\",\"value\":\"Expositions\"},{\"@type\":\"PropertyValue\",\"name\":\"Ville\",\"value\":\"Goulien\"},{\"@type\":\"PropertyValue\",\"name\":\"Code postal\",\"value\":\"29770\"}]}},{\"@type\":\"ListItem\",\"position\":360,\"item\":{\"@type\":\"Thing\",\"name\":\"Exposition \\\"Des ann\u00e9es 1950 \u00e0 aujourd'hui : une histoire de transmissions\\\"\",\"description\":\"D\u00e9couverte de l'exposition \\\"Des ann\u00e9es 1950 \u00e0 aujourd'hui : une histoire de transmissions.\\\"\\n\\nDe l'\u00e9cole du Christ Roi \u00e0 La Pointe Emma\u00fcs, les grandes \u00e9tapes de la transformation du lieu en photographies, t\u00e9moignages... une exposition visible tout l'\u00e9t\u00e9.\",\"url\":\"http:\/\/lapointe-emmaus.bzh\/\",\"geo\":{\"@type\":\"GeoCoordinates\",\"latitude\":48.0301028,\"longitude\":-4.616325},\"additionalProperty\":[{\"@type\":\"PropertyValue\",\"name\":\"Titre\",\"value\":\"Exposition \\\"Des ann\u00e9es 1950 \u00e0 aujourd'hui : une histoire de transmissions\\\"\"},{\"@type\":\"PropertyValue\",\"name\":\"Cat\u00e9gorie\",\"value\":\"Expositions\"},{\"@type\":\"PropertyValue\",\"name\":\"Ville\",\"value\":\"Primelin\"},{\"@type\":\"PropertyValue\",\"name\":\"Code postal\",\"value\":\"29770\"}]}},{\"@type\":\"ListItem\",\"position\":361,\"item\":{\"@type\":\"Thing\",\"name\":\"Atelier - Savoir-faire des marins au Port-mus\u00e9e\",\"description\":\"Ateliers matelotage et ramendage avec nos anciens marins p\u00eacheurs.\\nAnimations sans suppl\u00e9ment sur pr\u00e9sentation du billet d'entr\u00e9e et des disponibilit\u00e9s.\",\"geo\":{\"@type\":\"GeoCoordinates\",\"latitude\":48.0923984,\"longitude\":-4.3326434},\"additionalProperty\":[{\"@type\":\"PropertyValue\",\"name\":\"Titre\",\"value\":\"Atelier - Savoir-faire des marins au Port-mus\u00e9e\"},{\"@type\":\"PropertyValue\",\"name\":\"Cat\u00e9gorie\",\"value\":\"Autres \u00e9v\u00e9nements\"},{\"@type\":\"PropertyValue\",\"name\":\"Ville\",\"value\":\"Douarnenez\"},{\"@type\":\"PropertyValue\",\"name\":\"Code postal\",\"value\":\"29100\"}]}},{\"@type\":\"ListItem\",\"position\":362,\"item\":{\"@type\":\"Thing\",\"name\":\"D\u00e9dicace Toupoil, la BD-Nature des enfants avec Serge Monfort\",\"description\":\"Dans le cadre de la boutique L'\u00c9ph\u00e9m\u00e8re 2026, les \u00e9ditions Crayon Vert pr\u00e9sentent TOUPOIL, la BD-nature des enfants, de Serge Monfort (sc\u00e9nario, dessin, couleurs. Albums, cartes postales et ex-libris y seront en expo-vente jusqu'au 30 ao\u00fbt. L'auteur y d\u00e9dicacera ses albums le vendredi 24 juillet, de 10 h 30 \u00e0 18 h 30.\\nToupoil est une BD d\u2019aventures de premi\u00e8re lecture. C\u2019est aussi une BD animali\u00e8re de sensibilisation et de d\u00e9couverte de la faune sauvage europ\u00e9enne qui a tant de mal \u00e0 survivre aujourd\u2019hui. C\u2019est surtout une BD qui pla\u00eet beaucoup aux enfants, avec un documentaire naturaliste accompagn\u00e9 de photos, cartes et bibliographie en fin d\u2019album.\\nDiffusion en librairie : Makassar Diffusion distribution \/ commande@makassar-diffusion.com. Prix : 14 \u20ac l\u2019album.\",\"url\":\"https:\/\/www.toupoil.com\/\",\"geo\":{\"@type\":\"GeoCoordinates\",\"latitude\":48.29557,\"longitude\":-4.18079},\"additionalProperty\":[{\"@type\":\"PropertyValue\",\"name\":\"Titre\",\"value\":\"D\u00e9dicace Toupoil, la BD-Nature des enfants avec Serge Monfort\"},{\"@type\":\"PropertyValue\",\"name\":\"Cat\u00e9gorie\",\"value\":\"En famille\"},{\"@type\":\"PropertyValue\",\"name\":\"Ville\",\"value\":\"Le Faou\"},{\"@type\":\"PropertyValue\",\"name\":\"Code postal\",\"value\":\"29590\"}]}},{\"@type\":\"ListItem\",\"position\":363,\"item\":{\"@type\":\"Thing\",\"name\":\"Exposition de Jean-Pierre Le Bars\",\"description\":\"Construisant son oeuvre \u00e0 la jonction de l\u2019abstraction et de la r\u00e9alit\u00e9 la plus concr\u00e8te, Jean-Pierre Le Bars, qui vit \u00e0 Douarnenez dans le Finist\u00e8re, est \u00e0 la fois peintre et photographe.\",\"url\":\"https:\/\/www.galeriepleinjour.fr\/\",\"geo\":{\"@type\":\"GeoCoordinates\",\"latitude\":48.0938163,\"longitude\":-4.3272996},\"additionalProperty\":[{\"@type\":\"PropertyValue\",\"name\":\"Titre\",\"value\":\"Exposition de Jean-Pierre Le Bars\"},{\"@type\":\"PropertyValue\",\"name\":\"Cat\u00e9gorie\",\"value\":\"Expositions\"},{\"@type\":\"PropertyValue\",\"name\":\"Ville\",\"value\":\"Douarnenez\"},{\"@type\":\"PropertyValue\",\"name\":\"Code postal\",\"value\":\"29100\"}]}},{\"@type\":\"ListItem\",\"position\":364,\"item\":{\"@type\":\"Thing\",\"name\":\"En famille, \u00e9merveillement aupr\u00e8s des arbres\",\"description\":\"Sur un circuit de 1,5 km en aller-retour, l'enfant \u00e0 partir de 3 ans, accompagn\u00e9 d'un adulte r\u00e9f\u00e9rant, est invit\u00e9 \u00e0 explorer le monde des arbres et leurs super-pouvoirs. \\n\\nChacun et chacune est invit\u00e9(e) \u00e0 percevoir combien les arbres sont un \u00e9cosyst\u00e8me bienfaisant pour l'ensemble du vivant. Des activit\u00e9s sensorielles sont exp\u00e9riment\u00e9es par tous, et quelques essences d'arbres sont identifi\u00e9es. La motricit\u00e9 de l'enfant s'exerce librement au fil des opportunit\u00e9s propos\u00e9es sur le chemin. \\n\\nUne partie du chemin est tr\u00e8s boueuse selon les mar\u00e9es, aussi les bottes sont vivement recommand\u00e9es pour petits et grands. \\n\\nLe sac \u00e0 dos est conseill\u00e9, avec la gourde remplie d'eau et un petit sac pour des collectes. Les appareils photos sont aussi les bienvenus.\\n\\n- Nombre de places limit\u00e9es. \\n- R\u00e9servation obligatoire.\",\"url\":\"https:\/\/marchons-respirons.fr\/\",\"geo\":{\"@type\":\"GeoCoordinates\",\"latitude\":48.425935,\"longitude\":-4.3064674},\"additionalProperty\":[{\"@type\":\"PropertyValue\",\"name\":\"Titre\",\"value\":\"En famille, \u00e9merveillement aupr\u00e8s des arbres\"},{\"@type\":\"PropertyValue\",\"name\":\"Cat\u00e9gorie\",\"value\":\"En famille\"},{\"@type\":\"PropertyValue\",\"name\":\"Ville\",\"value\":\"La Forest-Landerneau\"},{\"@type\":\"PropertyValue\",\"name\":\"Code postal\",\"value\":\"29800\"}]}},{\"@type\":\"ListItem\",\"position\":365,\"item\":{\"@type\":\"Thing\",\"name\":\"Yoga sur la plage de Morgat - Vinyasa\",\"description\":\"Rejoignez une communaut\u00e9 de yogis sur la Presqu'\u00eele de Crozon. Nos s\u00e9ances de yoga sp\u00e9cial \u00e9t\u00e9 offrent un espace accueillant pour explorer le bien-\u00eatre \u00e0 votre rythme, que vous soyez d\u00e9butant ou pratiquant.\\n\\n\ud83d\udc18 YOGA SUR LA PLAGE DE MORGAT \u2013 Vinyasa\\nHoraire : 10h00 \u2013 11h00\\nLieu : Plage de Morgat (arr\u00eat\u00e9 municipal en notre possession)\\nR\u00e9servation par SMS au 06 49 00 91 77\\n\\nLa r\u00e9servation est demand\u00e9e car les places sont limit\u00e9es et il est possible que les s\u00e9ances en plein air bougent en cas de pluie.\",\"url\":\"http:\/\/www.sukhayogabzh.fr\/\",\"geo\":{\"@type\":\"GeoCoordinates\",\"latitude\":48.2267683,\"longitude\":-4.5027205},\"additionalProperty\":[{\"@type\":\"PropertyValue\",\"name\":\"Titre\",\"value\":\"Yoga sur la plage de Morgat - Vinyasa\"},{\"@type\":\"PropertyValue\",\"name\":\"Cat\u00e9gorie\",\"value\":\"Autres \u00e9v\u00e9nements\"},{\"@type\":\"PropertyValue\",\"name\":\"Ville\",\"value\":\"Crozon\"},{\"@type\":\"PropertyValue\",\"name\":\"Code postal\",\"value\":\"29160\"}]}},{\"@type\":\"ListItem\",\"position\":366,\"item\":{\"@type\":\"Thing\",\"name\":\"L'Atelier R\u00e9flexo initiation en duo\",\"description\":\"L'Atelier R\u00e9flexo DUO vous propose de vivre une exp\u00e9rience de d\u00e9tente imm\u00e9diate en vous initiant aux techniques douces de la r\u00e9flexologie. Au cours de cet atelier, vous d\u00e9couvrirez les 4 zones \u00e0 masser dans vos mains, vos pieds et votre dos, ainsi que les huiles essentielles favorisant la relaxation. Et pour clore l'atelier agr\u00e9ablement, une d\u00e9gustation de boisson fraicheur vous sera offerte.\",\"geo\":{\"@type\":\"GeoCoordinates\",\"latitude\":48.47189,\"longitude\":-4.37425},\"additionalProperty\":[{\"@type\":\"PropertyValue\",\"name\":\"Titre\",\"value\":\"L'Atelier R\u00e9flexo initiation en duo\"},{\"@type\":\"PropertyValue\",\"name\":\"Cat\u00e9gorie\",\"value\":\"Autres \u00e9v\u00e9nements\"},{\"@type\":\"PropertyValue\",\"name\":\"Ville\",\"value\":\"Kersaint-Plabennec\"},{\"@type\":\"PropertyValue\",\"name\":\"Code postal\",\"value\":\"29860\"}]}},{\"@type\":\"ListItem\",\"position\":367,\"item\":{\"@type\":\"Thing\",\"name\":\"Sea, snack & sun !\",\"description\":\"Nouveau concept \u00e0 l\u2019Ancre pour cet \u00e9t\u00e9 2026 !\\n\\nSea, Snack & Sun d\u00e9barque tous les vendredis soirs au caf\u00e9 !\\n\\nLe concept ? Chaque vendredi soir, un foodtruck ou traiteur vous r\u00e9galera de ses mets d\u2019ici ou d\u2019ailleurs ! Cela vous permettra de d\u00e9couvrir ou re d\u00e9couvrir la cuisine locale dans le joli cadre du caf\u00e9, au bord de l\u2019eau ! On salive d\u00e9j\u00e0 ?....\",\"url\":\"https:\/\/www.lecafedelancre.fr\/\",\"geo\":{\"@type\":\"GeoCoordinates\",\"latitude\":48.3500854,\"longitude\":-4.3256313},\"additionalProperty\":[{\"@type\":\"PropertyValue\",\"name\":\"Titre\",\"value\":\"Sea, snack & sun !\"},{\"@type\":\"PropertyValue\",\"name\":\"Cat\u00e9gorie\",\"value\":\"Autres \u00e9v\u00e9nements\"},{\"@type\":\"PropertyValue\",\"name\":\"Ville\",\"value\":\"Loperhet\"},{\"@type\":\"PropertyValue\",\"name\":\"Code postal\",\"value\":\"29470\"}]}},{\"@type\":\"ListItem\",\"position\":368,\"item\":{\"@type\":\"Thing\",\"name\":\"Balade comment\u00e9e - Fort de la Fraternit\u00e9 \u00e0 Roscanvel\",\"description\":\"D\u00e9couvrez le Fort de la Fraternit\u00e9 \u00e0 Roscanvel, un site historique embl\u00e9matique situ\u00e9 \u00e0 l\u2019entr\u00e9e de la rade de Brest. Ce fort fait partie d\u2019un ensemble de fortifications con\u00e7ues pour prot\u00e9ger la rade et t\u00e9moigne d\u2019un riche pass\u00e9 militaire.\\n\\nEn explorant les alentours du fort, vous serez impressionn\u00e9s par son architecture imposante et ses vues spectaculaires sur la mer et les paysages c\u00f4tiers. Le Fort de la Fraternit\u00e9 offre une plong\u00e9e fascinante dans l\u2019histoire maritime et d\u00e9fensive de la Bretagne.\\n\\nCe lieu est une destination id\u00e9ale pour les amateurs d\u2019histoire et de paysages marins, alliant patrimoine militaire, nature et panoramas \u00e0 couper le souffle.\\n\\nInfos pratiques :\\n\\n    juillet \u2013 ao\u00fbt : les mercredis \u00e0 10h30\\n    3\u20ac : adulte | Gratuit : -18 ans\\n\\n    R\u00e9servation obligatoire dans les Offices de Tourisme\\n    dur\u00e9e : 1h30\\n    Pr\u00e9voir chaussures de marche\\n    RDV : parking du fort de la fraternit\u00e9 \u2013 ROSCANVEL\\n\\nVisite assur\u00e9e par l\u2019Office de Tourisme.\",\"geo\":{\"@type\":\"GeoCoordinates\",\"latitude\":48.30589,\"longitude\":-4.56528},\"additionalProperty\":[{\"@type\":\"PropertyValue\",\"name\":\"Titre\",\"value\":\"Balade comment\u00e9e - Fort de la Fraternit\u00e9 \u00e0 Roscanvel\"},{\"@type\":\"PropertyValue\",\"name\":\"Cat\u00e9gorie\",\"value\":\"Autres \u00e9v\u00e9nements\"},{\"@type\":\"PropertyValue\",\"name\":\"Ville\",\"value\":\"Roscanvel\"},{\"@type\":\"PropertyValue\",\"name\":\"Code postal\",\"value\":\"29570\"}]}},{\"@type\":\"ListItem\",\"position\":369,\"item\":{\"@type\":\"Thing\",\"name\":\"Feel Good Festival\",\"description\":\"Le Feel Good Festival est un \u00e9v\u00e8nement familial organis\u00e9 par des artisans et commer\u00e7ants de la presqu'\u00eele de Crozon. Le but ? dynamiser et cr\u00e9er un dernier \u00e9v\u00e8nement avant la fin des vacances d'\u00e9t\u00e9. Au cours de cette journ\u00e9e, de nombreuses animations auront lieu : DJ Set, tournoi de palet, cours de yoga et pil\u00e2tes, massages, atelier de feutrage, concert et cabaret. \\nl'entr\u00e9e est gratuite et sur place, vous pourrez vous restaurer avec le food truck beurre ta cr\u00eape ainsi qu'\u00e0 la buvette tenue par l'association Show Devant. Le petit plus : un kid's club sera mis en place pour pouvoir profiter au maximum de chaque stands. \\nH\u00e2te de partager ce moment avec vous !\",\"geo\":{\"@type\":\"GeoCoordinates\",\"latitude\":48.2455403,\"longitude\":-4.4891571},\"additionalProperty\":[{\"@type\":\"PropertyValue\",\"name\":\"Titre\",\"value\":\"Feel Good Festival\"},{\"@type\":\"PropertyValue\",\"name\":\"Cat\u00e9gorie\",\"value\":\"En famille\"},{\"@type\":\"PropertyValue\",\"name\":\"Ville\",\"value\":\"Crozon\"},{\"@type\":\"PropertyValue\",\"name\":\"Code postal\",\"value\":\"29160\"}]}},{\"@type\":\"ListItem\",\"position\":370,\"item\":{\"@type\":\"Thing\",\"name\":\"Plan \u00e0 3\",\"description\":\"Un spectacle o\u00f9 ces 3 com\u00e9diens n'h\u00e9siteront pas \u00e0 vous embarquer dans leur d\u00e9lire au sens propre du terme...\\n\\nPierre-Antoine et Camille, couple amoureux de trentenaires, cherchent \u00e0 donner un second souffle \u00e0 leur routine sexuelle et \u00e0 rebooster leur libido.\\n\\nComme beaucoup de personnes (toi aussi qui est en train de lire, fais pas genre !) ils vont vouloir exp\u00e9rimenter le plan \u00e0 3.\\n\\nD\u00e9barque alors Gwen, une libertine compl\u00e8tement d\u00e9jant\u00e9e .\\n\\n Informations pratiques :\\n\\nDur\u00e9e 1h15\\nTout public\\nSalle accessible aux PMR\\nPlacement libre, par ordre d'arriv\u00e9e\\nAcc\u00e8s \u00e0 la salle possible avec contr\u00f4le billet 30 minutes avant le d\u00e9but de la repr\u00e9sentation\\nL'horaire indiqu\u00e9 correspond \u00e0 l'heure de d\u00e9but du spectacle. Toute personne se pr\u00e9sentant apr\u00e8s cet horaire, m\u00eame en possession d'un billet, pourra se voir refuser l'acc\u00e8s \u00e0 la salle.\",\"url\":\"http:\/\/www.comediedufinistere.fr\/\",\"geo\":{\"@type\":\"GeoCoordinates\",\"latitude\":48.3890223,\"longitude\":-4.4983387},\"additionalProperty\":[{\"@type\":\"PropertyValue\",\"name\":\"Titre\",\"value\":\"Plan \u00e0 3\"},{\"@type\":\"PropertyValue\",\"name\":\"Cat\u00e9gorie\",\"value\":\"Spectacles & cin\u00e9ma\"},{\"@type\":\"PropertyValue\",\"name\":\"Ville\",\"value\":\"Brest\"},{\"@type\":\"PropertyValue\",\"name\":\"Code postal\",\"value\":\"29200\"}]}},{\"@type\":\"ListItem\",\"position\":371,\"item\":{\"@type\":\"Thing\",\"name\":\"Visite guid\u00e9e \u00ab\u00a0Les rendez-vous de la Pointe\u00a0\u00bb\",\"description\":\"Comprendre un paysage d\u2019exception, en famille.\\n\\nCette visite guid\u00e9e invite petits et grands \u00e0 d\u00e9couvrir les paysages spectaculaires de la Pointe du Raz et \u00e0 comprendre ce qui fait la singularit\u00e9 de ce site embl\u00e9matique du Finist\u00e8re. Au fil du parcours, le guide d\u00e9crypte la formation des falaises, l\u2019influence des vents et des courants, ainsi que l\u2019histoire humaine intimement li\u00e9e \u00e0 ce bout du monde. Anecdotes, observations et \u00e9changes rythment la visite, pens\u00e9e pour \u00eatre accessible et ludique. Une formule id\u00e9ale pour une premi\u00e8re approche du site, \u00e0 partager en famille, entre terre et mer.\\n\\nD\u00e9part du s\u00e9maphore (\u00e0 800 m du parking) - Dur\u00e9e 1h\",\"url\":\"https:\/\/www.toutcommenceenfinistere.com\/pointe-du-raz\/preparer-sa-visite\/\",\"geo\":{\"@type\":\"GeoCoordinates\",\"latitude\":48.040859,\"longitude\":-4.670977},\"additionalProperty\":[{\"@type\":\"PropertyValue\",\"name\":\"Titre\",\"value\":\"Visite guid\u00e9e \u00ab\u00a0Les rendez-vous de la Pointe\u00a0\u00bb\"},{\"@type\":\"PropertyValue\",\"name\":\"Cat\u00e9gorie\",\"value\":\"Sport & randonn\u00e9e\"},{\"@type\":\"PropertyValue\",\"name\":\"Ville\",\"value\":\"Plogoff\"},{\"@type\":\"PropertyValue\",\"name\":\"Code postal\",\"value\":\"29770\"}]}},{\"@type\":\"ListItem\",\"position\":372,\"item\":{\"@type\":\"Thing\",\"name\":\"Aquagym en mer - Ocean by Fab\",\"description\":\"Aquagym en mer : s\u00e9ance d'aquagym en mer, travail de tout le corps dans son ensemble, travail des appuis aquatiques, renforcement musculaire, gainage, \u00e9quilibre, cardio. Postures, respiration.  Travail en pleine eau.\\nCombinaisons pr\u00eat\u00e9es. \\n\\nLes lundis et mercredis en juin :\\n01\/06 \u00e0 5h45\\n22\/06 \u00e0 8h30\\n29\/06 \u00e0 14h\\n\\nEn juillet : \\n06\/07 : \u00e0 confirmer\\n08\/07 \u00e0 9h et \u00e0 11h\\n10\/07 \u00e0 11h30 et \u00e0 14h30\\n15\/07 \u00e0 15h30 et \u00e0 18h\\n17\/07 \u00e0 6h (lev\u00e9 du soleil) et \u00e0 9h30\\n22\/07 \u00e0 9h et \u00e0 11h\\n24\/07 \u00e0 12h et \u00e0 14h30\\n29\/07 \u00e0 14h et \u00e0 16h\\n31\/07 \u00e0 6h15 (lev\u00e9 du soleil) et \u00e0 16h\\n\\nEn ao\u00fbt :\\n05\/08 \u00e0 9h et \u00e0 18h30\\n07\/08 \u00e0 11h30 et \u00e0 14h\\n12\/08 \u00e0 6h30 (lev\u00e9 du soleil) et \u00e0 14h\\n14\/08 \u00e0 15h30 et \u00e0 17h30\\n19\/08 \u00e0 11h et \u00e0 18h30\\n21\/08 \u00e0 11h et  \u00e0 13h\",\"url\":\"http:\/\/www.oceanbyfab.com\/\",\"geo\":{\"@type\":\"GeoCoordinates\",\"latitude\":48.0088512,\"longitude\":-4.556052},\"additionalProperty\":[{\"@type\":\"PropertyValue\",\"name\":\"Titre\",\"value\":\"Aquagym en mer - Ocean by Fab\"},{\"@type\":\"PropertyValue\",\"name\":\"Cat\u00e9gorie\",\"value\":\"Autres \u00e9v\u00e9nements\"},{\"@type\":\"PropertyValue\",\"name\":\"Ville\",\"value\":\"Audierne\"},{\"@type\":\"PropertyValue\",\"name\":\"Code postal\",\"value\":\"29770\"}]}},{\"@type\":\"ListItem\",\"position\":373,\"item\":{\"@type\":\"Thing\",\"name\":\"March\u00e9 d'Argol\",\"description\":\"Pr\u00e9sence de marchands ambulants de 9h00 \u00e0 12h00\",\"geo\":{\"@type\":\"GeoCoordinates\",\"latitude\":48.2453,\"longitude\":-4.31641},\"additionalProperty\":[{\"@type\":\"PropertyValue\",\"name\":\"Titre\",\"value\":\"March\u00e9 d'Argol\"},{\"@type\":\"PropertyValue\",\"name\":\"Cat\u00e9gorie\",\"value\":\"March\u00e9s & foires\"},{\"@type\":\"PropertyValue\",\"name\":\"Ville\",\"value\":\"Argol\"},{\"@type\":\"PropertyValue\",\"name\":\"Code postal\",\"value\":\"29560\"}]}},{\"@type\":\"ListItem\",\"position\":374,\"item\":{\"@type\":\"Thing\",\"name\":\"Cours de Poterie - Modelage et tournage\",\"description\":\"Envie de mettre les mains dans la terre et de laisser parler votre cr\u00e9ativit\u00e9 ?\\n\\nJe vous propose de venir d\u00e9couvrir la poterie lors d\u2019un cours convivial, dans un atelier baign\u00e9 de lumi\u00e8re, \u00e0 50 m\u00e8tres de la plage Saint-Julien.\\n\\nQue vous soyez d\u00e9butant\u00b7e ou d\u00e9j\u00e0 initi\u00e9\u00b7e, c\u2019est un moment pour ralentir, exp\u00e9rimenter, et cr\u00e9er \u00e0 votre rythme, dans une ambiance d\u00e9tendue.\\n\\nAu plaisir de vous accueillir et de partager ce moment avec vous !\\n\\nTous les jeudis jusqu\u2019au 10 septembre 2026, de 18h \u00e0 20h. \\nIl est possible de r\u00e9server un atelier sur un autre cr\u00e9neau (week-end compris), minimum 3 participant.e.s.\\nInscription par sms : 06.40.41.92.91 ou par email : umistudiocontact@gmail.com\\nTarif : 35\u20ac. Vous r\u00e9cup\u00e9rez toutes vos cr\u00e9ations cuites.\\nPour un envoi postal de celles-ci, comptez 6\u20ac de frais de port.\\n\\nLes enfants de moins de 7 ans sont les bienvenus accompagn\u00e9s de leurs parents. Pour eux\/elles l'atelier est \u00e0 25\u20ac\\n\\nPlus d'infos sur mon site web : https:\/\/www.umistudio.fr\/cours\\n\\nA bient\u00f4t !\",\"url\":\"https:\/\/www.instagram.com\/umi.studio\",\"geo\":{\"@type\":\"GeoCoordinates\",\"latitude\":48.0176766,\"longitude\":-4.5304275},\"additionalProperty\":[{\"@type\":\"PropertyValue\",\"name\":\"Titre\",\"value\":\"Cours de Poterie - Modelage et tournage\"},{\"@type\":\"PropertyValue\",\"name\":\"Cat\u00e9gorie\",\"value\":\"Autres \u00e9v\u00e9nements\"},{\"@type\":\"PropertyValue\",\"name\":\"Ville\",\"value\":\"Plouhinec\"},{\"@type\":\"PropertyValue\",\"name\":\"Code postal\",\"value\":\"29780\"}]}},{\"@type\":\"ListItem\",\"position\":375,\"item\":{\"@type\":\"Thing\",\"name\":\"Visite guid\u00e9e - Rando \u00e0 la Pointe du Raz\",\"description\":\"Une aventure pour marcheurs confirm\u00e9s !\\n\\nCette randonn\u00e9e propose d\u2019acc\u00e9der \u00e0 la Pointe du Raz par des sentiers moins connus et plus sauvages. Au fil du parcours, la puissance des \u00e9l\u00e9ments marins se fait ressentir, tandis que le guide d\u00e9voile les richesses naturelles du site : faune, flore, paysages et phares l\u00e9gendaires qui veillent sur la mer d\u2019Iroise. Une exp\u00e9rience intense et immersive, r\u00e9serv\u00e9e aux marcheurs habitu\u00e9s, pour vivre pleinement l\u2019esprit du Grand Site de France.\\n\\nD\u00e9part de Lescoff \u00e0 Plogoff - Dur\u00e9e 3h30 - 9 km \\n\\nLes jeudis \u00e0 9h.\\n\\nSur r\u00e9servation aupr\u00e8s de la Maison de site ou de l'Office de Tourisme du Cap-Sizun \u00e0 Audierne.\",\"url\":\"https:\/\/www.toutcommenceenfinistere.com\/pointe-du-raz\/preparer-sa-visite\/\",\"geo\":{\"@type\":\"GeoCoordinates\",\"latitude\":48.039113,\"longitude\":-4.705542},\"additionalProperty\":[{\"@type\":\"PropertyValue\",\"name\":\"Titre\",\"value\":\"Visite guid\u00e9e - Rando \u00e0 la Pointe du Raz\"},{\"@type\":\"PropertyValue\",\"name\":\"Cat\u00e9gorie\",\"value\":\"Sport & randonn\u00e9e\"},{\"@type\":\"PropertyValue\",\"name\":\"Ville\",\"value\":\"Plogoff\"},{\"@type\":\"PropertyValue\",\"name\":\"Code postal\",\"value\":\"29770\"}]}},{\"@type\":\"ListItem\",\"position\":376,\"item\":{\"@type\":\"Thing\",\"name\":\"Navigation d\u00e9couverte sur le langoustier Cap Sizun\",\"description\":\"Tous les mercredis et samedis sauf \u00e9v\u00e9nement exceptionnel (heure de d\u00e9part en fonction des mar\u00e9es).\",\"geo\":{\"@type\":\"GeoCoordinates\",\"latitude\":48.0203459,\"longitude\":-4.5362191},\"additionalProperty\":[{\"@type\":\"PropertyValue\",\"name\":\"Titre\",\"value\":\"Navigation d\u00e9couverte sur le langoustier Cap Sizun\"},{\"@type\":\"PropertyValue\",\"name\":\"Cat\u00e9gorie\",\"value\":\"Autres \u00e9v\u00e9nements\"},{\"@type\":\"PropertyValue\",\"name\":\"Ville\",\"value\":\"Audierne\"},{\"@type\":\"PropertyValue\",\"name\":\"Code postal\",\"value\":\"29770\"}]}},{\"@type\":\"ListItem\",\"position\":377,\"item\":{\"@type\":\"Thing\",\"name\":\"\u00cele Tristan - \\\"Ile Ouverte\\\"\",\"description\":\"L'\u00eele Tristan propri\u00e9t\u00e9 du Conservatoire du Littoral est ouverte au public gratuitement pendant la mar\u00e9e basse. Passage \u00e0 pied. Les chiens, la cueillette, les pique-niques sont interdits sur le site. Il est interdit de fumer sur le site.\\n\\nPROMENEURS, ATTENTION ! CES HORAIRES DE PASSAGE SONT COMMUNIQUES \u00c0 TITRE INDICATIF.\\nLa travers\u00e9e \u00e0 pied se fait sous votre responsabilit\u00e9. \\nSoyez extr\u00eamement vigilants \u00e0 la mont\u00e9e des eaux pour ne pas rester bloqu\u00e9s sur l\u2019\u00eele. Les temps de passage peuvent \u00eatre raccourcis en fonction des conditions m\u00e9t\u00e9orologiques et de la force du vent. En pr\u00e9sence d\u2019eau dans la passe, la force des courants interdit toute travers\u00e9e. \\nEn cas de probl\u00e8me, le Conservatoire du littoral, propri\u00e9taire de l\u2019\u00cele Tristan, et la ville de Douarnenez, gestionnaire du site, d\u00e9clinent toutes responsabilit\u00e9s.\\nPR\u00c9VOYEZ DES CHAUSSURES NON GLISSANTES\",\"geo\":{\"@type\":\"GeoCoordinates\",\"latitude\":48.0972725,\"longitude\":-4.3354308},\"additionalProperty\":[{\"@type\":\"PropertyValue\",\"name\":\"Titre\",\"value\":\"\u00cele Tristan - \\\"Ile Ouverte\\\"\"},{\"@type\":\"PropertyValue\",\"name\":\"Cat\u00e9gorie\",\"value\":\"Sport & randonn\u00e9e\"},{\"@type\":\"PropertyValue\",\"name\":\"Ville\",\"value\":\"Douarnenez\"},{\"@type\":\"PropertyValue\",\"name\":\"Code postal\",\"value\":\"29100\"}]}},{\"@type\":\"ListItem\",\"position\":378,\"item\":{\"@type\":\"Thing\",\"name\":\"Th\u00e9\u00e2tre tr\u00e8s jeune public - Rendez-vous \u00e0 la plage - Cie Fario\",\"description\":\"Un p\u00eacheur a perdu son bateau\u2026 pas banal ! Il faut l\u2019aider \u00e0 le retrouver et \u00e0 l\u2019amarrer au port avant que la mer ne monte !\\n\\nSpectacle de th\u00e9\u00e2tre tr\u00e8s jeune public (1 \u00e0 5 ans) d'une dur\u00e9e de 30 minutes, programm\u00e9 dans le cadre de Saint-Pierre \u00e0 la Cote.\\n\\nAttention, jauge limit\u00e9e \u00e0 30 enfants (parents compt\u00e9s en plus). \\n\\nAllez y avec votre serviette de plage ou votre si\u00e8ge de plage!\",\"url\":\"https:\/\/brest.fr\/rendez-vous-la-plage-cie-fario\",\"geo\":{\"@type\":\"GeoCoordinates\",\"latitude\":48.36245,\"longitude\":-4.5528},\"additionalProperty\":[{\"@type\":\"PropertyValue\",\"name\":\"Titre\",\"value\":\"Th\u00e9\u00e2tre tr\u00e8s jeune public - Rendez-vous \u00e0 la plage - Cie Fario\"},{\"@type\":\"PropertyValue\",\"name\":\"Cat\u00e9gorie\",\"value\":\"En famille\"},{\"@type\":\"PropertyValue\",\"name\":\"Ville\",\"value\":\"Brest\"},{\"@type\":\"PropertyValue\",\"name\":\"Code postal\",\"value\":\"29200\"}]}},{\"@type\":\"ListItem\",\"position\":379,\"item\":{\"@type\":\"Thing\",\"name\":\"Les Balades photographiques de Daoulas\",\"description\":\"Les Balades photographiques de Daoulas 2026 vous invitent \u00e0 entrer dans un univers d\u2019enchantement \u00e0 travers les \u0153uvres de deux photographes, Joan Fontcuberta, photographe espagnol de renomm\u00e9e internationale dans les jardins de l\u2019Abbaye avec son travail sur les Mazzeri corses et St\u00e9phane Mah\u00e9, photographe breton \u00e0 la notori\u00e9t\u00e9 grandissante avec ses \u0153uvres po\u00e9tiques et oniriques pr\u00e9sent\u00e9es dans la ville.\\nDeux visions d\u2019auteurs aux fronti\u00e8res du surr\u00e9el.\\n\\nL'exposition photographique s'\u00e9tend dans les rues de la ville (gratuit) et les jardins de l'Abbaye (voir conditions d'acc\u00e8s au site).\",\"url\":\"https:\/\/www.cdp29.fr\/fr\/agenda\/view\/1086\/les-balades-photographiques-de-daoulas-2026\/\",\"geo\":{\"@type\":\"GeoCoordinates\",\"latitude\":48.3621507,\"longitude\":-4.2656187},\"additionalProperty\":[{\"@type\":\"PropertyValue\",\"name\":\"Titre\",\"value\":\"Les Balades photographiques de Daoulas\"},{\"@type\":\"PropertyValue\",\"name\":\"Cat\u00e9gorie\",\"value\":\"Expositions\"},{\"@type\":\"PropertyValue\",\"name\":\"Ville\",\"value\":\"Daoulas\"},{\"@type\":\"PropertyValue\",\"name\":\"Code postal\",\"value\":\"29460\"}]}},{\"@type\":\"ListItem\",\"position\":380,\"item\":{\"@type\":\"Thing\",\"name\":\"Visite de la ferme h\u00e9licicole Cap'H\u00e9lix\",\"description\":\"Ferme h\u00e9licicole diversifi\u00e9e en Agriculture Biologique. Production d'escargots Petits-gris, l\u00e9gumes, fruits, \u0153ufs et produits d\u00e9riv\u00e9s (escargots farcis, conserves, confitures, jus, sirops, vinaigres, liqueurs...).\\nUne visite est propos\u00e9e du 13\/04 au 11\/09, du lundi au vendredi \u00e0 10h30 et 15h30, et selon disponibilit\u00e9s. Elle comprend un expos\u00e9 oral, une vid\u00e9o (traduite en anglais, allemand, espagnol) et la visite des parcs. \\nMinimum 2 pers, maximum 20 pers. \\nD\u00e9gustation en option. \\nBoutique en ligne et \u00e0 la ferme toute l'ann\u00e9e.\\nAire d'accueil pour camping-cars.\",\"url\":\"http:\/\/www.cap-helix.fr\/\",\"geo\":{\"@type\":\"GeoCoordinates\",\"latitude\":48.0511222,\"longitude\":-4.5722182},\"additionalProperty\":[{\"@type\":\"PropertyValue\",\"name\":\"Titre\",\"value\":\"Visite de la ferme h\u00e9licicole Cap'H\u00e9lix\"},{\"@type\":\"PropertyValue\",\"name\":\"Cat\u00e9gorie\",\"value\":\"Autres \u00e9v\u00e9nements\"},{\"@type\":\"PropertyValue\",\"name\":\"Ville\",\"value\":\"Goulien\"},{\"@type\":\"PropertyValue\",\"name\":\"Code postal\",\"value\":\"29770\"}]}},{\"@type\":\"ListItem\",\"position\":381,\"item\":{\"@type\":\"Thing\",\"name\":\"Vide grenier\",\"description\":\"Vide grenier int\u00e9rieur et ext\u00e9rieur\\nBuvette, cr\u00eapes, petite restauration\\nOuverture aux visiteurs \u00e0 9h (entr\u00e9e gratuite)\\n\\nAccueil exposants \u00e0 partir de 7h, caf\u00e9 offert\\nInscriptions et renseignements au 06.79.55.74.56 ou au 06.86.73.47.24\\n3\u20ac le m\u00e8tre lin\u00e9aire en ext\u00e9rieur et 5\u20ac la table (1,60 m) en int\u00e9rieur\\nTables et chaises fournies en int\u00e9rieur, en ext\u00e9rieur \u00e0 chacun d'envoyer son mat\u00e9riel\",\"geo\":{\"@type\":\"GeoCoordinates\",\"latitude\":48.25146,\"longitude\":-4.22228},\"additionalProperty\":[{\"@type\":\"PropertyValue\",\"name\":\"Titre\",\"value\":\"Vide grenier\"},{\"@type\":\"PropertyValue\",\"name\":\"Cat\u00e9gorie\",\"value\":\"Brocantes & vide-greniers\"},{\"@type\":\"PropertyValue\",\"name\":\"Ville\",\"value\":\"Tr\u00e9garvan\"},{\"@type\":\"PropertyValue\",\"name\":\"Code postal\",\"value\":\"29560\"}]}},{\"@type\":\"ListItem\",\"position\":382,\"item\":{\"@type\":\"Thing\",\"name\":\"Atelier de sensibilisation \u00e0 l'autisme : Fresque de l'autisme\",\"description\":\"Le Centre d'Art Passerelle vous propose un atelier de sensibilisation \u00e0 l'autisme. Cet outil collaboratif (la fresque) permet de trouver des strat\u00e9gies personnalis\u00e9es et de soutenir les personnes autistes dans leur quotidien. Aucun pr\u00e9-requis n'est n\u00e9cessaire pour participer \u00e0 cet atelier. \\n\\nPr\u00e9sentation :\\nEn \u00e9quipe, faites des liens entre 3 types de cartes : \\n- Personnage : d\u00e9couvrez l'un des 12 personnages fictifs pr\u00e9sentant un trouble du spectre de l'autisme. \\n- Fonctionnement : identifiez des particularit\u00e9s du fonctionnement autistique.\\n- Action : \u00e9laborez des strat\u00e9gies d\u2019accompagnement.\\n\\nObjectifs\\n\\n- Apprendre autrement gr\u00e2ce \u00e0 une approche ludique, interactive et collective.\\n- Changer de perspective pour mieux comprendre le v\u00e9cu des personnes autistes et de leurs proches.\\n- Prendre confiance dans sa capacit\u00e9 \u00e0 d\u00e9velopper des strat\u00e9gies d\u2019accompagnement adapt\u00e9es.\\n- Passer \u00e0 l\u2019action en identifiant des solutions concr\u00e8tes pour agir \u00e0 son \u00e9chelle.\\n\\nUn atelier propos\u00e9 par  le CRA (Centre de Ressources Autisme) Bretagne\\n\\nInformations pratiques : \\nTout public. \\nDur\u00e9e 3h.\\nSur r\u00e9servation aupr\u00e8s du Centre de Ressources Autisme Bretagne, en ligne.\",\"url\":\"https:\/\/www.cra.bzh\/\",\"geo\":{\"@type\":\"GeoCoordinates\",\"latitude\":48.3884131,\"longitude\":-4.4850075},\"additionalProperty\":[{\"@type\":\"PropertyValue\",\"name\":\"Titre\",\"value\":\"Atelier de sensibilisation \u00e0 l'autisme : Fresque de l'autisme\"},{\"@type\":\"PropertyValue\",\"name\":\"Cat\u00e9gorie\",\"value\":\"Autres \u00e9v\u00e9nements\"},{\"@type\":\"PropertyValue\",\"name\":\"Ville\",\"value\":\"Brest\"},{\"@type\":\"PropertyValue\",\"name\":\"Code postal\",\"value\":\"29200\"}]}},{\"@type\":\"ListItem\",\"position\":383,\"item\":{\"@type\":\"Thing\",\"name\":\"Balade cont\u00e9e \u00e0 Menez Dregan\",\"description\":\"Balade Cont\u00e9e \u00e0 Menez Dregan. \\nDur\u00e9e : 1h30\",\"geo\":{\"@type\":\"GeoCoordinates\",\"latitude\":47.98587,\"longitude\":-4.470066},\"additionalProperty\":[{\"@type\":\"PropertyValue\",\"name\":\"Titre\",\"value\":\"Balade cont\u00e9e \u00e0 Menez Dregan\"},{\"@type\":\"PropertyValue\",\"name\":\"Cat\u00e9gorie\",\"value\":\"Autres \u00e9v\u00e9nements\"},{\"@type\":\"PropertyValue\",\"name\":\"Ville\",\"value\":\"Plouhinec\"},{\"@type\":\"PropertyValue\",\"name\":\"Code postal\",\"value\":\"29780\"}]}},{\"@type\":\"ListItem\",\"position\":384,\"item\":{\"@type\":\"Thing\",\"name\":\"Gef\u00fchrter Fotospaziergang durch Douarnenez\",\"description\":\"Gef\u00fchrter Fotospaziergang durch Douarnenez :\\nEntdecken Sie mit dem Marco-Polo-Autor und erfahrenen Reiseleiter Errol Friedhelm Karakoc die Hafenstadt und ihre K\u00f6nigin, die Sardine. Auf den Spuren der hiesigen Fischer begegnen Sie streitbaren Damen, kuriosen Riten der heimischen Bev\u00f6lkerung, h\u00fcbscher Architektur aus den letzten Jahrhunderten, spannenden Legenden, vielleicht sogar Kommissar Dupin und haben dabei immer wieder den Blick auf die Bucht. Freuen Sie sich auf etwa zwei Stunden des Flanierens durch die Gassen des Hafenviertels Rosmeur.\\n\\nDauer: ca. 2h\\nSprache: auf Deutsch\\nSchwierigkeitsgrad: einfach bis mittel (leichte Steigungen\/Gef\u00e4lle auf st\u00e4dtischen Wegen, einige Stufen)\",\"url\":\"http:\/\/www.douarnenez-tourisme.com\/\",\"geo\":{\"@type\":\"GeoCoordinates\",\"latitude\":48.0931504,\"longitude\":-4.3310605},\"additionalProperty\":[{\"@type\":\"PropertyValue\",\"name\":\"Titre\",\"value\":\"Gef\u00fchrter Fotospaziergang durch Douarnenez\"},{\"@type\":\"PropertyValue\",\"name\":\"Cat\u00e9gorie\",\"value\":\"Autres \u00e9v\u00e9nements\"},{\"@type\":\"PropertyValue\",\"name\":\"Ville\",\"value\":\"Douarnenez\"},{\"@type\":\"PropertyValue\",\"name\":\"Code postal\",\"value\":\"29100\"}]}},{\"@type\":\"ListItem\",\"position\":385,\"item\":{\"@type\":\"Thing\",\"name\":\"Visite guid\u00e9e des vieux quartiers de Douarnenez\",\"description\":\"Cette balade vous fait d\u00e9couvrir l'\u00e2me de Douarnenez et comprendre son histoire si intimement li\u00e9e \u00e0 l'\u00e9pop\u00e9e de la sardine. Parcourez les rues et les venelles de la ville avec leur architecture du 19\u00e8me si\u00e8cle et leurs anciennes conserveries dissimul\u00e9es parmi les maisons. Fl\u00e2nez sur le vieux port m\u00e9moire de tout l'ancien Douarnenez jusqu'\u00e0 l'abri du marin, lieu sacr\u00e9 pour les p\u00eacheurs. Inscription n\u00e9cessaire \u00e0 l'Office de Tourisme.\",\"url\":\"http:\/\/www.douarnenez-tourisme.com\/\",\"geo\":{\"@type\":\"GeoCoordinates\",\"latitude\":48.0931504,\"longitude\":-4.3310605},\"additionalProperty\":[{\"@type\":\"PropertyValue\",\"name\":\"Titre\",\"value\":\"Visite guid\u00e9e des vieux quartiers de Douarnenez\"},{\"@type\":\"PropertyValue\",\"name\":\"Cat\u00e9gorie\",\"value\":\"Autres \u00e9v\u00e9nements\"},{\"@type\":\"PropertyValue\",\"name\":\"Ville\",\"value\":\"Douarnenez\"},{\"@type\":\"PropertyValue\",\"name\":\"Code postal\",\"value\":\"29100\"}]}},{\"@type\":\"ListItem\",\"position\":386,\"item\":{\"@type\":\"Thing\",\"name\":\"Marathon photo\",\"description\":\"A l'occasion du march\u00e9 des artisans et  cr\u00e9ateurs le 13\/09\/2026, se d\u00e9roulera un Marathon photo de 9h00 \u00e0 17h00, qui consistera \u00e0 r\u00e9aliser en un temps donn\u00e9 un certain nombre de th\u00e8me photo. \\n  \\nInscription et r\u00e8glement sur www.alimageducapsizun.org\",\"url\":\"https:\/\/www.alimageducapsizun.org\/\",\"geo\":{\"@type\":\"GeoCoordinates\",\"latitude\":48.041325,\"longitude\":-4.487576},\"additionalProperty\":[{\"@type\":\"PropertyValue\",\"name\":\"Titre\",\"value\":\"Marathon photo\"},{\"@type\":\"PropertyValue\",\"name\":\"Cat\u00e9gorie\",\"value\":\"Autres \u00e9v\u00e9nements\"},{\"@type\":\"PropertyValue\",\"name\":\"Ville\",\"value\":\"Pont-Croix\"},{\"@type\":\"PropertyValue\",\"name\":\"Code postal\",\"value\":\"29790\"}]}},{\"@type\":\"ListItem\",\"position\":387,\"item\":{\"@type\":\"Thing\",\"name\":\"Visite guid\u00e9e de l'\u00eele Tristan\",\"description\":\"Situ\u00e9e \u00e0 quelques encablures de Douarnenez, l'\u00eele Tristan, site naturel prot\u00e9g\u00e9 est la propri\u00e9t\u00e9 du Conservatoire du Littoral. Marchez sur les pas du c\u00e9l\u00e8bre brigand de La Fontenelle, de Tristan et Yseult et des nombreux artistes qui ont fr\u00e9quent\u00e9 l'\u00eele au d\u00e9but 20\u00e8me si\u00e8cle. Inscription obligatoire \u00e0 l'Office de Tourisme du Pays de Douarnenez ou sur le site internet. Chiens non admis. Les conditions m\u00e9t\u00e9orologiques et la houle peuvent nous contraindre \u00e0 annuler la visite.\",\"url\":\"http:\/\/www.douarnenez-tourisme.com\/\",\"geo\":{\"@type\":\"GeoCoordinates\",\"latitude\":48.0972725,\"longitude\":-4.3354308},\"additionalProperty\":[{\"@type\":\"PropertyValue\",\"name\":\"Titre\",\"value\":\"Visite guid\u00e9e de l'\u00eele Tristan\"},{\"@type\":\"PropertyValue\",\"name\":\"Cat\u00e9gorie\",\"value\":\"Sport & randonn\u00e9e\"},{\"@type\":\"PropertyValue\",\"name\":\"Ville\",\"value\":\"Douarnenez\"},{\"@type\":\"PropertyValue\",\"name\":\"Code postal\",\"value\":\"29100\"}]}},{\"@type\":\"ListItem\",\"position\":388,\"item\":{\"@type\":\"Thing\",\"name\":\"Visite de la Brasserie Diaoul\",\"description\":\"La visite permettra de partager avec les visiteurs le processus de fabrication d\u2019une bi\u00e8re, de l\u2019id\u00e9e de la recette \u00e0 la bouteille. Sur r\u00e9servation.\\nLes vendredis et samedis.\",\"geo\":{\"@type\":\"GeoCoordinates\",\"latitude\":48.0505673,\"longitude\":-4.2864733},\"additionalProperty\":[{\"@type\":\"PropertyValue\",\"name\":\"Titre\",\"value\":\"Visite de la Brasserie Diaoul\"},{\"@type\":\"PropertyValue\",\"name\":\"Cat\u00e9gorie\",\"value\":\"Autres \u00e9v\u00e9nements\"},{\"@type\":\"PropertyValue\",\"name\":\"Ville\",\"value\":\"Le Juch\"},{\"@type\":\"PropertyValue\",\"name\":\"Code postal\",\"value\":\"29100\"}]}},{\"@type\":\"ListItem\",\"position\":389,\"item\":{\"@type\":\"Thing\",\"name\":\"March\u00e9 des artisans et cr\u00e9ateurs\",\"description\":\"Exposition-vente d'une trentaine d'artisans, artistes et cr\u00e9ateurs organis\u00e9e par le club photo A l'Image du Cap Sizun. \\nBuvette et petite restauration sur place.\",\"url\":\"http:\/\/aimageducapsizun.org\/\",\"geo\":{\"@type\":\"GeoCoordinates\",\"latitude\":48.0416942,\"longitude\":-4.4892502},\"additionalProperty\":[{\"@type\":\"PropertyValue\",\"name\":\"Titre\",\"value\":\"March\u00e9 des artisans et cr\u00e9ateurs\"},{\"@type\":\"PropertyValue\",\"name\":\"Cat\u00e9gorie\",\"value\":\"Expositions\"},{\"@type\":\"PropertyValue\",\"name\":\"Ville\",\"value\":\"Pont-Croix\"},{\"@type\":\"PropertyValue\",\"name\":\"Code postal\",\"value\":\"29790\"}]}},{\"@type\":\"ListItem\",\"position\":390,\"item\":{\"@type\":\"Thing\",\"name\":\"D\u00e9couverte de la marche Afghane\",\"description\":\"La marche afghane est une technique de respiration qui permet de synchroniser sa respiration avec le pas en fonction du terrain. \\n\\nMarchez aux c\u00f4t\u00e9s de Terre d'\u00e9cume sur les d\u00e9nivel\u00e9s de l\u2019Iroise pour exp\u00e9rimenter cette technique qui vous permettra de g\u00e9rer votre effort physique pendant la marche. Nous travaillerons \u00e9galement sur la prise de conscience du corps et sur la r\u00e9cup\u00e9ration.\\n\\nTous les lundis et mardis \u00e0 13h30.\\nDisponibilit\u00e9s et r\u00e9servations en ligne sur terredecume.fr\\n\u00c0 partir de 16 ans.\\n\\nR\u00e9servable en formule \\\"cocon solo\\\", vous partez seul avec moi.\\nCartes cadeaux disponibles.\\n\\nUne randonn\u00e9e bien-\u00eatre : relaxation, m\u00e9ditation et respiration est \u00e9galement disponible sur ce cr\u00e9neau. Si cette sortie vous int\u00e9resse, contactez Terre d'\u00e9cume.\\n\\nLes randonn\u00e9es et balades nature propos\u00e9es par Terre d'\u00c9cume sont accessibles \u00e0 tous (de 16 \u00e0 99 ans), la difficult\u00e9 des circuits (distance, d\u00e9nivel\u00e9 et rythme de marche) est adapt\u00e9e \u00e0 chacun.\\nAcc\u00e8s PMR et difficult\u00e9 \u00e0 se mouvoir (b\u00e9quilles, ...)\u00a0: circuits disponibles sur demande.\",\"url\":\"https:\/\/terredecume.fr\/\",\"geo\":{\"@type\":\"GeoCoordinates\",\"latitude\":48.3744869,\"longitude\":-4.6450747},\"additionalProperty\":[{\"@type\":\"PropertyValue\",\"name\":\"Titre\",\"value\":\"D\u00e9couverte de la marche Afghane\"},{\"@type\":\"PropertyValue\",\"name\":\"Cat\u00e9gorie\",\"value\":\"Sport & randonn\u00e9e\"},{\"@type\":\"PropertyValue\",\"name\":\"Ville\",\"value\":\"Locmaria-Plouzan\u00e9\"},{\"@type\":\"PropertyValue\",\"name\":\"Code postal\",\"value\":\"29280\"}]}},{\"@type\":\"ListItem\",\"position\":391,\"item\":{\"@type\":\"Thing\",\"name\":\"Pardon Saint Justin\",\"description\":\"F\u00eate religieuse typique bretonne, organis\u00e9 par la paroisse St Tugdual\",\"url\":\"https:\/\/www.paroissesaintugdual.fr\/\",\"geo\":{\"@type\":\"GeoCoordinates\",\"latitude\":48.01536,\"longitude\":-4.36012},\"additionalProperty\":[{\"@type\":\"PropertyValue\",\"name\":\"Titre\",\"value\":\"Pardon Saint Justin\"},{\"@type\":\"PropertyValue\",\"name\":\"Cat\u00e9gorie\",\"value\":\"Autres \u00e9v\u00e9nements\"},{\"@type\":\"PropertyValue\",\"name\":\"Ville\",\"value\":\"Guiler-sur-Goyen\"},{\"@type\":\"PropertyValue\",\"name\":\"Code postal\",\"value\":\"29710\"}]}},{\"@type\":\"ListItem\",\"position\":392,\"item\":{\"@type\":\"Thing\",\"name\":\"Les Vendredis du Camfrout\",\"description\":\"Les Vendredis du Camfrout font leur grand retour !\\n\\nApr\u00e8s quelques ann\u00e9es d\u2019absence, les \u00ab Vendredis du Camfrout \u00bb reviennent animer le c\u0153ur de L\u2019H\u00f4pital-Camfrout. Organis\u00e9e par la municipalit\u00e9, cette nouvelle \u00e9dition a \u00e9t\u00e9 imagin\u00e9e avec une envie simple : redonner vie aux soir\u00e9es d\u2019\u00e9t\u00e9, faire vibrer la place de la mairie et offrir aux habitants comme aux visiteurs un moment de partage, de musique et de convivialit\u00e9.\\n\\nChaque soir\u00e9e aura sa propre ambiance :\\n\\n14 ao\u00fbt : DJ Glaouch et ses marionnettes ouvriront les festivit\u00e9s dans une ambiance festive et familiale.\\n21 ao\u00fbt : place \u00e0 la Bretagne avec Skipailh et Forzh Penaos, pour une soir\u00e9e plac\u00e9e sous le signe de la musique bretonne et de la danse.\\n28 ao\u00fbt : The PhoenyX Land et Broken Hourglass cl\u00f4tureront cette \u00e9dition avec une soir\u00e9e rock pleine d\u2019\u00e9nergie.\\n\\nSur place, chacun pourra profiter d\u2019une buvette, de la friterie belge SERKEN, et de cr\u00eapes bien s\u00fbr, dans une ambiance chaleureuse et interg\u00e9n\u00e9rationnelle.\\n\\n\u00c0 travers cette manifestation, la commune souhaite faire des Vendredis du Camfrout un rendez-vous incontournable de l\u2019\u00e9t\u00e9, o\u00f9 habitants, vacanciers, familles et amis se retrouvent pour partager un chouette moment, simple et festif.\\n\\nRepli \u00e0 la salle Steredenn en cas de pluie. \\n\\nL\u2019entr\u00e9e est gratuite. Il ne manque plus que vous !\",\"geo\":{\"@type\":\"GeoCoordinates\",\"latitude\":48.3279861,\"longitude\":-4.2420348},\"additionalProperty\":[{\"@type\":\"PropertyValue\",\"name\":\"Titre\",\"value\":\"Les Vendredis du Camfrout\"},{\"@type\":\"PropertyValue\",\"name\":\"Cat\u00e9gorie\",\"value\":\"Concerts, musique & festivals\"},{\"@type\":\"PropertyValue\",\"name\":\"Ville\",\"value\":\"H\u00f4pital-Camfrout\"},{\"@type\":\"PropertyValue\",\"name\":\"Code postal\",\"value\":\"29460\"}]}},{\"@type\":\"ListItem\",\"position\":393,\"item\":{\"@type\":\"Thing\",\"name\":\"Pardon de Notre Dame de Lorette\",\"description\":\"Messe \u00e0 10h30.\",\"geo\":{\"@type\":\"GeoCoordinates\",\"latitude\":48.0140072,\"longitude\":-4.485728},\"additionalProperty\":[{\"@type\":\"PropertyValue\",\"name\":\"Titre\",\"value\":\"Pardon de Notre Dame de Lorette\"},{\"@type\":\"PropertyValue\",\"name\":\"Cat\u00e9gorie\",\"value\":\"Autres \u00e9v\u00e9nements\"},{\"@type\":\"PropertyValue\",\"name\":\"Ville\",\"value\":\"Plouhinec\"},{\"@type\":\"PropertyValue\",\"name\":\"Code postal\",\"value\":\"29780\"}]}},{\"@type\":\"ListItem\",\"position\":394,\"item\":{\"@type\":\"Thing\",\"name\":\"Activit\u00e9s \u00e0 la plage (2 -10 ans) - Sea Cool\",\"description\":\"La Sea Cool propose des activit\u00e9s pour les 2 \u00e0 10 ans \u00e0 la plage pendant les vacances d'\u00e9t\u00e9 tous les jeudis et vendredis matin de 10h30 \u00e0 12h00.\\nDes ateliers nature autour de la d\u00e9couverte des mares, des algues, des animaux marins, des jeux ludiques seront au programme !\\nLe lieu de rendez-vous variera en fonction de la m\u00e9t\u00e9o et de la mar\u00e9e, nous vous pr\u00e9viendrons la veille.\",\"geo\":{\"@type\":\"GeoCoordinates\",\"latitude\":48.0146461,\"longitude\":-4.5973837},\"additionalProperty\":[{\"@type\":\"PropertyValue\",\"name\":\"Titre\",\"value\":\"Activit\u00e9s \u00e0 la plage (2 -10 ans) - Sea Cool\"},{\"@type\":\"PropertyValue\",\"name\":\"Cat\u00e9gorie\",\"value\":\"En famille\"},{\"@type\":\"PropertyValue\",\"name\":\"Ville\",\"value\":\"Primelin\"},{\"@type\":\"PropertyValue\",\"name\":\"Code postal\",\"value\":\"29770\"}]}},{\"@type\":\"ListItem\",\"position\":395,\"item\":{\"@type\":\"Thing\",\"name\":\"S\u00e9jour rando sur le GR34\u00ae. Pointe du Raz - Ile de Sein 6J\/6N\",\"description\":\"Six jours de rando accompagn\u00e9e sur la c\u00f4te qui surplombe la mer d'Iroise. Du Raz de Sein \u00e0 la Baie de Douarnenez, pouss\u00e9s par un l\u00e9ger vent de noiro\u00eet ou (d\u00e9)coiff\u00e9s par les embruns, suivez Marie ! au d\u00e9tour du sentier, elle vous emm\u00e8ne \u00e0 la rencontre de l'\u00e2me du Cap-Sizun. Et vous embarque jusque l'\u00eele de Sein pour une escapade de l'autre c\u00f4t\u00e9 de l'horizon ...\\nH\u00e9berg\u00e9s dans un g\u00eete con\u00e7u pour les randonneurs, vous profiterez de repas confectionn\u00e9s \u00e0 partir de produits locaux de qualit\u00e9.\",\"url\":\"https:\/\/www.sentiersmaritimes.com\/rando-accompagnee-bretagne-normandie\/221-la-pointe-du-raz-et-l-ile-de-sein.html\",\"geo\":{\"@type\":\"GeoCoordinates\",\"latitude\":48.036674,\"longitude\":-4.666499},\"additionalProperty\":[{\"@type\":\"PropertyValue\",\"name\":\"Titre\",\"value\":\"S\u00e9jour rando sur le GR34\u00ae. Pointe du Raz - Ile de Sein 6J\/6N\"},{\"@type\":\"PropertyValue\",\"name\":\"Cat\u00e9gorie\",\"value\":\"Sport & randonn\u00e9e\"},{\"@type\":\"PropertyValue\",\"name\":\"Ville\",\"value\":\"Plogoff\"},{\"@type\":\"PropertyValue\",\"name\":\"Code postal\",\"value\":\"29770\"}]}},{\"@type\":\"ListItem\",\"position\":396,\"item\":{\"@type\":\"Thing\",\"name\":\"Exposition : Bretagne sacr\u00e9e, Bretagne celtique\",\"description\":\"Bretagne sacr\u00e9e, Bretagne celtique : le calendrier, les f\u00eates et leurs survivances populaires\\n\\nLes f\u00eates celtiques font-elles partie d\u2019un pass\u00e9 lointain \u00e0 jamais r\u00e9volu ? A quoi correspondent les trom\u00e9nies, les f\u00eates de la Saint-Jean et de No\u00ebl et la tradition d\u2019accrocher une branche de h\u00eatre aux maisons d\u00e9but mai ?\\n\\nNous sommes aujourd\u2019hui en pr\u00e9sence d\u2019un h\u00e9ritage fort dispers\u00e9, d\u2019une sorte de puzzle dont les morceaux repr\u00e9sentent les mythes, les contes et l\u00e9gendes, et les recherches dans diverses disciplines comme l\u2019arch\u00e9ologie, l\u2019ethnologie, la topom\u00e9trie, l\u2019hagiographie\u2026 ; puzzle dont il est passionnant de reconstituer les morceaux.\\n\\nL\u2019exposition, r\u00e9alis\u00e9e par H\u00e9l\u00e8ne Barazer, permet de mettre en \u00e9vidence un pass\u00e9 qui est toujours pr\u00e9sent : les f\u00eates des solstices r\u00e9pondent \u00e0 d\u2019anciennes f\u00eates en l\u2019honneur d\u2019un dieu solaire, la Samain est devenue la Toussaint\u2026 le tout \u00e0 travers le d\u00e9coupage de l\u2019ann\u00e9e suivant un mod\u00e8le celtique luni-solaire.\\n\\nPetit voyage \u00e0 travers le temps et l\u2019espace, \u00e0 travers les traditions, les rites et les\\ncroyances populaires d\u2019aujourd\u2019hui, \u00e0 la recherche de ces traces partout discernables d\u2019un pass\u00e9 disparu...en surface, uniquement !\\n\\nLes Th\u00e8mes : Le soleil et la lune ; Quelques grands principes des Celtes ; L\u2019ann\u00e9e\\nceltique ; Le jour et la nuit ; Le cerf et le loup ; Le solstice d\u2019hiver ; Le solstice d\u2019\u00e9t\u00e9 ; \\nLes quatre f\u00eates druidiques : Samain, Imbolc, Beltaine, Lugnasad\",\"geo\":{\"@type\":\"GeoCoordinates\",\"latitude\":48.0934247,\"longitude\":-4.3257356},\"additionalProperty\":[{\"@type\":\"PropertyValue\",\"name\":\"Titre\",\"value\":\"Exposition : Bretagne sacr\u00e9e, Bretagne celtique\"},{\"@type\":\"PropertyValue\",\"name\":\"Cat\u00e9gorie\",\"value\":\"Expositions\"},{\"@type\":\"PropertyValue\",\"name\":\"Ville\",\"value\":\"Douarnenez\"},{\"@type\":\"PropertyValue\",\"name\":\"Code postal\",\"value\":\"29100\"}]}},{\"@type\":\"ListItem\",\"position\":397,\"item\":{\"@type\":\"Thing\",\"name\":\"Visites mensuelles du mus\u00e9e vivant de l'imprimerie PAM\",\"description\":\"Visite comment\u00e9e: \\nVenez d\u00e9couvrir les tr\u00e9sors de l'ancienne imprimerie PAM qui poss\u00e8de plus de 3000 pierres lithographiques ! Son histoire et son activit\u00e9 vous seront cont\u00e9es par un membre de l'association Les Enfants de Gutenberg qui g\u00e8re ce fonds patrimonial exceptionnel. \\n\\n\\nLes visites sont ouvertes \u00e0 tous, gratuites et sans inscriptions au pr\u00e9alable. Le RDV est donn\u00e9 au sous-sol de la PAM, au pied de l'escalier en colima\u00e7on.\\n\\nInformations pratiques : \\nDur\u00e9e 1h.\",\"url\":\"https:\/\/www.lapambrest.fr\/d-tails-et-inscription\/visites-mensuelles-du-musee-vivant-de-limprimerie-pam-8?utm_campaign=f7f2679a-5fd2-457e-a7ad-6ad752cc4047&utm_source=so&utm_medium=mail&cid=2bc7c3bf-4f10-47c6-90ee-258481c69049\",\"geo\":{\"@type\":\"GeoCoordinates\",\"latitude\":48.3873,\"longitude\":-4.4917445},\"additionalProperty\":[{\"@type\":\"PropertyValue\",\"name\":\"Titre\",\"value\":\"Visites mensuelles du mus\u00e9e vivant de l'imprimerie PAM\"},{\"@type\":\"PropertyValue\",\"name\":\"Cat\u00e9gorie\",\"value\":\"Autres \u00e9v\u00e9nements\"},{\"@type\":\"PropertyValue\",\"name\":\"Ville\",\"value\":\"Brest\"},{\"@type\":\"PropertyValue\",\"name\":\"Code postal\",\"value\":\"29200\"}]}},{\"@type\":\"ListItem\",\"position\":398,\"item\":{\"@type\":\"Thing\",\"name\":\"March\u00e9\",\"description\":\"Tous les vendredis matin : march\u00e9 tous produits - toute l'ann\u00e9e de 8h00 \u00e0 13h00  sur la placette de l'\u00e9glise et le long de la rue de la plage.\",\"geo\":{\"@type\":\"GeoCoordinates\",\"latitude\":48.181635,\"longitude\":-4.232741},\"additionalProperty\":[{\"@type\":\"PropertyValue\",\"name\":\"Titre\",\"value\":\"March\u00e9\"},{\"@type\":\"PropertyValue\",\"name\":\"Cat\u00e9gorie\",\"value\":\"March\u00e9s & foires\"},{\"@type\":\"PropertyValue\",\"name\":\"Ville\",\"value\":\"Plomodiern\"},{\"@type\":\"PropertyValue\",\"name\":\"Code postal\",\"value\":\"29550\"}]}},{\"@type\":\"ListItem\",\"position\":399,\"item\":{\"@type\":\"Thing\",\"name\":\"Spectacle Partage - Cirque Fran\u00e7ais\",\"description\":\"Bienvenue dans la nouvelle cr\u00e9ation du Cirque Fran\u00e7ais, un voyage \u00e0 travers les arts.\\nCette ann\u00e9e, le chapiteau se transforme en Mus\u00e9e vivant, mettant en sc\u00e8ne les diff\u00e9rentes cat\u00e9gories d\u2019art, que notre guide vous fera d\u00e9couvrir avec passion : L\u2019art ne prend tout son sens que lorsqu\u2019il est partag\u00e9.\\n\\nInformation pratique : \\nDur\u00e9e 1h30 avec entracte.\",\"url\":\"https:\/\/www.cirquefrancais.com\/spectacles-et-plus-encore\/\",\"geo\":{\"@type\":\"GeoCoordinates\",\"latitude\":48.382208,\"longitude\":-4.4890438},\"additionalProperty\":[{\"@type\":\"PropertyValue\",\"name\":\"Titre\",\"value\":\"Spectacle Partage - Cirque Fran\u00e7ais\"},{\"@type\":\"PropertyValue\",\"name\":\"Cat\u00e9gorie\",\"value\":\"En famille\"},{\"@type\":\"PropertyValue\",\"name\":\"Ville\",\"value\":\"Brest\"},{\"@type\":\"PropertyValue\",\"name\":\"Code postal\",\"value\":\"29200\"}]}},{\"@type\":\"ListItem\",\"position\":400,\"item\":{\"@type\":\"Thing\",\"name\":\"Comice agricole du Pays Bigouden\",\"description\":\"Rencontre du monde agricole et rural , dans un souci de communication , aupr\u00e8s d' un public initi\u00e9 ou pas . De nombreuses animations avec en point d' orgue 1 concours de bovins , et surtout de vaches laiti\u00e8res pr\u00e9sent\u00e9es par des \u00e9leveurs passionn\u00e9s de leurs m\u00e9tier et de l' \u00e9levage.\\n Un concours avec des enfants qui suivent les traces de leurs parents et pr\u00e9senteront sur le ring des animaux dress\u00e9s \u00e0 la perfection .\\n Une pr\u00e9sentation de chevaux de moutons et autres ch\u00e8vres compl\u00e9tera la partie animale . \\n\\nLes producteurs locaux comme tout un chacun sont invit\u00e9s \u00e0 pr\u00e9senter et vendre leurs productions.\\n\\n A midi un repas servi par les associations locales sera propos\u00e9 au prix de 15 euros .\\nOrganis\u00e9 par passion \u00e9l\u00e9vage\",\"geo\":{\"@type\":\"GeoCoordinates\",\"latitude\":47.98581,\"longitude\":-4.42045},\"additionalProperty\":[{\"@type\":\"PropertyValue\",\"name\":\"Titre\",\"value\":\"Comice agricole du Pays Bigouden\"},{\"@type\":\"PropertyValue\",\"name\":\"Cat\u00e9gorie\",\"value\":\"Autres \u00e9v\u00e9nements\"},{\"@type\":\"PropertyValue\",\"name\":\"Ville\",\"value\":\"Ploz\u00e9vet\"},{\"@type\":\"PropertyValue\",\"name\":\"Code postal\",\"value\":\"29710\"}]}},{\"@type\":\"ListItem\",\"position\":401,\"item\":{\"@type\":\"Thing\",\"name\":\"D\u00e9couverte de la marche Afghane\",\"description\":\"La marche afghane est une technique de respiration qui permet de synchroniser sa respiration avec le pas en fonction du terrain. \\n\\nMarchez aux c\u00f4t\u00e9s de Terre d'\u00e9cume sur les d\u00e9nivel\u00e9s de l\u2019Iroise pour exp\u00e9rimenter cette technique qui vous permettra de g\u00e9rer votre effort physique pendant la marche. Nous travaillerons \u00e9galement sur la prise de conscience du corps et sur la r\u00e9cup\u00e9ration.\\n\\nTous les lundis et mardis \u00e0 13h30.\\nDisponibilit\u00e9s et r\u00e9servations en ligne sur terredecume.fr\\n\u00c0 partir de 16 ans.\\n\\nR\u00e9servable en formule \\\"cocon solo\\\", vous partez seul avec moi.\\nCartes cadeaux disponibles.\\n\\nUne randonn\u00e9e bien-\u00eatre : relaxation, m\u00e9ditation et respiration est \u00e9galement disponible sur ce cr\u00e9neau. Si cette sortie vous int\u00e9resse, contactez Terre d'\u00e9cume.\\n\\nLes randonn\u00e9es et balades nature propos\u00e9es par Terre d'\u00c9cume sont accessibles \u00e0 tous (de 16 \u00e0 99 ans), la difficult\u00e9 des circuits (distance, d\u00e9nivel\u00e9 et rythme de marche) est adapt\u00e9e \u00e0 chacun.\\nAcc\u00e8s PMR et difficult\u00e9 \u00e0 se mouvoir (b\u00e9quilles, ...)\u00a0: circuits disponibles sur demande.\",\"url\":\"https:\/\/terredecume.fr\/\",\"geo\":{\"@type\":\"GeoCoordinates\",\"latitude\":48.3744869,\"longitude\":-4.6450747},\"additionalProperty\":[{\"@type\":\"PropertyValue\",\"name\":\"Titre\",\"value\":\"D\u00e9couverte de la marche Afghane\"},{\"@type\":\"PropertyValue\",\"name\":\"Cat\u00e9gorie\",\"value\":\"Sport & randonn\u00e9e\"},{\"@type\":\"PropertyValue\",\"name\":\"Ville\",\"value\":\"Locmaria-Plouzan\u00e9\"},{\"@type\":\"PropertyValue\",\"name\":\"Code postal\",\"value\":\"29280\"}]}},{\"@type\":\"ListItem\",\"position\":402,\"item\":{\"@type\":\"Thing\",\"name\":\"Exposition fonds marins de la rade de Brest\",\"description\":\"Le long de la promenade du Tinduff, d\u00e9couvrez la richesse de la biodiversit\u00e9 sous- marine \u00e0 travers l\u2019exposition estivale sur les fonds marins de la rade issue des clich\u00e9s r\u00e9alis\u00e9s par les plongeurs du club de plong\u00e9e ACDC. \\n\\nAcc\u00e8s libre\",\"url\":\"https:\/\/ville-plougastel.bzh\/les-rdv-nature-du-mois-de-mai\/\",\"geo\":{\"@type\":\"GeoCoordinates\",\"latitude\":48.3416585,\"longitude\":-4.3672169},\"additionalProperty\":[{\"@type\":\"PropertyValue\",\"name\":\"Titre\",\"value\":\"Exposition fonds marins de la rade de Brest\"},{\"@type\":\"PropertyValue\",\"name\":\"Cat\u00e9gorie\",\"value\":\"Expositions\"},{\"@type\":\"PropertyValue\",\"name\":\"Ville\",\"value\":\"Plougastel-Daoulas\"},{\"@type\":\"PropertyValue\",\"name\":\"Code postal\",\"value\":\"29470\"}]}}]}]}<\/script>\n\n  \n  <!-- Injection des labels pour le JS (modal) -->\n  <script>\n    var emFieldLabels = {\"nom_de_la_ville\":\"Nom de la ville\",\"categorie_type\":\"Cat\\u00e9gorie \\\/ Type\",\"localisation_departement_region\":\"Localisation (d\\u00e9partement \\\/ r\\u00e9gion)\",\"distance_depuis_lhotel_km\":\"Distance depuis l'H\\u00f4tel (km)\",\"temps_de_route_depuis_lhotel_min\":\"Temps de route depuis l'H\\u00f4tel (min)\",\"description\":\"Description\",\"points_forts_atouts\":\"Points forts \\\/ Atouts\",\"lieux_incontournables\":\"Lieux incontournables\",\"marches_foires\":\"March\\u00e9s \\\/ Foires\",\"evenements\":\"\\u00c9v\\u00e9nements\",\"name\":\"Nom de l'\\u00e9v\\u00e9nement\",\"category_type\":\"Type d'activit\\u00e9\",\"distance_km\":\"Distance depuis l'h\\u00f4tel (km)\",\"reservation\":\"R\\u00e9servation\",\"horaires\":\"Horaires\",\"infos_contact\":\"Infos et contact\",\"languages_spoken\":\"Langues parl\\u00e9es\",\"pets_allowed\":\"Animaux accept\\u00e9s\",\"categorie_4JFCpx5\":\"Cat\\u00e9gorie\",\"travel_time\":\"Temps de trajet depuis l'h\\u00f4tel\",\"category\":\"Cat\\u00e9gorie de l'\\u00e9v\\u00e9nement\",\"target_audience\":\"Cat\\u00e9gorie de public\",\"schedule\":\"Horaire\",\"nom\":\"Nom\",\"sous_titre\":\"Sous-titre\",\"categorie_bien_etre_restauration_hebergement_sport_loisirs_business_famille_transport_autre\":\"Cat\\u00e9gorie (Bien-\\u00eatre Restauration H\\u00e9bergement ,Sport & Loisirs, Business ,Famille ,Transport ,Autre)\",\"inclus_dans_le_sejour_ouinonselon_la_formule\":\"Inclus dans le s\\u00e9jour (Oui\\\/Non,Selon la formule)\",\"sur_reservation_oui_non_recommande\":\"Sur r\\u00e9servation (Oui Non, Recommand\\u00e9)\",\"disponibilite\":\"Disponibilit\\u00e9\",\"lieu_sur_place_en_chambre_a_lexterieur_sur_demande\":\"Lieu (Sur place, En chambre, \\u00c0 l'ext\\u00e9rieur, Sur demande)\",\"pour_qui_tous_adultes_uniquement_familles_professionnels_couples\":\"Pour qui (Tous, Adultes uniquement, Familles, Professionnels, Couples)\",\"contact_direct\":\"Contact direct\",\"categorie_palace_luxe_boutique_hotel_charme_familial_affaires_eco_lodge\":\"Cat\\u00e9gorie (Palace Luxe ,Boutique h\\u00f4tel, Charme, Familial, Affaires, \\u00c9co-lodge)\",\"classement_nombre_etoiles\":\"Classement (nombre \\u00e9toiles)\",\"description_generale\":\"Description g\\u00e9n\\u00e9rale\",\"annee_de_creation_ouverture\":\"Ann\\u00e9e de cr\\u00e9ation \\\/ ouverture\",\"histoire_heritage\":\"Histoire & h\\u00e9ritage\",\"architecture_style\":\"Architecture & style\",\"valeurs_engagement\":\"Valeurs & engagement\",\"ce_qui_nous_distingue\":\"Ce qui nous distingue\",\"environnement\":\"Environnement\",\"vue_depuis_lhotel\":\"Vue depuis l'h\\u00f4tel\",\"adresse\":\"Adresse\",\"acces\":\"Acc\\u00e8s\",\"reseaux_sociaux\":\"R\\u00e9seaux sociaux\",\"type_de_chambre\":\"Type de chambre\",\"surface\":\"Surface\",\"capacite\":\"Capacit\\u00e9\",\"etage\":\"\\u00c9tage\",\"vue\":\"Vue\",\"literie\":\"Literie\",\"equipements\":\"\\u00c9quipements\",\"pmr_ouinon\":\"PMR (Oui\\\/Non)\",\"animaux_acceptes_ouinon\":\"Animaux accept\\u00e9s ? (oui\\\/non)\",\"categorie_gastronomique_bistronomique_traditionnel_brasserie_snack_food_truck_pizzeria\":\"Cat\\u00e9gorie (Gastronomique, Bistronomique, Traditionnel, Brasserie, Snack, Food truck, Pizzeria)\",\"ambiance_familial_romantique_festif_decontracte_chic_vue_panoramique\":\"Ambiance (Familial, Romantique, Festif, D\\u00e9contract\\u00e9, Chic, Vue panoramique)\",\"cadre_terrasse_bord_de_piscine_bord_de_mer_vue_climatise_jardin\":\"Cadre (Terrasse, Bord de piscine, Bord de mer, Vue, Climatis\\u00e9, Jardin)\",\"menu_enfant_ouinon\":\"Menu enfant (Oui\\\/Non)\",\"options_regime_vegetarien_vegan_sans_gluten\":\"Options r\\u00e9gime (V\\u00e9g\\u00e9tarien, V\\u00e9gan, Sans gluten)\",\"parking_sur_place_a_proximite_difficile_non_disponible\":\"Parking (Sur place, \\u00c0 proximit\\u00e9, Difficile, Non disponible)\",\"accessibilite_pmr_ouinon\":\"Accessibilit\\u00e9 PMR (Oui\\\/Non)\",\"animaux_acceptes_ouinon_en_terrasse\":\"Animaux accept\\u00e9s (Oui\\\/Non, en terrasse)\",\"jours_douverture\":\"Jours d'ouverture\",\"services_midi_soir_midi_et_soir_en_continu\":\"Services (Midi,  Soir,  Midi et soir, En continu)\",\"periode_douverture\":\"P\\u00e9riode d'ouverture\",\"reservation_recommandee_obligatoire_non_requise\":\"R\\u00e9servation (Recommand\\u00e9e, Obligatoire, Non requise)\",\"telephone\":\"T\\u00e9l\\u00e9phone\",\"reservation_en_ligne\":\"R\\u00e9servation en ligne\",\"lien_google_maps\":\"Lien Google Maps\",\"conseil_pratique\":\"Conseil pratique\",\"le_de_letablissement\":\"Le + de l'\\u00e9tablissement\",\"salle_de_bain\":\"Salle de bain\",\"acces_specifique\":\"Acc\\u00e8s sp\\u00e9cifique\",\"petit_dejeuner\":\"Petit-d\\u00e9jeuner\",\"menage\":\"M\\u00e9nage\",\"room_service\":\"Room service\",\"conditions\":\"Conditions\",\"pmr\":\"PMR\",\"animaux_acceptes\":\"Animaux accept\\u00e9s\",\"note_literie\":\"Note literie\",\"nom_du_soin\":\"Nom du soin\",\"description_du_soin\":\"Description du soin\",\"type_de_soin_massage_soin_du_visage_soin_du_corps_gommage_enveloppement_rituel_spa\":\"Type de soin (Massage, Soin du visage, Soin du corps, Gommage, Enveloppement Rituel, spa)\",\"categorie_devenement\":\"Cat\\u00e9gorie d'\\u00e9v\\u00e9nement\",\"public_cible\":\"Public cible\",\"informations_pratiques_et_contact\":\"Informations pratiques et contact\",\"distance_depuis_lhotel_en_km\":\"Distance depuis l'h\\u00f4tel (en km)\",\"temps_de_route_depuis_lhotel_en_min\":\"Temps de route depuis l'h\\u00f4tel (en min)\",\"langues_parlees\":\"Langues parl\\u00e9es\",\"distance_depuis_le_camping_km\":\"Distance depuis le camping (km)\",\"temps_de_route_depuis_le_camping_min\":\"Temps de route depuis le camping (min)\",\"type_dactivite_nature_sport_culture_etc\":\"Type d'activit\\u00e9 (nature, sport, culture, etc.)\",\"categorie_de_public_famille_enfants_senior_ado_etc\":\"Cat\\u00e9gorie de public (Famille, Enfants, Senior, Ado, etc.)\",\"reservation_ouinon\":\"R\\u00e9servation ? (oui\\\/non)\",\"informations_et_contact\":\"Informations et contact\",\"type_de_la_ville_ville_villages_bourg\":\"Type de la ville (ville \\\/ villages \\\/ bourg...)\",\"departement\":\"D\\u00e9partement\",\"points_dinterets\":\"Points d'int\\u00e9r\\u00eats\",\"titre\":\"Titre\",\"categorie\":\"Cat\\u00e9gorie\",\"ville\":\"Ville\",\"code_postal\":\"Code postal\",\"title\":\"Titre\"};\n  <\/script>\n\n  <!-- \u2550\u2550\u2550\u2550\u2550\u2550\u2550\u2550\u2550\u2550\u2550\u2550\u2550\u2550\u2550\u2550\u2550\u2550\u2550\u2550\u2550\u2550\u2550\u2550\u2550\u2550\u2550\u2550\u2550\u2550\u2550\u2550\u2550\u2550\u2550\u2550\u2550\u2550\u2550\u2550\u2550\u2550\u2550\u2550\u2550\u2550\u2550\u2550\u2550\u2550\u2550\u2550\u2550\u2550\u2550\u2550\u2550\u2550\u2550\u2550\u2550\u2550\u2550\n     HTML \u2014 Interface principale\n     \u2550\u2550\u2550\u2550\u2550\u2550\u2550\u2550\u2550\u2550\u2550\u2550\u2550\u2550\u2550\u2550\u2550\u2550\u2550\u2550\u2550\u2550\u2550\u2550\u2550\u2550\u2550\u2550\u2550\u2550\u2550\u2550\u2550\u2550\u2550\u2550\u2550\u2550\u2550\u2550\u2550\u2550\u2550\u2550\u2550\u2550\u2550\u2550\u2550\u2550\u2550\u2550\u2550\u2550\u2550\u2550\u2550\u2550\u2550\u2550\u2550\u2550\u2550 -->\n\n  <div class=\"em-wrap\">\n\n    <!-- \u2500\u2500\u2500 Header : titre \u2500\u2500\u2500 -->\n    <div class=\"em-header\">\n      <div>\n        <h1 class=\"em-header-title\">D\u00e9couvrez autour de vous<\/h1>\n        <p class=\"em-header-sub\">422 fiche(s) dans 4 cat\u00e9gorie(s)<\/p>\n      <\/div>\n      <button class=\"em-map-toggle active\" id=\"em-map-toggle\">\ud83d\udccd Carte<\/button>\n    <\/div>\n\n\n\n    <!-- \u2500\u2500\u2500 Layout principal : sidebar filtres + grille de cards \u2500\u2500\u2500 -->\n    <div class=\"em-layout\">\n\n      <!-- Sidebar \u2014 Filtres par type et \u00e9quipements -->\n      <aside class=\"em-sidebar\">\n        <div class=\"em-filters collapsed\">\n          <button type=\"button\" class=\"em-filters-title\" aria-expanded=\"false\">\n            <span>\n              <span class=\"em-filters-title-main\">\n                <svg class=\"em-filters-title-icon\" viewBox=\"0 0 24 24\" fill=\"none\" stroke=\"currentColor\" stroke-width=\"2\" aria-hidden=\"true\">\n                  <path d=\"M4 6h16M7 12h10M10 18h4\"><\/path>\n                <\/svg>\n                <span>Filtres<\/span>\n              <\/span>\n              <span class=\"em-filters-title-hint\">Affiner les r\u00e9sultats par type ou \u00e9quipement<\/span>\n            <\/span>\n          <\/button>\n          <div class=\"em-stats\">\n\n            <div class=\"em-stat\">Total : <strong id=\"em-stat-total\">422<\/strong><\/div>\n            <div class=\"em-stat\">Affich\u00e9s : <strong id=\"em-stat-visible\">422<\/strong><\/div>\n          <\/div>\n          <div class=\"em-filter-group\">\n            <label class=\"em-filter-label\">Type<\/label>\n                          <label class=\"em-filter-check\"><input type=\"checkbox\" value=\"modele-villes\" class=\"em-filter-type\" checked><span>Mod\u00e8le Villes<\/span><\/label>\n                          <label class=\"em-filter-check\"><input type=\"checkbox\" value=\"activites\" class=\"em-filter-type\" checked><span>Activit\u00e9s<\/span><\/label>\n                          <label class=\"em-filter-check\"><input type=\"checkbox\" value=\"evenements-a-proximite-de-lhotel\" class=\"em-filter-type\" checked><span>\u00c9v\u00e9nements \u00e0 proximit\u00e9 de l&#039;h\u00f4tel<\/span><\/label>\n                          <label class=\"em-filter-check\"><input type=\"checkbox\" value=\"evenements-locaux-6\" class=\"em-filter-type\" checked><span>\u00c9v\u00e9nements locaux<\/span><\/label>\n                      <\/div>\n          \n          <!-- \u2500\u2500\u2500 Recherche (sous les filtres) \u2500\u2500\u2500 -->\n          <div class=\"em-search-wrap\">\n            <svg class=\"em-search-icon\" fill=\"none\" viewBox=\"0 0 24 24\" stroke=\"currentColor\" stroke-width=\"2\">\n              <path stroke-linecap=\"round\" stroke-linejoin=\"round\" d=\"M21 21l-6-6m2-5a7 7 0 11-14 0 7 7 0 0114 0z\"><\/path>\n            <\/svg>\n            <input type=\"text\" class=\"em-search\" id=\"em-search\" placeholder=\"Rechercher une fiche...\">\n          <\/div>\n          <button class=\"em-filter-reset\" id=\"em-reset-filters\">R\u00e9initialiser<\/button>\n        <\/div>\n      <\/aside>\n\n      <!-- Contenu principal \u2014 Compteurs + grille de cards -->\n      <main class=\"em-main\">\n\n        <!-- \u2500\u2500\u2500 Onglets de cat\u00e9gories (affich\u00e9s si > 1 cat\u00e9gorie) \u2500\u2500\u2500 -->\n                  <div class=\"em-tabs\" id=\"em-tabs\">\n\n            <button class=\"em-tab active\" data-filter=\"all\">Tout<span class=\"em-tab-count\">422<\/span><\/button>\n                          <button class=\"em-tab\" data-filter=\"modele-villes\">Mod\u00e8le Villes<span class=\"em-tab-count\">6<\/span><\/button>\n                          <button class=\"em-tab\" data-filter=\"activites\">Activit\u00e9s<span class=\"em-tab-count\">10<\/span><\/button>\n                          <button class=\"em-tab\" data-filter=\"evenements-a-proximite-de-lhotel\">\u00c9v\u00e9nements \u00e0 proximit\u00e9 de l&#039;h\u00f4tel<span class=\"em-tab-count\">4<\/span><\/button>\n                          <button class=\"em-tab\" data-filter=\"evenements-locaux-6\">\u00c9v\u00e9nements locaux<span class=\"em-tab-count\">402<\/span><\/button>\n                      <\/div>\n        \n        <div class=\"em-main-body\">\n          <!-- \u2500\u2500\u2500 Carte interactive (affich\u00e9e si des points GPS existent) \u2500\u2500\u2500 -->\n                      <div class=\"em-map-section\">\n              <div class=\"em-map-wrap\" id=\"em-map-wrap\">\n                <div id=\"em-map\" class=\"em-map\"><\/div>\n                <div class=\"em-map-legend\">\n                                                          <div class=\"em-map-legend-item\" data-type=\"modele-villes\">\n                      <span class=\"em-map-legend-dot\" style=\"background:#0891b2;\"><\/span>\n                      Mod\u00e8le Villes                    <\/div>\n                                                          <div class=\"em-map-legend-item\" data-type=\"activites\">\n                      <span class=\"em-map-legend-dot\" style=\"background:#db2777;\"><\/span>\n                      Activit\u00e9s                    <\/div>\n                                                                              <div class=\"em-map-legend-item\" data-type=\"evenements-locaux-6\">\n                      <span class=\"em-map-legend-dot\" style=\"background:#c026d3;\"><\/span>\n                      \u00c9v\u00e9nements locaux                    <\/div>\n                                  <\/div>\n              <\/div>\n            <\/div>\n          \n          <div class=\"em-cards\" id=\"em-cards\">\n                          <article class=\"em-card\"\n                data-type=\"modele-villes\"\n                data-features=\"\"\n                data-name=\"morgat\"\n                data-json=\"{&quot;name&quot;:&quot;Morgat&quot;,&quot;image&quot;:&quot;https:\\\/\\\/elaia-public.s3.fr-par.scw.cloud\\\/metadata_images\\\/image_69d7a03b68dff.jpeg&quot;,&quot;link&quot;:&quot;https:\\\/\\\/www.hoteldelabaiecrozonmorgat.com\\\/?lang=en&quot;,&quot;data&quot;:{&quot;name&quot;:&quot;Morgat&quot;,&quot;category_type&quot;:&quot;&quot;,&quot;localisation&quot;:&quot;&quot;,&quot;distance_km&quot;:0,&quot;duration_min&quot;:0,&quot;description&quot;:&quot;Station baln\\u00e9aire embl\\u00e9matique de la presqu\\u2019\\u00eele de Crozon, situ\\u00e9e directement \\u00e0 proximit\\u00e9 imm\\u00e9diate de l\\u2019H\\u00f4tel de la Baie, sur la plage de Morgat. &quot;,&quot;points_forts&quot;:&quot;&quot;,&quot;lieux_incontournables&quot;:&quot;Plage de Morgat, port de Morgat, grottes marines, pointe du Kador, sentier c\\u00f4tier GR34. &quot;,&quot;marches_foires&quot;:&quot;March\\u00e9 de producteurs en presqu\\u2019\\u00eele de Crozon.&quot;,&quot;evenements&quot;:&quot;Festivals d\\u2019\\u00e9t\\u00e9 et animations li\\u00e9es \\u00e0 la station baln\\u00e9aire. &quot;,&quot;link&quot;:&quot;https:\\\/\\\/www.hoteldelabaiecrozonmorgat.com\\\/?lang=en&quot;,&quot;categorie_type&quot;:[&quot;(*) Ville&quot;,&quot;( ) Village&quot;,&quot;( ) Station Baln\\u00e9aire&quot;,&quot;( ) Lieu-dit&quot;,&quot;( ) Point d&#039;int\\u00e9r\\u00eat&quot;,&quot;( ) Bourg&quot;],&quot;nom_de_la_ville&quot;:&quot;Morgat&quot;,&quot;localisation_departement_region&quot;:&quot;Crozon, Finist\\u00e8re, Bretagne&quot;,&quot;points_forts_atouts&quot;:&quot;Plage, front de mer, activit\\u00e9s nautiques, grottes marines, ambiance baln\\u00e9aire, d\\u00e9part id\\u00e9al pour le GR34. &quot;,&quot;latitude&quot;:&quot;48.2267256&quot;,&quot;longitude&quot;:&quot;-4.5027445&quot;,&quot;image&quot;:&quot;https:\\\/\\\/elaia-public.s3.fr-par.scw.cloud\\\/metadata_images\\\/image_69d7a03b68dff.jpeg&quot;},&quot;category&quot;:&quot;Mod\\u00e8le Villes&quot;,&quot;faq&quot;:[],&quot;event&quot;:&quot;&quot;,&quot;video_url&quot;:&quot;&quot;,&quot;video_embed&quot;:null,&quot;documents&quot;:[],&quot;gallery&quot;:[]}\">\n\n                <!-- Image + badge cat\u00e9gorie -->\n                <div class=\"em-card-img-wrap\">\n                                      <img decoding=\"async\" class=\"em-card-img\" src=\"https:\/\/elaia-public.s3.fr-par.scw.cloud\/metadata_images\/image_69d7a03b68dff.jpeg\" alt=\"Morgat\" loading=\"lazy\" onerror=\"this.style.setProperty('display','none','important');this.nextElementSibling.style.display='flex';\">\n                    <div class=\"em-card-placeholder\" style=\"display:none;\">\ud83d\udcf7 Image indisponible<\/div>\n                                    <span class=\"em-card-badge badge-default\">Mod\u00e8le Villes<\/span>\n                <\/div>\n\n                <!-- Contenu de la card -->\n                <div class=\"em-card-body\">\n                  <h3 class=\"em-card-title\">Morgat<\/h3>\n\n                  <!-- Tags r\u00e9sum\u00e9s (max 4) -->\n                  <div class=\"em-card-tags\">\n                                                          <\/div>\n\n                  <!-- Champs suppl\u00e9mentaires (max 3) -->\n                  <div class=\"em-card-fields\">\n                                          <div class=\"em-card-field\">\n                        <span class=\"em-card-field-label\">Lieux incontournables :<\/span>\n                        <span class=\"em-card-field-value\">Plage de Morgat, port de Morgat, grottes marines, pointe du <\/span>\n                      <\/div>\n                                          <div class=\"em-card-field\">\n                        <span class=\"em-card-field-label\">March\u00e9s \/ Foires :<\/span>\n                        <span class=\"em-card-field-value\">March\u00e9 de producteurs en presqu\u2019\u00eele de Crozon.<\/span>\n                      <\/div>\n                                          <div class=\"em-card-field\">\n                        <span class=\"em-card-field-label\">\u00c9v\u00e9nements :<\/span>\n                        <span class=\"em-card-field-value\">Festivals d\u2019\u00e9t\u00e9 et animations li\u00e9es \u00e0 la station baln\u00e9aire. <\/span>\n                      <\/div>\n                                      <\/div>\n\n                  <!-- Lien vers le d\u00e9tail -->\n                  <div class=\"em-card-footer\">\n                    <span>Voir le d\u00e9tail<\/span>\n                    <svg fill=\"none\" viewBox=\"0 0 24 24\" stroke=\"currentColor\" stroke-width=\"2\">\n                      <path stroke-linecap=\"round\" stroke-linejoin=\"round\" d=\"M13.5 4.5L21 12m0 0l-7.5 7.5M21 12H3\"><\/path>\n                    <\/svg>\n                  <\/div>\n                <\/div>\n              <\/article>\n                          <article class=\"em-card\"\n                data-type=\"modele-villes\"\n                data-features=\"\"\n                data-name=\"crozon\"\n                data-json=\"{&quot;name&quot;:&quot;Crozon&quot;,&quot;image&quot;:&quot;https:\\\/\\\/elaia-public.s3.fr-par.scw.cloud\\\/metadata_images\\\/image_69d8c97401518.jpeg&quot;,&quot;link&quot;:&quot;&quot;,&quot;data&quot;:{&quot;name&quot;:&quot;Crozon&quot;,&quot;category_type&quot;:&quot;&quot;,&quot;localisation&quot;:&quot;&quot;,&quot;distance_km&quot;:&quot;&quot;,&quot;duration_min&quot;:&quot;&quot;,&quot;description&quot;:&quot;Bourg principal de la commune, pratique pour fl\\u00e2ner, faire des courses et d\\u00e9couvrir le c\\u0153ur de la presqu\\u2019\\u00eele de Crozon. &quot;,&quot;points_forts&quot;:&quot;&quot;,&quot;lieux_incontournables&quot;:&quot;Centre de Crozon, office de tourisme, march\\u00e9 local, acc\\u00e8s vers Morgat et les sites de la presqu\\u2019\\u00eele. &quot;,&quot;marches_foires&quot;:&quot;March\\u00e9s locaux du bourg de Crozon. &quot;,&quot;evenements&quot;:&quot;Animations de saison et vie locale du bourg. &quot;,&quot;link&quot;:&quot;&quot;,&quot;categorie_type&quot;:[&quot;(*) Ville&quot;,&quot;( ) Village&quot;,&quot;( ) Station Baln\\u00e9aire&quot;,&quot;( ) Lieu-dit&quot;,&quot;( ) Point d&#039;int\\u00e9r\\u00eat&quot;,&quot;( ) Bourg&quot;],&quot;localisation_departement_region&quot;:&quot;Crozon, Finist\\u00e8re, Bretagne&quot;,&quot;nom_de_la_ville&quot;:&quot;Crozon&quot;,&quot;distance_depuis_lhotel_km&quot;:&quot;4&quot;,&quot;temps_de_route_depuis_lhotel_min&quot;:&quot;7&quot;,&quot;points_forts_atouts&quot;:&quot;Centre-bourg anim\\u00e9, acc\\u00e8s facile depuis Morgat, point de d\\u00e9part pour explorer la presqu\\u2019\\u00eele. &quot;,&quot;latitude&quot;:&quot;48.2459683&quot;,&quot;longitude&quot;:&quot;-4.4898033&quot;,&quot;image&quot;:&quot;https:\\\/\\\/elaia-public.s3.fr-par.scw.cloud\\\/metadata_images\\\/image_69d8c97401518.jpeg&quot;},&quot;category&quot;:&quot;Mod\\u00e8le Villes&quot;,&quot;faq&quot;:[],&quot;event&quot;:&quot;&quot;,&quot;video_url&quot;:&quot;&quot;,&quot;video_embed&quot;:null,&quot;documents&quot;:[],&quot;gallery&quot;:[]}\">\n\n                <!-- Image + badge cat\u00e9gorie -->\n                <div class=\"em-card-img-wrap\">\n                                      <img decoding=\"async\" class=\"em-card-img\" src=\"https:\/\/elaia-public.s3.fr-par.scw.cloud\/metadata_images\/image_69d8c97401518.jpeg\" alt=\"Crozon\" loading=\"lazy\" onerror=\"this.style.setProperty('display','none','important');this.nextElementSibling.style.display='flex';\">\n                    <div class=\"em-card-placeholder\" style=\"display:none;\">\ud83d\udcf7 Image indisponible<\/div>\n                                    <span class=\"em-card-badge badge-default\">Mod\u00e8le Villes<\/span>\n                <\/div>\n\n                <!-- Contenu de la card -->\n                <div class=\"em-card-body\">\n                  <h3 class=\"em-card-title\">Crozon<\/h3>\n\n                  <!-- Tags r\u00e9sum\u00e9s (max 4) -->\n                  <div class=\"em-card-tags\">\n                                                          <\/div>\n\n                  <!-- Champs suppl\u00e9mentaires (max 3) -->\n                  <div class=\"em-card-fields\">\n                                          <div class=\"em-card-field\">\n                        <span class=\"em-card-field-label\">Lieux incontournables :<\/span>\n                        <span class=\"em-card-field-value\">Centre de Crozon, office de tourisme, march\u00e9 local, acc\u00e8s ve<\/span>\n                      <\/div>\n                                          <div class=\"em-card-field\">\n                        <span class=\"em-card-field-label\">March\u00e9s \/ Foires :<\/span>\n                        <span class=\"em-card-field-value\">March\u00e9s locaux du bourg de Crozon. <\/span>\n                      <\/div>\n                                          <div class=\"em-card-field\">\n                        <span class=\"em-card-field-label\">\u00c9v\u00e9nements :<\/span>\n                        <span class=\"em-card-field-value\">Animations de saison et vie locale du bourg. <\/span>\n                      <\/div>\n                                      <\/div>\n\n                  <!-- Lien vers le d\u00e9tail -->\n                  <div class=\"em-card-footer\">\n                    <span>Voir le d\u00e9tail<\/span>\n                    <svg fill=\"none\" viewBox=\"0 0 24 24\" stroke=\"currentColor\" stroke-width=\"2\">\n                      <path stroke-linecap=\"round\" stroke-linejoin=\"round\" d=\"M13.5 4.5L21 12m0 0l-7.5 7.5M21 12H3\"><\/path>\n                    <\/svg>\n                  <\/div>\n                <\/div>\n              <\/article>\n                          <article class=\"em-card\"\n                data-type=\"modele-villes\"\n                data-features=\"\"\n                data-name=\"camaret-sur-mer\"\n                data-json=\"{&quot;name&quot;:&quot;Camaret-sur-Mer&quot;,&quot;image&quot;:&quot;https:\\\/\\\/elaia-public.s3.fr-par.scw.cloud\\\/metadata_images\\\/image_69d8cc3806a4f.jpeg&quot;,&quot;link&quot;:&quot;&quot;,&quot;data&quot;:{&quot;name&quot;:&quot;Camaret-sur-Mer&quot;,&quot;category_type&quot;:&quot;&quot;,&quot;localisation&quot;:&quot;&quot;,&quot;distance_km&quot;:&quot;&quot;,&quot;duration_min&quot;:&quot;&quot;,&quot;description&quot;:&quot;Ville portuaire au bout de la presqu\\u2019\\u00eele, tr\\u00e8s appr\\u00e9ci\\u00e9e pour son patrimoine maritime et ses paysages c\\u00f4tiers. &quot;,&quot;points_forts&quot;:&quot;&quot;,&quot;lieux_incontournables&quot;:&quot;Tour Vauban, alignements de Lagatjar, port de Camaret, pointe de Pen-Hir \\u00e0 proximit\\u00e9. &quot;,&quot;marches_foires&quot;:&quot;March\\u00e9 local de Camaret-sur-Mer. &quot;,&quot;evenements&quot;:&quot;Animations portuaires, f\\u00eates maritimes et saison estivale. &quot;,&quot;link&quot;:&quot;&quot;,&quot;categorie_type&quot;:[&quot;(*) Ville&quot;,&quot;( ) Village&quot;,&quot;( ) Station Baln\\u00e9aire&quot;,&quot;( ) Lieu-dit&quot;,&quot;( ) Point d&#039;int\\u00e9r\\u00eat&quot;,&quot;( ) Bourg&quot;],&quot;nom_de_la_ville&quot;:&quot;Camaret-sur-Mer&quot;,&quot;localisation_departement_region&quot;:&quot;Finist\\u00e8re, Bretagne&quot;,&quot;points_forts_atouts&quot;:&quot;Port, patrimoine Vauban, panoramas c\\u00f4tiers, atmosph\\u00e8re maritime, d\\u00e9part pour les randonn\\u00e9es du littoral. &quot;,&quot;distance_depuis_lhotel_km&quot;:&quot;12&quot;,&quot;temps_de_route_depuis_lhotel_min&quot;:&quot;14&quot;,&quot;latitude&quot;:&quot;48.2768812&quot;,&quot;longitude&quot;:&quot;-4.5963192&quot;,&quot;image&quot;:&quot;https:\\\/\\\/elaia-public.s3.fr-par.scw.cloud\\\/metadata_images\\\/image_69d8cc3806a4f.jpeg&quot;},&quot;category&quot;:&quot;Mod\\u00e8le Villes&quot;,&quot;faq&quot;:[],&quot;event&quot;:&quot;&quot;,&quot;video_url&quot;:&quot;&quot;,&quot;video_embed&quot;:null,&quot;documents&quot;:[],&quot;gallery&quot;:[]}\">\n\n                <!-- Image + badge cat\u00e9gorie -->\n                <div class=\"em-card-img-wrap\">\n                                      <img decoding=\"async\" class=\"em-card-img\" src=\"https:\/\/elaia-public.s3.fr-par.scw.cloud\/metadata_images\/image_69d8cc3806a4f.jpeg\" alt=\"Camaret-sur-Mer\" loading=\"lazy\" onerror=\"this.style.setProperty('display','none','important');this.nextElementSibling.style.display='flex';\">\n                    <div class=\"em-card-placeholder\" style=\"display:none;\">\ud83d\udcf7 Image indisponible<\/div>\n                                    <span class=\"em-card-badge badge-default\">Mod\u00e8le Villes<\/span>\n                <\/div>\n\n                <!-- Contenu de la card -->\n                <div class=\"em-card-body\">\n                  <h3 class=\"em-card-title\">Camaret-sur-Mer<\/h3>\n\n                  <!-- Tags r\u00e9sum\u00e9s (max 4) -->\n                  <div class=\"em-card-tags\">\n                                                          <\/div>\n\n                  <!-- Champs suppl\u00e9mentaires (max 3) -->\n                  <div class=\"em-card-fields\">\n                                          <div class=\"em-card-field\">\n                        <span class=\"em-card-field-label\">Lieux incontournables :<\/span>\n                        <span class=\"em-card-field-value\">Tour Vauban, alignements de Lagatjar, port de Camaret, point<\/span>\n                      <\/div>\n                                          <div class=\"em-card-field\">\n                        <span class=\"em-card-field-label\">March\u00e9s \/ Foires :<\/span>\n                        <span class=\"em-card-field-value\">March\u00e9 local de Camaret-sur-Mer. <\/span>\n                      <\/div>\n                                          <div class=\"em-card-field\">\n                        <span class=\"em-card-field-label\">\u00c9v\u00e9nements :<\/span>\n                        <span class=\"em-card-field-value\">Animations portuaires, f\u00eates maritimes et saison estivale. <\/span>\n                      <\/div>\n                                      <\/div>\n\n                  <!-- Lien vers le d\u00e9tail -->\n                  <div class=\"em-card-footer\">\n                    <span>Voir le d\u00e9tail<\/span>\n                    <svg fill=\"none\" viewBox=\"0 0 24 24\" stroke=\"currentColor\" stroke-width=\"2\">\n                      <path stroke-linecap=\"round\" stroke-linejoin=\"round\" d=\"M13.5 4.5L21 12m0 0l-7.5 7.5M21 12H3\"><\/path>\n                    <\/svg>\n                  <\/div>\n                <\/div>\n              <\/article>\n                          <article class=\"em-card\"\n                data-type=\"modele-villes\"\n                data-features=\"\"\n                data-name=\"argol\"\n                data-json=\"{&quot;name&quot;:&quot;Argol&quot;,&quot;image&quot;:&quot;https:\\\/\\\/elaia-public.s3.fr-par.scw.cloud\\\/metadata_images\\\/image_69d8cc78ca9a7.jpeg&quot;,&quot;link&quot;:&quot;&quot;,&quot;data&quot;:{&quot;name&quot;:&quot;Argol&quot;,&quot;category_type&quot;:&quot;&quot;,&quot;localisation&quot;:&quot;&quot;,&quot;distance_km&quot;:&quot;&quot;,&quot;duration_min&quot;:&quot;&quot;,&quot;description&quot;:&quot;Village \\u00e0 l\\u2019entr\\u00e9e de la presqu\\u2019\\u00eele de Crozon, int\\u00e9ressant pour une \\u00e9tape plus calme et plus verte. &quot;,&quot;points_forts&quot;:&quot;&quot;,&quot;lieux_incontournables&quot;:&quot;Village d\\u2019Argol, for\\u00eat d\\u2019Argol, mus\\u00e9e vivant des vieux m\\u00e9tiers \\u00e0 proximit\\u00e9. &quot;,&quot;marches_foires&quot;:&quot;March\\u00e9s de proximit\\u00e9 et vie de bourg rural. &quot;,&quot;evenements&quot;:&quot;Animations locales et visites culturelles en saison. &quot;,&quot;link&quot;:&quot;&quot;,&quot;categorie_type&quot;:[&quot;(*) Ville&quot;,&quot;( ) Village&quot;,&quot;( ) Station Baln\\u00e9aire&quot;,&quot;( ) Lieu-dit&quot;,&quot;( ) Point d&#039;int\\u00e9r\\u00eat&quot;,&quot;( ) Bourg&quot;],&quot;nom_de_la_ville&quot;:&quot;Argol&quot;,&quot;localisation_departement_region&quot;:&quot;Finist\\u00e8re, Bretagne&quot;,&quot;distance_depuis_lhotel_km&quot;:&quot;16.2&quot;,&quot;temps_de_route_depuis_lhotel_min&quot;:&quot;18&quot;,&quot;points_forts_atouts&quot;:&quot;Ambiance rurale, nature, for\\u00eat d\\u2019Argol, bonne porte d\\u2019entr\\u00e9e vers la presqu\\u2019\\u00eele.&quot;,&quot;latitude&quot;:&quot;48.2458636&quot;,&quot;longitude&quot;:&quot;-4.3170182&quot;,&quot;image&quot;:&quot;https:\\\/\\\/elaia-public.s3.fr-par.scw.cloud\\\/metadata_images\\\/image_69d8cc78ca9a7.jpeg&quot;},&quot;category&quot;:&quot;Mod\\u00e8le Villes&quot;,&quot;faq&quot;:[],&quot;event&quot;:&quot;&quot;,&quot;video_url&quot;:&quot;&quot;,&quot;video_embed&quot;:null,&quot;documents&quot;:[],&quot;gallery&quot;:[]}\">\n\n                <!-- Image + badge cat\u00e9gorie -->\n                <div class=\"em-card-img-wrap\">\n                                      <img decoding=\"async\" class=\"em-card-img\" src=\"https:\/\/elaia-public.s3.fr-par.scw.cloud\/metadata_images\/image_69d8cc78ca9a7.jpeg\" alt=\"Argol\" loading=\"lazy\" onerror=\"this.style.setProperty('display','none','important');this.nextElementSibling.style.display='flex';\">\n                    <div class=\"em-card-placeholder\" style=\"display:none;\">\ud83d\udcf7 Image indisponible<\/div>\n                                    <span class=\"em-card-badge badge-default\">Mod\u00e8le Villes<\/span>\n                <\/div>\n\n                <!-- Contenu de la card -->\n                <div class=\"em-card-body\">\n                  <h3 class=\"em-card-title\">Argol<\/h3>\n\n                  <!-- Tags r\u00e9sum\u00e9s (max 4) -->\n                  <div class=\"em-card-tags\">\n                                                          <\/div>\n\n                  <!-- Champs suppl\u00e9mentaires (max 3) -->\n                  <div class=\"em-card-fields\">\n                                          <div class=\"em-card-field\">\n                        <span class=\"em-card-field-label\">Lieux incontournables :<\/span>\n                        <span class=\"em-card-field-value\">Village d\u2019Argol, for\u00eat d\u2019Argol, mus\u00e9e vivant des vieux m\u00e9tie<\/span>\n                      <\/div>\n                                          <div class=\"em-card-field\">\n                        <span class=\"em-card-field-label\">March\u00e9s \/ Foires :<\/span>\n                        <span class=\"em-card-field-value\">March\u00e9s de proximit\u00e9 et vie de bourg rural. <\/span>\n                      <\/div>\n                                          <div class=\"em-card-field\">\n                        <span class=\"em-card-field-label\">\u00c9v\u00e9nements :<\/span>\n                        <span class=\"em-card-field-value\">Animations locales et visites culturelles en saison. <\/span>\n                      <\/div>\n                                      <\/div>\n\n                  <!-- Lien vers le d\u00e9tail -->\n                  <div class=\"em-card-footer\">\n                    <span>Voir le d\u00e9tail<\/span>\n                    <svg fill=\"none\" viewBox=\"0 0 24 24\" stroke=\"currentColor\" stroke-width=\"2\">\n                      <path stroke-linecap=\"round\" stroke-linejoin=\"round\" d=\"M13.5 4.5L21 12m0 0l-7.5 7.5M21 12H3\"><\/path>\n                    <\/svg>\n                  <\/div>\n                <\/div>\n              <\/article>\n                          <article class=\"em-card\"\n                data-type=\"modele-villes\"\n                data-features=\"\"\n                data-name=\"roscanvel\"\n                data-json=\"{&quot;name&quot;:&quot;Roscanvel&quot;,&quot;image&quot;:&quot;https:\\\/\\\/elaia-public.s3.fr-par.scw.cloud\\\/metadata_images\\\/image_69d8cd178b64c.jpeg&quot;,&quot;link&quot;:&quot;&quot;,&quot;data&quot;:{&quot;name&quot;:&quot;Roscanvel&quot;,&quot;category_type&quot;:&quot;&quot;,&quot;localisation&quot;:&quot;&quot;,&quot;distance_km&quot;:&quot;&quot;,&quot;duration_min&quot;:&quot;&quot;,&quot;description&quot;:&quot;Village de la rade de Brest, appr\\u00e9ci\\u00e9 pour ses panoramas maritimes et ses points de vue sur les fortifications c\\u00f4ti\\u00e8res. &quot;,&quot;points_forts&quot;:&quot;&quot;,&quot;lieux_incontournables&quot;:&quot;Pointe des Espagnols, bords de rade, parcours c\\u00f4tiers autour de Roscanvel. &quot;,&quot;marches_foires&quot;:&quot;Petits march\\u00e9s et rendez-vous locaux de la commune. &quot;,&quot;evenements&quot;:&quot;Animations estivales et sorties nature. (&quot;,&quot;link&quot;:&quot;&quot;,&quot;categorie_type&quot;:[&quot;(*) Ville&quot;,&quot;( ) Village&quot;,&quot;( ) Station Baln\\u00e9aire&quot;,&quot;( ) Lieu-dit&quot;,&quot;( ) Point d&#039;int\\u00e9r\\u00eat&quot;,&quot;( ) Bourg&quot;],&quot;nom_de_la_ville&quot;:&quot;Roscanvel&quot;,&quot;points_forts_atouts&quot;:&quot;Paysages de rade, ambiance paisible, itin\\u00e9raires de promenade, proximit\\u00e9 de sites militaires et naturels. &quot;,&quot;localisation_departement_region&quot;:&quot;Finist\\u00e8re, Bretagne&quot;,&quot;distance_depuis_lhotel_km&quot;:&quot;20&quot;,&quot;temps_de_route_depuis_lhotel_min&quot;:&quot;20&quot;,&quot;latitude&quot;:&quot;48.3155977&quot;,&quot;longitude&quot;:&quot;-4.5478081&quot;,&quot;image&quot;:&quot;https:\\\/\\\/elaia-public.s3.fr-par.scw.cloud\\\/metadata_images\\\/image_69d8cd178b64c.jpeg&quot;},&quot;category&quot;:&quot;Mod\\u00e8le Villes&quot;,&quot;faq&quot;:[],&quot;event&quot;:&quot;&quot;,&quot;video_url&quot;:&quot;&quot;,&quot;video_embed&quot;:null,&quot;documents&quot;:[],&quot;gallery&quot;:[]}\">\n\n                <!-- Image + badge cat\u00e9gorie -->\n                <div class=\"em-card-img-wrap\">\n                                      <img decoding=\"async\" class=\"em-card-img\" src=\"https:\/\/elaia-public.s3.fr-par.scw.cloud\/metadata_images\/image_69d8cd178b64c.jpeg\" alt=\"Roscanvel\" loading=\"lazy\" onerror=\"this.style.setProperty('display','none','important');this.nextElementSibling.style.display='flex';\">\n                    <div class=\"em-card-placeholder\" style=\"display:none;\">\ud83d\udcf7 Image indisponible<\/div>\n                                    <span class=\"em-card-badge badge-default\">Mod\u00e8le Villes<\/span>\n                <\/div>\n\n                <!-- Contenu de la card -->\n                <div class=\"em-card-body\">\n                  <h3 class=\"em-card-title\">Roscanvel<\/h3>\n\n                  <!-- Tags r\u00e9sum\u00e9s (max 4) -->\n                  <div class=\"em-card-tags\">\n                                                          <\/div>\n\n                  <!-- Champs suppl\u00e9mentaires (max 3) -->\n                  <div class=\"em-card-fields\">\n                                          <div class=\"em-card-field\">\n                        <span class=\"em-card-field-label\">Lieux incontournables :<\/span>\n                        <span class=\"em-card-field-value\">Pointe des Espagnols, bords de rade, parcours c\u00f4tiers autour<\/span>\n                      <\/div>\n                                          <div class=\"em-card-field\">\n                        <span class=\"em-card-field-label\">March\u00e9s \/ Foires :<\/span>\n                        <span class=\"em-card-field-value\">Petits march\u00e9s et rendez-vous locaux de la commune. <\/span>\n                      <\/div>\n                                          <div class=\"em-card-field\">\n                        <span class=\"em-card-field-label\">\u00c9v\u00e9nements :<\/span>\n                        <span class=\"em-card-field-value\">Animations estivales et sorties nature. (<\/span>\n                      <\/div>\n                                      <\/div>\n\n                  <!-- Lien vers le d\u00e9tail -->\n                  <div class=\"em-card-footer\">\n                    <span>Voir le d\u00e9tail<\/span>\n                    <svg fill=\"none\" viewBox=\"0 0 24 24\" stroke=\"currentColor\" stroke-width=\"2\">\n                      <path stroke-linecap=\"round\" stroke-linejoin=\"round\" d=\"M13.5 4.5L21 12m0 0l-7.5 7.5M21 12H3\"><\/path>\n                    <\/svg>\n                  <\/div>\n                <\/div>\n              <\/article>\n                          <article class=\"em-card\"\n                data-type=\"modele-villes\"\n                data-features=\"\"\n                data-name=\"paimpol\"\n                data-json=\"{&quot;name&quot;:&quot;Paimpol&quot;,&quot;image&quot;:&quot;&quot;,&quot;link&quot;:&quot;https:\\\/\\\/www.ville-paimpol.fr&quot;,&quot;data&quot;:{&quot;category_type&quot;:&quot;&quot;,&quot;name&quot;:&quot;Paimpol&quot;,&quot;localisation&quot;:&quot;&quot;,&quot;distance_km&quot;:&quot;&quot;,&quot;duration_min&quot;:&quot;&quot;,&quot;description&quot;:&quot;Paimpol est une charmante ville portuaire de la c\\u00f4te nord de la Bretagne, connue pour son vieux port color\\u00e9, ses maisons bretonnes et le paysage maritime.&quot;,&quot;points_forts&quot;:&quot;&quot;,&quot;lieux_incontournables&quot;:&quot;Port de Paimpol, Abbaye de Beauport, Tour de Kerroc\\u2019h&quot;,&quot;marches_foires&quot;:&quot;March\\u00e9s locaux et foires saisonni\\u00e8res autour du port&quot;,&quot;evenements&quot;:&quot;\\u00c9v\\u00e9nements maritimes et festivals d\\u2019\\u00e9t\\u00e9&quot;,&quot;link&quot;:&quot;https:\\\/\\\/www.ville-paimpol.fr&quot;,&quot;categorie_type&quot;:[&quot;(*) Ville&quot;,&quot;( ) Village&quot;,&quot;( ) Station Baln\\u00e9aire&quot;,&quot;( ) Lieu-dit&quot;,&quot;( ) Point d&#039;int\\u00e9r\\u00eat&quot;,&quot;( ) Bourg&quot;],&quot;distance_depuis_lhotel_km&quot;:&quot;5&quot;,&quot;temps_de_route_depuis_lhotel_min&quot;:&quot;8&quot;,&quot;nom_de_la_ville&quot;:&quot;Paimpol&quot;,&quot;localisation_departement_region&quot;:&quot;C\\u00f4tes-d&#039;Armor, Bretagne&quot;,&quot;points_forts_atouts&quot;:&quot;Port pittoresque, patrimoine maritime, acc\\u00e8s aux plages et \\u00e0 l\\u2019\\u00cele de Br\\u00e9hat, animations estivales&quot;,&quot;latitude&quot;:&quot;48.7930000&quot;,&quot;longitude&quot;:&quot;-3.0370000&quot;},&quot;category&quot;:&quot;Mod\\u00e8le Villes&quot;,&quot;faq&quot;:[],&quot;event&quot;:&quot;&quot;,&quot;video_url&quot;:&quot;&quot;,&quot;video_embed&quot;:null,&quot;documents&quot;:[],&quot;gallery&quot;:[]}\">\n\n                <!-- Image + badge cat\u00e9gorie -->\n                <div class=\"em-card-img-wrap\">\n                                      <div class=\"em-card-placeholder\">\ud83d\udcf7 Pas d'image<\/div>\n                                    <span class=\"em-card-badge badge-default\">Mod\u00e8le Villes<\/span>\n                <\/div>\n\n                <!-- Contenu de la card -->\n                <div class=\"em-card-body\">\n                  <h3 class=\"em-card-title\">Paimpol<\/h3>\n\n                  <!-- Tags r\u00e9sum\u00e9s (max 4) -->\n                  <div class=\"em-card-tags\">\n                                                          <\/div>\n\n                  <!-- Champs suppl\u00e9mentaires (max 3) -->\n                  <div class=\"em-card-fields\">\n                                          <div class=\"em-card-field\">\n                        <span class=\"em-card-field-label\">Lieux incontournables :<\/span>\n                        <span class=\"em-card-field-value\">Port de Paimpol, Abbaye de Beauport, Tour de Kerroc\u2019h<\/span>\n                      <\/div>\n                                          <div class=\"em-card-field\">\n                        <span class=\"em-card-field-label\">March\u00e9s \/ Foires :<\/span>\n                        <span class=\"em-card-field-value\">March\u00e9s locaux et foires saisonni\u00e8res autour du port<\/span>\n                      <\/div>\n                                          <div class=\"em-card-field\">\n                        <span class=\"em-card-field-label\">\u00c9v\u00e9nements :<\/span>\n                        <span class=\"em-card-field-value\">\u00c9v\u00e9nements maritimes et festivals d\u2019\u00e9t\u00e9<\/span>\n                      <\/div>\n                                      <\/div>\n\n                  <!-- Lien vers le d\u00e9tail -->\n                  <div class=\"em-card-footer\">\n                    <span>Voir le d\u00e9tail<\/span>\n                    <svg fill=\"none\" viewBox=\"0 0 24 24\" stroke=\"currentColor\" stroke-width=\"2\">\n                      <path stroke-linecap=\"round\" stroke-linejoin=\"round\" d=\"M13.5 4.5L21 12m0 0l-7.5 7.5M21 12H3\"><\/path>\n                    <\/svg>\n                  <\/div>\n                <\/div>\n              <\/article>\n                          <article class=\"em-card\"\n                data-type=\"activites\"\n                data-features=\"\"\n                data-name=\"centre nautique de crozon-morgat\"\n                data-json=\"{&quot;name&quot;:&quot;Centre Nautique de Crozon-Morgat&quot;,&quot;image&quot;:&quot;https:\\\/\\\/www.cncm.fr\\\/wp-content\\\/uploads\\\/2025\\\/02\\\/pho_0116-800x400.jpg&quot;,&quot;link&quot;:&quot;https:\\\/\\\/www.morgat.fr\\\/centre-nautique-de-crozon-morgat-cncm.html&quot;,&quot;data&quot;:{&quot;name&quot;:&quot;Centre Nautique de Crozon-Morgat&quot;,&quot;category_type&quot;:[&quot;(*) Sport&quot;,&quot;( ) Nature&quot;,&quot;( ) Culturel&quot;,&quot;( ) Artistique&quot;,&quot;( ) Autre&quot;],&quot;distance_km&quot;:&quot;0&quot;,&quot;description&quot;:&quot;Base nautique proposant des activit\\u00e9s en mer \\u00e0 Morgat : location et stages de voile, kayak de mer, planche \\u00e0 voile, catamaran, et sorties encadr\\u00e9es pour d\\u00e9couvrir la baie et les grottes marines.&quot;,&quot;reservation&quot;:&quot;oui&quot;,&quot;horaires&quot;:&quot;D&#039;avril \\u00e0 septembre pour la location et l&#039;encadrement&quot;,&quot;infos_contact&quot;:&quot;Centre Nautique de Crozon-Morgat, plage de Morgat. Informations via le site Morgat.&quot;,&quot;languages_spoken&quot;:&quot;Fran\\u00e7ais&quot;,&quot;pets_allowed&quot;:&quot;non&quot;,&quot;categorie_4jfcpx5&quot;:&quot;Adultes&quot;,&quot;link&quot;:&quot;https:\\\/\\\/www.morgat.fr\\\/centre-nautique-de-crozon-morgat-cncm.html&quot;,&quot;categorie_4JFCpx5&quot;:[&quot;( ) Famille&quot;,&quot;( ) Enfants&quot;,&quot;( ) Adolescents&quot;,&quot;( ) S\\u00e9niors&quot;,&quot;( ) Adultes&quot;],&quot;latitude&quot;:&quot;48.2234255&quot;,&quot;longitude&quot;:&quot;-4.4980112&quot;,&quot;image&quot;:&quot;https:\\\/\\\/www.cncm.fr\\\/wp-content\\\/uploads\\\/2025\\\/02\\\/pho_0116-800x400.jpg&quot;},&quot;category&quot;:&quot;Activit\\u00e9s&quot;,&quot;faq&quot;:[],&quot;event&quot;:&quot;&quot;,&quot;video_url&quot;:&quot;&quot;,&quot;video_embed&quot;:null,&quot;documents&quot;:[],&quot;gallery&quot;:[]}\">\n\n                <!-- Image + badge cat\u00e9gorie -->\n                <div class=\"em-card-img-wrap\">\n                                      <img decoding=\"async\" class=\"em-card-img\" src=\"https:\/\/www.cncm.fr\/wp-content\/uploads\/2025\/02\/pho_0116-800x400.jpg\" alt=\"Centre Nautique de Crozon-Morgat\" loading=\"lazy\" onerror=\"this.style.setProperty('display','none','important');this.nextElementSibling.style.display='flex';\">\n                    <div class=\"em-card-placeholder\" style=\"display:none;\">\ud83d\udcf7 Image indisponible<\/div>\n                                    <span class=\"em-card-badge badge-default\">Activit\u00e9s<\/span>\n                <\/div>\n\n                <!-- Contenu de la card -->\n                <div class=\"em-card-body\">\n                  <h3 class=\"em-card-title\">Centre Nautique de Crozon-Morgat<\/h3>\n\n                  <!-- Tags r\u00e9sum\u00e9s (max 4) -->\n                  <div class=\"em-card-tags\">\n                                                          <\/div>\n\n                  <!-- Champs suppl\u00e9mentaires (max 3) -->\n                  <div class=\"em-card-fields\">\n                                          <div class=\"em-card-field\">\n                        <span class=\"em-card-field-label\">R\u00e9servation :<\/span>\n                        <span class=\"em-card-field-value\">oui<\/span>\n                      <\/div>\n                                          <div class=\"em-card-field\">\n                        <span class=\"em-card-field-label\">Horaires :<\/span>\n                        <span class=\"em-card-field-value\">D&#039;avril \u00e0 septembre pour la location et l&#039;encadrement<\/span>\n                      <\/div>\n                                          <div class=\"em-card-field\">\n                        <span class=\"em-card-field-label\">Infos et contact :<\/span>\n                        <span class=\"em-card-field-value\">Centre Nautique de Crozon-Morgat, plage de Morgat. Informati<\/span>\n                      <\/div>\n                                      <\/div>\n\n                  <!-- Lien vers le d\u00e9tail -->\n                  <div class=\"em-card-footer\">\n                    <span>Voir le d\u00e9tail<\/span>\n                    <svg fill=\"none\" viewBox=\"0 0 24 24\" stroke=\"currentColor\" stroke-width=\"2\">\n                      <path stroke-linecap=\"round\" stroke-linejoin=\"round\" d=\"M13.5 4.5L21 12m0 0l-7.5 7.5M21 12H3\"><\/path>\n                    <\/svg>\n                  <\/div>\n                <\/div>\n              <\/article>\n                          <article class=\"em-card\"\n                data-type=\"activites\"\n                data-features=\"\"\n                data-name=\"grottes marines de morgat en kayak\"\n                data-json=\"{&quot;name&quot;:&quot;Grottes marines de Morgat en kayak&quot;,&quot;image&quot;:&quot;https:\\\/\\\/www.crozon-tourisme.bzh\\\/assets\\\/uploads\\\/sites\\\/9\\\/2024\\\/02\\\/format-photo-site1.png&quot;,&quot;link&quot;:&quot;https:\\\/\\\/www.crozon-tourisme.bzh\\\/presquile-de-crozon\\\/les-incontournables-de-la-presquile-de-crozon\\\/les-grottes-marines-de-morgat\\\/&quot;,&quot;data&quot;:{&quot;name&quot;:&quot;Grottes marines de Morgat en kayak&quot;,&quot;category_type&quot;:[&quot;( ) Sport&quot;,&quot;(*) Nature&quot;,&quot;( ) Culturel&quot;,&quot;( ) Artistique&quot;,&quot;( ) Autre&quot;],&quot;distance_km&quot;:&quot;&quot;,&quot;description&quot;:&quot;Balade en kayak de mer pour approcher les grottes marines, les falaises et les sites g\\u00e9ologiques de la baie de Morgat, avec accompagnement par un moniteur.&quot;,&quot;reservation&quot;:&quot;oui&quot;,&quot;horaires&quot;:&quot;D&#039;avril \\u00e0 septembre selon la m\\u00e9t\\u00e9o&quot;,&quot;infos_contact&quot;:&quot;Activit\\u00e9 propos\\u00e9e depuis le Centre Nautique de Crozon-Morgat.&quot;,&quot;languages_spoken&quot;:&quot;Fran\\u00e7ais&quot;,&quot;pets_allowed&quot;:&quot;non&quot;,&quot;categorie_4jfcpx5&quot;:&quot;Adultes&quot;,&quot;link&quot;:&quot;https:\\\/\\\/www.crozon-tourisme.bzh\\\/presquile-de-crozon\\\/les-incontournables-de-la-presquile-de-crozon\\\/les-grottes-marines-de-morgat\\\/&quot;,&quot;categorie_4JFCpx5&quot;:[&quot;( ) Famille&quot;,&quot;( ) Enfants&quot;,&quot;( ) Adolescents&quot;,&quot;( ) S\\u00e9niors&quot;,&quot;( ) Adultes&quot;],&quot;image&quot;:&quot;https:\\\/\\\/www.crozon-tourisme.bzh\\\/assets\\\/uploads\\\/sites\\\/9\\\/2024\\\/02\\\/format-photo-site1.png&quot;},&quot;category&quot;:&quot;Activit\\u00e9s&quot;,&quot;faq&quot;:[],&quot;event&quot;:&quot;&quot;,&quot;video_url&quot;:&quot;&quot;,&quot;video_embed&quot;:null,&quot;documents&quot;:[],&quot;gallery&quot;:[]}\">\n\n                <!-- Image + badge cat\u00e9gorie -->\n                <div class=\"em-card-img-wrap\">\n                                      <img decoding=\"async\" class=\"em-card-img\" src=\"https:\/\/www.crozon-tourisme.bzh\/assets\/uploads\/sites\/9\/2024\/02\/format-photo-site1.png\" alt=\"Grottes marines de Morgat en kayak\" loading=\"lazy\" onerror=\"this.style.setProperty('display','none','important');this.nextElementSibling.style.display='flex';\">\n                    <div class=\"em-card-placeholder\" style=\"display:none;\">\ud83d\udcf7 Image indisponible<\/div>\n                                    <span class=\"em-card-badge badge-default\">Activit\u00e9s<\/span>\n                <\/div>\n\n                <!-- Contenu de la card -->\n                <div class=\"em-card-body\">\n                  <h3 class=\"em-card-title\">Grottes marines de Morgat en kayak<\/h3>\n\n                  <!-- Tags r\u00e9sum\u00e9s (max 4) -->\n                  <div class=\"em-card-tags\">\n                                                          <\/div>\n\n                  <!-- Champs suppl\u00e9mentaires (max 3) -->\n                  <div class=\"em-card-fields\">\n                                          <div class=\"em-card-field\">\n                        <span class=\"em-card-field-label\">R\u00e9servation :<\/span>\n                        <span class=\"em-card-field-value\">oui<\/span>\n                      <\/div>\n                                          <div class=\"em-card-field\">\n                        <span class=\"em-card-field-label\">Horaires :<\/span>\n                        <span class=\"em-card-field-value\">D&#039;avril \u00e0 septembre selon la m\u00e9t\u00e9o<\/span>\n                      <\/div>\n                                          <div class=\"em-card-field\">\n                        <span class=\"em-card-field-label\">Infos et contact :<\/span>\n                        <span class=\"em-card-field-value\">Activit\u00e9 propos\u00e9e depuis le Centre Nautique de Crozon-Morgat<\/span>\n                      <\/div>\n                                      <\/div>\n\n                  <!-- Lien vers le d\u00e9tail -->\n                  <div class=\"em-card-footer\">\n                    <span>Voir le d\u00e9tail<\/span>\n                    <svg fill=\"none\" viewBox=\"0 0 24 24\" stroke=\"currentColor\" stroke-width=\"2\">\n                      <path stroke-linecap=\"round\" stroke-linejoin=\"round\" d=\"M13.5 4.5L21 12m0 0l-7.5 7.5M21 12H3\"><\/path>\n                    <\/svg>\n                  <\/div>\n                <\/div>\n              <\/article>\n                          <article class=\"em-card\"\n                data-type=\"activites\"\n                data-features=\"\"\n                data-name=\"plage de morgat\"\n                data-json=\"{&quot;name&quot;:&quot;Plage de Morgat&quot;,&quot;image&quot;:&quot;https:\\\/\\\/www.hoteldelabaiecrozonmorgat.com\\\/wp-content\\\/uploads\\\/2026\\\/01\\\/activites-familiales-dans-la-baie-de-crozon-1536x1024.jpg&quot;,&quot;link&quot;:&quot;https:\\\/\\\/www.hoteldelabaiecrozonmorgat.com\\\/hotel-bord-de-plage-crozon-morgat\\\/&quot;,&quot;data&quot;:{&quot;name&quot;:&quot;Plage de Morgat&quot;,&quot;category_type&quot;:[&quot;( ) Sport&quot;,&quot;(*) Nature&quot;,&quot;( ) Culturel&quot;,&quot;( ) Artistique&quot;,&quot;( ) Autre&quot;],&quot;distance_km&quot;:&quot;-3&quot;,&quot;description&quot;:&quot;Grande plage de sable fin id\\u00e9ale pour la baignade, la d\\u00e9tente et les activit\\u00e9s de bord de mer dans un cadre prot\\u00e9g\\u00e9 au fond de la baie de Douarnenez.&quot;,&quot;reservation&quot;:&quot;non&quot;,&quot;horaires&quot;:&quot;En acc\\u00e8s libre toute la journ\\u00e9e&quot;,&quot;infos_contact&quot;:&quot;Plage principale de Morgat, Crozon.&quot;,&quot;languages_spoken&quot;:&quot;Fran\\u00e7ais&quot;,&quot;pets_allowed&quot;:&quot;non&quot;,&quot;categorie_4jfcpx5&quot;:&quot;Famille&quot;,&quot;link&quot;:&quot;https:\\\/\\\/www.hoteldelabaiecrozonmorgat.com\\\/hotel-bord-de-plage-crozon-morgat\\\/&quot;,&quot;categorie_4JFCpx5&quot;:[&quot;( ) Famille&quot;,&quot;( ) Enfants&quot;,&quot;( ) Adolescents&quot;,&quot;( ) S\\u00e9niors&quot;,&quot;( ) Adultes&quot;],&quot;latitude&quot;:&quot;48.2268981&quot;,&quot;longitude&quot;:&quot;-4.5029281&quot;,&quot;image&quot;:&quot;https:\\\/\\\/www.hoteldelabaiecrozonmorgat.com\\\/wp-content\\\/uploads\\\/2026\\\/01\\\/activites-familiales-dans-la-baie-de-crozon-1536x1024.jpg&quot;},&quot;category&quot;:&quot;Activit\\u00e9s&quot;,&quot;faq&quot;:[],&quot;event&quot;:&quot;&quot;,&quot;video_url&quot;:&quot;&quot;,&quot;video_embed&quot;:null,&quot;documents&quot;:[],&quot;gallery&quot;:[]}\">\n\n                <!-- Image + badge cat\u00e9gorie -->\n                <div class=\"em-card-img-wrap\">\n                                      <img decoding=\"async\" class=\"em-card-img\" src=\"https:\/\/www.hoteldelabaiecrozonmorgat.com\/wp-content\/uploads\/2026\/01\/activites-familiales-dans-la-baie-de-crozon-1536x1024.jpg\" alt=\"Plage de Morgat\" loading=\"lazy\" onerror=\"this.style.setProperty('display','none','important');this.nextElementSibling.style.display='flex';\">\n                    <div class=\"em-card-placeholder\" style=\"display:none;\">\ud83d\udcf7 Image indisponible<\/div>\n                                    <span class=\"em-card-badge badge-default\">Activit\u00e9s<\/span>\n                <\/div>\n\n                <!-- Contenu de la card -->\n                <div class=\"em-card-body\">\n                  <h3 class=\"em-card-title\">Plage de Morgat<\/h3>\n\n                  <!-- Tags r\u00e9sum\u00e9s (max 4) -->\n                  <div class=\"em-card-tags\">\n                                                          <\/div>\n\n                  <!-- Champs suppl\u00e9mentaires (max 3) -->\n                  <div class=\"em-card-fields\">\n                                          <div class=\"em-card-field\">\n                        <span class=\"em-card-field-label\">Distance depuis l&#039;h\u00f4tel (km) :<\/span>\n                        <span class=\"em-card-field-value\">-3<\/span>\n                      <\/div>\n                                          <div class=\"em-card-field\">\n                        <span class=\"em-card-field-label\">R\u00e9servation :<\/span>\n                        <span class=\"em-card-field-value\">non<\/span>\n                      <\/div>\n                                          <div class=\"em-card-field\">\n                        <span class=\"em-card-field-label\">Horaires :<\/span>\n                        <span class=\"em-card-field-value\">En acc\u00e8s libre toute la journ\u00e9e<\/span>\n                      <\/div>\n                                      <\/div>\n\n                  <!-- Lien vers le d\u00e9tail -->\n                  <div class=\"em-card-footer\">\n                    <span>Voir le d\u00e9tail<\/span>\n                    <svg fill=\"none\" viewBox=\"0 0 24 24\" stroke=\"currentColor\" stroke-width=\"2\">\n                      <path stroke-linecap=\"round\" stroke-linejoin=\"round\" d=\"M13.5 4.5L21 12m0 0l-7.5 7.5M21 12H3\"><\/path>\n                    <\/svg>\n                  <\/div>\n                <\/div>\n              <\/article>\n                          <article class=\"em-card\"\n                data-type=\"activites\"\n                data-features=\"\"\n                data-name=\"randonn\u00e9e sur le gr34 vers le cap de la ch\u00e8vre\"\n                data-json=\"{&quot;name&quot;:&quot;Randonn\\u00e9e sur le GR34 vers le Cap de la Ch\\u00e8vre&quot;,&quot;image&quot;:&quot;https:\\\/\\\/elaia-public.s3.fr-par.scw.cloud\\\/metadata_images\\\/image_69dd3ea41c85f.jpg&quot;,&quot;link&quot;:&quot;https:\\\/\\\/www.morgat.fr\\\/littoral-crozon-morgat.html&quot;,&quot;data&quot;:{&quot;name&quot;:&quot;Randonn\\u00e9e sur le GR34 vers le Cap de la Ch\\u00e8vre&quot;,&quot;category_type&quot;:[&quot;( ) Sport&quot;,&quot;(*) Nature&quot;,&quot;( ) Culturel&quot;,&quot;( ) Artistique&quot;,&quot;( ) Autre&quot;],&quot;distance_km&quot;:&quot;-3&quot;,&quot;description&quot;:&quot;Balade c\\u00f4ti\\u00e8re le long du sentier des douaniers, avec vues sur les falaises, les paysages sauvages de la presqu&#039;\\u00eele et le site de l&#039;\\u00cele Vierge.&quot;,&quot;reservation&quot;:&quot;non&quot;,&quot;horaires&quot;:&quot;En acc\\u00e8s libre toute l&#039;ann\\u00e9e&quot;,&quot;infos_contact&quot;:&quot;D\\u00e9part possible depuis Morgat en direction du Cap de la Ch\\u00e8vre.&quot;,&quot;languages_spoken&quot;:&quot;Fran\\u00e7ais&quot;,&quot;pets_allowed&quot;:&quot;oui&quot;,&quot;categorie_4jfcpx5&quot;:&quot;Adultes&quot;,&quot;link&quot;:&quot;https:\\\/\\\/www.morgat.fr\\\/littoral-crozon-morgat.html&quot;,&quot;categorie_4JFCpx5&quot;:[&quot;( ) Famille&quot;,&quot;( ) Enfants&quot;,&quot;( ) Adolescents&quot;,&quot;( ) S\\u00e9niors&quot;,&quot;( ) Adultes&quot;],&quot;image&quot;:&quot;https:\\\/\\\/elaia-public.s3.fr-par.scw.cloud\\\/metadata_images\\\/image_69dd3ea41c85f.jpg&quot;},&quot;category&quot;:&quot;Activit\\u00e9s&quot;,&quot;faq&quot;:[],&quot;event&quot;:&quot;&quot;,&quot;video_url&quot;:&quot;&quot;,&quot;video_embed&quot;:null,&quot;documents&quot;:[],&quot;gallery&quot;:[]}\">\n\n                <!-- Image + badge cat\u00e9gorie -->\n                <div class=\"em-card-img-wrap\">\n                                      <img decoding=\"async\" class=\"em-card-img\" src=\"https:\/\/elaia-public.s3.fr-par.scw.cloud\/metadata_images\/image_69dd3ea41c85f.jpg\" alt=\"Randonn\u00e9e sur le GR34 vers le Cap de la Ch\u00e8vre\" loading=\"lazy\" onerror=\"this.style.setProperty('display','none','important');this.nextElementSibling.style.display='flex';\">\n                    <div class=\"em-card-placeholder\" style=\"display:none;\">\ud83d\udcf7 Image indisponible<\/div>\n                                    <span class=\"em-card-badge badge-default\">Activit\u00e9s<\/span>\n                <\/div>\n\n                <!-- Contenu de la card -->\n                <div class=\"em-card-body\">\n                  <h3 class=\"em-card-title\">Randonn\u00e9e sur le GR34 vers le Cap de la Ch\u00e8vre<\/h3>\n\n                  <!-- Tags r\u00e9sum\u00e9s (max 4) -->\n                  <div class=\"em-card-tags\">\n                                                          <\/div>\n\n                  <!-- Champs suppl\u00e9mentaires (max 3) -->\n                  <div class=\"em-card-fields\">\n                                          <div class=\"em-card-field\">\n                        <span class=\"em-card-field-label\">Distance depuis l&#039;h\u00f4tel (km) :<\/span>\n                        <span class=\"em-card-field-value\">-3<\/span>\n                      <\/div>\n                                          <div class=\"em-card-field\">\n                        <span class=\"em-card-field-label\">R\u00e9servation :<\/span>\n                        <span class=\"em-card-field-value\">non<\/span>\n                      <\/div>\n                                          <div class=\"em-card-field\">\n                        <span class=\"em-card-field-label\">Horaires :<\/span>\n                        <span class=\"em-card-field-value\">En acc\u00e8s libre toute l&#039;ann\u00e9e<\/span>\n                      <\/div>\n                                      <\/div>\n\n                  <!-- Lien vers le d\u00e9tail -->\n                  <div class=\"em-card-footer\">\n                    <span>Voir le d\u00e9tail<\/span>\n                    <svg fill=\"none\" viewBox=\"0 0 24 24\" stroke=\"currentColor\" stroke-width=\"2\">\n                      <path stroke-linecap=\"round\" stroke-linejoin=\"round\" d=\"M13.5 4.5L21 12m0 0l-7.5 7.5M21 12H3\"><\/path>\n                    <\/svg>\n                  <\/div>\n                <\/div>\n              <\/article>\n                          <article class=\"em-card\"\n                data-type=\"activites\"\n                data-features=\"\"\n                data-name=\"maison des min\u00e9raux\"\n                data-json=\"{&quot;name&quot;:&quot;Maison des Min\\u00e9raux&quot;,&quot;image&quot;:&quot;https:\\\/\\\/www.maison-des-mineraux.org\\\/local\\\/adapt-img\\\/1200\\\/20x\\\/local\\\/cache-vignettes\\\/L1200xH800\\\/arton533-23f54.jpg?1768986608&quot;,&quot;link&quot;:&quot;https:\\\/\\\/www.maison-des-mineraux.org\\\/&quot;,&quot;data&quot;:{&quot;name&quot;:&quot;Maison des Min\\u00e9raux&quot;,&quot;category_type&quot;:[&quot;( ) Sport&quot;,&quot;( ) Nature&quot;,&quot;(*) Culturel&quot;,&quot;( ) Artistique&quot;,&quot;( ) Autre&quot;],&quot;distance_km&quot;:&quot;1&quot;,&quot;description&quot;:&quot;Mus\\u00e9e et espace de d\\u00e9couverte consacr\\u00e9 \\u00e0 la g\\u00e9ologie, aux roches, aux min\\u00e9raux, \\u00e0 la faune et \\u00e0 la flore de la presqu&#039;\\u00eele de Crozon et du Massif armoricain.&quot;,&quot;reservation&quot;:&quot;non&quot;,&quot;horaires&quot;:&quot;Ouvert toute l&#039;ann\\u00e9e&quot;,&quot;infos_contact&quot;:&quot;\\u00c0 Saint-Hernot, commune de Crozon, sur la route du Cap de la Ch\\u00e8vre.&quot;,&quot;languages_spoken&quot;:&quot;Fran\\u00e7ais&quot;,&quot;pets_allowed&quot;:&quot;non&quot;,&quot;categorie_4jfcpx5&quot;:&quot;Famille&quot;,&quot;link&quot;:&quot;https:\\\/\\\/www.maison-des-mineraux.org\\\/&quot;,&quot;categorie_4JFCpx5&quot;:[&quot;(*) Famille&quot;,&quot;( ) Enfants&quot;,&quot;( ) Adolescents&quot;,&quot;( ) S\\u00e9niors&quot;,&quot;( ) Adultes&quot;],&quot;latitude&quot;:&quot;48.2041398&quot;,&quot;longitude&quot;:&quot;-4.5275328&quot;,&quot;image&quot;:&quot;https:\\\/\\\/www.maison-des-mineraux.org\\\/local\\\/adapt-img\\\/1200\\\/20x\\\/local\\\/cache-vignettes\\\/L1200xH800\\\/arton533-23f54.jpg?1768986608&quot;},&quot;category&quot;:&quot;Activit\\u00e9s&quot;,&quot;faq&quot;:[],&quot;event&quot;:&quot;&quot;,&quot;video_url&quot;:&quot;&quot;,&quot;video_embed&quot;:null,&quot;documents&quot;:[],&quot;gallery&quot;:[]}\">\n\n                <!-- Image + badge cat\u00e9gorie -->\n                <div class=\"em-card-img-wrap\">\n                                      <img decoding=\"async\" class=\"em-card-img\" src=\"https:\/\/www.maison-des-mineraux.org\/local\/adapt-img\/1200\/20x\/local\/cache-vignettes\/L1200xH800\/arton533-23f54.jpg?1768986608\" alt=\"Maison des Min\u00e9raux\" loading=\"lazy\" onerror=\"this.style.setProperty('display','none','important');this.nextElementSibling.style.display='flex';\">\n                    <div class=\"em-card-placeholder\" style=\"display:none;\">\ud83d\udcf7 Image indisponible<\/div>\n                                    <span class=\"em-card-badge badge-default\">Activit\u00e9s<\/span>\n                <\/div>\n\n                <!-- Contenu de la card -->\n                <div class=\"em-card-body\">\n                  <h3 class=\"em-card-title\">Maison des Min\u00e9raux<\/h3>\n\n                  <!-- Tags r\u00e9sum\u00e9s (max 4) -->\n                  <div class=\"em-card-tags\">\n                                                          <\/div>\n\n                  <!-- Champs suppl\u00e9mentaires (max 3) -->\n                  <div class=\"em-card-fields\">\n                                          <div class=\"em-card-field\">\n                        <span class=\"em-card-field-label\">Distance depuis l&#039;h\u00f4tel (km) :<\/span>\n                        <span class=\"em-card-field-value\">1<\/span>\n                      <\/div>\n                                          <div class=\"em-card-field\">\n                        <span class=\"em-card-field-label\">R\u00e9servation :<\/span>\n                        <span class=\"em-card-field-value\">non<\/span>\n                      <\/div>\n                                          <div class=\"em-card-field\">\n                        <span class=\"em-card-field-label\">Horaires :<\/span>\n                        <span class=\"em-card-field-value\">Ouvert toute l&#039;ann\u00e9e<\/span>\n                      <\/div>\n                                      <\/div>\n\n                  <!-- Lien vers le d\u00e9tail -->\n                  <div class=\"em-card-footer\">\n                    <span>Voir le d\u00e9tail<\/span>\n                    <svg fill=\"none\" viewBox=\"0 0 24 24\" stroke=\"currentColor\" stroke-width=\"2\">\n                      <path stroke-linecap=\"round\" stroke-linejoin=\"round\" d=\"M13.5 4.5L21 12m0 0l-7.5 7.5M21 12H3\"><\/path>\n                    <\/svg>\n                  <\/div>\n                <\/div>\n              <\/article>\n                          <article class=\"em-card\"\n                data-type=\"activites\"\n                data-features=\"\"\n                data-name=\"surf \u00e0 la plage de la palue\"\n                data-json=\"{&quot;name&quot;:&quot;Surf \\u00e0 la plage de la Palue&quot;,&quot;image&quot;:&quot;https:\\\/\\\/www.cncm.fr\\\/wp-content\\\/uploads\\\/2022\\\/02\\\/surf-a-la-palue.jpg&quot;,&quot;link&quot;:&quot;https:\\\/\\\/www.morgat.fr\\\/spots-de-surf-a-crozon-morgat.html&quot;,&quot;data&quot;:{&quot;name&quot;:&quot;Surf \\u00e0 la plage de la Palue&quot;,&quot;category_type&quot;:[&quot;(*) Sport&quot;,&quot;( ) Nature&quot;,&quot;( ) Culturel&quot;,&quot;( ) Artistique&quot;,&quot;( ) Autre&quot;],&quot;distance_km&quot;:&quot;7&quot;,&quot;description&quot;:&quot;Spot de surf de r\\u00e9f\\u00e9rence sur le versant ouest du cap de la Ch\\u00e8vre, r\\u00e9put\\u00e9 pour ses vagues r\\u00e9guli\\u00e8res et ses conditions adapt\\u00e9es aux sports de glisse.&quot;,&quot;reservation&quot;:&quot;non&quot;,&quot;horaires&quot;:&quot;Selon les conditions de mer et de mar\\u00e9e&quot;,&quot;infos_contact&quot;:&quot;Plage de la Palue, entre le s\\u00e9maphore et la pointe de Dinan.&quot;,&quot;languages_spoken&quot;:&quot;Fran\\u00e7ais&quot;,&quot;pets_allowed&quot;:&quot;oui&quot;,&quot;categorie_4jfcpx5&quot;:&quot;Adultes&quot;,&quot;link&quot;:&quot;https:\\\/\\\/www.morgat.fr\\\/spots-de-surf-a-crozon-morgat.html&quot;,&quot;categorie_4JFCpx5&quot;:[&quot;(*) Famille&quot;,&quot;( ) Enfants&quot;,&quot;( ) Adolescents&quot;,&quot;( ) S\\u00e9niors&quot;,&quot;( ) Adultes&quot;],&quot;latitude&quot;:&quot;48.2000165&quot;,&quot;longitude&quot;:&quot;-4.5541724&quot;,&quot;image&quot;:&quot;https:\\\/\\\/www.cncm.fr\\\/wp-content\\\/uploads\\\/2022\\\/02\\\/surf-a-la-palue.jpg&quot;},&quot;category&quot;:&quot;Activit\\u00e9s&quot;,&quot;faq&quot;:[],&quot;event&quot;:&quot;&quot;,&quot;video_url&quot;:&quot;&quot;,&quot;video_embed&quot;:null,&quot;documents&quot;:[],&quot;gallery&quot;:[]}\">\n\n                <!-- Image + badge cat\u00e9gorie -->\n                <div class=\"em-card-img-wrap\">\n                                      <img decoding=\"async\" class=\"em-card-img\" src=\"https:\/\/www.cncm.fr\/wp-content\/uploads\/2022\/02\/surf-a-la-palue.jpg\" alt=\"Surf \u00e0 la plage de la Palue\" loading=\"lazy\" onerror=\"this.style.setProperty('display','none','important');this.nextElementSibling.style.display='flex';\">\n                    <div class=\"em-card-placeholder\" style=\"display:none;\">\ud83d\udcf7 Image indisponible<\/div>\n                                    <span class=\"em-card-badge badge-default\">Activit\u00e9s<\/span>\n                <\/div>\n\n                <!-- Contenu de la card -->\n                <div class=\"em-card-body\">\n                  <h3 class=\"em-card-title\">Surf \u00e0 la plage de la Palue<\/h3>\n\n                  <!-- Tags r\u00e9sum\u00e9s (max 4) -->\n                  <div class=\"em-card-tags\">\n                                                          <\/div>\n\n                  <!-- Champs suppl\u00e9mentaires (max 3) -->\n                  <div class=\"em-card-fields\">\n                                          <div class=\"em-card-field\">\n                        <span class=\"em-card-field-label\">Distance depuis l&#039;h\u00f4tel (km) :<\/span>\n                        <span class=\"em-card-field-value\">7<\/span>\n                      <\/div>\n                                          <div class=\"em-card-field\">\n                        <span class=\"em-card-field-label\">R\u00e9servation :<\/span>\n                        <span class=\"em-card-field-value\">non<\/span>\n                      <\/div>\n                                          <div class=\"em-card-field\">\n                        <span class=\"em-card-field-label\">Horaires :<\/span>\n                        <span class=\"em-card-field-value\">Selon les conditions de mer et de mar\u00e9e<\/span>\n                      <\/div>\n                                      <\/div>\n\n                  <!-- Lien vers le d\u00e9tail -->\n                  <div class=\"em-card-footer\">\n                    <span>Voir le d\u00e9tail<\/span>\n                    <svg fill=\"none\" viewBox=\"0 0 24 24\" stroke=\"currentColor\" stroke-width=\"2\">\n                      <path stroke-linecap=\"round\" stroke-linejoin=\"round\" d=\"M13.5 4.5L21 12m0 0l-7.5 7.5M21 12H3\"><\/path>\n                    <\/svg>\n                  <\/div>\n                <\/div>\n              <\/article>\n                          <article class=\"em-card\"\n                data-type=\"activites\"\n                data-features=\"\"\n                data-name=\"surf \u00e0 lostmarc&#039;h\"\n                data-json=\"{&quot;name&quot;:&quot;Surf \\u00e0 Lostmarc&#039;h&quot;,&quot;image&quot;:&quot;https:\\\/\\\/lh3.googleusercontent.com\\\/gps-cs-s\\\/APNQkAGOIEkZrT9gf2oIOM9tio-jWz90hPz3Qv3bLb2Xf3aSiKZBRTqLBAu54yXO-uU4oUAjKPeXLsohsxTu4pFmWuJR4ARype8JlcDVkq4nOW-tLE1ScrAJQRpaJpc3ObZGw2A_EoxU5e41_Cn5=s1360-w1360-h1020-rw&quot;,&quot;link&quot;:&quot;https:\\\/\\\/www.morgat.fr\\\/spots-de-surf-a-crozon-morgat.html&quot;,&quot;data&quot;:{&quot;name&quot;:&quot;Surf \\u00e0 Lostmarc&#039;h&quot;,&quot;category_type&quot;:[&quot;(*) Sport&quot;,&quot;( ) Nature&quot;,&quot;( ) Culturel&quot;,&quot;( ) Artistique&quot;,&quot;( ) Autre&quot;],&quot;distance_km&quot;:&quot;2&quot;,&quot;description&quot;:&quot;Autre spot appr\\u00e9ci\\u00e9 des surfeurs, avec des vagues pouvant \\u00eatre puissantes. La baignade y est interdite en raison des courants forts.&quot;,&quot;reservation&quot;:&quot;non&quot;,&quot;horaires&quot;:&quot;Selon les conditions de mer et de mar\\u00e9e&quot;,&quot;infos_contact&quot;:&quot;Plage de Lostmarc&#039;h, presqu&#039;\\u00eele de Crozon.&quot;,&quot;languages_spoken&quot;:&quot;Fran\\u00e7ais&quot;,&quot;pets_allowed&quot;:&quot;oui&quot;,&quot;categorie_4jfcpx5&quot;:&quot;&quot;,&quot;link&quot;:&quot;https:\\\/\\\/www.morgat.fr\\\/spots-de-surf-a-crozon-morgat.html&quot;,&quot;categorie_4JFCpx5&quot;:[&quot;( ) Famille&quot;,&quot;( ) Enfants&quot;,&quot;( ) Adolescents&quot;,&quot;( ) S\\u00e9niors&quot;,&quot;(*) Adultes&quot;],&quot;latitude&quot;:&quot;48.2058000&quot;,&quot;longitude&quot;:&quot;-4.5630000&quot;,&quot;image&quot;:&quot;https:\\\/\\\/lh3.googleusercontent.com\\\/gps-cs-s\\\/APNQkAGOIEkZrT9gf2oIOM9tio-jWz90hPz3Qv3bLb2Xf3aSiKZBRTqLBAu54yXO-uU4oUAjKPeXLsohsxTu4pFmWuJR4ARype8JlcDVkq4nOW-tLE1ScrAJQRpaJpc3ObZGw2A_EoxU5e41_Cn5=s1360-w1360-h1020-rw&quot;},&quot;category&quot;:&quot;Activit\\u00e9s&quot;,&quot;faq&quot;:[],&quot;event&quot;:&quot;&quot;,&quot;video_url&quot;:&quot;&quot;,&quot;video_embed&quot;:null,&quot;documents&quot;:[],&quot;gallery&quot;:[]}\">\n\n                <!-- Image + badge cat\u00e9gorie -->\n                <div class=\"em-card-img-wrap\">\n                                      <img decoding=\"async\" class=\"em-card-img\" src=\"https:\/\/lh3.googleusercontent.com\/gps-cs-s\/APNQkAGOIEkZrT9gf2oIOM9tio-jWz90hPz3Qv3bLb2Xf3aSiKZBRTqLBAu54yXO-uU4oUAjKPeXLsohsxTu4pFmWuJR4ARype8JlcDVkq4nOW-tLE1ScrAJQRpaJpc3ObZGw2A_EoxU5e41_Cn5=s1360-w1360-h1020-rw\" alt=\"Surf \u00e0 Lostmarc&#039;h\" loading=\"lazy\" onerror=\"this.style.setProperty('display','none','important');this.nextElementSibling.style.display='flex';\">\n                    <div class=\"em-card-placeholder\" style=\"display:none;\">\ud83d\udcf7 Image indisponible<\/div>\n                                    <span class=\"em-card-badge badge-default\">Activit\u00e9s<\/span>\n                <\/div>\n\n                <!-- Contenu de la card -->\n                <div class=\"em-card-body\">\n                  <h3 class=\"em-card-title\">Surf \u00e0 Lostmarc&#039;h<\/h3>\n\n                  <!-- Tags r\u00e9sum\u00e9s (max 4) -->\n                  <div class=\"em-card-tags\">\n                                                          <\/div>\n\n                  <!-- Champs suppl\u00e9mentaires (max 3) -->\n                  <div class=\"em-card-fields\">\n                                          <div class=\"em-card-field\">\n                        <span class=\"em-card-field-label\">Distance depuis l&#039;h\u00f4tel (km) :<\/span>\n                        <span class=\"em-card-field-value\">2<\/span>\n                      <\/div>\n                                          <div class=\"em-card-field\">\n                        <span class=\"em-card-field-label\">R\u00e9servation :<\/span>\n                        <span class=\"em-card-field-value\">non<\/span>\n                      <\/div>\n                                          <div class=\"em-card-field\">\n                        <span class=\"em-card-field-label\">Horaires :<\/span>\n                        <span class=\"em-card-field-value\">Selon les conditions de mer et de mar\u00e9e<\/span>\n                      <\/div>\n                                      <\/div>\n\n                  <!-- Lien vers le d\u00e9tail -->\n                  <div class=\"em-card-footer\">\n                    <span>Voir le d\u00e9tail<\/span>\n                    <svg fill=\"none\" viewBox=\"0 0 24 24\" stroke=\"currentColor\" stroke-width=\"2\">\n                      <path stroke-linecap=\"round\" stroke-linejoin=\"round\" d=\"M13.5 4.5L21 12m0 0l-7.5 7.5M21 12H3\"><\/path>\n                    <\/svg>\n                  <\/div>\n                <\/div>\n              <\/article>\n                          <article class=\"em-card\"\n                data-type=\"activites\"\n                data-features=\"\"\n                data-name=\"pointe de dinan et rochers perc\u00e9s\"\n                data-json=\"{&quot;name&quot;:&quot;Pointe de Dinan et rochers perc\\u00e9s&quot;,&quot;image&quot;:&quot;https:\\\/\\\/cdt29.media.tourinsoft.eu\\\/upload\\\/Crozon21-aLamoureux-D6A9240-2.jpg?width=590&amp;height=590&amp;crop=1&quot;,&quot;link&quot;:&quot;https:\\\/\\\/www.crozon-tourisme.bzh\\\/activite\\\/pointe-de-dinan\\\/&quot;,&quot;data&quot;:{&quot;name&quot;:&quot;Pointe de Dinan et rochers perc\\u00e9s&quot;,&quot;category_type&quot;:[&quot;( ) Sport&quot;,&quot;(*) Nature&quot;,&quot;( ) Culturel&quot;,&quot;( ) Artistique&quot;,&quot;( ) Autre&quot;],&quot;distance_km&quot;:&quot;3&quot;,&quot;description&quot;:&quot;Balade panoramique vers un site naturel embl\\u00e9matique avec falaises, rochers sculpt\\u00e9s par l&#039;\\u00e9rosion et vue sur la c\\u00f4te sauvage.&quot;,&quot;reservation&quot;:&quot;non&quot;,&quot;horaires&quot;:&quot;En acc\\u00e8s libre toute l&#039;ann\\u00e9e&quot;,&quot;infos_contact&quot;:&quot;Secteur de la pointe de Dinan, au sud-ouest de Morgat.&quot;,&quot;languages_spoken&quot;:&quot;Fran\\u00e7ais&quot;,&quot;pets_allowed&quot;:&quot;oui&quot;,&quot;categorie_4jfcpx5&quot;:&quot;Adultes&quot;,&quot;link&quot;:&quot;https:\\\/\\\/www.crozon-tourisme.bzh\\\/activite\\\/pointe-de-dinan\\\/&quot;,&quot;categorie_4JFCpx5&quot;:[&quot;(*) Famille&quot;,&quot;( ) Enfants&quot;,&quot;( ) Adolescents&quot;,&quot;( ) S\\u00e9niors&quot;,&quot;( ) Adultes&quot;],&quot;longitude&quot;:&quot;2.5708420&quot;,&quot;image&quot;:&quot;https:\\\/\\\/cdt29.media.tourinsoft.eu\\\/upload\\\/Crozon21-aLamoureux-D6A9240-2.jpg?width=590&amp;height=590&amp;crop=1&quot;},&quot;category&quot;:&quot;Activit\\u00e9s&quot;,&quot;faq&quot;:[],&quot;event&quot;:&quot;&quot;,&quot;video_url&quot;:&quot;&quot;,&quot;video_embed&quot;:null,&quot;documents&quot;:[],&quot;gallery&quot;:[]}\">\n\n                <!-- Image + badge cat\u00e9gorie -->\n                <div class=\"em-card-img-wrap\">\n                                      <img decoding=\"async\" class=\"em-card-img\" src=\"https:\/\/cdt29.media.tourinsoft.eu\/upload\/Crozon21-aLamoureux-D6A9240-2.jpg?width=590&#038;height=590&#038;crop=1\" alt=\"Pointe de Dinan et rochers perc\u00e9s\" loading=\"lazy\" onerror=\"this.style.setProperty('display','none','important');this.nextElementSibling.style.display='flex';\">\n                    <div class=\"em-card-placeholder\" style=\"display:none;\">\ud83d\udcf7 Image indisponible<\/div>\n                                    <span class=\"em-card-badge badge-default\">Activit\u00e9s<\/span>\n                <\/div>\n\n                <!-- Contenu de la card -->\n                <div class=\"em-card-body\">\n                  <h3 class=\"em-card-title\">Pointe de Dinan et rochers perc\u00e9s<\/h3>\n\n                  <!-- Tags r\u00e9sum\u00e9s (max 4) -->\n                  <div class=\"em-card-tags\">\n                                                          <\/div>\n\n                  <!-- Champs suppl\u00e9mentaires (max 3) -->\n                  <div class=\"em-card-fields\">\n                                          <div class=\"em-card-field\">\n                        <span class=\"em-card-field-label\">Distance depuis l&#039;h\u00f4tel (km) :<\/span>\n                        <span class=\"em-card-field-value\">3<\/span>\n                      <\/div>\n                                          <div class=\"em-card-field\">\n                        <span class=\"em-card-field-label\">R\u00e9servation :<\/span>\n                        <span class=\"em-card-field-value\">non<\/span>\n                      <\/div>\n                                          <div class=\"em-card-field\">\n                        <span class=\"em-card-field-label\">Horaires :<\/span>\n                        <span class=\"em-card-field-value\">En acc\u00e8s libre toute l&#039;ann\u00e9e<\/span>\n                      <\/div>\n                                      <\/div>\n\n                  <!-- Lien vers le d\u00e9tail -->\n                  <div class=\"em-card-footer\">\n                    <span>Voir le d\u00e9tail<\/span>\n                    <svg fill=\"none\" viewBox=\"0 0 24 24\" stroke=\"currentColor\" stroke-width=\"2\">\n                      <path stroke-linecap=\"round\" stroke-linejoin=\"round\" d=\"M13.5 4.5L21 12m0 0l-7.5 7.5M21 12H3\"><\/path>\n                    <\/svg>\n                  <\/div>\n                <\/div>\n              <\/article>\n                          <article class=\"em-card\"\n                data-type=\"activites\"\n                data-features=\"\"\n                data-name=\"centre \u00c9questre \u00c9trier de l&#039;aber\"\n                data-json=\"{&quot;name&quot;:&quot;Centre \\u00c9questre \\u00c9trier de l&#039;Aber&quot;,&quot;image&quot;:&quot;https:\\\/\\\/elaia-public.s3.fr-par.scw.cloud\\\/metadata_images\\\/image_69dd3dec1ef89.jpg&quot;,&quot;link&quot;:&quot;https:\\\/\\\/www.morgat.fr\\\/centre-equestre-etrier-de-l-aber.html&quot;,&quot;data&quot;:{&quot;name&quot;:&quot;Centre \\u00c9questre \\u00c9trier de l&#039;Aber&quot;,&quot;category_type&quot;:[&quot;(*) Sport&quot;,&quot;( ) Nature&quot;,&quot;( ) Culturel&quot;,&quot;( ) Artistique&quot;,&quot;( ) Autre&quot;],&quot;distance_km&quot;:&quot;0&quot;,&quot;description&quot;:&quot;Centre \\u00e9questre en bord de mer proposant des cours, des balades et des randonn\\u00e9es \\u00e0 cheval ou \\u00e0 poney dans un cadre naturel exceptionnel.&quot;,&quot;reservation&quot;:&quot;oui&quot;,&quot;horaires&quot;:&quot;Le matin ou en soir\\u00e9e&quot;,&quot;infos_contact&quot;:&quot;Dominant la plage de l&#039;Aber et la baie de Douarnenez.&quot;,&quot;languages_spoken&quot;:&quot;Fran\\u00e7ais&quot;,&quot;pets_allowed&quot;:&quot;non&quot;,&quot;categorie_4jfcpx5&quot;:&quot;Famille&quot;,&quot;link&quot;:&quot;https:\\\/\\\/www.morgat.fr\\\/centre-equestre-etrier-de-l-aber.html&quot;,&quot;categorie_4JFCpx5&quot;:[&quot;(*) Famille&quot;,&quot;( ) Enfants&quot;,&quot;( ) Adolescents&quot;,&quot;( ) S\\u00e9niors&quot;,&quot;( ) Adultes&quot;],&quot;latitude&quot;:&quot;48.2464843&quot;,&quot;longitude&quot;:&quot;-4.4892925&quot;,&quot;image&quot;:&quot;https:\\\/\\\/elaia-public.s3.fr-par.scw.cloud\\\/metadata_images\\\/image_69dd3dec1ef89.jpg&quot;},&quot;category&quot;:&quot;Activit\\u00e9s&quot;,&quot;faq&quot;:[],&quot;event&quot;:&quot;&quot;,&quot;video_url&quot;:&quot;&quot;,&quot;video_embed&quot;:null,&quot;documents&quot;:[],&quot;gallery&quot;:[]}\">\n\n                <!-- Image + badge cat\u00e9gorie -->\n                <div class=\"em-card-img-wrap\">\n                                      <img decoding=\"async\" class=\"em-card-img\" src=\"https:\/\/elaia-public.s3.fr-par.scw.cloud\/metadata_images\/image_69dd3dec1ef89.jpg\" alt=\"Centre \u00c9questre \u00c9trier de l&#039;Aber\" loading=\"lazy\" onerror=\"this.style.setProperty('display','none','important');this.nextElementSibling.style.display='flex';\">\n                    <div class=\"em-card-placeholder\" style=\"display:none;\">\ud83d\udcf7 Image indisponible<\/div>\n                                    <span class=\"em-card-badge badge-default\">Activit\u00e9s<\/span>\n                <\/div>\n\n                <!-- Contenu de la card -->\n                <div class=\"em-card-body\">\n                  <h3 class=\"em-card-title\">Centre \u00c9questre \u00c9trier de l&#039;Aber<\/h3>\n\n                  <!-- Tags r\u00e9sum\u00e9s (max 4) -->\n                  <div class=\"em-card-tags\">\n                                                          <\/div>\n\n                  <!-- Champs suppl\u00e9mentaires (max 3) -->\n                  <div class=\"em-card-fields\">\n                                          <div class=\"em-card-field\">\n                        <span class=\"em-card-field-label\">R\u00e9servation :<\/span>\n                        <span class=\"em-card-field-value\">oui<\/span>\n                      <\/div>\n                                          <div class=\"em-card-field\">\n                        <span class=\"em-card-field-label\">Horaires :<\/span>\n                        <span class=\"em-card-field-value\">Le matin ou en soir\u00e9e<\/span>\n                      <\/div>\n                                          <div class=\"em-card-field\">\n                        <span class=\"em-card-field-label\">Infos et contact :<\/span>\n                        <span class=\"em-card-field-value\">Dominant la plage de l&#039;Aber et la baie de Douarnenez.<\/span>\n                      <\/div>\n                                      <\/div>\n\n                  <!-- Lien vers le d\u00e9tail -->\n                  <div class=\"em-card-footer\">\n                    <span>Voir le d\u00e9tail<\/span>\n                    <svg fill=\"none\" viewBox=\"0 0 24 24\" stroke=\"currentColor\" stroke-width=\"2\">\n                      <path stroke-linecap=\"round\" stroke-linejoin=\"round\" d=\"M13.5 4.5L21 12m0 0l-7.5 7.5M21 12H3\"><\/path>\n                    <\/svg>\n                  <\/div>\n                <\/div>\n              <\/article>\n                          <article class=\"em-card\"\n                data-type=\"activites\"\n                data-features=\"\"\n                data-name=\"les mardis de morgat\"\n                data-json=\"{&quot;name&quot;:&quot;Les Mardis de Morgat&quot;,&quot;image&quot;:&quot;https:\\\/\\\/elaia-public.s3.fr-par.scw.cloud\\\/metadata_images\\\/image_69dd3e3c9b8ef.jpg&quot;,&quot;link&quot;:&quot;https:\\\/\\\/www.facebook.com\\\/mardisdemorgat\\\/?locale=fr_FR&quot;,&quot;data&quot;:{&quot;name&quot;:&quot;Les Mardis de Morgat&quot;,&quot;category_type&quot;:[&quot;( ) Sport&quot;,&quot;( ) Nature&quot;,&quot;(*) Culturel&quot;,&quot;( ) Artistique&quot;,&quot;( ) Autre&quot;],&quot;distance_km&quot;:&quot;-3&quot;,&quot;description&quot;:&quot;Rendez-vous musical en plein air chaque mardi soir en \\u00e9t\\u00e9, avec une programmation folk, rock, pop et reggae mettant en avant les artistes de la presqu&#039;\\u00eele.&quot;,&quot;reservation&quot;:&quot;non&quot;,&quot;horaires&quot;:&quot;Chaque mardi soir en \\u00e9t\\u00e9&quot;,&quot;infos_contact&quot;:&quot;Manifestation organis\\u00e9e \\u00e0 Morgat sur le port et dans les lieux de convivialit\\u00e9 du bourg.&quot;,&quot;languages_spoken&quot;:&quot;Fran\\u00e7ais&quot;,&quot;pets_allowed&quot;:&quot;oui&quot;,&quot;categorie_4jfcpx5&quot;:&quot;Adultes&quot;,&quot;link&quot;:&quot;https:\\\/\\\/www.facebook.com\\\/mardisdemorgat\\\/?locale=fr_FR&quot;,&quot;categorie_4JFCpx5&quot;:[&quot;( ) Famille&quot;,&quot;( ) Enfants&quot;,&quot;( ) Adolescents&quot;,&quot;( ) S\\u00e9niors&quot;,&quot;( ) Adultes&quot;],&quot;latitude&quot;:&quot;48.2235530&quot;,&quot;longitude&quot;:&quot;-4.4945810&quot;,&quot;image&quot;:&quot;https:\\\/\\\/elaia-public.s3.fr-par.scw.cloud\\\/metadata_images\\\/image_69dd3e3c9b8ef.jpg&quot;},&quot;category&quot;:&quot;Activit\\u00e9s&quot;,&quot;faq&quot;:[],&quot;event&quot;:&quot;&quot;,&quot;video_url&quot;:&quot;&quot;,&quot;video_embed&quot;:null,&quot;documents&quot;:[],&quot;gallery&quot;:[]}\">\n\n                <!-- Image + badge cat\u00e9gorie -->\n                <div class=\"em-card-img-wrap\">\n                                      <img decoding=\"async\" class=\"em-card-img\" src=\"https:\/\/elaia-public.s3.fr-par.scw.cloud\/metadata_images\/image_69dd3e3c9b8ef.jpg\" alt=\"Les Mardis de Morgat\" loading=\"lazy\" onerror=\"this.style.setProperty('display','none','important');this.nextElementSibling.style.display='flex';\">\n                    <div class=\"em-card-placeholder\" style=\"display:none;\">\ud83d\udcf7 Image indisponible<\/div>\n                                    <span class=\"em-card-badge badge-default\">Activit\u00e9s<\/span>\n                <\/div>\n\n                <!-- Contenu de la card -->\n                <div class=\"em-card-body\">\n                  <h3 class=\"em-card-title\">Les Mardis de Morgat<\/h3>\n\n                  <!-- Tags r\u00e9sum\u00e9s (max 4) -->\n                  <div class=\"em-card-tags\">\n                                                          <\/div>\n\n                  <!-- Champs suppl\u00e9mentaires (max 3) -->\n                  <div class=\"em-card-fields\">\n                                          <div class=\"em-card-field\">\n                        <span class=\"em-card-field-label\">Distance depuis l&#039;h\u00f4tel (km) :<\/span>\n                        <span class=\"em-card-field-value\">-3<\/span>\n                      <\/div>\n                                          <div class=\"em-card-field\">\n                        <span class=\"em-card-field-label\">R\u00e9servation :<\/span>\n                        <span class=\"em-card-field-value\">non<\/span>\n                      <\/div>\n                                          <div class=\"em-card-field\">\n                        <span class=\"em-card-field-label\">Horaires :<\/span>\n                        <span class=\"em-card-field-value\">Chaque mardi soir en \u00e9t\u00e9<\/span>\n                      <\/div>\n                                      <\/div>\n\n                  <!-- Lien vers le d\u00e9tail -->\n                  <div class=\"em-card-footer\">\n                    <span>Voir le d\u00e9tail<\/span>\n                    <svg fill=\"none\" viewBox=\"0 0 24 24\" stroke=\"currentColor\" stroke-width=\"2\">\n                      <path stroke-linecap=\"round\" stroke-linejoin=\"round\" d=\"M13.5 4.5L21 12m0 0l-7.5 7.5M21 12H3\"><\/path>\n                    <\/svg>\n                  <\/div>\n                <\/div>\n              <\/article>\n                          <article class=\"em-card\"\n                data-type=\"evenements-a-proximite-de-lhotel\"\n                data-features=\"\"\n                data-name=\"march\u00e9 artisanal nocturne de morgat\"\n                data-json=\"{&quot;name&quot;:&quot;March\\u00e9 artisanal nocturne de Morgat&quot;,&quot;image&quot;:&quot;https:\\\/\\\/cdt29.media.tourinsoft.eu\\\/upload\\\/Crozon2020-alamoureux-3K3-7432-20.jpg?width=1180&amp;height=590&amp;crop=1&quot;,&quot;link&quot;:&quot;https:\\\/\\\/www.crozon-tourisme.bzh\\\/commerce\\\/les-marches-de-crozon\\\/&quot;,&quot;data&quot;:{&quot;name&quot;:&quot;March\\u00e9 artisanal nocturne de Morgat&quot;,&quot;description&quot;:&quot;March\\u00e9 estival d\\u2019artisans cr\\u00e9ateurs organis\\u00e9 \\u00e0 Morgat, \\u00e0 l\\u2019occasion des festivit\\u00e9s des Mardis de Morgat, du 14 juillet et du 15 ao\\u00fbt. Environ quarante artisans y participent.&quot;,&quot;distance_km&quot;:0.8,&quot;travel_time&quot;:&quot;4 min&quot;,&quot;category&quot;:[&quot;( ) musique&quot;,&quot;( ) exposition&quot;,&quot;( ) festival&quot;,&quot;( ) foire&quot;,&quot;( ) brocante&quot;,&quot;(*) march\\u00e9&quot;],&quot;target_audience&quot;:[&quot;(*) famille&quot;,&quot;( ) enfants&quot;,&quot;( ) adultes&quot;,&quot;( ) senior&quot;,&quot;( ) ados&quot;],&quot;reservation&quot;:&quot;Oui&quot;,&quot;schedule&quot;:&quot;Du 1er juillet au 31 ao\\u00fbt, de 16h \\u00e0 minuit.&quot;,&quot;infos_contact&quot;:&quot;Placier : 06 33 18 19 88. Mairie de Crozon : +33 2 98 27 10 28.&quot;,&quot;languages_spoken&quot;:&quot;&quot;,&quot;pets_allowed&quot;:&quot;&quot;,&quot;link&quot;:&quot;https:\\\/\\\/www.crozon-tourisme.bzh\\\/commerce\\\/les-marches-de-crozon\\\/&quot;,&quot;image&quot;:&quot;https:\\\/\\\/cdt29.media.tourinsoft.eu\\\/upload\\\/Crozon2020-alamoureux-3K3-7432-20.jpg?width=1180&amp;height=590&amp;crop=1&quot;},&quot;category&quot;:&quot;\\u00c9v\\u00e9nements \\u00e0 proximit\\u00e9 de l&#039;h\\u00f4tel&quot;,&quot;faq&quot;:[],&quot;event&quot;:&quot;&quot;,&quot;video_url&quot;:&quot;&quot;,&quot;video_embed&quot;:null,&quot;documents&quot;:[],&quot;gallery&quot;:[]}\">\n\n                <!-- Image + badge cat\u00e9gorie -->\n                <div class=\"em-card-img-wrap\">\n                                      <img decoding=\"async\" class=\"em-card-img\" src=\"https:\/\/cdt29.media.tourinsoft.eu\/upload\/Crozon2020-alamoureux-3K3-7432-20.jpg?width=1180&#038;height=590&#038;crop=1\" alt=\"March\u00e9 artisanal nocturne de Morgat\" loading=\"lazy\" onerror=\"this.style.setProperty('display','none','important');this.nextElementSibling.style.display='flex';\">\n                    <div class=\"em-card-placeholder\" style=\"display:none;\">\ud83d\udcf7 Image indisponible<\/div>\n                                    <span class=\"em-card-badge badge-default\">\u00c9v\u00e9nements \u00e0 proximit\u00e9 de l&#039;h\u00f4tel<\/span>\n                <\/div>\n\n                <!-- Contenu de la card -->\n                <div class=\"em-card-body\">\n                  <h3 class=\"em-card-title\">March\u00e9 artisanal nocturne de Morgat<\/h3>\n\n                  <!-- Tags r\u00e9sum\u00e9s (max 4) -->\n                  <div class=\"em-card-tags\">\n                                                          <\/div>\n\n                  <!-- Champs suppl\u00e9mentaires (max 3) -->\n                  <div class=\"em-card-fields\">\n                                          <div class=\"em-card-field\">\n                        <span class=\"em-card-field-label\">Distance depuis l&#039;h\u00f4tel (km) :<\/span>\n                        <span class=\"em-card-field-value\">0.8<\/span>\n                      <\/div>\n                                          <div class=\"em-card-field\">\n                        <span class=\"em-card-field-label\">Temps de trajet depuis l&#039;h\u00f4tel :<\/span>\n                        <span class=\"em-card-field-value\">4 min<\/span>\n                      <\/div>\n                                          <div class=\"em-card-field\">\n                        <span class=\"em-card-field-label\">R\u00e9servation :<\/span>\n                        <span class=\"em-card-field-value\">Oui<\/span>\n                      <\/div>\n                                      <\/div>\n\n                  <!-- Lien vers le d\u00e9tail -->\n                  <div class=\"em-card-footer\">\n                    <span>Voir le d\u00e9tail<\/span>\n                    <svg fill=\"none\" viewBox=\"0 0 24 24\" stroke=\"currentColor\" stroke-width=\"2\">\n                      <path stroke-linecap=\"round\" stroke-linejoin=\"round\" d=\"M13.5 4.5L21 12m0 0l-7.5 7.5M21 12H3\"><\/path>\n                    <\/svg>\n                  <\/div>\n                <\/div>\n              <\/article>\n                          <article class=\"em-card\"\n                data-type=\"evenements-a-proximite-de-lhotel\"\n                data-features=\"\"\n                data-name=\"grand march\u00e9 de morgat\"\n                data-json=\"{&quot;name&quot;:&quot;Grand march\\u00e9 de Morgat&quot;,&quot;image&quot;:&quot;https:\\\/\\\/cdt29.media.tourinsoft.eu\\\/upload\\\/1024-1536.jpg?width=1180&amp;height=590&amp;crop=1&quot;,&quot;link&quot;:&quot;https:\\\/\\\/www.crozon-tourisme.bzh\\\/agenda\\\/grand-marche-de-morgat\\\/&quot;,&quot;data&quot;:{&quot;name&quot;:&quot;Grand march\\u00e9 de Morgat&quot;,&quot;description&quot;:&quot;Grand march\\u00e9 hebdomadaire de Morgat, organis\\u00e9 en \\u00e9t\\u00e9 sur les mercredis de juillet \\u00e0 ao\\u00fbt.&quot;,&quot;distance_km&quot;:0.9,&quot;travel_time&quot;:&quot;5 min&quot;,&quot;category&quot;:[&quot;( ) musique&quot;,&quot;( ) exposition&quot;,&quot;( ) festival&quot;,&quot;( ) foire&quot;,&quot;( ) brocante&quot;,&quot;(*) march\\u00e9&quot;],&quot;target_audience&quot;:[&quot;(*) famille&quot;,&quot;( ) enfants&quot;,&quot;( ) adultes&quot;,&quot;( ) senior&quot;,&quot;( ) ados&quot;],&quot;reservation&quot;:&quot;Non&quot;,&quot;schedule&quot;:&quot;Les 1er, 3e et 5e mercredis de juillet \\u00e0 ao\\u00fbt.&quot;,&quot;infos_contact&quot;:&quot;Ville de Crozon : +33 2 98 27 10 28.&quot;,&quot;languages_spoken&quot;:&quot;&quot;,&quot;pets_allowed&quot;:&quot;&quot;,&quot;link&quot;:&quot;https:\\\/\\\/www.crozon-tourisme.bzh\\\/agenda\\\/grand-marche-de-morgat\\\/&quot;,&quot;image&quot;:&quot;https:\\\/\\\/cdt29.media.tourinsoft.eu\\\/upload\\\/1024-1536.jpg?width=1180&amp;height=590&amp;crop=1&quot;},&quot;category&quot;:&quot;\\u00c9v\\u00e9nements \\u00e0 proximit\\u00e9 de l&#039;h\\u00f4tel&quot;,&quot;faq&quot;:[],&quot;event&quot;:&quot;&quot;,&quot;video_url&quot;:&quot;&quot;,&quot;video_embed&quot;:null,&quot;documents&quot;:[],&quot;gallery&quot;:[]}\">\n\n                <!-- Image + badge cat\u00e9gorie -->\n                <div class=\"em-card-img-wrap\">\n                                      <img decoding=\"async\" class=\"em-card-img\" src=\"https:\/\/cdt29.media.tourinsoft.eu\/upload\/1024-1536.jpg?width=1180&#038;height=590&#038;crop=1\" alt=\"Grand march\u00e9 de Morgat\" loading=\"lazy\" onerror=\"this.style.setProperty('display','none','important');this.nextElementSibling.style.display='flex';\">\n                    <div class=\"em-card-placeholder\" style=\"display:none;\">\ud83d\udcf7 Image indisponible<\/div>\n                                    <span class=\"em-card-badge badge-default\">\u00c9v\u00e9nements \u00e0 proximit\u00e9 de l&#039;h\u00f4tel<\/span>\n                <\/div>\n\n                <!-- Contenu de la card -->\n                <div class=\"em-card-body\">\n                  <h3 class=\"em-card-title\">Grand march\u00e9 de Morgat<\/h3>\n\n                  <!-- Tags r\u00e9sum\u00e9s (max 4) -->\n                  <div class=\"em-card-tags\">\n                                                          <\/div>\n\n                  <!-- Champs suppl\u00e9mentaires (max 3) -->\n                  <div class=\"em-card-fields\">\n                                          <div class=\"em-card-field\">\n                        <span class=\"em-card-field-label\">Distance depuis l&#039;h\u00f4tel (km) :<\/span>\n                        <span class=\"em-card-field-value\">0.9<\/span>\n                      <\/div>\n                                          <div class=\"em-card-field\">\n                        <span class=\"em-card-field-label\">Temps de trajet depuis l&#039;h\u00f4tel :<\/span>\n                        <span class=\"em-card-field-value\">5 min<\/span>\n                      <\/div>\n                                          <div class=\"em-card-field\">\n                        <span class=\"em-card-field-label\">R\u00e9servation :<\/span>\n                        <span class=\"em-card-field-value\">Non<\/span>\n                      <\/div>\n                                      <\/div>\n\n                  <!-- Lien vers le d\u00e9tail -->\n                  <div class=\"em-card-footer\">\n                    <span>Voir le d\u00e9tail<\/span>\n                    <svg fill=\"none\" viewBox=\"0 0 24 24\" stroke=\"currentColor\" stroke-width=\"2\">\n                      <path stroke-linecap=\"round\" stroke-linejoin=\"round\" d=\"M13.5 4.5L21 12m0 0l-7.5 7.5M21 12H3\"><\/path>\n                    <\/svg>\n                  <\/div>\n                <\/div>\n              <\/article>\n                          <article class=\"em-card\"\n                data-type=\"evenements-a-proximite-de-lhotel\"\n                data-features=\"\"\n                data-name=\"festival du bout du monde\"\n                data-json=\"{&quot;name&quot;:&quot;Festival du Bout du Monde&quot;,&quot;image&quot;:&quot;https:\\\/\\\/elaia-public.s3.fr-par.scw.cloud\\\/metadata_images\\\/image_69dd429a3af9f.jpg&quot;,&quot;link&quot;:&quot;https:\\\/\\\/www.festivalduboutdumonde.com\\\/&quot;,&quot;data&quot;:{&quot;name&quot;:&quot;Festival du Bout du Monde&quot;,&quot;description&quot;:&quot;Grand festival de musique organis\\u00e9 \\u00e0 Crozon \\u00e0 la Prairie de Landaoudec.&quot;,&quot;distance_km&quot;:4.2,&quot;travel_time&quot;:&quot;10 min&quot;,&quot;category&quot;:[&quot;( ) musique&quot;,&quot;( ) exposition&quot;,&quot;(*) festival&quot;,&quot;( ) foire&quot;,&quot;( ) brocante&quot;,&quot;( ) march\\u00e9&quot;],&quot;target_audience&quot;:[&quot;( ) famille&quot;,&quot;( ) enfants&quot;,&quot;( ) adultes&quot;,&quot;( ) senior&quot;,&quot;(*) ados&quot;],&quot;reservation&quot;:&quot;Oui&quot;,&quot;schedule&quot;:&quot;Du 31 juillet 2026 au 2 ao\\u00fbt 2026.&quot;,&quot;infos_contact&quot;:&quot;Billetterie et informations sur le site du festival.&quot;,&quot;languages_spoken&quot;:&quot;&quot;,&quot;pets_allowed&quot;:&quot;&quot;,&quot;link&quot;:&quot;https:\\\/\\\/www.festivalduboutdumonde.com\\\/&quot;,&quot;image&quot;:&quot;https:\\\/\\\/elaia-public.s3.fr-par.scw.cloud\\\/metadata_images\\\/image_69dd429a3af9f.jpg&quot;},&quot;category&quot;:&quot;\\u00c9v\\u00e9nements \\u00e0 proximit\\u00e9 de l&#039;h\\u00f4tel&quot;,&quot;faq&quot;:[],&quot;event&quot;:&quot;&quot;,&quot;video_url&quot;:&quot;&quot;,&quot;video_embed&quot;:null,&quot;documents&quot;:[],&quot;gallery&quot;:[]}\">\n\n                <!-- Image + badge cat\u00e9gorie -->\n                <div class=\"em-card-img-wrap\">\n                                      <img decoding=\"async\" class=\"em-card-img\" src=\"https:\/\/elaia-public.s3.fr-par.scw.cloud\/metadata_images\/image_69dd429a3af9f.jpg\" alt=\"Festival du Bout du Monde\" loading=\"lazy\" onerror=\"this.style.setProperty('display','none','important');this.nextElementSibling.style.display='flex';\">\n                    <div class=\"em-card-placeholder\" style=\"display:none;\">\ud83d\udcf7 Image indisponible<\/div>\n                                    <span class=\"em-card-badge badge-default\">\u00c9v\u00e9nements \u00e0 proximit\u00e9 de l&#039;h\u00f4tel<\/span>\n                <\/div>\n\n                <!-- Contenu de la card -->\n                <div class=\"em-card-body\">\n                  <h3 class=\"em-card-title\">Festival du Bout du Monde<\/h3>\n\n                  <!-- Tags r\u00e9sum\u00e9s (max 4) -->\n                  <div class=\"em-card-tags\">\n                                                          <\/div>\n\n                  <!-- Champs suppl\u00e9mentaires (max 3) -->\n                  <div class=\"em-card-fields\">\n                                          <div class=\"em-card-field\">\n                        <span class=\"em-card-field-label\">Distance depuis l&#039;h\u00f4tel (km) :<\/span>\n                        <span class=\"em-card-field-value\">4.2<\/span>\n                      <\/div>\n                                          <div class=\"em-card-field\">\n                        <span class=\"em-card-field-label\">Temps de trajet depuis l&#039;h\u00f4tel :<\/span>\n                        <span class=\"em-card-field-value\">10 min<\/span>\n                      <\/div>\n                                          <div class=\"em-card-field\">\n                        <span class=\"em-card-field-label\">R\u00e9servation :<\/span>\n                        <span class=\"em-card-field-value\">Oui<\/span>\n                      <\/div>\n                                      <\/div>\n\n                  <!-- Lien vers le d\u00e9tail -->\n                  <div class=\"em-card-footer\">\n                    <span>Voir le d\u00e9tail<\/span>\n                    <svg fill=\"none\" viewBox=\"0 0 24 24\" stroke=\"currentColor\" stroke-width=\"2\">\n                      <path stroke-linecap=\"round\" stroke-linejoin=\"round\" d=\"M13.5 4.5L21 12m0 0l-7.5 7.5M21 12H3\"><\/path>\n                    <\/svg>\n                  <\/div>\n                <\/div>\n              <\/article>\n                          <article class=\"em-card\"\n                data-type=\"evenements-a-proximite-de-lhotel\"\n                data-features=\"\"\n                data-name=\"denez\"\n                data-json=\"{&quot;name&quot;:&quot;Denez&quot;,&quot;image&quot;:&quot;https:\\\/\\\/static.wixstatic.com\\\/media\\\/5481f0_e544924545f140d480e784b60f8c4a89~mv2.jpg\\\/v1\\\/fill\\\/w_2110,h_974,al_c,q_90,usm_0.66_1.00_0.01,enc_avif,quality_auto\\\/OK%20N16_edited.jpg&quot;,&quot;link&quot;:&quot;https:\\\/\\\/www.denezprigent.com\\\/&quot;,&quot;data&quot;:{&quot;name&quot;:&quot;Denez&quot;,&quot;description&quot;:&quot;Concert acoustique de Denez, m\\u00ealant gwerz traditionnelles et compositions accompagn\\u00e9es par des instrumentistes.&quot;,&quot;distance_km&quot;:3.5,&quot;travel_time&quot;:&quot;8 min&quot;,&quot;category&quot;:[&quot;(*) musique&quot;,&quot;( ) exposition&quot;,&quot;( ) festival&quot;,&quot;( ) foire&quot;,&quot;( ) brocante&quot;,&quot;( ) march\\u00e9&quot;],&quot;target_audience&quot;:[&quot;( ) famille&quot;,&quot;( ) enfants&quot;,&quot;(*) adultes&quot;,&quot;( ) senior&quot;,&quot;( ) ados&quot;],&quot;reservation&quot;:&quot;Oui&quot;,&quot;schedule&quot;:&quot;Le 11 avril 2026 de 20h30 \\u00e0 22h30.&quot;,&quot;infos_contact&quot;:&quot;Billetterie Quai Ouest Musiques. Tarif sur r\\u00e9servation conseill\\u00e9.&quot;,&quot;languages_spoken&quot;:&quot;&quot;,&quot;pets_allowed&quot;:&quot;&quot;,&quot;link&quot;:&quot;https:\\\/\\\/www.denezprigent.com\\\/&quot;,&quot;image&quot;:&quot;https:\\\/\\\/static.wixstatic.com\\\/media\\\/5481f0_e544924545f140d480e784b60f8c4a89~mv2.jpg\\\/v1\\\/fill\\\/w_2110,h_974,al_c,q_90,usm_0.66_1.00_0.01,enc_avif,quality_auto\\\/OK%20N16_edited.jpg&quot;},&quot;category&quot;:&quot;\\u00c9v\\u00e9nements \\u00e0 proximit\\u00e9 de l&#039;h\\u00f4tel&quot;,&quot;faq&quot;:[],&quot;event&quot;:&quot;&quot;,&quot;video_url&quot;:&quot;&quot;,&quot;video_embed&quot;:null,&quot;documents&quot;:[],&quot;gallery&quot;:[]}\">\n\n                <!-- Image + badge cat\u00e9gorie -->\n                <div class=\"em-card-img-wrap\">\n                                      <img decoding=\"async\" class=\"em-card-img\" src=\"https:\/\/static.wixstatic.com\/media\/5481f0_e544924545f140d480e784b60f8c4a89~mv2.jpg\/v1\/fill\/w_2110,h_974,al_c,q_90,usm_0.66_1.00_0.01,enc_avif,quality_auto\/OK%20N16_edited.jpg\" alt=\"Denez\" loading=\"lazy\" onerror=\"this.style.setProperty('display','none','important');this.nextElementSibling.style.display='flex';\">\n                    <div class=\"em-card-placeholder\" style=\"display:none;\">\ud83d\udcf7 Image indisponible<\/div>\n                                    <span class=\"em-card-badge badge-default\">\u00c9v\u00e9nements \u00e0 proximit\u00e9 de l&#039;h\u00f4tel<\/span>\n                <\/div>\n\n                <!-- Contenu de la card -->\n                <div class=\"em-card-body\">\n                  <h3 class=\"em-card-title\">Denez<\/h3>\n\n                  <!-- Tags r\u00e9sum\u00e9s (max 4) -->\n                  <div class=\"em-card-tags\">\n                                                          <\/div>\n\n                  <!-- Champs suppl\u00e9mentaires (max 3) -->\n                  <div class=\"em-card-fields\">\n                                          <div class=\"em-card-field\">\n                        <span class=\"em-card-field-label\">Distance depuis l&#039;h\u00f4tel (km) :<\/span>\n                        <span class=\"em-card-field-value\">3.5<\/span>\n                      <\/div>\n                                          <div class=\"em-card-field\">\n                        <span class=\"em-card-field-label\">Temps de trajet depuis l&#039;h\u00f4tel :<\/span>\n                        <span class=\"em-card-field-value\">8 min<\/span>\n                      <\/div>\n                                          <div class=\"em-card-field\">\n                        <span class=\"em-card-field-label\">R\u00e9servation :<\/span>\n                        <span class=\"em-card-field-value\">Oui<\/span>\n                      <\/div>\n                                      <\/div>\n\n                  <!-- Lien vers le d\u00e9tail -->\n                  <div class=\"em-card-footer\">\n                    <span>Voir le d\u00e9tail<\/span>\n                    <svg fill=\"none\" viewBox=\"0 0 24 24\" stroke=\"currentColor\" stroke-width=\"2\">\n                      <path stroke-linecap=\"round\" stroke-linejoin=\"round\" d=\"M13.5 4.5L21 12m0 0l-7.5 7.5M21 12H3\"><\/path>\n                    <\/svg>\n                  <\/div>\n                <\/div>\n              <\/article>\n                          <article class=\"em-card\"\n                data-type=\"evenements-locaux-6\"\n                data-features=\"\"\n                data-name=\"visite guid\u00e9e \u00ab\u00a0les rendez-vous de la pointe\u00a0\u00bb\"\n                data-json=\"{&quot;name&quot;:&quot;Visite guid\\u00e9e \\u00ab\\u00a0Les rendez-vous de la Pointe\\u00a0\\u00bb&quot;,&quot;image&quot;:&quot;&quot;,&quot;link&quot;:&quot;https:\\\/\\\/www.toutcommenceenfinistere.com\\\/pointe-du-raz\\\/preparer-sa-visite\\\/&quot;,&quot;data&quot;:{&quot;titre&quot;:&quot;Visite guid\\u00e9e \\u00ab\\u00a0Les rendez-vous de la Pointe\\u00a0\\u00bb&quot;,&quot;description&quot;:&quot;Comprendre un paysage d\\u2019exception, en famille.\\n\\nCette visite guid\\u00e9e invite petits et grands \\u00e0 d\\u00e9couvrir les paysages spectaculaires de la Pointe du Raz et \\u00e0 comprendre ce qui fait la singularit\\u00e9 de ce site embl\\u00e9matique du Finist\\u00e8re. Au fil du parcours, le guide d\\u00e9crypte la formation des falaises, l\\u2019influence des vents et des courants, ainsi que l\\u2019histoire humaine intimement li\\u00e9e \\u00e0 ce bout du monde. Anecdotes, observations et \\u00e9changes rythment la visite, pens\\u00e9e pour \\u00eatre accessible et ludique. Une formule id\\u00e9ale pour une premi\\u00e8re approche du site, \\u00e0 partager en famille, entre terre et mer.\\n\\nD\\u00e9part du s\\u00e9maphore (\\u00e0 800 m du parking) - Dur\\u00e9e 1h&quot;,&quot;categorie&quot;:&quot;Sport &amp; randonn\\u00e9e&quot;,&quot;ville&quot;:&quot;Plogoff&quot;,&quot;code_postal&quot;:&quot;29770&quot;,&quot;name&quot;:&quot;Visite guid\\u00e9e \\u00ab\\u00a0Les rendez-vous de la Pointe\\u00a0\\u00bb&quot;,&quot;latitude&quot;:&quot;48.0408590&quot;,&quot;longitude&quot;:&quot;-4.6709770&quot;,&quot;link&quot;:&quot;https:\\\/\\\/www.toutcommenceenfinistere.com\\\/pointe-du-raz\\\/preparer-sa-visite\\\/&quot;},&quot;category&quot;:&quot;\\u00c9v\\u00e9nements locaux&quot;,&quot;faq&quot;:[],&quot;event&quot;:&quot;Du 13\\\/09\\\/2026 \\u00e0 16:00 au 13\\\/09\\\/2026 \\u00e0 23:59&quot;,&quot;video_url&quot;:&quot;&quot;,&quot;video_embed&quot;:null,&quot;documents&quot;:[],&quot;gallery&quot;:[]}\">\n\n                <!-- Image + badge cat\u00e9gorie -->\n                <div class=\"em-card-img-wrap\">\n                                      <div class=\"em-card-placeholder\">\ud83d\udcf7 Pas d'image<\/div>\n                                    <span class=\"em-card-badge badge-default\">\u00c9v\u00e9nements locaux<\/span>\n                <\/div>\n\n                <!-- Contenu de la card -->\n                <div class=\"em-card-body\">\n                  <h3 class=\"em-card-title\">Visite guid\u00e9e \u00ab\u00a0Les rendez-vous de la Pointe\u00a0\u00bb<\/h3>\n\n                  <!-- Tags r\u00e9sum\u00e9s (max 4) -->\n                  <div class=\"em-card-tags\">\n                                                          <\/div>\n\n                  <!-- Champs suppl\u00e9mentaires (max 3) -->\n                  <div class=\"em-card-fields\">\n                                          <div class=\"em-card-field\">\n                        <span class=\"em-card-field-label\">Titre :<\/span>\n                        <span class=\"em-card-field-value\">Visite guid\u00e9e \u00ab\u00a0Les rendez-vous de la Pointe\u00a0\u00bb<\/span>\n                      <\/div>\n                                          <div class=\"em-card-field\">\n                        <span class=\"em-card-field-label\">Cat\u00e9gorie :<\/span>\n                        <span class=\"em-card-field-value\">Sport &amp; randonn\u00e9e<\/span>\n                      <\/div>\n                                          <div class=\"em-card-field\">\n                        <span class=\"em-card-field-label\">Ville :<\/span>\n                        <span class=\"em-card-field-value\">Plogoff<\/span>\n                      <\/div>\n                                      <\/div>\n\n                  <!-- Lien vers le d\u00e9tail -->\n                  <div class=\"em-card-footer\">\n                    <span>Voir le d\u00e9tail<\/span>\n                    <svg fill=\"none\" viewBox=\"0 0 24 24\" stroke=\"currentColor\" stroke-width=\"2\">\n                      <path stroke-linecap=\"round\" stroke-linejoin=\"round\" d=\"M13.5 4.5L21 12m0 0l-7.5 7.5M21 12H3\"><\/path>\n                    <\/svg>\n                  <\/div>\n                <\/div>\n              <\/article>\n                          <article class=\"em-card\"\n                data-type=\"evenements-locaux-6\"\n                data-features=\"\"\n                data-name=\"navire amiral - exposition\"\n                data-json=\"{&quot;name&quot;:&quot;Navire Amiral - Exposition&quot;,&quot;image&quot;:&quot;&quot;,&quot;link&quot;:&quot;https:\\\/\\\/www.ateliersdescapucins.fr\\\/fr\\\/programmation&quot;,&quot;data&quot;:{&quot;titre&quot;:&quot;Navire Amiral - Exposition&quot;,&quot;description&quot;:&quot;Dans le cadre du 10\\u00e8me anniversaire des Ateliers des Capucins, d\\u00e9couvrez cette exposition propos\\u00e9e en partenariat avec La Com\\u00e9die-Fran\\u00e7aise et la Marine Nationale.\\n\\nCordages, coulisses, superpositions... Les gestes et rituels de la Marine Nationale et de la Com\\u00e9die-Fran\\u00e7aise se r\\u00e9pondent et nourrissent un imaginaire commun. \\u00c0 travers ses photographies, St\\u00e9phane Lavou\\u00e9 brouille les rep\\u00e8res : sommes-nous sur sc\\u00e8ne ou \\u00e0 bord d\\u2019un navire ? \\n\\nEn r\\u00e9sidence associ\\u00e9e aux mandats d\\u2019\\u00c9ric Ruf a\\u0300 la Com\\u00e9die-Fran\\u00e7aise depuis 2015, St\\u00e9phane Lavou\\u00e9 a multipli\\u00e9\\u0301 les projets pendant dix ans au sein de la maison de Moli\\u00e8re : portraits officiels de la troupe, s\\u00e9rie sur les loges des com\\u00e9diens (Les Loges du Fran\\u00e7ais, ed. Gallimard), affiches de saison, travail au long court sur les \\u00ab servitudes \\u00bb, m\\u00e9tiers du th\\u00e9\\u00e2tre au service du plateau. Pendant ces ann\\u00e9es de r\\u00e9sidence dans les entrailles du \\u00ab navire amiral \\u00bb du premier th\\u00e9\\u00e2tre public fran\\u00e7ais, il a eu l\\u2019impression de vivre un embarquement immobile. Plonge\\u0301 dans un b\\u00e2timent sans fen\\u00eatres, au milieu du plateau-passerelle ou perche\\u0301 dans les cintres encombr\\u00e9s de c\\u00e2bles et de bouts, il a eu la sensation de parcourir les coursives d\\u2019une fr\\u00e9gate et de vivre une patrouille d\\u2019un sous-marin nucl\\u00e9aire.\\n\\nA une \\u00e9poque ou\\u0300 les marins, afin d\\u2019\\u00e9viter les p\\u00e9rils, ne naviguaient plus l\\u2019hiver, ils servaient dans les th\\u00e9\\u00e2tres. Leur connaissance des n\\u0153uds, des bouts, des poulies, des \\u00e9lingues et leur habilite\\u0301 a\\u0300 man\\u0153uvrer vite et en nombre dans un espace r\\u00e9duit faisait d\\u2019eux de parfaits machinistes. Ils sont en effet a\\u0300 l\\u2019origine de nombreuses traditions et superstitions encore tr\\u00e8s vivaces dans les th\\u00e9\\u00e2tres, comme le photographe a pu les vivre en c\\u00f4toyant l\\u2019\\u00e9quipage de la Com\\u00e9die-Fran\\u00e7aise. \\n\\nDepuis longtemps, les marins ont quitt\\u00e9\\u0301 depuis bien longtemps les coulisses de la salle Richelieu, les traditions, elles, demeurent. St\\u00e9phane Lavou\\u00e9 a eu tre\\u0300s envie d\\u2019aller voir si, a\\u0300 bord des navires de la Royale, ces traditions e\\u0301taient encore vivaces. Et si oui, de quelles manie\\u0300res elles pouvaient contribuer a\\u0300 the\\u0301a\\u0302traliser le quotidien des marins embarque\\u0301s sur ces ba\\u0302timents militaires de nouvelle ge\\u0301ne\\u0301ration. Ainsi, il a obtenu les autorisations pour embarquer a\\u0300 bord des trois navires emble\\u0301matiques de la flotte franc\\u0327aise.\\nLa FREMM la Bretagne, le SNLE Le Te\\u0301me\\u0301raire, le Porte-avions Charles De Gaulle.\\n\\nVisites guid\\u00e9es : Du 12\\\/06\\\/2026 au 20\\\/09\\\/2026\\nGratuit, sur inscription.\\nDur\\u00e9e de la visite guid\\u00e9e : entre 45 minutes et 1 heure. \\nHors vacances scolaires : Chaque weekend \\u00e0 15h00.\\nEn p\\u00e9riode de vacances scolaires : Tous les jours \\u00e0 15h00.&quot;,&quot;categorie&quot;:&quot;En famille&quot;,&quot;ville&quot;:&quot;Brest&quot;,&quot;code_postal&quot;:&quot;29200&quot;,&quot;name&quot;:&quot;Navire Amiral - Exposition&quot;,&quot;latitude&quot;:&quot;48.3894000&quot;,&quot;longitude&quot;:&quot;-4.4992400&quot;,&quot;link&quot;:&quot;https:\\\/\\\/www.ateliersdescapucins.fr\\\/fr\\\/programmation&quot;},&quot;category&quot;:&quot;\\u00c9v\\u00e9nements locaux&quot;,&quot;faq&quot;:[],&quot;event&quot;:&quot;Du 12\\\/06\\\/2026 au 20\\\/09\\\/2026 \\u00e0 23:59&quot;,&quot;video_url&quot;:&quot;&quot;,&quot;video_embed&quot;:null,&quot;documents&quot;:[],&quot;gallery&quot;:[]}\">\n\n                <!-- Image + badge cat\u00e9gorie -->\n                <div class=\"em-card-img-wrap\">\n                                      <div class=\"em-card-placeholder\">\ud83d\udcf7 Pas d'image<\/div>\n                                    <span class=\"em-card-badge badge-default\">\u00c9v\u00e9nements locaux<\/span>\n                <\/div>\n\n                <!-- Contenu de la card -->\n                <div class=\"em-card-body\">\n                  <h3 class=\"em-card-title\">Navire Amiral - Exposition<\/h3>\n\n                  <!-- Tags r\u00e9sum\u00e9s (max 4) -->\n                  <div class=\"em-card-tags\">\n                                                          <\/div>\n\n                  <!-- Champs suppl\u00e9mentaires (max 3) -->\n                  <div class=\"em-card-fields\">\n                                          <div class=\"em-card-field\">\n                        <span class=\"em-card-field-label\">Titre :<\/span>\n                        <span class=\"em-card-field-value\">Navire Amiral - Exposition<\/span>\n                      <\/div>\n                                          <div class=\"em-card-field\">\n                        <span class=\"em-card-field-label\">Cat\u00e9gorie :<\/span>\n                        <span class=\"em-card-field-value\">En famille<\/span>\n                      <\/div>\n                                          <div class=\"em-card-field\">\n                        <span class=\"em-card-field-label\">Ville :<\/span>\n                        <span class=\"em-card-field-value\">Brest<\/span>\n                      <\/div>\n                                      <\/div>\n\n                  <!-- Lien vers le d\u00e9tail -->\n                  <div class=\"em-card-footer\">\n                    <span>Voir le d\u00e9tail<\/span>\n                    <svg fill=\"none\" viewBox=\"0 0 24 24\" stroke=\"currentColor\" stroke-width=\"2\">\n                      <path stroke-linecap=\"round\" stroke-linejoin=\"round\" d=\"M13.5 4.5L21 12m0 0l-7.5 7.5M21 12H3\"><\/path>\n                    <\/svg>\n                  <\/div>\n                <\/div>\n              <\/article>\n                          <article class=\"em-card\"\n                data-type=\"evenements-locaux-6\"\n                data-features=\"\"\n                data-name=\"cin\u00e9mas douarnenez\"\n                data-json=\"{&quot;name&quot;:&quot;Cin\\u00e9mas Douarnenez&quot;,&quot;image&quot;:&quot;&quot;,&quot;link&quot;:&quot;http:\\\/\\\/www.cinemaleclub.fr\\\/&quot;,&quot;data&quot;:{&quot;titre&quot;:&quot;Cin\\u00e9mas Douarnenez&quot;,&quot;description&quot;:&quot;Consultez le programme des cin\\u00e9mas de Douarnenez sur leurs sites : \\nCin\\u00e9ma Le Club 39 rue Berthelot : www.cinemaleclub.fr \\nCin\\u00e9ma La Balise 39 rue Louis Pasteur : www.cinemalabalise.fr&quot;,&quot;categorie&quot;:&quot;Spectacles &amp; cin\\u00e9ma&quot;,&quot;ville&quot;:&quot;Douarnenez&quot;,&quot;code_postal&quot;:&quot;29100&quot;,&quot;name&quot;:&quot;Cin\\u00e9mas Douarnenez&quot;,&quot;latitude&quot;:&quot;48.0924200&quot;,&quot;longitude&quot;:&quot;-4.3304100&quot;,&quot;link&quot;:&quot;http:\\\/\\\/www.cinemaleclub.fr\\\/&quot;},&quot;category&quot;:&quot;\\u00c9v\\u00e9nements locaux&quot;,&quot;faq&quot;:[],&quot;event&quot;:&quot;Du 01\\\/01\\\/2026 au 31\\\/12\\\/2026 \\u00e0 23:59&quot;,&quot;video_url&quot;:&quot;&quot;,&quot;video_embed&quot;:null,&quot;documents&quot;:[],&quot;gallery&quot;:[]}\">\n\n                <!-- Image + badge cat\u00e9gorie -->\n                <div class=\"em-card-img-wrap\">\n                                      <div class=\"em-card-placeholder\">\ud83d\udcf7 Pas d'image<\/div>\n                                    <span class=\"em-card-badge badge-default\">\u00c9v\u00e9nements locaux<\/span>\n                <\/div>\n\n                <!-- Contenu de la card -->\n                <div class=\"em-card-body\">\n                  <h3 class=\"em-card-title\">Cin\u00e9mas Douarnenez<\/h3>\n\n                  <!-- Tags r\u00e9sum\u00e9s (max 4) -->\n                  <div class=\"em-card-tags\">\n                                                          <\/div>\n\n                  <!-- Champs suppl\u00e9mentaires (max 3) -->\n                  <div class=\"em-card-fields\">\n                                          <div class=\"em-card-field\">\n                        <span class=\"em-card-field-label\">Titre :<\/span>\n                        <span class=\"em-card-field-value\">Cin\u00e9mas Douarnenez<\/span>\n                      <\/div>\n                                          <div class=\"em-card-field\">\n                        <span class=\"em-card-field-label\">Cat\u00e9gorie :<\/span>\n                        <span class=\"em-card-field-value\">Spectacles &amp; cin\u00e9ma<\/span>\n                      <\/div>\n                                          <div class=\"em-card-field\">\n                        <span class=\"em-card-field-label\">Ville :<\/span>\n                        <span class=\"em-card-field-value\">Douarnenez<\/span>\n                      <\/div>\n                                      <\/div>\n\n                  <!-- Lien vers le d\u00e9tail -->\n                  <div class=\"em-card-footer\">\n                    <span>Voir le d\u00e9tail<\/span>\n                    <svg fill=\"none\" viewBox=\"0 0 24 24\" stroke=\"currentColor\" stroke-width=\"2\">\n                      <path stroke-linecap=\"round\" stroke-linejoin=\"round\" d=\"M13.5 4.5L21 12m0 0l-7.5 7.5M21 12H3\"><\/path>\n                    <\/svg>\n                  <\/div>\n                <\/div>\n              <\/article>\n                          <article class=\"em-card\"\n                data-type=\"evenements-locaux-6\"\n                data-features=\"\"\n                data-name=\"march\u00e9 des ateliers\"\n                data-json=\"{&quot;name&quot;:&quot;March\\u00e9 des Ateliers&quot;,&quot;image&quot;:&quot;&quot;,&quot;link&quot;:&quot;&quot;,&quot;data&quot;:{&quot;titre&quot;:&quot;March\\u00e9 des Ateliers&quot;,&quot;description&quot;:&quot;Artisanes, artisans et artistes des ateliers Jean Moulin vous ouvrent leurs ateliers tous les mercredis de l\\u2019\\u00e9t\\u00e9. C\\u00e9ramiques, peintures, impressions textiles, sculptures et bien plus\\u2026 venez fl\\u00e2ner et d\\u00e9couvrir leurs activit\\u00e9s dans un lieu foisonnant \\u00e0 deux pas du sentier des douaniers !&quot;,&quot;categorie&quot;:&quot;March\\u00e9s &amp; foires&quot;,&quot;ville&quot;:&quot;Plouhinec&quot;,&quot;code_postal&quot;:&quot;29780&quot;,&quot;name&quot;:&quot;March\\u00e9 des Ateliers&quot;,&quot;latitude&quot;:&quot;48.0176766&quot;,&quot;longitude&quot;:&quot;-4.5304275&quot;},&quot;category&quot;:&quot;\\u00c9v\\u00e9nements locaux&quot;,&quot;faq&quot;:[],&quot;event&quot;:&quot;Du 01\\\/07\\\/2026 \\u00e0 14:00 au 02\\\/09\\\/2026 \\u00e0 23:59&quot;,&quot;video_url&quot;:&quot;&quot;,&quot;video_embed&quot;:null,&quot;documents&quot;:[],&quot;gallery&quot;:[]}\">\n\n                <!-- Image + badge cat\u00e9gorie -->\n                <div class=\"em-card-img-wrap\">\n                                      <div class=\"em-card-placeholder\">\ud83d\udcf7 Pas d'image<\/div>\n                                    <span class=\"em-card-badge badge-default\">\u00c9v\u00e9nements locaux<\/span>\n                <\/div>\n\n                <!-- Contenu de la card -->\n                <div class=\"em-card-body\">\n                  <h3 class=\"em-card-title\">March\u00e9 des Ateliers<\/h3>\n\n                  <!-- Tags r\u00e9sum\u00e9s (max 4) -->\n                  <div class=\"em-card-tags\">\n                                                          <\/div>\n\n                  <!-- Champs suppl\u00e9mentaires (max 3) -->\n                  <div class=\"em-card-fields\">\n                                          <div class=\"em-card-field\">\n                        <span class=\"em-card-field-label\">Titre :<\/span>\n                        <span class=\"em-card-field-value\">March\u00e9 des Ateliers<\/span>\n                      <\/div>\n                                          <div class=\"em-card-field\">\n                        <span class=\"em-card-field-label\">Cat\u00e9gorie :<\/span>\n                        <span class=\"em-card-field-value\">March\u00e9s &amp; foires<\/span>\n                      <\/div>\n                                          <div class=\"em-card-field\">\n                        <span class=\"em-card-field-label\">Ville :<\/span>\n                        <span class=\"em-card-field-value\">Plouhinec<\/span>\n                      <\/div>\n                                      <\/div>\n\n                  <!-- Lien vers le d\u00e9tail -->\n                  <div class=\"em-card-footer\">\n                    <span>Voir le d\u00e9tail<\/span>\n                    <svg fill=\"none\" viewBox=\"0 0 24 24\" stroke=\"currentColor\" stroke-width=\"2\">\n                      <path stroke-linecap=\"round\" stroke-linejoin=\"round\" d=\"M13.5 4.5L21 12m0 0l-7.5 7.5M21 12H3\"><\/path>\n                    <\/svg>\n                  <\/div>\n                <\/div>\n              <\/article>\n                          <article class=\"em-card\"\n                data-type=\"evenements-locaux-6\"\n                data-features=\"\"\n                data-name=\"visite guid\u00e9e du ch\u00e2teau de kerveatoux\"\n                data-json=\"{&quot;name&quot;:&quot;Visite guid\\u00e9e du ch\\u00e2teau de Kerveatoux&quot;,&quot;image&quot;:&quot;&quot;,&quot;link&quot;:&quot;http:\\\/\\\/www.kerveatoux.fr\\\/&quot;,&quot;data&quot;:{&quot;titre&quot;:&quot;Visite guid\\u00e9e du ch\\u00e2teau de Kerveatoux&quot;,&quot;description&quot;:&quot;Le mercredi, samedi et dimanche (sauf les 4 et 5 juillet et les 15 et 16 ao\\u00fbt).\\n\\nNous vous proposons la d\\u00e9couverte du ch\\u00e2teau de Kerveatoux lors d&#039;une balade guid\\u00e9e\\u00a0autour du ch\\u00e2teau afin de d\\u00e9couvrir ce beau manoir breton du XV\\u00e8me si\\u00e8cle qui a, par la suite, \\u00e9t\\u00e9 transform\\u00e9\\u00a0en ch\\u00e2teau romantique \\u00e0 la fin du XIX\\u00e8me si\\u00e8cle. Vous y d\\u00e9couvrirez \\u00e9tang, moulins, pigeonnier, canons, tours... Ainsi que de multiples histoires comme celle de la grille du diable, celle de\\u00a0l&#039;occupation du lieu par les allemands,\\u00a0des canons pris \\u00e0 l&#039;abordage en Crim\\u00e9e, ou encore l&#039;histoire des familles Russel de Bedford et Taisne, propri\\u00e9taire des lieux depuis 1845.\\n\\nLe th\\u00e8me de la visite est l&#039;histoire du ch\\u00e2teau, vie agricole et occupation allemande. Elle inclut la visite de la serre, de la basse cour, des \\u00e9curies et des machines agricoles. Elle permet de d\\u00e9couvrir un bunker, les outils de la vie quotidienne de la vie paysanne, la serre avec sa vigne du XIX\\u00e8me si\\u00e8cle et le cam\\u00e9lia de Picasso. \\n\\nSitu\\u00e9 \\u00e0 5 minutes de St Renan, de Plouarzel, et \\u00e0 proximit\\u00e9 du menhir de Kerloas, le ch\\u00e2teau de Kerveatoux, cach\\u00e9 au c\\u0153ur des arbres vous accueille pour une charmante visite guid\\u00e9e d&#039;1h30 en ext\\u00e9rieur, qui saura ravir petits et grands.\\n\\nProfitez-en pour aller voir le menhir de Kerloas ! Situ\\u00e9 \\u00e0 quelques kilom\\u00e8tres du ch\\u00e2teau, le plus haut menhir du monde saura vous impressionner gr\\u00e2ce \\u00e0 ses 9,50 m\\u00e8tres de haut.&quot;,&quot;categorie&quot;:&quot;Autres \\u00e9v\\u00e9nements&quot;,&quot;ville&quot;:&quot;Plouarzel&quot;,&quot;code_postal&quot;:&quot;29810&quot;,&quot;name&quot;:&quot;Visite guid\\u00e9e du ch\\u00e2teau de Kerveatoux&quot;,&quot;latitude&quot;:&quot;48.4335510&quot;,&quot;longitude&quot;:&quot;-4.6611348&quot;,&quot;link&quot;:&quot;http:\\\/\\\/www.kerveatoux.fr\\\/&quot;},&quot;category&quot;:&quot;\\u00c9v\\u00e9nements locaux&quot;,&quot;faq&quot;:[],&quot;event&quot;:&quot;Du 01\\\/07\\\/2026 \\u00e0 17:00 au 31\\\/08\\\/2026 \\u00e0 23:59&quot;,&quot;video_url&quot;:&quot;&quot;,&quot;video_embed&quot;:null,&quot;documents&quot;:[],&quot;gallery&quot;:[]}\">\n\n                <!-- Image + badge cat\u00e9gorie -->\n                <div class=\"em-card-img-wrap\">\n                                      <div class=\"em-card-placeholder\">\ud83d\udcf7 Pas d'image<\/div>\n                                    <span class=\"em-card-badge badge-default\">\u00c9v\u00e9nements locaux<\/span>\n                <\/div>\n\n                <!-- Contenu de la card -->\n                <div class=\"em-card-body\">\n                  <h3 class=\"em-card-title\">Visite guid\u00e9e du ch\u00e2teau de Kerveatoux<\/h3>\n\n                  <!-- Tags r\u00e9sum\u00e9s (max 4) -->\n                  <div class=\"em-card-tags\">\n                                                          <\/div>\n\n                  <!-- Champs suppl\u00e9mentaires (max 3) -->\n                  <div class=\"em-card-fields\">\n                                          <div class=\"em-card-field\">\n                        <span class=\"em-card-field-label\">Titre :<\/span>\n                        <span class=\"em-card-field-value\">Visite guid\u00e9e du ch\u00e2teau de Kerveatoux<\/span>\n                      <\/div>\n                                          <div class=\"em-card-field\">\n                        <span class=\"em-card-field-label\">Cat\u00e9gorie :<\/span>\n                        <span class=\"em-card-field-value\">Autres \u00e9v\u00e9nements<\/span>\n                      <\/div>\n                                          <div class=\"em-card-field\">\n                        <span class=\"em-card-field-label\">Ville :<\/span>\n                        <span class=\"em-card-field-value\">Plouarzel<\/span>\n                      <\/div>\n                                      <\/div>\n\n                  <!-- Lien vers le d\u00e9tail -->\n                  <div class=\"em-card-footer\">\n                    <span>Voir le d\u00e9tail<\/span>\n                    <svg fill=\"none\" viewBox=\"0 0 24 24\" stroke=\"currentColor\" stroke-width=\"2\">\n                      <path stroke-linecap=\"round\" stroke-linejoin=\"round\" d=\"M13.5 4.5L21 12m0 0l-7.5 7.5M21 12H3\"><\/path>\n                    <\/svg>\n                  <\/div>\n                <\/div>\n              <\/article>\n                          <article class=\"em-card\"\n                data-type=\"evenements-locaux-6\"\n                data-features=\"\"\n                data-name=\"s\u00e9jour rando sur le gr34\u00ae. pointe du raz - ile de sein 6j\/6n\"\n                data-json=\"{&quot;name&quot;:&quot;S\\u00e9jour rando sur le GR34\\u00ae. Pointe du Raz - Ile de Sein 6J\\\/6N&quot;,&quot;image&quot;:&quot;&quot;,&quot;link&quot;:&quot;https:\\\/\\\/www.sentiersmaritimes.com\\\/rando-accompagnee-bretagne-normandie\\\/221-la-pointe-du-raz-et-l-ile-de-sein.html&quot;,&quot;data&quot;:{&quot;titre&quot;:&quot;S\\u00e9jour rando sur le GR34\\u00ae. Pointe du Raz - Ile de Sein 6J\\\/6N&quot;,&quot;description&quot;:&quot;Six jours de rando accompagn\\u00e9e sur la c\\u00f4te qui surplombe la mer d&#039;Iroise. Du Raz de Sein \\u00e0 la Baie de Douarnenez, pouss\\u00e9s par un l\\u00e9ger vent de noiro\\u00eet ou (d\\u00e9)coiff\\u00e9s par les embruns, suivez Marie ! au d\\u00e9tour du sentier, elle vous emm\\u00e8ne \\u00e0 la rencontre de l&#039;\\u00e2me du Cap-Sizun. Et vous embarque jusque l&#039;\\u00eele de Sein pour une escapade de l&#039;autre c\\u00f4t\\u00e9 de l&#039;horizon ...\\nH\\u00e9berg\\u00e9s dans un g\\u00eete con\\u00e7u pour les randonneurs, vous profiterez de repas confectionn\\u00e9s \\u00e0 partir de produits locaux de qualit\\u00e9.&quot;,&quot;categorie&quot;:&quot;Sport &amp; randonn\\u00e9e&quot;,&quot;ville&quot;:&quot;Plogoff&quot;,&quot;code_postal&quot;:&quot;29770&quot;,&quot;name&quot;:&quot;S\\u00e9jour rando sur le GR34\\u00ae. Pointe du Raz - Ile de Sein 6J\\\/6N&quot;,&quot;latitude&quot;:&quot;48.0366740&quot;,&quot;longitude&quot;:&quot;-4.6664990&quot;,&quot;link&quot;:&quot;https:\\\/\\\/www.sentiersmaritimes.com\\\/rando-accompagnee-bretagne-normandie\\\/221-la-pointe-du-raz-et-l-ile-de-sein.html&quot;},&quot;category&quot;:&quot;\\u00c9v\\u00e9nements locaux&quot;,&quot;faq&quot;:[],&quot;event&quot;:&quot;Du 30\\\/08\\\/2026 au 04\\\/09\\\/2026 \\u00e0 23:59&quot;,&quot;video_url&quot;:&quot;&quot;,&quot;video_embed&quot;:null,&quot;documents&quot;:[],&quot;gallery&quot;:[]}\">\n\n                <!-- Image + badge cat\u00e9gorie -->\n                <div class=\"em-card-img-wrap\">\n                                      <div class=\"em-card-placeholder\">\ud83d\udcf7 Pas d'image<\/div>\n                                    <span class=\"em-card-badge badge-default\">\u00c9v\u00e9nements locaux<\/span>\n                <\/div>\n\n                <!-- Contenu de la card -->\n                <div class=\"em-card-body\">\n                  <h3 class=\"em-card-title\">S\u00e9jour rando sur le GR34\u00ae. Pointe du Raz - Ile de Sein 6J\/6N<\/h3>\n\n                  <!-- Tags r\u00e9sum\u00e9s (max 4) -->\n                  <div class=\"em-card-tags\">\n                                                          <\/div>\n\n                  <!-- Champs suppl\u00e9mentaires (max 3) -->\n                  <div class=\"em-card-fields\">\n                                          <div class=\"em-card-field\">\n                        <span class=\"em-card-field-label\">Titre :<\/span>\n                        <span class=\"em-card-field-value\">S\u00e9jour rando sur le GR34\u00ae. Pointe du Raz - Ile de Sein 6J\/6N<\/span>\n                      <\/div>\n                                          <div class=\"em-card-field\">\n                        <span class=\"em-card-field-label\">Cat\u00e9gorie :<\/span>\n                        <span class=\"em-card-field-value\">Sport &amp; randonn\u00e9e<\/span>\n                      <\/div>\n                                          <div class=\"em-card-field\">\n                        <span class=\"em-card-field-label\">Ville :<\/span>\n                        <span class=\"em-card-field-value\">Plogoff<\/span>\n                      <\/div>\n                                      <\/div>\n\n                  <!-- Lien vers le d\u00e9tail -->\n                  <div class=\"em-card-footer\">\n                    <span>Voir le d\u00e9tail<\/span>\n                    <svg fill=\"none\" viewBox=\"0 0 24 24\" stroke=\"currentColor\" stroke-width=\"2\">\n                      <path stroke-linecap=\"round\" stroke-linejoin=\"round\" d=\"M13.5 4.5L21 12m0 0l-7.5 7.5M21 12H3\"><\/path>\n                    <\/svg>\n                  <\/div>\n                <\/div>\n              <\/article>\n                          <article class=\"em-card\"\n                data-type=\"evenements-locaux-6\"\n                data-features=\"\"\n                data-name=\"gef\u00fchrter fotospaziergang durch douarnenez\"\n                data-json=\"{&quot;name&quot;:&quot;Gef\\u00fchrter Fotospaziergang durch Douarnenez&quot;,&quot;image&quot;:&quot;&quot;,&quot;link&quot;:&quot;http:\\\/\\\/www.douarnenez-tourisme.com\\\/&quot;,&quot;data&quot;:{&quot;titre&quot;:&quot;Gef\\u00fchrter Fotospaziergang durch Douarnenez&quot;,&quot;description&quot;:&quot;Gef\\u00fchrter Fotospaziergang durch Douarnenez :\\nEntdecken Sie mit dem Marco-Polo-Autor und erfahrenen Reiseleiter Errol Friedhelm Karakoc die Hafenstadt und ihre K\\u00f6nigin, die Sardine. Auf den Spuren der hiesigen Fischer begegnen Sie streitbaren Damen, kuriosen Riten der heimischen Bev\\u00f6lkerung, h\\u00fcbscher Architektur aus den letzten Jahrhunderten, spannenden Legenden, vielleicht sogar Kommissar Dupin und haben dabei immer wieder den Blick auf die Bucht. Freuen Sie sich auf etwa zwei Stunden des Flanierens durch die Gassen des Hafenviertels Rosmeur.\\n\\nDauer: ca. 2h\\nSprache: auf Deutsch\\nSchwierigkeitsgrad: einfach bis mittel (leichte Steigungen\\\/Gef\\u00e4lle auf st\\u00e4dtischen Wegen, einige Stufen)&quot;,&quot;categorie&quot;:&quot;Autres \\u00e9v\\u00e9nements&quot;,&quot;ville&quot;:&quot;Douarnenez&quot;,&quot;code_postal&quot;:&quot;29100&quot;,&quot;name&quot;:&quot;Gef\\u00fchrter Fotospaziergang durch Douarnenez&quot;,&quot;latitude&quot;:&quot;48.0931504&quot;,&quot;longitude&quot;:&quot;-4.3310605&quot;,&quot;link&quot;:&quot;http:\\\/\\\/www.douarnenez-tourisme.com\\\/&quot;},&quot;category&quot;:&quot;\\u00c9v\\u00e9nements locaux&quot;,&quot;faq&quot;:[],&quot;event&quot;:&quot;Du 03\\\/09\\\/2026 \\u00e0 14:00 au 03\\\/09\\\/2026 \\u00e0 23:59&quot;,&quot;video_url&quot;:&quot;&quot;,&quot;video_embed&quot;:null,&quot;documents&quot;:[],&quot;gallery&quot;:[]}\">\n\n                <!-- Image + badge cat\u00e9gorie -->\n                <div class=\"em-card-img-wrap\">\n                                      <div class=\"em-card-placeholder\">\ud83d\udcf7 Pas d'image<\/div>\n                                    <span class=\"em-card-badge badge-default\">\u00c9v\u00e9nements locaux<\/span>\n                <\/div>\n\n                <!-- Contenu de la card -->\n                <div class=\"em-card-body\">\n                  <h3 class=\"em-card-title\">Gef\u00fchrter Fotospaziergang durch Douarnenez<\/h3>\n\n                  <!-- Tags r\u00e9sum\u00e9s (max 4) -->\n                  <div class=\"em-card-tags\">\n                                                          <\/div>\n\n                  <!-- Champs suppl\u00e9mentaires (max 3) -->\n                  <div class=\"em-card-fields\">\n                                          <div class=\"em-card-field\">\n                        <span class=\"em-card-field-label\">Titre :<\/span>\n                        <span class=\"em-card-field-value\">Gef\u00fchrter Fotospaziergang durch Douarnenez<\/span>\n                      <\/div>\n                                          <div class=\"em-card-field\">\n                        <span class=\"em-card-field-label\">Cat\u00e9gorie :<\/span>\n                        <span class=\"em-card-field-value\">Autres \u00e9v\u00e9nements<\/span>\n                      <\/div>\n                                          <div class=\"em-card-field\">\n                        <span class=\"em-card-field-label\">Ville :<\/span>\n                        <span class=\"em-card-field-value\">Douarnenez<\/span>\n                      <\/div>\n                                      <\/div>\n\n                  <!-- Lien vers le d\u00e9tail -->\n                  <div class=\"em-card-footer\">\n                    <span>Voir le d\u00e9tail<\/span>\n                    <svg fill=\"none\" viewBox=\"0 0 24 24\" stroke=\"currentColor\" stroke-width=\"2\">\n                      <path stroke-linecap=\"round\" stroke-linejoin=\"round\" d=\"M13.5 4.5L21 12m0 0l-7.5 7.5M21 12H3\"><\/path>\n                    <\/svg>\n                  <\/div>\n                <\/div>\n              <\/article>\n                          <article class=\"em-card\"\n                data-type=\"evenements-locaux-6\"\n                data-features=\"\"\n                data-name=\"la pointe du raz \u00e0 l&#039;heure des phares\"\n                data-json=\"{&quot;name&quot;:&quot;La Pointe du Raz \\u00e0 l&#039;heure des Phares&quot;,&quot;image&quot;:&quot;&quot;,&quot;link&quot;:&quot;http:\\\/\\\/virginie-guezennec.fr\\\/&quot;,&quot;data&quot;:{&quot;titre&quot;:&quot;La Pointe du Raz \\u00e0 l&#039;heure des Phares&quot;,&quot;description&quot;:&quot;Participez au plus beau son et lumi\\u00e8re de l\\u2019Ouest !\\n\\u00c0 la tomb\\u00e9e du jour, laissez-vous conter les nombreuses histoires qui ont fa\\u00e7onn\\u00e9es la renomm\\u00e9e de la Pointe du Raz, aujourd\\u2019hui l\\u2019un des sites les plus visit\\u00e9s de Bretagne. Une visite compl\\u00e8te et captivante, riche en th\\u00e9matiques vari\\u00e9es, le tout dans l\\u2019atmosph\\u00e8re et les lumi\\u00e8res grandioses du Bout du Monde.\\n\\nInformations pratiques : le stationnement sur le parking du site est payant.\\n\\nR\\u00e9servation possible aupr\\u00e8s de l&#039;Office de Tourisme \\u00e0 Audierne.&quot;,&quot;categorie&quot;:&quot;Sport &amp; randonn\\u00e9e&quot;,&quot;ville&quot;:&quot;Plogoff&quot;,&quot;code_postal&quot;:&quot;29770&quot;,&quot;name&quot;:&quot;La Pointe du Raz \\u00e0 l&#039;heure des Phares&quot;,&quot;latitude&quot;:&quot;48.0382383&quot;,&quot;longitude&quot;:&quot;-4.7240061&quot;,&quot;link&quot;:&quot;http:\\\/\\\/virginie-guezennec.fr\\\/&quot;},&quot;category&quot;:&quot;\\u00c9v\\u00e9nements locaux&quot;,&quot;faq&quot;:[],&quot;event&quot;:&quot;Du 02\\\/09\\\/2026 \\u00e0 19:25 au 02\\\/09\\\/2026 \\u00e0 23:59&quot;,&quot;video_url&quot;:&quot;&quot;,&quot;video_embed&quot;:null,&quot;documents&quot;:[],&quot;gallery&quot;:[]}\">\n\n                <!-- Image + badge cat\u00e9gorie -->\n                <div class=\"em-card-img-wrap\">\n                                      <div class=\"em-card-placeholder\">\ud83d\udcf7 Pas d'image<\/div>\n                                    <span class=\"em-card-badge badge-default\">\u00c9v\u00e9nements locaux<\/span>\n                <\/div>\n\n                <!-- Contenu de la card -->\n                <div class=\"em-card-body\">\n                  <h3 class=\"em-card-title\">La Pointe du Raz \u00e0 l&#039;heure des Phares<\/h3>\n\n                  <!-- Tags r\u00e9sum\u00e9s (max 4) -->\n                  <div class=\"em-card-tags\">\n                                                          <\/div>\n\n                  <!-- Champs suppl\u00e9mentaires (max 3) -->\n                  <div class=\"em-card-fields\">\n                                          <div class=\"em-card-field\">\n                        <span class=\"em-card-field-label\">Titre :<\/span>\n                        <span class=\"em-card-field-value\">La Pointe du Raz \u00e0 l&#039;heure des Phares<\/span>\n                      <\/div>\n                                          <div class=\"em-card-field\">\n                        <span class=\"em-card-field-label\">Cat\u00e9gorie :<\/span>\n                        <span class=\"em-card-field-value\">Sport &amp; randonn\u00e9e<\/span>\n                      <\/div>\n                                          <div class=\"em-card-field\">\n                        <span class=\"em-card-field-label\">Ville :<\/span>\n                        <span class=\"em-card-field-value\">Plogoff<\/span>\n                      <\/div>\n                                      <\/div>\n\n                  <!-- Lien vers le d\u00e9tail -->\n                  <div class=\"em-card-footer\">\n                    <span>Voir le d\u00e9tail<\/span>\n                    <svg fill=\"none\" viewBox=\"0 0 24 24\" stroke=\"currentColor\" stroke-width=\"2\">\n                      <path stroke-linecap=\"round\" stroke-linejoin=\"round\" d=\"M13.5 4.5L21 12m0 0l-7.5 7.5M21 12H3\"><\/path>\n                    <\/svg>\n                  <\/div>\n                <\/div>\n              <\/article>\n                          <article class=\"em-card\"\n                data-type=\"evenements-locaux-6\"\n                data-features=\"\"\n                data-name=\"balade comment\u00e9e - le patrimoine du faou\"\n                data-json=\"{&quot;name&quot;:&quot;Balade comment\\u00e9e - Le patrimoine du Faou&quot;,&quot;image&quot;:&quot;&quot;,&quot;link&quot;:&quot;&quot;,&quot;data&quot;:{&quot;titre&quot;:&quot;Balade comment\\u00e9e - Le patrimoine du Faou&quot;,&quot;description&quot;:&quot;Le Faou, Petite Cit\\u00e9 de Caract\\u00e8re situ\\u00e9e en bordure de l\\u2019estuaire de l\\u2019Aulne, offre une visite guid\\u00e9e riche en d\\u00e9couvertes historiques et architecturales. En d\\u00e9ambulant dans ses rues pav\\u00e9es, les visiteurs sont \\u00e9merveill\\u00e9s par les maisons \\u00e0 pans de bois datant des XVe et XVIe si\\u00e8cles, magnifiquement pr\\u00e9serv\\u00e9es.\\n\\nL\\u2019\\u00e9glise Saint-Sauveur, un joyau du gothique breton, d\\u00e9voile ses vitraux color\\u00e9s et son impressionnant porche sculpt\\u00e9. La promenade se poursuit les petites ruelles, o\\u00f9 la vue sur le port et les paysages environnants invite \\u00e0 la contemplation. Cette balade au Faou est une immersion authentique dans le patrimoine breton, alliant histoire, culture et nature.\\n\\nInfos pratiques :\\n\\n    juillet \\u2013 ao\\u00fbt : les jeudis \\u00e0 10h30\\n    3\\u20ac : adulte | Gratuit : -18 ans\\n\\n    R\\u00e9servation obligatoire dans les Offices de Tourisme\\n    dur\\u00e9e : 1h30\\n    RDV : devant l\\u2019Office de Tourisme \\u2013 Le FAOU\\n    Acc\\u00e8s PMR possible\\n\\nVisite assur\\u00e9e par l\\u2019Office de Tourisme.&quot;,&quot;categorie&quot;:&quot;Autres \\u00e9v\\u00e9nements&quot;,&quot;ville&quot;:&quot;Le Faou&quot;,&quot;code_postal&quot;:&quot;29590&quot;,&quot;name&quot;:&quot;Balade comment\\u00e9e - Le patrimoine du Faou&quot;,&quot;latitude&quot;:&quot;48.2957700&quot;,&quot;longitude&quot;:&quot;-4.1807200&quot;},&quot;category&quot;:&quot;\\u00c9v\\u00e9nements locaux&quot;,&quot;faq&quot;:[],&quot;event&quot;:&quot;Du 27\\\/08\\\/2026 \\u00e0 10:30 au 27\\\/08\\\/2026 \\u00e0 23:59&quot;,&quot;video_url&quot;:&quot;&quot;,&quot;video_embed&quot;:null,&quot;documents&quot;:[],&quot;gallery&quot;:[]}\">\n\n                <!-- Image + badge cat\u00e9gorie -->\n                <div class=\"em-card-img-wrap\">\n                                      <div class=\"em-card-placeholder\">\ud83d\udcf7 Pas d'image<\/div>\n                                    <span class=\"em-card-badge badge-default\">\u00c9v\u00e9nements locaux<\/span>\n                <\/div>\n\n                <!-- Contenu de la card -->\n                <div class=\"em-card-body\">\n                  <h3 class=\"em-card-title\">Balade comment\u00e9e - Le patrimoine du Faou<\/h3>\n\n                  <!-- Tags r\u00e9sum\u00e9s (max 4) -->\n                  <div class=\"em-card-tags\">\n                                                          <\/div>\n\n                  <!-- Champs suppl\u00e9mentaires (max 3) -->\n                  <div class=\"em-card-fields\">\n                                          <div class=\"em-card-field\">\n                        <span class=\"em-card-field-label\">Titre :<\/span>\n                        <span class=\"em-card-field-value\">Balade comment\u00e9e - Le patrimoine du Faou<\/span>\n                      <\/div>\n                                          <div class=\"em-card-field\">\n                        <span class=\"em-card-field-label\">Cat\u00e9gorie :<\/span>\n                        <span class=\"em-card-field-value\">Autres \u00e9v\u00e9nements<\/span>\n                      <\/div>\n                                          <div class=\"em-card-field\">\n                        <span class=\"em-card-field-label\">Ville :<\/span>\n                        <span class=\"em-card-field-value\">Le Faou<\/span>\n                      <\/div>\n                                      <\/div>\n\n                  <!-- Lien vers le d\u00e9tail -->\n                  <div class=\"em-card-footer\">\n                    <span>Voir le d\u00e9tail<\/span>\n                    <svg fill=\"none\" viewBox=\"0 0 24 24\" stroke=\"currentColor\" stroke-width=\"2\">\n                      <path stroke-linecap=\"round\" stroke-linejoin=\"round\" d=\"M13.5 4.5L21 12m0 0l-7.5 7.5M21 12H3\"><\/path>\n                    <\/svg>\n                  <\/div>\n                <\/div>\n              <\/article>\n                          <article class=\"em-card\"\n                data-type=\"evenements-locaux-6\"\n                data-features=\"\"\n                data-name=\"visite guid\u00e9e du ch\u00e2teau de kerveatoux\"\n                data-json=\"{&quot;name&quot;:&quot;Visite guid\\u00e9e du ch\\u00e2teau de Kerveatoux&quot;,&quot;image&quot;:&quot;&quot;,&quot;link&quot;:&quot;http:\\\/\\\/www.kerveatoux.fr\\\/&quot;,&quot;data&quot;:{&quot;titre&quot;:&quot;Visite guid\\u00e9e du ch\\u00e2teau de Kerveatoux&quot;,&quot;description&quot;:&quot;Nous vous proposons la d\\u00e9couverte du ch\\u00e2teau de Kerveatoux lors d&#039;une balade guid\\u00e9e\\u00a0autour du ch\\u00e2teau afin de d\\u00e9couvrir ce beau manoir breton du XV\\u00e8me si\\u00e8cle qui a, par la suite, \\u00e9t\\u00e9 transform\\u00e9\\u00a0en ch\\u00e2teau romantique \\u00e0 la fin du XIX\\u00e8me si\\u00e8cle. Vous y d\\u00e9couvrirez \\u00e9tang, moulins, pigeonnier, canons, tours... Ainsi que de multiples histoires comme celle de la grille du diable, celle de\\u00a0l&#039;occupation du lieu par les allemands,\\u00a0des canons pris \\u00e0 l&#039;abordage en Crim\\u00e9e, ou encore l&#039;histoire des familles Russel de Bedford et Taisne, propri\\u00e9taire des lieux depuis 1845.\\n\\nLe th\\u00e8me de la visite est l&#039;histoire du ch\\u00e2teau, vie agricole et occupation allemande. Elle inclut la visite de la serre, de la basse cour, des \\u00e9curies et des machines agricoles. Elle permet de d\\u00e9couvrir un bunker, les outils de la vie quotidienne de la vie paysanne, la serre avec sa vigne du XIX\\u00e8me si\\u00e8cle et le cam\\u00e9lia de Picasso. \\n\\nSitu\\u00e9 \\u00e0 5 minutes de St Renan, de Plouarzel, et \\u00e0 proximit\\u00e9 du menhir de Kerloas, le ch\\u00e2teau de Kerveatoux, cach\\u00e9 au c\\u0153ur des arbres vous accueille pour une charmante visite guid\\u00e9e d&#039;1h30 en ext\\u00e9rieur, qui saura ravir petits et grands.\\n\\nProfitez-en pour aller voir le menhir de Kerloas ! Situ\\u00e9 \\u00e0 quelques kilom\\u00e8tres du ch\\u00e2teau, le plus haut menhir du monde saura vous impressionner gr\\u00e2ce \\u00e0 ses 9,50 m\\u00e8tres de haut.&quot;,&quot;categorie&quot;:&quot;Autres \\u00e9v\\u00e9nements&quot;,&quot;ville&quot;:&quot;Plouarzel&quot;,&quot;code_postal&quot;:&quot;29810&quot;,&quot;name&quot;:&quot;Visite guid\\u00e9e du ch\\u00e2teau de Kerveatoux&quot;,&quot;latitude&quot;:&quot;48.4336401&quot;,&quot;longitude&quot;:&quot;-4.6612803&quot;,&quot;link&quot;:&quot;http:\\\/\\\/www.kerveatoux.fr\\\/&quot;},&quot;category&quot;:&quot;\\u00c9v\\u00e9nements locaux&quot;,&quot;faq&quot;:[],&quot;event&quot;:&quot;Du 02\\\/09\\\/2026 \\u00e0 17:00 au 02\\\/09\\\/2026 \\u00e0 23:59&quot;,&quot;video_url&quot;:&quot;&quot;,&quot;video_embed&quot;:null,&quot;documents&quot;:[],&quot;gallery&quot;:[]}\">\n\n                <!-- Image + badge cat\u00e9gorie -->\n                <div class=\"em-card-img-wrap\">\n                                      <div class=\"em-card-placeholder\">\ud83d\udcf7 Pas d'image<\/div>\n                                    <span class=\"em-card-badge badge-default\">\u00c9v\u00e9nements locaux<\/span>\n                <\/div>\n\n                <!-- Contenu de la card -->\n                <div class=\"em-card-body\">\n                  <h3 class=\"em-card-title\">Visite guid\u00e9e du ch\u00e2teau de Kerveatoux<\/h3>\n\n                  <!-- Tags r\u00e9sum\u00e9s (max 4) -->\n                  <div class=\"em-card-tags\">\n                                                          <\/div>\n\n                  <!-- Champs suppl\u00e9mentaires (max 3) -->\n                  <div class=\"em-card-fields\">\n                                          <div class=\"em-card-field\">\n                        <span class=\"em-card-field-label\">Titre :<\/span>\n                        <span class=\"em-card-field-value\">Visite guid\u00e9e du ch\u00e2teau de Kerveatoux<\/span>\n                      <\/div>\n                                          <div class=\"em-card-field\">\n                        <span class=\"em-card-field-label\">Cat\u00e9gorie :<\/span>\n                        <span class=\"em-card-field-value\">Autres \u00e9v\u00e9nements<\/span>\n                      <\/div>\n                                          <div class=\"em-card-field\">\n                        <span class=\"em-card-field-label\">Ville :<\/span>\n                        <span class=\"em-card-field-value\">Plouarzel<\/span>\n                      <\/div>\n                                      <\/div>\n\n                  <!-- Lien vers le d\u00e9tail -->\n                  <div class=\"em-card-footer\">\n                    <span>Voir le d\u00e9tail<\/span>\n                    <svg fill=\"none\" viewBox=\"0 0 24 24\" stroke=\"currentColor\" stroke-width=\"2\">\n                      <path stroke-linecap=\"round\" stroke-linejoin=\"round\" d=\"M13.5 4.5L21 12m0 0l-7.5 7.5M21 12H3\"><\/path>\n                    <\/svg>\n                  <\/div>\n                <\/div>\n              <\/article>\n                          <article class=\"em-card\"\n                data-type=\"evenements-locaux-6\"\n                data-features=\"\"\n                data-name=\"d\u00e9couvrez la rade de brest en toute libert\u00e9 gr\u00e2ce \u00e0 nautic lib !\"\n                data-json=\"{&quot;name&quot;:&quot;D\\u00e9couvrez la rade de Brest en toute libert\\u00e9 gr\\u00e2ce \\u00e0 Nautic Lib !&quot;,&quot;image&quot;:&quot;&quot;,&quot;link&quot;:&quot;https:\\\/\\\/www.playa-rent.fr\\\/toutes-les-stations\\\/plage-du-moulin-blanc-brest-france\\\/&quot;,&quot;data&quot;:{&quot;titre&quot;:&quot;D\\u00e9couvrez la rade de Brest en toute libert\\u00e9 gr\\u00e2ce \\u00e0 Nautic Lib !&quot;,&quot;description&quot;:&quot;En partenariat avec Playa Rent, Brest Bretagne Nautisme met \\u00e0 votre disposition un service de location en libre-service de kayaks. Accessible \\u00e0 tous, ce dispositif vous permet de louer votre embarcation en quelques minutes, directement depuis une borne connect\\u00e9e, et de profiter des plaisirs de la navigation \\u00e0 votre rythme. Une solution simple, rapide et innovante pour d\\u00e9couvrir le littoral brestois en toute autonomie.\\n\\nComment \\u00e7a fonctionne ? \\nDeux stations  sont \\u00e0 votre disposition :\\nUne situ\\u00e9e \\u00e0 l&#039;extr\\u00e9mit\\u00e9 de la plage du Moulin Blanc et l&#039;autre pr\\u00e8s de la capitainerie du moulin blanc .\\nR\\u00e9servation directement sur la borne via un QR code.\\nD\\u00e9verrouillage du mat\\u00e9riel apr\\u00e8s d\\u00e9p\\u00f4t d&#039;une empreinte bancaire.\\nRestitution du mat\\u00e9riel dans l&#039;une des stations Nautic Lib.\\nDur\\u00e9e de location libre, avec une facturation automatique au retour du mat\\u00e9riel.\\nGilets de sauvetage fournis.\\nMat\\u00e9riel fabriqu\\u00e9 en Bretagne.\\nStations autonomes en \\u00e9nergie et con\\u00e7ues pour s&#039;int\\u00e9grer au paysage.&quot;,&quot;categorie&quot;:&quot;Autres \\u00e9v\\u00e9nements&quot;,&quot;ville&quot;:&quot;Guipavas&quot;,&quot;code_postal&quot;:&quot;29490&quot;,&quot;name&quot;:&quot;D\\u00e9couvrez la rade de Brest en toute libert\\u00e9 gr\\u00e2ce \\u00e0 Nautic Lib !&quot;,&quot;latitude&quot;:&quot;48.3981000&quot;,&quot;longitude&quot;:&quot;-4.4256800&quot;,&quot;link&quot;:&quot;https:\\\/\\\/www.playa-rent.fr\\\/toutes-les-stations\\\/plage-du-moulin-blanc-brest-france\\\/&quot;},&quot;category&quot;:&quot;\\u00c9v\\u00e9nements locaux&quot;,&quot;faq&quot;:[],&quot;event&quot;:&quot;Du 01\\\/07\\\/2026 au 31\\\/08\\\/2026 \\u00e0 23:59&quot;,&quot;video_url&quot;:&quot;&quot;,&quot;video_embed&quot;:null,&quot;documents&quot;:[],&quot;gallery&quot;:[]}\">\n\n                <!-- Image + badge cat\u00e9gorie -->\n                <div class=\"em-card-img-wrap\">\n                                      <div class=\"em-card-placeholder\">\ud83d\udcf7 Pas d'image<\/div>\n                                    <span class=\"em-card-badge badge-default\">\u00c9v\u00e9nements locaux<\/span>\n                <\/div>\n\n                <!-- Contenu de la card -->\n                <div class=\"em-card-body\">\n                  <h3 class=\"em-card-title\">D\u00e9couvrez la rade de Brest en toute libert\u00e9 gr\u00e2ce \u00e0 Nautic Lib !<\/h3>\n\n                  <!-- Tags r\u00e9sum\u00e9s (max 4) -->\n                  <div class=\"em-card-tags\">\n                                                          <\/div>\n\n                  <!-- Champs suppl\u00e9mentaires (max 3) -->\n                  <div class=\"em-card-fields\">\n                                          <div class=\"em-card-field\">\n                        <span class=\"em-card-field-label\">Titre :<\/span>\n                        <span class=\"em-card-field-value\">D\u00e9couvrez la rade de Brest en toute libert\u00e9 gr\u00e2ce \u00e0 Nautic L<\/span>\n                      <\/div>\n                                          <div class=\"em-card-field\">\n                        <span class=\"em-card-field-label\">Cat\u00e9gorie :<\/span>\n                        <span class=\"em-card-field-value\">Autres \u00e9v\u00e9nements<\/span>\n                      <\/div>\n                                          <div class=\"em-card-field\">\n                        <span class=\"em-card-field-label\">Ville :<\/span>\n                        <span class=\"em-card-field-value\">Guipavas<\/span>\n                      <\/div>\n                                      <\/div>\n\n                  <!-- Lien vers le d\u00e9tail -->\n                  <div class=\"em-card-footer\">\n                    <span>Voir le d\u00e9tail<\/span>\n                    <svg fill=\"none\" viewBox=\"0 0 24 24\" stroke=\"currentColor\" stroke-width=\"2\">\n                      <path stroke-linecap=\"round\" stroke-linejoin=\"round\" d=\"M13.5 4.5L21 12m0 0l-7.5 7.5M21 12H3\"><\/path>\n                    <\/svg>\n                  <\/div>\n                <\/div>\n              <\/article>\n                          <article class=\"em-card\"\n                data-type=\"evenements-locaux-6\"\n                data-features=\"\"\n                data-name=\"visite guid\u00e9e d&#039;audierne\"\n                data-json=\"{&quot;name&quot;:&quot;Visite guid\\u00e9e d&#039;Audierne&quot;,&quot;image&quot;:&quot;&quot;,&quot;link&quot;:&quot;http:\\\/\\\/www.capsizuntourisme.fr\\\/&quot;,&quot;data&quot;:{&quot;titre&quot;:&quot;Visite guid\\u00e9e d&#039;Audierne&quot;,&quot;description&quot;:&quot;Accompagn\\u00e9 par un guide de l\\u2019office de tourisme, venez profiter d\\u2019un instant de d\\u00e9couverte et de partage sur l\\u2019histoire d\\u2019Audierne. Laissez-vous guider dans la ville afin de d\\u00e9couvrir son histoire passionnante et souvent m\\u00e9connue, au cours d\\u2019une balade dans les venelles. Depuis les hauteurs, vous apercevrez comment les richesses de la mer ont fa\\u00e7onn\\u00e9 la ville et son histoire !&quot;,&quot;categorie&quot;:&quot;Autres \\u00e9v\\u00e9nements&quot;,&quot;ville&quot;:&quot;Audierne&quot;,&quot;code_postal&quot;:&quot;29770&quot;,&quot;name&quot;:&quot;Visite guid\\u00e9e d&#039;Audierne&quot;,&quot;latitude&quot;:&quot;48.0236900&quot;,&quot;longitude&quot;:&quot;-4.5399300&quot;,&quot;link&quot;:&quot;http:\\\/\\\/www.capsizuntourisme.fr\\\/&quot;},&quot;category&quot;:&quot;\\u00c9v\\u00e9nements locaux&quot;,&quot;faq&quot;:[],&quot;event&quot;:&quot;Du 10\\\/09\\\/2026 \\u00e0 15:00 au 10\\\/09\\\/2026 \\u00e0 23:59&quot;,&quot;video_url&quot;:&quot;&quot;,&quot;video_embed&quot;:null,&quot;documents&quot;:[],&quot;gallery&quot;:[]}\">\n\n                <!-- Image + badge cat\u00e9gorie -->\n                <div class=\"em-card-img-wrap\">\n                                      <div class=\"em-card-placeholder\">\ud83d\udcf7 Pas d'image<\/div>\n                                    <span class=\"em-card-badge badge-default\">\u00c9v\u00e9nements locaux<\/span>\n                <\/div>\n\n                <!-- Contenu de la card -->\n                <div class=\"em-card-body\">\n                  <h3 class=\"em-card-title\">Visite guid\u00e9e d&#039;Audierne<\/h3>\n\n                  <!-- Tags r\u00e9sum\u00e9s (max 4) -->\n                  <div class=\"em-card-tags\">\n                                                          <\/div>\n\n                  <!-- Champs suppl\u00e9mentaires (max 3) -->\n                  <div class=\"em-card-fields\">\n                                          <div class=\"em-card-field\">\n                        <span class=\"em-card-field-label\">Titre :<\/span>\n                        <span class=\"em-card-field-value\">Visite guid\u00e9e d&#039;Audierne<\/span>\n                      <\/div>\n                                          <div class=\"em-card-field\">\n                        <span class=\"em-card-field-label\">Cat\u00e9gorie :<\/span>\n                        <span class=\"em-card-field-value\">Autres \u00e9v\u00e9nements<\/span>\n                      <\/div>\n                                          <div class=\"em-card-field\">\n                        <span class=\"em-card-field-label\">Ville :<\/span>\n                        <span class=\"em-card-field-value\">Audierne<\/span>\n                      <\/div>\n                                      <\/div>\n\n                  <!-- Lien vers le d\u00e9tail -->\n                  <div class=\"em-card-footer\">\n                    <span>Voir le d\u00e9tail<\/span>\n                    <svg fill=\"none\" viewBox=\"0 0 24 24\" stroke=\"currentColor\" stroke-width=\"2\">\n                      <path stroke-linecap=\"round\" stroke-linejoin=\"round\" d=\"M13.5 4.5L21 12m0 0l-7.5 7.5M21 12H3\"><\/path>\n                    <\/svg>\n                  <\/div>\n                <\/div>\n              <\/article>\n                          <article class=\"em-card\"\n                data-type=\"evenements-locaux-6\"\n                data-features=\"\"\n                data-name=\"visite guid\u00e9e de la tour vauban\"\n                data-json=\"{&quot;name&quot;:&quot;Visite guid\\u00e9e de la Tour Vauban&quot;,&quot;image&quot;:&quot;&quot;,&quot;link&quot;:&quot;&quot;,&quot;data&quot;:{&quot;titre&quot;:&quot;Visite guid\\u00e9e de la Tour Vauban&quot;,&quot;description&quot;:&quot;Visites guid\\u00e9es de la Tour tous les jours \\u00e0 15h\\n\\nTarif 7 euros\\nR\\u00e9servation conseill\\u00e9e au 02 98 27 91 12 ou par mail \\u00e0 tourvauban@camaretsurmer.fr\\nJauge limit\\u00e9e \\u00e0 20 personnes&quot;,&quot;categorie&quot;:&quot;Autres \\u00e9v\\u00e9nements&quot;,&quot;ville&quot;:&quot;Camaret-sur-Mer&quot;,&quot;code_postal&quot;:&quot;29570&quot;,&quot;name&quot;:&quot;Visite guid\\u00e9e de la Tour Vauban&quot;,&quot;latitude&quot;:&quot;48.2797900&quot;,&quot;longitude&quot;:&quot;-4.5919300&quot;},&quot;category&quot;:&quot;\\u00c9v\\u00e9nements locaux&quot;,&quot;faq&quot;:[],&quot;event&quot;:&quot;Du 31\\\/08\\\/2026 \\u00e0 15:00 au 31\\\/08\\\/2026 \\u00e0 23:59&quot;,&quot;video_url&quot;:&quot;&quot;,&quot;video_embed&quot;:null,&quot;documents&quot;:[],&quot;gallery&quot;:[]}\">\n\n                <!-- Image + badge cat\u00e9gorie -->\n                <div class=\"em-card-img-wrap\">\n                                      <div class=\"em-card-placeholder\">\ud83d\udcf7 Pas d'image<\/div>\n                                    <span class=\"em-card-badge badge-default\">\u00c9v\u00e9nements locaux<\/span>\n                <\/div>\n\n                <!-- Contenu de la card -->\n                <div class=\"em-card-body\">\n                  <h3 class=\"em-card-title\">Visite guid\u00e9e de la Tour Vauban<\/h3>\n\n                  <!-- Tags r\u00e9sum\u00e9s (max 4) -->\n                  <div class=\"em-card-tags\">\n                                                          <\/div>\n\n                  <!-- Champs suppl\u00e9mentaires (max 3) -->\n                  <div class=\"em-card-fields\">\n                                          <div class=\"em-card-field\">\n                        <span class=\"em-card-field-label\">Titre :<\/span>\n                        <span class=\"em-card-field-value\">Visite guid\u00e9e de la Tour Vauban<\/span>\n                      <\/div>\n                                          <div class=\"em-card-field\">\n                        <span class=\"em-card-field-label\">Cat\u00e9gorie :<\/span>\n                        <span class=\"em-card-field-value\">Autres \u00e9v\u00e9nements<\/span>\n                      <\/div>\n                                          <div class=\"em-card-field\">\n                        <span class=\"em-card-field-label\">Ville :<\/span>\n                        <span class=\"em-card-field-value\">Camaret-sur-Mer<\/span>\n                      <\/div>\n                                      <\/div>\n\n                  <!-- Lien vers le d\u00e9tail -->\n                  <div class=\"em-card-footer\">\n                    <span>Voir le d\u00e9tail<\/span>\n                    <svg fill=\"none\" viewBox=\"0 0 24 24\" stroke=\"currentColor\" stroke-width=\"2\">\n                      <path stroke-linecap=\"round\" stroke-linejoin=\"round\" d=\"M13.5 4.5L21 12m0 0l-7.5 7.5M21 12H3\"><\/path>\n                    <\/svg>\n                  <\/div>\n                <\/div>\n              <\/article>\n                          <article class=\"em-card\"\n                data-type=\"evenements-locaux-6\"\n                data-features=\"\"\n                data-name=\"l&#039;appel des profondeurs\"\n                data-json=\"{&quot;name&quot;:&quot;L&#039;Appel des Profondeurs&quot;,&quot;image&quot;:&quot;&quot;,&quot;link&quot;:&quot;https:\\\/\\\/www.musee-marine.fr\\\/notre-reseau\\\/evenement-commun\\\/lappel-des-profondeurs.html&quot;,&quot;data&quot;:{&quot;titre&quot;:&quot;L&#039;Appel des Profondeurs&quot;,&quot;description&quot;:&quot;Dans le cadre du cycle d\\u00e9di\\u00e9 \\u00e0 l&#039;appel des profondeurs, une s\\u00e9rie d&#039;expositions est d\\u00e9ploy\\u00e9e \\u00e0 l&#039;\\u00e9chelle nationale du r\\u00e9seau des Mus\\u00e9es Nationaux de la Marine du territoire. Un parcours unique et in\\u00e9dit qui invite le public \\u00e0 explorer l&#039;histoire et les enjeux contemporains de l&#039;exploration sous-marine, des premi\\u00e8res tentatives de cartographie aux technologies les plus avanc\\u00e9es. \\n\\nPour l&#039;occasion, c&#039;est une exposition d\\u00e9di\\u00e9e \\u00e0 l&#039;histoire de la cartographie sous-marine, a ses \\u00e9volutions et enjeux au fil du temps qui sera propos\\u00e9e \\u00e0 Brest.&quot;,&quot;categorie&quot;:&quot;En famille&quot;,&quot;ville&quot;:&quot;Brest&quot;,&quot;code_postal&quot;:&quot;29200&quot;,&quot;name&quot;:&quot;L&#039;Appel des Profondeurs&quot;,&quot;latitude&quot;:&quot;48.3810500&quot;,&quot;longitude&quot;:&quot;-4.4927800&quot;,&quot;link&quot;:&quot;https:\\\/\\\/www.musee-marine.fr\\\/notre-reseau\\\/evenement-commun\\\/lappel-des-profondeurs.html&quot;},&quot;category&quot;:&quot;\\u00c9v\\u00e9nements locaux&quot;,&quot;faq&quot;:[],&quot;event&quot;:&quot;Du 26\\\/06\\\/2026 au 07\\\/03\\\/2027 \\u00e0 23:59&quot;,&quot;video_url&quot;:&quot;&quot;,&quot;video_embed&quot;:null,&quot;documents&quot;:[],&quot;gallery&quot;:[]}\">\n\n                <!-- Image + badge cat\u00e9gorie -->\n                <div class=\"em-card-img-wrap\">\n                                      <div class=\"em-card-placeholder\">\ud83d\udcf7 Pas d'image<\/div>\n                                    <span class=\"em-card-badge badge-default\">\u00c9v\u00e9nements locaux<\/span>\n                <\/div>\n\n                <!-- Contenu de la card -->\n                <div class=\"em-card-body\">\n                  <h3 class=\"em-card-title\">L&#039;Appel des Profondeurs<\/h3>\n\n                  <!-- Tags r\u00e9sum\u00e9s (max 4) -->\n                  <div class=\"em-card-tags\">\n                                                          <\/div>\n\n                  <!-- Champs suppl\u00e9mentaires (max 3) -->\n                  <div class=\"em-card-fields\">\n                                          <div class=\"em-card-field\">\n                        <span class=\"em-card-field-label\">Titre :<\/span>\n                        <span class=\"em-card-field-value\">L&#039;Appel des Profondeurs<\/span>\n                      <\/div>\n                                          <div class=\"em-card-field\">\n                        <span class=\"em-card-field-label\">Cat\u00e9gorie :<\/span>\n                        <span class=\"em-card-field-value\">En famille<\/span>\n                      <\/div>\n                                          <div class=\"em-card-field\">\n                        <span class=\"em-card-field-label\">Ville :<\/span>\n                        <span class=\"em-card-field-value\">Brest<\/span>\n                      <\/div>\n                                      <\/div>\n\n                  <!-- Lien vers le d\u00e9tail -->\n                  <div class=\"em-card-footer\">\n                    <span>Voir le d\u00e9tail<\/span>\n                    <svg fill=\"none\" viewBox=\"0 0 24 24\" stroke=\"currentColor\" stroke-width=\"2\">\n                      <path stroke-linecap=\"round\" stroke-linejoin=\"round\" d=\"M13.5 4.5L21 12m0 0l-7.5 7.5M21 12H3\"><\/path>\n                    <\/svg>\n                  <\/div>\n                <\/div>\n              <\/article>\n                          <article class=\"em-card\"\n                data-type=\"evenements-locaux-6\"\n                data-features=\"\"\n                data-name=\"tonnerre com\u00e9die club - plateau d&#039;humour\"\n                data-json=\"{&quot;name&quot;:&quot;Tonnerre Com\\u00e9die Club - Plateau d&#039;humour&quot;,&quot;image&quot;:&quot;&quot;,&quot;link&quot;:&quot;http:\\\/\\\/www.comediedufinistere.fr\\\/&quot;,&quot;data&quot;:{&quot;titre&quot;:&quot;Tonnerre Com\\u00e9die Club - Plateau d&#039;humour&quot;,&quot;description&quot;:&quot;Le stand up du Tonnerre Com\\u00e9die Club arrive \\u00e0 la Com\\u00e9die du Finist\\u00e8re, aux Ateliers des Capucins, le spot incontournable du rire \\u00e0 Brest.\\n\\nDans une ambiance vivante et chaleureuse, quatre humoristes locaux vous emm\\u00e8nent dans leur univers et encha\\u00eenent les blagues et les interactions. Une soir\\u00e9e 100% bretonne o\\u00f9 on vient pour rire, ensemble, et fort.  \\n\\n Informations pratiques :\\n\\nDur\\u00e9e 1h15\\nTout public\\nSalle accessible aux PMR\\nPlacement libre, par ordre d&#039;arriv\\u00e9e\\nAcc\\u00e8s \\u00e0 la salle possible avec contr\\u00f4le billet 30 minutes avant le d\\u00e9but de la repr\\u00e9sentation\\nL&#039;horaire indiqu\\u00e9 correspond \\u00e0 l&#039;heure de d\\u00e9but du spectacle. Toute personne se pr\\u00e9sentant apr\\u00e8s cet horaire, m\\u00eame en possession d&#039;un billet, pourra se voir refuser l&#039;acc\\u00e8s \\u00e0 la salle.&quot;,&quot;categorie&quot;:&quot;Spectacles &amp; cin\\u00e9ma&quot;,&quot;ville&quot;:&quot;Brest&quot;,&quot;code_postal&quot;:&quot;29200&quot;,&quot;name&quot;:&quot;Tonnerre Com\\u00e9die Club - Plateau d&#039;humour&quot;,&quot;latitude&quot;:&quot;48.3890223&quot;,&quot;longitude&quot;:&quot;-4.4983387&quot;,&quot;link&quot;:&quot;http:\\\/\\\/www.comediedufinistere.fr\\\/&quot;},&quot;category&quot;:&quot;\\u00c9v\\u00e9nements locaux&quot;,&quot;faq&quot;:[],&quot;event&quot;:&quot;Du 12\\\/09\\\/2026 \\u00e0 21:00 au 12\\\/09\\\/2026 \\u00e0 23:59&quot;,&quot;video_url&quot;:&quot;&quot;,&quot;video_embed&quot;:null,&quot;documents&quot;:[],&quot;gallery&quot;:[]}\">\n\n                <!-- Image + badge cat\u00e9gorie -->\n                <div class=\"em-card-img-wrap\">\n                                      <div class=\"em-card-placeholder\">\ud83d\udcf7 Pas d'image<\/div>\n                                    <span class=\"em-card-badge badge-default\">\u00c9v\u00e9nements locaux<\/span>\n                <\/div>\n\n                <!-- Contenu de la card -->\n                <div class=\"em-card-body\">\n                  <h3 class=\"em-card-title\">Tonnerre Com\u00e9die Club - Plateau d&#039;humour<\/h3>\n\n                  <!-- Tags r\u00e9sum\u00e9s (max 4) -->\n                  <div class=\"em-card-tags\">\n                                                          <\/div>\n\n                  <!-- Champs suppl\u00e9mentaires (max 3) -->\n                  <div class=\"em-card-fields\">\n                                          <div class=\"em-card-field\">\n                        <span class=\"em-card-field-label\">Titre :<\/span>\n                        <span class=\"em-card-field-value\">Tonnerre Com\u00e9die Club - Plateau d&#039;humour<\/span>\n                      <\/div>\n                                          <div class=\"em-card-field\">\n                        <span class=\"em-card-field-label\">Cat\u00e9gorie :<\/span>\n                        <span class=\"em-card-field-value\">Spectacles &amp; cin\u00e9ma<\/span>\n                      <\/div>\n                                          <div class=\"em-card-field\">\n                        <span class=\"em-card-field-label\">Ville :<\/span>\n                        <span class=\"em-card-field-value\">Brest<\/span>\n                      <\/div>\n                                      <\/div>\n\n                  <!-- Lien vers le d\u00e9tail -->\n                  <div class=\"em-card-footer\">\n                    <span>Voir le d\u00e9tail<\/span>\n                    <svg fill=\"none\" viewBox=\"0 0 24 24\" stroke=\"currentColor\" stroke-width=\"2\">\n                      <path stroke-linecap=\"round\" stroke-linejoin=\"round\" d=\"M13.5 4.5L21 12m0 0l-7.5 7.5M21 12H3\"><\/path>\n                    <\/svg>\n                  <\/div>\n                <\/div>\n              <\/article>\n                          <article class=\"em-card\"\n                data-type=\"evenements-locaux-6\"\n                data-features=\"\"\n                data-name=\"visite du manoir de kerscao\"\n                data-json=\"{&quot;name&quot;:&quot;Visite du manoir de Kerscao&quot;,&quot;image&quot;:&quot;&quot;,&quot;link&quot;:&quot;http:\\\/\\\/www.manoirdekerscao.fr\\\/&quot;,&quot;data&quot;:{&quot;titre&quot;:&quot;Visite du manoir de Kerscao&quot;,&quot;description&quot;:&quot;Le manoir est inscrit \\u00e0 l\\u2019inventaire suppl\\u00e9mentaire des monuments historiques (qui ont fortement soutenu la restauration de la chapelle). Les propri\\u00e9taires vous accueillent sur r\\u00e9servation pour une visite comment\\u00e9e de ses jardins seuls ou des jardins et de son int\\u00e9rieur.&quot;,&quot;categorie&quot;:&quot;Autres \\u00e9v\\u00e9nements&quot;,&quot;ville&quot;:&quot;Locmaria-Plouzan\\u00e9&quot;,&quot;code_postal&quot;:&quot;29280&quot;,&quot;name&quot;:&quot;Visite du manoir de Kerscao&quot;,&quot;latitude&quot;:&quot;48.3744869&quot;,&quot;longitude&quot;:&quot;-4.6450747&quot;,&quot;link&quot;:&quot;http:\\\/\\\/www.manoirdekerscao.fr\\\/&quot;},&quot;category&quot;:&quot;\\u00c9v\\u00e9nements locaux&quot;,&quot;faq&quot;:[],&quot;event&quot;:&quot;Du 31\\\/08\\\/2026 \\u00e0 10:30 au 31\\\/08\\\/2026 \\u00e0 23:59&quot;,&quot;video_url&quot;:&quot;&quot;,&quot;video_embed&quot;:null,&quot;documents&quot;:[],&quot;gallery&quot;:[]}\">\n\n                <!-- Image + badge cat\u00e9gorie -->\n                <div class=\"em-card-img-wrap\">\n                                      <div class=\"em-card-placeholder\">\ud83d\udcf7 Pas d'image<\/div>\n                                    <span class=\"em-card-badge badge-default\">\u00c9v\u00e9nements locaux<\/span>\n                <\/div>\n\n                <!-- Contenu de la card -->\n                <div class=\"em-card-body\">\n                  <h3 class=\"em-card-title\">Visite du manoir de Kerscao<\/h3>\n\n                  <!-- Tags r\u00e9sum\u00e9s (max 4) -->\n                  <div class=\"em-card-tags\">\n                                                          <\/div>\n\n                  <!-- Champs suppl\u00e9mentaires (max 3) -->\n                  <div class=\"em-card-fields\">\n                                          <div class=\"em-card-field\">\n                        <span class=\"em-card-field-label\">Titre :<\/span>\n                        <span class=\"em-card-field-value\">Visite du manoir de Kerscao<\/span>\n                      <\/div>\n                                          <div class=\"em-card-field\">\n                        <span class=\"em-card-field-label\">Cat\u00e9gorie :<\/span>\n                        <span class=\"em-card-field-value\">Autres \u00e9v\u00e9nements<\/span>\n                      <\/div>\n                                          <div class=\"em-card-field\">\n                        <span class=\"em-card-field-label\">Ville :<\/span>\n                        <span class=\"em-card-field-value\">Locmaria-Plouzan\u00e9<\/span>\n                      <\/div>\n                                      <\/div>\n\n                  <!-- Lien vers le d\u00e9tail -->\n                  <div class=\"em-card-footer\">\n                    <span>Voir le d\u00e9tail<\/span>\n                    <svg fill=\"none\" viewBox=\"0 0 24 24\" stroke=\"currentColor\" stroke-width=\"2\">\n                      <path stroke-linecap=\"round\" stroke-linejoin=\"round\" d=\"M13.5 4.5L21 12m0 0l-7.5 7.5M21 12H3\"><\/path>\n                    <\/svg>\n                  <\/div>\n                <\/div>\n              <\/article>\n                          <article class=\"em-card\"\n                data-type=\"evenements-locaux-6\"\n                data-features=\"\"\n                data-name=\"r\u00e9cits du bout du monde\"\n                data-json=\"{&quot;name&quot;:&quot;R\\u00e9cits du bout du monde&quot;,&quot;image&quot;:&quot;&quot;,&quot;link&quot;:&quot;&quot;,&quot;data&quot;:{&quot;titre&quot;:&quot;R\\u00e9cits du bout du monde&quot;,&quot;description&quot;:&quot;Embarquez pour une sortie cont\\u00e9e entre mer et l\\u00e9gendes, une exp\\u00e9rience unique et in\\u00e9dite par Archipel Excursions &amp; Ribine Exp\\u00e9rience. Sortie \\u00e9v\\u00e8nementielle, uniquement le 14 mai, 20 juin, 16 juillet, 13 ao\\u00fbt et 12 septembre.\\n\\nEt si vous partiez \\u00e0 la rencontre de l\\u2019Iroise autrement ?\\nArchipel Excursions et Ribine Exp\\u00e9rience, tous deux ambassadeurs de la Route des Phares unissent leurs forces pour vous proposer une aventure in\\u00e9dite : R\\u00e9cits du bout du monde.\\nEn Bretagne, l\\u2019histoire se m\\u00eale toujours \\u00e0 la l\\u00e9gende \\u2026 Plongez dans l\\u2019imaginaire breton avec Lo\\u00efc, guide conteur passionn\\u00e9, qui vous r\\u00e9v\\u00e8lera les r\\u00e9cits cach\\u00e9s derri\\u00e8re ces paysages sublimes que Thomas, guide marin amoureux du territoire, vous fera d\\u00e9couvrir par la mer.\\n\\nEntre les paysages saisissants de la c\\u00f4te bretonne, les phares et les forts, laissez-vous emporter par les histoires et l\\u00e9gendes qui ont fa\\u00e7onn\\u00e9 ce territoire du bout du monde. Au d\\u00e9part du Conquet, nous naviguerons autour des Phares de Kermorvan et Saint Mathieu, puis nous vous conduirons jusqu\\u2019\\u00e0 l\\u2019anse de Bertheaume en longeant la c\\u00f4te. 2h d\\u2019immersion totale dans l\\u2019histoire et la culture bretonne, berc\\u00e9s par les flots dans des paysages exceptionnels.&quot;,&quot;categorie&quot;:&quot;Autres \\u00e9v\\u00e9nements&quot;,&quot;ville&quot;:&quot;Le Conquet&quot;,&quot;code_postal&quot;:&quot;29217&quot;,&quot;name&quot;:&quot;R\\u00e9cits du bout du monde&quot;,&quot;latitude&quot;:&quot;48.3513213&quot;,&quot;longitude&quot;:&quot;-4.7392891&quot;},&quot;category&quot;:&quot;\\u00c9v\\u00e9nements locaux&quot;,&quot;faq&quot;:[],&quot;event&quot;:&quot;Du 12\\\/09\\\/2026 \\u00e0 17:45 au 12\\\/09\\\/2026 \\u00e0 23:59&quot;,&quot;video_url&quot;:&quot;&quot;,&quot;video_embed&quot;:null,&quot;documents&quot;:[],&quot;gallery&quot;:[]}\">\n\n                <!-- Image + badge cat\u00e9gorie -->\n                <div class=\"em-card-img-wrap\">\n                                      <div class=\"em-card-placeholder\">\ud83d\udcf7 Pas d'image<\/div>\n                                    <span class=\"em-card-badge badge-default\">\u00c9v\u00e9nements locaux<\/span>\n                <\/div>\n\n                <!-- Contenu de la card -->\n                <div class=\"em-card-body\">\n                  <h3 class=\"em-card-title\">R\u00e9cits du bout du monde<\/h3>\n\n                  <!-- Tags r\u00e9sum\u00e9s (max 4) -->\n                  <div class=\"em-card-tags\">\n                                                          <\/div>\n\n                  <!-- Champs suppl\u00e9mentaires (max 3) -->\n                  <div class=\"em-card-fields\">\n                                          <div class=\"em-card-field\">\n                        <span class=\"em-card-field-label\">Titre :<\/span>\n                        <span class=\"em-card-field-value\">R\u00e9cits du bout du monde<\/span>\n                      <\/div>\n                                          <div class=\"em-card-field\">\n                        <span class=\"em-card-field-label\">Cat\u00e9gorie :<\/span>\n                        <span class=\"em-card-field-value\">Autres \u00e9v\u00e9nements<\/span>\n                      <\/div>\n                                          <div class=\"em-card-field\">\n                        <span class=\"em-card-field-label\">Ville :<\/span>\n                        <span class=\"em-card-field-value\">Le Conquet<\/span>\n                      <\/div>\n                                      <\/div>\n\n                  <!-- Lien vers le d\u00e9tail -->\n                  <div class=\"em-card-footer\">\n                    <span>Voir le d\u00e9tail<\/span>\n                    <svg fill=\"none\" viewBox=\"0 0 24 24\" stroke=\"currentColor\" stroke-width=\"2\">\n                      <path stroke-linecap=\"round\" stroke-linejoin=\"round\" d=\"M13.5 4.5L21 12m0 0l-7.5 7.5M21 12H3\"><\/path>\n                    <\/svg>\n                  <\/div>\n                <\/div>\n              <\/article>\n                          <article class=\"em-card\"\n                data-type=\"evenements-locaux-6\"\n                data-features=\"\"\n                data-name=\"les arts des algues - arzo\u00f9 bezhin\"\n                data-json=\"{&quot;name&quot;:&quot;Les arts des algues - Arzo\\u00f9 bezhin&quot;,&quot;image&quot;:&quot;&quot;,&quot;link&quot;:&quot;&quot;,&quot;data&quot;:{&quot;titre&quot;:&quot;Les arts des algues - Arzo\\u00f9 bezhin&quot;,&quot;description&quot;:&quot;Exposition collective d&#039;arts plastiques et photos d&#039;algues.\\n\\nIls sont sept, artistes plasticiens, photographes ou autres, mettant l\\u2019algue au centre de leur cr\\u00e9ativit\\u00e9 selon une d\\u00e9marche artistique personnelle.\\nLeur objectif ? Promouvoir l\\u2019algue en tant que mat\\u00e9riau \\u00ab plastique \\u00bb, objet de cr\\u00e9ation po\\u00e9tique et de vision esth\\u00e9tique, en opposition au ph\\u00e9nom\\u00e8ne des algues vertes, qui donnent une image n\\u00e9gative largement r\\u00e9pandue, mais qui correspond cependant \\u00e0 une r\\u00e9alit\\u00e9.\\n\\nGoulven Loa\\u00ebc, plasticien (Plouguerneau),\\nFran\\u00e7ois B\\u00e9chu, photographe (Beg Meil), \\nChristian Rouchouse, photographe (Plouguerneau), \\nMarie-Jo Skrzyniarz, photographe (Lyon, Pays bigouden),\\nJean-Fran\\u00e7ois Tilly, photographe (Plougastel-Daoulas),\\nClaude P\\u00e9ron, photographe (Brest),\\nEt Laurent No\\u00ebl (Angers) absent cette ann\\u00e9e.\\n\\nOuvert du lundi au vendredi de 8h \\u00e0 12h.\\nPermanences des artistes les vendredis et samedis apr\\u00e8s-midi de 15h \\u00e0 18h et les samedis matin de 9h30 \\u00e0 12h30.&quot;,&quot;categorie&quot;:&quot;Expositions&quot;,&quot;ville&quot;:&quot;Logonna-Daoulas&quot;,&quot;code_postal&quot;:&quot;29460&quot;,&quot;name&quot;:&quot;Les arts des algues - Arzo\\u00f9 bezhin&quot;,&quot;latitude&quot;:&quot;48.3212595&quot;,&quot;longitude&quot;:&quot;-4.2992682&quot;},&quot;category&quot;:&quot;\\u00c9v\\u00e9nements locaux&quot;,&quot;faq&quot;:[],&quot;event&quot;:&quot;Du 27\\\/07\\\/2026 au 29\\\/08\\\/2026 \\u00e0 23:59&quot;,&quot;video_url&quot;:&quot;&quot;,&quot;video_embed&quot;:null,&quot;documents&quot;:[],&quot;gallery&quot;:[]}\">\n\n                <!-- Image + badge cat\u00e9gorie -->\n                <div class=\"em-card-img-wrap\">\n                                      <div class=\"em-card-placeholder\">\ud83d\udcf7 Pas d'image<\/div>\n                                    <span class=\"em-card-badge badge-default\">\u00c9v\u00e9nements locaux<\/span>\n                <\/div>\n\n                <!-- Contenu de la card -->\n                <div class=\"em-card-body\">\n                  <h3 class=\"em-card-title\">Les arts des algues - Arzo\u00f9 bezhin<\/h3>\n\n                  <!-- Tags r\u00e9sum\u00e9s (max 4) -->\n                  <div class=\"em-card-tags\">\n                                                          <\/div>\n\n                  <!-- Champs suppl\u00e9mentaires (max 3) -->\n                  <div class=\"em-card-fields\">\n                                          <div class=\"em-card-field\">\n                        <span class=\"em-card-field-label\">Titre :<\/span>\n                        <span class=\"em-card-field-value\">Les arts des algues - Arzo\u00f9 bezhin<\/span>\n                      <\/div>\n                                          <div class=\"em-card-field\">\n                        <span class=\"em-card-field-label\">Cat\u00e9gorie :<\/span>\n                        <span class=\"em-card-field-value\">Expositions<\/span>\n                      <\/div>\n                                          <div class=\"em-card-field\">\n                        <span class=\"em-card-field-label\">Ville :<\/span>\n                        <span class=\"em-card-field-value\">Logonna-Daoulas<\/span>\n                      <\/div>\n                                      <\/div>\n\n                  <!-- Lien vers le d\u00e9tail -->\n                  <div class=\"em-card-footer\">\n                    <span>Voir le d\u00e9tail<\/span>\n                    <svg fill=\"none\" viewBox=\"0 0 24 24\" stroke=\"currentColor\" stroke-width=\"2\">\n                      <path stroke-linecap=\"round\" stroke-linejoin=\"round\" d=\"M13.5 4.5L21 12m0 0l-7.5 7.5M21 12H3\"><\/path>\n                    <\/svg>\n                  <\/div>\n                <\/div>\n              <\/article>\n                          <article class=\"em-card\"\n                data-type=\"evenements-locaux-6\"\n                data-features=\"\"\n                data-name=\"patapon et la for\u00eat des chansons\"\n                data-json=\"{&quot;name&quot;:&quot;Patapon et la for\\u00eat des chansons&quot;,&quot;image&quot;:&quot;&quot;,&quot;link&quot;:&quot;http:\\\/\\\/www.comediedufinistere.fr\\\/&quot;,&quot;data&quot;:{&quot;titre&quot;:&quot;Patapon et la for\\u00eat des chansons&quot;,&quot;description&quot;:&quot;Le petit Patapon, enfant adorant chanter et jouer, part pour une for\\u00eat merveilleuse o\\u00f9 les animaux chantent et dansent !\\nAvec bonheur, il rencontrera le petit Faon, monsieur l&#039;\\u00e9cureuil, le Castor farceur, la petite chouette, monsieur le renard et Petit ourson, un tout petit ours qui adore le miel.\\nVenez chanter et enchanter votre journ\\u00e9e avec Patapon et tous ses amis dans cette for\\u00eat merveilleuse, une com\\u00e9die musicale pour les tout-petits comme pour les grands au Pays des chansons.\\n\\nInformations pratiques : \\nDur\\u00e9e 30 minutes. \\nSpectacle destin\\u00e9 aux enfants de 2 \\u00e0 6 ans. \\nR\\u00e9servation obligatoire, en ligne.&quot;,&quot;categorie&quot;:&quot;En famille&quot;,&quot;ville&quot;:&quot;Brest&quot;,&quot;code_postal&quot;:&quot;29200&quot;,&quot;name&quot;:&quot;Patapon et la for\\u00eat des chansons&quot;,&quot;latitude&quot;:&quot;48.3890223&quot;,&quot;longitude&quot;:&quot;-4.4983387&quot;,&quot;link&quot;:&quot;http:\\\/\\\/www.comediedufinistere.fr\\\/&quot;},&quot;category&quot;:&quot;\\u00c9v\\u00e9nements locaux&quot;,&quot;faq&quot;:[],&quot;event&quot;:&quot;Du 12\\\/09\\\/2026 \\u00e0 10:30 au 12\\\/09\\\/2026 \\u00e0 23:59&quot;,&quot;video_url&quot;:&quot;&quot;,&quot;video_embed&quot;:null,&quot;documents&quot;:[],&quot;gallery&quot;:[]}\">\n\n                <!-- Image + badge cat\u00e9gorie -->\n                <div class=\"em-card-img-wrap\">\n                                      <div class=\"em-card-placeholder\">\ud83d\udcf7 Pas d'image<\/div>\n                                    <span class=\"em-card-badge badge-default\">\u00c9v\u00e9nements locaux<\/span>\n                <\/div>\n\n                <!-- Contenu de la card -->\n                <div class=\"em-card-body\">\n                  <h3 class=\"em-card-title\">Patapon et la for\u00eat des chansons<\/h3>\n\n                  <!-- Tags r\u00e9sum\u00e9s (max 4) -->\n                  <div class=\"em-card-tags\">\n                                                          <\/div>\n\n                  <!-- Champs suppl\u00e9mentaires (max 3) -->\n                  <div class=\"em-card-fields\">\n                                          <div class=\"em-card-field\">\n                        <span class=\"em-card-field-label\">Titre :<\/span>\n                        <span class=\"em-card-field-value\">Patapon et la for\u00eat des chansons<\/span>\n                      <\/div>\n                                          <div class=\"em-card-field\">\n                        <span class=\"em-card-field-label\">Cat\u00e9gorie :<\/span>\n                        <span class=\"em-card-field-value\">En famille<\/span>\n                      <\/div>\n                                          <div class=\"em-card-field\">\n                        <span class=\"em-card-field-label\">Ville :<\/span>\n                        <span class=\"em-card-field-value\">Brest<\/span>\n                      <\/div>\n                                      <\/div>\n\n                  <!-- Lien vers le d\u00e9tail -->\n                  <div class=\"em-card-footer\">\n                    <span>Voir le d\u00e9tail<\/span>\n                    <svg fill=\"none\" viewBox=\"0 0 24 24\" stroke=\"currentColor\" stroke-width=\"2\">\n                      <path stroke-linecap=\"round\" stroke-linejoin=\"round\" d=\"M13.5 4.5L21 12m0 0l-7.5 7.5M21 12H3\"><\/path>\n                    <\/svg>\n                  <\/div>\n                <\/div>\n              <\/article>\n                          <article class=\"em-card\"\n                data-type=\"evenements-locaux-6\"\n                data-features=\"\"\n                data-name=\"&quot;chic carton \u00e0 dessin&quot; - fabriquer son portfolio (4h)\"\n                data-json=\"{&quot;name&quot;:&quot;\\&quot;Chic carton \\u00e0 dessin\\&quot; - Fabriquer son portfolio (4h)&quot;,&quot;image&quot;:&quot;&quot;,&quot;link&quot;:&quot;&quot;,&quot;data&quot;:{&quot;titre&quot;:&quot;\\&quot;Chic carton \\u00e0 dessin\\&quot; - Fabriquer son portfolio (4h)&quot;,&quot;description&quot;:&quot;Le carton \\u00e0 dessin qu&#039;on appelle aussi portfolio est utile pour prot\\u00e9ger les documents, gravures, photos ... Le portfolios est aussi un \\u00e9crin, un bel objet pour pr\\u00e9senter vos tr\\u00e9sors de la meilleure mani\\u00e8re.\\n\\nVous le fabriquerez vous-m\\u00eame \\u00e0 l&#039;atelier dans une ambiance cr\\u00e9ative. Carton, papier, tissu, rubans, formats, tout est (presque) possible. Tous les styles, chic, sobre, sophistiqu\\u00e9, r\\u00e9cup&#039;, \\u00e0 vous de choisir. Pour apprendre ou se perfectionner : \\u00e9querrage du carton, collage, assemblage, trouver les harmonies.\\nCompter 4 heures d&#039;atelier et vous repartez avec votre portfolios personnalis\\u00e9 (max 25X30) . Pas de pr\\u00e9requis mais demande de la minutie. Venez les mains dans les poches sauf si vous avez de jolis papiers de couvrure \\u00e0 magnifier :) \\n\\nInformations pratiques :\\n-  Adultes \\n- Dur\\u00e9e : 4 heures&quot;,&quot;categorie&quot;:&quot;Autres \\u00e9v\\u00e9nements&quot;,&quot;ville&quot;:&quot;Brest&quot;,&quot;code_postal&quot;:&quot;29200&quot;,&quot;name&quot;:&quot;\\&quot;Chic carton \\u00e0 dessin\\&quot; - Fabriquer son portfolio (4h)&quot;,&quot;latitude&quot;:&quot;48.3951276&quot;,&quot;longitude&quot;:&quot;-4.4792974&quot;},&quot;category&quot;:&quot;\\u00c9v\\u00e9nements locaux&quot;,&quot;faq&quot;:[],&quot;event&quot;:&quot;Du 29\\\/08\\\/2026 \\u00e0 09:00 au 29\\\/08\\\/2026 \\u00e0 23:59&quot;,&quot;video_url&quot;:&quot;&quot;,&quot;video_embed&quot;:null,&quot;documents&quot;:[],&quot;gallery&quot;:[]}\">\n\n                <!-- Image + badge cat\u00e9gorie -->\n                <div class=\"em-card-img-wrap\">\n                                      <div class=\"em-card-placeholder\">\ud83d\udcf7 Pas d'image<\/div>\n                                    <span class=\"em-card-badge badge-default\">\u00c9v\u00e9nements locaux<\/span>\n                <\/div>\n\n                <!-- Contenu de la card -->\n                <div class=\"em-card-body\">\n                  <h3 class=\"em-card-title\">&quot;Chic carton \u00e0 dessin&quot; - Fabriquer son portfolio (4h)<\/h3>\n\n                  <!-- Tags r\u00e9sum\u00e9s (max 4) -->\n                  <div class=\"em-card-tags\">\n                                                          <\/div>\n\n                  <!-- Champs suppl\u00e9mentaires (max 3) -->\n                  <div class=\"em-card-fields\">\n                                          <div class=\"em-card-field\">\n                        <span class=\"em-card-field-label\">Titre :<\/span>\n                        <span class=\"em-card-field-value\">&quot;Chic carton \u00e0 dessin&quot; - Fabriquer son portfolio (4h)<\/span>\n                      <\/div>\n                                          <div class=\"em-card-field\">\n                        <span class=\"em-card-field-label\">Cat\u00e9gorie :<\/span>\n                        <span class=\"em-card-field-value\">Autres \u00e9v\u00e9nements<\/span>\n                      <\/div>\n                                          <div class=\"em-card-field\">\n                        <span class=\"em-card-field-label\">Ville :<\/span>\n                        <span class=\"em-card-field-value\">Brest<\/span>\n                      <\/div>\n                                      <\/div>\n\n                  <!-- Lien vers le d\u00e9tail -->\n                  <div class=\"em-card-footer\">\n                    <span>Voir le d\u00e9tail<\/span>\n                    <svg fill=\"none\" viewBox=\"0 0 24 24\" stroke=\"currentColor\" stroke-width=\"2\">\n                      <path stroke-linecap=\"round\" stroke-linejoin=\"round\" d=\"M13.5 4.5L21 12m0 0l-7.5 7.5M21 12H3\"><\/path>\n                    <\/svg>\n                  <\/div>\n                <\/div>\n              <\/article>\n                          <article class=\"em-card\"\n                data-type=\"evenements-locaux-6\"\n                data-features=\"\"\n                data-name=\"visite guid\u00e9e \u00ab\u00a0les rendez-vous de la pointe\u00a0\u00bb\"\n                data-json=\"{&quot;name&quot;:&quot;Visite guid\\u00e9e \\u00ab\\u00a0Les rendez-vous de la Pointe\\u00a0\\u00bb&quot;,&quot;image&quot;:&quot;&quot;,&quot;link&quot;:&quot;https:\\\/\\\/www.toutcommenceenfinistere.com\\\/pointe-du-raz\\\/preparer-sa-visite\\\/&quot;,&quot;data&quot;:{&quot;titre&quot;:&quot;Visite guid\\u00e9e \\u00ab\\u00a0Les rendez-vous de la Pointe\\u00a0\\u00bb&quot;,&quot;description&quot;:&quot;Comprendre un paysage d\\u2019exception, en famille.\\n\\nCette visite guid\\u00e9e invite petits et grands \\u00e0 d\\u00e9couvrir les paysages spectaculaires de la Pointe du Raz et \\u00e0 comprendre ce qui fait la singularit\\u00e9 de ce site embl\\u00e9matique du Finist\\u00e8re. Au fil du parcours, le guide d\\u00e9crypte la formation des falaises, l\\u2019influence des vents et des courants, ainsi que l\\u2019histoire humaine intimement li\\u00e9e \\u00e0 ce bout du monde. Anecdotes, observations et \\u00e9changes rythment la visite, pens\\u00e9e pour \\u00eatre accessible et ludique. Une formule id\\u00e9ale pour une premi\\u00e8re approche du site, \\u00e0 partager en famille, entre terre et mer.\\n\\nD\\u00e9part du s\\u00e9maphore (\\u00e0 800 m du parking) - Dur\\u00e9e 1h&quot;,&quot;categorie&quot;:&quot;Sport &amp; randonn\\u00e9e&quot;,&quot;ville&quot;:&quot;Plogoff&quot;,&quot;code_postal&quot;:&quot;29770&quot;,&quot;name&quot;:&quot;Visite guid\\u00e9e \\u00ab\\u00a0Les rendez-vous de la Pointe\\u00a0\\u00bb&quot;,&quot;latitude&quot;:&quot;48.0408590&quot;,&quot;longitude&quot;:&quot;-4.6709770&quot;,&quot;link&quot;:&quot;https:\\\/\\\/www.toutcommenceenfinistere.com\\\/pointe-du-raz\\\/preparer-sa-visite\\\/&quot;},&quot;category&quot;:&quot;\\u00c9v\\u00e9nements locaux&quot;,&quot;faq&quot;:[],&quot;event&quot;:&quot;Du 12\\\/09\\\/2026 \\u00e0 16:00 au 12\\\/09\\\/2026 \\u00e0 23:59&quot;,&quot;video_url&quot;:&quot;&quot;,&quot;video_embed&quot;:null,&quot;documents&quot;:[],&quot;gallery&quot;:[]}\">\n\n                <!-- Image + badge cat\u00e9gorie -->\n                <div class=\"em-card-img-wrap\">\n                                      <div class=\"em-card-placeholder\">\ud83d\udcf7 Pas d'image<\/div>\n                                    <span class=\"em-card-badge badge-default\">\u00c9v\u00e9nements locaux<\/span>\n                <\/div>\n\n                <!-- Contenu de la card -->\n                <div class=\"em-card-body\">\n                  <h3 class=\"em-card-title\">Visite guid\u00e9e \u00ab\u00a0Les rendez-vous de la Pointe\u00a0\u00bb<\/h3>\n\n                  <!-- Tags r\u00e9sum\u00e9s (max 4) -->\n                  <div class=\"em-card-tags\">\n                                                          <\/div>\n\n                  <!-- Champs suppl\u00e9mentaires (max 3) -->\n                  <div class=\"em-card-fields\">\n                                          <div class=\"em-card-field\">\n                        <span class=\"em-card-field-label\">Titre :<\/span>\n                        <span class=\"em-card-field-value\">Visite guid\u00e9e \u00ab\u00a0Les rendez-vous de la Pointe\u00a0\u00bb<\/span>\n                      <\/div>\n                                          <div class=\"em-card-field\">\n                        <span class=\"em-card-field-label\">Cat\u00e9gorie :<\/span>\n                        <span class=\"em-card-field-value\">Sport &amp; randonn\u00e9e<\/span>\n                      <\/div>\n                                          <div class=\"em-card-field\">\n                        <span class=\"em-card-field-label\">Ville :<\/span>\n                        <span class=\"em-card-field-value\">Plogoff<\/span>\n                      <\/div>\n                                      <\/div>\n\n                  <!-- Lien vers le d\u00e9tail -->\n                  <div class=\"em-card-footer\">\n                    <span>Voir le d\u00e9tail<\/span>\n                    <svg fill=\"none\" viewBox=\"0 0 24 24\" stroke=\"currentColor\" stroke-width=\"2\">\n                      <path stroke-linecap=\"round\" stroke-linejoin=\"round\" d=\"M13.5 4.5L21 12m0 0l-7.5 7.5M21 12H3\"><\/path>\n                    <\/svg>\n                  <\/div>\n                <\/div>\n              <\/article>\n                          <article class=\"em-card\"\n                data-type=\"evenements-locaux-6\"\n                data-features=\"\"\n                data-name=\"visite guid\u00e9e de cri\u00e9e d\u2019audierne-poulgoazec\"\n                data-json=\"{&quot;name&quot;:&quot;Visite guid\\u00e9e de cri\\u00e9e d\\u2019Audierne-Poulgoazec&quot;,&quot;image&quot;:&quot;&quot;,&quot;link&quot;:&quot;&quot;,&quot;data&quot;:{&quot;titre&quot;:&quot;Visite guid\\u00e9e de cri\\u00e9e d\\u2019Audierne-Poulgoazec&quot;,&quot;description&quot;:&quot;Venez assister en direct \\u00e0 la vente aux ench\\u00e8res \\u00e0 la halle \\u00e0 mar\\u00e9e.\\nUne visite exceptionnelle \\u00e0 la d\\u00e9couverte de la cri\\u00e9e de Poulgoazec, singuli\\u00e8re par la qualit\\u00e9 de sa p\\u00eache c\\u00f4ti\\u00e8re.\\nAccompagn\\u00e9 par nos m\\u00e9diateurs, nous vous ferons d\\u00e9couvrir l&#039;histoire du port, ses techniques de p\\u00eaches, les diff\\u00e9rentes esp\\u00e8ces de poissons et les conditions de travail des marins-p\\u00eacheurs.\\n \\nSur r\\u00e9servation, 30 pers. max, chaussures ferm\\u00e9es obligatoires, photos interdites \\u00e0 l&#039;int\\u00e9rieur de la halle \\u00e0 mar\\u00e9e.\\nLes animaux ne sont pas accept\\u00e9s.\\n \\nBilletterie disponible dans le bureaux de l&#039;Office de Tourisme.  \\n \\nPoint de rendez-vous \\u00e0 l&#039;Abri du marin de Plouhinec.&quot;,&quot;categorie&quot;:&quot;Autres \\u00e9v\\u00e9nements&quot;,&quot;ville&quot;:&quot;Plouhinec&quot;,&quot;code_postal&quot;:&quot;29780&quot;,&quot;name&quot;:&quot;Visite guid\\u00e9e de cri\\u00e9e d\\u2019Audierne-Poulgoazec&quot;,&quot;latitude&quot;:&quot;48.0184347&quot;,&quot;longitude&quot;:&quot;-4.5316125&quot;},&quot;category&quot;:&quot;\\u00c9v\\u00e9nements locaux&quot;,&quot;faq&quot;:[],&quot;event&quot;:&quot;Du 08\\\/09\\\/2026 \\u00e0 14:30 au 08\\\/09\\\/2026 \\u00e0 23:59&quot;,&quot;video_url&quot;:&quot;&quot;,&quot;video_embed&quot;:null,&quot;documents&quot;:[],&quot;gallery&quot;:[]}\">\n\n                <!-- Image + badge cat\u00e9gorie -->\n                <div class=\"em-card-img-wrap\">\n                                      <div class=\"em-card-placeholder\">\ud83d\udcf7 Pas d'image<\/div>\n                                    <span class=\"em-card-badge badge-default\">\u00c9v\u00e9nements locaux<\/span>\n                <\/div>\n\n                <!-- Contenu de la card -->\n                <div class=\"em-card-body\">\n                  <h3 class=\"em-card-title\">Visite guid\u00e9e de cri\u00e9e d\u2019Audierne-Poulgoazec<\/h3>\n\n                  <!-- Tags r\u00e9sum\u00e9s (max 4) -->\n                  <div class=\"em-card-tags\">\n                                                          <\/div>\n\n                  <!-- Champs suppl\u00e9mentaires (max 3) -->\n                  <div class=\"em-card-fields\">\n                                          <div class=\"em-card-field\">\n                        <span class=\"em-card-field-label\">Titre :<\/span>\n                        <span class=\"em-card-field-value\">Visite guid\u00e9e de cri\u00e9e d\u2019Audierne-Poulgoazec<\/span>\n                      <\/div>\n                                          <div class=\"em-card-field\">\n                        <span class=\"em-card-field-label\">Cat\u00e9gorie :<\/span>\n                        <span class=\"em-card-field-value\">Autres \u00e9v\u00e9nements<\/span>\n                      <\/div>\n                                          <div class=\"em-card-field\">\n                        <span class=\"em-card-field-label\">Ville :<\/span>\n                        <span class=\"em-card-field-value\">Plouhinec<\/span>\n                      <\/div>\n                                      <\/div>\n\n                  <!-- Lien vers le d\u00e9tail -->\n                  <div class=\"em-card-footer\">\n                    <span>Voir le d\u00e9tail<\/span>\n                    <svg fill=\"none\" viewBox=\"0 0 24 24\" stroke=\"currentColor\" stroke-width=\"2\">\n                      <path stroke-linecap=\"round\" stroke-linejoin=\"round\" d=\"M13.5 4.5L21 12m0 0l-7.5 7.5M21 12H3\"><\/path>\n                    <\/svg>\n                  <\/div>\n                <\/div>\n              <\/article>\n                          <article class=\"em-card\"\n                data-type=\"evenements-locaux-6\"\n                data-features=\"\"\n                data-name=\"visite interactive - il \u00e9tait une fois, une sorci\u00e8re\u2026\"\n                data-json=\"{&quot;name&quot;:&quot;Visite interactive - Il \\u00e9tait une fois, une sorci\\u00e8re\\u2026&quot;,&quot;image&quot;:&quot;&quot;,&quot;link&quot;:&quot;https:\\\/\\\/www.cdp29.fr\\\/&quot;,&quot;data&quot;:{&quot;titre&quot;:&quot;Visite interactive - Il \\u00e9tait une fois, une sorci\\u00e8re\\u2026&quot;,&quot;description&quot;:&quot;Apr\\u00e8s la lecture d\\u2019un conte pr\\u00e8s de la cabane de la sorci\\u00e8re, chaque famille tire au sort un \\u00e9l\\u00e9ment du conte et partent \\u00e0 sa recherche dans l\\u2019exposition. Une fois trouv\\u00e9, elles sont invit\\u00e9es \\u00e0 l\\u2019observer pour en apprendre davantage sur lui. Bouc, crapaud ou encore hibou sont au rendez-vous.\\n\\nOuverture des r\\u00e9servations prochainement.&quot;,&quot;categorie&quot;:&quot;En famille&quot;,&quot;ville&quot;:&quot;Daoulas&quot;,&quot;code_postal&quot;:&quot;29460&quot;,&quot;name&quot;:&quot;Visite interactive - Il \\u00e9tait une fois, une sorci\\u00e8re\\u2026&quot;,&quot;latitude&quot;:&quot;48.3620400&quot;,&quot;longitude&quot;:&quot;-4.2653400&quot;,&quot;link&quot;:&quot;https:\\\/\\\/www.cdp29.fr\\\/&quot;},&quot;category&quot;:&quot;\\u00c9v\\u00e9nements locaux&quot;,&quot;faq&quot;:[],&quot;event&quot;:&quot;Du 28\\\/08\\\/2026 \\u00e0 16:30 au 28\\\/08\\\/2026 \\u00e0 23:59&quot;,&quot;video_url&quot;:&quot;&quot;,&quot;video_embed&quot;:null,&quot;documents&quot;:[],&quot;gallery&quot;:[]}\">\n\n                <!-- Image + badge cat\u00e9gorie -->\n                <div class=\"em-card-img-wrap\">\n                                      <div class=\"em-card-placeholder\">\ud83d\udcf7 Pas d'image<\/div>\n                                    <span class=\"em-card-badge badge-default\">\u00c9v\u00e9nements locaux<\/span>\n                <\/div>\n\n                <!-- Contenu de la card -->\n                <div class=\"em-card-body\">\n                  <h3 class=\"em-card-title\">Visite interactive - Il \u00e9tait une fois, une sorci\u00e8re\u2026<\/h3>\n\n                  <!-- Tags r\u00e9sum\u00e9s (max 4) -->\n                  <div class=\"em-card-tags\">\n                                                          <\/div>\n\n                  <!-- Champs suppl\u00e9mentaires (max 3) -->\n                  <div class=\"em-card-fields\">\n                                          <div class=\"em-card-field\">\n                        <span class=\"em-card-field-label\">Titre :<\/span>\n                        <span class=\"em-card-field-value\">Visite interactive - Il \u00e9tait une fois, une sorci\u00e8re\u2026<\/span>\n                      <\/div>\n                                          <div class=\"em-card-field\">\n                        <span class=\"em-card-field-label\">Cat\u00e9gorie :<\/span>\n                        <span class=\"em-card-field-value\">En famille<\/span>\n                      <\/div>\n                                          <div class=\"em-card-field\">\n                        <span class=\"em-card-field-label\">Ville :<\/span>\n                        <span class=\"em-card-field-value\">Daoulas<\/span>\n                      <\/div>\n                                      <\/div>\n\n                  <!-- Lien vers le d\u00e9tail -->\n                  <div class=\"em-card-footer\">\n                    <span>Voir le d\u00e9tail<\/span>\n                    <svg fill=\"none\" viewBox=\"0 0 24 24\" stroke=\"currentColor\" stroke-width=\"2\">\n                      <path stroke-linecap=\"round\" stroke-linejoin=\"round\" d=\"M13.5 4.5L21 12m0 0l-7.5 7.5M21 12H3\"><\/path>\n                    <\/svg>\n                  <\/div>\n                <\/div>\n              <\/article>\n                          <article class=\"em-card\"\n                data-type=\"evenements-locaux-6\"\n                data-features=\"\"\n                data-name=\"projection du film &quot;l&#039;indien \u00e0 la rame&quot;\"\n                data-json=\"{&quot;name&quot;:&quot;Projection du film \\&quot;L&#039;Indien \\u00e0 la rame\\&quot;&quot;,&quot;image&quot;:&quot;&quot;,&quot;link&quot;:&quot;https:\\\/\\\/www.instagram.com\\\/l_indien_a_la_rame\\\/&quot;,&quot;data&quot;:{&quot;titre&quot;:&quot;Projection du film \\&quot;L&#039;Indien \\u00e0 la rame\\&quot;&quot;,&quot;description&quot;:&quot;Australie-R\\u00e9union \\u00e0 la rame: 5800 km en couple, sans escale et sans assistance. \\n\\n\\nNaty Verlinden r\\u00eavait de r\\u00e9aliser un film d\\u2019aventure. Quand elle entend parler du projet de Sophie et Fanch de traverser l\\u2019oc\\u00e9an Indien \\u00e0 la rame, elle les contacte et ose leur demander d\\u2019\\u00eatre celle qui mettra en images cette folle aventure.\\n\\nSophie et Fanch, \\u00e7a les arrange. Ils ont d\\u00e9j\\u00e0 tellement de choses \\u00e0 faire sur un si grand projet. Ce ne sont pas des aventuriers professionnels, bien au contraire, ce sont plut\\u00f4t des beatnik de l\\u2019aventure. Ils posent des vacances pour partir, ils vendent leur voilier pour financer leur travers\\u00e9e alors r\\u00e9aliser un film de ce qu\\u2019ils s\\u2019appr\\u00eatent \\u00e0 faire n\\u2019est pas une priorit\\u00e9. Ils pr\\u00e9f\\u00e8rent savourer l\\u2019instant en le vivant.\\n\\nNaty aime les aventures mais elle aime tout autant les humains qui les vivent. Avec leurs caract\\u00e8res, leurs sensibilit\\u00e9s, leurs valeurs et les potentielles temp\\u00eates relationnelles qui naissent dans ces exp\\u00e9riences de vies hors-normes. A travers son regard, elle vous fait d\\u00e9couvrir la travers\\u00e9e \\u00e0 la rame d\\u2019un difficile oc\\u00e9an par un couple amoureux \\u00e0 qui tout le monde n\\u2019a cess\\u00e9 de dire: \\u00ab 5800km \\u00e0 la rame? En couple en plus? Mais vous \\u00eates compl\\u00e8tement fous! \\u00bb\\n\\nCe que tous ces gens n\\u2019avaient pas en t\\u00eate, c\\u2019\\u00e9tait que les folies sont les seules choses qu\\u2019on ne regrettent jamais. Cette citation d\\u2019Oscar Wilde est un des mantra du couple de rameurs.\\n\\nVous verrez que Sophie et Fanch ne sont pas si diff\\u00e9rents de vous tous. Ils ont juste peut-\\u00eatre le petit plus qui les a fait r\\u00e9aliser leur r\\u00eave: la volont\\u00e9 d\\u2019oser et l\\u2019importance de s\\u2019aimer encore plus dans la difficult\\u00e9.\\n\\nA travers son film, Naty vous montre qu\\u2019un bateau \\u00e0 rame peut devenir un laboratoire d\\u2019amour, \\u00e0 la fois tendre, dr\\u00f4le et vertigineux o\\u00f9 l\\u2019on observe comment on continue d\\u2019aimer dans la fatigue, dans le silence, dans la peur. Comment on tient ensemble dans un huit clos \\u00e0 ciel ouvert? L\\u2019amour, l\\u2019humour, la bienveillance, la remise en question ou peut-\\u00eatre juste l\\u2019acceptation de ne pas tout ma\\u00eetriser.\\n\\nEn participant \\u00e0 cette projection, vous soutenez l&#039;association de Sophie et Fanch \\&quot;Et d&#039;aventures en aventures\\&quot;. Les b\\u00e9n\\u00e9fices des projections seront utilis\\u00e9s pour les futurs projets p\\u00e9dagogiques li\\u00e9s \\u00e0 cette aventure: \\u00e9dition du livre de Sophie, projet de cr\\u00e9ation d&#039;une bande dessin\\u00e9e et d&#039;une exposition \\u00e9ducative.\\n\\n45 min de film + temps d&#039;\\u00e9change. \\n\\nSur r\\u00e9servation via Hello Asso - lien ci-dessous&quot;,&quot;categorie&quot;:&quot;Spectacles &amp; cin\\u00e9ma&quot;,&quot;ville&quot;:&quot;Crozon&quot;,&quot;code_postal&quot;:&quot;29160&quot;,&quot;name&quot;:&quot;Projection du film \\&quot;L&#039;Indien \\u00e0 la rame\\&quot;&quot;,&quot;latitude&quot;:&quot;48.2428100&quot;,&quot;longitude&quot;:&quot;-4.4843600&quot;,&quot;link&quot;:&quot;https:\\\/\\\/www.instagram.com\\\/l_indien_a_la_rame\\\/&quot;},&quot;category&quot;:&quot;\\u00c9v\\u00e9nements locaux&quot;,&quot;faq&quot;:[],&quot;event&quot;:&quot;Du 12\\\/09\\\/2026 \\u00e0 17:00 au 12\\\/09\\\/2026 \\u00e0 23:59&quot;,&quot;video_url&quot;:&quot;&quot;,&quot;video_embed&quot;:null,&quot;documents&quot;:[],&quot;gallery&quot;:[]}\">\n\n                <!-- Image + badge cat\u00e9gorie -->\n                <div class=\"em-card-img-wrap\">\n                                      <div class=\"em-card-placeholder\">\ud83d\udcf7 Pas d'image<\/div>\n                                    <span class=\"em-card-badge badge-default\">\u00c9v\u00e9nements locaux<\/span>\n                <\/div>\n\n                <!-- Contenu de la card -->\n                <div class=\"em-card-body\">\n                  <h3 class=\"em-card-title\">Projection du film &quot;L&#039;Indien \u00e0 la rame&quot;<\/h3>\n\n                  <!-- Tags r\u00e9sum\u00e9s (max 4) -->\n                  <div class=\"em-card-tags\">\n                                                          <\/div>\n\n                  <!-- Champs suppl\u00e9mentaires (max 3) -->\n                  <div class=\"em-card-fields\">\n                                          <div class=\"em-card-field\">\n                        <span class=\"em-card-field-label\">Titre :<\/span>\n                        <span class=\"em-card-field-value\">Projection du film &quot;L&#039;Indien \u00e0 la rame&quot;<\/span>\n                      <\/div>\n                                          <div class=\"em-card-field\">\n                        <span class=\"em-card-field-label\">Cat\u00e9gorie :<\/span>\n                        <span class=\"em-card-field-value\">Spectacles &amp; cin\u00e9ma<\/span>\n                      <\/div>\n                                          <div class=\"em-card-field\">\n                        <span class=\"em-card-field-label\">Ville :<\/span>\n                        <span class=\"em-card-field-value\">Crozon<\/span>\n                      <\/div>\n                                      <\/div>\n\n                  <!-- Lien vers le d\u00e9tail -->\n                  <div class=\"em-card-footer\">\n                    <span>Voir le d\u00e9tail<\/span>\n                    <svg fill=\"none\" viewBox=\"0 0 24 24\" stroke=\"currentColor\" stroke-width=\"2\">\n                      <path stroke-linecap=\"round\" stroke-linejoin=\"round\" d=\"M13.5 4.5L21 12m0 0l-7.5 7.5M21 12H3\"><\/path>\n                    <\/svg>\n                  <\/div>\n                <\/div>\n              <\/article>\n                          <article class=\"em-card\"\n                data-type=\"evenements-locaux-6\"\n                data-features=\"\"\n                data-name=\"oc\u00e9anolab - projet alcid\"\n                data-json=\"{&quot;name&quot;:&quot;Oc\\u00e9anolab - Projet Alcid&quot;,&quot;image&quot;:&quot;&quot;,&quot;link&quot;:&quot;https:\\\/\\\/www.oceanopolis.com\\\/&quot;,&quot;data&quot;:{&quot;titre&quot;:&quot;Oc\\u00e9anolab - Projet Alcid&quot;,&quot;description&quot;:&quot;Un nouveau projet \\u00e0 Oc\\u00e9anolab :\\nLes chercheurs du projet \\u00ab ALCID (Algues, Climat, Invasives, Diversit\\u00e9) \\u00bb posent leurs valises \\u00e0 Oc\\u00e9anolab et chercheront \\u00e0 r\\u00e9pondre \\u00e0 la question suivante : \\u00ab Comment les algues bretonnes, et le vivant qui en d\\u00e9pend, r\\u00e9agiront-ils au changement climatique ? \\u00bb.\\n\\nL\\u2019objectif pour les scientifiques est de comprendre comment le changement climatique, avec l&#039;augmentation de la temp\\u00e9rature de l&#039;eau de mer, va modifier les champs d&#039;algues bretons. Il s&#039;agit \\u00e9galement d&#039;\\u00e9tudier les impacts de la pr\\u00e9sence d&#039;une esp\\u00e8ce exotique, comme la sargasse, dans ce contexte.\\n\\n12 bassins pr\\u00e9sentant 7 esp\\u00e8ces diff\\u00e9rentes d\\u2019algues seront \\u00e0 d\\u00e9couvrir dans ce laboratoire unique en son genre.\\n\\nInformations pratiques : \\nL\\u2019espace est ouvert tous les jours durant les p\\u00e9riodes de vacances scolaires puis les mercredis, week-ends et jours f\\u00e9ri\\u00e9s en dehors des vacances scolaires.&quot;,&quot;categorie&quot;:&quot;En famille&quot;,&quot;ville&quot;:&quot;Brest&quot;,&quot;code_postal&quot;:&quot;29200&quot;,&quot;name&quot;:&quot;Oc\\u00e9anolab - Projet Alcid&quot;,&quot;latitude&quot;:&quot;48.3899700&quot;,&quot;longitude&quot;:&quot;-4.4361000&quot;,&quot;link&quot;:&quot;https:\\\/\\\/www.oceanopolis.com\\\/&quot;},&quot;category&quot;:&quot;\\u00c9v\\u00e9nements locaux&quot;,&quot;faq&quot;:[],&quot;event&quot;:&quot;Du 11\\\/04\\\/2026 \\u00e0 10:00 au 01\\\/11\\\/2026 \\u00e0 23:59&quot;,&quot;video_url&quot;:&quot;&quot;,&quot;video_embed&quot;:null,&quot;documents&quot;:[],&quot;gallery&quot;:[]}\">\n\n                <!-- Image + badge cat\u00e9gorie -->\n                <div class=\"em-card-img-wrap\">\n                                      <div class=\"em-card-placeholder\">\ud83d\udcf7 Pas d'image<\/div>\n                                    <span class=\"em-card-badge badge-default\">\u00c9v\u00e9nements locaux<\/span>\n                <\/div>\n\n                <!-- Contenu de la card -->\n                <div class=\"em-card-body\">\n                  <h3 class=\"em-card-title\">Oc\u00e9anolab - Projet Alcid<\/h3>\n\n                  <!-- Tags r\u00e9sum\u00e9s (max 4) -->\n                  <div class=\"em-card-tags\">\n                                                          <\/div>\n\n                  <!-- Champs suppl\u00e9mentaires (max 3) -->\n                  <div class=\"em-card-fields\">\n                                          <div class=\"em-card-field\">\n                        <span class=\"em-card-field-label\">Titre :<\/span>\n                        <span class=\"em-card-field-value\">Oc\u00e9anolab - Projet Alcid<\/span>\n                      <\/div>\n                                          <div class=\"em-card-field\">\n                        <span class=\"em-card-field-label\">Cat\u00e9gorie :<\/span>\n                        <span class=\"em-card-field-value\">En famille<\/span>\n                      <\/div>\n                                          <div class=\"em-card-field\">\n                        <span class=\"em-card-field-label\">Ville :<\/span>\n                        <span class=\"em-card-field-value\">Brest<\/span>\n                      <\/div>\n                                      <\/div>\n\n                  <!-- Lien vers le d\u00e9tail -->\n                  <div class=\"em-card-footer\">\n                    <span>Voir le d\u00e9tail<\/span>\n                    <svg fill=\"none\" viewBox=\"0 0 24 24\" stroke=\"currentColor\" stroke-width=\"2\">\n                      <path stroke-linecap=\"round\" stroke-linejoin=\"round\" d=\"M13.5 4.5L21 12m0 0l-7.5 7.5M21 12H3\"><\/path>\n                    <\/svg>\n                  <\/div>\n                <\/div>\n              <\/article>\n                          <article class=\"em-card\"\n                data-type=\"evenements-locaux-6\"\n                data-features=\"\"\n                data-name=\"gef\u00fchrter fotospaziergang durch douarnenez\"\n                data-json=\"{&quot;name&quot;:&quot;Gef\\u00fchrter Fotospaziergang durch Douarnenez&quot;,&quot;image&quot;:&quot;&quot;,&quot;link&quot;:&quot;http:\\\/\\\/www.douarnenez-tourisme.com\\\/&quot;,&quot;data&quot;:{&quot;titre&quot;:&quot;Gef\\u00fchrter Fotospaziergang durch Douarnenez&quot;,&quot;description&quot;:&quot;Gef\\u00fchrter Fotospaziergang durch Douarnenez :\\nEntdecken Sie mit dem Marco-Polo-Autor und erfahrenen Reiseleiter Errol Friedhelm Karakoc die Hafenstadt und ihre K\\u00f6nigin, die Sardine. Auf den Spuren der hiesigen Fischer begegnen Sie streitbaren Damen, kuriosen Riten der heimischen Bev\\u00f6lkerung, h\\u00fcbscher Architektur aus den letzten Jahrhunderten, spannenden Legenden, vielleicht sogar Kommissar Dupin und haben dabei immer wieder den Blick auf die Bucht. Freuen Sie sich auf etwa zwei Stunden des Flanierens durch die Gassen des Hafenviertels Rosmeur.\\n\\nDauer: ca. 2h\\nSprache: auf Deutsch\\nSchwierigkeitsgrad: einfach bis mittel (leichte Steigungen\\\/Gef\\u00e4lle auf st\\u00e4dtischen Wegen, einige Stufen)&quot;,&quot;categorie&quot;:&quot;Autres \\u00e9v\\u00e9nements&quot;,&quot;ville&quot;:&quot;Douarnenez&quot;,&quot;code_postal&quot;:&quot;29100&quot;,&quot;name&quot;:&quot;Gef\\u00fchrter Fotospaziergang durch Douarnenez&quot;,&quot;latitude&quot;:&quot;48.0931504&quot;,&quot;longitude&quot;:&quot;-4.3310605&quot;,&quot;link&quot;:&quot;http:\\\/\\\/www.douarnenez-tourisme.com\\\/&quot;},&quot;category&quot;:&quot;\\u00c9v\\u00e9nements locaux&quot;,&quot;faq&quot;:[],&quot;event&quot;:&quot;Du 12\\\/09\\\/2026 \\u00e0 14:00 au 12\\\/09\\\/2026 \\u00e0 23:59&quot;,&quot;video_url&quot;:&quot;&quot;,&quot;video_embed&quot;:null,&quot;documents&quot;:[],&quot;gallery&quot;:[]}\">\n\n                <!-- Image + badge cat\u00e9gorie -->\n                <div class=\"em-card-img-wrap\">\n                                      <div class=\"em-card-placeholder\">\ud83d\udcf7 Pas d'image<\/div>\n                                    <span class=\"em-card-badge badge-default\">\u00c9v\u00e9nements locaux<\/span>\n                <\/div>\n\n                <!-- Contenu de la card -->\n                <div class=\"em-card-body\">\n                  <h3 class=\"em-card-title\">Gef\u00fchrter Fotospaziergang durch Douarnenez<\/h3>\n\n                  <!-- Tags r\u00e9sum\u00e9s (max 4) -->\n                  <div class=\"em-card-tags\">\n                                                          <\/div>\n\n                  <!-- Champs suppl\u00e9mentaires (max 3) -->\n                  <div class=\"em-card-fields\">\n                                          <div class=\"em-card-field\">\n                        <span class=\"em-card-field-label\">Titre :<\/span>\n                        <span class=\"em-card-field-value\">Gef\u00fchrter Fotospaziergang durch Douarnenez<\/span>\n                      <\/div>\n                                          <div class=\"em-card-field\">\n                        <span class=\"em-card-field-label\">Cat\u00e9gorie :<\/span>\n                        <span class=\"em-card-field-value\">Autres \u00e9v\u00e9nements<\/span>\n                      <\/div>\n                                          <div class=\"em-card-field\">\n                        <span class=\"em-card-field-label\">Ville :<\/span>\n                        <span class=\"em-card-field-value\">Douarnenez<\/span>\n                      <\/div>\n                                      <\/div>\n\n                  <!-- Lien vers le d\u00e9tail -->\n                  <div class=\"em-card-footer\">\n                    <span>Voir le d\u00e9tail<\/span>\n                    <svg fill=\"none\" viewBox=\"0 0 24 24\" stroke=\"currentColor\" stroke-width=\"2\">\n                      <path stroke-linecap=\"round\" stroke-linejoin=\"round\" d=\"M13.5 4.5L21 12m0 0l-7.5 7.5M21 12H3\"><\/path>\n                    <\/svg>\n                  <\/div>\n                <\/div>\n              <\/article>\n                          <article class=\"em-card\"\n                data-type=\"evenements-locaux-6\"\n                data-features=\"\"\n                data-name=\"la paillote, point de locations nautiques\"\n                data-json=\"{&quot;name&quot;:&quot;La paillote, point de locations nautiques&quot;,&quot;image&quot;:&quot;&quot;,&quot;link&quot;:&quot;https:\\\/\\\/www.moulinmer.com\\\/&quot;,&quot;data&quot;:{&quot;titre&quot;:&quot;La paillote, point de locations nautiques&quot;,&quot;description&quot;:&quot;En \\u00e9t\\u00e9, La Paillote du Yelen est le lieu incontournable de la presqu&#039;\\u00eele de Logonna-Daoulas !\\nPoint de locations nautiques ouvert 6 jours\\\/7\\n\\nC&#039;est ouvert du mardi au dimanche en juillet et ao\\u00fbt.\\n\\nEn famille, seul ou entre amis, naviguez sur le support de votre choix : planche \\u00e0 voile, kayak de mer, catamaran, paddle.\\nNous proposons \\u00e9galement des cours particuliers en wingfoil, catamaran, planche \\u00e0 voile, kayak et paddle.\\n\\nSur place : vente de boissons et glaces.\\n\\nEn fonction des conditions m\\u00e9t\\u00e9orologiques la paillote peut \\u00eatre ferm\\u00e9e.&quot;,&quot;categorie&quot;:&quot;Autres \\u00e9v\\u00e9nements&quot;,&quot;ville&quot;:&quot;Logonna-Daoulas&quot;,&quot;code_postal&quot;:&quot;29460&quot;,&quot;name&quot;:&quot;La paillote, point de locations nautiques&quot;,&quot;latitude&quot;:&quot;48.3202272&quot;,&quot;longitude&quot;:&quot;-4.3256528&quot;,&quot;link&quot;:&quot;https:\\\/\\\/www.moulinmer.com\\\/&quot;},&quot;category&quot;:&quot;\\u00c9v\\u00e9nements locaux&quot;,&quot;faq&quot;:[],&quot;event&quot;:&quot;Du 01\\\/07\\\/2026 \\u00e0 14:00 au 31\\\/08\\\/2026 \\u00e0 23:59&quot;,&quot;video_url&quot;:&quot;&quot;,&quot;video_embed&quot;:null,&quot;documents&quot;:[],&quot;gallery&quot;:[]}\">\n\n                <!-- Image + badge cat\u00e9gorie -->\n                <div class=\"em-card-img-wrap\">\n                                      <div class=\"em-card-placeholder\">\ud83d\udcf7 Pas d'image<\/div>\n                                    <span class=\"em-card-badge badge-default\">\u00c9v\u00e9nements locaux<\/span>\n                <\/div>\n\n                <!-- Contenu de la card -->\n                <div class=\"em-card-body\">\n                  <h3 class=\"em-card-title\">La paillote, point de locations nautiques<\/h3>\n\n                  <!-- Tags r\u00e9sum\u00e9s (max 4) -->\n                  <div class=\"em-card-tags\">\n                                                          <\/div>\n\n                  <!-- Champs suppl\u00e9mentaires (max 3) -->\n                  <div class=\"em-card-fields\">\n                                          <div class=\"em-card-field\">\n                        <span class=\"em-card-field-label\">Titre :<\/span>\n                        <span class=\"em-card-field-value\">La paillote, point de locations nautiques<\/span>\n                      <\/div>\n                                          <div class=\"em-card-field\">\n                        <span class=\"em-card-field-label\">Cat\u00e9gorie :<\/span>\n                        <span class=\"em-card-field-value\">Autres \u00e9v\u00e9nements<\/span>\n                      <\/div>\n                                          <div class=\"em-card-field\">\n                        <span class=\"em-card-field-label\">Ville :<\/span>\n                        <span class=\"em-card-field-value\">Logonna-Daoulas<\/span>\n                      <\/div>\n                                      <\/div>\n\n                  <!-- Lien vers le d\u00e9tail -->\n                  <div class=\"em-card-footer\">\n                    <span>Voir le d\u00e9tail<\/span>\n                    <svg fill=\"none\" viewBox=\"0 0 24 24\" stroke=\"currentColor\" stroke-width=\"2\">\n                      <path stroke-linecap=\"round\" stroke-linejoin=\"round\" d=\"M13.5 4.5L21 12m0 0l-7.5 7.5M21 12H3\"><\/path>\n                    <\/svg>\n                  <\/div>\n                <\/div>\n              <\/article>\n                          <article class=\"em-card\"\n                data-type=\"evenements-locaux-6\"\n                data-features=\"\"\n                data-name=\"visite guid\u00e9e - rando nature \u00e0 la pointe du van\"\n                data-json=\"{&quot;name&quot;:&quot;Visite guid\\u00e9e - Rando Nature \\u00e0 la Pointe du Van&quot;,&quot;image&quot;:&quot;&quot;,&quot;link&quot;:&quot;https:\\\/\\\/www.toutcommenceenfinistere.com\\\/pointe-du-raz\\\/preparer-sa-visite\\\/&quot;,&quot;data&quot;:{&quot;titre&quot;:&quot;Visite guid\\u00e9e - Rando Nature \\u00e0 la Pointe du Van&quot;,&quot;description&quot;:&quot;Une immersion au c\\u0153ur des paysages sauvages !\\n\\nMoins fr\\u00e9quent\\u00e9e mais tout aussi spectaculaire, la Pointe du Van se d\\u00e9voile lors de cette randonn\\u00e9e guid\\u00e9e entre landes battues par les vents, falaises abruptes et patrimoine discret. Le guide vous accompagne \\u00e0 la d\\u00e9couverte d\\u2019un territoire pr\\u00e9serv\\u00e9, fa\\u00e7onn\\u00e9 par la rencontre permanente entre la terre et l\\u2019oc\\u00e9an. Faune, flore, g\\u00e9ologie et traces d\\u2019activit\\u00e9s humaines se m\\u00ealent pour raconter l\\u2019histoire de ces paysages contrast\\u00e9s. Une sortie id\\u00e9ale pour les amoureux de nature et de grands espaces.\\n\\nD\\u00e9part du parking de la Pointe du Van - Dur\\u00e9e 3h - 5 km \\n\\nLes mardis \\u00e0 9h.\\n\\nSur r\\u00e9servation aupr\\u00e8s de la Maison de site ou de l&#039;Office de Tourisme du Cap-Sizun \\u00e0 Audierne.&quot;,&quot;categorie&quot;:&quot;Sport &amp; randonn\\u00e9e&quot;,&quot;ville&quot;:&quot;Cl\\u00e9den-Cap-Sizun&quot;,&quot;code_postal&quot;:&quot;29770&quot;,&quot;name&quot;:&quot;Visite guid\\u00e9e - Rando Nature \\u00e0 la Pointe du Van&quot;,&quot;latitude&quot;:&quot;48.0646350&quot;,&quot;longitude&quot;:&quot;-4.7138110&quot;,&quot;link&quot;:&quot;https:\\\/\\\/www.toutcommenceenfinistere.com\\\/pointe-du-raz\\\/preparer-sa-visite\\\/&quot;},&quot;category&quot;:&quot;\\u00c9v\\u00e9nements locaux&quot;,&quot;faq&quot;:[],&quot;event&quot;:&quot;Du 01\\\/09\\\/2026 \\u00e0 09:00 au 01\\\/09\\\/2026 \\u00e0 23:59&quot;,&quot;video_url&quot;:&quot;&quot;,&quot;video_embed&quot;:null,&quot;documents&quot;:[],&quot;gallery&quot;:[]}\">\n\n                <!-- Image + badge cat\u00e9gorie -->\n                <div class=\"em-card-img-wrap\">\n                                      <div class=\"em-card-placeholder\">\ud83d\udcf7 Pas d'image<\/div>\n                                    <span class=\"em-card-badge badge-default\">\u00c9v\u00e9nements locaux<\/span>\n                <\/div>\n\n                <!-- Contenu de la card -->\n                <div class=\"em-card-body\">\n                  <h3 class=\"em-card-title\">Visite guid\u00e9e - Rando Nature \u00e0 la Pointe du Van<\/h3>\n\n                  <!-- Tags r\u00e9sum\u00e9s (max 4) -->\n                  <div class=\"em-card-tags\">\n                                                          <\/div>\n\n                  <!-- Champs suppl\u00e9mentaires (max 3) -->\n                  <div class=\"em-card-fields\">\n                                          <div class=\"em-card-field\">\n                        <span class=\"em-card-field-label\">Titre :<\/span>\n                        <span class=\"em-card-field-value\">Visite guid\u00e9e - Rando Nature \u00e0 la Pointe du Van<\/span>\n                      <\/div>\n                                          <div class=\"em-card-field\">\n                        <span class=\"em-card-field-label\">Cat\u00e9gorie :<\/span>\n                        <span class=\"em-card-field-value\">Sport &amp; randonn\u00e9e<\/span>\n                      <\/div>\n                                          <div class=\"em-card-field\">\n                        <span class=\"em-card-field-label\">Ville :<\/span>\n                        <span class=\"em-card-field-value\">Cl\u00e9den-Cap-Sizun<\/span>\n                      <\/div>\n                                      <\/div>\n\n                  <!-- Lien vers le d\u00e9tail -->\n                  <div class=\"em-card-footer\">\n                    <span>Voir le d\u00e9tail<\/span>\n                    <svg fill=\"none\" viewBox=\"0 0 24 24\" stroke=\"currentColor\" stroke-width=\"2\">\n                      <path stroke-linecap=\"round\" stroke-linejoin=\"round\" d=\"M13.5 4.5L21 12m0 0l-7.5 7.5M21 12H3\"><\/path>\n                    <\/svg>\n                  <\/div>\n                <\/div>\n              <\/article>\n                          <article class=\"em-card\"\n                data-type=\"evenements-locaux-6\"\n                data-features=\"\"\n                data-name=\"visite cr\u00e9pusculaire de la pointe du raz\"\n                data-json=\"{&quot;name&quot;:&quot;Visite cr\\u00e9pusculaire de la Pointe du Raz&quot;,&quot;image&quot;:&quot;&quot;,&quot;link&quot;:&quot;https:\\\/\\\/www.toutcommenceenfinistere.com\\\/pointe-du-raz\\\/preparer-sa-visite\\\/&quot;,&quot;data&quot;:{&quot;titre&quot;:&quot;Visite cr\\u00e9pusculaire de la Pointe du Raz&quot;,&quot;description&quot;:&quot;La Pointe du Raz \\u00e0 l&#039;heure dor\\u00e9e ! \\n\\n\\u00c0 l\\u2019heure o\\u00f9 le soleil d\\u00e9cline, la Pointe du Raz r\\u00e9v\\u00e8le une atmosph\\u00e8re toute particuli\\u00e8re. Cette visite cr\\u00e9pusculaire propose une immersion sensorielle au c\\u0153ur du Grand Site, lorsque les couleurs s\\u2019adoucissent et que la lumi\\u00e8re dor\\u00e9e embrase les falaises. Progressivement, phares et balises s\\u2019illuminent, offrant un v\\u00e9ritable ballet lumineux sur la mer d\\u2019Iroise. Entre paysages grandioses, r\\u00e9cits maritimes et instants contemplatifs, vivez une exp\\u00e9rience unique, hors du temps, au plus \\u00e0 l\\u2019ouest de la France.\\n\\nSur r\\u00e9servation aupr\\u00e8s de la Maison de site de la Pointe du Raz ou de l&#039;Office de Tourisme du Cap-Sizun \\u00e0 Audierne.&quot;,&quot;categorie&quot;:&quot;Sport &amp; randonn\\u00e9e&quot;,&quot;ville&quot;:&quot;Plogoff&quot;,&quot;code_postal&quot;:&quot;29770&quot;,&quot;name&quot;:&quot;Visite cr\\u00e9pusculaire de la Pointe du Raz&quot;,&quot;latitude&quot;:&quot;48.0408590&quot;,&quot;longitude&quot;:&quot;-4.6709770&quot;,&quot;link&quot;:&quot;https:\\\/\\\/www.toutcommenceenfinistere.com\\\/pointe-du-raz\\\/preparer-sa-visite\\\/&quot;},&quot;category&quot;:&quot;\\u00c9v\\u00e9nements locaux&quot;,&quot;faq&quot;:[],&quot;event&quot;:&quot;Du 01\\\/09\\\/2026 \\u00e0 19:30 au 01\\\/09\\\/2026 \\u00e0 23:59&quot;,&quot;video_url&quot;:&quot;&quot;,&quot;video_embed&quot;:null,&quot;documents&quot;:[],&quot;gallery&quot;:[]}\">\n\n                <!-- Image + badge cat\u00e9gorie -->\n                <div class=\"em-card-img-wrap\">\n                                      <div class=\"em-card-placeholder\">\ud83d\udcf7 Pas d'image<\/div>\n                                    <span class=\"em-card-badge badge-default\">\u00c9v\u00e9nements locaux<\/span>\n                <\/div>\n\n                <!-- Contenu de la card -->\n                <div class=\"em-card-body\">\n                  <h3 class=\"em-card-title\">Visite cr\u00e9pusculaire de la Pointe du Raz<\/h3>\n\n                  <!-- Tags r\u00e9sum\u00e9s (max 4) -->\n                  <div class=\"em-card-tags\">\n                                                          <\/div>\n\n                  <!-- Champs suppl\u00e9mentaires (max 3) -->\n                  <div class=\"em-card-fields\">\n                                          <div class=\"em-card-field\">\n                        <span class=\"em-card-field-label\">Titre :<\/span>\n                        <span class=\"em-card-field-value\">Visite cr\u00e9pusculaire de la Pointe du Raz<\/span>\n                      <\/div>\n                                          <div class=\"em-card-field\">\n                        <span class=\"em-card-field-label\">Cat\u00e9gorie :<\/span>\n                        <span class=\"em-card-field-value\">Sport &amp; randonn\u00e9e<\/span>\n                      <\/div>\n                                          <div class=\"em-card-field\">\n                        <span class=\"em-card-field-label\">Ville :<\/span>\n                        <span class=\"em-card-field-value\">Plogoff<\/span>\n                      <\/div>\n                                      <\/div>\n\n                  <!-- Lien vers le d\u00e9tail -->\n                  <div class=\"em-card-footer\">\n                    <span>Voir le d\u00e9tail<\/span>\n                    <svg fill=\"none\" viewBox=\"0 0 24 24\" stroke=\"currentColor\" stroke-width=\"2\">\n                      <path stroke-linecap=\"round\" stroke-linejoin=\"round\" d=\"M13.5 4.5L21 12m0 0l-7.5 7.5M21 12H3\"><\/path>\n                    <\/svg>\n                  <\/div>\n                <\/div>\n              <\/article>\n                          <article class=\"em-card\"\n                data-type=\"evenements-locaux-6\"\n                data-features=\"\"\n                data-name=\"march\u00e9 de la ferme du meot\"\n                data-json=\"{&quot;name&quot;:&quot;March\\u00e9 de la ferme du Meot&quot;,&quot;image&quot;:&quot;&quot;,&quot;link&quot;:&quot;&quot;,&quot;data&quot;:{&quot;titre&quot;:&quot;March\\u00e9 de la ferme du Meot&quot;,&quot;description&quot;:&quot;Retrouvez les march\\u00e9s de la Ferme du Meot tous les mercredis de l\\u2019\\u00e9t\\u00e9 (sans exception) !\\n\\nVous y trouverez en Agriculture Biologique\\u00a0: \\n\\n    \\u2022 les fruits et l\\u00e9gumes de la ferme\\n    \\u2022 des pizzas faites sur place avec les produits de la ferme et des fermes alentours\\n    \\u2022 des fleurs cultiv\\u00e9es sur place\\n    \\u2022 d\\u2019autres produits des fermes alentours (pains, fromage, bi\\u00e8re, vin, confiture, poisson etc.)\\n    \\u2022 Les P\\u2019tites Graines, \\u00e9picerie s\\u00e8che (olives, g\\u00e2teaux ap\\u00e9ro, \\u00e9pices, p\\u00e2tes, c\\u00e9r\\u00e9ales et autres gourmandises)\\n\\nPensez \\u00e0 prendre de la monnaie ou vos ch\\u00e9quiers, nous ne prenons pas la carte bancaire\\u00a0!&quot;,&quot;categorie&quot;:&quot;March\\u00e9s &amp; foires&quot;,&quot;ville&quot;:&quot;Loperhet&quot;,&quot;code_postal&quot;:&quot;29470&quot;,&quot;name&quot;:&quot;March\\u00e9 de la ferme du Meot&quot;,&quot;latitude&quot;:&quot;48.3669345&quot;,&quot;longitude&quot;:&quot;-4.3237429&quot;},&quot;category&quot;:&quot;\\u00c9v\\u00e9nements locaux&quot;,&quot;faq&quot;:[],&quot;event&quot;:&quot;Du 02\\\/09\\\/2026 \\u00e0 15:30 au 02\\\/09\\\/2026 \\u00e0 23:59&quot;,&quot;video_url&quot;:&quot;&quot;,&quot;video_embed&quot;:null,&quot;documents&quot;:[],&quot;gallery&quot;:[]}\">\n\n                <!-- Image + badge cat\u00e9gorie -->\n                <div class=\"em-card-img-wrap\">\n                                      <div class=\"em-card-placeholder\">\ud83d\udcf7 Pas d'image<\/div>\n                                    <span class=\"em-card-badge badge-default\">\u00c9v\u00e9nements locaux<\/span>\n                <\/div>\n\n                <!-- Contenu de la card -->\n                <div class=\"em-card-body\">\n                  <h3 class=\"em-card-title\">March\u00e9 de la ferme du Meot<\/h3>\n\n                  <!-- Tags r\u00e9sum\u00e9s (max 4) -->\n                  <div class=\"em-card-tags\">\n                                                          <\/div>\n\n                  <!-- Champs suppl\u00e9mentaires (max 3) -->\n                  <div class=\"em-card-fields\">\n                                          <div class=\"em-card-field\">\n                        <span class=\"em-card-field-label\">Titre :<\/span>\n                        <span class=\"em-card-field-value\">March\u00e9 de la ferme du Meot<\/span>\n                      <\/div>\n                                          <div class=\"em-card-field\">\n                        <span class=\"em-card-field-label\">Cat\u00e9gorie :<\/span>\n                        <span class=\"em-card-field-value\">March\u00e9s &amp; foires<\/span>\n                      <\/div>\n                                          <div class=\"em-card-field\">\n                        <span class=\"em-card-field-label\">Ville :<\/span>\n                        <span class=\"em-card-field-value\">Loperhet<\/span>\n                      <\/div>\n                                      <\/div>\n\n                  <!-- Lien vers le d\u00e9tail -->\n                  <div class=\"em-card-footer\">\n                    <span>Voir le d\u00e9tail<\/span>\n                    <svg fill=\"none\" viewBox=\"0 0 24 24\" stroke=\"currentColor\" stroke-width=\"2\">\n                      <path stroke-linecap=\"round\" stroke-linejoin=\"round\" d=\"M13.5 4.5L21 12m0 0l-7.5 7.5M21 12H3\"><\/path>\n                    <\/svg>\n                  <\/div>\n                <\/div>\n              <\/article>\n                          <article class=\"em-card\"\n                data-type=\"evenements-locaux-6\"\n                data-features=\"\"\n                data-name=\"comm\u00e9moration : bataille de la baie de chesapeake\"\n                data-json=\"{&quot;name&quot;:&quot;Comm\\u00e9moration : Bataille de la Baie de Chesapeake&quot;,&quot;image&quot;:&quot;&quot;,&quot;link&quot;:&quot;https:\\\/\\\/brest.fr\\\/commemoration-de-la-bataille-de-la-baie-de-chesapeake&quot;,&quot;data&quot;:{&quot;titre&quot;:&quot;Comm\\u00e9moration : Bataille de la Baie de Chesapeake&quot;,&quot;description&quot;:&quot;\\u00c0 la veille du 245e anniversaire de la bataille de la baie de Chesapeake, une c\\u00e9r\\u00e9monie comm\\u00e9morative se tiendra pour rendre hommage \\u00e0 un \\u00e9pisode d\\u00e9cisif de la guerre d\\u2019Ind\\u00e9pendance am\\u00e9ricaine et au r\\u00f4le d\\u00e9terminant jou\\u00e9 par la Marine royale fran\\u00e7aise.\\n\\nLe 5 septembre 1781, au large des caps de Virginie, la flotte fran\\u00e7aise command\\u00e9e par le comte de Grasse affrontait la Royal Navy britannique. Cette bataille navale, allait avoir des cons\\u00e9quences consid\\u00e9rables : en emp\\u00eachant les Britanniques de reprendre le contr\\u00f4le de la baie de Chesapeake, la flotte fran\\u00e7aise permit aux forces franco-am\\u00e9ricaines de poursuivre le si\\u00e8ge de Yorktown, en Virginie. Quelques semaines plus tard, le g\\u00e9n\\u00e9ral britannique Cornwallis capitulait, dans ce qui constitue le tournant d\\u00e9cisif de la guerre d\\u2019Ind\\u00e9pendance des \\u00c9tats-Unis.\\n\\nPourquoi comm\\u00e9morer Chesapeake \\u00e0 Brest ?\\nBrest est particuli\\u00e8rement l\\u00e9gitime pour c\\u00e9l\\u00e9brer cet \\u00e9pisode de l\\u2019histoire franco-am\\u00e9ricaine. C\\u2019est depuis son port que l\\u2019exp\\u00e9dition navale de de Grasse prend son d\\u00e9part au printemps 1781. La ville est alors l&#039;un des grands arsenaux de la Marine royale et constitue l&#039;un des principaux points d&#039;appui de la puissance maritime fran\\u00e7aise.\\n\\nC\\u2019est pr\\u00e9cis\\u00e9ment cette histoire de coop\\u00e9ration entre la France et les \\u00c9tats-Unis que symbolise le Monument am\\u00e9ricain du cours Dajot, \\u00e9rig\\u00e9 sur les remparts de Brest face \\u00e0 la rade.\\n\\nInformations pratiques : \\nInstallation \\u00e0 10h45\\nD\\u00e9but de la c\\u00e9r\\u00e9monie \\u00e0 11h.&quot;,&quot;categorie&quot;:&quot;Autres \\u00e9v\\u00e9nements&quot;,&quot;ville&quot;:&quot;Brest&quot;,&quot;code_postal&quot;:&quot;29200&quot;,&quot;name&quot;:&quot;Comm\\u00e9moration : Bataille de la Baie de Chesapeake&quot;,&quot;latitude&quot;:&quot;48.3835486&quot;,&quot;longitude&quot;:&quot;-4.4863992&quot;,&quot;link&quot;:&quot;https:\\\/\\\/brest.fr\\\/commemoration-de-la-bataille-de-la-baie-de-chesapeake&quot;},&quot;category&quot;:&quot;\\u00c9v\\u00e9nements locaux&quot;,&quot;faq&quot;:[],&quot;event&quot;:&quot;Du 04\\\/09\\\/2026 \\u00e0 10:45 au 04\\\/09\\\/2026 \\u00e0 23:59&quot;,&quot;video_url&quot;:&quot;&quot;,&quot;video_embed&quot;:null,&quot;documents&quot;:[],&quot;gallery&quot;:[]}\">\n\n                <!-- Image + badge cat\u00e9gorie -->\n                <div class=\"em-card-img-wrap\">\n                                      <div class=\"em-card-placeholder\">\ud83d\udcf7 Pas d'image<\/div>\n                                    <span class=\"em-card-badge badge-default\">\u00c9v\u00e9nements locaux<\/span>\n                <\/div>\n\n                <!-- Contenu de la card -->\n                <div class=\"em-card-body\">\n                  <h3 class=\"em-card-title\">Comm\u00e9moration : Bataille de la Baie de Chesapeake<\/h3>\n\n                  <!-- Tags r\u00e9sum\u00e9s (max 4) -->\n                  <div class=\"em-card-tags\">\n                                                          <\/div>\n\n                  <!-- Champs suppl\u00e9mentaires (max 3) -->\n                  <div class=\"em-card-fields\">\n                                          <div class=\"em-card-field\">\n                        <span class=\"em-card-field-label\">Titre :<\/span>\n                        <span class=\"em-card-field-value\">Comm\u00e9moration : Bataille de la Baie de Chesapeake<\/span>\n                      <\/div>\n                                          <div class=\"em-card-field\">\n                        <span class=\"em-card-field-label\">Cat\u00e9gorie :<\/span>\n                        <span class=\"em-card-field-value\">Autres \u00e9v\u00e9nements<\/span>\n                      <\/div>\n                                          <div class=\"em-card-field\">\n                        <span class=\"em-card-field-label\">Ville :<\/span>\n                        <span class=\"em-card-field-value\">Brest<\/span>\n                      <\/div>\n                                      <\/div>\n\n                  <!-- Lien vers le d\u00e9tail -->\n                  <div class=\"em-card-footer\">\n                    <span>Voir le d\u00e9tail<\/span>\n                    <svg fill=\"none\" viewBox=\"0 0 24 24\" stroke=\"currentColor\" stroke-width=\"2\">\n                      <path stroke-linecap=\"round\" stroke-linejoin=\"round\" d=\"M13.5 4.5L21 12m0 0l-7.5 7.5M21 12H3\"><\/path>\n                    <\/svg>\n                  <\/div>\n                <\/div>\n              <\/article>\n                          <article class=\"em-card\"\n                data-type=\"evenements-locaux-6\"\n                data-features=\"\"\n                data-name=\"a la d\u00e9couverte des animaux visibles et invisibles en famille\"\n                data-json=\"{&quot;name&quot;:&quot;A la d\\u00e9couverte des animaux visibles et invisibles en famille&quot;,&quot;image&quot;:&quot;&quot;,&quot;link&quot;:&quot;https:\\\/\\\/marchons-respirons.fr\\\/&quot;,&quot;data&quot;:{&quot;titre&quot;:&quot;A la d\\u00e9couverte des animaux visibles et invisibles en famille&quot;,&quot;description&quot;:&quot;Sur un circuit de 2 km, l&#039;enfant \\u00e0 partir de 3 ans, accompagn\\u00e9 d&#039;un adulte r\\u00e9f\\u00e9rent est invit\\u00e9 \\u00e0 explorer le Bois de La Forest Landerneau \\u00e0 la d\\u00e9couverte des animaux visibles et invisibles. \\n\\nL&#039;imaginaire et les connaissances sur les animaux sont \\u00e9voqu\\u00e9s. Des ateliers ludiques sont propos\\u00e9s. Tout au long des chemins, les uns et les autres observent, \\u00e9coutent les animaux, et cherchent des indices de la vie animale ( empreintes, excr\\u00e9ments, restes de repas). \\n\\nCette sortie est aussi l&#039;occasion de d\\u00e9couvrir ou re-d\\u00e9couvrir les sculptures de G\\u00e9rard Le Hir, artiste forestois. \\nC&#039;est avant tout un moyen pour passer du temps en for\\u00eat et profiter de ses bienfaits. \\n\\nEnfilez les bottes, pr\\u00e9voyez la gourde remplie d&#039;eau dans le sac \\u00e0 dos, couvrez-vous de v\\u00eatements longs et venez observer la nature.\\n\\n- Nombre de places limit\\u00e9.\\n- R\\u00e9servation obligatoire.&quot;,&quot;categorie&quot;:&quot;En famille&quot;,&quot;ville&quot;:&quot;La Forest-Landerneau&quot;,&quot;code_postal&quot;:&quot;29800&quot;,&quot;name&quot;:&quot;A la d\\u00e9couverte des animaux visibles et invisibles en famille&quot;,&quot;latitude&quot;:&quot;48.4378718&quot;,&quot;longitude&quot;:&quot;-4.3078881&quot;,&quot;link&quot;:&quot;https:\\\/\\\/marchons-respirons.fr\\\/&quot;},&quot;category&quot;:&quot;\\u00c9v\\u00e9nements locaux&quot;,&quot;faq&quot;:[],&quot;event&quot;:&quot;Du 27\\\/08\\\/2026 \\u00e0 10:00 au 27\\\/08\\\/2026 \\u00e0 23:59&quot;,&quot;video_url&quot;:&quot;&quot;,&quot;video_embed&quot;:null,&quot;documents&quot;:[],&quot;gallery&quot;:[]}\">\n\n                <!-- Image + badge cat\u00e9gorie -->\n                <div class=\"em-card-img-wrap\">\n                                      <div class=\"em-card-placeholder\">\ud83d\udcf7 Pas d'image<\/div>\n                                    <span class=\"em-card-badge badge-default\">\u00c9v\u00e9nements locaux<\/span>\n                <\/div>\n\n                <!-- Contenu de la card -->\n                <div class=\"em-card-body\">\n                  <h3 class=\"em-card-title\">A la d\u00e9couverte des animaux visibles et invisibles en famille<\/h3>\n\n                  <!-- Tags r\u00e9sum\u00e9s (max 4) -->\n                  <div class=\"em-card-tags\">\n                                                          <\/div>\n\n                  <!-- Champs suppl\u00e9mentaires (max 3) -->\n                  <div class=\"em-card-fields\">\n                                          <div class=\"em-card-field\">\n                        <span class=\"em-card-field-label\">Titre :<\/span>\n                        <span class=\"em-card-field-value\">A la d\u00e9couverte des animaux visibles et invisibles en famill<\/span>\n                      <\/div>\n                                          <div class=\"em-card-field\">\n                        <span class=\"em-card-field-label\">Cat\u00e9gorie :<\/span>\n                        <span class=\"em-card-field-value\">En famille<\/span>\n                      <\/div>\n                                          <div class=\"em-card-field\">\n                        <span class=\"em-card-field-label\">Ville :<\/span>\n                        <span class=\"em-card-field-value\">La Forest-Landerneau<\/span>\n                      <\/div>\n                                      <\/div>\n\n                  <!-- Lien vers le d\u00e9tail -->\n                  <div class=\"em-card-footer\">\n                    <span>Voir le d\u00e9tail<\/span>\n                    <svg fill=\"none\" viewBox=\"0 0 24 24\" stroke=\"currentColor\" stroke-width=\"2\">\n                      <path stroke-linecap=\"round\" stroke-linejoin=\"round\" d=\"M13.5 4.5L21 12m0 0l-7.5 7.5M21 12H3\"><\/path>\n                    <\/svg>\n                  <\/div>\n                <\/div>\n              <\/article>\n                          <article class=\"em-card\"\n                data-type=\"evenements-locaux-6\"\n                data-features=\"\"\n                data-name=\"tout commen\u00e7e en finist\u00e8re ladies classic\"\n                data-json=\"{&quot;name&quot;:&quot;Tout Commen\\u00e7e en Finist\\u00e8re Ladies Classic&quot;,&quot;image&quot;:&quot;&quot;,&quot;link&quot;:&quot;https:\\\/\\\/pointeduraz-ladiesclassic.bzh\\\/&quot;,&quot;data&quot;:{&quot;titre&quot;:&quot;Tout Commen\\u00e7e en Finist\\u00e8re Ladies Classic&quot;,&quot;description&quot;:&quot;Comp\\u00e9tition internationale de cyclisme f\\u00e9minin (UCI 1.1) au d\\u00e9part du Pays Bigouden (annonce officielle du lieu de d\\u00e9part le 10 juin) vers le circuit d&#039;arriv\\u00e9e de Plouhinec (autour de la plage de Gwendrez et des sites arch\\u00e9ologiques de Menez Dregan). \\n\\n\\u00c9preuve explosive et spectacle assur\\u00e9 par les meilleures f\\u00e9minines du moment. \\nDiffusion live r\\u00e9seaux sociaux et plateforme France TV.&quot;,&quot;categorie&quot;:&quot;Sport &amp; randonn\\u00e9e&quot;,&quot;ville&quot;:&quot;Plouhinec&quot;,&quot;code_postal&quot;:&quot;29780&quot;,&quot;name&quot;:&quot;Tout Commen\\u00e7e en Finist\\u00e8re Ladies Classic&quot;,&quot;latitude&quot;:&quot;48.0098590&quot;,&quot;longitude&quot;:&quot;-4.4803825&quot;,&quot;link&quot;:&quot;https:\\\/\\\/pointeduraz-ladiesclassic.bzh\\\/&quot;},&quot;category&quot;:&quot;\\u00c9v\\u00e9nements locaux&quot;,&quot;faq&quot;:[],&quot;event&quot;:&quot;Du 05\\\/09\\\/2026 \\u00e0 14:00 au 05\\\/09\\\/2026 \\u00e0 23:59&quot;,&quot;video_url&quot;:&quot;&quot;,&quot;video_embed&quot;:null,&quot;documents&quot;:[],&quot;gallery&quot;:[]}\">\n\n                <!-- Image + badge cat\u00e9gorie -->\n                <div class=\"em-card-img-wrap\">\n                                      <div class=\"em-card-placeholder\">\ud83d\udcf7 Pas d'image<\/div>\n                                    <span class=\"em-card-badge badge-default\">\u00c9v\u00e9nements locaux<\/span>\n                <\/div>\n\n                <!-- Contenu de la card -->\n                <div class=\"em-card-body\">\n                  <h3 class=\"em-card-title\">Tout Commen\u00e7e en Finist\u00e8re Ladies Classic<\/h3>\n\n                  <!-- Tags r\u00e9sum\u00e9s (max 4) -->\n                  <div class=\"em-card-tags\">\n                                                          <\/div>\n\n                  <!-- Champs suppl\u00e9mentaires (max 3) -->\n                  <div class=\"em-card-fields\">\n                                          <div class=\"em-card-field\">\n                        <span class=\"em-card-field-label\">Titre :<\/span>\n                        <span class=\"em-card-field-value\">Tout Commen\u00e7e en Finist\u00e8re Ladies Classic<\/span>\n                      <\/div>\n                                          <div class=\"em-card-field\">\n                        <span class=\"em-card-field-label\">Cat\u00e9gorie :<\/span>\n                        <span class=\"em-card-field-value\">Sport &amp; randonn\u00e9e<\/span>\n                      <\/div>\n                                          <div class=\"em-card-field\">\n                        <span class=\"em-card-field-label\">Ville :<\/span>\n                        <span class=\"em-card-field-value\">Plouhinec<\/span>\n                      <\/div>\n                                      <\/div>\n\n                  <!-- Lien vers le d\u00e9tail -->\n                  <div class=\"em-card-footer\">\n                    <span>Voir le d\u00e9tail<\/span>\n                    <svg fill=\"none\" viewBox=\"0 0 24 24\" stroke=\"currentColor\" stroke-width=\"2\">\n                      <path stroke-linecap=\"round\" stroke-linejoin=\"round\" d=\"M13.5 4.5L21 12m0 0l-7.5 7.5M21 12H3\"><\/path>\n                    <\/svg>\n                  <\/div>\n                <\/div>\n              <\/article>\n                          <article class=\"em-card\"\n                data-type=\"evenements-locaux-6\"\n                data-features=\"\"\n                data-name=\"brest en bulles - les rencontres brestoises de la bd\"\n                data-json=\"{&quot;name&quot;:&quot;Brest En Bulles - Les Rencontres Brestoises de la BD&quot;,&quot;image&quot;:&quot;&quot;,&quot;link&quot;:&quot;https:\\\/\\\/www.brestenbulle.fr\\\/&quot;,&quot;data&quot;:{&quot;titre&quot;:&quot;Brest En Bulles - Les Rencontres Brestoises de la BD&quot;,&quot;description&quot;:&quot;Cette ann\\u00e9e, il y aura donc 40 auteur.e.s de BD en d\\u00e9dicace, mais surtout 4 tables rondes sur diff\\u00e9rents th\\u00e8mes (la sant\\u00e9 dans la BD, la pr\\u00e9servation de la biodiversit\\u00e9, le punk en France des ann\\u00e9es 70 \\u00e0 2010, \\u2026), un spectacle interactif inspir\\u00e9 d\\u2019une bande dessin\\u00e9e de Lewis Trondheim, un concert dessin\\u00e9, des ateliers de dessins, une chasse au tr\\u00e9sor, une projection du film \\u2018\\u2019la guerre des lulus\\u2019\\u2019 et une rencontre avec les auteurs de la BD et bien d\\u2019autres choses encore.\\nTout cela est rendu possible par le maintien renforc\\u00e9 de nos soutiens institutionnels (Sofia, R\\u00e9gion, D\\u00e9partement, Ville de Brest, les m\\u00e9diath\\u00e8ques brestoises, \\u2026) et nos partenaires (Dialogues, CMB, Le T\\u00e9l\\u00e9gramme, MPT harteloire, Ligue de l\\u2019enseignement,\\u2026).&quot;,&quot;categorie&quot;:&quot;En famille&quot;,&quot;ville&quot;:&quot;Brest&quot;,&quot;code_postal&quot;:&quot;29200&quot;,&quot;name&quot;:&quot;Brest En Bulles - Les Rencontres Brestoises de la BD&quot;,&quot;latitude&quot;:&quot;48.3890457&quot;,&quot;longitude&quot;:&quot;-4.4982695&quot;,&quot;link&quot;:&quot;https:\\\/\\\/www.brestenbulle.fr\\\/&quot;},&quot;category&quot;:&quot;\\u00c9v\\u00e9nements locaux&quot;,&quot;faq&quot;:[],&quot;event&quot;:&quot;Du 20\\\/06\\\/2026 \\u00e0 10:00 au 20\\\/09\\\/2026 \\u00e0 23:59&quot;,&quot;video_url&quot;:&quot;&quot;,&quot;video_embed&quot;:null,&quot;documents&quot;:[],&quot;gallery&quot;:[]}\">\n\n                <!-- Image + badge cat\u00e9gorie -->\n                <div class=\"em-card-img-wrap\">\n                                      <div class=\"em-card-placeholder\">\ud83d\udcf7 Pas d'image<\/div>\n                                    <span class=\"em-card-badge badge-default\">\u00c9v\u00e9nements locaux<\/span>\n                <\/div>\n\n                <!-- Contenu de la card -->\n                <div class=\"em-card-body\">\n                  <h3 class=\"em-card-title\">Brest En Bulles - Les Rencontres Brestoises de la BD<\/h3>\n\n                  <!-- Tags r\u00e9sum\u00e9s (max 4) -->\n                  <div class=\"em-card-tags\">\n                                                          <\/div>\n\n                  <!-- Champs suppl\u00e9mentaires (max 3) -->\n                  <div class=\"em-card-fields\">\n                                          <div class=\"em-card-field\">\n                        <span class=\"em-card-field-label\">Titre :<\/span>\n                        <span class=\"em-card-field-value\">Brest En Bulles - Les Rencontres Brestoises de la BD<\/span>\n                      <\/div>\n                                          <div class=\"em-card-field\">\n                        <span class=\"em-card-field-label\">Cat\u00e9gorie :<\/span>\n                        <span class=\"em-card-field-value\">En famille<\/span>\n                      <\/div>\n                                          <div class=\"em-card-field\">\n                        <span class=\"em-card-field-label\">Ville :<\/span>\n                        <span class=\"em-card-field-value\">Brest<\/span>\n                      <\/div>\n                                      <\/div>\n\n                  <!-- Lien vers le d\u00e9tail -->\n                  <div class=\"em-card-footer\">\n                    <span>Voir le d\u00e9tail<\/span>\n                    <svg fill=\"none\" viewBox=\"0 0 24 24\" stroke=\"currentColor\" stroke-width=\"2\">\n                      <path stroke-linecap=\"round\" stroke-linejoin=\"round\" d=\"M13.5 4.5L21 12m0 0l-7.5 7.5M21 12H3\"><\/path>\n                    <\/svg>\n                  <\/div>\n                <\/div>\n              <\/article>\n                          <article class=\"em-card\"\n                data-type=\"evenements-locaux-6\"\n                data-features=\"\"\n                data-name=\"exposition collective\"\n                data-json=\"{&quot;name&quot;:&quot;Exposition collective&quot;,&quot;image&quot;:&quot;&quot;,&quot;link&quot;:&quot;&quot;,&quot;data&quot;:{&quot;titre&quot;:&quot;Exposition collective&quot;,&quot;description&quot;:&quot;Catherine Cloup utilise diverses techniques - gravures \\u00e0 l\\u2019eau forte, taille d\\u2019\\u00e9pargne et linogravure ; sculptures en terre cuite, en m\\u00e9tal de r\\u00e9cup\\u00e9ration, etc. - avec des th\\u00e8mes tr\\u00e8s souvent marins ou locaux, figuratifs ou non. \\n\\nL\\u00e9o Barbotin est designer d&#039;objets et photographe. En 2024, il a d\\u00e9velopp\\u00e9 un projet avec la ville du Conquet, y utilisant les outils du design pour mettre en valeur l\\u2019identit\\u00e9 patrimoniale de la cit\\u00e9 !\\nBilzig est une police de caract\\u00e8res con\\u00e7ue par Jeanne Saliou pour r\\u00e9pondre aux besoins typographiques du breton, du gallo et du fran\\u00e7ais. Elle int\\u00e8gre les mutations consonantiques du breton et les enjeux de l&#039;\\u00e9criture inclusive.\\n\\nL&#039;exposition pr\\u00e9sente le processus de cr\\u00e9ation : recherches, livrets sp\\u00e9cimens, kak\\u00e9monos et affiches.&quot;,&quot;categorie&quot;:&quot;Expositions&quot;,&quot;ville&quot;:&quot;Le Conquet&quot;,&quot;code_postal&quot;:&quot;29217&quot;,&quot;name&quot;:&quot;Exposition collective&quot;,&quot;latitude&quot;:&quot;48.3513213&quot;,&quot;longitude&quot;:&quot;-4.7392891&quot;},&quot;category&quot;:&quot;\\u00c9v\\u00e9nements locaux&quot;,&quot;faq&quot;:[],&quot;event&quot;:&quot;Du 17\\\/08\\\/2026 \\u00e0 10:30 au 30\\\/08\\\/2026 \\u00e0 23:59&quot;,&quot;video_url&quot;:&quot;&quot;,&quot;video_embed&quot;:null,&quot;documents&quot;:[],&quot;gallery&quot;:[]}\">\n\n                <!-- Image + badge cat\u00e9gorie -->\n                <div class=\"em-card-img-wrap\">\n                                      <div class=\"em-card-placeholder\">\ud83d\udcf7 Pas d'image<\/div>\n                                    <span class=\"em-card-badge badge-default\">\u00c9v\u00e9nements locaux<\/span>\n                <\/div>\n\n                <!-- Contenu de la card -->\n                <div class=\"em-card-body\">\n                  <h3 class=\"em-card-title\">Exposition collective<\/h3>\n\n                  <!-- Tags r\u00e9sum\u00e9s (max 4) -->\n                  <div class=\"em-card-tags\">\n                                                          <\/div>\n\n                  <!-- Champs suppl\u00e9mentaires (max 3) -->\n                  <div class=\"em-card-fields\">\n                                          <div class=\"em-card-field\">\n                        <span class=\"em-card-field-label\">Titre :<\/span>\n                        <span class=\"em-card-field-value\">Exposition collective<\/span>\n                      <\/div>\n                                          <div class=\"em-card-field\">\n                        <span class=\"em-card-field-label\">Cat\u00e9gorie :<\/span>\n                        <span class=\"em-card-field-value\">Expositions<\/span>\n                      <\/div>\n                                          <div class=\"em-card-field\">\n                        <span class=\"em-card-field-label\">Ville :<\/span>\n                        <span class=\"em-card-field-value\">Le Conquet<\/span>\n                      <\/div>\n                                      <\/div>\n\n                  <!-- Lien vers le d\u00e9tail -->\n                  <div class=\"em-card-footer\">\n                    <span>Voir le d\u00e9tail<\/span>\n                    <svg fill=\"none\" viewBox=\"0 0 24 24\" stroke=\"currentColor\" stroke-width=\"2\">\n                      <path stroke-linecap=\"round\" stroke-linejoin=\"round\" d=\"M13.5 4.5L21 12m0 0l-7.5 7.5M21 12H3\"><\/path>\n                    <\/svg>\n                  <\/div>\n                <\/div>\n              <\/article>\n                          <article class=\"em-card\"\n                data-type=\"evenements-locaux-6\"\n                data-features=\"\"\n                data-name=\"atelier de dentelle aux fuseaux\"\n                data-json=\"{&quot;name&quot;:&quot;Atelier de dentelle aux fuseaux&quot;,&quot;image&quot;:&quot;&quot;,&quot;link&quot;:&quot;http:\\\/\\\/www.atelierhorsdutemps.fr\\\/&quot;,&quot;data&quot;:{&quot;titre&quot;:&quot;Atelier de dentelle aux fuseaux&quot;,&quot;description&quot;:&quot;Association cr\\u00e9\\u00e9e pour enseigner la dentelle aux fuseaux, mais aussi la confection du filet... support de nos coiffes locales.&quot;,&quot;categorie&quot;:&quot;Autres \\u00e9v\\u00e9nements&quot;,&quot;ville&quot;:&quot;Primelin&quot;,&quot;code_postal&quot;:&quot;29770&quot;,&quot;name&quot;:&quot;Atelier de dentelle aux fuseaux&quot;,&quot;latitude&quot;:&quot;48.0261773&quot;,&quot;longitude&quot;:&quot;-4.6111777&quot;,&quot;link&quot;:&quot;http:\\\/\\\/www.atelierhorsdutemps.fr\\\/&quot;},&quot;category&quot;:&quot;\\u00c9v\\u00e9nements locaux&quot;,&quot;faq&quot;:[],&quot;event&quot;:&quot;Du 05\\\/09\\\/2026 \\u00e0 09:00 au 05\\\/09\\\/2026 \\u00e0 23:59&quot;,&quot;video_url&quot;:&quot;&quot;,&quot;video_embed&quot;:null,&quot;documents&quot;:[],&quot;gallery&quot;:[]}\">\n\n                <!-- Image + badge cat\u00e9gorie -->\n                <div class=\"em-card-img-wrap\">\n                                      <div class=\"em-card-placeholder\">\ud83d\udcf7 Pas d'image<\/div>\n                                    <span class=\"em-card-badge badge-default\">\u00c9v\u00e9nements locaux<\/span>\n                <\/div>\n\n                <!-- Contenu de la card -->\n                <div class=\"em-card-body\">\n                  <h3 class=\"em-card-title\">Atelier de dentelle aux fuseaux<\/h3>\n\n                  <!-- Tags r\u00e9sum\u00e9s (max 4) -->\n                  <div class=\"em-card-tags\">\n                                                          <\/div>\n\n                  <!-- Champs suppl\u00e9mentaires (max 3) -->\n                  <div class=\"em-card-fields\">\n                                          <div class=\"em-card-field\">\n                        <span class=\"em-card-field-label\">Titre :<\/span>\n                        <span class=\"em-card-field-value\">Atelier de dentelle aux fuseaux<\/span>\n                      <\/div>\n                                          <div class=\"em-card-field\">\n                        <span class=\"em-card-field-label\">Cat\u00e9gorie :<\/span>\n                        <span class=\"em-card-field-value\">Autres \u00e9v\u00e9nements<\/span>\n                      <\/div>\n                                          <div class=\"em-card-field\">\n                        <span class=\"em-card-field-label\">Ville :<\/span>\n                        <span class=\"em-card-field-value\">Primelin<\/span>\n                      <\/div>\n                                      <\/div>\n\n                  <!-- Lien vers le d\u00e9tail -->\n                  <div class=\"em-card-footer\">\n                    <span>Voir le d\u00e9tail<\/span>\n                    <svg fill=\"none\" viewBox=\"0 0 24 24\" stroke=\"currentColor\" stroke-width=\"2\">\n                      <path stroke-linecap=\"round\" stroke-linejoin=\"round\" d=\"M13.5 4.5L21 12m0 0l-7.5 7.5M21 12H3\"><\/path>\n                    <\/svg>\n                  <\/div>\n                <\/div>\n              <\/article>\n                          <article class=\"em-card\"\n                data-type=\"evenements-locaux-6\"\n                data-features=\"\"\n                data-name=\"exposition &quot;v\u00e9g\u00e9tal&quot;, balade botanique dans les collections patrimoniales\"\n                data-json=\"{&quot;name&quot;:&quot;Exposition \\&quot;V\\u00e9g\\u00e9tal\\&quot;, balade botanique dans les collections patrimoniales&quot;,&quot;image&quot;:&quot;&quot;,&quot;link&quot;:&quot;https:\\\/\\\/www.ateliersdescapucins.fr\\\/fr\\\/programmation\\\/exposition-vegetal-balade-botanique-dans-les-collections-patrimoniales&quot;,&quot;data&quot;:{&quot;titre&quot;:&quot;Exposition \\&quot;V\\u00e9g\\u00e9tal\\&quot;, balade botanique dans les collections patrimoniales&quot;,&quot;description&quot;:&quot;Aux horaires d&#039;ouverture de la m\\u00e9diath\\u00e8que Fran\\u00e7ois Mitterand\\n\\nD\\u2019o\\u00f9 viennent les fruits et l\\u00e9gumes ? Depuis quand v\\u00e9g\\u00e9talisons-nous nos maisons ? Comment l\\u2019art s\\u2019invite-t-il au jardin ? \\nPartez \\u00e0 la d\\u00e9couverte du v\\u00e9g\\u00e9tal en parcourant r\\u00e9cits d\\u2019explorateurs, manuels de jardinage et livres d\\u2019artistes, pour un voyage botanique \\u00e0 travers les si\\u00e8cles.\\n\\nVisite guid\\u00e9e le Samedi 18 juillet \\u00e0 14h30 et la Mercredi 15 juillet \\u00e0 14h sur inscription\\nSalle d&#039;exposition, au 1er \\u00e9tage\\n\\nTout public&quot;,&quot;categorie&quot;:&quot;Expositions&quot;,&quot;ville&quot;:&quot;Brest&quot;,&quot;code_postal&quot;:&quot;29200&quot;,&quot;name&quot;:&quot;Exposition \\&quot;V\\u00e9g\\u00e9tal\\&quot;, balade botanique dans les collections patrimoniales&quot;,&quot;latitude&quot;:&quot;48.3891000&quot;,&quot;longitude&quot;:&quot;-4.4993500&quot;,&quot;link&quot;:&quot;https:\\\/\\\/www.ateliersdescapucins.fr\\\/fr\\\/programmation\\\/exposition-vegetal-balade-botanique-dans-les-collections-patrimoniales&quot;},&quot;category&quot;:&quot;\\u00c9v\\u00e9nements locaux&quot;,&quot;faq&quot;:[],&quot;event&quot;:&quot;Du 11\\\/07\\\/2026 au 27\\\/09\\\/2026 \\u00e0 23:59&quot;,&quot;video_url&quot;:&quot;&quot;,&quot;video_embed&quot;:null,&quot;documents&quot;:[],&quot;gallery&quot;:[]}\">\n\n                <!-- Image + badge cat\u00e9gorie -->\n                <div class=\"em-card-img-wrap\">\n                                      <div class=\"em-card-placeholder\">\ud83d\udcf7 Pas d'image<\/div>\n                                    <span class=\"em-card-badge badge-default\">\u00c9v\u00e9nements locaux<\/span>\n                <\/div>\n\n                <!-- Contenu de la card -->\n                <div class=\"em-card-body\">\n                  <h3 class=\"em-card-title\">Exposition &quot;V\u00e9g\u00e9tal&quot;, balade botanique dans les collections patrimoniales<\/h3>\n\n                  <!-- Tags r\u00e9sum\u00e9s (max 4) -->\n                  <div class=\"em-card-tags\">\n                                                          <\/div>\n\n                  <!-- Champs suppl\u00e9mentaires (max 3) -->\n                  <div class=\"em-card-fields\">\n                                          <div class=\"em-card-field\">\n                        <span class=\"em-card-field-label\">Titre :<\/span>\n                        <span class=\"em-card-field-value\">Exposition &quot;V\u00e9g\u00e9tal&quot;, balade botanique dans les collections <\/span>\n                      <\/div>\n                                          <div class=\"em-card-field\">\n                        <span class=\"em-card-field-label\">Cat\u00e9gorie :<\/span>\n                        <span class=\"em-card-field-value\">Expositions<\/span>\n                      <\/div>\n                                          <div class=\"em-card-field\">\n                        <span class=\"em-card-field-label\">Ville :<\/span>\n                        <span class=\"em-card-field-value\">Brest<\/span>\n                      <\/div>\n                                      <\/div>\n\n                  <!-- Lien vers le d\u00e9tail -->\n                  <div class=\"em-card-footer\">\n                    <span>Voir le d\u00e9tail<\/span>\n                    <svg fill=\"none\" viewBox=\"0 0 24 24\" stroke=\"currentColor\" stroke-width=\"2\">\n                      <path stroke-linecap=\"round\" stroke-linejoin=\"round\" d=\"M13.5 4.5L21 12m0 0l-7.5 7.5M21 12H3\"><\/path>\n                    <\/svg>\n                  <\/div>\n                <\/div>\n              <\/article>\n                          <article class=\"em-card\"\n                data-type=\"evenements-locaux-6\"\n                data-features=\"\"\n                data-name=\"exposition collective au gai sabot\"\n                data-json=\"{&quot;name&quot;:&quot;Exposition collective Au Gai Sabot&quot;,&quot;image&quot;:&quot;&quot;,&quot;link&quot;:&quot;https:\\\/\\\/gaisabot.weebly.com\\\/&quot;,&quot;data&quot;:{&quot;titre&quot;:&quot;Exposition collective Au Gai Sabot&quot;,&quot;description&quot;:&quot;Exposition collective et personnel d&#039;artistes contemporain, Mathurin Queffelec en juillet (encre sur papier, planche de BD) et en Aout Soizick Pommier (Peinture abstraite sur toiles) tous l&#039;\\u00e9t\\u00e9 une quinzaine d&#039;artistes en peintures, gravures, sculpture, c\\u00e9ramique...&quot;,&quot;categorie&quot;:&quot;Expositions&quot;,&quot;ville&quot;:&quot;Audierne&quot;,&quot;code_postal&quot;:&quot;29770&quot;,&quot;name&quot;:&quot;Exposition collective Au Gai Sabot&quot;,&quot;latitude&quot;:&quot;48.0237348&quot;,&quot;longitude&quot;:&quot;-4.5613454&quot;,&quot;link&quot;:&quot;https:\\\/\\\/gaisabot.weebly.com\\\/&quot;},&quot;category&quot;:&quot;\\u00c9v\\u00e9nements locaux&quot;,&quot;faq&quot;:[],&quot;event&quot;:&quot;Du 04\\\/07\\\/2026 \\u00e0 10:30 au 10\\\/09\\\/2026 \\u00e0 23:59&quot;,&quot;video_url&quot;:&quot;&quot;,&quot;video_embed&quot;:null,&quot;documents&quot;:[],&quot;gallery&quot;:[]}\">\n\n                <!-- Image + badge cat\u00e9gorie -->\n                <div class=\"em-card-img-wrap\">\n                                      <div class=\"em-card-placeholder\">\ud83d\udcf7 Pas d'image<\/div>\n                                    <span class=\"em-card-badge badge-default\">\u00c9v\u00e9nements locaux<\/span>\n                <\/div>\n\n                <!-- Contenu de la card -->\n                <div class=\"em-card-body\">\n                  <h3 class=\"em-card-title\">Exposition collective Au Gai Sabot<\/h3>\n\n                  <!-- Tags r\u00e9sum\u00e9s (max 4) -->\n                  <div class=\"em-card-tags\">\n                                                          <\/div>\n\n                  <!-- Champs suppl\u00e9mentaires (max 3) -->\n                  <div class=\"em-card-fields\">\n                                          <div class=\"em-card-field\">\n                        <span class=\"em-card-field-label\">Titre :<\/span>\n                        <span class=\"em-card-field-value\">Exposition collective Au Gai Sabot<\/span>\n                      <\/div>\n                                          <div class=\"em-card-field\">\n                        <span class=\"em-card-field-label\">Cat\u00e9gorie :<\/span>\n                        <span class=\"em-card-field-value\">Expositions<\/span>\n                      <\/div>\n                                          <div class=\"em-card-field\">\n                        <span class=\"em-card-field-label\">Ville :<\/span>\n                        <span class=\"em-card-field-value\">Audierne<\/span>\n                      <\/div>\n                                      <\/div>\n\n                  <!-- Lien vers le d\u00e9tail -->\n                  <div class=\"em-card-footer\">\n                    <span>Voir le d\u00e9tail<\/span>\n                    <svg fill=\"none\" viewBox=\"0 0 24 24\" stroke=\"currentColor\" stroke-width=\"2\">\n                      <path stroke-linecap=\"round\" stroke-linejoin=\"round\" d=\"M13.5 4.5L21 12m0 0l-7.5 7.5M21 12H3\"><\/path>\n                    <\/svg>\n                  <\/div>\n                <\/div>\n              <\/article>\n                          <article class=\"em-card\"\n                data-type=\"evenements-locaux-6\"\n                data-features=\"\"\n                data-name=\"mardi yoga\"\n                data-json=\"{&quot;name&quot;:&quot;Mardi Yoga&quot;,&quot;image&quot;:&quot;&quot;,&quot;link&quot;:&quot;http:\\\/\\\/www.immanence-yoga.fr\\\/&quot;,&quot;data&quot;:{&quot;titre&quot;:&quot;Mardi Yoga&quot;,&quot;description&quot;:&quot;L\\u2019association Immanence Yoga propose des cours de yoga \\u00e0 la salle Claude Bellin (place Saint-Yves) \\u00e0 Plomodiern au mois d\\u2019ao\\u00fbt. Les s\\u00e9ances combinent postures, techniques de respiration, relaxation et m\\u00e9ditation pour favoriser le calme et le bien-\\u00eatre.\\n\\nLes cours ont lieu les mardis 18 et 25 ao\\u00fbt, de 10h \\u00e0 11h15. Chaque s\\u00e9ance permet de pratiquer les postures de yoga, d\\u2019exp\\u00e9rimenter diff\\u00e9rentes techniques de respiration et de m\\u00e9ditation, et de se d\\u00e9tendre profond\\u00e9ment.\\n\\nTarif : 10 \\u20ac par s\\u00e9ance\\nInscription obligatoire par t\\u00e9l\\u00e9phone (sms)\\n\\nContact : Carole 06.08.95.57.39&quot;,&quot;categorie&quot;:&quot;Autres \\u00e9v\\u00e9nements&quot;,&quot;ville&quot;:&quot;Plomodiern&quot;,&quot;code_postal&quot;:&quot;29550&quot;,&quot;name&quot;:&quot;Mardi Yoga&quot;,&quot;latitude&quot;:&quot;48.1821300&quot;,&quot;longitude&quot;:&quot;-4.2313200&quot;,&quot;link&quot;:&quot;http:\\\/\\\/www.immanence-yoga.fr\\\/&quot;},&quot;category&quot;:&quot;\\u00c9v\\u00e9nements locaux&quot;,&quot;faq&quot;:[],&quot;event&quot;:&quot;Du 25\\\/08\\\/2026 \\u00e0 10:00 au 25\\\/08\\\/2026 \\u00e0 23:59&quot;,&quot;video_url&quot;:&quot;&quot;,&quot;video_embed&quot;:null,&quot;documents&quot;:[],&quot;gallery&quot;:[]}\">\n\n                <!-- Image + badge cat\u00e9gorie -->\n                <div class=\"em-card-img-wrap\">\n                                      <div class=\"em-card-placeholder\">\ud83d\udcf7 Pas d'image<\/div>\n                                    <span class=\"em-card-badge badge-default\">\u00c9v\u00e9nements locaux<\/span>\n                <\/div>\n\n                <!-- Contenu de la card -->\n                <div class=\"em-card-body\">\n                  <h3 class=\"em-card-title\">Mardi Yoga<\/h3>\n\n                  <!-- Tags r\u00e9sum\u00e9s (max 4) -->\n                  <div class=\"em-card-tags\">\n                                                          <\/div>\n\n                  <!-- Champs suppl\u00e9mentaires (max 3) -->\n                  <div class=\"em-card-fields\">\n                                          <div class=\"em-card-field\">\n                        <span class=\"em-card-field-label\">Titre :<\/span>\n                        <span class=\"em-card-field-value\">Mardi Yoga<\/span>\n                      <\/div>\n                                          <div class=\"em-card-field\">\n                        <span class=\"em-card-field-label\">Cat\u00e9gorie :<\/span>\n                        <span class=\"em-card-field-value\">Autres \u00e9v\u00e9nements<\/span>\n                      <\/div>\n                                          <div class=\"em-card-field\">\n                        <span class=\"em-card-field-label\">Ville :<\/span>\n                        <span class=\"em-card-field-value\">Plomodiern<\/span>\n                      <\/div>\n                                      <\/div>\n\n                  <!-- Lien vers le d\u00e9tail -->\n                  <div class=\"em-card-footer\">\n                    <span>Voir le d\u00e9tail<\/span>\n                    <svg fill=\"none\" viewBox=\"0 0 24 24\" stroke=\"currentColor\" stroke-width=\"2\">\n                      <path stroke-linecap=\"round\" stroke-linejoin=\"round\" d=\"M13.5 4.5L21 12m0 0l-7.5 7.5M21 12H3\"><\/path>\n                    <\/svg>\n                  <\/div>\n                <\/div>\n              <\/article>\n                          <article class=\"em-card\"\n                data-type=\"evenements-locaux-6\"\n                data-features=\"\"\n                data-name=\"portes ouvertes \u00e0 vertical art\"\n                data-json=\"{&quot;name&quot;:&quot;Portes ouvertes \\u00e0 Vertical art&quot;,&quot;image&quot;:&quot;&quot;,&quot;link&quot;:&quot;&quot;,&quot;data&quot;:{&quot;titre&quot;:&quot;Portes ouvertes \\u00e0 Vertical art&quot;,&quot;description&quot;:&quot;Et si votre rentr\\u00e9e commen\\u00e7ait... sur les murs ?\\n\\nVertical&#039;Art Brest vous ouvre grand ses portes pour 2 jours 100% gratuits d\\u00e9di\\u00e9s \\u00e0 l&#039;escalade de bloc. On vous y attend nombreux.ses.! \\n\\n\\nParcours adapt\\u00e9s pour petits et grands\\n\\nAmbiance conviviale et sans pression\\n\\n Notre \\u00e9quipe pour vous coacher et vous faire adorer votre premi\\u00e8re grimpe\\n\\nQue vous veniez en solo pour d\\u00e9compresser, en famille pour un moment complice, ou entre potes pour tenter l&#039;aventure ensemble, une chose est s\\u00fbre : vous allez adorer !\\n\\nAlors, pr\\u00eat(e) \\u00e0 voir la rentr\\u00e9e d&#039;un autre \\u0153il ?  On vous attend nombreux.ses\\n\\nInformations pratiques :\\n\\n Pour tous les niveaux, d\\u00e9butants comme grimpeurs confirm\\u00e9s\\nSalles s\\u00e9curis\\u00e9es et adapt\\u00e9es&quot;,&quot;categorie&quot;:&quot;En famille&quot;,&quot;ville&quot;:&quot;Gouesnou&quot;,&quot;code_postal&quot;:&quot;29850&quot;,&quot;name&quot;:&quot;Portes ouvertes \\u00e0 Vertical art&quot;,&quot;latitude&quot;:&quot;48.4275200&quot;,&quot;longitude&quot;:&quot;-4.4605500&quot;},&quot;category&quot;:&quot;\\u00c9v\\u00e9nements locaux&quot;,&quot;faq&quot;:[],&quot;event&quot;:&quot;Du 05\\\/09\\\/2026 au 05\\\/09\\\/2026 \\u00e0 23:59&quot;,&quot;video_url&quot;:&quot;&quot;,&quot;video_embed&quot;:null,&quot;documents&quot;:[],&quot;gallery&quot;:[]}\">\n\n                <!-- Image + badge cat\u00e9gorie -->\n                <div class=\"em-card-img-wrap\">\n                                      <div class=\"em-card-placeholder\">\ud83d\udcf7 Pas d'image<\/div>\n                                    <span class=\"em-card-badge badge-default\">\u00c9v\u00e9nements locaux<\/span>\n                <\/div>\n\n                <!-- Contenu de la card -->\n                <div class=\"em-card-body\">\n                  <h3 class=\"em-card-title\">Portes ouvertes \u00e0 Vertical art<\/h3>\n\n                  <!-- Tags r\u00e9sum\u00e9s (max 4) -->\n                  <div class=\"em-card-tags\">\n                                                          <\/div>\n\n                  <!-- Champs suppl\u00e9mentaires (max 3) -->\n                  <div class=\"em-card-fields\">\n                                          <div class=\"em-card-field\">\n                        <span class=\"em-card-field-label\">Titre :<\/span>\n                        <span class=\"em-card-field-value\">Portes ouvertes \u00e0 Vertical art<\/span>\n                      <\/div>\n                                          <div class=\"em-card-field\">\n                        <span class=\"em-card-field-label\">Cat\u00e9gorie :<\/span>\n                        <span class=\"em-card-field-value\">En famille<\/span>\n                      <\/div>\n                                          <div class=\"em-card-field\">\n                        <span class=\"em-card-field-label\">Ville :<\/span>\n                        <span class=\"em-card-field-value\">Gouesnou<\/span>\n                      <\/div>\n                                      <\/div>\n\n                  <!-- Lien vers le d\u00e9tail -->\n                  <div class=\"em-card-footer\">\n                    <span>Voir le d\u00e9tail<\/span>\n                    <svg fill=\"none\" viewBox=\"0 0 24 24\" stroke=\"currentColor\" stroke-width=\"2\">\n                      <path stroke-linecap=\"round\" stroke-linejoin=\"round\" d=\"M13.5 4.5L21 12m0 0l-7.5 7.5M21 12H3\"><\/path>\n                    <\/svg>\n                  <\/div>\n                <\/div>\n              <\/article>\n                          <article class=\"em-card\"\n                data-type=\"evenements-locaux-6\"\n                data-features=\"\"\n                data-name=\"marche afghane en rose\"\n                data-json=\"{&quot;name&quot;:&quot;Marche afghane en rose&quot;,&quot;image&quot;:&quot;&quot;,&quot;link&quot;:&quot;http:\\\/\\\/www.terredecume.fr\\\/&quot;,&quot;data&quot;:{&quot;titre&quot;:&quot;Marche afghane en rose&quot;,&quot;description&quot;:&quot;Cette ann\\u00e9e, on pr\\u00e9pare votre octobre rose en avance. Vous \\u00eates inscrit(e)s \\u00e0 une course ou une marche rose pour soutenir la lutte contre le cancer du sein ? Je vous propose une pr\\u00e9paration \\u00e0 ces deux activit\\u00e9s avec une initiation \\u00e0 la marche afghane pour apprendre \\u00e0 les pratiquer sans efforts. C&#039;est aussi une technique pour vous permettre de retourner marcher suite \\u00e0 un traumatisme du corps ou de l&#039;esprit. Pour cette pr\\u00e9paration, vous b\\u00e9n\\u00e9ficiez d&#039;une sortie avec un tarif promotionnel afin que toutes et tous vous puissiez vous retrouver sur le sentier pour une marche rose r\\u00e9ussie.&quot;,&quot;categorie&quot;:&quot;Sport &amp; randonn\\u00e9e&quot;,&quot;ville&quot;:&quot;Locmaria-Plouzan\\u00e9&quot;,&quot;code_postal&quot;:&quot;29280&quot;,&quot;name&quot;:&quot;Marche afghane en rose&quot;,&quot;latitude&quot;:&quot;48.3744869&quot;,&quot;longitude&quot;:&quot;-4.6450747&quot;,&quot;link&quot;:&quot;http:\\\/\\\/www.terredecume.fr\\\/&quot;},&quot;category&quot;:&quot;\\u00c9v\\u00e9nements locaux&quot;,&quot;faq&quot;:[],&quot;event&quot;:&quot;Du 05\\\/09\\\/2026 \\u00e0 09:00 au 05\\\/09\\\/2026 \\u00e0 23:59&quot;,&quot;video_url&quot;:&quot;&quot;,&quot;video_embed&quot;:null,&quot;documents&quot;:[],&quot;gallery&quot;:[]}\">\n\n                <!-- Image + badge cat\u00e9gorie -->\n                <div class=\"em-card-img-wrap\">\n                                      <div class=\"em-card-placeholder\">\ud83d\udcf7 Pas d'image<\/div>\n                                    <span class=\"em-card-badge badge-default\">\u00c9v\u00e9nements locaux<\/span>\n                <\/div>\n\n                <!-- Contenu de la card -->\n                <div class=\"em-card-body\">\n                  <h3 class=\"em-card-title\">Marche afghane en rose<\/h3>\n\n                  <!-- Tags r\u00e9sum\u00e9s (max 4) -->\n                  <div class=\"em-card-tags\">\n                                                          <\/div>\n\n                  <!-- Champs suppl\u00e9mentaires (max 3) -->\n                  <div class=\"em-card-fields\">\n                                          <div class=\"em-card-field\">\n                        <span class=\"em-card-field-label\">Titre :<\/span>\n                        <span class=\"em-card-field-value\">Marche afghane en rose<\/span>\n                      <\/div>\n                                          <div class=\"em-card-field\">\n                        <span class=\"em-card-field-label\">Cat\u00e9gorie :<\/span>\n                        <span class=\"em-card-field-value\">Sport &amp; randonn\u00e9e<\/span>\n                      <\/div>\n                                          <div class=\"em-card-field\">\n                        <span class=\"em-card-field-label\">Ville :<\/span>\n                        <span class=\"em-card-field-value\">Locmaria-Plouzan\u00e9<\/span>\n                      <\/div>\n                                      <\/div>\n\n                  <!-- Lien vers le d\u00e9tail -->\n                  <div class=\"em-card-footer\">\n                    <span>Voir le d\u00e9tail<\/span>\n                    <svg fill=\"none\" viewBox=\"0 0 24 24\" stroke=\"currentColor\" stroke-width=\"2\">\n                      <path stroke-linecap=\"round\" stroke-linejoin=\"round\" d=\"M13.5 4.5L21 12m0 0l-7.5 7.5M21 12H3\"><\/path>\n                    <\/svg>\n                  <\/div>\n                <\/div>\n              <\/article>\n                          <article class=\"em-card\"\n                data-type=\"evenements-locaux-6\"\n                data-features=\"\"\n                data-name=\"concert en \u00e9glises et chapelles : constellation\"\n                data-json=\"{&quot;name&quot;:&quot;Concert en \\u00e9glises et chapelles : CONSTELLATION&quot;,&quot;image&quot;:&quot;&quot;,&quot;link&quot;:&quot;&quot;,&quot;data&quot;:{&quot;titre&quot;:&quot;Concert en \\u00e9glises et chapelles : CONSTELLATION&quot;,&quot;description&quot;:&quot;Le quartet \\u00ab CONSTELLATION \\u00bb propose un r\\u00e9pertoire revisit\\u00e9. Vincent VANSTEENE, vibraphoniste, a compos\\u00e9 l\\u2019ensemble des morceaux sur lesquels deux paroliers ont pos\\u00e9 leurs mots : Jacques VINCENT pour les plus anciens et plus r\\u00e9cemment Peter John BUTLER pour les textes en anglais. On y retrouve\\nles mots du voyage dans tous les paysages qui nous habitent, au bout du Cap, au fond de la Baie, un parc, des rues, une ville, le vent, une \\u00eele,...il neige, des portraits, des figures inspirantes. Marine VANSTEENE les chante avec chaleur et intensit\\u00e9, et improvise.  Bruno MAZURIER est \\u00e0 la batterie et G\\u00e9rard MEREUZE est \\u00e0 la contrebasse.&quot;,&quot;categorie&quot;:&quot;Concerts, musique &amp; festivals&quot;,&quot;ville&quot;:&quot;Douarnenez&quot;,&quot;code_postal&quot;:&quot;29100&quot;,&quot;name&quot;:&quot;Concert en \\u00e9glises et chapelles : CONSTELLATION&quot;,&quot;latitude&quot;:&quot;48.0934247&quot;,&quot;longitude&quot;:&quot;-4.3257356&quot;},&quot;category&quot;:&quot;\\u00c9v\\u00e9nements locaux&quot;,&quot;faq&quot;:[],&quot;event&quot;:&quot;Du 05\\\/09\\\/2026 \\u00e0 20:00 au 05\\\/09\\\/2026 \\u00e0 23:59&quot;,&quot;video_url&quot;:&quot;&quot;,&quot;video_embed&quot;:null,&quot;documents&quot;:[],&quot;gallery&quot;:[]}\">\n\n                <!-- Image + badge cat\u00e9gorie -->\n                <div class=\"em-card-img-wrap\">\n                                      <div class=\"em-card-placeholder\">\ud83d\udcf7 Pas d'image<\/div>\n                                    <span class=\"em-card-badge badge-default\">\u00c9v\u00e9nements locaux<\/span>\n                <\/div>\n\n                <!-- Contenu de la card -->\n                <div class=\"em-card-body\">\n                  <h3 class=\"em-card-title\">Concert en \u00e9glises et chapelles : CONSTELLATION<\/h3>\n\n                  <!-- Tags r\u00e9sum\u00e9s (max 4) -->\n                  <div class=\"em-card-tags\">\n                                                          <\/div>\n\n                  <!-- Champs suppl\u00e9mentaires (max 3) -->\n                  <div class=\"em-card-fields\">\n                                          <div class=\"em-card-field\">\n                        <span class=\"em-card-field-label\">Titre :<\/span>\n                        <span class=\"em-card-field-value\">Concert en \u00e9glises et chapelles : CONSTELLATION<\/span>\n                      <\/div>\n                                          <div class=\"em-card-field\">\n                        <span class=\"em-card-field-label\">Cat\u00e9gorie :<\/span>\n                        <span class=\"em-card-field-value\">Concerts, musique &amp; festivals<\/span>\n                      <\/div>\n                                          <div class=\"em-card-field\">\n                        <span class=\"em-card-field-label\">Ville :<\/span>\n                        <span class=\"em-card-field-value\">Douarnenez<\/span>\n                      <\/div>\n                                      <\/div>\n\n                  <!-- Lien vers le d\u00e9tail -->\n                  <div class=\"em-card-footer\">\n                    <span>Voir le d\u00e9tail<\/span>\n                    <svg fill=\"none\" viewBox=\"0 0 24 24\" stroke=\"currentColor\" stroke-width=\"2\">\n                      <path stroke-linecap=\"round\" stroke-linejoin=\"round\" d=\"M13.5 4.5L21 12m0 0l-7.5 7.5M21 12H3\"><\/path>\n                    <\/svg>\n                  <\/div>\n                <\/div>\n              <\/article>\n                          <article class=\"em-card\"\n                data-type=\"evenements-locaux-6\"\n                data-features=\"\"\n                data-name=\"ateliers cr\u00e9atifs aux sites arch\u00e9ologiques de menez dregan\"\n                data-json=\"{&quot;name&quot;:&quot;Ateliers cr\\u00e9atifs aux sites arch\\u00e9ologiques de Menez Dregan&quot;,&quot;image&quot;:&quot;&quot;,&quot;link&quot;:&quot;https:\\\/\\\/www.plouhinec.bzh\\\/grotte-de-menez-dregan\\\/&quot;,&quot;data&quot;:{&quot;titre&quot;:&quot;Ateliers cr\\u00e9atifs aux sites arch\\u00e9ologiques de Menez Dregan&quot;,&quot;description&quot;:&quot;Le centre d&#039;interpr\\u00e9tation de Menez Dregan vous d\\u00e9voile les sp\\u00e9cificit\\u00e9s des sites arch\\u00e9ologiques et des hommes qui l\\u00e9sant fr\\u00e9quent\\u00e9s, en vous pr\\u00e9sentant les m\\u00e9thodes et les apports de l&#039;arch\\u00e9ologie. \\n\\nAtelier gravure sur ardoise - lundi\\nAtelier cr\\u00e9ation de collier ou bracelet en coquillages - mercredi\\nAtelier r\\u00e9alisation d&#039;un pendentif en pierre de St\\u00e9atite - vendredi \\n\\nA partir de 7 ans jusqu\\u2019\\u00e0 77 ans.\\nLes activit\\u00e9s se d\\u00e9roulent en petits groupes afin de garantir une exp\\u00e9rience conviviale et adapt\\u00e9e \\u00e0 tous les publics.\\n\\nR\\u00e9servation en ligne possible. \\n\\nGratuit.&quot;,&quot;categorie&quot;:&quot;Autres \\u00e9v\\u00e9nements&quot;,&quot;ville&quot;:&quot;Plouhinec&quot;,&quot;code_postal&quot;:&quot;29780&quot;,&quot;name&quot;:&quot;Ateliers cr\\u00e9atifs aux sites arch\\u00e9ologiques de Menez Dregan&quot;,&quot;latitude&quot;:&quot;47.9872409&quot;,&quot;longitude&quot;:&quot;-4.4740849&quot;,&quot;link&quot;:&quot;https:\\\/\\\/www.plouhinec.bzh\\\/grotte-de-menez-dregan\\\/&quot;},&quot;category&quot;:&quot;\\u00c9v\\u00e9nements locaux&quot;,&quot;faq&quot;:[],&quot;event&quot;:&quot;Du 06\\\/07\\\/2026 \\u00e0 14:15 au 30\\\/08\\\/2026 \\u00e0 23:59&quot;,&quot;video_url&quot;:&quot;&quot;,&quot;video_embed&quot;:null,&quot;documents&quot;:[],&quot;gallery&quot;:[]}\">\n\n                <!-- Image + badge cat\u00e9gorie -->\n                <div class=\"em-card-img-wrap\">\n                                      <div class=\"em-card-placeholder\">\ud83d\udcf7 Pas d'image<\/div>\n                                    <span class=\"em-card-badge badge-default\">\u00c9v\u00e9nements locaux<\/span>\n                <\/div>\n\n                <!-- Contenu de la card -->\n                <div class=\"em-card-body\">\n                  <h3 class=\"em-card-title\">Ateliers cr\u00e9atifs aux sites arch\u00e9ologiques de Menez Dregan<\/h3>\n\n                  <!-- Tags r\u00e9sum\u00e9s (max 4) -->\n                  <div class=\"em-card-tags\">\n                                                          <\/div>\n\n                  <!-- Champs suppl\u00e9mentaires (max 3) -->\n                  <div class=\"em-card-fields\">\n                                          <div class=\"em-card-field\">\n                        <span class=\"em-card-field-label\">Titre :<\/span>\n                        <span class=\"em-card-field-value\">Ateliers cr\u00e9atifs aux sites arch\u00e9ologiques de Menez Dregan<\/span>\n                      <\/div>\n                                          <div class=\"em-card-field\">\n                        <span class=\"em-card-field-label\">Cat\u00e9gorie :<\/span>\n                        <span class=\"em-card-field-value\">Autres \u00e9v\u00e9nements<\/span>\n                      <\/div>\n                                          <div class=\"em-card-field\">\n                        <span class=\"em-card-field-label\">Ville :<\/span>\n                        <span class=\"em-card-field-value\">Plouhinec<\/span>\n                      <\/div>\n                                      <\/div>\n\n                  <!-- Lien vers le d\u00e9tail -->\n                  <div class=\"em-card-footer\">\n                    <span>Voir le d\u00e9tail<\/span>\n                    <svg fill=\"none\" viewBox=\"0 0 24 24\" stroke=\"currentColor\" stroke-width=\"2\">\n                      <path stroke-linecap=\"round\" stroke-linejoin=\"round\" d=\"M13.5 4.5L21 12m0 0l-7.5 7.5M21 12H3\"><\/path>\n                    <\/svg>\n                  <\/div>\n                <\/div>\n              <\/article>\n                          <article class=\"em-card\"\n                data-type=\"evenements-locaux-6\"\n                data-features=\"\"\n                data-name=\"rando le long des falaises de la pointe du raz\"\n                data-json=\"{&quot;name&quot;:&quot;Rando le long des Falaises de la Pointe du Raz&quot;,&quot;image&quot;:&quot;&quot;,&quot;link&quot;:&quot;http:\\\/\\\/virginie-guezennec.fr\\\/&quot;,&quot;data&quot;:{&quot;titre&quot;:&quot;Rando le long des Falaises de la Pointe du Raz&quot;,&quot;description&quot;:&quot;D\\u00e9couverte de la Pointe du Raz par le plus beau des acc\\u00e8s: le sentier des douaniers. \\nDepuis le caf\\u00e9-papeterie Monsieur Papier, anciennement le Relais de l\\u2019\\u00cele de Sein, partez sur les traces de l\\u2019ancien embarcad\\u00e8re de Bestr\\u00e9e, autrefois utilis\\u00e9 par les gardiens de phare, les p\\u00eacheurs et les iliens. L\\u2019approche de la Pointe du Raz par le sud offre un parcours particuli\\u00e8rement spectaculaire.\\nAu bout du promontoire de la Pointe du Raz, un panorama remarquable s\\u2019ouvre sur la mer d\\u2019Iroise : ses phares, l\\u2019\\u00eele de Sein et, par temps clair, l\\u2019\\u00eele d\\u2019Ouessant. Le retour s\\u2019effectue par le sentier longeant la baie des Tr\\u00e9pass\\u00e9s, entre falaises et grands espaces maritimes.\\nSelon la saison, il est \\u00e9galement possible d\\u2019observer les mouettes tridactyles en p\\u00e9riode de nidification sur les falaises.&quot;,&quot;categorie&quot;:&quot;Sport &amp; randonn\\u00e9e&quot;,&quot;ville&quot;:&quot;Plogoff&quot;,&quot;code_postal&quot;:&quot;29770&quot;,&quot;name&quot;:&quot;Rando le long des Falaises de la Pointe du Raz&quot;,&quot;latitude&quot;:&quot;48.0373210&quot;,&quot;longitude&quot;:&quot;-4.7124280&quot;,&quot;link&quot;:&quot;http:\\\/\\\/virginie-guezennec.fr\\\/&quot;},&quot;category&quot;:&quot;\\u00c9v\\u00e9nements locaux&quot;,&quot;faq&quot;:[],&quot;event&quot;:&quot;Du 03\\\/09\\\/2026 \\u00e0 14:00 au 03\\\/09\\\/2026 \\u00e0 23:59&quot;,&quot;video_url&quot;:&quot;&quot;,&quot;video_embed&quot;:null,&quot;documents&quot;:[],&quot;gallery&quot;:[]}\">\n\n                <!-- Image + badge cat\u00e9gorie -->\n                <div class=\"em-card-img-wrap\">\n                                      <div class=\"em-card-placeholder\">\ud83d\udcf7 Pas d'image<\/div>\n                                    <span class=\"em-card-badge badge-default\">\u00c9v\u00e9nements locaux<\/span>\n                <\/div>\n\n                <!-- Contenu de la card -->\n                <div class=\"em-card-body\">\n                  <h3 class=\"em-card-title\">Rando le long des Falaises de la Pointe du Raz<\/h3>\n\n                  <!-- Tags r\u00e9sum\u00e9s (max 4) -->\n                  <div class=\"em-card-tags\">\n                                                          <\/div>\n\n                  <!-- Champs suppl\u00e9mentaires (max 3) -->\n                  <div class=\"em-card-fields\">\n                                          <div class=\"em-card-field\">\n                        <span class=\"em-card-field-label\">Titre :<\/span>\n                        <span class=\"em-card-field-value\">Rando le long des Falaises de la Pointe du Raz<\/span>\n                      <\/div>\n                                          <div class=\"em-card-field\">\n                        <span class=\"em-card-field-label\">Cat\u00e9gorie :<\/span>\n                        <span class=\"em-card-field-value\">Sport &amp; randonn\u00e9e<\/span>\n                      <\/div>\n                                          <div class=\"em-card-field\">\n                        <span class=\"em-card-field-label\">Ville :<\/span>\n                        <span class=\"em-card-field-value\">Plogoff<\/span>\n                      <\/div>\n                                      <\/div>\n\n                  <!-- Lien vers le d\u00e9tail -->\n                  <div class=\"em-card-footer\">\n                    <span>Voir le d\u00e9tail<\/span>\n                    <svg fill=\"none\" viewBox=\"0 0 24 24\" stroke=\"currentColor\" stroke-width=\"2\">\n                      <path stroke-linecap=\"round\" stroke-linejoin=\"round\" d=\"M13.5 4.5L21 12m0 0l-7.5 7.5M21 12H3\"><\/path>\n                    <\/svg>\n                  <\/div>\n                <\/div>\n              <\/article>\n                          <article class=\"em-card\"\n                data-type=\"evenements-locaux-6\"\n                data-features=\"\"\n                data-name=\"exposition de l\u2019abri des guetteurs &quot;l&#039;odyss\u00e9e d&#039;eliboubane&quot;\"\n                data-json=\"{&quot;name&quot;:&quot;Exposition de L\\u2019Abri des Guetteurs \\&quot;l&#039;Odyss\\u00e9e d&#039;Eliboubane\\&quot;&quot;,&quot;image&quot;:&quot;&quot;,&quot;link&quot;:&quot;http:\\\/\\\/www.labridesguetteurs.com\\\/&quot;,&quot;data&quot;:{&quot;titre&quot;:&quot;Exposition de L\\u2019Abri des Guetteurs \\&quot;l&#039;Odyss\\u00e9e d&#039;Eliboubane\\&quot;&quot;,&quot;description&quot;:&quot;Yvon Le Corre, cr\\u00e9ateur de l&#039;affiche des premi\\u00e8res f\\u00eates de 1986 est mis \\u00e0 l&#039;honneur pour cette exposition d&#039;\\u00e9t\\u00e9.&quot;,&quot;categorie&quot;:&quot;Expositions&quot;,&quot;ville&quot;:&quot;Douarnenez&quot;,&quot;code_postal&quot;:&quot;29100&quot;,&quot;name&quot;:&quot;Exposition de L\\u2019Abri des Guetteurs \\&quot;l&#039;Odyss\\u00e9e d&#039;Eliboubane\\&quot;&quot;,&quot;latitude&quot;:&quot;48.0963267&quot;,&quot;longitude&quot;:&quot;-4.3280107&quot;,&quot;link&quot;:&quot;http:\\\/\\\/www.labridesguetteurs.com\\\/&quot;},&quot;category&quot;:&quot;\\u00c9v\\u00e9nements locaux&quot;,&quot;faq&quot;:[],&quot;event&quot;:&quot;Du 21\\\/07\\\/2026 au 20\\\/09\\\/2026 \\u00e0 23:59&quot;,&quot;video_url&quot;:&quot;&quot;,&quot;video_embed&quot;:null,&quot;documents&quot;:[],&quot;gallery&quot;:[]}\">\n\n                <!-- Image + badge cat\u00e9gorie -->\n                <div class=\"em-card-img-wrap\">\n                                      <div class=\"em-card-placeholder\">\ud83d\udcf7 Pas d'image<\/div>\n                                    <span class=\"em-card-badge badge-default\">\u00c9v\u00e9nements locaux<\/span>\n                <\/div>\n\n                <!-- Contenu de la card -->\n                <div class=\"em-card-body\">\n                  <h3 class=\"em-card-title\">Exposition de L\u2019Abri des Guetteurs &quot;l&#039;Odyss\u00e9e d&#039;Eliboubane&quot;<\/h3>\n\n                  <!-- Tags r\u00e9sum\u00e9s (max 4) -->\n                  <div class=\"em-card-tags\">\n                                                          <\/div>\n\n                  <!-- Champs suppl\u00e9mentaires (max 3) -->\n                  <div class=\"em-card-fields\">\n                                          <div class=\"em-card-field\">\n                        <span class=\"em-card-field-label\">Titre :<\/span>\n                        <span class=\"em-card-field-value\">Exposition de L\u2019Abri des Guetteurs &quot;l&#039;Odyss\u00e9e d&#039;Eliboubane&quot;<\/span>\n                      <\/div>\n                                          <div class=\"em-card-field\">\n                        <span class=\"em-card-field-label\">Cat\u00e9gorie :<\/span>\n                        <span class=\"em-card-field-value\">Expositions<\/span>\n                      <\/div>\n                                          <div class=\"em-card-field\">\n                        <span class=\"em-card-field-label\">Ville :<\/span>\n                        <span class=\"em-card-field-value\">Douarnenez<\/span>\n                      <\/div>\n                                      <\/div>\n\n                  <!-- Lien vers le d\u00e9tail -->\n                  <div class=\"em-card-footer\">\n                    <span>Voir le d\u00e9tail<\/span>\n                    <svg fill=\"none\" viewBox=\"0 0 24 24\" stroke=\"currentColor\" stroke-width=\"2\">\n                      <path stroke-linecap=\"round\" stroke-linejoin=\"round\" d=\"M13.5 4.5L21 12m0 0l-7.5 7.5M21 12H3\"><\/path>\n                    <\/svg>\n                  <\/div>\n                <\/div>\n              <\/article>\n                          <article class=\"em-card\"\n                data-type=\"evenements-locaux-6\"\n                data-features=\"\"\n                data-name=\"foire de daoulas\"\n                data-json=\"{&quot;name&quot;:&quot;Foire de Daoulas&quot;,&quot;image&quot;:&quot;&quot;,&quot;link&quot;:&quot;&quot;,&quot;data&quot;:{&quot;titre&quot;:&quot;Foire de Daoulas&quot;,&quot;description&quot;:&quot;Organis\\u00e9e par l\\u2019Association \\u00ab Les P\\u2019tits Potes Iront \\u00bb, la Foire de Daoulas revient et aura lieu le 5 septembre 2026 \\u00e0 Daoulas.\\n\\nLA Foire de Daoulas sera pr\\u00eate \\u00e0 vous accueillir pour une journ\\u00e9e et une une soir\\u00e9e d&#039;expo, de concert, de spectacles, de d\\u00e9bat, de stands d&#039;artisans, de producteurs locaux et de bonne humeur. \\n\\n- \\u00c9v\\u00e8nement gratuit et ouvert \\u00e0 toutes et tous. \\n- Restauration et bar sur place (avec cochon grill\\u00e9, assiette v\\u00e9g\\u00e9tarienne).\\n\\nN&#039;h\\u00e9sitez pas \\u00e0 nous rejoindre en tant que B\\u00e9n\\u00e9voles pour pr\\u00e9parer la f\\u00eate ou le jour J !\\nEnvoyez un mail \\u00e0 : lesptitspotirons@gmail.com&quot;,&quot;categorie&quot;:&quot;Concerts, musique &amp; festivals&quot;,&quot;ville&quot;:&quot;Daoulas&quot;,&quot;code_postal&quot;:&quot;29460&quot;,&quot;name&quot;:&quot;Foire de Daoulas&quot;,&quot;latitude&quot;:&quot;48.3622800&quot;,&quot;longitude&quot;:&quot;-4.2600500&quot;},&quot;category&quot;:&quot;\\u00c9v\\u00e9nements locaux&quot;,&quot;faq&quot;:[],&quot;event&quot;:&quot;Du 05\\\/09\\\/2026 \\u00e0 14:00 au 05\\\/09\\\/2026 \\u00e0 23:59&quot;,&quot;video_url&quot;:&quot;&quot;,&quot;video_embed&quot;:null,&quot;documents&quot;:[],&quot;gallery&quot;:[]}\">\n\n                <!-- Image + badge cat\u00e9gorie -->\n                <div class=\"em-card-img-wrap\">\n                                      <div class=\"em-card-placeholder\">\ud83d\udcf7 Pas d'image<\/div>\n                                    <span class=\"em-card-badge badge-default\">\u00c9v\u00e9nements locaux<\/span>\n                <\/div>\n\n                <!-- Contenu de la card -->\n                <div class=\"em-card-body\">\n                  <h3 class=\"em-card-title\">Foire de Daoulas<\/h3>\n\n                  <!-- Tags r\u00e9sum\u00e9s (max 4) -->\n                  <div class=\"em-card-tags\">\n                                                          <\/div>\n\n                  <!-- Champs suppl\u00e9mentaires (max 3) -->\n                  <div class=\"em-card-fields\">\n                                          <div class=\"em-card-field\">\n                        <span class=\"em-card-field-label\">Titre :<\/span>\n                        <span class=\"em-card-field-value\">Foire de Daoulas<\/span>\n                      <\/div>\n                                          <div class=\"em-card-field\">\n                        <span class=\"em-card-field-label\">Cat\u00e9gorie :<\/span>\n                        <span class=\"em-card-field-value\">Concerts, musique &amp; festivals<\/span>\n                      <\/div>\n                                          <div class=\"em-card-field\">\n                        <span class=\"em-card-field-label\">Ville :<\/span>\n                        <span class=\"em-card-field-value\">Daoulas<\/span>\n                      <\/div>\n                                      <\/div>\n\n                  <!-- Lien vers le d\u00e9tail -->\n                  <div class=\"em-card-footer\">\n                    <span>Voir le d\u00e9tail<\/span>\n                    <svg fill=\"none\" viewBox=\"0 0 24 24\" stroke=\"currentColor\" stroke-width=\"2\">\n                      <path stroke-linecap=\"round\" stroke-linejoin=\"round\" d=\"M13.5 4.5L21 12m0 0l-7.5 7.5M21 12H3\"><\/path>\n                    <\/svg>\n                  <\/div>\n                <\/div>\n              <\/article>\n                          <article class=\"em-card\"\n                data-type=\"evenements-locaux-6\"\n                data-features=\"\"\n                data-name=\"la pointe du raz \u00e0 l&#039;heure des phares\"\n                data-json=\"{&quot;name&quot;:&quot;La Pointe du Raz \\u00e0 l&#039;heure des Phares&quot;,&quot;image&quot;:&quot;&quot;,&quot;link&quot;:&quot;http:\\\/\\\/virginie-guezennec.fr\\\/&quot;,&quot;data&quot;:{&quot;titre&quot;:&quot;La Pointe du Raz \\u00e0 l&#039;heure des Phares&quot;,&quot;description&quot;:&quot;Participez au plus beau son et lumi\\u00e8re de l\\u2019Ouest !\\n\\u00c0 la tomb\\u00e9e du jour, laissez-vous conter les nombreuses histoires qui ont fa\\u00e7onn\\u00e9es la renomm\\u00e9e de la Pointe du Raz, aujourd\\u2019hui l\\u2019un des sites les plus visit\\u00e9s de Bretagne. Une visite compl\\u00e8te et captivante, riche en th\\u00e9matiques vari\\u00e9es, le tout dans l\\u2019atmosph\\u00e8re et les lumi\\u00e8res grandioses du Bout du Monde.\\n\\nInformations pratiques : le stationnement sur le parking du site est payant.\\n\\nR\\u00e9servation possible aupr\\u00e8s de l&#039;Office de Tourisme \\u00e0 Audierne.&quot;,&quot;categorie&quot;:&quot;Sport &amp; randonn\\u00e9e&quot;,&quot;ville&quot;:&quot;Plogoff&quot;,&quot;code_postal&quot;:&quot;29770&quot;,&quot;name&quot;:&quot;La Pointe du Raz \\u00e0 l&#039;heure des Phares&quot;,&quot;latitude&quot;:&quot;48.0382383&quot;,&quot;longitude&quot;:&quot;-4.7240061&quot;,&quot;link&quot;:&quot;http:\\\/\\\/virginie-guezennec.fr\\\/&quot;},&quot;category&quot;:&quot;\\u00c9v\\u00e9nements locaux&quot;,&quot;faq&quot;:[],&quot;event&quot;:&quot;Du 09\\\/09\\\/2026 \\u00e0 19:10 au 09\\\/09\\\/2026 \\u00e0 23:59&quot;,&quot;video_url&quot;:&quot;&quot;,&quot;video_embed&quot;:null,&quot;documents&quot;:[],&quot;gallery&quot;:[]}\">\n\n                <!-- Image + badge cat\u00e9gorie -->\n                <div class=\"em-card-img-wrap\">\n                                      <div class=\"em-card-placeholder\">\ud83d\udcf7 Pas d'image<\/div>\n                                    <span class=\"em-card-badge badge-default\">\u00c9v\u00e9nements locaux<\/span>\n                <\/div>\n\n                <!-- Contenu de la card -->\n                <div class=\"em-card-body\">\n                  <h3 class=\"em-card-title\">La Pointe du Raz \u00e0 l&#039;heure des Phares<\/h3>\n\n                  <!-- Tags r\u00e9sum\u00e9s (max 4) -->\n                  <div class=\"em-card-tags\">\n                                                          <\/div>\n\n                  <!-- Champs suppl\u00e9mentaires (max 3) -->\n                  <div class=\"em-card-fields\">\n                                          <div class=\"em-card-field\">\n                        <span class=\"em-card-field-label\">Titre :<\/span>\n                        <span class=\"em-card-field-value\">La Pointe du Raz \u00e0 l&#039;heure des Phares<\/span>\n                      <\/div>\n                                          <div class=\"em-card-field\">\n                        <span class=\"em-card-field-label\">Cat\u00e9gorie :<\/span>\n                        <span class=\"em-card-field-value\">Sport &amp; randonn\u00e9e<\/span>\n                      <\/div>\n                                          <div class=\"em-card-field\">\n                        <span class=\"em-card-field-label\">Ville :<\/span>\n                        <span class=\"em-card-field-value\">Plogoff<\/span>\n                      <\/div>\n                                      <\/div>\n\n                  <!-- Lien vers le d\u00e9tail -->\n                  <div class=\"em-card-footer\">\n                    <span>Voir le d\u00e9tail<\/span>\n                    <svg fill=\"none\" viewBox=\"0 0 24 24\" stroke=\"currentColor\" stroke-width=\"2\">\n                      <path stroke-linecap=\"round\" stroke-linejoin=\"round\" d=\"M13.5 4.5L21 12m0 0l-7.5 7.5M21 12H3\"><\/path>\n                    <\/svg>\n                  <\/div>\n                <\/div>\n              <\/article>\n                          <article class=\"em-card\"\n                data-type=\"evenements-locaux-6\"\n                data-features=\"\"\n                data-name=\"jeudi yoga\"\n                data-json=\"{&quot;name&quot;:&quot;Jeudi Yoga&quot;,&quot;image&quot;:&quot;&quot;,&quot;link&quot;:&quot;http:\\\/\\\/www.immanence-yoga.fr\\\/&quot;,&quot;data&quot;:{&quot;titre&quot;:&quot;Jeudi Yoga&quot;,&quot;description&quot;:&quot;L\\u2019association Immanence Yoga propose des cours de yoga \\u00e0 la salle municipale (place de l&#039;\\u00e9glise) \\u00e0 Plon\\u00e9vez-Porzay tout au long du mois d\\u2019ao\\u00fbt. Les s\\u00e9ances combinent postures, techniques de respiration, relaxation et m\\u00e9ditation pour favoriser le calme et le bien-\\u00eatre.\\n\\nLes cours ont lieu les jeudis 13, 20 et 27 ao\\u00fbt, de 10h \\u00e0 11h15. Chaque s\\u00e9ance permet de pratiquer les postures de yoga, d\\u2019exp\\u00e9rimenter diff\\u00e9rentes techniques de respiration et de m\\u00e9ditation, et de se d\\u00e9tendre profond\\u00e9ment.\\n\\nTarif : 10 \\u20ac par s\\u00e9ance (en esp\\u00e8ce ou ch\\u00e8que)\\nInscription obligatoire par t\\u00e9l\\u00e9phone (sms)\\n\\nContact : Carole 06.08.95.57.39&quot;,&quot;categorie&quot;:&quot;Autres \\u00e9v\\u00e9nements&quot;,&quot;ville&quot;:&quot;Plon\\u00e9vez-Porzay&quot;,&quot;code_postal&quot;:&quot;29550&quot;,&quot;name&quot;:&quot;Jeudi Yoga&quot;,&quot;latitude&quot;:&quot;48.1249400&quot;,&quot;longitude&quot;:&quot;-4.2191200&quot;,&quot;link&quot;:&quot;http:\\\/\\\/www.immanence-yoga.fr\\\/&quot;},&quot;category&quot;:&quot;\\u00c9v\\u00e9nements locaux&quot;,&quot;faq&quot;:[],&quot;event&quot;:&quot;Du 27\\\/08\\\/2026 \\u00e0 10:00 au 27\\\/08\\\/2026 \\u00e0 23:59&quot;,&quot;video_url&quot;:&quot;&quot;,&quot;video_embed&quot;:null,&quot;documents&quot;:[],&quot;gallery&quot;:[]}\">\n\n                <!-- Image + badge cat\u00e9gorie -->\n                <div class=\"em-card-img-wrap\">\n                                      <div class=\"em-card-placeholder\">\ud83d\udcf7 Pas d'image<\/div>\n                                    <span class=\"em-card-badge badge-default\">\u00c9v\u00e9nements locaux<\/span>\n                <\/div>\n\n                <!-- Contenu de la card -->\n                <div class=\"em-card-body\">\n                  <h3 class=\"em-card-title\">Jeudi Yoga<\/h3>\n\n                  <!-- Tags r\u00e9sum\u00e9s (max 4) -->\n                  <div class=\"em-card-tags\">\n                                                          <\/div>\n\n                  <!-- Champs suppl\u00e9mentaires (max 3) -->\n                  <div class=\"em-card-fields\">\n                                          <div class=\"em-card-field\">\n                        <span class=\"em-card-field-label\">Titre :<\/span>\n                        <span class=\"em-card-field-value\">Jeudi Yoga<\/span>\n                      <\/div>\n                                          <div class=\"em-card-field\">\n                        <span class=\"em-card-field-label\">Cat\u00e9gorie :<\/span>\n                        <span class=\"em-card-field-value\">Autres \u00e9v\u00e9nements<\/span>\n                      <\/div>\n                                          <div class=\"em-card-field\">\n                        <span class=\"em-card-field-label\">Ville :<\/span>\n                        <span class=\"em-card-field-value\">Plon\u00e9vez-Porzay<\/span>\n                      <\/div>\n                                      <\/div>\n\n                  <!-- Lien vers le d\u00e9tail -->\n                  <div class=\"em-card-footer\">\n                    <span>Voir le d\u00e9tail<\/span>\n                    <svg fill=\"none\" viewBox=\"0 0 24 24\" stroke=\"currentColor\" stroke-width=\"2\">\n                      <path stroke-linecap=\"round\" stroke-linejoin=\"round\" d=\"M13.5 4.5L21 12m0 0l-7.5 7.5M21 12H3\"><\/path>\n                    <\/svg>\n                  <\/div>\n                <\/div>\n              <\/article>\n                          <article class=\"em-card\"\n                data-type=\"evenements-locaux-6\"\n                data-features=\"\"\n                data-name=\"atelier calligraphie\"\n                data-json=\"{&quot;name&quot;:&quot;Atelier Calligraphie&quot;,&quot;image&quot;:&quot;&quot;,&quot;link&quot;:&quot;http:\\\/\\\/www.cdp29.fr\\\/&quot;,&quot;data&quot;:{&quot;titre&quot;:&quot;Atelier Calligraphie&quot;,&quot;description&quot;:&quot;D\\u00e9couvrez l&#039;histoire de l\\u2019\\u00e9criture, la fabrication des encres, du parchemin et de la reliure en prenant exemple sur des fac-simil\\u00e9s de manuscrits de Land\\u00e9vennec. Initiez-vous ensuite \\u00e0 la \\&quot;minuscule caroline\\&quot; et \\u00e0 l\\u2019\\u00e9criture \\u00e0 la plume d\\u2019oie. L&#039;occasion de d\\u00e9couvrir le travail des moines copistes tout en repartant avec une oeuvre calligraphi\\u00e9e !&quot;,&quot;categorie&quot;:&quot;Autres \\u00e9v\\u00e9nements&quot;,&quot;ville&quot;:&quot;Land\\u00e9vennec&quot;,&quot;code_postal&quot;:&quot;29560&quot;,&quot;name&quot;:&quot;Atelier Calligraphie&quot;,&quot;latitude&quot;:&quot;48.2913500&quot;,&quot;longitude&quot;:&quot;-4.2674500&quot;,&quot;link&quot;:&quot;http:\\\/\\\/www.cdp29.fr\\\/&quot;},&quot;category&quot;:&quot;\\u00c9v\\u00e9nements locaux&quot;,&quot;faq&quot;:[],&quot;event&quot;:&quot;Du 31\\\/08\\\/2026 \\u00e0 15:00 au 31\\\/08\\\/2026 \\u00e0 23:59&quot;,&quot;video_url&quot;:&quot;&quot;,&quot;video_embed&quot;:null,&quot;documents&quot;:[],&quot;gallery&quot;:[]}\">\n\n                <!-- Image + badge cat\u00e9gorie -->\n                <div class=\"em-card-img-wrap\">\n                                      <div class=\"em-card-placeholder\">\ud83d\udcf7 Pas d'image<\/div>\n                                    <span class=\"em-card-badge badge-default\">\u00c9v\u00e9nements locaux<\/span>\n                <\/div>\n\n                <!-- Contenu de la card -->\n                <div class=\"em-card-body\">\n                  <h3 class=\"em-card-title\">Atelier Calligraphie<\/h3>\n\n                  <!-- Tags r\u00e9sum\u00e9s (max 4) -->\n                  <div class=\"em-card-tags\">\n                                                          <\/div>\n\n                  <!-- Champs suppl\u00e9mentaires (max 3) -->\n                  <div class=\"em-card-fields\">\n                                          <div class=\"em-card-field\">\n                        <span class=\"em-card-field-label\">Titre :<\/span>\n                        <span class=\"em-card-field-value\">Atelier Calligraphie<\/span>\n                      <\/div>\n                                          <div class=\"em-card-field\">\n                        <span class=\"em-card-field-label\">Cat\u00e9gorie :<\/span>\n                        <span class=\"em-card-field-value\">Autres \u00e9v\u00e9nements<\/span>\n                      <\/div>\n                                          <div class=\"em-card-field\">\n                        <span class=\"em-card-field-label\">Ville :<\/span>\n                        <span class=\"em-card-field-value\">Land\u00e9vennec<\/span>\n                      <\/div>\n                                      <\/div>\n\n                  <!-- Lien vers le d\u00e9tail -->\n                  <div class=\"em-card-footer\">\n                    <span>Voir le d\u00e9tail<\/span>\n                    <svg fill=\"none\" viewBox=\"0 0 24 24\" stroke=\"currentColor\" stroke-width=\"2\">\n                      <path stroke-linecap=\"round\" stroke-linejoin=\"round\" d=\"M13.5 4.5L21 12m0 0l-7.5 7.5M21 12H3\"><\/path>\n                    <\/svg>\n                  <\/div>\n                <\/div>\n              <\/article>\n                          <article class=\"em-card\"\n                data-type=\"evenements-locaux-6\"\n                data-features=\"\"\n                data-name=\"au temps de la reconstruction\"\n                data-json=\"{&quot;name&quot;:&quot;Au temps de la Reconstruction&quot;,&quot;image&quot;:&quot;&quot;,&quot;link&quot;:&quot;https:\\\/\\\/www.brest-metropole-tourisme.fr\\\/reservation-en-ligne\\\/visites-guidees&quot;,&quot;data&quot;:{&quot;titre&quot;:&quot;Au temps de la Reconstruction&quot;,&quot;description&quot;:&quot;Avis aux amateurs d\\u2019histoire contemporaine ! Venez d\\u00e9ambuler dans le centre-ville reconstruit de Brest, transform\\u00e9 apr\\u00e8s les destructions de la Seconde Guerre mondiale. La rive gauche de la ville, r\\u00e9am\\u00e9nag\\u00e9e et reconstruite, d\\u00e9voile un tout autre visage de Brest, un t\\u00e9moignage fascinant de son renouveau et de la r\\u00e9silience de ses habitants.\\nAu cours de cette visite guid\\u00e9e, vous d\\u00e9couvrirez les d\\u00e9fis de la reconstruction, les choix architecturaux qui ont fa\\u00e7onn\\u00e9 la ville moderne et les traces de cette p\\u00e9riode cl\\u00e9 de l\\u2019histoire brestoise. Une visite \\u00e0 ne pas manquer pour comprendre les grandes \\u00e9tapes de la reconstruction de Brest, une p\\u00e9riode d\\u00e9terminante.\\n\\nInformations pratiques : \\nDur\\u00e9e 2h.\\nPr\\u00e9voir de bonnes chaussures. \\nSur r\\u00e9servation aupr\\u00e8s de l&#039;Office de Tourisme Brest en vue, au guichet, par t\\u00e9l\\u00e9phone ou en ligne. \\n\\nL&#039;Office de Tourisme Brest en vue se r\\u00e9serve le droit d&#039;annuler la visite si le nombre minimum de participants (5) n&#039;est pas atteint, en cas de mauvaises conditions m\\u00e9t\\u00e9orologiques.&quot;,&quot;categorie&quot;:&quot;En famille&quot;,&quot;ville&quot;:&quot;Brest&quot;,&quot;code_postal&quot;:&quot;29200&quot;,&quot;name&quot;:&quot;Au temps de la Reconstruction&quot;,&quot;latitude&quot;:&quot;48.3884227&quot;,&quot;longitude&quot;:&quot;-4.4850204&quot;,&quot;link&quot;:&quot;https:\\\/\\\/www.brest-metropole-tourisme.fr\\\/reservation-en-ligne\\\/visites-guidees&quot;},&quot;category&quot;:&quot;\\u00c9v\\u00e9nements locaux&quot;,&quot;faq&quot;:[],&quot;event&quot;:&quot;Du 05\\\/09\\\/2026 \\u00e0 15:00 au 05\\\/09\\\/2026 \\u00e0 23:59&quot;,&quot;video_url&quot;:&quot;&quot;,&quot;video_embed&quot;:null,&quot;documents&quot;:[],&quot;gallery&quot;:[]}\">\n\n                <!-- Image + badge cat\u00e9gorie -->\n                <div class=\"em-card-img-wrap\">\n                                      <div class=\"em-card-placeholder\">\ud83d\udcf7 Pas d'image<\/div>\n                                    <span class=\"em-card-badge badge-default\">\u00c9v\u00e9nements locaux<\/span>\n                <\/div>\n\n                <!-- Contenu de la card -->\n                <div class=\"em-card-body\">\n                  <h3 class=\"em-card-title\">Au temps de la Reconstruction<\/h3>\n\n                  <!-- Tags r\u00e9sum\u00e9s (max 4) -->\n                  <div class=\"em-card-tags\">\n                                                          <\/div>\n\n                  <!-- Champs suppl\u00e9mentaires (max 3) -->\n                  <div class=\"em-card-fields\">\n                                          <div class=\"em-card-field\">\n                        <span class=\"em-card-field-label\">Titre :<\/span>\n                        <span class=\"em-card-field-value\">Au temps de la Reconstruction<\/span>\n                      <\/div>\n                                          <div class=\"em-card-field\">\n                        <span class=\"em-card-field-label\">Cat\u00e9gorie :<\/span>\n                        <span class=\"em-card-field-value\">En famille<\/span>\n                      <\/div>\n                                          <div class=\"em-card-field\">\n                        <span class=\"em-card-field-label\">Ville :<\/span>\n                        <span class=\"em-card-field-value\">Brest<\/span>\n                      <\/div>\n                                      <\/div>\n\n                  <!-- Lien vers le d\u00e9tail -->\n                  <div class=\"em-card-footer\">\n                    <span>Voir le d\u00e9tail<\/span>\n                    <svg fill=\"none\" viewBox=\"0 0 24 24\" stroke=\"currentColor\" stroke-width=\"2\">\n                      <path stroke-linecap=\"round\" stroke-linejoin=\"round\" d=\"M13.5 4.5L21 12m0 0l-7.5 7.5M21 12H3\"><\/path>\n                    <\/svg>\n                  <\/div>\n                <\/div>\n              <\/article>\n                          <article class=\"em-card\"\n                data-type=\"evenements-locaux-6\"\n                data-features=\"\"\n                data-name=\"f\u00eate de la mer et du nautisme\"\n                data-json=\"{&quot;name&quot;:&quot;F\\u00eate de la mer et du nautisme&quot;,&quot;image&quot;:&quot;&quot;,&quot;link&quot;:&quot;https:\\\/\\\/brest.fr\\\/la-fete-de-la-mer-et-du-nautisme-0&quot;,&quot;data&quot;:{&quot;titre&quot;:&quot;F\\u00eate de la mer et du nautisme&quot;,&quot;description&quot;:&quot;Petits et grands, d\\u00e9butants ou confirm\\u00e9s, sont invit\\u00e9s \\u00e0 vivre \\u00ab au fil de l\\u2019eau \\u00bb le temps d\\u2019un week-end au Moulin-Blanc \\u00e0 Brest et \\u00e0 la maison de la Mer au Relecq-Kerhuon (dimanche apr\\u00e8s-midi).\\n\\nProgramme de la journ\\u00e9e :\\n\\n- Le matin\\nInscriptions \\u00e0 partir de 9h30\\n\\nEn mer\\nPirates de la rade, de 10h30 \\u00e0 12h30 (priorit\\u00e9 aux familles avec enfants)\\nEmbarquements sur des bateaux du patrimoine Dalh Mad, Loch Monna, Notre-Dame de Rumengol (balades avec histoires cont\\u00e9es par \\nles m\\u00e9diath\\u00e8ques municipales de Brest, le samedi)\\nD\\u00e9couverte de la nage et sauvetage sportif - Service aquatique de Brest m\\u00e9tropole\\nP\\u00e9dalos pour enfants\\n\\n\\u00c0 terre\\nMaquillage des pirates - Compagnie Amuse-Gueule\\n\\n- L&#039;apr\\u00e8s-midi\\nInscriptions \\u00e0 partir de 13h\\n\\nEn mer\\nBapt\\u00eames et balades \\u00e0 la voile ou au moteur, d\\u00e9riveur et catamaran, aviron de mer, Stand Up Paddle, kayak\\u2026\\nBBN, CKCB, FSGT, YCBI, service du nautisme, Sports &amp; Quartiers\\nBapt\\u00eames de plong\\u00e9e - Abysse, COPB, Handisport et GMAP (accessible aux personnes \\u00e0 mobilit\\u00e9 r\\u00e9duite)\\nInitiation voile en supports adapt\\u00e9s - Handivoile  (accessible aux personnes \\u00e0 mobilit\\u00e9 r\\u00e9duite)\\nInitiation \\u00e0 la godille - Association La Martine\\n\\nA terre\\nChallenge ergom\\u00e8tre - YCBI (accessible aux personnes \\u00e0 mobilit\\u00e9 r\\u00e9duite)\\nD\\u00e9couverte de la nage et sauvetage sportif - Service aquatique de Brest m\\u00e9tropole\\nMaquillage des pirates - Compagnie Amuse-Gueule\\n\\nTout au long du week-end :\\nDanse tahitienne - Hei Puna\\nBibliambule - M\\u00e9diath\\u00e8ques municipales de Brest\\nChants marins - Marins du Bout du Monde (uniquement le dimanche)\\nD\\u00e9monstrateurs de chiens sauveteurs - Bretagne Terre-Neuve sauveteur (uniquement le dimanche)\\nChampionnat d\\u2019Europe d\\u2019Ocean Racing : retransmission des courses sur \\u00e9cran g\\u00e9ant avec commentateur et interview des athl\\u00e8tes\\nStand artisanat polyn\\u00e9siens&quot;,&quot;categorie&quot;:&quot;En famille&quot;,&quot;ville&quot;:&quot;Brest&quot;,&quot;code_postal&quot;:&quot;29200&quot;,&quot;name&quot;:&quot;F\\u00eate de la mer et du nautisme&quot;,&quot;latitude&quot;:&quot;48.3921137&quot;,&quot;longitude&quot;:&quot;-4.4332261&quot;,&quot;link&quot;:&quot;https:\\\/\\\/brest.fr\\\/la-fete-de-la-mer-et-du-nautisme-0&quot;},&quot;category&quot;:&quot;\\u00c9v\\u00e9nements locaux&quot;,&quot;faq&quot;:[],&quot;event&quot;:&quot;Du 30\\\/08\\\/2026 \\u00e0 13:30 au 30\\\/08\\\/2026 \\u00e0 23:59&quot;,&quot;video_url&quot;:&quot;&quot;,&quot;video_embed&quot;:null,&quot;documents&quot;:[],&quot;gallery&quot;:[]}\">\n\n                <!-- Image + badge cat\u00e9gorie -->\n                <div class=\"em-card-img-wrap\">\n                                      <div class=\"em-card-placeholder\">\ud83d\udcf7 Pas d'image<\/div>\n                                    <span class=\"em-card-badge badge-default\">\u00c9v\u00e9nements locaux<\/span>\n                <\/div>\n\n                <!-- Contenu de la card -->\n                <div class=\"em-card-body\">\n                  <h3 class=\"em-card-title\">F\u00eate de la mer et du nautisme<\/h3>\n\n                  <!-- Tags r\u00e9sum\u00e9s (max 4) -->\n                  <div class=\"em-card-tags\">\n                                                          <\/div>\n\n                  <!-- Champs suppl\u00e9mentaires (max 3) -->\n                  <div class=\"em-card-fields\">\n                                          <div class=\"em-card-field\">\n                        <span class=\"em-card-field-label\">Titre :<\/span>\n                        <span class=\"em-card-field-value\">F\u00eate de la mer et du nautisme<\/span>\n                      <\/div>\n                                          <div class=\"em-card-field\">\n                        <span class=\"em-card-field-label\">Cat\u00e9gorie :<\/span>\n                        <span class=\"em-card-field-value\">En famille<\/span>\n                      <\/div>\n                                          <div class=\"em-card-field\">\n                        <span class=\"em-card-field-label\">Ville :<\/span>\n                        <span class=\"em-card-field-value\">Brest<\/span>\n                      <\/div>\n                                      <\/div>\n\n                  <!-- Lien vers le d\u00e9tail -->\n                  <div class=\"em-card-footer\">\n                    <span>Voir le d\u00e9tail<\/span>\n                    <svg fill=\"none\" viewBox=\"0 0 24 24\" stroke=\"currentColor\" stroke-width=\"2\">\n                      <path stroke-linecap=\"round\" stroke-linejoin=\"round\" d=\"M13.5 4.5L21 12m0 0l-7.5 7.5M21 12H3\"><\/path>\n                    <\/svg>\n                  <\/div>\n                <\/div>\n              <\/article>\n                          <article class=\"em-card\"\n                data-type=\"evenements-locaux-6\"\n                data-features=\"\"\n                data-name=\"la librairie dialogues\"\n                data-json=\"{&quot;name&quot;:&quot;La Librairie Dialogues&quot;,&quot;image&quot;:&quot;&quot;,&quot;link&quot;:&quot;&quot;,&quot;data&quot;:{&quot;titre&quot;:&quot;La Librairie Dialogues&quot;,&quot;description&quot;:&quot;La visite vous fera d\\u00e9couvrir l\\u2019univers de la librairie qui figure dans le top 10 des plus grandes librairies ind\\u00e9pendantes de France\\u00a0!\\n\\nL\\u2019Office de Tourisme de Brest en vue vous propose une d\\u00e9couverte des coulisses du circuit du livre et de l\\u2019histoire de notre librairie.\\nProfitez d\\u2019un moment privil\\u00e9gi\\u00e9 avec une guide conf\\u00e9renci\\u00e8re et nos libraires passionn\\u00e9s.\\n\\nInformations pratiques : \\n- D\\u00e9part \\u00e0 10 h 30 devant l\\u2019entr\\u00e9e de la librairie c\\u00f4t\\u00e9 rue de Siam.\\n- Dur\\u00e9e : 45 minutes. \\n- Tarifs : 4\\u20ac\\\/ adulte, 3\\u20ac\\\/ enfant (6 \\u00e0 17 ans), gratuit pour les - de 6 ans\\nSur inscription aupr\\u00e8s de l&#039;Office de Tourisme de Brest m\\u00e9tropole, en ligne, par t\\u00e9l\\u00e9phone ou au guichet. \\n\\nL&#039;Office de Tourisme se r\\u00e9serve le droit d&#039;annuler la visite si le nombre de participants minimum (5 personnes) n&#039;est pas atteint.&quot;,&quot;categorie&quot;:&quot;Autres \\u00e9v\\u00e9nements&quot;,&quot;ville&quot;:&quot;Brest&quot;,&quot;code_postal&quot;:&quot;29200&quot;,&quot;name&quot;:&quot;La Librairie Dialogues&quot;,&quot;latitude&quot;:&quot;48.3874800&quot;,&quot;longitude&quot;:&quot;-4.4904400&quot;},&quot;category&quot;:&quot;\\u00c9v\\u00e9nements locaux&quot;,&quot;faq&quot;:[],&quot;event&quot;:&quot;Du 05\\\/09\\\/2026 \\u00e0 10:30 au 05\\\/09\\\/2026 \\u00e0 23:59&quot;,&quot;video_url&quot;:&quot;&quot;,&quot;video_embed&quot;:null,&quot;documents&quot;:[],&quot;gallery&quot;:[]}\">\n\n                <!-- Image + badge cat\u00e9gorie -->\n                <div class=\"em-card-img-wrap\">\n                                      <div class=\"em-card-placeholder\">\ud83d\udcf7 Pas d'image<\/div>\n                                    <span class=\"em-card-badge badge-default\">\u00c9v\u00e9nements locaux<\/span>\n                <\/div>\n\n                <!-- Contenu de la card -->\n                <div class=\"em-card-body\">\n                  <h3 class=\"em-card-title\">La Librairie Dialogues<\/h3>\n\n                  <!-- Tags r\u00e9sum\u00e9s (max 4) -->\n                  <div class=\"em-card-tags\">\n                                                          <\/div>\n\n                  <!-- Champs suppl\u00e9mentaires (max 3) -->\n                  <div class=\"em-card-fields\">\n                                          <div class=\"em-card-field\">\n                        <span class=\"em-card-field-label\">Titre :<\/span>\n                        <span class=\"em-card-field-value\">La Librairie Dialogues<\/span>\n                      <\/div>\n                                          <div class=\"em-card-field\">\n                        <span class=\"em-card-field-label\">Cat\u00e9gorie :<\/span>\n                        <span class=\"em-card-field-value\">Autres \u00e9v\u00e9nements<\/span>\n                      <\/div>\n                                          <div class=\"em-card-field\">\n                        <span class=\"em-card-field-label\">Ville :<\/span>\n                        <span class=\"em-card-field-value\">Brest<\/span>\n                      <\/div>\n                                      <\/div>\n\n                  <!-- Lien vers le d\u00e9tail -->\n                  <div class=\"em-card-footer\">\n                    <span>Voir le d\u00e9tail<\/span>\n                    <svg fill=\"none\" viewBox=\"0 0 24 24\" stroke=\"currentColor\" stroke-width=\"2\">\n                      <path stroke-linecap=\"round\" stroke-linejoin=\"round\" d=\"M13.5 4.5L21 12m0 0l-7.5 7.5M21 12H3\"><\/path>\n                    <\/svg>\n                  <\/div>\n                <\/div>\n              <\/article>\n                          <article class=\"em-card\"\n                data-type=\"evenements-locaux-6\"\n                data-features=\"\"\n                data-name=\"gef\u00fchrter fotospaziergang durch douarnenez\"\n                data-json=\"{&quot;name&quot;:&quot;Gef\\u00fchrter Fotospaziergang durch Douarnenez&quot;,&quot;image&quot;:&quot;&quot;,&quot;link&quot;:&quot;http:\\\/\\\/www.douarnenez-tourisme.com\\\/&quot;,&quot;data&quot;:{&quot;titre&quot;:&quot;Gef\\u00fchrter Fotospaziergang durch Douarnenez&quot;,&quot;description&quot;:&quot;Gef\\u00fchrter Fotospaziergang durch Douarnenez :\\nEntdecken Sie mit dem Marco-Polo-Autor und erfahrenen Reiseleiter Errol Friedhelm Karakoc die Hafenstadt und ihre K\\u00f6nigin, die Sardine. Auf den Spuren der hiesigen Fischer begegnen Sie streitbaren Damen, kuriosen Riten der heimischen Bev\\u00f6lkerung, h\\u00fcbscher Architektur aus den letzten Jahrhunderten, spannenden Legenden, vielleicht sogar Kommissar Dupin und haben dabei immer wieder den Blick auf die Bucht. Freuen Sie sich auf etwa zwei Stunden des Flanierens durch die Gassen des Hafenviertels Rosmeur.\\n\\nDauer: ca. 2h\\nSprache: auf Deutsch\\nSchwierigkeitsgrad: einfach bis mittel (leichte Steigungen\\\/Gef\\u00e4lle auf st\\u00e4dtischen Wegen, einige Stufen)&quot;,&quot;categorie&quot;:&quot;Autres \\u00e9v\\u00e9nements&quot;,&quot;ville&quot;:&quot;Douarnenez&quot;,&quot;code_postal&quot;:&quot;29100&quot;,&quot;name&quot;:&quot;Gef\\u00fchrter Fotospaziergang durch Douarnenez&quot;,&quot;latitude&quot;:&quot;48.0931504&quot;,&quot;longitude&quot;:&quot;-4.3310605&quot;,&quot;link&quot;:&quot;http:\\\/\\\/www.douarnenez-tourisme.com\\\/&quot;},&quot;category&quot;:&quot;\\u00c9v\\u00e9nements locaux&quot;,&quot;faq&quot;:[],&quot;event&quot;:&quot;Du 10\\\/09\\\/2026 \\u00e0 14:00 au 10\\\/09\\\/2026 \\u00e0 23:59&quot;,&quot;video_url&quot;:&quot;&quot;,&quot;video_embed&quot;:null,&quot;documents&quot;:[],&quot;gallery&quot;:[]}\">\n\n                <!-- Image + badge cat\u00e9gorie -->\n                <div class=\"em-card-img-wrap\">\n                                      <div class=\"em-card-placeholder\">\ud83d\udcf7 Pas d'image<\/div>\n                                    <span class=\"em-card-badge badge-default\">\u00c9v\u00e9nements locaux<\/span>\n                <\/div>\n\n                <!-- Contenu de la card -->\n                <div class=\"em-card-body\">\n                  <h3 class=\"em-card-title\">Gef\u00fchrter Fotospaziergang durch Douarnenez<\/h3>\n\n                  <!-- Tags r\u00e9sum\u00e9s (max 4) -->\n                  <div class=\"em-card-tags\">\n                                                          <\/div>\n\n                  <!-- Champs suppl\u00e9mentaires (max 3) -->\n                  <div class=\"em-card-fields\">\n                                          <div class=\"em-card-field\">\n                        <span class=\"em-card-field-label\">Titre :<\/span>\n                        <span class=\"em-card-field-value\">Gef\u00fchrter Fotospaziergang durch Douarnenez<\/span>\n                      <\/div>\n                                          <div class=\"em-card-field\">\n                        <span class=\"em-card-field-label\">Cat\u00e9gorie :<\/span>\n                        <span class=\"em-card-field-value\">Autres \u00e9v\u00e9nements<\/span>\n                      <\/div>\n                                          <div class=\"em-card-field\">\n                        <span class=\"em-card-field-label\">Ville :<\/span>\n                        <span class=\"em-card-field-value\">Douarnenez<\/span>\n                      <\/div>\n                                      <\/div>\n\n                  <!-- Lien vers le d\u00e9tail -->\n                  <div class=\"em-card-footer\">\n                    <span>Voir le d\u00e9tail<\/span>\n                    <svg fill=\"none\" viewBox=\"0 0 24 24\" stroke=\"currentColor\" stroke-width=\"2\">\n                      <path stroke-linecap=\"round\" stroke-linejoin=\"round\" d=\"M13.5 4.5L21 12m0 0l-7.5 7.5M21 12H3\"><\/path>\n                    <\/svg>\n                  <\/div>\n                <\/div>\n              <\/article>\n                          <article class=\"em-card\"\n                data-type=\"evenements-locaux-6\"\n                data-features=\"\"\n                data-name=\"karaok\u00e9 anim\u00e9\"\n                data-json=\"{&quot;name&quot;:&quot;Karaok\\u00e9 anim\\u00e9&quot;,&quot;image&quot;:&quot;&quot;,&quot;link&quot;:&quot;http:\\\/\\\/www.larecredes3cures.com\\\/&quot;,&quot;data&quot;:{&quot;titre&quot;:&quot;Karaok\\u00e9 anim\\u00e9&quot;,&quot;description&quot;:&quot;La star c&#039;est vous !\\nMontez sur sc\\u00e8ne et prenez le micro pour devenir la star que vous avez toujours voulu \\u00eatre et montrez au grand public votre talent cach\\u00e9.&quot;,&quot;categorie&quot;:&quot;Concerts, musique &amp; festivals&quot;,&quot;ville&quot;:&quot;Milizac-Guipronvel&quot;,&quot;code_postal&quot;:&quot;29290&quot;,&quot;name&quot;:&quot;Karaok\\u00e9 anim\\u00e9&quot;,&quot;latitude&quot;:&quot;48.4749211&quot;,&quot;longitude&quot;:&quot;-4.5265787&quot;,&quot;link&quot;:&quot;http:\\\/\\\/www.larecredes3cures.com\\\/&quot;},&quot;category&quot;:&quot;\\u00c9v\\u00e9nements locaux&quot;,&quot;faq&quot;:[],&quot;event&quot;:&quot;Du 25\\\/08\\\/2026 \\u00e0 21:00 au 25\\\/08\\\/2026 \\u00e0 23:59&quot;,&quot;video_url&quot;:&quot;&quot;,&quot;video_embed&quot;:null,&quot;documents&quot;:[],&quot;gallery&quot;:[]}\">\n\n                <!-- Image + badge cat\u00e9gorie -->\n                <div class=\"em-card-img-wrap\">\n                                      <div class=\"em-card-placeholder\">\ud83d\udcf7 Pas d'image<\/div>\n                                    <span class=\"em-card-badge badge-default\">\u00c9v\u00e9nements locaux<\/span>\n                <\/div>\n\n                <!-- Contenu de la card -->\n                <div class=\"em-card-body\">\n                  <h3 class=\"em-card-title\">Karaok\u00e9 anim\u00e9<\/h3>\n\n                  <!-- Tags r\u00e9sum\u00e9s (max 4) -->\n                  <div class=\"em-card-tags\">\n                                                          <\/div>\n\n                  <!-- Champs suppl\u00e9mentaires (max 3) -->\n                  <div class=\"em-card-fields\">\n                                          <div class=\"em-card-field\">\n                        <span class=\"em-card-field-label\">Titre :<\/span>\n                        <span class=\"em-card-field-value\">Karaok\u00e9 anim\u00e9<\/span>\n                      <\/div>\n                                          <div class=\"em-card-field\">\n                        <span class=\"em-card-field-label\">Cat\u00e9gorie :<\/span>\n                        <span class=\"em-card-field-value\">Concerts, musique &amp; festivals<\/span>\n                      <\/div>\n                                          <div class=\"em-card-field\">\n                        <span class=\"em-card-field-label\">Ville :<\/span>\n                        <span class=\"em-card-field-value\">Milizac-Guipronvel<\/span>\n                      <\/div>\n                                      <\/div>\n\n                  <!-- Lien vers le d\u00e9tail -->\n                  <div class=\"em-card-footer\">\n                    <span>Voir le d\u00e9tail<\/span>\n                    <svg fill=\"none\" viewBox=\"0 0 24 24\" stroke=\"currentColor\" stroke-width=\"2\">\n                      <path stroke-linecap=\"round\" stroke-linejoin=\"round\" d=\"M13.5 4.5L21 12m0 0l-7.5 7.5M21 12H3\"><\/path>\n                    <\/svg>\n                  <\/div>\n                <\/div>\n              <\/article>\n                          <article class=\"em-card\"\n                data-type=\"evenements-locaux-6\"\n                data-features=\"\"\n                data-name=\"exposition patrick serc\"\n                data-json=\"{&quot;name&quot;:&quot;Exposition Patrick Serc&quot;,&quot;image&quot;:&quot;&quot;,&quot;link&quot;:&quot;https:\\\/\\\/artria.sitew.fr\\\/&quot;,&quot;data&quot;:{&quot;titre&quot;:&quot;Exposition Patrick Serc&quot;,&quot;description&quot;:&quot;Mercredi 10h30 -  12h30\\nvendredi 17h - 19h\\nSamedi 10h30 - 13h&quot;,&quot;categorie&quot;:&quot;Expositions&quot;,&quot;ville&quot;:&quot;Audierne&quot;,&quot;code_postal&quot;:&quot;29770&quot;,&quot;name&quot;:&quot;Exposition Patrick Serc&quot;,&quot;latitude&quot;:&quot;48.0247440&quot;,&quot;longitude&quot;:&quot;-4.5624680&quot;,&quot;link&quot;:&quot;https:\\\/\\\/artria.sitew.fr\\\/&quot;},&quot;category&quot;:&quot;\\u00c9v\\u00e9nements locaux&quot;,&quot;faq&quot;:[],&quot;event&quot;:&quot;Du 05\\\/09\\\/2026 au 10\\\/10\\\/2026 \\u00e0 23:59&quot;,&quot;video_url&quot;:&quot;&quot;,&quot;video_embed&quot;:null,&quot;documents&quot;:[],&quot;gallery&quot;:[]}\">\n\n                <!-- Image + badge cat\u00e9gorie -->\n                <div class=\"em-card-img-wrap\">\n                                      <div class=\"em-card-placeholder\">\ud83d\udcf7 Pas d'image<\/div>\n                                    <span class=\"em-card-badge badge-default\">\u00c9v\u00e9nements locaux<\/span>\n                <\/div>\n\n                <!-- Contenu de la card -->\n                <div class=\"em-card-body\">\n                  <h3 class=\"em-card-title\">Exposition Patrick Serc<\/h3>\n\n                  <!-- Tags r\u00e9sum\u00e9s (max 4) -->\n                  <div class=\"em-card-tags\">\n                                                          <\/div>\n\n                  <!-- Champs suppl\u00e9mentaires (max 3) -->\n                  <div class=\"em-card-fields\">\n                                          <div class=\"em-card-field\">\n                        <span class=\"em-card-field-label\">Titre :<\/span>\n                        <span class=\"em-card-field-value\">Exposition Patrick Serc<\/span>\n                      <\/div>\n                                          <div class=\"em-card-field\">\n                        <span class=\"em-card-field-label\">Cat\u00e9gorie :<\/span>\n                        <span class=\"em-card-field-value\">Expositions<\/span>\n                      <\/div>\n                                          <div class=\"em-card-field\">\n                        <span class=\"em-card-field-label\">Ville :<\/span>\n                        <span class=\"em-card-field-value\">Audierne<\/span>\n                      <\/div>\n                                      <\/div>\n\n                  <!-- Lien vers le d\u00e9tail -->\n                  <div class=\"em-card-footer\">\n                    <span>Voir le d\u00e9tail<\/span>\n                    <svg fill=\"none\" viewBox=\"0 0 24 24\" stroke=\"currentColor\" stroke-width=\"2\">\n                      <path stroke-linecap=\"round\" stroke-linejoin=\"round\" d=\"M13.5 4.5L21 12m0 0l-7.5 7.5M21 12H3\"><\/path>\n                    <\/svg>\n                  <\/div>\n                <\/div>\n              <\/article>\n                          <article class=\"em-card\"\n                data-type=\"evenements-locaux-6\"\n                data-features=\"\"\n                data-name=\"contes cailloux - maison des min\u00e9raux\"\n                data-json=\"{&quot;name&quot;:&quot;Contes cailloux - Maison des Min\\u00e9raux&quot;,&quot;image&quot;:&quot;&quot;,&quot;link&quot;:&quot;&quot;,&quot;data&quot;:{&quot;titre&quot;:&quot;Contes cailloux - Maison des Min\\u00e9raux&quot;,&quot;description&quot;:&quot;Comprendre la Terre\\n\\n\\u201cGraines de cailloux\\u201d : Une g\\u00e9ologue observe les grains de sable qu\\u2019elle a rapport\\u00e9s dans son laboratoire. Elle voudrait conna\\u00eetre leurs histoires et leur propose un voyage dans la machine \\u00e0 r\\u00e9veiller les cailloux.\\n\\nEnfants 7\\\/12 ans\\nCompris dans la visite du mus\\u00e9e&quot;,&quot;categorie&quot;:&quot;En famille&quot;,&quot;ville&quot;:&quot;Crozon&quot;,&quot;code_postal&quot;:&quot;29160&quot;,&quot;name&quot;:&quot;Contes cailloux - Maison des Min\\u00e9raux&quot;,&quot;latitude&quot;:&quot;48.2040600&quot;,&quot;longitude&quot;:&quot;-4.5279800&quot;},&quot;category&quot;:&quot;\\u00c9v\\u00e9nements locaux&quot;,&quot;faq&quot;:[],&quot;event&quot;:&quot;Du 28\\\/08\\\/2026 \\u00e0 11:00 au 28\\\/08\\\/2026 \\u00e0 23:59&quot;,&quot;video_url&quot;:&quot;&quot;,&quot;video_embed&quot;:null,&quot;documents&quot;:[],&quot;gallery&quot;:[]}\">\n\n                <!-- Image + badge cat\u00e9gorie -->\n                <div class=\"em-card-img-wrap\">\n                                      <div class=\"em-card-placeholder\">\ud83d\udcf7 Pas d'image<\/div>\n                                    <span class=\"em-card-badge badge-default\">\u00c9v\u00e9nements locaux<\/span>\n                <\/div>\n\n                <!-- Contenu de la card -->\n                <div class=\"em-card-body\">\n                  <h3 class=\"em-card-title\">Contes cailloux - Maison des Min\u00e9raux<\/h3>\n\n                  <!-- Tags r\u00e9sum\u00e9s (max 4) -->\n                  <div class=\"em-card-tags\">\n                                                          <\/div>\n\n                  <!-- Champs suppl\u00e9mentaires (max 3) -->\n                  <div class=\"em-card-fields\">\n                                          <div class=\"em-card-field\">\n                        <span class=\"em-card-field-label\">Titre :<\/span>\n                        <span class=\"em-card-field-value\">Contes cailloux - Maison des Min\u00e9raux<\/span>\n                      <\/div>\n                                          <div class=\"em-card-field\">\n                        <span class=\"em-card-field-label\">Cat\u00e9gorie :<\/span>\n                        <span class=\"em-card-field-value\">En famille<\/span>\n                      <\/div>\n                                          <div class=\"em-card-field\">\n                        <span class=\"em-card-field-label\">Ville :<\/span>\n                        <span class=\"em-card-field-value\">Crozon<\/span>\n                      <\/div>\n                                      <\/div>\n\n                  <!-- Lien vers le d\u00e9tail -->\n                  <div class=\"em-card-footer\">\n                    <span>Voir le d\u00e9tail<\/span>\n                    <svg fill=\"none\" viewBox=\"0 0 24 24\" stroke=\"currentColor\" stroke-width=\"2\">\n                      <path stroke-linecap=\"round\" stroke-linejoin=\"round\" d=\"M13.5 4.5L21 12m0 0l-7.5 7.5M21 12H3\"><\/path>\n                    <\/svg>\n                  <\/div>\n                <\/div>\n              <\/article>\n                          <article class=\"em-card\"\n                data-type=\"evenements-locaux-6\"\n                data-features=\"\"\n                data-name=\"gef\u00fchrter fotospaziergang durch douarnenez\"\n                data-json=\"{&quot;name&quot;:&quot;Gef\\u00fchrter Fotospaziergang durch Douarnenez&quot;,&quot;image&quot;:&quot;&quot;,&quot;link&quot;:&quot;http:\\\/\\\/www.douarnenez-tourisme.com\\\/&quot;,&quot;data&quot;:{&quot;titre&quot;:&quot;Gef\\u00fchrter Fotospaziergang durch Douarnenez&quot;,&quot;description&quot;:&quot;Gef\\u00fchrter Fotospaziergang durch Douarnenez :\\nEntdecken Sie mit dem Marco-Polo-Autor und erfahrenen Reiseleiter Errol Friedhelm Karakoc die Hafenstadt und ihre K\\u00f6nigin, die Sardine. Auf den Spuren der hiesigen Fischer begegnen Sie streitbaren Damen, kuriosen Riten der heimischen Bev\\u00f6lkerung, h\\u00fcbscher Architektur aus den letzten Jahrhunderten, spannenden Legenden, vielleicht sogar Kommissar Dupin und haben dabei immer wieder den Blick auf die Bucht. Freuen Sie sich auf etwa zwei Stunden des Flanierens durch die Gassen des Hafenviertels Rosmeur.\\n\\nDauer: ca. 2h\\nSprache: auf Deutsch\\nSchwierigkeitsgrad: einfach bis mittel (leichte Steigungen\\\/Gef\\u00e4lle auf st\\u00e4dtischen Wegen, einige Stufen)&quot;,&quot;categorie&quot;:&quot;Autres \\u00e9v\\u00e9nements&quot;,&quot;ville&quot;:&quot;Douarnenez&quot;,&quot;code_postal&quot;:&quot;29100&quot;,&quot;name&quot;:&quot;Gef\\u00fchrter Fotospaziergang durch Douarnenez&quot;,&quot;latitude&quot;:&quot;48.0931504&quot;,&quot;longitude&quot;:&quot;-4.3310605&quot;,&quot;link&quot;:&quot;http:\\\/\\\/www.douarnenez-tourisme.com\\\/&quot;},&quot;category&quot;:&quot;\\u00c9v\\u00e9nements locaux&quot;,&quot;faq&quot;:[],&quot;event&quot;:&quot;Du 05\\\/09\\\/2026 \\u00e0 14:00 au 05\\\/09\\\/2026 \\u00e0 23:59&quot;,&quot;video_url&quot;:&quot;&quot;,&quot;video_embed&quot;:null,&quot;documents&quot;:[],&quot;gallery&quot;:[]}\">\n\n                <!-- Image + badge cat\u00e9gorie -->\n                <div class=\"em-card-img-wrap\">\n                                      <div class=\"em-card-placeholder\">\ud83d\udcf7 Pas d'image<\/div>\n                                    <span class=\"em-card-badge badge-default\">\u00c9v\u00e9nements locaux<\/span>\n                <\/div>\n\n                <!-- Contenu de la card -->\n                <div class=\"em-card-body\">\n                  <h3 class=\"em-card-title\">Gef\u00fchrter Fotospaziergang durch Douarnenez<\/h3>\n\n                  <!-- Tags r\u00e9sum\u00e9s (max 4) -->\n                  <div class=\"em-card-tags\">\n                                                          <\/div>\n\n                  <!-- Champs suppl\u00e9mentaires (max 3) -->\n                  <div class=\"em-card-fields\">\n                                          <div class=\"em-card-field\">\n                        <span class=\"em-card-field-label\">Titre :<\/span>\n                        <span class=\"em-card-field-value\">Gef\u00fchrter Fotospaziergang durch Douarnenez<\/span>\n                      <\/div>\n                                          <div class=\"em-card-field\">\n                        <span class=\"em-card-field-label\">Cat\u00e9gorie :<\/span>\n                        <span class=\"em-card-field-value\">Autres \u00e9v\u00e9nements<\/span>\n                      <\/div>\n                                          <div class=\"em-card-field\">\n                        <span class=\"em-card-field-label\">Ville :<\/span>\n                        <span class=\"em-card-field-value\">Douarnenez<\/span>\n                      <\/div>\n                                      <\/div>\n\n                  <!-- Lien vers le d\u00e9tail -->\n                  <div class=\"em-card-footer\">\n                    <span>Voir le d\u00e9tail<\/span>\n                    <svg fill=\"none\" viewBox=\"0 0 24 24\" stroke=\"currentColor\" stroke-width=\"2\">\n                      <path stroke-linecap=\"round\" stroke-linejoin=\"round\" d=\"M13.5 4.5L21 12m0 0l-7.5 7.5M21 12H3\"><\/path>\n                    <\/svg>\n                  <\/div>\n                <\/div>\n              <\/article>\n                          <article class=\"em-card\"\n                data-type=\"evenements-locaux-6\"\n                data-features=\"\"\n                data-name=\"balade en baie d\u2019audierne\"\n                data-json=\"{&quot;name&quot;:&quot;Balade en baie d\\u2019Audierne&quot;,&quot;image&quot;:&quot;&quot;,&quot;link&quot;:&quot;https:\\\/\\\/www.finist-mer.fr\\\/&quot;,&quot;data&quot;:{&quot;titre&quot;:&quot;Balade en baie d\\u2019Audierne&quot;,&quot;description&quot;:&quot;Au d\\u00e9part du port de Ste-Evette, vous longez la c\\u00f4te sauvage du Cap-Sizun et d\\u00e9couvrez des paysages insoup\\u00e7onn\\u00e9s : la chapelle StTugen, l\\u2019Ile aux Vaches, Pors-Loubous, le petit port de Bestr\\u00e9e et la fameuse pointe du Raz.\\nAvant de remettre le cap sur le continent, vous vous approcherez \\u00e9galement de l\\u2019\\u00e9l\\u00e9gant phare de la Vieille.\\n\\nGratuit pour les moins de 4 ans (enregistr\\u00e9s en agence) \\\/ Chien : 4\\u20ac\\n\\nBilletterie disponible aupr\\u00e8s de l&#039;Office de Tourisme \\u00e0 Audierne.&quot;,&quot;categorie&quot;:&quot;Autres \\u00e9v\\u00e9nements&quot;,&quot;ville&quot;:&quot;Audierne&quot;,&quot;code_postal&quot;:&quot;29770&quot;,&quot;name&quot;:&quot;Balade en baie d\\u2019Audierne&quot;,&quot;latitude&quot;:&quot;48.0060997&quot;,&quot;longitude&quot;:&quot;-4.5553163&quot;,&quot;link&quot;:&quot;https:\\\/\\\/www.finist-mer.fr\\\/&quot;},&quot;category&quot;:&quot;\\u00c9v\\u00e9nements locaux&quot;,&quot;faq&quot;:[],&quot;event&quot;:&quot;Du 08\\\/09\\\/2026 \\u00e0 09:00 au 08\\\/09\\\/2026 \\u00e0 23:59&quot;,&quot;video_url&quot;:&quot;&quot;,&quot;video_embed&quot;:null,&quot;documents&quot;:[],&quot;gallery&quot;:[]}\">\n\n                <!-- Image + badge cat\u00e9gorie -->\n                <div class=\"em-card-img-wrap\">\n                                      <div class=\"em-card-placeholder\">\ud83d\udcf7 Pas d'image<\/div>\n                                    <span class=\"em-card-badge badge-default\">\u00c9v\u00e9nements locaux<\/span>\n                <\/div>\n\n                <!-- Contenu de la card -->\n                <div class=\"em-card-body\">\n                  <h3 class=\"em-card-title\">Balade en baie d\u2019Audierne<\/h3>\n\n                  <!-- Tags r\u00e9sum\u00e9s (max 4) -->\n                  <div class=\"em-card-tags\">\n                                                          <\/div>\n\n                  <!-- Champs suppl\u00e9mentaires (max 3) -->\n                  <div class=\"em-card-fields\">\n                                          <div class=\"em-card-field\">\n                        <span class=\"em-card-field-label\">Titre :<\/span>\n                        <span class=\"em-card-field-value\">Balade en baie d\u2019Audierne<\/span>\n                      <\/div>\n                                          <div class=\"em-card-field\">\n                        <span class=\"em-card-field-label\">Cat\u00e9gorie :<\/span>\n                        <span class=\"em-card-field-value\">Autres \u00e9v\u00e9nements<\/span>\n                      <\/div>\n                                          <div class=\"em-card-field\">\n                        <span class=\"em-card-field-label\">Ville :<\/span>\n                        <span class=\"em-card-field-value\">Audierne<\/span>\n                      <\/div>\n                                      <\/div>\n\n                  <!-- Lien vers le d\u00e9tail -->\n                  <div class=\"em-card-footer\">\n                    <span>Voir le d\u00e9tail<\/span>\n                    <svg fill=\"none\" viewBox=\"0 0 24 24\" stroke=\"currentColor\" stroke-width=\"2\">\n                      <path stroke-linecap=\"round\" stroke-linejoin=\"round\" d=\"M13.5 4.5L21 12m0 0l-7.5 7.5M21 12H3\"><\/path>\n                    <\/svg>\n                  <\/div>\n                <\/div>\n              <\/article>\n                          <article class=\"em-card\"\n                data-type=\"evenements-locaux-6\"\n                data-features=\"\"\n                data-name=\"visite guid\u00e9e des vieux quartiers de douarnenez\"\n                data-json=\"{&quot;name&quot;:&quot;Visite guid\\u00e9e des vieux quartiers de Douarnenez&quot;,&quot;image&quot;:&quot;&quot;,&quot;link&quot;:&quot;http:\\\/\\\/www.douarnenez-tourisme.com\\\/&quot;,&quot;data&quot;:{&quot;titre&quot;:&quot;Visite guid\\u00e9e des vieux quartiers de Douarnenez&quot;,&quot;description&quot;:&quot;Cette balade vous fait d\\u00e9couvrir l&#039;\\u00e2me de Douarnenez et comprendre son histoire si intimement li\\u00e9e \\u00e0 l&#039;\\u00e9pop\\u00e9e de la sardine. Parcourez les rues et les venelles de la ville avec leur architecture du 19\\u00e8me si\\u00e8cle et leurs anciennes conserveries dissimul\\u00e9es parmi les maisons. Fl\\u00e2nez sur le vieux port m\\u00e9moire de tout l&#039;ancien Douarnenez jusqu&#039;\\u00e0 l&#039;abri du marin, lieu sacr\\u00e9 pour les p\\u00eacheurs. Inscription n\\u00e9cessaire \\u00e0 l&#039;Office de Tourisme.&quot;,&quot;categorie&quot;:&quot;Autres \\u00e9v\\u00e9nements&quot;,&quot;ville&quot;:&quot;Douarnenez&quot;,&quot;code_postal&quot;:&quot;29100&quot;,&quot;name&quot;:&quot;Visite guid\\u00e9e des vieux quartiers de Douarnenez&quot;,&quot;latitude&quot;:&quot;48.0931504&quot;,&quot;longitude&quot;:&quot;-4.3310605&quot;,&quot;link&quot;:&quot;http:\\\/\\\/www.douarnenez-tourisme.com\\\/&quot;},&quot;category&quot;:&quot;\\u00c9v\\u00e9nements locaux&quot;,&quot;faq&quot;:[],&quot;event&quot;:&quot;Du 24\\\/08\\\/2026 \\u00e0 14:30 au 24\\\/08\\\/2026 \\u00e0 23:59&quot;,&quot;video_url&quot;:&quot;&quot;,&quot;video_embed&quot;:null,&quot;documents&quot;:[],&quot;gallery&quot;:[]}\">\n\n                <!-- Image + badge cat\u00e9gorie -->\n                <div class=\"em-card-img-wrap\">\n                                      <div class=\"em-card-placeholder\">\ud83d\udcf7 Pas d'image<\/div>\n                                    <span class=\"em-card-badge badge-default\">\u00c9v\u00e9nements locaux<\/span>\n                <\/div>\n\n                <!-- Contenu de la card -->\n                <div class=\"em-card-body\">\n                  <h3 class=\"em-card-title\">Visite guid\u00e9e des vieux quartiers de Douarnenez<\/h3>\n\n                  <!-- Tags r\u00e9sum\u00e9s (max 4) -->\n                  <div class=\"em-card-tags\">\n                                                          <\/div>\n\n                  <!-- Champs suppl\u00e9mentaires (max 3) -->\n                  <div class=\"em-card-fields\">\n                                          <div class=\"em-card-field\">\n                        <span class=\"em-card-field-label\">Titre :<\/span>\n                        <span class=\"em-card-field-value\">Visite guid\u00e9e des vieux quartiers de Douarnenez<\/span>\n                      <\/div>\n                                          <div class=\"em-card-field\">\n                        <span class=\"em-card-field-label\">Cat\u00e9gorie :<\/span>\n                        <span class=\"em-card-field-value\">Autres \u00e9v\u00e9nements<\/span>\n                      <\/div>\n                                          <div class=\"em-card-field\">\n                        <span class=\"em-card-field-label\">Ville :<\/span>\n                        <span class=\"em-card-field-value\">Douarnenez<\/span>\n                      <\/div>\n                                      <\/div>\n\n                  <!-- Lien vers le d\u00e9tail -->\n                  <div class=\"em-card-footer\">\n                    <span>Voir le d\u00e9tail<\/span>\n                    <svg fill=\"none\" viewBox=\"0 0 24 24\" stroke=\"currentColor\" stroke-width=\"2\">\n                      <path stroke-linecap=\"round\" stroke-linejoin=\"round\" d=\"M13.5 4.5L21 12m0 0l-7.5 7.5M21 12H3\"><\/path>\n                    <\/svg>\n                  <\/div>\n                <\/div>\n              <\/article>\n                          <article class=\"em-card\"\n                data-type=\"evenements-locaux-6\"\n                data-features=\"\"\n                data-name=\"exposition couleurs de bretagne\"\n                data-json=\"{&quot;name&quot;:&quot;Exposition Couleurs de Bretagne&quot;,&quot;image&quot;:&quot;&quot;,&quot;link&quot;:&quot;https:\\\/\\\/mediatheque.pont-croix.fr\\\/&quot;,&quot;data&quot;:{&quot;titre&quot;:&quot;Exposition Couleurs de Bretagne&quot;,&quot;description&quot;:&quot;L&#039;association \\u00abCouleurs de Bretagne\\u00bb organise un concours de peinture et de dessin cet \\u00e9t\\u00e9 \\u00e0 Pont-Croix. D\\u00e9couvrez les \\u0153uvres prim\\u00e9es et le talent de ces artistes - enfants et adultes - \\u00e0 la m\\u00e9diath\\u00e8que, jusqu&#039;\\u00e0 la fin ao\\u00fbt. \\n\\n+ d&#039;infos http:\\\/\\\/www.couleursdebretagne.org\\\/&quot;,&quot;categorie&quot;:&quot;Expositions&quot;,&quot;ville&quot;:&quot;Pont-Croix&quot;,&quot;code_postal&quot;:&quot;29790&quot;,&quot;name&quot;:&quot;Exposition Couleurs de Bretagne&quot;,&quot;latitude&quot;:&quot;48.0417328&quot;,&quot;longitude&quot;:&quot;-4.4885744&quot;,&quot;link&quot;:&quot;https:\\\/\\\/mediatheque.pont-croix.fr\\\/&quot;},&quot;category&quot;:&quot;\\u00c9v\\u00e9nements locaux&quot;,&quot;faq&quot;:[],&quot;event&quot;:&quot;Du 01\\\/08\\\/2026 au 29\\\/08\\\/2026 \\u00e0 23:59&quot;,&quot;video_url&quot;:&quot;&quot;,&quot;video_embed&quot;:null,&quot;documents&quot;:[],&quot;gallery&quot;:[]}\">\n\n                <!-- Image + badge cat\u00e9gorie -->\n                <div class=\"em-card-img-wrap\">\n                                      <div class=\"em-card-placeholder\">\ud83d\udcf7 Pas d'image<\/div>\n                                    <span class=\"em-card-badge badge-default\">\u00c9v\u00e9nements locaux<\/span>\n                <\/div>\n\n                <!-- Contenu de la card -->\n                <div class=\"em-card-body\">\n                  <h3 class=\"em-card-title\">Exposition Couleurs de Bretagne<\/h3>\n\n                  <!-- Tags r\u00e9sum\u00e9s (max 4) -->\n                  <div class=\"em-card-tags\">\n                                                          <\/div>\n\n                  <!-- Champs suppl\u00e9mentaires (max 3) -->\n                  <div class=\"em-card-fields\">\n                                          <div class=\"em-card-field\">\n                        <span class=\"em-card-field-label\">Titre :<\/span>\n                        <span class=\"em-card-field-value\">Exposition Couleurs de Bretagne<\/span>\n                      <\/div>\n                                          <div class=\"em-card-field\">\n                        <span class=\"em-card-field-label\">Cat\u00e9gorie :<\/span>\n                        <span class=\"em-card-field-value\">Expositions<\/span>\n                      <\/div>\n                                          <div class=\"em-card-field\">\n                        <span class=\"em-card-field-label\">Ville :<\/span>\n                        <span class=\"em-card-field-value\">Pont-Croix<\/span>\n                      <\/div>\n                                      <\/div>\n\n                  <!-- Lien vers le d\u00e9tail -->\n                  <div class=\"em-card-footer\">\n                    <span>Voir le d\u00e9tail<\/span>\n                    <svg fill=\"none\" viewBox=\"0 0 24 24\" stroke=\"currentColor\" stroke-width=\"2\">\n                      <path stroke-linecap=\"round\" stroke-linejoin=\"round\" d=\"M13.5 4.5L21 12m0 0l-7.5 7.5M21 12H3\"><\/path>\n                    <\/svg>\n                  <\/div>\n                <\/div>\n              <\/article>\n                          <article class=\"em-card\"\n                data-type=\"evenements-locaux-6\"\n                data-features=\"\"\n                data-name=\"randonn\u00e9e bien-\u00eatre : 1 \u00e0 3 jours - le mercredi, vers le petit minou\"\n                data-json=\"{&quot;name&quot;:&quot;Randonn\\u00e9e bien-\\u00eatre : 1 \\u00e0 3 jours - Le mercredi, vers le Petit Minou&quot;,&quot;image&quot;:&quot;&quot;,&quot;link&quot;:&quot;https:\\\/\\\/terredecume.fr\\\/&quot;,&quot;data&quot;:{&quot;titre&quot;:&quot;Randonn\\u00e9e bien-\\u00eatre : 1 \\u00e0 3 jours - Le mercredi, vers le Petit Minou&quot;,&quot;description&quot;:&quot;Randonnez \\u00e0 la journ\\u00e9e avec Terre d&#039;\\u00c9cume, du mercredi au vendredi, pour rallier l\\u2019un des phares de l\\u2019Iroise.\\nProgramme du mercredi :  vers le phare du Petit Minou \\u2013 Lieu : Porsmilin\\n\\nChoisissez de participer 1, 2 ou 3 jours, selon vos envies et disponibilit\\u00e9s : les stages sont modulables !\\nJeudi 9 h \\u2013 Vers le phare de Saint-Mathieu \\nVendredi 9 h \\u2013 Vers le phare de Kermorvan\\n\\nLes randonn\\u00e9es bien-\\u00eatre sont des moments de d\\u00e9tente pour allier bien-\\u00eatre, sport en douceur et d\\u00e9couverte du patrimoine local, afin de se reconnecter pleinement \\u00e0 soi-m\\u00eame et \\u00e0 la nature. On randonne avec des moments de relaxation et de m\\u00e9ditation. On utilise l\\u2019\\u00e9coute des chants d\\u2019oiseaux pour se reconnecter \\u00e0 la nature. On g\\u00e8re sa respiration et son effort avec la \\u201cmarche afghane\\&quot;.\\n\\nAu programme : Randonn\\u00e9es \\u2013 Marche afghane \\u2013 Ornithologie \\u2013 M\\u00e9ditation et relaxation \\u2013 Stretching\\\/\\u00c9tirements - D\\u00e9couverte des phares\\n\\nNiveau de difficult\\u00e9 adapt\\u00e9 \\u00e0 vos besoins et envies.\\n\\nR\\u00e9servation en ligne sur terredecume.fr\\nAvec ou sans h\\u00e9bergements : plus d&#039;infos sur le site.\\nNombre de places limit\\u00e9 \\u00e0 15 personnes\\\/stage.\\n\\u00c0 partir de 16 ans.&quot;,&quot;categorie&quot;:&quot;Sport &amp; randonn\\u00e9e&quot;,&quot;ville&quot;:&quot;Locmaria-Plouzan\\u00e9&quot;,&quot;code_postal&quot;:&quot;29280&quot;,&quot;name&quot;:&quot;Randonn\\u00e9e bien-\\u00eatre : 1 \\u00e0 3 jours - Le mercredi, vers le Petit Minou&quot;,&quot;latitude&quot;:&quot;48.3377566&quot;,&quot;longitude&quot;:&quot;-4.6143471&quot;,&quot;link&quot;:&quot;https:\\\/\\\/terredecume.fr\\\/&quot;},&quot;category&quot;:&quot;\\u00c9v\\u00e9nements locaux&quot;,&quot;faq&quot;:[],&quot;event&quot;:&quot;Du 26\\\/08\\\/2026 \\u00e0 09:00 au 26\\\/08\\\/2026 \\u00e0 23:59&quot;,&quot;video_url&quot;:&quot;&quot;,&quot;video_embed&quot;:null,&quot;documents&quot;:[],&quot;gallery&quot;:[]}\">\n\n                <!-- Image + badge cat\u00e9gorie -->\n                <div class=\"em-card-img-wrap\">\n                                      <div class=\"em-card-placeholder\">\ud83d\udcf7 Pas d'image<\/div>\n                                    <span class=\"em-card-badge badge-default\">\u00c9v\u00e9nements locaux<\/span>\n                <\/div>\n\n                <!-- Contenu de la card -->\n                <div class=\"em-card-body\">\n                  <h3 class=\"em-card-title\">Randonn\u00e9e bien-\u00eatre : 1 \u00e0 3 jours - Le mercredi, vers le Petit Minou<\/h3>\n\n                  <!-- Tags r\u00e9sum\u00e9s (max 4) -->\n                  <div class=\"em-card-tags\">\n                                                          <\/div>\n\n                  <!-- Champs suppl\u00e9mentaires (max 3) -->\n                  <div class=\"em-card-fields\">\n                                          <div class=\"em-card-field\">\n                        <span class=\"em-card-field-label\">Titre :<\/span>\n                        <span class=\"em-card-field-value\">Randonn\u00e9e bien-\u00eatre : 1 \u00e0 3 jours - Le mercredi, vers le Pet<\/span>\n                      <\/div>\n                                          <div class=\"em-card-field\">\n                        <span class=\"em-card-field-label\">Cat\u00e9gorie :<\/span>\n                        <span class=\"em-card-field-value\">Sport &amp; randonn\u00e9e<\/span>\n                      <\/div>\n                                          <div class=\"em-card-field\">\n                        <span class=\"em-card-field-label\">Ville :<\/span>\n                        <span class=\"em-card-field-value\">Locmaria-Plouzan\u00e9<\/span>\n                      <\/div>\n                                      <\/div>\n\n                  <!-- Lien vers le d\u00e9tail -->\n                  <div class=\"em-card-footer\">\n                    <span>Voir le d\u00e9tail<\/span>\n                    <svg fill=\"none\" viewBox=\"0 0 24 24\" stroke=\"currentColor\" stroke-width=\"2\">\n                      <path stroke-linecap=\"round\" stroke-linejoin=\"round\" d=\"M13.5 4.5L21 12m0 0l-7.5 7.5M21 12H3\"><\/path>\n                    <\/svg>\n                  <\/div>\n                <\/div>\n              <\/article>\n                          <article class=\"em-card\"\n                data-type=\"evenements-locaux-6\"\n                data-features=\"\"\n                data-name=\"visite guid\u00e9e de l&#039;\u00eele tristan\"\n                data-json=\"{&quot;name&quot;:&quot;Visite guid\\u00e9e de l&#039;\\u00eele Tristan&quot;,&quot;image&quot;:&quot;&quot;,&quot;link&quot;:&quot;http:\\\/\\\/www.douarnenez-tourisme.com\\\/&quot;,&quot;data&quot;:{&quot;titre&quot;:&quot;Visite guid\\u00e9e de l&#039;\\u00eele Tristan&quot;,&quot;description&quot;:&quot;Situ\\u00e9e \\u00e0 quelques encablures de Douarnenez, l&#039;\\u00eele Tristan, site naturel prot\\u00e9g\\u00e9 est la propri\\u00e9t\\u00e9 du Conservatoire du Littoral. Marchez sur les pas du c\\u00e9l\\u00e8bre brigand de La Fontenelle, de Tristan et Yseult et des nombreux artistes qui ont fr\\u00e9quent\\u00e9 l&#039;\\u00eele au d\\u00e9but 20\\u00e8me si\\u00e8cle. Inscription obligatoire \\u00e0 l&#039;Office de Tourisme du Pays de Douarnenez ou sur le site internet. Chiens non admis. Les conditions m\\u00e9t\\u00e9orologiques et la houle peuvent nous contraindre \\u00e0 annuler la visite.&quot;,&quot;categorie&quot;:&quot;Sport &amp; randonn\\u00e9e&quot;,&quot;ville&quot;:&quot;Douarnenez&quot;,&quot;code_postal&quot;:&quot;29100&quot;,&quot;name&quot;:&quot;Visite guid\\u00e9e de l&#039;\\u00eele Tristan&quot;,&quot;latitude&quot;:&quot;48.0972725&quot;,&quot;longitude&quot;:&quot;-4.3354308&quot;,&quot;link&quot;:&quot;http:\\\/\\\/www.douarnenez-tourisme.com\\\/&quot;},&quot;category&quot;:&quot;\\u00c9v\\u00e9nements locaux&quot;,&quot;faq&quot;:[],&quot;event&quot;:&quot;Du 28\\\/08\\\/2026 \\u00e0 10:45 au 28\\\/08\\\/2026 \\u00e0 23:59&quot;,&quot;video_url&quot;:&quot;&quot;,&quot;video_embed&quot;:null,&quot;documents&quot;:[],&quot;gallery&quot;:[]}\">\n\n                <!-- Image + badge cat\u00e9gorie -->\n                <div class=\"em-card-img-wrap\">\n                                      <div class=\"em-card-placeholder\">\ud83d\udcf7 Pas d'image<\/div>\n                                    <span class=\"em-card-badge badge-default\">\u00c9v\u00e9nements locaux<\/span>\n                <\/div>\n\n                <!-- Contenu de la card -->\n                <div class=\"em-card-body\">\n                  <h3 class=\"em-card-title\">Visite guid\u00e9e de l&#039;\u00eele Tristan<\/h3>\n\n                  <!-- Tags r\u00e9sum\u00e9s (max 4) -->\n                  <div class=\"em-card-tags\">\n                                                          <\/div>\n\n                  <!-- Champs suppl\u00e9mentaires (max 3) -->\n                  <div class=\"em-card-fields\">\n                                          <div class=\"em-card-field\">\n                        <span class=\"em-card-field-label\">Titre :<\/span>\n                        <span class=\"em-card-field-value\">Visite guid\u00e9e de l&#039;\u00eele Tristan<\/span>\n                      <\/div>\n                                          <div class=\"em-card-field\">\n                        <span class=\"em-card-field-label\">Cat\u00e9gorie :<\/span>\n                        <span class=\"em-card-field-value\">Sport &amp; randonn\u00e9e<\/span>\n                      <\/div>\n                                          <div class=\"em-card-field\">\n                        <span class=\"em-card-field-label\">Ville :<\/span>\n                        <span class=\"em-card-field-value\">Douarnenez<\/span>\n                      <\/div>\n                                      <\/div>\n\n                  <!-- Lien vers le d\u00e9tail -->\n                  <div class=\"em-card-footer\">\n                    <span>Voir le d\u00e9tail<\/span>\n                    <svg fill=\"none\" viewBox=\"0 0 24 24\" stroke=\"currentColor\" stroke-width=\"2\">\n                      <path stroke-linecap=\"round\" stroke-linejoin=\"round\" d=\"M13.5 4.5L21 12m0 0l-7.5 7.5M21 12H3\"><\/path>\n                    <\/svg>\n                  <\/div>\n                <\/div>\n              <\/article>\n                          <article class=\"em-card\"\n                data-type=\"evenements-locaux-6\"\n                data-features=\"\"\n                data-name=\"bodygliss\"\n                data-json=\"{&quot;name&quot;:&quot;Bodygliss&quot;,&quot;image&quot;:&quot;&quot;,&quot;link&quot;:&quot;http:\\\/\\\/www.oceanbyfab.com\\\/&quot;,&quot;data&quot;:{&quot;titre&quot;:&quot;Bodygliss&quot;,&quot;description&quot;:&quot;S\\u00e9ance anim\\u00e9e par Fabienne D&#039;Ortoli - Ocean by Fab. \\n\\nUne familiarisation avec les vagues, une initiation \\u00e0 la glisse avec son corps (pas de planche) et savoir rep\\u00e9rer les courants. \\u00catre \\u00e0 l\\u2019aise dans les vagues, rep\\u00e9rer les courants, savoir quoi faire et prendre du plaisir \\u00e0 glisser ! Utiliser son corps pour glisser, ne faire qu\\u2019un avec la vague et l\\u2019Oc\\u00e9an + aspect s\\u00e9curitaire.\\n\\nBaie des Tr\\u00e9pass\\u00e9s, les samedis matin \\u00e0 9h en  juillet - ao\\u00fbt 2026.\\n\\nInscription au plus tard la veille par mail ou par t\\u00e9l\\u00e9phone. \\nLa s\\u00e9ance (18\\u20ac) ou par syst\\u00e8me de cartes (d\\u00e9gressif).&quot;,&quot;categorie&quot;:&quot;Autres \\u00e9v\\u00e9nements&quot;,&quot;ville&quot;:&quot;Cl\\u00e9den-Cap-Sizun&quot;,&quot;code_postal&quot;:&quot;29770&quot;,&quot;name&quot;:&quot;Bodygliss&quot;,&quot;latitude&quot;:&quot;48.0468405&quot;,&quot;longitude&quot;:&quot;-4.7069558&quot;,&quot;link&quot;:&quot;http:\\\/\\\/www.oceanbyfab.com\\\/&quot;},&quot;category&quot;:&quot;\\u00c9v\\u00e9nements locaux&quot;,&quot;faq&quot;:[],&quot;event&quot;:&quot;Du 01\\\/07\\\/2025 \\u00e0 09:00 au 31\\\/08\\\/2026 \\u00e0 23:59&quot;,&quot;video_url&quot;:&quot;&quot;,&quot;video_embed&quot;:null,&quot;documents&quot;:[],&quot;gallery&quot;:[]}\">\n\n                <!-- Image + badge cat\u00e9gorie -->\n                <div class=\"em-card-img-wrap\">\n                                      <div class=\"em-card-placeholder\">\ud83d\udcf7 Pas d'image<\/div>\n                                    <span class=\"em-card-badge badge-default\">\u00c9v\u00e9nements locaux<\/span>\n                <\/div>\n\n                <!-- Contenu de la card -->\n                <div class=\"em-card-body\">\n                  <h3 class=\"em-card-title\">Bodygliss<\/h3>\n\n                  <!-- Tags r\u00e9sum\u00e9s (max 4) -->\n                  <div class=\"em-card-tags\">\n                                                          <\/div>\n\n                  <!-- Champs suppl\u00e9mentaires (max 3) -->\n                  <div class=\"em-card-fields\">\n                                          <div class=\"em-card-field\">\n                        <span class=\"em-card-field-label\">Titre :<\/span>\n                        <span class=\"em-card-field-value\">Bodygliss<\/span>\n                      <\/div>\n                                          <div class=\"em-card-field\">\n                        <span class=\"em-card-field-label\">Cat\u00e9gorie :<\/span>\n                        <span class=\"em-card-field-value\">Autres \u00e9v\u00e9nements<\/span>\n                      <\/div>\n                                          <div class=\"em-card-field\">\n                        <span class=\"em-card-field-label\">Ville :<\/span>\n                        <span class=\"em-card-field-value\">Cl\u00e9den-Cap-Sizun<\/span>\n                      <\/div>\n                                      <\/div>\n\n                  <!-- Lien vers le d\u00e9tail -->\n                  <div class=\"em-card-footer\">\n                    <span>Voir le d\u00e9tail<\/span>\n                    <svg fill=\"none\" viewBox=\"0 0 24 24\" stroke=\"currentColor\" stroke-width=\"2\">\n                      <path stroke-linecap=\"round\" stroke-linejoin=\"round\" d=\"M13.5 4.5L21 12m0 0l-7.5 7.5M21 12H3\"><\/path>\n                    <\/svg>\n                  <\/div>\n                <\/div>\n              <\/article>\n                          <article class=\"em-card\"\n                data-type=\"evenements-locaux-6\"\n                data-features=\"\"\n                data-name=\"exposition &quot;ce que l&#039;eau murmure aux pieds&quot;\"\n                data-json=\"{&quot;name&quot;:&quot;Exposition \\&quot;Ce que l&#039;eau murmure aux pieds\\&quot;&quot;,&quot;image&quot;:&quot;&quot;,&quot;link&quot;:&quot;https:\\\/\\\/www.atelierlaurencebernard.com\\\/&quot;,&quot;data&quot;:{&quot;titre&quot;:&quot;Exposition \\&quot;Ce que l&#039;eau murmure aux pieds\\&quot;&quot;,&quot;description&quot;:&quot;Exposition \\nPeintures et porcelaines\\nAtelier Galerie Laurence Bernard\\n\\ndu mardi au samedi \\nde 10h30 \\u00e0 12h30 et de 15h30 \\u00e0 18h30&quot;,&quot;categorie&quot;:&quot;Expositions&quot;,&quot;ville&quot;:&quot;Audierne&quot;,&quot;code_postal&quot;:&quot;29770&quot;,&quot;name&quot;:&quot;Exposition \\&quot;Ce que l&#039;eau murmure aux pieds\\&quot;&quot;,&quot;latitude&quot;:&quot;48.0254525&quot;,&quot;longitude&quot;:&quot;-4.5369374&quot;,&quot;link&quot;:&quot;https:\\\/\\\/www.atelierlaurencebernard.com\\\/&quot;},&quot;category&quot;:&quot;\\u00c9v\\u00e9nements locaux&quot;,&quot;faq&quot;:[],&quot;event&quot;:&quot;Du 07\\\/08\\\/2026 \\u00e0 15:30 au 29\\\/08\\\/2026 \\u00e0 23:59&quot;,&quot;video_url&quot;:&quot;&quot;,&quot;video_embed&quot;:null,&quot;documents&quot;:[],&quot;gallery&quot;:[]}\">\n\n                <!-- Image + badge cat\u00e9gorie -->\n                <div class=\"em-card-img-wrap\">\n                                      <div class=\"em-card-placeholder\">\ud83d\udcf7 Pas d'image<\/div>\n                                    <span class=\"em-card-badge badge-default\">\u00c9v\u00e9nements locaux<\/span>\n                <\/div>\n\n                <!-- Contenu de la card -->\n                <div class=\"em-card-body\">\n                  <h3 class=\"em-card-title\">Exposition &quot;Ce que l&#039;eau murmure aux pieds&quot;<\/h3>\n\n                  <!-- Tags r\u00e9sum\u00e9s (max 4) -->\n                  <div class=\"em-card-tags\">\n                                                          <\/div>\n\n                  <!-- Champs suppl\u00e9mentaires (max 3) -->\n                  <div class=\"em-card-fields\">\n                                          <div class=\"em-card-field\">\n                        <span class=\"em-card-field-label\">Titre :<\/span>\n                        <span class=\"em-card-field-value\">Exposition &quot;Ce que l&#039;eau murmure aux pieds&quot;<\/span>\n                      <\/div>\n                                          <div class=\"em-card-field\">\n                        <span class=\"em-card-field-label\">Cat\u00e9gorie :<\/span>\n                        <span class=\"em-card-field-value\">Expositions<\/span>\n                      <\/div>\n                                          <div class=\"em-card-field\">\n                        <span class=\"em-card-field-label\">Ville :<\/span>\n                        <span class=\"em-card-field-value\">Audierne<\/span>\n                      <\/div>\n                                      <\/div>\n\n                  <!-- Lien vers le d\u00e9tail -->\n                  <div class=\"em-card-footer\">\n                    <span>Voir le d\u00e9tail<\/span>\n                    <svg fill=\"none\" viewBox=\"0 0 24 24\" stroke=\"currentColor\" stroke-width=\"2\">\n                      <path stroke-linecap=\"round\" stroke-linejoin=\"round\" d=\"M13.5 4.5L21 12m0 0l-7.5 7.5M21 12H3\"><\/path>\n                    <\/svg>\n                  <\/div>\n                <\/div>\n              <\/article>\n                          <article class=\"em-card\"\n                data-type=\"evenements-locaux-6\"\n                data-features=\"\"\n                data-name=\"animation - la p\u00eache aux d\u00e9tails\"\n                data-json=\"{&quot;name&quot;:&quot;Animation - La p\\u00eache aux d\\u00e9tails&quot;,&quot;image&quot;:&quot;&quot;,&quot;link&quot;:&quot;&quot;,&quot;data&quot;:{&quot;titre&quot;:&quot;Animation - La p\\u00eache aux d\\u00e9tails&quot;,&quot;description&quot;:&quot;\\u00c0 l\\u2019aide d\\u2019un document support fourni \\u00e0 l\\u2019accueil, les enfants partiront \\u00e0 la recherche de d\\u00e9tails sur les bateaux. 3\\\/12 ans - En autonomie.&quot;,&quot;categorie&quot;:&quot;Autres \\u00e9v\\u00e9nements&quot;,&quot;ville&quot;:&quot;Douarnenez&quot;,&quot;code_postal&quot;:&quot;29100&quot;,&quot;name&quot;:&quot;Animation - La p\\u00eache aux d\\u00e9tails&quot;,&quot;latitude&quot;:&quot;48.0923984&quot;,&quot;longitude&quot;:&quot;-4.3326434&quot;},&quot;category&quot;:&quot;\\u00c9v\\u00e9nements locaux&quot;,&quot;faq&quot;:[],&quot;event&quot;:&quot;Du 28\\\/08\\\/2026 \\u00e0 10:00 au 28\\\/08\\\/2026 \\u00e0 23:59&quot;,&quot;video_url&quot;:&quot;&quot;,&quot;video_embed&quot;:null,&quot;documents&quot;:[],&quot;gallery&quot;:[]}\">\n\n                <!-- Image + badge cat\u00e9gorie -->\n                <div class=\"em-card-img-wrap\">\n                                      <div class=\"em-card-placeholder\">\ud83d\udcf7 Pas d'image<\/div>\n                                    <span class=\"em-card-badge badge-default\">\u00c9v\u00e9nements locaux<\/span>\n                <\/div>\n\n                <!-- Contenu de la card -->\n                <div class=\"em-card-body\">\n                  <h3 class=\"em-card-title\">Animation - La p\u00eache aux d\u00e9tails<\/h3>\n\n                  <!-- Tags r\u00e9sum\u00e9s (max 4) -->\n                  <div class=\"em-card-tags\">\n                                                          <\/div>\n\n                  <!-- Champs suppl\u00e9mentaires (max 3) -->\n                  <div class=\"em-card-fields\">\n                                          <div class=\"em-card-field\">\n                        <span class=\"em-card-field-label\">Titre :<\/span>\n                        <span class=\"em-card-field-value\">Animation - La p\u00eache aux d\u00e9tails<\/span>\n                      <\/div>\n                                          <div class=\"em-card-field\">\n                        <span class=\"em-card-field-label\">Cat\u00e9gorie :<\/span>\n                        <span class=\"em-card-field-value\">Autres \u00e9v\u00e9nements<\/span>\n                      <\/div>\n                                          <div class=\"em-card-field\">\n                        <span class=\"em-card-field-label\">Ville :<\/span>\n                        <span class=\"em-card-field-value\">Douarnenez<\/span>\n                      <\/div>\n                                      <\/div>\n\n                  <!-- Lien vers le d\u00e9tail -->\n                  <div class=\"em-card-footer\">\n                    <span>Voir le d\u00e9tail<\/span>\n                    <svg fill=\"none\" viewBox=\"0 0 24 24\" stroke=\"currentColor\" stroke-width=\"2\">\n                      <path stroke-linecap=\"round\" stroke-linejoin=\"round\" d=\"M13.5 4.5L21 12m0 0l-7.5 7.5M21 12H3\"><\/path>\n                    <\/svg>\n                  <\/div>\n                <\/div>\n              <\/article>\n                          <article class=\"em-card\"\n                data-type=\"evenements-locaux-6\"\n                data-features=\"\"\n                data-name=\"forum des associations de plon\u00e9vez-porzay\"\n                data-json=\"{&quot;name&quot;:&quot;Forum des associations de Plon\\u00e9vez-Porzay&quot;,&quot;image&quot;:&quot;&quot;,&quot;link&quot;:&quot;&quot;,&quot;data&quot;:{&quot;titre&quot;:&quot;Forum des associations de Plon\\u00e9vez-Porzay&quot;,&quot;description&quot;:&quot;En cette rentr\\u00e9e, petits et grands, retrouvons-nous avec enthousiasme pour partager de nouvelles envies, de beaux projets et, pourquoi pas, quelques bonnes r\\u00e9solutions ! \\ud83d\\ude0a\\n\\nC\\u2019est le moment id\\u00e9al pour :\\n\\n\\u2705 Se lancer dans une nouvelle activit\\u00e9\\n\\u2705 Retrouver celle que l\\u2019on aime d\\u00e9j\\u00e0\\n\\u2705 D\\u00e9couvrir de nouvelles passions\\n\\u2705 Rencontrer celles et ceux qui font vivre notre commune au quotidien\\n\\nNos associations et leurs b\\u00e9n\\u00e9voles vous donnent rendez-vous au Forum des associations ! Ils seront heureux de vous accueillir, d\\u2019\\u00e9changer avec vous et de vous faire d\\u00e9couvrir leurs activit\\u00e9s. \\ud83e\\udd1d\\n\\n\\ud83c\\udfc3 Sport\\n\\ud83c\\udfad Culture\\n\\ud83c\\udfa8 Loisirs\\n\\ud83c\\udfdb\\ufe0f Patrimoine\\n\\u2764\\ufe0f Solidarit\\u00e9\\n\\nIl y en a pour tous les go\\u00fbts, tous les \\u00e2ges et toutes les envies !\\n\\n\\ud83d\\udcc5 Rendez-vous de 9 h 30 \\u00e0 12 h 30 \\u00e0 la salle omnisports.\\n\\nVenez nombreux : le Forum des associations vous attend !&quot;,&quot;categorie&quot;:&quot;March\\u00e9s &amp; foires&quot;,&quot;ville&quot;:&quot;Plon\\u00e9vez-Porzay&quot;,&quot;code_postal&quot;:&quot;29550&quot;,&quot;name&quot;:&quot;Forum des associations de Plon\\u00e9vez-Porzay&quot;,&quot;latitude&quot;:&quot;48.1256800&quot;,&quot;longitude&quot;:&quot;-4.2221500&quot;},&quot;category&quot;:&quot;\\u00c9v\\u00e9nements locaux&quot;,&quot;faq&quot;:[],&quot;event&quot;:&quot;Du 05\\\/09\\\/2026 \\u00e0 09:30 au 05\\\/09\\\/2026 \\u00e0 23:59&quot;,&quot;video_url&quot;:&quot;&quot;,&quot;video_embed&quot;:null,&quot;documents&quot;:[],&quot;gallery&quot;:[]}\">\n\n                <!-- Image + badge cat\u00e9gorie -->\n                <div class=\"em-card-img-wrap\">\n                                      <div class=\"em-card-placeholder\">\ud83d\udcf7 Pas d'image<\/div>\n                                    <span class=\"em-card-badge badge-default\">\u00c9v\u00e9nements locaux<\/span>\n                <\/div>\n\n                <!-- Contenu de la card -->\n                <div class=\"em-card-body\">\n                  <h3 class=\"em-card-title\">Forum des associations de Plon\u00e9vez-Porzay<\/h3>\n\n                  <!-- Tags r\u00e9sum\u00e9s (max 4) -->\n                  <div class=\"em-card-tags\">\n                                                          <\/div>\n\n                  <!-- Champs suppl\u00e9mentaires (max 3) -->\n                  <div class=\"em-card-fields\">\n                                          <div class=\"em-card-field\">\n                        <span class=\"em-card-field-label\">Titre :<\/span>\n                        <span class=\"em-card-field-value\">Forum des associations de Plon\u00e9vez-Porzay<\/span>\n                      <\/div>\n                                          <div class=\"em-card-field\">\n                        <span class=\"em-card-field-label\">Cat\u00e9gorie :<\/span>\n                        <span class=\"em-card-field-value\">March\u00e9s &amp; foires<\/span>\n                      <\/div>\n                                          <div class=\"em-card-field\">\n                        <span class=\"em-card-field-label\">Ville :<\/span>\n                        <span class=\"em-card-field-value\">Plon\u00e9vez-Porzay<\/span>\n                      <\/div>\n                                      <\/div>\n\n                  <!-- Lien vers le d\u00e9tail -->\n                  <div class=\"em-card-footer\">\n                    <span>Voir le d\u00e9tail<\/span>\n                    <svg fill=\"none\" viewBox=\"0 0 24 24\" stroke=\"currentColor\" stroke-width=\"2\">\n                      <path stroke-linecap=\"round\" stroke-linejoin=\"round\" d=\"M13.5 4.5L21 12m0 0l-7.5 7.5M21 12H3\"><\/path>\n                    <\/svg>\n                  <\/div>\n                <\/div>\n              <\/article>\n                          <article class=\"em-card\"\n                data-type=\"evenements-locaux-6\"\n                data-features=\"\"\n                data-name=\"galerie cobalt - exposition collective\"\n                data-json=\"{&quot;name&quot;:&quot;Galerie Cobalt - Exposition collective&quot;,&quot;image&quot;:&quot;&quot;,&quot;link&quot;:&quot;&quot;,&quot;data&quot;:{&quot;titre&quot;:&quot;Galerie Cobalt - Exposition collective&quot;,&quot;description&quot;:&quot;Du 11 juillet au 26 septembre 2026 se tiendra une exposition collective de trois peintres : Nicole Priol, Gaeteno Persechini et Thierry Benza\\u00efd.\\n\\nMardi au samedi 10h-13h 16h-19h\\nDimanche 10h-13h\\nEt tous les jours sur rdv.&quot;,&quot;categorie&quot;:&quot;Expositions&quot;,&quot;ville&quot;:&quot;Audierne&quot;,&quot;code_postal&quot;:&quot;29770&quot;,&quot;name&quot;:&quot;Galerie Cobalt - Exposition collective&quot;,&quot;latitude&quot;:&quot;48.0226149&quot;,&quot;longitude&quot;:&quot;-4.5407798&quot;},&quot;category&quot;:&quot;\\u00c9v\\u00e9nements locaux&quot;,&quot;faq&quot;:[],&quot;event&quot;:&quot;Du 11\\\/07\\\/2026 \\u00e0 16:00 au 26\\\/09\\\/2026 \\u00e0 23:59&quot;,&quot;video_url&quot;:&quot;&quot;,&quot;video_embed&quot;:null,&quot;documents&quot;:[],&quot;gallery&quot;:[]}\">\n\n                <!-- Image + badge cat\u00e9gorie -->\n                <div class=\"em-card-img-wrap\">\n                                      <div class=\"em-card-placeholder\">\ud83d\udcf7 Pas d'image<\/div>\n                                    <span class=\"em-card-badge badge-default\">\u00c9v\u00e9nements locaux<\/span>\n                <\/div>\n\n                <!-- Contenu de la card -->\n                <div class=\"em-card-body\">\n                  <h3 class=\"em-card-title\">Galerie Cobalt - Exposition collective<\/h3>\n\n                  <!-- Tags r\u00e9sum\u00e9s (max 4) -->\n                  <div class=\"em-card-tags\">\n                                                          <\/div>\n\n                  <!-- Champs suppl\u00e9mentaires (max 3) -->\n                  <div class=\"em-card-fields\">\n                                          <div class=\"em-card-field\">\n                        <span class=\"em-card-field-label\">Titre :<\/span>\n                        <span class=\"em-card-field-value\">Galerie Cobalt - Exposition collective<\/span>\n                      <\/div>\n                                          <div class=\"em-card-field\">\n                        <span class=\"em-card-field-label\">Cat\u00e9gorie :<\/span>\n                        <span class=\"em-card-field-value\">Expositions<\/span>\n                      <\/div>\n                                          <div class=\"em-card-field\">\n                        <span class=\"em-card-field-label\">Ville :<\/span>\n                        <span class=\"em-card-field-value\">Audierne<\/span>\n                      <\/div>\n                                      <\/div>\n\n                  <!-- Lien vers le d\u00e9tail -->\n                  <div class=\"em-card-footer\">\n                    <span>Voir le d\u00e9tail<\/span>\n                    <svg fill=\"none\" viewBox=\"0 0 24 24\" stroke=\"currentColor\" stroke-width=\"2\">\n                      <path stroke-linecap=\"round\" stroke-linejoin=\"round\" d=\"M13.5 4.5L21 12m0 0l-7.5 7.5M21 12H3\"><\/path>\n                    <\/svg>\n                  <\/div>\n                <\/div>\n              <\/article>\n                          <article class=\"em-card\"\n                data-type=\"evenements-locaux-6\"\n                data-features=\"\"\n                data-name=\"initiation \u00e0 la danse bretonne et mini fest-noz - ferme oc\u00e9&#039;\u00e2ne\"\n                data-json=\"{&quot;name&quot;:&quot;Initiation \\u00e0 la danse bretonne et mini Fest-Noz - Ferme Oc\\u00e9&#039;\\u00e2ne&quot;,&quot;image&quot;:&quot;&quot;,&quot;link&quot;:&quot;https:\\\/\\\/www.oceane-crozon.net\\\/index2.html&quot;,&quot;data&quot;:{&quot;titre&quot;:&quot;Initiation \\u00e0 la danse bretonne et mini Fest-Noz - Ferme Oc\\u00e9&#039;\\u00e2ne&quot;,&quot;description&quot;:&quot;\\&quot;Pour danser jusqu&#039;au bout de la nuit\\&quot;\\n\\nFest-noz de cl\\u00f4ture avec PLACK, Tanguy Soubigou et Sonneurs (21h-1h)\\n\\nParticipation \\u00e0 prix libre. \\nRepas partag\\u00e9 les soirs de mini fest noz. \\nChacun apporte un plat sal\\u00e9 et\\\/o\\u00f9 sucr\\u00e9. \\n\\nPlus d&#039;infos et r\\u00e9servations au 06 32 24 86 19&quot;,&quot;categorie&quot;:&quot;Concerts, musique &amp; festivals&quot;,&quot;ville&quot;:&quot;Lanv\\u00e9oc&quot;,&quot;code_postal&quot;:&quot;29160&quot;,&quot;name&quot;:&quot;Initiation \\u00e0 la danse bretonne et mini Fest-Noz - Ferme Oc\\u00e9&#039;\\u00e2ne&quot;,&quot;latitude&quot;:&quot;48.2718300&quot;,&quot;longitude&quot;:&quot;-4.4221300&quot;,&quot;link&quot;:&quot;https:\\\/\\\/www.oceane-crozon.net\\\/index2.html&quot;},&quot;category&quot;:&quot;\\u00c9v\\u00e9nements locaux&quot;,&quot;faq&quot;:[],&quot;event&quot;:&quot;Du 12\\\/09\\\/2026 \\u00e0 21:00 au 12\\\/09\\\/2026 \\u00e0 23:59&quot;,&quot;video_url&quot;:&quot;&quot;,&quot;video_embed&quot;:null,&quot;documents&quot;:[],&quot;gallery&quot;:[]}\">\n\n                <!-- Image + badge cat\u00e9gorie -->\n                <div class=\"em-card-img-wrap\">\n                                      <div class=\"em-card-placeholder\">\ud83d\udcf7 Pas d'image<\/div>\n                                    <span class=\"em-card-badge badge-default\">\u00c9v\u00e9nements locaux<\/span>\n                <\/div>\n\n                <!-- Contenu de la card -->\n                <div class=\"em-card-body\">\n                  <h3 class=\"em-card-title\">Initiation \u00e0 la danse bretonne et mini Fest-Noz - Ferme Oc\u00e9&#039;\u00e2ne<\/h3>\n\n                  <!-- Tags r\u00e9sum\u00e9s (max 4) -->\n                  <div class=\"em-card-tags\">\n                                                          <\/div>\n\n                  <!-- Champs suppl\u00e9mentaires (max 3) -->\n                  <div class=\"em-card-fields\">\n                                          <div class=\"em-card-field\">\n                        <span class=\"em-card-field-label\">Titre :<\/span>\n                        <span class=\"em-card-field-value\">Initiation \u00e0 la danse bretonne et mini Fest-Noz - Ferme Oc\u00e9&#039;<\/span>\n                      <\/div>\n                                          <div class=\"em-card-field\">\n                        <span class=\"em-card-field-label\">Cat\u00e9gorie :<\/span>\n                        <span class=\"em-card-field-value\">Concerts, musique &amp; festivals<\/span>\n                      <\/div>\n                                          <div class=\"em-card-field\">\n                        <span class=\"em-card-field-label\">Ville :<\/span>\n                        <span class=\"em-card-field-value\">Lanv\u00e9oc<\/span>\n                      <\/div>\n                                      <\/div>\n\n                  <!-- Lien vers le d\u00e9tail -->\n                  <div class=\"em-card-footer\">\n                    <span>Voir le d\u00e9tail<\/span>\n                    <svg fill=\"none\" viewBox=\"0 0 24 24\" stroke=\"currentColor\" stroke-width=\"2\">\n                      <path stroke-linecap=\"round\" stroke-linejoin=\"round\" d=\"M13.5 4.5L21 12m0 0l-7.5 7.5M21 12H3\"><\/path>\n                    <\/svg>\n                  <\/div>\n                <\/div>\n              <\/article>\n                          <article class=\"em-card\"\n                data-type=\"evenements-locaux-6\"\n                data-features=\"\"\n                data-name=\"balade nature au phare du petit minou\"\n                data-json=\"{&quot;name&quot;:&quot;Balade nature au phare du Petit Minou&quot;,&quot;image&quot;:&quot;&quot;,&quot;link&quot;:&quot;https:\\\/\\\/terredecume.fr\\\/&quot;,&quot;data&quot;:{&quot;titre&quot;:&quot;Balade nature au phare du Petit Minou&quot;,&quot;description&quot;:&quot;D\\u00e9couvrez la faune et la flore bretonne.\\nQue se cache-t-il dans le d\\u00e9cor du phare du petit minou ? En arrivant sur ce promontoire rocheux, \\u00e9coutez et observez. De nombreux oiseaux vous regardent en sillonnant le ciel, les plantes coinc\\u00e9es entre les interstices de la roche ne sont visibles qu&#039;\\u00e0 ceux qui prennent le temps de s&#039;arr\\u00eater. Je vous propose ici de vous immerger dans l&#039;univers de ce phare. Tel un explorateur, venez (re)d\\u00e9couvrir ce site d&#039;exception.\\n\\nC&#039;est la sortie culturelle et familiale, id\\u00e9ale pour en apprendre plus sur la botanique du littoral, la faune qui vagabonde autour de ce pic rocheux. Le tout, ponctu\\u00e9 d&#039;anecdotes sur le phare du petit minou, embl\\u00e9matique de notre r\\u00e9gion.\\n\\nInformations pratiques : \\nLieu de RDV : phare du Petit Minou\\nTous les lundis matin 9h\\nD&#039;autres dates sont disponibles pendant les vacances scolaires et les weekends, consultez le site de r\\u00e9servation .\\nR\\u00e9servation en ligne sur : terredecume.fr\\nNombre de places limit\\u00e9 \\u00e0 15 personnes\\\/sortie.\\nSortie familiale adapt\\u00e9e \\u00e0 tous - Accessible PMR\\nDur\\u00e9e : 45mn \\u00e0 1h\\nGratuit pour les enfants de moins de 10 ans\\nCartes cadeaux disponibles.&quot;,&quot;categorie&quot;:&quot;Sport &amp; randonn\\u00e9e&quot;,&quot;ville&quot;:&quot;Plouzan\\u00e9&quot;,&quot;code_postal&quot;:&quot;29280&quot;,&quot;name&quot;:&quot;Balade nature au phare du Petit Minou&quot;,&quot;latitude&quot;:&quot;48.3639600&quot;,&quot;longitude&quot;:&quot;-4.5996500&quot;,&quot;link&quot;:&quot;https:\\\/\\\/terredecume.fr\\\/&quot;},&quot;category&quot;:&quot;\\u00c9v\\u00e9nements locaux&quot;,&quot;faq&quot;:[],&quot;event&quot;:&quot;Du 31\\\/08\\\/2026 \\u00e0 09:00 au 31\\\/08\\\/2026 \\u00e0 23:59&quot;,&quot;video_url&quot;:&quot;&quot;,&quot;video_embed&quot;:null,&quot;documents&quot;:[],&quot;gallery&quot;:[]}\">\n\n                <!-- Image + badge cat\u00e9gorie -->\n                <div class=\"em-card-img-wrap\">\n                                      <div class=\"em-card-placeholder\">\ud83d\udcf7 Pas d'image<\/div>\n                                    <span class=\"em-card-badge badge-default\">\u00c9v\u00e9nements locaux<\/span>\n                <\/div>\n\n                <!-- Contenu de la card -->\n                <div class=\"em-card-body\">\n                  <h3 class=\"em-card-title\">Balade nature au phare du Petit Minou<\/h3>\n\n                  <!-- Tags r\u00e9sum\u00e9s (max 4) -->\n                  <div class=\"em-card-tags\">\n                                                          <\/div>\n\n                  <!-- Champs suppl\u00e9mentaires (max 3) -->\n                  <div class=\"em-card-fields\">\n                                          <div class=\"em-card-field\">\n                        <span class=\"em-card-field-label\">Titre :<\/span>\n                        <span class=\"em-card-field-value\">Balade nature au phare du Petit Minou<\/span>\n                      <\/div>\n                                          <div class=\"em-card-field\">\n                        <span class=\"em-card-field-label\">Cat\u00e9gorie :<\/span>\n                        <span class=\"em-card-field-value\">Sport &amp; randonn\u00e9e<\/span>\n                      <\/div>\n                                          <div class=\"em-card-field\">\n                        <span class=\"em-card-field-label\">Ville :<\/span>\n                        <span class=\"em-card-field-value\">Plouzan\u00e9<\/span>\n                      <\/div>\n                                      <\/div>\n\n                  <!-- Lien vers le d\u00e9tail -->\n                  <div class=\"em-card-footer\">\n                    <span>Voir le d\u00e9tail<\/span>\n                    <svg fill=\"none\" viewBox=\"0 0 24 24\" stroke=\"currentColor\" stroke-width=\"2\">\n                      <path stroke-linecap=\"round\" stroke-linejoin=\"round\" d=\"M13.5 4.5L21 12m0 0l-7.5 7.5M21 12H3\"><\/path>\n                    <\/svg>\n                  <\/div>\n                <\/div>\n              <\/article>\n                          <article class=\"em-card\"\n                data-type=\"evenements-locaux-6\"\n                data-features=\"\"\n                data-name=\"concert avec clandestino, chut !\"\n                data-json=\"{&quot;name&quot;:&quot;Concert avec Clandestino, chut !&quot;,&quot;image&quot;:&quot;&quot;,&quot;link&quot;:&quot;&quot;,&quot;data&quot;:{&quot;titre&quot;:&quot;Concert avec Clandestino, chut !&quot;,&quot;description&quot;:&quot;Concert de musique&quot;,&quot;categorie&quot;:&quot;Concerts, musique &amp; festivals&quot;,&quot;ville&quot;:&quot;Camaret-sur-Mer&quot;,&quot;code_postal&quot;:&quot;29570&quot;,&quot;name&quot;:&quot;Concert avec Clandestino, chut !&quot;,&quot;latitude&quot;:&quot;48.2763500&quot;,&quot;longitude&quot;:&quot;-4.5961100&quot;},&quot;category&quot;:&quot;\\u00c9v\\u00e9nements locaux&quot;,&quot;faq&quot;:[],&quot;event&quot;:&quot;Du 30\\\/08\\\/2026 \\u00e0 18:30 au 30\\\/08\\\/2026 \\u00e0 23:59&quot;,&quot;video_url&quot;:&quot;&quot;,&quot;video_embed&quot;:null,&quot;documents&quot;:[],&quot;gallery&quot;:[]}\">\n\n                <!-- Image + badge cat\u00e9gorie -->\n                <div class=\"em-card-img-wrap\">\n                                      <div class=\"em-card-placeholder\">\ud83d\udcf7 Pas d'image<\/div>\n                                    <span class=\"em-card-badge badge-default\">\u00c9v\u00e9nements locaux<\/span>\n                <\/div>\n\n                <!-- Contenu de la card -->\n                <div class=\"em-card-body\">\n                  <h3 class=\"em-card-title\">Concert avec Clandestino, chut !<\/h3>\n\n                  <!-- Tags r\u00e9sum\u00e9s (max 4) -->\n                  <div class=\"em-card-tags\">\n                                                          <\/div>\n\n                  <!-- Champs suppl\u00e9mentaires (max 3) -->\n                  <div class=\"em-card-fields\">\n                                          <div class=\"em-card-field\">\n                        <span class=\"em-card-field-label\">Titre :<\/span>\n                        <span class=\"em-card-field-value\">Concert avec Clandestino, chut !<\/span>\n                      <\/div>\n                                          <div class=\"em-card-field\">\n                        <span class=\"em-card-field-label\">Cat\u00e9gorie :<\/span>\n                        <span class=\"em-card-field-value\">Concerts, musique &amp; festivals<\/span>\n                      <\/div>\n                                          <div class=\"em-card-field\">\n                        <span class=\"em-card-field-label\">Ville :<\/span>\n                        <span class=\"em-card-field-value\">Camaret-sur-Mer<\/span>\n                      <\/div>\n                                      <\/div>\n\n                  <!-- Lien vers le d\u00e9tail -->\n                  <div class=\"em-card-footer\">\n                    <span>Voir le d\u00e9tail<\/span>\n                    <svg fill=\"none\" viewBox=\"0 0 24 24\" stroke=\"currentColor\" stroke-width=\"2\">\n                      <path stroke-linecap=\"round\" stroke-linejoin=\"round\" d=\"M13.5 4.5L21 12m0 0l-7.5 7.5M21 12H3\"><\/path>\n                    <\/svg>\n                  <\/div>\n                <\/div>\n              <\/article>\n                          <article class=\"em-card\"\n                data-type=\"evenements-locaux-6\"\n                data-features=\"\"\n                data-name=\"speedy graphito : arr\u00eat sur images - exposition\"\n                data-json=\"{&quot;name&quot;:&quot;Speedy Graphito : Arr\\u00eat sur images - Exposition&quot;,&quot;image&quot;:&quot;&quot;,&quot;link&quot;:&quot;https:\\\/\\\/www.artcomoedia.fr\\\/exposition\\\/arret-sur-images\\\/&quot;,&quot;data&quot;:{&quot;titre&quot;:&quot;Speedy Graphito : Arr\\u00eat sur images - Exposition&quot;,&quot;description&quot;:&quot;Pour la premi\\u00e8re fois en Bretagne, l&#039;artiste investit la galerie d\\u2019art avec une exposition qui retrace plus de 40 ans de cr\\u00e9ation. Pens\\u00e9e comme une \\u0153uvre totale, cette r\\u00e9trospective transforme l\\u2019ancien cin\\u00e9ma en un v\\u00e9ritable \\u00ab Graphitoscope \\u00bb, un dispositif visuel o\\u00f9 les images se d\\u00e9ploient et se r\\u00e9pondent dans un parcours en mouvement.\\n\\nCon\\u00e7ue en r\\u00e9sonance avec l\\u2019histoire du lieu, l\\u2019exposition se construit comme un film : chaque oeuvre devient un plan, chaque espace une s\\u00e9quence, chaque d\\u00e9placement une progression narrative. De la sc\\u00e9nographie \\u00e0 la s\\u00e9lection des \\u0153uvres, l\\u2019artiste a imagin\\u00e9 un parcours libre et immersif, o\\u00f9 le regard \\u00e9volue au fil des images.\\n\\n\\u00c0 travers ce voyage visuel, l&#039;artiste peinte explore les liens entre histoire de l\\u2019art et culture contemporaine. Du surr\\u00e9alisme \\u00e0 l\\u2019abstraction, du pop art au pixel art, son \\u0153uvre traverse les styles avec une libert\\u00e9 revendiqu\\u00e9e, brouillant les fronti\\u00e8res entre culture savante et populaire.\\n\\nEntrez dans un univers foisonnant et en perp\\u00e9tuelle \\u00e9volution, o\\u00f9 chaque visite propose une lecture diff\\u00e9rente.&quot;,&quot;categorie&quot;:&quot;Expositions&quot;,&quot;ville&quot;:&quot;Brest&quot;,&quot;code_postal&quot;:&quot;29200&quot;,&quot;name&quot;:&quot;Speedy Graphito : Arr\\u00eat sur images - Exposition&quot;,&quot;latitude&quot;:&quot;48.3853899&quot;,&quot;longitude&quot;:&quot;-4.4883749&quot;,&quot;link&quot;:&quot;https:\\\/\\\/www.artcomoedia.fr\\\/exposition\\\/arret-sur-images\\\/&quot;},&quot;category&quot;:&quot;\\u00c9v\\u00e9nements locaux&quot;,&quot;faq&quot;:[],&quot;event&quot;:&quot;Du 02\\\/09\\\/2026 \\u00e0 14:00 au 26\\\/09\\\/2026 \\u00e0 23:59&quot;,&quot;video_url&quot;:&quot;&quot;,&quot;video_embed&quot;:null,&quot;documents&quot;:[],&quot;gallery&quot;:[]}\">\n\n                <!-- Image + badge cat\u00e9gorie -->\n                <div class=\"em-card-img-wrap\">\n                                      <div class=\"em-card-placeholder\">\ud83d\udcf7 Pas d'image<\/div>\n                                    <span class=\"em-card-badge badge-default\">\u00c9v\u00e9nements locaux<\/span>\n                <\/div>\n\n                <!-- Contenu de la card -->\n                <div class=\"em-card-body\">\n                  <h3 class=\"em-card-title\">Speedy Graphito : Arr\u00eat sur images - Exposition<\/h3>\n\n                  <!-- Tags r\u00e9sum\u00e9s (max 4) -->\n                  <div class=\"em-card-tags\">\n                                                          <\/div>\n\n                  <!-- Champs suppl\u00e9mentaires (max 3) -->\n                  <div class=\"em-card-fields\">\n                                          <div class=\"em-card-field\">\n                        <span class=\"em-card-field-label\">Titre :<\/span>\n                        <span class=\"em-card-field-value\">Speedy Graphito : Arr\u00eat sur images - Exposition<\/span>\n                      <\/div>\n                                          <div class=\"em-card-field\">\n                        <span class=\"em-card-field-label\">Cat\u00e9gorie :<\/span>\n                        <span class=\"em-card-field-value\">Expositions<\/span>\n                      <\/div>\n                                          <div class=\"em-card-field\">\n                        <span class=\"em-card-field-label\">Ville :<\/span>\n                        <span class=\"em-card-field-value\">Brest<\/span>\n                      <\/div>\n                                      <\/div>\n\n                  <!-- Lien vers le d\u00e9tail -->\n                  <div class=\"em-card-footer\">\n                    <span>Voir le d\u00e9tail<\/span>\n                    <svg fill=\"none\" viewBox=\"0 0 24 24\" stroke=\"currentColor\" stroke-width=\"2\">\n                      <path stroke-linecap=\"round\" stroke-linejoin=\"round\" d=\"M13.5 4.5L21 12m0 0l-7.5 7.5M21 12H3\"><\/path>\n                    <\/svg>\n                  <\/div>\n                <\/div>\n              <\/article>\n                          <article class=\"em-card\"\n                data-type=\"evenements-locaux-6\"\n                data-features=\"\"\n                data-name=\"visite de la ferme de keratry : spiruline de bretagne\"\n                data-json=\"{&quot;name&quot;:&quot;Visite de la ferme de Keratry : Spiruline de Bretagne&quot;,&quot;image&quot;:&quot;&quot;,&quot;link&quot;:&quot;&quot;,&quot;data&quot;:{&quot;titre&quot;:&quot;Visite de la ferme de Keratry : Spiruline de Bretagne&quot;,&quot;description&quot;:&quot;Nous produisons l\\u2019algue bleu-vert de fa\\u00e7on artisanale, en apportant un soin tout particulier \\u00e0 la cr\\u00e9ation et \\u00e0 l\\u2019entretien d\\u2019un milieu de culture de qualit\\u00e9 optimum. Imm\\u00e9diatement apr\\u00e8s s\\u00e9chage, r\\u00e9alis\\u00e9 lentement, \\u00e0 basse temp\\u00e9rature, la spiruline en paillettes est ensach\\u00e9e dans des emballages aluminis\\u00e9s afin de vous garantir un produit aux qualit\\u00e9s totalement pr\\u00e9serv\\u00e9es. Notre spiruline, 100% pure, est disponible sur le site de production, \\u00e0 la ferme de Keratry.\\nCultiv\\u00e9e sous serres, l\\u2019algue profite de la lumi\\u00e8re et des chaleurs estivales de Bretagne pour croitre et se multiplier en toute harmonie.&quot;,&quot;categorie&quot;:&quot;Autres \\u00e9v\\u00e9nements&quot;,&quot;ville&quot;:&quot;Douarnenez&quot;,&quot;code_postal&quot;:&quot;29100&quot;,&quot;name&quot;:&quot;Visite de la ferme de Keratry : Spiruline de Bretagne&quot;,&quot;latitude&quot;:&quot;48.0801680&quot;,&quot;longitude&quot;:&quot;-4.2710600&quot;},&quot;category&quot;:&quot;\\u00c9v\\u00e9nements locaux&quot;,&quot;faq&quot;:[],&quot;event&quot;:&quot;Du 28\\\/08\\\/2026 \\u00e0 17:00 au 28\\\/08\\\/2026 \\u00e0 23:59&quot;,&quot;video_url&quot;:&quot;&quot;,&quot;video_embed&quot;:null,&quot;documents&quot;:[],&quot;gallery&quot;:[]}\">\n\n                <!-- Image + badge cat\u00e9gorie -->\n                <div class=\"em-card-img-wrap\">\n                                      <div class=\"em-card-placeholder\">\ud83d\udcf7 Pas d'image<\/div>\n                                    <span class=\"em-card-badge badge-default\">\u00c9v\u00e9nements locaux<\/span>\n                <\/div>\n\n                <!-- Contenu de la card -->\n                <div class=\"em-card-body\">\n                  <h3 class=\"em-card-title\">Visite de la ferme de Keratry : Spiruline de Bretagne<\/h3>\n\n                  <!-- Tags r\u00e9sum\u00e9s (max 4) -->\n                  <div class=\"em-card-tags\">\n                                                          <\/div>\n\n                  <!-- Champs suppl\u00e9mentaires (max 3) -->\n                  <div class=\"em-card-fields\">\n                                          <div class=\"em-card-field\">\n                        <span class=\"em-card-field-label\">Titre :<\/span>\n                        <span class=\"em-card-field-value\">Visite de la ferme de Keratry : Spiruline de Bretagne<\/span>\n                      <\/div>\n                                          <div class=\"em-card-field\">\n                        <span class=\"em-card-field-label\">Cat\u00e9gorie :<\/span>\n                        <span class=\"em-card-field-value\">Autres \u00e9v\u00e9nements<\/span>\n                      <\/div>\n                                          <div class=\"em-card-field\">\n                        <span class=\"em-card-field-label\">Ville :<\/span>\n                        <span class=\"em-card-field-value\">Douarnenez<\/span>\n                      <\/div>\n                                      <\/div>\n\n                  <!-- Lien vers le d\u00e9tail -->\n                  <div class=\"em-card-footer\">\n                    <span>Voir le d\u00e9tail<\/span>\n                    <svg fill=\"none\" viewBox=\"0 0 24 24\" stroke=\"currentColor\" stroke-width=\"2\">\n                      <path stroke-linecap=\"round\" stroke-linejoin=\"round\" d=\"M13.5 4.5L21 12m0 0l-7.5 7.5M21 12H3\"><\/path>\n                    <\/svg>\n                  <\/div>\n                <\/div>\n              <\/article>\n                          <article class=\"em-card\"\n                data-type=\"evenements-locaux-6\"\n                data-features=\"\"\n                data-name=\"pointe du raz ladies classic\"\n                data-json=\"{&quot;name&quot;:&quot;Pointe du Raz Ladies Classic&quot;,&quot;image&quot;:&quot;&quot;,&quot;link&quot;:&quot;https:\\\/\\\/pointeduraz-ladiesclassic.bzh\\\/&quot;,&quot;data&quot;:{&quot;titre&quot;:&quot;Pointe du Raz Ladies Classic&quot;,&quot;description&quot;:&quot;Comp\\u00e9tition internationale de cyclisme f\\u00e9minin (UCI PRO SERIES) au d\\u00e9part de la Pointe du Raz vers le circuit d&#039;arriv\\u00e9e de Plouhinec (autour de la plage de Gwendrez et des sites arch\\u00e9ologiques de Menez Dregan). Le parcours emprunte les plus belles routes et chemins du Cap-Sizun. Une course de mouvement et un beau spectacle offert par le peloton international. \\n\\nRetransmission en direct \\u00e0 la TV : France TV et Eurosport.&quot;,&quot;categorie&quot;:&quot;Autres \\u00e9v\\u00e9nements&quot;,&quot;ville&quot;:&quot;Plouhinec&quot;,&quot;code_postal&quot;:&quot;29780&quot;,&quot;name&quot;:&quot;Pointe du Raz Ladies Classic&quot;,&quot;latitude&quot;:&quot;48.0102041&quot;,&quot;longitude&quot;:&quot;-4.4807646&quot;,&quot;link&quot;:&quot;https:\\\/\\\/pointeduraz-ladiesclassic.bzh\\\/&quot;},&quot;category&quot;:&quot;\\u00c9v\\u00e9nements locaux&quot;,&quot;faq&quot;:[],&quot;event&quot;:&quot;Du 06\\\/09\\\/2026 \\u00e0 13:00 au 06\\\/09\\\/2026 \\u00e0 23:59&quot;,&quot;video_url&quot;:&quot;&quot;,&quot;video_embed&quot;:null,&quot;documents&quot;:[],&quot;gallery&quot;:[]}\">\n\n                <!-- Image + badge cat\u00e9gorie -->\n                <div class=\"em-card-img-wrap\">\n                                      <div class=\"em-card-placeholder\">\ud83d\udcf7 Pas d'image<\/div>\n                                    <span class=\"em-card-badge badge-default\">\u00c9v\u00e9nements locaux<\/span>\n                <\/div>\n\n                <!-- Contenu de la card -->\n                <div class=\"em-card-body\">\n                  <h3 class=\"em-card-title\">Pointe du Raz Ladies Classic<\/h3>\n\n                  <!-- Tags r\u00e9sum\u00e9s (max 4) -->\n                  <div class=\"em-card-tags\">\n                                                          <\/div>\n\n                  <!-- Champs suppl\u00e9mentaires (max 3) -->\n                  <div class=\"em-card-fields\">\n                                          <div class=\"em-card-field\">\n                        <span class=\"em-card-field-label\">Titre :<\/span>\n                        <span class=\"em-card-field-value\">Pointe du Raz Ladies Classic<\/span>\n                      <\/div>\n                                          <div class=\"em-card-field\">\n                        <span class=\"em-card-field-label\">Cat\u00e9gorie :<\/span>\n                        <span class=\"em-card-field-value\">Autres \u00e9v\u00e9nements<\/span>\n                      <\/div>\n                                          <div class=\"em-card-field\">\n                        <span class=\"em-card-field-label\">Ville :<\/span>\n                        <span class=\"em-card-field-value\">Plouhinec<\/span>\n                      <\/div>\n                                      <\/div>\n\n                  <!-- Lien vers le d\u00e9tail -->\n                  <div class=\"em-card-footer\">\n                    <span>Voir le d\u00e9tail<\/span>\n                    <svg fill=\"none\" viewBox=\"0 0 24 24\" stroke=\"currentColor\" stroke-width=\"2\">\n                      <path stroke-linecap=\"round\" stroke-linejoin=\"round\" d=\"M13.5 4.5L21 12m0 0l-7.5 7.5M21 12H3\"><\/path>\n                    <\/svg>\n                  <\/div>\n                <\/div>\n              <\/article>\n                          <article class=\"em-card\"\n                data-type=\"evenements-locaux-6\"\n                data-features=\"\"\n                data-name=\"concert tokataporte\"\n                data-json=\"{&quot;name&quot;:&quot;Concert Tokataporte&quot;,&quot;image&quot;:&quot;&quot;,&quot;link&quot;:&quot;&quot;,&quot;data&quot;:{&quot;titre&quot;:&quot;Concert Tokataporte&quot;,&quot;description&quot;:&quot;Concert Tokataporte Chez Tatabel (chansons fran\\u00e7aises)\\nPensez \\u00e0 r\\u00e9server si vous souhaitez manger sur place !&quot;,&quot;categorie&quot;:&quot;Concerts, musique &amp; festivals&quot;,&quot;ville&quot;:&quot;Plomodiern&quot;,&quot;code_postal&quot;:&quot;29550&quot;,&quot;name&quot;:&quot;Concert Tokataporte&quot;,&quot;latitude&quot;:&quot;48.1693400&quot;,&quot;longitude&quot;:&quot;-4.2890900&quot;},&quot;category&quot;:&quot;\\u00c9v\\u00e9nements locaux&quot;,&quot;faq&quot;:[],&quot;event&quot;:&quot;Du 05\\\/09\\\/2026 au 05\\\/09\\\/2026 \\u00e0 23:59&quot;,&quot;video_url&quot;:&quot;&quot;,&quot;video_embed&quot;:null,&quot;documents&quot;:[],&quot;gallery&quot;:[]}\">\n\n                <!-- Image + badge cat\u00e9gorie -->\n                <div class=\"em-card-img-wrap\">\n                                      <div class=\"em-card-placeholder\">\ud83d\udcf7 Pas d'image<\/div>\n                                    <span class=\"em-card-badge badge-default\">\u00c9v\u00e9nements locaux<\/span>\n                <\/div>\n\n                <!-- Contenu de la card -->\n                <div class=\"em-card-body\">\n                  <h3 class=\"em-card-title\">Concert Tokataporte<\/h3>\n\n                  <!-- Tags r\u00e9sum\u00e9s (max 4) -->\n                  <div class=\"em-card-tags\">\n                                                          <\/div>\n\n                  <!-- Champs suppl\u00e9mentaires (max 3) -->\n                  <div class=\"em-card-fields\">\n                                          <div class=\"em-card-field\">\n                        <span class=\"em-card-field-label\">Titre :<\/span>\n                        <span class=\"em-card-field-value\">Concert Tokataporte<\/span>\n                      <\/div>\n                                          <div class=\"em-card-field\">\n                        <span class=\"em-card-field-label\">Cat\u00e9gorie :<\/span>\n                        <span class=\"em-card-field-value\">Concerts, musique &amp; festivals<\/span>\n                      <\/div>\n                                          <div class=\"em-card-field\">\n                        <span class=\"em-card-field-label\">Ville :<\/span>\n                        <span class=\"em-card-field-value\">Plomodiern<\/span>\n                      <\/div>\n                                      <\/div>\n\n                  <!-- Lien vers le d\u00e9tail -->\n                  <div class=\"em-card-footer\">\n                    <span>Voir le d\u00e9tail<\/span>\n                    <svg fill=\"none\" viewBox=\"0 0 24 24\" stroke=\"currentColor\" stroke-width=\"2\">\n                      <path stroke-linecap=\"round\" stroke-linejoin=\"round\" d=\"M13.5 4.5L21 12m0 0l-7.5 7.5M21 12H3\"><\/path>\n                    <\/svg>\n                  <\/div>\n                <\/div>\n              <\/article>\n                          <article class=\"em-card\"\n                data-type=\"evenements-locaux-6\"\n                data-features=\"\"\n                data-name=\"trico\u2019sette\"\n                data-json=\"{&quot;name&quot;:&quot;Trico\\u2019sette&quot;,&quot;image&quot;:&quot;&quot;,&quot;link&quot;:&quot;&quot;,&quot;data&quot;:{&quot;titre&quot;:&quot;Trico\\u2019sette&quot;,&quot;description&quot;:&quot;Un moment pour papoter, tricoter et crocheter, avec une boisson et\\\/ou une p\\u00e2tisserie.\\n\\nSur inscription, possibilit\\u00e9 de r\\u00e9server le brunch du samedi \\u00e9galement&quot;,&quot;categorie&quot;:&quot;Autres \\u00e9v\\u00e9nements&quot;,&quot;ville&quot;:&quot;Plougastel-Daoulas&quot;,&quot;code_postal&quot;:&quot;29470&quot;,&quot;name&quot;:&quot;Trico\\u2019sette&quot;,&quot;latitude&quot;:&quot;48.3744100&quot;,&quot;longitude&quot;:&quot;-4.3704700&quot;},&quot;category&quot;:&quot;\\u00c9v\\u00e9nements locaux&quot;,&quot;faq&quot;:[],&quot;event&quot;:&quot;Du 28\\\/08\\\/2026 \\u00e0 10:00 au 28\\\/08\\\/2026 \\u00e0 23:59&quot;,&quot;video_url&quot;:&quot;&quot;,&quot;video_embed&quot;:null,&quot;documents&quot;:[],&quot;gallery&quot;:[]}\">\n\n                <!-- Image + badge cat\u00e9gorie -->\n                <div class=\"em-card-img-wrap\">\n                                      <div class=\"em-card-placeholder\">\ud83d\udcf7 Pas d'image<\/div>\n                                    <span class=\"em-card-badge badge-default\">\u00c9v\u00e9nements locaux<\/span>\n                <\/div>\n\n                <!-- Contenu de la card -->\n                <div class=\"em-card-body\">\n                  <h3 class=\"em-card-title\">Trico\u2019sette<\/h3>\n\n                  <!-- Tags r\u00e9sum\u00e9s (max 4) -->\n                  <div class=\"em-card-tags\">\n                                                          <\/div>\n\n                  <!-- Champs suppl\u00e9mentaires (max 3) -->\n                  <div class=\"em-card-fields\">\n                                          <div class=\"em-card-field\">\n                        <span class=\"em-card-field-label\">Titre :<\/span>\n                        <span class=\"em-card-field-value\">Trico\u2019sette<\/span>\n                      <\/div>\n                                          <div class=\"em-card-field\">\n                        <span class=\"em-card-field-label\">Cat\u00e9gorie :<\/span>\n                        <span class=\"em-card-field-value\">Autres \u00e9v\u00e9nements<\/span>\n                      <\/div>\n                                          <div class=\"em-card-field\">\n                        <span class=\"em-card-field-label\">Ville :<\/span>\n                        <span class=\"em-card-field-value\">Plougastel-Daoulas<\/span>\n                      <\/div>\n                                      <\/div>\n\n                  <!-- Lien vers le d\u00e9tail -->\n                  <div class=\"em-card-footer\">\n                    <span>Voir le d\u00e9tail<\/span>\n                    <svg fill=\"none\" viewBox=\"0 0 24 24\" stroke=\"currentColor\" stroke-width=\"2\">\n                      <path stroke-linecap=\"round\" stroke-linejoin=\"round\" d=\"M13.5 4.5L21 12m0 0l-7.5 7.5M21 12H3\"><\/path>\n                    <\/svg>\n                  <\/div>\n                <\/div>\n              <\/article>\n                          <article class=\"em-card\"\n                data-type=\"evenements-locaux-6\"\n                data-features=\"\"\n                data-name=\"le jeudi hu\u00eetres \u00e0 la paillote du yelen !\"\n                data-json=\"{&quot;name&quot;:&quot;Le jeudi hu\\u00eetres \\u00e0 La Paillote du Yelen !&quot;,&quot;image&quot;:&quot;&quot;,&quot;link&quot;:&quot;https:\\\/\\\/www.moulinmer.com\\\/&quot;,&quot;data&quot;:{&quot;titre&quot;:&quot;Le jeudi hu\\u00eetres \\u00e0 La Paillote du Yelen !&quot;,&quot;description&quot;:&quot;Tous les jeudis, La Paillote du Yelen organise une soir\\u00e9e conviviale et accessible \\u00e0 tous, les pieds dans l\\u2019eau, de 18h \\u00e0 21h, autour des d\\u00e9licieuses hu\\u00eetres de chez Co\\u00efc.\\n\\nAu menu : une assiette de 6 hu\\u00eetres fra\\u00eeches, servies avec citron, pain et beurre (8\\u20ac).\\nProfitez \\u00e9galement de notre s\\u00e9lection de vins blancs et de nos boissons pour accompagner ce moment de partage et de d\\u00e9tente au bord de l\\u2019eau.&quot;,&quot;categorie&quot;:&quot;Autres \\u00e9v\\u00e9nements&quot;,&quot;ville&quot;:&quot;Logonna-Daoulas&quot;,&quot;code_postal&quot;:&quot;29460&quot;,&quot;name&quot;:&quot;Le jeudi hu\\u00eetres \\u00e0 La Paillote du Yelen !&quot;,&quot;latitude&quot;:&quot;48.3221392&quot;,&quot;longitude&quot;:&quot;-4.3244620&quot;,&quot;link&quot;:&quot;https:\\\/\\\/www.moulinmer.com\\\/&quot;},&quot;category&quot;:&quot;\\u00c9v\\u00e9nements locaux&quot;,&quot;faq&quot;:[],&quot;event&quot;:&quot;Du 27\\\/08\\\/2026 \\u00e0 18:00 au 27\\\/08\\\/2026 \\u00e0 23:59&quot;,&quot;video_url&quot;:&quot;&quot;,&quot;video_embed&quot;:null,&quot;documents&quot;:[],&quot;gallery&quot;:[]}\">\n\n                <!-- Image + badge cat\u00e9gorie -->\n                <div class=\"em-card-img-wrap\">\n                                      <div class=\"em-card-placeholder\">\ud83d\udcf7 Pas d'image<\/div>\n                                    <span class=\"em-card-badge badge-default\">\u00c9v\u00e9nements locaux<\/span>\n                <\/div>\n\n                <!-- Contenu de la card -->\n                <div class=\"em-card-body\">\n                  <h3 class=\"em-card-title\">Le jeudi hu\u00eetres \u00e0 La Paillote du Yelen !<\/h3>\n\n                  <!-- Tags r\u00e9sum\u00e9s (max 4) -->\n                  <div class=\"em-card-tags\">\n                                                          <\/div>\n\n                  <!-- Champs suppl\u00e9mentaires (max 3) -->\n                  <div class=\"em-card-fields\">\n                                          <div class=\"em-card-field\">\n                        <span class=\"em-card-field-label\">Titre :<\/span>\n                        <span class=\"em-card-field-value\">Le jeudi hu\u00eetres \u00e0 La Paillote du Yelen !<\/span>\n                      <\/div>\n                                          <div class=\"em-card-field\">\n                        <span class=\"em-card-field-label\">Cat\u00e9gorie :<\/span>\n                        <span class=\"em-card-field-value\">Autres \u00e9v\u00e9nements<\/span>\n                      <\/div>\n                                          <div class=\"em-card-field\">\n                        <span class=\"em-card-field-label\">Ville :<\/span>\n                        <span class=\"em-card-field-value\">Logonna-Daoulas<\/span>\n                      <\/div>\n                                      <\/div>\n\n                  <!-- Lien vers le d\u00e9tail -->\n                  <div class=\"em-card-footer\">\n                    <span>Voir le d\u00e9tail<\/span>\n                    <svg fill=\"none\" viewBox=\"0 0 24 24\" stroke=\"currentColor\" stroke-width=\"2\">\n                      <path stroke-linecap=\"round\" stroke-linejoin=\"round\" d=\"M13.5 4.5L21 12m0 0l-7.5 7.5M21 12H3\"><\/path>\n                    <\/svg>\n                  <\/div>\n                <\/div>\n              <\/article>\n                          <article class=\"em-card\"\n                data-type=\"evenements-locaux-6\"\n                data-features=\"\"\n                data-name=\"visite guid\u00e9e - rando \u00e0 la pointe du raz\"\n                data-json=\"{&quot;name&quot;:&quot;Visite guid\\u00e9e - Rando \\u00e0 la Pointe du Raz&quot;,&quot;image&quot;:&quot;&quot;,&quot;link&quot;:&quot;https:\\\/\\\/www.toutcommenceenfinistere.com\\\/pointe-du-raz\\\/preparer-sa-visite\\\/&quot;,&quot;data&quot;:{&quot;titre&quot;:&quot;Visite guid\\u00e9e - Rando \\u00e0 la Pointe du Raz&quot;,&quot;description&quot;:&quot;Une aventure pour marcheurs confirm\\u00e9s !\\n\\nCette randonn\\u00e9e propose d\\u2019acc\\u00e9der \\u00e0 la Pointe du Raz par des sentiers moins connus et plus sauvages. Au fil du parcours, la puissance des \\u00e9l\\u00e9ments marins se fait ressentir, tandis que le guide d\\u00e9voile les richesses naturelles du site : faune, flore, paysages et phares l\\u00e9gendaires qui veillent sur la mer d\\u2019Iroise. Une exp\\u00e9rience intense et immersive, r\\u00e9serv\\u00e9e aux marcheurs habitu\\u00e9s, pour vivre pleinement l\\u2019esprit du Grand Site de France.\\n\\nD\\u00e9part de Lescoff \\u00e0 Plogoff - Dur\\u00e9e 3h30 - 9 km \\n\\nLes jeudis \\u00e0 9h.\\n\\nSur r\\u00e9servation aupr\\u00e8s de la Maison de site ou de l&#039;Office de Tourisme du Cap-Sizun \\u00e0 Audierne.&quot;,&quot;categorie&quot;:&quot;Sport &amp; randonn\\u00e9e&quot;,&quot;ville&quot;:&quot;Plogoff&quot;,&quot;code_postal&quot;:&quot;29770&quot;,&quot;name&quot;:&quot;Visite guid\\u00e9e - Rando \\u00e0 la Pointe du Raz&quot;,&quot;latitude&quot;:&quot;48.0391130&quot;,&quot;longitude&quot;:&quot;-4.7055420&quot;,&quot;link&quot;:&quot;https:\\\/\\\/www.toutcommenceenfinistere.com\\\/pointe-du-raz\\\/preparer-sa-visite\\\/&quot;},&quot;category&quot;:&quot;\\u00c9v\\u00e9nements locaux&quot;,&quot;faq&quot;:[],&quot;event&quot;:&quot;Du 03\\\/09\\\/2026 \\u00e0 09:00 au 03\\\/09\\\/2026 \\u00e0 23:59&quot;,&quot;video_url&quot;:&quot;&quot;,&quot;video_embed&quot;:null,&quot;documents&quot;:[],&quot;gallery&quot;:[]}\">\n\n                <!-- Image + badge cat\u00e9gorie -->\n                <div class=\"em-card-img-wrap\">\n                                      <div class=\"em-card-placeholder\">\ud83d\udcf7 Pas d'image<\/div>\n                                    <span class=\"em-card-badge badge-default\">\u00c9v\u00e9nements locaux<\/span>\n                <\/div>\n\n                <!-- Contenu de la card -->\n                <div class=\"em-card-body\">\n                  <h3 class=\"em-card-title\">Visite guid\u00e9e - Rando \u00e0 la Pointe du Raz<\/h3>\n\n                  <!-- Tags r\u00e9sum\u00e9s (max 4) -->\n                  <div class=\"em-card-tags\">\n                                                          <\/div>\n\n                  <!-- Champs suppl\u00e9mentaires (max 3) -->\n                  <div class=\"em-card-fields\">\n                                          <div class=\"em-card-field\">\n                        <span class=\"em-card-field-label\">Titre :<\/span>\n                        <span class=\"em-card-field-value\">Visite guid\u00e9e - Rando \u00e0 la Pointe du Raz<\/span>\n                      <\/div>\n                                          <div class=\"em-card-field\">\n                        <span class=\"em-card-field-label\">Cat\u00e9gorie :<\/span>\n                        <span class=\"em-card-field-value\">Sport &amp; randonn\u00e9e<\/span>\n                      <\/div>\n                                          <div class=\"em-card-field\">\n                        <span class=\"em-card-field-label\">Ville :<\/span>\n                        <span class=\"em-card-field-value\">Plogoff<\/span>\n                      <\/div>\n                                      <\/div>\n\n                  <!-- Lien vers le d\u00e9tail -->\n                  <div class=\"em-card-footer\">\n                    <span>Voir le d\u00e9tail<\/span>\n                    <svg fill=\"none\" viewBox=\"0 0 24 24\" stroke=\"currentColor\" stroke-width=\"2\">\n                      <path stroke-linecap=\"round\" stroke-linejoin=\"round\" d=\"M13.5 4.5L21 12m0 0l-7.5 7.5M21 12H3\"><\/path>\n                    <\/svg>\n                  <\/div>\n                <\/div>\n              <\/article>\n                          <article class=\"em-card\"\n                data-type=\"evenements-locaux-6\"\n                data-features=\"\"\n                data-name=\"exposition &quot;faire les gras, le go\u00fbt de la f\u00eate \u00e0 douarnenez&quot;\"\n                data-json=\"{&quot;name&quot;:&quot;Exposition \\&quot;Faire les gras, le go\\u00fbt de la f\\u00eate \\u00e0 Douarnenez\\&quot;&quot;,&quot;image&quot;:&quot;&quot;,&quot;link&quot;:&quot;&quot;,&quot;data&quot;:{&quot;titre&quot;:&quot;Exposition \\&quot;Faire les gras, le go\\u00fbt de la f\\u00eate \\u00e0 Douarnenez\\&quot;&quot;,&quot;description&quot;:&quot;A travers des t\\u00e9moignages, des costumes, des vid\\u00e9os, des photos anciennes et r\\u00e9centes, venez d\\u00e9couvrir un carnaval tr\\u00e8s populaire encore aujourd\\u2019hui dont les origines sont li\\u00e9es \\u00e0 la vie maritime et portuaire de la ville. Une visite immersive pour\\u00a0revivre la folle ambiance des Gras de Douarnenez.\\nExposition accessible aux heures et jours d&#039;ouverture du Port-mus\\u00e9e.&quot;,&quot;categorie&quot;:&quot;Expositions&quot;,&quot;ville&quot;:&quot;Douarnenez&quot;,&quot;code_postal&quot;:&quot;29100&quot;,&quot;name&quot;:&quot;Exposition \\&quot;Faire les gras, le go\\u00fbt de la f\\u00eate \\u00e0 Douarnenez\\&quot;&quot;,&quot;latitude&quot;:&quot;48.0923984&quot;,&quot;longitude&quot;:&quot;-4.3326434&quot;},&quot;category&quot;:&quot;\\u00c9v\\u00e9nements locaux&quot;,&quot;faq&quot;:[],&quot;event&quot;:&quot;Du 04\\\/04\\\/2026 au 07\\\/11\\\/2027 \\u00e0 23:59&quot;,&quot;video_url&quot;:&quot;&quot;,&quot;video_embed&quot;:null,&quot;documents&quot;:[],&quot;gallery&quot;:[]}\">\n\n                <!-- Image + badge cat\u00e9gorie -->\n                <div class=\"em-card-img-wrap\">\n                                      <div class=\"em-card-placeholder\">\ud83d\udcf7 Pas d'image<\/div>\n                                    <span class=\"em-card-badge badge-default\">\u00c9v\u00e9nements locaux<\/span>\n                <\/div>\n\n                <!-- Contenu de la card -->\n                <div class=\"em-card-body\">\n                  <h3 class=\"em-card-title\">Exposition &quot;Faire les gras, le go\u00fbt de la f\u00eate \u00e0 Douarnenez&quot;<\/h3>\n\n                  <!-- Tags r\u00e9sum\u00e9s (max 4) -->\n                  <div class=\"em-card-tags\">\n                                                          <\/div>\n\n                  <!-- Champs suppl\u00e9mentaires (max 3) -->\n                  <div class=\"em-card-fields\">\n                                          <div class=\"em-card-field\">\n                        <span class=\"em-card-field-label\">Titre :<\/span>\n                        <span class=\"em-card-field-value\">Exposition &quot;Faire les gras, le go\u00fbt de la f\u00eate \u00e0 Douarnenez&quot;<\/span>\n                      <\/div>\n                                          <div class=\"em-card-field\">\n                        <span class=\"em-card-field-label\">Cat\u00e9gorie :<\/span>\n                        <span class=\"em-card-field-value\">Expositions<\/span>\n                      <\/div>\n                                          <div class=\"em-card-field\">\n                        <span class=\"em-card-field-label\">Ville :<\/span>\n                        <span class=\"em-card-field-value\">Douarnenez<\/span>\n                      <\/div>\n                                      <\/div>\n\n                  <!-- Lien vers le d\u00e9tail -->\n                  <div class=\"em-card-footer\">\n                    <span>Voir le d\u00e9tail<\/span>\n                    <svg fill=\"none\" viewBox=\"0 0 24 24\" stroke=\"currentColor\" stroke-width=\"2\">\n                      <path stroke-linecap=\"round\" stroke-linejoin=\"round\" d=\"M13.5 4.5L21 12m0 0l-7.5 7.5M21 12H3\"><\/path>\n                    <\/svg>\n                  <\/div>\n                <\/div>\n              <\/article>\n                          <article class=\"em-card\"\n                data-type=\"evenements-locaux-6\"\n                data-features=\"\"\n                data-name=\"cours de poterie - modelage et tournage\"\n                data-json=\"{&quot;name&quot;:&quot;Cours de Poterie - Modelage et tournage&quot;,&quot;image&quot;:&quot;&quot;,&quot;link&quot;:&quot;https:\\\/\\\/www.instagram.com\\\/umi.studio&quot;,&quot;data&quot;:{&quot;titre&quot;:&quot;Cours de Poterie - Modelage et tournage&quot;,&quot;description&quot;:&quot;Envie de mettre les mains dans la terre et de laisser parler votre cr\\u00e9ativit\\u00e9 ?\\n\\nJe vous propose de venir d\\u00e9couvrir la poterie lors d\\u2019un cours convivial, dans un atelier baign\\u00e9 de lumi\\u00e8re, \\u00e0 50 m\\u00e8tres de la plage Saint-Julien.\\n\\nQue vous soyez d\\u00e9butant\\u00b7e ou d\\u00e9j\\u00e0 initi\\u00e9\\u00b7e, c\\u2019est un moment pour ralentir, exp\\u00e9rimenter, et cr\\u00e9er \\u00e0 votre rythme, dans une ambiance d\\u00e9tendue.\\n\\nAu plaisir de vous accueillir et de partager ce moment avec vous !\\n\\nTous les jeudis jusqu\\u2019au 10 septembre 2026, de 18h \\u00e0 20h. \\nIl est possible de r\\u00e9server un atelier sur un autre cr\\u00e9neau (week-end compris), minimum 3 participant.e.s.\\nInscription par sms : 06.40.41.92.91 ou par email : umistudiocontact@gmail.com\\nTarif : 35\\u20ac. Vous r\\u00e9cup\\u00e9rez toutes vos cr\\u00e9ations cuites.\\nPour un envoi postal de celles-ci, comptez 6\\u20ac de frais de port.\\n\\nLes enfants de moins de 7 ans sont les bienvenus accompagn\\u00e9s de leurs parents. Pour eux\\\/elles l&#039;atelier est \\u00e0 25\\u20ac\\n\\nPlus d&#039;infos sur mon site web : https:\\\/\\\/www.umistudio.fr\\\/cours\\n\\nA bient\\u00f4t !&quot;,&quot;categorie&quot;:&quot;Autres \\u00e9v\\u00e9nements&quot;,&quot;ville&quot;:&quot;Plouhinec&quot;,&quot;code_postal&quot;:&quot;29780&quot;,&quot;name&quot;:&quot;Cours de Poterie - Modelage et tournage&quot;,&quot;latitude&quot;:&quot;48.0176766&quot;,&quot;longitude&quot;:&quot;-4.5304275&quot;,&quot;link&quot;:&quot;https:\\\/\\\/www.instagram.com\\\/umi.studio&quot;},&quot;category&quot;:&quot;\\u00c9v\\u00e9nements locaux&quot;,&quot;faq&quot;:[],&quot;event&quot;:&quot;Du 03\\\/09\\\/2026 \\u00e0 18:00 au 03\\\/09\\\/2026 \\u00e0 23:59&quot;,&quot;video_url&quot;:&quot;&quot;,&quot;video_embed&quot;:null,&quot;documents&quot;:[],&quot;gallery&quot;:[]}\">\n\n                <!-- Image + badge cat\u00e9gorie -->\n                <div class=\"em-card-img-wrap\">\n                                      <div class=\"em-card-placeholder\">\ud83d\udcf7 Pas d'image<\/div>\n                                    <span class=\"em-card-badge badge-default\">\u00c9v\u00e9nements locaux<\/span>\n                <\/div>\n\n                <!-- Contenu de la card -->\n                <div class=\"em-card-body\">\n                  <h3 class=\"em-card-title\">Cours de Poterie - Modelage et tournage<\/h3>\n\n                  <!-- Tags r\u00e9sum\u00e9s (max 4) -->\n                  <div class=\"em-card-tags\">\n                                                          <\/div>\n\n                  <!-- Champs suppl\u00e9mentaires (max 3) -->\n                  <div class=\"em-card-fields\">\n                                          <div class=\"em-card-field\">\n                        <span class=\"em-card-field-label\">Titre :<\/span>\n                        <span class=\"em-card-field-value\">Cours de Poterie - Modelage et tournage<\/span>\n                      <\/div>\n                                          <div class=\"em-card-field\">\n                        <span class=\"em-card-field-label\">Cat\u00e9gorie :<\/span>\n                        <span class=\"em-card-field-value\">Autres \u00e9v\u00e9nements<\/span>\n                      <\/div>\n                                          <div class=\"em-card-field\">\n                        <span class=\"em-card-field-label\">Ville :<\/span>\n                        <span class=\"em-card-field-value\">Plouhinec<\/span>\n                      <\/div>\n                                      <\/div>\n\n                  <!-- Lien vers le d\u00e9tail -->\n                  <div class=\"em-card-footer\">\n                    <span>Voir le d\u00e9tail<\/span>\n                    <svg fill=\"none\" viewBox=\"0 0 24 24\" stroke=\"currentColor\" stroke-width=\"2\">\n                      <path stroke-linecap=\"round\" stroke-linejoin=\"round\" d=\"M13.5 4.5L21 12m0 0l-7.5 7.5M21 12H3\"><\/path>\n                    <\/svg>\n                  <\/div>\n                <\/div>\n              <\/article>\n                          <article class=\"em-card\"\n                data-type=\"evenements-locaux-6\"\n                data-features=\"\"\n                data-name=\"projection du documentaire &quot;gardiennes&quot; en pr\u00e9sence des r\u00e9alisatrices\"\n                data-json=\"{&quot;name&quot;:&quot;Projection du documentaire \\&quot;Gardiennes\\&quot; en pr\\u00e9sence des r\\u00e9alisatrices&quot;,&quot;image&quot;:&quot;&quot;,&quot;link&quot;:&quot;https:\\\/\\\/www.toutcommenceenfinistere.com\\\/pointe-du-raz\\\/actus-et-expositions\\\/&quot;,&quot;data&quot;:{&quot;titre&quot;:&quot;Projection du documentaire \\&quot;Gardiennes\\&quot; en pr\\u00e9sence des r\\u00e9alisatrices&quot;,&quot;description&quot;:&quot;Projection du film documentaire  \\u00ab Gardiennes \\u00bb\\nen pr\\u00e9sence des r\\u00e9alisatrices Lou Paulin et Ang\\u00e8le Meschin, suivie d&#039;un \\u00e9change avec des filles de gardiennes. \\n\\n\\u00ab Gardiennes \\u00bb donne la parole aux gardiennes de phare et retrace leurs parcours, leur engagement et leur quotidien dans un univers longtemps m\\u00e9connu. \\u00c0 travers leurs r\\u00e9cits et des images d&#039;archives, le documentaire met en lumi\\u00e8re ces femmes qui ont marqu\\u00e9 l&#039;histoire maritime bretonne.\\n\\nR\\u00e9servation conseill\\u00e9e aupr\\u00e8s de la Maison de site de la Pointe du Raz 02 98 70 67 18 \\u2013 contact-pointeduraz@finistere.fr ou de l&#039;Office de tourisme  02 57 56 03 13 \\nExon\\u00e9ration du ticket de parking sur pr\\u00e9sentation du billet de r\\u00e9servation.&quot;,&quot;categorie&quot;:&quot;Spectacles &amp; cin\\u00e9ma&quot;,&quot;ville&quot;:&quot;Plogoff&quot;,&quot;code_postal&quot;:&quot;29770&quot;,&quot;name&quot;:&quot;Projection du documentaire \\&quot;Gardiennes\\&quot; en pr\\u00e9sence des r\\u00e9alisatrices&quot;,&quot;latitude&quot;:&quot;48.0382383&quot;,&quot;longitude&quot;:&quot;-4.7240061&quot;,&quot;link&quot;:&quot;https:\\\/\\\/www.toutcommenceenfinistere.com\\\/pointe-du-raz\\\/actus-et-expositions\\\/&quot;},&quot;category&quot;:&quot;\\u00c9v\\u00e9nements locaux&quot;,&quot;faq&quot;:[],&quot;event&quot;:&quot;Du 03\\\/09\\\/2026 \\u00e0 18:30 au 03\\\/09\\\/2026 \\u00e0 23:59&quot;,&quot;video_url&quot;:&quot;&quot;,&quot;video_embed&quot;:null,&quot;documents&quot;:[],&quot;gallery&quot;:[]}\">\n\n                <!-- Image + badge cat\u00e9gorie -->\n                <div class=\"em-card-img-wrap\">\n                                      <div class=\"em-card-placeholder\">\ud83d\udcf7 Pas d'image<\/div>\n                                    <span class=\"em-card-badge badge-default\">\u00c9v\u00e9nements locaux<\/span>\n                <\/div>\n\n                <!-- Contenu de la card -->\n                <div class=\"em-card-body\">\n                  <h3 class=\"em-card-title\">Projection du documentaire &quot;Gardiennes&quot; en pr\u00e9sence des r\u00e9alisatrices<\/h3>\n\n                  <!-- Tags r\u00e9sum\u00e9s (max 4) -->\n                  <div class=\"em-card-tags\">\n                                                          <\/div>\n\n                  <!-- Champs suppl\u00e9mentaires (max 3) -->\n                  <div class=\"em-card-fields\">\n                                          <div class=\"em-card-field\">\n                        <span class=\"em-card-field-label\">Titre :<\/span>\n                        <span class=\"em-card-field-value\">Projection du documentaire &quot;Gardiennes&quot; en pr\u00e9sence des r\u00e9al<\/span>\n                      <\/div>\n                                          <div class=\"em-card-field\">\n                        <span class=\"em-card-field-label\">Cat\u00e9gorie :<\/span>\n                        <span class=\"em-card-field-value\">Spectacles &amp; cin\u00e9ma<\/span>\n                      <\/div>\n                                          <div class=\"em-card-field\">\n                        <span class=\"em-card-field-label\">Ville :<\/span>\n                        <span class=\"em-card-field-value\">Plogoff<\/span>\n                      <\/div>\n                                      <\/div>\n\n                  <!-- Lien vers le d\u00e9tail -->\n                  <div class=\"em-card-footer\">\n                    <span>Voir le d\u00e9tail<\/span>\n                    <svg fill=\"none\" viewBox=\"0 0 24 24\" stroke=\"currentColor\" stroke-width=\"2\">\n                      <path stroke-linecap=\"round\" stroke-linejoin=\"round\" d=\"M13.5 4.5L21 12m0 0l-7.5 7.5M21 12H3\"><\/path>\n                    <\/svg>\n                  <\/div>\n                <\/div>\n              <\/article>\n                          <article class=\"em-card\"\n                data-type=\"evenements-locaux-6\"\n                data-features=\"\"\n                data-name=\"initiation aux danses bretonnes\"\n                data-json=\"{&quot;name&quot;:&quot;Initiation aux danses bretonnes&quot;,&quot;image&quot;:&quot;&quot;,&quot;link&quot;:&quot;https:\\\/\\\/association-archabetansal.jimdofree.com\\\/&quot;,&quot;data&quot;:{&quot;titre&quot;:&quot;Initiation aux danses bretonnes&quot;,&quot;description&quot;:&quot;L\\u2019association Ar C\\u2019hab e Ta\\u00f1sal vous invite \\u00e0 entrer dans la ronde et vous propose une initiation aux danses bretonnes : gavotte, an dro, hanterdro, da\\u00f1s plinn, rond de Saint-Vincent, cercle circassien, de quoi profiter des nombreux festo\\u00f9-noz de l\\u2019\\u00e9t\\u00e9. \\n\\nTous les mercredis soir, du mercredi 15 juillet au mercredi 26 ao\\u00fbt 2026, de 20h30 \\u00e0 22h30, \\u00e0 la Salle Chez Jeanne, 2, rue du G\\u00e9n\\u00e9ral-de-Gaulle, 29780 Plouhinec. Gratuit. \\n\\nPour adultes et enfants \\u00e0 partir de 7 ans.\\n\\nContact : 07 89 31 72 93, archabetansal@gmail.com, https:\\\/\\\/association-archabetansal.jimdofree.com.\\n\\nUn espace buvette est \\u00e0 disposition \\u00e0 la pause.\\n\\nParticipation libre au chapeau. La recette du chapeau sera revers\\u00e9e \\u00e0 la recherche contre le cancer p\\u00e9diatrique, par le biais de l\\u2019association Un horizon d\\u2019espoir.\\n\\nEnsemble mettons l\\u2019\\u00e9nergie de la danse au profit d\\u2019une cause qui nous tient \\u00e0 c\\u0153ur.&quot;,&quot;categorie&quot;:&quot;Spectacles &amp; cin\\u00e9ma&quot;,&quot;ville&quot;:&quot;Plouhinec&quot;,&quot;code_postal&quot;:&quot;29780&quot;,&quot;name&quot;:&quot;Initiation aux danses bretonnes&quot;,&quot;latitude&quot;:&quot;48.0145538&quot;,&quot;longitude&quot;:&quot;-4.4872651&quot;,&quot;link&quot;:&quot;https:\\\/\\\/association-archabetansal.jimdofree.com\\\/&quot;},&quot;category&quot;:&quot;\\u00c9v\\u00e9nements locaux&quot;,&quot;faq&quot;:[],&quot;event&quot;:&quot;Du 15\\\/07\\\/2026 \\u00e0 20:30 au 26\\\/08\\\/2026 \\u00e0 23:59&quot;,&quot;video_url&quot;:&quot;&quot;,&quot;video_embed&quot;:null,&quot;documents&quot;:[],&quot;gallery&quot;:[]}\">\n\n                <!-- Image + badge cat\u00e9gorie -->\n                <div class=\"em-card-img-wrap\">\n                                      <div class=\"em-card-placeholder\">\ud83d\udcf7 Pas d'image<\/div>\n                                    <span class=\"em-card-badge badge-default\">\u00c9v\u00e9nements locaux<\/span>\n                <\/div>\n\n                <!-- Contenu de la card -->\n                <div class=\"em-card-body\">\n                  <h3 class=\"em-card-title\">Initiation aux danses bretonnes<\/h3>\n\n                  <!-- Tags r\u00e9sum\u00e9s (max 4) -->\n                  <div class=\"em-card-tags\">\n                                                          <\/div>\n\n                  <!-- Champs suppl\u00e9mentaires (max 3) -->\n                  <div class=\"em-card-fields\">\n                                          <div class=\"em-card-field\">\n                        <span class=\"em-card-field-label\">Titre :<\/span>\n                        <span class=\"em-card-field-value\">Initiation aux danses bretonnes<\/span>\n                      <\/div>\n                                          <div class=\"em-card-field\">\n                        <span class=\"em-card-field-label\">Cat\u00e9gorie :<\/span>\n                        <span class=\"em-card-field-value\">Spectacles &amp; cin\u00e9ma<\/span>\n                      <\/div>\n                                          <div class=\"em-card-field\">\n                        <span class=\"em-card-field-label\">Ville :<\/span>\n                        <span class=\"em-card-field-value\">Plouhinec<\/span>\n                      <\/div>\n                                      <\/div>\n\n                  <!-- Lien vers le d\u00e9tail -->\n                  <div class=\"em-card-footer\">\n                    <span>Voir le d\u00e9tail<\/span>\n                    <svg fill=\"none\" viewBox=\"0 0 24 24\" stroke=\"currentColor\" stroke-width=\"2\">\n                      <path stroke-linecap=\"round\" stroke-linejoin=\"round\" d=\"M13.5 4.5L21 12m0 0l-7.5 7.5M21 12H3\"><\/path>\n                    <\/svg>\n                  <\/div>\n                <\/div>\n              <\/article>\n                          <article class=\"em-card\"\n                data-type=\"evenements-locaux-6\"\n                data-features=\"\"\n                data-name=\"le bbh affronte besancon\"\n                data-json=\"{&quot;name&quot;:&quot;Le BBH affronte Besancon&quot;,&quot;image&quot;:&quot;&quot;,&quot;link&quot;:&quot;https:\\\/\\\/brestarena.fr\\\/event\\\/bbh-besancon\\\/&quot;,&quot;data&quot;:{&quot;titre&quot;:&quot;Le BBH affronte Besancon&quot;,&quot;description&quot;:&quot;C\\u2019est la rentr\\u00e9e pour les Rebelles ! Pour cette premi\\u00e8re journ\\u00e9e de la Ligue Butagaz \\u00c9nergie, elles retrouvent leur public et accueillent l\\u2019Entente Sportive Besan\\u00e7on F\\u00e9minin.\\n\\nPour ce premier rendez-vous de la saison, les Brestoises auront \\u00e0 c\\u0153ur de lancer leur championnat de la meilleure des mani\\u00e8res face \\u00e0 une \\u00e9quipe bisontine habitu\\u00e9e aux joutes du haut niveau. Une belle affiche pour retrouver l\\u2019intensit\\u00e9, l\\u2019engagement et l\\u2019ambiance qui font vibrer la Brest Arena \\u00e0 chaque rencontre.\\n\\nQue vous soyez fid\\u00e8le supporter, amateur de handball ou simplement curieux de d\\u00e9couvrir le spectacle offert par le sport f\\u00e9minin de haut niveau, venez encourager les Rebelles et partager avec elles ce premier grand moment de la saison !\\n\\nUn rendez-vous sportif et convivial \\u00e0 vivre en famille ou entre amis, au c\\u0153ur de Brest.\\n\\nInformations pratiques : \\nDates et horaires donn\\u00e9s \\u00e0 titre indicatif, sous r\\u00e9serve de modification. \\nR\\u00e9servation fortement recommand\\u00e9e.\\n\\nO\\u00f9 acheter vos billets ? \\nAu si\\u00e8ge du Brest Bretagne Handball (Brest Arena \\u2013 C\\u00f4t\\u00e9 parking \\u2013 Acc\\u00e8s par la passerelle \\u00e0 l\\u2019ext\\u00e9rieur, 02 29 00 74 48)\\nAu guichet de Brest Arena le jour du match (sous r\\u00e9serve de places disponibles) 1h30 avant la rencontre\\nEn ligne.&quot;,&quot;categorie&quot;:&quot;En famille&quot;,&quot;ville&quot;:&quot;Brest&quot;,&quot;code_postal&quot;:&quot;29200&quot;,&quot;name&quot;:&quot;Le BBH affronte Besancon&quot;,&quot;latitude&quot;:&quot;48.3873947&quot;,&quot;longitude&quot;:&quot;-4.5199544&quot;,&quot;link&quot;:&quot;https:\\\/\\\/brestarena.fr\\\/event\\\/bbh-besancon\\\/&quot;},&quot;category&quot;:&quot;\\u00c9v\\u00e9nements locaux&quot;,&quot;faq&quot;:[],&quot;event&quot;:&quot;Du 29\\\/08\\\/2026 \\u00e0 17:30 au 29\\\/08\\\/2026 \\u00e0 23:59&quot;,&quot;video_url&quot;:&quot;&quot;,&quot;video_embed&quot;:null,&quot;documents&quot;:[],&quot;gallery&quot;:[]}\">\n\n                <!-- Image + badge cat\u00e9gorie -->\n                <div class=\"em-card-img-wrap\">\n                                      <div class=\"em-card-placeholder\">\ud83d\udcf7 Pas d'image<\/div>\n                                    <span class=\"em-card-badge badge-default\">\u00c9v\u00e9nements locaux<\/span>\n                <\/div>\n\n                <!-- Contenu de la card -->\n                <div class=\"em-card-body\">\n                  <h3 class=\"em-card-title\">Le BBH affronte Besancon<\/h3>\n\n                  <!-- Tags r\u00e9sum\u00e9s (max 4) -->\n                  <div class=\"em-card-tags\">\n                                                          <\/div>\n\n                  <!-- Champs suppl\u00e9mentaires (max 3) -->\n                  <div class=\"em-card-fields\">\n                                          <div class=\"em-card-field\">\n                        <span class=\"em-card-field-label\">Titre :<\/span>\n                        <span class=\"em-card-field-value\">Le BBH affronte Besancon<\/span>\n                      <\/div>\n                                          <div class=\"em-card-field\">\n                        <span class=\"em-card-field-label\">Cat\u00e9gorie :<\/span>\n                        <span class=\"em-card-field-value\">En famille<\/span>\n                      <\/div>\n                                          <div class=\"em-card-field\">\n                        <span class=\"em-card-field-label\">Ville :<\/span>\n                        <span class=\"em-card-field-value\">Brest<\/span>\n                      <\/div>\n                                      <\/div>\n\n                  <!-- Lien vers le d\u00e9tail -->\n                  <div class=\"em-card-footer\">\n                    <span>Voir le d\u00e9tail<\/span>\n                    <svg fill=\"none\" viewBox=\"0 0 24 24\" stroke=\"currentColor\" stroke-width=\"2\">\n                      <path stroke-linecap=\"round\" stroke-linejoin=\"round\" d=\"M13.5 4.5L21 12m0 0l-7.5 7.5M21 12H3\"><\/path>\n                    <\/svg>\n                  <\/div>\n                <\/div>\n              <\/article>\n                          <article class=\"em-card\"\n                data-type=\"evenements-locaux-6\"\n                data-features=\"\"\n                data-name=\"escap&#039;ade historique en sac \u00e0 dos\"\n                data-json=\"{&quot;name&quot;:&quot;EsCAP&#039;ade historique en sac \\u00e0 dos&quot;,&quot;image&quot;:&quot;&quot;,&quot;link&quot;:&quot;https:\\\/\\\/escap29.fr\\\/&quot;,&quot;data&quot;:{&quot;titre&quot;:&quot;EsCAP&#039;ade historique en sac \\u00e0 dos&quot;,&quot;description&quot;:&quot;Partez \\u00e0 la d\\u00e9couverte des rues de Pont-Croix avec un sac \\u00e0 dos rempli d&#039;\\u00e9nigmes pour en apprendre davantage sur cette cit\\u00e9.\\n\\n\\u00c0 mi-chemin entre visite guid\\u00e9e et g\\u00e9ocaching, ces EsCAP&#039;ade permettent de d\\u00e9couvrir de fa\\u00e7on ludique l&#039;histoire de Pont-Croix. Lecture, balade, observation et d\\u00e9ductions sont n\\u00e9cessaires pour ouvrir les poches du sac \\u00e0 dos et mener \\u00e0 bien la mission.\\n\\nLa visite dure entre 1h30 et 2h, \\u00e0 r\\u00e9aliser \\u00e0 votre rythme. Elle est d\\u00e9conseill\\u00e9e aux enfants de moins de 7 ans.\\n\\nPlusieurs missions sont disponibles, dont une en anglais.&quot;,&quot;categorie&quot;:&quot;En famille&quot;,&quot;ville&quot;:&quot;Pont-Croix&quot;,&quot;code_postal&quot;:&quot;29790&quot;,&quot;name&quot;:&quot;EsCAP&#039;ade historique en sac \\u00e0 dos&quot;,&quot;latitude&quot;:&quot;48.0409880&quot;,&quot;longitude&quot;:&quot;-4.4879260&quot;,&quot;link&quot;:&quot;https:\\\/\\\/escap29.fr\\\/&quot;},&quot;category&quot;:&quot;\\u00c9v\\u00e9nements locaux&quot;,&quot;faq&quot;:[],&quot;event&quot;:&quot;Du 06\\\/07\\\/2026 \\u00e0 09:00 au 31\\\/10\\\/2026 \\u00e0 23:59&quot;,&quot;video_url&quot;:&quot;&quot;,&quot;video_embed&quot;:null,&quot;documents&quot;:[],&quot;gallery&quot;:[]}\">\n\n                <!-- Image + badge cat\u00e9gorie -->\n                <div class=\"em-card-img-wrap\">\n                                      <div class=\"em-card-placeholder\">\ud83d\udcf7 Pas d'image<\/div>\n                                    <span class=\"em-card-badge badge-default\">\u00c9v\u00e9nements locaux<\/span>\n                <\/div>\n\n                <!-- Contenu de la card -->\n                <div class=\"em-card-body\">\n                  <h3 class=\"em-card-title\">EsCAP&#039;ade historique en sac \u00e0 dos<\/h3>\n\n                  <!-- Tags r\u00e9sum\u00e9s (max 4) -->\n                  <div class=\"em-card-tags\">\n                                                          <\/div>\n\n                  <!-- Champs suppl\u00e9mentaires (max 3) -->\n                  <div class=\"em-card-fields\">\n                                          <div class=\"em-card-field\">\n                        <span class=\"em-card-field-label\">Titre :<\/span>\n                        <span class=\"em-card-field-value\">EsCAP&#039;ade historique en sac \u00e0 dos<\/span>\n                      <\/div>\n                                          <div class=\"em-card-field\">\n                        <span class=\"em-card-field-label\">Cat\u00e9gorie :<\/span>\n                        <span class=\"em-card-field-value\">En famille<\/span>\n                      <\/div>\n                                          <div class=\"em-card-field\">\n                        <span class=\"em-card-field-label\">Ville :<\/span>\n                        <span class=\"em-card-field-value\">Pont-Croix<\/span>\n                      <\/div>\n                                      <\/div>\n\n                  <!-- Lien vers le d\u00e9tail -->\n                  <div class=\"em-card-footer\">\n                    <span>Voir le d\u00e9tail<\/span>\n                    <svg fill=\"none\" viewBox=\"0 0 24 24\" stroke=\"currentColor\" stroke-width=\"2\">\n                      <path stroke-linecap=\"round\" stroke-linejoin=\"round\" d=\"M13.5 4.5L21 12m0 0l-7.5 7.5M21 12H3\"><\/path>\n                    <\/svg>\n                  <\/div>\n                <\/div>\n              <\/article>\n                          <article class=\"em-card\"\n                data-type=\"evenements-locaux-6\"\n                data-features=\"\"\n                data-name=\"concert harpe et quatuor \u00e0 corde\"\n                data-json=\"{&quot;name&quot;:&quot;Concert harpe et quatuor \\u00e0 corde&quot;,&quot;image&quot;:&quot;&quot;,&quot;link&quot;:&quot;http:\\\/\\\/www.pontargler.com\\\/&quot;,&quot;data&quot;:{&quot;titre&quot;:&quot;Concert harpe et quatuor \\u00e0 corde&quot;,&quot;description&quot;:&quot;Cinq jeunes talents nous propose un programme exceptionnel. Le programme Paris\\u2013Vienne propose un dialogue entre deux foyers majeurs de la modernit\\u00e9 musicale \\u00e0 la fin du XIXe et au d\\u00e9but du XXe si\\u00e8cle. \\u00c0 cette \\u00e9poque, de nouvelles esth\\u00e9tiques \\u00e9mergent et transforment profond\\u00e9ment le langage musical, aussi bien \\u00e0 Vienne qu\\u2019\\u00e0 Paris. Des \\u00e9lans post-romantiques d\\u2019Anton Webern et de Gustav Mahler \\u00e0 la po\\u00e9sie fran\\u00e7aise de Claude Debussy et d\\u2019Andr\\u00e9 Caplet, ces univers singuliers se r\\u00e9pondent et s\\u2019\\u00e9clairent mutuellement. Ce programme pr\\u00e9sente ainsi plusieurs \\u0153uvres embl\\u00e9matiques du r\\u00e9pertoire viennois, qui illustrent la profondeur expressive et la richesse harmonique de cet esth\\u00e9tique : le Langsamer Satz de Webern, l\\u2019Adagietto de la Symphonie n\\u00b05 de Mahler, ou encore le lied Der Doppelg\\u00e4nger, extrait du Schwanengesang de Schubert. En regard, le programme met en lumi\\u00e8re deux \\u0153uvres fran\\u00e7aises, pour harpe et quatuor \\u00e0 cordes. Plus rares mais tout aussi marquantes, les Deux danses de Debussy.\\nAvec Jos\\u00e9phine Plagnol harpe, Thomas Briant, violon, Ocard Hetzfeld, violon, Alberic Boullenois, violoncelle et Cl\\u00e9ment Pimenta, alto&quot;,&quot;categorie&quot;:&quot;Concerts, musique &amp; festivals&quot;,&quot;ville&quot;:&quot;Land\\u00e9vennec&quot;,&quot;code_postal&quot;:&quot;29560&quot;,&quot;name&quot;:&quot;Concert harpe et quatuor \\u00e0 corde&quot;,&quot;latitude&quot;:&quot;48.2936600&quot;,&quot;longitude&quot;:&quot;-4.2681300&quot;,&quot;link&quot;:&quot;http:\\\/\\\/www.pontargler.com\\\/&quot;},&quot;category&quot;:&quot;\\u00c9v\\u00e9nements locaux&quot;,&quot;faq&quot;:[],&quot;event&quot;:&quot;Du 03\\\/09\\\/2026 \\u00e0 20:00 au 03\\\/09\\\/2026 \\u00e0 23:59&quot;,&quot;video_url&quot;:&quot;&quot;,&quot;video_embed&quot;:null,&quot;documents&quot;:[],&quot;gallery&quot;:[]}\">\n\n                <!-- Image + badge cat\u00e9gorie -->\n                <div class=\"em-card-img-wrap\">\n                                      <div class=\"em-card-placeholder\">\ud83d\udcf7 Pas d'image<\/div>\n                                    <span class=\"em-card-badge badge-default\">\u00c9v\u00e9nements locaux<\/span>\n                <\/div>\n\n                <!-- Contenu de la card -->\n                <div class=\"em-card-body\">\n                  <h3 class=\"em-card-title\">Concert harpe et quatuor \u00e0 corde<\/h3>\n\n                  <!-- Tags r\u00e9sum\u00e9s (max 4) -->\n                  <div class=\"em-card-tags\">\n                                                          <\/div>\n\n                  <!-- Champs suppl\u00e9mentaires (max 3) -->\n                  <div class=\"em-card-fields\">\n                                          <div class=\"em-card-field\">\n                        <span class=\"em-card-field-label\">Titre :<\/span>\n                        <span class=\"em-card-field-value\">Concert harpe et quatuor \u00e0 corde<\/span>\n                      <\/div>\n                                          <div class=\"em-card-field\">\n                        <span class=\"em-card-field-label\">Cat\u00e9gorie :<\/span>\n                        <span class=\"em-card-field-value\">Concerts, musique &amp; festivals<\/span>\n                      <\/div>\n                                          <div class=\"em-card-field\">\n                        <span class=\"em-card-field-label\">Ville :<\/span>\n                        <span class=\"em-card-field-value\">Land\u00e9vennec<\/span>\n                      <\/div>\n                                      <\/div>\n\n                  <!-- Lien vers le d\u00e9tail -->\n                  <div class=\"em-card-footer\">\n                    <span>Voir le d\u00e9tail<\/span>\n                    <svg fill=\"none\" viewBox=\"0 0 24 24\" stroke=\"currentColor\" stroke-width=\"2\">\n                      <path stroke-linecap=\"round\" stroke-linejoin=\"round\" d=\"M13.5 4.5L21 12m0 0l-7.5 7.5M21 12H3\"><\/path>\n                    <\/svg>\n                  <\/div>\n                <\/div>\n              <\/article>\n                          <article class=\"em-card\"\n                data-type=\"evenements-locaux-6\"\n                data-features=\"\"\n                data-name=\"march\u00e9 d&#039;argol\"\n                data-json=\"{&quot;name&quot;:&quot;March\\u00e9 d&#039;Argol&quot;,&quot;image&quot;:&quot;&quot;,&quot;link&quot;:&quot;&quot;,&quot;data&quot;:{&quot;titre&quot;:&quot;March\\u00e9 d&#039;Argol&quot;,&quot;description&quot;:&quot;Pr\\u00e9sence de marchands ambulants de 9h00 \\u00e0 12h00&quot;,&quot;categorie&quot;:&quot;March\\u00e9s &amp; foires&quot;,&quot;ville&quot;:&quot;Argol&quot;,&quot;code_postal&quot;:&quot;29560&quot;,&quot;name&quot;:&quot;March\\u00e9 d&#039;Argol&quot;,&quot;latitude&quot;:&quot;48.2453000&quot;,&quot;longitude&quot;:&quot;-4.3164100&quot;},&quot;category&quot;:&quot;\\u00c9v\\u00e9nements locaux&quot;,&quot;faq&quot;:[],&quot;event&quot;:&quot;Du 03\\\/09\\\/2026 au 03\\\/09\\\/2026 \\u00e0 23:59&quot;,&quot;video_url&quot;:&quot;&quot;,&quot;video_embed&quot;:null,&quot;documents&quot;:[],&quot;gallery&quot;:[]}\">\n\n                <!-- Image + badge cat\u00e9gorie -->\n                <div class=\"em-card-img-wrap\">\n                                      <div class=\"em-card-placeholder\">\ud83d\udcf7 Pas d'image<\/div>\n                                    <span class=\"em-card-badge badge-default\">\u00c9v\u00e9nements locaux<\/span>\n                <\/div>\n\n                <!-- Contenu de la card -->\n                <div class=\"em-card-body\">\n                  <h3 class=\"em-card-title\">March\u00e9 d&#039;Argol<\/h3>\n\n                  <!-- Tags r\u00e9sum\u00e9s (max 4) -->\n                  <div class=\"em-card-tags\">\n                                                          <\/div>\n\n                  <!-- Champs suppl\u00e9mentaires (max 3) -->\n                  <div class=\"em-card-fields\">\n                                          <div class=\"em-card-field\">\n                        <span class=\"em-card-field-label\">Titre :<\/span>\n                        <span class=\"em-card-field-value\">March\u00e9 d&#039;Argol<\/span>\n                      <\/div>\n                                          <div class=\"em-card-field\">\n                        <span class=\"em-card-field-label\">Cat\u00e9gorie :<\/span>\n                        <span class=\"em-card-field-value\">March\u00e9s &amp; foires<\/span>\n                      <\/div>\n                                          <div class=\"em-card-field\">\n                        <span class=\"em-card-field-label\">Ville :<\/span>\n                        <span class=\"em-card-field-value\">Argol<\/span>\n                      <\/div>\n                                      <\/div>\n\n                  <!-- Lien vers le d\u00e9tail -->\n                  <div class=\"em-card-footer\">\n                    <span>Voir le d\u00e9tail<\/span>\n                    <svg fill=\"none\" viewBox=\"0 0 24 24\" stroke=\"currentColor\" stroke-width=\"2\">\n                      <path stroke-linecap=\"round\" stroke-linejoin=\"round\" d=\"M13.5 4.5L21 12m0 0l-7.5 7.5M21 12H3\"><\/path>\n                    <\/svg>\n                  <\/div>\n                <\/div>\n              <\/article>\n                          <article class=\"em-card\"\n                data-type=\"evenements-locaux-6\"\n                data-features=\"\"\n                data-name=\"exposition peinture thierry labruyere\"\n                data-json=\"{&quot;name&quot;:&quot;Exposition Peinture Thierry Labruyere&quot;,&quot;image&quot;:&quot;&quot;,&quot;link&quot;:&quot;http:\\\/\\\/labruyerethierry.com\\\/&quot;,&quot;data&quot;:{&quot;titre&quot;:&quot;Exposition Peinture Thierry Labruyere&quot;,&quot;description&quot;:&quot;Exposition de peinture \\u00e0 l&#039;Espace Culturel Escale Marine du 11 Juillet au 31 Aout . \\nLa Presqu&#039;ile de Crozon sublim\\u00e9s sur de Grands Formats tous les jours de 16h \\u00e0 20h .&quot;,&quot;categorie&quot;:&quot;Expositions&quot;,&quot;ville&quot;:&quot;Crozon&quot;,&quot;code_postal&quot;:&quot;29160&quot;,&quot;name&quot;:&quot;Exposition Peinture Thierry Labruyere&quot;,&quot;latitude&quot;:&quot;48.2251200&quot;,&quot;longitude&quot;:&quot;-4.5065900&quot;,&quot;link&quot;:&quot;http:\\\/\\\/labruyerethierry.com\\\/&quot;},&quot;category&quot;:&quot;\\u00c9v\\u00e9nements locaux&quot;,&quot;faq&quot;:[],&quot;event&quot;:&quot;Du 11\\\/07\\\/2026 \\u00e0 16:00 au 31\\\/08\\\/2026 \\u00e0 23:59&quot;,&quot;video_url&quot;:&quot;&quot;,&quot;video_embed&quot;:null,&quot;documents&quot;:[],&quot;gallery&quot;:[]}\">\n\n                <!-- Image + badge cat\u00e9gorie -->\n                <div class=\"em-card-img-wrap\">\n                                      <div class=\"em-card-placeholder\">\ud83d\udcf7 Pas d'image<\/div>\n                                    <span class=\"em-card-badge badge-default\">\u00c9v\u00e9nements locaux<\/span>\n                <\/div>\n\n                <!-- Contenu de la card -->\n                <div class=\"em-card-body\">\n                  <h3 class=\"em-card-title\">Exposition Peinture Thierry Labruyere<\/h3>\n\n                  <!-- Tags r\u00e9sum\u00e9s (max 4) -->\n                  <div class=\"em-card-tags\">\n                                                          <\/div>\n\n                  <!-- Champs suppl\u00e9mentaires (max 3) -->\n                  <div class=\"em-card-fields\">\n                                          <div class=\"em-card-field\">\n                        <span class=\"em-card-field-label\">Titre :<\/span>\n                        <span class=\"em-card-field-value\">Exposition Peinture Thierry Labruyere<\/span>\n                      <\/div>\n                                          <div class=\"em-card-field\">\n                        <span class=\"em-card-field-label\">Cat\u00e9gorie :<\/span>\n                        <span class=\"em-card-field-value\">Expositions<\/span>\n                      <\/div>\n                                          <div class=\"em-card-field\">\n                        <span class=\"em-card-field-label\">Ville :<\/span>\n                        <span class=\"em-card-field-value\">Crozon<\/span>\n                      <\/div>\n                                      <\/div>\n\n                  <!-- Lien vers le d\u00e9tail -->\n                  <div class=\"em-card-footer\">\n                    <span>Voir le d\u00e9tail<\/span>\n                    <svg fill=\"none\" viewBox=\"0 0 24 24\" stroke=\"currentColor\" stroke-width=\"2\">\n                      <path stroke-linecap=\"round\" stroke-linejoin=\"round\" d=\"M13.5 4.5L21 12m0 0l-7.5 7.5M21 12H3\"><\/path>\n                    <\/svg>\n                  <\/div>\n                <\/div>\n              <\/article>\n                          <article class=\"em-card\"\n                data-type=\"evenements-locaux-6\"\n                data-features=\"\"\n                data-name=\"f\u00fchrungen durch die altstadt, auf deutsch.\"\n                data-json=\"{&quot;name&quot;:&quot;F\\u00fchrungen durch die Altstadt, auf Deutsch.&quot;,&quot;image&quot;:&quot;&quot;,&quot;link&quot;:&quot;http:\\\/\\\/www.douarnenez-tourisme.com\\\/&quot;,&quot;data&quot;:{&quot;titre&quot;:&quot;F\\u00fchrungen durch die Altstadt, auf Deutsch.&quot;,&quot;description&quot;:&quot;Entdecken Sie die reiche und bewegte Geschichte dieses Fischereihafens, von der Vorgeschichte bis Heute. Bummeln Sie durch die Gassen der Altstadt, die zum alten Hafen Rosmeur f\\u00fchren, wo es, einst, von Ruderbooten f\\u00fcr den Sardinenfischfang wimmelte. Treffen Sie den Geist der \\&quot;Penn Sardin\\&quot; Stadt.\\nAusk\\u00fcnfte, Einschreibung, Abgehen : Office de Tourisme&quot;,&quot;categorie&quot;:&quot;Autres \\u00e9v\\u00e9nements&quot;,&quot;ville&quot;:&quot;Douarnenez&quot;,&quot;code_postal&quot;:&quot;29100&quot;,&quot;name&quot;:&quot;F\\u00fchrungen durch die Altstadt, auf Deutsch.&quot;,&quot;latitude&quot;:&quot;48.0932841&quot;,&quot;longitude&quot;:&quot;-4.3306155&quot;,&quot;link&quot;:&quot;http:\\\/\\\/www.douarnenez-tourisme.com\\\/&quot;},&quot;category&quot;:&quot;\\u00c9v\\u00e9nements locaux&quot;,&quot;faq&quot;:[],&quot;event&quot;:&quot;Du 03\\\/09\\\/2026 \\u00e0 17:00 au 03\\\/09\\\/2026 \\u00e0 23:59&quot;,&quot;video_url&quot;:&quot;&quot;,&quot;video_embed&quot;:null,&quot;documents&quot;:[],&quot;gallery&quot;:[]}\">\n\n                <!-- Image + badge cat\u00e9gorie -->\n                <div class=\"em-card-img-wrap\">\n                                      <div class=\"em-card-placeholder\">\ud83d\udcf7 Pas d'image<\/div>\n                                    <span class=\"em-card-badge badge-default\">\u00c9v\u00e9nements locaux<\/span>\n                <\/div>\n\n                <!-- Contenu de la card -->\n                <div class=\"em-card-body\">\n                  <h3 class=\"em-card-title\">F\u00fchrungen durch die Altstadt, auf Deutsch.<\/h3>\n\n                  <!-- Tags r\u00e9sum\u00e9s (max 4) -->\n                  <div class=\"em-card-tags\">\n                                                          <\/div>\n\n                  <!-- Champs suppl\u00e9mentaires (max 3) -->\n                  <div class=\"em-card-fields\">\n                                          <div class=\"em-card-field\">\n                        <span class=\"em-card-field-label\">Titre :<\/span>\n                        <span class=\"em-card-field-value\">F\u00fchrungen durch die Altstadt, auf Deutsch.<\/span>\n                      <\/div>\n                                          <div class=\"em-card-field\">\n                        <span class=\"em-card-field-label\">Cat\u00e9gorie :<\/span>\n                        <span class=\"em-card-field-value\">Autres \u00e9v\u00e9nements<\/span>\n                      <\/div>\n                                          <div class=\"em-card-field\">\n                        <span class=\"em-card-field-label\">Ville :<\/span>\n                        <span class=\"em-card-field-value\">Douarnenez<\/span>\n                      <\/div>\n                                      <\/div>\n\n                  <!-- Lien vers le d\u00e9tail -->\n                  <div class=\"em-card-footer\">\n                    <span>Voir le d\u00e9tail<\/span>\n                    <svg fill=\"none\" viewBox=\"0 0 24 24\" stroke=\"currentColor\" stroke-width=\"2\">\n                      <path stroke-linecap=\"round\" stroke-linejoin=\"round\" d=\"M13.5 4.5L21 12m0 0l-7.5 7.5M21 12H3\"><\/path>\n                    <\/svg>\n                  <\/div>\n                <\/div>\n              <\/article>\n                          <article class=\"em-card\"\n                data-type=\"evenements-locaux-6\"\n                data-features=\"\"\n                data-name=\"balade nocturne autour des phares de l&#039;iroise (corsen)\"\n                data-json=\"{&quot;name&quot;:&quot;Balade nocturne autour des phares de l&#039;Iroise (Corsen)&quot;,&quot;image&quot;:&quot;&quot;,&quot;link&quot;:&quot;https:\\\/\\\/www.iroise-sauvage.com\\\/services-8&quot;,&quot;data&quot;:{&quot;titre&quot;:&quot;Balade nocturne autour des phares de l&#039;Iroise (Corsen)&quot;,&quot;description&quot;:&quot;Balade \\u00e0 la Pointe de Corsen : quand la nuit s\\u2019allume de l\\u00e9gendes...\\n\\n\\u00c0 la tomb\\u00e9e du jour, laissez-vous guider le long de la c\\u00f4te sauvage d\\u2019Iroise.\\nSous le ciel \\u00e9toil\\u00e9, les phares et feux marins commencent leur ballet lumineux.\\n\\nUn voyage entre histoire et \\u00e9clats de lumi\\u00e8re.  \\nD\\u00e9couvrez l\\u2019univers fascinant de la s\\u00e9curit\\u00e9 maritime, des r\\u00e9cits de temp\\u00eates aux anecdotes des gardiens de phares.\\nPlongez dans l\\u2019histoire de ces g\\u00e9ants mythiques, veilleurs infatigables de nos c\\u00f4tes.\\nSaurez-vous rep\\u00e9rer les 12 phares visibles depuis la Pointe de Corsen ?\\n\\nUne exp\\u00e9rience magique au cr\\u00e9puscule entre le souffle du vent, le bruit des vagues et la danse des lumi\\u00e8res, cette balade est bien plus qu\\u2019une promenade, c\\u2019est une immersion dans l\\u2019\\u00e2me maritime du Finist\\u00e8re.\\n\\nRejoignez-nous pour une soir\\u00e9e inoubliable, o\\u00f9 chaque \\u00e9clat raconte une histoire.\\n\\nPr\\u00eats \\u00e0 voir la mer d&#039;Iroise comme vous ne l\\u2019avez jamais vue ?\\n\\nHoraire en fonction du coucher du soleil. Sur r\\u00e9servation.&quot;,&quot;categorie&quot;:&quot;Sport &amp; randonn\\u00e9e&quot;,&quot;ville&quot;:&quot;Plouarzel&quot;,&quot;code_postal&quot;:&quot;29810&quot;,&quot;name&quot;:&quot;Balade nocturne autour des phares de l&#039;Iroise (Corsen)&quot;,&quot;latitude&quot;:&quot;48.4130540&quot;,&quot;longitude&quot;:&quot;-4.7951250&quot;,&quot;link&quot;:&quot;https:\\\/\\\/www.iroise-sauvage.com\\\/services-8&quot;},&quot;category&quot;:&quot;\\u00c9v\\u00e9nements locaux&quot;,&quot;faq&quot;:[],&quot;event&quot;:&quot;Du 31\\\/08\\\/2026 au 31\\\/08\\\/2026 \\u00e0 23:59&quot;,&quot;video_url&quot;:&quot;&quot;,&quot;video_embed&quot;:null,&quot;documents&quot;:[],&quot;gallery&quot;:[]}\">\n\n                <!-- Image + badge cat\u00e9gorie -->\n                <div class=\"em-card-img-wrap\">\n                                      <div class=\"em-card-placeholder\">\ud83d\udcf7 Pas d'image<\/div>\n                                    <span class=\"em-card-badge badge-default\">\u00c9v\u00e9nements locaux<\/span>\n                <\/div>\n\n                <!-- Contenu de la card -->\n                <div class=\"em-card-body\">\n                  <h3 class=\"em-card-title\">Balade nocturne autour des phares de l&#039;Iroise (Corsen)<\/h3>\n\n                  <!-- Tags r\u00e9sum\u00e9s (max 4) -->\n                  <div class=\"em-card-tags\">\n                                                          <\/div>\n\n                  <!-- Champs suppl\u00e9mentaires (max 3) -->\n                  <div class=\"em-card-fields\">\n                                          <div class=\"em-card-field\">\n                        <span class=\"em-card-field-label\">Titre :<\/span>\n                        <span class=\"em-card-field-value\">Balade nocturne autour des phares de l&#039;Iroise (Corsen)<\/span>\n                      <\/div>\n                                          <div class=\"em-card-field\">\n                        <span class=\"em-card-field-label\">Cat\u00e9gorie :<\/span>\n                        <span class=\"em-card-field-value\">Sport &amp; randonn\u00e9e<\/span>\n                      <\/div>\n                                          <div class=\"em-card-field\">\n                        <span class=\"em-card-field-label\">Ville :<\/span>\n                        <span class=\"em-card-field-value\">Plouarzel<\/span>\n                      <\/div>\n                                      <\/div>\n\n                  <!-- Lien vers le d\u00e9tail -->\n                  <div class=\"em-card-footer\">\n                    <span>Voir le d\u00e9tail<\/span>\n                    <svg fill=\"none\" viewBox=\"0 0 24 24\" stroke=\"currentColor\" stroke-width=\"2\">\n                      <path stroke-linecap=\"round\" stroke-linejoin=\"round\" d=\"M13.5 4.5L21 12m0 0l-7.5 7.5M21 12H3\"><\/path>\n                    <\/svg>\n                  <\/div>\n                <\/div>\n              <\/article>\n                          <article class=\"em-card\"\n                data-type=\"evenements-locaux-6\"\n                data-features=\"\"\n                data-name=\"jeu de piste &quot;le fant\u00f4me de l&#039;abbaye&quot;\"\n                data-json=\"{&quot;name&quot;:&quot;Jeu de piste \\&quot;Le fant\\u00f4me de l&#039;abbaye\\&quot;&quot;,&quot;image&quot;:&quot;&quot;,&quot;link&quot;:&quot;https:\\\/\\\/phares-iroise.bzh\\\/&quot;,&quot;data&quot;:{&quot;titre&quot;:&quot;Jeu de piste \\&quot;Le fant\\u00f4me de l&#039;abbaye\\&quot;&quot;,&quot;description&quot;:&quot;Alerte !\\n\\nL&#039;abbaye de Saint-Mathieu est en proie aux farces malicieuses d&#039;un fant\\u00f4me. La derni\\u00e8re victime n&#039;est autre que l&#039;abb\\u00e9 Chamel dont la cheville a \\u00e9t\\u00e9 foul\\u00e9e.\\n\\nIl est grand temps d&#039;arr\\u00eater cet esprit fac\\u00e9tieux avant qu&#039;un incident plus grave ne survienne !\\n\\nSon apparition est pour le moment inexpliqu\\u00e9e, y aurait-il un tra\\u00eetre au sein de la communaut\\u00e9 monastique ? \\n\\n\\u00c0 l&#039;aide du Fr\\u00e8re Husse, venez r\\u00e9soudre les \\u00e9nigmes du fant\\u00f4me, relevez les d\\u00e9fis et tentez de le capturer afin de ramener le calme \\u00e0 l&#039;abbaye.  \\n\\nSur r\\u00e9servation.&quot;,&quot;categorie&quot;:&quot;En famille&quot;,&quot;ville&quot;:&quot;Plougonvelin&quot;,&quot;code_postal&quot;:&quot;29217&quot;,&quot;name&quot;:&quot;Jeu de piste \\&quot;Le fant\\u00f4me de l&#039;abbaye\\&quot;&quot;,&quot;latitude&quot;:&quot;48.3298633&quot;,&quot;longitude&quot;:&quot;-4.7709141&quot;,&quot;link&quot;:&quot;https:\\\/\\\/phares-iroise.bzh\\\/&quot;},&quot;category&quot;:&quot;\\u00c9v\\u00e9nements locaux&quot;,&quot;faq&quot;:[],&quot;event&quot;:&quot;Du 24\\\/08\\\/2026 \\u00e0 17:00 au 24\\\/08\\\/2026 \\u00e0 23:59&quot;,&quot;video_url&quot;:&quot;&quot;,&quot;video_embed&quot;:null,&quot;documents&quot;:[],&quot;gallery&quot;:[]}\">\n\n                <!-- Image + badge cat\u00e9gorie -->\n                <div class=\"em-card-img-wrap\">\n                                      <div class=\"em-card-placeholder\">\ud83d\udcf7 Pas d'image<\/div>\n                                    <span class=\"em-card-badge badge-default\">\u00c9v\u00e9nements locaux<\/span>\n                <\/div>\n\n                <!-- Contenu de la card -->\n                <div class=\"em-card-body\">\n                  <h3 class=\"em-card-title\">Jeu de piste &quot;Le fant\u00f4me de l&#039;abbaye&quot;<\/h3>\n\n                  <!-- Tags r\u00e9sum\u00e9s (max 4) -->\n                  <div class=\"em-card-tags\">\n                                                          <\/div>\n\n                  <!-- Champs suppl\u00e9mentaires (max 3) -->\n                  <div class=\"em-card-fields\">\n                                          <div class=\"em-card-field\">\n                        <span class=\"em-card-field-label\">Titre :<\/span>\n                        <span class=\"em-card-field-value\">Jeu de piste &quot;Le fant\u00f4me de l&#039;abbaye&quot;<\/span>\n                      <\/div>\n                                          <div class=\"em-card-field\">\n                        <span class=\"em-card-field-label\">Cat\u00e9gorie :<\/span>\n                        <span class=\"em-card-field-value\">En famille<\/span>\n                      <\/div>\n                                          <div class=\"em-card-field\">\n                        <span class=\"em-card-field-label\">Ville :<\/span>\n                        <span class=\"em-card-field-value\">Plougonvelin<\/span>\n                      <\/div>\n                                      <\/div>\n\n                  <!-- Lien vers le d\u00e9tail -->\n                  <div class=\"em-card-footer\">\n                    <span>Voir le d\u00e9tail<\/span>\n                    <svg fill=\"none\" viewBox=\"0 0 24 24\" stroke=\"currentColor\" stroke-width=\"2\">\n                      <path stroke-linecap=\"round\" stroke-linejoin=\"round\" d=\"M13.5 4.5L21 12m0 0l-7.5 7.5M21 12H3\"><\/path>\n                    <\/svg>\n                  <\/div>\n                <\/div>\n              <\/article>\n                          <article class=\"em-card\"\n                data-type=\"evenements-locaux-6\"\n                data-features=\"\"\n                data-name=\"visite - la plage de lanvoy et ses fossiles\"\n                data-json=\"{&quot;name&quot;:&quot;Visite - La plage de Lanvoy et ses fossiles&quot;,&quot;image&quot;:&quot;&quot;,&quot;link&quot;:&quot;&quot;,&quot;data&quot;:{&quot;titre&quot;:&quot;Visite - La plage de Lanvoy et ses fossiles&quot;,&quot;description&quot;:&quot;La plage de Lanvoy et ses fossiles : une histoire vieille de 400 millions d&#039;ann\\u00e9es !\\n\\nLa rade de Brest est une r\\u00e9gion riche en fossiles bien connus des pal\\u00e9ontologues depuis des d\\u00e9cennies. Fig\\u00e9s aujourd\\u2019hui dans les roches des plages de la rade, ils sont les t\\u00e9moins d\\u2019une vie qui a prosp\\u00e9r\\u00e9 il y a pr\\u00e8s de 400 millions d\\u2019ann\\u00e9es. \\n\\nLa visite propose de d\\u00e9couvrir les secrets de la plage de Lanvoy directement sur le terrain. \\nNous observerons et verrons comment reconna\\u00eetre les principaux types de roches (granites, gr\\u00e8s, calcaires, schistes\\u2026) et les grands groupes d\\u2019animaux fossiles (coraux, mollusques, trilobites\\u2026) qui ont v\\u00e9cu dans la rade \\u00e0 une p\\u00e9riode de l\\u2019histoire de la Terre o\\u00f9 la Bretagne montrait un paysage totalement diff\\u00e9rent compar\\u00e9 \\u00e0 celui que nous connaissons.\\n\\n- R\\u00e9servation obligatoire.\\n- Nombre de places limit\\u00e9.&quot;,&quot;categorie&quot;:&quot;Sport &amp; randonn\\u00e9e&quot;,&quot;ville&quot;:&quot;Hanvec&quot;,&quot;code_postal&quot;:&quot;29460&quot;,&quot;name&quot;:&quot;Visite - La plage de Lanvoy et ses fossiles&quot;,&quot;latitude&quot;:&quot;48.2971423&quot;,&quot;longitude&quot;:&quot;-4.2250107&quot;},&quot;category&quot;:&quot;\\u00c9v\\u00e9nements locaux&quot;,&quot;faq&quot;:[],&quot;event&quot;:&quot;Du 28\\\/08\\\/2026 \\u00e0 10:00 au 28\\\/08\\\/2026 \\u00e0 23:59&quot;,&quot;video_url&quot;:&quot;&quot;,&quot;video_embed&quot;:null,&quot;documents&quot;:[],&quot;gallery&quot;:[]}\">\n\n                <!-- Image + badge cat\u00e9gorie -->\n                <div class=\"em-card-img-wrap\">\n                                      <div class=\"em-card-placeholder\">\ud83d\udcf7 Pas d'image<\/div>\n                                    <span class=\"em-card-badge badge-default\">\u00c9v\u00e9nements locaux<\/span>\n                <\/div>\n\n                <!-- Contenu de la card -->\n                <div class=\"em-card-body\">\n                  <h3 class=\"em-card-title\">Visite - La plage de Lanvoy et ses fossiles<\/h3>\n\n                  <!-- Tags r\u00e9sum\u00e9s (max 4) -->\n                  <div class=\"em-card-tags\">\n                                                          <\/div>\n\n                  <!-- Champs suppl\u00e9mentaires (max 3) -->\n                  <div class=\"em-card-fields\">\n                                          <div class=\"em-card-field\">\n                        <span class=\"em-card-field-label\">Titre :<\/span>\n                        <span class=\"em-card-field-value\">Visite - La plage de Lanvoy et ses fossiles<\/span>\n                      <\/div>\n                                          <div class=\"em-card-field\">\n                        <span class=\"em-card-field-label\">Cat\u00e9gorie :<\/span>\n                        <span class=\"em-card-field-value\">Sport &amp; randonn\u00e9e<\/span>\n                      <\/div>\n                                          <div class=\"em-card-field\">\n                        <span class=\"em-card-field-label\">Ville :<\/span>\n                        <span class=\"em-card-field-value\">Hanvec<\/span>\n                      <\/div>\n                                      <\/div>\n\n                  <!-- Lien vers le d\u00e9tail -->\n                  <div class=\"em-card-footer\">\n                    <span>Voir le d\u00e9tail<\/span>\n                    <svg fill=\"none\" viewBox=\"0 0 24 24\" stroke=\"currentColor\" stroke-width=\"2\">\n                      <path stroke-linecap=\"round\" stroke-linejoin=\"round\" d=\"M13.5 4.5L21 12m0 0l-7.5 7.5M21 12H3\"><\/path>\n                    <\/svg>\n                  <\/div>\n                <\/div>\n              <\/article>\n                          <article class=\"em-card\"\n                data-type=\"evenements-locaux-6\"\n                data-features=\"\"\n                data-name=\"pr\u00e9sentation du travail de la nacre\"\n                data-json=\"{&quot;name&quot;:&quot;Pr\\u00e9sentation du travail de la nacre&quot;,&quot;image&quot;:&quot;&quot;,&quot;link&quot;:&quot;http:\\\/\\\/atelierdelanacre.fr\\\/&quot;,&quot;data&quot;:{&quot;titre&quot;:&quot;Pr\\u00e9sentation du travail de la nacre&quot;,&quot;description&quot;:&quot;Un artisanat rare. Nous ne sommes qu\\u2019une dizaine en France \\u00e0 travailler cette mati\\u00e8re premi\\u00e8re. L&#039;atelier est int\\u00e9gr\\u00e9 \\u00e0 la boutique et me permet, en plus d&#039;y cr\\u00e9er des bijoux, de faire des pr\\u00e9sentations de mon savoir-faire et du travail de la nacre. Du mardi au samedi \\u00e0 14h30.\\n\\nInscription obligatoire.&quot;,&quot;categorie&quot;:&quot;Autres \\u00e9v\\u00e9nements&quot;,&quot;ville&quot;:&quot;Audierne&quot;,&quot;code_postal&quot;:&quot;29770&quot;,&quot;name&quot;:&quot;Pr\\u00e9sentation du travail de la nacre&quot;,&quot;latitude&quot;:&quot;48.0236900&quot;,&quot;longitude&quot;:&quot;-4.5399300&quot;,&quot;link&quot;:&quot;http:\\\/\\\/atelierdelanacre.fr\\\/&quot;},&quot;category&quot;:&quot;\\u00c9v\\u00e9nements locaux&quot;,&quot;faq&quot;:[],&quot;event&quot;:&quot;Du 01\\\/01\\\/2026 \\u00e0 14:30 au 31\\\/12\\\/2026 \\u00e0 23:59&quot;,&quot;video_url&quot;:&quot;&quot;,&quot;video_embed&quot;:null,&quot;documents&quot;:[],&quot;gallery&quot;:[]}\">\n\n                <!-- Image + badge cat\u00e9gorie -->\n                <div class=\"em-card-img-wrap\">\n                                      <div class=\"em-card-placeholder\">\ud83d\udcf7 Pas d'image<\/div>\n                                    <span class=\"em-card-badge badge-default\">\u00c9v\u00e9nements locaux<\/span>\n                <\/div>\n\n                <!-- Contenu de la card -->\n                <div class=\"em-card-body\">\n                  <h3 class=\"em-card-title\">Pr\u00e9sentation du travail de la nacre<\/h3>\n\n                  <!-- Tags r\u00e9sum\u00e9s (max 4) -->\n                  <div class=\"em-card-tags\">\n                                                          <\/div>\n\n                  <!-- Champs suppl\u00e9mentaires (max 3) -->\n                  <div class=\"em-card-fields\">\n                                          <div class=\"em-card-field\">\n                        <span class=\"em-card-field-label\">Titre :<\/span>\n                        <span class=\"em-card-field-value\">Pr\u00e9sentation du travail de la nacre<\/span>\n                      <\/div>\n                                          <div class=\"em-card-field\">\n                        <span class=\"em-card-field-label\">Cat\u00e9gorie :<\/span>\n                        <span class=\"em-card-field-value\">Autres \u00e9v\u00e9nements<\/span>\n                      <\/div>\n                                          <div class=\"em-card-field\">\n                        <span class=\"em-card-field-label\">Ville :<\/span>\n                        <span class=\"em-card-field-value\">Audierne<\/span>\n                      <\/div>\n                                      <\/div>\n\n                  <!-- Lien vers le d\u00e9tail -->\n                  <div class=\"em-card-footer\">\n                    <span>Voir le d\u00e9tail<\/span>\n                    <svg fill=\"none\" viewBox=\"0 0 24 24\" stroke=\"currentColor\" stroke-width=\"2\">\n                      <path stroke-linecap=\"round\" stroke-linejoin=\"round\" d=\"M13.5 4.5L21 12m0 0l-7.5 7.5M21 12H3\"><\/path>\n                    <\/svg>\n                  <\/div>\n                <\/div>\n              <\/article>\n                          <article class=\"em-card\"\n                data-type=\"evenements-locaux-6\"\n                data-features=\"\"\n                data-name=\"atelier chantier de fouilles\"\n                data-json=\"{&quot;name&quot;:&quot;Atelier Chantier de fouilles&quot;,&quot;image&quot;:&quot;&quot;,&quot;link&quot;:&quot;http:\\\/\\\/www.cdp29.fr\\\/&quot;,&quot;data&quot;:{&quot;titre&quot;:&quot;Atelier Chantier de fouilles&quot;,&quot;description&quot;:&quot;L&#039;atelier d\\u00e9bute par une introduction sur l\\u2019arch\\u00e9ologie autour d\\u2019une coupe stratigraphique repr\\u00e9sentant les sols du monast\\u00e8re : chaque niveau t\\u00e9moigne d\\u2019une p\\u00e9riode ou d\\u2019un \\u00e9v\\u00e9nement marquant de l&#039;histoire du site. Puis mise en pratique dans un mini chantier fictif avec analyse des d\\u00e9couvertes et bilan des fouilles !&quot;,&quot;categorie&quot;:&quot;En famille&quot;,&quot;ville&quot;:&quot;Land\\u00e9vennec&quot;,&quot;code_postal&quot;:&quot;29560&quot;,&quot;name&quot;:&quot;Atelier Chantier de fouilles&quot;,&quot;latitude&quot;:&quot;48.2913500&quot;,&quot;longitude&quot;:&quot;-4.2674500&quot;,&quot;link&quot;:&quot;http:\\\/\\\/www.cdp29.fr\\\/&quot;},&quot;category&quot;:&quot;\\u00c9v\\u00e9nements locaux&quot;,&quot;faq&quot;:[],&quot;event&quot;:&quot;Du 27\\\/08\\\/2026 \\u00e0 15:00 au 27\\\/08\\\/2026 \\u00e0 23:59&quot;,&quot;video_url&quot;:&quot;&quot;,&quot;video_embed&quot;:null,&quot;documents&quot;:[],&quot;gallery&quot;:[]}\">\n\n                <!-- Image + badge cat\u00e9gorie -->\n                <div class=\"em-card-img-wrap\">\n                                      <div class=\"em-card-placeholder\">\ud83d\udcf7 Pas d'image<\/div>\n                                    <span class=\"em-card-badge badge-default\">\u00c9v\u00e9nements locaux<\/span>\n                <\/div>\n\n                <!-- Contenu de la card -->\n                <div class=\"em-card-body\">\n                  <h3 class=\"em-card-title\">Atelier Chantier de fouilles<\/h3>\n\n                  <!-- Tags r\u00e9sum\u00e9s (max 4) -->\n                  <div class=\"em-card-tags\">\n                                                          <\/div>\n\n                  <!-- Champs suppl\u00e9mentaires (max 3) -->\n                  <div class=\"em-card-fields\">\n                                          <div class=\"em-card-field\">\n                        <span class=\"em-card-field-label\">Titre :<\/span>\n                        <span class=\"em-card-field-value\">Atelier Chantier de fouilles<\/span>\n                      <\/div>\n                                          <div class=\"em-card-field\">\n                        <span class=\"em-card-field-label\">Cat\u00e9gorie :<\/span>\n                        <span class=\"em-card-field-value\">En famille<\/span>\n                      <\/div>\n                                          <div class=\"em-card-field\">\n                        <span class=\"em-card-field-label\">Ville :<\/span>\n                        <span class=\"em-card-field-value\">Land\u00e9vennec<\/span>\n                      <\/div>\n                                      <\/div>\n\n                  <!-- Lien vers le d\u00e9tail -->\n                  <div class=\"em-card-footer\">\n                    <span>Voir le d\u00e9tail<\/span>\n                    <svg fill=\"none\" viewBox=\"0 0 24 24\" stroke=\"currentColor\" stroke-width=\"2\">\n                      <path stroke-linecap=\"round\" stroke-linejoin=\"round\" d=\"M13.5 4.5L21 12m0 0l-7.5 7.5M21 12H3\"><\/path>\n                    <\/svg>\n                  <\/div>\n                <\/div>\n              <\/article>\n                          <article class=\"em-card\"\n                data-type=\"evenements-locaux-6\"\n                data-features=\"\"\n                data-name=\"s\u00e9ances de yoga sur la plage\"\n                data-json=\"{&quot;name&quot;:&quot;S\\u00e9ances de Yoga sur la plage&quot;,&quot;image&quot;:&quot;&quot;,&quot;link&quot;:&quot;https:\\\/\\\/nirodha-yoga.fr\\\/&quot;,&quot;data&quot;:{&quot;titre&quot;:&quot;S\\u00e9ances de Yoga sur la plage&quot;,&quot;description&quot;:&quot;S\\u00e9ances de Yoga sur la plage de Trescadec. Professeure dipl\\u00f4m\\u00e9e de l&#039;Ecole Fran\\u00e7aise de Yoga.\\nLes mardis \\u00e0 10h30 et les jeudis \\u00e0 18h30.\\n13\\u20ac\\\/personne comprenant le tapis, r\\u00e9servation obligatoire\\nS\\u00e9ance sur mesure (individuelle, entre amis, en famille...) sur demande.&quot;,&quot;categorie&quot;:&quot;Autres \\u00e9v\\u00e9nements&quot;,&quot;ville&quot;:&quot;Audierne&quot;,&quot;code_postal&quot;:&quot;29770&quot;,&quot;name&quot;:&quot;S\\u00e9ances de Yoga sur la plage&quot;,&quot;latitude&quot;:&quot;48.0118551&quot;,&quot;longitude&quot;:&quot;-4.5441499&quot;,&quot;link&quot;:&quot;https:\\\/\\\/nirodha-yoga.fr\\\/&quot;},&quot;category&quot;:&quot;\\u00c9v\\u00e9nements locaux&quot;,&quot;faq&quot;:[],&quot;event&quot;:&quot;Du 07\\\/07\\\/2026 \\u00e0 10:30 au 27\\\/08\\\/2026 \\u00e0 23:59&quot;,&quot;video_url&quot;:&quot;&quot;,&quot;video_embed&quot;:null,&quot;documents&quot;:[],&quot;gallery&quot;:[]}\">\n\n                <!-- Image + badge cat\u00e9gorie -->\n                <div class=\"em-card-img-wrap\">\n                                      <div class=\"em-card-placeholder\">\ud83d\udcf7 Pas d'image<\/div>\n                                    <span class=\"em-card-badge badge-default\">\u00c9v\u00e9nements locaux<\/span>\n                <\/div>\n\n                <!-- Contenu de la card -->\n                <div class=\"em-card-body\">\n                  <h3 class=\"em-card-title\">S\u00e9ances de Yoga sur la plage<\/h3>\n\n                  <!-- Tags r\u00e9sum\u00e9s (max 4) -->\n                  <div class=\"em-card-tags\">\n                                                          <\/div>\n\n                  <!-- Champs suppl\u00e9mentaires (max 3) -->\n                  <div class=\"em-card-fields\">\n                                          <div class=\"em-card-field\">\n                        <span class=\"em-card-field-label\">Titre :<\/span>\n                        <span class=\"em-card-field-value\">S\u00e9ances de Yoga sur la plage<\/span>\n                      <\/div>\n                                          <div class=\"em-card-field\">\n                        <span class=\"em-card-field-label\">Cat\u00e9gorie :<\/span>\n                        <span class=\"em-card-field-value\">Autres \u00e9v\u00e9nements<\/span>\n                      <\/div>\n                                          <div class=\"em-card-field\">\n                        <span class=\"em-card-field-label\">Ville :<\/span>\n                        <span class=\"em-card-field-value\">Audierne<\/span>\n                      <\/div>\n                                      <\/div>\n\n                  <!-- Lien vers le d\u00e9tail -->\n                  <div class=\"em-card-footer\">\n                    <span>Voir le d\u00e9tail<\/span>\n                    <svg fill=\"none\" viewBox=\"0 0 24 24\" stroke=\"currentColor\" stroke-width=\"2\">\n                      <path stroke-linecap=\"round\" stroke-linejoin=\"round\" d=\"M13.5 4.5L21 12m0 0l-7.5 7.5M21 12H3\"><\/path>\n                    <\/svg>\n                  <\/div>\n                <\/div>\n              <\/article>\n                          <article class=\"em-card\"\n                data-type=\"evenements-locaux-6\"\n                data-features=\"\"\n                data-name=\"randonn\u00e9e p\u00e9destre - elorn et gorre menez\"\n                data-json=\"{&quot;name&quot;:&quot;Randonn\\u00e9e p\\u00e9destre - Elorn et Gorre menez&quot;,&quot;image&quot;:&quot;&quot;,&quot;link&quot;:&quot;&quot;,&quot;data&quot;:{&quot;titre&quot;:&quot;Randonn\\u00e9e p\\u00e9destre - Elorn et Gorre menez&quot;,&quot;description&quot;:&quot;Lo Pieds Rhet Rando vous donne rendez-vous pour une randonn\\u00e9e de 10 km sur le sentier littoral de Loperhet.\\nPot offert \\u00e0 l&#039;arriv\\u00e9e, avec far breton.\\n\\nRDV lieu-dit Menguen, route de Traon-Elorn \\u00e0 Loperhet pour le d\\u00e9part.\\n\\nRandonn\\u00e9e ouverte \\u00e0 tous, anim\\u00e9e pas des b\\u00e9n\\u00e9voles des clubs affili\\u00e9s FFRandonn\\u00e9es.\\n\\nPour les randos \\u00e0 la journ\\u00e9e pr\\u00e9voir pique-nique, de bonnes chaussures, de l&#039;eau, cr\\u00e8me solaire et chapeau, coupe-vent, des embouts en caoutchouc pour b\\u00e2tons de marche.&quot;,&quot;categorie&quot;:&quot;Sport &amp; randonn\\u00e9e&quot;,&quot;ville&quot;:&quot;Loperhet&quot;,&quot;code_postal&quot;:&quot;29470&quot;,&quot;name&quot;:&quot;Randonn\\u00e9e p\\u00e9destre - Elorn et Gorre menez&quot;,&quot;latitude&quot;:&quot;48.4076506&quot;,&quot;longitude&quot;:&quot;-4.3251918&quot;},&quot;category&quot;:&quot;\\u00c9v\\u00e9nements locaux&quot;,&quot;faq&quot;:[],&quot;event&quot;:&quot;Du 27\\\/08\\\/2026 \\u00e0 14:00 au 27\\\/08\\\/2026 \\u00e0 23:59&quot;,&quot;video_url&quot;:&quot;&quot;,&quot;video_embed&quot;:null,&quot;documents&quot;:[],&quot;gallery&quot;:[]}\">\n\n                <!-- Image + badge cat\u00e9gorie -->\n                <div class=\"em-card-img-wrap\">\n                                      <div class=\"em-card-placeholder\">\ud83d\udcf7 Pas d'image<\/div>\n                                    <span class=\"em-card-badge badge-default\">\u00c9v\u00e9nements locaux<\/span>\n                <\/div>\n\n                <!-- Contenu de la card -->\n                <div class=\"em-card-body\">\n                  <h3 class=\"em-card-title\">Randonn\u00e9e p\u00e9destre - Elorn et Gorre menez<\/h3>\n\n                  <!-- Tags r\u00e9sum\u00e9s (max 4) -->\n                  <div class=\"em-card-tags\">\n                                                          <\/div>\n\n                  <!-- Champs suppl\u00e9mentaires (max 3) -->\n                  <div class=\"em-card-fields\">\n                                          <div class=\"em-card-field\">\n                        <span class=\"em-card-field-label\">Titre :<\/span>\n                        <span class=\"em-card-field-value\">Randonn\u00e9e p\u00e9destre - Elorn et Gorre menez<\/span>\n                      <\/div>\n                                          <div class=\"em-card-field\">\n                        <span class=\"em-card-field-label\">Cat\u00e9gorie :<\/span>\n                        <span class=\"em-card-field-value\">Sport &amp; randonn\u00e9e<\/span>\n                      <\/div>\n                                          <div class=\"em-card-field\">\n                        <span class=\"em-card-field-label\">Ville :<\/span>\n                        <span class=\"em-card-field-value\">Loperhet<\/span>\n                      <\/div>\n                                      <\/div>\n\n                  <!-- Lien vers le d\u00e9tail -->\n                  <div class=\"em-card-footer\">\n                    <span>Voir le d\u00e9tail<\/span>\n                    <svg fill=\"none\" viewBox=\"0 0 24 24\" stroke=\"currentColor\" stroke-width=\"2\">\n                      <path stroke-linecap=\"round\" stroke-linejoin=\"round\" d=\"M13.5 4.5L21 12m0 0l-7.5 7.5M21 12H3\"><\/path>\n                    <\/svg>\n                  <\/div>\n                <\/div>\n              <\/article>\n                          <article class=\"em-card\"\n                data-type=\"evenements-locaux-6\"\n                data-features=\"\"\n                data-name=\"\u00c0 la lisi\u00e8re, entre l&#039;eau et la berge, entre la terre et le large\"\n                data-json=\"{&quot;name&quot;:&quot;\\u00c0 la lisi\\u00e8re, entre l&#039;eau et la berge, entre la terre et le large&quot;,&quot;image&quot;:&quot;&quot;,&quot;link&quot;:&quot;https:\\\/\\\/wwww.maisonpharedumillier.fr\\\/&quot;,&quot;data&quot;:{&quot;titre&quot;:&quot;\\u00c0 la lisi\\u00e8re, entre l&#039;eau et la berge, entre la terre et le large&quot;,&quot;description&quot;:&quot;L&#039;association Maison-phare du Millier pr\\u00e9sente 2 expositions avant la restauration du lieu. \\n\\nUne exposition sur l&#039;histoire de cette construction de signalisation maritime au XIX\\u00e8me si\\u00e8cle.\\n\\nEt les peintures de Laurence Bernard en \\u00e9cho \\u00e0 la berge, la terre, le large et l&#039;eau. Les \\u0153uvres de l&#039;artiste t\\u00e9moignent de la recherche d&#039;un geste graphique qui devient mouvement, amplitude, ondulation et respiration. Laurence Bernard peint sur toiles de lin et de chanvre du XIXe si\\u00e8cle.&quot;,&quot;categorie&quot;:&quot;Expositions&quot;,&quot;ville&quot;:&quot;Beuzec-Cap-Sizun&quot;,&quot;code_postal&quot;:&quot;29790&quot;,&quot;name&quot;:&quot;\\u00c0 la lisi\\u00e8re, entre l&#039;eau et la berge, entre la terre et le large&quot;,&quot;latitude&quot;:&quot;48.0990005&quot;,&quot;longitude&quot;:&quot;-4.4655718&quot;,&quot;link&quot;:&quot;https:\\\/\\\/wwww.maisonpharedumillier.fr\\\/&quot;},&quot;category&quot;:&quot;\\u00c9v\\u00e9nements locaux&quot;,&quot;faq&quot;:[],&quot;event&quot;:&quot;Du 09\\\/07\\\/2026 \\u00e0 15:00 au 29\\\/08\\\/2026 \\u00e0 23:59&quot;,&quot;video_url&quot;:&quot;&quot;,&quot;video_embed&quot;:null,&quot;documents&quot;:[],&quot;gallery&quot;:[]}\">\n\n                <!-- Image + badge cat\u00e9gorie -->\n                <div class=\"em-card-img-wrap\">\n                                      <div class=\"em-card-placeholder\">\ud83d\udcf7 Pas d'image<\/div>\n                                    <span class=\"em-card-badge badge-default\">\u00c9v\u00e9nements locaux<\/span>\n                <\/div>\n\n                <!-- Contenu de la card -->\n                <div class=\"em-card-body\">\n                  <h3 class=\"em-card-title\">\u00c0 la lisi\u00e8re, entre l&#039;eau et la berge, entre la terre et le large<\/h3>\n\n                  <!-- Tags r\u00e9sum\u00e9s (max 4) -->\n                  <div class=\"em-card-tags\">\n                                                          <\/div>\n\n                  <!-- Champs suppl\u00e9mentaires (max 3) -->\n                  <div class=\"em-card-fields\">\n                                          <div class=\"em-card-field\">\n                        <span class=\"em-card-field-label\">Titre :<\/span>\n                        <span class=\"em-card-field-value\">\u00c0 la lisi\u00e8re, entre l&#039;eau et la berge, entre la terre et le <\/span>\n                      <\/div>\n                                          <div class=\"em-card-field\">\n                        <span class=\"em-card-field-label\">Cat\u00e9gorie :<\/span>\n                        <span class=\"em-card-field-value\">Expositions<\/span>\n                      <\/div>\n                                          <div class=\"em-card-field\">\n                        <span class=\"em-card-field-label\">Ville :<\/span>\n                        <span class=\"em-card-field-value\">Beuzec-Cap-Sizun<\/span>\n                      <\/div>\n                                      <\/div>\n\n                  <!-- Lien vers le d\u00e9tail -->\n                  <div class=\"em-card-footer\">\n                    <span>Voir le d\u00e9tail<\/span>\n                    <svg fill=\"none\" viewBox=\"0 0 24 24\" stroke=\"currentColor\" stroke-width=\"2\">\n                      <path stroke-linecap=\"round\" stroke-linejoin=\"round\" d=\"M13.5 4.5L21 12m0 0l-7.5 7.5M21 12H3\"><\/path>\n                    <\/svg>\n                  <\/div>\n                <\/div>\n              <\/article>\n                          <article class=\"em-card\"\n                data-type=\"evenements-locaux-6\"\n                data-features=\"\"\n                data-name=\"journ\u00e9e des abris\"\n                data-json=\"{&quot;name&quot;:&quot;Journ\\u00e9e des Abris&quot;,&quot;image&quot;:&quot;&quot;,&quot;link&quot;:&quot;https:\\\/\\\/brest.fr\\\/journee-des-abris&quot;,&quot;data&quot;:{&quot;titre&quot;:&quot;Journ\\u00e9e des Abris&quot;,&quot;description&quot;:&quot;Cette journ\\u00e9e est organis\\u00e9e dans le cadre des c\\u00e9r\\u00e9monies comm\\u00e9moratives de la Lib\\u00e9ration de Brest. Elles se d\\u00e9rouleront successivement sur quatre sites pour rendre hommage aux nombreuses victimes civiles des bombardements.\\n\\nD\\u00e9roul\\u00e9 des c\\u00e9r\\u00e9monies :\\n9h15 : Abri de Saint-Pierre (mur d\\u2019enceinte de l\\u2019\\u00e9glise, route des Quatre-Pompes)\\n10h00 : Abri de Lamb\\u00e9zellec (bois de la Brasserie, rue Marguerite Duras)\\n10h45 : Abri de l\\u2019H\\u00f4pital Ponchelet (entr\\u00e9e rue Jules Guesde)\\n11h15 : Abri Sadi Carnot (entr\\u00e9e rue Emile Zola partie haute)&quot;,&quot;categorie&quot;:&quot;Autres \\u00e9v\\u00e9nements&quot;,&quot;ville&quot;:&quot;Brest&quot;,&quot;code_postal&quot;:&quot;29200&quot;,&quot;name&quot;:&quot;Journ\\u00e9e des Abris&quot;,&quot;latitude&quot;:&quot;48.3904800&quot;,&quot;longitude&quot;:&quot;-4.4867100&quot;,&quot;link&quot;:&quot;https:\\\/\\\/brest.fr\\\/journee-des-abris&quot;},&quot;category&quot;:&quot;\\u00c9v\\u00e9nements locaux&quot;,&quot;faq&quot;:[],&quot;event&quot;:&quot;Du 09\\\/09\\\/2026 au 09\\\/09\\\/2026 \\u00e0 23:59&quot;,&quot;video_url&quot;:&quot;&quot;,&quot;video_embed&quot;:null,&quot;documents&quot;:[],&quot;gallery&quot;:[]}\">\n\n                <!-- Image + badge cat\u00e9gorie -->\n                <div class=\"em-card-img-wrap\">\n                                      <div class=\"em-card-placeholder\">\ud83d\udcf7 Pas d'image<\/div>\n                                    <span class=\"em-card-badge badge-default\">\u00c9v\u00e9nements locaux<\/span>\n                <\/div>\n\n                <!-- Contenu de la card -->\n                <div class=\"em-card-body\">\n                  <h3 class=\"em-card-title\">Journ\u00e9e des Abris<\/h3>\n\n                  <!-- Tags r\u00e9sum\u00e9s (max 4) -->\n                  <div class=\"em-card-tags\">\n                                                          <\/div>\n\n                  <!-- Champs suppl\u00e9mentaires (max 3) -->\n                  <div class=\"em-card-fields\">\n                                          <div class=\"em-card-field\">\n                        <span class=\"em-card-field-label\">Titre :<\/span>\n                        <span class=\"em-card-field-value\">Journ\u00e9e des Abris<\/span>\n                      <\/div>\n                                          <div class=\"em-card-field\">\n                        <span class=\"em-card-field-label\">Cat\u00e9gorie :<\/span>\n                        <span class=\"em-card-field-value\">Autres \u00e9v\u00e9nements<\/span>\n                      <\/div>\n                                          <div class=\"em-card-field\">\n                        <span class=\"em-card-field-label\">Ville :<\/span>\n                        <span class=\"em-card-field-value\">Brest<\/span>\n                      <\/div>\n                                      <\/div>\n\n                  <!-- Lien vers le d\u00e9tail -->\n                  <div class=\"em-card-footer\">\n                    <span>Voir le d\u00e9tail<\/span>\n                    <svg fill=\"none\" viewBox=\"0 0 24 24\" stroke=\"currentColor\" stroke-width=\"2\">\n                      <path stroke-linecap=\"round\" stroke-linejoin=\"round\" d=\"M13.5 4.5L21 12m0 0l-7.5 7.5M21 12H3\"><\/path>\n                    <\/svg>\n                  <\/div>\n                <\/div>\n              <\/article>\n                          <article class=\"em-card\"\n                data-type=\"evenements-locaux-6\"\n                data-features=\"\"\n                data-name=\"hermeline, seule en sc\u00e8ne-one woman show\"\n                data-json=\"{&quot;name&quot;:&quot;Hermeline, Seule en Sc\\u00e8ne-One Woman Show&quot;,&quot;image&quot;:&quot;&quot;,&quot;link&quot;:&quot;https:\\\/\\\/comediedufinistere.fr\\\/spectacles\\\/hermeline\\\/&quot;,&quot;data&quot;:{&quot;titre&quot;:&quot;Hermeline, Seule en Sc\\u00e8ne-One Woman Show&quot;,&quot;description&quot;:&quot;On croit qu\\u2019on a oubli\\u00e9 ? C\\u2019est faux.\\n\\nIl suffit d\\u2019un son. D\\u2019une voix. D\\u2019une cassette qui gr\\u00e9sille. George Michael r\\u00e9\\u00e9dit\\u00e9.\\n\\nEt tout revient de votre vous d&#039;hier. Les \\u00e9motions. L\\u2019\\u00e2ge. Intacts.\\n\\nHermeline rembobine. Et vous tend le micro.\\n\\nUn seule en sc\\u00e8ne intimiste et interactif, o\\u00f9 les souvenirs prennent l\\u2019antenne.\\n\\n\\u00c9lucubrations, confidences, nostalgie en partage.\\n\\nEt vous, quel est votre souvenir vintage ?\\n\\n\\nInformations pratiques :\\n\\nDur\\u00e9e 1h15\\nTout public\\nSalle accessible aux PMR\\nPlacement libre, par ordre d&#039;arriv\\u00e9e\\nAcc\\u00e8s \\u00e0 la salle possible avec contr\\u00f4le billet 30 minutes avant le d\\u00e9but de la repr\\u00e9sentation\\nL&#039;horaire indiqu\\u00e9 correspond \\u00e0 l&#039;heure de d\\u00e9but du spectacle. Toute personne se pr\\u00e9sentant apr\\u00e8s cet horaire, m\\u00eame en possession d&#039;un billet, pourra se voir refuser l&#039;acc\\u00e8s \\u00e0 la salle.&quot;,&quot;categorie&quot;:&quot;Spectacles &amp; cin\\u00e9ma&quot;,&quot;ville&quot;:&quot;Brest&quot;,&quot;code_postal&quot;:&quot;29200&quot;,&quot;name&quot;:&quot;Hermeline, Seule en Sc\\u00e8ne-One Woman Show&quot;,&quot;latitude&quot;:&quot;48.3890223&quot;,&quot;longitude&quot;:&quot;-4.4983387&quot;,&quot;link&quot;:&quot;https:\\\/\\\/comediedufinistere.fr\\\/spectacles\\\/hermeline\\\/&quot;},&quot;category&quot;:&quot;\\u00c9v\\u00e9nements locaux&quot;,&quot;faq&quot;:[],&quot;event&quot;:&quot;Du 09\\\/09\\\/2026 \\u00e0 20:00 au 09\\\/09\\\/2026 \\u00e0 23:59&quot;,&quot;video_url&quot;:&quot;&quot;,&quot;video_embed&quot;:null,&quot;documents&quot;:[],&quot;gallery&quot;:[]}\">\n\n                <!-- Image + badge cat\u00e9gorie -->\n                <div class=\"em-card-img-wrap\">\n                                      <div class=\"em-card-placeholder\">\ud83d\udcf7 Pas d'image<\/div>\n                                    <span class=\"em-card-badge badge-default\">\u00c9v\u00e9nements locaux<\/span>\n                <\/div>\n\n                <!-- Contenu de la card -->\n                <div class=\"em-card-body\">\n                  <h3 class=\"em-card-title\">Hermeline, Seule en Sc\u00e8ne-One Woman Show<\/h3>\n\n                  <!-- Tags r\u00e9sum\u00e9s (max 4) -->\n                  <div class=\"em-card-tags\">\n                                                          <\/div>\n\n                  <!-- Champs suppl\u00e9mentaires (max 3) -->\n                  <div class=\"em-card-fields\">\n                                          <div class=\"em-card-field\">\n                        <span class=\"em-card-field-label\">Titre :<\/span>\n                        <span class=\"em-card-field-value\">Hermeline, Seule en Sc\u00e8ne-One Woman Show<\/span>\n                      <\/div>\n                                          <div class=\"em-card-field\">\n                        <span class=\"em-card-field-label\">Cat\u00e9gorie :<\/span>\n                        <span class=\"em-card-field-value\">Spectacles &amp; cin\u00e9ma<\/span>\n                      <\/div>\n                                          <div class=\"em-card-field\">\n                        <span class=\"em-card-field-label\">Ville :<\/span>\n                        <span class=\"em-card-field-value\">Brest<\/span>\n                      <\/div>\n                                      <\/div>\n\n                  <!-- Lien vers le d\u00e9tail -->\n                  <div class=\"em-card-footer\">\n                    <span>Voir le d\u00e9tail<\/span>\n                    <svg fill=\"none\" viewBox=\"0 0 24 24\" stroke=\"currentColor\" stroke-width=\"2\">\n                      <path stroke-linecap=\"round\" stroke-linejoin=\"round\" d=\"M13.5 4.5L21 12m0 0l-7.5 7.5M21 12H3\"><\/path>\n                    <\/svg>\n                  <\/div>\n                <\/div>\n              <\/article>\n                          <article class=\"em-card\"\n                data-type=\"evenements-locaux-6\"\n                data-features=\"\"\n                data-name=\"d\u00e9couverte de la marche afghane avec terre d&#039;\u00e9cume\"\n                data-json=\"{&quot;name&quot;:&quot;D\\u00e9couverte de la marche afghane avec Terre d&#039;\\u00e9cume&quot;,&quot;image&quot;:&quot;&quot;,&quot;link&quot;:&quot;https:\\\/\\\/terredecume.fr\\\/&quot;,&quot;data&quot;:{&quot;titre&quot;:&quot;D\\u00e9couverte de la marche afghane avec Terre d&#039;\\u00e9cume&quot;,&quot;description&quot;:&quot;La marche afghane est une technique de respiration qui permet de synchroniser sa respiration avec le pas en fonction du terrain.\\n\\nMarchez aux c\\u00f4t\\u00e9s de Terre d&#039;\\u00e9cume sur les d\\u00e9nivel\\u00e9s de l\\u2019Iroise pour exp\\u00e9rimenter cette technique qui vous permettra de g\\u00e9rer votre effort physique pendant la marche. Nous travaillerons \\u00e9galement sur la prise de conscience du corps et sur la r\\u00e9cup\\u00e9ration. Rendez-vous sur le GR34 pour d\\u00e9couvrir une nouvelle exp\\u00e9rience de marche.\\n\\nNiveau de difficult\\u00e9 et parcours adapt\\u00e9 \\u00e0 vos besoins et envies.\\n\\nR\\u00e9servable en formule \\&quot;cocon solo\\&quot;, vous partez seul avec moi pour vous faire chouchouter ou pour rallier un objectif personnel ( gestion du stress, pr\\u00e9paration physique, pr\\u00e9paration d&#039;un trek ou GR...).\\n\\nInformations pratiques : \\n\\nLieux : GR34 ( lieux de d\\u00e9parts entre Ste Anne du Portzic, phare du petit minou et plage de Porsmilin).\\nLes mardis \\u00e0 13h 30 \\nNombre de places limit\\u00e9 \\u00e0 15 personnes\\\/journ\\u00e9e.\\n\\u00c0 partir de 16 ans.\\nDur\\u00e9e : 2 \\u00e0 3h\\n&gt; R\\u00e9servation en ligne ou par t\\u00e9l\\u00e9phone.\\n\\nCartes cadeaux disponibles.&quot;,&quot;categorie&quot;:&quot;Sport &amp; randonn\\u00e9e&quot;,&quot;ville&quot;:&quot;Plouzan\\u00e9&quot;,&quot;code_postal&quot;:&quot;29280&quot;,&quot;name&quot;:&quot;D\\u00e9couverte de la marche afghane avec Terre d&#039;\\u00e9cume&quot;,&quot;latitude&quot;:&quot;48.3561900&quot;,&quot;longitude&quot;:&quot;-4.6783800&quot;,&quot;link&quot;:&quot;https:\\\/\\\/terredecume.fr\\\/&quot;},&quot;category&quot;:&quot;\\u00c9v\\u00e9nements locaux&quot;,&quot;faq&quot;:[],&quot;event&quot;:&quot;Du 01\\\/09\\\/2026 \\u00e0 13:30 au 01\\\/09\\\/2026 \\u00e0 23:59&quot;,&quot;video_url&quot;:&quot;&quot;,&quot;video_embed&quot;:null,&quot;documents&quot;:[],&quot;gallery&quot;:[]}\">\n\n                <!-- Image + badge cat\u00e9gorie -->\n                <div class=\"em-card-img-wrap\">\n                                      <div class=\"em-card-placeholder\">\ud83d\udcf7 Pas d'image<\/div>\n                                    <span class=\"em-card-badge badge-default\">\u00c9v\u00e9nements locaux<\/span>\n                <\/div>\n\n                <!-- Contenu de la card -->\n                <div class=\"em-card-body\">\n                  <h3 class=\"em-card-title\">D\u00e9couverte de la marche afghane avec Terre d&#039;\u00e9cume<\/h3>\n\n                  <!-- Tags r\u00e9sum\u00e9s (max 4) -->\n                  <div class=\"em-card-tags\">\n                                                          <\/div>\n\n                  <!-- Champs suppl\u00e9mentaires (max 3) -->\n                  <div class=\"em-card-fields\">\n                                          <div class=\"em-card-field\">\n                        <span class=\"em-card-field-label\">Titre :<\/span>\n                        <span class=\"em-card-field-value\">D\u00e9couverte de la marche afghane avec Terre d&#039;\u00e9cume<\/span>\n                      <\/div>\n                                          <div class=\"em-card-field\">\n                        <span class=\"em-card-field-label\">Cat\u00e9gorie :<\/span>\n                        <span class=\"em-card-field-value\">Sport &amp; randonn\u00e9e<\/span>\n                      <\/div>\n                                          <div class=\"em-card-field\">\n                        <span class=\"em-card-field-label\">Ville :<\/span>\n                        <span class=\"em-card-field-value\">Plouzan\u00e9<\/span>\n                      <\/div>\n                                      <\/div>\n\n                  <!-- Lien vers le d\u00e9tail -->\n                  <div class=\"em-card-footer\">\n                    <span>Voir le d\u00e9tail<\/span>\n                    <svg fill=\"none\" viewBox=\"0 0 24 24\" stroke=\"currentColor\" stroke-width=\"2\">\n                      <path stroke-linecap=\"round\" stroke-linejoin=\"round\" d=\"M13.5 4.5L21 12m0 0l-7.5 7.5M21 12H3\"><\/path>\n                    <\/svg>\n                  <\/div>\n                <\/div>\n              <\/article>\n                          <article class=\"em-card\"\n                data-type=\"evenements-locaux-6\"\n                data-features=\"\"\n                data-name=\"les marguerites #2 \u2013 march\u00e9 de micro-\u00e9ditions\"\n                data-json=\"{&quot;name&quot;:&quot;Les Marguerites #2 \\u2013 March\\u00e9 de micro-\\u00e9ditions&quot;,&quot;image&quot;:&quot;&quot;,&quot;link&quot;:&quot;http:\\\/\\\/lapluiedete.fr\\\/&quot;,&quot;data&quot;:{&quot;titre&quot;:&quot;Les Marguerites #2 \\u2013 March\\u00e9 de micro-\\u00e9ditions&quot;,&quot;description&quot;:&quot;Les Marguerites poussent pour une deuxi\\u00e8me \\u00e9dition, arros\\u00e9es par la librairie La Pluie d&#039;\\u00c9t\\u00e9 ! \\n\\nRetrouvez les productions d&#039;artistes et d&#039;artisan\\u00b7es de l&#039;image et du papier, qui con\\u00e7oivent et fa\\u00e7onnent des objets imprim\\u00e9s, des fanzines et de la papeterie. \\n\\nLa journ\\u00e9e sera ponctu\\u00e9e par un concert de la chorale des Ondes Vagabondes \\u00e0 17h. \\n\\nPetite restauration sur place, propos\\u00e9e par la librairie.&quot;,&quot;categorie&quot;:&quot;Autres \\u00e9v\\u00e9nements&quot;,&quot;ville&quot;:&quot;Pont-Croix&quot;,&quot;code_postal&quot;:&quot;29790&quot;,&quot;name&quot;:&quot;Les Marguerites #2 \\u2013 March\\u00e9 de micro-\\u00e9ditions&quot;,&quot;latitude&quot;:&quot;48.0410261&quot;,&quot;longitude&quot;:&quot;-4.4879467&quot;,&quot;link&quot;:&quot;http:\\\/\\\/lapluiedete.fr\\\/&quot;},&quot;category&quot;:&quot;\\u00c9v\\u00e9nements locaux&quot;,&quot;faq&quot;:[],&quot;event&quot;:&quot;Du 05\\\/09\\\/2026 \\u00e0 11:00 au 05\\\/09\\\/2026 \\u00e0 23:59&quot;,&quot;video_url&quot;:&quot;&quot;,&quot;video_embed&quot;:null,&quot;documents&quot;:[],&quot;gallery&quot;:[]}\">\n\n                <!-- Image + badge cat\u00e9gorie -->\n                <div class=\"em-card-img-wrap\">\n                                      <div class=\"em-card-placeholder\">\ud83d\udcf7 Pas d'image<\/div>\n                                    <span class=\"em-card-badge badge-default\">\u00c9v\u00e9nements locaux<\/span>\n                <\/div>\n\n                <!-- Contenu de la card -->\n                <div class=\"em-card-body\">\n                  <h3 class=\"em-card-title\">Les Marguerites #2 \u2013 March\u00e9 de micro-\u00e9ditions<\/h3>\n\n                  <!-- Tags r\u00e9sum\u00e9s (max 4) -->\n                  <div class=\"em-card-tags\">\n                                                          <\/div>\n\n                  <!-- Champs suppl\u00e9mentaires (max 3) -->\n                  <div class=\"em-card-fields\">\n                                          <div class=\"em-card-field\">\n                        <span class=\"em-card-field-label\">Titre :<\/span>\n                        <span class=\"em-card-field-value\">Les Marguerites #2 \u2013 March\u00e9 de micro-\u00e9ditions<\/span>\n                      <\/div>\n                                          <div class=\"em-card-field\">\n                        <span class=\"em-card-field-label\">Cat\u00e9gorie :<\/span>\n                        <span class=\"em-card-field-value\">Autres \u00e9v\u00e9nements<\/span>\n                      <\/div>\n                                          <div class=\"em-card-field\">\n                        <span class=\"em-card-field-label\">Ville :<\/span>\n                        <span class=\"em-card-field-value\">Pont-Croix<\/span>\n                      <\/div>\n                                      <\/div>\n\n                  <!-- Lien vers le d\u00e9tail -->\n                  <div class=\"em-card-footer\">\n                    <span>Voir le d\u00e9tail<\/span>\n                    <svg fill=\"none\" viewBox=\"0 0 24 24\" stroke=\"currentColor\" stroke-width=\"2\">\n                      <path stroke-linecap=\"round\" stroke-linejoin=\"round\" d=\"M13.5 4.5L21 12m0 0l-7.5 7.5M21 12H3\"><\/path>\n                    <\/svg>\n                  <\/div>\n                <\/div>\n              <\/article>\n                          <article class=\"em-card\"\n                data-type=\"evenements-locaux-6\"\n                data-features=\"\"\n                data-name=\"f\u00eate de l&#039;ulamir \u00e0 l&#039;incroyable jardin\"\n                data-json=\"{&quot;name&quot;:&quot;F\\u00eate de l&#039;ULAMIR \\u00e0 l&#039;Incroyable Jardin&quot;,&quot;image&quot;:&quot;&quot;,&quot;link&quot;:&quot;&quot;,&quot;data&quot;:{&quot;titre&quot;:&quot;F\\u00eate de l&#039;ULAMIR \\u00e0 l&#039;Incroyable Jardin&quot;,&quot;description&quot;:&quot;L&#039;ULAMIR vous propose de conclure ces vacances d&#039;\\u00e9t\\u00e9, lors d&#039;un \\u00e9v\\u00e8nement doux et convivial. Pour l&#039;occasion nous vous accueillons \\u00e0 l&#039;Incroyable jardin de Crozon. \\n\\n\\nUn atelier participatif pour tous les ages sera propos\\u00e9 pour r\\u00e9fl\\u00e9chir \\u00e0 l&#039;Incroyable Centre social que nous imaginerons ensemble de mani\\u00e8re ludique. \\n\\n\\nL&#039;accueil de l&#039;ULAMIR sera exceptionnellement au grand air pour l&#039;occasion, vous pourrez d&#039;ores et d\\u00e9j\\u00e0 adh\\u00e9rer, ou bien vous pr\\u00e9-inscrire sur les activit\\u00e9s qui vous int\\u00e9ressent. Et aussi et surtout venir nous rencontrer pour discuter et d\\u00e9couvrir ou bien red\\u00e9couvrir l&#039;ULAMIR. \\n\\n\\nDes animations seront propos\\u00e9e pour toutes et tous en libre acc\\u00e8s ainsi que des cr\\u00eapes \\u00e0 l&#039;odeur all\\u00e9chante. \\n\\n\\n\\u00e0 15h30 nous vous proposerons un spectacle libre et gratuit avec la compagnie A corps et Ames:\\n\\nLes Vovos:\\n\\nLes Vov\\u00f3s sont deux tr\\u00e8s vieilles femmes qui essayent tous les jours de se sentir bien dans leurs pompes. Elles ont plus d\\u2019un tour dans leurs sacs pour prouver au monde que malgr\\u00e9 leur \\u00e2ge, on peut encore croquer la vie, embrasser son d\\u00e9sir, parler d\\u2019amour, d\\u2019amiti\\u00e9, de sexe, et de couches qui d\\u00e9bordent.\\n\\nQue c\\u2019est \\u00e7a aussi, la vie. Et qu\\u2019\\u00e0 cela, personne n\\u2019\\u00e9chappe. Mais avant, elles \\u00e9taient trois. Il y avait Abigail...\\n\\nCe spectacle est la c\\u00e9r\\u00e9monie d\\u2019adieu \\u00e0 leur amie. Munies de leurs d\\u00e9ambulateurs et d\\u2019une petite malle en bois dans laquelle sont collect\\u00e9s pr\\u00e9cieusement leurs souvenirs ensemble, c\\u2019est \\u00e0 travers la danse que Brooke et Maggie lui rendent un hommage intime et po\\u00e9tique, afin d\\u2019adoucir notre rapport \\u00e0 la mort et suspendre le temps qui file.\\n\\nMaintenant, il faut continuer \\u00e0 deux et danser pour ne pas perdre pied, et comme disait Pina Bausch \\u00abDansez, dansez sinon nous sommes perdu.es...\\u00bb&quot;,&quot;categorie&quot;:&quot;Autres \\u00e9v\\u00e9nements&quot;,&quot;ville&quot;:&quot;Crozon&quot;,&quot;code_postal&quot;:&quot;29160&quot;,&quot;name&quot;:&quot;F\\u00eate de l&#039;ULAMIR \\u00e0 l&#039;Incroyable Jardin&quot;,&quot;latitude&quot;:&quot;48.2383100&quot;,&quot;longitude&quot;:&quot;-4.4959300&quot;},&quot;category&quot;:&quot;\\u00c9v\\u00e9nements locaux&quot;,&quot;faq&quot;:[],&quot;event&quot;:&quot;Du 30\\\/08\\\/2026 \\u00e0 14:00 au 30\\\/08\\\/2026 \\u00e0 23:59&quot;,&quot;video_url&quot;:&quot;&quot;,&quot;video_embed&quot;:null,&quot;documents&quot;:[],&quot;gallery&quot;:[]}\">\n\n                <!-- Image + badge cat\u00e9gorie -->\n                <div class=\"em-card-img-wrap\">\n                                      <div class=\"em-card-placeholder\">\ud83d\udcf7 Pas d'image<\/div>\n                                    <span class=\"em-card-badge badge-default\">\u00c9v\u00e9nements locaux<\/span>\n                <\/div>\n\n                <!-- Contenu de la card -->\n                <div class=\"em-card-body\">\n                  <h3 class=\"em-card-title\">F\u00eate de l&#039;ULAMIR \u00e0 l&#039;Incroyable Jardin<\/h3>\n\n                  <!-- Tags r\u00e9sum\u00e9s (max 4) -->\n                  <div class=\"em-card-tags\">\n                                                          <\/div>\n\n                  <!-- Champs suppl\u00e9mentaires (max 3) -->\n                  <div class=\"em-card-fields\">\n                                          <div class=\"em-card-field\">\n                        <span class=\"em-card-field-label\">Titre :<\/span>\n                        <span class=\"em-card-field-value\">F\u00eate de l&#039;ULAMIR \u00e0 l&#039;Incroyable Jardin<\/span>\n                      <\/div>\n                                          <div class=\"em-card-field\">\n                        <span class=\"em-card-field-label\">Cat\u00e9gorie :<\/span>\n                        <span class=\"em-card-field-value\">Autres \u00e9v\u00e9nements<\/span>\n                      <\/div>\n                                          <div class=\"em-card-field\">\n                        <span class=\"em-card-field-label\">Ville :<\/span>\n                        <span class=\"em-card-field-value\">Crozon<\/span>\n                      <\/div>\n                                      <\/div>\n\n                  <!-- Lien vers le d\u00e9tail -->\n                  <div class=\"em-card-footer\">\n                    <span>Voir le d\u00e9tail<\/span>\n                    <svg fill=\"none\" viewBox=\"0 0 24 24\" stroke=\"currentColor\" stroke-width=\"2\">\n                      <path stroke-linecap=\"round\" stroke-linejoin=\"round\" d=\"M13.5 4.5L21 12m0 0l-7.5 7.5M21 12H3\"><\/path>\n                    <\/svg>\n                  <\/div>\n                <\/div>\n              <\/article>\n                          <article class=\"em-card\"\n                data-type=\"evenements-locaux-6\"\n                data-features=\"\"\n                data-name=\"visite guid\u00e9e \u00ab\u00a0les rendez-vous de la pointe\u00a0\u00bb\"\n                data-json=\"{&quot;name&quot;:&quot;Visite guid\\u00e9e \\u00ab\\u00a0Les rendez-vous de la Pointe\\u00a0\\u00bb&quot;,&quot;image&quot;:&quot;&quot;,&quot;link&quot;:&quot;https:\\\/\\\/www.toutcommenceenfinistere.com\\\/pointe-du-raz\\\/preparer-sa-visite\\\/&quot;,&quot;data&quot;:{&quot;titre&quot;:&quot;Visite guid\\u00e9e \\u00ab\\u00a0Les rendez-vous de la Pointe\\u00a0\\u00bb&quot;,&quot;description&quot;:&quot;Comprendre un paysage d\\u2019exception, en famille.\\n\\nCette visite guid\\u00e9e invite petits et grands \\u00e0 d\\u00e9couvrir les paysages spectaculaires de la Pointe du Raz et \\u00e0 comprendre ce qui fait la singularit\\u00e9 de ce site embl\\u00e9matique du Finist\\u00e8re. Au fil du parcours, le guide d\\u00e9crypte la formation des falaises, l\\u2019influence des vents et des courants, ainsi que l\\u2019histoire humaine intimement li\\u00e9e \\u00e0 ce bout du monde. Anecdotes, observations et \\u00e9changes rythment la visite, pens\\u00e9e pour \\u00eatre accessible et ludique. Une formule id\\u00e9ale pour une premi\\u00e8re approche du site, \\u00e0 partager en famille, entre terre et mer.\\n\\nD\\u00e9part du s\\u00e9maphore (\\u00e0 800 m du parking) - Dur\\u00e9e 1h&quot;,&quot;categorie&quot;:&quot;Sport &amp; randonn\\u00e9e&quot;,&quot;ville&quot;:&quot;Plogoff&quot;,&quot;code_postal&quot;:&quot;29770&quot;,&quot;name&quot;:&quot;Visite guid\\u00e9e \\u00ab\\u00a0Les rendez-vous de la Pointe\\u00a0\\u00bb&quot;,&quot;latitude&quot;:&quot;48.0408590&quot;,&quot;longitude&quot;:&quot;-4.6709770&quot;,&quot;link&quot;:&quot;https:\\\/\\\/www.toutcommenceenfinistere.com\\\/pointe-du-raz\\\/preparer-sa-visite\\\/&quot;},&quot;category&quot;:&quot;\\u00c9v\\u00e9nements locaux&quot;,&quot;faq&quot;:[],&quot;event&quot;:&quot;Du 06\\\/09\\\/2026 \\u00e0 14:00 au 06\\\/09\\\/2026 \\u00e0 23:59&quot;,&quot;video_url&quot;:&quot;&quot;,&quot;video_embed&quot;:null,&quot;documents&quot;:[],&quot;gallery&quot;:[]}\">\n\n                <!-- Image + badge cat\u00e9gorie -->\n                <div class=\"em-card-img-wrap\">\n                                      <div class=\"em-card-placeholder\">\ud83d\udcf7 Pas d'image<\/div>\n                                    <span class=\"em-card-badge badge-default\">\u00c9v\u00e9nements locaux<\/span>\n                <\/div>\n\n                <!-- Contenu de la card -->\n                <div class=\"em-card-body\">\n                  <h3 class=\"em-card-title\">Visite guid\u00e9e \u00ab\u00a0Les rendez-vous de la Pointe\u00a0\u00bb<\/h3>\n\n                  <!-- Tags r\u00e9sum\u00e9s (max 4) -->\n                  <div class=\"em-card-tags\">\n                                                          <\/div>\n\n                  <!-- Champs suppl\u00e9mentaires (max 3) -->\n                  <div class=\"em-card-fields\">\n                                          <div class=\"em-card-field\">\n                        <span class=\"em-card-field-label\">Titre :<\/span>\n                        <span class=\"em-card-field-value\">Visite guid\u00e9e \u00ab\u00a0Les rendez-vous de la Pointe\u00a0\u00bb<\/span>\n                      <\/div>\n                                          <div class=\"em-card-field\">\n                        <span class=\"em-card-field-label\">Cat\u00e9gorie :<\/span>\n                        <span class=\"em-card-field-value\">Sport &amp; randonn\u00e9e<\/span>\n                      <\/div>\n                                          <div class=\"em-card-field\">\n                        <span class=\"em-card-field-label\">Ville :<\/span>\n                        <span class=\"em-card-field-value\">Plogoff<\/span>\n                      <\/div>\n                                      <\/div>\n\n                  <!-- Lien vers le d\u00e9tail -->\n                  <div class=\"em-card-footer\">\n                    <span>Voir le d\u00e9tail<\/span>\n                    <svg fill=\"none\" viewBox=\"0 0 24 24\" stroke=\"currentColor\" stroke-width=\"2\">\n                      <path stroke-linecap=\"round\" stroke-linejoin=\"round\" d=\"M13.5 4.5L21 12m0 0l-7.5 7.5M21 12H3\"><\/path>\n                    <\/svg>\n                  <\/div>\n                <\/div>\n              <\/article>\n                          <article class=\"em-card\"\n                data-type=\"evenements-locaux-6\"\n                data-features=\"\"\n                data-name=\"visite guid\u00e9e \u00ab\u00a0les rendez-vous de la pointe\u00a0\u00bb\"\n                data-json=\"{&quot;name&quot;:&quot;Visite guid\\u00e9e \\u00ab\\u00a0Les rendez-vous de la Pointe\\u00a0\\u00bb&quot;,&quot;image&quot;:&quot;&quot;,&quot;link&quot;:&quot;https:\\\/\\\/www.toutcommenceenfinistere.com\\\/pointe-du-raz\\\/preparer-sa-visite\\\/&quot;,&quot;data&quot;:{&quot;titre&quot;:&quot;Visite guid\\u00e9e \\u00ab\\u00a0Les rendez-vous de la Pointe\\u00a0\\u00bb&quot;,&quot;description&quot;:&quot;Comprendre un paysage d\\u2019exception, en famille.\\n\\nCette visite guid\\u00e9e invite petits et grands \\u00e0 d\\u00e9couvrir les paysages spectaculaires de la Pointe du Raz et \\u00e0 comprendre ce qui fait la singularit\\u00e9 de ce site embl\\u00e9matique du Finist\\u00e8re. Au fil du parcours, le guide d\\u00e9crypte la formation des falaises, l\\u2019influence des vents et des courants, ainsi que l\\u2019histoire humaine intimement li\\u00e9e \\u00e0 ce bout du monde. Anecdotes, observations et \\u00e9changes rythment la visite, pens\\u00e9e pour \\u00eatre accessible et ludique. Une formule id\\u00e9ale pour une premi\\u00e8re approche du site, \\u00e0 partager en famille, entre terre et mer.\\n\\nD\\u00e9part du s\\u00e9maphore (\\u00e0 800 m du parking) - Dur\\u00e9e 1h&quot;,&quot;categorie&quot;:&quot;Sport &amp; randonn\\u00e9e&quot;,&quot;ville&quot;:&quot;Plogoff&quot;,&quot;code_postal&quot;:&quot;29770&quot;,&quot;name&quot;:&quot;Visite guid\\u00e9e \\u00ab\\u00a0Les rendez-vous de la Pointe\\u00a0\\u00bb&quot;,&quot;latitude&quot;:&quot;48.0408590&quot;,&quot;longitude&quot;:&quot;-4.6709770&quot;,&quot;link&quot;:&quot;https:\\\/\\\/www.toutcommenceenfinistere.com\\\/pointe-du-raz\\\/preparer-sa-visite\\\/&quot;},&quot;category&quot;:&quot;\\u00c9v\\u00e9nements locaux&quot;,&quot;faq&quot;:[],&quot;event&quot;:&quot;Du 09\\\/09\\\/2026 \\u00e0 16:00 au 09\\\/09\\\/2026 \\u00e0 23:59&quot;,&quot;video_url&quot;:&quot;&quot;,&quot;video_embed&quot;:null,&quot;documents&quot;:[],&quot;gallery&quot;:[]}\">\n\n                <!-- Image + badge cat\u00e9gorie -->\n                <div class=\"em-card-img-wrap\">\n                                      <div class=\"em-card-placeholder\">\ud83d\udcf7 Pas d'image<\/div>\n                                    <span class=\"em-card-badge badge-default\">\u00c9v\u00e9nements locaux<\/span>\n                <\/div>\n\n                <!-- Contenu de la card -->\n                <div class=\"em-card-body\">\n                  <h3 class=\"em-card-title\">Visite guid\u00e9e \u00ab\u00a0Les rendez-vous de la Pointe\u00a0\u00bb<\/h3>\n\n                  <!-- Tags r\u00e9sum\u00e9s (max 4) -->\n                  <div class=\"em-card-tags\">\n                                                          <\/div>\n\n                  <!-- Champs suppl\u00e9mentaires (max 3) -->\n                  <div class=\"em-card-fields\">\n                                          <div class=\"em-card-field\">\n                        <span class=\"em-card-field-label\">Titre :<\/span>\n                        <span class=\"em-card-field-value\">Visite guid\u00e9e \u00ab\u00a0Les rendez-vous de la Pointe\u00a0\u00bb<\/span>\n                      <\/div>\n                                          <div class=\"em-card-field\">\n                        <span class=\"em-card-field-label\">Cat\u00e9gorie :<\/span>\n                        <span class=\"em-card-field-value\">Sport &amp; randonn\u00e9e<\/span>\n                      <\/div>\n                                          <div class=\"em-card-field\">\n                        <span class=\"em-card-field-label\">Ville :<\/span>\n                        <span class=\"em-card-field-value\">Plogoff<\/span>\n                      <\/div>\n                                      <\/div>\n\n                  <!-- Lien vers le d\u00e9tail -->\n                  <div class=\"em-card-footer\">\n                    <span>Voir le d\u00e9tail<\/span>\n                    <svg fill=\"none\" viewBox=\"0 0 24 24\" stroke=\"currentColor\" stroke-width=\"2\">\n                      <path stroke-linecap=\"round\" stroke-linejoin=\"round\" d=\"M13.5 4.5L21 12m0 0l-7.5 7.5M21 12H3\"><\/path>\n                    <\/svg>\n                  <\/div>\n                <\/div>\n              <\/article>\n                          <article class=\"em-card\"\n                data-type=\"evenements-locaux-6\"\n                data-features=\"\"\n                data-name=\"soir\u00e9e tatouages \u00e9ph\u00e9m\u00e8res\"\n                data-json=\"{&quot;name&quot;:&quot;Soir\\u00e9e tatouages \\u00e9ph\\u00e9m\\u00e8res&quot;,&quot;image&quot;:&quot;&quot;,&quot;link&quot;:&quot;http:\\\/\\\/www.larecredes3cures.com\\\/&quot;,&quot;data&quot;:{&quot;titre&quot;:&quot;Soir\\u00e9e tatouages \\u00e9ph\\u00e9m\\u00e8res&quot;,&quot;description&quot;:&quot;Le temps d&#039;une soir\\u00e9e, laissez courir votre imagination et Guillaume Duval vous fera le tatouage (\\u00e9ph\\u00e9m\\u00e8re) qui fera de vous le pirate ou le motard que vous avez toujours voulu \\u00eatre !&quot;,&quot;categorie&quot;:&quot;Spectacles &amp; cin\\u00e9ma&quot;,&quot;ville&quot;:&quot;Milizac-Guipronvel&quot;,&quot;code_postal&quot;:&quot;29290&quot;,&quot;name&quot;:&quot;Soir\\u00e9e tatouages \\u00e9ph\\u00e9m\\u00e8res&quot;,&quot;latitude&quot;:&quot;48.4749211&quot;,&quot;longitude&quot;:&quot;-4.5265787&quot;,&quot;link&quot;:&quot;http:\\\/\\\/www.larecredes3cures.com\\\/&quot;},&quot;category&quot;:&quot;\\u00c9v\\u00e9nements locaux&quot;,&quot;faq&quot;:[],&quot;event&quot;:&quot;Du 28\\\/08\\\/2026 \\u00e0 20:00 au 28\\\/08\\\/2026 \\u00e0 23:59&quot;,&quot;video_url&quot;:&quot;&quot;,&quot;video_embed&quot;:null,&quot;documents&quot;:[],&quot;gallery&quot;:[]}\">\n\n                <!-- Image + badge cat\u00e9gorie -->\n                <div class=\"em-card-img-wrap\">\n                                      <div class=\"em-card-placeholder\">\ud83d\udcf7 Pas d'image<\/div>\n                                    <span class=\"em-card-badge badge-default\">\u00c9v\u00e9nements locaux<\/span>\n                <\/div>\n\n                <!-- Contenu de la card -->\n                <div class=\"em-card-body\">\n                  <h3 class=\"em-card-title\">Soir\u00e9e tatouages \u00e9ph\u00e9m\u00e8res<\/h3>\n\n                  <!-- Tags r\u00e9sum\u00e9s (max 4) -->\n                  <div class=\"em-card-tags\">\n                                                          <\/div>\n\n                  <!-- Champs suppl\u00e9mentaires (max 3) -->\n                  <div class=\"em-card-fields\">\n                                          <div class=\"em-card-field\">\n                        <span class=\"em-card-field-label\">Titre :<\/span>\n                        <span class=\"em-card-field-value\">Soir\u00e9e tatouages \u00e9ph\u00e9m\u00e8res<\/span>\n                      <\/div>\n                                          <div class=\"em-card-field\">\n                        <span class=\"em-card-field-label\">Cat\u00e9gorie :<\/span>\n                        <span class=\"em-card-field-value\">Spectacles &amp; cin\u00e9ma<\/span>\n                      <\/div>\n                                          <div class=\"em-card-field\">\n                        <span class=\"em-card-field-label\">Ville :<\/span>\n                        <span class=\"em-card-field-value\">Milizac-Guipronvel<\/span>\n                      <\/div>\n                                      <\/div>\n\n                  <!-- Lien vers le d\u00e9tail -->\n                  <div class=\"em-card-footer\">\n                    <span>Voir le d\u00e9tail<\/span>\n                    <svg fill=\"none\" viewBox=\"0 0 24 24\" stroke=\"currentColor\" stroke-width=\"2\">\n                      <path stroke-linecap=\"round\" stroke-linejoin=\"round\" d=\"M13.5 4.5L21 12m0 0l-7.5 7.5M21 12H3\"><\/path>\n                    <\/svg>\n                  <\/div>\n                <\/div>\n              <\/article>\n                          <article class=\"em-card\"\n                data-type=\"evenements-locaux-6\"\n                data-features=\"\"\n                data-name=\"vide grenier de la rentr\u00e9e\"\n                data-json=\"{&quot;name&quot;:&quot;Vide grenier de la rentr\\u00e9e&quot;,&quot;image&quot;:&quot;&quot;,&quot;link&quot;:&quot;&quot;,&quot;data&quot;:{&quot;titre&quot;:&quot;Vide grenier de la rentr\\u00e9e&quot;,&quot;description&quot;:&quot;Le Saint Renan Iroise V\\u00e9lo organise son Vide Grenier. Pus de 300m d&#039;exposants vous attendent pour chiner objets et v\\u00eatements.\\nSur place se trouve une buvette ainsi que des sandwichs, des cr\\u00eapes froment et bl\\u00e9 Noir faites et \\u00e0 d\\u00e9guster sur place.\\nTarif entr\\u00e9e 1\\u20ac50 ( gratuit pour les moins de 15 ans ).&quot;,&quot;categorie&quot;:&quot;Brocantes &amp; vide-greniers&quot;,&quot;ville&quot;:&quot;Saint-Renan&quot;,&quot;code_postal&quot;:&quot;29290&quot;,&quot;name&quot;:&quot;Vide grenier de la rentr\\u00e9e&quot;,&quot;latitude&quot;:&quot;48.4336200&quot;,&quot;longitude&quot;:&quot;-4.6207600&quot;},&quot;category&quot;:&quot;\\u00c9v\\u00e9nements locaux&quot;,&quot;faq&quot;:[],&quot;event&quot;:&quot;Du 06\\\/09\\\/2026 \\u00e0 09:00 au 06\\\/09\\\/2026 \\u00e0 23:59&quot;,&quot;video_url&quot;:&quot;&quot;,&quot;video_embed&quot;:null,&quot;documents&quot;:[],&quot;gallery&quot;:[]}\">\n\n                <!-- Image + badge cat\u00e9gorie -->\n                <div class=\"em-card-img-wrap\">\n                                      <div class=\"em-card-placeholder\">\ud83d\udcf7 Pas d'image<\/div>\n                                    <span class=\"em-card-badge badge-default\">\u00c9v\u00e9nements locaux<\/span>\n                <\/div>\n\n                <!-- Contenu de la card -->\n                <div class=\"em-card-body\">\n                  <h3 class=\"em-card-title\">Vide grenier de la rentr\u00e9e<\/h3>\n\n                  <!-- Tags r\u00e9sum\u00e9s (max 4) -->\n                  <div class=\"em-card-tags\">\n                                                          <\/div>\n\n                  <!-- Champs suppl\u00e9mentaires (max 3) -->\n                  <div class=\"em-card-fields\">\n                                          <div class=\"em-card-field\">\n                        <span class=\"em-card-field-label\">Titre :<\/span>\n                        <span class=\"em-card-field-value\">Vide grenier de la rentr\u00e9e<\/span>\n                      <\/div>\n                                          <div class=\"em-card-field\">\n                        <span class=\"em-card-field-label\">Cat\u00e9gorie :<\/span>\n                        <span class=\"em-card-field-value\">Brocantes &amp; vide-greniers<\/span>\n                      <\/div>\n                                          <div class=\"em-card-field\">\n                        <span class=\"em-card-field-label\">Ville :<\/span>\n                        <span class=\"em-card-field-value\">Saint-Renan<\/span>\n                      <\/div>\n                                      <\/div>\n\n                  <!-- Lien vers le d\u00e9tail -->\n                  <div class=\"em-card-footer\">\n                    <span>Voir le d\u00e9tail<\/span>\n                    <svg fill=\"none\" viewBox=\"0 0 24 24\" stroke=\"currentColor\" stroke-width=\"2\">\n                      <path stroke-linecap=\"round\" stroke-linejoin=\"round\" d=\"M13.5 4.5L21 12m0 0l-7.5 7.5M21 12H3\"><\/path>\n                    <\/svg>\n                  <\/div>\n                <\/div>\n              <\/article>\n                          <article class=\"em-card\"\n                data-type=\"evenements-locaux-6\"\n                data-features=\"\"\n                data-name=\"visite guid\u00e9e \u00ab\u00a0les rendez-vous de la pointe\u00a0\u00bb\"\n                data-json=\"{&quot;name&quot;:&quot;Visite guid\\u00e9e \\u00ab\\u00a0Les rendez-vous de la Pointe\\u00a0\\u00bb&quot;,&quot;image&quot;:&quot;&quot;,&quot;link&quot;:&quot;https:\\\/\\\/www.toutcommenceenfinistere.com\\\/pointe-du-raz\\\/preparer-sa-visite\\\/&quot;,&quot;data&quot;:{&quot;titre&quot;:&quot;Visite guid\\u00e9e \\u00ab\\u00a0Les rendez-vous de la Pointe\\u00a0\\u00bb&quot;,&quot;description&quot;:&quot;Comprendre un paysage d\\u2019exception, en famille.\\n\\nCette visite guid\\u00e9e invite petits et grands \\u00e0 d\\u00e9couvrir les paysages spectaculaires de la Pointe du Raz et \\u00e0 comprendre ce qui fait la singularit\\u00e9 de ce site embl\\u00e9matique du Finist\\u00e8re. Au fil du parcours, le guide d\\u00e9crypte la formation des falaises, l\\u2019influence des vents et des courants, ainsi que l\\u2019histoire humaine intimement li\\u00e9e \\u00e0 ce bout du monde. Anecdotes, observations et \\u00e9changes rythment la visite, pens\\u00e9e pour \\u00eatre accessible et ludique. Une formule id\\u00e9ale pour une premi\\u00e8re approche du site, \\u00e0 partager en famille, entre terre et mer.\\n\\nD\\u00e9part du s\\u00e9maphore (\\u00e0 800 m du parking) - Dur\\u00e9e 1h&quot;,&quot;categorie&quot;:&quot;Sport &amp; randonn\\u00e9e&quot;,&quot;ville&quot;:&quot;Plogoff&quot;,&quot;code_postal&quot;:&quot;29770&quot;,&quot;name&quot;:&quot;Visite guid\\u00e9e \\u00ab\\u00a0Les rendez-vous de la Pointe\\u00a0\\u00bb&quot;,&quot;latitude&quot;:&quot;48.0408590&quot;,&quot;longitude&quot;:&quot;-4.6709770&quot;,&quot;link&quot;:&quot;https:\\\/\\\/www.toutcommenceenfinistere.com\\\/pointe-du-raz\\\/preparer-sa-visite\\\/&quot;},&quot;category&quot;:&quot;\\u00c9v\\u00e9nements locaux&quot;,&quot;faq&quot;:[],&quot;event&quot;:&quot;Du 03\\\/09\\\/2026 \\u00e0 16:00 au 03\\\/09\\\/2026 \\u00e0 23:59&quot;,&quot;video_url&quot;:&quot;&quot;,&quot;video_embed&quot;:null,&quot;documents&quot;:[],&quot;gallery&quot;:[]}\">\n\n                <!-- Image + badge cat\u00e9gorie -->\n                <div class=\"em-card-img-wrap\">\n                                      <div class=\"em-card-placeholder\">\ud83d\udcf7 Pas d'image<\/div>\n                                    <span class=\"em-card-badge badge-default\">\u00c9v\u00e9nements locaux<\/span>\n                <\/div>\n\n                <!-- Contenu de la card -->\n                <div class=\"em-card-body\">\n                  <h3 class=\"em-card-title\">Visite guid\u00e9e \u00ab\u00a0Les rendez-vous de la Pointe\u00a0\u00bb<\/h3>\n\n                  <!-- Tags r\u00e9sum\u00e9s (max 4) -->\n                  <div class=\"em-card-tags\">\n                                                          <\/div>\n\n                  <!-- Champs suppl\u00e9mentaires (max 3) -->\n                  <div class=\"em-card-fields\">\n                                          <div class=\"em-card-field\">\n                        <span class=\"em-card-field-label\">Titre :<\/span>\n                        <span class=\"em-card-field-value\">Visite guid\u00e9e \u00ab\u00a0Les rendez-vous de la Pointe\u00a0\u00bb<\/span>\n                      <\/div>\n                                          <div class=\"em-card-field\">\n                        <span class=\"em-card-field-label\">Cat\u00e9gorie :<\/span>\n                        <span class=\"em-card-field-value\">Sport &amp; randonn\u00e9e<\/span>\n                      <\/div>\n                                          <div class=\"em-card-field\">\n                        <span class=\"em-card-field-label\">Ville :<\/span>\n                        <span class=\"em-card-field-value\">Plogoff<\/span>\n                      <\/div>\n                                      <\/div>\n\n                  <!-- Lien vers le d\u00e9tail -->\n                  <div class=\"em-card-footer\">\n                    <span>Voir le d\u00e9tail<\/span>\n                    <svg fill=\"none\" viewBox=\"0 0 24 24\" stroke=\"currentColor\" stroke-width=\"2\">\n                      <path stroke-linecap=\"round\" stroke-linejoin=\"round\" d=\"M13.5 4.5L21 12m0 0l-7.5 7.5M21 12H3\"><\/path>\n                    <\/svg>\n                  <\/div>\n                <\/div>\n              <\/article>\n                          <article class=\"em-card\"\n                data-type=\"evenements-locaux-6\"\n                data-features=\"\"\n                data-name=\"atelier arch\u00e9o&#039;labo\"\n                data-json=\"{&quot;name&quot;:&quot;Atelier Arch\\u00e9o&#039;labo&quot;,&quot;image&quot;:&quot;&quot;,&quot;link&quot;:&quot;http:\\\/\\\/www.cdp29.fr\\\/&quot;,&quot;data&quot;:{&quot;titre&quot;:&quot;Atelier Arch\\u00e9o&#039;labo&quot;,&quot;description&quot;:&quot;D\\u00e9couvre les m\\u00e9tiers de l&#039;arch\\u00e9ologie gr\\u00e2ce \\u00e0 des travaux en \\u00e9quipe autour de 5 postes scientifiques : Arch\\u00e9ozoologie, Anthropologie, Carpologie...Une immersion ludique dans les coulisses des sciences m\\u00e9connues de l&#039;arch\\u00e9ologie.&quot;,&quot;categorie&quot;:&quot;Autres \\u00e9v\\u00e9nements&quot;,&quot;ville&quot;:&quot;Land\\u00e9vennec&quot;,&quot;code_postal&quot;:&quot;29560&quot;,&quot;name&quot;:&quot;Atelier Arch\\u00e9o&#039;labo&quot;,&quot;latitude&quot;:&quot;48.2913500&quot;,&quot;longitude&quot;:&quot;-4.2674500&quot;,&quot;link&quot;:&quot;http:\\\/\\\/www.cdp29.fr\\\/&quot;},&quot;category&quot;:&quot;\\u00c9v\\u00e9nements locaux&quot;,&quot;faq&quot;:[],&quot;event&quot;:&quot;Du 26\\\/08\\\/2026 \\u00e0 15:00 au 26\\\/08\\\/2026 \\u00e0 23:59&quot;,&quot;video_url&quot;:&quot;&quot;,&quot;video_embed&quot;:null,&quot;documents&quot;:[],&quot;gallery&quot;:[]}\">\n\n                <!-- Image + badge cat\u00e9gorie -->\n                <div class=\"em-card-img-wrap\">\n                                      <div class=\"em-card-placeholder\">\ud83d\udcf7 Pas d'image<\/div>\n                                    <span class=\"em-card-badge badge-default\">\u00c9v\u00e9nements locaux<\/span>\n                <\/div>\n\n                <!-- Contenu de la card -->\n                <div class=\"em-card-body\">\n                  <h3 class=\"em-card-title\">Atelier Arch\u00e9o&#039;labo<\/h3>\n\n                  <!-- Tags r\u00e9sum\u00e9s (max 4) -->\n                  <div class=\"em-card-tags\">\n                                                          <\/div>\n\n                  <!-- Champs suppl\u00e9mentaires (max 3) -->\n                  <div class=\"em-card-fields\">\n                                          <div class=\"em-card-field\">\n                        <span class=\"em-card-field-label\">Titre :<\/span>\n                        <span class=\"em-card-field-value\">Atelier Arch\u00e9o&#039;labo<\/span>\n                      <\/div>\n                                          <div class=\"em-card-field\">\n                        <span class=\"em-card-field-label\">Cat\u00e9gorie :<\/span>\n                        <span class=\"em-card-field-value\">Autres \u00e9v\u00e9nements<\/span>\n                      <\/div>\n                                          <div class=\"em-card-field\">\n                        <span class=\"em-card-field-label\">Ville :<\/span>\n                        <span class=\"em-card-field-value\">Land\u00e9vennec<\/span>\n                      <\/div>\n                                      <\/div>\n\n                  <!-- Lien vers le d\u00e9tail -->\n                  <div class=\"em-card-footer\">\n                    <span>Voir le d\u00e9tail<\/span>\n                    <svg fill=\"none\" viewBox=\"0 0 24 24\" stroke=\"currentColor\" stroke-width=\"2\">\n                      <path stroke-linecap=\"round\" stroke-linejoin=\"round\" d=\"M13.5 4.5L21 12m0 0l-7.5 7.5M21 12H3\"><\/path>\n                    <\/svg>\n                  <\/div>\n                <\/div>\n              <\/article>\n                          <article class=\"em-card\"\n                data-type=\"evenements-locaux-6\"\n                data-features=\"\"\n                data-name=\"les beaux dimanches de la rue saint-malo\"\n                data-json=\"{&quot;name&quot;:&quot;Les Beaux Dimanches de la Rue Saint-Malo&quot;,&quot;image&quot;:&quot;&quot;,&quot;link&quot;:&quot;http:\\\/\\\/vivrelarue.net\\\/&quot;,&quot;data&quot;:{&quot;titre&quot;:&quot;Les Beaux Dimanches de la Rue Saint-Malo&quot;,&quot;description&quot;:&quot;Les Beaux Dimanches sont des manifestations artistiques et culturelles organis\\u00e9es, les dimanches apr\\u00e8s-midi, depuis 2005, par l&#039;association Vivre La Rue dans l&#039;atypique Rue Saint-Malo, ruelle pav\\u00e9e qu&#039;elle pr\\u00e9serve et anime \\u00e0 Brest Recouvrance depuis 1990.\\n\\nCes dimanches apr\\u00e8s-midi r\\u00e9unissent des publics de les tous \\u00e2ges et de toutes les cultures, des habitants du quartier de Recouvrance-Pontaniou-Queliverzan impliqu\\u00e9s dans l&#039;organisation de ces manifestations artistiques populaires et des artistes autour de spectacles de musique, th\\u00e9\\u00e2tre, danse, arts de la rue et du cirque, des expositions et des performances artistiques en \\&quot;live\\&quot;, des projections de films avec d\\u00e9bats en pr\\u00e9sence des r\\u00e9alisateurs, des jeux et ateliers, des lectures et pr\\u00e9sentations de livres par leurs auteurs, du slam, des contes, et toutes formes de projets en coh\\u00e9rence avec des valeurs humanistes et environnementales...\\n\\nDates des Beaux Dimanches 2026 : Les dimanches 7 et 14 juin, 6 et 13 septembre 2026 de 15h \\u00e0 21h.\\n\\nTous publics.\\nRestauration et taverne bio et \\u00e9quitable.\\nParticipation aux frais libre \\u00e0 partir de 6\\u20ac minimum et \\u00e0 partir de 12 ans.\\nAcc\\u00e8s tram et t\\u00e9l\\u00e9ph\\u00e9rique Capucins.&quot;,&quot;categorie&quot;:&quot;Concerts, musique &amp; festivals&quot;,&quot;ville&quot;:&quot;Brest&quot;,&quot;code_postal&quot;:&quot;29200&quot;,&quot;name&quot;:&quot;Les Beaux Dimanches de la Rue Saint-Malo&quot;,&quot;latitude&quot;:&quot;48.3894400&quot;,&quot;longitude&quot;:&quot;-4.5017900&quot;,&quot;link&quot;:&quot;http:\\\/\\\/vivrelarue.net\\\/&quot;},&quot;category&quot;:&quot;\\u00c9v\\u00e9nements locaux&quot;,&quot;faq&quot;:[],&quot;event&quot;:&quot;Du 06\\\/09\\\/2026 \\u00e0 15:00 au 06\\\/09\\\/2026 \\u00e0 23:59&quot;,&quot;video_url&quot;:&quot;&quot;,&quot;video_embed&quot;:null,&quot;documents&quot;:[],&quot;gallery&quot;:[]}\">\n\n                <!-- Image + badge cat\u00e9gorie -->\n                <div class=\"em-card-img-wrap\">\n                                      <div class=\"em-card-placeholder\">\ud83d\udcf7 Pas d'image<\/div>\n                                    <span class=\"em-card-badge badge-default\">\u00c9v\u00e9nements locaux<\/span>\n                <\/div>\n\n                <!-- Contenu de la card -->\n                <div class=\"em-card-body\">\n                  <h3 class=\"em-card-title\">Les Beaux Dimanches de la Rue Saint-Malo<\/h3>\n\n                  <!-- Tags r\u00e9sum\u00e9s (max 4) -->\n                  <div class=\"em-card-tags\">\n                                                          <\/div>\n\n                  <!-- Champs suppl\u00e9mentaires (max 3) -->\n                  <div class=\"em-card-fields\">\n                                          <div class=\"em-card-field\">\n                        <span class=\"em-card-field-label\">Titre :<\/span>\n                        <span class=\"em-card-field-value\">Les Beaux Dimanches de la Rue Saint-Malo<\/span>\n                      <\/div>\n                                          <div class=\"em-card-field\">\n                        <span class=\"em-card-field-label\">Cat\u00e9gorie :<\/span>\n                        <span class=\"em-card-field-value\">Concerts, musique &amp; festivals<\/span>\n                      <\/div>\n                                          <div class=\"em-card-field\">\n                        <span class=\"em-card-field-label\">Ville :<\/span>\n                        <span class=\"em-card-field-value\">Brest<\/span>\n                      <\/div>\n                                      <\/div>\n\n                  <!-- Lien vers le d\u00e9tail -->\n                  <div class=\"em-card-footer\">\n                    <span>Voir le d\u00e9tail<\/span>\n                    <svg fill=\"none\" viewBox=\"0 0 24 24\" stroke=\"currentColor\" stroke-width=\"2\">\n                      <path stroke-linecap=\"round\" stroke-linejoin=\"round\" d=\"M13.5 4.5L21 12m0 0l-7.5 7.5M21 12H3\"><\/path>\n                    <\/svg>\n                  <\/div>\n                <\/div>\n              <\/article>\n                          <article class=\"em-card\"\n                data-type=\"evenements-locaux-6\"\n                data-features=\"\"\n                data-name=\"visite de l&#039;atelier de c\u00e9ramique &quot;miss terre de l&#039;ouest&quot;\"\n                data-json=\"{&quot;name&quot;:&quot;Visite de l&#039;Atelier de c\\u00e9ramique \\&quot;Miss Terre de l&#039;Ouest\\&quot;&quot;,&quot;image&quot;:&quot;&quot;,&quot;link&quot;:&quot;&quot;,&quot;data&quot;:{&quot;titre&quot;:&quot;Visite de l&#039;Atelier de c\\u00e9ramique \\&quot;Miss Terre de l&#039;Ouest\\&quot;&quot;,&quot;description&quot;:&quot;D\\u00e9couverte d&#039;un atelier de c\\u00e9ramique avec Mimi Caroff\\nLes mercredis de 17h \\u00e0 18h et les vendredis de 9h30 \\u00e0 10h30.\\nSur r\\u00e9servation.\\nGratuit - de 18 ans&quot;,&quot;categorie&quot;:&quot;Autres \\u00e9v\\u00e9nements&quot;,&quot;ville&quot;:&quot;Douarnenez&quot;,&quot;code_postal&quot;:&quot;29100&quot;,&quot;name&quot;:&quot;Visite de l&#039;Atelier de c\\u00e9ramique \\&quot;Miss Terre de l&#039;Ouest\\&quot;&quot;,&quot;latitude&quot;:&quot;48.0941770&quot;,&quot;longitude&quot;:&quot;-4.3268591&quot;},&quot;category&quot;:&quot;\\u00c9v\\u00e9nements locaux&quot;,&quot;faq&quot;:[],&quot;event&quot;:&quot;Du 01\\\/04\\\/2026 au 28\\\/08\\\/2026 \\u00e0 23:59&quot;,&quot;video_url&quot;:&quot;&quot;,&quot;video_embed&quot;:null,&quot;documents&quot;:[],&quot;gallery&quot;:[]}\">\n\n                <!-- Image + badge cat\u00e9gorie -->\n                <div class=\"em-card-img-wrap\">\n                                      <div class=\"em-card-placeholder\">\ud83d\udcf7 Pas d'image<\/div>\n                                    <span class=\"em-card-badge badge-default\">\u00c9v\u00e9nements locaux<\/span>\n                <\/div>\n\n                <!-- Contenu de la card -->\n                <div class=\"em-card-body\">\n                  <h3 class=\"em-card-title\">Visite de l&#039;Atelier de c\u00e9ramique &quot;Miss Terre de l&#039;Ouest&quot;<\/h3>\n\n                  <!-- Tags r\u00e9sum\u00e9s (max 4) -->\n                  <div class=\"em-card-tags\">\n                                                          <\/div>\n\n                  <!-- Champs suppl\u00e9mentaires (max 3) -->\n                  <div class=\"em-card-fields\">\n                                          <div class=\"em-card-field\">\n                        <span class=\"em-card-field-label\">Titre :<\/span>\n                        <span class=\"em-card-field-value\">Visite de l&#039;Atelier de c\u00e9ramique &quot;Miss Terre de l&#039;Ouest&quot;<\/span>\n                      <\/div>\n                                          <div class=\"em-card-field\">\n                        <span class=\"em-card-field-label\">Cat\u00e9gorie :<\/span>\n                        <span class=\"em-card-field-value\">Autres \u00e9v\u00e9nements<\/span>\n                      <\/div>\n                                          <div class=\"em-card-field\">\n                        <span class=\"em-card-field-label\">Ville :<\/span>\n                        <span class=\"em-card-field-value\">Douarnenez<\/span>\n                      <\/div>\n                                      <\/div>\n\n                  <!-- Lien vers le d\u00e9tail -->\n                  <div class=\"em-card-footer\">\n                    <span>Voir le d\u00e9tail<\/span>\n                    <svg fill=\"none\" viewBox=\"0 0 24 24\" stroke=\"currentColor\" stroke-width=\"2\">\n                      <path stroke-linecap=\"round\" stroke-linejoin=\"round\" d=\"M13.5 4.5L21 12m0 0l-7.5 7.5M21 12H3\"><\/path>\n                    <\/svg>\n                  <\/div>\n                <\/div>\n              <\/article>\n                          <article class=\"em-card\"\n                data-type=\"evenements-locaux-6\"\n                data-features=\"\"\n                data-name=\"dict\u00e9e \u00e0 la plume - mus\u00e9e de l&#039;\u00e9cole rurale\"\n                data-json=\"{&quot;name&quot;:&quot;Dict\\u00e9e \\u00e0 la plume - Mus\\u00e9e de l&#039;\\u00e9cole rurale&quot;,&quot;image&quot;:&quot;&quot;,&quot;link&quot;:&quot;https:\\\/\\\/musee-ecole.fr\\\/&quot;,&quot;data&quot;:{&quot;titre&quot;:&quot;Dict\\u00e9e \\u00e0 la plume - Mus\\u00e9e de l&#039;\\u00e9cole rurale&quot;,&quot;description&quot;:&quot;Les amis du mus\\u00e9e, anciens \\u00e9l\\u00e8ves ou b\\u00e9n\\u00e9voles, vous invitent \\u00e0 partager un moment convivial dans la salle de classe des ann\\u00e9es 1910 autour d\\u2019une dict\\u00e9e extraite des manuels scolaires de la collection. L\\u2019occasion de s\\u2019essayer \\u00e0 l\\u2019\\u00e9criture \\u00e0 la plume et \\u00e0 l\\u2019encre violette et de faire ses devoirs de vacances !\\nTout public \\u00e0 partir de 8 ans.&quot;,&quot;categorie&quot;:&quot;Autres \\u00e9v\\u00e9nements&quot;,&quot;ville&quot;:&quot;Tr\\u00e9garvan&quot;,&quot;code_postal&quot;:&quot;29560&quot;,&quot;name&quot;:&quot;Dict\\u00e9e \\u00e0 la plume - Mus\\u00e9e de l&#039;\\u00e9cole rurale&quot;,&quot;latitude&quot;:&quot;48.2446376&quot;,&quot;longitude&quot;:&quot;-4.2266491&quot;,&quot;link&quot;:&quot;https:\\\/\\\/musee-ecole.fr\\\/&quot;},&quot;category&quot;:&quot;\\u00c9v\\u00e9nements locaux&quot;,&quot;faq&quot;:[],&quot;event&quot;:&quot;Du 06\\\/09\\\/2026 \\u00e0 15:00 au 06\\\/09\\\/2026 \\u00e0 23:59&quot;,&quot;video_url&quot;:&quot;&quot;,&quot;video_embed&quot;:null,&quot;documents&quot;:[],&quot;gallery&quot;:[]}\">\n\n                <!-- Image + badge cat\u00e9gorie -->\n                <div class=\"em-card-img-wrap\">\n                                      <div class=\"em-card-placeholder\">\ud83d\udcf7 Pas d'image<\/div>\n                                    <span class=\"em-card-badge badge-default\">\u00c9v\u00e9nements locaux<\/span>\n                <\/div>\n\n                <!-- Contenu de la card -->\n                <div class=\"em-card-body\">\n                  <h3 class=\"em-card-title\">Dict\u00e9e \u00e0 la plume - Mus\u00e9e de l&#039;\u00e9cole rurale<\/h3>\n\n                  <!-- Tags r\u00e9sum\u00e9s (max 4) -->\n                  <div class=\"em-card-tags\">\n                                                          <\/div>\n\n                  <!-- Champs suppl\u00e9mentaires (max 3) -->\n                  <div class=\"em-card-fields\">\n                                          <div class=\"em-card-field\">\n                        <span class=\"em-card-field-label\">Titre :<\/span>\n                        <span class=\"em-card-field-value\">Dict\u00e9e \u00e0 la plume - Mus\u00e9e de l&#039;\u00e9cole rurale<\/span>\n                      <\/div>\n                                          <div class=\"em-card-field\">\n                        <span class=\"em-card-field-label\">Cat\u00e9gorie :<\/span>\n                        <span class=\"em-card-field-value\">Autres \u00e9v\u00e9nements<\/span>\n                      <\/div>\n                                          <div class=\"em-card-field\">\n                        <span class=\"em-card-field-label\">Ville :<\/span>\n                        <span class=\"em-card-field-value\">Tr\u00e9garvan<\/span>\n                      <\/div>\n                                      <\/div>\n\n                  <!-- Lien vers le d\u00e9tail -->\n                  <div class=\"em-card-footer\">\n                    <span>Voir le d\u00e9tail<\/span>\n                    <svg fill=\"none\" viewBox=\"0 0 24 24\" stroke=\"currentColor\" stroke-width=\"2\">\n                      <path stroke-linecap=\"round\" stroke-linejoin=\"round\" d=\"M13.5 4.5L21 12m0 0l-7.5 7.5M21 12H3\"><\/path>\n                    <\/svg>\n                  <\/div>\n                <\/div>\n              <\/article>\n                          <article class=\"em-card\"\n                data-type=\"evenements-locaux-6\"\n                data-features=\"\"\n                data-name=\"gef\u00fchrter fotospaziergang durch douarnenez\"\n                data-json=\"{&quot;name&quot;:&quot;Gef\\u00fchrter Fotospaziergang durch Douarnenez&quot;,&quot;image&quot;:&quot;&quot;,&quot;link&quot;:&quot;http:\\\/\\\/www.douarnenez-tourisme.com\\\/&quot;,&quot;data&quot;:{&quot;titre&quot;:&quot;Gef\\u00fchrter Fotospaziergang durch Douarnenez&quot;,&quot;description&quot;:&quot;Gef\\u00fchrter Fotospaziergang durch Douarnenez :\\nEntdecken Sie mit dem Marco-Polo-Autor und erfahrenen Reiseleiter Errol Friedhelm Karakoc die Hafenstadt und ihre K\\u00f6nigin, die Sardine. Auf den Spuren der hiesigen Fischer begegnen Sie streitbaren Damen, kuriosen Riten der heimischen Bev\\u00f6lkerung, h\\u00fcbscher Architektur aus den letzten Jahrhunderten, spannenden Legenden, vielleicht sogar Kommissar Dupin und haben dabei immer wieder den Blick auf die Bucht. Freuen Sie sich auf etwa zwei Stunden des Flanierens durch die Gassen des Hafenviertels Rosmeur.\\n\\nDauer: ca. 2h\\nSprache: auf Deutsch\\nSchwierigkeitsgrad: einfach bis mittel (leichte Steigungen\\\/Gef\\u00e4lle auf st\\u00e4dtischen Wegen, einige Stufen)&quot;,&quot;categorie&quot;:&quot;Autres \\u00e9v\\u00e9nements&quot;,&quot;ville&quot;:&quot;Douarnenez&quot;,&quot;code_postal&quot;:&quot;29100&quot;,&quot;name&quot;:&quot;Gef\\u00fchrter Fotospaziergang durch Douarnenez&quot;,&quot;latitude&quot;:&quot;48.0931504&quot;,&quot;longitude&quot;:&quot;-4.3310605&quot;,&quot;link&quot;:&quot;http:\\\/\\\/www.douarnenez-tourisme.com\\\/&quot;},&quot;category&quot;:&quot;\\u00c9v\\u00e9nements locaux&quot;,&quot;faq&quot;:[],&quot;event&quot;:&quot;Du 06\\\/09\\\/2026 \\u00e0 14:00 au 06\\\/09\\\/2026 \\u00e0 23:59&quot;,&quot;video_url&quot;:&quot;&quot;,&quot;video_embed&quot;:null,&quot;documents&quot;:[],&quot;gallery&quot;:[]}\">\n\n                <!-- Image + badge cat\u00e9gorie -->\n                <div class=\"em-card-img-wrap\">\n                                      <div class=\"em-card-placeholder\">\ud83d\udcf7 Pas d'image<\/div>\n                                    <span class=\"em-card-badge badge-default\">\u00c9v\u00e9nements locaux<\/span>\n                <\/div>\n\n                <!-- Contenu de la card -->\n                <div class=\"em-card-body\">\n                  <h3 class=\"em-card-title\">Gef\u00fchrter Fotospaziergang durch Douarnenez<\/h3>\n\n                  <!-- Tags r\u00e9sum\u00e9s (max 4) -->\n                  <div class=\"em-card-tags\">\n                                                          <\/div>\n\n                  <!-- Champs suppl\u00e9mentaires (max 3) -->\n                  <div class=\"em-card-fields\">\n                                          <div class=\"em-card-field\">\n                        <span class=\"em-card-field-label\">Titre :<\/span>\n                        <span class=\"em-card-field-value\">Gef\u00fchrter Fotospaziergang durch Douarnenez<\/span>\n                      <\/div>\n                                          <div class=\"em-card-field\">\n                        <span class=\"em-card-field-label\">Cat\u00e9gorie :<\/span>\n                        <span class=\"em-card-field-value\">Autres \u00e9v\u00e9nements<\/span>\n                      <\/div>\n                                          <div class=\"em-card-field\">\n                        <span class=\"em-card-field-label\">Ville :<\/span>\n                        <span class=\"em-card-field-value\">Douarnenez<\/span>\n                      <\/div>\n                                      <\/div>\n\n                  <!-- Lien vers le d\u00e9tail -->\n                  <div class=\"em-card-footer\">\n                    <span>Voir le d\u00e9tail<\/span>\n                    <svg fill=\"none\" viewBox=\"0 0 24 24\" stroke=\"currentColor\" stroke-width=\"2\">\n                      <path stroke-linecap=\"round\" stroke-linejoin=\"round\" d=\"M13.5 4.5L21 12m0 0l-7.5 7.5M21 12H3\"><\/path>\n                    <\/svg>\n                  <\/div>\n                <\/div>\n              <\/article>\n                          <article class=\"em-card\"\n                data-type=\"evenements-locaux-6\"\n                data-features=\"\"\n                data-name=\"atelier nature - les petites b\u00eates du ch\u00e2teau\"\n                data-json=\"{&quot;name&quot;:&quot;Atelier nature - les petites b\\u00eates du ch\\u00e2teau&quot;,&quot;image&quot;:&quot;&quot;,&quot;link&quot;:&quot;https:\\\/\\\/www.kerveatoux.fr\\\/Calendrier-et-Inscriptions&quot;,&quot;data&quot;:{&quot;titre&quot;:&quot;Atelier nature - les petites b\\u00eates du ch\\u00e2teau&quot;,&quot;description&quot;:&quot;Explorez le parc du ch\\u00e2teau pour d\\u00e9couvrir les insectes qui s&#039;y cachent. Au programme, p\\u00eache dans le lavoir, observation des pollinisateurs et grand jeu des abeilles.&quot;,&quot;categorie&quot;:&quot;En famille&quot;,&quot;ville&quot;:&quot;Plouarzel&quot;,&quot;code_postal&quot;:&quot;29810&quot;,&quot;name&quot;:&quot;Atelier nature - les petites b\\u00eates du ch\\u00e2teau&quot;,&quot;latitude&quot;:&quot;48.4335510&quot;,&quot;longitude&quot;:&quot;-4.6611348&quot;,&quot;link&quot;:&quot;https:\\\/\\\/www.kerveatoux.fr\\\/Calendrier-et-Inscriptions&quot;},&quot;category&quot;:&quot;\\u00c9v\\u00e9nements locaux&quot;,&quot;faq&quot;:[],&quot;event&quot;:&quot;Du 28\\\/08\\\/2026 \\u00e0 14:30 au 28\\\/08\\\/2026 \\u00e0 23:59&quot;,&quot;video_url&quot;:&quot;&quot;,&quot;video_embed&quot;:null,&quot;documents&quot;:[],&quot;gallery&quot;:[]}\">\n\n                <!-- Image + badge cat\u00e9gorie -->\n                <div class=\"em-card-img-wrap\">\n                                      <div class=\"em-card-placeholder\">\ud83d\udcf7 Pas d'image<\/div>\n                                    <span class=\"em-card-badge badge-default\">\u00c9v\u00e9nements locaux<\/span>\n                <\/div>\n\n                <!-- Contenu de la card -->\n                <div class=\"em-card-body\">\n                  <h3 class=\"em-card-title\">Atelier nature - les petites b\u00eates du ch\u00e2teau<\/h3>\n\n                  <!-- Tags r\u00e9sum\u00e9s (max 4) -->\n                  <div class=\"em-card-tags\">\n                                                          <\/div>\n\n                  <!-- Champs suppl\u00e9mentaires (max 3) -->\n                  <div class=\"em-card-fields\">\n                                          <div class=\"em-card-field\">\n                        <span class=\"em-card-field-label\">Titre :<\/span>\n                        <span class=\"em-card-field-value\">Atelier nature - les petites b\u00eates du ch\u00e2teau<\/span>\n                      <\/div>\n                                          <div class=\"em-card-field\">\n                        <span class=\"em-card-field-label\">Cat\u00e9gorie :<\/span>\n                        <span class=\"em-card-field-value\">En famille<\/span>\n                      <\/div>\n                                          <div class=\"em-card-field\">\n                        <span class=\"em-card-field-label\">Ville :<\/span>\n                        <span class=\"em-card-field-value\">Plouarzel<\/span>\n                      <\/div>\n                                      <\/div>\n\n                  <!-- Lien vers le d\u00e9tail -->\n                  <div class=\"em-card-footer\">\n                    <span>Voir le d\u00e9tail<\/span>\n                    <svg fill=\"none\" viewBox=\"0 0 24 24\" stroke=\"currentColor\" stroke-width=\"2\">\n                      <path stroke-linecap=\"round\" stroke-linejoin=\"round\" d=\"M13.5 4.5L21 12m0 0l-7.5 7.5M21 12H3\"><\/path>\n                    <\/svg>\n                  <\/div>\n                <\/div>\n              <\/article>\n                          <article class=\"em-card\"\n                data-type=\"evenements-locaux-6\"\n                data-features=\"\"\n                data-name=\"animation jeux en bois\"\n                data-json=\"{&quot;name&quot;:&quot;Animation Jeux en Bois&quot;,&quot;image&quot;:&quot;&quot;,&quot;link&quot;:&quot;https:\\\/\\\/kazheolgames.fr\\\/&quot;,&quot;data&quot;:{&quot;titre&quot;:&quot;Animation Jeux en Bois&quot;,&quot;description&quot;:&quot;Animation ludique pour petits et grands sur le quai de Camaret tous les mercredis apr\\u00e8s-midi juillet\\\/ao\\u00fbt, temps permettant!&quot;,&quot;categorie&quot;:&quot;En famille&quot;,&quot;ville&quot;:&quot;Camaret-sur-Mer&quot;,&quot;code_postal&quot;:&quot;29570&quot;,&quot;name&quot;:&quot;Animation Jeux en Bois&quot;,&quot;latitude&quot;:&quot;48.2769296&quot;,&quot;longitude&quot;:&quot;-4.5961323&quot;,&quot;link&quot;:&quot;https:\\\/\\\/kazheolgames.fr\\\/&quot;},&quot;category&quot;:&quot;\\u00c9v\\u00e9nements locaux&quot;,&quot;faq&quot;:[],&quot;event&quot;:&quot;Du 26\\\/08\\\/2026 \\u00e0 16:30 au 26\\\/08\\\/2026 \\u00e0 23:59&quot;,&quot;video_url&quot;:&quot;&quot;,&quot;video_embed&quot;:null,&quot;documents&quot;:[],&quot;gallery&quot;:[]}\">\n\n                <!-- Image + badge cat\u00e9gorie -->\n                <div class=\"em-card-img-wrap\">\n                                      <div class=\"em-card-placeholder\">\ud83d\udcf7 Pas d'image<\/div>\n                                    <span class=\"em-card-badge badge-default\">\u00c9v\u00e9nements locaux<\/span>\n                <\/div>\n\n                <!-- Contenu de la card -->\n                <div class=\"em-card-body\">\n                  <h3 class=\"em-card-title\">Animation Jeux en Bois<\/h3>\n\n                  <!-- Tags r\u00e9sum\u00e9s (max 4) -->\n                  <div class=\"em-card-tags\">\n                                                          <\/div>\n\n                  <!-- Champs suppl\u00e9mentaires (max 3) -->\n                  <div class=\"em-card-fields\">\n                                          <div class=\"em-card-field\">\n                        <span class=\"em-card-field-label\">Titre :<\/span>\n                        <span class=\"em-card-field-value\">Animation Jeux en Bois<\/span>\n                      <\/div>\n                                          <div class=\"em-card-field\">\n                        <span class=\"em-card-field-label\">Cat\u00e9gorie :<\/span>\n                        <span class=\"em-card-field-value\">En famille<\/span>\n                      <\/div>\n                                          <div class=\"em-card-field\">\n                        <span class=\"em-card-field-label\">Ville :<\/span>\n                        <span class=\"em-card-field-value\">Camaret-sur-Mer<\/span>\n                      <\/div>\n                                      <\/div>\n\n                  <!-- Lien vers le d\u00e9tail -->\n                  <div class=\"em-card-footer\">\n                    <span>Voir le d\u00e9tail<\/span>\n                    <svg fill=\"none\" viewBox=\"0 0 24 24\" stroke=\"currentColor\" stroke-width=\"2\">\n                      <path stroke-linecap=\"round\" stroke-linejoin=\"round\" d=\"M13.5 4.5L21 12m0 0l-7.5 7.5M21 12H3\"><\/path>\n                    <\/svg>\n                  <\/div>\n                <\/div>\n              <\/article>\n                          <article class=\"em-card\"\n                data-type=\"evenements-locaux-6\"\n                data-features=\"\"\n                data-name=\"gef\u00fchrter fotospaziergang durch douarnenez\"\n                data-json=\"{&quot;name&quot;:&quot;Gef\\u00fchrter Fotospaziergang durch Douarnenez&quot;,&quot;image&quot;:&quot;&quot;,&quot;link&quot;:&quot;http:\\\/\\\/www.douarnenez-tourisme.com\\\/&quot;,&quot;data&quot;:{&quot;titre&quot;:&quot;Gef\\u00fchrter Fotospaziergang durch Douarnenez&quot;,&quot;description&quot;:&quot;Gef\\u00fchrter Fotospaziergang durch Douarnenez :\\nEntdecken Sie mit dem Marco-Polo-Autor und erfahrenen Reiseleiter Errol Friedhelm Karakoc die Hafenstadt und ihre K\\u00f6nigin, die Sardine. Auf den Spuren der hiesigen Fischer begegnen Sie streitbaren Damen, kuriosen Riten der heimischen Bev\\u00f6lkerung, h\\u00fcbscher Architektur aus den letzten Jahrhunderten, spannenden Legenden, vielleicht sogar Kommissar Dupin und haben dabei immer wieder den Blick auf die Bucht. Freuen Sie sich auf etwa zwei Stunden des Flanierens durch die Gassen des Hafenviertels Rosmeur.\\n\\nDauer: ca. 2h\\nSprache: auf Deutsch\\nSchwierigkeitsgrad: einfach bis mittel (leichte Steigungen\\\/Gef\\u00e4lle auf st\\u00e4dtischen Wegen, einige Stufen)&quot;,&quot;categorie&quot;:&quot;Autres \\u00e9v\\u00e9nements&quot;,&quot;ville&quot;:&quot;Douarnenez&quot;,&quot;code_postal&quot;:&quot;29100&quot;,&quot;name&quot;:&quot;Gef\\u00fchrter Fotospaziergang durch Douarnenez&quot;,&quot;latitude&quot;:&quot;48.0931504&quot;,&quot;longitude&quot;:&quot;-4.3310605&quot;,&quot;link&quot;:&quot;http:\\\/\\\/www.douarnenez-tourisme.com\\\/&quot;},&quot;category&quot;:&quot;\\u00c9v\\u00e9nements locaux&quot;,&quot;faq&quot;:[],&quot;event&quot;:&quot;Du 04\\\/09\\\/2026 \\u00e0 14:00 au 04\\\/09\\\/2026 \\u00e0 23:59&quot;,&quot;video_url&quot;:&quot;&quot;,&quot;video_embed&quot;:null,&quot;documents&quot;:[],&quot;gallery&quot;:[]}\">\n\n                <!-- Image + badge cat\u00e9gorie -->\n                <div class=\"em-card-img-wrap\">\n                                      <div class=\"em-card-placeholder\">\ud83d\udcf7 Pas d'image<\/div>\n                                    <span class=\"em-card-badge badge-default\">\u00c9v\u00e9nements locaux<\/span>\n                <\/div>\n\n                <!-- Contenu de la card -->\n                <div class=\"em-card-body\">\n                  <h3 class=\"em-card-title\">Gef\u00fchrter Fotospaziergang durch Douarnenez<\/h3>\n\n                  <!-- Tags r\u00e9sum\u00e9s (max 4) -->\n                  <div class=\"em-card-tags\">\n                                                          <\/div>\n\n                  <!-- Champs suppl\u00e9mentaires (max 3) -->\n                  <div class=\"em-card-fields\">\n                                          <div class=\"em-card-field\">\n                        <span class=\"em-card-field-label\">Titre :<\/span>\n                        <span class=\"em-card-field-value\">Gef\u00fchrter Fotospaziergang durch Douarnenez<\/span>\n                      <\/div>\n                                          <div class=\"em-card-field\">\n                        <span class=\"em-card-field-label\">Cat\u00e9gorie :<\/span>\n                        <span class=\"em-card-field-value\">Autres \u00e9v\u00e9nements<\/span>\n                      <\/div>\n                                          <div class=\"em-card-field\">\n                        <span class=\"em-card-field-label\">Ville :<\/span>\n                        <span class=\"em-card-field-value\">Douarnenez<\/span>\n                      <\/div>\n                                      <\/div>\n\n                  <!-- Lien vers le d\u00e9tail -->\n                  <div class=\"em-card-footer\">\n                    <span>Voir le d\u00e9tail<\/span>\n                    <svg fill=\"none\" viewBox=\"0 0 24 24\" stroke=\"currentColor\" stroke-width=\"2\">\n                      <path stroke-linecap=\"round\" stroke-linejoin=\"round\" d=\"M13.5 4.5L21 12m0 0l-7.5 7.5M21 12H3\"><\/path>\n                    <\/svg>\n                  <\/div>\n                <\/div>\n              <\/article>\n                          <article class=\"em-card\"\n                data-type=\"evenements-locaux-6\"\n                data-features=\"\"\n                data-name=\"visite guid\u00e9e de la conserverie kerbriant\"\n                data-json=\"{&quot;name&quot;:&quot;Visite guid\\u00e9e de la Conserverie Kerbriant&quot;,&quot;image&quot;:&quot;&quot;,&quot;link&quot;:&quot;&quot;,&quot;data&quot;:{&quot;titre&quot;:&quot;Visite guid\\u00e9e de la Conserverie Kerbriant&quot;,&quot;description&quot;:&quot;Visite de la conserverie artisanale et familiale fabriquant des plats cuisin\\u00e9s \\u00e0 base de thon, maquereaux, sardines. Visite  sur r\\u00e9servation et se terminant par une d\\u00e9gustation. Nombres de places limit\\u00e9es. R\\u00e9servation sur le site internet de l&#039;Office de Tourisme du Pays de Douarnenez ou sur www.kerbriant.fr.\\nDu lundi au vendredi  : plusieurs visites possibles suivant la saison et les disponibilit\\u00e9s&quot;,&quot;categorie&quot;:&quot;Autres \\u00e9v\\u00e9nements&quot;,&quot;ville&quot;:&quot;Douarnenez&quot;,&quot;code_postal&quot;:&quot;29100&quot;,&quot;name&quot;:&quot;Visite guid\\u00e9e de la Conserverie Kerbriant&quot;,&quot;latitude&quot;:&quot;48.0811149&quot;,&quot;longitude&quot;:&quot;-4.2961340&quot;},&quot;category&quot;:&quot;\\u00c9v\\u00e9nements locaux&quot;,&quot;faq&quot;:[],&quot;event&quot;:&quot;Du 06\\\/04\\\/2026 au 09\\\/10\\\/2026 \\u00e0 23:59&quot;,&quot;video_url&quot;:&quot;&quot;,&quot;video_embed&quot;:null,&quot;documents&quot;:[],&quot;gallery&quot;:[]}\">\n\n                <!-- Image + badge cat\u00e9gorie -->\n                <div class=\"em-card-img-wrap\">\n                                      <div class=\"em-card-placeholder\">\ud83d\udcf7 Pas d'image<\/div>\n                                    <span class=\"em-card-badge badge-default\">\u00c9v\u00e9nements locaux<\/span>\n                <\/div>\n\n                <!-- Contenu de la card -->\n                <div class=\"em-card-body\">\n                  <h3 class=\"em-card-title\">Visite guid\u00e9e de la Conserverie Kerbriant<\/h3>\n\n                  <!-- Tags r\u00e9sum\u00e9s (max 4) -->\n                  <div class=\"em-card-tags\">\n                                                          <\/div>\n\n                  <!-- Champs suppl\u00e9mentaires (max 3) -->\n                  <div class=\"em-card-fields\">\n                                          <div class=\"em-card-field\">\n                        <span class=\"em-card-field-label\">Titre :<\/span>\n                        <span class=\"em-card-field-value\">Visite guid\u00e9e de la Conserverie Kerbriant<\/span>\n                      <\/div>\n                                          <div class=\"em-card-field\">\n                        <span class=\"em-card-field-label\">Cat\u00e9gorie :<\/span>\n                        <span class=\"em-card-field-value\">Autres \u00e9v\u00e9nements<\/span>\n                      <\/div>\n                                          <div class=\"em-card-field\">\n                        <span class=\"em-card-field-label\">Ville :<\/span>\n                        <span class=\"em-card-field-value\">Douarnenez<\/span>\n                      <\/div>\n                                      <\/div>\n\n                  <!-- Lien vers le d\u00e9tail -->\n                  <div class=\"em-card-footer\">\n                    <span>Voir le d\u00e9tail<\/span>\n                    <svg fill=\"none\" viewBox=\"0 0 24 24\" stroke=\"currentColor\" stroke-width=\"2\">\n                      <path stroke-linecap=\"round\" stroke-linejoin=\"round\" d=\"M13.5 4.5L21 12m0 0l-7.5 7.5M21 12H3\"><\/path>\n                    <\/svg>\n                  <\/div>\n                <\/div>\n              <\/article>\n                          <article class=\"em-card\"\n                data-type=\"evenements-locaux-6\"\n                data-features=\"\"\n                data-name=\"visite - la plage de troaon et ses fossiles\"\n                data-json=\"{&quot;name&quot;:&quot;Visite - la plage de Troaon et ses fossiles&quot;,&quot;image&quot;:&quot;&quot;,&quot;link&quot;:&quot;&quot;,&quot;data&quot;:{&quot;titre&quot;:&quot;Visite - la plage de Troaon et ses fossiles&quot;,&quot;description&quot;:&quot;La plage de Troaon et ses fossiles : une histoire vieille de 400 millions d&#039;ann\\u00e9es !\\n\\nLa rade de Brest est une r\\u00e9gion riche en fossiles bien connus des pal\\u00e9ontologues depuis des d\\u00e9cennies. Fig\\u00e9s aujourd\\u2019hui dans les roches des plages de la rade, ils sont les t\\u00e9moins d\\u2019une vie qui a prosp\\u00e9r\\u00e9 il y a pr\\u00e8s de 400 millions d\\u2019ann\\u00e9es. \\n\\nLa visite propose de d\\u00e9couvrir les secrets de la plage de Troaon directement sur le terrain. Nous observerons et verrons comment reconna\\u00eetre les principaux types de roches (granites, gr\\u00e8s, calcaires, schistes\\u2026) et les grands groupes d\\u2019animaux fossiles (coraux, mollusques, trilobites\\u2026) qui ont v\\u00e9cu dans la rade \\u00e0 une p\\u00e9riode de l\\u2019histoire de la Terre o\\u00f9 la Bretagne montrait un paysage totalement diff\\u00e9rent compar\\u00e9 \\u00e0 celui que nous connaissons.\\n\\n- R\\u00e9servation obligatoire.\\n- Nombre de places limit\\u00e9.&quot;,&quot;categorie&quot;:&quot;Sport &amp; randonn\\u00e9e&quot;,&quot;ville&quot;:&quot;H\\u00f4pital-Camfrout&quot;,&quot;code_postal&quot;:&quot;29460&quot;,&quot;name&quot;:&quot;Visite - la plage de Troaon et ses fossiles&quot;,&quot;latitude&quot;:&quot;48.3092319&quot;,&quot;longitude&quot;:&quot;-4.2611543&quot;},&quot;category&quot;:&quot;\\u00c9v\\u00e9nements locaux&quot;,&quot;faq&quot;:[],&quot;event&quot;:&quot;Du 31\\\/08\\\/2026 \\u00e0 14:00 au 31\\\/08\\\/2026 \\u00e0 23:59&quot;,&quot;video_url&quot;:&quot;&quot;,&quot;video_embed&quot;:null,&quot;documents&quot;:[],&quot;gallery&quot;:[]}\">\n\n                <!-- Image + badge cat\u00e9gorie -->\n                <div class=\"em-card-img-wrap\">\n                                      <div class=\"em-card-placeholder\">\ud83d\udcf7 Pas d'image<\/div>\n                                    <span class=\"em-card-badge badge-default\">\u00c9v\u00e9nements locaux<\/span>\n                <\/div>\n\n                <!-- Contenu de la card -->\n                <div class=\"em-card-body\">\n                  <h3 class=\"em-card-title\">Visite - la plage de Troaon et ses fossiles<\/h3>\n\n                  <!-- Tags r\u00e9sum\u00e9s (max 4) -->\n                  <div class=\"em-card-tags\">\n                                                          <\/div>\n\n                  <!-- Champs suppl\u00e9mentaires (max 3) -->\n                  <div class=\"em-card-fields\">\n                                          <div class=\"em-card-field\">\n                        <span class=\"em-card-field-label\">Titre :<\/span>\n                        <span class=\"em-card-field-value\">Visite - la plage de Troaon et ses fossiles<\/span>\n                      <\/div>\n                                          <div class=\"em-card-field\">\n                        <span class=\"em-card-field-label\">Cat\u00e9gorie :<\/span>\n                        <span class=\"em-card-field-value\">Sport &amp; randonn\u00e9e<\/span>\n                      <\/div>\n                                          <div class=\"em-card-field\">\n                        <span class=\"em-card-field-label\">Ville :<\/span>\n                        <span class=\"em-card-field-value\">H\u00f4pital-Camfrout<\/span>\n                      <\/div>\n                                      <\/div>\n\n                  <!-- Lien vers le d\u00e9tail -->\n                  <div class=\"em-card-footer\">\n                    <span>Voir le d\u00e9tail<\/span>\n                    <svg fill=\"none\" viewBox=\"0 0 24 24\" stroke=\"currentColor\" stroke-width=\"2\">\n                      <path stroke-linecap=\"round\" stroke-linejoin=\"round\" d=\"M13.5 4.5L21 12m0 0l-7.5 7.5M21 12H3\"><\/path>\n                    <\/svg>\n                  <\/div>\n                <\/div>\n              <\/article>\n                          <article class=\"em-card\"\n                data-type=\"evenements-locaux-6\"\n                data-features=\"\"\n                data-name=\"visite de la ferme de keratry : spiruline de bretagne\"\n                data-json=\"{&quot;name&quot;:&quot;Visite de la ferme de Keratry : Spiruline de Bretagne&quot;,&quot;image&quot;:&quot;&quot;,&quot;link&quot;:&quot;&quot;,&quot;data&quot;:{&quot;titre&quot;:&quot;Visite de la ferme de Keratry : Spiruline de Bretagne&quot;,&quot;description&quot;:&quot;Nous produisons l\\u2019algue bleu-vert de fa\\u00e7on artisanale, en apportant un soin tout particulier \\u00e0 la cr\\u00e9ation et \\u00e0 l\\u2019entretien d\\u2019un milieu de culture de qualit\\u00e9 optimum. Imm\\u00e9diatement apr\\u00e8s s\\u00e9chage, r\\u00e9alis\\u00e9 lentement, \\u00e0 basse temp\\u00e9rature, la spiruline en paillettes est ensach\\u00e9e dans des emballages aluminis\\u00e9s afin de vous garantir un produit aux qualit\\u00e9s totalement pr\\u00e9serv\\u00e9es. Notre spiruline, 100% pure, est disponible sur le site de production, \\u00e0 la ferme de Keratry.\\nCultiv\\u00e9e sous serres, l\\u2019algue profite de la lumi\\u00e8re et des chaleurs estivales de Bretagne pour croitre et se multiplier en toute harmonie.&quot;,&quot;categorie&quot;:&quot;Autres \\u00e9v\\u00e9nements&quot;,&quot;ville&quot;:&quot;Douarnenez&quot;,&quot;code_postal&quot;:&quot;29100&quot;,&quot;name&quot;:&quot;Visite de la ferme de Keratry : Spiruline de Bretagne&quot;,&quot;latitude&quot;:&quot;48.0801680&quot;,&quot;longitude&quot;:&quot;-4.2710600&quot;},&quot;category&quot;:&quot;\\u00c9v\\u00e9nements locaux&quot;,&quot;faq&quot;:[],&quot;event&quot;:&quot;Du 04\\\/09\\\/2026 \\u00e0 17:00 au 04\\\/09\\\/2026 \\u00e0 23:59&quot;,&quot;video_url&quot;:&quot;&quot;,&quot;video_embed&quot;:null,&quot;documents&quot;:[],&quot;gallery&quot;:[]}\">\n\n                <!-- Image + badge cat\u00e9gorie -->\n                <div class=\"em-card-img-wrap\">\n                                      <div class=\"em-card-placeholder\">\ud83d\udcf7 Pas d'image<\/div>\n                                    <span class=\"em-card-badge badge-default\">\u00c9v\u00e9nements locaux<\/span>\n                <\/div>\n\n                <!-- Contenu de la card -->\n                <div class=\"em-card-body\">\n                  <h3 class=\"em-card-title\">Visite de la ferme de Keratry : Spiruline de Bretagne<\/h3>\n\n                  <!-- Tags r\u00e9sum\u00e9s (max 4) -->\n                  <div class=\"em-card-tags\">\n                                                          <\/div>\n\n                  <!-- Champs suppl\u00e9mentaires (max 3) -->\n                  <div class=\"em-card-fields\">\n                                          <div class=\"em-card-field\">\n                        <span class=\"em-card-field-label\">Titre :<\/span>\n                        <span class=\"em-card-field-value\">Visite de la ferme de Keratry : Spiruline de Bretagne<\/span>\n                      <\/div>\n                                          <div class=\"em-card-field\">\n                        <span class=\"em-card-field-label\">Cat\u00e9gorie :<\/span>\n                        <span class=\"em-card-field-value\">Autres \u00e9v\u00e9nements<\/span>\n                      <\/div>\n                                          <div class=\"em-card-field\">\n                        <span class=\"em-card-field-label\">Ville :<\/span>\n                        <span class=\"em-card-field-value\">Douarnenez<\/span>\n                      <\/div>\n                                      <\/div>\n\n                  <!-- Lien vers le d\u00e9tail -->\n                  <div class=\"em-card-footer\">\n                    <span>Voir le d\u00e9tail<\/span>\n                    <svg fill=\"none\" viewBox=\"0 0 24 24\" stroke=\"currentColor\" stroke-width=\"2\">\n                      <path stroke-linecap=\"round\" stroke-linejoin=\"round\" d=\"M13.5 4.5L21 12m0 0l-7.5 7.5M21 12H3\"><\/path>\n                    <\/svg>\n                  <\/div>\n                <\/div>\n              <\/article>\n                          <article class=\"em-card\"\n                data-type=\"evenements-locaux-6\"\n                data-features=\"\"\n                data-name=\"atelier : apprendre \u00e0 couvrir ses livres\"\n                data-json=\"{&quot;name&quot;:&quot;Atelier : apprendre \\u00e0 couvrir ses livres&quot;,&quot;image&quot;:&quot;&quot;,&quot;link&quot;:&quot;https:\\\/\\\/www.ateliersdescapucins.fr\\\/fr\\\/programmation\\\/apprendre-couvrir-ses-livres&quot;,&quot;data&quot;:{&quot;titre&quot;:&quot;Atelier : apprendre \\u00e0 couvrir ses livres&quot;,&quot;description&quot;:&quot;C\\u2019est la rentr\\u00e9e !\\n\\n\\u00c9l\\u00e8ve (coll\\u00e8ge, lyc\\u00e9e) ou parent d\\u2019\\u00e9l\\u00e8ve, venez apprendre les techniques et astuces des relieurs et relieuses des m\\u00e9diath\\u00e8ques pour couvrir vos livres ! \\n\\nMat\\u00e9riel n\\u00e9cessaire fourni. Venez avec quelques livres.&quot;,&quot;categorie&quot;:&quot;Autres \\u00e9v\\u00e9nements&quot;,&quot;ville&quot;:&quot;Brest&quot;,&quot;code_postal&quot;:&quot;29200&quot;,&quot;name&quot;:&quot;Atelier : apprendre \\u00e0 couvrir ses livres&quot;,&quot;latitude&quot;:&quot;48.3891000&quot;,&quot;longitude&quot;:&quot;-4.4993500&quot;,&quot;link&quot;:&quot;https:\\\/\\\/www.ateliersdescapucins.fr\\\/fr\\\/programmation\\\/apprendre-couvrir-ses-livres&quot;},&quot;category&quot;:&quot;\\u00c9v\\u00e9nements locaux&quot;,&quot;faq&quot;:[],&quot;event&quot;:&quot;Du 27\\\/08\\\/2026 \\u00e0 14:00 au 28\\\/08\\\/2026 \\u00e0 23:59&quot;,&quot;video_url&quot;:&quot;&quot;,&quot;video_embed&quot;:null,&quot;documents&quot;:[],&quot;gallery&quot;:[]}\">\n\n                <!-- Image + badge cat\u00e9gorie -->\n                <div class=\"em-card-img-wrap\">\n                                      <div class=\"em-card-placeholder\">\ud83d\udcf7 Pas d'image<\/div>\n                                    <span class=\"em-card-badge badge-default\">\u00c9v\u00e9nements locaux<\/span>\n                <\/div>\n\n                <!-- Contenu de la card -->\n                <div class=\"em-card-body\">\n                  <h3 class=\"em-card-title\">Atelier : apprendre \u00e0 couvrir ses livres<\/h3>\n\n                  <!-- Tags r\u00e9sum\u00e9s (max 4) -->\n                  <div class=\"em-card-tags\">\n                                                          <\/div>\n\n                  <!-- Champs suppl\u00e9mentaires (max 3) -->\n                  <div class=\"em-card-fields\">\n                                          <div class=\"em-card-field\">\n                        <span class=\"em-card-field-label\">Titre :<\/span>\n                        <span class=\"em-card-field-value\">Atelier : apprendre \u00e0 couvrir ses livres<\/span>\n                      <\/div>\n                                          <div class=\"em-card-field\">\n                        <span class=\"em-card-field-label\">Cat\u00e9gorie :<\/span>\n                        <span class=\"em-card-field-value\">Autres \u00e9v\u00e9nements<\/span>\n                      <\/div>\n                                          <div class=\"em-card-field\">\n                        <span class=\"em-card-field-label\">Ville :<\/span>\n                        <span class=\"em-card-field-value\">Brest<\/span>\n                      <\/div>\n                                      <\/div>\n\n                  <!-- Lien vers le d\u00e9tail -->\n                  <div class=\"em-card-footer\">\n                    <span>Voir le d\u00e9tail<\/span>\n                    <svg fill=\"none\" viewBox=\"0 0 24 24\" stroke=\"currentColor\" stroke-width=\"2\">\n                      <path stroke-linecap=\"round\" stroke-linejoin=\"round\" d=\"M13.5 4.5L21 12m0 0l-7.5 7.5M21 12H3\"><\/path>\n                    <\/svg>\n                  <\/div>\n                <\/div>\n              <\/article>\n                          <article class=\"em-card\"\n                data-type=\"evenements-locaux-6\"\n                data-features=\"\"\n                data-name=\"concert &quot;an henchou treuz&quot;\"\n                data-json=\"{&quot;name&quot;:&quot;Concert \\&quot;An Henchou Treuz\\&quot;&quot;,&quot;image&quot;:&quot;&quot;,&quot;link&quot;:&quot;&quot;,&quot;data&quot;:{&quot;titre&quot;:&quot;Concert \\&quot;An Henchou Treuz\\&quot;&quot;,&quot;description&quot;:&quot;Concert \\&quot;An Henchou Treuz\\&quot; (folk)&quot;,&quot;categorie&quot;:&quot;Concerts, musique &amp; festivals&quot;,&quot;ville&quot;:&quot;Plomodiern&quot;,&quot;code_postal&quot;:&quot;29550&quot;,&quot;name&quot;:&quot;Concert \\&quot;An Henchou Treuz\\&quot;&quot;,&quot;latitude&quot;:&quot;48.1815200&quot;,&quot;longitude&quot;:&quot;-4.2324800&quot;},&quot;category&quot;:&quot;\\u00c9v\\u00e9nements locaux&quot;,&quot;faq&quot;:[],&quot;event&quot;:&quot;Du 04\\\/09\\\/2026 \\u00e0 20:00 au 04\\\/09\\\/2026 \\u00e0 23:59&quot;,&quot;video_url&quot;:&quot;&quot;,&quot;video_embed&quot;:null,&quot;documents&quot;:[],&quot;gallery&quot;:[]}\">\n\n                <!-- Image + badge cat\u00e9gorie -->\n                <div class=\"em-card-img-wrap\">\n                                      <div class=\"em-card-placeholder\">\ud83d\udcf7 Pas d'image<\/div>\n                                    <span class=\"em-card-badge badge-default\">\u00c9v\u00e9nements locaux<\/span>\n                <\/div>\n\n                <!-- Contenu de la card -->\n                <div class=\"em-card-body\">\n                  <h3 class=\"em-card-title\">Concert &quot;An Henchou Treuz&quot;<\/h3>\n\n                  <!-- Tags r\u00e9sum\u00e9s (max 4) -->\n                  <div class=\"em-card-tags\">\n                                                          <\/div>\n\n                  <!-- Champs suppl\u00e9mentaires (max 3) -->\n                  <div class=\"em-card-fields\">\n                                          <div class=\"em-card-field\">\n                        <span class=\"em-card-field-label\">Titre :<\/span>\n                        <span class=\"em-card-field-value\">Concert &quot;An Henchou Treuz&quot;<\/span>\n                      <\/div>\n                                          <div class=\"em-card-field\">\n                        <span class=\"em-card-field-label\">Cat\u00e9gorie :<\/span>\n                        <span class=\"em-card-field-value\">Concerts, musique &amp; festivals<\/span>\n                      <\/div>\n                                          <div class=\"em-card-field\">\n                        <span class=\"em-card-field-label\">Ville :<\/span>\n                        <span class=\"em-card-field-value\">Plomodiern<\/span>\n                      <\/div>\n                                      <\/div>\n\n                  <!-- Lien vers le d\u00e9tail -->\n                  <div class=\"em-card-footer\">\n                    <span>Voir le d\u00e9tail<\/span>\n                    <svg fill=\"none\" viewBox=\"0 0 24 24\" stroke=\"currentColor\" stroke-width=\"2\">\n                      <path stroke-linecap=\"round\" stroke-linejoin=\"round\" d=\"M13.5 4.5L21 12m0 0l-7.5 7.5M21 12H3\"><\/path>\n                    <\/svg>\n                  <\/div>\n                <\/div>\n              <\/article>\n                          <article class=\"em-card\"\n                data-type=\"evenements-locaux-6\"\n                data-features=\"\"\n                data-name=\"braderie -vente textile au poids\"\n                data-json=\"{&quot;name&quot;:&quot;Braderie -Vente textile au poids&quot;,&quot;image&quot;:&quot;&quot;,&quot;link&quot;:&quot;&quot;,&quot;data&quot;:{&quot;titre&quot;:&quot;Braderie -Vente textile au poids&quot;,&quot;description&quot;:&quot;Vente sp\\u00e9ciale textile au poids pour adultes et enfants  . Le prix au poids sera de 2\\u20ac.\\nOrganis\\u00e9 par cap solidarit\\u00e9.&quot;,&quot;categorie&quot;:&quot;Autres \\u00e9v\\u00e9nements&quot;,&quot;ville&quot;:&quot;Ploz\\u00e9vet&quot;,&quot;code_postal&quot;:&quot;29710&quot;,&quot;name&quot;:&quot;Braderie -Vente textile au poids&quot;,&quot;latitude&quot;:&quot;47.9920200&quot;,&quot;longitude&quot;:&quot;-4.4310800&quot;},&quot;category&quot;:&quot;\\u00c9v\\u00e9nements locaux&quot;,&quot;faq&quot;:[],&quot;event&quot;:&quot;Du 30\\\/08\\\/2026 au 30\\\/08\\\/2026 \\u00e0 23:59&quot;,&quot;video_url&quot;:&quot;&quot;,&quot;video_embed&quot;:null,&quot;documents&quot;:[],&quot;gallery&quot;:[]}\">\n\n                <!-- Image + badge cat\u00e9gorie -->\n                <div class=\"em-card-img-wrap\">\n                                      <div class=\"em-card-placeholder\">\ud83d\udcf7 Pas d'image<\/div>\n                                    <span class=\"em-card-badge badge-default\">\u00c9v\u00e9nements locaux<\/span>\n                <\/div>\n\n                <!-- Contenu de la card -->\n                <div class=\"em-card-body\">\n                  <h3 class=\"em-card-title\">Braderie -Vente textile au poids<\/h3>\n\n                  <!-- Tags r\u00e9sum\u00e9s (max 4) -->\n                  <div class=\"em-card-tags\">\n                                                          <\/div>\n\n                  <!-- Champs suppl\u00e9mentaires (max 3) -->\n                  <div class=\"em-card-fields\">\n                                          <div class=\"em-card-field\">\n                        <span class=\"em-card-field-label\">Titre :<\/span>\n                        <span class=\"em-card-field-value\">Braderie -Vente textile au poids<\/span>\n                      <\/div>\n                                          <div class=\"em-card-field\">\n                        <span class=\"em-card-field-label\">Cat\u00e9gorie :<\/span>\n                        <span class=\"em-card-field-value\">Autres \u00e9v\u00e9nements<\/span>\n                      <\/div>\n                                          <div class=\"em-card-field\">\n                        <span class=\"em-card-field-label\">Ville :<\/span>\n                        <span class=\"em-card-field-value\">Ploz\u00e9vet<\/span>\n                      <\/div>\n                                      <\/div>\n\n                  <!-- Lien vers le d\u00e9tail -->\n                  <div class=\"em-card-footer\">\n                    <span>Voir le d\u00e9tail<\/span>\n                    <svg fill=\"none\" viewBox=\"0 0 24 24\" stroke=\"currentColor\" stroke-width=\"2\">\n                      <path stroke-linecap=\"round\" stroke-linejoin=\"round\" d=\"M13.5 4.5L21 12m0 0l-7.5 7.5M21 12H3\"><\/path>\n                    <\/svg>\n                  <\/div>\n                <\/div>\n              <\/article>\n                          <article class=\"em-card\"\n                data-type=\"evenements-locaux-6\"\n                data-features=\"\"\n                data-name=\"vernissage de l&#039;exposition jacques bo\u00ebnnec\"\n                data-json=\"{&quot;name&quot;:&quot;Vernissage de l&#039;exposition Jacques Bo\\u00ebnnec&quot;,&quot;image&quot;:&quot;&quot;,&quot;link&quot;:&quot;&quot;,&quot;data&quot;:{&quot;titre&quot;:&quot;Vernissage de l&#039;exposition Jacques Bo\\u00ebnnec&quot;,&quot;description&quot;:&quot;Vernissage de l&#039;exposition Jacques Bo\\u00ebnnec&quot;,&quot;categorie&quot;:&quot;Expositions&quot;,&quot;ville&quot;:&quot;Plomodiern&quot;,&quot;code_postal&quot;:&quot;29550&quot;,&quot;name&quot;:&quot;Vernissage de l&#039;exposition Jacques Bo\\u00ebnnec&quot;,&quot;latitude&quot;:&quot;48.1807600&quot;,&quot;longitude&quot;:&quot;-4.2322000&quot;},&quot;category&quot;:&quot;\\u00c9v\\u00e9nements locaux&quot;,&quot;faq&quot;:[],&quot;event&quot;:&quot;Du 04\\\/09\\\/2026 \\u00e0 18:00 au 04\\\/09\\\/2026 \\u00e0 23:59&quot;,&quot;video_url&quot;:&quot;&quot;,&quot;video_embed&quot;:null,&quot;documents&quot;:[],&quot;gallery&quot;:[]}\">\n\n                <!-- Image + badge cat\u00e9gorie -->\n                <div class=\"em-card-img-wrap\">\n                                      <div class=\"em-card-placeholder\">\ud83d\udcf7 Pas d'image<\/div>\n                                    <span class=\"em-card-badge badge-default\">\u00c9v\u00e9nements locaux<\/span>\n                <\/div>\n\n                <!-- Contenu de la card -->\n                <div class=\"em-card-body\">\n                  <h3 class=\"em-card-title\">Vernissage de l&#039;exposition Jacques Bo\u00ebnnec<\/h3>\n\n                  <!-- Tags r\u00e9sum\u00e9s (max 4) -->\n                  <div class=\"em-card-tags\">\n                                                          <\/div>\n\n                  <!-- Champs suppl\u00e9mentaires (max 3) -->\n                  <div class=\"em-card-fields\">\n                                          <div class=\"em-card-field\">\n                        <span class=\"em-card-field-label\">Titre :<\/span>\n                        <span class=\"em-card-field-value\">Vernissage de l&#039;exposition Jacques Bo\u00ebnnec<\/span>\n                      <\/div>\n                                          <div class=\"em-card-field\">\n                        <span class=\"em-card-field-label\">Cat\u00e9gorie :<\/span>\n                        <span class=\"em-card-field-value\">Expositions<\/span>\n                      <\/div>\n                                          <div class=\"em-card-field\">\n                        <span class=\"em-card-field-label\">Ville :<\/span>\n                        <span class=\"em-card-field-value\">Plomodiern<\/span>\n                      <\/div>\n                                      <\/div>\n\n                  <!-- Lien vers le d\u00e9tail -->\n                  <div class=\"em-card-footer\">\n                    <span>Voir le d\u00e9tail<\/span>\n                    <svg fill=\"none\" viewBox=\"0 0 24 24\" stroke=\"currentColor\" stroke-width=\"2\">\n                      <path stroke-linecap=\"round\" stroke-linejoin=\"round\" d=\"M13.5 4.5L21 12m0 0l-7.5 7.5M21 12H3\"><\/path>\n                    <\/svg>\n                  <\/div>\n                <\/div>\n              <\/article>\n                          <article class=\"em-card\"\n                data-type=\"evenements-locaux-6\"\n                data-features=\"\"\n                data-name=\"exposition - &quot;la libert\u00e9. force vive, d\u00e9ploy\u00e9e&quot;\"\n                data-json=\"{&quot;name&quot;:&quot;Exposition - \\&quot;La libert\\u00e9. Force vive, d\\u00e9ploy\\u00e9e\\&quot;&quot;,&quot;image&quot;:&quot;&quot;,&quot;link&quot;:&quot;&quot;,&quot;data&quot;:{&quot;titre&quot;:&quot;Exposition - \\&quot;La libert\\u00e9. Force vive, d\\u00e9ploy\\u00e9e\\&quot;&quot;,&quot;description&quot;:&quot;L\\u2019association Prim\\u2019vers et prose de Daoulas \\u2013 commune labellis\\u00e9e Village en po\\u00e9sie depuis 2011 \\u2013 vous invite \\u00e0 l\\u2019exposition en plein air, le long de la ria de Daoulas, de photo-po\\u00e9sie sur le th\\u00e8me national de la 28e \\u00e9dition du Printemps des Po\\u00e8tes\\u00a0: La libert\\u00e9. Force vive, d\\u00e9ploy\\u00e9e. \\n\\nLe vernissage aura lieu le samedi 30 mai 2026 au Moulin du Pont, 1 Bis, Rte de Loperhet \\u00e0 Daoulas .\\nAu programme : \\n\\n9h30-12h30 : Atelier d\\u2019\\u00e9criture spontan\\u00e9e anim\\u00e9 par Annie LE MERRER\\nInscription via notre e-mail : primversprose@gmail.com\\n\\n14h-15h : Pr\\u00e9sentation des travaux po\\u00e9tiques des \\u00e9l\\u00e8ves\\nde David LEFRESNE et des coll\\u00e9giens de Ga\\u00eblle KERHERV\\u00c9\\n\\n15h-17h : BALADE PO\\u00c9TIQUE le long de la Ria de Daoulas\\n\\n17h-18h30 : Salon exposants : rencontres et d\\u00e9dicaces\\nPr\\u00e9sentations des travaux et ouvrages des auteurs et photographes pr\\u00e9sents\\n\\n18h30-20h : Pot de l\\u2019amiti\\u00e9&quot;,&quot;categorie&quot;:&quot;Expositions&quot;,&quot;ville&quot;:&quot;Daoulas&quot;,&quot;code_postal&quot;:&quot;29460&quot;,&quot;name&quot;:&quot;Exposition - \\&quot;La libert\\u00e9. Force vive, d\\u00e9ploy\\u00e9e\\&quot;&quot;,&quot;latitude&quot;:&quot;48.3557944&quot;,&quot;longitude&quot;:&quot;-4.2654948&quot;},&quot;category&quot;:&quot;\\u00c9v\\u00e9nements locaux&quot;,&quot;faq&quot;:[],&quot;event&quot;:&quot;Du 30\\\/05\\\/2026 au 30\\\/09\\\/2026 \\u00e0 23:59&quot;,&quot;video_url&quot;:&quot;&quot;,&quot;video_embed&quot;:null,&quot;documents&quot;:[],&quot;gallery&quot;:[]}\">\n\n                <!-- Image + badge cat\u00e9gorie -->\n                <div class=\"em-card-img-wrap\">\n                                      <div class=\"em-card-placeholder\">\ud83d\udcf7 Pas d'image<\/div>\n                                    <span class=\"em-card-badge badge-default\">\u00c9v\u00e9nements locaux<\/span>\n                <\/div>\n\n                <!-- Contenu de la card -->\n                <div class=\"em-card-body\">\n                  <h3 class=\"em-card-title\">Exposition - &quot;La libert\u00e9. Force vive, d\u00e9ploy\u00e9e&quot;<\/h3>\n\n                  <!-- Tags r\u00e9sum\u00e9s (max 4) -->\n                  <div class=\"em-card-tags\">\n                                                          <\/div>\n\n                  <!-- Champs suppl\u00e9mentaires (max 3) -->\n                  <div class=\"em-card-fields\">\n                                          <div class=\"em-card-field\">\n                        <span class=\"em-card-field-label\">Titre :<\/span>\n                        <span class=\"em-card-field-value\">Exposition - &quot;La libert\u00e9. Force vive, d\u00e9ploy\u00e9e&quot;<\/span>\n                      <\/div>\n                                          <div class=\"em-card-field\">\n                        <span class=\"em-card-field-label\">Cat\u00e9gorie :<\/span>\n                        <span class=\"em-card-field-value\">Expositions<\/span>\n                      <\/div>\n                                          <div class=\"em-card-field\">\n                        <span class=\"em-card-field-label\">Ville :<\/span>\n                        <span class=\"em-card-field-value\">Daoulas<\/span>\n                      <\/div>\n                                      <\/div>\n\n                  <!-- Lien vers le d\u00e9tail -->\n                  <div class=\"em-card-footer\">\n                    <span>Voir le d\u00e9tail<\/span>\n                    <svg fill=\"none\" viewBox=\"0 0 24 24\" stroke=\"currentColor\" stroke-width=\"2\">\n                      <path stroke-linecap=\"round\" stroke-linejoin=\"round\" d=\"M13.5 4.5L21 12m0 0l-7.5 7.5M21 12H3\"><\/path>\n                    <\/svg>\n                  <\/div>\n                <\/div>\n              <\/article>\n                          <article class=\"em-card\"\n                data-type=\"evenements-locaux-6\"\n                data-features=\"\"\n                data-name=\"sb29 - toulouse fc\"\n                data-json=\"{&quot;name&quot;:&quot;SB29 - Toulouse FC&quot;,&quot;image&quot;:&quot;&quot;,&quot;link&quot;:&quot;https:\\\/\\\/billetterie.sb29.bzh\\\/&quot;,&quot;data&quot;:{&quot;titre&quot;:&quot;SB29 - Toulouse FC&quot;,&quot;description&quot;:&quot;Pour la rentr\\u00e9e, le Stade Brestois 29 retrouve son public et accueillent Toulouse dans le cadre de la 2\\u00e8me journ\\u00e9e du championnat de Ligue 1 McDonald&#039;s, \\u00e0 vivre pleinement au c\\u0153ur de la ville.\\n\\nDans les tribunes comme autour du stade, l\\u2019ambiance brestoise promet d\\u2019\\u00eatre au rendez-vous : passionn\\u00e9e, populaire, chaleureuse\\u2026  Ici, le football se vit en famille, entre amis, avec les habitu\\u00e9s comme avec celles et ceux qui d\\u00e9couvrent l\\u2019atmosph\\u00e8re unique du SB29.\\n\\nInformations pratiques : \\nR\\u00e9servation fortement recommand\\u00e9e. \\nPlacement assis, num\\u00e9rot\\u00e9.&quot;,&quot;categorie&quot;:&quot;En famille&quot;,&quot;ville&quot;:&quot;Brest&quot;,&quot;code_postal&quot;:&quot;29200&quot;,&quot;name&quot;:&quot;SB29 - Toulouse FC&quot;,&quot;latitude&quot;:&quot;48.4028900&quot;,&quot;longitude&quot;:&quot;-4.4614100&quot;,&quot;link&quot;:&quot;https:\\\/\\\/billetterie.sb29.bzh\\\/&quot;},&quot;category&quot;:&quot;\\u00c9v\\u00e9nements locaux&quot;,&quot;faq&quot;:[],&quot;event&quot;:&quot;Du 29\\\/08\\\/2026 \\u00e0 20:45 au 29\\\/08\\\/2026 \\u00e0 23:59&quot;,&quot;video_url&quot;:&quot;&quot;,&quot;video_embed&quot;:null,&quot;documents&quot;:[],&quot;gallery&quot;:[]}\">\n\n                <!-- Image + badge cat\u00e9gorie -->\n                <div class=\"em-card-img-wrap\">\n                                      <div class=\"em-card-placeholder\">\ud83d\udcf7 Pas d'image<\/div>\n                                    <span class=\"em-card-badge badge-default\">\u00c9v\u00e9nements locaux<\/span>\n                <\/div>\n\n                <!-- Contenu de la card -->\n                <div class=\"em-card-body\">\n                  <h3 class=\"em-card-title\">SB29 - Toulouse FC<\/h3>\n\n                  <!-- Tags r\u00e9sum\u00e9s (max 4) -->\n                  <div class=\"em-card-tags\">\n                                                          <\/div>\n\n                  <!-- Champs suppl\u00e9mentaires (max 3) -->\n                  <div class=\"em-card-fields\">\n                                          <div class=\"em-card-field\">\n                        <span class=\"em-card-field-label\">Titre :<\/span>\n                        <span class=\"em-card-field-value\">SB29 - Toulouse FC<\/span>\n                      <\/div>\n                                          <div class=\"em-card-field\">\n                        <span class=\"em-card-field-label\">Cat\u00e9gorie :<\/span>\n                        <span class=\"em-card-field-value\">En famille<\/span>\n                      <\/div>\n                                          <div class=\"em-card-field\">\n                        <span class=\"em-card-field-label\">Ville :<\/span>\n                        <span class=\"em-card-field-value\">Brest<\/span>\n                      <\/div>\n                                      <\/div>\n\n                  <!-- Lien vers le d\u00e9tail -->\n                  <div class=\"em-card-footer\">\n                    <span>Voir le d\u00e9tail<\/span>\n                    <svg fill=\"none\" viewBox=\"0 0 24 24\" stroke=\"currentColor\" stroke-width=\"2\">\n                      <path stroke-linecap=\"round\" stroke-linejoin=\"round\" d=\"M13.5 4.5L21 12m0 0l-7.5 7.5M21 12H3\"><\/path>\n                    <\/svg>\n                  <\/div>\n                <\/div>\n              <\/article>\n                          <article class=\"em-card\"\n                data-type=\"evenements-locaux-6\"\n                data-features=\"\"\n                data-name=\"les lolos \u00e0 l&#039;eau 4\"\n                data-json=\"{&quot;name&quot;:&quot;Les Lolos \\u00e0 l&#039;eau 4&quot;,&quot;image&quot;:&quot;&quot;,&quot;link&quot;:&quot;&quot;,&quot;data&quot;:{&quot;titre&quot;:&quot;Les Lolos \\u00e0 l&#039;eau 4&quot;,&quot;description&quot;:&quot;Ev\\u00e8nement joyeux et solidaire autour de l&#039;oc\\u00e9an et du bien-\\u00eatre pour sensibiliser \\u00e0 la pr\\u00e9vention des cancers et lever des fonds pour soutenir des associations d&#039;aide aux malades. \\n\\n2 temps forts : une soir\\u00e9e cin\\u00e9ma avec le Brest Surf Film Festival avec projection de films de surf et une journ\\u00e9e \\u00e0 la plage de Goulien avec des activit\\u00e9s aquatiques et bien-\\u00eatre (surf, body-board, yoga...). \\n\\nPetite restauration et buvette sur place.&quot;,&quot;categorie&quot;:&quot;Spectacles &amp; cin\\u00e9ma&quot;,&quot;ville&quot;:&quot;Crozon&quot;,&quot;code_postal&quot;:&quot;29160&quot;,&quot;name&quot;:&quot;Les Lolos \\u00e0 l&#039;eau 4&quot;,&quot;latitude&quot;:&quot;48.2456100&quot;,&quot;longitude&quot;:&quot;-4.4886100&quot;},&quot;category&quot;:&quot;\\u00c9v\\u00e9nements locaux&quot;,&quot;faq&quot;:[],&quot;event&quot;:&quot;Du 04\\\/09\\\/2026 \\u00e0 19:00 au 06\\\/09\\\/2026 \\u00e0 23:59&quot;,&quot;video_url&quot;:&quot;&quot;,&quot;video_embed&quot;:null,&quot;documents&quot;:[],&quot;gallery&quot;:[]}\">\n\n                <!-- Image + badge cat\u00e9gorie -->\n                <div class=\"em-card-img-wrap\">\n                                      <div class=\"em-card-placeholder\">\ud83d\udcf7 Pas d'image<\/div>\n                                    <span class=\"em-card-badge badge-default\">\u00c9v\u00e9nements locaux<\/span>\n                <\/div>\n\n                <!-- Contenu de la card -->\n                <div class=\"em-card-body\">\n                  <h3 class=\"em-card-title\">Les Lolos \u00e0 l&#039;eau 4<\/h3>\n\n                  <!-- Tags r\u00e9sum\u00e9s (max 4) -->\n                  <div class=\"em-card-tags\">\n                                                          <\/div>\n\n                  <!-- Champs suppl\u00e9mentaires (max 3) -->\n                  <div class=\"em-card-fields\">\n                                          <div class=\"em-card-field\">\n                        <span class=\"em-card-field-label\">Titre :<\/span>\n                        <span class=\"em-card-field-value\">Les Lolos \u00e0 l&#039;eau 4<\/span>\n                      <\/div>\n                                          <div class=\"em-card-field\">\n                        <span class=\"em-card-field-label\">Cat\u00e9gorie :<\/span>\n                        <span class=\"em-card-field-value\">Spectacles &amp; cin\u00e9ma<\/span>\n                      <\/div>\n                                          <div class=\"em-card-field\">\n                        <span class=\"em-card-field-label\">Ville :<\/span>\n                        <span class=\"em-card-field-value\">Crozon<\/span>\n                      <\/div>\n                                      <\/div>\n\n                  <!-- Lien vers le d\u00e9tail -->\n                  <div class=\"em-card-footer\">\n                    <span>Voir le d\u00e9tail<\/span>\n                    <svg fill=\"none\" viewBox=\"0 0 24 24\" stroke=\"currentColor\" stroke-width=\"2\">\n                      <path stroke-linecap=\"round\" stroke-linejoin=\"round\" d=\"M13.5 4.5L21 12m0 0l-7.5 7.5M21 12H3\"><\/path>\n                    <\/svg>\n                  <\/div>\n                <\/div>\n              <\/article>\n                          <article class=\"em-card\"\n                data-type=\"evenements-locaux-6\"\n                data-features=\"\"\n                data-name=\"escape game \u00ab les \u00e9vad\u00e9s du ch\u00e2teau \u00bb\"\n                data-json=\"{&quot;name&quot;:&quot;Escape game \\u00ab Les \\u00e9vad\\u00e9s du ch\\u00e2teau \\u00bb&quot;,&quot;image&quot;:&quot;&quot;,&quot;link&quot;:&quot;https:\\\/\\\/www.musee-marine.fr\\\/nos-musees\\\/brest\\\/visiter\\\/offre-culturelle\\\/escape-game-les-evades-du-chateau.html&quot;,&quot;data&quot;:{&quot;titre&quot;:&quot;Escape game \\u00ab Les \\u00e9vad\\u00e9s du ch\\u00e2teau \\u00bb&quot;,&quot;description&quot;:&quot;Brest, 1811. Enferm\\u00e9s. Surveill\\u00e9s. Condamn\\u00e9s. Bagnards, vous avez cru vous enfuir si facilement ! Cruelle illusion... Vous voil\\u00e0 transf\\u00e9r\\u00e9s dans les tristes ge\\u00f4les du ch\\u00e2teau. Tr\\u00e8s peu ont r\\u00e9ussi \\u00e0 en sortir, et vous ?\\n\\nInformations pratiques : \\nLes mercredis \\u00e0 16h\\nLe samedi \\u00e0 14h et 16h. \\nNon accessible \\u00e0 personne \\u00e0 mobilit\\u00e9 r\\u00e9duite, \\n\\nDur\\u00e9e 1h30, avec 60 minutes de jeu. \\nPublic : Adultes et familles (\\u00e0 partir de 10 ans)\\nGroupes de 3 \\u00e0 6 personnes. \\nTarif 90\\u20ac\\nR\\u00e9servations en ligne.&quot;,&quot;categorie&quot;:&quot;En famille&quot;,&quot;ville&quot;:&quot;Brest&quot;,&quot;code_postal&quot;:&quot;29200&quot;,&quot;name&quot;:&quot;Escape game \\u00ab Les \\u00e9vad\\u00e9s du ch\\u00e2teau \\u00bb&quot;,&quot;latitude&quot;:&quot;48.3810239&quot;,&quot;longitude&quot;:&quot;-4.4946544&quot;,&quot;link&quot;:&quot;https:\\\/\\\/www.musee-marine.fr\\\/nos-musees\\\/brest\\\/visiter\\\/offre-culturelle\\\/escape-game-les-evades-du-chateau.html&quot;},&quot;category&quot;:&quot;\\u00c9v\\u00e9nements locaux&quot;,&quot;faq&quot;:[],&quot;event&quot;:&quot;Du 01\\\/07\\\/2026 au 30\\\/08\\\/2026 \\u00e0 23:59&quot;,&quot;video_url&quot;:&quot;&quot;,&quot;video_embed&quot;:null,&quot;documents&quot;:[],&quot;gallery&quot;:[]}\">\n\n                <!-- Image + badge cat\u00e9gorie -->\n                <div class=\"em-card-img-wrap\">\n                                      <div class=\"em-card-placeholder\">\ud83d\udcf7 Pas d'image<\/div>\n                                    <span class=\"em-card-badge badge-default\">\u00c9v\u00e9nements locaux<\/span>\n                <\/div>\n\n                <!-- Contenu de la card -->\n                <div class=\"em-card-body\">\n                  <h3 class=\"em-card-title\">Escape game \u00ab Les \u00e9vad\u00e9s du ch\u00e2teau \u00bb<\/h3>\n\n                  <!-- Tags r\u00e9sum\u00e9s (max 4) -->\n                  <div class=\"em-card-tags\">\n                                                          <\/div>\n\n                  <!-- Champs suppl\u00e9mentaires (max 3) -->\n                  <div class=\"em-card-fields\">\n                                          <div class=\"em-card-field\">\n                        <span class=\"em-card-field-label\">Titre :<\/span>\n                        <span class=\"em-card-field-value\">Escape game \u00ab Les \u00e9vad\u00e9s du ch\u00e2teau \u00bb<\/span>\n                      <\/div>\n                                          <div class=\"em-card-field\">\n                        <span class=\"em-card-field-label\">Cat\u00e9gorie :<\/span>\n                        <span class=\"em-card-field-value\">En famille<\/span>\n                      <\/div>\n                                          <div class=\"em-card-field\">\n                        <span class=\"em-card-field-label\">Ville :<\/span>\n                        <span class=\"em-card-field-value\">Brest<\/span>\n                      <\/div>\n                                      <\/div>\n\n                  <!-- Lien vers le d\u00e9tail -->\n                  <div class=\"em-card-footer\">\n                    <span>Voir le d\u00e9tail<\/span>\n                    <svg fill=\"none\" viewBox=\"0 0 24 24\" stroke=\"currentColor\" stroke-width=\"2\">\n                      <path stroke-linecap=\"round\" stroke-linejoin=\"round\" d=\"M13.5 4.5L21 12m0 0l-7.5 7.5M21 12H3\"><\/path>\n                    <\/svg>\n                  <\/div>\n                <\/div>\n              <\/article>\n                          <article class=\"em-card\"\n                data-type=\"evenements-locaux-6\"\n                data-features=\"\"\n                data-name=\"visite guid\u00e9e \u00ab\u00a0les rendez-vous de la pointe\u00a0\u00bb\"\n                data-json=\"{&quot;name&quot;:&quot;Visite guid\\u00e9e \\u00ab\\u00a0Les rendez-vous de la Pointe\\u00a0\\u00bb&quot;,&quot;image&quot;:&quot;&quot;,&quot;link&quot;:&quot;https:\\\/\\\/www.toutcommenceenfinistere.com\\\/pointe-du-raz\\\/preparer-sa-visite\\\/&quot;,&quot;data&quot;:{&quot;titre&quot;:&quot;Visite guid\\u00e9e \\u00ab\\u00a0Les rendez-vous de la Pointe\\u00a0\\u00bb&quot;,&quot;description&quot;:&quot;Comprendre un paysage d\\u2019exception, en famille.\\n\\nCette visite guid\\u00e9e invite petits et grands \\u00e0 d\\u00e9couvrir les paysages spectaculaires de la Pointe du Raz et \\u00e0 comprendre ce qui fait la singularit\\u00e9 de ce site embl\\u00e9matique du Finist\\u00e8re. Au fil du parcours, le guide d\\u00e9crypte la formation des falaises, l\\u2019influence des vents et des courants, ainsi que l\\u2019histoire humaine intimement li\\u00e9e \\u00e0 ce bout du monde. Anecdotes, observations et \\u00e9changes rythment la visite, pens\\u00e9e pour \\u00eatre accessible et ludique. Une formule id\\u00e9ale pour une premi\\u00e8re approche du site, \\u00e0 partager en famille, entre terre et mer.\\n\\nD\\u00e9part du s\\u00e9maphore (\\u00e0 800 m du parking) - Dur\\u00e9e 1h&quot;,&quot;categorie&quot;:&quot;Sport &amp; randonn\\u00e9e&quot;,&quot;ville&quot;:&quot;Plogoff&quot;,&quot;code_postal&quot;:&quot;29770&quot;,&quot;name&quot;:&quot;Visite guid\\u00e9e \\u00ab\\u00a0Les rendez-vous de la Pointe\\u00a0\\u00bb&quot;,&quot;latitude&quot;:&quot;48.0408590&quot;,&quot;longitude&quot;:&quot;-4.6709770&quot;,&quot;link&quot;:&quot;https:\\\/\\\/www.toutcommenceenfinistere.com\\\/pointe-du-raz\\\/preparer-sa-visite\\\/&quot;},&quot;category&quot;:&quot;\\u00c9v\\u00e9nements locaux&quot;,&quot;faq&quot;:[],&quot;event&quot;:&quot;Du 11\\\/09\\\/2026 \\u00e0 16:00 au 11\\\/09\\\/2026 \\u00e0 23:59&quot;,&quot;video_url&quot;:&quot;&quot;,&quot;video_embed&quot;:null,&quot;documents&quot;:[],&quot;gallery&quot;:[]}\">\n\n                <!-- Image + badge cat\u00e9gorie -->\n                <div class=\"em-card-img-wrap\">\n                                      <div class=\"em-card-placeholder\">\ud83d\udcf7 Pas d'image<\/div>\n                                    <span class=\"em-card-badge badge-default\">\u00c9v\u00e9nements locaux<\/span>\n                <\/div>\n\n                <!-- Contenu de la card -->\n                <div class=\"em-card-body\">\n                  <h3 class=\"em-card-title\">Visite guid\u00e9e \u00ab\u00a0Les rendez-vous de la Pointe\u00a0\u00bb<\/h3>\n\n                  <!-- Tags r\u00e9sum\u00e9s (max 4) -->\n                  <div class=\"em-card-tags\">\n                                                          <\/div>\n\n                  <!-- Champs suppl\u00e9mentaires (max 3) -->\n                  <div class=\"em-card-fields\">\n                                          <div class=\"em-card-field\">\n                        <span class=\"em-card-field-label\">Titre :<\/span>\n                        <span class=\"em-card-field-value\">Visite guid\u00e9e \u00ab\u00a0Les rendez-vous de la Pointe\u00a0\u00bb<\/span>\n                      <\/div>\n                                          <div class=\"em-card-field\">\n                        <span class=\"em-card-field-label\">Cat\u00e9gorie :<\/span>\n                        <span class=\"em-card-field-value\">Sport &amp; randonn\u00e9e<\/span>\n                      <\/div>\n                                          <div class=\"em-card-field\">\n                        <span class=\"em-card-field-label\">Ville :<\/span>\n                        <span class=\"em-card-field-value\">Plogoff<\/span>\n                      <\/div>\n                                      <\/div>\n\n                  <!-- Lien vers le d\u00e9tail -->\n                  <div class=\"em-card-footer\">\n                    <span>Voir le d\u00e9tail<\/span>\n                    <svg fill=\"none\" viewBox=\"0 0 24 24\" stroke=\"currentColor\" stroke-width=\"2\">\n                      <path stroke-linecap=\"round\" stroke-linejoin=\"round\" d=\"M13.5 4.5L21 12m0 0l-7.5 7.5M21 12H3\"><\/path>\n                    <\/svg>\n                  <\/div>\n                <\/div>\n              <\/article>\n                          <article class=\"em-card\"\n                data-type=\"evenements-locaux-6\"\n                data-features=\"\"\n                data-name=\"gotlib, l&#039;humour ind\u00e9l\u00e9bile - exposition\"\n                data-json=\"{&quot;name&quot;:&quot;Gotlib, l&#039;humour ind\\u00e9l\\u00e9bile - Exposition&quot;,&quot;image&quot;:&quot;&quot;,&quot;link&quot;:&quot;https:\\\/\\\/www.ateliersdescapucins.fr\\\/fr\\\/programmation\\\/exposition-gotlib-lumour-indelebile&quot;,&quot;data&quot;:{&quot;titre&quot;:&quot;Gotlib, l&#039;humour ind\\u00e9l\\u00e9bile - Exposition&quot;,&quot;description&quot;:&quot;Un monument de la BD d\\u00e9barque aux Ateliers ! Figure incontournable de la bande dessin\\u00e9e fran\\u00e7aise, Gotlib a marqu\\u00e9 plusieurs g\\u00e9n\\u00e9rations avec son humour absurde, irr\\u00e9v\\u00e9rencieux et terriblement moderne. De Pilote \\u00e0 Fluide Glacial, il a bouscul\\u00e9 les codes du neuvi\\u00e8me art avec une libert\\u00e9 de ton devenue culte.\\n\\nImagin\\u00e9e par Julien Sol\\u00e9 et Arnaud Le Gou\\u00ebfflec, cette exposition retrace le parcours foisonnant de l\\u2019auteur \\u00e0 travers des planches originales, archives, objets d\\u2019\\u00e9poque et clins d\\u2019\\u0153il \\u00e0 son univers d\\u00e9jant\\u00e9. On y retrouve toute la finesse de son trait, son sens du d\\u00e9tail et cette mani\\u00e8re unique de m\\u00ealer satire, po\\u00e9sie et non-sens.\\n\\nUne plong\\u00e9e joyeuse dans l\\u2019univers d\\u2019un g\\u00e9nie de la BD, aussi mordant qu\\u2019intemporel.\\n\\nVisites guid\\u00e9es : 10 juillet, 21 juillet, 4 et 18 ao\\u00fbt \\u00e0 17h&quot;,&quot;categorie&quot;:&quot;Expositions&quot;,&quot;ville&quot;:&quot;Brest&quot;,&quot;code_postal&quot;:&quot;29200&quot;,&quot;name&quot;:&quot;Gotlib, l&#039;humour ind\\u00e9l\\u00e9bile - Exposition&quot;,&quot;latitude&quot;:&quot;48.3892147&quot;,&quot;longitude&quot;:&quot;-4.4977701&quot;,&quot;link&quot;:&quot;https:\\\/\\\/www.ateliersdescapucins.fr\\\/fr\\\/programmation\\\/exposition-gotlib-lumour-indelebile&quot;},&quot;category&quot;:&quot;\\u00c9v\\u00e9nements locaux&quot;,&quot;faq&quot;:[],&quot;event&quot;:&quot;Du 11\\\/07\\\/2026 au 08\\\/11\\\/2026 \\u00e0 23:59&quot;,&quot;video_url&quot;:&quot;&quot;,&quot;video_embed&quot;:null,&quot;documents&quot;:[],&quot;gallery&quot;:[]}\">\n\n                <!-- Image + badge cat\u00e9gorie -->\n                <div class=\"em-card-img-wrap\">\n                                      <div class=\"em-card-placeholder\">\ud83d\udcf7 Pas d'image<\/div>\n                                    <span class=\"em-card-badge badge-default\">\u00c9v\u00e9nements locaux<\/span>\n                <\/div>\n\n                <!-- Contenu de la card -->\n                <div class=\"em-card-body\">\n                  <h3 class=\"em-card-title\">Gotlib, l&#039;humour ind\u00e9l\u00e9bile - Exposition<\/h3>\n\n                  <!-- Tags r\u00e9sum\u00e9s (max 4) -->\n                  <div class=\"em-card-tags\">\n                                                          <\/div>\n\n                  <!-- Champs suppl\u00e9mentaires (max 3) -->\n                  <div class=\"em-card-fields\">\n                                          <div class=\"em-card-field\">\n                        <span class=\"em-card-field-label\">Titre :<\/span>\n                        <span class=\"em-card-field-value\">Gotlib, l&#039;humour ind\u00e9l\u00e9bile - Exposition<\/span>\n                      <\/div>\n                                          <div class=\"em-card-field\">\n                        <span class=\"em-card-field-label\">Cat\u00e9gorie :<\/span>\n                        <span class=\"em-card-field-value\">Expositions<\/span>\n                      <\/div>\n                                          <div class=\"em-card-field\">\n                        <span class=\"em-card-field-label\">Ville :<\/span>\n                        <span class=\"em-card-field-value\">Brest<\/span>\n                      <\/div>\n                                      <\/div>\n\n                  <!-- Lien vers le d\u00e9tail -->\n                  <div class=\"em-card-footer\">\n                    <span>Voir le d\u00e9tail<\/span>\n                    <svg fill=\"none\" viewBox=\"0 0 24 24\" stroke=\"currentColor\" stroke-width=\"2\">\n                      <path stroke-linecap=\"round\" stroke-linejoin=\"round\" d=\"M13.5 4.5L21 12m0 0l-7.5 7.5M21 12H3\"><\/path>\n                    <\/svg>\n                  <\/div>\n                <\/div>\n              <\/article>\n                          <article class=\"em-card\"\n                data-type=\"evenements-locaux-6\"\n                data-features=\"\"\n                data-name=\"atelier &quot;jardinons au naturel&quot;\"\n                data-json=\"{&quot;name&quot;:&quot;Atelier \\&quot;Jardinons au naturel\\&quot;&quot;,&quot;image&quot;:&quot;&quot;,&quot;link&quot;:&quot;&quot;,&quot;data&quot;:{&quot;titre&quot;:&quot;Atelier \\&quot;Jardinons au naturel\\&quot;&quot;,&quot;description&quot;:&quot;Am\\u00e9nager un jardin accueillant pour la biodiversit\\u00e9.\\nMise en pratique de techniques de jardinage au naturel par V\\u00e9ronique Landur\\u00e9-Morel, jardini\\u00e8re-fruiti\\u00e8re bio.&quot;,&quot;categorie&quot;:&quot;Sport &amp; randonn\\u00e9e&quot;,&quot;ville&quot;:&quot;Le Conquet&quot;,&quot;code_postal&quot;:&quot;29217&quot;,&quot;name&quot;:&quot;Atelier \\&quot;Jardinons au naturel\\&quot;&quot;,&quot;latitude&quot;:&quot;48.3513213&quot;,&quot;longitude&quot;:&quot;-4.7392891&quot;},&quot;category&quot;:&quot;\\u00c9v\\u00e9nements locaux&quot;,&quot;faq&quot;:[],&quot;event&quot;:&quot;Du 25\\\/08\\\/2026 \\u00e0 14:00 au 25\\\/08\\\/2026 \\u00e0 23:59&quot;,&quot;video_url&quot;:&quot;&quot;,&quot;video_embed&quot;:null,&quot;documents&quot;:[],&quot;gallery&quot;:[]}\">\n\n                <!-- Image + badge cat\u00e9gorie -->\n                <div class=\"em-card-img-wrap\">\n                                      <div class=\"em-card-placeholder\">\ud83d\udcf7 Pas d'image<\/div>\n                                    <span class=\"em-card-badge badge-default\">\u00c9v\u00e9nements locaux<\/span>\n                <\/div>\n\n                <!-- Contenu de la card -->\n                <div class=\"em-card-body\">\n                  <h3 class=\"em-card-title\">Atelier &quot;Jardinons au naturel&quot;<\/h3>\n\n                  <!-- Tags r\u00e9sum\u00e9s (max 4) -->\n                  <div class=\"em-card-tags\">\n                                                          <\/div>\n\n                  <!-- Champs suppl\u00e9mentaires (max 3) -->\n                  <div class=\"em-card-fields\">\n                                          <div class=\"em-card-field\">\n                        <span class=\"em-card-field-label\">Titre :<\/span>\n                        <span class=\"em-card-field-value\">Atelier &quot;Jardinons au naturel&quot;<\/span>\n                      <\/div>\n                                          <div class=\"em-card-field\">\n                        <span class=\"em-card-field-label\">Cat\u00e9gorie :<\/span>\n                        <span class=\"em-card-field-value\">Sport &amp; randonn\u00e9e<\/span>\n                      <\/div>\n                                          <div class=\"em-card-field\">\n                        <span class=\"em-card-field-label\">Ville :<\/span>\n                        <span class=\"em-card-field-value\">Le Conquet<\/span>\n                      <\/div>\n                                      <\/div>\n\n                  <!-- Lien vers le d\u00e9tail -->\n                  <div class=\"em-card-footer\">\n                    <span>Voir le d\u00e9tail<\/span>\n                    <svg fill=\"none\" viewBox=\"0 0 24 24\" stroke=\"currentColor\" stroke-width=\"2\">\n                      <path stroke-linecap=\"round\" stroke-linejoin=\"round\" d=\"M13.5 4.5L21 12m0 0l-7.5 7.5M21 12H3\"><\/path>\n                    <\/svg>\n                  <\/div>\n                <\/div>\n              <\/article>\n                          <article class=\"em-card\"\n                data-type=\"evenements-locaux-6\"\n                data-features=\"\"\n                data-name=\"les lectures au saut du lit\"\n                data-json=\"{&quot;name&quot;:&quot;Les lectures au saut du lit&quot;,&quot;image&quot;:&quot;&quot;,&quot;link&quot;:&quot;&quot;,&quot;data&quot;:{&quot;titre&quot;:&quot;Les lectures au saut du lit&quot;,&quot;description&quot;:&quot;Retrouvez Julie pour des lectures d\\u2019albums le jeudi matin. Un moment pour les 3-6 ans.\\n\\nDur\\u00e9e : 30 min&quot;,&quot;categorie&quot;:&quot;En famille&quot;,&quot;ville&quot;:&quot;Plougastel-Daoulas&quot;,&quot;code_postal&quot;:&quot;29470&quot;,&quot;name&quot;:&quot;Les lectures au saut du lit&quot;,&quot;latitude&quot;:&quot;48.3744100&quot;,&quot;longitude&quot;:&quot;-4.3704700&quot;},&quot;category&quot;:&quot;\\u00c9v\\u00e9nements locaux&quot;,&quot;faq&quot;:[],&quot;event&quot;:&quot;Du 27\\\/08\\\/2026 \\u00e0 10:30 au 27\\\/08\\\/2026 \\u00e0 23:59&quot;,&quot;video_url&quot;:&quot;&quot;,&quot;video_embed&quot;:null,&quot;documents&quot;:[],&quot;gallery&quot;:[]}\">\n\n                <!-- Image + badge cat\u00e9gorie -->\n                <div class=\"em-card-img-wrap\">\n                                      <div class=\"em-card-placeholder\">\ud83d\udcf7 Pas d'image<\/div>\n                                    <span class=\"em-card-badge badge-default\">\u00c9v\u00e9nements locaux<\/span>\n                <\/div>\n\n                <!-- Contenu de la card -->\n                <div class=\"em-card-body\">\n                  <h3 class=\"em-card-title\">Les lectures au saut du lit<\/h3>\n\n                  <!-- Tags r\u00e9sum\u00e9s (max 4) -->\n                  <div class=\"em-card-tags\">\n                                                          <\/div>\n\n                  <!-- Champs suppl\u00e9mentaires (max 3) -->\n                  <div class=\"em-card-fields\">\n                                          <div class=\"em-card-field\">\n                        <span class=\"em-card-field-label\">Titre :<\/span>\n                        <span class=\"em-card-field-value\">Les lectures au saut du lit<\/span>\n                      <\/div>\n                                          <div class=\"em-card-field\">\n                        <span class=\"em-card-field-label\">Cat\u00e9gorie :<\/span>\n                        <span class=\"em-card-field-value\">En famille<\/span>\n                      <\/div>\n                                          <div class=\"em-card-field\">\n                        <span class=\"em-card-field-label\">Ville :<\/span>\n                        <span class=\"em-card-field-value\">Plougastel-Daoulas<\/span>\n                      <\/div>\n                                      <\/div>\n\n                  <!-- Lien vers le d\u00e9tail -->\n                  <div class=\"em-card-footer\">\n                    <span>Voir le d\u00e9tail<\/span>\n                    <svg fill=\"none\" viewBox=\"0 0 24 24\" stroke=\"currentColor\" stroke-width=\"2\">\n                      <path stroke-linecap=\"round\" stroke-linejoin=\"round\" d=\"M13.5 4.5L21 12m0 0l-7.5 7.5M21 12H3\"><\/path>\n                    <\/svg>\n                  <\/div>\n                <\/div>\n              <\/article>\n                          <article class=\"em-card\"\n                data-type=\"evenements-locaux-6\"\n                data-features=\"\"\n                data-name=\"visite guid\u00e9e des champs chez mimibzh\"\n                data-json=\"{&quot;name&quot;:&quot;Visite guid\\u00e9e des champs chez MimiBzh&quot;,&quot;image&quot;:&quot;&quot;,&quot;link&quot;:&quot;http:\\\/\\\/mimi.bzh\\\/&quot;,&quot;data&quot;:{&quot;titre&quot;:&quot;Visite guid\\u00e9e des champs chez MimiBzh&quot;,&quot;description&quot;:&quot;D\\u00e9couvrez une vingtaine de fleurs et de plantes m\\u00e9dicinales dans un \\u00e9crin de verdure au pied du Menez Hom ! Entre terre et mer, le chant des oiseaux accompagnera votre visite.\\nNous vous partageons nos techniques, notre parcours et nous vous pr\\u00e9sentons nos cosm\\u00e9tiques naturels artisanaux, le tout avec (et si le c\\u0153ur vous en dit) une petite infusion maison.\\n\\nAnimations : d\\u00e9gustation de tisanes, go\\u00fbter \\u00e0 base de produits locaux offert sur r\\u00e9servation (selon les horaires de visites). \\nVisite de 2 heures, sur r\\u00e9servation (15 personnes maximum).&quot;,&quot;categorie&quot;:&quot;Autres \\u00e9v\\u00e9nements&quot;,&quot;ville&quot;:&quot;Din\\u00e9ault&quot;,&quot;code_postal&quot;:&quot;29150&quot;,&quot;name&quot;:&quot;Visite guid\\u00e9e des champs chez MimiBzh&quot;,&quot;latitude&quot;:&quot;48.2137240&quot;,&quot;longitude&quot;:&quot;-4.1970270&quot;,&quot;link&quot;:&quot;http:\\\/\\\/mimi.bzh\\\/&quot;},&quot;category&quot;:&quot;\\u00c9v\\u00e9nements locaux&quot;,&quot;faq&quot;:[],&quot;event&quot;:&quot;Du 15\\\/06\\\/2026 au 15\\\/09\\\/2026 \\u00e0 23:59&quot;,&quot;video_url&quot;:&quot;&quot;,&quot;video_embed&quot;:null,&quot;documents&quot;:[],&quot;gallery&quot;:[]}\">\n\n                <!-- Image + badge cat\u00e9gorie -->\n                <div class=\"em-card-img-wrap\">\n                                      <div class=\"em-card-placeholder\">\ud83d\udcf7 Pas d'image<\/div>\n                                    <span class=\"em-card-badge badge-default\">\u00c9v\u00e9nements locaux<\/span>\n                <\/div>\n\n                <!-- Contenu de la card -->\n                <div class=\"em-card-body\">\n                  <h3 class=\"em-card-title\">Visite guid\u00e9e des champs chez MimiBzh<\/h3>\n\n                  <!-- Tags r\u00e9sum\u00e9s (max 4) -->\n                  <div class=\"em-card-tags\">\n                                                          <\/div>\n\n                  <!-- Champs suppl\u00e9mentaires (max 3) -->\n                  <div class=\"em-card-fields\">\n                                          <div class=\"em-card-field\">\n                        <span class=\"em-card-field-label\">Titre :<\/span>\n                        <span class=\"em-card-field-value\">Visite guid\u00e9e des champs chez MimiBzh<\/span>\n                      <\/div>\n                                          <div class=\"em-card-field\">\n                        <span class=\"em-card-field-label\">Cat\u00e9gorie :<\/span>\n                        <span class=\"em-card-field-value\">Autres \u00e9v\u00e9nements<\/span>\n                      <\/div>\n                                          <div class=\"em-card-field\">\n                        <span class=\"em-card-field-label\">Ville :<\/span>\n                        <span class=\"em-card-field-value\">Din\u00e9ault<\/span>\n                      <\/div>\n                                      <\/div>\n\n                  <!-- Lien vers le d\u00e9tail -->\n                  <div class=\"em-card-footer\">\n                    <span>Voir le d\u00e9tail<\/span>\n                    <svg fill=\"none\" viewBox=\"0 0 24 24\" stroke=\"currentColor\" stroke-width=\"2\">\n                      <path stroke-linecap=\"round\" stroke-linejoin=\"round\" d=\"M13.5 4.5L21 12m0 0l-7.5 7.5M21 12H3\"><\/path>\n                    <\/svg>\n                  <\/div>\n                <\/div>\n              <\/article>\n                          <article class=\"em-card\"\n                data-type=\"evenements-locaux-6\"\n                data-features=\"\"\n                data-name=\"orchestre electropic\"\n                data-json=\"{&quot;name&quot;:&quot;Orchestre Electropic&quot;,&quot;image&quot;:&quot;&quot;,&quot;link&quot;:&quot;https:\\\/\\\/www.facebook.com\\\/profile.php?id=61557156620176&quot;,&quot;data&quot;:{&quot;titre&quot;:&quot;Orchestre Electropic&quot;,&quot;description&quot;:&quot;Une soir\\u00e9e 100% vari\\u00e9t\\u00e9 fran\\u00e7aise en live.&quot;,&quot;categorie&quot;:&quot;Spectacles &amp; cin\\u00e9ma&quot;,&quot;ville&quot;:&quot;Le Juch&quot;,&quot;code_postal&quot;:&quot;29100&quot;,&quot;name&quot;:&quot;Orchestre Electropic&quot;,&quot;latitude&quot;:&quot;48.0349614&quot;,&quot;longitude&quot;:&quot;-4.2437439&quot;,&quot;link&quot;:&quot;https:\\\/\\\/www.facebook.com\\\/profile.php?id=61557156620176&quot;},&quot;category&quot;:&quot;\\u00c9v\\u00e9nements locaux&quot;,&quot;faq&quot;:[],&quot;event&quot;:&quot;Du 28\\\/08\\\/2026 \\u00e0 21:00 au 28\\\/08\\\/2026 \\u00e0 23:59&quot;,&quot;video_url&quot;:&quot;&quot;,&quot;video_embed&quot;:null,&quot;documents&quot;:[],&quot;gallery&quot;:[]}\">\n\n                <!-- Image + badge cat\u00e9gorie -->\n                <div class=\"em-card-img-wrap\">\n                                      <div class=\"em-card-placeholder\">\ud83d\udcf7 Pas d'image<\/div>\n                                    <span class=\"em-card-badge badge-default\">\u00c9v\u00e9nements locaux<\/span>\n                <\/div>\n\n                <!-- Contenu de la card -->\n                <div class=\"em-card-body\">\n                  <h3 class=\"em-card-title\">Orchestre Electropic<\/h3>\n\n                  <!-- Tags r\u00e9sum\u00e9s (max 4) -->\n                  <div class=\"em-card-tags\">\n                                                          <\/div>\n\n                  <!-- Champs suppl\u00e9mentaires (max 3) -->\n                  <div class=\"em-card-fields\">\n                                          <div class=\"em-card-field\">\n                        <span class=\"em-card-field-label\">Titre :<\/span>\n                        <span class=\"em-card-field-value\">Orchestre Electropic<\/span>\n                      <\/div>\n                                          <div class=\"em-card-field\">\n                        <span class=\"em-card-field-label\">Cat\u00e9gorie :<\/span>\n                        <span class=\"em-card-field-value\">Spectacles &amp; cin\u00e9ma<\/span>\n                      <\/div>\n                                          <div class=\"em-card-field\">\n                        <span class=\"em-card-field-label\">Ville :<\/span>\n                        <span class=\"em-card-field-value\">Le Juch<\/span>\n                      <\/div>\n                                      <\/div>\n\n                  <!-- Lien vers le d\u00e9tail -->\n                  <div class=\"em-card-footer\">\n                    <span>Voir le d\u00e9tail<\/span>\n                    <svg fill=\"none\" viewBox=\"0 0 24 24\" stroke=\"currentColor\" stroke-width=\"2\">\n                      <path stroke-linecap=\"round\" stroke-linejoin=\"round\" d=\"M13.5 4.5L21 12m0 0l-7.5 7.5M21 12H3\"><\/path>\n                    <\/svg>\n                  <\/div>\n                <\/div>\n              <\/article>\n                          <article class=\"em-card\"\n                data-type=\"evenements-locaux-6\"\n                data-features=\"\"\n                data-name=\"randonn\u00e9e bien-\u00eatre : 1 \u00e0 3 jours - le vendredi, vers kermorvan\"\n                data-json=\"{&quot;name&quot;:&quot;Randonn\\u00e9e bien-\\u00eatre : 1 \\u00e0 3 jours - Le vendredi, vers Kermorvan&quot;,&quot;image&quot;:&quot;&quot;,&quot;link&quot;:&quot;https:\\\/\\\/terredecume.fr\\\/&quot;,&quot;data&quot;:{&quot;titre&quot;:&quot;Randonn\\u00e9e bien-\\u00eatre : 1 \\u00e0 3 jours - Le vendredi, vers Kermorvan&quot;,&quot;description&quot;:&quot;Randonnez \\u00e0 la journ\\u00e9e avec Terre d&#039;\\u00c9cume, du mercredi au vendredi, pour rallier l\\u2019un des phares de l\\u2019Iroise.\\nProgramme du vendredi :  vers le phare de Kermorvan \\u2013 Lieu : Le Conquet\\n\\nChoisissez de participer 1, 2 ou 3 jours, selon vos envies et disponibilit\\u00e9s : les stages sont modulables !\\nMercredi 9 h - vers le phare du Petit-Minou\\nJeudi 9 h \\u2013 vers le phare de Saint-Mathieu \\n\\nLes randonn\\u00e9es bien-\\u00eatre sont des moments de d\\u00e9tente pour allier bien-\\u00eatre, sport en douceur et d\\u00e9couverte du patrimoine local, afin de se reconnecter pleinement \\u00e0 soi-m\\u00eame et \\u00e0 la nature. On randonne avec des moments de relaxation et de m\\u00e9ditation. On utilise l\\u2019\\u00e9coute des chants d\\u2019oiseaux pour se reconnecter \\u00e0 la nature. On g\\u00e8re sa respiration et son effort avec la \\u201cmarche afghane\\&quot;.\\n\\nAu programme : Randonn\\u00e9es \\u2013 Marche afghane \\u2013 Ornithologie \\u2013 M\\u00e9ditation et relaxation \\u2013 Stretching\\\/\\u00c9tirements - D\\u00e9couverte des phares\\n\\nNiveau de difficult\\u00e9 adapt\\u00e9 \\u00e0 vos besoins et envies.\\n\\nR\\u00e9servation en ligne sur terredecume.fr\\nAvec ou sans h\\u00e9bergements : plus d&#039;infos sur le site.\\nNombre de places limit\\u00e9 \\u00e0 15 personnes\\\/stage.\\n\\u00c0 partir de 16 ans.&quot;,&quot;categorie&quot;:&quot;Sport &amp; randonn\\u00e9e&quot;,&quot;ville&quot;:&quot;Plougonvelin&quot;,&quot;code_postal&quot;:&quot;29217&quot;,&quot;name&quot;:&quot;Randonn\\u00e9e bien-\\u00eatre : 1 \\u00e0 3 jours - Le vendredi, vers Kermorvan&quot;,&quot;latitude&quot;:&quot;48.3621128&quot;,&quot;longitude&quot;:&quot;-4.7894416&quot;,&quot;link&quot;:&quot;https:\\\/\\\/terredecume.fr\\\/&quot;},&quot;category&quot;:&quot;\\u00c9v\\u00e9nements locaux&quot;,&quot;faq&quot;:[],&quot;event&quot;:&quot;Du 04\\\/09\\\/2026 \\u00e0 09:00 au 04\\\/09\\\/2026 \\u00e0 23:59&quot;,&quot;video_url&quot;:&quot;&quot;,&quot;video_embed&quot;:null,&quot;documents&quot;:[],&quot;gallery&quot;:[]}\">\n\n                <!-- Image + badge cat\u00e9gorie -->\n                <div class=\"em-card-img-wrap\">\n                                      <div class=\"em-card-placeholder\">\ud83d\udcf7 Pas d'image<\/div>\n                                    <span class=\"em-card-badge badge-default\">\u00c9v\u00e9nements locaux<\/span>\n                <\/div>\n\n                <!-- Contenu de la card -->\n                <div class=\"em-card-body\">\n                  <h3 class=\"em-card-title\">Randonn\u00e9e bien-\u00eatre : 1 \u00e0 3 jours - Le vendredi, vers Kermorvan<\/h3>\n\n                  <!-- Tags r\u00e9sum\u00e9s (max 4) -->\n                  <div class=\"em-card-tags\">\n                                                          <\/div>\n\n                  <!-- Champs suppl\u00e9mentaires (max 3) -->\n                  <div class=\"em-card-fields\">\n                                          <div class=\"em-card-field\">\n                        <span class=\"em-card-field-label\">Titre :<\/span>\n                        <span class=\"em-card-field-value\">Randonn\u00e9e bien-\u00eatre : 1 \u00e0 3 jours - Le vendredi, vers Kermor<\/span>\n                      <\/div>\n                                          <div class=\"em-card-field\">\n                        <span class=\"em-card-field-label\">Cat\u00e9gorie :<\/span>\n                        <span class=\"em-card-field-value\">Sport &amp; randonn\u00e9e<\/span>\n                      <\/div>\n                                          <div class=\"em-card-field\">\n                        <span class=\"em-card-field-label\">Ville :<\/span>\n                        <span class=\"em-card-field-value\">Plougonvelin<\/span>\n                      <\/div>\n                                      <\/div>\n\n                  <!-- Lien vers le d\u00e9tail -->\n                  <div class=\"em-card-footer\">\n                    <span>Voir le d\u00e9tail<\/span>\n                    <svg fill=\"none\" viewBox=\"0 0 24 24\" stroke=\"currentColor\" stroke-width=\"2\">\n                      <path stroke-linecap=\"round\" stroke-linejoin=\"round\" d=\"M13.5 4.5L21 12m0 0l-7.5 7.5M21 12H3\"><\/path>\n                    <\/svg>\n                  <\/div>\n                <\/div>\n              <\/article>\n                          <article class=\"em-card\"\n                data-type=\"evenements-locaux-6\"\n                data-features=\"\"\n                data-name=\"balade comment\u00e9e - le patrimoine de morgat\"\n                data-json=\"{&quot;name&quot;:&quot;Balade comment\\u00e9e - Le patrimoine de Morgat&quot;,&quot;image&quot;:&quot;&quot;,&quot;link&quot;:&quot;&quot;,&quot;data&quot;:{&quot;titre&quot;:&quot;Balade comment\\u00e9e - Le patrimoine de Morgat&quot;,&quot;description&quot;:&quot;Plongez dans l\\u2019histoire maritime de Morgat, un charmant village c\\u00f4tier breton, lors d\\u2019une balade comment\\u00e9e. Autrefois port de p\\u00eache anim\\u00e9, Morgat a su pr\\u00e9server son patrimoine maritime et architectural, offrant aujourd\\u2019hui un voyage unique \\u00e0 travers le temps.\\n\\nEn d\\u00e9ambulant le long du vieux port, vous d\\u00e9couvrirez les vestiges de l\\u2019activit\\u00e9 halieutique qui a fa\\u00e7onn\\u00e9 l\\u2019identit\\u00e9 du village ainsi que l\\u2019histoire des somptueuses villas du XIXe si\\u00e8cle, construites par les notables de l\\u2019\\u00e9poque. Elles t\\u00e9moignent de l\\u2019essor touristique de Morgat et de son attrait pour les estivants en qu\\u00eate de paysages marins.\\nInfos pratiques :\\n\\n    juillet \\u2013 ao\\u00fbt : les lundis \\u00e0 10h30\\n    3\\u20ac : adulte | Gratuit : -18 ans\\n\\n    R\\u00e9servation obligatoire dans les Offices de Tourisme\\n    dur\\u00e9e : 1h30\\n    RDV : place d\\u2019YS \\u2013 CROZON-MORGAT\\n    Acc\\u00e8s PMR possible\\n\\nVisite assur\\u00e9e par l\\u2019Office de Tourisme.&quot;,&quot;categorie&quot;:&quot;Autres \\u00e9v\\u00e9nements&quot;,&quot;ville&quot;:&quot;Crozon&quot;,&quot;code_postal&quot;:&quot;29160&quot;,&quot;name&quot;:&quot;Balade comment\\u00e9e - Le patrimoine de Morgat&quot;,&quot;latitude&quot;:&quot;48.2252800&quot;,&quot;longitude&quot;:&quot;-4.5042200&quot;},&quot;category&quot;:&quot;\\u00c9v\\u00e9nements locaux&quot;,&quot;faq&quot;:[],&quot;event&quot;:&quot;Du 31\\\/08\\\/2026 \\u00e0 10:30 au 31\\\/08\\\/2026 \\u00e0 23:59&quot;,&quot;video_url&quot;:&quot;&quot;,&quot;video_embed&quot;:null,&quot;documents&quot;:[],&quot;gallery&quot;:[]}\">\n\n                <!-- Image + badge cat\u00e9gorie -->\n                <div class=\"em-card-img-wrap\">\n                                      <div class=\"em-card-placeholder\">\ud83d\udcf7 Pas d'image<\/div>\n                                    <span class=\"em-card-badge badge-default\">\u00c9v\u00e9nements locaux<\/span>\n                <\/div>\n\n                <!-- Contenu de la card -->\n                <div class=\"em-card-body\">\n                  <h3 class=\"em-card-title\">Balade comment\u00e9e - Le patrimoine de Morgat<\/h3>\n\n                  <!-- Tags r\u00e9sum\u00e9s (max 4) -->\n                  <div class=\"em-card-tags\">\n                                                          <\/div>\n\n                  <!-- Champs suppl\u00e9mentaires (max 3) -->\n                  <div class=\"em-card-fields\">\n                                          <div class=\"em-card-field\">\n                        <span class=\"em-card-field-label\">Titre :<\/span>\n                        <span class=\"em-card-field-value\">Balade comment\u00e9e - Le patrimoine de Morgat<\/span>\n                      <\/div>\n                                          <div class=\"em-card-field\">\n                        <span class=\"em-card-field-label\">Cat\u00e9gorie :<\/span>\n                        <span class=\"em-card-field-value\">Autres \u00e9v\u00e9nements<\/span>\n                      <\/div>\n                                          <div class=\"em-card-field\">\n                        <span class=\"em-card-field-label\">Ville :<\/span>\n                        <span class=\"em-card-field-value\">Crozon<\/span>\n                      <\/div>\n                                      <\/div>\n\n                  <!-- Lien vers le d\u00e9tail -->\n                  <div class=\"em-card-footer\">\n                    <span>Voir le d\u00e9tail<\/span>\n                    <svg fill=\"none\" viewBox=\"0 0 24 24\" stroke=\"currentColor\" stroke-width=\"2\">\n                      <path stroke-linecap=\"round\" stroke-linejoin=\"round\" d=\"M13.5 4.5L21 12m0 0l-7.5 7.5M21 12H3\"><\/path>\n                    <\/svg>\n                  <\/div>\n                <\/div>\n              <\/article>\n                          <article class=\"em-card\"\n                data-type=\"evenements-locaux-6\"\n                data-features=\"\"\n                data-name=\"soir\u00e9e danses bachata et salsa\"\n                data-json=\"{&quot;name&quot;:&quot;Soir\\u00e9e danses bachata et salsa&quot;,&quot;image&quot;:&quot;&quot;,&quot;link&quot;:&quot;https:\\\/\\\/www.facebook.com\\\/profile.php?id=61557156620176&quot;,&quot;data&quot;:{&quot;titre&quot;:&quot;Soir\\u00e9e danses bachata et salsa&quot;,&quot;description&quot;:&quot;20H \\u2013 21H : Bachata Fusion\\nModerne + Dominicaine\\n21H \\u2013 1H : SOIR\\u00c9E 100% DANSE\\nSalsa \\u2022 Bachata \\u2022 Kizomba\\nMix by DJ Dre\\nAvec Sals\\u2019Ananas&quot;,&quot;categorie&quot;:&quot;Spectacles &amp; cin\\u00e9ma&quot;,&quot;ville&quot;:&quot;Le Juch&quot;,&quot;code_postal&quot;:&quot;29100&quot;,&quot;name&quot;:&quot;Soir\\u00e9e danses bachata et salsa&quot;,&quot;latitude&quot;:&quot;48.0349614&quot;,&quot;longitude&quot;:&quot;-4.2437439&quot;,&quot;link&quot;:&quot;https:\\\/\\\/www.facebook.com\\\/profile.php?id=61557156620176&quot;},&quot;category&quot;:&quot;\\u00c9v\\u00e9nements locaux&quot;,&quot;faq&quot;:[],&quot;event&quot;:&quot;Du 29\\\/08\\\/2026 \\u00e0 20:00 au 29\\\/08\\\/2026 \\u00e0 23:59&quot;,&quot;video_url&quot;:&quot;&quot;,&quot;video_embed&quot;:null,&quot;documents&quot;:[],&quot;gallery&quot;:[]}\">\n\n                <!-- Image + badge cat\u00e9gorie -->\n                <div class=\"em-card-img-wrap\">\n                                      <div class=\"em-card-placeholder\">\ud83d\udcf7 Pas d'image<\/div>\n                                    <span class=\"em-card-badge badge-default\">\u00c9v\u00e9nements locaux<\/span>\n                <\/div>\n\n                <!-- Contenu de la card -->\n                <div class=\"em-card-body\">\n                  <h3 class=\"em-card-title\">Soir\u00e9e danses bachata et salsa<\/h3>\n\n                  <!-- Tags r\u00e9sum\u00e9s (max 4) -->\n                  <div class=\"em-card-tags\">\n                                                          <\/div>\n\n                  <!-- Champs suppl\u00e9mentaires (max 3) -->\n                  <div class=\"em-card-fields\">\n                                          <div class=\"em-card-field\">\n                        <span class=\"em-card-field-label\">Titre :<\/span>\n                        <span class=\"em-card-field-value\">Soir\u00e9e danses bachata et salsa<\/span>\n                      <\/div>\n                                          <div class=\"em-card-field\">\n                        <span class=\"em-card-field-label\">Cat\u00e9gorie :<\/span>\n                        <span class=\"em-card-field-value\">Spectacles &amp; cin\u00e9ma<\/span>\n                      <\/div>\n                                          <div class=\"em-card-field\">\n                        <span class=\"em-card-field-label\">Ville :<\/span>\n                        <span class=\"em-card-field-value\">Le Juch<\/span>\n                      <\/div>\n                                      <\/div>\n\n                  <!-- Lien vers le d\u00e9tail -->\n                  <div class=\"em-card-footer\">\n                    <span>Voir le d\u00e9tail<\/span>\n                    <svg fill=\"none\" viewBox=\"0 0 24 24\" stroke=\"currentColor\" stroke-width=\"2\">\n                      <path stroke-linecap=\"round\" stroke-linejoin=\"round\" d=\"M13.5 4.5L21 12m0 0l-7.5 7.5M21 12H3\"><\/path>\n                    <\/svg>\n                  <\/div>\n                <\/div>\n              <\/article>\n                          <article class=\"em-card\"\n                data-type=\"evenements-locaux-6\"\n                data-features=\"\"\n                data-name=\"apr\u00e8s-midi avec pierre treille, cr\u00e9ateur de jeux\"\n                data-json=\"{&quot;name&quot;:&quot;Apr\\u00e8s-midi avec Pierre Treille, cr\\u00e9ateur de jeux&quot;,&quot;image&quot;:&quot;&quot;,&quot;link&quot;:&quot;https:\\\/\\\/www.instagram.com\\\/strolladlaobra\\\/&quot;,&quot;data&quot;:{&quot;titre&quot;:&quot;Apr\\u00e8s-midi avec Pierre Treille, cr\\u00e9ateur de jeux&quot;,&quot;description&quot;:&quot;Nouveaut\\u00e9 pour ao\\u00fbt, nous accueillons tous les mardis de 17h \\u00e0 19h30 Pierre Treille, cr\\u00e9ateur de jeux de soci\\u00e9t\\u00e9s, qui vient pr\\u00e9senter ses prototypes et recueillir des avis sur ses cr\\u00e9ations. C&#039;est l&#039;occasion de d\\u00e9couvrir des jeux que vous n&#039;avez pas encore vus ! Des jeux de plis, de strat\\u00e9gies, d&#039;ambiances ou encore de coop\\u00e9ration seront pr\\u00e9sents !&quot;,&quot;categorie&quot;:&quot;En famille&quot;,&quot;ville&quot;:&quot;Pont-Croix&quot;,&quot;code_postal&quot;:&quot;29790&quot;,&quot;name&quot;:&quot;Apr\\u00e8s-midi avec Pierre Treille, cr\\u00e9ateur de jeux&quot;,&quot;latitude&quot;:&quot;48.0418527&quot;,&quot;longitude&quot;:&quot;-4.4885657&quot;,&quot;link&quot;:&quot;https:\\\/\\\/www.instagram.com\\\/strolladlaobra\\\/&quot;},&quot;category&quot;:&quot;\\u00c9v\\u00e9nements locaux&quot;,&quot;faq&quot;:[],&quot;event&quot;:&quot;Du 25\\\/08\\\/2026 \\u00e0 17:00 au 25\\\/08\\\/2026 \\u00e0 23:59&quot;,&quot;video_url&quot;:&quot;&quot;,&quot;video_embed&quot;:null,&quot;documents&quot;:[],&quot;gallery&quot;:[]}\">\n\n                <!-- Image + badge cat\u00e9gorie -->\n                <div class=\"em-card-img-wrap\">\n                                      <div class=\"em-card-placeholder\">\ud83d\udcf7 Pas d'image<\/div>\n                                    <span class=\"em-card-badge badge-default\">\u00c9v\u00e9nements locaux<\/span>\n                <\/div>\n\n                <!-- Contenu de la card -->\n                <div class=\"em-card-body\">\n                  <h3 class=\"em-card-title\">Apr\u00e8s-midi avec Pierre Treille, cr\u00e9ateur de jeux<\/h3>\n\n                  <!-- Tags r\u00e9sum\u00e9s (max 4) -->\n                  <div class=\"em-card-tags\">\n                                                          <\/div>\n\n                  <!-- Champs suppl\u00e9mentaires (max 3) -->\n                  <div class=\"em-card-fields\">\n                                          <div class=\"em-card-field\">\n                        <span class=\"em-card-field-label\">Titre :<\/span>\n                        <span class=\"em-card-field-value\">Apr\u00e8s-midi avec Pierre Treille, cr\u00e9ateur de jeux<\/span>\n                      <\/div>\n                                          <div class=\"em-card-field\">\n                        <span class=\"em-card-field-label\">Cat\u00e9gorie :<\/span>\n                        <span class=\"em-card-field-value\">En famille<\/span>\n                      <\/div>\n                                          <div class=\"em-card-field\">\n                        <span class=\"em-card-field-label\">Ville :<\/span>\n                        <span class=\"em-card-field-value\">Pont-Croix<\/span>\n                      <\/div>\n                                      <\/div>\n\n                  <!-- Lien vers le d\u00e9tail -->\n                  <div class=\"em-card-footer\">\n                    <span>Voir le d\u00e9tail<\/span>\n                    <svg fill=\"none\" viewBox=\"0 0 24 24\" stroke=\"currentColor\" stroke-width=\"2\">\n                      <path stroke-linecap=\"round\" stroke-linejoin=\"round\" d=\"M13.5 4.5L21 12m0 0l-7.5 7.5M21 12H3\"><\/path>\n                    <\/svg>\n                  <\/div>\n                <\/div>\n              <\/article>\n                          <article class=\"em-card\"\n                data-type=\"evenements-locaux-6\"\n                data-features=\"\"\n                data-name=\"conf\u00e9rence &quot;robert-louis stevenson, les chemins de la libert\u00e9&quot;\"\n                data-json=\"{&quot;name&quot;:&quot;Conf\\u00e9rence \\&quot;Robert-Louis Stevenson, les chemins de la libert\\u00e9\\&quot;&quot;,&quot;image&quot;:&quot;&quot;,&quot;link&quot;:&quot;http:\\\/\\\/www.bretagne-ecosse.org\\\/&quot;,&quot;data&quot;:{&quot;titre&quot;:&quot;Conf\\u00e9rence \\&quot;Robert-Louis Stevenson, les chemins de la libert\\u00e9\\&quot;&quot;,&quot;description&quot;:&quot;Fran\\u00e7oise Sylvestre, tour \\u00e0 tour journaliste, libraire, \\u00e9crivaine, invite ses lecteurs et les passionn\\u00e9s d\\u2019\\u00c9cosse \\u00e0 emprunter les chemins que Stevenson a parcourus toute sa vie, toujours en qu\\u00eate d\\u2019aventures et de libert\\u00e9. Elle nous fait emprunter les traces qu\\u2019il a laiss\\u00e9es, de sa naissance \\u00e0 \\u00c9dimbourg en 1850 \\u00e0 sa mort \\u00e0 Samoa en 1894.&quot;,&quot;categorie&quot;:&quot;Autres \\u00e9v\\u00e9nements&quot;,&quot;ville&quot;:&quot;Plouhinec&quot;,&quot;code_postal&quot;:&quot;29780&quot;,&quot;name&quot;:&quot;Conf\\u00e9rence \\&quot;Robert-Louis Stevenson, les chemins de la libert\\u00e9\\&quot;&quot;,&quot;latitude&quot;:&quot;48.0152505&quot;,&quot;longitude&quot;:&quot;-4.5051148&quot;,&quot;link&quot;:&quot;http:\\\/\\\/www.bretagne-ecosse.org\\\/&quot;},&quot;category&quot;:&quot;\\u00c9v\\u00e9nements locaux&quot;,&quot;faq&quot;:[],&quot;event&quot;:&quot;Du 04\\\/09\\\/2026 au 04\\\/09\\\/2026 \\u00e0 23:59&quot;,&quot;video_url&quot;:&quot;&quot;,&quot;video_embed&quot;:null,&quot;documents&quot;:[],&quot;gallery&quot;:[]}\">\n\n                <!-- Image + badge cat\u00e9gorie -->\n                <div class=\"em-card-img-wrap\">\n                                      <div class=\"em-card-placeholder\">\ud83d\udcf7 Pas d'image<\/div>\n                                    <span class=\"em-card-badge badge-default\">\u00c9v\u00e9nements locaux<\/span>\n                <\/div>\n\n                <!-- Contenu de la card -->\n                <div class=\"em-card-body\">\n                  <h3 class=\"em-card-title\">Conf\u00e9rence &quot;Robert-Louis Stevenson, les chemins de la libert\u00e9&quot;<\/h3>\n\n                  <!-- Tags r\u00e9sum\u00e9s (max 4) -->\n                  <div class=\"em-card-tags\">\n                                                          <\/div>\n\n                  <!-- Champs suppl\u00e9mentaires (max 3) -->\n                  <div class=\"em-card-fields\">\n                                          <div class=\"em-card-field\">\n                        <span class=\"em-card-field-label\">Titre :<\/span>\n                        <span class=\"em-card-field-value\">Conf\u00e9rence &quot;Robert-Louis Stevenson, les chemins de la libert<\/span>\n                      <\/div>\n                                          <div class=\"em-card-field\">\n                        <span class=\"em-card-field-label\">Cat\u00e9gorie :<\/span>\n                        <span class=\"em-card-field-value\">Autres \u00e9v\u00e9nements<\/span>\n                      <\/div>\n                                          <div class=\"em-card-field\">\n                        <span class=\"em-card-field-label\">Ville :<\/span>\n                        <span class=\"em-card-field-value\">Plouhinec<\/span>\n                      <\/div>\n                                      <\/div>\n\n                  <!-- Lien vers le d\u00e9tail -->\n                  <div class=\"em-card-footer\">\n                    <span>Voir le d\u00e9tail<\/span>\n                    <svg fill=\"none\" viewBox=\"0 0 24 24\" stroke=\"currentColor\" stroke-width=\"2\">\n                      <path stroke-linecap=\"round\" stroke-linejoin=\"round\" d=\"M13.5 4.5L21 12m0 0l-7.5 7.5M21 12H3\"><\/path>\n                    <\/svg>\n                  <\/div>\n                <\/div>\n              <\/article>\n                          <article class=\"em-card\"\n                data-type=\"evenements-locaux-6\"\n                data-features=\"\"\n                data-name=\"visite guid\u00e9e de l&#039;\u00eele tristan\"\n                data-json=\"{&quot;name&quot;:&quot;Visite guid\\u00e9e de l&#039;\\u00eele Tristan&quot;,&quot;image&quot;:&quot;&quot;,&quot;link&quot;:&quot;http:\\\/\\\/www.douarnenez-tourisme.com\\\/&quot;,&quot;data&quot;:{&quot;titre&quot;:&quot;Visite guid\\u00e9e de l&#039;\\u00eele Tristan&quot;,&quot;description&quot;:&quot;Situ\\u00e9e \\u00e0 quelques encablures de Douarnenez, l&#039;\\u00eele Tristan, site naturel prot\\u00e9g\\u00e9 est la propri\\u00e9t\\u00e9 du Conservatoire du Littoral. Marchez sur les pas du c\\u00e9l\\u00e8bre brigand de La Fontenelle, de Tristan et Yseult et des nombreux artistes qui ont fr\\u00e9quent\\u00e9 l&#039;\\u00eele au d\\u00e9but 20\\u00e8me si\\u00e8cle. Inscription obligatoire \\u00e0 l&#039;Office de Tourisme du Pays de Douarnenez ou sur le site internet. Chiens non admis. Les conditions m\\u00e9t\\u00e9orologiques et la houle peuvent nous contraindre \\u00e0 annuler la visite.&quot;,&quot;categorie&quot;:&quot;Sport &amp; randonn\\u00e9e&quot;,&quot;ville&quot;:&quot;Douarnenez&quot;,&quot;code_postal&quot;:&quot;29100&quot;,&quot;name&quot;:&quot;Visite guid\\u00e9e de l&#039;\\u00eele Tristan&quot;,&quot;latitude&quot;:&quot;48.0972725&quot;,&quot;longitude&quot;:&quot;-4.3354308&quot;,&quot;link&quot;:&quot;http:\\\/\\\/www.douarnenez-tourisme.com\\\/&quot;},&quot;category&quot;:&quot;\\u00c9v\\u00e9nements locaux&quot;,&quot;faq&quot;:[],&quot;event&quot;:&quot;Du 11\\\/09\\\/2026 \\u00e0 10:30 au 11\\\/09\\\/2026 \\u00e0 23:59&quot;,&quot;video_url&quot;:&quot;&quot;,&quot;video_embed&quot;:null,&quot;documents&quot;:[],&quot;gallery&quot;:[]}\">\n\n                <!-- Image + badge cat\u00e9gorie -->\n                <div class=\"em-card-img-wrap\">\n                                      <div class=\"em-card-placeholder\">\ud83d\udcf7 Pas d'image<\/div>\n                                    <span class=\"em-card-badge badge-default\">\u00c9v\u00e9nements locaux<\/span>\n                <\/div>\n\n                <!-- Contenu de la card -->\n                <div class=\"em-card-body\">\n                  <h3 class=\"em-card-title\">Visite guid\u00e9e de l&#039;\u00eele Tristan<\/h3>\n\n                  <!-- Tags r\u00e9sum\u00e9s (max 4) -->\n                  <div class=\"em-card-tags\">\n                                                          <\/div>\n\n                  <!-- Champs suppl\u00e9mentaires (max 3) -->\n                  <div class=\"em-card-fields\">\n                                          <div class=\"em-card-field\">\n                        <span class=\"em-card-field-label\">Titre :<\/span>\n                        <span class=\"em-card-field-value\">Visite guid\u00e9e de l&#039;\u00eele Tristan<\/span>\n                      <\/div>\n                                          <div class=\"em-card-field\">\n                        <span class=\"em-card-field-label\">Cat\u00e9gorie :<\/span>\n                        <span class=\"em-card-field-value\">Sport &amp; randonn\u00e9e<\/span>\n                      <\/div>\n                                          <div class=\"em-card-field\">\n                        <span class=\"em-card-field-label\">Ville :<\/span>\n                        <span class=\"em-card-field-value\">Douarnenez<\/span>\n                      <\/div>\n                                      <\/div>\n\n                  <!-- Lien vers le d\u00e9tail -->\n                  <div class=\"em-card-footer\">\n                    <span>Voir le d\u00e9tail<\/span>\n                    <svg fill=\"none\" viewBox=\"0 0 24 24\" stroke=\"currentColor\" stroke-width=\"2\">\n                      <path stroke-linecap=\"round\" stroke-linejoin=\"round\" d=\"M13.5 4.5L21 12m0 0l-7.5 7.5M21 12H3\"><\/path>\n                    <\/svg>\n                  <\/div>\n                <\/div>\n              <\/article>\n                          <article class=\"em-card\"\n                data-type=\"evenements-locaux-6\"\n                data-features=\"\"\n                data-name=\"visite de l&#039;exposition brest, l&#039;art pour raconter la ville\"\n                data-json=\"{&quot;name&quot;:&quot;Visite de l&#039;exposition Brest, l&#039;art pour raconter la ville&quot;,&quot;image&quot;:&quot;&quot;,&quot;link&quot;:&quot;&quot;,&quot;data&quot;:{&quot;titre&quot;:&quot;Visite de l&#039;exposition Brest, l&#039;art pour raconter la ville&quot;,&quot;description&quot;:&quot;A travers une s\\u00e9lection d&#039;oeuvres issue des collections du Mus\\u00e9e des Beaux-Arts de Brest, l&#039;exposition invite \\u00e0 d\\u00e9couvrir Brest tel que les artistes l&#039;ont vu et interpr\\u00e9t\\u00e9 du 18\\u00e8me au 20\\u00e8me si\\u00e8cle. Peintures, arts graphiques et regards d&#039;artistes deviennent autant de cl\\u00e9s pour comprendre l&#039;histoire, la transformations et l&#039;identit\\u00e9 du territoire. Propos\\u00e9e en plein-air, l&#039;exposition m\\u00eale lecture artistique et approche patrimoniale autour d&#039;un graphisme ludique et dynamique. Un parcours pens\\u00e9 pour toutes et tous o\\u00f9 l&#039;art dialogue avec la m\\u00e9moire de la ville. \\n\\nInformations pratiques : \\nDur\\u00e9e 1h30.\\nR\\u00e9servation obligatoire aupr\\u00e8s de l&#039;Office de Tourisme Brest en vue, par t\\u00e9l\\u00e9phone, au guichet ou en ligne. \\nNombre de place limit\\u00e9. \\n\\nL&#039;Office de Tourisme Brest en vue se r\\u00e9serve le droit d&#039;annuler la visite si le nombre de participant minimum (5) n&#039;est pas atteint ou en cas de m\\u00e9t\\u00e9o d\\u00e9favorables.&quot;,&quot;categorie&quot;:&quot;Expositions&quot;,&quot;ville&quot;:&quot;Brest&quot;,&quot;code_postal&quot;:&quot;29200&quot;,&quot;name&quot;:&quot;Visite de l&#039;exposition Brest, l&#039;art pour raconter la ville&quot;,&quot;latitude&quot;:&quot;48.3887300&quot;,&quot;longitude&quot;:&quot;-4.4986500&quot;},&quot;category&quot;:&quot;\\u00c9v\\u00e9nements locaux&quot;,&quot;faq&quot;:[],&quot;event&quot;:&quot;Du 25\\\/08\\\/2026 \\u00e0 15:00 au 25\\\/08\\\/2026 \\u00e0 23:59&quot;,&quot;video_url&quot;:&quot;&quot;,&quot;video_embed&quot;:null,&quot;documents&quot;:[],&quot;gallery&quot;:[]}\">\n\n                <!-- Image + badge cat\u00e9gorie -->\n                <div class=\"em-card-img-wrap\">\n                                      <div class=\"em-card-placeholder\">\ud83d\udcf7 Pas d'image<\/div>\n                                    <span class=\"em-card-badge badge-default\">\u00c9v\u00e9nements locaux<\/span>\n                <\/div>\n\n                <!-- Contenu de la card -->\n                <div class=\"em-card-body\">\n                  <h3 class=\"em-card-title\">Visite de l&#039;exposition Brest, l&#039;art pour raconter la ville<\/h3>\n\n                  <!-- Tags r\u00e9sum\u00e9s (max 4) -->\n                  <div class=\"em-card-tags\">\n                                                          <\/div>\n\n                  <!-- Champs suppl\u00e9mentaires (max 3) -->\n                  <div class=\"em-card-fields\">\n                                          <div class=\"em-card-field\">\n                        <span class=\"em-card-field-label\">Titre :<\/span>\n                        <span class=\"em-card-field-value\">Visite de l&#039;exposition Brest, l&#039;art pour raconter la ville<\/span>\n                      <\/div>\n                                          <div class=\"em-card-field\">\n                        <span class=\"em-card-field-label\">Cat\u00e9gorie :<\/span>\n                        <span class=\"em-card-field-value\">Expositions<\/span>\n                      <\/div>\n                                          <div class=\"em-card-field\">\n                        <span class=\"em-card-field-label\">Ville :<\/span>\n                        <span class=\"em-card-field-value\">Brest<\/span>\n                      <\/div>\n                                      <\/div>\n\n                  <!-- Lien vers le d\u00e9tail -->\n                  <div class=\"em-card-footer\">\n                    <span>Voir le d\u00e9tail<\/span>\n                    <svg fill=\"none\" viewBox=\"0 0 24 24\" stroke=\"currentColor\" stroke-width=\"2\">\n                      <path stroke-linecap=\"round\" stroke-linejoin=\"round\" d=\"M13.5 4.5L21 12m0 0l-7.5 7.5M21 12H3\"><\/path>\n                    <\/svg>\n                  <\/div>\n                <\/div>\n              <\/article>\n                          <article class=\"em-card\"\n                data-type=\"evenements-locaux-6\"\n                data-features=\"\"\n                data-name=\"visite guid\u00e9e \u00ab\u00a0les rendez-vous de la pointe\u00a0\u00bb\"\n                data-json=\"{&quot;name&quot;:&quot;Visite guid\\u00e9e \\u00ab\\u00a0Les rendez-vous de la Pointe\\u00a0\\u00bb&quot;,&quot;image&quot;:&quot;&quot;,&quot;link&quot;:&quot;https:\\\/\\\/www.toutcommenceenfinistere.com\\\/pointe-du-raz\\\/preparer-sa-visite\\\/&quot;,&quot;data&quot;:{&quot;titre&quot;:&quot;Visite guid\\u00e9e \\u00ab\\u00a0Les rendez-vous de la Pointe\\u00a0\\u00bb&quot;,&quot;description&quot;:&quot;Comprendre un paysage d\\u2019exception, en famille.\\n\\nCette visite guid\\u00e9e invite petits et grands \\u00e0 d\\u00e9couvrir les paysages spectaculaires de la Pointe du Raz et \\u00e0 comprendre ce qui fait la singularit\\u00e9 de ce site embl\\u00e9matique du Finist\\u00e8re. Au fil du parcours, le guide d\\u00e9crypte la formation des falaises, l\\u2019influence des vents et des courants, ainsi que l\\u2019histoire humaine intimement li\\u00e9e \\u00e0 ce bout du monde. Anecdotes, observations et \\u00e9changes rythment la visite, pens\\u00e9e pour \\u00eatre accessible et ludique. Une formule id\\u00e9ale pour une premi\\u00e8re approche du site, \\u00e0 partager en famille, entre terre et mer.\\n\\nD\\u00e9part du s\\u00e9maphore (\\u00e0 800 m du parking) - Dur\\u00e9e 1h&quot;,&quot;categorie&quot;:&quot;Sport &amp; randonn\\u00e9e&quot;,&quot;ville&quot;:&quot;Plogoff&quot;,&quot;code_postal&quot;:&quot;29770&quot;,&quot;name&quot;:&quot;Visite guid\\u00e9e \\u00ab\\u00a0Les rendez-vous de la Pointe\\u00a0\\u00bb&quot;,&quot;latitude&quot;:&quot;48.0408590&quot;,&quot;longitude&quot;:&quot;-4.6709770&quot;,&quot;link&quot;:&quot;https:\\\/\\\/www.toutcommenceenfinistere.com\\\/pointe-du-raz\\\/preparer-sa-visite\\\/&quot;},&quot;category&quot;:&quot;\\u00c9v\\u00e9nements locaux&quot;,&quot;faq&quot;:[],&quot;event&quot;:&quot;Du 04\\\/09\\\/2026 \\u00e0 14:00 au 04\\\/09\\\/2026 \\u00e0 23:59&quot;,&quot;video_url&quot;:&quot;&quot;,&quot;video_embed&quot;:null,&quot;documents&quot;:[],&quot;gallery&quot;:[]}\">\n\n                <!-- Image + badge cat\u00e9gorie -->\n                <div class=\"em-card-img-wrap\">\n                                      <div class=\"em-card-placeholder\">\ud83d\udcf7 Pas d'image<\/div>\n                                    <span class=\"em-card-badge badge-default\">\u00c9v\u00e9nements locaux<\/span>\n                <\/div>\n\n                <!-- Contenu de la card -->\n                <div class=\"em-card-body\">\n                  <h3 class=\"em-card-title\">Visite guid\u00e9e \u00ab\u00a0Les rendez-vous de la Pointe\u00a0\u00bb<\/h3>\n\n                  <!-- Tags r\u00e9sum\u00e9s (max 4) -->\n                  <div class=\"em-card-tags\">\n                                                          <\/div>\n\n                  <!-- Champs suppl\u00e9mentaires (max 3) -->\n                  <div class=\"em-card-fields\">\n                                          <div class=\"em-card-field\">\n                        <span class=\"em-card-field-label\">Titre :<\/span>\n                        <span class=\"em-card-field-value\">Visite guid\u00e9e \u00ab\u00a0Les rendez-vous de la Pointe\u00a0\u00bb<\/span>\n                      <\/div>\n                                          <div class=\"em-card-field\">\n                        <span class=\"em-card-field-label\">Cat\u00e9gorie :<\/span>\n                        <span class=\"em-card-field-value\">Sport &amp; randonn\u00e9e<\/span>\n                      <\/div>\n                                          <div class=\"em-card-field\">\n                        <span class=\"em-card-field-label\">Ville :<\/span>\n                        <span class=\"em-card-field-value\">Plogoff<\/span>\n                      <\/div>\n                                      <\/div>\n\n                  <!-- Lien vers le d\u00e9tail -->\n                  <div class=\"em-card-footer\">\n                    <span>Voir le d\u00e9tail<\/span>\n                    <svg fill=\"none\" viewBox=\"0 0 24 24\" stroke=\"currentColor\" stroke-width=\"2\">\n                      <path stroke-linecap=\"round\" stroke-linejoin=\"round\" d=\"M13.5 4.5L21 12m0 0l-7.5 7.5M21 12H3\"><\/path>\n                    <\/svg>\n                  <\/div>\n                <\/div>\n              <\/article>\n                          <article class=\"em-card\"\n                data-type=\"evenements-locaux-6\"\n                data-features=\"\"\n                data-name=\"les rendez-vous p\u00e9pites: les ch\u00e8vres de mohair de cornouaille \u00e0 l&#039;h\u00f4pital-camfrout\"\n                data-json=\"{&quot;name&quot;:&quot;Les Rendez-Vous P\\u00e9pites: Les ch\\u00e8vres de Mohair de Cornouaille \\u00e0 l&#039;H\\u00f4pital-Camfrout&quot;,&quot;image&quot;:&quot;&quot;,&quot;link&quot;:&quot;https:\\\/\\\/www.tourisme-landerneau-daoulas.fr\\\/&quot;,&quot;data&quot;:{&quot;titre&quot;:&quot;Les Rendez-Vous P\\u00e9pites: Les ch\\u00e8vres de Mohair de Cornouaille \\u00e0 l&#039;H\\u00f4pital-Camfrout&quot;,&quot;description&quot;:&quot;L&#039;\\u00e9levage de ch\\u00e8vres angora de Mohair de Cornouaille vous attend \\u00e0 l&#039;H\\u00f4pital-Camfrout !\\n\\nVenez  d\\u00e9couvrir cet \\u00e9levage atypique ou des ch\\u00e8vres sont \\u00e9lev\\u00e9es uniquement pour leurs toisons et le mohair transform\\u00e9 par une coop\\u00e9rative et une quinzaine d&#039;artisans situ\\u00e9s essentiellement dans le sud de la France, ou des ateliers familiaux transforment encore le mohair.\\n\\nAu programme : visite de l&#039;exploitation, puis une pr\\u00e9sentation des ch\\u00e8vres et des produits, et enfin un go\\u00fbter sucr\\u00e9 offert par l&#039;Office de tourisme.\\n\\n- Rendez-vous \\u00e0 l&#039;exploitation de Mohair de Cornouaille pour le d\\u00e9part de visite.\\n- Inscription obligatoire \\u00e0 l&#039;office de tourisme.\\n- Nombre de places limit\\u00e9.\\n- Les animaux de compagnie ne sont pas accept\\u00e9s.&quot;,&quot;categorie&quot;:&quot;En famille&quot;,&quot;ville&quot;:&quot;H\\u00f4pital-Camfrout&quot;,&quot;code_postal&quot;:&quot;29460&quot;,&quot;name&quot;:&quot;Les Rendez-Vous P\\u00e9pites: Les ch\\u00e8vres de Mohair de Cornouaille \\u00e0 l&#039;H\\u00f4pital-Camfrout&quot;,&quot;latitude&quot;:&quot;48.3178941&quot;,&quot;longitude&quot;:&quot;-4.2608998&quot;,&quot;link&quot;:&quot;https:\\\/\\\/www.tourisme-landerneau-daoulas.fr\\\/&quot;},&quot;category&quot;:&quot;\\u00c9v\\u00e9nements locaux&quot;,&quot;faq&quot;:[],&quot;event&quot;:&quot;Du 27\\\/08\\\/2026 \\u00e0 15:00 au 27\\\/08\\\/2026 \\u00e0 23:59&quot;,&quot;video_url&quot;:&quot;&quot;,&quot;video_embed&quot;:null,&quot;documents&quot;:[],&quot;gallery&quot;:[]}\">\n\n                <!-- Image + badge cat\u00e9gorie -->\n                <div class=\"em-card-img-wrap\">\n                                      <div class=\"em-card-placeholder\">\ud83d\udcf7 Pas d'image<\/div>\n                                    <span class=\"em-card-badge badge-default\">\u00c9v\u00e9nements locaux<\/span>\n                <\/div>\n\n                <!-- Contenu de la card -->\n                <div class=\"em-card-body\">\n                  <h3 class=\"em-card-title\">Les Rendez-Vous P\u00e9pites: Les ch\u00e8vres de Mohair de Cornouaille \u00e0 l&#039;H\u00f4pital-Camfrout<\/h3>\n\n                  <!-- Tags r\u00e9sum\u00e9s (max 4) -->\n                  <div class=\"em-card-tags\">\n                                                          <\/div>\n\n                  <!-- Champs suppl\u00e9mentaires (max 3) -->\n                  <div class=\"em-card-fields\">\n                                          <div class=\"em-card-field\">\n                        <span class=\"em-card-field-label\">Titre :<\/span>\n                        <span class=\"em-card-field-value\">Les Rendez-Vous P\u00e9pites: Les ch\u00e8vres de Mohair de Cornouaill<\/span>\n                      <\/div>\n                                          <div class=\"em-card-field\">\n                        <span class=\"em-card-field-label\">Cat\u00e9gorie :<\/span>\n                        <span class=\"em-card-field-value\">En famille<\/span>\n                      <\/div>\n                                          <div class=\"em-card-field\">\n                        <span class=\"em-card-field-label\">Ville :<\/span>\n                        <span class=\"em-card-field-value\">H\u00f4pital-Camfrout<\/span>\n                      <\/div>\n                                      <\/div>\n\n                  <!-- Lien vers le d\u00e9tail -->\n                  <div class=\"em-card-footer\">\n                    <span>Voir le d\u00e9tail<\/span>\n                    <svg fill=\"none\" viewBox=\"0 0 24 24\" stroke=\"currentColor\" stroke-width=\"2\">\n                      <path stroke-linecap=\"round\" stroke-linejoin=\"round\" d=\"M13.5 4.5L21 12m0 0l-7.5 7.5M21 12H3\"><\/path>\n                    <\/svg>\n                  <\/div>\n                <\/div>\n              <\/article>\n                          <article class=\"em-card\"\n                data-type=\"evenements-locaux-6\"\n                data-features=\"\"\n                data-name=\"atelier d&#039;initiation au handtufting cr\u00e9ation tapis laine\"\n                data-json=\"{&quot;name&quot;:&quot;Atelier d&#039;initiation au handtufting Cr\\u00e9ation tapis laine&quot;,&quot;image&quot;:&quot;&quot;,&quot;link&quot;:&quot;http:\\\/\\\/www.rectangledor.com\\\/&quot;,&quot;data&quot;:{&quot;titre&quot;:&quot;Atelier d&#039;initiation au handtufting Cr\\u00e9ation tapis laine&quot;,&quot;description&quot;:&quot;Pour votre initiation, vous r\\u00e9aliserez un petit tapis rond ou carr\\u00e9 de 40x40cm, \\nen pure laine avec la technique du handtufting qui se fait \\u00e0 partir d\\u2019un pistolet \\n\\u00e0 tufter. Toutes les fournitures sont fournies.\\n\\nUn stage de d\\u00e9couverte artistique et technique dans une belle ambiance sous \\nla supervision de Flore, tufteuse depuis 2009, et \\u00e0 la cl\\u00e9 un beau tapis r\\u00e9alis\\u00e9 \\npar vous-m\\u00eame que vous emporterez chez vous ainsi qu\\u2019un souvenir inoubliable.\\n\\nNOMBRES DE PARTICIPANTS PAR SESSION : jusqu\\u2019\\u00e0 3 personnes\\nUNE JOURNEE : Environ 7-8  heures sont n\\u00e9cessaires, \\u00e0 partir de 9h30. \\nAlternative : possibilit\\u00e9 de 2 demi-journ\\u00e9es (cons\\u00e9cutives ou non).&quot;,&quot;categorie&quot;:&quot;Autres \\u00e9v\\u00e9nements&quot;,&quot;ville&quot;:&quot;Plouhinec&quot;,&quot;code_postal&quot;:&quot;29780&quot;,&quot;name&quot;:&quot;Atelier d&#039;initiation au handtufting Cr\\u00e9ation tapis laine&quot;,&quot;latitude&quot;:&quot;48.0178694&quot;,&quot;longitude&quot;:&quot;-4.5304599&quot;,&quot;link&quot;:&quot;http:\\\/\\\/www.rectangledor.com\\\/&quot;},&quot;category&quot;:&quot;\\u00c9v\\u00e9nements locaux&quot;,&quot;faq&quot;:[],&quot;event&quot;:&quot;Du 28\\\/08\\\/2026 \\u00e0 09:30 au 28\\\/08\\\/2026 \\u00e0 23:59&quot;,&quot;video_url&quot;:&quot;&quot;,&quot;video_embed&quot;:null,&quot;documents&quot;:[],&quot;gallery&quot;:[]}\">\n\n                <!-- Image + badge cat\u00e9gorie -->\n                <div class=\"em-card-img-wrap\">\n                                      <div class=\"em-card-placeholder\">\ud83d\udcf7 Pas d'image<\/div>\n                                    <span class=\"em-card-badge badge-default\">\u00c9v\u00e9nements locaux<\/span>\n                <\/div>\n\n                <!-- Contenu de la card -->\n                <div class=\"em-card-body\">\n                  <h3 class=\"em-card-title\">Atelier d&#039;initiation au handtufting Cr\u00e9ation tapis laine<\/h3>\n\n                  <!-- Tags r\u00e9sum\u00e9s (max 4) -->\n                  <div class=\"em-card-tags\">\n                                                          <\/div>\n\n                  <!-- Champs suppl\u00e9mentaires (max 3) -->\n                  <div class=\"em-card-fields\">\n                                          <div class=\"em-card-field\">\n                        <span class=\"em-card-field-label\">Titre :<\/span>\n                        <span class=\"em-card-field-value\">Atelier d&#039;initiation au handtufting Cr\u00e9ation tapis laine<\/span>\n                      <\/div>\n                                          <div class=\"em-card-field\">\n                        <span class=\"em-card-field-label\">Cat\u00e9gorie :<\/span>\n                        <span class=\"em-card-field-value\">Autres \u00e9v\u00e9nements<\/span>\n                      <\/div>\n                                          <div class=\"em-card-field\">\n                        <span class=\"em-card-field-label\">Ville :<\/span>\n                        <span class=\"em-card-field-value\">Plouhinec<\/span>\n                      <\/div>\n                                      <\/div>\n\n                  <!-- Lien vers le d\u00e9tail -->\n                  <div class=\"em-card-footer\">\n                    <span>Voir le d\u00e9tail<\/span>\n                    <svg fill=\"none\" viewBox=\"0 0 24 24\" stroke=\"currentColor\" stroke-width=\"2\">\n                      <path stroke-linecap=\"round\" stroke-linejoin=\"round\" d=\"M13.5 4.5L21 12m0 0l-7.5 7.5M21 12H3\"><\/path>\n                    <\/svg>\n                  <\/div>\n                <\/div>\n              <\/article>\n                          <article class=\"em-card\"\n                data-type=\"evenements-locaux-6\"\n                data-features=\"\"\n                data-name=\"visite guid\u00e9e du sillon de camaret-sur-mer + visite libre de la tour\"\n                data-json=\"{&quot;name&quot;:&quot;Visite guid\\u00e9e du sillon de Camaret-sur-Mer + visite libre de la Tour&quot;,&quot;image&quot;:&quot;&quot;,&quot;link&quot;:&quot;&quot;,&quot;data&quot;:{&quot;titre&quot;:&quot;Visite guid\\u00e9e du sillon de Camaret-sur-Mer + visite libre de la Tour&quot;,&quot;description&quot;:&quot;Visite guid\\u00e9e du sillon + visite libre de la Tour, tous les vendredis\\nTarif 7 euros, r\\u00e9servation conseill\\u00e9e au 02 98 27 91 12 ou par mail \\u00e0 tourvauban@camaretsurmer.fr, jauge limit\\u00e9e \\u00e0 20 personnes&quot;,&quot;categorie&quot;:&quot;Autres \\u00e9v\\u00e9nements&quot;,&quot;ville&quot;:&quot;Camaret-sur-Mer&quot;,&quot;code_postal&quot;:&quot;29570&quot;,&quot;name&quot;:&quot;Visite guid\\u00e9e du sillon de Camaret-sur-Mer + visite libre de la Tour&quot;,&quot;latitude&quot;:&quot;48.2797900&quot;,&quot;longitude&quot;:&quot;-4.5919300&quot;},&quot;category&quot;:&quot;\\u00c9v\\u00e9nements locaux&quot;,&quot;faq&quot;:[],&quot;event&quot;:&quot;Du 28\\\/08\\\/2026 \\u00e0 11:00 au 28\\\/08\\\/2026 \\u00e0 23:59&quot;,&quot;video_url&quot;:&quot;&quot;,&quot;video_embed&quot;:null,&quot;documents&quot;:[],&quot;gallery&quot;:[]}\">\n\n                <!-- Image + badge cat\u00e9gorie -->\n                <div class=\"em-card-img-wrap\">\n                                      <div class=\"em-card-placeholder\">\ud83d\udcf7 Pas d'image<\/div>\n                                    <span class=\"em-card-badge badge-default\">\u00c9v\u00e9nements locaux<\/span>\n                <\/div>\n\n                <!-- Contenu de la card -->\n                <div class=\"em-card-body\">\n                  <h3 class=\"em-card-title\">Visite guid\u00e9e du sillon de Camaret-sur-Mer + visite libre de la Tour<\/h3>\n\n                  <!-- Tags r\u00e9sum\u00e9s (max 4) -->\n                  <div class=\"em-card-tags\">\n                                                          <\/div>\n\n                  <!-- Champs suppl\u00e9mentaires (max 3) -->\n                  <div class=\"em-card-fields\">\n                                          <div class=\"em-card-field\">\n                        <span class=\"em-card-field-label\">Titre :<\/span>\n                        <span class=\"em-card-field-value\">Visite guid\u00e9e du sillon de Camaret-sur-Mer + visite libre de<\/span>\n                      <\/div>\n                                          <div class=\"em-card-field\">\n                        <span class=\"em-card-field-label\">Cat\u00e9gorie :<\/span>\n                        <span class=\"em-card-field-value\">Autres \u00e9v\u00e9nements<\/span>\n                      <\/div>\n                                          <div class=\"em-card-field\">\n                        <span class=\"em-card-field-label\">Ville :<\/span>\n                        <span class=\"em-card-field-value\">Camaret-sur-Mer<\/span>\n                      <\/div>\n                                      <\/div>\n\n                  <!-- Lien vers le d\u00e9tail -->\n                  <div class=\"em-card-footer\">\n                    <span>Voir le d\u00e9tail<\/span>\n                    <svg fill=\"none\" viewBox=\"0 0 24 24\" stroke=\"currentColor\" stroke-width=\"2\">\n                      <path stroke-linecap=\"round\" stroke-linejoin=\"round\" d=\"M13.5 4.5L21 12m0 0l-7.5 7.5M21 12H3\"><\/path>\n                    <\/svg>\n                  <\/div>\n                <\/div>\n              <\/article>\n                          <article class=\"em-card\"\n                data-type=\"evenements-locaux-6\"\n                data-features=\"\"\n                data-name=\"balades climatiques par la maison des min\u00e9raux\"\n                data-json=\"{&quot;name&quot;:&quot;Balades climatiques par la Maison des Min\\u00e9raux&quot;,&quot;image&quot;:&quot;&quot;,&quot;link&quot;:&quot;&quot;,&quot;data&quot;:{&quot;titre&quot;:&quot;Balades climatiques par la Maison des Min\\u00e9raux&quot;,&quot;description&quot;:&quot;Site : Porzh Koubou  (crozon)\\n\\nEt si les roches pouvaient parler ? Entre fossiles tropicaux et t\\u00e9moins de glaciations, d\\u00e9couvrez comment les paysages porte les marques de climats pass\\u00e9s... et ce qu&#039;il dit de l&#039;avenir !\\n\\n2h00\\n10\\u20ac \\\/ personnes\\nA partir de 14 ans\\nSur r\\u00e9servation&quot;,&quot;categorie&quot;:&quot;En famille&quot;,&quot;ville&quot;:&quot;Crozon&quot;,&quot;code_postal&quot;:&quot;29160&quot;,&quot;name&quot;:&quot;Balades climatiques par la Maison des Min\\u00e9raux&quot;,&quot;latitude&quot;:&quot;48.2456100&quot;,&quot;longitude&quot;:&quot;-4.4886100&quot;},&quot;category&quot;:&quot;\\u00c9v\\u00e9nements locaux&quot;,&quot;faq&quot;:[],&quot;event&quot;:&quot;Du 25\\\/08\\\/2026 \\u00e0 10:00 au 25\\\/08\\\/2026 \\u00e0 23:59&quot;,&quot;video_url&quot;:&quot;&quot;,&quot;video_embed&quot;:null,&quot;documents&quot;:[],&quot;gallery&quot;:[]}\">\n\n                <!-- Image + badge cat\u00e9gorie -->\n                <div class=\"em-card-img-wrap\">\n                                      <div class=\"em-card-placeholder\">\ud83d\udcf7 Pas d'image<\/div>\n                                    <span class=\"em-card-badge badge-default\">\u00c9v\u00e9nements locaux<\/span>\n                <\/div>\n\n                <!-- Contenu de la card -->\n                <div class=\"em-card-body\">\n                  <h3 class=\"em-card-title\">Balades climatiques par la Maison des Min\u00e9raux<\/h3>\n\n                  <!-- Tags r\u00e9sum\u00e9s (max 4) -->\n                  <div class=\"em-card-tags\">\n                                                          <\/div>\n\n                  <!-- Champs suppl\u00e9mentaires (max 3) -->\n                  <div class=\"em-card-fields\">\n                                          <div class=\"em-card-field\">\n                        <span class=\"em-card-field-label\">Titre :<\/span>\n                        <span class=\"em-card-field-value\">Balades climatiques par la Maison des Min\u00e9raux<\/span>\n                      <\/div>\n                                          <div class=\"em-card-field\">\n                        <span class=\"em-card-field-label\">Cat\u00e9gorie :<\/span>\n                        <span class=\"em-card-field-value\">En famille<\/span>\n                      <\/div>\n                                          <div class=\"em-card-field\">\n                        <span class=\"em-card-field-label\">Ville :<\/span>\n                        <span class=\"em-card-field-value\">Crozon<\/span>\n                      <\/div>\n                                      <\/div>\n\n                  <!-- Lien vers le d\u00e9tail -->\n                  <div class=\"em-card-footer\">\n                    <span>Voir le d\u00e9tail<\/span>\n                    <svg fill=\"none\" viewBox=\"0 0 24 24\" stroke=\"currentColor\" stroke-width=\"2\">\n                      <path stroke-linecap=\"round\" stroke-linejoin=\"round\" d=\"M13.5 4.5L21 12m0 0l-7.5 7.5M21 12H3\"><\/path>\n                    <\/svg>\n                  <\/div>\n                <\/div>\n              <\/article>\n                          <article class=\"em-card\"\n                data-type=\"evenements-locaux-6\"\n                data-features=\"\"\n                data-name=\"bourse aux v\u00eatements - pu\u00e9riculture\"\n                data-json=\"{&quot;name&quot;:&quot;Bourse aux v\\u00eatements - pu\\u00e9riculture&quot;,&quot;image&quot;:&quot;&quot;,&quot;link&quot;:&quot;&quot;,&quot;data&quot;:{&quot;titre&quot;:&quot;Bourse aux v\\u00eatements - pu\\u00e9riculture&quot;,&quot;description&quot;:&quot;Bourse aux v\\u00eatements automne-hiver (enfants et adultes) et articles de pu\\u00e9riculture, organis\\u00e9e par l\\u2019association Familles Rurales.\\nD\\u00e9p\\u00f4t des articles le lundi 24 ao\\u00fbt, de 14h \\u00e0 19h30.&quot;,&quot;categorie&quot;:&quot;March\\u00e9s &amp; foires&quot;,&quot;ville&quot;:&quot;Saint-Renan&quot;,&quot;code_postal&quot;:&quot;29290&quot;,&quot;name&quot;:&quot;Bourse aux v\\u00eatements - pu\\u00e9riculture&quot;,&quot;latitude&quot;:&quot;48.4323369&quot;,&quot;longitude&quot;:&quot;-4.6287380&quot;},&quot;category&quot;:&quot;\\u00c9v\\u00e9nements locaux&quot;,&quot;faq&quot;:[],&quot;event&quot;:&quot;Du 25\\\/08\\\/2026 \\u00e0 18:30 au 26\\\/08\\\/2026 \\u00e0 23:59&quot;,&quot;video_url&quot;:&quot;&quot;,&quot;video_embed&quot;:null,&quot;documents&quot;:[],&quot;gallery&quot;:[]}\">\n\n                <!-- Image + badge cat\u00e9gorie -->\n                <div class=\"em-card-img-wrap\">\n                                      <div class=\"em-card-placeholder\">\ud83d\udcf7 Pas d'image<\/div>\n                                    <span class=\"em-card-badge badge-default\">\u00c9v\u00e9nements locaux<\/span>\n                <\/div>\n\n                <!-- Contenu de la card -->\n                <div class=\"em-card-body\">\n                  <h3 class=\"em-card-title\">Bourse aux v\u00eatements - pu\u00e9riculture<\/h3>\n\n                  <!-- Tags r\u00e9sum\u00e9s (max 4) -->\n                  <div class=\"em-card-tags\">\n                                                          <\/div>\n\n                  <!-- Champs suppl\u00e9mentaires (max 3) -->\n                  <div class=\"em-card-fields\">\n                                          <div class=\"em-card-field\">\n                        <span class=\"em-card-field-label\">Titre :<\/span>\n                        <span class=\"em-card-field-value\">Bourse aux v\u00eatements - pu\u00e9riculture<\/span>\n                      <\/div>\n                                          <div class=\"em-card-field\">\n                        <span class=\"em-card-field-label\">Cat\u00e9gorie :<\/span>\n                        <span class=\"em-card-field-value\">March\u00e9s &amp; foires<\/span>\n                      <\/div>\n                                          <div class=\"em-card-field\">\n                        <span class=\"em-card-field-label\">Ville :<\/span>\n                        <span class=\"em-card-field-value\">Saint-Renan<\/span>\n                      <\/div>\n                                      <\/div>\n\n                  <!-- Lien vers le d\u00e9tail -->\n                  <div class=\"em-card-footer\">\n                    <span>Voir le d\u00e9tail<\/span>\n                    <svg fill=\"none\" viewBox=\"0 0 24 24\" stroke=\"currentColor\" stroke-width=\"2\">\n                      <path stroke-linecap=\"round\" stroke-linejoin=\"round\" d=\"M13.5 4.5L21 12m0 0l-7.5 7.5M21 12H3\"><\/path>\n                    <\/svg>\n                  <\/div>\n                <\/div>\n              <\/article>\n                          <article class=\"em-card\"\n                data-type=\"evenements-locaux-6\"\n                data-features=\"\"\n                data-name=\"visite &quot;des bancs de sardines aux bancs d&#039;usines&quot;\"\n                data-json=\"{&quot;name&quot;:&quot;Visite \\&quot;Des bancs de sardines aux bancs d&#039;usines\\&quot;&quot;,&quot;image&quot;:&quot;&quot;,&quot;link&quot;:&quot;&quot;,&quot;data&quot;:{&quot;titre&quot;:&quot;Visite \\&quot;Des bancs de sardines aux bancs d&#039;usines\\&quot;&quot;,&quot;description&quot;:&quot;D\\u00e9couvrez la vie des p\\u00eacheurs et surtout des ouvri\\u00e8res dans les conserveries locales. \\nAnimations sans suppl\\u00e9ment sur pr\\u00e9sentation du billet d&#039;entr\\u00e9e et des disponibilit\\u00e9s.&quot;,&quot;categorie&quot;:&quot;Autres \\u00e9v\\u00e9nements&quot;,&quot;ville&quot;:&quot;Douarnenez&quot;,&quot;code_postal&quot;:&quot;29100&quot;,&quot;name&quot;:&quot;Visite \\&quot;Des bancs de sardines aux bancs d&#039;usines\\&quot;&quot;,&quot;latitude&quot;:&quot;48.0923984&quot;,&quot;longitude&quot;:&quot;-4.3326434&quot;},&quot;category&quot;:&quot;\\u00c9v\\u00e9nements locaux&quot;,&quot;faq&quot;:[],&quot;event&quot;:&quot;Du 26\\\/08\\\/2026 \\u00e0 15:00 au 26\\\/08\\\/2026 \\u00e0 23:59&quot;,&quot;video_url&quot;:&quot;&quot;,&quot;video_embed&quot;:null,&quot;documents&quot;:[],&quot;gallery&quot;:[]}\">\n\n                <!-- Image + badge cat\u00e9gorie -->\n                <div class=\"em-card-img-wrap\">\n                                      <div class=\"em-card-placeholder\">\ud83d\udcf7 Pas d'image<\/div>\n                                    <span class=\"em-card-badge badge-default\">\u00c9v\u00e9nements locaux<\/span>\n                <\/div>\n\n                <!-- Contenu de la card -->\n                <div class=\"em-card-body\">\n                  <h3 class=\"em-card-title\">Visite &quot;Des bancs de sardines aux bancs d&#039;usines&quot;<\/h3>\n\n                  <!-- Tags r\u00e9sum\u00e9s (max 4) -->\n                  <div class=\"em-card-tags\">\n                                                          <\/div>\n\n                  <!-- Champs suppl\u00e9mentaires (max 3) -->\n                  <div class=\"em-card-fields\">\n                                          <div class=\"em-card-field\">\n                        <span class=\"em-card-field-label\">Titre :<\/span>\n                        <span class=\"em-card-field-value\">Visite &quot;Des bancs de sardines aux bancs d&#039;usines&quot;<\/span>\n                      <\/div>\n                                          <div class=\"em-card-field\">\n                        <span class=\"em-card-field-label\">Cat\u00e9gorie :<\/span>\n                        <span class=\"em-card-field-value\">Autres \u00e9v\u00e9nements<\/span>\n                      <\/div>\n                                          <div class=\"em-card-field\">\n                        <span class=\"em-card-field-label\">Ville :<\/span>\n                        <span class=\"em-card-field-value\">Douarnenez<\/span>\n                      <\/div>\n                                      <\/div>\n\n                  <!-- Lien vers le d\u00e9tail -->\n                  <div class=\"em-card-footer\">\n                    <span>Voir le d\u00e9tail<\/span>\n                    <svg fill=\"none\" viewBox=\"0 0 24 24\" stroke=\"currentColor\" stroke-width=\"2\">\n                      <path stroke-linecap=\"round\" stroke-linejoin=\"round\" d=\"M13.5 4.5L21 12m0 0l-7.5 7.5M21 12H3\"><\/path>\n                    <\/svg>\n                  <\/div>\n                <\/div>\n              <\/article>\n                          <article class=\"em-card\"\n                data-type=\"evenements-locaux-6\"\n                data-features=\"\"\n                data-name=\"l&#039;abbaye-forteresse en 3d\"\n                data-json=\"{&quot;name&quot;:&quot;L&#039;abbaye-forteresse en 3D&quot;,&quot;image&quot;:&quot;&quot;,&quot;link&quot;:&quot;http:\\\/\\\/www.cdp29.fr\\\/&quot;,&quot;data&quot;:{&quot;titre&quot;:&quot;L&#039;abbaye-forteresse en 3D&quot;,&quot;description&quot;:&quot;Explorez l\\u2019abbaye de Land\\u00e9vennec \\u00e0 travers un parcours in\\u00e9dit ! Commencez par la d\\u00e9couverte de notre exposition temporaire, puis installez-vous confortablement en salle pour l&#039;exp\\u00e9rience en 3D. Enfilez vos lunettes de r\\u00e9alit\\u00e9 virtuelle et remontez le temps jusqu\\u2019au XIIIe si\\u00e8cle pour voir l&#039;ancienne abbaye-forteresse rena\\u00eetre sous vos yeux. Enfin, terminez par un tour sur le terrain : arpentez les ruines actuelles et confrontez les vestiges r\\u00e9els aux secrets r\\u00e9v\\u00e9l\\u00e9s par l&#039;arch\\u00e9ologie num\\u00e9rique.&quot;,&quot;categorie&quot;:&quot;Autres \\u00e9v\\u00e9nements&quot;,&quot;ville&quot;:&quot;Land\\u00e9vennec&quot;,&quot;code_postal&quot;:&quot;29560&quot;,&quot;name&quot;:&quot;L&#039;abbaye-forteresse en 3D&quot;,&quot;latitude&quot;:&quot;48.2913500&quot;,&quot;longitude&quot;:&quot;-4.2674500&quot;,&quot;link&quot;:&quot;http:\\\/\\\/www.cdp29.fr\\\/&quot;},&quot;category&quot;:&quot;\\u00c9v\\u00e9nements locaux&quot;,&quot;faq&quot;:[],&quot;event&quot;:&quot;Du 28\\\/08\\\/2026 \\u00e0 11:00 au 28\\\/08\\\/2026 \\u00e0 23:59&quot;,&quot;video_url&quot;:&quot;&quot;,&quot;video_embed&quot;:null,&quot;documents&quot;:[],&quot;gallery&quot;:[]}\">\n\n                <!-- Image + badge cat\u00e9gorie -->\n                <div class=\"em-card-img-wrap\">\n                                      <div class=\"em-card-placeholder\">\ud83d\udcf7 Pas d'image<\/div>\n                                    <span class=\"em-card-badge badge-default\">\u00c9v\u00e9nements locaux<\/span>\n                <\/div>\n\n                <!-- Contenu de la card -->\n                <div class=\"em-card-body\">\n                  <h3 class=\"em-card-title\">L&#039;abbaye-forteresse en 3D<\/h3>\n\n                  <!-- Tags r\u00e9sum\u00e9s (max 4) -->\n                  <div class=\"em-card-tags\">\n                                                          <\/div>\n\n                  <!-- Champs suppl\u00e9mentaires (max 3) -->\n                  <div class=\"em-card-fields\">\n                                          <div class=\"em-card-field\">\n                        <span class=\"em-card-field-label\">Titre :<\/span>\n                        <span class=\"em-card-field-value\">L&#039;abbaye-forteresse en 3D<\/span>\n                      <\/div>\n                                          <div class=\"em-card-field\">\n                        <span class=\"em-card-field-label\">Cat\u00e9gorie :<\/span>\n                        <span class=\"em-card-field-value\">Autres \u00e9v\u00e9nements<\/span>\n                      <\/div>\n                                          <div class=\"em-card-field\">\n                        <span class=\"em-card-field-label\">Ville :<\/span>\n                        <span class=\"em-card-field-value\">Land\u00e9vennec<\/span>\n                      <\/div>\n                                      <\/div>\n\n                  <!-- Lien vers le d\u00e9tail -->\n                  <div class=\"em-card-footer\">\n                    <span>Voir le d\u00e9tail<\/span>\n                    <svg fill=\"none\" viewBox=\"0 0 24 24\" stroke=\"currentColor\" stroke-width=\"2\">\n                      <path stroke-linecap=\"round\" stroke-linejoin=\"round\" d=\"M13.5 4.5L21 12m0 0l-7.5 7.5M21 12H3\"><\/path>\n                    <\/svg>\n                  <\/div>\n                <\/div>\n              <\/article>\n                          <article class=\"em-card\"\n                data-type=\"evenements-locaux-6\"\n                data-features=\"\"\n                data-name=\"visite guid\u00e9e du site naturel des plomarc&#039;h\"\n                data-json=\"{&quot;name&quot;:&quot;Visite guid\\u00e9e du site naturel des Plomarc&#039;h&quot;,&quot;image&quot;:&quot;&quot;,&quot;link&quot;:&quot;https:\\\/\\\/douarnenez-tourisme.com\\\/a-voir-a-faire\\\/les-visites-guidees\\\/le-site-naturel-des-plomarch\\\/&quot;,&quot;data&quot;:{&quot;titre&quot;:&quot;Visite guid\\u00e9e du site naturel des Plomarc&#039;h&quot;,&quot;description&quot;:&quot;Balade comment\\u00e9e sur le site naturel des Plomarc&#039;h situ\\u00e9 \\u00e0 proximit\\u00e9 du port du Rosmeur \\u00e0 Douarnenez. Au fil de cette visite comment\\u00e9e se d\\u00e9voileront les tr\\u00e9sors du pass\\u00e9 dont une usine de salaison de poissons gallo-romaine et un ancien village du 18 \\u00e8me.  Inscription n\\u00e9cessaire \\u00e0 l&#039;Office de Tourisme.&quot;,&quot;categorie&quot;:&quot;Autres \\u00e9v\\u00e9nements&quot;,&quot;ville&quot;:&quot;Douarnenez&quot;,&quot;code_postal&quot;:&quot;29100&quot;,&quot;name&quot;:&quot;Visite guid\\u00e9e du site naturel des Plomarc&#039;h&quot;,&quot;latitude&quot;:&quot;48.0912880&quot;,&quot;longitude&quot;:&quot;-4.3214678&quot;,&quot;link&quot;:&quot;https:\\\/\\\/douarnenez-tourisme.com\\\/a-voir-a-faire\\\/les-visites-guidees\\\/le-site-naturel-des-plomarch\\\/&quot;},&quot;category&quot;:&quot;\\u00c9v\\u00e9nements locaux&quot;,&quot;faq&quot;:[],&quot;event&quot;:&quot;Du 25\\\/08\\\/2026 \\u00e0 14:00 au 25\\\/08\\\/2026 \\u00e0 23:59&quot;,&quot;video_url&quot;:&quot;&quot;,&quot;video_embed&quot;:null,&quot;documents&quot;:[],&quot;gallery&quot;:[]}\">\n\n                <!-- Image + badge cat\u00e9gorie -->\n                <div class=\"em-card-img-wrap\">\n                                      <div class=\"em-card-placeholder\">\ud83d\udcf7 Pas d'image<\/div>\n                                    <span class=\"em-card-badge badge-default\">\u00c9v\u00e9nements locaux<\/span>\n                <\/div>\n\n                <!-- Contenu de la card -->\n                <div class=\"em-card-body\">\n                  <h3 class=\"em-card-title\">Visite guid\u00e9e du site naturel des Plomarc&#039;h<\/h3>\n\n                  <!-- Tags r\u00e9sum\u00e9s (max 4) -->\n                  <div class=\"em-card-tags\">\n                                                          <\/div>\n\n                  <!-- Champs suppl\u00e9mentaires (max 3) -->\n                  <div class=\"em-card-fields\">\n                                          <div class=\"em-card-field\">\n                        <span class=\"em-card-field-label\">Titre :<\/span>\n                        <span class=\"em-card-field-value\">Visite guid\u00e9e du site naturel des Plomarc&#039;h<\/span>\n                      <\/div>\n                                          <div class=\"em-card-field\">\n                        <span class=\"em-card-field-label\">Cat\u00e9gorie :<\/span>\n                        <span class=\"em-card-field-value\">Autres \u00e9v\u00e9nements<\/span>\n                      <\/div>\n                                          <div class=\"em-card-field\">\n                        <span class=\"em-card-field-label\">Ville :<\/span>\n                        <span class=\"em-card-field-value\">Douarnenez<\/span>\n                      <\/div>\n                                      <\/div>\n\n                  <!-- Lien vers le d\u00e9tail -->\n                  <div class=\"em-card-footer\">\n                    <span>Voir le d\u00e9tail<\/span>\n                    <svg fill=\"none\" viewBox=\"0 0 24 24\" stroke=\"currentColor\" stroke-width=\"2\">\n                      <path stroke-linecap=\"round\" stroke-linejoin=\"round\" d=\"M13.5 4.5L21 12m0 0l-7.5 7.5M21 12H3\"><\/path>\n                    <\/svg>\n                  <\/div>\n                <\/div>\n              <\/article>\n                          <article class=\"em-card\"\n                data-type=\"evenements-locaux-6\"\n                data-features=\"\"\n                data-name=\"concert trio vocal baroque\"\n                data-json=\"{&quot;name&quot;:&quot;Concert Trio Vocal Baroque&quot;,&quot;image&quot;:&quot;&quot;,&quot;link&quot;:&quot;&quot;,&quot;data&quot;:{&quot;titre&quot;:&quot;Concert Trio Vocal Baroque&quot;,&quot;description&quot;:&quot;L&#039;ensemble des escapades baroques propose une programme estival avec une trio vocal compos\\u00e9 de Julia BARAT, Camille ESVELIN et Pierre-Emmanuel CLAIR. Venez \\u00e9couter dans l&#039;\\u00e9crin acoustique de l&#039;Abbaye de Land\\u00e9vennec ces pi\\u00e8ces pour voix, chefs d&#039;\\u0153uvre de la fin de la renaissance et de l&#039;\\u00e9poque baroque avec des compositeurs tels que M.A. CHARPENTIER, Thomas MORLAY ou encore Claudio MONTEVERDI.&quot;,&quot;categorie&quot;:&quot;Concerts, musique &amp; festivals&quot;,&quot;ville&quot;:&quot;Land\\u00e9vennec&quot;,&quot;code_postal&quot;:&quot;29560&quot;,&quot;name&quot;:&quot;Concert Trio Vocal Baroque&quot;,&quot;latitude&quot;:&quot;48.2474800&quot;,&quot;longitude&quot;:&quot;-4.3183500&quot;},&quot;category&quot;:&quot;\\u00c9v\\u00e9nements locaux&quot;,&quot;faq&quot;:[],&quot;event&quot;:&quot;Du 26\\\/08\\\/2026 \\u00e0 20:30 au 26\\\/08\\\/2026 \\u00e0 23:59&quot;,&quot;video_url&quot;:&quot;&quot;,&quot;video_embed&quot;:null,&quot;documents&quot;:[],&quot;gallery&quot;:[]}\">\n\n                <!-- Image + badge cat\u00e9gorie -->\n                <div class=\"em-card-img-wrap\">\n                                      <div class=\"em-card-placeholder\">\ud83d\udcf7 Pas d'image<\/div>\n                                    <span class=\"em-card-badge badge-default\">\u00c9v\u00e9nements locaux<\/span>\n                <\/div>\n\n                <!-- Contenu de la card -->\n                <div class=\"em-card-body\">\n                  <h3 class=\"em-card-title\">Concert Trio Vocal Baroque<\/h3>\n\n                  <!-- Tags r\u00e9sum\u00e9s (max 4) -->\n                  <div class=\"em-card-tags\">\n                                                          <\/div>\n\n                  <!-- Champs suppl\u00e9mentaires (max 3) -->\n                  <div class=\"em-card-fields\">\n                                          <div class=\"em-card-field\">\n                        <span class=\"em-card-field-label\">Titre :<\/span>\n                        <span class=\"em-card-field-value\">Concert Trio Vocal Baroque<\/span>\n                      <\/div>\n                                          <div class=\"em-card-field\">\n                        <span class=\"em-card-field-label\">Cat\u00e9gorie :<\/span>\n                        <span class=\"em-card-field-value\">Concerts, musique &amp; festivals<\/span>\n                      <\/div>\n                                          <div class=\"em-card-field\">\n                        <span class=\"em-card-field-label\">Ville :<\/span>\n                        <span class=\"em-card-field-value\">Land\u00e9vennec<\/span>\n                      <\/div>\n                                      <\/div>\n\n                  <!-- Lien vers le d\u00e9tail -->\n                  <div class=\"em-card-footer\">\n                    <span>Voir le d\u00e9tail<\/span>\n                    <svg fill=\"none\" viewBox=\"0 0 24 24\" stroke=\"currentColor\" stroke-width=\"2\">\n                      <path stroke-linecap=\"round\" stroke-linejoin=\"round\" d=\"M13.5 4.5L21 12m0 0l-7.5 7.5M21 12H3\"><\/path>\n                    <\/svg>\n                  <\/div>\n                <\/div>\n              <\/article>\n                          <article class=\"em-card\"\n                data-type=\"evenements-locaux-6\"\n                data-features=\"\"\n                data-name=\"forum des associations\"\n                data-json=\"{&quot;name&quot;:&quot;Forum des associations&quot;,&quot;image&quot;:&quot;&quot;,&quot;link&quot;:&quot;&quot;,&quot;data&quot;:{&quot;titre&quot;:&quot;Forum des associations&quot;,&quot;description&quot;:&quot;Venez d\\u00e9couvrir les activit\\u00e9s 2026\\\/2027 et inscrivez vous !  Tous les secteurs d\\u2019activit\\u00e9, social, culturel ou sportif, seront repr\\u00e9sent\\u00e9s. \\nOrganis\\u00e9 par la mairie&quot;,&quot;categorie&quot;:&quot;Autres \\u00e9v\\u00e9nements&quot;,&quot;ville&quot;:&quot;Ploz\\u00e9vet&quot;,&quot;code_postal&quot;:&quot;29710&quot;,&quot;name&quot;:&quot;Forum des associations&quot;,&quot;latitude&quot;:&quot;47.9856200&quot;,&quot;longitude&quot;:&quot;-4.4204700&quot;},&quot;category&quot;:&quot;\\u00c9v\\u00e9nements locaux&quot;,&quot;faq&quot;:[],&quot;event&quot;:&quot;Du 05\\\/09\\\/2026 au 05\\\/09\\\/2026 \\u00e0 23:59&quot;,&quot;video_url&quot;:&quot;&quot;,&quot;video_embed&quot;:null,&quot;documents&quot;:[],&quot;gallery&quot;:[]}\">\n\n                <!-- Image + badge cat\u00e9gorie -->\n                <div class=\"em-card-img-wrap\">\n                                      <div class=\"em-card-placeholder\">\ud83d\udcf7 Pas d'image<\/div>\n                                    <span class=\"em-card-badge badge-default\">\u00c9v\u00e9nements locaux<\/span>\n                <\/div>\n\n                <!-- Contenu de la card -->\n                <div class=\"em-card-body\">\n                  <h3 class=\"em-card-title\">Forum des associations<\/h3>\n\n                  <!-- Tags r\u00e9sum\u00e9s (max 4) -->\n                  <div class=\"em-card-tags\">\n                                                          <\/div>\n\n                  <!-- Champs suppl\u00e9mentaires (max 3) -->\n                  <div class=\"em-card-fields\">\n                                          <div class=\"em-card-field\">\n                        <span class=\"em-card-field-label\">Titre :<\/span>\n                        <span class=\"em-card-field-value\">Forum des associations<\/span>\n                      <\/div>\n                                          <div class=\"em-card-field\">\n                        <span class=\"em-card-field-label\">Cat\u00e9gorie :<\/span>\n                        <span class=\"em-card-field-value\">Autres \u00e9v\u00e9nements<\/span>\n                      <\/div>\n                                          <div class=\"em-card-field\">\n                        <span class=\"em-card-field-label\">Ville :<\/span>\n                        <span class=\"em-card-field-value\">Ploz\u00e9vet<\/span>\n                      <\/div>\n                                      <\/div>\n\n                  <!-- Lien vers le d\u00e9tail -->\n                  <div class=\"em-card-footer\">\n                    <span>Voir le d\u00e9tail<\/span>\n                    <svg fill=\"none\" viewBox=\"0 0 24 24\" stroke=\"currentColor\" stroke-width=\"2\">\n                      <path stroke-linecap=\"round\" stroke-linejoin=\"round\" d=\"M13.5 4.5L21 12m0 0l-7.5 7.5M21 12H3\"><\/path>\n                    <\/svg>\n                  <\/div>\n                <\/div>\n              <\/article>\n                          <article class=\"em-card\"\n                data-type=\"evenements-locaux-6\"\n                data-features=\"\"\n                data-name=\"atelier d&#039;initiation au handtufting cr\u00e9ation tapis laine\"\n                data-json=\"{&quot;name&quot;:&quot;Atelier d&#039;initiation au handtufting Cr\\u00e9ation tapis laine&quot;,&quot;image&quot;:&quot;&quot;,&quot;link&quot;:&quot;http:\\\/\\\/www.rectangledor.com\\\/&quot;,&quot;data&quot;:{&quot;titre&quot;:&quot;Atelier d&#039;initiation au handtufting Cr\\u00e9ation tapis laine&quot;,&quot;description&quot;:&quot;Pour votre initiation, vous r\\u00e9aliserez un petit tapis rond ou carr\\u00e9 de 40x40cm, \\nen pure laine avec la technique du handtufting qui se fait \\u00e0 partir d\\u2019un pistolet \\n\\u00e0 tufter. Toutes les fournitures sont fournies.\\n\\nUn stage de d\\u00e9couverte artistique et technique dans une belle ambiance sous \\nla supervision de Flore, tufteuse depuis 2009, et \\u00e0 la cl\\u00e9 un beau tapis r\\u00e9alis\\u00e9 \\npar vous-m\\u00eame que vous emporterez chez vous ainsi qu\\u2019un souvenir inoubliable.\\n\\nNOMBRES DE PARTICIPANTS PAR SESSION : jusqu\\u2019\\u00e0 3 personnes\\nUNE JOURNEE : Environ 7-8  heures sont n\\u00e9cessaires, \\u00e0 partir de 9h30. \\nAlternative : possibilit\\u00e9 de 2 demi-journ\\u00e9es (cons\\u00e9cutives ou non).&quot;,&quot;categorie&quot;:&quot;Autres \\u00e9v\\u00e9nements&quot;,&quot;ville&quot;:&quot;Plouhinec&quot;,&quot;code_postal&quot;:&quot;29780&quot;,&quot;name&quot;:&quot;Atelier d&#039;initiation au handtufting Cr\\u00e9ation tapis laine&quot;,&quot;latitude&quot;:&quot;48.0178694&quot;,&quot;longitude&quot;:&quot;-4.5304599&quot;,&quot;link&quot;:&quot;http:\\\/\\\/www.rectangledor.com\\\/&quot;},&quot;category&quot;:&quot;\\u00c9v\\u00e9nements locaux&quot;,&quot;faq&quot;:[],&quot;event&quot;:&quot;Du 25\\\/08\\\/2026 \\u00e0 09:30 au 25\\\/08\\\/2026 \\u00e0 23:59&quot;,&quot;video_url&quot;:&quot;&quot;,&quot;video_embed&quot;:null,&quot;documents&quot;:[],&quot;gallery&quot;:[]}\">\n\n                <!-- Image + badge cat\u00e9gorie -->\n                <div class=\"em-card-img-wrap\">\n                                      <div class=\"em-card-placeholder\">\ud83d\udcf7 Pas d'image<\/div>\n                                    <span class=\"em-card-badge badge-default\">\u00c9v\u00e9nements locaux<\/span>\n                <\/div>\n\n                <!-- Contenu de la card -->\n                <div class=\"em-card-body\">\n                  <h3 class=\"em-card-title\">Atelier d&#039;initiation au handtufting Cr\u00e9ation tapis laine<\/h3>\n\n                  <!-- Tags r\u00e9sum\u00e9s (max 4) -->\n                  <div class=\"em-card-tags\">\n                                                          <\/div>\n\n                  <!-- Champs suppl\u00e9mentaires (max 3) -->\n                  <div class=\"em-card-fields\">\n                                          <div class=\"em-card-field\">\n                        <span class=\"em-card-field-label\">Titre :<\/span>\n                        <span class=\"em-card-field-value\">Atelier d&#039;initiation au handtufting Cr\u00e9ation tapis laine<\/span>\n                      <\/div>\n                                          <div class=\"em-card-field\">\n                        <span class=\"em-card-field-label\">Cat\u00e9gorie :<\/span>\n                        <span class=\"em-card-field-value\">Autres \u00e9v\u00e9nements<\/span>\n                      <\/div>\n                                          <div class=\"em-card-field\">\n                        <span class=\"em-card-field-label\">Ville :<\/span>\n                        <span class=\"em-card-field-value\">Plouhinec<\/span>\n                      <\/div>\n                                      <\/div>\n\n                  <!-- Lien vers le d\u00e9tail -->\n                  <div class=\"em-card-footer\">\n                    <span>Voir le d\u00e9tail<\/span>\n                    <svg fill=\"none\" viewBox=\"0 0 24 24\" stroke=\"currentColor\" stroke-width=\"2\">\n                      <path stroke-linecap=\"round\" stroke-linejoin=\"round\" d=\"M13.5 4.5L21 12m0 0l-7.5 7.5M21 12H3\"><\/path>\n                    <\/svg>\n                  <\/div>\n                <\/div>\n              <\/article>\n                          <article class=\"em-card\"\n                data-type=\"evenements-locaux-6\"\n                data-features=\"\"\n                data-name=\"visite cr\u00e9pusculaire de la pointe du raz\"\n                data-json=\"{&quot;name&quot;:&quot;Visite cr\\u00e9pusculaire de la Pointe du Raz&quot;,&quot;image&quot;:&quot;&quot;,&quot;link&quot;:&quot;https:\\\/\\\/www.toutcommenceenfinistere.com\\\/pointe-du-raz\\\/preparer-sa-visite\\\/&quot;,&quot;data&quot;:{&quot;titre&quot;:&quot;Visite cr\\u00e9pusculaire de la Pointe du Raz&quot;,&quot;description&quot;:&quot;La Pointe du Raz \\u00e0 l&#039;heure dor\\u00e9e ! \\n\\n\\u00c0 l\\u2019heure o\\u00f9 le soleil d\\u00e9cline, la Pointe du Raz r\\u00e9v\\u00e8le une atmosph\\u00e8re toute particuli\\u00e8re. Cette visite cr\\u00e9pusculaire propose une immersion sensorielle au c\\u0153ur du Grand Site, lorsque les couleurs s\\u2019adoucissent et que la lumi\\u00e8re dor\\u00e9e embrase les falaises. Progressivement, phares et balises s\\u2019illuminent, offrant un v\\u00e9ritable ballet lumineux sur la mer d\\u2019Iroise. Entre paysages grandioses, r\\u00e9cits maritimes et instants contemplatifs, vivez une exp\\u00e9rience unique, hors du temps, au plus \\u00e0 l\\u2019ouest de la France.\\n\\nSur r\\u00e9servation aupr\\u00e8s de la Maison de site de la Pointe du Raz ou de l&#039;Office de Tourisme du Cap-Sizun \\u00e0 Audierne.&quot;,&quot;categorie&quot;:&quot;Sport &amp; randonn\\u00e9e&quot;,&quot;ville&quot;:&quot;Plogoff&quot;,&quot;code_postal&quot;:&quot;29770&quot;,&quot;name&quot;:&quot;Visite cr\\u00e9pusculaire de la Pointe du Raz&quot;,&quot;latitude&quot;:&quot;48.0408590&quot;,&quot;longitude&quot;:&quot;-4.6709770&quot;,&quot;link&quot;:&quot;https:\\\/\\\/www.toutcommenceenfinistere.com\\\/pointe-du-raz\\\/preparer-sa-visite\\\/&quot;},&quot;category&quot;:&quot;\\u00c9v\\u00e9nements locaux&quot;,&quot;faq&quot;:[],&quot;event&quot;:&quot;Du 25\\\/08\\\/2026 \\u00e0 19:45 au 25\\\/08\\\/2026 \\u00e0 23:59&quot;,&quot;video_url&quot;:&quot;&quot;,&quot;video_embed&quot;:null,&quot;documents&quot;:[],&quot;gallery&quot;:[]}\">\n\n                <!-- Image + badge cat\u00e9gorie -->\n                <div class=\"em-card-img-wrap\">\n                                      <div class=\"em-card-placeholder\">\ud83d\udcf7 Pas d'image<\/div>\n                                    <span class=\"em-card-badge badge-default\">\u00c9v\u00e9nements locaux<\/span>\n                <\/div>\n\n                <!-- Contenu de la card -->\n                <div class=\"em-card-body\">\n                  <h3 class=\"em-card-title\">Visite cr\u00e9pusculaire de la Pointe du Raz<\/h3>\n\n                  <!-- Tags r\u00e9sum\u00e9s (max 4) -->\n                  <div class=\"em-card-tags\">\n                                                          <\/div>\n\n                  <!-- Champs suppl\u00e9mentaires (max 3) -->\n                  <div class=\"em-card-fields\">\n                                          <div class=\"em-card-field\">\n                        <span class=\"em-card-field-label\">Titre :<\/span>\n                        <span class=\"em-card-field-value\">Visite cr\u00e9pusculaire de la Pointe du Raz<\/span>\n                      <\/div>\n                                          <div class=\"em-card-field\">\n                        <span class=\"em-card-field-label\">Cat\u00e9gorie :<\/span>\n                        <span class=\"em-card-field-value\">Sport &amp; randonn\u00e9e<\/span>\n                      <\/div>\n                                          <div class=\"em-card-field\">\n                        <span class=\"em-card-field-label\">Ville :<\/span>\n                        <span class=\"em-card-field-value\">Plogoff<\/span>\n                      <\/div>\n                                      <\/div>\n\n                  <!-- Lien vers le d\u00e9tail -->\n                  <div class=\"em-card-footer\">\n                    <span>Voir le d\u00e9tail<\/span>\n                    <svg fill=\"none\" viewBox=\"0 0 24 24\" stroke=\"currentColor\" stroke-width=\"2\">\n                      <path stroke-linecap=\"round\" stroke-linejoin=\"round\" d=\"M13.5 4.5L21 12m0 0l-7.5 7.5M21 12H3\"><\/path>\n                    <\/svg>\n                  <\/div>\n                <\/div>\n              <\/article>\n                          <article class=\"em-card\"\n                data-type=\"evenements-locaux-6\"\n                data-features=\"\"\n                data-name=\"exposition photographies &quot;a terre en mer, les \u00eeles de michel thersiquel&quot;\"\n                data-json=\"{&quot;name&quot;:&quot;Exposition photographies \\&quot;A terre en mer, les \\u00eeles de Michel Thersiquel\\&quot;&quot;,&quot;image&quot;:&quot;&quot;,&quot;link&quot;:&quot;https:\\\/\\\/www.port-musee.org\\\/?event=a-terre-en-mer-les-iles-de-michel-thersiquel&amp;event_date=2026-02-18&quot;,&quot;data&quot;:{&quot;titre&quot;:&quot;Exposition photographies \\&quot;A terre en mer, les \\u00eeles de Michel Thersiquel\\&quot;&quot;,&quot;description&quot;:&quot;Cette r\\u00e9trospective, install\\u00e9e sur 200 m\\u00b2, rassemble 65 photographies en noir et blanc, prises entre 1978 et le milieu des ann\\u00e9es 1980. Un grand nombre de ces clich\\u00e9s n\\u2019ont jamais \\u00e9t\\u00e9 expos\\u00e9s au public.\\nCon\\u00e7ue avec le soutien de l\\u2019Association des Amis de Michel Thersiquel, cette exposition invite \\u00e0 d\\u00e9couvrir l\\u2019\\u0153uvre de Michel Thersiquel, l\\u2019un des plus grands photographes bretons de sa g\\u00e9n\\u00e9ration. \\u00c0 travers son regard unique, \\u00e0 la fois po\\u00e9tique et r\\u00e9aliste, Thersiquel capte l\\u2019intimit\\u00e9 et le quotidien des habitants des \\u00eeles du Ponant : Batz, Belle-\\u00cele, Sein, Groix et Ouessant. Loin des clich\\u00e9s, il livre une vision brute et authentique de ces territoires insulaires.\\n\\nUn regard sur la Bretagne\\nMichel Thersiquel a marqu\\u00e9 l\\u2019histoire de la photographie en France. D\\u00e8s les ann\\u00e9es 70, son travail est reconnu \\u00e0 l\\u2019international pour son approche humaine et patiente. Il a d\\u00e9di\\u00e9 son travail \\u00e0 la Bretagne, sa r\\u00e9gion natale, et aux vies simples de ses habitants. Ses photos t\\u00e9moignent de la rencontre entre tradition et modernit\\u00e9, comme dans ses s\\u00e9ries sur les \\u00eeles bretonnes, les mar\\u00e9es noires et la p\\u00eache.\\n\\nUne plong\\u00e9e dans l\\u2019intimit\\u00e9 des \\u00eeles\\nL\\u2019exposition \\u00ab \\u00c0 terre en mer, les \\u00eeles de Michel Thersiquel \\u00bb pr\\u00e9sente un ensemble de photographies des \\u00eeles du Ponant, capturant la vie insulaire dans toute sa simplicit\\u00e9, sa gravit\\u00e9 et son humour. Thersiquel se concentre sur les moments du quotidien : les habitants, leurs m\\u00e9tiers, leur environnement. Chaque clich\\u00e9, pris avec une lenteur et une pr\\u00e9cision m\\u00e9ticuleuses, permet d\\u2019appr\\u00e9hender la r\\u00e9alit\\u00e9 des \\u00eeles, loin des images de cartes postale.\\n\\nHoraires d&#039;ouverture sur le site du Port-mus\\u00e9e.&quot;,&quot;categorie&quot;:&quot;Expositions&quot;,&quot;ville&quot;:&quot;Douarnenez&quot;,&quot;code_postal&quot;:&quot;29100&quot;,&quot;name&quot;:&quot;Exposition photographies \\&quot;A terre en mer, les \\u00eeles de Michel Thersiquel\\&quot;&quot;,&quot;latitude&quot;:&quot;48.0923984&quot;,&quot;longitude&quot;:&quot;-4.3326434&quot;,&quot;link&quot;:&quot;https:\\\/\\\/www.port-musee.org\\\/?event=a-terre-en-mer-les-iles-de-michel-thersiquel&amp;event_date=2026-02-18&quot;},&quot;category&quot;:&quot;\\u00c9v\\u00e9nements locaux&quot;,&quot;faq&quot;:[],&quot;event&quot;:&quot;Du 07\\\/02\\\/2026 au 08\\\/11\\\/2026 \\u00e0 23:59&quot;,&quot;video_url&quot;:&quot;&quot;,&quot;video_embed&quot;:null,&quot;documents&quot;:[],&quot;gallery&quot;:[]}\">\n\n                <!-- Image + badge cat\u00e9gorie -->\n                <div class=\"em-card-img-wrap\">\n                                      <div class=\"em-card-placeholder\">\ud83d\udcf7 Pas d'image<\/div>\n                                    <span class=\"em-card-badge badge-default\">\u00c9v\u00e9nements locaux<\/span>\n                <\/div>\n\n                <!-- Contenu de la card -->\n                <div class=\"em-card-body\">\n                  <h3 class=\"em-card-title\">Exposition photographies &quot;A terre en mer, les \u00eeles de Michel Thersiquel&quot;<\/h3>\n\n                  <!-- Tags r\u00e9sum\u00e9s (max 4) -->\n                  <div class=\"em-card-tags\">\n                                                          <\/div>\n\n                  <!-- Champs suppl\u00e9mentaires (max 3) -->\n                  <div class=\"em-card-fields\">\n                                          <div class=\"em-card-field\">\n                        <span class=\"em-card-field-label\">Titre :<\/span>\n                        <span class=\"em-card-field-value\">Exposition photographies &quot;A terre en mer, les \u00eeles de Michel<\/span>\n                      <\/div>\n                                          <div class=\"em-card-field\">\n                        <span class=\"em-card-field-label\">Cat\u00e9gorie :<\/span>\n                        <span class=\"em-card-field-value\">Expositions<\/span>\n                      <\/div>\n                                          <div class=\"em-card-field\">\n                        <span class=\"em-card-field-label\">Ville :<\/span>\n                        <span class=\"em-card-field-value\">Douarnenez<\/span>\n                      <\/div>\n                                      <\/div>\n\n                  <!-- Lien vers le d\u00e9tail -->\n                  <div class=\"em-card-footer\">\n                    <span>Voir le d\u00e9tail<\/span>\n                    <svg fill=\"none\" viewBox=\"0 0 24 24\" stroke=\"currentColor\" stroke-width=\"2\">\n                      <path stroke-linecap=\"round\" stroke-linejoin=\"round\" d=\"M13.5 4.5L21 12m0 0l-7.5 7.5M21 12H3\"><\/path>\n                    <\/svg>\n                  <\/div>\n                <\/div>\n              <\/article>\n                          <article class=\"em-card\"\n                data-type=\"evenements-locaux-6\"\n                data-features=\"\"\n                data-name=\"jeu de piste guid\u00e9 &quot;d\u00e9couverte du patrimoine au port du passage&quot;\"\n                data-json=\"{&quot;name&quot;:&quot;Jeu de piste guid\\u00e9 \\&quot;d\\u00e9couverte du patrimoine au port du Passage\\&quot;&quot;,&quot;image&quot;:&quot;&quot;,&quot;link&quot;:&quot;https:\\\/\\\/www.museepaysplougastel.fr\\\/animations&quot;,&quot;data&quot;:{&quot;titre&quot;:&quot;Jeu de piste guid\\u00e9 \\&quot;d\\u00e9couverte du patrimoine au port du Passage\\&quot;&quot;,&quot;description&quot;:&quot;D\\u00e9couvrez la chapelle Saint-Languis, l\\u2019histoire du village du Passage entre son bac et ponts \\u00e0 travers ce jeu de piste guid\\u00e9 !\\n Avoir de bonnes chaussures et de l&#039;eau est conseill\\u00e9 lors de cette animation\\n\\n\\n\\nLe r\\u00e8glement se fer le jour J de l&#039;animation \\u00e0 la boutique du mus\\u00e9e ou directement sur place en pr\\u00e9voyant l&#039;appoint.&quot;,&quot;categorie&quot;:&quot;En famille&quot;,&quot;ville&quot;:&quot;Plougastel-Daoulas&quot;,&quot;code_postal&quot;:&quot;29470&quot;,&quot;name&quot;:&quot;Jeu de piste guid\\u00e9 \\&quot;d\\u00e9couverte du patrimoine au port du Passage\\&quot;&quot;,&quot;latitude&quot;:&quot;48.3913143&quot;,&quot;longitude&quot;:&quot;-4.3812770&quot;,&quot;link&quot;:&quot;https:\\\/\\\/www.museepaysplougastel.fr\\\/animations&quot;},&quot;category&quot;:&quot;\\u00c9v\\u00e9nements locaux&quot;,&quot;faq&quot;:[],&quot;event&quot;:&quot;Du 26\\\/08\\\/2026 \\u00e0 14:30 au 26\\\/08\\\/2026 \\u00e0 23:59&quot;,&quot;video_url&quot;:&quot;&quot;,&quot;video_embed&quot;:null,&quot;documents&quot;:[],&quot;gallery&quot;:[]}\">\n\n                <!-- Image + badge cat\u00e9gorie -->\n                <div class=\"em-card-img-wrap\">\n                                      <div class=\"em-card-placeholder\">\ud83d\udcf7 Pas d'image<\/div>\n                                    <span class=\"em-card-badge badge-default\">\u00c9v\u00e9nements locaux<\/span>\n                <\/div>\n\n                <!-- Contenu de la card -->\n                <div class=\"em-card-body\">\n                  <h3 class=\"em-card-title\">Jeu de piste guid\u00e9 &quot;d\u00e9couverte du patrimoine au port du Passage&quot;<\/h3>\n\n                  <!-- Tags r\u00e9sum\u00e9s (max 4) -->\n                  <div class=\"em-card-tags\">\n                                                          <\/div>\n\n                  <!-- Champs suppl\u00e9mentaires (max 3) -->\n                  <div class=\"em-card-fields\">\n                                          <div class=\"em-card-field\">\n                        <span class=\"em-card-field-label\">Titre :<\/span>\n                        <span class=\"em-card-field-value\">Jeu de piste guid\u00e9 &quot;d\u00e9couverte du patrimoine au port du Pass<\/span>\n                      <\/div>\n                                          <div class=\"em-card-field\">\n                        <span class=\"em-card-field-label\">Cat\u00e9gorie :<\/span>\n                        <span class=\"em-card-field-value\">En famille<\/span>\n                      <\/div>\n                                          <div class=\"em-card-field\">\n                        <span class=\"em-card-field-label\">Ville :<\/span>\n                        <span class=\"em-card-field-value\">Plougastel-Daoulas<\/span>\n                      <\/div>\n                                      <\/div>\n\n                  <!-- Lien vers le d\u00e9tail -->\n                  <div class=\"em-card-footer\">\n                    <span>Voir le d\u00e9tail<\/span>\n                    <svg fill=\"none\" viewBox=\"0 0 24 24\" stroke=\"currentColor\" stroke-width=\"2\">\n                      <path stroke-linecap=\"round\" stroke-linejoin=\"round\" d=\"M13.5 4.5L21 12m0 0l-7.5 7.5M21 12H3\"><\/path>\n                    <\/svg>\n                  <\/div>\n                <\/div>\n              <\/article>\n                          <article class=\"em-card\"\n                data-type=\"evenements-locaux-6\"\n                data-features=\"\"\n                data-name=\"exposition &quot;marines d&#039;hier et d&#039;aujourd&#039;hui&quot;\"\n                data-json=\"{&quot;name&quot;:&quot;Exposition \\&quot;Marines d&#039;hier et d&#039;aujourd&#039;hui\\&quot;&quot;,&quot;image&quot;:&quot;&quot;,&quot;link&quot;:&quot;https:\\\/\\\/www.youtube.com\\\/shorts\\\/bOWdbSclY2w&quot;,&quot;data&quot;:{&quot;titre&quot;:&quot;Exposition \\&quot;Marines d&#039;hier et d&#039;aujourd&#039;hui\\&quot;&quot;,&quot;description&quot;:&quot;Exposition propos\\u00e9e par le Mus\\u00e9e Maritime du Cap Sizun.\\ndu 6 juillet au 28 ao\\u00fbt 2026\\nlundi \\u00e0 vendredi : 10 h - 13 h \\\/ 14 h 30 - 18 h 30\\ndimanche : 14 h 30 - 18 h 30\\nsamedi : ferm\\u00e9&quot;,&quot;categorie&quot;:&quot;Expositions&quot;,&quot;ville&quot;:&quot;Audierne&quot;,&quot;code_postal&quot;:&quot;29770&quot;,&quot;name&quot;:&quot;Exposition \\&quot;Marines d&#039;hier et d&#039;aujourd&#039;hui\\&quot;&quot;,&quot;latitude&quot;:&quot;48.0251489&quot;,&quot;longitude&quot;:&quot;-4.5358517&quot;,&quot;link&quot;:&quot;https:\\\/\\\/www.youtube.com\\\/shorts\\\/bOWdbSclY2w&quot;},&quot;category&quot;:&quot;\\u00c9v\\u00e9nements locaux&quot;,&quot;faq&quot;:[],&quot;event&quot;:&quot;Du 06\\\/07\\\/2026 \\u00e0 14:30 au 28\\\/08\\\/2026 \\u00e0 23:59&quot;,&quot;video_url&quot;:&quot;&quot;,&quot;video_embed&quot;:null,&quot;documents&quot;:[],&quot;gallery&quot;:[]}\">\n\n                <!-- Image + badge cat\u00e9gorie -->\n                <div class=\"em-card-img-wrap\">\n                                      <div class=\"em-card-placeholder\">\ud83d\udcf7 Pas d'image<\/div>\n                                    <span class=\"em-card-badge badge-default\">\u00c9v\u00e9nements locaux<\/span>\n                <\/div>\n\n                <!-- Contenu de la card -->\n                <div class=\"em-card-body\">\n                  <h3 class=\"em-card-title\">Exposition &quot;Marines d&#039;hier et d&#039;aujourd&#039;hui&quot;<\/h3>\n\n                  <!-- Tags r\u00e9sum\u00e9s (max 4) -->\n                  <div class=\"em-card-tags\">\n                                                          <\/div>\n\n                  <!-- Champs suppl\u00e9mentaires (max 3) -->\n                  <div class=\"em-card-fields\">\n                                          <div class=\"em-card-field\">\n                        <span class=\"em-card-field-label\">Titre :<\/span>\n                        <span class=\"em-card-field-value\">Exposition &quot;Marines d&#039;hier et d&#039;aujourd&#039;hui&quot;<\/span>\n                      <\/div>\n                                          <div class=\"em-card-field\">\n                        <span class=\"em-card-field-label\">Cat\u00e9gorie :<\/span>\n                        <span class=\"em-card-field-value\">Expositions<\/span>\n                      <\/div>\n                                          <div class=\"em-card-field\">\n                        <span class=\"em-card-field-label\">Ville :<\/span>\n                        <span class=\"em-card-field-value\">Audierne<\/span>\n                      <\/div>\n                                      <\/div>\n\n                  <!-- Lien vers le d\u00e9tail -->\n                  <div class=\"em-card-footer\">\n                    <span>Voir le d\u00e9tail<\/span>\n                    <svg fill=\"none\" viewBox=\"0 0 24 24\" stroke=\"currentColor\" stroke-width=\"2\">\n                      <path stroke-linecap=\"round\" stroke-linejoin=\"round\" d=\"M13.5 4.5L21 12m0 0l-7.5 7.5M21 12H3\"><\/path>\n                    <\/svg>\n                  <\/div>\n                <\/div>\n              <\/article>\n                          <article class=\"em-card\"\n                data-type=\"evenements-locaux-6\"\n                data-features=\"\"\n                data-name=\"tour de ville du conquet\"\n                data-json=\"{&quot;name&quot;:&quot;Tour de ville du Conquet&quot;,&quot;image&quot;:&quot;&quot;,&quot;link&quot;:&quot;http:\\\/\\\/ribine-experience.fr\\\/&quot;,&quot;data&quot;:{&quot;titre&quot;:&quot;Tour de ville du Conquet&quot;,&quot;description&quot;:&quot;Le tour de ville du Conquet nous ouvre une fen\\u00eatre sur l&#039;histoire de ce bout du monde. L&#039;isolement, la rudesse du climat mais aussi l&#039;appel incessant du large ont donn\\u00e9 \\u00e0 ce lieu et ses habitants un destin extraordinaire que Ribine Exp\\u00e9rience vous propose de d\\u00e9couvrir. Sur r\\u00e9servation.&quot;,&quot;categorie&quot;:&quot;Autres \\u00e9v\\u00e9nements&quot;,&quot;ville&quot;:&quot;Le Conquet&quot;,&quot;code_postal&quot;:&quot;29217&quot;,&quot;name&quot;:&quot;Tour de ville du Conquet&quot;,&quot;latitude&quot;:&quot;48.3585519&quot;,&quot;longitude&quot;:&quot;-4.7698143&quot;,&quot;link&quot;:&quot;http:\\\/\\\/ribine-experience.fr\\\/&quot;},&quot;category&quot;:&quot;\\u00c9v\\u00e9nements locaux&quot;,&quot;faq&quot;:[],&quot;event&quot;:&quot;Du 31\\\/08\\\/2026 \\u00e0 11:00 au 31\\\/08\\\/2026 \\u00e0 23:59&quot;,&quot;video_url&quot;:&quot;&quot;,&quot;video_embed&quot;:null,&quot;documents&quot;:[],&quot;gallery&quot;:[]}\">\n\n                <!-- Image + badge cat\u00e9gorie -->\n                <div class=\"em-card-img-wrap\">\n                                      <div class=\"em-card-placeholder\">\ud83d\udcf7 Pas d'image<\/div>\n                                    <span class=\"em-card-badge badge-default\">\u00c9v\u00e9nements locaux<\/span>\n                <\/div>\n\n                <!-- Contenu de la card -->\n                <div class=\"em-card-body\">\n                  <h3 class=\"em-card-title\">Tour de ville du Conquet<\/h3>\n\n                  <!-- Tags r\u00e9sum\u00e9s (max 4) -->\n                  <div class=\"em-card-tags\">\n                                                          <\/div>\n\n                  <!-- Champs suppl\u00e9mentaires (max 3) -->\n                  <div class=\"em-card-fields\">\n                                          <div class=\"em-card-field\">\n                        <span class=\"em-card-field-label\">Titre :<\/span>\n                        <span class=\"em-card-field-value\">Tour de ville du Conquet<\/span>\n                      <\/div>\n                                          <div class=\"em-card-field\">\n                        <span class=\"em-card-field-label\">Cat\u00e9gorie :<\/span>\n                        <span class=\"em-card-field-value\">Autres \u00e9v\u00e9nements<\/span>\n                      <\/div>\n                                          <div class=\"em-card-field\">\n                        <span class=\"em-card-field-label\">Ville :<\/span>\n                        <span class=\"em-card-field-value\">Le Conquet<\/span>\n                      <\/div>\n                                      <\/div>\n\n                  <!-- Lien vers le d\u00e9tail -->\n                  <div class=\"em-card-footer\">\n                    <span>Voir le d\u00e9tail<\/span>\n                    <svg fill=\"none\" viewBox=\"0 0 24 24\" stroke=\"currentColor\" stroke-width=\"2\">\n                      <path stroke-linecap=\"round\" stroke-linejoin=\"round\" d=\"M13.5 4.5L21 12m0 0l-7.5 7.5M21 12H3\"><\/path>\n                    <\/svg>\n                  <\/div>\n                <\/div>\n              <\/article>\n                          <article class=\"em-card\"\n                data-type=\"evenements-locaux-6\"\n                data-features=\"\"\n                data-name=\"exposition tintin et son univers\"\n                data-json=\"{&quot;name&quot;:&quot;Exposition Tintin et son univers&quot;,&quot;image&quot;:&quot;&quot;,&quot;link&quot;:&quot;&quot;,&quot;data&quot;:{&quot;titre&quot;:&quot;Exposition Tintin et son univers&quot;,&quot;description&quot;:&quot;Tout l&#039;\\u00e9t\\u00e9, venez d\\u00e9couvrir une superbe exposition d\\u00e9di\\u00e9e \\u00e0 l&#039;univers de Tintin !&quot;,&quot;categorie&quot;:&quot;Expositions&quot;,&quot;ville&quot;:&quot;Le Conquet&quot;,&quot;code_postal&quot;:&quot;29217&quot;,&quot;name&quot;:&quot;Exposition Tintin et son univers&quot;,&quot;latitude&quot;:&quot;48.3593718&quot;,&quot;longitude&quot;:&quot;-4.7737684&quot;},&quot;category&quot;:&quot;\\u00c9v\\u00e9nements locaux&quot;,&quot;faq&quot;:[],&quot;event&quot;:&quot;Du 01\\\/07\\\/2026 \\u00e0 10:00 au 30\\\/09\\\/2026 \\u00e0 23:59&quot;,&quot;video_url&quot;:&quot;&quot;,&quot;video_embed&quot;:null,&quot;documents&quot;:[],&quot;gallery&quot;:[]}\">\n\n                <!-- Image + badge cat\u00e9gorie -->\n                <div class=\"em-card-img-wrap\">\n                                      <div class=\"em-card-placeholder\">\ud83d\udcf7 Pas d'image<\/div>\n                                    <span class=\"em-card-badge badge-default\">\u00c9v\u00e9nements locaux<\/span>\n                <\/div>\n\n                <!-- Contenu de la card -->\n                <div class=\"em-card-body\">\n                  <h3 class=\"em-card-title\">Exposition Tintin et son univers<\/h3>\n\n                  <!-- Tags r\u00e9sum\u00e9s (max 4) -->\n                  <div class=\"em-card-tags\">\n                                                          <\/div>\n\n                  <!-- Champs suppl\u00e9mentaires (max 3) -->\n                  <div class=\"em-card-fields\">\n                                          <div class=\"em-card-field\">\n                        <span class=\"em-card-field-label\">Titre :<\/span>\n                        <span class=\"em-card-field-value\">Exposition Tintin et son univers<\/span>\n                      <\/div>\n                                          <div class=\"em-card-field\">\n                        <span class=\"em-card-field-label\">Cat\u00e9gorie :<\/span>\n                        <span class=\"em-card-field-value\">Expositions<\/span>\n                      <\/div>\n                                          <div class=\"em-card-field\">\n                        <span class=\"em-card-field-label\">Ville :<\/span>\n                        <span class=\"em-card-field-value\">Le Conquet<\/span>\n                      <\/div>\n                                      <\/div>\n\n                  <!-- Lien vers le d\u00e9tail -->\n                  <div class=\"em-card-footer\">\n                    <span>Voir le d\u00e9tail<\/span>\n                    <svg fill=\"none\" viewBox=\"0 0 24 24\" stroke=\"currentColor\" stroke-width=\"2\">\n                      <path stroke-linecap=\"round\" stroke-linejoin=\"round\" d=\"M13.5 4.5L21 12m0 0l-7.5 7.5M21 12H3\"><\/path>\n                    <\/svg>\n                  <\/div>\n                <\/div>\n              <\/article>\n                          <article class=\"em-card\"\n                data-type=\"evenements-locaux-6\"\n                data-features=\"\"\n                data-name=\"rando sant\u00e9\"\n                data-json=\"{&quot;name&quot;:&quot;Rando Sant\\u00e9&quot;,&quot;image&quot;:&quot;&quot;,&quot;link&quot;:&quot;https:\\\/\\\/mahalon.fr\\\/&quot;,&quot;data&quot;:{&quot;titre&quot;:&quot;Rando Sant\\u00e9&quot;,&quot;description&quot;:&quot;La 21\\u00e8me \\u00e9dition de la Rando-Sant\\u00e9 aura lieu le dimanche 30 Ao\\u00fbt 2026. Cette journ\\u00e9e est un \\u00e9v\\u00e8nement convivial, solidaire et pour tous. \\n\\nLe programme :\\n\\nLe dimanche matin : randonn\\u00e9es pour les cyclotouristes, les v\\u00e9t\\u00e9tistes et les foul\\u00e9es nature\\nRandonn\\u00e9es cyclo : 55km et 95 km (d\\u00e9parts libres de 8h \\u00e0 10h)\\nRandonn\\u00e9es VTT : 15km et 25 km (d\\u00e9parts libres de 8h \\u00e0 11h)\\nFoul\\u00e9es nature 9km (d\\u00e9parts libres de 8h \\u00e0 11h)\\n\\nLe dimanche apr\\u00e8s-midi : les marcheurs\\nRandonn\\u00e9es p\\u00e9destres : 3 circuits : 4km\\\/9km\\\/14km d\\u00e9parts libres de 13h30 \\u00e0 16h\\n\\nA partir de 14h animations musicales, fest-deiz, animations enfants, jeux bretons, balades \\u00e0 poney etc\\u2026\\n\\nRestauration : cr\\u00eapes, go\\u00fbter du randonneur\\n\\nSoutien au comit\\u00e9 d\\u00e9partemental Handisport Tarifs 5 euros&quot;,&quot;categorie&quot;:&quot;En famille&quot;,&quot;ville&quot;:&quot;Mahalon&quot;,&quot;code_postal&quot;:&quot;29790&quot;,&quot;name&quot;:&quot;Rando Sant\\u00e9&quot;,&quot;latitude&quot;:&quot;48.0351667&quot;,&quot;longitude&quot;:&quot;-4.4365454&quot;,&quot;link&quot;:&quot;https:\\\/\\\/mahalon.fr\\\/&quot;},&quot;category&quot;:&quot;\\u00c9v\\u00e9nements locaux&quot;,&quot;faq&quot;:[],&quot;event&quot;:&quot;Du 30\\\/08\\\/2026 \\u00e0 08:00 au 30\\\/08\\\/2026 \\u00e0 23:59&quot;,&quot;video_url&quot;:&quot;&quot;,&quot;video_embed&quot;:null,&quot;documents&quot;:[],&quot;gallery&quot;:[]}\">\n\n                <!-- Image + badge cat\u00e9gorie -->\n                <div class=\"em-card-img-wrap\">\n                                      <div class=\"em-card-placeholder\">\ud83d\udcf7 Pas d'image<\/div>\n                                    <span class=\"em-card-badge badge-default\">\u00c9v\u00e9nements locaux<\/span>\n                <\/div>\n\n                <!-- Contenu de la card -->\n                <div class=\"em-card-body\">\n                  <h3 class=\"em-card-title\">Rando Sant\u00e9<\/h3>\n\n                  <!-- Tags r\u00e9sum\u00e9s (max 4) -->\n                  <div class=\"em-card-tags\">\n                                                          <\/div>\n\n                  <!-- Champs suppl\u00e9mentaires (max 3) -->\n                  <div class=\"em-card-fields\">\n                                          <div class=\"em-card-field\">\n                        <span class=\"em-card-field-label\">Titre :<\/span>\n                        <span class=\"em-card-field-value\">Rando Sant\u00e9<\/span>\n                      <\/div>\n                                          <div class=\"em-card-field\">\n                        <span class=\"em-card-field-label\">Cat\u00e9gorie :<\/span>\n                        <span class=\"em-card-field-value\">En famille<\/span>\n                      <\/div>\n                                          <div class=\"em-card-field\">\n                        <span class=\"em-card-field-label\">Ville :<\/span>\n                        <span class=\"em-card-field-value\">Mahalon<\/span>\n                      <\/div>\n                                      <\/div>\n\n                  <!-- Lien vers le d\u00e9tail -->\n                  <div class=\"em-card-footer\">\n                    <span>Voir le d\u00e9tail<\/span>\n                    <svg fill=\"none\" viewBox=\"0 0 24 24\" stroke=\"currentColor\" stroke-width=\"2\">\n                      <path stroke-linecap=\"round\" stroke-linejoin=\"round\" d=\"M13.5 4.5L21 12m0 0l-7.5 7.5M21 12H3\"><\/path>\n                    <\/svg>\n                  <\/div>\n                <\/div>\n              <\/article>\n                          <article class=\"em-card\"\n                data-type=\"evenements-locaux-6\"\n                data-features=\"\"\n                data-name=\"summer tour\"\n                data-json=\"{&quot;name&quot;:&quot;Summer Tour&quot;,&quot;image&quot;:&quot;&quot;,&quot;link&quot;:&quot;&quot;,&quot;data&quot;:{&quot;titre&quot;:&quot;Summer Tour&quot;,&quot;description&quot;:&quot;Une journ\\u00e9e authentique, conviviale et festive au coeur de la nature !\\n\\nAu programme : visite de la ferme, animations, repas traiteur (sur r\\u00e9servation), buvette &amp; cr\\u00eapes, produits locaux, ambiance musicale avec Gurund&#039;Ys (\\u00e0 19h)\\n\\nVenez partager un moment unique en famille, entre amis ou entre passionn\\u00e9s d&#039;animaux !\\n\\nEntr\\u00e9e : 3\\u20ac&quot;,&quot;categorie&quot;:&quot;Concerts, musique &amp; festivals&quot;,&quot;ville&quot;:&quot;Tr\\u00e9garvan&quot;,&quot;code_postal&quot;:&quot;29560&quot;,&quot;name&quot;:&quot;Summer Tour&quot;,&quot;latitude&quot;:&quot;48.2514600&quot;,&quot;longitude&quot;:&quot;-4.2222800&quot;},&quot;category&quot;:&quot;\\u00c9v\\u00e9nements locaux&quot;,&quot;faq&quot;:[],&quot;event&quot;:&quot;Du 27\\\/08\\\/2026 \\u00e0 16:00 au 27\\\/08\\\/2026 \\u00e0 23:59&quot;,&quot;video_url&quot;:&quot;&quot;,&quot;video_embed&quot;:null,&quot;documents&quot;:[],&quot;gallery&quot;:[]}\">\n\n                <!-- Image + badge cat\u00e9gorie -->\n                <div class=\"em-card-img-wrap\">\n                                      <div class=\"em-card-placeholder\">\ud83d\udcf7 Pas d'image<\/div>\n                                    <span class=\"em-card-badge badge-default\">\u00c9v\u00e9nements locaux<\/span>\n                <\/div>\n\n                <!-- Contenu de la card -->\n                <div class=\"em-card-body\">\n                  <h3 class=\"em-card-title\">Summer Tour<\/h3>\n\n                  <!-- Tags r\u00e9sum\u00e9s (max 4) -->\n                  <div class=\"em-card-tags\">\n                                                          <\/div>\n\n                  <!-- Champs suppl\u00e9mentaires (max 3) -->\n                  <div class=\"em-card-fields\">\n                                          <div class=\"em-card-field\">\n                        <span class=\"em-card-field-label\">Titre :<\/span>\n                        <span class=\"em-card-field-value\">Summer Tour<\/span>\n                      <\/div>\n                                          <div class=\"em-card-field\">\n                        <span class=\"em-card-field-label\">Cat\u00e9gorie :<\/span>\n                        <span class=\"em-card-field-value\">Concerts, musique &amp; festivals<\/span>\n                      <\/div>\n                                          <div class=\"em-card-field\">\n                        <span class=\"em-card-field-label\">Ville :<\/span>\n                        <span class=\"em-card-field-value\">Tr\u00e9garvan<\/span>\n                      <\/div>\n                                      <\/div>\n\n                  <!-- Lien vers le d\u00e9tail -->\n                  <div class=\"em-card-footer\">\n                    <span>Voir le d\u00e9tail<\/span>\n                    <svg fill=\"none\" viewBox=\"0 0 24 24\" stroke=\"currentColor\" stroke-width=\"2\">\n                      <path stroke-linecap=\"round\" stroke-linejoin=\"round\" d=\"M13.5 4.5L21 12m0 0l-7.5 7.5M21 12H3\"><\/path>\n                    <\/svg>\n                  <\/div>\n                <\/div>\n              <\/article>\n                          <article class=\"em-card\"\n                data-type=\"evenements-locaux-6\"\n                data-features=\"\"\n                data-name=\"vivre et r\u00e9sister sous l&#039;occupation\"\n                data-json=\"{&quot;name&quot;:&quot;Vivre et r\\u00e9sister sous l&#039;occupation&quot;,&quot;image&quot;:&quot;&quot;,&quot;link&quot;:&quot;https:\\\/\\\/www.brest-metropole-tourisme.fr\\\/reservation-en-ligne\\\/visites-guidees&quot;,&quot;data&quot;:{&quot;titre&quot;:&quot;Vivre et r\\u00e9sister sous l&#039;occupation&quot;,&quot;description&quot;:&quot;Immersion dans le pass\\u00e9 tumultueux de Brest en d\\u00e9couvrant l\\u2019histoire poignante de la Seconde Guerre mondiale. \\u00c0 travers cette visite guid\\u00e9e, vous comprendrez la r\\u00e9alit\\u00e9 du quotidien des Brestois sous l\\u2019Occupation, mais aussi l&#039;esprit de r\\u00e9sistance qui animait ceux qui luttaient pour la libert\\u00e9.\\n\\nVotre guide vous emm\\u00e8ne sur les traces de ces moments sombres mais aussi h\\u00e9ro\\u00efques, vous racontant le courage et la r\\u00e9silience des habitants qui ont travers\\u00e9 ces ann\\u00e9es difficiles. Vous explorerez les lieux embl\\u00e9matiques de la r\\u00e9sistance \\u00e0 Brest, tout en d\\u00e9couvrant les conditions de vie impos\\u00e9es par l\\u2019Occupant. \\n\\nCette visite est l\\u2019occasion unique de red\\u00e9couvrir Brest sous un jour historique et de comprendre l\\u2019importance de la r\\u00e9sistance dans la ville. Un voyage dans le temps et la m\\u00e9moire collective !\\nLa visite comprend l\\u2019entr\\u00e9e dans l\\u2019abri Sadi Carnot.\\n\\nInformations pratiques :\\nDur\\u00e9e 2h30.\\nPr\\u00e9voir de bonnes chaussures. \\nSur r\\u00e9servation aupr\\u00e8s de l&#039;Office de Tourisme Brest en vue, par t\\u00e9l\\u00e9phone, au guichet ou en ligne. \\nNombre de place limit\\u00e9. \\n\\nL\\u2019Office de Tourisme Brest en vue se r\\u00e9serve le droit d\\u2019annuler la visite si le nombre minimum de participants (5 personnes) n&#039;est pas atteint, ou en cas de mauvaises conditions m\\u00e9t\\u00e9orologiques.&quot;,&quot;categorie&quot;:&quot;En famille&quot;,&quot;ville&quot;:&quot;Brest&quot;,&quot;code_postal&quot;:&quot;29200&quot;,&quot;name&quot;:&quot;Vivre et r\\u00e9sister sous l&#039;occupation&quot;,&quot;latitude&quot;:&quot;48.3884227&quot;,&quot;longitude&quot;:&quot;-4.4850204&quot;,&quot;link&quot;:&quot;https:\\\/\\\/www.brest-metropole-tourisme.fr\\\/reservation-en-ligne\\\/visites-guidees&quot;},&quot;category&quot;:&quot;\\u00c9v\\u00e9nements locaux&quot;,&quot;faq&quot;:[],&quot;event&quot;:&quot;Du 26\\\/08\\\/2026 \\u00e0 15:00 au 26\\\/08\\\/2026 \\u00e0 23:59&quot;,&quot;video_url&quot;:&quot;&quot;,&quot;video_embed&quot;:null,&quot;documents&quot;:[],&quot;gallery&quot;:[]}\">\n\n                <!-- Image + badge cat\u00e9gorie -->\n                <div class=\"em-card-img-wrap\">\n                                      <div class=\"em-card-placeholder\">\ud83d\udcf7 Pas d'image<\/div>\n                                    <span class=\"em-card-badge badge-default\">\u00c9v\u00e9nements locaux<\/span>\n                <\/div>\n\n                <!-- Contenu de la card -->\n                <div class=\"em-card-body\">\n                  <h3 class=\"em-card-title\">Vivre et r\u00e9sister sous l&#039;occupation<\/h3>\n\n                  <!-- Tags r\u00e9sum\u00e9s (max 4) -->\n                  <div class=\"em-card-tags\">\n                                                          <\/div>\n\n                  <!-- Champs suppl\u00e9mentaires (max 3) -->\n                  <div class=\"em-card-fields\">\n                                          <div class=\"em-card-field\">\n                        <span class=\"em-card-field-label\">Titre :<\/span>\n                        <span class=\"em-card-field-value\">Vivre et r\u00e9sister sous l&#039;occupation<\/span>\n                      <\/div>\n                                          <div class=\"em-card-field\">\n                        <span class=\"em-card-field-label\">Cat\u00e9gorie :<\/span>\n                        <span class=\"em-card-field-value\">En famille<\/span>\n                      <\/div>\n                                          <div class=\"em-card-field\">\n                        <span class=\"em-card-field-label\">Ville :<\/span>\n                        <span class=\"em-card-field-value\">Brest<\/span>\n                      <\/div>\n                                      <\/div>\n\n                  <!-- Lien vers le d\u00e9tail -->\n                  <div class=\"em-card-footer\">\n                    <span>Voir le d\u00e9tail<\/span>\n                    <svg fill=\"none\" viewBox=\"0 0 24 24\" stroke=\"currentColor\" stroke-width=\"2\">\n                      <path stroke-linecap=\"round\" stroke-linejoin=\"round\" d=\"M13.5 4.5L21 12m0 0l-7.5 7.5M21 12H3\"><\/path>\n                    <\/svg>\n                  <\/div>\n                <\/div>\n              <\/article>\n                          <article class=\"em-card\"\n                data-type=\"evenements-locaux-6\"\n                data-features=\"\"\n                data-name=\"bains de for\u00eat\"\n                data-json=\"{&quot;name&quot;:&quot;Bains de For\\u00eat&quot;,&quot;image&quot;:&quot;&quot;,&quot;link&quot;:&quot;http:\\\/\\\/virginie-guezennec.fr\\\/&quot;,&quot;data&quot;:{&quot;titre&quot;:&quot;Bains de For\\u00eat&quot;,&quot;description&quot;:&quot;\\u00c0 l\\u2019\\u00e9coute des arbres\\n\\nAu c\\u0153ur du Bois de Suguensou, offrez-vous une parenth\\u00e8se hors du temps pour ralentir et vous reconnecter \\u00e0 vos sensations.\\nCette exp\\u00e9rience guid\\u00e9e invite \\u00e0 explorer la rencontre avec les arbres de mani\\u00e8re progressive : d\\u2019abord \\u00e0 distance, puis en s\\u2019approchant doucement de leurs troncs. \\u00c0 travers une \\u00e9coute attentive du corps et une perception subtile du mouvement \\u00e9nerg\\u00e9tique, chacun est amen\\u00e9 \\u00e0 vivre un dialogue silencieux avec le vivant.\\nSurprenante au d\\u00e9but, cette approche devient rapidement un moment profond d\\u2019ancrage et de pr\\u00e9sence, o\\u00f9 l\\u2019on passe du \\u00ab faire \\u00bb \\u00e0 l\\u2019\\u00ab \\u00eatre \\u00bb.\\n\\nInformations particuli\\u00e8res :\\n- Tout public \\u00e0 partir de 11 ans\\n- Pr\\u00e9voir une tenue adapt\\u00e9e permettant d&#039;aller hors des sentiers\\n\\nLes lundis matins \\u00e0 9h.\\nR\\u00e9servation possible aupr\\u00e8s de l&#039;Office de Tourisme d&#039;Audierne ou par t\\u00e9l\\u00e9phone.&quot;,&quot;categorie&quot;:&quot;Sport &amp; randonn\\u00e9e&quot;,&quot;ville&quot;:&quot;Audierne&quot;,&quot;code_postal&quot;:&quot;29770&quot;,&quot;name&quot;:&quot;Bains de For\\u00eat&quot;,&quot;latitude&quot;:&quot;48.0353060&quot;,&quot;longitude&quot;:&quot;-4.5400859&quot;,&quot;link&quot;:&quot;http:\\\/\\\/virginie-guezennec.fr\\\/&quot;},&quot;category&quot;:&quot;\\u00c9v\\u00e9nements locaux&quot;,&quot;faq&quot;:[],&quot;event&quot;:&quot;Du 24\\\/08\\\/2026 \\u00e0 09:00 au 24\\\/08\\\/2026 \\u00e0 23:59&quot;,&quot;video_url&quot;:&quot;&quot;,&quot;video_embed&quot;:null,&quot;documents&quot;:[],&quot;gallery&quot;:[]}\">\n\n                <!-- Image + badge cat\u00e9gorie -->\n                <div class=\"em-card-img-wrap\">\n                                      <div class=\"em-card-placeholder\">\ud83d\udcf7 Pas d'image<\/div>\n                                    <span class=\"em-card-badge badge-default\">\u00c9v\u00e9nements locaux<\/span>\n                <\/div>\n\n                <!-- Contenu de la card -->\n                <div class=\"em-card-body\">\n                  <h3 class=\"em-card-title\">Bains de For\u00eat<\/h3>\n\n                  <!-- Tags r\u00e9sum\u00e9s (max 4) -->\n                  <div class=\"em-card-tags\">\n                                                          <\/div>\n\n                  <!-- Champs suppl\u00e9mentaires (max 3) -->\n                  <div class=\"em-card-fields\">\n                                          <div class=\"em-card-field\">\n                        <span class=\"em-card-field-label\">Titre :<\/span>\n                        <span class=\"em-card-field-value\">Bains de For\u00eat<\/span>\n                      <\/div>\n                                          <div class=\"em-card-field\">\n                        <span class=\"em-card-field-label\">Cat\u00e9gorie :<\/span>\n                        <span class=\"em-card-field-value\">Sport &amp; randonn\u00e9e<\/span>\n                      <\/div>\n                                          <div class=\"em-card-field\">\n                        <span class=\"em-card-field-label\">Ville :<\/span>\n                        <span class=\"em-card-field-value\">Audierne<\/span>\n                      <\/div>\n                                      <\/div>\n\n                  <!-- Lien vers le d\u00e9tail -->\n                  <div class=\"em-card-footer\">\n                    <span>Voir le d\u00e9tail<\/span>\n                    <svg fill=\"none\" viewBox=\"0 0 24 24\" stroke=\"currentColor\" stroke-width=\"2\">\n                      <path stroke-linecap=\"round\" stroke-linejoin=\"round\" d=\"M13.5 4.5L21 12m0 0l-7.5 7.5M21 12H3\"><\/path>\n                    <\/svg>\n                  <\/div>\n                <\/div>\n              <\/article>\n                          <article class=\"em-card\"\n                data-type=\"evenements-locaux-6\"\n                data-features=\"\"\n                data-name=\"le dessous des mers - exposition\"\n                data-json=\"{&quot;name&quot;:&quot;Le dessous des mers - Exposition&quot;,&quot;image&quot;:&quot;&quot;,&quot;link&quot;:&quot;https:\\\/\\\/www.musee-marine.fr\\\/nos-musees\\\/brest\\\/expositions-et-evenements\\\/les-expositions\\\/le-dessous-des-mers-laventure-de-la-cartographie-sous-marine.html&quot;,&quot;data&quot;:{&quot;titre&quot;:&quot;Le dessous des mers - Exposition&quot;,&quot;description&quot;:&quot;\\u00c0 Brest, l\\u2019exposition Le dessous des mers s\\u2019inscrit dans le cycle \\u00ab L\\u2019appel des profondeurs \\u00bb, d\\u00e9ploy\\u00e9 \\u00e0 l\\u2019\\u00e9chelle du r\\u00e9seau du mus\\u00e9e national de la Marine. Elle explore cinq si\\u00e8cles d\\u2019histoire de la cartographie sous-marine, entre imaginaires, innovations scientifiques et enjeux contemporains.\\n\\nUne plong\\u00e9e au c\\u0153ur de la cartographie des profondeurs\\nPr\\u00e9sent\\u00e9e au mus\\u00e9e national de la Marine \\u00e0 Brest du 26 juin 2026 au 7 mars 2027, l\\u2019exposition Le dessous des mers. L\\u2019aventure de la cartographie sous-marine est la deuxi\\u00e8me \\u00e9tape du cycle \\u00ab L\\u2019appel des profondeurs \\u00bb, propos\\u00e9 pour la premi\\u00e8re fois \\u00e0 l\\u2019\\u00e9chelle du r\\u00e9seau du mus\\u00e9e. \\n\\nDes premi\\u00e8res cartes marines, peupl\\u00e9es de monstres et de cr\\u00e9atures myst\\u00e9rieuses, jusqu\\u2019aux mod\\u00e9lisations 3D des fonds marins, le parcours retrace cinq si\\u00e8cles d\\u2019innovations visant \\u00e0 mesurer, analyser et repr\\u00e9senter ces territoires longtemps rest\\u00e9s invisibles.\\n\\nDe l\\u2019imaginaire \\u00e0 la science\\nQu\\u2019y a-t-il sous la mer ? Bien avant de devenir une science, la cartographie marine s\\u2019est construite sur des savoirs empiriques et des repr\\u00e9sentations fascinantes, entre peur et curiosit\\u00e9.\\n\\nL\\u2019exposition revient sur ce basculement majeur, notamment au XVIIIe si\\u00e8cle avec la figure de Charles-Fran\\u00e7ois Beautemps-Beaupr\\u00e9, consid\\u00e9r\\u00e9 comme le p\\u00e8re de l\\u2019hydrographie moderne. La cr\\u00e9ation du D\\u00e9p\\u00f4t des cartes et plans de la Marine en 1720 marque une \\u00e9tape d\\u00e9cisive dans la structuration de cette discipline. \\n\\n\\u00c0 Brest, ce r\\u00e9cit prend aussi une dimension locale, \\u00e0 travers des \\u00e9pisodes historiques comme le blocus anglais (1793-1814) ou les travaux d\\u2019am\\u00e9nagement du port.&quot;,&quot;categorie&quot;:&quot;Expositions&quot;,&quot;ville&quot;:&quot;Brest&quot;,&quot;code_postal&quot;:&quot;29200&quot;,&quot;name&quot;:&quot;Le dessous des mers - Exposition&quot;,&quot;latitude&quot;:&quot;48.3817225&quot;,&quot;longitude&quot;:&quot;-4.4921918&quot;,&quot;link&quot;:&quot;https:\\\/\\\/www.musee-marine.fr\\\/nos-musees\\\/brest\\\/expositions-et-evenements\\\/les-expositions\\\/le-dessous-des-mers-laventure-de-la-cartographie-sous-marine.html&quot;},&quot;category&quot;:&quot;\\u00c9v\\u00e9nements locaux&quot;,&quot;faq&quot;:[],&quot;event&quot;:&quot;Du 12\\\/06\\\/2026 au 20\\\/09\\\/2026 \\u00e0 23:59&quot;,&quot;video_url&quot;:&quot;&quot;,&quot;video_embed&quot;:null,&quot;documents&quot;:[],&quot;gallery&quot;:[]}\">\n\n                <!-- Image + badge cat\u00e9gorie -->\n                <div class=\"em-card-img-wrap\">\n                                      <div class=\"em-card-placeholder\">\ud83d\udcf7 Pas d'image<\/div>\n                                    <span class=\"em-card-badge badge-default\">\u00c9v\u00e9nements locaux<\/span>\n                <\/div>\n\n                <!-- Contenu de la card -->\n                <div class=\"em-card-body\">\n                  <h3 class=\"em-card-title\">Le dessous des mers - Exposition<\/h3>\n\n                  <!-- Tags r\u00e9sum\u00e9s (max 4) -->\n                  <div class=\"em-card-tags\">\n                                                          <\/div>\n\n                  <!-- Champs suppl\u00e9mentaires (max 3) -->\n                  <div class=\"em-card-fields\">\n                                          <div class=\"em-card-field\">\n                        <span class=\"em-card-field-label\">Titre :<\/span>\n                        <span class=\"em-card-field-value\">Le dessous des mers - Exposition<\/span>\n                      <\/div>\n                                          <div class=\"em-card-field\">\n                        <span class=\"em-card-field-label\">Cat\u00e9gorie :<\/span>\n                        <span class=\"em-card-field-value\">Expositions<\/span>\n                      <\/div>\n                                          <div class=\"em-card-field\">\n                        <span class=\"em-card-field-label\">Ville :<\/span>\n                        <span class=\"em-card-field-value\">Brest<\/span>\n                      <\/div>\n                                      <\/div>\n\n                  <!-- Lien vers le d\u00e9tail -->\n                  <div class=\"em-card-footer\">\n                    <span>Voir le d\u00e9tail<\/span>\n                    <svg fill=\"none\" viewBox=\"0 0 24 24\" stroke=\"currentColor\" stroke-width=\"2\">\n                      <path stroke-linecap=\"round\" stroke-linejoin=\"round\" d=\"M13.5 4.5L21 12m0 0l-7.5 7.5M21 12H3\"><\/path>\n                    <\/svg>\n                  <\/div>\n                <\/div>\n              <\/article>\n                          <article class=\"em-card\"\n                data-type=\"evenements-locaux-6\"\n                data-features=\"\"\n                data-name=\"concours de palet breton\"\n                data-json=\"{&quot;name&quot;:&quot;Concours de palet breton&quot;,&quot;image&quot;:&quot;&quot;,&quot;link&quot;:&quot;&quot;,&quot;data&quot;:{&quot;titre&quot;:&quot;Concours de palet breton&quot;,&quot;description&quot;:&quot;Concours annuel organis\\u00e9 par Celtic ar Pont. \\n\\nBuvette et restauration.\\n\\nOuvert \\u00e0 tous !&quot;,&quot;categorie&quot;:&quot;Autres \\u00e9v\\u00e9nements&quot;,&quot;ville&quot;:&quot;Pont-Croix&quot;,&quot;code_postal&quot;:&quot;29790&quot;,&quot;name&quot;:&quot;Concours de palet breton&quot;,&quot;latitude&quot;:&quot;48.0424800&quot;,&quot;longitude&quot;:&quot;-4.4892900&quot;},&quot;category&quot;:&quot;\\u00c9v\\u00e9nements locaux&quot;,&quot;faq&quot;:[],&quot;event&quot;:&quot;Du 29\\\/08\\\/2026 au 29\\\/08\\\/2026 \\u00e0 23:59&quot;,&quot;video_url&quot;:&quot;&quot;,&quot;video_embed&quot;:null,&quot;documents&quot;:[],&quot;gallery&quot;:[]}\">\n\n                <!-- Image + badge cat\u00e9gorie -->\n                <div class=\"em-card-img-wrap\">\n                                      <div class=\"em-card-placeholder\">\ud83d\udcf7 Pas d'image<\/div>\n                                    <span class=\"em-card-badge badge-default\">\u00c9v\u00e9nements locaux<\/span>\n                <\/div>\n\n                <!-- Contenu de la card -->\n                <div class=\"em-card-body\">\n                  <h3 class=\"em-card-title\">Concours de palet breton<\/h3>\n\n                  <!-- Tags r\u00e9sum\u00e9s (max 4) -->\n                  <div class=\"em-card-tags\">\n                                                          <\/div>\n\n                  <!-- Champs suppl\u00e9mentaires (max 3) -->\n                  <div class=\"em-card-fields\">\n                                          <div class=\"em-card-field\">\n                        <span class=\"em-card-field-label\">Titre :<\/span>\n                        <span class=\"em-card-field-value\">Concours de palet breton<\/span>\n                      <\/div>\n                                          <div class=\"em-card-field\">\n                        <span class=\"em-card-field-label\">Cat\u00e9gorie :<\/span>\n                        <span class=\"em-card-field-value\">Autres \u00e9v\u00e9nements<\/span>\n                      <\/div>\n                                          <div class=\"em-card-field\">\n                        <span class=\"em-card-field-label\">Ville :<\/span>\n                        <span class=\"em-card-field-value\">Pont-Croix<\/span>\n                      <\/div>\n                                      <\/div>\n\n                  <!-- Lien vers le d\u00e9tail -->\n                  <div class=\"em-card-footer\">\n                    <span>Voir le d\u00e9tail<\/span>\n                    <svg fill=\"none\" viewBox=\"0 0 24 24\" stroke=\"currentColor\" stroke-width=\"2\">\n                      <path stroke-linecap=\"round\" stroke-linejoin=\"round\" d=\"M13.5 4.5L21 12m0 0l-7.5 7.5M21 12H3\"><\/path>\n                    <\/svg>\n                  <\/div>\n                <\/div>\n              <\/article>\n                          <article class=\"em-card\"\n                data-type=\"evenements-locaux-6\"\n                data-features=\"\"\n                data-name=\"balade en baie d\u2019audierne\"\n                data-json=\"{&quot;name&quot;:&quot;Balade en baie d\\u2019Audierne&quot;,&quot;image&quot;:&quot;&quot;,&quot;link&quot;:&quot;https:\\\/\\\/www.finist-mer.fr\\\/&quot;,&quot;data&quot;:{&quot;titre&quot;:&quot;Balade en baie d\\u2019Audierne&quot;,&quot;description&quot;:&quot;Au d\\u00e9part du port de Ste-Evette, vous longez la c\\u00f4te sauvage du Cap-Sizun et d\\u00e9couvrez des paysages insoup\\u00e7onn\\u00e9s : la chapelle StTugen, l\\u2019Ile aux Vaches, Pors-Loubous, le petit port de Bestr\\u00e9e et la fameuse pointe du Raz.\\nAvant de remettre le cap sur le continent, vous vous approcherez \\u00e9galement de l\\u2019\\u00e9l\\u00e9gant phare de la Vieille.\\n\\nGratuit pour les moins de 4 ans (enregistr\\u00e9s en agence) \\\/ Chien : 4\\u20ac\\n\\nBilletterie disponible aupr\\u00e8s de l&#039;Office de Tourisme \\u00e0 Audierne.&quot;,&quot;categorie&quot;:&quot;Autres \\u00e9v\\u00e9nements&quot;,&quot;ville&quot;:&quot;Audierne&quot;,&quot;code_postal&quot;:&quot;29770&quot;,&quot;name&quot;:&quot;Balade en baie d\\u2019Audierne&quot;,&quot;latitude&quot;:&quot;48.0060997&quot;,&quot;longitude&quot;:&quot;-4.5553163&quot;,&quot;link&quot;:&quot;https:\\\/\\\/www.finist-mer.fr\\\/&quot;},&quot;category&quot;:&quot;\\u00c9v\\u00e9nements locaux&quot;,&quot;faq&quot;:[],&quot;event&quot;:&quot;Du 24\\\/08\\\/2026 \\u00e0 09:00 au 24\\\/08\\\/2026 \\u00e0 23:59&quot;,&quot;video_url&quot;:&quot;&quot;,&quot;video_embed&quot;:null,&quot;documents&quot;:[],&quot;gallery&quot;:[]}\">\n\n                <!-- Image + badge cat\u00e9gorie -->\n                <div class=\"em-card-img-wrap\">\n                                      <div class=\"em-card-placeholder\">\ud83d\udcf7 Pas d'image<\/div>\n                                    <span class=\"em-card-badge badge-default\">\u00c9v\u00e9nements locaux<\/span>\n                <\/div>\n\n                <!-- Contenu de la card -->\n                <div class=\"em-card-body\">\n                  <h3 class=\"em-card-title\">Balade en baie d\u2019Audierne<\/h3>\n\n                  <!-- Tags r\u00e9sum\u00e9s (max 4) -->\n                  <div class=\"em-card-tags\">\n                                                          <\/div>\n\n                  <!-- Champs suppl\u00e9mentaires (max 3) -->\n                  <div class=\"em-card-fields\">\n                                          <div class=\"em-card-field\">\n                        <span class=\"em-card-field-label\">Titre :<\/span>\n                        <span class=\"em-card-field-value\">Balade en baie d\u2019Audierne<\/span>\n                      <\/div>\n                                          <div class=\"em-card-field\">\n                        <span class=\"em-card-field-label\">Cat\u00e9gorie :<\/span>\n                        <span class=\"em-card-field-value\">Autres \u00e9v\u00e9nements<\/span>\n                      <\/div>\n                                          <div class=\"em-card-field\">\n                        <span class=\"em-card-field-label\">Ville :<\/span>\n                        <span class=\"em-card-field-value\">Audierne<\/span>\n                      <\/div>\n                                      <\/div>\n\n                  <!-- Lien vers le d\u00e9tail -->\n                  <div class=\"em-card-footer\">\n                    <span>Voir le d\u00e9tail<\/span>\n                    <svg fill=\"none\" viewBox=\"0 0 24 24\" stroke=\"currentColor\" stroke-width=\"2\">\n                      <path stroke-linecap=\"round\" stroke-linejoin=\"round\" d=\"M13.5 4.5L21 12m0 0l-7.5 7.5M21 12H3\"><\/path>\n                    <\/svg>\n                  <\/div>\n                <\/div>\n              <\/article>\n                          <article class=\"em-card\"\n                data-type=\"evenements-locaux-6\"\n                data-features=\"\"\n                data-name=\"balade ornithologique sp\u00e9ciale \u00ab retour des limicoles \u00bb\"\n                data-json=\"{&quot;name&quot;:&quot;Balade ornithologique sp\\u00e9ciale \\u00ab retour des limicoles \\u00bb&quot;,&quot;image&quot;:&quot;&quot;,&quot;link&quot;:&quot;http:\\\/\\\/www.terredecume.fr\\\/&quot;,&quot;data&quot;:{&quot;titre&quot;:&quot;Balade ornithologique sp\\u00e9ciale \\u00ab retour des limicoles \\u00bb&quot;,&quot;description&quot;:&quot;\\u00c0 l&#039;occasion du retour des limicoles, je vous propose une balade ornithologique dans un lieu in\\u00e9dit pour aller \\u00e0 la rencontre de ces esp\\u00e8ces end\\u00e9miques de Bretagne, aussi mignonnes que fascinantes. \\u00c0 vos jumelles !&quot;,&quot;categorie&quot;:&quot;Sport &amp; randonn\\u00e9e&quot;,&quot;ville&quot;:&quot;Le Conquet&quot;,&quot;code_postal&quot;:&quot;29217&quot;,&quot;name&quot;:&quot;Balade ornithologique sp\\u00e9ciale \\u00ab retour des limicoles \\u00bb&quot;,&quot;latitude&quot;:&quot;48.3557701&quot;,&quot;longitude&quot;:&quot;-4.6794651&quot;,&quot;link&quot;:&quot;http:\\\/\\\/www.terredecume.fr\\\/&quot;},&quot;category&quot;:&quot;\\u00c9v\\u00e9nements locaux&quot;,&quot;faq&quot;:[],&quot;event&quot;:&quot;Du 01\\\/09\\\/2026 \\u00e0 16:30 au 01\\\/09\\\/2026 \\u00e0 23:59&quot;,&quot;video_url&quot;:&quot;&quot;,&quot;video_embed&quot;:null,&quot;documents&quot;:[],&quot;gallery&quot;:[]}\">\n\n                <!-- Image + badge cat\u00e9gorie -->\n                <div class=\"em-card-img-wrap\">\n                                      <div class=\"em-card-placeholder\">\ud83d\udcf7 Pas d'image<\/div>\n                                    <span class=\"em-card-badge badge-default\">\u00c9v\u00e9nements locaux<\/span>\n                <\/div>\n\n                <!-- Contenu de la card -->\n                <div class=\"em-card-body\">\n                  <h3 class=\"em-card-title\">Balade ornithologique sp\u00e9ciale \u00ab retour des limicoles \u00bb<\/h3>\n\n                  <!-- Tags r\u00e9sum\u00e9s (max 4) -->\n                  <div class=\"em-card-tags\">\n                                                          <\/div>\n\n                  <!-- Champs suppl\u00e9mentaires (max 3) -->\n                  <div class=\"em-card-fields\">\n                                          <div class=\"em-card-field\">\n                        <span class=\"em-card-field-label\">Titre :<\/span>\n                        <span class=\"em-card-field-value\">Balade ornithologique sp\u00e9ciale \u00ab retour des limicoles \u00bb<\/span>\n                      <\/div>\n                                          <div class=\"em-card-field\">\n                        <span class=\"em-card-field-label\">Cat\u00e9gorie :<\/span>\n                        <span class=\"em-card-field-value\">Sport &amp; randonn\u00e9e<\/span>\n                      <\/div>\n                                          <div class=\"em-card-field\">\n                        <span class=\"em-card-field-label\">Ville :<\/span>\n                        <span class=\"em-card-field-value\">Le Conquet<\/span>\n                      <\/div>\n                                      <\/div>\n\n                  <!-- Lien vers le d\u00e9tail -->\n                  <div class=\"em-card-footer\">\n                    <span>Voir le d\u00e9tail<\/span>\n                    <svg fill=\"none\" viewBox=\"0 0 24 24\" stroke=\"currentColor\" stroke-width=\"2\">\n                      <path stroke-linecap=\"round\" stroke-linejoin=\"round\" d=\"M13.5 4.5L21 12m0 0l-7.5 7.5M21 12H3\"><\/path>\n                    <\/svg>\n                  <\/div>\n                <\/div>\n              <\/article>\n                          <article class=\"em-card\"\n                data-type=\"evenements-locaux-6\"\n                data-features=\"\"\n                data-name=\"jeu de piste &quot;le fant\u00f4me de l&#039;abbaye&quot;\"\n                data-json=\"{&quot;name&quot;:&quot;Jeu de piste \\&quot;Le fant\\u00f4me de l&#039;abbaye\\&quot;&quot;,&quot;image&quot;:&quot;&quot;,&quot;link&quot;:&quot;https:\\\/\\\/phares-iroise.bzh\\\/&quot;,&quot;data&quot;:{&quot;titre&quot;:&quot;Jeu de piste \\&quot;Le fant\\u00f4me de l&#039;abbaye\\&quot;&quot;,&quot;description&quot;:&quot;Alerte !\\n\\nL&#039;abbaye de Saint-Mathieu est en proie aux farces malicieuses d&#039;un fant\\u00f4me. La derni\\u00e8re victime n&#039;est autre que l&#039;abb\\u00e9 Chamel dont la cheville a \\u00e9t\\u00e9 foul\\u00e9e.\\n\\nIl est grand temps d&#039;arr\\u00eater cet esprit fac\\u00e9tieux avant qu&#039;un incident plus grave ne survienne !\\n\\nSon apparition est pour le moment inexpliqu\\u00e9e, y aurait-il un tra\\u00eetre au sein de la communaut\\u00e9 monastique ? \\n\\n\\u00c0 l&#039;aide du Fr\\u00e8re Husse, venez r\\u00e9soudre les \\u00e9nigmes du fant\\u00f4me, relevez les d\\u00e9fis et tentez de le capturer afin de ramener le calme \\u00e0 l&#039;abbaye.  \\n\\nSur r\\u00e9servation.&quot;,&quot;categorie&quot;:&quot;En famille&quot;,&quot;ville&quot;:&quot;Plougonvelin&quot;,&quot;code_postal&quot;:&quot;29217&quot;,&quot;name&quot;:&quot;Jeu de piste \\&quot;Le fant\\u00f4me de l&#039;abbaye\\&quot;&quot;,&quot;latitude&quot;:&quot;48.3298633&quot;,&quot;longitude&quot;:&quot;-4.7709141&quot;,&quot;link&quot;:&quot;https:\\\/\\\/phares-iroise.bzh\\\/&quot;},&quot;category&quot;:&quot;\\u00c9v\\u00e9nements locaux&quot;,&quot;faq&quot;:[],&quot;event&quot;:&quot;Du 26\\\/08\\\/2026 \\u00e0 17:00 au 26\\\/08\\\/2026 \\u00e0 23:59&quot;,&quot;video_url&quot;:&quot;&quot;,&quot;video_embed&quot;:null,&quot;documents&quot;:[],&quot;gallery&quot;:[]}\">\n\n                <!-- Image + badge cat\u00e9gorie -->\n                <div class=\"em-card-img-wrap\">\n                                      <div class=\"em-card-placeholder\">\ud83d\udcf7 Pas d'image<\/div>\n                                    <span class=\"em-card-badge badge-default\">\u00c9v\u00e9nements locaux<\/span>\n                <\/div>\n\n                <!-- Contenu de la card -->\n                <div class=\"em-card-body\">\n                  <h3 class=\"em-card-title\">Jeu de piste &quot;Le fant\u00f4me de l&#039;abbaye&quot;<\/h3>\n\n                  <!-- Tags r\u00e9sum\u00e9s (max 4) -->\n                  <div class=\"em-card-tags\">\n                                                          <\/div>\n\n                  <!-- Champs suppl\u00e9mentaires (max 3) -->\n                  <div class=\"em-card-fields\">\n                                          <div class=\"em-card-field\">\n                        <span class=\"em-card-field-label\">Titre :<\/span>\n                        <span class=\"em-card-field-value\">Jeu de piste &quot;Le fant\u00f4me de l&#039;abbaye&quot;<\/span>\n                      <\/div>\n                                          <div class=\"em-card-field\">\n                        <span class=\"em-card-field-label\">Cat\u00e9gorie :<\/span>\n                        <span class=\"em-card-field-value\">En famille<\/span>\n                      <\/div>\n                                          <div class=\"em-card-field\">\n                        <span class=\"em-card-field-label\">Ville :<\/span>\n                        <span class=\"em-card-field-value\">Plougonvelin<\/span>\n                      <\/div>\n                                      <\/div>\n\n                  <!-- Lien vers le d\u00e9tail -->\n                  <div class=\"em-card-footer\">\n                    <span>Voir le d\u00e9tail<\/span>\n                    <svg fill=\"none\" viewBox=\"0 0 24 24\" stroke=\"currentColor\" stroke-width=\"2\">\n                      <path stroke-linecap=\"round\" stroke-linejoin=\"round\" d=\"M13.5 4.5L21 12m0 0l-7.5 7.5M21 12H3\"><\/path>\n                    <\/svg>\n                  <\/div>\n                <\/div>\n              <\/article>\n                          <article class=\"em-card\"\n                data-type=\"evenements-locaux-6\"\n                data-features=\"\"\n                data-name=\"championnat d&#039;europe ocean racing\"\n                data-json=\"{&quot;name&quot;:&quot;Championnat d&#039;Europe Ocean Racing&quot;,&quot;image&quot;:&quot;&quot;,&quot;link&quot;:&quot;http:\\\/\\\/oceaneuro2026.com\\\/&quot;,&quot;data&quot;:{&quot;titre&quot;:&quot;Championnat d&#039;Europe Ocean Racing&quot;,&quot;description&quot;:&quot;Le championnat d\\u2019Europe d\\u2019Ocean Racing et toute l\\u2019\\u00e9lite europ\\u00e9enne d\\u00e9barque \\u00e0 Brest .\\n\\nC\\u2019est une course de kayak de mer o\\u00f9 les concurrents jouent avec les \\u00e9l\\u00e9ments (vent et houle) sur des parcours de 20km. Pr\\u00e8s de 300 comp\\u00e9titeurs europ\\u00e9ens vont s\\u2019affronter sur nos c\\u00f4tes. A terre un village sera ouvert \\u00e0 tous (restauration, animations diverses\\u2026). Retransmission des courses en direct sur le village, concerts, animations et artisanat polyn\\u00e9sien.\\n\\nPlus d&#039;infos sur https:\\\/\\\/www.ffck.org&quot;,&quot;categorie&quot;:&quot;Autres \\u00e9v\\u00e9nements&quot;,&quot;ville&quot;:&quot;Brest&quot;,&quot;code_postal&quot;:&quot;29200&quot;,&quot;name&quot;:&quot;Championnat d&#039;Europe Ocean Racing&quot;,&quot;latitude&quot;:&quot;48.3916130&quot;,&quot;longitude&quot;:&quot;-4.4357040&quot;,&quot;link&quot;:&quot;http:\\\/\\\/oceaneuro2026.com\\\/&quot;},&quot;category&quot;:&quot;\\u00c9v\\u00e9nements locaux&quot;,&quot;faq&quot;:[],&quot;event&quot;:&quot;Du 26\\\/08\\\/2026 au 30\\\/08\\\/2026 \\u00e0 23:59&quot;,&quot;video_url&quot;:&quot;&quot;,&quot;video_embed&quot;:null,&quot;documents&quot;:[],&quot;gallery&quot;:[]}\">\n\n                <!-- Image + badge cat\u00e9gorie -->\n                <div class=\"em-card-img-wrap\">\n                                      <div class=\"em-card-placeholder\">\ud83d\udcf7 Pas d'image<\/div>\n                                    <span class=\"em-card-badge badge-default\">\u00c9v\u00e9nements locaux<\/span>\n                <\/div>\n\n                <!-- Contenu de la card -->\n                <div class=\"em-card-body\">\n                  <h3 class=\"em-card-title\">Championnat d&#039;Europe Ocean Racing<\/h3>\n\n                  <!-- Tags r\u00e9sum\u00e9s (max 4) -->\n                  <div class=\"em-card-tags\">\n                                                          <\/div>\n\n                  <!-- Champs suppl\u00e9mentaires (max 3) -->\n                  <div class=\"em-card-fields\">\n                                          <div class=\"em-card-field\">\n                        <span class=\"em-card-field-label\">Titre :<\/span>\n                        <span class=\"em-card-field-value\">Championnat d&#039;Europe Ocean Racing<\/span>\n                      <\/div>\n                                          <div class=\"em-card-field\">\n                        <span class=\"em-card-field-label\">Cat\u00e9gorie :<\/span>\n                        <span class=\"em-card-field-value\">Autres \u00e9v\u00e9nements<\/span>\n                      <\/div>\n                                          <div class=\"em-card-field\">\n                        <span class=\"em-card-field-label\">Ville :<\/span>\n                        <span class=\"em-card-field-value\">Brest<\/span>\n                      <\/div>\n                                      <\/div>\n\n                  <!-- Lien vers le d\u00e9tail -->\n                  <div class=\"em-card-footer\">\n                    <span>Voir le d\u00e9tail<\/span>\n                    <svg fill=\"none\" viewBox=\"0 0 24 24\" stroke=\"currentColor\" stroke-width=\"2\">\n                      <path stroke-linecap=\"round\" stroke-linejoin=\"round\" d=\"M13.5 4.5L21 12m0 0l-7.5 7.5M21 12H3\"><\/path>\n                    <\/svg>\n                  <\/div>\n                <\/div>\n              <\/article>\n                          <article class=\"em-card\"\n                data-type=\"evenements-locaux-6\"\n                data-features=\"\"\n                data-name=\"visite guid\u00e9e - rando \u00e0 la pointe du raz\"\n                data-json=\"{&quot;name&quot;:&quot;Visite guid\\u00e9e - Rando \\u00e0 la Pointe du Raz&quot;,&quot;image&quot;:&quot;&quot;,&quot;link&quot;:&quot;https:\\\/\\\/www.toutcommenceenfinistere.com\\\/pointe-du-raz\\\/preparer-sa-visite\\\/&quot;,&quot;data&quot;:{&quot;titre&quot;:&quot;Visite guid\\u00e9e - Rando \\u00e0 la Pointe du Raz&quot;,&quot;description&quot;:&quot;Une aventure pour marcheurs confirm\\u00e9s !\\n\\nCette randonn\\u00e9e propose d\\u2019acc\\u00e9der \\u00e0 la Pointe du Raz par des sentiers moins connus et plus sauvages. Au fil du parcours, la puissance des \\u00e9l\\u00e9ments marins se fait ressentir, tandis que le guide d\\u00e9voile les richesses naturelles du site : faune, flore, paysages et phares l\\u00e9gendaires qui veillent sur la mer d\\u2019Iroise. Une exp\\u00e9rience intense et immersive, r\\u00e9serv\\u00e9e aux marcheurs habitu\\u00e9s, pour vivre pleinement l\\u2019esprit du Grand Site de France.\\n\\nD\\u00e9part du parking de l&#039;impasse Roz Kerveur (Lescoff) \\u00e0 Plogoff - Dur\\u00e9e 3h30 - 9 km \\n\\nSur r\\u00e9servation aupr\\u00e8s de la Maison de site ou de l&#039;Office de Tourisme du Cap-Sizun \\u00e0 Audierne.&quot;,&quot;categorie&quot;:&quot;Sport &amp; randonn\\u00e9e&quot;,&quot;ville&quot;:&quot;Plogoff&quot;,&quot;code_postal&quot;:&quot;29770&quot;,&quot;name&quot;:&quot;Visite guid\\u00e9e - Rando \\u00e0 la Pointe du Raz&quot;,&quot;latitude&quot;:&quot;48.0391130&quot;,&quot;longitude&quot;:&quot;-4.7055420&quot;,&quot;link&quot;:&quot;https:\\\/\\\/www.toutcommenceenfinistere.com\\\/pointe-du-raz\\\/preparer-sa-visite\\\/&quot;},&quot;category&quot;:&quot;\\u00c9v\\u00e9nements locaux&quot;,&quot;faq&quot;:[],&quot;event&quot;:&quot;Du 09\\\/04\\\/2026 \\u00e0 09:00 au 29\\\/10\\\/2026 \\u00e0 23:59&quot;,&quot;video_url&quot;:&quot;&quot;,&quot;video_embed&quot;:null,&quot;documents&quot;:[],&quot;gallery&quot;:[]}\">\n\n                <!-- Image + badge cat\u00e9gorie -->\n                <div class=\"em-card-img-wrap\">\n                                      <div class=\"em-card-placeholder\">\ud83d\udcf7 Pas d'image<\/div>\n                                    <span class=\"em-card-badge badge-default\">\u00c9v\u00e9nements locaux<\/span>\n                <\/div>\n\n                <!-- Contenu de la card -->\n                <div class=\"em-card-body\">\n                  <h3 class=\"em-card-title\">Visite guid\u00e9e - Rando \u00e0 la Pointe du Raz<\/h3>\n\n                  <!-- Tags r\u00e9sum\u00e9s (max 4) -->\n                  <div class=\"em-card-tags\">\n                                                          <\/div>\n\n                  <!-- Champs suppl\u00e9mentaires (max 3) -->\n                  <div class=\"em-card-fields\">\n                                          <div class=\"em-card-field\">\n                        <span class=\"em-card-field-label\">Titre :<\/span>\n                        <span class=\"em-card-field-value\">Visite guid\u00e9e - Rando \u00e0 la Pointe du Raz<\/span>\n                      <\/div>\n                                          <div class=\"em-card-field\">\n                        <span class=\"em-card-field-label\">Cat\u00e9gorie :<\/span>\n                        <span class=\"em-card-field-value\">Sport &amp; randonn\u00e9e<\/span>\n                      <\/div>\n                                          <div class=\"em-card-field\">\n                        <span class=\"em-card-field-label\">Ville :<\/span>\n                        <span class=\"em-card-field-value\">Plogoff<\/span>\n                      <\/div>\n                                      <\/div>\n\n                  <!-- Lien vers le d\u00e9tail -->\n                  <div class=\"em-card-footer\">\n                    <span>Voir le d\u00e9tail<\/span>\n                    <svg fill=\"none\" viewBox=\"0 0 24 24\" stroke=\"currentColor\" stroke-width=\"2\">\n                      <path stroke-linecap=\"round\" stroke-linejoin=\"round\" d=\"M13.5 4.5L21 12m0 0l-7.5 7.5M21 12H3\"><\/path>\n                    <\/svg>\n                  <\/div>\n                <\/div>\n              <\/article>\n                          <article class=\"em-card\"\n                data-type=\"evenements-locaux-6\"\n                data-features=\"\"\n                data-name=\"animations estivales \u00e0 aquacap\"\n                data-json=\"{&quot;name&quot;:&quot;Animations estivales \\u00e0 Aquacap&quot;,&quot;image&quot;:&quot;&quot;,&quot;link&quot;:&quot;https:\\\/\\\/www.aquacap.fr\\\/&quot;,&quot;data&quot;:{&quot;titre&quot;:&quot;Animations estivales \\u00e0 Aquacap&quot;,&quot;description&quot;:&quot;Lundi : Parcours aquatique de 14h30 \\u00e0 16h30\\n\\nMardi : Waterball de 14h30 \\u00e0 16h30 (suppl\\u00e9ment 1 \\u20ac)\\n\\nMercredi : Escape game de 14h30 \\u00e0 18h30 (44 \\u20ac par \\u00e9quipe de 2 \\u00e0 5 personnes, sur r\\u00e9servation)\\n\\nJeudi : Construis ton radeau de 14h30 \\u00e0 16h30 \\\/ Escape game de 17h \\u00e0 21h (44 \\u20ac par \\u00e9quipe de 2 \\u00e0 5 personnes, sur r\\u00e9servation)\\n\\nVendredi : Waterball de 14h30 \\u00e0 16h30 (suppl\\u00e9ment 1 \\u20ac)\\n\\nDimanche matin en famille : Eau du bassin ludique chauff\\u00e9e \\u00e0 32\\u00b0C et p\\u00eache \\u00e0 la ligne\\n\\n\\nHoraires : du 6 juillet au 30 ao\\u00fbt, nous passons en horaires Vacances d\\u2019\\u00e9t\\u00e9\\nLundi, mercredi, vendredi, samedi et dimanche : 10h-13h30 \\\/ 14h30-19h\\nOuverture en nocturne le mardi et jeudi : 10-13h30 \\\/ 14h30-21h30&quot;,&quot;categorie&quot;:&quot;En famille&quot;,&quot;ville&quot;:&quot;Audierne&quot;,&quot;code_postal&quot;:&quot;29770&quot;,&quot;name&quot;:&quot;Animations estivales \\u00e0 Aquacap&quot;,&quot;latitude&quot;:&quot;48.0333340&quot;,&quot;longitude&quot;:&quot;-4.5648910&quot;,&quot;link&quot;:&quot;https:\\\/\\\/www.aquacap.fr\\\/&quot;},&quot;category&quot;:&quot;\\u00c9v\\u00e9nements locaux&quot;,&quot;faq&quot;:[],&quot;event&quot;:&quot;Du 06\\\/07\\\/2026 au 30\\\/08\\\/2026 \\u00e0 23:59&quot;,&quot;video_url&quot;:&quot;&quot;,&quot;video_embed&quot;:null,&quot;documents&quot;:[],&quot;gallery&quot;:[]}\">\n\n                <!-- Image + badge cat\u00e9gorie -->\n                <div class=\"em-card-img-wrap\">\n                                      <div class=\"em-card-placeholder\">\ud83d\udcf7 Pas d'image<\/div>\n                                    <span class=\"em-card-badge badge-default\">\u00c9v\u00e9nements locaux<\/span>\n                <\/div>\n\n                <!-- Contenu de la card -->\n                <div class=\"em-card-body\">\n                  <h3 class=\"em-card-title\">Animations estivales \u00e0 Aquacap<\/h3>\n\n                  <!-- Tags r\u00e9sum\u00e9s (max 4) -->\n                  <div class=\"em-card-tags\">\n                                                          <\/div>\n\n                  <!-- Champs suppl\u00e9mentaires (max 3) -->\n                  <div class=\"em-card-fields\">\n                                          <div class=\"em-card-field\">\n                        <span class=\"em-card-field-label\">Titre :<\/span>\n                        <span class=\"em-card-field-value\">Animations estivales \u00e0 Aquacap<\/span>\n                      <\/div>\n                                          <div class=\"em-card-field\">\n                        <span class=\"em-card-field-label\">Cat\u00e9gorie :<\/span>\n                        <span class=\"em-card-field-value\">En famille<\/span>\n                      <\/div>\n                                          <div class=\"em-card-field\">\n                        <span class=\"em-card-field-label\">Ville :<\/span>\n                        <span class=\"em-card-field-value\">Audierne<\/span>\n                      <\/div>\n                                      <\/div>\n\n                  <!-- Lien vers le d\u00e9tail -->\n                  <div class=\"em-card-footer\">\n                    <span>Voir le d\u00e9tail<\/span>\n                    <svg fill=\"none\" viewBox=\"0 0 24 24\" stroke=\"currentColor\" stroke-width=\"2\">\n                      <path stroke-linecap=\"round\" stroke-linejoin=\"round\" d=\"M13.5 4.5L21 12m0 0l-7.5 7.5M21 12H3\"><\/path>\n                    <\/svg>\n                  <\/div>\n                <\/div>\n              <\/article>\n                          <article class=\"em-card\"\n                data-type=\"evenements-locaux-6\"\n                data-features=\"\"\n                data-name=\"exposition  : ph\u00e9nom\u00e8nes -  monique duguer et patrick guellec\"\n                data-json=\"{&quot;name&quot;:&quot;Exposition  : Ph\\u00e9nom\\u00e8nes -  Monique Duguer et Patrick Guellec&quot;,&quot;image&quot;:&quot;&quot;,&quot;link&quot;:&quot;&quot;,&quot;data&quot;:{&quot;titre&quot;:&quot;Exposition  : Ph\\u00e9nom\\u00e8nes -  Monique Duguer et Patrick Guellec&quot;,&quot;description&quot;:&quot;Les deux artistes avaient d\\u00e9j\\u00e0 expos\\u00e9 ensemble l&#039;an pass\\u00e9 \\u00e0 l&#039;Office de Tourisme de Ploz\\u00e9vet sur le th\\u00e8me Visions maritimes.\\n\\n Monique peint depuis l&#039;\\u00e2ge de 14 ans. Elle travaille uniquement la peinture \\u00e0 l&#039;huile et utilise beaucoup les couleurs vives. Elle \\u00e9voque le th\\u00e8me \\&quot;Ph\\u00e9nom\\u00e8nes\\&quot; par des tableaux qui expriment un ressenti, une \\u00e9motion dont elle puise l&#039;inspiration dans un \\u00e9v\\u00e8nement, un film, un livre, une actualit\\u00e9.. Les tableaux d\\u00e9crivent des paysages, des personnages, des atmosph\\u00e8res surnaturelles, fantastiques. . Monique n&#039;h\\u00e9site pas \\u00e0 dire qu&#039;elle travaille dans la lenteur pour aboutir au r\\u00e9sultat escompt\\u00e9. \\n\\n \\nPatrick Gu\\u00e9llec, quant \\u00e0 lui utilise, en plus de la peinture acrylique, les techniques de l&#039;aquarelle et chacune de ses toiles est \\u00e9galement une invitation \\u00e0 ressentir. Il traite le th\\u00e8me \\&quot;Ph\\u00e9nom\\u00e8nes\\&quot; par une pr\\u00e9sentation de tableaux  \\u00e9voquant la transformation de la v\\u00e9g\\u00e9tation ou le chaos de la nature. Chacune des toiles maintient toutefois  un \\u00e9quilibre des formes et des couleurs.\\n\\n \\n\\nVisites libres pendant les heures d&#039;ouverture.\\nOrganis\\u00e9 par l&#039;Office de tourisme du Haut pays Bigouden&quot;,&quot;categorie&quot;:&quot;En famille&quot;,&quot;ville&quot;:&quot;Ploz\\u00e9vet&quot;,&quot;code_postal&quot;:&quot;29710&quot;,&quot;name&quot;:&quot;Exposition  : Ph\\u00e9nom\\u00e8nes -  Monique Duguer et Patrick Guellec&quot;,&quot;latitude&quot;:&quot;47.9853600&quot;,&quot;longitude&quot;:&quot;-4.4262400&quot;},&quot;category&quot;:&quot;\\u00c9v\\u00e9nements locaux&quot;,&quot;faq&quot;:[],&quot;event&quot;:&quot;Du 03\\\/07\\\/2026 au 31\\\/08\\\/2026 \\u00e0 23:59&quot;,&quot;video_url&quot;:&quot;&quot;,&quot;video_embed&quot;:null,&quot;documents&quot;:[],&quot;gallery&quot;:[]}\">\n\n                <!-- Image + badge cat\u00e9gorie -->\n                <div class=\"em-card-img-wrap\">\n                                      <div class=\"em-card-placeholder\">\ud83d\udcf7 Pas d'image<\/div>\n                                    <span class=\"em-card-badge badge-default\">\u00c9v\u00e9nements locaux<\/span>\n                <\/div>\n\n                <!-- Contenu de la card -->\n                <div class=\"em-card-body\">\n                  <h3 class=\"em-card-title\">Exposition  : Ph\u00e9nom\u00e8nes -  Monique Duguer et Patrick Guellec<\/h3>\n\n                  <!-- Tags r\u00e9sum\u00e9s (max 4) -->\n                  <div class=\"em-card-tags\">\n                                                          <\/div>\n\n                  <!-- Champs suppl\u00e9mentaires (max 3) -->\n                  <div class=\"em-card-fields\">\n                                          <div class=\"em-card-field\">\n                        <span class=\"em-card-field-label\">Titre :<\/span>\n                        <span class=\"em-card-field-value\">Exposition  : Ph\u00e9nom\u00e8nes -  Monique Duguer et Patrick Guelle<\/span>\n                      <\/div>\n                                          <div class=\"em-card-field\">\n                        <span class=\"em-card-field-label\">Cat\u00e9gorie :<\/span>\n                        <span class=\"em-card-field-value\">En famille<\/span>\n                      <\/div>\n                                          <div class=\"em-card-field\">\n                        <span class=\"em-card-field-label\">Ville :<\/span>\n                        <span class=\"em-card-field-value\">Ploz\u00e9vet<\/span>\n                      <\/div>\n                                      <\/div>\n\n                  <!-- Lien vers le d\u00e9tail -->\n                  <div class=\"em-card-footer\">\n                    <span>Voir le d\u00e9tail<\/span>\n                    <svg fill=\"none\" viewBox=\"0 0 24 24\" stroke=\"currentColor\" stroke-width=\"2\">\n                      <path stroke-linecap=\"round\" stroke-linejoin=\"round\" d=\"M13.5 4.5L21 12m0 0l-7.5 7.5M21 12H3\"><\/path>\n                    <\/svg>\n                  <\/div>\n                <\/div>\n              <\/article>\n                          <article class=\"em-card\"\n                data-type=\"evenements-locaux-6\"\n                data-features=\"\"\n                data-name=\"stage multiactivit\u00e9s 8\/12 ans \u00e0 moulin mer\"\n                data-json=\"{&quot;name&quot;:&quot;Stage Multiactivit\\u00e9s 8\\\/12 ans \\u00e0 Moulin Mer&quot;,&quot;image&quot;:&quot;&quot;,&quot;link&quot;:&quot;https:\\\/\\\/www.moulinmer.com\\\/&quot;,&quot;data&quot;:{&quot;titre&quot;:&quot;Stage Multiactivit\\u00e9s 8\\\/12 ans \\u00e0 Moulin Mer&quot;,&quot;description&quot;:&quot;Vivez un stage multi-activit\\u00e9s inoubliable entre Kayak, Paddle et Catamaran pour un maximum de sensations.\\n\\nLes jeunes explorent la mer en s\\u2019amusant, encadr\\u00e9s par des moniteurs passionn\\u00e9s.\\nUn programme flexible qui s\\u2019adapte \\u00e0 la m\\u00e9t\\u00e9o et aux envies des navigateurs en herbe !\\n\\nStages du matin 9h30-12h ou stages d&#039;apr\\u00e8s-midi 14h-16h30.&quot;,&quot;categorie&quot;:&quot;Autres \\u00e9v\\u00e9nements&quot;,&quot;ville&quot;:&quot;Logonna-Daoulas&quot;,&quot;code_postal&quot;:&quot;29460&quot;,&quot;name&quot;:&quot;Stage Multiactivit\\u00e9s 8\\\/12 ans \\u00e0 Moulin Mer&quot;,&quot;latitude&quot;:&quot;48.3183200&quot;,&quot;longitude&quot;:&quot;-4.2839200&quot;,&quot;link&quot;:&quot;https:\\\/\\\/www.moulinmer.com\\\/&quot;},&quot;category&quot;:&quot;\\u00c9v\\u00e9nements locaux&quot;,&quot;faq&quot;:[],&quot;event&quot;:&quot;Du 24\\\/08\\\/2026 \\u00e0 14:00 au 28\\\/08\\\/2026 \\u00e0 23:59&quot;,&quot;video_url&quot;:&quot;&quot;,&quot;video_embed&quot;:null,&quot;documents&quot;:[],&quot;gallery&quot;:[]}\">\n\n                <!-- Image + badge cat\u00e9gorie -->\n                <div class=\"em-card-img-wrap\">\n                                      <div class=\"em-card-placeholder\">\ud83d\udcf7 Pas d'image<\/div>\n                                    <span class=\"em-card-badge badge-default\">\u00c9v\u00e9nements locaux<\/span>\n                <\/div>\n\n                <!-- Contenu de la card -->\n                <div class=\"em-card-body\">\n                  <h3 class=\"em-card-title\">Stage Multiactivit\u00e9s 8\/12 ans \u00e0 Moulin Mer<\/h3>\n\n                  <!-- Tags r\u00e9sum\u00e9s (max 4) -->\n                  <div class=\"em-card-tags\">\n                                                          <\/div>\n\n                  <!-- Champs suppl\u00e9mentaires (max 3) -->\n                  <div class=\"em-card-fields\">\n                                          <div class=\"em-card-field\">\n                        <span class=\"em-card-field-label\">Titre :<\/span>\n                        <span class=\"em-card-field-value\">Stage Multiactivit\u00e9s 8\/12 ans \u00e0 Moulin Mer<\/span>\n                      <\/div>\n                                          <div class=\"em-card-field\">\n                        <span class=\"em-card-field-label\">Cat\u00e9gorie :<\/span>\n                        <span class=\"em-card-field-value\">Autres \u00e9v\u00e9nements<\/span>\n                      <\/div>\n                                          <div class=\"em-card-field\">\n                        <span class=\"em-card-field-label\">Ville :<\/span>\n                        <span class=\"em-card-field-value\">Logonna-Daoulas<\/span>\n                      <\/div>\n                                      <\/div>\n\n                  <!-- Lien vers le d\u00e9tail -->\n                  <div class=\"em-card-footer\">\n                    <span>Voir le d\u00e9tail<\/span>\n                    <svg fill=\"none\" viewBox=\"0 0 24 24\" stroke=\"currentColor\" stroke-width=\"2\">\n                      <path stroke-linecap=\"round\" stroke-linejoin=\"round\" d=\"M13.5 4.5L21 12m0 0l-7.5 7.5M21 12H3\"><\/path>\n                    <\/svg>\n                  <\/div>\n                <\/div>\n              <\/article>\n                          <article class=\"em-card\"\n                data-type=\"evenements-locaux-6\"\n                data-features=\"\"\n                data-name=\"concert de chansons de georges brassens\"\n                data-json=\"{&quot;name&quot;:&quot;Concert de chansons de Georges Brassens&quot;,&quot;image&quot;:&quot;&quot;,&quot;link&quot;:&quot;&quot;,&quot;data&quot;:{&quot;titre&quot;:&quot;Concert de chansons de Georges Brassens&quot;,&quot;description&quot;:&quot;La compagnie BRASSENS fait devivre les chansons du po\\u00e8te&quot;,&quot;categorie&quot;:&quot;Concerts, musique &amp; festivals&quot;,&quot;ville&quot;:&quot;Camaret-sur-Mer&quot;,&quot;code_postal&quot;:&quot;29570&quot;,&quot;name&quot;:&quot;Concert de chansons de Georges Brassens&quot;,&quot;latitude&quot;:&quot;48.2763500&quot;,&quot;longitude&quot;:&quot;-4.5961100&quot;},&quot;category&quot;:&quot;\\u00c9v\\u00e9nements locaux&quot;,&quot;faq&quot;:[],&quot;event&quot;:&quot;Du 05\\\/09\\\/2026 \\u00e0 18:30 au 05\\\/09\\\/2026 \\u00e0 23:59&quot;,&quot;video_url&quot;:&quot;&quot;,&quot;video_embed&quot;:null,&quot;documents&quot;:[],&quot;gallery&quot;:[]}\">\n\n                <!-- Image + badge cat\u00e9gorie -->\n                <div class=\"em-card-img-wrap\">\n                                      <div class=\"em-card-placeholder\">\ud83d\udcf7 Pas d'image<\/div>\n                                    <span class=\"em-card-badge badge-default\">\u00c9v\u00e9nements locaux<\/span>\n                <\/div>\n\n                <!-- Contenu de la card -->\n                <div class=\"em-card-body\">\n                  <h3 class=\"em-card-title\">Concert de chansons de Georges Brassens<\/h3>\n\n                  <!-- Tags r\u00e9sum\u00e9s (max 4) -->\n                  <div class=\"em-card-tags\">\n                                                          <\/div>\n\n                  <!-- Champs suppl\u00e9mentaires (max 3) -->\n                  <div class=\"em-card-fields\">\n                                          <div class=\"em-card-field\">\n                        <span class=\"em-card-field-label\">Titre :<\/span>\n                        <span class=\"em-card-field-value\">Concert de chansons de Georges Brassens<\/span>\n                      <\/div>\n                                          <div class=\"em-card-field\">\n                        <span class=\"em-card-field-label\">Cat\u00e9gorie :<\/span>\n                        <span class=\"em-card-field-value\">Concerts, musique &amp; festivals<\/span>\n                      <\/div>\n                                          <div class=\"em-card-field\">\n                        <span class=\"em-card-field-label\">Ville :<\/span>\n                        <span class=\"em-card-field-value\">Camaret-sur-Mer<\/span>\n                      <\/div>\n                                      <\/div>\n\n                  <!-- Lien vers le d\u00e9tail -->\n                  <div class=\"em-card-footer\">\n                    <span>Voir le d\u00e9tail<\/span>\n                    <svg fill=\"none\" viewBox=\"0 0 24 24\" stroke=\"currentColor\" stroke-width=\"2\">\n                      <path stroke-linecap=\"round\" stroke-linejoin=\"round\" d=\"M13.5 4.5L21 12m0 0l-7.5 7.5M21 12H3\"><\/path>\n                    <\/svg>\n                  <\/div>\n                <\/div>\n              <\/article>\n                          <article class=\"em-card\"\n                data-type=\"evenements-locaux-6\"\n                data-features=\"\"\n                data-name=\"atelier caf\u00e9 c\u00e9ramique &amp; cours d&#039;initiation au modelage\"\n                data-json=\"{&quot;name&quot;:&quot;Atelier caf\\u00e9 c\\u00e9ramique &amp; cours d&#039;initiation au modelage&quot;,&quot;image&quot;:&quot;&quot;,&quot;link&quot;:&quot;https:\\\/\\\/www.instagram.com\\\/fleursbleuesceramique?igsh=ZWJscm13NmZrNHZz&amp;utm_source=qr&quot;,&quot;data&quot;:{&quot;titre&quot;:&quot;Atelier caf\\u00e9 c\\u00e9ramique &amp; cours d&#039;initiation au modelage&quot;,&quot;description&quot;:&quot;Installez-vous, choisissez la pi\\u00e8ce de votre choix d\\u00e9j\\u00e0 biscuit\\u00e9e (tasse, bol, assiette...) et laissez libre cours \\u00e0 votre imagination.\\n\\nNous  vous guiderons dans le choix des couleurs et des techniques pour d\\u00e9corer votre pi\\u00e8ce.\\nUne fois termin\\u00e9e, votre pi\\u00e8ce sera \\u00e9maill\\u00e9e et cuite dans notre atelier et vous pourrez la r\\u00e9cup\\u00e9rer quelques semaines plus tard. \\nUn moment simple, convivial et apaisant, ouvert \\u00e0 tous les niveaux et \\u00e0 toutes les envies.\\n\\nPour ceux qui souhaitent aller plus loin dans la pratique, je vous propose des cours d&#039;initiation au modelage.\\nVous y d\\u00e9couvrez comment travailler la terre avec vos mains, sans tour de potier, gr\\u00e2ce \\u00e0 diff\\u00e9rentes techniques comme le pinc\\u00e9, le colombins ou encore la plaque.\\nJe vous accompagne \\u00e9tape par \\u00e9tape pour r\\u00e9aliser votre propre pi\\u00e8ce : bol, vase, sculpture et objet d\\u00e9coratif ...\\n\\nLes cours sont accessible aux d\\u00e9butants comme aux initi\\u00e9s, pour les adultes comme pour les enfants\\nApr\\u00e8s la s\\u00e9ance, vos cr\\u00e9ations sont s\\u00e9ch\\u00e9es puis cuites \\u00e0 deux reprise dans mon atelier.\\nVous pourrez ainsi r\\u00e9cup\\u00e9rer vos pi\\u00e8ces quelques semaines plus tard.\\n\\nR\\u00e9servez votre cr\\u00e9neau !\\n\\nOuvert tous les jours \\u00e0 partir de juin \\u00e0 octobre de 9h \\u00e0 21h. \\nLes autres mois de l\\u2019ann\\u00e9e du mercredi au lundi (ferm\\u00e9 le mardi) de 9h \\u00e0 18h.&quot;,&quot;categorie&quot;:&quot;Autres \\u00e9v\\u00e9nements&quot;,&quot;ville&quot;:&quot;Audierne&quot;,&quot;code_postal&quot;:&quot;29770&quot;,&quot;name&quot;:&quot;Atelier caf\\u00e9 c\\u00e9ramique &amp; cours d&#039;initiation au modelage&quot;,&quot;latitude&quot;:&quot;48.0234305&quot;,&quot;longitude&quot;:&quot;-4.5398973&quot;,&quot;link&quot;:&quot;https:\\\/\\\/www.instagram.com\\\/fleursbleuesceramique?igsh=ZWJscm13NmZrNHZz&amp;utm_source=qr&quot;},&quot;category&quot;:&quot;\\u00c9v\\u00e9nements locaux&quot;,&quot;faq&quot;:[],&quot;event&quot;:&quot;Du 01\\\/06\\\/2026 \\u00e0 09:00 au 31\\\/10\\\/2026 \\u00e0 23:59&quot;,&quot;video_url&quot;:&quot;&quot;,&quot;video_embed&quot;:null,&quot;documents&quot;:[],&quot;gallery&quot;:[]}\">\n\n                <!-- Image + badge cat\u00e9gorie -->\n                <div class=\"em-card-img-wrap\">\n                                      <div class=\"em-card-placeholder\">\ud83d\udcf7 Pas d'image<\/div>\n                                    <span class=\"em-card-badge badge-default\">\u00c9v\u00e9nements locaux<\/span>\n                <\/div>\n\n                <!-- Contenu de la card -->\n                <div class=\"em-card-body\">\n                  <h3 class=\"em-card-title\">Atelier caf\u00e9 c\u00e9ramique &amp; cours d&#039;initiation au modelage<\/h3>\n\n                  <!-- Tags r\u00e9sum\u00e9s (max 4) -->\n                  <div class=\"em-card-tags\">\n                                                          <\/div>\n\n                  <!-- Champs suppl\u00e9mentaires (max 3) -->\n                  <div class=\"em-card-fields\">\n                                          <div class=\"em-card-field\">\n                        <span class=\"em-card-field-label\">Titre :<\/span>\n                        <span class=\"em-card-field-value\">Atelier caf\u00e9 c\u00e9ramique &amp; cours d&#039;initiation au modelage<\/span>\n                      <\/div>\n                                          <div class=\"em-card-field\">\n                        <span class=\"em-card-field-label\">Cat\u00e9gorie :<\/span>\n                        <span class=\"em-card-field-value\">Autres \u00e9v\u00e9nements<\/span>\n                      <\/div>\n                                          <div class=\"em-card-field\">\n                        <span class=\"em-card-field-label\">Ville :<\/span>\n                        <span class=\"em-card-field-value\">Audierne<\/span>\n                      <\/div>\n                                      <\/div>\n\n                  <!-- Lien vers le d\u00e9tail -->\n                  <div class=\"em-card-footer\">\n                    <span>Voir le d\u00e9tail<\/span>\n                    <svg fill=\"none\" viewBox=\"0 0 24 24\" stroke=\"currentColor\" stroke-width=\"2\">\n                      <path stroke-linecap=\"round\" stroke-linejoin=\"round\" d=\"M13.5 4.5L21 12m0 0l-7.5 7.5M21 12H3\"><\/path>\n                    <\/svg>\n                  <\/div>\n                <\/div>\n              <\/article>\n                          <article class=\"em-card\"\n                data-type=\"evenements-locaux-6\"\n                data-features=\"\"\n                data-name=\"atelier de c\u00e9ramique sur le th\u00e8me &quot;du modelage \u00e0 l&#039;\u00e9panouissement cr\u00e9atif&quot; par les c\u00e9ramiques de blue\"\n                data-json=\"{&quot;name&quot;:&quot;Atelier de c\\u00e9ramique sur le th\\u00e8me \\&quot;du modelage \\u00e0 l&#039;\\u00e9panouissement cr\\u00e9atif\\&quot; par les C\\u00e9ramiques de Blue&quot;,&quot;image&quot;:&quot;&quot;,&quot;link&quot;:&quot;https:\\\/\\\/www.sandrineweckel.fr\\\/mes-ateliers-et-formations\\\/&quot;,&quot;data&quot;:{&quot;titre&quot;:&quot;Atelier de c\\u00e9ramique sur le th\\u00e8me \\&quot;du modelage \\u00e0 l&#039;\\u00e9panouissement cr\\u00e9atif\\&quot; par les C\\u00e9ramiques de Blue&quot;,&quot;description&quot;:&quot;Reconnectez-vous \\u00e0 la nature, port\\u00e9 par les 4 \\u00e9l\\u00e9ments en cr\\u00e9ant une c\\u00e9ramique qui vous ressemble.\\nTarif par s\\u00e9ance pour la r\\u00e9alisation d&#039;un projet : 50\\u20ac qui comprend les mati\\u00e8res premi\\u00e8res, la formation, les 2 cuissons et l&#039;\\u00e9maillage. \\nSur r\\u00e9servation au 06.78.78.55.77&quot;,&quot;categorie&quot;:&quot;Autres \\u00e9v\\u00e9nements&quot;,&quot;ville&quot;:&quot;Poullan-sur-Mer&quot;,&quot;code_postal&quot;:&quot;29100&quot;,&quot;name&quot;:&quot;Atelier de c\\u00e9ramique sur le th\\u00e8me \\&quot;du modelage \\u00e0 l&#039;\\u00e9panouissement cr\\u00e9atif\\&quot; par les C\\u00e9ramiques de Blue&quot;,&quot;latitude&quot;:&quot;48.1028916&quot;,&quot;longitude&quot;:&quot;-4.3807995&quot;,&quot;link&quot;:&quot;https:\\\/\\\/www.sandrineweckel.fr\\\/mes-ateliers-et-formations\\\/&quot;},&quot;category&quot;:&quot;\\u00c9v\\u00e9nements locaux&quot;,&quot;faq&quot;:[],&quot;event&quot;:&quot;Du 28\\\/08\\\/2026 au 28\\\/08\\\/2026 \\u00e0 23:59&quot;,&quot;video_url&quot;:&quot;&quot;,&quot;video_embed&quot;:null,&quot;documents&quot;:[],&quot;gallery&quot;:[]}\">\n\n                <!-- Image + badge cat\u00e9gorie -->\n                <div class=\"em-card-img-wrap\">\n                                      <div class=\"em-card-placeholder\">\ud83d\udcf7 Pas d'image<\/div>\n                                    <span class=\"em-card-badge badge-default\">\u00c9v\u00e9nements locaux<\/span>\n                <\/div>\n\n                <!-- Contenu de la card -->\n                <div class=\"em-card-body\">\n                  <h3 class=\"em-card-title\">Atelier de c\u00e9ramique sur le th\u00e8me &quot;du modelage \u00e0 l&#039;\u00e9panouissement cr\u00e9atif&quot; par les C\u00e9ramiques de Blue<\/h3>\n\n                  <!-- Tags r\u00e9sum\u00e9s (max 4) -->\n                  <div class=\"em-card-tags\">\n                                                          <\/div>\n\n                  <!-- Champs suppl\u00e9mentaires (max 3) -->\n                  <div class=\"em-card-fields\">\n                                          <div class=\"em-card-field\">\n                        <span class=\"em-card-field-label\">Titre :<\/span>\n                        <span class=\"em-card-field-value\">Atelier de c\u00e9ramique sur le th\u00e8me &quot;du modelage \u00e0 l&#039;\u00e9panouiss<\/span>\n                      <\/div>\n                                          <div class=\"em-card-field\">\n                        <span class=\"em-card-field-label\">Cat\u00e9gorie :<\/span>\n                        <span class=\"em-card-field-value\">Autres \u00e9v\u00e9nements<\/span>\n                      <\/div>\n                                          <div class=\"em-card-field\">\n                        <span class=\"em-card-field-label\">Ville :<\/span>\n                        <span class=\"em-card-field-value\">Poullan-sur-Mer<\/span>\n                      <\/div>\n                                      <\/div>\n\n                  <!-- Lien vers le d\u00e9tail -->\n                  <div class=\"em-card-footer\">\n                    <span>Voir le d\u00e9tail<\/span>\n                    <svg fill=\"none\" viewBox=\"0 0 24 24\" stroke=\"currentColor\" stroke-width=\"2\">\n                      <path stroke-linecap=\"round\" stroke-linejoin=\"round\" d=\"M13.5 4.5L21 12m0 0l-7.5 7.5M21 12H3\"><\/path>\n                    <\/svg>\n                  <\/div>\n                <\/div>\n              <\/article>\n                          <article class=\"em-card\"\n                data-type=\"evenements-locaux-6\"\n                data-features=\"\"\n                data-name=\"march\u00e9s du pays de douarnenez\"\n                data-json=\"{&quot;name&quot;:&quot;March\\u00e9s du Pays de Douarnenez&quot;,&quot;image&quot;:&quot;&quot;,&quot;link&quot;:&quot;http:\\\/\\\/www.douarnenez-tourisme.com\\\/&quot;,&quot;data&quot;:{&quot;titre&quot;:&quot;March\\u00e9s du Pays de Douarnenez&quot;,&quot;description&quot;:&quot;Centre-ville : Du mardi au samedi : Produits frais dans les Halles le matin.\\nTr\\u00e9boul : Du lundi au samedi :  produits frais sur le Port de Plaisance le matin\\nMercredi et samedi matin : grand march\\u00e9 sur le Port de Plaisance\\nPloar\\u00e9 (place du P\\u00e8re Maunoir) : le mardi de 9h 13h, producteurs locaux \\nPlage des Sables Blancs (place Cora Laparcerie) : le jeudi de 18h \\u00e0 21h30 (09 juillet au 20 ao\\u00fbt 2026)&quot;,&quot;categorie&quot;:&quot;March\\u00e9s &amp; foires&quot;,&quot;ville&quot;:&quot;Douarnenez&quot;,&quot;code_postal&quot;:&quot;29100&quot;,&quot;name&quot;:&quot;March\\u00e9s du Pays de Douarnenez&quot;,&quot;latitude&quot;:&quot;48.0934716&quot;,&quot;longitude&quot;:&quot;-4.3268701&quot;,&quot;link&quot;:&quot;http:\\\/\\\/www.douarnenez-tourisme.com\\\/&quot;},&quot;category&quot;:&quot;\\u00c9v\\u00e9nements locaux&quot;,&quot;faq&quot;:[],&quot;event&quot;:&quot;Du 01\\\/01\\\/2026 au 31\\\/12\\\/2026 \\u00e0 23:59&quot;,&quot;video_url&quot;:&quot;&quot;,&quot;video_embed&quot;:null,&quot;documents&quot;:[],&quot;gallery&quot;:[]}\">\n\n                <!-- Image + badge cat\u00e9gorie -->\n                <div class=\"em-card-img-wrap\">\n                                      <div class=\"em-card-placeholder\">\ud83d\udcf7 Pas d'image<\/div>\n                                    <span class=\"em-card-badge badge-default\">\u00c9v\u00e9nements locaux<\/span>\n                <\/div>\n\n                <!-- Contenu de la card -->\n                <div class=\"em-card-body\">\n                  <h3 class=\"em-card-title\">March\u00e9s du Pays de Douarnenez<\/h3>\n\n                  <!-- Tags r\u00e9sum\u00e9s (max 4) -->\n                  <div class=\"em-card-tags\">\n                                                          <\/div>\n\n                  <!-- Champs suppl\u00e9mentaires (max 3) -->\n                  <div class=\"em-card-fields\">\n                                          <div class=\"em-card-field\">\n                        <span class=\"em-card-field-label\">Titre :<\/span>\n                        <span class=\"em-card-field-value\">March\u00e9s du Pays de Douarnenez<\/span>\n                      <\/div>\n                                          <div class=\"em-card-field\">\n                        <span class=\"em-card-field-label\">Cat\u00e9gorie :<\/span>\n                        <span class=\"em-card-field-value\">March\u00e9s &amp; foires<\/span>\n                      <\/div>\n                                          <div class=\"em-card-field\">\n                        <span class=\"em-card-field-label\">Ville :<\/span>\n                        <span class=\"em-card-field-value\">Douarnenez<\/span>\n                      <\/div>\n                                      <\/div>\n\n                  <!-- Lien vers le d\u00e9tail -->\n                  <div class=\"em-card-footer\">\n                    <span>Voir le d\u00e9tail<\/span>\n                    <svg fill=\"none\" viewBox=\"0 0 24 24\" stroke=\"currentColor\" stroke-width=\"2\">\n                      <path stroke-linecap=\"round\" stroke-linejoin=\"round\" d=\"M13.5 4.5L21 12m0 0l-7.5 7.5M21 12H3\"><\/path>\n                    <\/svg>\n                  <\/div>\n                <\/div>\n              <\/article>\n                          <article class=\"em-card\"\n                data-type=\"evenements-locaux-6\"\n                data-features=\"\"\n                data-name=\"visite de la chapelle notre dame de lorette\"\n                data-json=\"{&quot;name&quot;:&quot;Visite de la chapelle Notre Dame de Lorette&quot;,&quot;image&quot;:&quot;&quot;,&quot;link&quot;:&quot;https:\\\/\\\/war-hentchou-irvilhag.over-blog.com\\\/&quot;,&quot;data&quot;:{&quot;titre&quot;:&quot;Visite de la chapelle Notre Dame de Lorette&quot;,&quot;description&quot;:&quot;Visite et commentaires sur l&#039;histoire de la chapelle Notre Dame de Lorette \\u00e0 Irvillac, par les b\\u00e9n\\u00e9voles de l&#039;association War Hentchou Irvilhag .&quot;,&quot;categorie&quot;:&quot;Autres \\u00e9v\\u00e9nements&quot;,&quot;ville&quot;:&quot;Irvillac&quot;,&quot;code_postal&quot;:&quot;29460&quot;,&quot;name&quot;:&quot;Visite de la chapelle Notre Dame de Lorette&quot;,&quot;latitude&quot;:&quot;48.3597800&quot;,&quot;longitude&quot;:&quot;-4.1860380&quot;,&quot;link&quot;:&quot;https:\\\/\\\/war-hentchou-irvilhag.over-blog.com\\\/&quot;},&quot;category&quot;:&quot;\\u00c9v\\u00e9nements locaux&quot;,&quot;faq&quot;:[],&quot;event&quot;:&quot;Du 28\\\/08\\\/2026 \\u00e0 16:00 au 28\\\/08\\\/2026 \\u00e0 23:59&quot;,&quot;video_url&quot;:&quot;&quot;,&quot;video_embed&quot;:null,&quot;documents&quot;:[],&quot;gallery&quot;:[]}\">\n\n                <!-- Image + badge cat\u00e9gorie -->\n                <div class=\"em-card-img-wrap\">\n                                      <div class=\"em-card-placeholder\">\ud83d\udcf7 Pas d'image<\/div>\n                                    <span class=\"em-card-badge badge-default\">\u00c9v\u00e9nements locaux<\/span>\n                <\/div>\n\n                <!-- Contenu de la card -->\n                <div class=\"em-card-body\">\n                  <h3 class=\"em-card-title\">Visite de la chapelle Notre Dame de Lorette<\/h3>\n\n                  <!-- Tags r\u00e9sum\u00e9s (max 4) -->\n                  <div class=\"em-card-tags\">\n                                                          <\/div>\n\n                  <!-- Champs suppl\u00e9mentaires (max 3) -->\n                  <div class=\"em-card-fields\">\n                                          <div class=\"em-card-field\">\n                        <span class=\"em-card-field-label\">Titre :<\/span>\n                        <span class=\"em-card-field-value\">Visite de la chapelle Notre Dame de Lorette<\/span>\n                      <\/div>\n                                          <div class=\"em-card-field\">\n                        <span class=\"em-card-field-label\">Cat\u00e9gorie :<\/span>\n                        <span class=\"em-card-field-value\">Autres \u00e9v\u00e9nements<\/span>\n                      <\/div>\n                                          <div class=\"em-card-field\">\n                        <span class=\"em-card-field-label\">Ville :<\/span>\n                        <span class=\"em-card-field-value\">Irvillac<\/span>\n                      <\/div>\n                                      <\/div>\n\n                  <!-- Lien vers le d\u00e9tail -->\n                  <div class=\"em-card-footer\">\n                    <span>Voir le d\u00e9tail<\/span>\n                    <svg fill=\"none\" viewBox=\"0 0 24 24\" stroke=\"currentColor\" stroke-width=\"2\">\n                      <path stroke-linecap=\"round\" stroke-linejoin=\"round\" d=\"M13.5 4.5L21 12m0 0l-7.5 7.5M21 12H3\"><\/path>\n                    <\/svg>\n                  <\/div>\n                <\/div>\n              <\/article>\n                          <article class=\"em-card\"\n                data-type=\"evenements-locaux-6\"\n                data-features=\"\"\n                data-name=\"concert de oizau\"\n                data-json=\"{&quot;name&quot;:&quot;Concert de Oizau&quot;,&quot;image&quot;:&quot;&quot;,&quot;link&quot;:&quot;http:\\\/\\\/www.lapluiedete.fr\\\/&quot;,&quot;data&quot;:{&quot;titre&quot;:&quot;Concert de Oizau&quot;,&quot;description&quot;:&quot;Vendredi 28 aout \\u00e0 18h30 : concert de Oizau, harpe et chansons \\u00e0 textes.&quot;,&quot;categorie&quot;:&quot;Concerts, musique &amp; festivals&quot;,&quot;ville&quot;:&quot;Pont-Croix&quot;,&quot;code_postal&quot;:&quot;29790&quot;,&quot;name&quot;:&quot;Concert de Oizau&quot;,&quot;latitude&quot;:&quot;48.0410345&quot;,&quot;longitude&quot;:&quot;-4.4879437&quot;,&quot;link&quot;:&quot;http:\\\/\\\/www.lapluiedete.fr\\\/&quot;},&quot;category&quot;:&quot;\\u00c9v\\u00e9nements locaux&quot;,&quot;faq&quot;:[],&quot;event&quot;:&quot;Du 28\\\/08\\\/2026 \\u00e0 18:30 au 28\\\/08\\\/2026 \\u00e0 23:59&quot;,&quot;video_url&quot;:&quot;&quot;,&quot;video_embed&quot;:null,&quot;documents&quot;:[],&quot;gallery&quot;:[]}\">\n\n                <!-- Image + badge cat\u00e9gorie -->\n                <div class=\"em-card-img-wrap\">\n                                      <div class=\"em-card-placeholder\">\ud83d\udcf7 Pas d'image<\/div>\n                                    <span class=\"em-card-badge badge-default\">\u00c9v\u00e9nements locaux<\/span>\n                <\/div>\n\n                <!-- Contenu de la card -->\n                <div class=\"em-card-body\">\n                  <h3 class=\"em-card-title\">Concert de Oizau<\/h3>\n\n                  <!-- Tags r\u00e9sum\u00e9s (max 4) -->\n                  <div class=\"em-card-tags\">\n                                                          <\/div>\n\n                  <!-- Champs suppl\u00e9mentaires (max 3) -->\n                  <div class=\"em-card-fields\">\n                                          <div class=\"em-card-field\">\n                        <span class=\"em-card-field-label\">Titre :<\/span>\n                        <span class=\"em-card-field-value\">Concert de Oizau<\/span>\n                      <\/div>\n                                          <div class=\"em-card-field\">\n                        <span class=\"em-card-field-label\">Cat\u00e9gorie :<\/span>\n                        <span class=\"em-card-field-value\">Concerts, musique &amp; festivals<\/span>\n                      <\/div>\n                                          <div class=\"em-card-field\">\n                        <span class=\"em-card-field-label\">Ville :<\/span>\n                        <span class=\"em-card-field-value\">Pont-Croix<\/span>\n                      <\/div>\n                                      <\/div>\n\n                  <!-- Lien vers le d\u00e9tail -->\n                  <div class=\"em-card-footer\">\n                    <span>Voir le d\u00e9tail<\/span>\n                    <svg fill=\"none\" viewBox=\"0 0 24 24\" stroke=\"currentColor\" stroke-width=\"2\">\n                      <path stroke-linecap=\"round\" stroke-linejoin=\"round\" d=\"M13.5 4.5L21 12m0 0l-7.5 7.5M21 12H3\"><\/path>\n                    <\/svg>\n                  <\/div>\n                <\/div>\n              <\/article>\n                          <article class=\"em-card\"\n                data-type=\"evenements-locaux-6\"\n                data-features=\"\"\n                data-name=\"il est con mais je l&#039;aime - spectacle d&#039;humour\"\n                data-json=\"{&quot;name&quot;:&quot;Il est con mais je l&#039;aime - Spectacle d&#039;humour&quot;,&quot;image&quot;:&quot;&quot;,&quot;link&quot;:&quot;http:\\\/\\\/www.comediedufinistere.fr\\\/&quot;,&quot;data&quot;:{&quot;titre&quot;:&quot;Il est con mais je l&#039;aime - Spectacle d&#039;humour&quot;,&quot;description&quot;:&quot;L&#039;amour, c&#039;est simple. Sauf quand on est deux.\\n\\nLaura et Arthur sont ensemble depuis 6 ans. Pour renforcer la solidit\\u00e9 de leur couple, ils d\\u00e9cident de suivre un programme sur 5 jours, avec un objectif diff\\u00e9rent pour chaque journ\\u00e9e.\\n\\nIls vont devoir utiliser la communication non-violente, revivre leur rencontre ou encore casser la routine... autant dire que la semaine ne sera pas de tout repos !\\n\\nUne com\\u00e9die dr\\u00f4le et actuelle sur le couple, le quotidien et l&#039;amour... qui pourrait m\\u00eame vous donner de l&#039;inspiration !\\n\\nInformations pratiques :\\n\\nDur\\u00e9e 1h15\\nTout public\\nSalle accessible aux PMR\\nPlacement libre, par ordre d&#039;arriv\\u00e9e\\nAcc\\u00e8s \\u00e0 la salle possible avec contr\\u00f4le billet 30 minutes avant le d\\u00e9but de la repr\\u00e9sentation\\nL&#039;horaire indiqu\\u00e9 correspond \\u00e0 l&#039;heure de d\\u00e9but du spectacle. Toute personne se pr\\u00e9sentant apr\\u00e8s cet horaire, m\\u00eame en possession d&#039;un billet, pourra se voir refuser l&#039;acc\\u00e8s \\u00e0 la salle.&quot;,&quot;categorie&quot;:&quot;Spectacles &amp; cin\\u00e9ma&quot;,&quot;ville&quot;:&quot;Brest&quot;,&quot;code_postal&quot;:&quot;29200&quot;,&quot;name&quot;:&quot;Il est con mais je l&#039;aime - Spectacle d&#039;humour&quot;,&quot;latitude&quot;:&quot;48.3890223&quot;,&quot;longitude&quot;:&quot;-4.4983387&quot;,&quot;link&quot;:&quot;http:\\\/\\\/www.comediedufinistere.fr\\\/&quot;},&quot;category&quot;:&quot;\\u00c9v\\u00e9nements locaux&quot;,&quot;faq&quot;:[],&quot;event&quot;:&quot;Du 04\\\/09\\\/2026 \\u00e0 21:00 au 04\\\/09\\\/2026 \\u00e0 23:59&quot;,&quot;video_url&quot;:&quot;&quot;,&quot;video_embed&quot;:null,&quot;documents&quot;:[],&quot;gallery&quot;:[]}\">\n\n                <!-- Image + badge cat\u00e9gorie -->\n                <div class=\"em-card-img-wrap\">\n                                      <div class=\"em-card-placeholder\">\ud83d\udcf7 Pas d'image<\/div>\n                                    <span class=\"em-card-badge badge-default\">\u00c9v\u00e9nements locaux<\/span>\n                <\/div>\n\n                <!-- Contenu de la card -->\n                <div class=\"em-card-body\">\n                  <h3 class=\"em-card-title\">Il est con mais je l&#039;aime - Spectacle d&#039;humour<\/h3>\n\n                  <!-- Tags r\u00e9sum\u00e9s (max 4) -->\n                  <div class=\"em-card-tags\">\n                                                          <\/div>\n\n                  <!-- Champs suppl\u00e9mentaires (max 3) -->\n                  <div class=\"em-card-fields\">\n                                          <div class=\"em-card-field\">\n                        <span class=\"em-card-field-label\">Titre :<\/span>\n                        <span class=\"em-card-field-value\">Il est con mais je l&#039;aime - Spectacle d&#039;humour<\/span>\n                      <\/div>\n                                          <div class=\"em-card-field\">\n                        <span class=\"em-card-field-label\">Cat\u00e9gorie :<\/span>\n                        <span class=\"em-card-field-value\">Spectacles &amp; cin\u00e9ma<\/span>\n                      <\/div>\n                                          <div class=\"em-card-field\">\n                        <span class=\"em-card-field-label\">Ville :<\/span>\n                        <span class=\"em-card-field-value\">Brest<\/span>\n                      <\/div>\n                                      <\/div>\n\n                  <!-- Lien vers le d\u00e9tail -->\n                  <div class=\"em-card-footer\">\n                    <span>Voir le d\u00e9tail<\/span>\n                    <svg fill=\"none\" viewBox=\"0 0 24 24\" stroke=\"currentColor\" stroke-width=\"2\">\n                      <path stroke-linecap=\"round\" stroke-linejoin=\"round\" d=\"M13.5 4.5L21 12m0 0l-7.5 7.5M21 12H3\"><\/path>\n                    <\/svg>\n                  <\/div>\n                <\/div>\n              <\/article>\n                          <article class=\"em-card\"\n                data-type=\"evenements-locaux-6\"\n                data-features=\"\"\n                data-name=\"les vendredis concerts\"\n                data-json=\"{&quot;name&quot;:&quot;Les vendredis Concerts&quot;,&quot;image&quot;:&quot;&quot;,&quot;link&quot;:&quot;&quot;,&quot;data&quot;:{&quot;titre&quot;:&quot;Les vendredis Concerts&quot;,&quot;description&quot;:&quot;Les vendredis concerts 5\\u00e8me Edition Reprises de vos tubes pr\\u00e9f\\u00e9r\\u00e9s Fran\\u00e7ais et Internationales des Ann\\u00e9es 80&#039;s \\u00e0 nos jours. Pop Rock, blues, country, Jazz, Finger&#039;s style en passant par un blind test. Nos artistes multiples vous replongerons dans votre pass\\u00e9 musical.&quot;,&quot;categorie&quot;:&quot;Concerts, musique &amp; festivals&quot;,&quot;ville&quot;:&quot;Crozon&quot;,&quot;code_postal&quot;:&quot;29160&quot;,&quot;name&quot;:&quot;Les vendredis Concerts&quot;,&quot;latitude&quot;:&quot;48.2458400&quot;,&quot;longitude&quot;:&quot;-4.4906200&quot;},&quot;category&quot;:&quot;\\u00c9v\\u00e9nements locaux&quot;,&quot;faq&quot;:[],&quot;event&quot;:&quot;Du 28\\\/08\\\/2026 \\u00e0 20:00 au 28\\\/08\\\/2026 \\u00e0 23:59&quot;,&quot;video_url&quot;:&quot;&quot;,&quot;video_embed&quot;:null,&quot;documents&quot;:[],&quot;gallery&quot;:[]}\">\n\n                <!-- Image + badge cat\u00e9gorie -->\n                <div class=\"em-card-img-wrap\">\n                                      <div class=\"em-card-placeholder\">\ud83d\udcf7 Pas d'image<\/div>\n                                    <span class=\"em-card-badge badge-default\">\u00c9v\u00e9nements locaux<\/span>\n                <\/div>\n\n                <!-- Contenu de la card -->\n                <div class=\"em-card-body\">\n                  <h3 class=\"em-card-title\">Les vendredis Concerts<\/h3>\n\n                  <!-- Tags r\u00e9sum\u00e9s (max 4) -->\n                  <div class=\"em-card-tags\">\n                                                          <\/div>\n\n                  <!-- Champs suppl\u00e9mentaires (max 3) -->\n                  <div class=\"em-card-fields\">\n                                          <div class=\"em-card-field\">\n                        <span class=\"em-card-field-label\">Titre :<\/span>\n                        <span class=\"em-card-field-value\">Les vendredis Concerts<\/span>\n                      <\/div>\n                                          <div class=\"em-card-field\">\n                        <span class=\"em-card-field-label\">Cat\u00e9gorie :<\/span>\n                        <span class=\"em-card-field-value\">Concerts, musique &amp; festivals<\/span>\n                      <\/div>\n                                          <div class=\"em-card-field\">\n                        <span class=\"em-card-field-label\">Ville :<\/span>\n                        <span class=\"em-card-field-value\">Crozon<\/span>\n                      <\/div>\n                                      <\/div>\n\n                  <!-- Lien vers le d\u00e9tail -->\n                  <div class=\"em-card-footer\">\n                    <span>Voir le d\u00e9tail<\/span>\n                    <svg fill=\"none\" viewBox=\"0 0 24 24\" stroke=\"currentColor\" stroke-width=\"2\">\n                      <path stroke-linecap=\"round\" stroke-linejoin=\"round\" d=\"M13.5 4.5L21 12m0 0l-7.5 7.5M21 12H3\"><\/path>\n                    <\/svg>\n                  <\/div>\n                <\/div>\n              <\/article>\n                          <article class=\"em-card\"\n                data-type=\"evenements-locaux-6\"\n                data-features=\"\"\n                data-name=\"visite atelier \u00ab les fraises de plougastel\u00bb\"\n                data-json=\"{&quot;name&quot;:&quot;Visite atelier \\u00ab Les fraises de Plougastel\\u00bb&quot;,&quot;image&quot;:&quot;&quot;,&quot;link&quot;:&quot;https:\\\/\\\/www.museepaysplougastel.fr\\\/&quot;,&quot;data&quot;:{&quot;titre&quot;:&quot;Visite atelier \\u00ab Les fraises de Plougastel\\u00bb&quot;,&quot;description&quot;:&quot;La fraise est-elle r\\u00e9ellement un fruit ? D\\u00e9couvrez l\\u2019histoire des fraises de Plougastel puis r\\u00e9alisez un atelier cr\\u00e9atif autour de ce fruit.\\nLe r\\u00e8glement s\\u2019effectue en amont \\u00e0 la boutique du mus\\u00e9e.\\n\\nTarif 5 \\u20ac par personne \\n\\nLe r\\u00e8glement se fer le jour J de l&#039;animation \\u00e0 la boutique du mus\\u00e9e (Office de Tourisme, 6 rue de l&#039;\\u00e9glise Plougastel-Daoulas). Puis, rendez-vous \\u00e0 l&#039;Espace Fr\\u00e9zier (Place Jean-Fournier).&quot;,&quot;categorie&quot;:&quot;En famille&quot;,&quot;ville&quot;:&quot;Plougastel-Daoulas&quot;,&quot;code_postal&quot;:&quot;29470&quot;,&quot;name&quot;:&quot;Visite atelier \\u00ab Les fraises de Plougastel\\u00bb&quot;,&quot;latitude&quot;:&quot;48.3734843&quot;,&quot;longitude&quot;:&quot;-4.3704427&quot;,&quot;link&quot;:&quot;https:\\\/\\\/www.museepaysplougastel.fr\\\/&quot;},&quot;category&quot;:&quot;\\u00c9v\\u00e9nements locaux&quot;,&quot;faq&quot;:[],&quot;event&quot;:&quot;Du 27\\\/08\\\/2026 \\u00e0 14:30 au 27\\\/08\\\/2026 \\u00e0 23:59&quot;,&quot;video_url&quot;:&quot;&quot;,&quot;video_embed&quot;:null,&quot;documents&quot;:[],&quot;gallery&quot;:[]}\">\n\n                <!-- Image + badge cat\u00e9gorie -->\n                <div class=\"em-card-img-wrap\">\n                                      <div class=\"em-card-placeholder\">\ud83d\udcf7 Pas d'image<\/div>\n                                    <span class=\"em-card-badge badge-default\">\u00c9v\u00e9nements locaux<\/span>\n                <\/div>\n\n                <!-- Contenu de la card -->\n                <div class=\"em-card-body\">\n                  <h3 class=\"em-card-title\">Visite atelier \u00ab Les fraises de Plougastel\u00bb<\/h3>\n\n                  <!-- Tags r\u00e9sum\u00e9s (max 4) -->\n                  <div class=\"em-card-tags\">\n                                                          <\/div>\n\n                  <!-- Champs suppl\u00e9mentaires (max 3) -->\n                  <div class=\"em-card-fields\">\n                                          <div class=\"em-card-field\">\n                        <span class=\"em-card-field-label\">Titre :<\/span>\n                        <span class=\"em-card-field-value\">Visite atelier \u00ab Les fraises de Plougastel\u00bb<\/span>\n                      <\/div>\n                                          <div class=\"em-card-field\">\n                        <span class=\"em-card-field-label\">Cat\u00e9gorie :<\/span>\n                        <span class=\"em-card-field-value\">En famille<\/span>\n                      <\/div>\n                                          <div class=\"em-card-field\">\n                        <span class=\"em-card-field-label\">Ville :<\/span>\n                        <span class=\"em-card-field-value\">Plougastel-Daoulas<\/span>\n                      <\/div>\n                                      <\/div>\n\n                  <!-- Lien vers le d\u00e9tail -->\n                  <div class=\"em-card-footer\">\n                    <span>Voir le d\u00e9tail<\/span>\n                    <svg fill=\"none\" viewBox=\"0 0 24 24\" stroke=\"currentColor\" stroke-width=\"2\">\n                      <path stroke-linecap=\"round\" stroke-linejoin=\"round\" d=\"M13.5 4.5L21 12m0 0l-7.5 7.5M21 12H3\"><\/path>\n                    <\/svg>\n                  <\/div>\n                <\/div>\n              <\/article>\n                          <article class=\"em-card\"\n                data-type=\"evenements-locaux-6\"\n                data-features=\"\"\n                data-name=\"le vol du coeur d&#039;anne de bretagne\"\n                data-json=\"{&quot;name&quot;:&quot;Le vol du coeur d&#039;Anne de Bretagne&quot;,&quot;image&quot;:&quot;&quot;,&quot;link&quot;:&quot;http:\\\/\\\/www.breizh-odyssee.bzh\\\/&quot;,&quot;data&quot;:{&quot;titre&quot;:&quot;Le vol du coeur d&#039;Anne de Bretagne&quot;,&quot;description&quot;:&quot;Menez l&#039;enqu\\u00eate \\u00e0 l&#039;int\\u00e9rieur de l&#039;espace mus\\u00e9ographique de Breizh Odyss\\u00e9e et partez \\u00e0 la recherche du reliquaire contenant le c\\u0153ur de la duchesse Anne !\\nActivit\\u00e9 pour les 7-12 ans accompagn\\u00e9s d&#039;un parent, sans r\\u00e9servation&quot;,&quot;categorie&quot;:&quot;En famille&quot;,&quot;ville&quot;:&quot;Land\\u00e9vennec&quot;,&quot;code_postal&quot;:&quot;29560&quot;,&quot;name&quot;:&quot;Le vol du coeur d&#039;Anne de Bretagne&quot;,&quot;latitude&quot;:&quot;48.2923600&quot;,&quot;longitude&quot;:&quot;-4.2678000&quot;,&quot;link&quot;:&quot;http:\\\/\\\/www.breizh-odyssee.bzh\\\/&quot;},&quot;category&quot;:&quot;\\u00c9v\\u00e9nements locaux&quot;,&quot;faq&quot;:[],&quot;event&quot;:&quot;Du 31\\\/08\\\/2026 \\u00e0 10:30 au 31\\\/08\\\/2026 \\u00e0 23:59&quot;,&quot;video_url&quot;:&quot;&quot;,&quot;video_embed&quot;:null,&quot;documents&quot;:[],&quot;gallery&quot;:[]}\">\n\n                <!-- Image + badge cat\u00e9gorie -->\n                <div class=\"em-card-img-wrap\">\n                                      <div class=\"em-card-placeholder\">\ud83d\udcf7 Pas d'image<\/div>\n                                    <span class=\"em-card-badge badge-default\">\u00c9v\u00e9nements locaux<\/span>\n                <\/div>\n\n                <!-- Contenu de la card -->\n                <div class=\"em-card-body\">\n                  <h3 class=\"em-card-title\">Le vol du coeur d&#039;Anne de Bretagne<\/h3>\n\n                  <!-- Tags r\u00e9sum\u00e9s (max 4) -->\n                  <div class=\"em-card-tags\">\n                                                          <\/div>\n\n                  <!-- Champs suppl\u00e9mentaires (max 3) -->\n                  <div class=\"em-card-fields\">\n                                          <div class=\"em-card-field\">\n                        <span class=\"em-card-field-label\">Titre :<\/span>\n                        <span class=\"em-card-field-value\">Le vol du coeur d&#039;Anne de Bretagne<\/span>\n                      <\/div>\n                                          <div class=\"em-card-field\">\n                        <span class=\"em-card-field-label\">Cat\u00e9gorie :<\/span>\n                        <span class=\"em-card-field-value\">En famille<\/span>\n                      <\/div>\n                                          <div class=\"em-card-field\">\n                        <span class=\"em-card-field-label\">Ville :<\/span>\n                        <span class=\"em-card-field-value\">Land\u00e9vennec<\/span>\n                      <\/div>\n                                      <\/div>\n\n                  <!-- Lien vers le d\u00e9tail -->\n                  <div class=\"em-card-footer\">\n                    <span>Voir le d\u00e9tail<\/span>\n                    <svg fill=\"none\" viewBox=\"0 0 24 24\" stroke=\"currentColor\" stroke-width=\"2\">\n                      <path stroke-linecap=\"round\" stroke-linejoin=\"round\" d=\"M13.5 4.5L21 12m0 0l-7.5 7.5M21 12H3\"><\/path>\n                    <\/svg>\n                  <\/div>\n                <\/div>\n              <\/article>\n                          <article class=\"em-card\"\n                data-type=\"evenements-locaux-6\"\n                data-features=\"\"\n                data-name=\"bal populaire, dj et feu d&#039;artifice\"\n                data-json=\"{&quot;name&quot;:&quot;Bal populaire, DJ et feu d&#039;artifice&quot;,&quot;image&quot;:&quot;&quot;,&quot;link&quot;:&quot;https:\\\/\\\/www.lerelecqkerhuon.bzh\\\/agenda\\\/&quot;,&quot;data&quot;:{&quot;titre&quot;:&quot;Bal populaire, DJ et feu d&#039;artifice&quot;,&quot;description&quot;:&quot;Une soir\\u00e9e conviviale et festive !\\nD\\u00e8s le d\\u00e9but de soir\\u00e9e, le trio breton Smooth Project, avec son r\\u00e9pertoire de 50 ans de reprises de tubes pop, rock, funk &amp; standards connus et revisit\\u00e9s version \\u00ab pop swing \\u00bb \\u2026 Ils seront suivis par le groupe Party train groupe de funk qui vous au c\\u0153ur des musiques. \\n\\n\\u00c0 23h, c\\u2019est le feu d\\u2019artifice mis en musique cette ann\\u00e9e. \\nEt pour continuer la nuit ensemble, DJ Montgomery mixera tous les tubes d\\u2019hier et \\nd\\u2019aujourd\\u2019hui !\\n\\nInformations pratiques :\\nTout public\\nAcc\\u00e8s libre\\nPetite restauration sur place.&quot;,&quot;categorie&quot;:&quot;En famille&quot;,&quot;ville&quot;:&quot;Le Relecq-Kerhuon&quot;,&quot;code_postal&quot;:&quot;29480&quot;,&quot;name&quot;:&quot;Bal populaire, DJ et feu d&#039;artifice&quot;,&quot;latitude&quot;:&quot;48.3978896&quot;,&quot;longitude&quot;:&quot;-4.3946601&quot;,&quot;link&quot;:&quot;https:\\\/\\\/www.lerelecqkerhuon.bzh\\\/agenda\\\/&quot;},&quot;category&quot;:&quot;\\u00c9v\\u00e9nements locaux&quot;,&quot;faq&quot;:[],&quot;event&quot;:&quot;Du 28\\\/08\\\/2026 \\u00e0 19:00 au 28\\\/08\\\/2026 \\u00e0 23:59&quot;,&quot;video_url&quot;:&quot;&quot;,&quot;video_embed&quot;:null,&quot;documents&quot;:[],&quot;gallery&quot;:[]}\">\n\n                <!-- Image + badge cat\u00e9gorie -->\n                <div class=\"em-card-img-wrap\">\n                                      <div class=\"em-card-placeholder\">\ud83d\udcf7 Pas d'image<\/div>\n                                    <span class=\"em-card-badge badge-default\">\u00c9v\u00e9nements locaux<\/span>\n                <\/div>\n\n                <!-- Contenu de la card -->\n                <div class=\"em-card-body\">\n                  <h3 class=\"em-card-title\">Bal populaire, DJ et feu d&#039;artifice<\/h3>\n\n                  <!-- Tags r\u00e9sum\u00e9s (max 4) -->\n                  <div class=\"em-card-tags\">\n                                                          <\/div>\n\n                  <!-- Champs suppl\u00e9mentaires (max 3) -->\n                  <div class=\"em-card-fields\">\n                                          <div class=\"em-card-field\">\n                        <span class=\"em-card-field-label\">Titre :<\/span>\n                        <span class=\"em-card-field-value\">Bal populaire, DJ et feu d&#039;artifice<\/span>\n                      <\/div>\n                                          <div class=\"em-card-field\">\n                        <span class=\"em-card-field-label\">Cat\u00e9gorie :<\/span>\n                        <span class=\"em-card-field-value\">En famille<\/span>\n                      <\/div>\n                                          <div class=\"em-card-field\">\n                        <span class=\"em-card-field-label\">Ville :<\/span>\n                        <span class=\"em-card-field-value\">Le Relecq-Kerhuon<\/span>\n                      <\/div>\n                                      <\/div>\n\n                  <!-- Lien vers le d\u00e9tail -->\n                  <div class=\"em-card-footer\">\n                    <span>Voir le d\u00e9tail<\/span>\n                    <svg fill=\"none\" viewBox=\"0 0 24 24\" stroke=\"currentColor\" stroke-width=\"2\">\n                      <path stroke-linecap=\"round\" stroke-linejoin=\"round\" d=\"M13.5 4.5L21 12m0 0l-7.5 7.5M21 12H3\"><\/path>\n                    <\/svg>\n                  <\/div>\n                <\/div>\n              <\/article>\n                          <article class=\"em-card\"\n                data-type=\"evenements-locaux-6\"\n                data-features=\"\"\n                data-name=\"escape game \u00ab les \u00e9vad\u00e9s du ch\u00e2teau \u00bb\"\n                data-json=\"{&quot;name&quot;:&quot;Escape game \\u00ab Les \\u00e9vad\\u00e9s du ch\\u00e2teau \\u00bb&quot;,&quot;image&quot;:&quot;&quot;,&quot;link&quot;:&quot;https:\\\/\\\/www.musee-marine.fr\\\/nos-musees\\\/brest\\\/visiter\\\/offre-culturelle\\\/escape-game-les-evades-du-chateau.html&quot;,&quot;data&quot;:{&quot;titre&quot;:&quot;Escape game \\u00ab Les \\u00e9vad\\u00e9s du ch\\u00e2teau \\u00bb&quot;,&quot;description&quot;:&quot;Brest, 1811. Enferm\\u00e9s. Surveill\\u00e9s. Condamn\\u00e9s. Bagnards, vous avez cru vous enfuir si facilement ! Cruelle illusion... Vous voil\\u00e0 transf\\u00e9r\\u00e9s dans les tristes ge\\u00f4les du ch\\u00e2teau. Tr\\u00e8s peu ont r\\u00e9ussi \\u00e0 en sortir, et vous ?\\n\\nInformations pratiques : \\nDur\\u00e9e 1h30, avec 60 minutes de jeu. \\nPublic : Adultes et familles (\\u00e0 partir de 10 ans)\\nGroupes de 3 \\u00e0 6 personnes. \\nR\\u00e9servations en ligne.&quot;,&quot;categorie&quot;:&quot;En famille&quot;,&quot;ville&quot;:&quot;Brest&quot;,&quot;code_postal&quot;:&quot;29200&quot;,&quot;name&quot;:&quot;Escape game \\u00ab Les \\u00e9vad\\u00e9s du ch\\u00e2teau \\u00bb&quot;,&quot;latitude&quot;:&quot;48.3810239&quot;,&quot;longitude&quot;:&quot;-4.4946544&quot;,&quot;link&quot;:&quot;https:\\\/\\\/www.musee-marine.fr\\\/nos-musees\\\/brest\\\/visiter\\\/offre-culturelle\\\/escape-game-les-evades-du-chateau.html&quot;},&quot;category&quot;:&quot;\\u00c9v\\u00e9nements locaux&quot;,&quot;faq&quot;:[],&quot;event&quot;:&quot;Du 02\\\/09\\\/2026 \\u00e0 16:00 au 02\\\/09\\\/2026 \\u00e0 23:59&quot;,&quot;video_url&quot;:&quot;&quot;,&quot;video_embed&quot;:null,&quot;documents&quot;:[],&quot;gallery&quot;:[]}\">\n\n                <!-- Image + badge cat\u00e9gorie -->\n                <div class=\"em-card-img-wrap\">\n                                      <div class=\"em-card-placeholder\">\ud83d\udcf7 Pas d'image<\/div>\n                                    <span class=\"em-card-badge badge-default\">\u00c9v\u00e9nements locaux<\/span>\n                <\/div>\n\n                <!-- Contenu de la card -->\n                <div class=\"em-card-body\">\n                  <h3 class=\"em-card-title\">Escape game \u00ab Les \u00e9vad\u00e9s du ch\u00e2teau \u00bb<\/h3>\n\n                  <!-- Tags r\u00e9sum\u00e9s (max 4) -->\n                  <div class=\"em-card-tags\">\n                                                          <\/div>\n\n                  <!-- Champs suppl\u00e9mentaires (max 3) -->\n                  <div class=\"em-card-fields\">\n                                          <div class=\"em-card-field\">\n                        <span class=\"em-card-field-label\">Titre :<\/span>\n                        <span class=\"em-card-field-value\">Escape game \u00ab Les \u00e9vad\u00e9s du ch\u00e2teau \u00bb<\/span>\n                      <\/div>\n                                          <div class=\"em-card-field\">\n                        <span class=\"em-card-field-label\">Cat\u00e9gorie :<\/span>\n                        <span class=\"em-card-field-value\">En famille<\/span>\n                      <\/div>\n                                          <div class=\"em-card-field\">\n                        <span class=\"em-card-field-label\">Ville :<\/span>\n                        <span class=\"em-card-field-value\">Brest<\/span>\n                      <\/div>\n                                      <\/div>\n\n                  <!-- Lien vers le d\u00e9tail -->\n                  <div class=\"em-card-footer\">\n                    <span>Voir le d\u00e9tail<\/span>\n                    <svg fill=\"none\" viewBox=\"0 0 24 24\" stroke=\"currentColor\" stroke-width=\"2\">\n                      <path stroke-linecap=\"round\" stroke-linejoin=\"round\" d=\"M13.5 4.5L21 12m0 0l-7.5 7.5M21 12H3\"><\/path>\n                    <\/svg>\n                  <\/div>\n                <\/div>\n              <\/article>\n                          <article class=\"em-card\"\n                data-type=\"evenements-locaux-6\"\n                data-features=\"\"\n                data-name=\"balade en baie d\u2019audierne\"\n                data-json=\"{&quot;name&quot;:&quot;Balade en baie d\\u2019Audierne&quot;,&quot;image&quot;:&quot;&quot;,&quot;link&quot;:&quot;https:\\\/\\\/www.finist-mer.fr\\\/&quot;,&quot;data&quot;:{&quot;titre&quot;:&quot;Balade en baie d\\u2019Audierne&quot;,&quot;description&quot;:&quot;Au d\\u00e9part du port de Ste-Evette, vous longez la c\\u00f4te sauvage du Cap-Sizun et d\\u00e9couvrez des paysages insoup\\u00e7onn\\u00e9s : la chapelle StTugen, l\\u2019Ile aux Vaches, Pors-Loubous, le petit port de Bestr\\u00e9e et la fameuse pointe du Raz.\\nAvant de remettre le cap sur le continent, vous vous approcherez \\u00e9galement de l\\u2019\\u00e9l\\u00e9gant phare de la Vieille.\\n\\nGratuit pour les moins de 4 ans (enregistr\\u00e9s en agence) \\\/ Chien : 4\\u20ac\\n\\nBilletterie disponible aupr\\u00e8s de l&#039;Office de Tourisme \\u00e0 Audierne.&quot;,&quot;categorie&quot;:&quot;Autres \\u00e9v\\u00e9nements&quot;,&quot;ville&quot;:&quot;Audierne&quot;,&quot;code_postal&quot;:&quot;29770&quot;,&quot;name&quot;:&quot;Balade en baie d\\u2019Audierne&quot;,&quot;latitude&quot;:&quot;48.0060997&quot;,&quot;longitude&quot;:&quot;-4.5553163&quot;,&quot;link&quot;:&quot;https:\\\/\\\/www.finist-mer.fr\\\/&quot;},&quot;category&quot;:&quot;\\u00c9v\\u00e9nements locaux&quot;,&quot;faq&quot;:[],&quot;event&quot;:&quot;Du 28\\\/08\\\/2026 \\u00e0 09:00 au 28\\\/08\\\/2026 \\u00e0 23:59&quot;,&quot;video_url&quot;:&quot;&quot;,&quot;video_embed&quot;:null,&quot;documents&quot;:[],&quot;gallery&quot;:[]}\">\n\n                <!-- Image + badge cat\u00e9gorie -->\n                <div class=\"em-card-img-wrap\">\n                                      <div class=\"em-card-placeholder\">\ud83d\udcf7 Pas d'image<\/div>\n                                    <span class=\"em-card-badge badge-default\">\u00c9v\u00e9nements locaux<\/span>\n                <\/div>\n\n                <!-- Contenu de la card -->\n                <div class=\"em-card-body\">\n                  <h3 class=\"em-card-title\">Balade en baie d\u2019Audierne<\/h3>\n\n                  <!-- Tags r\u00e9sum\u00e9s (max 4) -->\n                  <div class=\"em-card-tags\">\n                                                          <\/div>\n\n                  <!-- Champs suppl\u00e9mentaires (max 3) -->\n                  <div class=\"em-card-fields\">\n                                          <div class=\"em-card-field\">\n                        <span class=\"em-card-field-label\">Titre :<\/span>\n                        <span class=\"em-card-field-value\">Balade en baie d\u2019Audierne<\/span>\n                      <\/div>\n                                          <div class=\"em-card-field\">\n                        <span class=\"em-card-field-label\">Cat\u00e9gorie :<\/span>\n                        <span class=\"em-card-field-value\">Autres \u00e9v\u00e9nements<\/span>\n                      <\/div>\n                                          <div class=\"em-card-field\">\n                        <span class=\"em-card-field-label\">Ville :<\/span>\n                        <span class=\"em-card-field-value\">Audierne<\/span>\n                      <\/div>\n                                      <\/div>\n\n                  <!-- Lien vers le d\u00e9tail -->\n                  <div class=\"em-card-footer\">\n                    <span>Voir le d\u00e9tail<\/span>\n                    <svg fill=\"none\" viewBox=\"0 0 24 24\" stroke=\"currentColor\" stroke-width=\"2\">\n                      <path stroke-linecap=\"round\" stroke-linejoin=\"round\" d=\"M13.5 4.5L21 12m0 0l-7.5 7.5M21 12H3\"><\/path>\n                    <\/svg>\n                  <\/div>\n                <\/div>\n              <\/article>\n                          <article class=\"em-card\"\n                data-type=\"evenements-locaux-6\"\n                data-features=\"\"\n                data-name=\"rando u\"\n                data-json=\"{&quot;name&quot;:&quot;Rando U&quot;,&quot;image&quot;:&quot;&quot;,&quot;link&quot;:&quot;&quot;,&quot;data&quot;:{&quot;titre&quot;:&quot;Rando U&quot;,&quot;description&quot;:&quot;Randonn\\u00e9es Marche et VTT en presqu&#039;\\u00eele de Crozon au d\\u00e9part du village vacances APAS \\u00e0 Camaret\\\/mer&quot;,&quot;categorie&quot;:&quot;Sport &amp; randonn\\u00e9e&quot;,&quot;ville&quot;:&quot;Camaret-sur-Mer&quot;,&quot;code_postal&quot;:&quot;29570&quot;,&quot;name&quot;:&quot;Rando U&quot;,&quot;latitude&quot;:&quot;48.2628900&quot;,&quot;longitude&quot;:&quot;-4.6158200&quot;},&quot;category&quot;:&quot;\\u00c9v\\u00e9nements locaux&quot;,&quot;faq&quot;:[],&quot;event&quot;:&quot;Du 30\\\/08\\\/2026 \\u00e0 07:30 au 30\\\/08\\\/2026 \\u00e0 23:59&quot;,&quot;video_url&quot;:&quot;&quot;,&quot;video_embed&quot;:null,&quot;documents&quot;:[],&quot;gallery&quot;:[]}\">\n\n                <!-- Image + badge cat\u00e9gorie -->\n                <div class=\"em-card-img-wrap\">\n                                      <div class=\"em-card-placeholder\">\ud83d\udcf7 Pas d'image<\/div>\n                                    <span class=\"em-card-badge badge-default\">\u00c9v\u00e9nements locaux<\/span>\n                <\/div>\n\n                <!-- Contenu de la card -->\n                <div class=\"em-card-body\">\n                  <h3 class=\"em-card-title\">Rando U<\/h3>\n\n                  <!-- Tags r\u00e9sum\u00e9s (max 4) -->\n                  <div class=\"em-card-tags\">\n                                                          <\/div>\n\n                  <!-- Champs suppl\u00e9mentaires (max 3) -->\n                  <div class=\"em-card-fields\">\n                                          <div class=\"em-card-field\">\n                        <span class=\"em-card-field-label\">Titre :<\/span>\n                        <span class=\"em-card-field-value\">Rando U<\/span>\n                      <\/div>\n                                          <div class=\"em-card-field\">\n                        <span class=\"em-card-field-label\">Cat\u00e9gorie :<\/span>\n                        <span class=\"em-card-field-value\">Sport &amp; randonn\u00e9e<\/span>\n                      <\/div>\n                                          <div class=\"em-card-field\">\n                        <span class=\"em-card-field-label\">Ville :<\/span>\n                        <span class=\"em-card-field-value\">Camaret-sur-Mer<\/span>\n                      <\/div>\n                                      <\/div>\n\n                  <!-- Lien vers le d\u00e9tail -->\n                  <div class=\"em-card-footer\">\n                    <span>Voir le d\u00e9tail<\/span>\n                    <svg fill=\"none\" viewBox=\"0 0 24 24\" stroke=\"currentColor\" stroke-width=\"2\">\n                      <path stroke-linecap=\"round\" stroke-linejoin=\"round\" d=\"M13.5 4.5L21 12m0 0l-7.5 7.5M21 12H3\"><\/path>\n                    <\/svg>\n                  <\/div>\n                <\/div>\n              <\/article>\n                          <article class=\"em-card\"\n                data-type=\"evenements-locaux-6\"\n                data-features=\"\"\n                data-name=\"tournoi de beach-volley\"\n                data-json=\"{&quot;name&quot;:&quot;Tournoi de Beach-volley&quot;,&quot;image&quot;:&quot;&quot;,&quot;link&quot;:&quot;https:\\\/\\\/www.facebook.com\\\/les.daous.du.29&quot;,&quot;data&quot;:{&quot;titre&quot;:&quot;Tournoi de Beach-volley&quot;,&quot;description&quot;:&quot;Les volleyeurs et volleyeuses investissent la plage du Moulin-Blanc pour leur traditionnel tournoi de fin d\\u2019\\u00e9t\\u00e9 de beach volley.\\n\\nDeux jours de comp\\u00e9tition au soleil avec du 2x2 mixte ou 3x3 f\\u00e9minin\\\/ masculin dans une ambiance festive et spectacle garanti.&quot;,&quot;categorie&quot;:&quot;Autres \\u00e9v\\u00e9nements&quot;,&quot;ville&quot;:&quot;Guipavas&quot;,&quot;code_postal&quot;:&quot;29490&quot;,&quot;name&quot;:&quot;Tournoi de Beach-volley&quot;,&quot;latitude&quot;:&quot;48.3976845&quot;,&quot;longitude&quot;:&quot;-4.4263325&quot;,&quot;link&quot;:&quot;https:\\\/\\\/www.facebook.com\\\/les.daous.du.29&quot;},&quot;category&quot;:&quot;\\u00c9v\\u00e9nements locaux&quot;,&quot;faq&quot;:[],&quot;event&quot;:&quot;Du 29\\\/08\\\/2026 \\u00e0 10:00 au 30\\\/08\\\/2026 \\u00e0 23:59&quot;,&quot;video_url&quot;:&quot;&quot;,&quot;video_embed&quot;:null,&quot;documents&quot;:[],&quot;gallery&quot;:[]}\">\n\n                <!-- Image + badge cat\u00e9gorie -->\n                <div class=\"em-card-img-wrap\">\n                                      <div class=\"em-card-placeholder\">\ud83d\udcf7 Pas d'image<\/div>\n                                    <span class=\"em-card-badge badge-default\">\u00c9v\u00e9nements locaux<\/span>\n                <\/div>\n\n                <!-- Contenu de la card -->\n                <div class=\"em-card-body\">\n                  <h3 class=\"em-card-title\">Tournoi de Beach-volley<\/h3>\n\n                  <!-- Tags r\u00e9sum\u00e9s (max 4) -->\n                  <div class=\"em-card-tags\">\n                                                          <\/div>\n\n                  <!-- Champs suppl\u00e9mentaires (max 3) -->\n                  <div class=\"em-card-fields\">\n                                          <div class=\"em-card-field\">\n                        <span class=\"em-card-field-label\">Titre :<\/span>\n                        <span class=\"em-card-field-value\">Tournoi de Beach-volley<\/span>\n                      <\/div>\n                                          <div class=\"em-card-field\">\n                        <span class=\"em-card-field-label\">Cat\u00e9gorie :<\/span>\n                        <span class=\"em-card-field-value\">Autres \u00e9v\u00e9nements<\/span>\n                      <\/div>\n                                          <div class=\"em-card-field\">\n                        <span class=\"em-card-field-label\">Ville :<\/span>\n                        <span class=\"em-card-field-value\">Guipavas<\/span>\n                      <\/div>\n                                      <\/div>\n\n                  <!-- Lien vers le d\u00e9tail -->\n                  <div class=\"em-card-footer\">\n                    <span>Voir le d\u00e9tail<\/span>\n                    <svg fill=\"none\" viewBox=\"0 0 24 24\" stroke=\"currentColor\" stroke-width=\"2\">\n                      <path stroke-linecap=\"round\" stroke-linejoin=\"round\" d=\"M13.5 4.5L21 12m0 0l-7.5 7.5M21 12H3\"><\/path>\n                    <\/svg>\n                  <\/div>\n                <\/div>\n              <\/article>\n                          <article class=\"em-card\"\n                data-type=\"evenements-locaux-6\"\n                data-features=\"\"\n                data-name=\"rencontres musicales de tr\u00e9babu \u2013 \u00ab\u00a0kanerien lanveneg\u00a0\u00bb\"\n                data-json=\"{&quot;name&quot;:&quot;Rencontres musicales de Tr\\u00e9babu \\u2013 \\u00ab\\u00a0Kanerien Lanveneg\\u00a0\\u00bb&quot;,&quot;image&quot;:&quot;&quot;,&quot;link&quot;:&quot;&quot;,&quot;data&quot;:{&quot;titre&quot;:&quot;Rencontres musicales de Tr\\u00e9babu \\u2013 \\u00ab\\u00a0Kanerien Lanveneg\\u00a0\\u00bb&quot;,&quot;description&quot;:&quot;Un groupe d&#039;amis, 39 choristes, r\\u00e9unis autour de Danielle Corre, animent l&#039;\\u00e9glise avec des chants profanes et religieux en langue bretonne.&quot;,&quot;categorie&quot;:&quot;Concerts, musique &amp; festivals&quot;,&quot;ville&quot;:&quot;Tr\\u00e9babu&quot;,&quot;code_postal&quot;:&quot;29217&quot;,&quot;name&quot;:&quot;Rencontres musicales de Tr\\u00e9babu \\u2013 \\u00ab\\u00a0Kanerien Lanveneg\\u00a0\\u00bb&quot;,&quot;latitude&quot;:&quot;48.3710617&quot;,&quot;longitude&quot;:&quot;-4.7359158&quot;},&quot;category&quot;:&quot;\\u00c9v\\u00e9nements locaux&quot;,&quot;faq&quot;:[],&quot;event&quot;:&quot;Du 30\\\/08\\\/2026 \\u00e0 18:00 au 30\\\/08\\\/2026 \\u00e0 23:59&quot;,&quot;video_url&quot;:&quot;&quot;,&quot;video_embed&quot;:null,&quot;documents&quot;:[],&quot;gallery&quot;:[]}\">\n\n                <!-- Image + badge cat\u00e9gorie -->\n                <div class=\"em-card-img-wrap\">\n                                      <div class=\"em-card-placeholder\">\ud83d\udcf7 Pas d'image<\/div>\n                                    <span class=\"em-card-badge badge-default\">\u00c9v\u00e9nements locaux<\/span>\n                <\/div>\n\n                <!-- Contenu de la card -->\n                <div class=\"em-card-body\">\n                  <h3 class=\"em-card-title\">Rencontres musicales de Tr\u00e9babu \u2013 \u00ab\u00a0Kanerien Lanveneg\u00a0\u00bb<\/h3>\n\n                  <!-- Tags r\u00e9sum\u00e9s (max 4) -->\n                  <div class=\"em-card-tags\">\n                                                          <\/div>\n\n                  <!-- Champs suppl\u00e9mentaires (max 3) -->\n                  <div class=\"em-card-fields\">\n                                          <div class=\"em-card-field\">\n                        <span class=\"em-card-field-label\">Titre :<\/span>\n                        <span class=\"em-card-field-value\">Rencontres musicales de Tr\u00e9babu \u2013 \u00ab\u00a0Kanerien Lanveneg\u00a0\u00bb<\/span>\n                      <\/div>\n                                          <div class=\"em-card-field\">\n                        <span class=\"em-card-field-label\">Cat\u00e9gorie :<\/span>\n                        <span class=\"em-card-field-value\">Concerts, musique &amp; festivals<\/span>\n                      <\/div>\n                                          <div class=\"em-card-field\">\n                        <span class=\"em-card-field-label\">Ville :<\/span>\n                        <span class=\"em-card-field-value\">Tr\u00e9babu<\/span>\n                      <\/div>\n                                      <\/div>\n\n                  <!-- Lien vers le d\u00e9tail -->\n                  <div class=\"em-card-footer\">\n                    <span>Voir le d\u00e9tail<\/span>\n                    <svg fill=\"none\" viewBox=\"0 0 24 24\" stroke=\"currentColor\" stroke-width=\"2\">\n                      <path stroke-linecap=\"round\" stroke-linejoin=\"round\" d=\"M13.5 4.5L21 12m0 0l-7.5 7.5M21 12H3\"><\/path>\n                    <\/svg>\n                  <\/div>\n                <\/div>\n              <\/article>\n                          <article class=\"em-card\"\n                data-type=\"evenements-locaux-6\"\n                data-features=\"\"\n                data-name=\"gef\u00fchrter fotospaziergang durch douarnenez\"\n                data-json=\"{&quot;name&quot;:&quot;Gef\\u00fchrter Fotospaziergang durch Douarnenez&quot;,&quot;image&quot;:&quot;&quot;,&quot;link&quot;:&quot;http:\\\/\\\/www.douarnenez-tourisme.com\\\/&quot;,&quot;data&quot;:{&quot;titre&quot;:&quot;Gef\\u00fchrter Fotospaziergang durch Douarnenez&quot;,&quot;description&quot;:&quot;Gef\\u00fchrter Fotospaziergang durch Douarnenez :\\nEntdecken Sie mit dem Marco-Polo-Autor und erfahrenen Reiseleiter Errol Friedhelm Karakoc die Hafenstadt und ihre K\\u00f6nigin, die Sardine. Auf den Spuren der hiesigen Fischer begegnen Sie streitbaren Damen, kuriosen Riten der heimischen Bev\\u00f6lkerung, h\\u00fcbscher Architektur aus den letzten Jahrhunderten, spannenden Legenden, vielleicht sogar Kommissar Dupin und haben dabei immer wieder den Blick auf die Bucht. Freuen Sie sich auf etwa zwei Stunden des Flanierens durch die Gassen des Hafenviertels Rosmeur.\\n\\nDauer: ca. 2h\\nSprache: auf Deutsch\\nSchwierigkeitsgrad: einfach bis mittel (leichte Steigungen\\\/Gef\\u00e4lle auf st\\u00e4dtischen Wegen, einige Stufen)&quot;,&quot;categorie&quot;:&quot;Autres \\u00e9v\\u00e9nements&quot;,&quot;ville&quot;:&quot;Douarnenez&quot;,&quot;code_postal&quot;:&quot;29100&quot;,&quot;name&quot;:&quot;Gef\\u00fchrter Fotospaziergang durch Douarnenez&quot;,&quot;latitude&quot;:&quot;48.0931504&quot;,&quot;longitude&quot;:&quot;-4.3310605&quot;,&quot;link&quot;:&quot;http:\\\/\\\/www.douarnenez-tourisme.com\\\/&quot;},&quot;category&quot;:&quot;\\u00c9v\\u00e9nements locaux&quot;,&quot;faq&quot;:[],&quot;event&quot;:&quot;Du 11\\\/09\\\/2026 \\u00e0 14:00 au 11\\\/09\\\/2026 \\u00e0 23:59&quot;,&quot;video_url&quot;:&quot;&quot;,&quot;video_embed&quot;:null,&quot;documents&quot;:[],&quot;gallery&quot;:[]}\">\n\n                <!-- Image + badge cat\u00e9gorie -->\n                <div class=\"em-card-img-wrap\">\n                                      <div class=\"em-card-placeholder\">\ud83d\udcf7 Pas d'image<\/div>\n                                    <span class=\"em-card-badge badge-default\">\u00c9v\u00e9nements locaux<\/span>\n                <\/div>\n\n                <!-- Contenu de la card -->\n                <div class=\"em-card-body\">\n                  <h3 class=\"em-card-title\">Gef\u00fchrter Fotospaziergang durch Douarnenez<\/h3>\n\n                  <!-- Tags r\u00e9sum\u00e9s (max 4) -->\n                  <div class=\"em-card-tags\">\n                                                          <\/div>\n\n                  <!-- Champs suppl\u00e9mentaires (max 3) -->\n                  <div class=\"em-card-fields\">\n                                          <div class=\"em-card-field\">\n                        <span class=\"em-card-field-label\">Titre :<\/span>\n                        <span class=\"em-card-field-value\">Gef\u00fchrter Fotospaziergang durch Douarnenez<\/span>\n                      <\/div>\n                                          <div class=\"em-card-field\">\n                        <span class=\"em-card-field-label\">Cat\u00e9gorie :<\/span>\n                        <span class=\"em-card-field-value\">Autres \u00e9v\u00e9nements<\/span>\n                      <\/div>\n                                          <div class=\"em-card-field\">\n                        <span class=\"em-card-field-label\">Ville :<\/span>\n                        <span class=\"em-card-field-value\">Douarnenez<\/span>\n                      <\/div>\n                                      <\/div>\n\n                  <!-- Lien vers le d\u00e9tail -->\n                  <div class=\"em-card-footer\">\n                    <span>Voir le d\u00e9tail<\/span>\n                    <svg fill=\"none\" viewBox=\"0 0 24 24\" stroke=\"currentColor\" stroke-width=\"2\">\n                      <path stroke-linecap=\"round\" stroke-linejoin=\"round\" d=\"M13.5 4.5L21 12m0 0l-7.5 7.5M21 12H3\"><\/path>\n                    <\/svg>\n                  <\/div>\n                <\/div>\n              <\/article>\n                          <article class=\"em-card\"\n                data-type=\"evenements-locaux-6\"\n                data-features=\"\"\n                data-name=\"destok\"\n                data-json=\"{&quot;name&quot;:&quot;Destok&quot;,&quot;image&quot;:&quot;&quot;,&quot;link&quot;:&quot;http:\\\/\\\/www.lerelecqkerhuon.bzh\\\/&quot;,&quot;data&quot;:{&quot;titre&quot;:&quot;Destok&quot;,&quot;description&quot;:&quot;Un vide grenier XXL s&#039;installe au bord de l&#039;eau ! Autour de la corniche pi\\u00e9tonne et la place de Camfrout, plusieurs exposants vous feront d\\u00e9couvrir de nombreuses p\\u00e9pites!\\n\\nInformations pratiques :\\nAutour de la corniche pi\\u00e9tonne et la place Camfrout-Partie pi\\u00e9tonne\\nStationnement : complexe de Kerzincuff et au Carmel&quot;,&quot;categorie&quot;:&quot;Brocantes &amp; vide-greniers&quot;,&quot;ville&quot;:&quot;Le Relecq-Kerhuon&quot;,&quot;code_postal&quot;:&quot;29480&quot;,&quot;name&quot;:&quot;Destok&quot;,&quot;latitude&quot;:&quot;48.3980100&quot;,&quot;longitude&quot;:&quot;-4.3883200&quot;,&quot;link&quot;:&quot;http:\\\/\\\/www.lerelecqkerhuon.bzh\\\/&quot;},&quot;category&quot;:&quot;\\u00c9v\\u00e9nements locaux&quot;,&quot;faq&quot;:[],&quot;event&quot;:&quot;Du 30\\\/08\\\/2026 \\u00e0 10:00 au 30\\\/08\\\/2026 \\u00e0 23:59&quot;,&quot;video_url&quot;:&quot;&quot;,&quot;video_embed&quot;:null,&quot;documents&quot;:[],&quot;gallery&quot;:[]}\">\n\n                <!-- Image + badge cat\u00e9gorie -->\n                <div class=\"em-card-img-wrap\">\n                                      <div class=\"em-card-placeholder\">\ud83d\udcf7 Pas d'image<\/div>\n                                    <span class=\"em-card-badge badge-default\">\u00c9v\u00e9nements locaux<\/span>\n                <\/div>\n\n                <!-- Contenu de la card -->\n                <div class=\"em-card-body\">\n                  <h3 class=\"em-card-title\">Destok<\/h3>\n\n                  <!-- Tags r\u00e9sum\u00e9s (max 4) -->\n                  <div class=\"em-card-tags\">\n                                                          <\/div>\n\n                  <!-- Champs suppl\u00e9mentaires (max 3) -->\n                  <div class=\"em-card-fields\">\n                                          <div class=\"em-card-field\">\n                        <span class=\"em-card-field-label\">Titre :<\/span>\n                        <span class=\"em-card-field-value\">Destok<\/span>\n                      <\/div>\n                                          <div class=\"em-card-field\">\n                        <span class=\"em-card-field-label\">Cat\u00e9gorie :<\/span>\n                        <span class=\"em-card-field-value\">Brocantes &amp; vide-greniers<\/span>\n                      <\/div>\n                                          <div class=\"em-card-field\">\n                        <span class=\"em-card-field-label\">Ville :<\/span>\n                        <span class=\"em-card-field-value\">Le Relecq-Kerhuon<\/span>\n                      <\/div>\n                                      <\/div>\n\n                  <!-- Lien vers le d\u00e9tail -->\n                  <div class=\"em-card-footer\">\n                    <span>Voir le d\u00e9tail<\/span>\n                    <svg fill=\"none\" viewBox=\"0 0 24 24\" stroke=\"currentColor\" stroke-width=\"2\">\n                      <path stroke-linecap=\"round\" stroke-linejoin=\"round\" d=\"M13.5 4.5L21 12m0 0l-7.5 7.5M21 12H3\"><\/path>\n                    <\/svg>\n                  <\/div>\n                <\/div>\n              <\/article>\n                          <article class=\"em-card\"\n                data-type=\"evenements-locaux-6\"\n                data-features=\"\"\n                data-name=\"cours de poterie - modelage et tournage\"\n                data-json=\"{&quot;name&quot;:&quot;Cours de Poterie - Modelage et tournage&quot;,&quot;image&quot;:&quot;&quot;,&quot;link&quot;:&quot;https:\\\/\\\/www.instagram.com\\\/umi.studio&quot;,&quot;data&quot;:{&quot;titre&quot;:&quot;Cours de Poterie - Modelage et tournage&quot;,&quot;description&quot;:&quot;Envie de mettre les mains dans la terre et de laisser parler votre cr\\u00e9ativit\\u00e9 ?\\n\\nJe vous propose de venir d\\u00e9couvrir la poterie lors d\\u2019un cours convivial, dans un atelier baign\\u00e9 de lumi\\u00e8re, \\u00e0 50 m\\u00e8tres de la plage Saint-Julien.\\n\\nQue vous soyez d\\u00e9butant\\u00b7e ou d\\u00e9j\\u00e0 initi\\u00e9\\u00b7e, c\\u2019est un moment pour ralentir, exp\\u00e9rimenter, et cr\\u00e9er \\u00e0 votre rythme, dans une ambiance d\\u00e9tendue.\\n\\nAu plaisir de vous accueillir et de partager ce moment avec vous !\\n\\nTous les jeudis jusqu\\u2019au 10 septembre 2026, de 18h \\u00e0 20h. \\nIl est possible de r\\u00e9server un atelier sur un autre cr\\u00e9neau (week-end compris), minimum 3 participant.e.s.\\nInscription par sms : 06.40.41.92.91 ou par email : umistudiocontact@gmail.com\\nTarif : 35\\u20ac. Vous r\\u00e9cup\\u00e9rez toutes vos cr\\u00e9ations cuites.\\nPour un envoi postal de celles-ci, comptez 6\\u20ac de frais de port.\\n\\nLes enfants de moins de 7 ans sont les bienvenus accompagn\\u00e9s de leurs parents. Pour eux\\\/elles l&#039;atelier est \\u00e0 25\\u20ac\\n\\nPlus d&#039;infos sur mon site web : https:\\\/\\\/www.umistudio.fr\\\/cours\\n\\nA bient\\u00f4t !&quot;,&quot;categorie&quot;:&quot;Autres \\u00e9v\\u00e9nements&quot;,&quot;ville&quot;:&quot;Plouhinec&quot;,&quot;code_postal&quot;:&quot;29780&quot;,&quot;name&quot;:&quot;Cours de Poterie - Modelage et tournage&quot;,&quot;latitude&quot;:&quot;48.0176766&quot;,&quot;longitude&quot;:&quot;-4.5304275&quot;,&quot;link&quot;:&quot;https:\\\/\\\/www.instagram.com\\\/umi.studio&quot;},&quot;category&quot;:&quot;\\u00c9v\\u00e9nements locaux&quot;,&quot;faq&quot;:[],&quot;event&quot;:&quot;Du 02\\\/04\\\/2026 \\u00e0 18:00 au 10\\\/09\\\/2026 \\u00e0 23:59&quot;,&quot;video_url&quot;:&quot;&quot;,&quot;video_embed&quot;:null,&quot;documents&quot;:[],&quot;gallery&quot;:[]}\">\n\n                <!-- Image + badge cat\u00e9gorie -->\n                <div class=\"em-card-img-wrap\">\n                                      <div class=\"em-card-placeholder\">\ud83d\udcf7 Pas d'image<\/div>\n                                    <span class=\"em-card-badge badge-default\">\u00c9v\u00e9nements locaux<\/span>\n                <\/div>\n\n                <!-- Contenu de la card -->\n                <div class=\"em-card-body\">\n                  <h3 class=\"em-card-title\">Cours de Poterie - Modelage et tournage<\/h3>\n\n                  <!-- Tags r\u00e9sum\u00e9s (max 4) -->\n                  <div class=\"em-card-tags\">\n                                                          <\/div>\n\n                  <!-- Champs suppl\u00e9mentaires (max 3) -->\n                  <div class=\"em-card-fields\">\n                                          <div class=\"em-card-field\">\n                        <span class=\"em-card-field-label\">Titre :<\/span>\n                        <span class=\"em-card-field-value\">Cours de Poterie - Modelage et tournage<\/span>\n                      <\/div>\n                                          <div class=\"em-card-field\">\n                        <span class=\"em-card-field-label\">Cat\u00e9gorie :<\/span>\n                        <span class=\"em-card-field-value\">Autres \u00e9v\u00e9nements<\/span>\n                      <\/div>\n                                          <div class=\"em-card-field\">\n                        <span class=\"em-card-field-label\">Ville :<\/span>\n                        <span class=\"em-card-field-value\">Plouhinec<\/span>\n                      <\/div>\n                                      <\/div>\n\n                  <!-- Lien vers le d\u00e9tail -->\n                  <div class=\"em-card-footer\">\n                    <span>Voir le d\u00e9tail<\/span>\n                    <svg fill=\"none\" viewBox=\"0 0 24 24\" stroke=\"currentColor\" stroke-width=\"2\">\n                      <path stroke-linecap=\"round\" stroke-linejoin=\"round\" d=\"M13.5 4.5L21 12m0 0l-7.5 7.5M21 12H3\"><\/path>\n                    <\/svg>\n                  <\/div>\n                <\/div>\n              <\/article>\n                          <article class=\"em-card\"\n                data-type=\"evenements-locaux-6\"\n                data-features=\"\"\n                data-name=\"atelier v\u00e9lo participatif et solidaire\"\n                data-json=\"{&quot;name&quot;:&quot;Atelier v\\u00e9lo participatif et solidaire&quot;,&quot;image&quot;:&quot;&quot;,&quot;link&quot;:&quot;http:\\\/\\\/www.march-houarn.org\\\/&quot;,&quot;data&quot;:{&quot;titre&quot;:&quot;Atelier v\\u00e9lo participatif et solidaire&quot;,&quot;description&quot;:&quot;Depuis cette ann\\u00e9e, l&#039;atelier v\\u00e9lo associatif Marc&#039;h-houarn est ouvert le dernier dimanche apr\\u00e8s-midi du mois \\u00e0 Goarem An Abat. \\n\\nLes permanences sont anim\\u00e9es par des b\\u00e9n\\u00e9voles qui peuvent t&#039;aider \\u00e0 entretenir ou r\\u00e9parer ta bicyclette. Si tu n&#039;as pas de biclou, l&#039;asso en a en stock qui ne demandent qu&#039;\\u00e0 \\u00eatre remis en \\u00e9tat !&quot;,&quot;categorie&quot;:&quot;Autres \\u00e9v\\u00e9nements&quot;,&quot;ville&quot;:&quot;Argol&quot;,&quot;code_postal&quot;:&quot;29560&quot;,&quot;name&quot;:&quot;Atelier v\\u00e9lo participatif et solidaire&quot;,&quot;latitude&quot;:&quot;48.2414300&quot;,&quot;longitude&quot;:&quot;-4.2988100&quot;,&quot;link&quot;:&quot;http:\\\/\\\/www.march-houarn.org\\\/&quot;},&quot;category&quot;:&quot;\\u00c9v\\u00e9nements locaux&quot;,&quot;faq&quot;:[],&quot;event&quot;:&quot;Du 30\\\/08\\\/2026 \\u00e0 14:00 au 30\\\/08\\\/2026 \\u00e0 23:59&quot;,&quot;video_url&quot;:&quot;&quot;,&quot;video_embed&quot;:null,&quot;documents&quot;:[],&quot;gallery&quot;:[]}\">\n\n                <!-- Image + badge cat\u00e9gorie -->\n                <div class=\"em-card-img-wrap\">\n                                      <div class=\"em-card-placeholder\">\ud83d\udcf7 Pas d'image<\/div>\n                                    <span class=\"em-card-badge badge-default\">\u00c9v\u00e9nements locaux<\/span>\n                <\/div>\n\n                <!-- Contenu de la card -->\n                <div class=\"em-card-body\">\n                  <h3 class=\"em-card-title\">Atelier v\u00e9lo participatif et solidaire<\/h3>\n\n                  <!-- Tags r\u00e9sum\u00e9s (max 4) -->\n                  <div class=\"em-card-tags\">\n                                                          <\/div>\n\n                  <!-- Champs suppl\u00e9mentaires (max 3) -->\n                  <div class=\"em-card-fields\">\n                                          <div class=\"em-card-field\">\n                        <span class=\"em-card-field-label\">Titre :<\/span>\n                        <span class=\"em-card-field-value\">Atelier v\u00e9lo participatif et solidaire<\/span>\n                      <\/div>\n                                          <div class=\"em-card-field\">\n                        <span class=\"em-card-field-label\">Cat\u00e9gorie :<\/span>\n                        <span class=\"em-card-field-value\">Autres \u00e9v\u00e9nements<\/span>\n                      <\/div>\n                                          <div class=\"em-card-field\">\n                        <span class=\"em-card-field-label\">Ville :<\/span>\n                        <span class=\"em-card-field-value\">Argol<\/span>\n                      <\/div>\n                                      <\/div>\n\n                  <!-- Lien vers le d\u00e9tail -->\n                  <div class=\"em-card-footer\">\n                    <span>Voir le d\u00e9tail<\/span>\n                    <svg fill=\"none\" viewBox=\"0 0 24 24\" stroke=\"currentColor\" stroke-width=\"2\">\n                      <path stroke-linecap=\"round\" stroke-linejoin=\"round\" d=\"M13.5 4.5L21 12m0 0l-7.5 7.5M21 12H3\"><\/path>\n                    <\/svg>\n                  <\/div>\n                <\/div>\n              <\/article>\n                          <article class=\"em-card\"\n                data-type=\"evenements-locaux-6\"\n                data-features=\"\"\n                data-name=\"visite guid\u00e9e du daoulas historique\"\n                data-json=\"{&quot;name&quot;:&quot;Visite guid\\u00e9e du Daoulas historique&quot;,&quot;image&quot;:&quot;&quot;,&quot;link&quot;:&quot;&quot;,&quot;data&quot;:{&quot;titre&quot;:&quot;Visite guid\\u00e9e du Daoulas historique&quot;,&quot;description&quot;:&quot;Petite cit\\u00e9 prosp\\u00e8re, Daoulas s\\u2019est d\\u00e9velopp\\u00e9e autour d\\u2019un ch\\u00e2teau, aujourd\\u2019hui disparu, d\\u2019une abbaye et de ses trois moulins. En suivant cette visite, vous parcourrez une des plus anciennes rues de la ville, mais aussi une des plus typiques avec ses maisons anciennes, ses chapelles et son ancien enclos paroissial. Profitez de la balade jusqu\\u2019\\u00e0 l\\u2019abbaye !\\n\\nD\\u00e9part du Moulin du Pont (\\u00c9comus\\u00e9e de la Meunerie).\\nInscription obligatoire\\nDur\\u00e9e : 1h\\n\\nVisite accessible PMR, avec pente importante et cheminement sur pav\\u00e9s.\\nOrganisation : Office de tourisme du pays de Landerneau-Daoulas - 02 98 85 13 09&quot;,&quot;categorie&quot;:&quot;Autres \\u00e9v\\u00e9nements&quot;,&quot;ville&quot;:&quot;Daoulas&quot;,&quot;code_postal&quot;:&quot;29460&quot;,&quot;name&quot;:&quot;Visite guid\\u00e9e du Daoulas historique&quot;,&quot;latitude&quot;:&quot;48.3616903&quot;,&quot;longitude&quot;:&quot;-4.2612576&quot;},&quot;category&quot;:&quot;\\u00c9v\\u00e9nements locaux&quot;,&quot;faq&quot;:[],&quot;event&quot;:&quot;Du 27\\\/08\\\/2026 \\u00e0 15:00 au 27\\\/08\\\/2026 \\u00e0 23:59&quot;,&quot;video_url&quot;:&quot;&quot;,&quot;video_embed&quot;:null,&quot;documents&quot;:[],&quot;gallery&quot;:[]}\">\n\n                <!-- Image + badge cat\u00e9gorie -->\n                <div class=\"em-card-img-wrap\">\n                                      <div class=\"em-card-placeholder\">\ud83d\udcf7 Pas d'image<\/div>\n                                    <span class=\"em-card-badge badge-default\">\u00c9v\u00e9nements locaux<\/span>\n                <\/div>\n\n                <!-- Contenu de la card -->\n                <div class=\"em-card-body\">\n                  <h3 class=\"em-card-title\">Visite guid\u00e9e du Daoulas historique<\/h3>\n\n                  <!-- Tags r\u00e9sum\u00e9s (max 4) -->\n                  <div class=\"em-card-tags\">\n                                                          <\/div>\n\n                  <!-- Champs suppl\u00e9mentaires (max 3) -->\n                  <div class=\"em-card-fields\">\n                                          <div class=\"em-card-field\">\n                        <span class=\"em-card-field-label\">Titre :<\/span>\n                        <span class=\"em-card-field-value\">Visite guid\u00e9e du Daoulas historique<\/span>\n                      <\/div>\n                                          <div class=\"em-card-field\">\n                        <span class=\"em-card-field-label\">Cat\u00e9gorie :<\/span>\n                        <span class=\"em-card-field-value\">Autres \u00e9v\u00e9nements<\/span>\n                      <\/div>\n                                          <div class=\"em-card-field\">\n                        <span class=\"em-card-field-label\">Ville :<\/span>\n                        <span class=\"em-card-field-value\">Daoulas<\/span>\n                      <\/div>\n                                      <\/div>\n\n                  <!-- Lien vers le d\u00e9tail -->\n                  <div class=\"em-card-footer\">\n                    <span>Voir le d\u00e9tail<\/span>\n                    <svg fill=\"none\" viewBox=\"0 0 24 24\" stroke=\"currentColor\" stroke-width=\"2\">\n                      <path stroke-linecap=\"round\" stroke-linejoin=\"round\" d=\"M13.5 4.5L21 12m0 0l-7.5 7.5M21 12H3\"><\/path>\n                    <\/svg>\n                  <\/div>\n                <\/div>\n              <\/article>\n                          <article class=\"em-card\"\n                data-type=\"evenements-locaux-6\"\n                data-features=\"\"\n                data-name=\"accueils enfants \u00c9t\u00e9 2026 - forest cool - cap sizun\"\n                data-json=\"{&quot;name&quot;:&quot;Accueils Enfants \\u00c9t\\u00e9 2026 - Forest Cool - Cap Sizun&quot;,&quot;image&quot;:&quot;&quot;,&quot;link&quot;:&quot;http:\\\/\\\/grainesdespossibles@mailo.com\\\/&quot;,&quot;data&quot;:{&quot;titre&quot;:&quot;Accueils Enfants \\u00c9t\\u00e9 2026 - Forest Cool - Cap Sizun&quot;,&quot;description&quot;:&quot;Offrez du temps en nature \\u00e0 vos enfants ou petits enfants !\\n\\nLa Forest Cool propose des accueils en For\\u00eat pour les enfants de 6 ans et plus, les lundis, mardis et mercredis apr\\u00e8s-midis de 13h30 \\u00e0 16h00 sur la commune de Primelin (sur la route entre Audierne et la pointe du Raz)\\n\\nLors d&#039;un accueil en for\\u00eat les enfants retrouvent la simplicit\\u00e9 de jouer dans la nature, entour\\u00e9s de copains et encadr\\u00e9s par des adultes form\\u00e9s \\u00e0 la p\\u00e9dagogie par la nature. \\nSous la douceur des arbres, autour d&#039;un feu, il sera propos\\u00e9 de cr\\u00e9er, imaginer, jouer, chacun peut suivre ses envies en toute s\\u00e9curit\\u00e9. Un temps aussi de d\\u00e9couverte, o\\u00f9 l&#039;on grimpe, on rigole, on parle Breton parfois, on cr\\u00e9e des souvenirs natures !\\n\\nLes deux p\\u00e9dagogues par la nature pr\\u00e9parent la for\\u00eat pour qu&#039;elle invite aux jeux, aux explorations libres. Les enfants retrouvent des propositions de bricolages et cr\\u00e9ations, la possibilit\\u00e9 de cuisiner une collation sur le feu. L&#039;enfant est amen\\u00e9 \\u00e0 suivre ses envies et accompagn\\u00e9 dans son \\u00e9lan. \\n\\nNous aimons la mixit\\u00e9 des \\u00e2ges qui invite \\u00e0 apprendre des uns et des autres. \\n\\nL\\u2019id\\u00e9e est de permettre aux enfants de d\\u00e9velopper leur sensibilit\\u00e9 \\u00e0 la nature, vivre des moments simples pour soi, mais aussi ensemble. S\\u2019appuyer sur le milieu naturel pour apprendre, grandir, cr\\u00e9er du lien. \\n\\nCes ateliers peuvent se vivre sur une apr\\u00e8s-midi seulement ou bien sur un ensemble de trois apr\\u00e8s-midis, pour vivre un moment nature dans le Cap-Sizun ! \\n\\nN&#039;h\\u00e9sitez pas \\u00e0 nous contacter pour plus de renseignements.\\nTarif : 22\\u20ac pour un apr\\u00e8s-midi; 60\\u20ac pour trois apr\\u00e8s-midis du lundi au mercredi. \\n\\nOffre valable Juillet et Ao\\u00fbt. Accueil des familles et leurs enfants de tous \\u00e2ges les matins. \\n\\nLa Forest Cool du Cap Sizun fait partie du r\\u00e9seau National de P\\u00e9dagogie par la Nature.\\n\\nR\\u00e9servation sur le site Hello asso de l&#039;association : https:\\\/\\\/www.helloasso.com\\\/associations\\\/association-graines-des-possibles&quot;,&quot;categorie&quot;:&quot;En famille&quot;,&quot;ville&quot;:&quot;Primelin&quot;,&quot;code_postal&quot;:&quot;29770&quot;,&quot;name&quot;:&quot;Accueils Enfants \\u00c9t\\u00e9 2026 - Forest Cool - Cap Sizun&quot;,&quot;latitude&quot;:&quot;48.0332350&quot;,&quot;longitude&quot;:&quot;-4.5927360&quot;,&quot;link&quot;:&quot;http:\\\/\\\/grainesdespossibles@mailo.com\\\/&quot;},&quot;category&quot;:&quot;\\u00c9v\\u00e9nements locaux&quot;,&quot;faq&quot;:[],&quot;event&quot;:&quot;Du 06\\\/07\\\/2026 \\u00e0 13:30 au 26\\\/08\\\/2026 \\u00e0 23:59&quot;,&quot;video_url&quot;:&quot;&quot;,&quot;video_embed&quot;:null,&quot;documents&quot;:[],&quot;gallery&quot;:[]}\">\n\n                <!-- Image + badge cat\u00e9gorie -->\n                <div class=\"em-card-img-wrap\">\n                                      <div class=\"em-card-placeholder\">\ud83d\udcf7 Pas d'image<\/div>\n                                    <span class=\"em-card-badge badge-default\">\u00c9v\u00e9nements locaux<\/span>\n                <\/div>\n\n                <!-- Contenu de la card -->\n                <div class=\"em-card-body\">\n                  <h3 class=\"em-card-title\">Accueils Enfants \u00c9t\u00e9 2026 - Forest Cool - Cap Sizun<\/h3>\n\n                  <!-- Tags r\u00e9sum\u00e9s (max 4) -->\n                  <div class=\"em-card-tags\">\n                                                          <\/div>\n\n                  <!-- Champs suppl\u00e9mentaires (max 3) -->\n                  <div class=\"em-card-fields\">\n                                          <div class=\"em-card-field\">\n                        <span class=\"em-card-field-label\">Titre :<\/span>\n                        <span class=\"em-card-field-value\">Accueils Enfants \u00c9t\u00e9 2026 - Forest Cool - Cap Sizun<\/span>\n                      <\/div>\n                                          <div class=\"em-card-field\">\n                        <span class=\"em-card-field-label\">Cat\u00e9gorie :<\/span>\n                        <span class=\"em-card-field-value\">En famille<\/span>\n                      <\/div>\n                                          <div class=\"em-card-field\">\n                        <span class=\"em-card-field-label\">Ville :<\/span>\n                        <span class=\"em-card-field-value\">Primelin<\/span>\n                      <\/div>\n                                      <\/div>\n\n                  <!-- Lien vers le d\u00e9tail -->\n                  <div class=\"em-card-footer\">\n                    <span>Voir le d\u00e9tail<\/span>\n                    <svg fill=\"none\" viewBox=\"0 0 24 24\" stroke=\"currentColor\" stroke-width=\"2\">\n                      <path stroke-linecap=\"round\" stroke-linejoin=\"round\" d=\"M13.5 4.5L21 12m0 0l-7.5 7.5M21 12H3\"><\/path>\n                    <\/svg>\n                  <\/div>\n                <\/div>\n              <\/article>\n                          <article class=\"em-card\"\n                data-type=\"evenements-locaux-6\"\n                data-features=\"\"\n                data-name=\"visite de la pointe saint-mathieu\"\n                data-json=\"{&quot;name&quot;:&quot;Visite de la pointe Saint-Mathieu&quot;,&quot;image&quot;:&quot;&quot;,&quot;link&quot;:&quot;http:\\\/\\\/ribine-experience.fr\\\/&quot;,&quot;data&quot;:{&quot;titre&quot;:&quot;Visite de la pointe Saint-Mathieu&quot;,&quot;description&quot;:&quot;Dans un p\\u00e9rim\\u00e8tre ultra concentr\\u00e9, la pointe Saint-Mathieu nous ouvre une fen\\u00eatre sur la Bretagne, son histoire mouvement\\u00e9e, sa vie maritime et ses l\\u00e9gendes \\u00e9ternelles. Cette visite vous fera entrevoir l&#039;histoire cach\\u00e9e derri\\u00e8re la splendeur de ce bout du Monde. RDV entre le phare et le mus\\u00e9e de l&#039;abbaye.&quot;,&quot;categorie&quot;:&quot;Autres \\u00e9v\\u00e9nements&quot;,&quot;ville&quot;:&quot;Plougonvelin&quot;,&quot;code_postal&quot;:&quot;29217&quot;,&quot;name&quot;:&quot;Visite de la pointe Saint-Mathieu&quot;,&quot;latitude&quot;:&quot;48.3308594&quot;,&quot;longitude&quot;:&quot;-4.7705926&quot;,&quot;link&quot;:&quot;http:\\\/\\\/ribine-experience.fr\\\/&quot;},&quot;category&quot;:&quot;\\u00c9v\\u00e9nements locaux&quot;,&quot;faq&quot;:[],&quot;event&quot;:&quot;Du 29\\\/08\\\/2026 \\u00e0 11:00 au 29\\\/08\\\/2026 \\u00e0 23:59&quot;,&quot;video_url&quot;:&quot;&quot;,&quot;video_embed&quot;:null,&quot;documents&quot;:[],&quot;gallery&quot;:[]}\">\n\n                <!-- Image + badge cat\u00e9gorie -->\n                <div class=\"em-card-img-wrap\">\n                                      <div class=\"em-card-placeholder\">\ud83d\udcf7 Pas d'image<\/div>\n                                    <span class=\"em-card-badge badge-default\">\u00c9v\u00e9nements locaux<\/span>\n                <\/div>\n\n                <!-- Contenu de la card -->\n                <div class=\"em-card-body\">\n                  <h3 class=\"em-card-title\">Visite de la pointe Saint-Mathieu<\/h3>\n\n                  <!-- Tags r\u00e9sum\u00e9s (max 4) -->\n                  <div class=\"em-card-tags\">\n                                                          <\/div>\n\n                  <!-- Champs suppl\u00e9mentaires (max 3) -->\n                  <div class=\"em-card-fields\">\n                                          <div class=\"em-card-field\">\n                        <span class=\"em-card-field-label\">Titre :<\/span>\n                        <span class=\"em-card-field-value\">Visite de la pointe Saint-Mathieu<\/span>\n                      <\/div>\n                                          <div class=\"em-card-field\">\n                        <span class=\"em-card-field-label\">Cat\u00e9gorie :<\/span>\n                        <span class=\"em-card-field-value\">Autres \u00e9v\u00e9nements<\/span>\n                      <\/div>\n                                          <div class=\"em-card-field\">\n                        <span class=\"em-card-field-label\">Ville :<\/span>\n                        <span class=\"em-card-field-value\">Plougonvelin<\/span>\n                      <\/div>\n                                      <\/div>\n\n                  <!-- Lien vers le d\u00e9tail -->\n                  <div class=\"em-card-footer\">\n                    <span>Voir le d\u00e9tail<\/span>\n                    <svg fill=\"none\" viewBox=\"0 0 24 24\" stroke=\"currentColor\" stroke-width=\"2\">\n                      <path stroke-linecap=\"round\" stroke-linejoin=\"round\" d=\"M13.5 4.5L21 12m0 0l-7.5 7.5M21 12H3\"><\/path>\n                    <\/svg>\n                  <\/div>\n                <\/div>\n              <\/article>\n                          <article class=\"em-card\"\n                data-type=\"evenements-locaux-6\"\n                data-features=\"\"\n                data-name=\"exposition \/ ma sorci\u00e8re mal nomm\u00e9e - magie et pouvoir au f\u00e9minin\"\n                data-json=\"{&quot;name&quot;:&quot;Exposition \\\/ Ma sorci\\u00e8re mal nomm\\u00e9e - Magie et Pouvoir au f\\u00e9minin&quot;,&quot;image&quot;:&quot;&quot;,&quot;link&quot;:&quot;https:\\\/\\\/www.cdp29.fr\\\/fr\\\/ma-visite\\\/offer\\\/1732\\\/ma-sorciere-mal-nommee-pouvoir-et-magie-au-feminin&quot;,&quot;data&quot;:{&quot;titre&quot;:&quot;Exposition \\\/ Ma sorci\\u00e8re mal nomm\\u00e9e - Magie et Pouvoir au f\\u00e9minin&quot;,&quot;description&quot;:&quot;Cette ann\\u00e9e, l&#039;Abbaye de Daoulas accueillera l&#039;exposition \\&quot;Ma sorci\\u00e8re mal nomm\\u00e9e - Pouvoir et magie au f\\u00e9minin\\&quot; et explorera l&#039;une des figures f\\u00e9minines les plus puissantes et controvers\\u00e9es de l&#039;histoire.\\n\\nL&#039;exposition Ma sorci\\u00e8re mal nomm\\u00e9e \\u2013 Pouvoir et Magie au f\\u00e9minin vous plonge au c\\u0153ur de l&#039;une des figures f\\u00e9minines les plus puissantes et controvers\\u00e9es de l&#039;histoire. Loin des clich\\u00e9s et des fantasmes, elle confronte la richesse des repr\\u00e9sentations et des d\\u00e9nominations de la sorci\\u00e8re \\u00e0 la complexit\\u00e9 de sa r\\u00e9alit\\u00e9 historique.\\n\\nA travers un parcours immersif nous d\\u00e9voilant selon les cultures qui est d\\u00e9sign\\u00e9 comme sorci\\u00e8re, quelles sont ses pratiques, ses savoirs et nous r\\u00e9v\\u00e9lant la construction d\\u2019un arch\\u00e9type li\\u00e9e \\u00e0 l\\u2019inquisition et aux proc\\u00e8s en sorcellerie, l\\u2019exposition montre comment cette figure f\\u00e9minine peuple nos imaginaires jusqu\\u2019\\u00e0 devenir aujourd\\u2019hui un embl\\u00e8me f\\u00e9ministe.&quot;,&quot;categorie&quot;:&quot;Expositions&quot;,&quot;ville&quot;:&quot;Daoulas&quot;,&quot;code_postal&quot;:&quot;29460&quot;,&quot;name&quot;:&quot;Exposition \\\/ Ma sorci\\u00e8re mal nomm\\u00e9e - Magie et Pouvoir au f\\u00e9minin&quot;,&quot;latitude&quot;:&quot;48.3620578&quot;,&quot;longitude&quot;:&quot;-4.2653057&quot;,&quot;link&quot;:&quot;https:\\\/\\\/www.cdp29.fr\\\/fr\\\/ma-visite\\\/offer\\\/1732\\\/ma-sorciere-mal-nommee-pouvoir-et-magie-au-feminin&quot;},&quot;category&quot;:&quot;\\u00c9v\\u00e9nements locaux&quot;,&quot;faq&quot;:[],&quot;event&quot;:&quot;Du 11\\\/06\\\/2026 au 29\\\/11\\\/2026 \\u00e0 23:59&quot;,&quot;video_url&quot;:&quot;&quot;,&quot;video_embed&quot;:null,&quot;documents&quot;:[],&quot;gallery&quot;:[]}\">\n\n                <!-- Image + badge cat\u00e9gorie -->\n                <div class=\"em-card-img-wrap\">\n                                      <div class=\"em-card-placeholder\">\ud83d\udcf7 Pas d'image<\/div>\n                                    <span class=\"em-card-badge badge-default\">\u00c9v\u00e9nements locaux<\/span>\n                <\/div>\n\n                <!-- Contenu de la card -->\n                <div class=\"em-card-body\">\n                  <h3 class=\"em-card-title\">Exposition \/ Ma sorci\u00e8re mal nomm\u00e9e - Magie et Pouvoir au f\u00e9minin<\/h3>\n\n                  <!-- Tags r\u00e9sum\u00e9s (max 4) -->\n                  <div class=\"em-card-tags\">\n                                                          <\/div>\n\n                  <!-- Champs suppl\u00e9mentaires (max 3) -->\n                  <div class=\"em-card-fields\">\n                                          <div class=\"em-card-field\">\n                        <span class=\"em-card-field-label\">Titre :<\/span>\n                        <span class=\"em-card-field-value\">Exposition \/ Ma sorci\u00e8re mal nomm\u00e9e - Magie et Pouvoir au f\u00e9<\/span>\n                      <\/div>\n                                          <div class=\"em-card-field\">\n                        <span class=\"em-card-field-label\">Cat\u00e9gorie :<\/span>\n                        <span class=\"em-card-field-value\">Expositions<\/span>\n                      <\/div>\n                                          <div class=\"em-card-field\">\n                        <span class=\"em-card-field-label\">Ville :<\/span>\n                        <span class=\"em-card-field-value\">Daoulas<\/span>\n                      <\/div>\n                                      <\/div>\n\n                  <!-- Lien vers le d\u00e9tail -->\n                  <div class=\"em-card-footer\">\n                    <span>Voir le d\u00e9tail<\/span>\n                    <svg fill=\"none\" viewBox=\"0 0 24 24\" stroke=\"currentColor\" stroke-width=\"2\">\n                      <path stroke-linecap=\"round\" stroke-linejoin=\"round\" d=\"M13.5 4.5L21 12m0 0l-7.5 7.5M21 12H3\"><\/path>\n                    <\/svg>\n                  <\/div>\n                <\/div>\n              <\/article>\n                          <article class=\"em-card\"\n                data-type=\"evenements-locaux-6\"\n                data-features=\"\"\n                data-name=\"les aventures du magicien d&#039;oz\"\n                data-json=\"{&quot;name&quot;:&quot;Les aventures du magicien d&#039;Oz&quot;,&quot;image&quot;:&quot;&quot;,&quot;link&quot;:&quot;http:\\\/\\\/www.comediedufinistere.fr\\\/&quot;,&quot;data&quot;:{&quot;titre&quot;:&quot;Les aventures du magicien d&#039;Oz&quot;,&quot;description&quot;:&quot;Oscar est un magicien un peu maladroit. Son lapin Alfred lui tient compagnie mais la vie est bien triste pour nos deux amis. Une nuit, une tornade vient frapper le cirque d&#039;Oscar et ils se r\\u00e9veillent dans un pays inconnu, un pays merveilleux !\\n\\nUn monde peupl\\u00e9 de cr\\u00e9atures fantastiques, de personnages dr\\u00f4les et attachants comme un \\u00e9pouvantail, un lion ainsi que des farfadets aussi amicaux qu&#039;espi\\u00e8gles. Mais Oscar et Alfred devront traverser de nombreuses p\\u00e9rip\\u00e9ties afin de sauver ce monde d&#039;un terrible Roi, le Roi Alcarazas et de son dragon, le dragon d&#039;\\u00e9meraude.\\n\\nInformations pratiques : \\nDur\\u00e9e 50 minutes. \\nSpectacle destin\\u00e9 aux enfants de 3 \\u00e0 10 ans. \\nR\\u00e9servation obligatoire, en ligne.&quot;,&quot;categorie&quot;:&quot;En famille&quot;,&quot;ville&quot;:&quot;Brest&quot;,&quot;code_postal&quot;:&quot;29200&quot;,&quot;name&quot;:&quot;Les aventures du magicien d&#039;Oz&quot;,&quot;latitude&quot;:&quot;48.3890223&quot;,&quot;longitude&quot;:&quot;-4.4983387&quot;,&quot;link&quot;:&quot;http:\\\/\\\/www.comediedufinistere.fr\\\/&quot;},&quot;category&quot;:&quot;\\u00c9v\\u00e9nements locaux&quot;,&quot;faq&quot;:[],&quot;event&quot;:&quot;Du 12\\\/09\\\/2026 \\u00e0 15:00 au 12\\\/09\\\/2026 \\u00e0 23:59&quot;,&quot;video_url&quot;:&quot;&quot;,&quot;video_embed&quot;:null,&quot;documents&quot;:[],&quot;gallery&quot;:[]}\">\n\n                <!-- Image + badge cat\u00e9gorie -->\n                <div class=\"em-card-img-wrap\">\n                                      <div class=\"em-card-placeholder\">\ud83d\udcf7 Pas d'image<\/div>\n                                    <span class=\"em-card-badge badge-default\">\u00c9v\u00e9nements locaux<\/span>\n                <\/div>\n\n                <!-- Contenu de la card -->\n                <div class=\"em-card-body\">\n                  <h3 class=\"em-card-title\">Les aventures du magicien d&#039;Oz<\/h3>\n\n                  <!-- Tags r\u00e9sum\u00e9s (max 4) -->\n                  <div class=\"em-card-tags\">\n                                                          <\/div>\n\n                  <!-- Champs suppl\u00e9mentaires (max 3) -->\n                  <div class=\"em-card-fields\">\n                                          <div class=\"em-card-field\">\n                        <span class=\"em-card-field-label\">Titre :<\/span>\n                        <span class=\"em-card-field-value\">Les aventures du magicien d&#039;Oz<\/span>\n                      <\/div>\n                                          <div class=\"em-card-field\">\n                        <span class=\"em-card-field-label\">Cat\u00e9gorie :<\/span>\n                        <span class=\"em-card-field-value\">En famille<\/span>\n                      <\/div>\n                                          <div class=\"em-card-field\">\n                        <span class=\"em-card-field-label\">Ville :<\/span>\n                        <span class=\"em-card-field-value\">Brest<\/span>\n                      <\/div>\n                                      <\/div>\n\n                  <!-- Lien vers le d\u00e9tail -->\n                  <div class=\"em-card-footer\">\n                    <span>Voir le d\u00e9tail<\/span>\n                    <svg fill=\"none\" viewBox=\"0 0 24 24\" stroke=\"currentColor\" stroke-width=\"2\">\n                      <path stroke-linecap=\"round\" stroke-linejoin=\"round\" d=\"M13.5 4.5L21 12m0 0l-7.5 7.5M21 12H3\"><\/path>\n                    <\/svg>\n                  <\/div>\n                <\/div>\n              <\/article>\n                          <article class=\"em-card\"\n                data-type=\"evenements-locaux-6\"\n                data-features=\"\"\n                data-name=\"\u00cele tristan - &quot;ile ouverte&quot;\"\n                data-json=\"{&quot;name&quot;:&quot;\\u00cele Tristan - \\&quot;Ile Ouverte\\&quot;&quot;,&quot;image&quot;:&quot;&quot;,&quot;link&quot;:&quot;&quot;,&quot;data&quot;:{&quot;titre&quot;:&quot;\\u00cele Tristan - \\&quot;Ile Ouverte\\&quot;&quot;,&quot;description&quot;:&quot;L&#039;\\u00eele Tristan propri\\u00e9t\\u00e9 du Conservatoire du Littoral est ouverte au public gratuitement pendant la mar\\u00e9e basse. Passage \\u00e0 pied. Les chiens, la cueillette, les pique-niques sont interdits sur le site. Il est interdit de fumer sur le site.\\n\\nPROMENEURS, ATTENTION ! CES HORAIRES DE PASSAGE SONT COMMUNIQUES \\u00c0 TITRE INDICATIF.\\nLa travers\\u00e9e \\u00e0 pied se fait sous votre responsabilit\\u00e9. \\nSoyez extr\\u00eamement vigilants \\u00e0 la mont\\u00e9e des eaux pour ne pas rester bloqu\\u00e9s sur l\\u2019\\u00eele. Les temps de passage peuvent \\u00eatre raccourcis en fonction des conditions m\\u00e9t\\u00e9orologiques et de la force du vent. En pr\\u00e9sence d\\u2019eau dans la passe, la force des courants interdit toute travers\\u00e9e. \\nEn cas de probl\\u00e8me, le Conservatoire du littoral, propri\\u00e9taire de l\\u2019\\u00cele Tristan, et la ville de Douarnenez, gestionnaire du site, d\\u00e9clinent toutes responsabilit\\u00e9s.\\nPR\\u00c9VOYEZ DES CHAUSSURES NON GLISSANTES&quot;,&quot;categorie&quot;:&quot;Sport &amp; randonn\\u00e9e&quot;,&quot;ville&quot;:&quot;Douarnenez&quot;,&quot;code_postal&quot;:&quot;29100&quot;,&quot;name&quot;:&quot;\\u00cele Tristan - \\&quot;Ile Ouverte\\&quot;&quot;,&quot;latitude&quot;:&quot;48.0972725&quot;,&quot;longitude&quot;:&quot;-4.3354308&quot;},&quot;category&quot;:&quot;\\u00c9v\\u00e9nements locaux&quot;,&quot;faq&quot;:[],&quot;event&quot;:&quot;Du 30\\\/08\\\/2026 \\u00e0 11:35 au 30\\\/08\\\/2026 \\u00e0 23:59&quot;,&quot;video_url&quot;:&quot;&quot;,&quot;video_embed&quot;:null,&quot;documents&quot;:[],&quot;gallery&quot;:[]}\">\n\n                <!-- Image + badge cat\u00e9gorie -->\n                <div class=\"em-card-img-wrap\">\n                                      <div class=\"em-card-placeholder\">\ud83d\udcf7 Pas d'image<\/div>\n                                    <span class=\"em-card-badge badge-default\">\u00c9v\u00e9nements locaux<\/span>\n                <\/div>\n\n                <!-- Contenu de la card -->\n                <div class=\"em-card-body\">\n                  <h3 class=\"em-card-title\">\u00cele Tristan - &quot;Ile Ouverte&quot;<\/h3>\n\n                  <!-- Tags r\u00e9sum\u00e9s (max 4) -->\n                  <div class=\"em-card-tags\">\n                                                          <\/div>\n\n                  <!-- Champs suppl\u00e9mentaires (max 3) -->\n                  <div class=\"em-card-fields\">\n                                          <div class=\"em-card-field\">\n                        <span class=\"em-card-field-label\">Titre :<\/span>\n                        <span class=\"em-card-field-value\">\u00cele Tristan - &quot;Ile Ouverte&quot;<\/span>\n                      <\/div>\n                                          <div class=\"em-card-field\">\n                        <span class=\"em-card-field-label\">Cat\u00e9gorie :<\/span>\n                        <span class=\"em-card-field-value\">Sport &amp; randonn\u00e9e<\/span>\n                      <\/div>\n                                          <div class=\"em-card-field\">\n                        <span class=\"em-card-field-label\">Ville :<\/span>\n                        <span class=\"em-card-field-value\">Douarnenez<\/span>\n                      <\/div>\n                                      <\/div>\n\n                  <!-- Lien vers le d\u00e9tail -->\n                  <div class=\"em-card-footer\">\n                    <span>Voir le d\u00e9tail<\/span>\n                    <svg fill=\"none\" viewBox=\"0 0 24 24\" stroke=\"currentColor\" stroke-width=\"2\">\n                      <path stroke-linecap=\"round\" stroke-linejoin=\"round\" d=\"M13.5 4.5L21 12m0 0l-7.5 7.5M21 12H3\"><\/path>\n                    <\/svg>\n                  <\/div>\n                <\/div>\n              <\/article>\n                          <article class=\"em-card\"\n                data-type=\"evenements-locaux-6\"\n                data-features=\"\"\n                data-name=\"stage aventure nature\"\n                data-json=\"{&quot;name&quot;:&quot;Stage Aventure Nature&quot;,&quot;image&quot;:&quot;&quot;,&quot;link&quot;:&quot;http:\\\/\\\/wildwata.com\\\/&quot;,&quot;data&quot;:{&quot;titre&quot;:&quot;Stage Aventure Nature&quot;,&quot;description&quot;:&quot;Partons \\u00e0 l\\u2019aventure dans les bois, le bois de Lanfeust ou d\\u2019autres. Entre jeux buissonniers, d\\u00e9couverte de notre environnement proche, sculpture sur bois, sur 3 demi-journ\\u00e9es.\\n\\nLes programmes sont libres et adapt\\u00e9s selon les envies.\\n\\nQuelques exemples d&#039;activit\\u00e9s :\\nPistage (lecture d&#039;empreinte, moulage, pose de pi\\u00e8ge photos).\\nJeux buissonniers (construction de cabane d&#039;embarcation flottante, petite vannerie sauvage).\\nSculpture sur bois (apprendre \\u00e0 utiliser un couteau dans de bonnes conditions de s\\u00e9curit\\u00e9).\\nObservation ornithologique.&quot;,&quot;categorie&quot;:&quot;En famille&quot;,&quot;ville&quot;:&quot;Le Conquet&quot;,&quot;code_postal&quot;:&quot;29217&quot;,&quot;name&quot;:&quot;Stage Aventure Nature&quot;,&quot;latitude&quot;:&quot;48.3668906&quot;,&quot;longitude&quot;:&quot;-4.7468749&quot;,&quot;link&quot;:&quot;http:\\\/\\\/wildwata.com\\\/&quot;},&quot;category&quot;:&quot;\\u00c9v\\u00e9nements locaux&quot;,&quot;faq&quot;:[],&quot;event&quot;:&quot;Du 24\\\/08\\\/2026 \\u00e0 10:00 au 26\\\/08\\\/2026 \\u00e0 23:59&quot;,&quot;video_url&quot;:&quot;&quot;,&quot;video_embed&quot;:null,&quot;documents&quot;:[],&quot;gallery&quot;:[]}\">\n\n                <!-- Image + badge cat\u00e9gorie -->\n                <div class=\"em-card-img-wrap\">\n                                      <div class=\"em-card-placeholder\">\ud83d\udcf7 Pas d'image<\/div>\n                                    <span class=\"em-card-badge badge-default\">\u00c9v\u00e9nements locaux<\/span>\n                <\/div>\n\n                <!-- Contenu de la card -->\n                <div class=\"em-card-body\">\n                  <h3 class=\"em-card-title\">Stage Aventure Nature<\/h3>\n\n                  <!-- Tags r\u00e9sum\u00e9s (max 4) -->\n                  <div class=\"em-card-tags\">\n                                                          <\/div>\n\n                  <!-- Champs suppl\u00e9mentaires (max 3) -->\n                  <div class=\"em-card-fields\">\n                                          <div class=\"em-card-field\">\n                        <span class=\"em-card-field-label\">Titre :<\/span>\n                        <span class=\"em-card-field-value\">Stage Aventure Nature<\/span>\n                      <\/div>\n                                          <div class=\"em-card-field\">\n                        <span class=\"em-card-field-label\">Cat\u00e9gorie :<\/span>\n                        <span class=\"em-card-field-value\">En famille<\/span>\n                      <\/div>\n                                          <div class=\"em-card-field\">\n                        <span class=\"em-card-field-label\">Ville :<\/span>\n                        <span class=\"em-card-field-value\">Le Conquet<\/span>\n                      <\/div>\n                                      <\/div>\n\n                  <!-- Lien vers le d\u00e9tail -->\n                  <div class=\"em-card-footer\">\n                    <span>Voir le d\u00e9tail<\/span>\n                    <svg fill=\"none\" viewBox=\"0 0 24 24\" stroke=\"currentColor\" stroke-width=\"2\">\n                      <path stroke-linecap=\"round\" stroke-linejoin=\"round\" d=\"M13.5 4.5L21 12m0 0l-7.5 7.5M21 12H3\"><\/path>\n                    <\/svg>\n                  <\/div>\n                <\/div>\n              <\/article>\n                          <article class=\"em-card\"\n                data-type=\"evenements-locaux-6\"\n                data-features=\"\"\n                data-name=\"bains de for\u00eat\"\n                data-json=\"{&quot;name&quot;:&quot;Bains de For\\u00eat&quot;,&quot;image&quot;:&quot;&quot;,&quot;link&quot;:&quot;http:\\\/\\\/virginie-guezennec.fr\\\/&quot;,&quot;data&quot;:{&quot;titre&quot;:&quot;Bains de For\\u00eat&quot;,&quot;description&quot;:&quot;\\u00c0 l\\u2019\\u00e9coute des arbres\\n\\nAu c\\u0153ur du Bois de Suguensou, offrez-vous une parenth\\u00e8se hors du temps pour ralentir et vous reconnecter \\u00e0 vos sensations.\\nCette exp\\u00e9rience guid\\u00e9e invite \\u00e0 explorer la rencontre avec les arbres de mani\\u00e8re progressive : d\\u2019abord \\u00e0 distance, puis en s\\u2019approchant doucement de leurs troncs. \\u00c0 travers une \\u00e9coute attentive du corps et une perception subtile du mouvement \\u00e9nerg\\u00e9tique, chacun est amen\\u00e9 \\u00e0 vivre un dialogue silencieux avec le vivant.\\nSurprenante au d\\u00e9but, cette approche devient rapidement un moment profond d\\u2019ancrage et de pr\\u00e9sence, o\\u00f9 l\\u2019on passe du \\u00ab faire \\u00bb \\u00e0 l\\u2019\\u00ab \\u00eatre \\u00bb.\\n\\nInformations particuli\\u00e8res :\\n- Tout public \\u00e0 partir de 11 ans\\n- Pr\\u00e9voir une tenue adapt\\u00e9e permettant d&#039;aller hors des sentiers\\n\\nLes lundis matins \\u00e0 9h.\\nR\\u00e9servation possible aupr\\u00e8s de l&#039;Office de Tourisme d&#039;Audierne ou par t\\u00e9l\\u00e9phone.&quot;,&quot;categorie&quot;:&quot;Sport &amp; randonn\\u00e9e&quot;,&quot;ville&quot;:&quot;Audierne&quot;,&quot;code_postal&quot;:&quot;29770&quot;,&quot;name&quot;:&quot;Bains de For\\u00eat&quot;,&quot;latitude&quot;:&quot;48.0353060&quot;,&quot;longitude&quot;:&quot;-4.5400859&quot;,&quot;link&quot;:&quot;http:\\\/\\\/virginie-guezennec.fr\\\/&quot;},&quot;category&quot;:&quot;\\u00c9v\\u00e9nements locaux&quot;,&quot;faq&quot;:[],&quot;event&quot;:&quot;Du 06\\\/04\\\/2026 \\u00e0 09:00 au 26\\\/10\\\/2026 \\u00e0 23:59&quot;,&quot;video_url&quot;:&quot;&quot;,&quot;video_embed&quot;:null,&quot;documents&quot;:[],&quot;gallery&quot;:[]}\">\n\n                <!-- Image + badge cat\u00e9gorie -->\n                <div class=\"em-card-img-wrap\">\n                                      <div class=\"em-card-placeholder\">\ud83d\udcf7 Pas d'image<\/div>\n                                    <span class=\"em-card-badge badge-default\">\u00c9v\u00e9nements locaux<\/span>\n                <\/div>\n\n                <!-- Contenu de la card -->\n                <div class=\"em-card-body\">\n                  <h3 class=\"em-card-title\">Bains de For\u00eat<\/h3>\n\n                  <!-- Tags r\u00e9sum\u00e9s (max 4) -->\n                  <div class=\"em-card-tags\">\n                                                          <\/div>\n\n                  <!-- Champs suppl\u00e9mentaires (max 3) -->\n                  <div class=\"em-card-fields\">\n                                          <div class=\"em-card-field\">\n                        <span class=\"em-card-field-label\">Titre :<\/span>\n                        <span class=\"em-card-field-value\">Bains de For\u00eat<\/span>\n                      <\/div>\n                                          <div class=\"em-card-field\">\n                        <span class=\"em-card-field-label\">Cat\u00e9gorie :<\/span>\n                        <span class=\"em-card-field-value\">Sport &amp; randonn\u00e9e<\/span>\n                      <\/div>\n                                          <div class=\"em-card-field\">\n                        <span class=\"em-card-field-label\">Ville :<\/span>\n                        <span class=\"em-card-field-value\">Audierne<\/span>\n                      <\/div>\n                                      <\/div>\n\n                  <!-- Lien vers le d\u00e9tail -->\n                  <div class=\"em-card-footer\">\n                    <span>Voir le d\u00e9tail<\/span>\n                    <svg fill=\"none\" viewBox=\"0 0 24 24\" stroke=\"currentColor\" stroke-width=\"2\">\n                      <path stroke-linecap=\"round\" stroke-linejoin=\"round\" d=\"M13.5 4.5L21 12m0 0l-7.5 7.5M21 12H3\"><\/path>\n                    <\/svg>\n                  <\/div>\n                <\/div>\n              <\/article>\n                          <article class=\"em-card\"\n                data-type=\"evenements-locaux-6\"\n                data-features=\"\"\n                data-name=\"portes ouvertes association danses en cap sizun\"\n                data-json=\"{&quot;name&quot;:&quot;Portes ouvertes association Danses en Cap Sizun&quot;,&quot;image&quot;:&quot;&quot;,&quot;link&quot;:&quot;&quot;,&quot;data&quot;:{&quot;titre&quot;:&quot;Portes ouvertes association Danses en Cap Sizun&quot;,&quot;description&quot;:&quot;Danses en Cap Sizun propose d&#039;ouvrir gratuitement ses portes aux cours d&#039;initiation \\u00e0 la danse en ligne et \\u00e0 la danse en couple du 15 au 25 septembre 2026. Les jours et horaires sont sur l&#039;affiche. Au plaisir de se retrouver \\u00e0 Plouhinec Salle Jeanne \\u00e0 la rentr\\u00e9e.&quot;,&quot;categorie&quot;:&quot;Spectacles &amp; cin\\u00e9ma&quot;,&quot;ville&quot;:&quot;Plouhinec&quot;,&quot;code_postal&quot;:&quot;29780&quot;,&quot;name&quot;:&quot;Portes ouvertes association Danses en Cap Sizun&quot;,&quot;latitude&quot;:&quot;48.0145538&quot;,&quot;longitude&quot;:&quot;-4.4872651&quot;},&quot;category&quot;:&quot;\\u00c9v\\u00e9nements locaux&quot;,&quot;faq&quot;:[],&quot;event&quot;:&quot;Du 15\\\/09\\\/2026 au 25\\\/09\\\/2026 \\u00e0 23:59&quot;,&quot;video_url&quot;:&quot;&quot;,&quot;video_embed&quot;:null,&quot;documents&quot;:[],&quot;gallery&quot;:[]}\">\n\n                <!-- Image + badge cat\u00e9gorie -->\n                <div class=\"em-card-img-wrap\">\n                                      <div class=\"em-card-placeholder\">\ud83d\udcf7 Pas d'image<\/div>\n                                    <span class=\"em-card-badge badge-default\">\u00c9v\u00e9nements locaux<\/span>\n                <\/div>\n\n                <!-- Contenu de la card -->\n                <div class=\"em-card-body\">\n                  <h3 class=\"em-card-title\">Portes ouvertes association Danses en Cap Sizun<\/h3>\n\n                  <!-- Tags r\u00e9sum\u00e9s (max 4) -->\n                  <div class=\"em-card-tags\">\n                                                          <\/div>\n\n                  <!-- Champs suppl\u00e9mentaires (max 3) -->\n                  <div class=\"em-card-fields\">\n                                          <div class=\"em-card-field\">\n                        <span class=\"em-card-field-label\">Titre :<\/span>\n                        <span class=\"em-card-field-value\">Portes ouvertes association Danses en Cap Sizun<\/span>\n                      <\/div>\n                                          <div class=\"em-card-field\">\n                        <span class=\"em-card-field-label\">Cat\u00e9gorie :<\/span>\n                        <span class=\"em-card-field-value\">Spectacles &amp; cin\u00e9ma<\/span>\n                      <\/div>\n                                          <div class=\"em-card-field\">\n                        <span class=\"em-card-field-label\">Ville :<\/span>\n                        <span class=\"em-card-field-value\">Plouhinec<\/span>\n                      <\/div>\n                                      <\/div>\n\n                  <!-- Lien vers le d\u00e9tail -->\n                  <div class=\"em-card-footer\">\n                    <span>Voir le d\u00e9tail<\/span>\n                    <svg fill=\"none\" viewBox=\"0 0 24 24\" stroke=\"currentColor\" stroke-width=\"2\">\n                      <path stroke-linecap=\"round\" stroke-linejoin=\"round\" d=\"M13.5 4.5L21 12m0 0l-7.5 7.5M21 12H3\"><\/path>\n                    <\/svg>\n                  <\/div>\n                <\/div>\n              <\/article>\n                          <article class=\"em-card\"\n                data-type=\"evenements-locaux-6\"\n                data-features=\"\"\n                data-name=\"visitez la distillerie brumenn\"\n                data-json=\"{&quot;name&quot;:&quot;Visitez la distillerie Brumenn&quot;,&quot;image&quot;:&quot;&quot;,&quot;link&quot;:&quot;&quot;,&quot;data&quot;:{&quot;titre&quot;:&quot;Visitez la distillerie Brumenn&quot;,&quot;description&quot;:&quot;A la rencontre de l&#039;alambic !\\n\\nVisitez la distillerie Brumenn avec son cr\\u00e9ateur Vincent Conseil, distillateur-cueilleur depuis 2021, \\u00e0 Camaret sur Mer, en Presqu&#039;\\u00eele de Crozon.\\n\\nVenez d\\u00e9couvrir les secrets de la distillation, le fonctionnement d&#039;un alambic traditionnel en cuivre, et les diff\\u00e9rentes \\u00e9tapes de fabrication d&#039;alcool artisanal.\\n\\nVous d\\u00e9gusterez pour finir les alcools fabriqu\\u00e9s sur place, \\u00e0 l&#039;ancienne, et en agriculture biologique : whisky, lambig, gin, pastis, liqueurs, pommeau... Des boissons naturelles et authentiques, \\u00e0 l&#039;image de la presqu&#039;\\u00eele !\\n\\nFabrication \\u00e0 partir de plantes et de fruits cueillis dans la nature et dans le jardin de la distillerie ou cultiv\\u00e9s localement en agriculture biologique.&quot;,&quot;categorie&quot;:&quot;Autres \\u00e9v\\u00e9nements&quot;,&quot;ville&quot;:&quot;Camaret-sur-Mer&quot;,&quot;code_postal&quot;:&quot;29570&quot;,&quot;name&quot;:&quot;Visitez la distillerie Brumenn&quot;,&quot;latitude&quot;:&quot;48.2704500&quot;,&quot;longitude&quot;:&quot;-4.5847000&quot;},&quot;category&quot;:&quot;\\u00c9v\\u00e9nements locaux&quot;,&quot;faq&quot;:[],&quot;event&quot;:&quot;Du 28\\\/08\\\/2026 \\u00e0 10:00 au 28\\\/08\\\/2026 \\u00e0 23:59&quot;,&quot;video_url&quot;:&quot;&quot;,&quot;video_embed&quot;:null,&quot;documents&quot;:[],&quot;gallery&quot;:[]}\">\n\n                <!-- Image + badge cat\u00e9gorie -->\n                <div class=\"em-card-img-wrap\">\n                                      <div class=\"em-card-placeholder\">\ud83d\udcf7 Pas d'image<\/div>\n                                    <span class=\"em-card-badge badge-default\">\u00c9v\u00e9nements locaux<\/span>\n                <\/div>\n\n                <!-- Contenu de la card -->\n                <div class=\"em-card-body\">\n                  <h3 class=\"em-card-title\">Visitez la distillerie Brumenn<\/h3>\n\n                  <!-- Tags r\u00e9sum\u00e9s (max 4) -->\n                  <div class=\"em-card-tags\">\n                                                          <\/div>\n\n                  <!-- Champs suppl\u00e9mentaires (max 3) -->\n                  <div class=\"em-card-fields\">\n                                          <div class=\"em-card-field\">\n                        <span class=\"em-card-field-label\">Titre :<\/span>\n                        <span class=\"em-card-field-value\">Visitez la distillerie Brumenn<\/span>\n                      <\/div>\n                                          <div class=\"em-card-field\">\n                        <span class=\"em-card-field-label\">Cat\u00e9gorie :<\/span>\n                        <span class=\"em-card-field-value\">Autres \u00e9v\u00e9nements<\/span>\n                      <\/div>\n                                          <div class=\"em-card-field\">\n                        <span class=\"em-card-field-label\">Ville :<\/span>\n                        <span class=\"em-card-field-value\">Camaret-sur-Mer<\/span>\n                      <\/div>\n                                      <\/div>\n\n                  <!-- Lien vers le d\u00e9tail -->\n                  <div class=\"em-card-footer\">\n                    <span>Voir le d\u00e9tail<\/span>\n                    <svg fill=\"none\" viewBox=\"0 0 24 24\" stroke=\"currentColor\" stroke-width=\"2\">\n                      <path stroke-linecap=\"round\" stroke-linejoin=\"round\" d=\"M13.5 4.5L21 12m0 0l-7.5 7.5M21 12H3\"><\/path>\n                    <\/svg>\n                  <\/div>\n                <\/div>\n              <\/article>\n                          <article class=\"em-card\"\n                data-type=\"evenements-locaux-6\"\n                data-features=\"\"\n                data-name=\"visite guid\u00e9e - rando nature \u00e0 la pointe du van\"\n                data-json=\"{&quot;name&quot;:&quot;Visite guid\\u00e9e - Rando Nature \\u00e0 la Pointe du Van&quot;,&quot;image&quot;:&quot;&quot;,&quot;link&quot;:&quot;https:\\\/\\\/www.toutcommenceenfinistere.com\\\/pointe-du-raz\\\/preparer-sa-visite\\\/&quot;,&quot;data&quot;:{&quot;titre&quot;:&quot;Visite guid\\u00e9e - Rando Nature \\u00e0 la Pointe du Van&quot;,&quot;description&quot;:&quot;Une immersion au c\\u0153ur des paysages sauvages !\\n\\nMoins fr\\u00e9quent\\u00e9e mais tout aussi spectaculaire, la Pointe du Van se d\\u00e9voile lors de cette randonn\\u00e9e guid\\u00e9e entre landes battues par les vents, falaises abruptes et patrimoine discret. Le guide vous accompagne \\u00e0 la d\\u00e9couverte d\\u2019un territoire pr\\u00e9serv\\u00e9, fa\\u00e7onn\\u00e9 par la rencontre permanente entre la terre et l\\u2019oc\\u00e9an. Faune, flore, g\\u00e9ologie et traces d\\u2019activit\\u00e9s humaines se m\\u00ealent pour raconter l\\u2019histoire de ces paysages contrast\\u00e9s. Une sortie id\\u00e9ale pour les amoureux de nature et de grands espaces.\\n\\nD\\u00e9part du parking de la Pointe du Van - Dur\\u00e9e 3h - 5 km \\n\\nLes mardis \\u00e0 9h.\\n\\nSur r\\u00e9servation aupr\\u00e8s de la Maison de site ou de l&#039;Office de Tourisme du Cap-Sizun \\u00e0 Audierne.&quot;,&quot;categorie&quot;:&quot;Sport &amp; randonn\\u00e9e&quot;,&quot;ville&quot;:&quot;Cl\\u00e9den-Cap-Sizun&quot;,&quot;code_postal&quot;:&quot;29770&quot;,&quot;name&quot;:&quot;Visite guid\\u00e9e - Rando Nature \\u00e0 la Pointe du Van&quot;,&quot;latitude&quot;:&quot;48.0646350&quot;,&quot;longitude&quot;:&quot;-4.7138110&quot;,&quot;link&quot;:&quot;https:\\\/\\\/www.toutcommenceenfinistere.com\\\/pointe-du-raz\\\/preparer-sa-visite\\\/&quot;},&quot;category&quot;:&quot;\\u00c9v\\u00e9nements locaux&quot;,&quot;faq&quot;:[],&quot;event&quot;:&quot;Du 15\\\/09\\\/2026 \\u00e0 09:00 au 15\\\/09\\\/2026 \\u00e0 23:59&quot;,&quot;video_url&quot;:&quot;&quot;,&quot;video_embed&quot;:null,&quot;documents&quot;:[],&quot;gallery&quot;:[]}\">\n\n                <!-- Image + badge cat\u00e9gorie -->\n                <div class=\"em-card-img-wrap\">\n                                      <div class=\"em-card-placeholder\">\ud83d\udcf7 Pas d'image<\/div>\n                                    <span class=\"em-card-badge badge-default\">\u00c9v\u00e9nements locaux<\/span>\n                <\/div>\n\n                <!-- Contenu de la card -->\n                <div class=\"em-card-body\">\n                  <h3 class=\"em-card-title\">Visite guid\u00e9e - Rando Nature \u00e0 la Pointe du Van<\/h3>\n\n                  <!-- Tags r\u00e9sum\u00e9s (max 4) -->\n                  <div class=\"em-card-tags\">\n                                                          <\/div>\n\n                  <!-- Champs suppl\u00e9mentaires (max 3) -->\n                  <div class=\"em-card-fields\">\n                                          <div class=\"em-card-field\">\n                        <span class=\"em-card-field-label\">Titre :<\/span>\n                        <span class=\"em-card-field-value\">Visite guid\u00e9e - Rando Nature \u00e0 la Pointe du Van<\/span>\n                      <\/div>\n                                          <div class=\"em-card-field\">\n                        <span class=\"em-card-field-label\">Cat\u00e9gorie :<\/span>\n                        <span class=\"em-card-field-value\">Sport &amp; randonn\u00e9e<\/span>\n                      <\/div>\n                                          <div class=\"em-card-field\">\n                        <span class=\"em-card-field-label\">Ville :<\/span>\n                        <span class=\"em-card-field-value\">Cl\u00e9den-Cap-Sizun<\/span>\n                      <\/div>\n                                      <\/div>\n\n                  <!-- Lien vers le d\u00e9tail -->\n                  <div class=\"em-card-footer\">\n                    <span>Voir le d\u00e9tail<\/span>\n                    <svg fill=\"none\" viewBox=\"0 0 24 24\" stroke=\"currentColor\" stroke-width=\"2\">\n                      <path stroke-linecap=\"round\" stroke-linejoin=\"round\" d=\"M13.5 4.5L21 12m0 0l-7.5 7.5M21 12H3\"><\/path>\n                    <\/svg>\n                  <\/div>\n                <\/div>\n              <\/article>\n                          <article class=\"em-card\"\n                data-type=\"evenements-locaux-6\"\n                data-features=\"\"\n                data-name=\"balade comment\u00e9e - le patrimoine de land\u00e9vennec\"\n                data-json=\"{&quot;name&quot;:&quot;Balade comment\\u00e9e - Le patrimoine de Land\\u00e9vennec&quot;,&quot;image&quot;:&quot;&quot;,&quot;link&quot;:&quot;&quot;,&quot;data&quot;:{&quot;titre&quot;:&quot;Balade comment\\u00e9e - Le patrimoine de Land\\u00e9vennec&quot;,&quot;description&quot;:&quot;Explorez Land\\u00e9vennec, un tr\\u00e9sor historique breton, \\u00e0 travers cette balade comment\\u00e9e. Ce village embl\\u00e9matique, situ\\u00e9 sur les bords de l\\u2019Aulne, vous transporte \\u00e0 travers les \\u00e9poques.\\n\\nEn fl\\u00e2nant sur ses chemins pittoresques, vous serez captiv\\u00e9s par les vestiges de son glorieux pass\\u00e9, notamment les ruines de son ancienne abbaye fond\\u00e9e au Ve si\\u00e8cle. L\\u2019\\u00e9glise Saint-Gu\\u00e9nol\\u00e9, un joyau de l\\u2019architecture bretonne, vous \\u00e9merveillera par ses d\\u00e9tails architecturaux et son ambiance paisible.\\n\\nCette excursion \\u00e0 Land\\u00e9vennec est une immersion authentique dans l\\u2019histoire et la culture bretonnes, alliant patrimoine, spiritualit\\u00e9 et nature.\\n\\nInfos pratiques :\\n\\n    juillet \\u2013 ao\\u00fbt : les lundis \\u00e0 14h30\\n    3\\u20ac : adulte | Gratuit : -18 ans\\n\\n    R\\u00e9servation obligatoire dans les Offices de Tourisme\\n    dur\\u00e9e : 1h30\\n    RDV : devant l\\u2019Office de Tourisme \\u2013 LANDEVENNEC\\n    Acc\\u00e8s PMR possible\\n\\nVisite assur\\u00e9e par l\\u2019Office de Tourisme&quot;,&quot;categorie&quot;:&quot;Autres \\u00e9v\\u00e9nements&quot;,&quot;ville&quot;:&quot;Land\\u00e9vennec&quot;,&quot;code_postal&quot;:&quot;29560&quot;,&quot;name&quot;:&quot;Balade comment\\u00e9e - Le patrimoine de Land\\u00e9vennec&quot;,&quot;latitude&quot;:&quot;48.2934000&quot;,&quot;longitude&quot;:&quot;-4.2677100&quot;},&quot;category&quot;:&quot;\\u00c9v\\u00e9nements locaux&quot;,&quot;faq&quot;:[],&quot;event&quot;:&quot;Du 31\\\/08\\\/2026 \\u00e0 14:30 au 31\\\/08\\\/2026 \\u00e0 23:59&quot;,&quot;video_url&quot;:&quot;&quot;,&quot;video_embed&quot;:null,&quot;documents&quot;:[],&quot;gallery&quot;:[]}\">\n\n                <!-- Image + badge cat\u00e9gorie -->\n                <div class=\"em-card-img-wrap\">\n                                      <div class=\"em-card-placeholder\">\ud83d\udcf7 Pas d'image<\/div>\n                                    <span class=\"em-card-badge badge-default\">\u00c9v\u00e9nements locaux<\/span>\n                <\/div>\n\n                <!-- Contenu de la card -->\n                <div class=\"em-card-body\">\n                  <h3 class=\"em-card-title\">Balade comment\u00e9e - Le patrimoine de Land\u00e9vennec<\/h3>\n\n                  <!-- Tags r\u00e9sum\u00e9s (max 4) -->\n                  <div class=\"em-card-tags\">\n                                                          <\/div>\n\n                  <!-- Champs suppl\u00e9mentaires (max 3) -->\n                  <div class=\"em-card-fields\">\n                                          <div class=\"em-card-field\">\n                        <span class=\"em-card-field-label\">Titre :<\/span>\n                        <span class=\"em-card-field-value\">Balade comment\u00e9e - Le patrimoine de Land\u00e9vennec<\/span>\n                      <\/div>\n                                          <div class=\"em-card-field\">\n                        <span class=\"em-card-field-label\">Cat\u00e9gorie :<\/span>\n                        <span class=\"em-card-field-value\">Autres \u00e9v\u00e9nements<\/span>\n                      <\/div>\n                                          <div class=\"em-card-field\">\n                        <span class=\"em-card-field-label\">Ville :<\/span>\n                        <span class=\"em-card-field-value\">Land\u00e9vennec<\/span>\n                      <\/div>\n                                      <\/div>\n\n                  <!-- Lien vers le d\u00e9tail -->\n                  <div class=\"em-card-footer\">\n                    <span>Voir le d\u00e9tail<\/span>\n                    <svg fill=\"none\" viewBox=\"0 0 24 24\" stroke=\"currentColor\" stroke-width=\"2\">\n                      <path stroke-linecap=\"round\" stroke-linejoin=\"round\" d=\"M13.5 4.5L21 12m0 0l-7.5 7.5M21 12H3\"><\/path>\n                    <\/svg>\n                  <\/div>\n                <\/div>\n              <\/article>\n                          <article class=\"em-card\"\n                data-type=\"evenements-locaux-6\"\n                data-features=\"\"\n                data-name=\"balade comment\u00e9e en cap-sizun\"\n                data-json=\"{&quot;name&quot;:&quot;Balade comment\\u00e9e en Cap-Sizun&quot;,&quot;image&quot;:&quot;&quot;,&quot;link&quot;:&quot;https:\\\/\\\/www.victourducap.fr\\\/&quot;,&quot;data&quot;:{&quot;titre&quot;:&quot;Balade comment\\u00e9e en Cap-Sizun&quot;,&quot;description&quot;:&quot;Visite motoris\\u00e9e ludique et originale, accessible pour tous les \\u00e2ges et surtout les personnes les moins mobiles. Victor, capiste pur beurre, partagera avec vous son amour et sa passion pour le Cap-Sizun, pour ses paysages, sa faune, son histoire, la p\\u00eache,... La visite est riche de ses anecdotes, de ses explications tr\\u00e8s accessibles et enrichissantes. Vous descendez du v\\u00e9hicule sur les points du visite les plus int\\u00e9ressants.\\n\\nLaissez-vous guider et profiter. Le temps file tr\\u00e8s vite \\u00e0 ses c\\u00f4t\\u00e9s et la visite est tr\\u00e8s agr\\u00e9able.\\n\\n\\u00c0 partager sans mod\\u00e9ration.&quot;,&quot;categorie&quot;:&quot;Autres \\u00e9v\\u00e9nements&quot;,&quot;ville&quot;:&quot;Plouhinec&quot;,&quot;code_postal&quot;:&quot;29780&quot;,&quot;name&quot;:&quot;Balade comment\\u00e9e en Cap-Sizun&quot;,&quot;latitude&quot;:&quot;48.0143400&quot;,&quot;longitude&quot;:&quot;-4.4863900&quot;,&quot;link&quot;:&quot;https:\\\/\\\/www.victourducap.fr\\\/&quot;},&quot;category&quot;:&quot;\\u00c9v\\u00e9nements locaux&quot;,&quot;faq&quot;:[],&quot;event&quot;:&quot;Du 25\\\/08\\\/2026 \\u00e0 14:30 au 25\\\/08\\\/2026 \\u00e0 23:59&quot;,&quot;video_url&quot;:&quot;&quot;,&quot;video_embed&quot;:null,&quot;documents&quot;:[],&quot;gallery&quot;:[]}\">\n\n                <!-- Image + badge cat\u00e9gorie -->\n                <div class=\"em-card-img-wrap\">\n                                      <div class=\"em-card-placeholder\">\ud83d\udcf7 Pas d'image<\/div>\n                                    <span class=\"em-card-badge badge-default\">\u00c9v\u00e9nements locaux<\/span>\n                <\/div>\n\n                <!-- Contenu de la card -->\n                <div class=\"em-card-body\">\n                  <h3 class=\"em-card-title\">Balade comment\u00e9e en Cap-Sizun<\/h3>\n\n                  <!-- Tags r\u00e9sum\u00e9s (max 4) -->\n                  <div class=\"em-card-tags\">\n                                                          <\/div>\n\n                  <!-- Champs suppl\u00e9mentaires (max 3) -->\n                  <div class=\"em-card-fields\">\n                                          <div class=\"em-card-field\">\n                        <span class=\"em-card-field-label\">Titre :<\/span>\n                        <span class=\"em-card-field-value\">Balade comment\u00e9e en Cap-Sizun<\/span>\n                      <\/div>\n                                          <div class=\"em-card-field\">\n                        <span class=\"em-card-field-label\">Cat\u00e9gorie :<\/span>\n                        <span class=\"em-card-field-value\">Autres \u00e9v\u00e9nements<\/span>\n                      <\/div>\n                                          <div class=\"em-card-field\">\n                        <span class=\"em-card-field-label\">Ville :<\/span>\n                        <span class=\"em-card-field-value\">Plouhinec<\/span>\n                      <\/div>\n                                      <\/div>\n\n                  <!-- Lien vers le d\u00e9tail -->\n                  <div class=\"em-card-footer\">\n                    <span>Voir le d\u00e9tail<\/span>\n                    <svg fill=\"none\" viewBox=\"0 0 24 24\" stroke=\"currentColor\" stroke-width=\"2\">\n                      <path stroke-linecap=\"round\" stroke-linejoin=\"round\" d=\"M13.5 4.5L21 12m0 0l-7.5 7.5M21 12H3\"><\/path>\n                    <\/svg>\n                  <\/div>\n                <\/div>\n              <\/article>\n                          <article class=\"em-card\"\n                data-type=\"evenements-locaux-6\"\n                data-features=\"\"\n                data-name=\"visite guid\u00e9e de la chapelle de saint-tugen\"\n                data-json=\"{&quot;name&quot;:&quot;Visite guid\\u00e9e de la Chapelle de Saint-Tugen&quot;,&quot;image&quot;:&quot;&quot;,&quot;link&quot;:&quot;http:\\\/\\\/patrimoineprimelin.fr\\\/&quot;,&quot;data&quot;:{&quot;titre&quot;:&quot;Visite guid\\u00e9e de la Chapelle de Saint-Tugen&quot;,&quot;description&quot;:&quot;Visites guid\\u00e9e les jeudis \\u00e0 10h30 : venez d\\u00e9couvrir et comprendre ce monument class\\u00e9 au titre des Monuments Historique, embl\\u00e9matique du Cap-Sizun, \\u00e0 travers son histoire (petite et grande) et la richesse de ses tr\\u00e9sors artistiques et religieux. \\nSans r\\u00e9servation. \\n\\nVisite libre de tous les jours de 14h30 \\u00e0 18h30 jusqu\\u2019au 30 septembre.\\n\\nLibre participation (2\\u20ac souhait\\u00e9s).&quot;,&quot;categorie&quot;:&quot;Autres \\u00e9v\\u00e9nements&quot;,&quot;ville&quot;:&quot;Primelin&quot;,&quot;code_postal&quot;:&quot;29770&quot;,&quot;name&quot;:&quot;Visite guid\\u00e9e de la Chapelle de Saint-Tugen&quot;,&quot;latitude&quot;:&quot;48.0223360&quot;,&quot;longitude&quot;:&quot;-4.5920260&quot;,&quot;link&quot;:&quot;http:\\\/\\\/patrimoineprimelin.fr\\\/&quot;},&quot;category&quot;:&quot;\\u00c9v\\u00e9nements locaux&quot;,&quot;faq&quot;:[],&quot;event&quot;:&quot;Du 04\\\/06\\\/2026 \\u00e0 10:30 au 24\\\/09\\\/2026 \\u00e0 23:59&quot;,&quot;video_url&quot;:&quot;&quot;,&quot;video_embed&quot;:null,&quot;documents&quot;:[],&quot;gallery&quot;:[]}\">\n\n                <!-- Image + badge cat\u00e9gorie -->\n                <div class=\"em-card-img-wrap\">\n                                      <div class=\"em-card-placeholder\">\ud83d\udcf7 Pas d'image<\/div>\n                                    <span class=\"em-card-badge badge-default\">\u00c9v\u00e9nements locaux<\/span>\n                <\/div>\n\n                <!-- Contenu de la card -->\n                <div class=\"em-card-body\">\n                  <h3 class=\"em-card-title\">Visite guid\u00e9e de la Chapelle de Saint-Tugen<\/h3>\n\n                  <!-- Tags r\u00e9sum\u00e9s (max 4) -->\n                  <div class=\"em-card-tags\">\n                                                          <\/div>\n\n                  <!-- Champs suppl\u00e9mentaires (max 3) -->\n                  <div class=\"em-card-fields\">\n                                          <div class=\"em-card-field\">\n                        <span class=\"em-card-field-label\">Titre :<\/span>\n                        <span class=\"em-card-field-value\">Visite guid\u00e9e de la Chapelle de Saint-Tugen<\/span>\n                      <\/div>\n                                          <div class=\"em-card-field\">\n                        <span class=\"em-card-field-label\">Cat\u00e9gorie :<\/span>\n                        <span class=\"em-card-field-value\">Autres \u00e9v\u00e9nements<\/span>\n                      <\/div>\n                                          <div class=\"em-card-field\">\n                        <span class=\"em-card-field-label\">Ville :<\/span>\n                        <span class=\"em-card-field-value\">Primelin<\/span>\n                      <\/div>\n                                      <\/div>\n\n                  <!-- Lien vers le d\u00e9tail -->\n                  <div class=\"em-card-footer\">\n                    <span>Voir le d\u00e9tail<\/span>\n                    <svg fill=\"none\" viewBox=\"0 0 24 24\" stroke=\"currentColor\" stroke-width=\"2\">\n                      <path stroke-linecap=\"round\" stroke-linejoin=\"round\" d=\"M13.5 4.5L21 12m0 0l-7.5 7.5M21 12H3\"><\/path>\n                    <\/svg>\n                  <\/div>\n                <\/div>\n              <\/article>\n                          <article class=\"em-card\"\n                data-type=\"evenements-locaux-6\"\n                data-features=\"\"\n                data-name=\"visite guid\u00e9e d&#039;audierne\"\n                data-json=\"{&quot;name&quot;:&quot;Visite guid\\u00e9e d&#039;Audierne&quot;,&quot;image&quot;:&quot;&quot;,&quot;link&quot;:&quot;http:\\\/\\\/www.capsizuntourisme.fr\\\/&quot;,&quot;data&quot;:{&quot;titre&quot;:&quot;Visite guid\\u00e9e d&#039;Audierne&quot;,&quot;description&quot;:&quot;Accompagn\\u00e9 par un guide de l\\u2019office de tourisme, venez profiter d\\u2019un instant de d\\u00e9couverte et de partage sur l\\u2019histoire d\\u2019Audierne. Laissez-vous guider dans la ville afin de d\\u00e9couvrir son histoire passionnante et souvent m\\u00e9connue, au cours d\\u2019une balade dans les venelles. Depuis les hauteurs, vous apercevrez comment les richesses de la mer ont fa\\u00e7onn\\u00e9 la ville et son histoire !&quot;,&quot;categorie&quot;:&quot;Autres \\u00e9v\\u00e9nements&quot;,&quot;ville&quot;:&quot;Audierne&quot;,&quot;code_postal&quot;:&quot;29770&quot;,&quot;name&quot;:&quot;Visite guid\\u00e9e d&#039;Audierne&quot;,&quot;latitude&quot;:&quot;48.0236900&quot;,&quot;longitude&quot;:&quot;-4.5399300&quot;,&quot;link&quot;:&quot;http:\\\/\\\/www.capsizuntourisme.fr\\\/&quot;},&quot;category&quot;:&quot;\\u00c9v\\u00e9nements locaux&quot;,&quot;faq&quot;:[],&quot;event&quot;:&quot;Du 15\\\/09\\\/2026 \\u00e0 15:00 au 15\\\/09\\\/2026 \\u00e0 23:59&quot;,&quot;video_url&quot;:&quot;&quot;,&quot;video_embed&quot;:null,&quot;documents&quot;:[],&quot;gallery&quot;:[]}\">\n\n                <!-- Image + badge cat\u00e9gorie -->\n                <div class=\"em-card-img-wrap\">\n                                      <div class=\"em-card-placeholder\">\ud83d\udcf7 Pas d'image<\/div>\n                                    <span class=\"em-card-badge badge-default\">\u00c9v\u00e9nements locaux<\/span>\n                <\/div>\n\n                <!-- Contenu de la card -->\n                <div class=\"em-card-body\">\n                  <h3 class=\"em-card-title\">Visite guid\u00e9e d&#039;Audierne<\/h3>\n\n                  <!-- Tags r\u00e9sum\u00e9s (max 4) -->\n                  <div class=\"em-card-tags\">\n                                                          <\/div>\n\n                  <!-- Champs suppl\u00e9mentaires (max 3) -->\n                  <div class=\"em-card-fields\">\n                                          <div class=\"em-card-field\">\n                        <span class=\"em-card-field-label\">Titre :<\/span>\n                        <span class=\"em-card-field-value\">Visite guid\u00e9e d&#039;Audierne<\/span>\n                      <\/div>\n                                          <div class=\"em-card-field\">\n                        <span class=\"em-card-field-label\">Cat\u00e9gorie :<\/span>\n                        <span class=\"em-card-field-value\">Autres \u00e9v\u00e9nements<\/span>\n                      <\/div>\n                                          <div class=\"em-card-field\">\n                        <span class=\"em-card-field-label\">Ville :<\/span>\n                        <span class=\"em-card-field-value\">Audierne<\/span>\n                      <\/div>\n                                      <\/div>\n\n                  <!-- Lien vers le d\u00e9tail -->\n                  <div class=\"em-card-footer\">\n                    <span>Voir le d\u00e9tail<\/span>\n                    <svg fill=\"none\" viewBox=\"0 0 24 24\" stroke=\"currentColor\" stroke-width=\"2\">\n                      <path stroke-linecap=\"round\" stroke-linejoin=\"round\" d=\"M13.5 4.5L21 12m0 0l-7.5 7.5M21 12H3\"><\/path>\n                    <\/svg>\n                  <\/div>\n                <\/div>\n              <\/article>\n                          <article class=\"em-card\"\n                data-type=\"evenements-locaux-6\"\n                data-features=\"\"\n                data-name=\"sortie stand-up paddle dans la ria\"\n                data-json=\"{&quot;name&quot;:&quot;Sortie stand-up paddle dans la ria&quot;,&quot;image&quot;:&quot;&quot;,&quot;link&quot;:&quot;&quot;,&quot;data&quot;:{&quot;titre&quot;:&quot;Sortie stand-up paddle dans la ria&quot;,&quot;description&quot;:&quot;D\\u00e9couvrez la ria autrement, au fil de l&#039;eau !\\nSorties encadr\\u00e9es et comment\\u00e9es par un moniteur dipl\\u00f4m\\u00e9.&quot;,&quot;categorie&quot;:&quot;Sport &amp; randonn\\u00e9e&quot;,&quot;ville&quot;:&quot;Le Conquet&quot;,&quot;code_postal&quot;:&quot;29217&quot;,&quot;name&quot;:&quot;Sortie stand-up paddle dans la ria&quot;,&quot;latitude&quot;:&quot;48.3513213&quot;,&quot;longitude&quot;:&quot;-4.7392891&quot;},&quot;category&quot;:&quot;\\u00c9v\\u00e9nements locaux&quot;,&quot;faq&quot;:[],&quot;event&quot;:&quot;Du 27\\\/08\\\/2026 \\u00e0 17:00 au 27\\\/08\\\/2026 \\u00e0 23:59&quot;,&quot;video_url&quot;:&quot;&quot;,&quot;video_embed&quot;:null,&quot;documents&quot;:[],&quot;gallery&quot;:[]}\">\n\n                <!-- Image + badge cat\u00e9gorie -->\n                <div class=\"em-card-img-wrap\">\n                                      <div class=\"em-card-placeholder\">\ud83d\udcf7 Pas d'image<\/div>\n                                    <span class=\"em-card-badge badge-default\">\u00c9v\u00e9nements locaux<\/span>\n                <\/div>\n\n                <!-- Contenu de la card -->\n                <div class=\"em-card-body\">\n                  <h3 class=\"em-card-title\">Sortie stand-up paddle dans la ria<\/h3>\n\n                  <!-- Tags r\u00e9sum\u00e9s (max 4) -->\n                  <div class=\"em-card-tags\">\n                                                          <\/div>\n\n                  <!-- Champs suppl\u00e9mentaires (max 3) -->\n                  <div class=\"em-card-fields\">\n                                          <div class=\"em-card-field\">\n                        <span class=\"em-card-field-label\">Titre :<\/span>\n                        <span class=\"em-card-field-value\">Sortie stand-up paddle dans la ria<\/span>\n                      <\/div>\n                                          <div class=\"em-card-field\">\n                        <span class=\"em-card-field-label\">Cat\u00e9gorie :<\/span>\n                        <span class=\"em-card-field-value\">Sport &amp; randonn\u00e9e<\/span>\n                      <\/div>\n                                          <div class=\"em-card-field\">\n                        <span class=\"em-card-field-label\">Ville :<\/span>\n                        <span class=\"em-card-field-value\">Le Conquet<\/span>\n                      <\/div>\n                                      <\/div>\n\n                  <!-- Lien vers le d\u00e9tail -->\n                  <div class=\"em-card-footer\">\n                    <span>Voir le d\u00e9tail<\/span>\n                    <svg fill=\"none\" viewBox=\"0 0 24 24\" stroke=\"currentColor\" stroke-width=\"2\">\n                      <path stroke-linecap=\"round\" stroke-linejoin=\"round\" d=\"M13.5 4.5L21 12m0 0l-7.5 7.5M21 12H3\"><\/path>\n                    <\/svg>\n                  <\/div>\n                <\/div>\n              <\/article>\n                          <article class=\"em-card\"\n                data-type=\"evenements-locaux-6\"\n                data-features=\"\"\n                data-name=\"visite cr\u00e9pusculaire de la pointe du raz\"\n                data-json=\"{&quot;name&quot;:&quot;Visite cr\\u00e9pusculaire de la Pointe du Raz&quot;,&quot;image&quot;:&quot;&quot;,&quot;link&quot;:&quot;https:\\\/\\\/www.toutcommenceenfinistere.com\\\/pointe-du-raz\\\/preparer-sa-visite\\\/&quot;,&quot;data&quot;:{&quot;titre&quot;:&quot;Visite cr\\u00e9pusculaire de la Pointe du Raz&quot;,&quot;description&quot;:&quot;La Pointe du Raz \\u00e0 l&#039;heure dor\\u00e9e ! \\n\\n\\u00c0 l\\u2019heure o\\u00f9 le soleil d\\u00e9cline, la Pointe du Raz r\\u00e9v\\u00e8le une atmosph\\u00e8re toute particuli\\u00e8re. Cette visite cr\\u00e9pusculaire propose une immersion sensorielle au c\\u0153ur du Grand Site, lorsque les couleurs s\\u2019adoucissent et que la lumi\\u00e8re dor\\u00e9e embrase les falaises. Progressivement, phares et balises s\\u2019illuminent, offrant un v\\u00e9ritable ballet lumineux sur la mer d\\u2019Iroise. Entre paysages grandioses, r\\u00e9cits maritimes et instants contemplatifs, vivez une exp\\u00e9rience unique, hors du temps, au plus \\u00e0 l\\u2019ouest de la France.\\n\\nSur r\\u00e9servation aupr\\u00e8s de la Maison de site de la Pointe du Raz ou de l&#039;Office de Tourisme du Cap-Sizun \\u00e0 Audierne.&quot;,&quot;categorie&quot;:&quot;Sport &amp; randonn\\u00e9e&quot;,&quot;ville&quot;:&quot;Plogoff&quot;,&quot;code_postal&quot;:&quot;29770&quot;,&quot;name&quot;:&quot;Visite cr\\u00e9pusculaire de la Pointe du Raz&quot;,&quot;latitude&quot;:&quot;48.0408590&quot;,&quot;longitude&quot;:&quot;-4.6709770&quot;,&quot;link&quot;:&quot;https:\\\/\\\/www.toutcommenceenfinistere.com\\\/pointe-du-raz\\\/preparer-sa-visite\\\/&quot;},&quot;category&quot;:&quot;\\u00c9v\\u00e9nements locaux&quot;,&quot;faq&quot;:[],&quot;event&quot;:&quot;Du 15\\\/09\\\/2026 \\u00e0 19:00 au 15\\\/09\\\/2026 \\u00e0 23:59&quot;,&quot;video_url&quot;:&quot;&quot;,&quot;video_embed&quot;:null,&quot;documents&quot;:[],&quot;gallery&quot;:[]}\">\n\n                <!-- Image + badge cat\u00e9gorie -->\n                <div class=\"em-card-img-wrap\">\n                                      <div class=\"em-card-placeholder\">\ud83d\udcf7 Pas d'image<\/div>\n                                    <span class=\"em-card-badge badge-default\">\u00c9v\u00e9nements locaux<\/span>\n                <\/div>\n\n                <!-- Contenu de la card -->\n                <div class=\"em-card-body\">\n                  <h3 class=\"em-card-title\">Visite cr\u00e9pusculaire de la Pointe du Raz<\/h3>\n\n                  <!-- Tags r\u00e9sum\u00e9s (max 4) -->\n                  <div class=\"em-card-tags\">\n                                                          <\/div>\n\n                  <!-- Champs suppl\u00e9mentaires (max 3) -->\n                  <div class=\"em-card-fields\">\n                                          <div class=\"em-card-field\">\n                        <span class=\"em-card-field-label\">Titre :<\/span>\n                        <span class=\"em-card-field-value\">Visite cr\u00e9pusculaire de la Pointe du Raz<\/span>\n                      <\/div>\n                                          <div class=\"em-card-field\">\n                        <span class=\"em-card-field-label\">Cat\u00e9gorie :<\/span>\n                        <span class=\"em-card-field-value\">Sport &amp; randonn\u00e9e<\/span>\n                      <\/div>\n                                          <div class=\"em-card-field\">\n                        <span class=\"em-card-field-label\">Ville :<\/span>\n                        <span class=\"em-card-field-value\">Plogoff<\/span>\n                      <\/div>\n                                      <\/div>\n\n                  <!-- Lien vers le d\u00e9tail -->\n                  <div class=\"em-card-footer\">\n                    <span>Voir le d\u00e9tail<\/span>\n                    <svg fill=\"none\" viewBox=\"0 0 24 24\" stroke=\"currentColor\" stroke-width=\"2\">\n                      <path stroke-linecap=\"round\" stroke-linejoin=\"round\" d=\"M13.5 4.5L21 12m0 0l-7.5 7.5M21 12H3\"><\/path>\n                    <\/svg>\n                  <\/div>\n                <\/div>\n              <\/article>\n                          <article class=\"em-card\"\n                data-type=\"evenements-locaux-6\"\n                data-features=\"\"\n                data-name=\"bretagne virtuelle\"\n                data-json=\"{&quot;name&quot;:&quot;Bretagne Virtuelle&quot;,&quot;image&quot;:&quot;&quot;,&quot;link&quot;:&quot;http:\\\/\\\/www.billetterie.breizh-odyssee.bzh\\\/&quot;,&quot;data&quot;:{&quot;titre&quot;:&quot;Bretagne Virtuelle&quot;,&quot;description&quot;:&quot;Vivez un exp\\u00e9rience immersive unique !\\n\\nPlongez dans un voyage temporel en r\\u00e9alit\\u00e9 virtuelle, qui vous fera d\\u00e9couvrir  la Bretagne \\u00e0 360\\u00b0 au coeur de l&#039;espace mus\\u00e9ographique de Breizh Odyss\\u00e9e\\n\\nRencontrez Les h\\u00e9ros de l&#039;histoire bretonne ou explorez Le secret des m\\u00e9galithes de Bretagne et du monde&quot;,&quot;categorie&quot;:&quot;En famille&quot;,&quot;ville&quot;:&quot;Land\\u00e9vennec&quot;,&quot;code_postal&quot;:&quot;29560&quot;,&quot;name&quot;:&quot;Bretagne Virtuelle&quot;,&quot;latitude&quot;:&quot;48.2923600&quot;,&quot;longitude&quot;:&quot;-4.2678000&quot;,&quot;link&quot;:&quot;http:\\\/\\\/www.billetterie.breizh-odyssee.bzh\\\/&quot;},&quot;category&quot;:&quot;\\u00c9v\\u00e9nements locaux&quot;,&quot;faq&quot;:[],&quot;event&quot;:&quot;Du 30\\\/08\\\/2026 \\u00e0 10:30 au 30\\\/08\\\/2026 \\u00e0 23:59&quot;,&quot;video_url&quot;:&quot;&quot;,&quot;video_embed&quot;:null,&quot;documents&quot;:[],&quot;gallery&quot;:[]}\">\n\n                <!-- Image + badge cat\u00e9gorie -->\n                <div class=\"em-card-img-wrap\">\n                                      <div class=\"em-card-placeholder\">\ud83d\udcf7 Pas d'image<\/div>\n                                    <span class=\"em-card-badge badge-default\">\u00c9v\u00e9nements locaux<\/span>\n                <\/div>\n\n                <!-- Contenu de la card -->\n                <div class=\"em-card-body\">\n                  <h3 class=\"em-card-title\">Bretagne Virtuelle<\/h3>\n\n                  <!-- Tags r\u00e9sum\u00e9s (max 4) -->\n                  <div class=\"em-card-tags\">\n                                                          <\/div>\n\n                  <!-- Champs suppl\u00e9mentaires (max 3) -->\n                  <div class=\"em-card-fields\">\n                                          <div class=\"em-card-field\">\n                        <span class=\"em-card-field-label\">Titre :<\/span>\n                        <span class=\"em-card-field-value\">Bretagne Virtuelle<\/span>\n                      <\/div>\n                                          <div class=\"em-card-field\">\n                        <span class=\"em-card-field-label\">Cat\u00e9gorie :<\/span>\n                        <span class=\"em-card-field-value\">En famille<\/span>\n                      <\/div>\n                                          <div class=\"em-card-field\">\n                        <span class=\"em-card-field-label\">Ville :<\/span>\n                        <span class=\"em-card-field-value\">Land\u00e9vennec<\/span>\n                      <\/div>\n                                      <\/div>\n\n                  <!-- Lien vers le d\u00e9tail -->\n                  <div class=\"em-card-footer\">\n                    <span>Voir le d\u00e9tail<\/span>\n                    <svg fill=\"none\" viewBox=\"0 0 24 24\" stroke=\"currentColor\" stroke-width=\"2\">\n                      <path stroke-linecap=\"round\" stroke-linejoin=\"round\" d=\"M13.5 4.5L21 12m0 0l-7.5 7.5M21 12H3\"><\/path>\n                    <\/svg>\n                  <\/div>\n                <\/div>\n              <\/article>\n                          <article class=\"em-card\"\n                data-type=\"evenements-locaux-6\"\n                data-features=\"\"\n                data-name=\"balade en baie d\u2019audierne\"\n                data-json=\"{&quot;name&quot;:&quot;Balade en baie d\\u2019Audierne&quot;,&quot;image&quot;:&quot;&quot;,&quot;link&quot;:&quot;https:\\\/\\\/www.finist-mer.fr\\\/&quot;,&quot;data&quot;:{&quot;titre&quot;:&quot;Balade en baie d\\u2019Audierne&quot;,&quot;description&quot;:&quot;Au d\\u00e9part du port de Ste-Evette, vous longez la c\\u00f4te sauvage du Cap-Sizun et d\\u00e9couvrez des paysages insoup\\u00e7onn\\u00e9s : la chapelle StTugen, l\\u2019Ile aux Vaches, Pors-Loubous, le petit port de Bestr\\u00e9e et la fameuse pointe du Raz.\\nAvant de remettre le cap sur le continent, vous vous approcherez \\u00e9galement de l\\u2019\\u00e9l\\u00e9gant phare de la Vieille.\\n\\nGratuit pour les moins de 4 ans (enregistr\\u00e9s en agence) \\\/ Chien : 4\\u20ac\\n\\nBilletterie disponible aupr\\u00e8s de l&#039;Office de Tourisme \\u00e0 Audierne.&quot;,&quot;categorie&quot;:&quot;Autres \\u00e9v\\u00e9nements&quot;,&quot;ville&quot;:&quot;Audierne&quot;,&quot;code_postal&quot;:&quot;29770&quot;,&quot;name&quot;:&quot;Balade en baie d\\u2019Audierne&quot;,&quot;latitude&quot;:&quot;48.0060997&quot;,&quot;longitude&quot;:&quot;-4.5553163&quot;,&quot;link&quot;:&quot;https:\\\/\\\/www.finist-mer.fr\\\/&quot;},&quot;category&quot;:&quot;\\u00c9v\\u00e9nements locaux&quot;,&quot;faq&quot;:[],&quot;event&quot;:&quot;Du 15\\\/09\\\/2026 \\u00e0 09:00 au 15\\\/09\\\/2026 \\u00e0 23:59&quot;,&quot;video_url&quot;:&quot;&quot;,&quot;video_embed&quot;:null,&quot;documents&quot;:[],&quot;gallery&quot;:[]}\">\n\n                <!-- Image + badge cat\u00e9gorie -->\n                <div class=\"em-card-img-wrap\">\n                                      <div class=\"em-card-placeholder\">\ud83d\udcf7 Pas d'image<\/div>\n                                    <span class=\"em-card-badge badge-default\">\u00c9v\u00e9nements locaux<\/span>\n                <\/div>\n\n                <!-- Contenu de la card -->\n                <div class=\"em-card-body\">\n                  <h3 class=\"em-card-title\">Balade en baie d\u2019Audierne<\/h3>\n\n                  <!-- Tags r\u00e9sum\u00e9s (max 4) -->\n                  <div class=\"em-card-tags\">\n                                                          <\/div>\n\n                  <!-- Champs suppl\u00e9mentaires (max 3) -->\n                  <div class=\"em-card-fields\">\n                                          <div class=\"em-card-field\">\n                        <span class=\"em-card-field-label\">Titre :<\/span>\n                        <span class=\"em-card-field-value\">Balade en baie d\u2019Audierne<\/span>\n                      <\/div>\n                                          <div class=\"em-card-field\">\n                        <span class=\"em-card-field-label\">Cat\u00e9gorie :<\/span>\n                        <span class=\"em-card-field-value\">Autres \u00e9v\u00e9nements<\/span>\n                      <\/div>\n                                          <div class=\"em-card-field\">\n                        <span class=\"em-card-field-label\">Ville :<\/span>\n                        <span class=\"em-card-field-value\">Audierne<\/span>\n                      <\/div>\n                                      <\/div>\n\n                  <!-- Lien vers le d\u00e9tail -->\n                  <div class=\"em-card-footer\">\n                    <span>Voir le d\u00e9tail<\/span>\n                    <svg fill=\"none\" viewBox=\"0 0 24 24\" stroke=\"currentColor\" stroke-width=\"2\">\n                      <path stroke-linecap=\"round\" stroke-linejoin=\"round\" d=\"M13.5 4.5L21 12m0 0l-7.5 7.5M21 12H3\"><\/path>\n                    <\/svg>\n                  <\/div>\n                <\/div>\n              <\/article>\n                          <article class=\"em-card\"\n                data-type=\"evenements-locaux-6\"\n                data-features=\"\"\n                data-name=\"lev\u00e9e du pont levis - tour vauban\"\n                data-json=\"{&quot;name&quot;:&quot;Lev\\u00e9e du pont levis - Tour Vauban&quot;,&quot;image&quot;:&quot;&quot;,&quot;link&quot;:&quot;&quot;,&quot;data&quot;:{&quot;titre&quot;:&quot;Lev\\u00e9e du pont levis - Tour Vauban&quot;,&quot;description&quot;:&quot;Pr\\u00e9sentation et mise en fonction du pont-levis de la Tour Vauban\\n\\nInclus dans la visite libre\\n\\nTous les mercredis \\u00e0 16h en juillet et ao\\u00fbt&quot;,&quot;categorie&quot;:&quot;Spectacles &amp; cin\\u00e9ma&quot;,&quot;ville&quot;:&quot;Camaret-sur-Mer&quot;,&quot;code_postal&quot;:&quot;29570&quot;,&quot;name&quot;:&quot;Lev\\u00e9e du pont levis - Tour Vauban&quot;,&quot;latitude&quot;:&quot;48.2798900&quot;,&quot;longitude&quot;:&quot;-4.5910600&quot;},&quot;category&quot;:&quot;\\u00c9v\\u00e9nements locaux&quot;,&quot;faq&quot;:[],&quot;event&quot;:&quot;Du 26\\\/08\\\/2026 \\u00e0 16:00 au 26\\\/08\\\/2026 \\u00e0 23:59&quot;,&quot;video_url&quot;:&quot;&quot;,&quot;video_embed&quot;:null,&quot;documents&quot;:[],&quot;gallery&quot;:[]}\">\n\n                <!-- Image + badge cat\u00e9gorie -->\n                <div class=\"em-card-img-wrap\">\n                                      <div class=\"em-card-placeholder\">\ud83d\udcf7 Pas d'image<\/div>\n                                    <span class=\"em-card-badge badge-default\">\u00c9v\u00e9nements locaux<\/span>\n                <\/div>\n\n                <!-- Contenu de la card -->\n                <div class=\"em-card-body\">\n                  <h3 class=\"em-card-title\">Lev\u00e9e du pont levis - Tour Vauban<\/h3>\n\n                  <!-- Tags r\u00e9sum\u00e9s (max 4) -->\n                  <div class=\"em-card-tags\">\n                                                          <\/div>\n\n                  <!-- Champs suppl\u00e9mentaires (max 3) -->\n                  <div class=\"em-card-fields\">\n                                          <div class=\"em-card-field\">\n                        <span class=\"em-card-field-label\">Titre :<\/span>\n                        <span class=\"em-card-field-value\">Lev\u00e9e du pont levis - Tour Vauban<\/span>\n                      <\/div>\n                                          <div class=\"em-card-field\">\n                        <span class=\"em-card-field-label\">Cat\u00e9gorie :<\/span>\n                        <span class=\"em-card-field-value\">Spectacles &amp; cin\u00e9ma<\/span>\n                      <\/div>\n                                          <div class=\"em-card-field\">\n                        <span class=\"em-card-field-label\">Ville :<\/span>\n                        <span class=\"em-card-field-value\">Camaret-sur-Mer<\/span>\n                      <\/div>\n                                      <\/div>\n\n                  <!-- Lien vers le d\u00e9tail -->\n                  <div class=\"em-card-footer\">\n                    <span>Voir le d\u00e9tail<\/span>\n                    <svg fill=\"none\" viewBox=\"0 0 24 24\" stroke=\"currentColor\" stroke-width=\"2\">\n                      <path stroke-linecap=\"round\" stroke-linejoin=\"round\" d=\"M13.5 4.5L21 12m0 0l-7.5 7.5M21 12H3\"><\/path>\n                    <\/svg>\n                  <\/div>\n                <\/div>\n              <\/article>\n                          <article class=\"em-card\"\n                data-type=\"evenements-locaux-6\"\n                data-features=\"\"\n                data-name=\"visite guid\u00e9e de cri\u00e9e d\u2019audierne-poulgoazec\"\n                data-json=\"{&quot;name&quot;:&quot;Visite guid\\u00e9e de cri\\u00e9e d\\u2019Audierne-Poulgoazec&quot;,&quot;image&quot;:&quot;&quot;,&quot;link&quot;:&quot;&quot;,&quot;data&quot;:{&quot;titre&quot;:&quot;Visite guid\\u00e9e de cri\\u00e9e d\\u2019Audierne-Poulgoazec&quot;,&quot;description&quot;:&quot;Venez assister en direct \\u00e0 la vente aux ench\\u00e8res \\u00e0 la halle \\u00e0 mar\\u00e9e.\\nUne visite exceptionnelle \\u00e0 la d\\u00e9couverte de la cri\\u00e9e de Poulgoazec, singuli\\u00e8re par la qualit\\u00e9 de sa p\\u00eache c\\u00f4ti\\u00e8re.\\nAccompagn\\u00e9 par nos m\\u00e9diateurs, nous vous ferons d\\u00e9couvrir l&#039;histoire du port, ses techniques de p\\u00eaches, les diff\\u00e9rentes esp\\u00e8ces de poissons et les conditions de travail des marins-p\\u00eacheurs.\\n \\nSur r\\u00e9servation, 30 pers. max, chaussures ferm\\u00e9es obligatoires, photos interdites \\u00e0 l&#039;int\\u00e9rieur de la halle \\u00e0 mar\\u00e9e.\\nLes animaux ne sont pas accept\\u00e9s.\\n \\nBilletterie disponible dans le bureaux de l&#039;Office de Tourisme.  \\n \\nPoint de rendez-vous \\u00e0 l&#039;Abri du marin de Plouhinec.&quot;,&quot;categorie&quot;:&quot;Autres \\u00e9v\\u00e9nements&quot;,&quot;ville&quot;:&quot;Plouhinec&quot;,&quot;code_postal&quot;:&quot;29780&quot;,&quot;name&quot;:&quot;Visite guid\\u00e9e de cri\\u00e9e d\\u2019Audierne-Poulgoazec&quot;,&quot;latitude&quot;:&quot;48.0184347&quot;,&quot;longitude&quot;:&quot;-4.5316125&quot;},&quot;category&quot;:&quot;\\u00c9v\\u00e9nements locaux&quot;,&quot;faq&quot;:[],&quot;event&quot;:&quot;Du 15\\\/09\\\/2026 \\u00e0 14:30 au 15\\\/09\\\/2026 \\u00e0 23:59&quot;,&quot;video_url&quot;:&quot;&quot;,&quot;video_embed&quot;:null,&quot;documents&quot;:[],&quot;gallery&quot;:[]}\">\n\n                <!-- Image + badge cat\u00e9gorie -->\n                <div class=\"em-card-img-wrap\">\n                                      <div class=\"em-card-placeholder\">\ud83d\udcf7 Pas d'image<\/div>\n                                    <span class=\"em-card-badge badge-default\">\u00c9v\u00e9nements locaux<\/span>\n                <\/div>\n\n                <!-- Contenu de la card -->\n                <div class=\"em-card-body\">\n                  <h3 class=\"em-card-title\">Visite guid\u00e9e de cri\u00e9e d\u2019Audierne-Poulgoazec<\/h3>\n\n                  <!-- Tags r\u00e9sum\u00e9s (max 4) -->\n                  <div class=\"em-card-tags\">\n                                                          <\/div>\n\n                  <!-- Champs suppl\u00e9mentaires (max 3) -->\n                  <div class=\"em-card-fields\">\n                                          <div class=\"em-card-field\">\n                        <span class=\"em-card-field-label\">Titre :<\/span>\n                        <span class=\"em-card-field-value\">Visite guid\u00e9e de cri\u00e9e d\u2019Audierne-Poulgoazec<\/span>\n                      <\/div>\n                                          <div class=\"em-card-field\">\n                        <span class=\"em-card-field-label\">Cat\u00e9gorie :<\/span>\n                        <span class=\"em-card-field-value\">Autres \u00e9v\u00e9nements<\/span>\n                      <\/div>\n                                          <div class=\"em-card-field\">\n                        <span class=\"em-card-field-label\">Ville :<\/span>\n                        <span class=\"em-card-field-value\">Plouhinec<\/span>\n                      <\/div>\n                                      <\/div>\n\n                  <!-- Lien vers le d\u00e9tail -->\n                  <div class=\"em-card-footer\">\n                    <span>Voir le d\u00e9tail<\/span>\n                    <svg fill=\"none\" viewBox=\"0 0 24 24\" stroke=\"currentColor\" stroke-width=\"2\">\n                      <path stroke-linecap=\"round\" stroke-linejoin=\"round\" d=\"M13.5 4.5L21 12m0 0l-7.5 7.5M21 12H3\"><\/path>\n                    <\/svg>\n                  <\/div>\n                <\/div>\n              <\/article>\n                          <article class=\"em-card\"\n                data-type=\"evenements-locaux-6\"\n                data-features=\"\"\n                data-name=\"stage de voile \u00e0 rostiviec\"\n                data-json=\"{&quot;name&quot;:&quot;Stage de voile \\u00e0 Rostiviec&quot;,&quot;image&quot;:&quot;&quot;,&quot;link&quot;:&quot;https:\\\/\\\/www.centre-nautique-rostiviec-loperhet.com\\\/&quot;,&quot;data&quot;:{&quot;titre&quot;:&quot;Stage de voile \\u00e0 Rostiviec&quot;,&quot;description&quot;:&quot;Venez au Centre Nautique Rostiviec Loperhet afin de profiter de splendides navigations dans la baie de Daoulas en stage de 5 jours pour les vacances de printemps et les vacances d&#039;\\u00e9t\\u00e9. \\n\\nL&#039;\\u00e9quipe peut vous accompagner sur : catamaran, planche, d\\u00e9riveur, stand up.\\n\\nR\\u00e9servation obligatoire, au 02 98 07 06 64 ou par mail \\u00e0 cnrostiviec@gmail.com ou en s&#039;inscrivant en ligne sur www.centre-nautique-rostiviec-loperhet.com  .\\n\\nA bient\\u00f4t \\u00e0 Rostiviec !&quot;,&quot;categorie&quot;:&quot;En famille&quot;,&quot;ville&quot;:&quot;Loperhet&quot;,&quot;code_postal&quot;:&quot;29470&quot;,&quot;name&quot;:&quot;Stage de voile \\u00e0 Rostiviec&quot;,&quot;latitude&quot;:&quot;48.3483350&quot;,&quot;longitude&quot;:&quot;-4.3280509&quot;,&quot;link&quot;:&quot;https:\\\/\\\/www.centre-nautique-rostiviec-loperhet.com\\\/&quot;},&quot;category&quot;:&quot;\\u00c9v\\u00e9nements locaux&quot;,&quot;faq&quot;:[],&quot;event&quot;:&quot;Du 06\\\/07\\\/2026 \\u00e0 09:30 au 31\\\/08\\\/2026 \\u00e0 23:59&quot;,&quot;video_url&quot;:&quot;&quot;,&quot;video_embed&quot;:null,&quot;documents&quot;:[],&quot;gallery&quot;:[]}\">\n\n                <!-- Image + badge cat\u00e9gorie -->\n                <div class=\"em-card-img-wrap\">\n                                      <div class=\"em-card-placeholder\">\ud83d\udcf7 Pas d'image<\/div>\n                                    <span class=\"em-card-badge badge-default\">\u00c9v\u00e9nements locaux<\/span>\n                <\/div>\n\n                <!-- Contenu de la card -->\n                <div class=\"em-card-body\">\n                  <h3 class=\"em-card-title\">Stage de voile \u00e0 Rostiviec<\/h3>\n\n                  <!-- Tags r\u00e9sum\u00e9s (max 4) -->\n                  <div class=\"em-card-tags\">\n                                                          <\/div>\n\n                  <!-- Champs suppl\u00e9mentaires (max 3) -->\n                  <div class=\"em-card-fields\">\n                                          <div class=\"em-card-field\">\n                        <span class=\"em-card-field-label\">Titre :<\/span>\n                        <span class=\"em-card-field-value\">Stage de voile \u00e0 Rostiviec<\/span>\n                      <\/div>\n                                          <div class=\"em-card-field\">\n                        <span class=\"em-card-field-label\">Cat\u00e9gorie :<\/span>\n                        <span class=\"em-card-field-value\">En famille<\/span>\n                      <\/div>\n                                          <div class=\"em-card-field\">\n                        <span class=\"em-card-field-label\">Ville :<\/span>\n                        <span class=\"em-card-field-value\">Loperhet<\/span>\n                      <\/div>\n                                      <\/div>\n\n                  <!-- Lien vers le d\u00e9tail -->\n                  <div class=\"em-card-footer\">\n                    <span>Voir le d\u00e9tail<\/span>\n                    <svg fill=\"none\" viewBox=\"0 0 24 24\" stroke=\"currentColor\" stroke-width=\"2\">\n                      <path stroke-linecap=\"round\" stroke-linejoin=\"round\" d=\"M13.5 4.5L21 12m0 0l-7.5 7.5M21 12H3\"><\/path>\n                    <\/svg>\n                  <\/div>\n                <\/div>\n              <\/article>\n                          <article class=\"em-card\"\n                data-type=\"evenements-locaux-6\"\n                data-features=\"\"\n                data-name=\"visite guid\u00e9e de l&#039;\u00eele tristan\"\n                data-json=\"{&quot;name&quot;:&quot;Visite guid\\u00e9e de l&#039;\\u00eele Tristan&quot;,&quot;image&quot;:&quot;&quot;,&quot;link&quot;:&quot;http:\\\/\\\/www.douarnenez-tourisme.com\\\/&quot;,&quot;data&quot;:{&quot;titre&quot;:&quot;Visite guid\\u00e9e de l&#039;\\u00eele Tristan&quot;,&quot;description&quot;:&quot;Situ\\u00e9e \\u00e0 quelques encablures de Douarnenez, l&#039;\\u00eele Tristan, site naturel prot\\u00e9g\\u00e9 est la propri\\u00e9t\\u00e9 du Conservatoire du Littoral. Marchez sur les pas du c\\u00e9l\\u00e8bre brigand de La Fontenelle, de Tristan et Yseult et des nombreux artistes qui ont fr\\u00e9quent\\u00e9 l&#039;\\u00eele au d\\u00e9but 20\\u00e8me si\\u00e8cle. Inscription obligatoire \\u00e0 l&#039;Office de Tourisme du Pays de Douarnenez ou sur le site internet. Chiens non admis. Les conditions m\\u00e9t\\u00e9orologiques et la houle peuvent nous contraindre \\u00e0 annuler la visite.&quot;,&quot;categorie&quot;:&quot;Sport &amp; randonn\\u00e9e&quot;,&quot;ville&quot;:&quot;Douarnenez&quot;,&quot;code_postal&quot;:&quot;29100&quot;,&quot;name&quot;:&quot;Visite guid\\u00e9e de l&#039;\\u00eele Tristan&quot;,&quot;latitude&quot;:&quot;48.0972725&quot;,&quot;longitude&quot;:&quot;-4.3354308&quot;,&quot;link&quot;:&quot;http:\\\/\\\/www.douarnenez-tourisme.com\\\/&quot;},&quot;category&quot;:&quot;\\u00c9v\\u00e9nements locaux&quot;,&quot;faq&quot;:[],&quot;event&quot;:&quot;Du 30\\\/08\\\/2026 \\u00e0 11:45 au 30\\\/08\\\/2026 \\u00e0 23:59&quot;,&quot;video_url&quot;:&quot;&quot;,&quot;video_embed&quot;:null,&quot;documents&quot;:[],&quot;gallery&quot;:[]}\">\n\n                <!-- Image + badge cat\u00e9gorie -->\n                <div class=\"em-card-img-wrap\">\n                                      <div class=\"em-card-placeholder\">\ud83d\udcf7 Pas d'image<\/div>\n                                    <span class=\"em-card-badge badge-default\">\u00c9v\u00e9nements locaux<\/span>\n                <\/div>\n\n                <!-- Contenu de la card -->\n                <div class=\"em-card-body\">\n                  <h3 class=\"em-card-title\">Visite guid\u00e9e de l&#039;\u00eele Tristan<\/h3>\n\n                  <!-- Tags r\u00e9sum\u00e9s (max 4) -->\n                  <div class=\"em-card-tags\">\n                                                          <\/div>\n\n                  <!-- Champs suppl\u00e9mentaires (max 3) -->\n                  <div class=\"em-card-fields\">\n                                          <div class=\"em-card-field\">\n                        <span class=\"em-card-field-label\">Titre :<\/span>\n                        <span class=\"em-card-field-value\">Visite guid\u00e9e de l&#039;\u00eele Tristan<\/span>\n                      <\/div>\n                                          <div class=\"em-card-field\">\n                        <span class=\"em-card-field-label\">Cat\u00e9gorie :<\/span>\n                        <span class=\"em-card-field-value\">Sport &amp; randonn\u00e9e<\/span>\n                      <\/div>\n                                          <div class=\"em-card-field\">\n                        <span class=\"em-card-field-label\">Ville :<\/span>\n                        <span class=\"em-card-field-value\">Douarnenez<\/span>\n                      <\/div>\n                                      <\/div>\n\n                  <!-- Lien vers le d\u00e9tail -->\n                  <div class=\"em-card-footer\">\n                    <span>Voir le d\u00e9tail<\/span>\n                    <svg fill=\"none\" viewBox=\"0 0 24 24\" stroke=\"currentColor\" stroke-width=\"2\">\n                      <path stroke-linecap=\"round\" stroke-linejoin=\"round\" d=\"M13.5 4.5L21 12m0 0l-7.5 7.5M21 12H3\"><\/path>\n                    <\/svg>\n                  <\/div>\n                <\/div>\n              <\/article>\n                          <article class=\"em-card\"\n                data-type=\"evenements-locaux-6\"\n                data-features=\"\"\n                data-name=\"visite guid\u00e9e \u00ab\u00a0les rendez-vous de la pointe\u00a0\u00bb\"\n                data-json=\"{&quot;name&quot;:&quot;Visite guid\\u00e9e \\u00ab\\u00a0Les rendez-vous de la Pointe\\u00a0\\u00bb&quot;,&quot;image&quot;:&quot;&quot;,&quot;link&quot;:&quot;https:\\\/\\\/www.toutcommenceenfinistere.com\\\/pointe-du-raz\\\/preparer-sa-visite\\\/&quot;,&quot;data&quot;:{&quot;titre&quot;:&quot;Visite guid\\u00e9e \\u00ab\\u00a0Les rendez-vous de la Pointe\\u00a0\\u00bb&quot;,&quot;description&quot;:&quot;Comprendre un paysage d\\u2019exception, en famille.\\n\\nCette visite guid\\u00e9e invite petits et grands \\u00e0 d\\u00e9couvrir les paysages spectaculaires de la Pointe du Raz et \\u00e0 comprendre ce qui fait la singularit\\u00e9 de ce site embl\\u00e9matique du Finist\\u00e8re. Au fil du parcours, le guide d\\u00e9crypte la formation des falaises, l\\u2019influence des vents et des courants, ainsi que l\\u2019histoire humaine intimement li\\u00e9e \\u00e0 ce bout du monde. Anecdotes, observations et \\u00e9changes rythment la visite, pens\\u00e9e pour \\u00eatre accessible et ludique. Une formule id\\u00e9ale pour une premi\\u00e8re approche du site, \\u00e0 partager en famille, entre terre et mer.\\n\\nD\\u00e9part du s\\u00e9maphore (\\u00e0 800 m du parking) - Dur\\u00e9e 1h&quot;,&quot;categorie&quot;:&quot;Sport &amp; randonn\\u00e9e&quot;,&quot;ville&quot;:&quot;Plogoff&quot;,&quot;code_postal&quot;:&quot;29770&quot;,&quot;name&quot;:&quot;Visite guid\\u00e9e \\u00ab\\u00a0Les rendez-vous de la Pointe\\u00a0\\u00bb&quot;,&quot;latitude&quot;:&quot;48.0408590&quot;,&quot;longitude&quot;:&quot;-4.6709770&quot;,&quot;link&quot;:&quot;https:\\\/\\\/www.toutcommenceenfinistere.com\\\/pointe-du-raz\\\/preparer-sa-visite\\\/&quot;},&quot;category&quot;:&quot;\\u00c9v\\u00e9nements locaux&quot;,&quot;faq&quot;:[],&quot;event&quot;:&quot;Du 15\\\/09\\\/2026 \\u00e0 14:00 au 15\\\/09\\\/2026 \\u00e0 23:59&quot;,&quot;video_url&quot;:&quot;&quot;,&quot;video_embed&quot;:null,&quot;documents&quot;:[],&quot;gallery&quot;:[]}\">\n\n                <!-- Image + badge cat\u00e9gorie -->\n                <div class=\"em-card-img-wrap\">\n                                      <div class=\"em-card-placeholder\">\ud83d\udcf7 Pas d'image<\/div>\n                                    <span class=\"em-card-badge badge-default\">\u00c9v\u00e9nements locaux<\/span>\n                <\/div>\n\n                <!-- Contenu de la card -->\n                <div class=\"em-card-body\">\n                  <h3 class=\"em-card-title\">Visite guid\u00e9e \u00ab\u00a0Les rendez-vous de la Pointe\u00a0\u00bb<\/h3>\n\n                  <!-- Tags r\u00e9sum\u00e9s (max 4) -->\n                  <div class=\"em-card-tags\">\n                                                          <\/div>\n\n                  <!-- Champs suppl\u00e9mentaires (max 3) -->\n                  <div class=\"em-card-fields\">\n                                          <div class=\"em-card-field\">\n                        <span class=\"em-card-field-label\">Titre :<\/span>\n                        <span class=\"em-card-field-value\">Visite guid\u00e9e \u00ab\u00a0Les rendez-vous de la Pointe\u00a0\u00bb<\/span>\n                      <\/div>\n                                          <div class=\"em-card-field\">\n                        <span class=\"em-card-field-label\">Cat\u00e9gorie :<\/span>\n                        <span class=\"em-card-field-value\">Sport &amp; randonn\u00e9e<\/span>\n                      <\/div>\n                                          <div class=\"em-card-field\">\n                        <span class=\"em-card-field-label\">Ville :<\/span>\n                        <span class=\"em-card-field-value\">Plogoff<\/span>\n                      <\/div>\n                                      <\/div>\n\n                  <!-- Lien vers le d\u00e9tail -->\n                  <div class=\"em-card-footer\">\n                    <span>Voir le d\u00e9tail<\/span>\n                    <svg fill=\"none\" viewBox=\"0 0 24 24\" stroke=\"currentColor\" stroke-width=\"2\">\n                      <path stroke-linecap=\"round\" stroke-linejoin=\"round\" d=\"M13.5 4.5L21 12m0 0l-7.5 7.5M21 12H3\"><\/path>\n                    <\/svg>\n                  <\/div>\n                <\/div>\n              <\/article>\n                          <article class=\"em-card\"\n                data-type=\"evenements-locaux-6\"\n                data-features=\"\"\n                data-name=\"visite guid\u00e9e du calvaire\"\n                data-json=\"{&quot;name&quot;:&quot;Visite guid\\u00e9e du Calvaire&quot;,&quot;image&quot;:&quot;&quot;,&quot;link&quot;:&quot;http:\\\/\\\/www.sprev.org\\\/&quot;,&quot;data&quot;:{&quot;titre&quot;:&quot;Visite guid\\u00e9e du Calvaire&quot;,&quot;description&quot;:&quot;D\\u00e9couvrez l&#039;un des sept calvaires monumentaux de Bretagne \\u00e0 travers cette visite men\\u00e9e par la SPREV (Sauvegarde du Patrimoine Religieux en Vie).\\n\\nClass\\u00e9 Monument Historique, il fait partie des \\u00ab 7 calvaires monumentaux de Bretagne \\u00bb.  Comptant pas moins de 182 figurines sculpt\\u00e9es, 28 sc\\u00e8nes bibliques ou l\\u00e9gendaires y sont repr\\u00e9sent\\u00e9es. Il fut \\u00e9rig\\u00e9 apr\\u00e8s la grande peste (1598) qui s\\u00e9vit dans la r\\u00e9gion. Il doit sa particularit\\u00e9 aux pierres qui le composent, embl\\u00e9matiques de la rade de Brest : la pierre de Logonna pour son socle et la kersantite pour ses sculptures. Cible des bombardements en ao\\u00fbt 1944, les statuettes furent sauv\\u00e9es par un soldat am\\u00e9ricain qui les mit \\u00e0 l\\u2019abri dans son presbyt\\u00e8re. \\nL\\u2019\\u00e9glise St Pierre, \\u00e0 c\\u00f4t\\u00e9 de laquelle il se dresse, fut reconstruite h\\u00e2tivement avec un clocher d\\u00e9sormais en b\\u00e9ton.&quot;,&quot;categorie&quot;:&quot;Autres \\u00e9v\\u00e9nements&quot;,&quot;ville&quot;:&quot;Plougastel-Daoulas&quot;,&quot;code_postal&quot;:&quot;29470&quot;,&quot;name&quot;:&quot;Visite guid\\u00e9e du Calvaire&quot;,&quot;latitude&quot;:&quot;48.3739281&quot;,&quot;longitude&quot;:&quot;-4.3700705&quot;,&quot;link&quot;:&quot;http:\\\/\\\/www.sprev.org\\\/&quot;},&quot;category&quot;:&quot;\\u00c9v\\u00e9nements locaux&quot;,&quot;faq&quot;:[],&quot;event&quot;:&quot;Du 03\\\/08\\\/2026 \\u00e0 10:00 au 28\\\/08\\\/2026 \\u00e0 23:59&quot;,&quot;video_url&quot;:&quot;&quot;,&quot;video_embed&quot;:null,&quot;documents&quot;:[],&quot;gallery&quot;:[]}\">\n\n                <!-- Image + badge cat\u00e9gorie -->\n                <div class=\"em-card-img-wrap\">\n                                      <div class=\"em-card-placeholder\">\ud83d\udcf7 Pas d'image<\/div>\n                                    <span class=\"em-card-badge badge-default\">\u00c9v\u00e9nements locaux<\/span>\n                <\/div>\n\n                <!-- Contenu de la card -->\n                <div class=\"em-card-body\">\n                  <h3 class=\"em-card-title\">Visite guid\u00e9e du Calvaire<\/h3>\n\n                  <!-- Tags r\u00e9sum\u00e9s (max 4) -->\n                  <div class=\"em-card-tags\">\n                                                          <\/div>\n\n                  <!-- Champs suppl\u00e9mentaires (max 3) -->\n                  <div class=\"em-card-fields\">\n                                          <div class=\"em-card-field\">\n                        <span class=\"em-card-field-label\">Titre :<\/span>\n                        <span class=\"em-card-field-value\">Visite guid\u00e9e du Calvaire<\/span>\n                      <\/div>\n                                          <div class=\"em-card-field\">\n                        <span class=\"em-card-field-label\">Cat\u00e9gorie :<\/span>\n                        <span class=\"em-card-field-value\">Autres \u00e9v\u00e9nements<\/span>\n                      <\/div>\n                                          <div class=\"em-card-field\">\n                        <span class=\"em-card-field-label\">Ville :<\/span>\n                        <span class=\"em-card-field-value\">Plougastel-Daoulas<\/span>\n                      <\/div>\n                                      <\/div>\n\n                  <!-- Lien vers le d\u00e9tail -->\n                  <div class=\"em-card-footer\">\n                    <span>Voir le d\u00e9tail<\/span>\n                    <svg fill=\"none\" viewBox=\"0 0 24 24\" stroke=\"currentColor\" stroke-width=\"2\">\n                      <path stroke-linecap=\"round\" stroke-linejoin=\"round\" d=\"M13.5 4.5L21 12m0 0l-7.5 7.5M21 12H3\"><\/path>\n                    <\/svg>\n                  <\/div>\n                <\/div>\n              <\/article>\n                          <article class=\"em-card\"\n                data-type=\"evenements-locaux-6\"\n                data-features=\"\"\n                data-name=\"le bbh affronte borussia dortmund\"\n                data-json=\"{&quot;name&quot;:&quot;Le BBH affronte Borussia Dortmund&quot;,&quot;image&quot;:&quot;&quot;,&quot;link&quot;:&quot;https:\\\/\\\/brestarena.fr\\\/event\\\/bbh-dortmund\\\/&quot;,&quot;data&quot;:{&quot;titre&quot;:&quot;Le BBH affronte Borussia Dortmund&quot;,&quot;description&quot;:&quot;Place \\u00e0 la Ligue des Champions ! Pour cette deuxi\\u00e8me journ\\u00e9e de la phase de groupes, les Rebelles affrontent le club allemand du Borussia Dortmund.\\n\\nApr\\u00e8s un premier rendez-vous dans la comp\\u00e9tition, les Rebelles poursuivent leur parcours europ\\u00e9en avec l\\u2019ambition de d\\u00e9crocher une nouvelle victoire devant leur public. Face \\u00e0 une formation allemande r\\u00e9put\\u00e9e pour son intensit\\u00e9 et son engagement, les Brestoises devront une nouvelle fois faire preuve de caract\\u00e8re pour s\\u2019imposer.\\n\\nDans l\\u2019ambiance survolt\\u00e9e de la Brest Arena, venez encourager les Rebelles et vivre au plus pr\\u00e8s les \\u00e9motions du handball f\\u00e9minin de haut niveau. Une belle affiche europ\\u00e9enne \\u00e0 partager en famille ou entre amis, pour vibrer au rythme de la Ligue des Champions !\\n\\n\\nInformations pratiques : \\nDates et horaires donn\\u00e9s \\u00e0 titre indicatif, sous r\\u00e9serve de modification. \\nR\\u00e9servation fortement recommand\\u00e9e.\\n\\nO\\u00f9 acheter vos billets ? \\nAu si\\u00e8ge du Brest Bretagne Handball (Brest Arena \\u2013 C\\u00f4t\\u00e9 parking \\u2013 Acc\\u00e8s par la passerelle \\u00e0 l\\u2019ext\\u00e9rieur, 02 29 00 74 48)\\nAu guichet de Brest Arena le jour du match (sous r\\u00e9serve de places disponibles) 1h30 avant la rencontre\\nEn ligne.&quot;,&quot;categorie&quot;:&quot;En famille&quot;,&quot;ville&quot;:&quot;Brest&quot;,&quot;code_postal&quot;:&quot;29200&quot;,&quot;name&quot;:&quot;Le BBH affronte Borussia Dortmund&quot;,&quot;latitude&quot;:&quot;48.3873947&quot;,&quot;longitude&quot;:&quot;-4.5199544&quot;,&quot;link&quot;:&quot;https:\\\/\\\/brestarena.fr\\\/event\\\/bbh-dortmund\\\/&quot;},&quot;category&quot;:&quot;\\u00c9v\\u00e9nements locaux&quot;,&quot;faq&quot;:[],&quot;event&quot;:&quot;Du 12\\\/09\\\/2026 \\u00e0 18:00 au 12\\\/09\\\/2026 \\u00e0 23:59&quot;,&quot;video_url&quot;:&quot;&quot;,&quot;video_embed&quot;:null,&quot;documents&quot;:[],&quot;gallery&quot;:[]}\">\n\n                <!-- Image + badge cat\u00e9gorie -->\n                <div class=\"em-card-img-wrap\">\n                                      <div class=\"em-card-placeholder\">\ud83d\udcf7 Pas d'image<\/div>\n                                    <span class=\"em-card-badge badge-default\">\u00c9v\u00e9nements locaux<\/span>\n                <\/div>\n\n                <!-- Contenu de la card -->\n                <div class=\"em-card-body\">\n                  <h3 class=\"em-card-title\">Le BBH affronte Borussia Dortmund<\/h3>\n\n                  <!-- Tags r\u00e9sum\u00e9s (max 4) -->\n                  <div class=\"em-card-tags\">\n                                                          <\/div>\n\n                  <!-- Champs suppl\u00e9mentaires (max 3) -->\n                  <div class=\"em-card-fields\">\n                                          <div class=\"em-card-field\">\n                        <span class=\"em-card-field-label\">Titre :<\/span>\n                        <span class=\"em-card-field-value\">Le BBH affronte Borussia Dortmund<\/span>\n                      <\/div>\n                                          <div class=\"em-card-field\">\n                        <span class=\"em-card-field-label\">Cat\u00e9gorie :<\/span>\n                        <span class=\"em-card-field-value\">En famille<\/span>\n                      <\/div>\n                                          <div class=\"em-card-field\">\n                        <span class=\"em-card-field-label\">Ville :<\/span>\n                        <span class=\"em-card-field-value\">Brest<\/span>\n                      <\/div>\n                                      <\/div>\n\n                  <!-- Lien vers le d\u00e9tail -->\n                  <div class=\"em-card-footer\">\n                    <span>Voir le d\u00e9tail<\/span>\n                    <svg fill=\"none\" viewBox=\"0 0 24 24\" stroke=\"currentColor\" stroke-width=\"2\">\n                      <path stroke-linecap=\"round\" stroke-linejoin=\"round\" d=\"M13.5 4.5L21 12m0 0l-7.5 7.5M21 12H3\"><\/path>\n                    <\/svg>\n                  <\/div>\n                <\/div>\n              <\/article>\n                          <article class=\"em-card\"\n                data-type=\"evenements-locaux-6\"\n                data-features=\"\"\n                data-name=\"kaz&#039;heol games\"\n                data-json=\"{&quot;name&quot;:&quot;Kaz&#039;Heol Games&quot;,&quot;image&quot;:&quot;&quot;,&quot;link&quot;:&quot;http:\\\/\\\/kazheolgames.fr\\\/&quot;,&quot;data&quot;:{&quot;titre&quot;:&quot;Kaz&#039;Heol Games&quot;,&quot;description&quot;:&quot;Des Animations-Jeux en Bois tous les mercredis, temps permettant, durant tout l&#039;\\u00e9t\\u00e9 pour le plaisir de tous, en ext\\u00e9rieur sur le quai de Camaret. Ouverts \\u00e0 tous, petits et grands!&quot;,&quot;categorie&quot;:&quot;En famille&quot;,&quot;ville&quot;:&quot;Camaret-sur-Mer&quot;,&quot;code_postal&quot;:&quot;29570&quot;,&quot;name&quot;:&quot;Kaz&#039;Heol Games&quot;,&quot;latitude&quot;:&quot;48.2768100&quot;,&quot;longitude&quot;:&quot;-4.5963000&quot;,&quot;link&quot;:&quot;http:\\\/\\\/kazheolgames.fr\\\/&quot;},&quot;category&quot;:&quot;\\u00c9v\\u00e9nements locaux&quot;,&quot;faq&quot;:[],&quot;event&quot;:&quot;Du 26\\\/08\\\/2026 \\u00e0 16:00 au 26\\\/08\\\/2026 \\u00e0 23:59&quot;,&quot;video_url&quot;:&quot;&quot;,&quot;video_embed&quot;:null,&quot;documents&quot;:[],&quot;gallery&quot;:[]}\">\n\n                <!-- Image + badge cat\u00e9gorie -->\n                <div class=\"em-card-img-wrap\">\n                                      <div class=\"em-card-placeholder\">\ud83d\udcf7 Pas d'image<\/div>\n                                    <span class=\"em-card-badge badge-default\">\u00c9v\u00e9nements locaux<\/span>\n                <\/div>\n\n                <!-- Contenu de la card -->\n                <div class=\"em-card-body\">\n                  <h3 class=\"em-card-title\">Kaz&#039;Heol Games<\/h3>\n\n                  <!-- Tags r\u00e9sum\u00e9s (max 4) -->\n                  <div class=\"em-card-tags\">\n                                                          <\/div>\n\n                  <!-- Champs suppl\u00e9mentaires (max 3) -->\n                  <div class=\"em-card-fields\">\n                                          <div class=\"em-card-field\">\n                        <span class=\"em-card-field-label\">Titre :<\/span>\n                        <span class=\"em-card-field-value\">Kaz&#039;Heol Games<\/span>\n                      <\/div>\n                                          <div class=\"em-card-field\">\n                        <span class=\"em-card-field-label\">Cat\u00e9gorie :<\/span>\n                        <span class=\"em-card-field-value\">En famille<\/span>\n                      <\/div>\n                                          <div class=\"em-card-field\">\n                        <span class=\"em-card-field-label\">Ville :<\/span>\n                        <span class=\"em-card-field-value\">Camaret-sur-Mer<\/span>\n                      <\/div>\n                                      <\/div>\n\n                  <!-- Lien vers le d\u00e9tail -->\n                  <div class=\"em-card-footer\">\n                    <span>Voir le d\u00e9tail<\/span>\n                    <svg fill=\"none\" viewBox=\"0 0 24 24\" stroke=\"currentColor\" stroke-width=\"2\">\n                      <path stroke-linecap=\"round\" stroke-linejoin=\"round\" d=\"M13.5 4.5L21 12m0 0l-7.5 7.5M21 12H3\"><\/path>\n                    <\/svg>\n                  <\/div>\n                <\/div>\n              <\/article>\n                          <article class=\"em-card\"\n                data-type=\"evenements-locaux-6\"\n                data-features=\"\"\n                data-name=\"rando-v\u00e9lo - balade \u00e0 v\u00e9lo \u00e9lectrique de la pointe du van \u00e0 la pointe du raz\"\n                data-json=\"{&quot;name&quot;:&quot;Rando-V\\u00e9lo - Balade \\u00e0 v\\u00e9lo \\u00e9lectrique de la Pointe du Van \\u00e0 la Pointe du Raz&quot;,&quot;image&quot;:&quot;&quot;,&quot;link&quot;:&quot;http:\\\/\\\/virginie-guezennec.fr\\\/&quot;,&quot;data&quot;:{&quot;titre&quot;:&quot;Rando-V\\u00e9lo - Balade \\u00e0 v\\u00e9lo \\u00e9lectrique de la Pointe du Van \\u00e0 la Pointe du Raz&quot;,&quot;description&quot;:&quot;D\\u00e9couverte \\u00e0 v\\u00e9lo \\u00e9lectrique d\\u2019un territoire maritime sauvage pour comprendre et ressentir comment les paysages ont fa\\u00e7onn\\u00e9 l\\u2019histoire et la vie des habitants du Cap Sizun. Plusieurs haltes rythment le parcours : moulins \\u00e0 vent, chapelle tourn\\u00e9e vers la mer et l\\u2019\\u00cele de Sein, fermes et maisons de p\\u00eacheurs, maison de gardien de phare, port-abri et plage. Le circuit s\\u2019ach\\u00e8ve \\u00e0 la Pointe du Raz, avec un temps d\\u00e9di\\u00e9 \\u00e0 son histoire et \\u00e0 une connexion sensible \\u00e0 la puissance \\u00e9nerg\\u00e9tique de la mer d\\u2019Iroise.\\n\\nRendez-Vous le lundi \\u00e0 13h30 et le mardi \\u00e0 11h sur le parking de la Pointe du Van, au niveau des racks \\u00e0 v\\u00e9lo. Parcours de 9km - temps de visite 3h00 - Retour en autonomie. Pr\\u00e9voir un pique pour la sortie du mardi. \\n\\nR\\u00e9servation obligatoire.\\n\\nGroupe 8 personnes maximum. \\nLe tarif ne comprend pas la location du v\\u00e9lo \\u00e9lectrique et le casque (obligatoire). Liste des loueurs de v\\u00e9los \\u00e9lectrique disponible \\u00e0 l&#039;Office de Tourisme. En cas d&#039;utilisation d&#039;un v\\u00e9lo personnel, veillez \\u00e0 vous assurer qu&#039;il soit pr\\u00eat \\u00e0 rouler : pneus gonfl\\u00e9s, freins et feux de route fonctionnel.\\n\\nR\\u00e9servation possible \\u00e0 l&#039;Office de Tourisme \\u00e0 Audierne ainsi que par t\\u00e9l\\u00e9phone.&quot;,&quot;categorie&quot;:&quot;Sport &amp; randonn\\u00e9e&quot;,&quot;ville&quot;:&quot;Cl\\u00e9den-Cap-Sizun&quot;,&quot;code_postal&quot;:&quot;29770&quot;,&quot;name&quot;:&quot;Rando-V\\u00e9lo - Balade \\u00e0 v\\u00e9lo \\u00e9lectrique de la Pointe du Van \\u00e0 la Pointe du Raz&quot;,&quot;latitude&quot;:&quot;48.0646350&quot;,&quot;longitude&quot;:&quot;-4.7138110&quot;,&quot;link&quot;:&quot;http:\\\/\\\/virginie-guezennec.fr\\\/&quot;},&quot;category&quot;:&quot;\\u00c9v\\u00e9nements locaux&quot;,&quot;faq&quot;:[],&quot;event&quot;:&quot;Du 07\\\/09\\\/2026 \\u00e0 13:30 au 07\\\/09\\\/2026 \\u00e0 23:59&quot;,&quot;video_url&quot;:&quot;&quot;,&quot;video_embed&quot;:null,&quot;documents&quot;:[],&quot;gallery&quot;:[]}\">\n\n                <!-- Image + badge cat\u00e9gorie -->\n                <div class=\"em-card-img-wrap\">\n                                      <div class=\"em-card-placeholder\">\ud83d\udcf7 Pas d'image<\/div>\n                                    <span class=\"em-card-badge badge-default\">\u00c9v\u00e9nements locaux<\/span>\n                <\/div>\n\n                <!-- Contenu de la card -->\n                <div class=\"em-card-body\">\n                  <h3 class=\"em-card-title\">Rando-V\u00e9lo - Balade \u00e0 v\u00e9lo \u00e9lectrique de la Pointe du Van \u00e0 la Pointe du Raz<\/h3>\n\n                  <!-- Tags r\u00e9sum\u00e9s (max 4) -->\n                  <div class=\"em-card-tags\">\n                                                          <\/div>\n\n                  <!-- Champs suppl\u00e9mentaires (max 3) -->\n                  <div class=\"em-card-fields\">\n                                          <div class=\"em-card-field\">\n                        <span class=\"em-card-field-label\">Titre :<\/span>\n                        <span class=\"em-card-field-value\">Rando-V\u00e9lo - Balade \u00e0 v\u00e9lo \u00e9lectrique de la Pointe du Van \u00e0 <\/span>\n                      <\/div>\n                                          <div class=\"em-card-field\">\n                        <span class=\"em-card-field-label\">Cat\u00e9gorie :<\/span>\n                        <span class=\"em-card-field-value\">Sport &amp; randonn\u00e9e<\/span>\n                      <\/div>\n                                          <div class=\"em-card-field\">\n                        <span class=\"em-card-field-label\">Ville :<\/span>\n                        <span class=\"em-card-field-value\">Cl\u00e9den-Cap-Sizun<\/span>\n                      <\/div>\n                                      <\/div>\n\n                  <!-- Lien vers le d\u00e9tail -->\n                  <div class=\"em-card-footer\">\n                    <span>Voir le d\u00e9tail<\/span>\n                    <svg fill=\"none\" viewBox=\"0 0 24 24\" stroke=\"currentColor\" stroke-width=\"2\">\n                      <path stroke-linecap=\"round\" stroke-linejoin=\"round\" d=\"M13.5 4.5L21 12m0 0l-7.5 7.5M21 12H3\"><\/path>\n                    <\/svg>\n                  <\/div>\n                <\/div>\n              <\/article>\n                          <article class=\"em-card\"\n                data-type=\"evenements-locaux-6\"\n                data-features=\"\"\n                data-name=\"march\u00e9 des producteurs - cidrerie de rozavern\"\n                data-json=\"{&quot;name&quot;:&quot;March\\u00e9 des producteurs - Cidrerie de Rozavern&quot;,&quot;image&quot;:&quot;&quot;,&quot;link&quot;:&quot;https:\\\/\\\/www.rozavern.fr\\\/Marches-de-producteurs.html&quot;,&quot;data&quot;:{&quot;titre&quot;:&quot;March\\u00e9 des producteurs - Cidrerie de Rozavern&quot;,&quot;description&quot;:&quot;Du 06 juillet au 24 ao\\u00fbt 2026 \\nLe lundi de 17h \\u00e0 20h : March\\u00e9 de producteurs de pays&quot;,&quot;categorie&quot;:&quot;March\\u00e9s &amp; foires&quot;,&quot;ville&quot;:&quot;Telgruc-sur-Mer&quot;,&quot;code_postal&quot;:&quot;29560&quot;,&quot;name&quot;:&quot;March\\u00e9 des producteurs - Cidrerie de Rozavern&quot;,&quot;latitude&quot;:&quot;48.2502500&quot;,&quot;longitude&quot;:&quot;-4.3817900&quot;,&quot;link&quot;:&quot;https:\\\/\\\/www.rozavern.fr\\\/Marches-de-producteurs.html&quot;},&quot;category&quot;:&quot;\\u00c9v\\u00e9nements locaux&quot;,&quot;faq&quot;:[],&quot;event&quot;:&quot;Du 24\\\/08\\\/2026 \\u00e0 17:00 au 24\\\/08\\\/2026 \\u00e0 23:59&quot;,&quot;video_url&quot;:&quot;&quot;,&quot;video_embed&quot;:null,&quot;documents&quot;:[],&quot;gallery&quot;:[]}\">\n\n                <!-- Image + badge cat\u00e9gorie -->\n                <div class=\"em-card-img-wrap\">\n                                      <div class=\"em-card-placeholder\">\ud83d\udcf7 Pas d'image<\/div>\n                                    <span class=\"em-card-badge badge-default\">\u00c9v\u00e9nements locaux<\/span>\n                <\/div>\n\n                <!-- Contenu de la card -->\n                <div class=\"em-card-body\">\n                  <h3 class=\"em-card-title\">March\u00e9 des producteurs - Cidrerie de Rozavern<\/h3>\n\n                  <!-- Tags r\u00e9sum\u00e9s (max 4) -->\n                  <div class=\"em-card-tags\">\n                                                          <\/div>\n\n                  <!-- Champs suppl\u00e9mentaires (max 3) -->\n                  <div class=\"em-card-fields\">\n                                          <div class=\"em-card-field\">\n                        <span class=\"em-card-field-label\">Titre :<\/span>\n                        <span class=\"em-card-field-value\">March\u00e9 des producteurs - Cidrerie de Rozavern<\/span>\n                      <\/div>\n                                          <div class=\"em-card-field\">\n                        <span class=\"em-card-field-label\">Cat\u00e9gorie :<\/span>\n                        <span class=\"em-card-field-value\">March\u00e9s &amp; foires<\/span>\n                      <\/div>\n                                          <div class=\"em-card-field\">\n                        <span class=\"em-card-field-label\">Ville :<\/span>\n                        <span class=\"em-card-field-value\">Telgruc-sur-Mer<\/span>\n                      <\/div>\n                                      <\/div>\n\n                  <!-- Lien vers le d\u00e9tail -->\n                  <div class=\"em-card-footer\">\n                    <span>Voir le d\u00e9tail<\/span>\n                    <svg fill=\"none\" viewBox=\"0 0 24 24\" stroke=\"currentColor\" stroke-width=\"2\">\n                      <path stroke-linecap=\"round\" stroke-linejoin=\"round\" d=\"M13.5 4.5L21 12m0 0l-7.5 7.5M21 12H3\"><\/path>\n                    <\/svg>\n                  <\/div>\n                <\/div>\n              <\/article>\n                          <article class=\"em-card\"\n                data-type=\"evenements-locaux-6\"\n                data-features=\"\"\n                data-name=\"exposition brest, l&#039;art pour raconter la ville\"\n                data-json=\"{&quot;name&quot;:&quot;Exposition Brest, l&#039;art pour raconter la ville&quot;,&quot;image&quot;:&quot;&quot;,&quot;link&quot;:&quot;&quot;,&quot;data&quot;:{&quot;titre&quot;:&quot;Exposition Brest, l&#039;art pour raconter la ville&quot;,&quot;description&quot;:&quot;A travers une s\\u00e9lection d&#039;oeuvres issue des collections du Mus\\u00e9e des Beaux-Arts de Brest, l&#039;exposition invite \\u00e0 d\\u00e9couvrir Brest tel que les artistes l&#039;ont vu et interpr\\u00e9t\\u00e9 du 18\\u00e8me au 20\\u00e8me si\\u00e8cle. Peintures, arts graphiques et regards d&#039;artistes deviennent autant de cl\\u00e9s pour comprendre l&#039;histoire, la transformations et l&#039;identit\\u00e9 du territoire. Propos\\u00e9e en plein-air, l&#039;exposition m\\u00eale lecture artistique et approche patrimoniale autour d&#039;un graphisme ludique et dynamique. Un parcours pens\\u00e9 pour toutes et tous o\\u00f9 l&#039;art dialogue avec la m\\u00e9moire de la ville.&quot;,&quot;categorie&quot;:&quot;Expositions&quot;,&quot;ville&quot;:&quot;Brest&quot;,&quot;code_postal&quot;:&quot;29200&quot;,&quot;name&quot;:&quot;Exposition Brest, l&#039;art pour raconter la ville&quot;,&quot;latitude&quot;:&quot;48.3865900&quot;,&quot;longitude&quot;:&quot;-4.4877700&quot;},&quot;category&quot;:&quot;\\u00c9v\\u00e9nements locaux&quot;,&quot;faq&quot;:[],&quot;event&quot;:&quot;Du 27\\\/08\\\/2026 au 30\\\/11\\\/2026 \\u00e0 23:59&quot;,&quot;video_url&quot;:&quot;&quot;,&quot;video_embed&quot;:null,&quot;documents&quot;:[],&quot;gallery&quot;:[]}\">\n\n                <!-- Image + badge cat\u00e9gorie -->\n                <div class=\"em-card-img-wrap\">\n                                      <div class=\"em-card-placeholder\">\ud83d\udcf7 Pas d'image<\/div>\n                                    <span class=\"em-card-badge badge-default\">\u00c9v\u00e9nements locaux<\/span>\n                <\/div>\n\n                <!-- Contenu de la card -->\n                <div class=\"em-card-body\">\n                  <h3 class=\"em-card-title\">Exposition Brest, l&#039;art pour raconter la ville<\/h3>\n\n                  <!-- Tags r\u00e9sum\u00e9s (max 4) -->\n                  <div class=\"em-card-tags\">\n                                                          <\/div>\n\n                  <!-- Champs suppl\u00e9mentaires (max 3) -->\n                  <div class=\"em-card-fields\">\n                                          <div class=\"em-card-field\">\n                        <span class=\"em-card-field-label\">Titre :<\/span>\n                        <span class=\"em-card-field-value\">Exposition Brest, l&#039;art pour raconter la ville<\/span>\n                      <\/div>\n                                          <div class=\"em-card-field\">\n                        <span class=\"em-card-field-label\">Cat\u00e9gorie :<\/span>\n                        <span class=\"em-card-field-value\">Expositions<\/span>\n                      <\/div>\n                                          <div class=\"em-card-field\">\n                        <span class=\"em-card-field-label\">Ville :<\/span>\n                        <span class=\"em-card-field-value\">Brest<\/span>\n                      <\/div>\n                                      <\/div>\n\n                  <!-- Lien vers le d\u00e9tail -->\n                  <div class=\"em-card-footer\">\n                    <span>Voir le d\u00e9tail<\/span>\n                    <svg fill=\"none\" viewBox=\"0 0 24 24\" stroke=\"currentColor\" stroke-width=\"2\">\n                      <path stroke-linecap=\"round\" stroke-linejoin=\"round\" d=\"M13.5 4.5L21 12m0 0l-7.5 7.5M21 12H3\"><\/path>\n                    <\/svg>\n                  <\/div>\n                <\/div>\n              <\/article>\n                          <article class=\"em-card\"\n                data-type=\"evenements-locaux-6\"\n                data-features=\"\"\n                data-name=\"au secours des plantes menac\u00e9es - exposition\"\n                data-json=\"{&quot;name&quot;:&quot;Au secours des plantes menac\\u00e9es - Exposition&quot;,&quot;image&quot;:&quot;&quot;,&quot;link&quot;:&quot;https:\\\/\\\/www.cbnbrest.fr\\\/&quot;,&quot;data&quot;:{&quot;titre&quot;:&quot;Au secours des plantes menac\\u00e9es - Exposition&quot;,&quot;description&quot;:&quot;Cr\\u00e9\\u00e9 en 1975, le Conservatoire botanique national de Brest est le premier jardin au monde d\\u00e9di\\u00e9 \\u00e0 la sauvegarde des plantes menac\\u00e9es. Depuis 50 ans, il m\\u00e8ne des actions de conservation pour pr\\u00e9server les esp\\u00e8ces v\\u00e9g\\u00e9tales en danger et contribuer \\u00e0 leur retour dans leur milieu naturel.\\n\\n\\u00c0 travers 15 panneaux illustr\\u00e9s, l\\u2019exposition invite le public \\u00e0 d\\u00e9couvrir les enjeux de la disparition des plantes et les actions mises en \\u0153uvre pour les prot\\u00e9ger. Les botanistes estiment en effet que pr\\u00e8s de 20 % des 420 000 esp\\u00e8ces v\\u00e9g\\u00e9tales connues sur Terre sont aujourd\\u2019hui menac\\u00e9es d\\u2019extinction.\\n\\nLes plantes pr\\u00e9sent\\u00e9es dans l\\u2019exposition sont \\u00e9galement cultiv\\u00e9es dans les serres tropicales du Conservatoire, o\\u00f9 sont conserv\\u00e9es pr\\u00e8s de 2 000 esp\\u00e8ces rares ou menac\\u00e9es, constituant l\\u2019une des collections les plus importantes au monde. Install\\u00e9e dans le jardin botanique, cette exposition permet aux visiteurs de mieux comprendre le r\\u00f4le essentiel des jardins botaniques dans la sauvegarde de la biodiversit\\u00e9 v\\u00e9g\\u00e9tale.&quot;,&quot;categorie&quot;:&quot;Expositions&quot;,&quot;ville&quot;:&quot;Brest&quot;,&quot;code_postal&quot;:&quot;29200&quot;,&quot;name&quot;:&quot;Au secours des plantes menac\\u00e9es - Exposition&quot;,&quot;latitude&quot;:&quot;48.3995400&quot;,&quot;longitude&quot;:&quot;-4.4407200&quot;,&quot;link&quot;:&quot;https:\\\/\\\/www.cbnbrest.fr\\\/&quot;},&quot;category&quot;:&quot;\\u00c9v\\u00e9nements locaux&quot;,&quot;faq&quot;:[],&quot;event&quot;:&quot;Du 08\\\/04\\\/2026 au 01\\\/11\\\/2026 \\u00e0 23:59&quot;,&quot;video_url&quot;:&quot;&quot;,&quot;video_embed&quot;:null,&quot;documents&quot;:[],&quot;gallery&quot;:[]}\">\n\n                <!-- Image + badge cat\u00e9gorie -->\n                <div class=\"em-card-img-wrap\">\n                                      <div class=\"em-card-placeholder\">\ud83d\udcf7 Pas d'image<\/div>\n                                    <span class=\"em-card-badge badge-default\">\u00c9v\u00e9nements locaux<\/span>\n                <\/div>\n\n                <!-- Contenu de la card -->\n                <div class=\"em-card-body\">\n                  <h3 class=\"em-card-title\">Au secours des plantes menac\u00e9es - Exposition<\/h3>\n\n                  <!-- Tags r\u00e9sum\u00e9s (max 4) -->\n                  <div class=\"em-card-tags\">\n                                                          <\/div>\n\n                  <!-- Champs suppl\u00e9mentaires (max 3) -->\n                  <div class=\"em-card-fields\">\n                                          <div class=\"em-card-field\">\n                        <span class=\"em-card-field-label\">Titre :<\/span>\n                        <span class=\"em-card-field-value\">Au secours des plantes menac\u00e9es - Exposition<\/span>\n                      <\/div>\n                                          <div class=\"em-card-field\">\n                        <span class=\"em-card-field-label\">Cat\u00e9gorie :<\/span>\n                        <span class=\"em-card-field-value\">Expositions<\/span>\n                      <\/div>\n                                          <div class=\"em-card-field\">\n                        <span class=\"em-card-field-label\">Ville :<\/span>\n                        <span class=\"em-card-field-value\">Brest<\/span>\n                      <\/div>\n                                      <\/div>\n\n                  <!-- Lien vers le d\u00e9tail -->\n                  <div class=\"em-card-footer\">\n                    <span>Voir le d\u00e9tail<\/span>\n                    <svg fill=\"none\" viewBox=\"0 0 24 24\" stroke=\"currentColor\" stroke-width=\"2\">\n                      <path stroke-linecap=\"round\" stroke-linejoin=\"round\" d=\"M13.5 4.5L21 12m0 0l-7.5 7.5M21 12H3\"><\/path>\n                    <\/svg>\n                  <\/div>\n                <\/div>\n              <\/article>\n                          <article class=\"em-card\"\n                data-type=\"evenements-locaux-6\"\n                data-features=\"\"\n                data-name=\"march\u00e9 bio local et musical\"\n                data-json=\"{&quot;name&quot;:&quot;March\\u00e9 Bio Local et Musical&quot;,&quot;image&quot;:&quot;&quot;,&quot;link&quot;:&quot;http:\\\/\\\/mabiolozic.org\\\/&quot;,&quot;data&quot;:{&quot;titre&quot;:&quot;March\\u00e9 Bio Local et Musical&quot;,&quot;description&quot;:&quot;\\&quot;Le march\\u00e9, c\\u2019est tous les mardis d\\u00e8s 17h, place de la R\\u00e9publique, suivi d\\u2019un concert \\u00e0 20h. Restauration et buvette sur place.\\nLe march\\u00e9 bio local et musical de Pont-Croix met \\u00e0 l\\u2019honneur les acteurs locaux\\u00a0: artisans et cr\\u00e9ateurs soucieux de l\\u2019environnement et producteurs bio. C\\u2019est aussi un \\u00e9v\\u00e8nement familial, festif et musical.\\n+ d\\u2019infos\\u00a0: mabiolozic.org &amp; sur facebook\\&quot;&quot;,&quot;categorie&quot;:&quot;Concerts, musique &amp; festivals&quot;,&quot;ville&quot;:&quot;Pont-Croix&quot;,&quot;code_postal&quot;:&quot;29790&quot;,&quot;name&quot;:&quot;March\\u00e9 Bio Local et Musical&quot;,&quot;latitude&quot;:&quot;48.0406541&quot;,&quot;longitude&quot;:&quot;-4.4864830&quot;,&quot;link&quot;:&quot;http:\\\/\\\/mabiolozic.org\\\/&quot;},&quot;category&quot;:&quot;\\u00c9v\\u00e9nements locaux&quot;,&quot;faq&quot;:[],&quot;event&quot;:&quot;Du 23\\\/06\\\/2026 \\u00e0 17:00 au 08\\\/09\\\/2026 \\u00e0 23:59&quot;,&quot;video_url&quot;:&quot;&quot;,&quot;video_embed&quot;:null,&quot;documents&quot;:[],&quot;gallery&quot;:[]}\">\n\n                <!-- Image + badge cat\u00e9gorie -->\n                <div class=\"em-card-img-wrap\">\n                                      <div class=\"em-card-placeholder\">\ud83d\udcf7 Pas d'image<\/div>\n                                    <span class=\"em-card-badge badge-default\">\u00c9v\u00e9nements locaux<\/span>\n                <\/div>\n\n                <!-- Contenu de la card -->\n                <div class=\"em-card-body\">\n                  <h3 class=\"em-card-title\">March\u00e9 Bio Local et Musical<\/h3>\n\n                  <!-- Tags r\u00e9sum\u00e9s (max 4) -->\n                  <div class=\"em-card-tags\">\n                                                          <\/div>\n\n                  <!-- Champs suppl\u00e9mentaires (max 3) -->\n                  <div class=\"em-card-fields\">\n                                          <div class=\"em-card-field\">\n                        <span class=\"em-card-field-label\">Titre :<\/span>\n                        <span class=\"em-card-field-value\">March\u00e9 Bio Local et Musical<\/span>\n                      <\/div>\n                                          <div class=\"em-card-field\">\n                        <span class=\"em-card-field-label\">Cat\u00e9gorie :<\/span>\n                        <span class=\"em-card-field-value\">Concerts, musique &amp; festivals<\/span>\n                      <\/div>\n                                          <div class=\"em-card-field\">\n                        <span class=\"em-card-field-label\">Ville :<\/span>\n                        <span class=\"em-card-field-value\">Pont-Croix<\/span>\n                      <\/div>\n                                      <\/div>\n\n                  <!-- Lien vers le d\u00e9tail -->\n                  <div class=\"em-card-footer\">\n                    <span>Voir le d\u00e9tail<\/span>\n                    <svg fill=\"none\" viewBox=\"0 0 24 24\" stroke=\"currentColor\" stroke-width=\"2\">\n                      <path stroke-linecap=\"round\" stroke-linejoin=\"round\" d=\"M13.5 4.5L21 12m0 0l-7.5 7.5M21 12H3\"><\/path>\n                    <\/svg>\n                  <\/div>\n                <\/div>\n              <\/article>\n                          <article class=\"em-card\"\n                data-type=\"evenements-locaux-6\"\n                data-features=\"\"\n                data-name=\"r\u00e9ouverture du pavillon tropical\"\n                data-json=\"{&quot;name&quot;:&quot;R\\u00e9ouverture du pavillon Tropical&quot;,&quot;image&quot;:&quot;&quot;,&quot;link&quot;:&quot;https:\\\/\\\/www.oceanopolis.com\\\/reouverture-du-pavillon-tropical-oceanopolis\\\/&quot;,&quot;data&quot;:{&quot;titre&quot;:&quot;R\\u00e9ouverture du pavillon Tropical&quot;,&quot;description&quot;:&quot;Apr\\u00e8s des travaux de r\\u00e9novation dans le cadre du projet M\\u00e9tamorphose, l&#039;heure de la r\\u00e9ouverture \\u00e0 sonn\\u00e9 ! D\\u00e9couvrez les nouveaut\\u00e9s de cette grande m\\u00e9tamorphose pour une exp\\u00e9rience de visite r\\u00e9solument plus sensorielle et spectaculaire.\\n\\nQu\\u2019est-ce qui a chang\\u00e9 ?\\nUne mus\\u00e9ographie mise \\u00e0 jour\\n\\nLe nouveau Pavillon Tropical privil\\u00e9gie une immersion multisensorielle. Vous devenez acteur de vos d\\u00e9couvertes \\u00e0 travers des dispositifs interactifs innovants.\\n\\nDes espaces repens\\u00e9s\\n\\nUn nouveau parcours de visite exp\\u00e9rientiel, fluide et intuitif\\nDes vitrages agrandis dont un impressionnant panorama courbe de 28 m\\u00b2\\nDes perspectives in\\u00e9dites avec l\\u2019ajout de passerelles et points de vue plongeants\\nUne sc\\u00e9nographie immersive m\\u00ealant projections, ambiances sonores et dispositifs tactiles\\nDes collections enrichies\\n\\nLe pavillon accueille d\\u00e9sormais des pi\\u00e8ces exceptionnelles comme une m\\u00e2choire de m\\u00e9galodon reconstitu\\u00e9e de 2,85 m\\u00e8tres, t\\u00e9moignage spectaculaire de l\\u2019\\u00e9volution des requins \\u00e0 travers les \\u00e2ges.\\n\\nUne approche p\\u00e9dagogique renouvel\\u00e9e\\n\\nL\\u2019esprit de collection des mus\\u00e9ums se conjugue avec l\\u2019exploration sensorielle pour offrir plusieurs niveaux de lecture, adapt\\u00e9s \\u00e0 tous les publics et toutes les fa\\u00e7ons d\\u2019apprendre.\\n\\nLes 4 nouveaut\\u00e9s du pavillon tropical :\\n\\n- Les odyss\\u00e9es du Pacifique\\nL\\u2019oc\\u00e9an Pacifique est un espace de migration oc\\u00e9anique depuis toujours r\\u00e9gi par les courants et les astres. Au cours d\\u2019un spectacle multim\\u00e9dia immersif et po\\u00e9tique, contemplez la dispersion des \\u0153ufs et des larves du r\\u00e9cif. Ce spectacle onirique, situ\\u00e9 en d\\u00e9but de parcours \\u00e9chappe au strict domaine scientifique pour vous faire r\\u00eaver et vous embarquer \\u00e0 la d\\u00e9couverte de la biodiversit\\u00e9 marine tropicale.\\n\\n- Le lagon\\n\\u00c0 la suite du spectacle immersif, d\\u00e9couvrez le lagon, une alc\\u00f4ve r\\u00e9cifale.\\nLe lagon, un environnement tr\\u00e8s peu profond, baign\\u00e9 de lumi\\u00e8re, abrite des coraux qui vivent en symbiose avec des algues zooxanthelles qui leurs fournissent une large proportion de leur alimentation via la photosynth\\u00e8se.\\nDans ce bassin, observable par au dessus, vous pourrez admirer :\\n\\n- Des coraux\\nPlusieurs dizaines de b\\u00e9nitiers. Ces mollusques bivalves g\\u00e9ants sont spectaculaires en raison de leur taille et de leurs manteaux aux couleurs chatoyantes.\\nDes poissons tropicaux\\nCet espace s\\u2019accompagnera d\\u2019un conte sonore \\u00e9crit par David Wahl, artiste associ\\u00e9 \\u00e0 Oc\\u00e9anopolis, au sujet du myst\\u00e9rieux ver Palolo et de sa relation ancestrale avec les peuples du Pacifique.\\n\\n- La vie en banc\\nUn tout nouveau bassin cylindrique de 3 m\\u00e8tres de diam\\u00e8tre pour autant de hauteur, vous offrira une vue spectaculaire de la vie en banc, sur les fonds sableux, au pied de la barri\\u00e8re de corail. Vous y retrouverez plusieurs esp\\u00e8ces, rarement pr\\u00e9sent\\u00e9es en aquarium :\\n\\nUne colonie de plus de 200 anguilles jardini\\u00e8res (Heteroconger hassi)\\nDes bancs de poissons-rasoirs (Aeoliscus strigatus)\\nDes coraux de couleurs vives (Tubastrea spp.) et des colonies de corail noir (Cirrhipathes spiralis)\\nUn banc de plusieurs centaines d\\u2019anthias (Luzonichthys waitei)\\nCe nouvel aquarium, \\u00e0 la lumi\\u00e8re beaucoup plus tamis\\u00e9, donne un aper\\u00e7u de la richesse des r\\u00e9cifs profonds m\\u00e9sophotiques. Ces environnements, situ\\u00e9s \\u00e0 40 m\\u00e8tres et jusqu\\u2019\\u00e0 200 m\\u00e8tres de profondeurs, sont longtemps rest\\u00e9s m\\u00e9connus de la communaut\\u00e9 scientifique.\\n\\n- Le carbet scientifique\\nSitu\\u00e9 en derni\\u00e8re partie du parcours de visite, au c\\u0153ur de la serre tropicale d\\u2019Oc\\u00e9anopolis, un tout nouveau dispositif vous permettra de d\\u00e9couvrir les conditions de vie des scientifiques lors de leurs missions de terrain : le carbet scientifique.\\n\\nAbri collectif en bois, ouvert ou semi-ouvert, largement r\\u00e9pandu en Guyane et dans l\\u2019ensemble de la Cara\\u00efbe, cette structure traditionnelle am\\u00e9rindienne a inspir\\u00e9 le CNRS pour l\\u2019implantation d\\u2019une vaste station de recherche en Guyane, au c\\u0153ur de la R\\u00e9serve naturelle des Nouragues.\\n\\nLe carbet scientifique d\\u2019Oc\\u00e9anopolis transpose cette ambiance : charpente en bois apparente, toiture haute, espace ouvert sur une v\\u00e9g\\u00e9tation dense, humidit\\u00e9 fluctuante entre 80 et 100 %, temp\\u00e9rature autour de 25 \\u00b0C et lumi\\u00e8re filtr\\u00e9e par l\\u2019\\u00e9paisseur du couvert v\\u00e9g\\u00e9tal.\\n\\n\\u00c0 l\\u2019int\\u00e9rieur du carbet, vous d\\u00e9couvrirez :\\n\\nUne fresque monumentale de plus de 5 m\\u00e8tres de hauteur et 4 m\\u00e8tres de largeur pr\\u00e9sentant les esp\\u00e8ces v\\u00e9g\\u00e9tales qui s\\u2019\\u00e9tagent dans la for\\u00eat guyanaise\\nDix vitrines pr\\u00e9sentant des maquettes de graines r\\u00e9alis\\u00e9es en cire par le plasticien Louis de Torhout\\nCes \\u0153uvres mettent en lumi\\u00e8re les multiples modes de reproduction et de dispersion des plantes, ainsi que les alliances subtiles entre v\\u00e9g\\u00e9tal, animaux et \\u00e9v\\u00e8nements naturels (vent, eau, gravit\\u00e9, humidit\\u00e9) n\\u00e9cessaires \\u00e0 leur survie dans cet environnement comp\\u00e9titif.\\n\\n Th\\u00e9matiques actualis\\u00e9es :\\nSi les grandes th\\u00e9matiques (coraux, requins, biodiversit\\u00e9 tropicale) demeurent, leur traitement \\u00e9volue pour int\\u00e9grer :\\n\\nLes derni\\u00e8res d\\u00e9couvertes sur les r\\u00e9cifs m\\u00e9sophotiques\\nLes enjeux du changement climatique sur les \\u00e9cosyst\\u00e8mes coralliens\\nLe r\\u00f4le crucial des requins dans l\\u2019\\u00e9quilibre des oc\\u00e9ans\\nLes connexions entre \\u00e9cosyst\\u00e8mes terrestres et marins&quot;,&quot;categorie&quot;:&quot;En famille&quot;,&quot;ville&quot;:&quot;Brest&quot;,&quot;code_postal&quot;:&quot;29200&quot;,&quot;name&quot;:&quot;R\\u00e9ouverture du pavillon Tropical&quot;,&quot;latitude&quot;:&quot;48.3899700&quot;,&quot;longitude&quot;:&quot;-4.4361000&quot;,&quot;link&quot;:&quot;https:\\\/\\\/www.oceanopolis.com\\\/reouverture-du-pavillon-tropical-oceanopolis\\\/&quot;},&quot;category&quot;:&quot;\\u00c9v\\u00e9nements locaux&quot;,&quot;faq&quot;:[],&quot;event&quot;:&quot;Du 04\\\/07\\\/2026 au 31\\\/12\\\/2026 \\u00e0 23:59&quot;,&quot;video_url&quot;:&quot;&quot;,&quot;video_embed&quot;:null,&quot;documents&quot;:[],&quot;gallery&quot;:[]}\">\n\n                <!-- Image + badge cat\u00e9gorie -->\n                <div class=\"em-card-img-wrap\">\n                                      <div class=\"em-card-placeholder\">\ud83d\udcf7 Pas d'image<\/div>\n                                    <span class=\"em-card-badge badge-default\">\u00c9v\u00e9nements locaux<\/span>\n                <\/div>\n\n                <!-- Contenu de la card -->\n                <div class=\"em-card-body\">\n                  <h3 class=\"em-card-title\">R\u00e9ouverture du pavillon Tropical<\/h3>\n\n                  <!-- Tags r\u00e9sum\u00e9s (max 4) -->\n                  <div class=\"em-card-tags\">\n                                                          <\/div>\n\n                  <!-- Champs suppl\u00e9mentaires (max 3) -->\n                  <div class=\"em-card-fields\">\n                                          <div class=\"em-card-field\">\n                        <span class=\"em-card-field-label\">Titre :<\/span>\n                        <span class=\"em-card-field-value\">R\u00e9ouverture du pavillon Tropical<\/span>\n                      <\/div>\n                                          <div class=\"em-card-field\">\n                        <span class=\"em-card-field-label\">Cat\u00e9gorie :<\/span>\n                        <span class=\"em-card-field-value\">En famille<\/span>\n                      <\/div>\n                                          <div class=\"em-card-field\">\n                        <span class=\"em-card-field-label\">Ville :<\/span>\n                        <span class=\"em-card-field-value\">Brest<\/span>\n                      <\/div>\n                                      <\/div>\n\n                  <!-- Lien vers le d\u00e9tail -->\n                  <div class=\"em-card-footer\">\n                    <span>Voir le d\u00e9tail<\/span>\n                    <svg fill=\"none\" viewBox=\"0 0 24 24\" stroke=\"currentColor\" stroke-width=\"2\">\n                      <path stroke-linecap=\"round\" stroke-linejoin=\"round\" d=\"M13.5 4.5L21 12m0 0l-7.5 7.5M21 12H3\"><\/path>\n                    <\/svg>\n                  <\/div>\n                <\/div>\n              <\/article>\n                          <article class=\"em-card\"\n                data-type=\"evenements-locaux-6\"\n                data-features=\"\"\n                data-name=\"randonn\u00e9e bien-\u00eatre  sur le gr 34 vers le phare du petit minou\"\n                data-json=\"{&quot;name&quot;:&quot;Randonn\\u00e9e bien-\\u00eatre  sur le GR 34 vers le phare du petit minou&quot;,&quot;image&quot;:&quot;&quot;,&quot;link&quot;:&quot;https:\\\/\\\/terredecume.fr\\\/&quot;,&quot;data&quot;:{&quot;titre&quot;:&quot;Randonn\\u00e9e bien-\\u00eatre  sur le GR 34 vers le phare du petit minou&quot;,&quot;description&quot;:&quot;Randonnez \\u00e0 la journ\\u00e9e avec Terre d&#039;\\u00e9cume pour rallier l\\u2019un des phares de l\\u2019Iroise.\\n\\nLes randonn\\u00e9es bien-\\u00eatre sont des moments de d\\u00e9tente pour allier bien-\\u00eatre, sport en douceur et d\\u00e9couverte du patrimoine local, afin de se reconnecter pleinement \\u00e0 soi-m\\u00eame et \\u00e0 la nature. On randonne avec des moments de relaxation et de m\\u00e9ditation. On utilise l\\u2019\\u00e9coute des chants d\\u2019oiseaux pour se reconnecter \\u00e0 la nature. On g\\u00e8re sa respiration et son effort avec la \\u201cmarche afghane\\u201d.\\nC&#039;est l&#039;occasion de d\\u00e9couvrir le littoral autrement.\\n\\nAu programme de la journ\\u00e9e : Randonn\\u00e9e \\u2013 Marche afghane (respiration) \\u2013 Ornithologie \\u2013 M\\u00e9ditation et relaxation \\u2013 Stretching\\\/\\u00c9tirements - D\\u00e9couverte des phares\\n\\nNiveau de difficult\\u00e9 adapt\\u00e9 \\u00e0 vos besoins et envies.\\n\\nInformations pratiques : \\n\\nLes mercredis d\\u00e8s 9h  (journ\\u00e9e compl\\u00e8te)\\nNombre de places limit\\u00e9 \\u00e0 15 personnes\\\/journ\\u00e9e.\\n\\u00c0 partir de 16 ans.\\nSur demande aupr\\u00e8s de Terre d&#039;Ecume\\n Des options sur plusieurs jours et des s\\u00e9jours randonn\\u00e9es bien-\\u00eatre sont disponibles sur : https:\\\/\\\/terredecume.fr\\\/sejours\\\/\\nD&#039;autres randonn\\u00e9es sont disponibles pendant la semaine sur le GR34 (De Ste Anne du Portzic \\u00e0 Porspoder). \\nPlus d&#039;infos sur terredecume.fr\\nCartes cadeaux disponibles.&quot;,&quot;categorie&quot;:&quot;Sport &amp; randonn\\u00e9e&quot;,&quot;ville&quot;:&quot;Plouzan\\u00e9&quot;,&quot;code_postal&quot;:&quot;29280&quot;,&quot;name&quot;:&quot;Randonn\\u00e9e bien-\\u00eatre  sur le GR 34 vers le phare du petit minou&quot;,&quot;latitude&quot;:&quot;48.3561900&quot;,&quot;longitude&quot;:&quot;-4.6783800&quot;,&quot;link&quot;:&quot;https:\\\/\\\/terredecume.fr\\\/&quot;},&quot;category&quot;:&quot;\\u00c9v\\u00e9nements locaux&quot;,&quot;faq&quot;:[],&quot;event&quot;:&quot;Du 02\\\/09\\\/2026 \\u00e0 09:00 au 02\\\/09\\\/2026 \\u00e0 23:59&quot;,&quot;video_url&quot;:&quot;&quot;,&quot;video_embed&quot;:null,&quot;documents&quot;:[],&quot;gallery&quot;:[]}\">\n\n                <!-- Image + badge cat\u00e9gorie -->\n                <div class=\"em-card-img-wrap\">\n                                      <div class=\"em-card-placeholder\">\ud83d\udcf7 Pas d'image<\/div>\n                                    <span class=\"em-card-badge badge-default\">\u00c9v\u00e9nements locaux<\/span>\n                <\/div>\n\n                <!-- Contenu de la card -->\n                <div class=\"em-card-body\">\n                  <h3 class=\"em-card-title\">Randonn\u00e9e bien-\u00eatre  sur le GR 34 vers le phare du petit minou<\/h3>\n\n                  <!-- Tags r\u00e9sum\u00e9s (max 4) -->\n                  <div class=\"em-card-tags\">\n                                                          <\/div>\n\n                  <!-- Champs suppl\u00e9mentaires (max 3) -->\n                  <div class=\"em-card-fields\">\n                                          <div class=\"em-card-field\">\n                        <span class=\"em-card-field-label\">Titre :<\/span>\n                        <span class=\"em-card-field-value\">Randonn\u00e9e bien-\u00eatre  sur le GR 34 vers le phare du petit min<\/span>\n                      <\/div>\n                                          <div class=\"em-card-field\">\n                        <span class=\"em-card-field-label\">Cat\u00e9gorie :<\/span>\n                        <span class=\"em-card-field-value\">Sport &amp; randonn\u00e9e<\/span>\n                      <\/div>\n                                          <div class=\"em-card-field\">\n                        <span class=\"em-card-field-label\">Ville :<\/span>\n                        <span class=\"em-card-field-value\">Plouzan\u00e9<\/span>\n                      <\/div>\n                                      <\/div>\n\n                  <!-- Lien vers le d\u00e9tail -->\n                  <div class=\"em-card-footer\">\n                    <span>Voir le d\u00e9tail<\/span>\n                    <svg fill=\"none\" viewBox=\"0 0 24 24\" stroke=\"currentColor\" stroke-width=\"2\">\n                      <path stroke-linecap=\"round\" stroke-linejoin=\"round\" d=\"M13.5 4.5L21 12m0 0l-7.5 7.5M21 12H3\"><\/path>\n                    <\/svg>\n                  <\/div>\n                <\/div>\n              <\/article>\n                          <article class=\"em-card\"\n                data-type=\"evenements-locaux-6\"\n                data-features=\"\"\n                data-name=\"pardon &amp; b\u00e9n\u00e9diction de la mer\"\n                data-json=\"{&quot;name&quot;:&quot;Pardon &amp; b\\u00e9n\\u00e9diction de la mer&quot;,&quot;image&quot;:&quot;&quot;,&quot;link&quot;:&quot;&quot;,&quot;data&quot;:{&quot;titre&quot;:&quot;Pardon &amp; b\\u00e9n\\u00e9diction de la mer&quot;,&quot;description&quot;:&quot;Retrouvez durant trois jours man\\u00e8ges et autres attractions foraines place Charles de Gaulle. \\n\\nDimanche 6 septembre : \\nPardon &amp; b\\u00e9n\\u00e9diction de la mer.\\nSuivie d&#039;une parade de bateaux par la SNSM.&quot;,&quot;categorie&quot;:&quot;Autres \\u00e9v\\u00e9nements&quot;,&quot;ville&quot;:&quot;Camaret-sur-Mer&quot;,&quot;code_postal&quot;:&quot;29570&quot;,&quot;name&quot;:&quot;Pardon &amp; b\\u00e9n\\u00e9diction de la mer&quot;,&quot;latitude&quot;:&quot;48.2799300&quot;,&quot;longitude&quot;:&quot;-4.5922100&quot;},&quot;category&quot;:&quot;\\u00c9v\\u00e9nements locaux&quot;,&quot;faq&quot;:[],&quot;event&quot;:&quot;Du 04\\\/09\\\/2026 \\u00e0 10:30 au 06\\\/09\\\/2026 \\u00e0 23:59&quot;,&quot;video_url&quot;:&quot;&quot;,&quot;video_embed&quot;:null,&quot;documents&quot;:[],&quot;gallery&quot;:[]}\">\n\n                <!-- Image + badge cat\u00e9gorie -->\n                <div class=\"em-card-img-wrap\">\n                                      <div class=\"em-card-placeholder\">\ud83d\udcf7 Pas d'image<\/div>\n                                    <span class=\"em-card-badge badge-default\">\u00c9v\u00e9nements locaux<\/span>\n                <\/div>\n\n                <!-- Contenu de la card -->\n                <div class=\"em-card-body\">\n                  <h3 class=\"em-card-title\">Pardon &amp; b\u00e9n\u00e9diction de la mer<\/h3>\n\n                  <!-- Tags r\u00e9sum\u00e9s (max 4) -->\n                  <div class=\"em-card-tags\">\n                                                          <\/div>\n\n                  <!-- Champs suppl\u00e9mentaires (max 3) -->\n                  <div class=\"em-card-fields\">\n                                          <div class=\"em-card-field\">\n                        <span class=\"em-card-field-label\">Titre :<\/span>\n                        <span class=\"em-card-field-value\">Pardon &amp; b\u00e9n\u00e9diction de la mer<\/span>\n                      <\/div>\n                                          <div class=\"em-card-field\">\n                        <span class=\"em-card-field-label\">Cat\u00e9gorie :<\/span>\n                        <span class=\"em-card-field-value\">Autres \u00e9v\u00e9nements<\/span>\n                      <\/div>\n                                          <div class=\"em-card-field\">\n                        <span class=\"em-card-field-label\">Ville :<\/span>\n                        <span class=\"em-card-field-value\">Camaret-sur-Mer<\/span>\n                      <\/div>\n                                      <\/div>\n\n                  <!-- Lien vers le d\u00e9tail -->\n                  <div class=\"em-card-footer\">\n                    <span>Voir le d\u00e9tail<\/span>\n                    <svg fill=\"none\" viewBox=\"0 0 24 24\" stroke=\"currentColor\" stroke-width=\"2\">\n                      <path stroke-linecap=\"round\" stroke-linejoin=\"round\" d=\"M13.5 4.5L21 12m0 0l-7.5 7.5M21 12H3\"><\/path>\n                    <\/svg>\n                  <\/div>\n                <\/div>\n              <\/article>\n                          <article class=\"em-card\"\n                data-type=\"evenements-locaux-6\"\n                data-features=\"\"\n                data-name=\"rando-v\u00e9lo - balade \u00e0 v\u00e9lo \u00e9lectrique de la pointe du van \u00e0 la pointe du raz\"\n                data-json=\"{&quot;name&quot;:&quot;Rando-V\\u00e9lo - Balade \\u00e0 v\\u00e9lo \\u00e9lectrique de la Pointe du Van \\u00e0 la Pointe du Raz&quot;,&quot;image&quot;:&quot;&quot;,&quot;link&quot;:&quot;http:\\\/\\\/virginie-guezennec.fr\\\/&quot;,&quot;data&quot;:{&quot;titre&quot;:&quot;Rando-V\\u00e9lo - Balade \\u00e0 v\\u00e9lo \\u00e9lectrique de la Pointe du Van \\u00e0 la Pointe du Raz&quot;,&quot;description&quot;:&quot;D\\u00e9couverte \\u00e0 v\\u00e9lo \\u00e9lectrique d\\u2019un territoire maritime sauvage pour comprendre et ressentir comment les paysages ont fa\\u00e7onn\\u00e9 l\\u2019histoire et la vie des habitants du Cap Sizun. Plusieurs haltes rythment le parcours : moulins \\u00e0 vent, chapelle tourn\\u00e9e vers la mer et l\\u2019\\u00cele de Sein, fermes et maisons de p\\u00eacheurs, maison de gardien de phare, port-abri et plage. Le circuit s\\u2019ach\\u00e8ve \\u00e0 la Pointe du Raz, avec un temps d\\u00e9di\\u00e9 \\u00e0 son histoire et \\u00e0 une connexion sensible \\u00e0 la puissance \\u00e9nerg\\u00e9tique de la mer d\\u2019Iroise.\\n\\nRendez-Vous le lundi \\u00e0 13h30 et le mardi \\u00e0 11h sur le parking de la Pointe du Van, au niveau des racks \\u00e0 v\\u00e9lo. Parcours de 9km - temps de visite 3h00 - Retour en autonomie. Pr\\u00e9voir un pique pour la sortie du mardi. \\n\\nR\\u00e9servation obligatoire.\\n\\nGroupe 8 personnes maximum. \\nLe tarif ne comprend pas la location du v\\u00e9lo \\u00e9lectrique et le casque (obligatoire). Liste des loueurs de v\\u00e9los \\u00e9lectrique disponible \\u00e0 l&#039;Office de Tourisme. En cas d&#039;utilisation d&#039;un v\\u00e9lo personnel, veillez \\u00e0 vous assurer qu&#039;il soit pr\\u00eat \\u00e0 rouler : pneus gonfl\\u00e9s, freins et feux de route fonctionnel.\\n\\nR\\u00e9servation possible \\u00e0 l&#039;Office de Tourisme \\u00e0 Audierne ainsi que par t\\u00e9l\\u00e9phone.&quot;,&quot;categorie&quot;:&quot;Sport &amp; randonn\\u00e9e&quot;,&quot;ville&quot;:&quot;Cl\\u00e9den-Cap-Sizun&quot;,&quot;code_postal&quot;:&quot;29770&quot;,&quot;name&quot;:&quot;Rando-V\\u00e9lo - Balade \\u00e0 v\\u00e9lo \\u00e9lectrique de la Pointe du Van \\u00e0 la Pointe du Raz&quot;,&quot;latitude&quot;:&quot;48.0646350&quot;,&quot;longitude&quot;:&quot;-4.7138110&quot;,&quot;link&quot;:&quot;http:\\\/\\\/virginie-guezennec.fr\\\/&quot;},&quot;category&quot;:&quot;\\u00c9v\\u00e9nements locaux&quot;,&quot;faq&quot;:[],&quot;event&quot;:&quot;Du 14\\\/09\\\/2026 \\u00e0 13:30 au 14\\\/09\\\/2026 \\u00e0 23:59&quot;,&quot;video_url&quot;:&quot;&quot;,&quot;video_embed&quot;:null,&quot;documents&quot;:[],&quot;gallery&quot;:[]}\">\n\n                <!-- Image + badge cat\u00e9gorie -->\n                <div class=\"em-card-img-wrap\">\n                                      <div class=\"em-card-placeholder\">\ud83d\udcf7 Pas d'image<\/div>\n                                    <span class=\"em-card-badge badge-default\">\u00c9v\u00e9nements locaux<\/span>\n                <\/div>\n\n                <!-- Contenu de la card -->\n                <div class=\"em-card-body\">\n                  <h3 class=\"em-card-title\">Rando-V\u00e9lo - Balade \u00e0 v\u00e9lo \u00e9lectrique de la Pointe du Van \u00e0 la Pointe du Raz<\/h3>\n\n                  <!-- Tags r\u00e9sum\u00e9s (max 4) -->\n                  <div class=\"em-card-tags\">\n                                                          <\/div>\n\n                  <!-- Champs suppl\u00e9mentaires (max 3) -->\n                  <div class=\"em-card-fields\">\n                                          <div class=\"em-card-field\">\n                        <span class=\"em-card-field-label\">Titre :<\/span>\n                        <span class=\"em-card-field-value\">Rando-V\u00e9lo - Balade \u00e0 v\u00e9lo \u00e9lectrique de la Pointe du Van \u00e0 <\/span>\n                      <\/div>\n                                          <div class=\"em-card-field\">\n                        <span class=\"em-card-field-label\">Cat\u00e9gorie :<\/span>\n                        <span class=\"em-card-field-value\">Sport &amp; randonn\u00e9e<\/span>\n                      <\/div>\n                                          <div class=\"em-card-field\">\n                        <span class=\"em-card-field-label\">Ville :<\/span>\n                        <span class=\"em-card-field-value\">Cl\u00e9den-Cap-Sizun<\/span>\n                      <\/div>\n                                      <\/div>\n\n                  <!-- Lien vers le d\u00e9tail -->\n                  <div class=\"em-card-footer\">\n                    <span>Voir le d\u00e9tail<\/span>\n                    <svg fill=\"none\" viewBox=\"0 0 24 24\" stroke=\"currentColor\" stroke-width=\"2\">\n                      <path stroke-linecap=\"round\" stroke-linejoin=\"round\" d=\"M13.5 4.5L21 12m0 0l-7.5 7.5M21 12H3\"><\/path>\n                    <\/svg>\n                  <\/div>\n                <\/div>\n              <\/article>\n                          <article class=\"em-card\"\n                data-type=\"evenements-locaux-6\"\n                data-features=\"\"\n                data-name=\"fen\u00eatres ouvertes #7 - festival itin\u00e9rant interquartiers\"\n                data-json=\"{&quot;name&quot;:&quot;Fen\\u00eatres Ouvertes #7 - Festival itin\\u00e9rant interquartiers&quot;,&quot;image&quot;:&quot;&quot;,&quot;link&quot;:&quot;https:\\\/\\\/www.theatredugrain.com\\\/FENETRES-OUVERTES-7-2026.html&quot;,&quot;data&quot;:{&quot;titre&quot;:&quot;Fen\\u00eatres Ouvertes #7 - Festival itin\\u00e9rant interquartiers&quot;,&quot;description&quot;:&quot;Soir\\u00e9es artistiques et festives dans les quartiers populaires de Brest les vendredis soirs: \\nTout au long de l\\u2019\\u00e9t\\u00e9, le festival itin\\u00e9rant inter-quartiers se d\\u00e9ploie avec des soir\\u00e9es artistiques et festives ouvertes \\u00e0 tous. \\n\\nAu programme : \\nvendredi 26 juin   - Lamb\\u00e9zellec (Brest)\\nvendredi 3 juillet  - Bellevue (Brest)\\nvendredi 10 juillet   - Queliverzan (Brest)\\nvendredi 17 juillet   - Kerbernard (Brest)\\nvendredi 24 juillet  - Keredern (Brest)\\nvendredi 28 ao\\u00fbt  - Valy Hir (Brest)\\nvendredi 4 septembre - Pontanezen (Brest)\\nvendredi 11 septembre  - Kerangoff (Brest)\\n\\nSpectacle ou concert, sc\\u00e8ne ouverte, repas et cr\\u00e9ations partag\\u00e9es s\\u2019entrem\\u00ealent pour allier d\\u00e9couverte et convivialit\\u00e9.\\nTout public.  Gratuit.\\n\\nPour tout compl\\u00e9ment d&#039;information contacter le 06 65 71 61 09.&quot;,&quot;categorie&quot;:&quot;En famille&quot;,&quot;ville&quot;:&quot;Brest&quot;,&quot;code_postal&quot;:&quot;29200&quot;,&quot;name&quot;:&quot;Fen\\u00eatres Ouvertes #7 - Festival itin\\u00e9rant interquartiers&quot;,&quot;latitude&quot;:&quot;48.3812010&quot;,&quot;longitude&quot;:&quot;-4.5098310&quot;,&quot;link&quot;:&quot;https:\\\/\\\/www.theatredugrain.com\\\/FENETRES-OUVERTES-7-2026.html&quot;},&quot;category&quot;:&quot;\\u00c9v\\u00e9nements locaux&quot;,&quot;faq&quot;:[],&quot;event&quot;:&quot;Du 04\\\/09\\\/2026 \\u00e0 18:00 au 04\\\/09\\\/2026 \\u00e0 23:59&quot;,&quot;video_url&quot;:&quot;&quot;,&quot;video_embed&quot;:null,&quot;documents&quot;:[],&quot;gallery&quot;:[]}\">\n\n                <!-- Image + badge cat\u00e9gorie -->\n                <div class=\"em-card-img-wrap\">\n                                      <div class=\"em-card-placeholder\">\ud83d\udcf7 Pas d'image<\/div>\n                                    <span class=\"em-card-badge badge-default\">\u00c9v\u00e9nements locaux<\/span>\n                <\/div>\n\n                <!-- Contenu de la card -->\n                <div class=\"em-card-body\">\n                  <h3 class=\"em-card-title\">Fen\u00eatres Ouvertes #7 - Festival itin\u00e9rant interquartiers<\/h3>\n\n                  <!-- Tags r\u00e9sum\u00e9s (max 4) -->\n                  <div class=\"em-card-tags\">\n                                                          <\/div>\n\n                  <!-- Champs suppl\u00e9mentaires (max 3) -->\n                  <div class=\"em-card-fields\">\n                                          <div class=\"em-card-field\">\n                        <span class=\"em-card-field-label\">Titre :<\/span>\n                        <span class=\"em-card-field-value\">Fen\u00eatres Ouvertes #7 - Festival itin\u00e9rant interquartiers<\/span>\n                      <\/div>\n                                          <div class=\"em-card-field\">\n                        <span class=\"em-card-field-label\">Cat\u00e9gorie :<\/span>\n                        <span class=\"em-card-field-value\">En famille<\/span>\n                      <\/div>\n                                          <div class=\"em-card-field\">\n                        <span class=\"em-card-field-label\">Ville :<\/span>\n                        <span class=\"em-card-field-value\">Brest<\/span>\n                      <\/div>\n                                      <\/div>\n\n                  <!-- Lien vers le d\u00e9tail -->\n                  <div class=\"em-card-footer\">\n                    <span>Voir le d\u00e9tail<\/span>\n                    <svg fill=\"none\" viewBox=\"0 0 24 24\" stroke=\"currentColor\" stroke-width=\"2\">\n                      <path stroke-linecap=\"round\" stroke-linejoin=\"round\" d=\"M13.5 4.5L21 12m0 0l-7.5 7.5M21 12H3\"><\/path>\n                    <\/svg>\n                  <\/div>\n                <\/div>\n              <\/article>\n                          <article class=\"em-card\"\n                data-type=\"evenements-locaux-6\"\n                data-features=\"\"\n                data-name=\"march\u00e9 saisonnier\"\n                data-json=\"{&quot;name&quot;:&quot;March\\u00e9 saisonnier&quot;,&quot;image&quot;:&quot;&quot;,&quot;link&quot;:&quot;&quot;,&quot;data&quot;:{&quot;titre&quot;:&quot;March\\u00e9 saisonnier&quot;,&quot;description&quot;:&quot;Tous les dimanches :\\nMarch\\u00e9 - Tous produits&quot;,&quot;categorie&quot;:&quot;March\\u00e9s &amp; foires&quot;,&quot;ville&quot;:&quot;Plon\\u00e9vez-Porzay&quot;,&quot;code_postal&quot;:&quot;29550&quot;,&quot;name&quot;:&quot;March\\u00e9 saisonnier&quot;,&quot;latitude&quot;:&quot;48.1253469&quot;,&quot;longitude&quot;:&quot;-4.2199348&quot;},&quot;category&quot;:&quot;\\u00c9v\\u00e9nements locaux&quot;,&quot;faq&quot;:[],&quot;event&quot;:&quot;Du 05\\\/04\\\/2026 au 25\\\/10\\\/2026 \\u00e0 23:59&quot;,&quot;video_url&quot;:&quot;&quot;,&quot;video_embed&quot;:null,&quot;documents&quot;:[],&quot;gallery&quot;:[]}\">\n\n                <!-- Image + badge cat\u00e9gorie -->\n                <div class=\"em-card-img-wrap\">\n                                      <div class=\"em-card-placeholder\">\ud83d\udcf7 Pas d'image<\/div>\n                                    <span class=\"em-card-badge badge-default\">\u00c9v\u00e9nements locaux<\/span>\n                <\/div>\n\n                <!-- Contenu de la card -->\n                <div class=\"em-card-body\">\n                  <h3 class=\"em-card-title\">March\u00e9 saisonnier<\/h3>\n\n                  <!-- Tags r\u00e9sum\u00e9s (max 4) -->\n                  <div class=\"em-card-tags\">\n                                                          <\/div>\n\n                  <!-- Champs suppl\u00e9mentaires (max 3) -->\n                  <div class=\"em-card-fields\">\n                                          <div class=\"em-card-field\">\n                        <span class=\"em-card-field-label\">Titre :<\/span>\n                        <span class=\"em-card-field-value\">March\u00e9 saisonnier<\/span>\n                      <\/div>\n                                          <div class=\"em-card-field\">\n                        <span class=\"em-card-field-label\">Cat\u00e9gorie :<\/span>\n                        <span class=\"em-card-field-value\">March\u00e9s &amp; foires<\/span>\n                      <\/div>\n                                          <div class=\"em-card-field\">\n                        <span class=\"em-card-field-label\">Ville :<\/span>\n                        <span class=\"em-card-field-value\">Plon\u00e9vez-Porzay<\/span>\n                      <\/div>\n                                      <\/div>\n\n                  <!-- Lien vers le d\u00e9tail -->\n                  <div class=\"em-card-footer\">\n                    <span>Voir le d\u00e9tail<\/span>\n                    <svg fill=\"none\" viewBox=\"0 0 24 24\" stroke=\"currentColor\" stroke-width=\"2\">\n                      <path stroke-linecap=\"round\" stroke-linejoin=\"round\" d=\"M13.5 4.5L21 12m0 0l-7.5 7.5M21 12H3\"><\/path>\n                    <\/svg>\n                  <\/div>\n                <\/div>\n              <\/article>\n                          <article class=\"em-card\"\n                data-type=\"evenements-locaux-6\"\n                data-features=\"\"\n                data-name=\"ouverture de l&#039;\u00e9glise notre-dame du juch\"\n                data-json=\"{&quot;name&quot;:&quot;Ouverture de l&#039;\\u00e9glise Notre-Dame du Juch&quot;,&quot;image&quot;:&quot;&quot;,&quot;link&quot;:&quot;&quot;,&quot;data&quot;:{&quot;titre&quot;:&quot;Ouverture de l&#039;\\u00e9glise Notre-Dame du Juch&quot;,&quot;description&quot;:&quot;Toute l\\u2019ann\\u00e9e, tous les jours de 10h \\u00e0 17h. Sur rendez-vous : visite guid\\u00e9e possible.&quot;,&quot;categorie&quot;:&quot;Autres \\u00e9v\\u00e9nements&quot;,&quot;ville&quot;:&quot;Le Juch&quot;,&quot;code_postal&quot;:&quot;29100&quot;,&quot;name&quot;:&quot;Ouverture de l&#039;\\u00e9glise Notre-Dame du Juch&quot;,&quot;latitude&quot;:&quot;48.0663827&quot;,&quot;longitude&quot;:&quot;-4.2557126&quot;},&quot;category&quot;:&quot;\\u00c9v\\u00e9nements locaux&quot;,&quot;faq&quot;:[],&quot;event&quot;:&quot;Du 01\\\/01\\\/2026 \\u00e0 10:00 au 31\\\/12\\\/2026 \\u00e0 23:59&quot;,&quot;video_url&quot;:&quot;&quot;,&quot;video_embed&quot;:null,&quot;documents&quot;:[],&quot;gallery&quot;:[]}\">\n\n                <!-- Image + badge cat\u00e9gorie -->\n                <div class=\"em-card-img-wrap\">\n                                      <div class=\"em-card-placeholder\">\ud83d\udcf7 Pas d'image<\/div>\n                                    <span class=\"em-card-badge badge-default\">\u00c9v\u00e9nements locaux<\/span>\n                <\/div>\n\n                <!-- Contenu de la card -->\n                <div class=\"em-card-body\">\n                  <h3 class=\"em-card-title\">Ouverture de l&#039;\u00e9glise Notre-Dame du Juch<\/h3>\n\n                  <!-- Tags r\u00e9sum\u00e9s (max 4) -->\n                  <div class=\"em-card-tags\">\n                                                          <\/div>\n\n                  <!-- Champs suppl\u00e9mentaires (max 3) -->\n                  <div class=\"em-card-fields\">\n                                          <div class=\"em-card-field\">\n                        <span class=\"em-card-field-label\">Titre :<\/span>\n                        <span class=\"em-card-field-value\">Ouverture de l&#039;\u00e9glise Notre-Dame du Juch<\/span>\n                      <\/div>\n                                          <div class=\"em-card-field\">\n                        <span class=\"em-card-field-label\">Cat\u00e9gorie :<\/span>\n                        <span class=\"em-card-field-value\">Autres \u00e9v\u00e9nements<\/span>\n                      <\/div>\n                                          <div class=\"em-card-field\">\n                        <span class=\"em-card-field-label\">Ville :<\/span>\n                        <span class=\"em-card-field-value\">Le Juch<\/span>\n                      <\/div>\n                                      <\/div>\n\n                  <!-- Lien vers le d\u00e9tail -->\n                  <div class=\"em-card-footer\">\n                    <span>Voir le d\u00e9tail<\/span>\n                    <svg fill=\"none\" viewBox=\"0 0 24 24\" stroke=\"currentColor\" stroke-width=\"2\">\n                      <path stroke-linecap=\"round\" stroke-linejoin=\"round\" d=\"M13.5 4.5L21 12m0 0l-7.5 7.5M21 12H3\"><\/path>\n                    <\/svg>\n                  <\/div>\n                <\/div>\n              <\/article>\n                          <article class=\"em-card\"\n                data-type=\"evenements-locaux-6\"\n                data-features=\"\"\n                data-name=\"visite guid\u00e9e \u00ab\u00a0les rendez-vous de la pointe\u00a0\u00bb\"\n                data-json=\"{&quot;name&quot;:&quot;Visite guid\\u00e9e \\u00ab\\u00a0Les rendez-vous de la Pointe\\u00a0\\u00bb&quot;,&quot;image&quot;:&quot;&quot;,&quot;link&quot;:&quot;https:\\\/\\\/www.toutcommenceenfinistere.com\\\/pointe-du-raz\\\/preparer-sa-visite\\\/&quot;,&quot;data&quot;:{&quot;titre&quot;:&quot;Visite guid\\u00e9e \\u00ab\\u00a0Les rendez-vous de la Pointe\\u00a0\\u00bb&quot;,&quot;description&quot;:&quot;Comprendre un paysage d\\u2019exception, en famille.\\n\\nCette visite guid\\u00e9e invite petits et grands \\u00e0 d\\u00e9couvrir les paysages spectaculaires de la Pointe du Raz et \\u00e0 comprendre ce qui fait la singularit\\u00e9 de ce site embl\\u00e9matique du Finist\\u00e8re. Au fil du parcours, le guide d\\u00e9crypte la formation des falaises, l\\u2019influence des vents et des courants, ainsi que l\\u2019histoire humaine intimement li\\u00e9e \\u00e0 ce bout du monde. Anecdotes, observations et \\u00e9changes rythment la visite, pens\\u00e9e pour \\u00eatre accessible et ludique. Une formule id\\u00e9ale pour une premi\\u00e8re approche du site, \\u00e0 partager en famille, entre terre et mer.\\n\\nD\\u00e9part du s\\u00e9maphore (\\u00e0 800 m du parking) - Dur\\u00e9e 1h&quot;,&quot;categorie&quot;:&quot;Sport &amp; randonn\\u00e9e&quot;,&quot;ville&quot;:&quot;Plogoff&quot;,&quot;code_postal&quot;:&quot;29770&quot;,&quot;name&quot;:&quot;Visite guid\\u00e9e \\u00ab\\u00a0Les rendez-vous de la Pointe\\u00a0\\u00bb&quot;,&quot;latitude&quot;:&quot;48.0408590&quot;,&quot;longitude&quot;:&quot;-4.6709770&quot;,&quot;link&quot;:&quot;https:\\\/\\\/www.toutcommenceenfinistere.com\\\/pointe-du-raz\\\/preparer-sa-visite\\\/&quot;},&quot;category&quot;:&quot;\\u00c9v\\u00e9nements locaux&quot;,&quot;faq&quot;:[],&quot;event&quot;:&quot;Du 05\\\/09\\\/2026 \\u00e0 16:00 au 05\\\/09\\\/2026 \\u00e0 23:59&quot;,&quot;video_url&quot;:&quot;&quot;,&quot;video_embed&quot;:null,&quot;documents&quot;:[],&quot;gallery&quot;:[]}\">\n\n                <!-- Image + badge cat\u00e9gorie -->\n                <div class=\"em-card-img-wrap\">\n                                      <div class=\"em-card-placeholder\">\ud83d\udcf7 Pas d'image<\/div>\n                                    <span class=\"em-card-badge badge-default\">\u00c9v\u00e9nements locaux<\/span>\n                <\/div>\n\n                <!-- Contenu de la card -->\n                <div class=\"em-card-body\">\n                  <h3 class=\"em-card-title\">Visite guid\u00e9e \u00ab\u00a0Les rendez-vous de la Pointe\u00a0\u00bb<\/h3>\n\n                  <!-- Tags r\u00e9sum\u00e9s (max 4) -->\n                  <div class=\"em-card-tags\">\n                                                          <\/div>\n\n                  <!-- Champs suppl\u00e9mentaires (max 3) -->\n                  <div class=\"em-card-fields\">\n                                          <div class=\"em-card-field\">\n                        <span class=\"em-card-field-label\">Titre :<\/span>\n                        <span class=\"em-card-field-value\">Visite guid\u00e9e \u00ab\u00a0Les rendez-vous de la Pointe\u00a0\u00bb<\/span>\n                      <\/div>\n                                          <div class=\"em-card-field\">\n                        <span class=\"em-card-field-label\">Cat\u00e9gorie :<\/span>\n                        <span class=\"em-card-field-value\">Sport &amp; randonn\u00e9e<\/span>\n                      <\/div>\n                                          <div class=\"em-card-field\">\n                        <span class=\"em-card-field-label\">Ville :<\/span>\n                        <span class=\"em-card-field-value\">Plogoff<\/span>\n                      <\/div>\n                                      <\/div>\n\n                  <!-- Lien vers le d\u00e9tail -->\n                  <div class=\"em-card-footer\">\n                    <span>Voir le d\u00e9tail<\/span>\n                    <svg fill=\"none\" viewBox=\"0 0 24 24\" stroke=\"currentColor\" stroke-width=\"2\">\n                      <path stroke-linecap=\"round\" stroke-linejoin=\"round\" d=\"M13.5 4.5L21 12m0 0l-7.5 7.5M21 12H3\"><\/path>\n                    <\/svg>\n                  <\/div>\n                <\/div>\n              <\/article>\n                          <article class=\"em-card\"\n                data-type=\"evenements-locaux-6\"\n                data-features=\"\"\n                data-name=\"randonn\u00e9e bien-\u00eatre : 1 \u00e0 3 jours - le mercredi, vers le petit minou\"\n                data-json=\"{&quot;name&quot;:&quot;Randonn\\u00e9e bien-\\u00eatre : 1 \\u00e0 3 jours - Le mercredi, vers le Petit Minou&quot;,&quot;image&quot;:&quot;&quot;,&quot;link&quot;:&quot;https:\\\/\\\/terredecume.fr\\\/&quot;,&quot;data&quot;:{&quot;titre&quot;:&quot;Randonn\\u00e9e bien-\\u00eatre : 1 \\u00e0 3 jours - Le mercredi, vers le Petit Minou&quot;,&quot;description&quot;:&quot;Randonnez \\u00e0 la journ\\u00e9e avec Terre d&#039;\\u00e9cume, du mercredi au vendredi, pour rallier l\\u2019un des phares de l\\u2019Iroise.\\nProgramme du mercredi :  vers le phare du Petit Minou \\u2013 Lieu : Porsmilin\\n\\nChoisissez de participer 1, 2 ou 3 jours, selon vos envies et disponibilit\\u00e9s : les stages sont modulables !\\nJeudi 9 h \\u2013 Vers le phare de Saint-Mathieu \\nVendredi 9 h \\u2013 Vers le phare de Kermorvan\\n\\nLes randonn\\u00e9es bien-\\u00eatre sont des moments de d\\u00e9tente pour allier bien-\\u00eatre, sport en douceur et d\\u00e9couverte du patrimoine local, afin de se reconnecter pleinement \\u00e0 soi-m\\u00eame et \\u00e0 la nature. On randonne avec des moments de relaxation et de m\\u00e9ditation. On utilise l\\u2019\\u00e9coute des chants d\\u2019oiseaux pour se reconnecter \\u00e0 la nature. On g\\u00e8re sa respiration et son effort avec la \\u201cmarche afghane\\&quot;.\\n\\nAu programme : Randonn\\u00e9es \\u2013 Marche afghane \\u2013 Ornithologie \\u2013 M\\u00e9ditation et relaxation \\u2013 Stretching\\\/\\u00c9tirements - D\\u00e9couverte des phares\\n\\nNiveau de difficult\\u00e9 adapt\\u00e9 \\u00e0 vos besoins et envies.\\n\\nR\\u00e9servation en ligne sur terredecume.fr\\nAvec ou sans h\\u00e9bergements : plus d&#039;infos sur le site.\\nNombre de places limit\\u00e9 \\u00e0 15 personnes\\\/stage.\\n\\u00c0 partir de 16 ans.&quot;,&quot;categorie&quot;:&quot;Sport &amp; randonn\\u00e9e&quot;,&quot;ville&quot;:&quot;Locmaria-Plouzan\\u00e9&quot;,&quot;code_postal&quot;:&quot;29280&quot;,&quot;name&quot;:&quot;Randonn\\u00e9e bien-\\u00eatre : 1 \\u00e0 3 jours - Le mercredi, vers le Petit Minou&quot;,&quot;latitude&quot;:&quot;48.3377566&quot;,&quot;longitude&quot;:&quot;-4.6143471&quot;,&quot;link&quot;:&quot;https:\\\/\\\/terredecume.fr\\\/&quot;},&quot;category&quot;:&quot;\\u00c9v\\u00e9nements locaux&quot;,&quot;faq&quot;:[],&quot;event&quot;:&quot;Du 02\\\/09\\\/2026 \\u00e0 09:00 au 02\\\/09\\\/2026 \\u00e0 23:59&quot;,&quot;video_url&quot;:&quot;&quot;,&quot;video_embed&quot;:null,&quot;documents&quot;:[],&quot;gallery&quot;:[]}\">\n\n                <!-- Image + badge cat\u00e9gorie -->\n                <div class=\"em-card-img-wrap\">\n                                      <div class=\"em-card-placeholder\">\ud83d\udcf7 Pas d'image<\/div>\n                                    <span class=\"em-card-badge badge-default\">\u00c9v\u00e9nements locaux<\/span>\n                <\/div>\n\n                <!-- Contenu de la card -->\n                <div class=\"em-card-body\">\n                  <h3 class=\"em-card-title\">Randonn\u00e9e bien-\u00eatre : 1 \u00e0 3 jours - Le mercredi, vers le Petit Minou<\/h3>\n\n                  <!-- Tags r\u00e9sum\u00e9s (max 4) -->\n                  <div class=\"em-card-tags\">\n                                                          <\/div>\n\n                  <!-- Champs suppl\u00e9mentaires (max 3) -->\n                  <div class=\"em-card-fields\">\n                                          <div class=\"em-card-field\">\n                        <span class=\"em-card-field-label\">Titre :<\/span>\n                        <span class=\"em-card-field-value\">Randonn\u00e9e bien-\u00eatre : 1 \u00e0 3 jours - Le mercredi, vers le Pet<\/span>\n                      <\/div>\n                                          <div class=\"em-card-field\">\n                        <span class=\"em-card-field-label\">Cat\u00e9gorie :<\/span>\n                        <span class=\"em-card-field-value\">Sport &amp; randonn\u00e9e<\/span>\n                      <\/div>\n                                          <div class=\"em-card-field\">\n                        <span class=\"em-card-field-label\">Ville :<\/span>\n                        <span class=\"em-card-field-value\">Locmaria-Plouzan\u00e9<\/span>\n                      <\/div>\n                                      <\/div>\n\n                  <!-- Lien vers le d\u00e9tail -->\n                  <div class=\"em-card-footer\">\n                    <span>Voir le d\u00e9tail<\/span>\n                    <svg fill=\"none\" viewBox=\"0 0 24 24\" stroke=\"currentColor\" stroke-width=\"2\">\n                      <path stroke-linecap=\"round\" stroke-linejoin=\"round\" d=\"M13.5 4.5L21 12m0 0l-7.5 7.5M21 12H3\"><\/path>\n                    <\/svg>\n                  <\/div>\n                <\/div>\n              <\/article>\n                          <article class=\"em-card\"\n                data-type=\"evenements-locaux-6\"\n                data-features=\"\"\n                data-name=\"stage moussaillon 4-7 ans \u00e0 moulin mer\"\n                data-json=\"{&quot;name&quot;:&quot;Stage Moussaillon 4-7 ans \\u00e0 Moulin Mer&quot;,&quot;image&quot;:&quot;&quot;,&quot;link&quot;:&quot;https:\\\/\\\/www.moulinmer.com\\\/&quot;,&quot;data&quot;:{&quot;titre&quot;:&quot;Stage Moussaillon 4-7 ans \\u00e0 Moulin Mer&quot;,&quot;description&quot;:&quot;Destin\\u00e9s aux plus jeunes, nos stages Moussaillons offrent une premi\\u00e8re d\\u00e9couverte ludique et s\\u00e9curis\\u00e9e du milieu marin et des sports nautiques. \\n\\nPour public jeune enfant : se familiariser avec le monde maritime, sensibilisation au nautisme par le jeu et d\\u00e9couverte du milieu marin.\\nCes stages sont con\\u00e7us pour donner le go\\u00fbt de la voile et \\u00e9veiller la curiosit\\u00e9 des petits marins en herbe.\\nDe vraies aventures sur l&#039;eau, dans l&#039;eau, sur la gr\\u00e8ve.\\n\\nStages du matin 9h30-12h ou stages d&#039;apr\\u00e8s-midi 14h-16h30.&quot;,&quot;categorie&quot;:&quot;En famille&quot;,&quot;ville&quot;:&quot;Logonna-Daoulas&quot;,&quot;code_postal&quot;:&quot;29460&quot;,&quot;name&quot;:&quot;Stage Moussaillon 4-7 ans \\u00e0 Moulin Mer&quot;,&quot;latitude&quot;:&quot;48.3183200&quot;,&quot;longitude&quot;:&quot;-4.2839200&quot;,&quot;link&quot;:&quot;https:\\\/\\\/www.moulinmer.com\\\/&quot;},&quot;category&quot;:&quot;\\u00c9v\\u00e9nements locaux&quot;,&quot;faq&quot;:[],&quot;event&quot;:&quot;Du 24\\\/08\\\/2026 \\u00e0 09:30 au 28\\\/08\\\/2026 \\u00e0 23:59&quot;,&quot;video_url&quot;:&quot;&quot;,&quot;video_embed&quot;:null,&quot;documents&quot;:[],&quot;gallery&quot;:[]}\">\n\n                <!-- Image + badge cat\u00e9gorie -->\n                <div class=\"em-card-img-wrap\">\n                                      <div class=\"em-card-placeholder\">\ud83d\udcf7 Pas d'image<\/div>\n                                    <span class=\"em-card-badge badge-default\">\u00c9v\u00e9nements locaux<\/span>\n                <\/div>\n\n                <!-- Contenu de la card -->\n                <div class=\"em-card-body\">\n                  <h3 class=\"em-card-title\">Stage Moussaillon 4-7 ans \u00e0 Moulin Mer<\/h3>\n\n                  <!-- Tags r\u00e9sum\u00e9s (max 4) -->\n                  <div class=\"em-card-tags\">\n                                                          <\/div>\n\n                  <!-- Champs suppl\u00e9mentaires (max 3) -->\n                  <div class=\"em-card-fields\">\n                                          <div class=\"em-card-field\">\n                        <span class=\"em-card-field-label\">Titre :<\/span>\n                        <span class=\"em-card-field-value\">Stage Moussaillon 4-7 ans \u00e0 Moulin Mer<\/span>\n                      <\/div>\n                                          <div class=\"em-card-field\">\n                        <span class=\"em-card-field-label\">Cat\u00e9gorie :<\/span>\n                        <span class=\"em-card-field-value\">En famille<\/span>\n                      <\/div>\n                                          <div class=\"em-card-field\">\n                        <span class=\"em-card-field-label\">Ville :<\/span>\n                        <span class=\"em-card-field-value\">Logonna-Daoulas<\/span>\n                      <\/div>\n                                      <\/div>\n\n                  <!-- Lien vers le d\u00e9tail -->\n                  <div class=\"em-card-footer\">\n                    <span>Voir le d\u00e9tail<\/span>\n                    <svg fill=\"none\" viewBox=\"0 0 24 24\" stroke=\"currentColor\" stroke-width=\"2\">\n                      <path stroke-linecap=\"round\" stroke-linejoin=\"round\" d=\"M13.5 4.5L21 12m0 0l-7.5 7.5M21 12H3\"><\/path>\n                    <\/svg>\n                  <\/div>\n                <\/div>\n              <\/article>\n                          <article class=\"em-card\"\n                data-type=\"evenements-locaux-6\"\n                data-features=\"\"\n                data-name=\"exposition : draw -  la communaut\u00e9 de ceux qui n&#039;ont rien en commun\"\n                data-json=\"{&quot;name&quot;:&quot;Exposition : DRAW -  La communaut\\u00e9 de ceux qui n&#039;ont rien en commun&quot;,&quot;image&quot;:&quot;&quot;,&quot;link&quot;:&quot;https:\\\/\\\/www.cac-passerelle.com\\\/&quot;,&quot;data&quot;:{&quot;titre&quot;:&quot;Exposition : DRAW -  La communaut\\u00e9 de ceux qui n&#039;ont rien en commun&quot;,&quot;description&quot;:&quot;La s\\u00e9rie d\\u2019expositions  a vu le jour sous la forme d\\u2019une  invitation. Une invitation lanc\\u00e9e  par l\\u2019artiste, cr\\u00e9ateur, \\u00e9ducateur et militant Tomas Vu \\u00e0 ses pairs ; d\\u2019une communaut\\u00e9 artistique d\\u2019une ville \\u00e0 celle d\\u2019une autre ; des inqui\\u00e9tudes politiques d\\u2019une nation \\u00e0 celles d\\u2019autres nations. C\\u2019est l\\u2019occasion de r\\u00e9fl\\u00e9chir au caract\\u00e8re \\u00e9ph\\u00e9m\\u00e8re et \\u00e0 l\\u2019urgence du dessin en tant que m\\u00e9dium, ainsi qu\\u2019une chance d\\u2019appr\\u00e9hender le moment contemporain dans  toute sa complexit\\u00e9.&quot;,&quot;categorie&quot;:&quot;Expositions&quot;,&quot;ville&quot;:&quot;Brest&quot;,&quot;code_postal&quot;:&quot;29200&quot;,&quot;name&quot;:&quot;Exposition : DRAW -  La communaut\\u00e9 de ceux qui n&#039;ont rien en commun&quot;,&quot;latitude&quot;:&quot;48.3884131&quot;,&quot;longitude&quot;:&quot;-4.4850075&quot;,&quot;link&quot;:&quot;https:\\\/\\\/www.cac-passerelle.com\\\/&quot;},&quot;category&quot;:&quot;\\u00c9v\\u00e9nements locaux&quot;,&quot;faq&quot;:[],&quot;event&quot;:&quot;Du 03\\\/07\\\/2026 \\u00e0 12:00 au 17\\\/10\\\/2026 \\u00e0 23:59&quot;,&quot;video_url&quot;:&quot;&quot;,&quot;video_embed&quot;:null,&quot;documents&quot;:[],&quot;gallery&quot;:[]}\">\n\n                <!-- Image + badge cat\u00e9gorie -->\n                <div class=\"em-card-img-wrap\">\n                                      <div class=\"em-card-placeholder\">\ud83d\udcf7 Pas d'image<\/div>\n                                    <span class=\"em-card-badge badge-default\">\u00c9v\u00e9nements locaux<\/span>\n                <\/div>\n\n                <!-- Contenu de la card -->\n                <div class=\"em-card-body\">\n                  <h3 class=\"em-card-title\">Exposition : DRAW -  La communaut\u00e9 de ceux qui n&#039;ont rien en commun<\/h3>\n\n                  <!-- Tags r\u00e9sum\u00e9s (max 4) -->\n                  <div class=\"em-card-tags\">\n                                                          <\/div>\n\n                  <!-- Champs suppl\u00e9mentaires (max 3) -->\n                  <div class=\"em-card-fields\">\n                                          <div class=\"em-card-field\">\n                        <span class=\"em-card-field-label\">Titre :<\/span>\n                        <span class=\"em-card-field-value\">Exposition : DRAW -  La communaut\u00e9 de ceux qui n&#039;ont rien en<\/span>\n                      <\/div>\n                                          <div class=\"em-card-field\">\n                        <span class=\"em-card-field-label\">Cat\u00e9gorie :<\/span>\n                        <span class=\"em-card-field-value\">Expositions<\/span>\n                      <\/div>\n                                          <div class=\"em-card-field\">\n                        <span class=\"em-card-field-label\">Ville :<\/span>\n                        <span class=\"em-card-field-value\">Brest<\/span>\n                      <\/div>\n                                      <\/div>\n\n                  <!-- Lien vers le d\u00e9tail -->\n                  <div class=\"em-card-footer\">\n                    <span>Voir le d\u00e9tail<\/span>\n                    <svg fill=\"none\" viewBox=\"0 0 24 24\" stroke=\"currentColor\" stroke-width=\"2\">\n                      <path stroke-linecap=\"round\" stroke-linejoin=\"round\" d=\"M13.5 4.5L21 12m0 0l-7.5 7.5M21 12H3\"><\/path>\n                    <\/svg>\n                  <\/div>\n                <\/div>\n              <\/article>\n                          <article class=\"em-card\"\n                data-type=\"evenements-locaux-6\"\n                data-features=\"\"\n                data-name=\"visite guid\u00e9e de l&#039;\u00eele tristan\"\n                data-json=\"{&quot;name&quot;:&quot;Visite guid\\u00e9e de l&#039;\\u00eele Tristan&quot;,&quot;image&quot;:&quot;&quot;,&quot;link&quot;:&quot;http:\\\/\\\/www.douarnenez-tourisme.com\\\/&quot;,&quot;data&quot;:{&quot;titre&quot;:&quot;Visite guid\\u00e9e de l&#039;\\u00eele Tristan&quot;,&quot;description&quot;:&quot;Situ\\u00e9e \\u00e0 quelques encablures de Douarnenez, l&#039;\\u00eele Tristan, site naturel prot\\u00e9g\\u00e9 est la propri\\u00e9t\\u00e9 du Conservatoire du Littoral. Marchez sur les pas du c\\u00e9l\\u00e8bre brigand de La Fontenelle, de Tristan et Yseult et des nombreux artistes qui ont fr\\u00e9quent\\u00e9 l&#039;\\u00eele au d\\u00e9but 20\\u00e8me si\\u00e8cle. Inscription obligatoire \\u00e0 l&#039;Office de Tourisme du Pays de Douarnenez ou sur le site internet. Chiens non admis. Les conditions m\\u00e9t\\u00e9orologiques et la houle peuvent nous contraindre \\u00e0 annuler la visite.&quot;,&quot;categorie&quot;:&quot;Sport &amp; randonn\\u00e9e&quot;,&quot;ville&quot;:&quot;Douarnenez&quot;,&quot;code_postal&quot;:&quot;29100&quot;,&quot;name&quot;:&quot;Visite guid\\u00e9e de l&#039;\\u00eele Tristan&quot;,&quot;latitude&quot;:&quot;48.0972725&quot;,&quot;longitude&quot;:&quot;-4.3354308&quot;,&quot;link&quot;:&quot;http:\\\/\\\/www.douarnenez-tourisme.com\\\/&quot;},&quot;category&quot;:&quot;\\u00c9v\\u00e9nements locaux&quot;,&quot;faq&quot;:[],&quot;event&quot;:&quot;Du 31\\\/08\\\/2026 \\u00e0 12:15 au 31\\\/08\\\/2026 \\u00e0 23:59&quot;,&quot;video_url&quot;:&quot;&quot;,&quot;video_embed&quot;:null,&quot;documents&quot;:[],&quot;gallery&quot;:[]}\">\n\n                <!-- Image + badge cat\u00e9gorie -->\n                <div class=\"em-card-img-wrap\">\n                                      <div class=\"em-card-placeholder\">\ud83d\udcf7 Pas d'image<\/div>\n                                    <span class=\"em-card-badge badge-default\">\u00c9v\u00e9nements locaux<\/span>\n                <\/div>\n\n                <!-- Contenu de la card -->\n                <div class=\"em-card-body\">\n                  <h3 class=\"em-card-title\">Visite guid\u00e9e de l&#039;\u00eele Tristan<\/h3>\n\n                  <!-- Tags r\u00e9sum\u00e9s (max 4) -->\n                  <div class=\"em-card-tags\">\n                                                          <\/div>\n\n                  <!-- Champs suppl\u00e9mentaires (max 3) -->\n                  <div class=\"em-card-fields\">\n                                          <div class=\"em-card-field\">\n                        <span class=\"em-card-field-label\">Titre :<\/span>\n                        <span class=\"em-card-field-value\">Visite guid\u00e9e de l&#039;\u00eele Tristan<\/span>\n                      <\/div>\n                                          <div class=\"em-card-field\">\n                        <span class=\"em-card-field-label\">Cat\u00e9gorie :<\/span>\n                        <span class=\"em-card-field-value\">Sport &amp; randonn\u00e9e<\/span>\n                      <\/div>\n                                          <div class=\"em-card-field\">\n                        <span class=\"em-card-field-label\">Ville :<\/span>\n                        <span class=\"em-card-field-value\">Douarnenez<\/span>\n                      <\/div>\n                                      <\/div>\n\n                  <!-- Lien vers le d\u00e9tail -->\n                  <div class=\"em-card-footer\">\n                    <span>Voir le d\u00e9tail<\/span>\n                    <svg fill=\"none\" viewBox=\"0 0 24 24\" stroke=\"currentColor\" stroke-width=\"2\">\n                      <path stroke-linecap=\"round\" stroke-linejoin=\"round\" d=\"M13.5 4.5L21 12m0 0l-7.5 7.5M21 12H3\"><\/path>\n                    <\/svg>\n                  <\/div>\n                <\/div>\n              <\/article>\n                          <article class=\"em-card\"\n                data-type=\"evenements-locaux-6\"\n                data-features=\"\"\n                data-name=\"visite guid\u00e9e de l&#039;\u00eele tristan\"\n                data-json=\"{&quot;name&quot;:&quot;Visite guid\\u00e9e de l&#039;\\u00eele Tristan&quot;,&quot;image&quot;:&quot;&quot;,&quot;link&quot;:&quot;http:\\\/\\\/www.douarnenez-tourisme.com\\\/&quot;,&quot;data&quot;:{&quot;titre&quot;:&quot;Visite guid\\u00e9e de l&#039;\\u00eele Tristan&quot;,&quot;description&quot;:&quot;Situ\\u00e9e \\u00e0 quelques encablures de Douarnenez, l&#039;\\u00eele Tristan, site naturel prot\\u00e9g\\u00e9 est la propri\\u00e9t\\u00e9 du Conservatoire du Littoral. Marchez sur les pas du c\\u00e9l\\u00e8bre brigand de La Fontenelle, de Tristan et Yseult et des nombreux artistes qui ont fr\\u00e9quent\\u00e9 l&#039;\\u00eele au d\\u00e9but 20\\u00e8me si\\u00e8cle. Inscription obligatoire \\u00e0 l&#039;Office de Tourisme du Pays de Douarnenez ou sur le site internet. Chiens non admis. Les conditions m\\u00e9t\\u00e9orologiques et la houle peuvent nous contraindre \\u00e0 annuler la visite.&quot;,&quot;categorie&quot;:&quot;Sport &amp; randonn\\u00e9e&quot;,&quot;ville&quot;:&quot;Douarnenez&quot;,&quot;code_postal&quot;:&quot;29100&quot;,&quot;name&quot;:&quot;Visite guid\\u00e9e de l&#039;\\u00eele Tristan&quot;,&quot;latitude&quot;:&quot;48.0972725&quot;,&quot;longitude&quot;:&quot;-4.3354308&quot;,&quot;link&quot;:&quot;http:\\\/\\\/www.douarnenez-tourisme.com\\\/&quot;},&quot;category&quot;:&quot;\\u00c9v\\u00e9nements locaux&quot;,&quot;faq&quot;:[],&quot;event&quot;:&quot;Du 14\\\/09\\\/2026 \\u00e0 12:15 au 14\\\/09\\\/2026 \\u00e0 23:59&quot;,&quot;video_url&quot;:&quot;&quot;,&quot;video_embed&quot;:null,&quot;documents&quot;:[],&quot;gallery&quot;:[]}\">\n\n                <!-- Image + badge cat\u00e9gorie -->\n                <div class=\"em-card-img-wrap\">\n                                      <div class=\"em-card-placeholder\">\ud83d\udcf7 Pas d'image<\/div>\n                                    <span class=\"em-card-badge badge-default\">\u00c9v\u00e9nements locaux<\/span>\n                <\/div>\n\n                <!-- Contenu de la card -->\n                <div class=\"em-card-body\">\n                  <h3 class=\"em-card-title\">Visite guid\u00e9e de l&#039;\u00eele Tristan<\/h3>\n\n                  <!-- Tags r\u00e9sum\u00e9s (max 4) -->\n                  <div class=\"em-card-tags\">\n                                                          <\/div>\n\n                  <!-- Champs suppl\u00e9mentaires (max 3) -->\n                  <div class=\"em-card-fields\">\n                                          <div class=\"em-card-field\">\n                        <span class=\"em-card-field-label\">Titre :<\/span>\n                        <span class=\"em-card-field-value\">Visite guid\u00e9e de l&#039;\u00eele Tristan<\/span>\n                      <\/div>\n                                          <div class=\"em-card-field\">\n                        <span class=\"em-card-field-label\">Cat\u00e9gorie :<\/span>\n                        <span class=\"em-card-field-value\">Sport &amp; randonn\u00e9e<\/span>\n                      <\/div>\n                                          <div class=\"em-card-field\">\n                        <span class=\"em-card-field-label\">Ville :<\/span>\n                        <span class=\"em-card-field-value\">Douarnenez<\/span>\n                      <\/div>\n                                      <\/div>\n\n                  <!-- Lien vers le d\u00e9tail -->\n                  <div class=\"em-card-footer\">\n                    <span>Voir le d\u00e9tail<\/span>\n                    <svg fill=\"none\" viewBox=\"0 0 24 24\" stroke=\"currentColor\" stroke-width=\"2\">\n                      <path stroke-linecap=\"round\" stroke-linejoin=\"round\" d=\"M13.5 4.5L21 12m0 0l-7.5 7.5M21 12H3\"><\/path>\n                    <\/svg>\n                  <\/div>\n                <\/div>\n              <\/article>\n                          <article class=\"em-card\"\n                data-type=\"evenements-locaux-6\"\n                data-features=\"\"\n                data-name=\"f\u00eate du cheval et de la forge\"\n                data-json=\"{&quot;name&quot;:&quot;F\\u00eate du Cheval et de la Forge&quot;,&quot;image&quot;:&quot;&quot;,&quot;link&quot;:&quot;&quot;,&quot;data&quot;:{&quot;titre&quot;:&quot;F\\u00eate du Cheval et de la Forge&quot;,&quot;description&quot;:&quot;Au programme : d\\u00e9fil\\u00e9, repas, d\\u00e9monstrations avec les chevaux, animations...\\n\\nSamedi 12 \\u00e0 14h : arrachage et vente de pommes de terre\\n\\nDimanche 14 : d\\u00e9fil\\u00e9 \\u00e0 11h\\nRepas \\u00e0 midi\\nA partir de 14h  : spectacles \\u00e9questres \\n17h : concert de clarisse l&#039;avenant \\u00e0  l&#039;\\u00e9glise de confort&quot;,&quot;categorie&quot;:&quot;Concerts, musique &amp; festivals&quot;,&quot;ville&quot;:&quot;Confort-Meilars&quot;,&quot;code_postal&quot;:&quot;29790&quot;,&quot;name&quot;:&quot;F\\u00eate du Cheval et de la Forge&quot;,&quot;latitude&quot;:&quot;48.0507898&quot;,&quot;longitude&quot;:&quot;-4.4280268&quot;},&quot;category&quot;:&quot;\\u00c9v\\u00e9nements locaux&quot;,&quot;faq&quot;:[],&quot;event&quot;:&quot;Du 12\\\/09\\\/2026 \\u00e0 14:00 au 12\\\/09\\\/2026 \\u00e0 23:59&quot;,&quot;video_url&quot;:&quot;&quot;,&quot;video_embed&quot;:null,&quot;documents&quot;:[],&quot;gallery&quot;:[]}\">\n\n                <!-- Image + badge cat\u00e9gorie -->\n                <div class=\"em-card-img-wrap\">\n                                      <div class=\"em-card-placeholder\">\ud83d\udcf7 Pas d'image<\/div>\n                                    <span class=\"em-card-badge badge-default\">\u00c9v\u00e9nements locaux<\/span>\n                <\/div>\n\n                <!-- Contenu de la card -->\n                <div class=\"em-card-body\">\n                  <h3 class=\"em-card-title\">F\u00eate du Cheval et de la Forge<\/h3>\n\n                  <!-- Tags r\u00e9sum\u00e9s (max 4) -->\n                  <div class=\"em-card-tags\">\n                                                          <\/div>\n\n                  <!-- Champs suppl\u00e9mentaires (max 3) -->\n                  <div class=\"em-card-fields\">\n                                          <div class=\"em-card-field\">\n                        <span class=\"em-card-field-label\">Titre :<\/span>\n                        <span class=\"em-card-field-value\">F\u00eate du Cheval et de la Forge<\/span>\n                      <\/div>\n                                          <div class=\"em-card-field\">\n                        <span class=\"em-card-field-label\">Cat\u00e9gorie :<\/span>\n                        <span class=\"em-card-field-value\">Concerts, musique &amp; festivals<\/span>\n                      <\/div>\n                                          <div class=\"em-card-field\">\n                        <span class=\"em-card-field-label\">Ville :<\/span>\n                        <span class=\"em-card-field-value\">Confort-Meilars<\/span>\n                      <\/div>\n                                      <\/div>\n\n                  <!-- Lien vers le d\u00e9tail -->\n                  <div class=\"em-card-footer\">\n                    <span>Voir le d\u00e9tail<\/span>\n                    <svg fill=\"none\" viewBox=\"0 0 24 24\" stroke=\"currentColor\" stroke-width=\"2\">\n                      <path stroke-linecap=\"round\" stroke-linejoin=\"round\" d=\"M13.5 4.5L21 12m0 0l-7.5 7.5M21 12H3\"><\/path>\n                    <\/svg>\n                  <\/div>\n                <\/div>\n              <\/article>\n                          <article class=\"em-card\"\n                data-type=\"evenements-locaux-6\"\n                data-features=\"\"\n                data-name=\"bains de for\u00eat\"\n                data-json=\"{&quot;name&quot;:&quot;Bains de For\\u00eat&quot;,&quot;image&quot;:&quot;&quot;,&quot;link&quot;:&quot;http:\\\/\\\/virginie-guezennec.fr\\\/&quot;,&quot;data&quot;:{&quot;titre&quot;:&quot;Bains de For\\u00eat&quot;,&quot;description&quot;:&quot;\\u00c0 l\\u2019\\u00e9coute des arbres\\n\\nAu c\\u0153ur du Bois de Suguensou, offrez-vous une parenth\\u00e8se hors du temps pour ralentir et vous reconnecter \\u00e0 vos sensations.\\nCette exp\\u00e9rience guid\\u00e9e invite \\u00e0 explorer la rencontre avec les arbres de mani\\u00e8re progressive : d\\u2019abord \\u00e0 distance, puis en s\\u2019approchant doucement de leurs troncs. \\u00c0 travers une \\u00e9coute attentive du corps et une perception subtile du mouvement \\u00e9nerg\\u00e9tique, chacun est amen\\u00e9 \\u00e0 vivre un dialogue silencieux avec le vivant.\\nSurprenante au d\\u00e9but, cette approche devient rapidement un moment profond d\\u2019ancrage et de pr\\u00e9sence, o\\u00f9 l\\u2019on passe du \\u00ab faire \\u00bb \\u00e0 l\\u2019\\u00ab \\u00eatre \\u00bb.\\n\\nInformations particuli\\u00e8res :\\n- Tout public \\u00e0 partir de 11 ans\\n- Pr\\u00e9voir une tenue adapt\\u00e9e permettant d&#039;aller hors des sentiers\\n\\nLes lundis matins \\u00e0 9h.\\nR\\u00e9servation possible aupr\\u00e8s de l&#039;Office de Tourisme d&#039;Audierne ou par t\\u00e9l\\u00e9phone.&quot;,&quot;categorie&quot;:&quot;Sport &amp; randonn\\u00e9e&quot;,&quot;ville&quot;:&quot;Audierne&quot;,&quot;code_postal&quot;:&quot;29770&quot;,&quot;name&quot;:&quot;Bains de For\\u00eat&quot;,&quot;latitude&quot;:&quot;48.0353060&quot;,&quot;longitude&quot;:&quot;-4.5400859&quot;,&quot;link&quot;:&quot;http:\\\/\\\/virginie-guezennec.fr\\\/&quot;},&quot;category&quot;:&quot;\\u00c9v\\u00e9nements locaux&quot;,&quot;faq&quot;:[],&quot;event&quot;:&quot;Du 14\\\/09\\\/2026 \\u00e0 09:00 au 14\\\/09\\\/2026 \\u00e0 23:59&quot;,&quot;video_url&quot;:&quot;&quot;,&quot;video_embed&quot;:null,&quot;documents&quot;:[],&quot;gallery&quot;:[]}\">\n\n                <!-- Image + badge cat\u00e9gorie -->\n                <div class=\"em-card-img-wrap\">\n                                      <div class=\"em-card-placeholder\">\ud83d\udcf7 Pas d'image<\/div>\n                                    <span class=\"em-card-badge badge-default\">\u00c9v\u00e9nements locaux<\/span>\n                <\/div>\n\n                <!-- Contenu de la card -->\n                <div class=\"em-card-body\">\n                  <h3 class=\"em-card-title\">Bains de For\u00eat<\/h3>\n\n                  <!-- Tags r\u00e9sum\u00e9s (max 4) -->\n                  <div class=\"em-card-tags\">\n                                                          <\/div>\n\n                  <!-- Champs suppl\u00e9mentaires (max 3) -->\n                  <div class=\"em-card-fields\">\n                                          <div class=\"em-card-field\">\n                        <span class=\"em-card-field-label\">Titre :<\/span>\n                        <span class=\"em-card-field-value\">Bains de For\u00eat<\/span>\n                      <\/div>\n                                          <div class=\"em-card-field\">\n                        <span class=\"em-card-field-label\">Cat\u00e9gorie :<\/span>\n                        <span class=\"em-card-field-value\">Sport &amp; randonn\u00e9e<\/span>\n                      <\/div>\n                                          <div class=\"em-card-field\">\n                        <span class=\"em-card-field-label\">Ville :<\/span>\n                        <span class=\"em-card-field-value\">Audierne<\/span>\n                      <\/div>\n                                      <\/div>\n\n                  <!-- Lien vers le d\u00e9tail -->\n                  <div class=\"em-card-footer\">\n                    <span>Voir le d\u00e9tail<\/span>\n                    <svg fill=\"none\" viewBox=\"0 0 24 24\" stroke=\"currentColor\" stroke-width=\"2\">\n                      <path stroke-linecap=\"round\" stroke-linejoin=\"round\" d=\"M13.5 4.5L21 12m0 0l-7.5 7.5M21 12H3\"><\/path>\n                    <\/svg>\n                  <\/div>\n                <\/div>\n              <\/article>\n                          <article class=\"em-card\"\n                data-type=\"evenements-locaux-6\"\n                data-features=\"\"\n                data-name=\"atelier d&#039;initiation au handtufting - confection d&#039;un tapis laine\"\n                data-json=\"{&quot;name&quot;:&quot;Atelier d&#039;initiation au handtufting - confection d&#039;un tapis laine&quot;,&quot;image&quot;:&quot;&quot;,&quot;link&quot;:&quot;http:\\\/\\\/www.rectangledor.com\\\/&quot;,&quot;data&quot;:{&quot;titre&quot;:&quot;Atelier d&#039;initiation au handtufting - confection d&#039;un tapis laine&quot;,&quot;description&quot;:&quot;Le stage se fait en une journ\\u00e9e, de 9h30 \\u00e0 environ 17h, avec pause d\\u00e9jeuner.  Merci de me contacter pour convenir d&#039;une date qui vous convient.\\n\\nUne opportunit\\u00e9 de d\\u00e9couvrir la technique du handtufting, fabrication d&#039;un petit tapis en pure laine de 40x40cm, dans une ambiance conviviale, avec la supervision d&#039;une artiste en handtufting confirm\\u00e9e, plus de 15 ans d&#039;exp\\u00e9rience, tout le mat\\u00e9riel est fourni, vous repartez avec votre oeuvre, votre choix du design et un souvenir inoubliable.&quot;,&quot;categorie&quot;:&quot;Autres \\u00e9v\\u00e9nements&quot;,&quot;ville&quot;:&quot;Plouhinec&quot;,&quot;code_postal&quot;:&quot;29780&quot;,&quot;name&quot;:&quot;Atelier d&#039;initiation au handtufting - confection d&#039;un tapis laine&quot;,&quot;latitude&quot;:&quot;48.0177402&quot;,&quot;longitude&quot;:&quot;-4.5304652&quot;,&quot;link&quot;:&quot;http:\\\/\\\/www.rectangledor.com\\\/&quot;},&quot;category&quot;:&quot;\\u00c9v\\u00e9nements locaux&quot;,&quot;faq&quot;:[],&quot;event&quot;:&quot;Du 05\\\/09\\\/2026 \\u00e0 09:30 au 05\\\/09\\\/2026 \\u00e0 23:59&quot;,&quot;video_url&quot;:&quot;&quot;,&quot;video_embed&quot;:null,&quot;documents&quot;:[],&quot;gallery&quot;:[]}\">\n\n                <!-- Image + badge cat\u00e9gorie -->\n                <div class=\"em-card-img-wrap\">\n                                      <div class=\"em-card-placeholder\">\ud83d\udcf7 Pas d'image<\/div>\n                                    <span class=\"em-card-badge badge-default\">\u00c9v\u00e9nements locaux<\/span>\n                <\/div>\n\n                <!-- Contenu de la card -->\n                <div class=\"em-card-body\">\n                  <h3 class=\"em-card-title\">Atelier d&#039;initiation au handtufting - confection d&#039;un tapis laine<\/h3>\n\n                  <!-- Tags r\u00e9sum\u00e9s (max 4) -->\n                  <div class=\"em-card-tags\">\n                                                          <\/div>\n\n                  <!-- Champs suppl\u00e9mentaires (max 3) -->\n                  <div class=\"em-card-fields\">\n                                          <div class=\"em-card-field\">\n                        <span class=\"em-card-field-label\">Titre :<\/span>\n                        <span class=\"em-card-field-value\">Atelier d&#039;initiation au handtufting - confection d&#039;un tapis <\/span>\n                      <\/div>\n                                          <div class=\"em-card-field\">\n                        <span class=\"em-card-field-label\">Cat\u00e9gorie :<\/span>\n                        <span class=\"em-card-field-value\">Autres \u00e9v\u00e9nements<\/span>\n                      <\/div>\n                                          <div class=\"em-card-field\">\n                        <span class=\"em-card-field-label\">Ville :<\/span>\n                        <span class=\"em-card-field-value\">Plouhinec<\/span>\n                      <\/div>\n                                      <\/div>\n\n                  <!-- Lien vers le d\u00e9tail -->\n                  <div class=\"em-card-footer\">\n                    <span>Voir le d\u00e9tail<\/span>\n                    <svg fill=\"none\" viewBox=\"0 0 24 24\" stroke=\"currentColor\" stroke-width=\"2\">\n                      <path stroke-linecap=\"round\" stroke-linejoin=\"round\" d=\"M13.5 4.5L21 12m0 0l-7.5 7.5M21 12H3\"><\/path>\n                    <\/svg>\n                  <\/div>\n                <\/div>\n              <\/article>\n                          <article class=\"em-card\"\n                data-type=\"evenements-locaux-6\"\n                data-features=\"\"\n                data-name=\"visite de la pointe saint-mathieu\"\n                data-json=\"{&quot;name&quot;:&quot;Visite de la pointe Saint-Mathieu&quot;,&quot;image&quot;:&quot;&quot;,&quot;link&quot;:&quot;http:\\\/\\\/ribine-experience.fr\\\/&quot;,&quot;data&quot;:{&quot;titre&quot;:&quot;Visite de la pointe Saint-Mathieu&quot;,&quot;description&quot;:&quot;Dans un p\\u00e9rim\\u00e8tre ultra concentr\\u00e9, la pointe Saint-Mathieu nous ouvre une fen\\u00eatre sur la Bretagne, son histoire mouvement\\u00e9e, sa vie maritime et ses l\\u00e9gendes \\u00e9ternelles. Cette visite vous fera entrevoir l&#039;histoire cach\\u00e9e derri\\u00e8re la splendeur de ce bout du Monde.&quot;,&quot;categorie&quot;:&quot;Autres \\u00e9v\\u00e9nements&quot;,&quot;ville&quot;:&quot;Plougonvelin&quot;,&quot;code_postal&quot;:&quot;29217&quot;,&quot;name&quot;:&quot;Visite de la pointe Saint-Mathieu&quot;,&quot;latitude&quot;:&quot;48.3308594&quot;,&quot;longitude&quot;:&quot;-4.7705926&quot;,&quot;link&quot;:&quot;http:\\\/\\\/ribine-experience.fr\\\/&quot;},&quot;category&quot;:&quot;\\u00c9v\\u00e9nements locaux&quot;,&quot;faq&quot;:[],&quot;event&quot;:&quot;Du 31\\\/08\\\/2026 \\u00e0 14:45 au 31\\\/08\\\/2026 \\u00e0 23:59&quot;,&quot;video_url&quot;:&quot;&quot;,&quot;video_embed&quot;:null,&quot;documents&quot;:[],&quot;gallery&quot;:[]}\">\n\n                <!-- Image + badge cat\u00e9gorie -->\n                <div class=\"em-card-img-wrap\">\n                                      <div class=\"em-card-placeholder\">\ud83d\udcf7 Pas d'image<\/div>\n                                    <span class=\"em-card-badge badge-default\">\u00c9v\u00e9nements locaux<\/span>\n                <\/div>\n\n                <!-- Contenu de la card -->\n                <div class=\"em-card-body\">\n                  <h3 class=\"em-card-title\">Visite de la pointe Saint-Mathieu<\/h3>\n\n                  <!-- Tags r\u00e9sum\u00e9s (max 4) -->\n                  <div class=\"em-card-tags\">\n                                                          <\/div>\n\n                  <!-- Champs suppl\u00e9mentaires (max 3) -->\n                  <div class=\"em-card-fields\">\n                                          <div class=\"em-card-field\">\n                        <span class=\"em-card-field-label\">Titre :<\/span>\n                        <span class=\"em-card-field-value\">Visite de la pointe Saint-Mathieu<\/span>\n                      <\/div>\n                                          <div class=\"em-card-field\">\n                        <span class=\"em-card-field-label\">Cat\u00e9gorie :<\/span>\n                        <span class=\"em-card-field-value\">Autres \u00e9v\u00e9nements<\/span>\n                      <\/div>\n                                          <div class=\"em-card-field\">\n                        <span class=\"em-card-field-label\">Ville :<\/span>\n                        <span class=\"em-card-field-value\">Plougonvelin<\/span>\n                      <\/div>\n                                      <\/div>\n\n                  <!-- Lien vers le d\u00e9tail -->\n                  <div class=\"em-card-footer\">\n                    <span>Voir le d\u00e9tail<\/span>\n                    <svg fill=\"none\" viewBox=\"0 0 24 24\" stroke=\"currentColor\" stroke-width=\"2\">\n                      <path stroke-linecap=\"round\" stroke-linejoin=\"round\" d=\"M13.5 4.5L21 12m0 0l-7.5 7.5M21 12H3\"><\/path>\n                    <\/svg>\n                  <\/div>\n                <\/div>\n              <\/article>\n                          <article class=\"em-card\"\n                data-type=\"evenements-locaux-6\"\n                data-features=\"\"\n                data-name=\"visite guid\u00e9e \u00ab\u00a0les rendez-vous de la pointe\u00a0\u00bb\"\n                data-json=\"{&quot;name&quot;:&quot;Visite guid\\u00e9e \\u00ab\\u00a0Les rendez-vous de la Pointe\\u00a0\\u00bb&quot;,&quot;image&quot;:&quot;&quot;,&quot;link&quot;:&quot;https:\\\/\\\/www.toutcommenceenfinistere.com\\\/pointe-du-raz\\\/preparer-sa-visite\\\/&quot;,&quot;data&quot;:{&quot;titre&quot;:&quot;Visite guid\\u00e9e \\u00ab\\u00a0Les rendez-vous de la Pointe\\u00a0\\u00bb&quot;,&quot;description&quot;:&quot;Comprendre un paysage d\\u2019exception, en famille.\\n\\nCette visite guid\\u00e9e invite petits et grands \\u00e0 d\\u00e9couvrir les paysages spectaculaires de la Pointe du Raz et \\u00e0 comprendre ce qui fait la singularit\\u00e9 de ce site embl\\u00e9matique du Finist\\u00e8re. Au fil du parcours, le guide d\\u00e9crypte la formation des falaises, l\\u2019influence des vents et des courants, ainsi que l\\u2019histoire humaine intimement li\\u00e9e \\u00e0 ce bout du monde. Anecdotes, observations et \\u00e9changes rythment la visite, pens\\u00e9e pour \\u00eatre accessible et ludique. Une formule id\\u00e9ale pour une premi\\u00e8re approche du site, \\u00e0 partager en famille, entre terre et mer.\\n\\nD\\u00e9part du s\\u00e9maphore (\\u00e0 800 m du parking) - Dur\\u00e9e 1h&quot;,&quot;categorie&quot;:&quot;Sport &amp; randonn\\u00e9e&quot;,&quot;ville&quot;:&quot;Plogoff&quot;,&quot;code_postal&quot;:&quot;29770&quot;,&quot;name&quot;:&quot;Visite guid\\u00e9e \\u00ab\\u00a0Les rendez-vous de la Pointe\\u00a0\\u00bb&quot;,&quot;latitude&quot;:&quot;48.0408590&quot;,&quot;longitude&quot;:&quot;-4.6709770&quot;,&quot;link&quot;:&quot;https:\\\/\\\/www.toutcommenceenfinistere.com\\\/pointe-du-raz\\\/preparer-sa-visite\\\/&quot;},&quot;category&quot;:&quot;\\u00c9v\\u00e9nements locaux&quot;,&quot;faq&quot;:[],&quot;event&quot;:&quot;Du 14\\\/09\\\/2026 \\u00e0 14:00 au 14\\\/09\\\/2026 \\u00e0 23:59&quot;,&quot;video_url&quot;:&quot;&quot;,&quot;video_embed&quot;:null,&quot;documents&quot;:[],&quot;gallery&quot;:[]}\">\n\n                <!-- Image + badge cat\u00e9gorie -->\n                <div class=\"em-card-img-wrap\">\n                                      <div class=\"em-card-placeholder\">\ud83d\udcf7 Pas d'image<\/div>\n                                    <span class=\"em-card-badge badge-default\">\u00c9v\u00e9nements locaux<\/span>\n                <\/div>\n\n                <!-- Contenu de la card -->\n                <div class=\"em-card-body\">\n                  <h3 class=\"em-card-title\">Visite guid\u00e9e \u00ab\u00a0Les rendez-vous de la Pointe\u00a0\u00bb<\/h3>\n\n                  <!-- Tags r\u00e9sum\u00e9s (max 4) -->\n                  <div class=\"em-card-tags\">\n                                                          <\/div>\n\n                  <!-- Champs suppl\u00e9mentaires (max 3) -->\n                  <div class=\"em-card-fields\">\n                                          <div class=\"em-card-field\">\n                        <span class=\"em-card-field-label\">Titre :<\/span>\n                        <span class=\"em-card-field-value\">Visite guid\u00e9e \u00ab\u00a0Les rendez-vous de la Pointe\u00a0\u00bb<\/span>\n                      <\/div>\n                                          <div class=\"em-card-field\">\n                        <span class=\"em-card-field-label\">Cat\u00e9gorie :<\/span>\n                        <span class=\"em-card-field-value\">Sport &amp; randonn\u00e9e<\/span>\n                      <\/div>\n                                          <div class=\"em-card-field\">\n                        <span class=\"em-card-field-label\">Ville :<\/span>\n                        <span class=\"em-card-field-value\">Plogoff<\/span>\n                      <\/div>\n                                      <\/div>\n\n                  <!-- Lien vers le d\u00e9tail -->\n                  <div class=\"em-card-footer\">\n                    <span>Voir le d\u00e9tail<\/span>\n                    <svg fill=\"none\" viewBox=\"0 0 24 24\" stroke=\"currentColor\" stroke-width=\"2\">\n                      <path stroke-linecap=\"round\" stroke-linejoin=\"round\" d=\"M13.5 4.5L21 12m0 0l-7.5 7.5M21 12H3\"><\/path>\n                    <\/svg>\n                  <\/div>\n                <\/div>\n              <\/article>\n                          <article class=\"em-card\"\n                data-type=\"evenements-locaux-6\"\n                data-features=\"\"\n                data-name=\"prevel xtrem challenge\"\n                data-json=\"{&quot;name&quot;:&quot;PREVEL XTREM CHALLENGE&quot;,&quot;image&quot;:&quot;&quot;,&quot;link&quot;:&quot;https:\\\/\\\/www.rederien-cap-sizun.com\\\/&quot;,&quot;data&quot;:{&quot;titre&quot;:&quot;PREVEL XTREM CHALLENGE&quot;,&quot;description&quot;:&quot;Course p\\u00e9destre de trail : 3 boucles de 7 kms , qui peuvent se courir dans les 2 sens + 1 boucle surprise \\ud83e\\udee2 elles seront courues de mani\\u00e8re al\\u00e9atoire.\\n\\n \\u2022 R\\u00c8GLE DU JEU \\ud83d\\udccf les challengers devront enchainer 7 tours, les 10 derniers arriv\\u00e9s \\u00e0 chaque fin de boucle, sont \\u00e9limin\\u00e9s.\\u274c\\n\\nLe gagnant de cette \\u00e9preuve sera le premier finisher de la derni\\u00e8re boucle.&quot;,&quot;categorie&quot;:&quot;Autres \\u00e9v\\u00e9nements&quot;,&quot;ville&quot;:&quot;Primelin&quot;,&quot;code_postal&quot;:&quot;29770&quot;,&quot;name&quot;:&quot;PREVEL XTREM CHALLENGE&quot;,&quot;latitude&quot;:&quot;48.0249300&quot;,&quot;longitude&quot;:&quot;-4.6094500&quot;,&quot;link&quot;:&quot;https:\\\/\\\/www.rederien-cap-sizun.com\\\/&quot;},&quot;category&quot;:&quot;\\u00c9v\\u00e9nements locaux&quot;,&quot;faq&quot;:[],&quot;event&quot;:&quot;Du 12\\\/09\\\/2026 \\u00e0 11:00 au 12\\\/09\\\/2026 \\u00e0 23:59&quot;,&quot;video_url&quot;:&quot;&quot;,&quot;video_embed&quot;:null,&quot;documents&quot;:[],&quot;gallery&quot;:[]}\">\n\n                <!-- Image + badge cat\u00e9gorie -->\n                <div class=\"em-card-img-wrap\">\n                                      <div class=\"em-card-placeholder\">\ud83d\udcf7 Pas d'image<\/div>\n                                    <span class=\"em-card-badge badge-default\">\u00c9v\u00e9nements locaux<\/span>\n                <\/div>\n\n                <!-- Contenu de la card -->\n                <div class=\"em-card-body\">\n                  <h3 class=\"em-card-title\">PREVEL XTREM CHALLENGE<\/h3>\n\n                  <!-- Tags r\u00e9sum\u00e9s (max 4) -->\n                  <div class=\"em-card-tags\">\n                                                          <\/div>\n\n                  <!-- Champs suppl\u00e9mentaires (max 3) -->\n                  <div class=\"em-card-fields\">\n                                          <div class=\"em-card-field\">\n                        <span class=\"em-card-field-label\">Titre :<\/span>\n                        <span class=\"em-card-field-value\">PREVEL XTREM CHALLENGE<\/span>\n                      <\/div>\n                                          <div class=\"em-card-field\">\n                        <span class=\"em-card-field-label\">Cat\u00e9gorie :<\/span>\n                        <span class=\"em-card-field-value\">Autres \u00e9v\u00e9nements<\/span>\n                      <\/div>\n                                          <div class=\"em-card-field\">\n                        <span class=\"em-card-field-label\">Ville :<\/span>\n                        <span class=\"em-card-field-value\">Primelin<\/span>\n                      <\/div>\n                                      <\/div>\n\n                  <!-- Lien vers le d\u00e9tail -->\n                  <div class=\"em-card-footer\">\n                    <span>Voir le d\u00e9tail<\/span>\n                    <svg fill=\"none\" viewBox=\"0 0 24 24\" stroke=\"currentColor\" stroke-width=\"2\">\n                      <path stroke-linecap=\"round\" stroke-linejoin=\"round\" d=\"M13.5 4.5L21 12m0 0l-7.5 7.5M21 12H3\"><\/path>\n                    <\/svg>\n                  <\/div>\n                <\/div>\n              <\/article>\n                          <article class=\"em-card\"\n                data-type=\"evenements-locaux-6\"\n                data-features=\"\"\n                data-name=\"concert en \u00e9glises et chapelles : dremmwel et klervi rivi\u00e8re\"\n                data-json=\"{&quot;name&quot;:&quot;Concert en \\u00e9glises et chapelles : Dremmwel et Klervi Rivi\\u00e8re&quot;,&quot;image&quot;:&quot;&quot;,&quot;link&quot;:&quot;&quot;,&quot;data&quot;:{&quot;titre&quot;:&quot;Concert en \\u00e9glises et chapelles : Dremmwel et Klervi Rivi\\u00e8re&quot;,&quot;description&quot;:&quot;Dremmwel et Klervi Rivi\\u00e8re entra\\u00eenent les spectateurs au coeur de la musique bretonne. Ils n\\u2019ont jamais cess\\u00e9 de promouvoir ce qu\\u2019elle renferme de plus intime. Avec un m\\u00e9lange unique d\\u2019instruments et des assemblages artistiques originaux, Dremmwel et Klervi Rivi\\u00e8re scrutent un m\\u00eame horizon \\u00e0 travers un choix document\\u00e9 de chants et de musiques de veine traditionnelle ou de titres plus r\\u00e9cemment compos\\u00e9s.&quot;,&quot;categorie&quot;:&quot;Concerts, musique &amp; festivals&quot;,&quot;ville&quot;:&quot;Douarnenez&quot;,&quot;code_postal&quot;:&quot;29100&quot;,&quot;name&quot;:&quot;Concert en \\u00e9glises et chapelles : Dremmwel et Klervi Rivi\\u00e8re&quot;,&quot;latitude&quot;:&quot;48.0583151&quot;,&quot;longitude&quot;:&quot;-4.3353462&quot;},&quot;category&quot;:&quot;\\u00c9v\\u00e9nements locaux&quot;,&quot;faq&quot;:[],&quot;event&quot;:&quot;Du 13\\\/09\\\/2026 \\u00e0 17:00 au 13\\\/09\\\/2026 \\u00e0 23:59&quot;,&quot;video_url&quot;:&quot;&quot;,&quot;video_embed&quot;:null,&quot;documents&quot;:[],&quot;gallery&quot;:[]}\">\n\n                <!-- Image + badge cat\u00e9gorie -->\n                <div class=\"em-card-img-wrap\">\n                                      <div class=\"em-card-placeholder\">\ud83d\udcf7 Pas d'image<\/div>\n                                    <span class=\"em-card-badge badge-default\">\u00c9v\u00e9nements locaux<\/span>\n                <\/div>\n\n                <!-- Contenu de la card -->\n                <div class=\"em-card-body\">\n                  <h3 class=\"em-card-title\">Concert en \u00e9glises et chapelles : Dremmwel et Klervi Rivi\u00e8re<\/h3>\n\n                  <!-- Tags r\u00e9sum\u00e9s (max 4) -->\n                  <div class=\"em-card-tags\">\n                                                          <\/div>\n\n                  <!-- Champs suppl\u00e9mentaires (max 3) -->\n                  <div class=\"em-card-fields\">\n                                          <div class=\"em-card-field\">\n                        <span class=\"em-card-field-label\">Titre :<\/span>\n                        <span class=\"em-card-field-value\">Concert en \u00e9glises et chapelles : Dremmwel et Klervi Rivi\u00e8re<\/span>\n                      <\/div>\n                                          <div class=\"em-card-field\">\n                        <span class=\"em-card-field-label\">Cat\u00e9gorie :<\/span>\n                        <span class=\"em-card-field-value\">Concerts, musique &amp; festivals<\/span>\n                      <\/div>\n                                          <div class=\"em-card-field\">\n                        <span class=\"em-card-field-label\">Ville :<\/span>\n                        <span class=\"em-card-field-value\">Douarnenez<\/span>\n                      <\/div>\n                                      <\/div>\n\n                  <!-- Lien vers le d\u00e9tail -->\n                  <div class=\"em-card-footer\">\n                    <span>Voir le d\u00e9tail<\/span>\n                    <svg fill=\"none\" viewBox=\"0 0 24 24\" stroke=\"currentColor\" stroke-width=\"2\">\n                      <path stroke-linecap=\"round\" stroke-linejoin=\"round\" d=\"M13.5 4.5L21 12m0 0l-7.5 7.5M21 12H3\"><\/path>\n                    <\/svg>\n                  <\/div>\n                <\/div>\n              <\/article>\n                          <article class=\"em-card\"\n                data-type=\"evenements-locaux-6\"\n                data-features=\"\"\n                data-name=\"exposition &quot;soyons sage, pensons nos paysages&quot;\"\n                data-json=\"{&quot;name&quot;:&quot;Exposition \\&quot;Soyons SAGE, pensons nos paysages\\&quot;&quot;,&quot;image&quot;:&quot;&quot;,&quot;link&quot;:&quot;&quot;,&quot;data&quot;:{&quot;titre&quot;:&quot;Exposition \\&quot;Soyons SAGE, pensons nos paysages\\&quot;&quot;,&quot;description&quot;:&quot;L\\u2019exposition \\u00abSoyons SAGE, pensons nos paysages\\u00bb a pour objectif de mettre en lumi\\u00e8re la nature ordinaire des bassins versants de l\\u2019Ouest-Cornouaille et de sensibiliser le public aux services rendus par les \\u00e9cosyst\\u00e8mes aquatiques.\\n\\n\\u00c0 travers une s\\u00e9rie de 12 photographies immersives, OUESCO* questionne les liens que nous entretenons avec nos paysages ainsi que notre mani\\u00e8re d\\u2019habiter le territoire.\\n\\nEn \\u00e9cho \\u00e0 notre environnement proche et afin de soutenir une approche sensible des milieux naturels, l\\u2019exposition est jalonn\\u00e9e de QR codes invitant les visiteurs \\u00e0 d\\u00e9couvrir le \\u00ab territoire d\\u2019eau \\u00bb en suivant des circuits de randonn\\u00e9e.\\n\\n*Etablissement public en charge de la gestion durable et \\u00e9quilibr\\u00e9e de la ressource en eau et de la pr\\u00e9servation des milieux aquatiques des bassins versants de l\\u2019Ouest-Cornouaille.\\ncontact@ouesco.fr\\nT\\u00e9l 02 98 59 46 86&quot;,&quot;categorie&quot;:&quot;Expositions&quot;,&quot;ville&quot;:&quot;Pont-Croix&quot;,&quot;code_postal&quot;:&quot;29790&quot;,&quot;name&quot;:&quot;Exposition \\&quot;Soyons SAGE, pensons nos paysages\\&quot;&quot;,&quot;latitude&quot;:&quot;48.0390000&quot;,&quot;longitude&quot;:&quot;-4.4892900&quot;},&quot;category&quot;:&quot;\\u00c9v\\u00e9nements locaux&quot;,&quot;faq&quot;:[],&quot;event&quot;:&quot;Du 19\\\/06\\\/2026 au 31\\\/08\\\/2026 \\u00e0 23:59&quot;,&quot;video_url&quot;:&quot;&quot;,&quot;video_embed&quot;:null,&quot;documents&quot;:[],&quot;gallery&quot;:[]}\">\n\n                <!-- Image + badge cat\u00e9gorie -->\n                <div class=\"em-card-img-wrap\">\n                                      <div class=\"em-card-placeholder\">\ud83d\udcf7 Pas d'image<\/div>\n                                    <span class=\"em-card-badge badge-default\">\u00c9v\u00e9nements locaux<\/span>\n                <\/div>\n\n                <!-- Contenu de la card -->\n                <div class=\"em-card-body\">\n                  <h3 class=\"em-card-title\">Exposition &quot;Soyons SAGE, pensons nos paysages&quot;<\/h3>\n\n                  <!-- Tags r\u00e9sum\u00e9s (max 4) -->\n                  <div class=\"em-card-tags\">\n                                                          <\/div>\n\n                  <!-- Champs suppl\u00e9mentaires (max 3) -->\n                  <div class=\"em-card-fields\">\n                                          <div class=\"em-card-field\">\n                        <span class=\"em-card-field-label\">Titre :<\/span>\n                        <span class=\"em-card-field-value\">Exposition &quot;Soyons SAGE, pensons nos paysages&quot;<\/span>\n                      <\/div>\n                                          <div class=\"em-card-field\">\n                        <span class=\"em-card-field-label\">Cat\u00e9gorie :<\/span>\n                        <span class=\"em-card-field-value\">Expositions<\/span>\n                      <\/div>\n                                          <div class=\"em-card-field\">\n                        <span class=\"em-card-field-label\">Ville :<\/span>\n                        <span class=\"em-card-field-value\">Pont-Croix<\/span>\n                      <\/div>\n                                      <\/div>\n\n                  <!-- Lien vers le d\u00e9tail -->\n                  <div class=\"em-card-footer\">\n                    <span>Voir le d\u00e9tail<\/span>\n                    <svg fill=\"none\" viewBox=\"0 0 24 24\" stroke=\"currentColor\" stroke-width=\"2\">\n                      <path stroke-linecap=\"round\" stroke-linejoin=\"round\" d=\"M13.5 4.5L21 12m0 0l-7.5 7.5M21 12H3\"><\/path>\n                    <\/svg>\n                  <\/div>\n                <\/div>\n              <\/article>\n                          <article class=\"em-card\"\n                data-type=\"evenements-locaux-6\"\n                data-features=\"\"\n                data-name=\"randos v\u00e9lo ou marche de la pointe du raz ladies classic\"\n                data-json=\"{&quot;name&quot;:&quot;Randos v\\u00e9lo ou marche de la POINTE DU RAZ LADIES CLASSIC&quot;,&quot;image&quot;:&quot;&quot;,&quot;link&quot;:&quot;https:\\\/\\\/pointeduraz-ladiesclassic.bzh\\\/&quot;,&quot;data&quot;:{&quot;titre&quot;:&quot;Randos v\\u00e9lo ou marche de la POINTE DU RAZ LADIES CLASSIC&quot;,&quot;description&quot;:&quot;Roulez sur le parcours des f\\u00e9minines pros et pour la bonne cause !\\n\\nVenez nombreux \\u00e0 la Pointe du Finist\\u00e8re, ce samedi 5 septembre, dans le Cap Sizun et au d\\u00e9part de Plouhinec. \\n\\nNous vous proposons de filer \\u00e0 votre rythme sur les plus belles routes du Cap et de la Pointe du Raz ou d&#039;arpenter les chemins de traverse m\\u00e9connus. \\n \\nUne partie de votre inscription sera revers\\u00e9e \\u00e0 l&#039;association Kemper Institut du Sein (KIS) qui lutte contre le cancer du sein. N&#039;h\\u00e9sitez pas, en fin d&#039;inscription, \\u00e0 soutenir cette association par votre don.\\n \\n- 2 randos v\\u00e9lo : 55 ou 85 kms. La rando 85 kms reprend l&#039;essentiel du parcours des pros (chemins compris)\\n- 2 randos p\\u00e9destres : 7,5 ou 12 kms sur les chemins de Plouhinec. \\n \\nRando + course, le parfait combo !\\nLes randonn\\u00e9es sont programm\\u00e9es en ouverture de la comp\\u00e9tition internationale f\\u00e9minine Tout commence en Finist\\u00e8re Ladies Classic (UCI 1.1).\\nApr\\u00e8s votre rando et un bon repas sur Plouhinec ou Audierne, vous pourrez suivre la course des femmes et assister \\u00e0 l&#039;arriv\\u00e9e sur le circuit final de Plouhinec.\\nLa course sera aussi diffus\\u00e9e en live sur les r\\u00e9seaux sociaux (Facebook, YouTube) et sur la plateforme France TV.\\n\\nNe boudez pas votre plaisir, venez dans le Cap Sizun, partageons ensemble cette belle f\\u00eate du v\\u00e9lo et du sport pour tous : d\\u00e9paysement et plaisir garantis !&quot;,&quot;categorie&quot;:&quot;Sport &amp; randonn\\u00e9e&quot;,&quot;ville&quot;:&quot;Plouhinec&quot;,&quot;code_postal&quot;:&quot;29780&quot;,&quot;name&quot;:&quot;Randos v\\u00e9lo ou marche de la POINTE DU RAZ LADIES CLASSIC&quot;,&quot;latitude&quot;:&quot;48.0159937&quot;,&quot;longitude&quot;:&quot;-4.4903103&quot;,&quot;link&quot;:&quot;https:\\\/\\\/pointeduraz-ladiesclassic.bzh\\\/&quot;},&quot;category&quot;:&quot;\\u00c9v\\u00e9nements locaux&quot;,&quot;faq&quot;:[],&quot;event&quot;:&quot;Du 05\\\/09\\\/2026 \\u00e0 07:00 au 05\\\/09\\\/2026 \\u00e0 23:59&quot;,&quot;video_url&quot;:&quot;&quot;,&quot;video_embed&quot;:null,&quot;documents&quot;:[],&quot;gallery&quot;:[]}\">\n\n                <!-- Image + badge cat\u00e9gorie -->\n                <div class=\"em-card-img-wrap\">\n                                      <div class=\"em-card-placeholder\">\ud83d\udcf7 Pas d'image<\/div>\n                                    <span class=\"em-card-badge badge-default\">\u00c9v\u00e9nements locaux<\/span>\n                <\/div>\n\n                <!-- Contenu de la card -->\n                <div class=\"em-card-body\">\n                  <h3 class=\"em-card-title\">Randos v\u00e9lo ou marche de la POINTE DU RAZ LADIES CLASSIC<\/h3>\n\n                  <!-- Tags r\u00e9sum\u00e9s (max 4) -->\n                  <div class=\"em-card-tags\">\n                                                          <\/div>\n\n                  <!-- Champs suppl\u00e9mentaires (max 3) -->\n                  <div class=\"em-card-fields\">\n                                          <div class=\"em-card-field\">\n                        <span class=\"em-card-field-label\">Titre :<\/span>\n                        <span class=\"em-card-field-value\">Randos v\u00e9lo ou marche de la POINTE DU RAZ LADIES CLASSIC<\/span>\n                      <\/div>\n                                          <div class=\"em-card-field\">\n                        <span class=\"em-card-field-label\">Cat\u00e9gorie :<\/span>\n                        <span class=\"em-card-field-value\">Sport &amp; randonn\u00e9e<\/span>\n                      <\/div>\n                                          <div class=\"em-card-field\">\n                        <span class=\"em-card-field-label\">Ville :<\/span>\n                        <span class=\"em-card-field-value\">Plouhinec<\/span>\n                      <\/div>\n                                      <\/div>\n\n                  <!-- Lien vers le d\u00e9tail -->\n                  <div class=\"em-card-footer\">\n                    <span>Voir le d\u00e9tail<\/span>\n                    <svg fill=\"none\" viewBox=\"0 0 24 24\" stroke=\"currentColor\" stroke-width=\"2\">\n                      <path stroke-linecap=\"round\" stroke-linejoin=\"round\" d=\"M13.5 4.5L21 12m0 0l-7.5 7.5M21 12H3\"><\/path>\n                    <\/svg>\n                  <\/div>\n                <\/div>\n              <\/article>\n                          <article class=\"em-card\"\n                data-type=\"evenements-locaux-6\"\n                data-features=\"\"\n                data-name=\"s\u00e9ance de yoga\"\n                data-json=\"{&quot;name&quot;:&quot;S\\u00e9ance de Yoga&quot;,&quot;image&quot;:&quot;&quot;,&quot;link&quot;:&quot;https:\\\/\\\/nirodha-yoga.fr\\\/&quot;,&quot;data&quot;:{&quot;titre&quot;:&quot;S\\u00e9ance de Yoga&quot;,&quot;description&quot;:&quot;S\\u00e9ances de hatha Yoga les lundis \\u00e0 10h et 18h30, mardis 19h30, jeudi 12h30.\\nSur inscription.\\nS\\u00e9ances accessibles aux d\\u00e9butants.\\nTravail du souffle, renforcement du dos.&quot;,&quot;categorie&quot;:&quot;Autres \\u00e9v\\u00e9nements&quot;,&quot;ville&quot;:&quot;Beuzec-Cap-Sizun&quot;,&quot;code_postal&quot;:&quot;29790&quot;,&quot;name&quot;:&quot;S\\u00e9ance de Yoga&quot;,&quot;latitude&quot;:&quot;48.0565349&quot;,&quot;longitude&quot;:&quot;-4.5078160&quot;,&quot;link&quot;:&quot;https:\\\/\\\/nirodha-yoga.fr\\\/&quot;},&quot;category&quot;:&quot;\\u00c9v\\u00e9nements locaux&quot;,&quot;faq&quot;:[],&quot;event&quot;:&quot;Du 01\\\/09\\\/2026 \\u00e0 10:00 au 02\\\/07\\\/2027 \\u00e0 23:59&quot;,&quot;video_url&quot;:&quot;&quot;,&quot;video_embed&quot;:null,&quot;documents&quot;:[],&quot;gallery&quot;:[]}\">\n\n                <!-- Image + badge cat\u00e9gorie -->\n                <div class=\"em-card-img-wrap\">\n                                      <div class=\"em-card-placeholder\">\ud83d\udcf7 Pas d'image<\/div>\n                                    <span class=\"em-card-badge badge-default\">\u00c9v\u00e9nements locaux<\/span>\n                <\/div>\n\n                <!-- Contenu de la card -->\n                <div class=\"em-card-body\">\n                  <h3 class=\"em-card-title\">S\u00e9ance de Yoga<\/h3>\n\n                  <!-- Tags r\u00e9sum\u00e9s (max 4) -->\n                  <div class=\"em-card-tags\">\n                                                          <\/div>\n\n                  <!-- Champs suppl\u00e9mentaires (max 3) -->\n                  <div class=\"em-card-fields\">\n                                          <div class=\"em-card-field\">\n                        <span class=\"em-card-field-label\">Titre :<\/span>\n                        <span class=\"em-card-field-value\">S\u00e9ance de Yoga<\/span>\n                      <\/div>\n                                          <div class=\"em-card-field\">\n                        <span class=\"em-card-field-label\">Cat\u00e9gorie :<\/span>\n                        <span class=\"em-card-field-value\">Autres \u00e9v\u00e9nements<\/span>\n                      <\/div>\n                                          <div class=\"em-card-field\">\n                        <span class=\"em-card-field-label\">Ville :<\/span>\n                        <span class=\"em-card-field-value\">Beuzec-Cap-Sizun<\/span>\n                      <\/div>\n                                      <\/div>\n\n                  <!-- Lien vers le d\u00e9tail -->\n                  <div class=\"em-card-footer\">\n                    <span>Voir le d\u00e9tail<\/span>\n                    <svg fill=\"none\" viewBox=\"0 0 24 24\" stroke=\"currentColor\" stroke-width=\"2\">\n                      <path stroke-linecap=\"round\" stroke-linejoin=\"round\" d=\"M13.5 4.5L21 12m0 0l-7.5 7.5M21 12H3\"><\/path>\n                    <\/svg>\n                  <\/div>\n                <\/div>\n              <\/article>\n                          <article class=\"em-card\"\n                data-type=\"evenements-locaux-6\"\n                data-features=\"\"\n                data-name=\"stages de natation \u00e9t\u00e9 2026 \u00e0 la tr\u00e9ziroise\"\n                data-json=\"{&quot;name&quot;:&quot;Stages de natation \\u00e9t\\u00e9 2026 \\u00e0 la Tr\\u00e9ziroise&quot;,&quot;image&quot;:&quot;&quot;,&quot;link&quot;:&quot;&quot;,&quot;data&quot;:{&quot;titre&quot;:&quot;Stages de natation \\u00e9t\\u00e9 2026 \\u00e0 la Tr\\u00e9ziroise&quot;,&quot;description&quot;:&quot;Du 13\\\/07 au 28\\\/08, nous proposons des stages de natation \\u00e0 la semaine (du lundi au vendredi : 1 cours de 45 minutes \\\/ jour).\\nD\\u00e8s 4 ans.&quot;,&quot;categorie&quot;:&quot;En famille&quot;,&quot;ville&quot;:&quot;Plougonvelin&quot;,&quot;code_postal&quot;:&quot;29217&quot;,&quot;name&quot;:&quot;Stages de natation \\u00e9t\\u00e9 2026 \\u00e0 la Tr\\u00e9ziroise&quot;,&quot;latitude&quot;:&quot;48.3416929&quot;,&quot;longitude&quot;:&quot;-4.7183740&quot;},&quot;category&quot;:&quot;\\u00c9v\\u00e9nements locaux&quot;,&quot;faq&quot;:[],&quot;event&quot;:&quot;Du 13\\\/07\\\/2026 au 28\\\/08\\\/2026 \\u00e0 23:59&quot;,&quot;video_url&quot;:&quot;&quot;,&quot;video_embed&quot;:null,&quot;documents&quot;:[],&quot;gallery&quot;:[]}\">\n\n                <!-- Image + badge cat\u00e9gorie -->\n                <div class=\"em-card-img-wrap\">\n                                      <div class=\"em-card-placeholder\">\ud83d\udcf7 Pas d'image<\/div>\n                                    <span class=\"em-card-badge badge-default\">\u00c9v\u00e9nements locaux<\/span>\n                <\/div>\n\n                <!-- Contenu de la card -->\n                <div class=\"em-card-body\">\n                  <h3 class=\"em-card-title\">Stages de natation \u00e9t\u00e9 2026 \u00e0 la Tr\u00e9ziroise<\/h3>\n\n                  <!-- Tags r\u00e9sum\u00e9s (max 4) -->\n                  <div class=\"em-card-tags\">\n                                                          <\/div>\n\n                  <!-- Champs suppl\u00e9mentaires (max 3) -->\n                  <div class=\"em-card-fields\">\n                                          <div class=\"em-card-field\">\n                        <span class=\"em-card-field-label\">Titre :<\/span>\n                        <span class=\"em-card-field-value\">Stages de natation \u00e9t\u00e9 2026 \u00e0 la Tr\u00e9ziroise<\/span>\n                      <\/div>\n                                          <div class=\"em-card-field\">\n                        <span class=\"em-card-field-label\">Cat\u00e9gorie :<\/span>\n                        <span class=\"em-card-field-value\">En famille<\/span>\n                      <\/div>\n                                          <div class=\"em-card-field\">\n                        <span class=\"em-card-field-label\">Ville :<\/span>\n                        <span class=\"em-card-field-value\">Plougonvelin<\/span>\n                      <\/div>\n                                      <\/div>\n\n                  <!-- Lien vers le d\u00e9tail -->\n                  <div class=\"em-card-footer\">\n                    <span>Voir le d\u00e9tail<\/span>\n                    <svg fill=\"none\" viewBox=\"0 0 24 24\" stroke=\"currentColor\" stroke-width=\"2\">\n                      <path stroke-linecap=\"round\" stroke-linejoin=\"round\" d=\"M13.5 4.5L21 12m0 0l-7.5 7.5M21 12H3\"><\/path>\n                    <\/svg>\n                  <\/div>\n                <\/div>\n              <\/article>\n                          <article class=\"em-card\"\n                data-type=\"evenements-locaux-6\"\n                data-features=\"\"\n                data-name=\"d\u00e9couverte \u00e0 pied - la pointe du van, sauvage et sacr\u00e9e\"\n                data-json=\"{&quot;name&quot;:&quot;D\\u00e9couverte \\u00e0 pied - La Pointe du Van, sauvage et sacr\\u00e9e&quot;,&quot;image&quot;:&quot;&quot;,&quot;link&quot;:&quot;http:\\\/\\\/virginie-guezennec.fr\\\/&quot;,&quot;data&quot;:{&quot;titre&quot;:&quot;D\\u00e9couverte \\u00e0 pied - La Pointe du Van, sauvage et sacr\\u00e9e&quot;,&quot;description&quot;:&quot;La Pointe du Van concentre toute l\\u2019essence de la Bretagne sauvage : des \\u00e9l\\u00e9ments puissants, un patrimoine religieux encore sacralis\\u00e9, des oiseaux maritimes venus du Nord pour se reproduire, une v\\u00e9g\\u00e9tation surprenante de r\\u00e9sistance et des paysages grandioses en format XXL. Les panoramas s\\u2019ouvrent sur la mythique mer d\\u2019Iroise et ses phares l\\u00e9gendaires, baign\\u00e9s de lumi\\u00e8res bretonnes uniques. Moins fr\\u00e9quent\\u00e9e que la Pointe du Raz, elle offre une exp\\u00e9rience plus confidentielle, id\\u00e9ale pour les amoureux de nature pr\\u00e9serv\\u00e9e et de contemplation. Une invitation \\u00e0 la d\\u00e9couverte, \\u00e0 l\\u2019\\u00e9merveillement et \\u00e0 la reconnexion. \\n\\nRendez-vous mercredi \\u00e0 14h et jeudi \\u00e0 9h sur le parking de la Pointe du Van, au niveau du snack. \\nParcours facile, 2,5 km, temps de visite 2h30.\\n\\nR\\u00e9servation obligatoire.\\n\\nR\\u00e9servation possible \\u00e0 l&#039;Office de Tourisme \\u00e0 Audierne ainsi que par t\\u00e9l\\u00e9phone.&quot;,&quot;categorie&quot;:&quot;Sport &amp; randonn\\u00e9e&quot;,&quot;ville&quot;:&quot;Cl\\u00e9den-Cap-Sizun&quot;,&quot;code_postal&quot;:&quot;29770&quot;,&quot;name&quot;:&quot;D\\u00e9couverte \\u00e0 pied - La Pointe du Van, sauvage et sacr\\u00e9e&quot;,&quot;latitude&quot;:&quot;48.0646350&quot;,&quot;longitude&quot;:&quot;-4.7138110&quot;,&quot;link&quot;:&quot;http:\\\/\\\/virginie-guezennec.fr\\\/&quot;},&quot;category&quot;:&quot;\\u00c9v\\u00e9nements locaux&quot;,&quot;faq&quot;:[],&quot;event&quot;:&quot;Du 09\\\/09\\\/2026 \\u00e0 14:00 au 09\\\/09\\\/2026 \\u00e0 23:59&quot;,&quot;video_url&quot;:&quot;&quot;,&quot;video_embed&quot;:null,&quot;documents&quot;:[],&quot;gallery&quot;:[]}\">\n\n                <!-- Image + badge cat\u00e9gorie -->\n                <div class=\"em-card-img-wrap\">\n                                      <div class=\"em-card-placeholder\">\ud83d\udcf7 Pas d'image<\/div>\n                                    <span class=\"em-card-badge badge-default\">\u00c9v\u00e9nements locaux<\/span>\n                <\/div>\n\n                <!-- Contenu de la card -->\n                <div class=\"em-card-body\">\n                  <h3 class=\"em-card-title\">D\u00e9couverte \u00e0 pied - La Pointe du Van, sauvage et sacr\u00e9e<\/h3>\n\n                  <!-- Tags r\u00e9sum\u00e9s (max 4) -->\n                  <div class=\"em-card-tags\">\n                                                          <\/div>\n\n                  <!-- Champs suppl\u00e9mentaires (max 3) -->\n                  <div class=\"em-card-fields\">\n                                          <div class=\"em-card-field\">\n                        <span class=\"em-card-field-label\">Titre :<\/span>\n                        <span class=\"em-card-field-value\">D\u00e9couverte \u00e0 pied - La Pointe du Van, sauvage et sacr\u00e9e<\/span>\n                      <\/div>\n                                          <div class=\"em-card-field\">\n                        <span class=\"em-card-field-label\">Cat\u00e9gorie :<\/span>\n                        <span class=\"em-card-field-value\">Sport &amp; randonn\u00e9e<\/span>\n                      <\/div>\n                                          <div class=\"em-card-field\">\n                        <span class=\"em-card-field-label\">Ville :<\/span>\n                        <span class=\"em-card-field-value\">Cl\u00e9den-Cap-Sizun<\/span>\n                      <\/div>\n                                      <\/div>\n\n                  <!-- Lien vers le d\u00e9tail -->\n                  <div class=\"em-card-footer\">\n                    <span>Voir le d\u00e9tail<\/span>\n                    <svg fill=\"none\" viewBox=\"0 0 24 24\" stroke=\"currentColor\" stroke-width=\"2\">\n                      <path stroke-linecap=\"round\" stroke-linejoin=\"round\" d=\"M13.5 4.5L21 12m0 0l-7.5 7.5M21 12H3\"><\/path>\n                    <\/svg>\n                  <\/div>\n                <\/div>\n              <\/article>\n                          <article class=\"em-card\"\n                data-type=\"evenements-locaux-6\"\n                data-features=\"\"\n                data-name=\"d\u00e9couverte des oiseaux du littoral\"\n                data-json=\"{&quot;name&quot;:&quot;D\\u00e9couverte des oiseaux du littoral&quot;,&quot;image&quot;:&quot;&quot;,&quot;link&quot;:&quot;https:\\\/\\\/terredecume.fr\\\/&quot;,&quot;data&quot;:{&quot;titre&quot;:&quot;D\\u00e9couverte des oiseaux du littoral&quot;,&quot;description&quot;:&quot;Sortie nature et balade ornithologique : d\\u00e9couverte et observation des oiseaux du littoral du pays d\\u2019Iroise. \\n\\nTendez l\\u2019oreille et venez d\\u00e9couvrir les richesses naturelles du Finist\\u00e8re. Peut-\\u00eatre y a-t-il un rouge-gorge sur votre droite, un go\\u00ebland au-dessus de votre t\\u00eate filant dans les courants d\\u2019air ? \\n\\nLe long du sentier c\\u00f4tier, nous cherchons les esp\\u00e8ces cach\\u00e9es entre les rochers ou dans l\\u2019\\u00e9cume des vagues. Nous apprenons \\u00e0 les identifier et nous \\u00e9coutons leur chant.\\n\\nSorties au d\\u00e9part de la plage de Porsmilin tous les lundis matin \\u00e0 9 h. Des sorties sur d&#039;autres sites sont pr\\u00e9vues dans la semaine, n&#039;h\\u00e9sitez pas \\u00e0 nous contacter.\\nAdapt\\u00e9 aux enfants. Tarif enfant jusqu&#039;\\u00e0 9 ans inclus.\\nR\\u00e9servation en ligne.\\n\\nLes randonn\\u00e9es et balades nature propos\\u00e9es par Terre d&#039;\\u00c9cume sont accessibles \\u00e0 tous (de 16 \\u00e0 99 ans), la difficult\\u00e9 des circuits (distance, d\\u00e9nivel\\u00e9 et rythme de marche) est adapt\\u00e9e \\u00e0 chacun.\\nAcc\\u00e8s PMR et difficult\\u00e9 \\u00e0 se mouvoir (b\\u00e9quilles, ...)\\u00a0: circuits disponibles sur demande.&quot;,&quot;categorie&quot;:&quot;En famille&quot;,&quot;ville&quot;:&quot;Locmaria-Plouzan\\u00e9&quot;,&quot;code_postal&quot;:&quot;29280&quot;,&quot;name&quot;:&quot;D\\u00e9couverte des oiseaux du littoral&quot;,&quot;latitude&quot;:&quot;48.3744869&quot;,&quot;longitude&quot;:&quot;-4.6450747&quot;,&quot;link&quot;:&quot;https:\\\/\\\/terredecume.fr\\\/&quot;},&quot;category&quot;:&quot;\\u00c9v\\u00e9nements locaux&quot;,&quot;faq&quot;:[],&quot;event&quot;:&quot;Du 31\\\/08\\\/2026 \\u00e0 09:00 au 31\\\/08\\\/2026 \\u00e0 23:59&quot;,&quot;video_url&quot;:&quot;&quot;,&quot;video_embed&quot;:null,&quot;documents&quot;:[],&quot;gallery&quot;:[]}\">\n\n                <!-- Image + badge cat\u00e9gorie -->\n                <div class=\"em-card-img-wrap\">\n                                      <div class=\"em-card-placeholder\">\ud83d\udcf7 Pas d'image<\/div>\n                                    <span class=\"em-card-badge badge-default\">\u00c9v\u00e9nements locaux<\/span>\n                <\/div>\n\n                <!-- Contenu de la card -->\n                <div class=\"em-card-body\">\n                  <h3 class=\"em-card-title\">D\u00e9couverte des oiseaux du littoral<\/h3>\n\n                  <!-- Tags r\u00e9sum\u00e9s (max 4) -->\n                  <div class=\"em-card-tags\">\n                                                          <\/div>\n\n                  <!-- Champs suppl\u00e9mentaires (max 3) -->\n                  <div class=\"em-card-fields\">\n                                          <div class=\"em-card-field\">\n                        <span class=\"em-card-field-label\">Titre :<\/span>\n                        <span class=\"em-card-field-value\">D\u00e9couverte des oiseaux du littoral<\/span>\n                      <\/div>\n                                          <div class=\"em-card-field\">\n                        <span class=\"em-card-field-label\">Cat\u00e9gorie :<\/span>\n                        <span class=\"em-card-field-value\">En famille<\/span>\n                      <\/div>\n                                          <div class=\"em-card-field\">\n                        <span class=\"em-card-field-label\">Ville :<\/span>\n                        <span class=\"em-card-field-value\">Locmaria-Plouzan\u00e9<\/span>\n                      <\/div>\n                                      <\/div>\n\n                  <!-- Lien vers le d\u00e9tail -->\n                  <div class=\"em-card-footer\">\n                    <span>Voir le d\u00e9tail<\/span>\n                    <svg fill=\"none\" viewBox=\"0 0 24 24\" stroke=\"currentColor\" stroke-width=\"2\">\n                      <path stroke-linecap=\"round\" stroke-linejoin=\"round\" d=\"M13.5 4.5L21 12m0 0l-7.5 7.5M21 12H3\"><\/path>\n                    <\/svg>\n                  <\/div>\n                <\/div>\n              <\/article>\n                          <article class=\"em-card\"\n                data-type=\"evenements-locaux-6\"\n                data-features=\"\"\n                data-name=\"sortie journ\u00e9e \u00e0 bord de la recouvrance (avec repas)\"\n                data-json=\"{&quot;name&quot;:&quot;Sortie journ\\u00e9e \\u00e0 bord de La Recouvrance (avec repas)&quot;,&quot;image&quot;:&quot;&quot;,&quot;link&quot;:&quot;https:\\\/\\\/www.larecouvrance.com\\\/&quot;,&quot;data&quot;:{&quot;titre&quot;:&quot;Sortie journ\\u00e9e \\u00e0 bord de La Recouvrance (avec repas)&quot;,&quot;description&quot;:&quot;Une certaine id\\u00e9e de la navigation : bateau ambassadeur de la Ville de Brest, La Recouvrance et son \\u00e9quipe de sept marins professionnels font partager leurs passions pour la navigation sur ce Fleuron des C\\u00f4tes de France.\\n\\nLe parcours de navigation est d\\u00e9cid\\u00e9 par le capitaine. Pour une exp\\u00e9rience immersive, vous avez la possibilit\\u00e9 d&#039;aider aux manoeuvres.\\n\\nOrganisation des sorties \\u00e0 la journ\\u00e9e : \\n\\n10h00 : Embarquement quai Malbert\\nBriefing s\\u00e9curit\\u00e9, histoire du bateau\\n\\n10h30 : Appareillage\\nNavigation de la matin\\u00e9e en Rade de Brest\\n\\n12h30 : Panier repas pr\\u00e9par\\u00e9 par un traiteur servi \\u00e0 bord\\nNavigation de l&#039;apr\\u00e8s-midi en Rade de Brest\\n\\n17h00 : D\\u00e9barquement quai Malbert\\n\\nInformations pratiques : \\nBillets en vente \\u00e0 l&#039;Office de Tourisme Brest en vue, 52 rue du Ch\\u00e2teau (sous r\\u00e9serve de disponibilit\\u00e9).\\nR\\u00e9servation obligatoire.&quot;,&quot;categorie&quot;:&quot;Autres \\u00e9v\\u00e9nements&quot;,&quot;ville&quot;:&quot;Brest&quot;,&quot;code_postal&quot;:&quot;29200&quot;,&quot;name&quot;:&quot;Sortie journ\\u00e9e \\u00e0 bord de La Recouvrance (avec repas)&quot;,&quot;latitude&quot;:&quot;48.3804036&quot;,&quot;longitude&quot;:&quot;-4.4870384&quot;,&quot;link&quot;:&quot;https:\\\/\\\/www.larecouvrance.com\\\/&quot;},&quot;category&quot;:&quot;\\u00c9v\\u00e9nements locaux&quot;,&quot;faq&quot;:[],&quot;event&quot;:&quot;Du 29\\\/08\\\/2026 \\u00e0 10:00 au 29\\\/08\\\/2026 \\u00e0 23:59&quot;,&quot;video_url&quot;:&quot;&quot;,&quot;video_embed&quot;:null,&quot;documents&quot;:[],&quot;gallery&quot;:[]}\">\n\n                <!-- Image + badge cat\u00e9gorie -->\n                <div class=\"em-card-img-wrap\">\n                                      <div class=\"em-card-placeholder\">\ud83d\udcf7 Pas d'image<\/div>\n                                    <span class=\"em-card-badge badge-default\">\u00c9v\u00e9nements locaux<\/span>\n                <\/div>\n\n                <!-- Contenu de la card -->\n                <div class=\"em-card-body\">\n                  <h3 class=\"em-card-title\">Sortie journ\u00e9e \u00e0 bord de La Recouvrance (avec repas)<\/h3>\n\n                  <!-- Tags r\u00e9sum\u00e9s (max 4) -->\n                  <div class=\"em-card-tags\">\n                                                          <\/div>\n\n                  <!-- Champs suppl\u00e9mentaires (max 3) -->\n                  <div class=\"em-card-fields\">\n                                          <div class=\"em-card-field\">\n                        <span class=\"em-card-field-label\">Titre :<\/span>\n                        <span class=\"em-card-field-value\">Sortie journ\u00e9e \u00e0 bord de La Recouvrance (avec repas)<\/span>\n                      <\/div>\n                                          <div class=\"em-card-field\">\n                        <span class=\"em-card-field-label\">Cat\u00e9gorie :<\/span>\n                        <span class=\"em-card-field-value\">Autres \u00e9v\u00e9nements<\/span>\n                      <\/div>\n                                          <div class=\"em-card-field\">\n                        <span class=\"em-card-field-label\">Ville :<\/span>\n                        <span class=\"em-card-field-value\">Brest<\/span>\n                      <\/div>\n                                      <\/div>\n\n                  <!-- Lien vers le d\u00e9tail -->\n                  <div class=\"em-card-footer\">\n                    <span>Voir le d\u00e9tail<\/span>\n                    <svg fill=\"none\" viewBox=\"0 0 24 24\" stroke=\"currentColor\" stroke-width=\"2\">\n                      <path stroke-linecap=\"round\" stroke-linejoin=\"round\" d=\"M13.5 4.5L21 12m0 0l-7.5 7.5M21 12H3\"><\/path>\n                    <\/svg>\n                  <\/div>\n                <\/div>\n              <\/article>\n                          <article class=\"em-card\"\n                data-type=\"evenements-locaux-6\"\n                data-features=\"\"\n                data-name=\"aquagym en mer avec ocean by fab\"\n                data-json=\"{&quot;name&quot;:&quot;Aquagym en mer avec Ocean by Fab&quot;,&quot;image&quot;:&quot;&quot;,&quot;link&quot;:&quot;https:\\\/\\\/www.instagram.com\\\/fabie_d_ortoli\\\/&quot;,&quot;data&quot;:{&quot;titre&quot;:&quot;Aquagym en mer avec Ocean by Fab&quot;,&quot;description&quot;:&quot;Aquagym en mer : savant m\\u00e9lange de natation, aquagym et pilates, travail du corps dans sa globalit\\u00e9, travail des postures et respiration.\\nGainage, renforcement musculaire complet en douceur (\\u00e9paules, dos, abdos, cuisses et fessiers).&quot;,&quot;categorie&quot;:&quot;Autres \\u00e9v\\u00e9nements&quot;,&quot;ville&quot;:&quot;Audierne&quot;,&quot;code_postal&quot;:&quot;29770&quot;,&quot;name&quot;:&quot;Aquagym en mer avec Ocean by Fab&quot;,&quot;latitude&quot;:&quot;48.0247440&quot;,&quot;longitude&quot;:&quot;-4.5624680&quot;,&quot;link&quot;:&quot;https:\\\/\\\/www.instagram.com\\\/fabie_d_ortoli\\\/&quot;},&quot;category&quot;:&quot;\\u00c9v\\u00e9nements locaux&quot;,&quot;faq&quot;:[],&quot;event&quot;:&quot;Du 01\\\/09\\\/2026 \\u00e0 08:30 au 31\\\/12\\\/2026 \\u00e0 23:59&quot;,&quot;video_url&quot;:&quot;&quot;,&quot;video_embed&quot;:null,&quot;documents&quot;:[],&quot;gallery&quot;:[]}\">\n\n                <!-- Image + badge cat\u00e9gorie -->\n                <div class=\"em-card-img-wrap\">\n                                      <div class=\"em-card-placeholder\">\ud83d\udcf7 Pas d'image<\/div>\n                                    <span class=\"em-card-badge badge-default\">\u00c9v\u00e9nements locaux<\/span>\n                <\/div>\n\n                <!-- Contenu de la card -->\n                <div class=\"em-card-body\">\n                  <h3 class=\"em-card-title\">Aquagym en mer avec Ocean by Fab<\/h3>\n\n                  <!-- Tags r\u00e9sum\u00e9s (max 4) -->\n                  <div class=\"em-card-tags\">\n                                                          <\/div>\n\n                  <!-- Champs suppl\u00e9mentaires (max 3) -->\n                  <div class=\"em-card-fields\">\n                                          <div class=\"em-card-field\">\n                        <span class=\"em-card-field-label\">Titre :<\/span>\n                        <span class=\"em-card-field-value\">Aquagym en mer avec Ocean by Fab<\/span>\n                      <\/div>\n                                          <div class=\"em-card-field\">\n                        <span class=\"em-card-field-label\">Cat\u00e9gorie :<\/span>\n                        <span class=\"em-card-field-value\">Autres \u00e9v\u00e9nements<\/span>\n                      <\/div>\n                                          <div class=\"em-card-field\">\n                        <span class=\"em-card-field-label\">Ville :<\/span>\n                        <span class=\"em-card-field-value\">Audierne<\/span>\n                      <\/div>\n                                      <\/div>\n\n                  <!-- Lien vers le d\u00e9tail -->\n                  <div class=\"em-card-footer\">\n                    <span>Voir le d\u00e9tail<\/span>\n                    <svg fill=\"none\" viewBox=\"0 0 24 24\" stroke=\"currentColor\" stroke-width=\"2\">\n                      <path stroke-linecap=\"round\" stroke-linejoin=\"round\" d=\"M13.5 4.5L21 12m0 0l-7.5 7.5M21 12H3\"><\/path>\n                    <\/svg>\n                  <\/div>\n                <\/div>\n              <\/article>\n                          <article class=\"em-card\"\n                data-type=\"evenements-locaux-6\"\n                data-features=\"\"\n                data-name=\"mini fest noz au grand h\u00f4tel de la mer\"\n                data-json=\"{&quot;name&quot;:&quot;Mini fest noz au Grand H\\u00f4tel de la Mer&quot;,&quot;image&quot;:&quot;&quot;,&quot;link&quot;:&quot;http:\\\/\\\/kadordanse.wordpress.com\\\/&quot;,&quot;data&quot;:{&quot;titre&quot;:&quot;Mini fest noz au Grand H\\u00f4tel de la Mer&quot;,&quot;description&quot;:&quot;Le Club Kador propose un mini fest noz ouvert \\u00e0 tous. Initiation avant chaque danse.&quot;,&quot;categorie&quot;:&quot;Concerts, musique &amp; festivals&quot;,&quot;ville&quot;:&quot;Crozon&quot;,&quot;code_postal&quot;:&quot;29160&quot;,&quot;name&quot;:&quot;Mini fest noz au Grand H\\u00f4tel de la Mer&quot;,&quot;latitude&quot;:&quot;48.2339000&quot;,&quot;longitude&quot;:&quot;-4.4969100&quot;,&quot;link&quot;:&quot;http:\\\/\\\/kadordanse.wordpress.com\\\/&quot;},&quot;category&quot;:&quot;\\u00c9v\\u00e9nements locaux&quot;,&quot;faq&quot;:[],&quot;event&quot;:&quot;Du 11\\\/09\\\/2026 \\u00e0 20:30 au 11\\\/09\\\/2026 \\u00e0 23:59&quot;,&quot;video_url&quot;:&quot;&quot;,&quot;video_embed&quot;:null,&quot;documents&quot;:[],&quot;gallery&quot;:[]}\">\n\n                <!-- Image + badge cat\u00e9gorie -->\n                <div class=\"em-card-img-wrap\">\n                                      <div class=\"em-card-placeholder\">\ud83d\udcf7 Pas d'image<\/div>\n                                    <span class=\"em-card-badge badge-default\">\u00c9v\u00e9nements locaux<\/span>\n                <\/div>\n\n                <!-- Contenu de la card -->\n                <div class=\"em-card-body\">\n                  <h3 class=\"em-card-title\">Mini fest noz au Grand H\u00f4tel de la Mer<\/h3>\n\n                  <!-- Tags r\u00e9sum\u00e9s (max 4) -->\n                  <div class=\"em-card-tags\">\n                                                          <\/div>\n\n                  <!-- Champs suppl\u00e9mentaires (max 3) -->\n                  <div class=\"em-card-fields\">\n                                          <div class=\"em-card-field\">\n                        <span class=\"em-card-field-label\">Titre :<\/span>\n                        <span class=\"em-card-field-value\">Mini fest noz au Grand H\u00f4tel de la Mer<\/span>\n                      <\/div>\n                                          <div class=\"em-card-field\">\n                        <span class=\"em-card-field-label\">Cat\u00e9gorie :<\/span>\n                        <span class=\"em-card-field-value\">Concerts, musique &amp; festivals<\/span>\n                      <\/div>\n                                          <div class=\"em-card-field\">\n                        <span class=\"em-card-field-label\">Ville :<\/span>\n                        <span class=\"em-card-field-value\">Crozon<\/span>\n                      <\/div>\n                                      <\/div>\n\n                  <!-- Lien vers le d\u00e9tail -->\n                  <div class=\"em-card-footer\">\n                    <span>Voir le d\u00e9tail<\/span>\n                    <svg fill=\"none\" viewBox=\"0 0 24 24\" stroke=\"currentColor\" stroke-width=\"2\">\n                      <path stroke-linecap=\"round\" stroke-linejoin=\"round\" d=\"M13.5 4.5L21 12m0 0l-7.5 7.5M21 12H3\"><\/path>\n                    <\/svg>\n                  <\/div>\n                <\/div>\n              <\/article>\n                          <article class=\"em-card\"\n                data-type=\"evenements-locaux-6\"\n                data-features=\"\"\n                data-name=\"troc et puces de quartier\"\n                data-json=\"{&quot;name&quot;:&quot;Troc et Puces de quartier&quot;,&quot;image&quot;:&quot;&quot;,&quot;link&quot;:&quot;&quot;,&quot;data&quot;:{&quot;titre&quot;:&quot;Troc et Puces de quartier&quot;,&quot;description&quot;:&quot;Venez faire des affaires ! \\nVide grenier et dressing de quartier et de particuliers, en ext\\u00e9rieur (annulation si intemp\\u00e9ries).\\nAcc\\u00e8s par rue de Kerfily.  \\nGrand parking fl\\u00e9ch\\u00e9 \\u00e0 proximit\\u00e9. \\nBuvette.\\nOrganis\\u00e9 par l&#039;association de quartier Hameau des Saules\\n\\nPour les exposants :\\nInscription uniquement par mail avec r\\u00e8glement \\u00e0 asso.hameau.des.saules@gmail.com\\nR\\u00e9serv\\u00e9 aux adh\\u00e9rents de l&#039;association et priorit\\u00e9 donn\\u00e9e aux habitants de Ploz\\u00e9vet (entre 40 et 45 emplacements) . \\nLes professionnels ne sont pas accept\\u00e9s.\\nEmplacement de 7 m\\u00e8tres environ. 10 euros l&#039;emplacement.\\n\\nOrganis\\u00e9 par l&#039;association de quartier Hameau des Saules.&quot;,&quot;categorie&quot;:&quot;Brocantes &amp; vide-greniers&quot;,&quot;ville&quot;:&quot;Ploz\\u00e9vet&quot;,&quot;code_postal&quot;:&quot;29710&quot;,&quot;name&quot;:&quot;Troc et Puces de quartier&quot;,&quot;latitude&quot;:&quot;47.9867900&quot;,&quot;longitude&quot;:&quot;-4.4216200&quot;},&quot;category&quot;:&quot;\\u00c9v\\u00e9nements locaux&quot;,&quot;faq&quot;:[],&quot;event&quot;:&quot;Du 06\\\/09\\\/2026 au 06\\\/09\\\/2026 \\u00e0 23:59&quot;,&quot;video_url&quot;:&quot;&quot;,&quot;video_embed&quot;:null,&quot;documents&quot;:[],&quot;gallery&quot;:[]}\">\n\n                <!-- Image + badge cat\u00e9gorie -->\n                <div class=\"em-card-img-wrap\">\n                                      <div class=\"em-card-placeholder\">\ud83d\udcf7 Pas d'image<\/div>\n                                    <span class=\"em-card-badge badge-default\">\u00c9v\u00e9nements locaux<\/span>\n                <\/div>\n\n                <!-- Contenu de la card -->\n                <div class=\"em-card-body\">\n                  <h3 class=\"em-card-title\">Troc et Puces de quartier<\/h3>\n\n                  <!-- Tags r\u00e9sum\u00e9s (max 4) -->\n                  <div class=\"em-card-tags\">\n                                                          <\/div>\n\n                  <!-- Champs suppl\u00e9mentaires (max 3) -->\n                  <div class=\"em-card-fields\">\n                                          <div class=\"em-card-field\">\n                        <span class=\"em-card-field-label\">Titre :<\/span>\n                        <span class=\"em-card-field-value\">Troc et Puces de quartier<\/span>\n                      <\/div>\n                                          <div class=\"em-card-field\">\n                        <span class=\"em-card-field-label\">Cat\u00e9gorie :<\/span>\n                        <span class=\"em-card-field-value\">Brocantes &amp; vide-greniers<\/span>\n                      <\/div>\n                                          <div class=\"em-card-field\">\n                        <span class=\"em-card-field-label\">Ville :<\/span>\n                        <span class=\"em-card-field-value\">Ploz\u00e9vet<\/span>\n                      <\/div>\n                                      <\/div>\n\n                  <!-- Lien vers le d\u00e9tail -->\n                  <div class=\"em-card-footer\">\n                    <span>Voir le d\u00e9tail<\/span>\n                    <svg fill=\"none\" viewBox=\"0 0 24 24\" stroke=\"currentColor\" stroke-width=\"2\">\n                      <path stroke-linecap=\"round\" stroke-linejoin=\"round\" d=\"M13.5 4.5L21 12m0 0l-7.5 7.5M21 12H3\"><\/path>\n                    <\/svg>\n                  <\/div>\n                <\/div>\n              <\/article>\n                          <article class=\"em-card\"\n                data-type=\"evenements-locaux-6\"\n                data-features=\"\"\n                data-name=\"exposition de photographies de \u200b\u200b\u200b\u200bisrael ari\u00f1o\"\n                data-json=\"{&quot;name&quot;:&quot;Exposition de photographies de \\u200b\\u200b\\u200b\\u200bIsrael Ari\\u00f1o&quot;,&quot;image&quot;:&quot;&quot;,&quot;link&quot;:&quot;&quot;,&quot;data&quot;:{&quot;titre&quot;:&quot;Exposition de photographies de \\u200b\\u200b\\u200b\\u200bIsrael Ari\\u00f1o&quot;,&quot;description&quot;:&quot;Vernissage le samedi 4 juillet 2026 en pr\\u00e9sence de l&#039;artiste.&quot;,&quot;categorie&quot;:&quot;Expositions&quot;,&quot;ville&quot;:&quot;Douarnenez&quot;,&quot;code_postal&quot;:&quot;29100&quot;,&quot;name&quot;:&quot;Exposition de photographies de \\u200b\\u200b\\u200b\\u200bIsrael Ari\\u00f1o&quot;,&quot;latitude&quot;:&quot;48.0933013&quot;,&quot;longitude&quot;:&quot;-4.3287374&quot;},&quot;category&quot;:&quot;\\u00c9v\\u00e9nements locaux&quot;,&quot;faq&quot;:[],&quot;event&quot;:&quot;Du 04\\\/07\\\/2026 \\u00e0 15:00 au 05\\\/09\\\/2026 \\u00e0 23:59&quot;,&quot;video_url&quot;:&quot;&quot;,&quot;video_embed&quot;:null,&quot;documents&quot;:[],&quot;gallery&quot;:[]}\">\n\n                <!-- Image + badge cat\u00e9gorie -->\n                <div class=\"em-card-img-wrap\">\n                                      <div class=\"em-card-placeholder\">\ud83d\udcf7 Pas d'image<\/div>\n                                    <span class=\"em-card-badge badge-default\">\u00c9v\u00e9nements locaux<\/span>\n                <\/div>\n\n                <!-- Contenu de la card -->\n                <div class=\"em-card-body\">\n                  <h3 class=\"em-card-title\">Exposition de photographies de \u200b\u200b\u200b\u200bIsrael Ari\u00f1o<\/h3>\n\n                  <!-- Tags r\u00e9sum\u00e9s (max 4) -->\n                  <div class=\"em-card-tags\">\n                                                          <\/div>\n\n                  <!-- Champs suppl\u00e9mentaires (max 3) -->\n                  <div class=\"em-card-fields\">\n                                          <div class=\"em-card-field\">\n                        <span class=\"em-card-field-label\">Titre :<\/span>\n                        <span class=\"em-card-field-value\">Exposition de photographies de \u200b\u200b\u200b\u200bIsrael Ari\u00f1o<\/span>\n                      <\/div>\n                                          <div class=\"em-card-field\">\n                        <span class=\"em-card-field-label\">Cat\u00e9gorie :<\/span>\n                        <span class=\"em-card-field-value\">Expositions<\/span>\n                      <\/div>\n                                          <div class=\"em-card-field\">\n                        <span class=\"em-card-field-label\">Ville :<\/span>\n                        <span class=\"em-card-field-value\">Douarnenez<\/span>\n                      <\/div>\n                                      <\/div>\n\n                  <!-- Lien vers le d\u00e9tail -->\n                  <div class=\"em-card-footer\">\n                    <span>Voir le d\u00e9tail<\/span>\n                    <svg fill=\"none\" viewBox=\"0 0 24 24\" stroke=\"currentColor\" stroke-width=\"2\">\n                      <path stroke-linecap=\"round\" stroke-linejoin=\"round\" d=\"M13.5 4.5L21 12m0 0l-7.5 7.5M21 12H3\"><\/path>\n                    <\/svg>\n                  <\/div>\n                <\/div>\n              <\/article>\n                          <article class=\"em-card\"\n                data-type=\"evenements-locaux-6\"\n                data-features=\"\"\n                data-name=\"tournoi de molky \u00e0 vertical art\"\n                data-json=\"{&quot;name&quot;:&quot;Tournoi de Molky \\u00e0 Vertical Art&quot;,&quot;image&quot;:&quot;&quot;,&quot;link&quot;:&quot;https:\\\/\\\/brest.vertical-art.fr\\\/news\\\/&quot;,&quot;data&quot;:{&quot;titre&quot;:&quot;Tournoi de Molky \\u00e0 Vertical Art&quot;,&quot;description&quot;:&quot;Rendez-vous pour notre tournoi de M\\u00f6lkky ! Que vous soyez d\\u00e9j\\u00e0 un pro du lancer ou que vous d\\u00e9couvriez le jeu sur place, venez tenter votre chance, viser juste et profiter d\\u2019un moment simple entre amis.\\n\\n \\nOn vous attend nombreux pour prolonger l\\u2019\\u00e9t\\u00e9 comme il faut chez Vertical\\u2019Art Brest\\n\\nInformations pratiques :\\n\\n Sur inscription via Weezevent&quot;,&quot;categorie&quot;:&quot;En famille&quot;,&quot;ville&quot;:&quot;Gouesnou&quot;,&quot;code_postal&quot;:&quot;29850&quot;,&quot;name&quot;:&quot;Tournoi de Molky \\u00e0 Vertical Art&quot;,&quot;latitude&quot;:&quot;48.4275200&quot;,&quot;longitude&quot;:&quot;-4.4605500&quot;,&quot;link&quot;:&quot;https:\\\/\\\/brest.vertical-art.fr\\\/news\\\/&quot;},&quot;category&quot;:&quot;\\u00c9v\\u00e9nements locaux&quot;,&quot;faq&quot;:[],&quot;event&quot;:&quot;Du 02\\\/09\\\/2026 \\u00e0 19:00 au 02\\\/09\\\/2026 \\u00e0 23:59&quot;,&quot;video_url&quot;:&quot;&quot;,&quot;video_embed&quot;:null,&quot;documents&quot;:[],&quot;gallery&quot;:[]}\">\n\n                <!-- Image + badge cat\u00e9gorie -->\n                <div class=\"em-card-img-wrap\">\n                                      <div class=\"em-card-placeholder\">\ud83d\udcf7 Pas d'image<\/div>\n                                    <span class=\"em-card-badge badge-default\">\u00c9v\u00e9nements locaux<\/span>\n                <\/div>\n\n                <!-- Contenu de la card -->\n                <div class=\"em-card-body\">\n                  <h3 class=\"em-card-title\">Tournoi de Molky \u00e0 Vertical Art<\/h3>\n\n                  <!-- Tags r\u00e9sum\u00e9s (max 4) -->\n                  <div class=\"em-card-tags\">\n                                                          <\/div>\n\n                  <!-- Champs suppl\u00e9mentaires (max 3) -->\n                  <div class=\"em-card-fields\">\n                                          <div class=\"em-card-field\">\n                        <span class=\"em-card-field-label\">Titre :<\/span>\n                        <span class=\"em-card-field-value\">Tournoi de Molky \u00e0 Vertical Art<\/span>\n                      <\/div>\n                                          <div class=\"em-card-field\">\n                        <span class=\"em-card-field-label\">Cat\u00e9gorie :<\/span>\n                        <span class=\"em-card-field-value\">En famille<\/span>\n                      <\/div>\n                                          <div class=\"em-card-field\">\n                        <span class=\"em-card-field-label\">Ville :<\/span>\n                        <span class=\"em-card-field-value\">Gouesnou<\/span>\n                      <\/div>\n                                      <\/div>\n\n                  <!-- Lien vers le d\u00e9tail -->\n                  <div class=\"em-card-footer\">\n                    <span>Voir le d\u00e9tail<\/span>\n                    <svg fill=\"none\" viewBox=\"0 0 24 24\" stroke=\"currentColor\" stroke-width=\"2\">\n                      <path stroke-linecap=\"round\" stroke-linejoin=\"round\" d=\"M13.5 4.5L21 12m0 0l-7.5 7.5M21 12H3\"><\/path>\n                    <\/svg>\n                  <\/div>\n                <\/div>\n              <\/article>\n                          <article class=\"em-card\"\n                data-type=\"evenements-locaux-6\"\n                data-features=\"\"\n                data-name=\"animation \u00e0 la ferme oc\u00e9&#039;\u00e2ne - petit.es \u00e2nier.es\"\n                data-json=\"{&quot;name&quot;:&quot;Animation \\u00e0 la ferme Oc\\u00e9&#039;\\u00e2ne - Petit.es \\u00e2nier.es&quot;,&quot;image&quot;:&quot;&quot;,&quot;link&quot;:&quot;https:\\\/\\\/www.oceane-crozon.net\\\/index2.html&quot;,&quot;data&quot;:{&quot;titre&quot;:&quot;Animation \\u00e0 la ferme Oc\\u00e9&#039;\\u00e2ne - Petit.es \\u00e2nier.es&quot;,&quot;description&quot;:&quot;Venez \\u00e0 la d\\u00e9couverte de l&#039;\\u00e2ne, animal c\\u00e2lin et attachant en famille.\\nNous vous apprenons \\u00e0 vous en occupez et nous partons en balade.\\n\\n1 \\u00e2ne par famille, 40e par famille, 5 familles maximum.\\n\\nD\\u00e9couvrez toutes nos activit\\u00e9s sur : https:\\\/\\\/www.oceane-crozon.net\\\/index2.html&quot;,&quot;categorie&quot;:&quot;En famille&quot;,&quot;ville&quot;:&quot;Lanv\\u00e9oc&quot;,&quot;code_postal&quot;:&quot;29160&quot;,&quot;name&quot;:&quot;Animation \\u00e0 la ferme Oc\\u00e9&#039;\\u00e2ne - Petit.es \\u00e2nier.es&quot;,&quot;latitude&quot;:&quot;48.2718800&quot;,&quot;longitude&quot;:&quot;-4.4225800&quot;,&quot;link&quot;:&quot;https:\\\/\\\/www.oceane-crozon.net\\\/index2.html&quot;},&quot;category&quot;:&quot;\\u00c9v\\u00e9nements locaux&quot;,&quot;faq&quot;:[],&quot;event&quot;:&quot;Du 28\\\/08\\\/2026 \\u00e0 10:00 au 28\\\/08\\\/2026 \\u00e0 23:59&quot;,&quot;video_url&quot;:&quot;&quot;,&quot;video_embed&quot;:null,&quot;documents&quot;:[],&quot;gallery&quot;:[]}\">\n\n                <!-- Image + badge cat\u00e9gorie -->\n                <div class=\"em-card-img-wrap\">\n                                      <div class=\"em-card-placeholder\">\ud83d\udcf7 Pas d'image<\/div>\n                                    <span class=\"em-card-badge badge-default\">\u00c9v\u00e9nements locaux<\/span>\n                <\/div>\n\n                <!-- Contenu de la card -->\n                <div class=\"em-card-body\">\n                  <h3 class=\"em-card-title\">Animation \u00e0 la ferme Oc\u00e9&#039;\u00e2ne - Petit.es \u00e2nier.es<\/h3>\n\n                  <!-- Tags r\u00e9sum\u00e9s (max 4) -->\n                  <div class=\"em-card-tags\">\n                                                          <\/div>\n\n                  <!-- Champs suppl\u00e9mentaires (max 3) -->\n                  <div class=\"em-card-fields\">\n                                          <div class=\"em-card-field\">\n                        <span class=\"em-card-field-label\">Titre :<\/span>\n                        <span class=\"em-card-field-value\">Animation \u00e0 la ferme Oc\u00e9&#039;\u00e2ne - Petit.es \u00e2nier.es<\/span>\n                      <\/div>\n                                          <div class=\"em-card-field\">\n                        <span class=\"em-card-field-label\">Cat\u00e9gorie :<\/span>\n                        <span class=\"em-card-field-value\">En famille<\/span>\n                      <\/div>\n                                          <div class=\"em-card-field\">\n                        <span class=\"em-card-field-label\">Ville :<\/span>\n                        <span class=\"em-card-field-value\">Lanv\u00e9oc<\/span>\n                      <\/div>\n                                      <\/div>\n\n                  <!-- Lien vers le d\u00e9tail -->\n                  <div class=\"em-card-footer\">\n                    <span>Voir le d\u00e9tail<\/span>\n                    <svg fill=\"none\" viewBox=\"0 0 24 24\" stroke=\"currentColor\" stroke-width=\"2\">\n                      <path stroke-linecap=\"round\" stroke-linejoin=\"round\" d=\"M13.5 4.5L21 12m0 0l-7.5 7.5M21 12H3\"><\/path>\n                    <\/svg>\n                  <\/div>\n                <\/div>\n              <\/article>\n                          <article class=\"em-card\"\n                data-type=\"evenements-locaux-6\"\n                data-features=\"\"\n                data-name=\"centre des arts andr\u00e9 malraux\"\n                data-json=\"{&quot;name&quot;:&quot;Centre des arts Andr\\u00e9 Malraux&quot;,&quot;image&quot;:&quot;&quot;,&quot;link&quot;:&quot;https:\\\/\\\/centredesarts.douarnenez.bzh\\\/&quot;,&quot;data&quot;:{&quot;titre&quot;:&quot;Centre des arts Andr\\u00e9 Malraux&quot;,&quot;description&quot;:&quot;&quot;,&quot;categorie&quot;:&quot;Spectacles &amp; cin\\u00e9ma&quot;,&quot;ville&quot;:&quot;Douarnenez&quot;,&quot;code_postal&quot;:&quot;29100&quot;,&quot;name&quot;:&quot;Centre des arts Andr\\u00e9 Malraux&quot;,&quot;latitude&quot;:&quot;48.0855400&quot;,&quot;longitude&quot;:&quot;-4.3311300&quot;,&quot;link&quot;:&quot;https:\\\/\\\/centredesarts.douarnenez.bzh\\\/&quot;},&quot;category&quot;:&quot;\\u00c9v\\u00e9nements locaux&quot;,&quot;faq&quot;:[],&quot;event&quot;:&quot;Du 01\\\/01\\\/2026 au 31\\\/12\\\/2026 \\u00e0 23:59&quot;,&quot;video_url&quot;:&quot;&quot;,&quot;video_embed&quot;:null,&quot;documents&quot;:[],&quot;gallery&quot;:[]}\">\n\n                <!-- Image + badge cat\u00e9gorie -->\n                <div class=\"em-card-img-wrap\">\n                                      <div class=\"em-card-placeholder\">\ud83d\udcf7 Pas d'image<\/div>\n                                    <span class=\"em-card-badge badge-default\">\u00c9v\u00e9nements locaux<\/span>\n                <\/div>\n\n                <!-- Contenu de la card -->\n                <div class=\"em-card-body\">\n                  <h3 class=\"em-card-title\">Centre des arts Andr\u00e9 Malraux<\/h3>\n\n                  <!-- Tags r\u00e9sum\u00e9s (max 4) -->\n                  <div class=\"em-card-tags\">\n                                                          <\/div>\n\n                  <!-- Champs suppl\u00e9mentaires (max 3) -->\n                  <div class=\"em-card-fields\">\n                                          <div class=\"em-card-field\">\n                        <span class=\"em-card-field-label\">Titre :<\/span>\n                        <span class=\"em-card-field-value\">Centre des arts Andr\u00e9 Malraux<\/span>\n                      <\/div>\n                                          <div class=\"em-card-field\">\n                        <span class=\"em-card-field-label\">Cat\u00e9gorie :<\/span>\n                        <span class=\"em-card-field-value\">Spectacles &amp; cin\u00e9ma<\/span>\n                      <\/div>\n                                          <div class=\"em-card-field\">\n                        <span class=\"em-card-field-label\">Ville :<\/span>\n                        <span class=\"em-card-field-value\">Douarnenez<\/span>\n                      <\/div>\n                                      <\/div>\n\n                  <!-- Lien vers le d\u00e9tail -->\n                  <div class=\"em-card-footer\">\n                    <span>Voir le d\u00e9tail<\/span>\n                    <svg fill=\"none\" viewBox=\"0 0 24 24\" stroke=\"currentColor\" stroke-width=\"2\">\n                      <path stroke-linecap=\"round\" stroke-linejoin=\"round\" d=\"M13.5 4.5L21 12m0 0l-7.5 7.5M21 12H3\"><\/path>\n                    <\/svg>\n                  <\/div>\n                <\/div>\n              <\/article>\n                          <article class=\"em-card\"\n                data-type=\"evenements-locaux-6\"\n                data-features=\"\"\n                data-name=\"dans les all\u00e9es du cimeti\u00e8re saint-martin\"\n                data-json=\"{&quot;name&quot;:&quot;Dans les all\\u00e9es du cimeti\\u00e8re Saint-Martin&quot;,&quot;image&quot;:&quot;&quot;,&quot;link&quot;:&quot;&quot;,&quot;data&quot;:{&quot;titre&quot;:&quot;Dans les all\\u00e9es du cimeti\\u00e8re Saint-Martin&quot;,&quot;description&quot;:&quot;La visite vous entraine dans les all\\u00e9es de ce cimeti\\u00e8re historique, un des plus vieux cimeti\\u00e8res brestois am\\u00e9nag\\u00e9 au 18\\u00e8me si\\u00e8cle. Elle vous fait d\\u00e9couvrir des s\\u00e9pultures notables du cimeti\\u00e8re, \\u00e0 la fois des personnalit\\u00e9s c\\u00e9l\\u00e8bres qui ont contribu\\u00e9 \\u00e0 l&#039;histoire de Brest, mais aussi des monuments fun\\u00e9raires remarquables, repr\\u00e9sentatifs des symboliques fun\\u00e9raires et des mat\\u00e9riaux en usage. \\n\\nVisite propos\\u00e9e dans le cadre du label Ville d&#039;Art &amp; d&#039;Histoire.\\n\\nInformations pratiques : \\nDur\\u00e9e 1h30.\\nR\\u00e9servation obligatoire aupr\\u00e8s de l&#039;Office de Tourisme Brest en vue, au guichet, par t\\u00e9l\\u00e9phone ou en ligne.\\nL&#039;Office de Tourisme Brest en vue se r\\u00e9serve le droit d&#039;annuler la visite si le nombre de participants minimum (5) n&#039;est pas atteint, ou en cas de m\\u00e9t\\u00e9o d\\u00e9favorable.&quot;,&quot;categorie&quot;:&quot;Autres \\u00e9v\\u00e9nements&quot;,&quot;ville&quot;:&quot;Brest&quot;,&quot;code_postal&quot;:&quot;29200&quot;,&quot;name&quot;:&quot;Dans les all\\u00e9es du cimeti\\u00e8re Saint-Martin&quot;,&quot;latitude&quot;:&quot;48.3941620&quot;,&quot;longitude&quot;:&quot;-4.4782092&quot;},&quot;category&quot;:&quot;\\u00c9v\\u00e9nements locaux&quot;,&quot;faq&quot;:[],&quot;event&quot;:&quot;Du 06\\\/09\\\/2026 \\u00e0 15:00 au 06\\\/09\\\/2026 \\u00e0 23:59&quot;,&quot;video_url&quot;:&quot;&quot;,&quot;video_embed&quot;:null,&quot;documents&quot;:[],&quot;gallery&quot;:[]}\">\n\n                <!-- Image + badge cat\u00e9gorie -->\n                <div class=\"em-card-img-wrap\">\n                                      <div class=\"em-card-placeholder\">\ud83d\udcf7 Pas d'image<\/div>\n                                    <span class=\"em-card-badge badge-default\">\u00c9v\u00e9nements locaux<\/span>\n                <\/div>\n\n                <!-- Contenu de la card -->\n                <div class=\"em-card-body\">\n                  <h3 class=\"em-card-title\">Dans les all\u00e9es du cimeti\u00e8re Saint-Martin<\/h3>\n\n                  <!-- Tags r\u00e9sum\u00e9s (max 4) -->\n                  <div class=\"em-card-tags\">\n                                                          <\/div>\n\n                  <!-- Champs suppl\u00e9mentaires (max 3) -->\n                  <div class=\"em-card-fields\">\n                                          <div class=\"em-card-field\">\n                        <span class=\"em-card-field-label\">Titre :<\/span>\n                        <span class=\"em-card-field-value\">Dans les all\u00e9es du cimeti\u00e8re Saint-Martin<\/span>\n                      <\/div>\n                                          <div class=\"em-card-field\">\n                        <span class=\"em-card-field-label\">Cat\u00e9gorie :<\/span>\n                        <span class=\"em-card-field-value\">Autres \u00e9v\u00e9nements<\/span>\n                      <\/div>\n                                          <div class=\"em-card-field\">\n                        <span class=\"em-card-field-label\">Ville :<\/span>\n                        <span class=\"em-card-field-value\">Brest<\/span>\n                      <\/div>\n                                      <\/div>\n\n                  <!-- Lien vers le d\u00e9tail -->\n                  <div class=\"em-card-footer\">\n                    <span>Voir le d\u00e9tail<\/span>\n                    <svg fill=\"none\" viewBox=\"0 0 24 24\" stroke=\"currentColor\" stroke-width=\"2\">\n                      <path stroke-linecap=\"round\" stroke-linejoin=\"round\" d=\"M13.5 4.5L21 12m0 0l-7.5 7.5M21 12H3\"><\/path>\n                    <\/svg>\n                  <\/div>\n                <\/div>\n              <\/article>\n                          <article class=\"em-card\"\n                data-type=\"evenements-locaux-6\"\n                data-features=\"\"\n                data-name=\"ateliers d&#039;initiation \u00e0 la broderie pour enfants de l&#039;atelier du 5\"\n                data-json=\"{&quot;name&quot;:&quot;Ateliers d&#039;initiation \\u00e0 la broderie pour enfants de l&#039;Atelier du 5&quot;,&quot;image&quot;:&quot;&quot;,&quot;link&quot;:&quot;&quot;,&quot;data&quot;:{&quot;titre&quot;:&quot;Ateliers d&#039;initiation \\u00e0 la broderie pour enfants de l&#039;Atelier du 5&quot;,&quot;description&quot;:&quot;Sur r\\u00e9servation \\u00e0 partir de 8 ans, par mail ou par t\\u00e9l\\u00e9phone :  ateliers de broderie de 15h \\u00e0 17h du mardi au samedi pendant les vacances ou le mercredi apr\\u00e8s-midi en p\\u00e9riode scolaire. L&#039;horaire peut \\u00eatre adapt\\u00e9e \\u00e0 la demande.&quot;,&quot;categorie&quot;:&quot;En famille&quot;,&quot;ville&quot;:&quot;Audierne&quot;,&quot;code_postal&quot;:&quot;29770&quot;,&quot;name&quot;:&quot;Ateliers d&#039;initiation \\u00e0 la broderie pour enfants de l&#039;Atelier du 5&quot;,&quot;latitude&quot;:&quot;48.0246239&quot;,&quot;longitude&quot;:&quot;-4.5415165&quot;},&quot;category&quot;:&quot;\\u00c9v\\u00e9nements locaux&quot;,&quot;faq&quot;:[],&quot;event&quot;:&quot;Du 04\\\/07\\\/2026 \\u00e0 15:00 au 31\\\/08\\\/2026 \\u00e0 23:59&quot;,&quot;video_url&quot;:&quot;&quot;,&quot;video_embed&quot;:null,&quot;documents&quot;:[],&quot;gallery&quot;:[]}\">\n\n                <!-- Image + badge cat\u00e9gorie -->\n                <div class=\"em-card-img-wrap\">\n                                      <div class=\"em-card-placeholder\">\ud83d\udcf7 Pas d'image<\/div>\n                                    <span class=\"em-card-badge badge-default\">\u00c9v\u00e9nements locaux<\/span>\n                <\/div>\n\n                <!-- Contenu de la card -->\n                <div class=\"em-card-body\">\n                  <h3 class=\"em-card-title\">Ateliers d&#039;initiation \u00e0 la broderie pour enfants de l&#039;Atelier du 5<\/h3>\n\n                  <!-- Tags r\u00e9sum\u00e9s (max 4) -->\n                  <div class=\"em-card-tags\">\n                                                          <\/div>\n\n                  <!-- Champs suppl\u00e9mentaires (max 3) -->\n                  <div class=\"em-card-fields\">\n                                          <div class=\"em-card-field\">\n                        <span class=\"em-card-field-label\">Titre :<\/span>\n                        <span class=\"em-card-field-value\">Ateliers d&#039;initiation \u00e0 la broderie pour enfants de l&#039;Atelie<\/span>\n                      <\/div>\n                                          <div class=\"em-card-field\">\n                        <span class=\"em-card-field-label\">Cat\u00e9gorie :<\/span>\n                        <span class=\"em-card-field-value\">En famille<\/span>\n                      <\/div>\n                                          <div class=\"em-card-field\">\n                        <span class=\"em-card-field-label\">Ville :<\/span>\n                        <span class=\"em-card-field-value\">Audierne<\/span>\n                      <\/div>\n                                      <\/div>\n\n                  <!-- Lien vers le d\u00e9tail -->\n                  <div class=\"em-card-footer\">\n                    <span>Voir le d\u00e9tail<\/span>\n                    <svg fill=\"none\" viewBox=\"0 0 24 24\" stroke=\"currentColor\" stroke-width=\"2\">\n                      <path stroke-linecap=\"round\" stroke-linejoin=\"round\" d=\"M13.5 4.5L21 12m0 0l-7.5 7.5M21 12H3\"><\/path>\n                    <\/svg>\n                  <\/div>\n                <\/div>\n              <\/article>\n                          <article class=\"em-card\"\n                data-type=\"evenements-locaux-6\"\n                data-features=\"\"\n                data-name=\"visite guid\u00e9e de l&#039;\u00eele tristan\"\n                data-json=\"{&quot;name&quot;:&quot;Visite guid\\u00e9e de l&#039;\\u00eele Tristan&quot;,&quot;image&quot;:&quot;&quot;,&quot;link&quot;:&quot;http:\\\/\\\/www.douarnenez-tourisme.com\\\/&quot;,&quot;data&quot;:{&quot;titre&quot;:&quot;Visite guid\\u00e9e de l&#039;\\u00eele Tristan&quot;,&quot;description&quot;:&quot;Situ\\u00e9e \\u00e0 quelques encablures de Douarnenez, l&#039;\\u00eele Tristan, site naturel prot\\u00e9g\\u00e9 est la propri\\u00e9t\\u00e9 du Conservatoire du Littoral. Marchez sur les pas du c\\u00e9l\\u00e8bre brigand de La Fontenelle, de Tristan et Yseult et des nombreux artistes qui ont fr\\u00e9quent\\u00e9 l&#039;\\u00eele au d\\u00e9but 20\\u00e8me si\\u00e8cle. Inscription obligatoire \\u00e0 l&#039;Office de Tourisme du Pays de Douarnenez ou sur le site internet. Chiens non admis. Les conditions m\\u00e9t\\u00e9orologiques et la houle peuvent nous contraindre \\u00e0 annuler la visite.&quot;,&quot;categorie&quot;:&quot;Sport &amp; randonn\\u00e9e&quot;,&quot;ville&quot;:&quot;Douarnenez&quot;,&quot;code_postal&quot;:&quot;29100&quot;,&quot;name&quot;:&quot;Visite guid\\u00e9e de l&#039;\\u00eele Tristan&quot;,&quot;latitude&quot;:&quot;48.0972725&quot;,&quot;longitude&quot;:&quot;-4.3354308&quot;,&quot;link&quot;:&quot;http:\\\/\\\/www.douarnenez-tourisme.com\\\/&quot;},&quot;category&quot;:&quot;\\u00c9v\\u00e9nements locaux&quot;,&quot;faq&quot;:[],&quot;event&quot;:&quot;Du 10\\\/09\\\/2026 \\u00e0 10:00 au 10\\\/09\\\/2026 \\u00e0 23:59&quot;,&quot;video_url&quot;:&quot;&quot;,&quot;video_embed&quot;:null,&quot;documents&quot;:[],&quot;gallery&quot;:[]}\">\n\n                <!-- Image + badge cat\u00e9gorie -->\n                <div class=\"em-card-img-wrap\">\n                                      <div class=\"em-card-placeholder\">\ud83d\udcf7 Pas d'image<\/div>\n                                    <span class=\"em-card-badge badge-default\">\u00c9v\u00e9nements locaux<\/span>\n                <\/div>\n\n                <!-- Contenu de la card -->\n                <div class=\"em-card-body\">\n                  <h3 class=\"em-card-title\">Visite guid\u00e9e de l&#039;\u00eele Tristan<\/h3>\n\n                  <!-- Tags r\u00e9sum\u00e9s (max 4) -->\n                  <div class=\"em-card-tags\">\n                                                          <\/div>\n\n                  <!-- Champs suppl\u00e9mentaires (max 3) -->\n                  <div class=\"em-card-fields\">\n                                          <div class=\"em-card-field\">\n                        <span class=\"em-card-field-label\">Titre :<\/span>\n                        <span class=\"em-card-field-value\">Visite guid\u00e9e de l&#039;\u00eele Tristan<\/span>\n                      <\/div>\n                                          <div class=\"em-card-field\">\n                        <span class=\"em-card-field-label\">Cat\u00e9gorie :<\/span>\n                        <span class=\"em-card-field-value\">Sport &amp; randonn\u00e9e<\/span>\n                      <\/div>\n                                          <div class=\"em-card-field\">\n                        <span class=\"em-card-field-label\">Ville :<\/span>\n                        <span class=\"em-card-field-value\">Douarnenez<\/span>\n                      <\/div>\n                                      <\/div>\n\n                  <!-- Lien vers le d\u00e9tail -->\n                  <div class=\"em-card-footer\">\n                    <span>Voir le d\u00e9tail<\/span>\n                    <svg fill=\"none\" viewBox=\"0 0 24 24\" stroke=\"currentColor\" stroke-width=\"2\">\n                      <path stroke-linecap=\"round\" stroke-linejoin=\"round\" d=\"M13.5 4.5L21 12m0 0l-7.5 7.5M21 12H3\"><\/path>\n                    <\/svg>\n                  <\/div>\n                <\/div>\n              <\/article>\n                          <article class=\"em-card\"\n                data-type=\"evenements-locaux-6\"\n                data-features=\"\"\n                data-name=\"le charme du brest d&#039;avant-guerre - quartier de recouvrance\"\n                data-json=\"{&quot;name&quot;:&quot;Le charme du Brest d&#039;Avant-Guerre - Quartier de Recouvrance&quot;,&quot;image&quot;:&quot;&quot;,&quot;link&quot;:&quot;https:\\\/\\\/www.brest-metropole-tourisme.fr\\\/reservation-en-ligne\\\/visites-guidees&quot;,&quot;data&quot;:{&quot;titre&quot;:&quot;Le charme du Brest d&#039;Avant-Guerre - Quartier de Recouvrance&quot;,&quot;description&quot;:&quot;Venez revivre l\\u2019histoire de Recouvrance, un quartier embl\\u00e9matique de Brest avant la guerre et \\u00e0 l\\u2019atmosph\\u00e8re unique. Cette visite guid\\u00e9e vous invite \\u00e0 explorer l\\u2019histoire de ses habitants, les c\\u00e9l\\u00e8bres \\u00ab Yannicks \\u00bb, et \\u00e0 ressentir l\\u2019ambiance typique de ce lieu \\u00e9pargn\\u00e9 par les bombardements.\\n\\nVotre guide vous conduira de la plus ancienne rue de Brest au Plateau des Capucins, vous racontant des anecdotes de la vie quotidienne \\u00e0 une \\u00e9poque o\\u00f9 ce quartier bouillonnait d\\u2019activit\\u00e9. Vous comprendrez mieux la m\\u00e9moire et l\\u2019identit\\u00e9 de Brest \\u00e0 travers les yeux de ses habitants d\\u2019avant-guerre.\\n\\nInformations pratiques :\\nDur\\u00e9e 2h.\\nD\\u00e9nivel\\u00e9 important.\\nSur r\\u00e9servation aupr\\u00e8s de l&#039;Office de Tourisme Brest en vue, par t\\u00e9l\\u00e9phone, au guichet ou en ligne. \\nNombre de place limit\\u00e9. \\n\\nL\\u2019Office de Tourisme Brest en vue se r\\u00e9serve le droit d\\u2019annuler la visite si le nombre minimum de participants (5 personnes) n&#039;est pas atteint, ou en cas de mauvaises conditions m\\u00e9t\\u00e9orologiques.&quot;,&quot;categorie&quot;:&quot;En famille&quot;,&quot;ville&quot;:&quot;Brest&quot;,&quot;code_postal&quot;:&quot;29200&quot;,&quot;name&quot;:&quot;Le charme du Brest d&#039;Avant-Guerre - Quartier de Recouvrance&quot;,&quot;latitude&quot;:&quot;48.3832400&quot;,&quot;longitude&quot;:&quot;-4.4975200&quot;,&quot;link&quot;:&quot;https:\\\/\\\/www.brest-metropole-tourisme.fr\\\/reservation-en-ligne\\\/visites-guidees&quot;},&quot;category&quot;:&quot;\\u00c9v\\u00e9nements locaux&quot;,&quot;faq&quot;:[],&quot;event&quot;:&quot;Du 28\\\/08\\\/2026 \\u00e0 15:00 au 28\\\/08\\\/2026 \\u00e0 23:59&quot;,&quot;video_url&quot;:&quot;&quot;,&quot;video_embed&quot;:null,&quot;documents&quot;:[],&quot;gallery&quot;:[]}\">\n\n                <!-- Image + badge cat\u00e9gorie -->\n                <div class=\"em-card-img-wrap\">\n                                      <div class=\"em-card-placeholder\">\ud83d\udcf7 Pas d'image<\/div>\n                                    <span class=\"em-card-badge badge-default\">\u00c9v\u00e9nements locaux<\/span>\n                <\/div>\n\n                <!-- Contenu de la card -->\n                <div class=\"em-card-body\">\n                  <h3 class=\"em-card-title\">Le charme du Brest d&#039;Avant-Guerre - Quartier de Recouvrance<\/h3>\n\n                  <!-- Tags r\u00e9sum\u00e9s (max 4) -->\n                  <div class=\"em-card-tags\">\n                                                          <\/div>\n\n                  <!-- Champs suppl\u00e9mentaires (max 3) -->\n                  <div class=\"em-card-fields\">\n                                          <div class=\"em-card-field\">\n                        <span class=\"em-card-field-label\">Titre :<\/span>\n                        <span class=\"em-card-field-value\">Le charme du Brest d&#039;Avant-Guerre - Quartier de Recouvrance<\/span>\n                      <\/div>\n                                          <div class=\"em-card-field\">\n                        <span class=\"em-card-field-label\">Cat\u00e9gorie :<\/span>\n                        <span class=\"em-card-field-value\">En famille<\/span>\n                      <\/div>\n                                          <div class=\"em-card-field\">\n                        <span class=\"em-card-field-label\">Ville :<\/span>\n                        <span class=\"em-card-field-value\">Brest<\/span>\n                      <\/div>\n                                      <\/div>\n\n                  <!-- Lien vers le d\u00e9tail -->\n                  <div class=\"em-card-footer\">\n                    <span>Voir le d\u00e9tail<\/span>\n                    <svg fill=\"none\" viewBox=\"0 0 24 24\" stroke=\"currentColor\" stroke-width=\"2\">\n                      <path stroke-linecap=\"round\" stroke-linejoin=\"round\" d=\"M13.5 4.5L21 12m0 0l-7.5 7.5M21 12H3\"><\/path>\n                    <\/svg>\n                  <\/div>\n                <\/div>\n              <\/article>\n                          <article class=\"em-card\"\n                data-type=\"evenements-locaux-6\"\n                data-features=\"\"\n                data-name=\"exposition fa\u00f1ch rol\"\n                data-json=\"{&quot;name&quot;:&quot;Exposition Fa\\u00f1ch Rol&quot;,&quot;image&quot;:&quot;&quot;,&quot;link&quot;:&quot;&quot;,&quot;data&quot;:{&quot;titre&quot;:&quot;Exposition Fa\\u00f1ch Rol&quot;,&quot;description&quot;:&quot;Exposition Fa\\u00f1ch Rol : cr\\u00e9ations surr\\u00e9alistes\\nOuverture : les jeudis, vendredis et dimanches matin de 9h \\u00e0 12h ou sur RDV.\\n\\nVernissage le vendredi 7 juillet \\u00e0 18h30&quot;,&quot;categorie&quot;:&quot;Expositions&quot;,&quot;ville&quot;:&quot;Plomodiern&quot;,&quot;code_postal&quot;:&quot;29550&quot;,&quot;name&quot;:&quot;Exposition Fa\\u00f1ch Rol&quot;,&quot;latitude&quot;:&quot;48.1815200&quot;,&quot;longitude&quot;:&quot;-4.2324800&quot;},&quot;category&quot;:&quot;\\u00c9v\\u00e9nements locaux&quot;,&quot;faq&quot;:[],&quot;event&quot;:&quot;Du 07\\\/08\\\/2026 au 30\\\/08\\\/2026 \\u00e0 23:59&quot;,&quot;video_url&quot;:&quot;&quot;,&quot;video_embed&quot;:null,&quot;documents&quot;:[],&quot;gallery&quot;:[]}\">\n\n                <!-- Image + badge cat\u00e9gorie -->\n                <div class=\"em-card-img-wrap\">\n                                      <div class=\"em-card-placeholder\">\ud83d\udcf7 Pas d'image<\/div>\n                                    <span class=\"em-card-badge badge-default\">\u00c9v\u00e9nements locaux<\/span>\n                <\/div>\n\n                <!-- Contenu de la card -->\n                <div class=\"em-card-body\">\n                  <h3 class=\"em-card-title\">Exposition Fa\u00f1ch Rol<\/h3>\n\n                  <!-- Tags r\u00e9sum\u00e9s (max 4) -->\n                  <div class=\"em-card-tags\">\n                                                          <\/div>\n\n                  <!-- Champs suppl\u00e9mentaires (max 3) -->\n                  <div class=\"em-card-fields\">\n                                          <div class=\"em-card-field\">\n                        <span class=\"em-card-field-label\">Titre :<\/span>\n                        <span class=\"em-card-field-value\">Exposition Fa\u00f1ch Rol<\/span>\n                      <\/div>\n                                          <div class=\"em-card-field\">\n                        <span class=\"em-card-field-label\">Cat\u00e9gorie :<\/span>\n                        <span class=\"em-card-field-value\">Expositions<\/span>\n                      <\/div>\n                                          <div class=\"em-card-field\">\n                        <span class=\"em-card-field-label\">Ville :<\/span>\n                        <span class=\"em-card-field-value\">Plomodiern<\/span>\n                      <\/div>\n                                      <\/div>\n\n                  <!-- Lien vers le d\u00e9tail -->\n                  <div class=\"em-card-footer\">\n                    <span>Voir le d\u00e9tail<\/span>\n                    <svg fill=\"none\" viewBox=\"0 0 24 24\" stroke=\"currentColor\" stroke-width=\"2\">\n                      <path stroke-linecap=\"round\" stroke-linejoin=\"round\" d=\"M13.5 4.5L21 12m0 0l-7.5 7.5M21 12H3\"><\/path>\n                    <\/svg>\n                  <\/div>\n                <\/div>\n              <\/article>\n                          <article class=\"em-card\"\n                data-type=\"evenements-locaux-6\"\n                data-features=\"\"\n                data-name=\"d\u00e9couverte des oiseaux du littoral\"\n                data-json=\"{&quot;name&quot;:&quot;D\\u00e9couverte des oiseaux du littoral&quot;,&quot;image&quot;:&quot;&quot;,&quot;link&quot;:&quot;http:\\\/\\\/terredecume.fr\\\/&quot;,&quot;data&quot;:{&quot;titre&quot;:&quot;D\\u00e9couverte des oiseaux du littoral&quot;,&quot;description&quot;:&quot;Sortie nature et balade ornithologique : d\\u00e9couverte et observation des oiseaux du littoral du pays d\\u2019Iroise. \\nLa ria du Conquet est un sanctuaire pour les oiseaux du littoral. Au rythme des saisons et des mar\\u00e9es, les esp\\u00e8ces se relaient pour notre plus grand bonheur. La plupart ont les pieds dans l&#039;eau, les autres font trempette et si vous levez la t\\u00eate, c&#039;est encore la f\\u00eate !\\n\\nTendez l\\u2019oreille et venez d\\u00e9couvrir les richesses naturelles du Finist\\u00e8re. Peut-\\u00eatre y a-t-il un rouge-gorge sur votre droite, un go\\u00e9land au-dessus de votre t\\u00eate filant dans les courants d\\u2019air ? \\n\\nLe long du sentier c\\u00f4tier, nous cherchons les esp\\u00e8ces cach\\u00e9es entre les rochers ou dans l\\u2019\\u00e9cume des vagues. Nous apprenons \\u00e0 les identifier et nous \\u00e9coutons leur chant.\\n\\nSorties au d\\u00e9part de la ria du Conquet tous les mardis matin \\u00e0 9 h. Des sorties sur d&#039;autres sites sont pr\\u00e9vues dans la semaine, n&#039;h\\u00e9sitez pas \\u00e0 nous contacter.\\nAdapt\\u00e9 aux enfants. Tarif enfant jusqu&#039;\\u00e0 9 ans inclus.\\nR\\u00e9servation en ligne.\\n\\nLes randonn\\u00e9es et balades nature propos\\u00e9es par Terre d&#039;\\u00c9cume sont accessibles \\u00e0 tous (de 16 \\u00e0 99 ans), la difficult\\u00e9 des circuits (distance, d\\u00e9nivel\\u00e9 et rythme de marche) est adapt\\u00e9e \\u00e0 chacun.\\nAcc\\u00e8s PMR et difficult\\u00e9 \\u00e0 se mouvoir (b\\u00e9quilles, ...)\\u00a0: circuits disponibles sur demande.&quot;,&quot;categorie&quot;:&quot;En famille&quot;,&quot;ville&quot;:&quot;Le Conquet&quot;,&quot;code_postal&quot;:&quot;29217&quot;,&quot;name&quot;:&quot;D\\u00e9couverte des oiseaux du littoral&quot;,&quot;latitude&quot;:&quot;48.3513213&quot;,&quot;longitude&quot;:&quot;-4.7392891&quot;,&quot;link&quot;:&quot;http:\\\/\\\/terredecume.fr\\\/&quot;},&quot;category&quot;:&quot;\\u00c9v\\u00e9nements locaux&quot;,&quot;faq&quot;:[],&quot;event&quot;:&quot;Du 25\\\/08\\\/2026 \\u00e0 09:00 au 25\\\/08\\\/2026 \\u00e0 23:59&quot;,&quot;video_url&quot;:&quot;&quot;,&quot;video_embed&quot;:null,&quot;documents&quot;:[],&quot;gallery&quot;:[]}\">\n\n                <!-- Image + badge cat\u00e9gorie -->\n                <div class=\"em-card-img-wrap\">\n                                      <div class=\"em-card-placeholder\">\ud83d\udcf7 Pas d'image<\/div>\n                                    <span class=\"em-card-badge badge-default\">\u00c9v\u00e9nements locaux<\/span>\n                <\/div>\n\n                <!-- Contenu de la card -->\n                <div class=\"em-card-body\">\n                  <h3 class=\"em-card-title\">D\u00e9couverte des oiseaux du littoral<\/h3>\n\n                  <!-- Tags r\u00e9sum\u00e9s (max 4) -->\n                  <div class=\"em-card-tags\">\n                                                          <\/div>\n\n                  <!-- Champs suppl\u00e9mentaires (max 3) -->\n                  <div class=\"em-card-fields\">\n                                          <div class=\"em-card-field\">\n                        <span class=\"em-card-field-label\">Titre :<\/span>\n                        <span class=\"em-card-field-value\">D\u00e9couverte des oiseaux du littoral<\/span>\n                      <\/div>\n                                          <div class=\"em-card-field\">\n                        <span class=\"em-card-field-label\">Cat\u00e9gorie :<\/span>\n                        <span class=\"em-card-field-value\">En famille<\/span>\n                      <\/div>\n                                          <div class=\"em-card-field\">\n                        <span class=\"em-card-field-label\">Ville :<\/span>\n                        <span class=\"em-card-field-value\">Le Conquet<\/span>\n                      <\/div>\n                                      <\/div>\n\n                  <!-- Lien vers le d\u00e9tail -->\n                  <div class=\"em-card-footer\">\n                    <span>Voir le d\u00e9tail<\/span>\n                    <svg fill=\"none\" viewBox=\"0 0 24 24\" stroke=\"currentColor\" stroke-width=\"2\">\n                      <path stroke-linecap=\"round\" stroke-linejoin=\"round\" d=\"M13.5 4.5L21 12m0 0l-7.5 7.5M21 12H3\"><\/path>\n                    <\/svg>\n                  <\/div>\n                <\/div>\n              <\/article>\n                          <article class=\"em-card\"\n                data-type=\"evenements-locaux-6\"\n                data-features=\"\"\n                data-name=\"balade m\u00e9ditative dans le parc marin direction l&#039;\u00eele de qu\u00e9m\u00e9n\u00e8s\"\n                data-json=\"{&quot;name&quot;:&quot;Balade m\\u00e9ditative dans le Parc marin direction l&#039;\\u00eele de Qu\\u00e9m\\u00e9n\\u00e8s&quot;,&quot;image&quot;:&quot;&quot;,&quot;link&quot;:&quot;http:\\\/\\\/terredecume.fr\\\/&quot;,&quot;data&quot;:{&quot;titre&quot;:&quot;Balade m\\u00e9ditative dans le Parc marin direction l&#039;\\u00eele de Qu\\u00e9m\\u00e9n\\u00e8s&quot;,&quot;description&quot;:&quot;Partez \\u00e0 la d\\u00e9couverte des \\u00eeles du parc marin d&#039;Iroise lors d&#039;une balade m\\u00e9ditative. Rejoignez les \\u00eeles sur une vedette confortable, marchez au rythme des vagues et de votre respiration, observez les oiseaux marins et m\\u00e9ditez sur une plage. Une balade unique alliant nature et d\\u00e9connexion.\\n\\nApr\\u00e8s avoir embarqu\\u00e9 au Conquet, \\u00e0 la cale Saint-Christophe, la vedette vous am\\u00e8nera confortablement vers l&#039;\\u00eele de Qu\\u00e9m\\u00e9n\\u00e8s. Au bout d&#039;une vingtaine de minutes vous aborderez les premi\\u00e8res \\u00eeles aux eaux turquoises et d\\u00e9barquerez sur l&#039;une d&#039;elles. Entre respirations gr\\u00e2ce \\u00e0 la marche afghane et m\\u00e9ditations sur la plage, laissez votre esprit divaguer dans ces espaces berc\\u00e9s par les vagues et le vent. Dans le calme ambiant, vous vous laisserez aller \\u00e0 quelques r\\u00eaveries. En chemin, nous  prendrons le temps d&#039;observer les oiseaux end\\u00e9miques de ces terres isol\\u00e9es, un patrimoine naturel unique \\u00e0 d\\u00e9couvrir et qui participera \\u00e0 votre d\\u00e9connexion.\\n\\nCette balade est co-organis\\u00e9e par Balade Parc marin (balade en bateau) et Terre d&#039;\\u00e9cume (Marche afghane, balade ornithologique, randonn\\u00e9e bien-\\u00eatre)\\n\\nPaiement en esp\\u00e8ces ou CB sur le bateau.&quot;,&quot;categorie&quot;:&quot;Sport &amp; randonn\\u00e9e&quot;,&quot;ville&quot;:&quot;Le Conquet&quot;,&quot;code_postal&quot;:&quot;29217&quot;,&quot;name&quot;:&quot;Balade m\\u00e9ditative dans le Parc marin direction l&#039;\\u00eele de Qu\\u00e9m\\u00e9n\\u00e8s&quot;,&quot;latitude&quot;:&quot;48.3602527&quot;,&quot;longitude&quot;:&quot;-4.7778495&quot;,&quot;link&quot;:&quot;http:\\\/\\\/terredecume.fr\\\/&quot;},&quot;category&quot;:&quot;\\u00c9v\\u00e9nements locaux&quot;,&quot;faq&quot;:[],&quot;event&quot;:&quot;Du 09\\\/09\\\/2026 \\u00e0 13:00 au 09\\\/09\\\/2026 \\u00e0 23:59&quot;,&quot;video_url&quot;:&quot;&quot;,&quot;video_embed&quot;:null,&quot;documents&quot;:[],&quot;gallery&quot;:[]}\">\n\n                <!-- Image + badge cat\u00e9gorie -->\n                <div class=\"em-card-img-wrap\">\n                                      <div class=\"em-card-placeholder\">\ud83d\udcf7 Pas d'image<\/div>\n                                    <span class=\"em-card-badge badge-default\">\u00c9v\u00e9nements locaux<\/span>\n                <\/div>\n\n                <!-- Contenu de la card -->\n                <div class=\"em-card-body\">\n                  <h3 class=\"em-card-title\">Balade m\u00e9ditative dans le Parc marin direction l&#039;\u00eele de Qu\u00e9m\u00e9n\u00e8s<\/h3>\n\n                  <!-- Tags r\u00e9sum\u00e9s (max 4) -->\n                  <div class=\"em-card-tags\">\n                                                          <\/div>\n\n                  <!-- Champs suppl\u00e9mentaires (max 3) -->\n                  <div class=\"em-card-fields\">\n                                          <div class=\"em-card-field\">\n                        <span class=\"em-card-field-label\">Titre :<\/span>\n                        <span class=\"em-card-field-value\">Balade m\u00e9ditative dans le Parc marin direction l&#039;\u00eele de Qu\u00e9m<\/span>\n                      <\/div>\n                                          <div class=\"em-card-field\">\n                        <span class=\"em-card-field-label\">Cat\u00e9gorie :<\/span>\n                        <span class=\"em-card-field-value\">Sport &amp; randonn\u00e9e<\/span>\n                      <\/div>\n                                          <div class=\"em-card-field\">\n                        <span class=\"em-card-field-label\">Ville :<\/span>\n                        <span class=\"em-card-field-value\">Le Conquet<\/span>\n                      <\/div>\n                                      <\/div>\n\n                  <!-- Lien vers le d\u00e9tail -->\n                  <div class=\"em-card-footer\">\n                    <span>Voir le d\u00e9tail<\/span>\n                    <svg fill=\"none\" viewBox=\"0 0 24 24\" stroke=\"currentColor\" stroke-width=\"2\">\n                      <path stroke-linecap=\"round\" stroke-linejoin=\"round\" d=\"M13.5 4.5L21 12m0 0l-7.5 7.5M21 12H3\"><\/path>\n                    <\/svg>\n                  <\/div>\n                <\/div>\n              <\/article>\n                          <article class=\"em-card\"\n                data-type=\"evenements-locaux-6\"\n                data-features=\"\"\n                data-name=\"vide greniers de l&#039;association bertheaume\"\n                data-json=\"{&quot;name&quot;:&quot;Vide Greniers de l&#039;association Bertheaume&quot;,&quot;image&quot;:&quot;&quot;,&quot;link&quot;:&quot;https:\\\/\\\/www.facebook.com\\\/associationbertheaume\\\/&quot;,&quot;data&quot;:{&quot;titre&quot;:&quot;Vide Greniers de l&#039;association Bertheaume&quot;,&quot;description&quot;:&quot;80 exposants. Petite restauration rapide sur place. Le fort de Bertheaume sera ouvert \\u00e0 la visite.&quot;,&quot;categorie&quot;:&quot;Brocantes &amp; vide-greniers&quot;,&quot;ville&quot;:&quot;Plougonvelin&quot;,&quot;code_postal&quot;:&quot;29217&quot;,&quot;name&quot;:&quot;Vide Greniers de l&#039;association Bertheaume&quot;,&quot;latitude&quot;:&quot;48.3371047&quot;,&quot;longitude&quot;:&quot;-4.6975136&quot;,&quot;link&quot;:&quot;https:\\\/\\\/www.facebook.com\\\/associationbertheaume\\\/&quot;},&quot;category&quot;:&quot;\\u00c9v\\u00e9nements locaux&quot;,&quot;faq&quot;:[],&quot;event&quot;:&quot;Du 30\\\/08\\\/2026 \\u00e0 09:00 au 30\\\/08\\\/2026 \\u00e0 23:59&quot;,&quot;video_url&quot;:&quot;&quot;,&quot;video_embed&quot;:null,&quot;documents&quot;:[],&quot;gallery&quot;:[]}\">\n\n                <!-- Image + badge cat\u00e9gorie -->\n                <div class=\"em-card-img-wrap\">\n                                      <div class=\"em-card-placeholder\">\ud83d\udcf7 Pas d'image<\/div>\n                                    <span class=\"em-card-badge badge-default\">\u00c9v\u00e9nements locaux<\/span>\n                <\/div>\n\n                <!-- Contenu de la card -->\n                <div class=\"em-card-body\">\n                  <h3 class=\"em-card-title\">Vide Greniers de l&#039;association Bertheaume<\/h3>\n\n                  <!-- Tags r\u00e9sum\u00e9s (max 4) -->\n                  <div class=\"em-card-tags\">\n                                                          <\/div>\n\n                  <!-- Champs suppl\u00e9mentaires (max 3) -->\n                  <div class=\"em-card-fields\">\n                                          <div class=\"em-card-field\">\n                        <span class=\"em-card-field-label\">Titre :<\/span>\n                        <span class=\"em-card-field-value\">Vide Greniers de l&#039;association Bertheaume<\/span>\n                      <\/div>\n                                          <div class=\"em-card-field\">\n                        <span class=\"em-card-field-label\">Cat\u00e9gorie :<\/span>\n                        <span class=\"em-card-field-value\">Brocantes &amp; vide-greniers<\/span>\n                      <\/div>\n                                          <div class=\"em-card-field\">\n                        <span class=\"em-card-field-label\">Ville :<\/span>\n                        <span class=\"em-card-field-value\">Plougonvelin<\/span>\n                      <\/div>\n                                      <\/div>\n\n                  <!-- Lien vers le d\u00e9tail -->\n                  <div class=\"em-card-footer\">\n                    <span>Voir le d\u00e9tail<\/span>\n                    <svg fill=\"none\" viewBox=\"0 0 24 24\" stroke=\"currentColor\" stroke-width=\"2\">\n                      <path stroke-linecap=\"round\" stroke-linejoin=\"round\" d=\"M13.5 4.5L21 12m0 0l-7.5 7.5M21 12H3\"><\/path>\n                    <\/svg>\n                  <\/div>\n                <\/div>\n              <\/article>\n                          <article class=\"em-card\"\n                data-type=\"evenements-locaux-6\"\n                data-features=\"\"\n                data-name=\"visite guid\u00e9e \u00ab\u00a0les rendez-vous de la pointe\u00a0\u00bb\"\n                data-json=\"{&quot;name&quot;:&quot;Visite guid\\u00e9e \\u00ab\\u00a0Les rendez-vous de la Pointe\\u00a0\\u00bb&quot;,&quot;image&quot;:&quot;&quot;,&quot;link&quot;:&quot;https:\\\/\\\/www.toutcommenceenfinistere.com\\\/pointe-du-raz\\\/preparer-sa-visite\\\/&quot;,&quot;data&quot;:{&quot;titre&quot;:&quot;Visite guid\\u00e9e \\u00ab\\u00a0Les rendez-vous de la Pointe\\u00a0\\u00bb&quot;,&quot;description&quot;:&quot;Comprendre un paysage d\\u2019exception, en famille.\\n\\nCette visite guid\\u00e9e invite petits et grands \\u00e0 d\\u00e9couvrir les paysages spectaculaires de la Pointe du Raz et \\u00e0 comprendre ce qui fait la singularit\\u00e9 de ce site embl\\u00e9matique du Finist\\u00e8re. Au fil du parcours, le guide d\\u00e9crypte la formation des falaises, l\\u2019influence des vents et des courants, ainsi que l\\u2019histoire humaine intimement li\\u00e9e \\u00e0 ce bout du monde. Anecdotes, observations et \\u00e9changes rythment la visite, pens\\u00e9e pour \\u00eatre accessible et ludique. Une formule id\\u00e9ale pour une premi\\u00e8re approche du site, \\u00e0 partager en famille, entre terre et mer.\\n\\nD\\u00e9part du s\\u00e9maphore (\\u00e0 800 m du parking) - Dur\\u00e9e 1h&quot;,&quot;categorie&quot;:&quot;Sport &amp; randonn\\u00e9e&quot;,&quot;ville&quot;:&quot;Plogoff&quot;,&quot;code_postal&quot;:&quot;29770&quot;,&quot;name&quot;:&quot;Visite guid\\u00e9e \\u00ab\\u00a0Les rendez-vous de la Pointe\\u00a0\\u00bb&quot;,&quot;latitude&quot;:&quot;48.0408590&quot;,&quot;longitude&quot;:&quot;-4.6709770&quot;,&quot;link&quot;:&quot;https:\\\/\\\/www.toutcommenceenfinistere.com\\\/pointe-du-raz\\\/preparer-sa-visite\\\/&quot;},&quot;category&quot;:&quot;\\u00c9v\\u00e9nements locaux&quot;,&quot;faq&quot;:[],&quot;event&quot;:&quot;Du 01\\\/06\\\/2026 \\u00e0 16:00 au 30\\\/09\\\/2026 \\u00e0 23:59&quot;,&quot;video_url&quot;:&quot;&quot;,&quot;video_embed&quot;:null,&quot;documents&quot;:[],&quot;gallery&quot;:[]}\">\n\n                <!-- Image + badge cat\u00e9gorie -->\n                <div class=\"em-card-img-wrap\">\n                                      <div class=\"em-card-placeholder\">\ud83d\udcf7 Pas d'image<\/div>\n                                    <span class=\"em-card-badge badge-default\">\u00c9v\u00e9nements locaux<\/span>\n                <\/div>\n\n                <!-- Contenu de la card -->\n                <div class=\"em-card-body\">\n                  <h3 class=\"em-card-title\">Visite guid\u00e9e \u00ab\u00a0Les rendez-vous de la Pointe\u00a0\u00bb<\/h3>\n\n                  <!-- Tags r\u00e9sum\u00e9s (max 4) -->\n                  <div class=\"em-card-tags\">\n                                                          <\/div>\n\n                  <!-- Champs suppl\u00e9mentaires (max 3) -->\n                  <div class=\"em-card-fields\">\n                                          <div class=\"em-card-field\">\n                        <span class=\"em-card-field-label\">Titre :<\/span>\n                        <span class=\"em-card-field-value\">Visite guid\u00e9e \u00ab\u00a0Les rendez-vous de la Pointe\u00a0\u00bb<\/span>\n                      <\/div>\n                                          <div class=\"em-card-field\">\n                        <span class=\"em-card-field-label\">Cat\u00e9gorie :<\/span>\n                        <span class=\"em-card-field-value\">Sport &amp; randonn\u00e9e<\/span>\n                      <\/div>\n                                          <div class=\"em-card-field\">\n                        <span class=\"em-card-field-label\">Ville :<\/span>\n                        <span class=\"em-card-field-value\">Plogoff<\/span>\n                      <\/div>\n                                      <\/div>\n\n                  <!-- Lien vers le d\u00e9tail -->\n                  <div class=\"em-card-footer\">\n                    <span>Voir le d\u00e9tail<\/span>\n                    <svg fill=\"none\" viewBox=\"0 0 24 24\" stroke=\"currentColor\" stroke-width=\"2\">\n                      <path stroke-linecap=\"round\" stroke-linejoin=\"round\" d=\"M13.5 4.5L21 12m0 0l-7.5 7.5M21 12H3\"><\/path>\n                    <\/svg>\n                  <\/div>\n                <\/div>\n              <\/article>\n                          <article class=\"em-card\"\n                data-type=\"evenements-locaux-6\"\n                data-features=\"\"\n                data-name=\"le korrigan en f\u00eate\"\n                data-json=\"{&quot;name&quot;:&quot;Le korrigan en f\\u00eate&quot;,&quot;image&quot;:&quot;&quot;,&quot;link&quot;:&quot;&quot;,&quot;data&quot;:{&quot;titre&quot;:&quot;Le korrigan en f\\u00eate&quot;,&quot;description&quot;:&quot;Concert avec la participation \\nDe Chef and the gang, Wakan et Dbird&quot;,&quot;categorie&quot;:&quot;Concerts, musique &amp; festivals&quot;,&quot;ville&quot;:&quot;Crozon&quot;,&quot;code_postal&quot;:&quot;29160&quot;,&quot;name&quot;:&quot;Le korrigan en f\\u00eate&quot;,&quot;latitude&quot;:&quot;48.2387900&quot;,&quot;longitude&quot;:&quot;-4.4620100&quot;},&quot;category&quot;:&quot;\\u00c9v\\u00e9nements locaux&quot;,&quot;faq&quot;:[],&quot;event&quot;:&quot;Du 05\\\/09\\\/2026 \\u00e0 19:00 au 05\\\/09\\\/2026 \\u00e0 23:59&quot;,&quot;video_url&quot;:&quot;&quot;,&quot;video_embed&quot;:null,&quot;documents&quot;:[],&quot;gallery&quot;:[]}\">\n\n                <!-- Image + badge cat\u00e9gorie -->\n                <div class=\"em-card-img-wrap\">\n                                      <div class=\"em-card-placeholder\">\ud83d\udcf7 Pas d'image<\/div>\n                                    <span class=\"em-card-badge badge-default\">\u00c9v\u00e9nements locaux<\/span>\n                <\/div>\n\n                <!-- Contenu de la card -->\n                <div class=\"em-card-body\">\n                  <h3 class=\"em-card-title\">Le korrigan en f\u00eate<\/h3>\n\n                  <!-- Tags r\u00e9sum\u00e9s (max 4) -->\n                  <div class=\"em-card-tags\">\n                                                          <\/div>\n\n                  <!-- Champs suppl\u00e9mentaires (max 3) -->\n                  <div class=\"em-card-fields\">\n                                          <div class=\"em-card-field\">\n                        <span class=\"em-card-field-label\">Titre :<\/span>\n                        <span class=\"em-card-field-value\">Le korrigan en f\u00eate<\/span>\n                      <\/div>\n                                          <div class=\"em-card-field\">\n                        <span class=\"em-card-field-label\">Cat\u00e9gorie :<\/span>\n                        <span class=\"em-card-field-value\">Concerts, musique &amp; festivals<\/span>\n                      <\/div>\n                                          <div class=\"em-card-field\">\n                        <span class=\"em-card-field-label\">Ville :<\/span>\n                        <span class=\"em-card-field-value\">Crozon<\/span>\n                      <\/div>\n                                      <\/div>\n\n                  <!-- Lien vers le d\u00e9tail -->\n                  <div class=\"em-card-footer\">\n                    <span>Voir le d\u00e9tail<\/span>\n                    <svg fill=\"none\" viewBox=\"0 0 24 24\" stroke=\"currentColor\" stroke-width=\"2\">\n                      <path stroke-linecap=\"round\" stroke-linejoin=\"round\" d=\"M13.5 4.5L21 12m0 0l-7.5 7.5M21 12H3\"><\/path>\n                    <\/svg>\n                  <\/div>\n                <\/div>\n              <\/article>\n                          <article class=\"em-card\"\n                data-type=\"evenements-locaux-6\"\n                data-features=\"\"\n                data-name=\"semaine des d\u00e9couvertes gourmandes\"\n                data-json=\"{&quot;name&quot;:&quot;Semaine des d\\u00e9couvertes gourmandes&quot;,&quot;image&quot;:&quot;&quot;,&quot;link&quot;:&quot;https:\\\/\\\/fr-fr.facebook.com\\\/mairiePlougastelDaoulas\\\/&quot;,&quot;data&quot;:{&quot;titre&quot;:&quot;Semaine des d\\u00e9couvertes gourmandes&quot;,&quot;description&quot;:&quot;La 3\\u00e8me semaine des d\\u00e9couvertes gourmande \\u00e0 Plougastel aura lieu du 24 au 30 ao\\u00fbt 2026\\n\\nDurant cette semaine, les \\u00e9tablissements de restauration proposeront, en plus de leur carte habituelle, un plat, une boisson r\\u00e9alis\\u00e9-e \\u00e0 partir de produits locaux.&quot;,&quot;categorie&quot;:&quot;Autres \\u00e9v\\u00e9nements&quot;,&quot;ville&quot;:&quot;Plougastel-Daoulas&quot;,&quot;code_postal&quot;:&quot;29470&quot;,&quot;name&quot;:&quot;Semaine des d\\u00e9couvertes gourmandes&quot;,&quot;latitude&quot;:&quot;48.3741020&quot;,&quot;longitude&quot;:&quot;-4.3694140&quot;,&quot;link&quot;:&quot;https:\\\/\\\/fr-fr.facebook.com\\\/mairiePlougastelDaoulas\\\/&quot;},&quot;category&quot;:&quot;\\u00c9v\\u00e9nements locaux&quot;,&quot;faq&quot;:[],&quot;event&quot;:&quot;Du 24\\\/08\\\/2026 au 30\\\/08\\\/2026 \\u00e0 23:59&quot;,&quot;video_url&quot;:&quot;&quot;,&quot;video_embed&quot;:null,&quot;documents&quot;:[],&quot;gallery&quot;:[]}\">\n\n                <!-- Image + badge cat\u00e9gorie -->\n                <div class=\"em-card-img-wrap\">\n                                      <div class=\"em-card-placeholder\">\ud83d\udcf7 Pas d'image<\/div>\n                                    <span class=\"em-card-badge badge-default\">\u00c9v\u00e9nements locaux<\/span>\n                <\/div>\n\n                <!-- Contenu de la card -->\n                <div class=\"em-card-body\">\n                  <h3 class=\"em-card-title\">Semaine des d\u00e9couvertes gourmandes<\/h3>\n\n                  <!-- Tags r\u00e9sum\u00e9s (max 4) -->\n                  <div class=\"em-card-tags\">\n                                                          <\/div>\n\n                  <!-- Champs suppl\u00e9mentaires (max 3) -->\n                  <div class=\"em-card-fields\">\n                                          <div class=\"em-card-field\">\n                        <span class=\"em-card-field-label\">Titre :<\/span>\n                        <span class=\"em-card-field-value\">Semaine des d\u00e9couvertes gourmandes<\/span>\n                      <\/div>\n                                          <div class=\"em-card-field\">\n                        <span class=\"em-card-field-label\">Cat\u00e9gorie :<\/span>\n                        <span class=\"em-card-field-value\">Autres \u00e9v\u00e9nements<\/span>\n                      <\/div>\n                                          <div class=\"em-card-field\">\n                        <span class=\"em-card-field-label\">Ville :<\/span>\n                        <span class=\"em-card-field-value\">Plougastel-Daoulas<\/span>\n                      <\/div>\n                                      <\/div>\n\n                  <!-- Lien vers le d\u00e9tail -->\n                  <div class=\"em-card-footer\">\n                    <span>Voir le d\u00e9tail<\/span>\n                    <svg fill=\"none\" viewBox=\"0 0 24 24\" stroke=\"currentColor\" stroke-width=\"2\">\n                      <path stroke-linecap=\"round\" stroke-linejoin=\"round\" d=\"M13.5 4.5L21 12m0 0l-7.5 7.5M21 12H3\"><\/path>\n                    <\/svg>\n                  <\/div>\n                <\/div>\n              <\/article>\n                          <article class=\"em-card\"\n                data-type=\"evenements-locaux-6\"\n                data-features=\"\"\n                data-name=\"balade en baie d\u2019audierne\"\n                data-json=\"{&quot;name&quot;:&quot;Balade en baie d\\u2019Audierne&quot;,&quot;image&quot;:&quot;&quot;,&quot;link&quot;:&quot;https:\\\/\\\/www.finist-mer.fr\\\/&quot;,&quot;data&quot;:{&quot;titre&quot;:&quot;Balade en baie d\\u2019Audierne&quot;,&quot;description&quot;:&quot;Au d\\u00e9part du port de Ste-Evette, vous longez la c\\u00f4te sauvage du Cap-Sizun et d\\u00e9couvrez des paysages insoup\\u00e7onn\\u00e9s : la chapelle StTugen, l\\u2019Ile aux Vaches, Pors-Loubous, le petit port de Bestr\\u00e9e et la fameuse pointe du Raz.\\nAvant de remettre le cap sur le continent, vous vous approcherez \\u00e9galement de l\\u2019\\u00e9l\\u00e9gant phare de la Vieille.\\n\\nGratuit pour les moins de 4 ans (enregistr\\u00e9s en agence) \\\/ Chien : 4\\u20ac\\n\\nBilletterie disponible aupr\\u00e8s de l&#039;Office de Tourisme \\u00e0 Audierne.&quot;,&quot;categorie&quot;:&quot;Autres \\u00e9v\\u00e9nements&quot;,&quot;ville&quot;:&quot;Audierne&quot;,&quot;code_postal&quot;:&quot;29770&quot;,&quot;name&quot;:&quot;Balade en baie d\\u2019Audierne&quot;,&quot;latitude&quot;:&quot;48.0060997&quot;,&quot;longitude&quot;:&quot;-4.5553163&quot;,&quot;link&quot;:&quot;https:\\\/\\\/www.finist-mer.fr\\\/&quot;},&quot;category&quot;:&quot;\\u00c9v\\u00e9nements locaux&quot;,&quot;faq&quot;:[],&quot;event&quot;:&quot;Du 31\\\/08\\\/2026 \\u00e0 09:00 au 31\\\/08\\\/2026 \\u00e0 23:59&quot;,&quot;video_url&quot;:&quot;&quot;,&quot;video_embed&quot;:null,&quot;documents&quot;:[],&quot;gallery&quot;:[]}\">\n\n                <!-- Image + badge cat\u00e9gorie -->\n                <div class=\"em-card-img-wrap\">\n                                      <div class=\"em-card-placeholder\">\ud83d\udcf7 Pas d'image<\/div>\n                                    <span class=\"em-card-badge badge-default\">\u00c9v\u00e9nements locaux<\/span>\n                <\/div>\n\n                <!-- Contenu de la card -->\n                <div class=\"em-card-body\">\n                  <h3 class=\"em-card-title\">Balade en baie d\u2019Audierne<\/h3>\n\n                  <!-- Tags r\u00e9sum\u00e9s (max 4) -->\n                  <div class=\"em-card-tags\">\n                                                          <\/div>\n\n                  <!-- Champs suppl\u00e9mentaires (max 3) -->\n                  <div class=\"em-card-fields\">\n                                          <div class=\"em-card-field\">\n                        <span class=\"em-card-field-label\">Titre :<\/span>\n                        <span class=\"em-card-field-value\">Balade en baie d\u2019Audierne<\/span>\n                      <\/div>\n                                          <div class=\"em-card-field\">\n                        <span class=\"em-card-field-label\">Cat\u00e9gorie :<\/span>\n                        <span class=\"em-card-field-value\">Autres \u00e9v\u00e9nements<\/span>\n                      <\/div>\n                                          <div class=\"em-card-field\">\n                        <span class=\"em-card-field-label\">Ville :<\/span>\n                        <span class=\"em-card-field-value\">Audierne<\/span>\n                      <\/div>\n                                      <\/div>\n\n                  <!-- Lien vers le d\u00e9tail -->\n                  <div class=\"em-card-footer\">\n                    <span>Voir le d\u00e9tail<\/span>\n                    <svg fill=\"none\" viewBox=\"0 0 24 24\" stroke=\"currentColor\" stroke-width=\"2\">\n                      <path stroke-linecap=\"round\" stroke-linejoin=\"round\" d=\"M13.5 4.5L21 12m0 0l-7.5 7.5M21 12H3\"><\/path>\n                    <\/svg>\n                  <\/div>\n                <\/div>\n              <\/article>\n                          <article class=\"em-card\"\n                data-type=\"evenements-locaux-6\"\n                data-features=\"\"\n                data-name=\"des tours \u00e0 l&#039;abbaye ?!\"\n                data-json=\"{&quot;name&quot;:&quot;Des tours \\u00e0 l&#039;abbaye ?!&quot;,&quot;image&quot;:&quot;&quot;,&quot;link&quot;:&quot;http:\\\/\\\/www.cdp29.fr\\\/&quot;,&quot;data&quot;:{&quot;titre&quot;:&quot;Des tours \\u00e0 l&#039;abbaye ?!&quot;,&quot;description&quot;:&quot;Au XIII? si\\u00e8cle, l\\u2019abbaye de Land\\u00e9vennec se transforme en v\\u00e9ritable ch\\u00e2teau fort. Tours, douves et pont-levis viennent entourer l\\u2019\\u00e9glise et les b\\u00e2timents monastiques : un changement spectaculaire pour ce lieu de pri\\u00e8re. L\\u2019exposition invite \\u00e0 explorer cette \\u00e9tonnante m\\u00e9tamorphose, entre rivalit\\u00e9s de pouvoir, ambitions, richesses et besoins de protection. Objets arch\\u00e9ologiques, jeux et manipulations rythment le parcours, tandis qu\\u2019une reconstitution num\\u00e9rique en 3D permet de visualiser l\\u2019abbaye telle qu\\u2019elle se dressait au Moyen \\u00c2ge.\\nPetits et grands sont invit\\u00e9s \\u00e0 remonter le temps, \\u00e0 comprendre la vie quotidienne des moines et \\u00e0 d\\u00e9couvrir les secrets d\\u2019une abbaye au c\\u0153ur de l\\u2019histoire bretonne.&quot;,&quot;categorie&quot;:&quot;Expositions&quot;,&quot;ville&quot;:&quot;Land\\u00e9vennec&quot;,&quot;code_postal&quot;:&quot;29560&quot;,&quot;name&quot;:&quot;Des tours \\u00e0 l&#039;abbaye ?!&quot;,&quot;latitude&quot;:&quot;48.2913500&quot;,&quot;longitude&quot;:&quot;-4.2674500&quot;,&quot;link&quot;:&quot;http:\\\/\\\/www.cdp29.fr\\\/&quot;},&quot;category&quot;:&quot;\\u00c9v\\u00e9nements locaux&quot;,&quot;faq&quot;:[],&quot;event&quot;:&quot;Du 04\\\/07\\\/2026 \\u00e0 10:30 au 01\\\/11\\\/2026 \\u00e0 23:59&quot;,&quot;video_url&quot;:&quot;&quot;,&quot;video_embed&quot;:null,&quot;documents&quot;:[],&quot;gallery&quot;:[]}\">\n\n                <!-- Image + badge cat\u00e9gorie -->\n                <div class=\"em-card-img-wrap\">\n                                      <div class=\"em-card-placeholder\">\ud83d\udcf7 Pas d'image<\/div>\n                                    <span class=\"em-card-badge badge-default\">\u00c9v\u00e9nements locaux<\/span>\n                <\/div>\n\n                <!-- Contenu de la card -->\n                <div class=\"em-card-body\">\n                  <h3 class=\"em-card-title\">Des tours \u00e0 l&#039;abbaye ?!<\/h3>\n\n                  <!-- Tags r\u00e9sum\u00e9s (max 4) -->\n                  <div class=\"em-card-tags\">\n                                                          <\/div>\n\n                  <!-- Champs suppl\u00e9mentaires (max 3) -->\n                  <div class=\"em-card-fields\">\n                                          <div class=\"em-card-field\">\n                        <span class=\"em-card-field-label\">Titre :<\/span>\n                        <span class=\"em-card-field-value\">Des tours \u00e0 l&#039;abbaye ?!<\/span>\n                      <\/div>\n                                          <div class=\"em-card-field\">\n                        <span class=\"em-card-field-label\">Cat\u00e9gorie :<\/span>\n                        <span class=\"em-card-field-value\">Expositions<\/span>\n                      <\/div>\n                                          <div class=\"em-card-field\">\n                        <span class=\"em-card-field-label\">Ville :<\/span>\n                        <span class=\"em-card-field-value\">Land\u00e9vennec<\/span>\n                      <\/div>\n                                      <\/div>\n\n                  <!-- Lien vers le d\u00e9tail -->\n                  <div class=\"em-card-footer\">\n                    <span>Voir le d\u00e9tail<\/span>\n                    <svg fill=\"none\" viewBox=\"0 0 24 24\" stroke=\"currentColor\" stroke-width=\"2\">\n                      <path stroke-linecap=\"round\" stroke-linejoin=\"round\" d=\"M13.5 4.5L21 12m0 0l-7.5 7.5M21 12H3\"><\/path>\n                    <\/svg>\n                  <\/div>\n                <\/div>\n              <\/article>\n                          <article class=\"em-card\"\n                data-type=\"evenements-locaux-6\"\n                data-features=\"\"\n                data-name=\"les dimanches \u00e0 oc\u00e9&#039;\u00e2ne\"\n                data-json=\"{&quot;name&quot;:&quot;Les dimanches \\u00e0 Oc\\u00e9&#039;\\u00e2ne&quot;,&quot;image&quot;:&quot;&quot;,&quot;link&quot;:&quot;https:\\\/\\\/www.oceane-crozon.net\\\/index2.html&quot;,&quot;data&quot;:{&quot;titre&quot;:&quot;Les dimanches \\u00e0 Oc\\u00e9&#039;\\u00e2ne&quot;,&quot;description&quot;:&quot;Programme :\\n\\n14h-15h30 : Ateliers artistiques et nature\\n\\nA partir de 16h : Visite libre de la ferme de Kera\\u00ebl et go\\u00fbter cr\\u00eapes\\n\\n18h30 - 19h30 : Initiation \\u00e0 la danse Bretonne\\n\\nInterlude repas partag\\u00e9\\n\\n20h-21h30 : Mini Fest Noz&quot;,&quot;categorie&quot;:&quot;En famille&quot;,&quot;ville&quot;:&quot;Lanv\\u00e9oc&quot;,&quot;code_postal&quot;:&quot;29160&quot;,&quot;name&quot;:&quot;Les dimanches \\u00e0 Oc\\u00e9&#039;\\u00e2ne&quot;,&quot;latitude&quot;:&quot;48.2718800&quot;,&quot;longitude&quot;:&quot;-4.4225800&quot;,&quot;link&quot;:&quot;https:\\\/\\\/www.oceane-crozon.net\\\/index2.html&quot;},&quot;category&quot;:&quot;\\u00c9v\\u00e9nements locaux&quot;,&quot;faq&quot;:[],&quot;event&quot;:&quot;Du 30\\\/08\\\/2026 \\u00e0 14:00 au 30\\\/08\\\/2026 \\u00e0 23:59&quot;,&quot;video_url&quot;:&quot;&quot;,&quot;video_embed&quot;:null,&quot;documents&quot;:[],&quot;gallery&quot;:[]}\">\n\n                <!-- Image + badge cat\u00e9gorie -->\n                <div class=\"em-card-img-wrap\">\n                                      <div class=\"em-card-placeholder\">\ud83d\udcf7 Pas d'image<\/div>\n                                    <span class=\"em-card-badge badge-default\">\u00c9v\u00e9nements locaux<\/span>\n                <\/div>\n\n                <!-- Contenu de la card -->\n                <div class=\"em-card-body\">\n                  <h3 class=\"em-card-title\">Les dimanches \u00e0 Oc\u00e9&#039;\u00e2ne<\/h3>\n\n                  <!-- Tags r\u00e9sum\u00e9s (max 4) -->\n                  <div class=\"em-card-tags\">\n                                                          <\/div>\n\n                  <!-- Champs suppl\u00e9mentaires (max 3) -->\n                  <div class=\"em-card-fields\">\n                                          <div class=\"em-card-field\">\n                        <span class=\"em-card-field-label\">Titre :<\/span>\n                        <span class=\"em-card-field-value\">Les dimanches \u00e0 Oc\u00e9&#039;\u00e2ne<\/span>\n                      <\/div>\n                                          <div class=\"em-card-field\">\n                        <span class=\"em-card-field-label\">Cat\u00e9gorie :<\/span>\n                        <span class=\"em-card-field-value\">En famille<\/span>\n                      <\/div>\n                                          <div class=\"em-card-field\">\n                        <span class=\"em-card-field-label\">Ville :<\/span>\n                        <span class=\"em-card-field-value\">Lanv\u00e9oc<\/span>\n                      <\/div>\n                                      <\/div>\n\n                  <!-- Lien vers le d\u00e9tail -->\n                  <div class=\"em-card-footer\">\n                    <span>Voir le d\u00e9tail<\/span>\n                    <svg fill=\"none\" viewBox=\"0 0 24 24\" stroke=\"currentColor\" stroke-width=\"2\">\n                      <path stroke-linecap=\"round\" stroke-linejoin=\"round\" d=\"M13.5 4.5L21 12m0 0l-7.5 7.5M21 12H3\"><\/path>\n                    <\/svg>\n                  <\/div>\n                <\/div>\n              <\/article>\n                          <article class=\"em-card\"\n                data-type=\"evenements-locaux-6\"\n                data-features=\"\"\n                data-name=\"exposition des aquarelles de fred p.\"\n                data-json=\"{&quot;name&quot;:&quot;Exposition des Aquarelles de Fred P.&quot;,&quot;image&quot;:&quot;&quot;,&quot;link&quot;:&quot;http:\\\/\\\/www.pont-croix-photo.fr\\\/&quot;,&quot;data&quot;:{&quot;titre&quot;:&quot;Exposition des Aquarelles de Fred P.&quot;,&quot;description&quot;:&quot;Exposition de Fred P. \\u00e0 l&#039;Atelier d&#039;Images \\u00e0 Pont-Croix\\nLa Bretagne et le Cap-Sizun y sont \\u00e0 l\\u2019honneur : paysages breton, faune, flore et l\\u00e9gendes locales, venez d\\u00e9couvrir l\\u2019univers onirique de Fred P. et de ses aquarelles en pr\\u00e9sence de l&#039;artiste.\\n\\nVernissage le vendredi 7 ao\\u00fbt \\u00e0 partir de 18h30.\\n\\nEntr\\u00e9e libre&quot;,&quot;categorie&quot;:&quot;Expositions&quot;,&quot;ville&quot;:&quot;Pont-Croix&quot;,&quot;code_postal&quot;:&quot;29790&quot;,&quot;name&quot;:&quot;Exposition des Aquarelles de Fred P.&quot;,&quot;latitude&quot;:&quot;48.0411700&quot;,&quot;longitude&quot;:&quot;-4.4873830&quot;,&quot;link&quot;:&quot;http:\\\/\\\/www.pont-croix-photo.fr\\\/&quot;},&quot;category&quot;:&quot;\\u00c9v\\u00e9nements locaux&quot;,&quot;faq&quot;:[],&quot;event&quot;:&quot;Du 07\\\/08\\\/2026 au 29\\\/08\\\/2026 \\u00e0 23:59&quot;,&quot;video_url&quot;:&quot;&quot;,&quot;video_embed&quot;:null,&quot;documents&quot;:[],&quot;gallery&quot;:[]}\">\n\n                <!-- Image + badge cat\u00e9gorie -->\n                <div class=\"em-card-img-wrap\">\n                                      <div class=\"em-card-placeholder\">\ud83d\udcf7 Pas d'image<\/div>\n                                    <span class=\"em-card-badge badge-default\">\u00c9v\u00e9nements locaux<\/span>\n                <\/div>\n\n                <!-- Contenu de la card -->\n                <div class=\"em-card-body\">\n                  <h3 class=\"em-card-title\">Exposition des Aquarelles de Fred P.<\/h3>\n\n                  <!-- Tags r\u00e9sum\u00e9s (max 4) -->\n                  <div class=\"em-card-tags\">\n                                                          <\/div>\n\n                  <!-- Champs suppl\u00e9mentaires (max 3) -->\n                  <div class=\"em-card-fields\">\n                                          <div class=\"em-card-field\">\n                        <span class=\"em-card-field-label\">Titre :<\/span>\n                        <span class=\"em-card-field-value\">Exposition des Aquarelles de Fred P.<\/span>\n                      <\/div>\n                                          <div class=\"em-card-field\">\n                        <span class=\"em-card-field-label\">Cat\u00e9gorie :<\/span>\n                        <span class=\"em-card-field-value\">Expositions<\/span>\n                      <\/div>\n                                          <div class=\"em-card-field\">\n                        <span class=\"em-card-field-label\">Ville :<\/span>\n                        <span class=\"em-card-field-value\">Pont-Croix<\/span>\n                      <\/div>\n                                      <\/div>\n\n                  <!-- Lien vers le d\u00e9tail -->\n                  <div class=\"em-card-footer\">\n                    <span>Voir le d\u00e9tail<\/span>\n                    <svg fill=\"none\" viewBox=\"0 0 24 24\" stroke=\"currentColor\" stroke-width=\"2\">\n                      <path stroke-linecap=\"round\" stroke-linejoin=\"round\" d=\"M13.5 4.5L21 12m0 0l-7.5 7.5M21 12H3\"><\/path>\n                    <\/svg>\n                  <\/div>\n                <\/div>\n              <\/article>\n                          <article class=\"em-card\"\n                data-type=\"evenements-locaux-6\"\n                data-features=\"\"\n                data-name=\"activit\u00e9 echecs\"\n                data-json=\"{&quot;name&quot;:&quot;Activit\\u00e9 Echecs&quot;,&quot;image&quot;:&quot;&quot;,&quot;link&quot;:&quot;https:\\\/\\\/www.lapointe-emmaus.bzh\\\/&quot;,&quot;data&quot;:{&quot;titre&quot;:&quot;Activit\\u00e9 Echecs&quot;,&quot;description&quot;:&quot;Tous les derniers mercredis du mois, activit\\u00e9 ouverte \\u00e0 toutes et tous, de tous les \\u00e2ges !&quot;,&quot;categorie&quot;:&quot;En famille&quot;,&quot;ville&quot;:&quot;Primelin&quot;,&quot;code_postal&quot;:&quot;29770&quot;,&quot;name&quot;:&quot;Activit\\u00e9 Echecs&quot;,&quot;latitude&quot;:&quot;48.0301028&quot;,&quot;longitude&quot;:&quot;-4.6163250&quot;,&quot;link&quot;:&quot;https:\\\/\\\/www.lapointe-emmaus.bzh\\\/&quot;},&quot;category&quot;:&quot;\\u00c9v\\u00e9nements locaux&quot;,&quot;faq&quot;:[],&quot;event&quot;:&quot;Du 01\\\/02\\\/2026 \\u00e0 14:30 au 31\\\/01\\\/2027 \\u00e0 23:59&quot;,&quot;video_url&quot;:&quot;&quot;,&quot;video_embed&quot;:null,&quot;documents&quot;:[],&quot;gallery&quot;:[]}\">\n\n                <!-- Image + badge cat\u00e9gorie -->\n                <div class=\"em-card-img-wrap\">\n                                      <div class=\"em-card-placeholder\">\ud83d\udcf7 Pas d'image<\/div>\n                                    <span class=\"em-card-badge badge-default\">\u00c9v\u00e9nements locaux<\/span>\n                <\/div>\n\n                <!-- Contenu de la card -->\n                <div class=\"em-card-body\">\n                  <h3 class=\"em-card-title\">Activit\u00e9 Echecs<\/h3>\n\n                  <!-- Tags r\u00e9sum\u00e9s (max 4) -->\n                  <div class=\"em-card-tags\">\n                                                          <\/div>\n\n                  <!-- Champs suppl\u00e9mentaires (max 3) -->\n                  <div class=\"em-card-fields\">\n                                          <div class=\"em-card-field\">\n                        <span class=\"em-card-field-label\">Titre :<\/span>\n                        <span class=\"em-card-field-value\">Activit\u00e9 Echecs<\/span>\n                      <\/div>\n                                          <div class=\"em-card-field\">\n                        <span class=\"em-card-field-label\">Cat\u00e9gorie :<\/span>\n                        <span class=\"em-card-field-value\">En famille<\/span>\n                      <\/div>\n                                          <div class=\"em-card-field\">\n                        <span class=\"em-card-field-label\">Ville :<\/span>\n                        <span class=\"em-card-field-value\">Primelin<\/span>\n                      <\/div>\n                                      <\/div>\n\n                  <!-- Lien vers le d\u00e9tail -->\n                  <div class=\"em-card-footer\">\n                    <span>Voir le d\u00e9tail<\/span>\n                    <svg fill=\"none\" viewBox=\"0 0 24 24\" stroke=\"currentColor\" stroke-width=\"2\">\n                      <path stroke-linecap=\"round\" stroke-linejoin=\"round\" d=\"M13.5 4.5L21 12m0 0l-7.5 7.5M21 12H3\"><\/path>\n                    <\/svg>\n                  <\/div>\n                <\/div>\n              <\/article>\n                          <article class=\"em-card\"\n                data-type=\"evenements-locaux-6\"\n                data-features=\"\"\n                data-name=\"visite guid\u00e9e du moulin \u00e0 vent de luz\u00e9oc - telgruc-sur-mer\"\n                data-json=\"{&quot;name&quot;:&quot;Visite guid\\u00e9e du moulin \\u00e0 vent de Luz\\u00e9oc - Telgruc-sur-Mer&quot;,&quot;image&quot;:&quot;&quot;,&quot;link&quot;:&quot;&quot;,&quot;data&quot;:{&quot;titre&quot;:&quot;Visite guid\\u00e9e du moulin \\u00e0 vent de Luz\\u00e9oc - Telgruc-sur-Mer&quot;,&quot;description&quot;:&quot;Visites guid\\u00e9es assur\\u00e9es par les b\\u00e9n\\u00e9voles de l&#039;association EIOST\\nDerni\\u00e8re entr\\u00e9e : 17 h 30&quot;,&quot;categorie&quot;:&quot;Autres \\u00e9v\\u00e9nements&quot;,&quot;ville&quot;:&quot;Telgruc-sur-Mer&quot;,&quot;code_postal&quot;:&quot;29560&quot;,&quot;name&quot;:&quot;Visite guid\\u00e9e du moulin \\u00e0 vent de Luz\\u00e9oc - Telgruc-sur-Mer&quot;,&quot;latitude&quot;:&quot;48.2203300&quot;,&quot;longitude&quot;:&quot;-4.3686500&quot;},&quot;category&quot;:&quot;\\u00c9v\\u00e9nements locaux&quot;,&quot;faq&quot;:[],&quot;event&quot;:&quot;Du 05\\\/09\\\/2026 \\u00e0 16:00 au 05\\\/09\\\/2026 \\u00e0 23:59&quot;,&quot;video_url&quot;:&quot;&quot;,&quot;video_embed&quot;:null,&quot;documents&quot;:[],&quot;gallery&quot;:[]}\">\n\n                <!-- Image + badge cat\u00e9gorie -->\n                <div class=\"em-card-img-wrap\">\n                                      <div class=\"em-card-placeholder\">\ud83d\udcf7 Pas d'image<\/div>\n                                    <span class=\"em-card-badge badge-default\">\u00c9v\u00e9nements locaux<\/span>\n                <\/div>\n\n                <!-- Contenu de la card -->\n                <div class=\"em-card-body\">\n                  <h3 class=\"em-card-title\">Visite guid\u00e9e du moulin \u00e0 vent de Luz\u00e9oc - Telgruc-sur-Mer<\/h3>\n\n                  <!-- Tags r\u00e9sum\u00e9s (max 4) -->\n                  <div class=\"em-card-tags\">\n                                                          <\/div>\n\n                  <!-- Champs suppl\u00e9mentaires (max 3) -->\n                  <div class=\"em-card-fields\">\n                                          <div class=\"em-card-field\">\n                        <span class=\"em-card-field-label\">Titre :<\/span>\n                        <span class=\"em-card-field-value\">Visite guid\u00e9e du moulin \u00e0 vent de Luz\u00e9oc - Telgruc-sur-Mer<\/span>\n                      <\/div>\n                                          <div class=\"em-card-field\">\n                        <span class=\"em-card-field-label\">Cat\u00e9gorie :<\/span>\n                        <span class=\"em-card-field-value\">Autres \u00e9v\u00e9nements<\/span>\n                      <\/div>\n                                          <div class=\"em-card-field\">\n                        <span class=\"em-card-field-label\">Ville :<\/span>\n                        <span class=\"em-card-field-value\">Telgruc-sur-Mer<\/span>\n                      <\/div>\n                                      <\/div>\n\n                  <!-- Lien vers le d\u00e9tail -->\n                  <div class=\"em-card-footer\">\n                    <span>Voir le d\u00e9tail<\/span>\n                    <svg fill=\"none\" viewBox=\"0 0 24 24\" stroke=\"currentColor\" stroke-width=\"2\">\n                      <path stroke-linecap=\"round\" stroke-linejoin=\"round\" d=\"M13.5 4.5L21 12m0 0l-7.5 7.5M21 12H3\"><\/path>\n                    <\/svg>\n                  <\/div>\n                <\/div>\n              <\/article>\n                          <article class=\"em-card\"\n                data-type=\"evenements-locaux-6\"\n                data-features=\"\"\n                data-name=\"visite de la distillerie moby dick\"\n                data-json=\"{&quot;name&quot;:&quot;Visite de la distillerie Moby Dick&quot;,&quot;image&quot;:&quot;&quot;,&quot;link&quot;:&quot;http:\\\/\\\/www.distillerie-mobydick.fr\\\/&quot;,&quot;data&quot;:{&quot;titre&quot;:&quot;Visite de la distillerie Moby Dick&quot;,&quot;description&quot;:&quot;Distillerie artisanale aux m\\u00e9thodes ancestrales, nous fabriquons \\u00e0 l\\u2019ancienne des spiritueux issus de v\\u00e9g\\u00e9taux naturels que nous cultivons ou glanons. Nos cultures de plantes aromatiques et m\\u00e9dicinales, nous permettent d\\u2019\\u00eatre le plus autonome possible dans les v\\u00e9g\\u00e9taux utilis\\u00e9s.\\n\\nDepuis 11ans, nous produisons whisky, gin (m\\u00e9daille d\\u2019argent fran\\u00e7aise), pastis, liqueurs, lambig et eau de vie. \\nNotre gamme \\u00e9volue en fonction de nos envies, de nos cultures, et de notre curiosit\\u00e9, qui nous poussent \\u00e0 cr\\u00e9er, m\\u00e9langer, et tester des associations toujours plus surprenantes.\\n\\nPour cela, nous avons fait le choix de travailler avec de beaux alambics en cuivre, et pratiquons la distillation \\u00e0 repasse. Une vieille m\\u00e9thode permettant une distillation tr\\u00e8s lente, et ainsi une pr\\u00e9servation de toutes les saveurs, pour une explosion d\\u2019ar\\u00f4mes en bouche.\\n\\nSi cette belle alchimie vous int\\u00e9resse, nous proposons des visites gratuites, tous les jours \\u00e0 17h00 en Juillet et en Ao\\u00fbt.  Une d\\u00e9gustation gratuite vous sera propos\\u00e9e lors de votre visite.\\n\\nA bient\\u00f4t \\u00e0 Plogoff, sur la route de la Pointe du Raz\\u00a0!&quot;,&quot;categorie&quot;:&quot;Autres \\u00e9v\\u00e9nements&quot;,&quot;ville&quot;:&quot;Plogoff&quot;,&quot;code_postal&quot;:&quot;29770&quot;,&quot;name&quot;:&quot;Visite de la distillerie Moby Dick&quot;,&quot;latitude&quot;:&quot;48.0358755&quot;,&quot;longitude&quot;:&quot;-4.6643866&quot;,&quot;link&quot;:&quot;http:\\\/\\\/www.distillerie-mobydick.fr\\\/&quot;},&quot;category&quot;:&quot;\\u00c9v\\u00e9nements locaux&quot;,&quot;faq&quot;:[],&quot;event&quot;:&quot;Du 04\\\/07\\\/2026 \\u00e0 10:00 au 30\\\/08\\\/2026 \\u00e0 23:59&quot;,&quot;video_url&quot;:&quot;&quot;,&quot;video_embed&quot;:null,&quot;documents&quot;:[],&quot;gallery&quot;:[]}\">\n\n                <!-- Image + badge cat\u00e9gorie -->\n                <div class=\"em-card-img-wrap\">\n                                      <div class=\"em-card-placeholder\">\ud83d\udcf7 Pas d'image<\/div>\n                                    <span class=\"em-card-badge badge-default\">\u00c9v\u00e9nements locaux<\/span>\n                <\/div>\n\n                <!-- Contenu de la card -->\n                <div class=\"em-card-body\">\n                  <h3 class=\"em-card-title\">Visite de la distillerie Moby Dick<\/h3>\n\n                  <!-- Tags r\u00e9sum\u00e9s (max 4) -->\n                  <div class=\"em-card-tags\">\n                                                          <\/div>\n\n                  <!-- Champs suppl\u00e9mentaires (max 3) -->\n                  <div class=\"em-card-fields\">\n                                          <div class=\"em-card-field\">\n                        <span class=\"em-card-field-label\">Titre :<\/span>\n                        <span class=\"em-card-field-value\">Visite de la distillerie Moby Dick<\/span>\n                      <\/div>\n                                          <div class=\"em-card-field\">\n                        <span class=\"em-card-field-label\">Cat\u00e9gorie :<\/span>\n                        <span class=\"em-card-field-value\">Autres \u00e9v\u00e9nements<\/span>\n                      <\/div>\n                                          <div class=\"em-card-field\">\n                        <span class=\"em-card-field-label\">Ville :<\/span>\n                        <span class=\"em-card-field-value\">Plogoff<\/span>\n                      <\/div>\n                                      <\/div>\n\n                  <!-- Lien vers le d\u00e9tail -->\n                  <div class=\"em-card-footer\">\n                    <span>Voir le d\u00e9tail<\/span>\n                    <svg fill=\"none\" viewBox=\"0 0 24 24\" stroke=\"currentColor\" stroke-width=\"2\">\n                      <path stroke-linecap=\"round\" stroke-linejoin=\"round\" d=\"M13.5 4.5L21 12m0 0l-7.5 7.5M21 12H3\"><\/path>\n                    <\/svg>\n                  <\/div>\n                <\/div>\n              <\/article>\n                          <article class=\"em-card\"\n                data-type=\"evenements-locaux-6\"\n                data-features=\"\"\n                data-name=\"balade comment\u00e9e - la batterie de kerviniou\"\n                data-json=\"{&quot;name&quot;:&quot;Balade comment\\u00e9e - La batterie de Kerviniou&quot;,&quot;image&quot;:&quot;&quot;,&quot;link&quot;:&quot;&quot;,&quot;data&quot;:{&quot;titre&quot;:&quot;Balade comment\\u00e9e - La batterie de Kerviniou&quot;,&quot;description&quot;:&quot;La batterie de Kerviniou\\n\\nD\\u00e9couvrez la batterie de Kerviniou \\u00e0 Roscanvel, un vestige historique de la d\\u00e9fense de la rade de Brest. Ces ouvrages militaires, int\\u00e9gr\\u00e9s au syst\\u00e8me d\\u00e9fensif breton, offrent une plong\\u00e9e dans le pass\\u00e9 strat\\u00e9gique de la r\\u00e9gion.\\n\\nAvec leurs vues imprenables sur la mer et son architecture imposante, la batterie de Kerviniou allient patrimoine et paysages marins, pour une visite riche en \\u00e9motions et en histoire.\\n\\nDepuis ce panorama, nous \\u00e9voquerons ensemble les embl\\u00e9matiques fort de Cornouaille ainsi que celui des Capucins.\\n\\nInfos pratiques :\\n\\n    juillet \\u2013 ao\\u00fbt : les jeudis 16\\\/07 \\u2013 30\\\/07 \\u2013 13\\\/08 \\u2013 27\\\/08 \\u00e0 10h30\\n    3\\u20ac : adulte | Gratuit : -18 ans\\n\\n    R\\u00e9servation obligatoire dans les Offices de Tourisme\\n    dur\\u00e9e : 1h30\\n    Pr\\u00e9voir chaussures de marche\\n    RDV : parking de la batterie de Cornouaille \\u2013 ROSCANVEL\\n\\nVisite assur\\u00e9e par l\\u2019Office de Tourisme.&quot;,&quot;categorie&quot;:&quot;Autres \\u00e9v\\u00e9nements&quot;,&quot;ville&quot;:&quot;Roscanvel&quot;,&quot;code_postal&quot;:&quot;29570&quot;,&quot;name&quot;:&quot;Balade comment\\u00e9e - La batterie de Kerviniou&quot;,&quot;latitude&quot;:&quot;48.3286657&quot;,&quot;longitude&quot;:&quot;-4.5687414&quot;},&quot;category&quot;:&quot;\\u00c9v\\u00e9nements locaux&quot;,&quot;faq&quot;:[],&quot;event&quot;:&quot;Du 27\\\/08\\\/2026 \\u00e0 10:30 au 27\\\/08\\\/2026 \\u00e0 23:59&quot;,&quot;video_url&quot;:&quot;&quot;,&quot;video_embed&quot;:null,&quot;documents&quot;:[],&quot;gallery&quot;:[]}\">\n\n                <!-- Image + badge cat\u00e9gorie -->\n                <div class=\"em-card-img-wrap\">\n                                      <div class=\"em-card-placeholder\">\ud83d\udcf7 Pas d'image<\/div>\n                                    <span class=\"em-card-badge badge-default\">\u00c9v\u00e9nements locaux<\/span>\n                <\/div>\n\n                <!-- Contenu de la card -->\n                <div class=\"em-card-body\">\n                  <h3 class=\"em-card-title\">Balade comment\u00e9e - La batterie de Kerviniou<\/h3>\n\n                  <!-- Tags r\u00e9sum\u00e9s (max 4) -->\n                  <div class=\"em-card-tags\">\n                                                          <\/div>\n\n                  <!-- Champs suppl\u00e9mentaires (max 3) -->\n                  <div class=\"em-card-fields\">\n                                          <div class=\"em-card-field\">\n                        <span class=\"em-card-field-label\">Titre :<\/span>\n                        <span class=\"em-card-field-value\">Balade comment\u00e9e - La batterie de Kerviniou<\/span>\n                      <\/div>\n                                          <div class=\"em-card-field\">\n                        <span class=\"em-card-field-label\">Cat\u00e9gorie :<\/span>\n                        <span class=\"em-card-field-value\">Autres \u00e9v\u00e9nements<\/span>\n                      <\/div>\n                                          <div class=\"em-card-field\">\n                        <span class=\"em-card-field-label\">Ville :<\/span>\n                        <span class=\"em-card-field-value\">Roscanvel<\/span>\n                      <\/div>\n                                      <\/div>\n\n                  <!-- Lien vers le d\u00e9tail -->\n                  <div class=\"em-card-footer\">\n                    <span>Voir le d\u00e9tail<\/span>\n                    <svg fill=\"none\" viewBox=\"0 0 24 24\" stroke=\"currentColor\" stroke-width=\"2\">\n                      <path stroke-linecap=\"round\" stroke-linejoin=\"round\" d=\"M13.5 4.5L21 12m0 0l-7.5 7.5M21 12H3\"><\/path>\n                    <\/svg>\n                  <\/div>\n                <\/div>\n              <\/article>\n                          <article class=\"em-card\"\n                data-type=\"evenements-locaux-6\"\n                data-features=\"\"\n                data-name=\"visite de la pointe saint-mathieu\"\n                data-json=\"{&quot;name&quot;:&quot;Visite de la pointe Saint-Mathieu&quot;,&quot;image&quot;:&quot;&quot;,&quot;link&quot;:&quot;http:\\\/\\\/ribine-experience.fr\\\/&quot;,&quot;data&quot;:{&quot;titre&quot;:&quot;Visite de la pointe Saint-Mathieu&quot;,&quot;description&quot;:&quot;Dans un p\\u00e9rim\\u00e8tre ultra concentr\\u00e9, la pointe Saint-Mathieu nous ouvre une fen\\u00eatre sur la Bretagne, son histoire mouvement\\u00e9e, sa vie maritime et ses l\\u00e9gendes \\u00e9ternelles. Cette visite vous fera entrevoir l&#039;histoire cach\\u00e9e derri\\u00e8re la splendeur de ce bout du Monde.&quot;,&quot;categorie&quot;:&quot;Autres \\u00e9v\\u00e9nements&quot;,&quot;ville&quot;:&quot;Plougonvelin&quot;,&quot;code_postal&quot;:&quot;29217&quot;,&quot;name&quot;:&quot;Visite de la pointe Saint-Mathieu&quot;,&quot;latitude&quot;:&quot;48.3308594&quot;,&quot;longitude&quot;:&quot;-4.7705926&quot;,&quot;link&quot;:&quot;http:\\\/\\\/ribine-experience.fr\\\/&quot;},&quot;category&quot;:&quot;\\u00c9v\\u00e9nements locaux&quot;,&quot;faq&quot;:[],&quot;event&quot;:&quot;Du 25\\\/08\\\/2026 \\u00e0 17:30 au 25\\\/08\\\/2026 \\u00e0 23:59&quot;,&quot;video_url&quot;:&quot;&quot;,&quot;video_embed&quot;:null,&quot;documents&quot;:[],&quot;gallery&quot;:[]}\">\n\n                <!-- Image + badge cat\u00e9gorie -->\n                <div class=\"em-card-img-wrap\">\n                                      <div class=\"em-card-placeholder\">\ud83d\udcf7 Pas d'image<\/div>\n                                    <span class=\"em-card-badge badge-default\">\u00c9v\u00e9nements locaux<\/span>\n                <\/div>\n\n                <!-- Contenu de la card -->\n                <div class=\"em-card-body\">\n                  <h3 class=\"em-card-title\">Visite de la pointe Saint-Mathieu<\/h3>\n\n                  <!-- Tags r\u00e9sum\u00e9s (max 4) -->\n                  <div class=\"em-card-tags\">\n                                                          <\/div>\n\n                  <!-- Champs suppl\u00e9mentaires (max 3) -->\n                  <div class=\"em-card-fields\">\n                                          <div class=\"em-card-field\">\n                        <span class=\"em-card-field-label\">Titre :<\/span>\n                        <span class=\"em-card-field-value\">Visite de la pointe Saint-Mathieu<\/span>\n                      <\/div>\n                                          <div class=\"em-card-field\">\n                        <span class=\"em-card-field-label\">Cat\u00e9gorie :<\/span>\n                        <span class=\"em-card-field-value\">Autres \u00e9v\u00e9nements<\/span>\n                      <\/div>\n                                          <div class=\"em-card-field\">\n                        <span class=\"em-card-field-label\">Ville :<\/span>\n                        <span class=\"em-card-field-value\">Plougonvelin<\/span>\n                      <\/div>\n                                      <\/div>\n\n                  <!-- Lien vers le d\u00e9tail -->\n                  <div class=\"em-card-footer\">\n                    <span>Voir le d\u00e9tail<\/span>\n                    <svg fill=\"none\" viewBox=\"0 0 24 24\" stroke=\"currentColor\" stroke-width=\"2\">\n                      <path stroke-linecap=\"round\" stroke-linejoin=\"round\" d=\"M13.5 4.5L21 12m0 0l-7.5 7.5M21 12H3\"><\/path>\n                    <\/svg>\n                  <\/div>\n                <\/div>\n              <\/article>\n                          <article class=\"em-card\"\n                data-type=\"evenements-locaux-6\"\n                data-features=\"\"\n                data-name=\"exposition - &quot;le ronronnement des machines&quot;\"\n                data-json=\"{&quot;name&quot;:&quot;Exposition - \\&quot;Le ronronnement des machines\\&quot;&quot;,&quot;image&quot;:&quot;&quot;,&quot;link&quot;:&quot;&quot;,&quot;data&quot;:{&quot;titre&quot;:&quot;Exposition - \\&quot;Le ronronnement des machines\\&quot;&quot;,&quot;description&quot;:&quot;La Maison de la Fontaine accueille l\\u2019exposition \\u00ab Le ronronnement des machines \\u00bb des artistes L\\u00e9ticia Chanliau, Brieg Huon et Chlo\\u00e9 Macary-Carney.\\n \\nL\\u2019occasion pour les artistes de s\\u2019interroger sur notre rapport aux machines par le biais d\\u2019une exposition ludique et participative en direction de tous les publics, y compris les plus jeunes. L\\u2019exposition se prolonge aux abords de la Tour Tanguy par des reproductions de dessins et peintures.\\n\\nL\\u2019exposition : \\nL\\u00e9ticia Chanliau, Brieg Huon et Chlo\\u00e9 Macary-Carney, trois artistes qui vivent et travaillent \\u00e0 Brest, proposent une exposition ludique, qui explore la nature de nos relations avec les machines. \\u00c0 quoi servent-elles ? Si ce sont des objets qui nous entourent et nous accompagnent au quotidien, nous ne prenons pas souvent le temps de les observer, de tenter de les comprendre : nous les cantonnons \\u00e0 leur efficacit\\u00e9. L\\u2019exposition nous incite \\u00e0 nous interroger sur leurs capacit\\u00e9s \\u00e0 nous apporter du bien-\\u00eatre, mais aussi de tenter de saisir notre attachement \\u00e0 ces machines, ainsi que la relation d\\u2019emprise qui peut parfois en d\\u00e9couler.\\n\\nL\\u2019exposition se d\\u00e9ploie tout d\\u2019abord en int\\u00e9rieur, \\u00e0 la Maison de la Fontaine, autour de sculptures et d\\u2019installations, permettant une exp\\u00e9rience immersive et participative. Un espace de lecture et de d\\u00e9tente, garni de \\u00ab coussins-outils \\u00bb confectionn\\u00e9s lors d\\u2019ateliers avec le jeune public pendant le temps de r\\u00e9sidence artistique, permet \\u00e9galement de d\\u00e9couvrir des t\\u00e9moignages de femmes et d\\u2019hommes que les artistes ont interrog\\u00e9s sur leur rapport aux machines et aux outils. \\n\\nL\\u2019exposition en ext\\u00e9rieur, sur les panneaux install\\u00e9s aux abords de la Tour Tanguy, permet de d\\u00e9couvrir des reproductions de dessins et peintures r\\u00e9alis\\u00e9s dans le cadre de ces entretiens. Lors de ces \\u00e9changes, les artistes auront capt\\u00e9 ce que leurs poches rec\\u00e8lent pour r\\u00e9aliser des portraits en creux des personnes interrog\\u00e9es et r\\u00e9v\\u00e9ler la beaut\\u00e9, l\\u2019\\u00e9tranget\\u00e9 de leurs amulettes modernes, des images \\u00ab vide-poche \\u00bb inspir\\u00e9es du travail de Louis-L\\u00e9opold Boilly.\\n\\nDeux Lieux d\\u2019exposition :\\n\\nLa Maison de la Fontaine\\nAux abords de la Tour Tanguy square Pierre P\\u00e9ron\\n\\nOuverture de l\\u2019exposition \\nDu mardi au samedi de 14h30 \\u00e0 18h30, le mercredi de 10h \\u00e0 12h et de 14h30 \\u00e0 18h30.\\nFerm\\u00e9e les dimanches, lundis et jours f\\u00e9ri\\u00e9s\\nDans le cadre des Journ\\u00e9es Europ\\u00e9ennes du patrimoine ouverture le dimanche 20 septembre de 14h30 \\u00e0 18h30.\\nRencontres des artistes avec le public\\n\\n\\nRencontre grand public (sans inscription) :\\nsamedi 20 juin de 14h30 \\u00e0 18h30\\ndimanche 20 septembre de 14h30 \\u00e0 18h30 \\u2013 ouverture exceptionnelle dans le cadre des Journ\\u00e9es Europ\\u00e9ennes du Patrimoine.&quot;,&quot;categorie&quot;:&quot;Expositions&quot;,&quot;ville&quot;:&quot;Brest&quot;,&quot;code_postal&quot;:&quot;29200&quot;,&quot;name&quot;:&quot;Exposition - \\&quot;Le ronronnement des machines\\&quot;&quot;,&quot;latitude&quot;:&quot;48.3820700&quot;,&quot;longitude&quot;:&quot;-4.4994400&quot;},&quot;category&quot;:&quot;\\u00c9v\\u00e9nements locaux&quot;,&quot;faq&quot;:[],&quot;event&quot;:&quot;Du 18\\\/06\\\/2026 \\u00e0 14:30 au 20\\\/09\\\/2026 \\u00e0 23:59&quot;,&quot;video_url&quot;:&quot;&quot;,&quot;video_embed&quot;:null,&quot;documents&quot;:[],&quot;gallery&quot;:[]}\">\n\n                <!-- Image + badge cat\u00e9gorie -->\n                <div class=\"em-card-img-wrap\">\n                                      <div class=\"em-card-placeholder\">\ud83d\udcf7 Pas d'image<\/div>\n                                    <span class=\"em-card-badge badge-default\">\u00c9v\u00e9nements locaux<\/span>\n                <\/div>\n\n                <!-- Contenu de la card -->\n                <div class=\"em-card-body\">\n                  <h3 class=\"em-card-title\">Exposition - &quot;Le ronronnement des machines&quot;<\/h3>\n\n                  <!-- Tags r\u00e9sum\u00e9s (max 4) -->\n                  <div class=\"em-card-tags\">\n                                                          <\/div>\n\n                  <!-- Champs suppl\u00e9mentaires (max 3) -->\n                  <div class=\"em-card-fields\">\n                                          <div class=\"em-card-field\">\n                        <span class=\"em-card-field-label\">Titre :<\/span>\n                        <span class=\"em-card-field-value\">Exposition - &quot;Le ronronnement des machines&quot;<\/span>\n                      <\/div>\n                                          <div class=\"em-card-field\">\n                        <span class=\"em-card-field-label\">Cat\u00e9gorie :<\/span>\n                        <span class=\"em-card-field-value\">Expositions<\/span>\n                      <\/div>\n                                          <div class=\"em-card-field\">\n                        <span class=\"em-card-field-label\">Ville :<\/span>\n                        <span class=\"em-card-field-value\">Brest<\/span>\n                      <\/div>\n                                      <\/div>\n\n                  <!-- Lien vers le d\u00e9tail -->\n                  <div class=\"em-card-footer\">\n                    <span>Voir le d\u00e9tail<\/span>\n                    <svg fill=\"none\" viewBox=\"0 0 24 24\" stroke=\"currentColor\" stroke-width=\"2\">\n                      <path stroke-linecap=\"round\" stroke-linejoin=\"round\" d=\"M13.5 4.5L21 12m0 0l-7.5 7.5M21 12H3\"><\/path>\n                    <\/svg>\n                  <\/div>\n                <\/div>\n              <\/article>\n                          <article class=\"em-card\"\n                data-type=\"evenements-locaux-6\"\n                data-features=\"\"\n                data-name=\"les ateliers des capucins f\u00eatent leurs 10 ans !\"\n                data-json=\"{&quot;name&quot;:&quot;Les Ateliers des capucins f\\u00eatent leurs 10 ans !&quot;,&quot;image&quot;:&quot;&quot;,&quot;link&quot;:&quot;https:\\\/\\\/www.ateliersdescapucins.fr\\\/fr\\\/programmation\\\/les-ateliers-fetent-leurs-10-ans&quot;,&quot;data&quot;:{&quot;titre&quot;:&quot;Les Ateliers des capucins f\\u00eatent leurs 10 ans !&quot;,&quot;description&quot;:&quot;En une d\\u00e9cennie, les Ateliers sont devenus un espace partag\\u00e9, travers\\u00e9 par toutes les g\\u00e9n\\u00e9rations et toutes les cultures. Usagers, colocs, artistes, visiteurs : chacun y \\u00e9crit, \\u00e0 sa mani\\u00e8re, une part de cette nouvelle histoire collective.\\n\\nUne telle histoire, \\u00e7a se f\\u00eate ensemble et \\u00e7a se pr\\u00e9pare \\u00e0 plusieurs ! Alors, on a embarqu\\u00e9 nos amis dans l\\u2019aventure :  Le Quartz, La Car\\u00e8ne, Astropolis, Brest En Bulles, Le Fourneau et bien d\\u2019autres\\u2026  \\n\\nPr\\u00e9parez-vous pour une ann\\u00e9e rythm\\u00e9e d\\u2019une programmation sp\\u00e9ciale avec des rendez-vous artistiques, prestigieux et populaires ouverts \\u00e0 tous !\\n\\nCher petit pilote de trottinettes folles, ch\\u00e8re amatrice d\\u2019art, ch\\u00e8re mamie rock\\u2019n\\u2019roll, cher papy skateur, ch\\u00e8re ados rebelle, cher fl\\u00e2neur, ch\\u00e8re sportive, cher danseur, vous \\u00eates officiellement tous et toutes invit\\u00e9s \\u00e0 f\\u00eater les 10 ans des Ateliers ! \\n\\n\\n\\nBienvenue aux Ateliers. \\nDepuis dix ans\\u2026 et pour longtemps encore.&quot;,&quot;categorie&quot;:&quot;Concerts, musique &amp; festivals&quot;,&quot;ville&quot;:&quot;Brest&quot;,&quot;code_postal&quot;:&quot;29200&quot;,&quot;name&quot;:&quot;Les Ateliers des capucins f\\u00eatent leurs 10 ans !&quot;,&quot;latitude&quot;:&quot;48.3894000&quot;,&quot;longitude&quot;:&quot;-4.4992400&quot;,&quot;link&quot;:&quot;https:\\\/\\\/www.ateliersdescapucins.fr\\\/fr\\\/programmation\\\/les-ateliers-fetent-leurs-10-ans&quot;},&quot;category&quot;:&quot;\\u00c9v\\u00e9nements locaux&quot;,&quot;faq&quot;:[],&quot;event&quot;:&quot;Du 29\\\/05\\\/2026 au 31\\\/03\\\/2027 \\u00e0 23:59&quot;,&quot;video_url&quot;:&quot;&quot;,&quot;video_embed&quot;:null,&quot;documents&quot;:[],&quot;gallery&quot;:[]}\">\n\n                <!-- Image + badge cat\u00e9gorie -->\n                <div class=\"em-card-img-wrap\">\n                                      <div class=\"em-card-placeholder\">\ud83d\udcf7 Pas d'image<\/div>\n                                    <span class=\"em-card-badge badge-default\">\u00c9v\u00e9nements locaux<\/span>\n                <\/div>\n\n                <!-- Contenu de la card -->\n                <div class=\"em-card-body\">\n                  <h3 class=\"em-card-title\">Les Ateliers des capucins f\u00eatent leurs 10 ans !<\/h3>\n\n                  <!-- Tags r\u00e9sum\u00e9s (max 4) -->\n                  <div class=\"em-card-tags\">\n                                                          <\/div>\n\n                  <!-- Champs suppl\u00e9mentaires (max 3) -->\n                  <div class=\"em-card-fields\">\n                                          <div class=\"em-card-field\">\n                        <span class=\"em-card-field-label\">Titre :<\/span>\n                        <span class=\"em-card-field-value\">Les Ateliers des capucins f\u00eatent leurs 10 ans !<\/span>\n                      <\/div>\n                                          <div class=\"em-card-field\">\n                        <span class=\"em-card-field-label\">Cat\u00e9gorie :<\/span>\n                        <span class=\"em-card-field-value\">Concerts, musique &amp; festivals<\/span>\n                      <\/div>\n                                          <div class=\"em-card-field\">\n                        <span class=\"em-card-field-label\">Ville :<\/span>\n                        <span class=\"em-card-field-value\">Brest<\/span>\n                      <\/div>\n                                      <\/div>\n\n                  <!-- Lien vers le d\u00e9tail -->\n                  <div class=\"em-card-footer\">\n                    <span>Voir le d\u00e9tail<\/span>\n                    <svg fill=\"none\" viewBox=\"0 0 24 24\" stroke=\"currentColor\" stroke-width=\"2\">\n                      <path stroke-linecap=\"round\" stroke-linejoin=\"round\" d=\"M13.5 4.5L21 12m0 0l-7.5 7.5M21 12H3\"><\/path>\n                    <\/svg>\n                  <\/div>\n                <\/div>\n              <\/article>\n                          <article class=\"em-card\"\n                data-type=\"evenements-locaux-6\"\n                data-features=\"\"\n                data-name=\"conf\u00e9rences &quot;rendez-vous - emgavio\u00f9 landevenneg&quot;\"\n                data-json=\"{&quot;name&quot;:&quot;Conf\\u00e9rences \\&quot;Rendez-vous - Emgavio\\u00f9 Landevenneg\\&quot;&quot;,&quot;image&quot;:&quot;&quot;,&quot;link&quot;:&quot;https:\\\/\\\/www.breizh-odyssee.bzh\\\/evenements\\\/conferences&quot;,&quot;data&quot;:{&quot;titre&quot;:&quot;Conf\\u00e9rences \\&quot;Rendez-vous - Emgavio\\u00f9 Landevenneg\\&quot;&quot;,&quot;description&quot;:&quot;Cycle de conf\\u00e9rences mensuelles de mars \\u00e0 octobre 2026\\n\\nEn partenariat avec Breizh Odyss\\u00e9e, l\\u2019association \\u00ab Histoire et Culture de Bretagne \\u00bb propose ses \\u00ab Rendez-vous de Landevenneg \\u00bb, \\u00e0 la salle polyvalente de Landevenneg.\\nL\\u2019histoire, la culture, la soci\\u00e9t\\u00e9, l\\u2019environnement.. de nombreux th\\u00e8mes seront abord\\u00e9s lors de ces nouveaux \\u00ab Emgavio\\u00f9 \\u00bb de la presqu\\u2019\\u00eele de Crozon.&quot;,&quot;categorie&quot;:&quot;Autres \\u00e9v\\u00e9nements&quot;,&quot;ville&quot;:&quot;Land\\u00e9vennec&quot;,&quot;code_postal&quot;:&quot;29560&quot;,&quot;name&quot;:&quot;Conf\\u00e9rences \\&quot;Rendez-vous - Emgavio\\u00f9 Landevenneg\\&quot;&quot;,&quot;latitude&quot;:&quot;48.2910595&quot;,&quot;longitude&quot;:&quot;-4.2675401&quot;,&quot;link&quot;:&quot;https:\\\/\\\/www.breizh-odyssee.bzh\\\/evenements\\\/conferences&quot;},&quot;category&quot;:&quot;\\u00c9v\\u00e9nements locaux&quot;,&quot;faq&quot;:[],&quot;event&quot;:&quot;Du 07\\\/03\\\/2026 au 11\\\/10\\\/2026 \\u00e0 23:59&quot;,&quot;video_url&quot;:&quot;&quot;,&quot;video_embed&quot;:null,&quot;documents&quot;:[],&quot;gallery&quot;:[]}\">\n\n                <!-- Image + badge cat\u00e9gorie -->\n                <div class=\"em-card-img-wrap\">\n                                      <div class=\"em-card-placeholder\">\ud83d\udcf7 Pas d'image<\/div>\n                                    <span class=\"em-card-badge badge-default\">\u00c9v\u00e9nements locaux<\/span>\n                <\/div>\n\n                <!-- Contenu de la card -->\n                <div class=\"em-card-body\">\n                  <h3 class=\"em-card-title\">Conf\u00e9rences &quot;Rendez-vous - Emgavio\u00f9 Landevenneg&quot;<\/h3>\n\n                  <!-- Tags r\u00e9sum\u00e9s (max 4) -->\n                  <div class=\"em-card-tags\">\n                                                          <\/div>\n\n                  <!-- Champs suppl\u00e9mentaires (max 3) -->\n                  <div class=\"em-card-fields\">\n                                          <div class=\"em-card-field\">\n                        <span class=\"em-card-field-label\">Titre :<\/span>\n                        <span class=\"em-card-field-value\">Conf\u00e9rences &quot;Rendez-vous - Emgavio\u00f9 Landevenneg&quot;<\/span>\n                      <\/div>\n                                          <div class=\"em-card-field\">\n                        <span class=\"em-card-field-label\">Cat\u00e9gorie :<\/span>\n                        <span class=\"em-card-field-value\">Autres \u00e9v\u00e9nements<\/span>\n                      <\/div>\n                                          <div class=\"em-card-field\">\n                        <span class=\"em-card-field-label\">Ville :<\/span>\n                        <span class=\"em-card-field-value\">Land\u00e9vennec<\/span>\n                      <\/div>\n                                      <\/div>\n\n                  <!-- Lien vers le d\u00e9tail -->\n                  <div class=\"em-card-footer\">\n                    <span>Voir le d\u00e9tail<\/span>\n                    <svg fill=\"none\" viewBox=\"0 0 24 24\" stroke=\"currentColor\" stroke-width=\"2\">\n                      <path stroke-linecap=\"round\" stroke-linejoin=\"round\" d=\"M13.5 4.5L21 12m0 0l-7.5 7.5M21 12H3\"><\/path>\n                    <\/svg>\n                  <\/div>\n                <\/div>\n              <\/article>\n                          <article class=\"em-card\"\n                data-type=\"evenements-locaux-6\"\n                data-features=\"\"\n                data-name=\"bains de for\u00eat\"\n                data-json=\"{&quot;name&quot;:&quot;Bains de For\\u00eat&quot;,&quot;image&quot;:&quot;&quot;,&quot;link&quot;:&quot;http:\\\/\\\/virginie-guezennec.fr\\\/&quot;,&quot;data&quot;:{&quot;titre&quot;:&quot;Bains de For\\u00eat&quot;,&quot;description&quot;:&quot;\\u00c0 l\\u2019\\u00e9coute des arbres\\n\\nAu c\\u0153ur du Bois de Suguensou, offrez-vous une parenth\\u00e8se hors du temps pour ralentir et vous reconnecter \\u00e0 vos sensations.\\nCette exp\\u00e9rience guid\\u00e9e invite \\u00e0 explorer la rencontre avec les arbres de mani\\u00e8re progressive : d\\u2019abord \\u00e0 distance, puis en s\\u2019approchant doucement de leurs troncs. \\u00c0 travers une \\u00e9coute attentive du corps et une perception subtile du mouvement \\u00e9nerg\\u00e9tique, chacun est amen\\u00e9 \\u00e0 vivre un dialogue silencieux avec le vivant.\\nSurprenante au d\\u00e9but, cette approche devient rapidement un moment profond d\\u2019ancrage et de pr\\u00e9sence, o\\u00f9 l\\u2019on passe du \\u00ab faire \\u00bb \\u00e0 l\\u2019\\u00ab \\u00eatre \\u00bb.\\n\\nInformations particuli\\u00e8res :\\n- Tout public \\u00e0 partir de 11 ans\\n- Pr\\u00e9voir une tenue adapt\\u00e9e permettant d&#039;aller hors des sentiers\\n\\nLes lundis matins \\u00e0 9h.\\nR\\u00e9servation possible aupr\\u00e8s de l&#039;Office de Tourisme d&#039;Audierne ou par t\\u00e9l\\u00e9phone.&quot;,&quot;categorie&quot;:&quot;Sport &amp; randonn\\u00e9e&quot;,&quot;ville&quot;:&quot;Audierne&quot;,&quot;code_postal&quot;:&quot;29770&quot;,&quot;name&quot;:&quot;Bains de For\\u00eat&quot;,&quot;latitude&quot;:&quot;48.0353060&quot;,&quot;longitude&quot;:&quot;-4.5400859&quot;,&quot;link&quot;:&quot;http:\\\/\\\/virginie-guezennec.fr\\\/&quot;},&quot;category&quot;:&quot;\\u00c9v\\u00e9nements locaux&quot;,&quot;faq&quot;:[],&quot;event&quot;:&quot;Du 07\\\/09\\\/2026 \\u00e0 09:00 au 07\\\/09\\\/2026 \\u00e0 23:59&quot;,&quot;video_url&quot;:&quot;&quot;,&quot;video_embed&quot;:null,&quot;documents&quot;:[],&quot;gallery&quot;:[]}\">\n\n                <!-- Image + badge cat\u00e9gorie -->\n                <div class=\"em-card-img-wrap\">\n                                      <div class=\"em-card-placeholder\">\ud83d\udcf7 Pas d'image<\/div>\n                                    <span class=\"em-card-badge badge-default\">\u00c9v\u00e9nements locaux<\/span>\n                <\/div>\n\n                <!-- Contenu de la card -->\n                <div class=\"em-card-body\">\n                  <h3 class=\"em-card-title\">Bains de For\u00eat<\/h3>\n\n                  <!-- Tags r\u00e9sum\u00e9s (max 4) -->\n                  <div class=\"em-card-tags\">\n                                                          <\/div>\n\n                  <!-- Champs suppl\u00e9mentaires (max 3) -->\n                  <div class=\"em-card-fields\">\n                                          <div class=\"em-card-field\">\n                        <span class=\"em-card-field-label\">Titre :<\/span>\n                        <span class=\"em-card-field-value\">Bains de For\u00eat<\/span>\n                      <\/div>\n                                          <div class=\"em-card-field\">\n                        <span class=\"em-card-field-label\">Cat\u00e9gorie :<\/span>\n                        <span class=\"em-card-field-value\">Sport &amp; randonn\u00e9e<\/span>\n                      <\/div>\n                                          <div class=\"em-card-field\">\n                        <span class=\"em-card-field-label\">Ville :<\/span>\n                        <span class=\"em-card-field-value\">Audierne<\/span>\n                      <\/div>\n                                      <\/div>\n\n                  <!-- Lien vers le d\u00e9tail -->\n                  <div class=\"em-card-footer\">\n                    <span>Voir le d\u00e9tail<\/span>\n                    <svg fill=\"none\" viewBox=\"0 0 24 24\" stroke=\"currentColor\" stroke-width=\"2\">\n                      <path stroke-linecap=\"round\" stroke-linejoin=\"round\" d=\"M13.5 4.5L21 12m0 0l-7.5 7.5M21 12H3\"><\/path>\n                    <\/svg>\n                  <\/div>\n                <\/div>\n              <\/article>\n                          <article class=\"em-card\"\n                data-type=\"evenements-locaux-6\"\n                data-features=\"\"\n                data-name=\"visite guid\u00e9e \u00ab\u00a0les rendez-vous de la pointe\u00a0\u00bb\"\n                data-json=\"{&quot;name&quot;:&quot;Visite guid\\u00e9e \\u00ab\\u00a0Les rendez-vous de la Pointe\\u00a0\\u00bb&quot;,&quot;image&quot;:&quot;&quot;,&quot;link&quot;:&quot;https:\\\/\\\/www.toutcommenceenfinistere.com\\\/pointe-du-raz\\\/preparer-sa-visite\\\/&quot;,&quot;data&quot;:{&quot;titre&quot;:&quot;Visite guid\\u00e9e \\u00ab\\u00a0Les rendez-vous de la Pointe\\u00a0\\u00bb&quot;,&quot;description&quot;:&quot;Comprendre un paysage d\\u2019exception, en famille.\\n\\nCette visite guid\\u00e9e invite petits et grands \\u00e0 d\\u00e9couvrir les paysages spectaculaires de la Pointe du Raz et \\u00e0 comprendre ce qui fait la singularit\\u00e9 de ce site embl\\u00e9matique du Finist\\u00e8re. Au fil du parcours, le guide d\\u00e9crypte la formation des falaises, l\\u2019influence des vents et des courants, ainsi que l\\u2019histoire humaine intimement li\\u00e9e \\u00e0 ce bout du monde. Anecdotes, observations et \\u00e9changes rythment la visite, pens\\u00e9e pour \\u00eatre accessible et ludique. Une formule id\\u00e9ale pour une premi\\u00e8re approche du site, \\u00e0 partager en famille, entre terre et mer.\\n\\nD\\u00e9part du s\\u00e9maphore (\\u00e0 800 m du parking) - Dur\\u00e9e 1h&quot;,&quot;categorie&quot;:&quot;Sport &amp; randonn\\u00e9e&quot;,&quot;ville&quot;:&quot;Plogoff&quot;,&quot;code_postal&quot;:&quot;29770&quot;,&quot;name&quot;:&quot;Visite guid\\u00e9e \\u00ab\\u00a0Les rendez-vous de la Pointe\\u00a0\\u00bb&quot;,&quot;latitude&quot;:&quot;48.0408590&quot;,&quot;longitude&quot;:&quot;-4.6709770&quot;,&quot;link&quot;:&quot;https:\\\/\\\/www.toutcommenceenfinistere.com\\\/pointe-du-raz\\\/preparer-sa-visite\\\/&quot;},&quot;category&quot;:&quot;\\u00c9v\\u00e9nements locaux&quot;,&quot;faq&quot;:[],&quot;event&quot;:&quot;Du 07\\\/09\\\/2026 \\u00e0 14:00 au 07\\\/09\\\/2026 \\u00e0 23:59&quot;,&quot;video_url&quot;:&quot;&quot;,&quot;video_embed&quot;:null,&quot;documents&quot;:[],&quot;gallery&quot;:[]}\">\n\n                <!-- Image + badge cat\u00e9gorie -->\n                <div class=\"em-card-img-wrap\">\n                                      <div class=\"em-card-placeholder\">\ud83d\udcf7 Pas d'image<\/div>\n                                    <span class=\"em-card-badge badge-default\">\u00c9v\u00e9nements locaux<\/span>\n                <\/div>\n\n                <!-- Contenu de la card -->\n                <div class=\"em-card-body\">\n                  <h3 class=\"em-card-title\">Visite guid\u00e9e \u00ab\u00a0Les rendez-vous de la Pointe\u00a0\u00bb<\/h3>\n\n                  <!-- Tags r\u00e9sum\u00e9s (max 4) -->\n                  <div class=\"em-card-tags\">\n                                                          <\/div>\n\n                  <!-- Champs suppl\u00e9mentaires (max 3) -->\n                  <div class=\"em-card-fields\">\n                                          <div class=\"em-card-field\">\n                        <span class=\"em-card-field-label\">Titre :<\/span>\n                        <span class=\"em-card-field-value\">Visite guid\u00e9e \u00ab\u00a0Les rendez-vous de la Pointe\u00a0\u00bb<\/span>\n                      <\/div>\n                                          <div class=\"em-card-field\">\n                        <span class=\"em-card-field-label\">Cat\u00e9gorie :<\/span>\n                        <span class=\"em-card-field-value\">Sport &amp; randonn\u00e9e<\/span>\n                      <\/div>\n                                          <div class=\"em-card-field\">\n                        <span class=\"em-card-field-label\">Ville :<\/span>\n                        <span class=\"em-card-field-value\">Plogoff<\/span>\n                      <\/div>\n                                      <\/div>\n\n                  <!-- Lien vers le d\u00e9tail -->\n                  <div class=\"em-card-footer\">\n                    <span>Voir le d\u00e9tail<\/span>\n                    <svg fill=\"none\" viewBox=\"0 0 24 24\" stroke=\"currentColor\" stroke-width=\"2\">\n                      <path stroke-linecap=\"round\" stroke-linejoin=\"round\" d=\"M13.5 4.5L21 12m0 0l-7.5 7.5M21 12H3\"><\/path>\n                    <\/svg>\n                  <\/div>\n                <\/div>\n              <\/article>\n                          <article class=\"em-card\"\n                data-type=\"evenements-locaux-6\"\n                data-features=\"\"\n                data-name=\"d\u00e9couverte des oiseaux du littoral\"\n                data-json=\"{&quot;name&quot;:&quot;D\\u00e9couverte des oiseaux du littoral&quot;,&quot;image&quot;:&quot;&quot;,&quot;link&quot;:&quot;https:\\\/\\\/terredecume.fr\\\/&quot;,&quot;data&quot;:{&quot;titre&quot;:&quot;D\\u00e9couverte des oiseaux du littoral&quot;,&quot;description&quot;:&quot;Sortie nature et balade ornithologique : d\\u00e9couverte et observation des oiseaux du littoral du pays d\\u2019Iroise. \\n\\nTendez l\\u2019oreille et venez d\\u00e9couvrir les richesses naturelles du Finist\\u00e8re. Peut-\\u00eatre y a-t-il un rouge-gorge sur votre droite, un go\\u00ebland au-dessus de votre t\\u00eate filant dans les courants d\\u2019air ? \\n\\nLe long du sentier c\\u00f4tier, nous cherchons les esp\\u00e8ces cach\\u00e9es entre les rochers ou dans l\\u2019\\u00e9cume des vagues. Nous apprenons \\u00e0 les identifier et nous \\u00e9coutons leur chant.\\n\\nSorties au d\\u00e9part de la plage de Porsmilin tous les lundis matin \\u00e0 9 h. Des sorties sur d&#039;autres sites sont pr\\u00e9vues dans la semaine, n&#039;h\\u00e9sitez pas \\u00e0 nous contacter.\\nAdapt\\u00e9 aux enfants. Tarif enfant jusqu&#039;\\u00e0 9 ans inclus.\\nR\\u00e9servation en ligne.\\n\\nLes randonn\\u00e9es et balades nature propos\\u00e9es par Terre d&#039;\\u00c9cume sont accessibles \\u00e0 tous (de 16 \\u00e0 99 ans), la difficult\\u00e9 des circuits (distance, d\\u00e9nivel\\u00e9 et rythme de marche) est adapt\\u00e9e \\u00e0 chacun.\\nAcc\\u00e8s PMR et difficult\\u00e9 \\u00e0 se mouvoir (b\\u00e9quilles, ...)\\u00a0: circuits disponibles sur demande.&quot;,&quot;categorie&quot;:&quot;En famille&quot;,&quot;ville&quot;:&quot;Locmaria-Plouzan\\u00e9&quot;,&quot;code_postal&quot;:&quot;29280&quot;,&quot;name&quot;:&quot;D\\u00e9couverte des oiseaux du littoral&quot;,&quot;latitude&quot;:&quot;48.3744869&quot;,&quot;longitude&quot;:&quot;-4.6450747&quot;,&quot;link&quot;:&quot;https:\\\/\\\/terredecume.fr\\\/&quot;},&quot;category&quot;:&quot;\\u00c9v\\u00e9nements locaux&quot;,&quot;faq&quot;:[],&quot;event&quot;:&quot;Du 07\\\/09\\\/2026 \\u00e0 09:00 au 07\\\/09\\\/2026 \\u00e0 23:59&quot;,&quot;video_url&quot;:&quot;&quot;,&quot;video_embed&quot;:null,&quot;documents&quot;:[],&quot;gallery&quot;:[]}\">\n\n                <!-- Image + badge cat\u00e9gorie -->\n                <div class=\"em-card-img-wrap\">\n                                      <div class=\"em-card-placeholder\">\ud83d\udcf7 Pas d'image<\/div>\n                                    <span class=\"em-card-badge badge-default\">\u00c9v\u00e9nements locaux<\/span>\n                <\/div>\n\n                <!-- Contenu de la card -->\n                <div class=\"em-card-body\">\n                  <h3 class=\"em-card-title\">D\u00e9couverte des oiseaux du littoral<\/h3>\n\n                  <!-- Tags r\u00e9sum\u00e9s (max 4) -->\n                  <div class=\"em-card-tags\">\n                                                          <\/div>\n\n                  <!-- Champs suppl\u00e9mentaires (max 3) -->\n                  <div class=\"em-card-fields\">\n                                          <div class=\"em-card-field\">\n                        <span class=\"em-card-field-label\">Titre :<\/span>\n                        <span class=\"em-card-field-value\">D\u00e9couverte des oiseaux du littoral<\/span>\n                      <\/div>\n                                          <div class=\"em-card-field\">\n                        <span class=\"em-card-field-label\">Cat\u00e9gorie :<\/span>\n                        <span class=\"em-card-field-value\">En famille<\/span>\n                      <\/div>\n                                          <div class=\"em-card-field\">\n                        <span class=\"em-card-field-label\">Ville :<\/span>\n                        <span class=\"em-card-field-value\">Locmaria-Plouzan\u00e9<\/span>\n                      <\/div>\n                                      <\/div>\n\n                  <!-- Lien vers le d\u00e9tail -->\n                  <div class=\"em-card-footer\">\n                    <span>Voir le d\u00e9tail<\/span>\n                    <svg fill=\"none\" viewBox=\"0 0 24 24\" stroke=\"currentColor\" stroke-width=\"2\">\n                      <path stroke-linecap=\"round\" stroke-linejoin=\"round\" d=\"M13.5 4.5L21 12m0 0l-7.5 7.5M21 12H3\"><\/path>\n                    <\/svg>\n                  <\/div>\n                <\/div>\n              <\/article>\n                          <article class=\"em-card\"\n                data-type=\"evenements-locaux-6\"\n                data-features=\"\"\n                data-name=\"gef\u00fchrter fotospaziergang durch douarnenez\"\n                data-json=\"{&quot;name&quot;:&quot;Gef\\u00fchrter Fotospaziergang durch Douarnenez&quot;,&quot;image&quot;:&quot;&quot;,&quot;link&quot;:&quot;http:\\\/\\\/www.douarnenez-tourisme.com\\\/&quot;,&quot;data&quot;:{&quot;titre&quot;:&quot;Gef\\u00fchrter Fotospaziergang durch Douarnenez&quot;,&quot;description&quot;:&quot;Gef\\u00fchrter Fotospaziergang durch Douarnenez :\\nEntdecken Sie mit dem Marco-Polo-Autor und erfahrenen Reiseleiter Errol Friedhelm Karakoc die Hafenstadt und ihre K\\u00f6nigin, die Sardine. Auf den Spuren der hiesigen Fischer begegnen Sie streitbaren Damen, kuriosen Riten der heimischen Bev\\u00f6lkerung, h\\u00fcbscher Architektur aus den letzten Jahrhunderten, spannenden Legenden, vielleicht sogar Kommissar Dupin und haben dabei immer wieder den Blick auf die Bucht. Freuen Sie sich auf etwa zwei Stunden des Flanierens durch die Gassen des Hafenviertels Rosmeur.\\n\\nDauer: ca. 2h\\nSprache: auf Deutsch\\nSchwierigkeitsgrad: einfach bis mittel (leichte Steigungen\\\/Gef\\u00e4lle auf st\\u00e4dtischen Wegen, einige Stufen)&quot;,&quot;categorie&quot;:&quot;Autres \\u00e9v\\u00e9nements&quot;,&quot;ville&quot;:&quot;Douarnenez&quot;,&quot;code_postal&quot;:&quot;29100&quot;,&quot;name&quot;:&quot;Gef\\u00fchrter Fotospaziergang durch Douarnenez&quot;,&quot;latitude&quot;:&quot;48.0931504&quot;,&quot;longitude&quot;:&quot;-4.3310605&quot;,&quot;link&quot;:&quot;http:\\\/\\\/www.douarnenez-tourisme.com\\\/&quot;},&quot;category&quot;:&quot;\\u00c9v\\u00e9nements locaux&quot;,&quot;faq&quot;:[],&quot;event&quot;:&quot;Du 07\\\/09\\\/2026 \\u00e0 14:00 au 07\\\/09\\\/2026 \\u00e0 23:59&quot;,&quot;video_url&quot;:&quot;&quot;,&quot;video_embed&quot;:null,&quot;documents&quot;:[],&quot;gallery&quot;:[]}\">\n\n                <!-- Image + badge cat\u00e9gorie -->\n                <div class=\"em-card-img-wrap\">\n                                      <div class=\"em-card-placeholder\">\ud83d\udcf7 Pas d'image<\/div>\n                                    <span class=\"em-card-badge badge-default\">\u00c9v\u00e9nements locaux<\/span>\n                <\/div>\n\n                <!-- Contenu de la card -->\n                <div class=\"em-card-body\">\n                  <h3 class=\"em-card-title\">Gef\u00fchrter Fotospaziergang durch Douarnenez<\/h3>\n\n                  <!-- Tags r\u00e9sum\u00e9s (max 4) -->\n                  <div class=\"em-card-tags\">\n                                                          <\/div>\n\n                  <!-- Champs suppl\u00e9mentaires (max 3) -->\n                  <div class=\"em-card-fields\">\n                                          <div class=\"em-card-field\">\n                        <span class=\"em-card-field-label\">Titre :<\/span>\n                        <span class=\"em-card-field-value\">Gef\u00fchrter Fotospaziergang durch Douarnenez<\/span>\n                      <\/div>\n                                          <div class=\"em-card-field\">\n                        <span class=\"em-card-field-label\">Cat\u00e9gorie :<\/span>\n                        <span class=\"em-card-field-value\">Autres \u00e9v\u00e9nements<\/span>\n                      <\/div>\n                                          <div class=\"em-card-field\">\n                        <span class=\"em-card-field-label\">Ville :<\/span>\n                        <span class=\"em-card-field-value\">Douarnenez<\/span>\n                      <\/div>\n                                      <\/div>\n\n                  <!-- Lien vers le d\u00e9tail -->\n                  <div class=\"em-card-footer\">\n                    <span>Voir le d\u00e9tail<\/span>\n                    <svg fill=\"none\" viewBox=\"0 0 24 24\" stroke=\"currentColor\" stroke-width=\"2\">\n                      <path stroke-linecap=\"round\" stroke-linejoin=\"round\" d=\"M13.5 4.5L21 12m0 0l-7.5 7.5M21 12H3\"><\/path>\n                    <\/svg>\n                  <\/div>\n                <\/div>\n              <\/article>\n                          <article class=\"em-card\"\n                data-type=\"evenements-locaux-6\"\n                data-features=\"\"\n                data-name=\"fest deiz au mus\u00e9e ti gwechal de dirinon\"\n                data-json=\"{&quot;name&quot;:&quot;Fest Deiz au mus\\u00e9e Ti Gwechal de Dirinon&quot;,&quot;image&quot;:&quot;&quot;,&quot;link&quot;:&quot;&quot;,&quot;data&quot;:{&quot;titre&quot;:&quot;Fest Deiz au mus\\u00e9e Ti Gwechal de Dirinon&quot;,&quot;description&quot;:&quot;14h30 : Animation jeux Bretons au mus\\u00e9e Ti Gwechal de Dirinon\\n17h : Initiation aux danses\\n18h-21h : Fest Deiz avec Diatonik Penn ar Bed,\\nSivi Wonder et Irvoas \\\/ Moign\\nSur place restauration et buvette : Galette saucisse et cr\\u00eape dessert. - Suivant la m\\u00e9t\\u00e9o annulation possible de la manifestation - Partenaire de l&#039;organisation: Association Ti Ar Vro&quot;,&quot;categorie&quot;:&quot;Concerts, musique &amp; festivals&quot;,&quot;ville&quot;:&quot;Dirinon&quot;,&quot;code_postal&quot;:&quot;29460&quot;,&quot;name&quot;:&quot;Fest Deiz au mus\\u00e9e Ti Gwechal de Dirinon&quot;,&quot;latitude&quot;:&quot;48.3974813&quot;,&quot;longitude&quot;:&quot;-4.2697699&quot;},&quot;category&quot;:&quot;\\u00c9v\\u00e9nements locaux&quot;,&quot;faq&quot;:[],&quot;event&quot;:&quot;Du 29\\\/08\\\/2026 \\u00e0 14:30 au 29\\\/08\\\/2026 \\u00e0 23:59&quot;,&quot;video_url&quot;:&quot;&quot;,&quot;video_embed&quot;:null,&quot;documents&quot;:[],&quot;gallery&quot;:[]}\">\n\n                <!-- Image + badge cat\u00e9gorie -->\n                <div class=\"em-card-img-wrap\">\n                                      <div class=\"em-card-placeholder\">\ud83d\udcf7 Pas d'image<\/div>\n                                    <span class=\"em-card-badge badge-default\">\u00c9v\u00e9nements locaux<\/span>\n                <\/div>\n\n                <!-- Contenu de la card -->\n                <div class=\"em-card-body\">\n                  <h3 class=\"em-card-title\">Fest Deiz au mus\u00e9e Ti Gwechal de Dirinon<\/h3>\n\n                  <!-- Tags r\u00e9sum\u00e9s (max 4) -->\n                  <div class=\"em-card-tags\">\n                                                          <\/div>\n\n                  <!-- Champs suppl\u00e9mentaires (max 3) -->\n                  <div class=\"em-card-fields\">\n                                          <div class=\"em-card-field\">\n                        <span class=\"em-card-field-label\">Titre :<\/span>\n                        <span class=\"em-card-field-value\">Fest Deiz au mus\u00e9e Ti Gwechal de Dirinon<\/span>\n                      <\/div>\n                                          <div class=\"em-card-field\">\n                        <span class=\"em-card-field-label\">Cat\u00e9gorie :<\/span>\n                        <span class=\"em-card-field-value\">Concerts, musique &amp; festivals<\/span>\n                      <\/div>\n                                          <div class=\"em-card-field\">\n                        <span class=\"em-card-field-label\">Ville :<\/span>\n                        <span class=\"em-card-field-value\">Dirinon<\/span>\n                      <\/div>\n                                      <\/div>\n\n                  <!-- Lien vers le d\u00e9tail -->\n                  <div class=\"em-card-footer\">\n                    <span>Voir le d\u00e9tail<\/span>\n                    <svg fill=\"none\" viewBox=\"0 0 24 24\" stroke=\"currentColor\" stroke-width=\"2\">\n                      <path stroke-linecap=\"round\" stroke-linejoin=\"round\" d=\"M13.5 4.5L21 12m0 0l-7.5 7.5M21 12H3\"><\/path>\n                    <\/svg>\n                  <\/div>\n                <\/div>\n              <\/article>\n                          <article class=\"em-card\"\n                data-type=\"evenements-locaux-6\"\n                data-features=\"\"\n                data-name=\"visite guid\u00e9e \u00e0 la cidrerie de rozavern\"\n                data-json=\"{&quot;name&quot;:&quot;Visite guid\\u00e9e \\u00e0 la Cidrerie de Rozavern&quot;,&quot;image&quot;:&quot;&quot;,&quot;link&quot;:&quot;https:\\\/\\\/www.rozavern.fr\\\/Visite-guidee.html&quot;,&quot;data&quot;:{&quot;titre&quot;:&quot;Visite guid\\u00e9e \\u00e0 la Cidrerie de Rozavern&quot;,&quot;description&quot;:&quot;Savez-vous comment les pommes se transforment en jus ou en cidre ?\\n\\nNous vous faisons visiter la cidrerie pour vous pr\\u00e9senter notre fa\\u00e7on de travailler et les \\u00e9tapes n\\u00e9cessaires \\u00e0 l\\u2019\\u00e9laboration de nos produits.\\n\\nLe mat\\u00e9riel, les processus, les d\\u00e9fis et le calendrier, nous vous expliquons tout et vos questions sont les bienvenues !\\n\\nPlusieurs fa\\u00e7ons de visiter :\\n\\n    En juillet et ao\\u00fbt : mardi et jeudi \\u00e0 11h et \\u00e0 18h. La visite est gratuite, sans r\\u00e9servation, et commence \\u00e0 l\\u2019heure pile !\\n    En groupe, selon nos disponibilit\\u00e9s, sur rendez-vous (tu e vefe e Brezhoneg, it can be in English, si se puede en Espa\\u00f1ol)\\n\\nLa visite se termine par une d\\u00e9gustation des produits. Elle est gratuite et dure environ une heure trente.&quot;,&quot;categorie&quot;:&quot;Autres \\u00e9v\\u00e9nements&quot;,&quot;ville&quot;:&quot;Telgruc-sur-Mer&quot;,&quot;code_postal&quot;:&quot;29560&quot;,&quot;name&quot;:&quot;Visite guid\\u00e9e \\u00e0 la Cidrerie de Rozavern&quot;,&quot;latitude&quot;:&quot;48.2502500&quot;,&quot;longitude&quot;:&quot;-4.3817900&quot;,&quot;link&quot;:&quot;https:\\\/\\\/www.rozavern.fr\\\/Visite-guidee.html&quot;},&quot;category&quot;:&quot;\\u00c9v\\u00e9nements locaux&quot;,&quot;faq&quot;:[],&quot;event&quot;:&quot;Du 27\\\/08\\\/2026 \\u00e0 18:00 au 27\\\/08\\\/2026 \\u00e0 23:59&quot;,&quot;video_url&quot;:&quot;&quot;,&quot;video_embed&quot;:null,&quot;documents&quot;:[],&quot;gallery&quot;:[]}\">\n\n                <!-- Image + badge cat\u00e9gorie -->\n                <div class=\"em-card-img-wrap\">\n                                      <div class=\"em-card-placeholder\">\ud83d\udcf7 Pas d'image<\/div>\n                                    <span class=\"em-card-badge badge-default\">\u00c9v\u00e9nements locaux<\/span>\n                <\/div>\n\n                <!-- Contenu de la card -->\n                <div class=\"em-card-body\">\n                  <h3 class=\"em-card-title\">Visite guid\u00e9e \u00e0 la Cidrerie de Rozavern<\/h3>\n\n                  <!-- Tags r\u00e9sum\u00e9s (max 4) -->\n                  <div class=\"em-card-tags\">\n                                                          <\/div>\n\n                  <!-- Champs suppl\u00e9mentaires (max 3) -->\n                  <div class=\"em-card-fields\">\n                                          <div class=\"em-card-field\">\n                        <span class=\"em-card-field-label\">Titre :<\/span>\n                        <span class=\"em-card-field-value\">Visite guid\u00e9e \u00e0 la Cidrerie de Rozavern<\/span>\n                      <\/div>\n                                          <div class=\"em-card-field\">\n                        <span class=\"em-card-field-label\">Cat\u00e9gorie :<\/span>\n                        <span class=\"em-card-field-value\">Autres \u00e9v\u00e9nements<\/span>\n                      <\/div>\n                                          <div class=\"em-card-field\">\n                        <span class=\"em-card-field-label\">Ville :<\/span>\n                        <span class=\"em-card-field-value\">Telgruc-sur-Mer<\/span>\n                      <\/div>\n                                      <\/div>\n\n                  <!-- Lien vers le d\u00e9tail -->\n                  <div class=\"em-card-footer\">\n                    <span>Voir le d\u00e9tail<\/span>\n                    <svg fill=\"none\" viewBox=\"0 0 24 24\" stroke=\"currentColor\" stroke-width=\"2\">\n                      <path stroke-linecap=\"round\" stroke-linejoin=\"round\" d=\"M13.5 4.5L21 12m0 0l-7.5 7.5M21 12H3\"><\/path>\n                    <\/svg>\n                  <\/div>\n                <\/div>\n              <\/article>\n                          <article class=\"em-card\"\n                data-type=\"evenements-locaux-6\"\n                data-features=\"\"\n                data-name=\"les marines de dilasser - exposition\"\n                data-json=\"{&quot;name&quot;:&quot;Les Marines de Dilasser - Exposition&quot;,&quot;image&quot;:&quot;&quot;,&quot;link&quot;:&quot;https:\\\/\\\/www.musee-marine.fr\\\/nos-musees\\\/brest\\\/expositions-et-evenements\\\/les-expositions\\\/centenaire-francois-dilasser-une-retrospective-en-bretagne.html&quot;,&quot;data&quot;:{&quot;titre&quot;:&quot;Les Marines de Dilasser - Exposition&quot;,&quot;description&quot;:&quot;\\u00c0 l\\u2019occasion du centenaire de la naissance du peintre Fran\\u00e7ois Dilasser, l\\u2019association Atelier Fran\\u00e7ois Dilasser organise une vaste r\\u00e9trospective r\\u00e9partie en dix lieux de Bretagne. Le mus\\u00e9e national de la Marine pr\\u00e9sente une douzaine d\\u2019\\u0153uvres d\\u2019inspiration maritime du peintre.\\n\\nLa mer constitua tout au long de sa vie l\\u2019horizon familier de Fran\\u00e7ois Dilasser. Il vivait une partie de son temps \\u00e0 Kerlouan \\u00e0 deux pas de l\\u2019eau et eut un atelier \\u00e0 Brignogan. Deux ou trois fois par semaine il marchait et courait sur la gr\\u00e8ve de Keremma. La mer donc. \\n\\nPourtant, et cela tient \\u00e0 la nature m\\u00eame de son \\u0153uvre, point ici d\\u2019illustration directe de cette inclination. La forme arch\\u00e9typale qui apparait en 1973, une sorte de parall\\u00e9l\\u00e9pip\\u00e8de, \\u00e0 la fois cadre et contour, en \\u00e9voquant l\\u2019apparence d\\u2019antiques et l\\u00e9gendaires navires, va s\\u2019articuler dans les assemblages magistraux dits \\u00ab Passage de la Mer Rouge \\u00bb. \\n\\nPlus tard, un ami, l\\u2019\\u00e9crivain Jean-Pierre Abraham, signale au peintre l\\u2019existence d\\u2019un bateau-phare tout rouge dans le port-mus\\u00e9e de Douarnenez. Ce sera le d\\u00e9clencheur d\\u2019un ensemble comprenant les T\\u00eates marines ou Pr\\u00e9 bateaux-feux puis les Bateaux-feux eux-m\\u00eames. \\u00c0 cela il faut ajouter une s\\u00e9rie ant\\u00e9rieure et plus directement paysag\\u00e8re dont le titre provient du nom d\\u2019un rocher de la Manche, Yok.&quot;,&quot;categorie&quot;:&quot;Expositions&quot;,&quot;ville&quot;:&quot;Brest&quot;,&quot;code_postal&quot;:&quot;29200&quot;,&quot;name&quot;:&quot;Les Marines de Dilasser - Exposition&quot;,&quot;latitude&quot;:&quot;48.3817225&quot;,&quot;longitude&quot;:&quot;-4.4921918&quot;,&quot;link&quot;:&quot;https:\\\/\\\/www.musee-marine.fr\\\/nos-musees\\\/brest\\\/expositions-et-evenements\\\/les-expositions\\\/centenaire-francois-dilasser-une-retrospective-en-bretagne.html&quot;},&quot;category&quot;:&quot;\\u00c9v\\u00e9nements locaux&quot;,&quot;faq&quot;:[],&quot;event&quot;:&quot;Du 12\\\/06\\\/2026 au 20\\\/09\\\/2026 \\u00e0 23:59&quot;,&quot;video_url&quot;:&quot;&quot;,&quot;video_embed&quot;:null,&quot;documents&quot;:[],&quot;gallery&quot;:[]}\">\n\n                <!-- Image + badge cat\u00e9gorie -->\n                <div class=\"em-card-img-wrap\">\n                                      <div class=\"em-card-placeholder\">\ud83d\udcf7 Pas d'image<\/div>\n                                    <span class=\"em-card-badge badge-default\">\u00c9v\u00e9nements locaux<\/span>\n                <\/div>\n\n                <!-- Contenu de la card -->\n                <div class=\"em-card-body\">\n                  <h3 class=\"em-card-title\">Les Marines de Dilasser - Exposition<\/h3>\n\n                  <!-- Tags r\u00e9sum\u00e9s (max 4) -->\n                  <div class=\"em-card-tags\">\n                                                          <\/div>\n\n                  <!-- Champs suppl\u00e9mentaires (max 3) -->\n                  <div class=\"em-card-fields\">\n                                          <div class=\"em-card-field\">\n                        <span class=\"em-card-field-label\">Titre :<\/span>\n                        <span class=\"em-card-field-value\">Les Marines de Dilasser - Exposition<\/span>\n                      <\/div>\n                                          <div class=\"em-card-field\">\n                        <span class=\"em-card-field-label\">Cat\u00e9gorie :<\/span>\n                        <span class=\"em-card-field-value\">Expositions<\/span>\n                      <\/div>\n                                          <div class=\"em-card-field\">\n                        <span class=\"em-card-field-label\">Ville :<\/span>\n                        <span class=\"em-card-field-value\">Brest<\/span>\n                      <\/div>\n                                      <\/div>\n\n                  <!-- Lien vers le d\u00e9tail -->\n                  <div class=\"em-card-footer\">\n                    <span>Voir le d\u00e9tail<\/span>\n                    <svg fill=\"none\" viewBox=\"0 0 24 24\" stroke=\"currentColor\" stroke-width=\"2\">\n                      <path stroke-linecap=\"round\" stroke-linejoin=\"round\" d=\"M13.5 4.5L21 12m0 0l-7.5 7.5M21 12H3\"><\/path>\n                    <\/svg>\n                  <\/div>\n                <\/div>\n              <\/article>\n                          <article class=\"em-card\"\n                data-type=\"evenements-locaux-6\"\n                data-features=\"\"\n                data-name=\"escape game historique\"\n                data-json=\"{&quot;name&quot;:&quot;Escape game historique&quot;,&quot;image&quot;:&quot;&quot;,&quot;link&quot;:&quot;https:\\\/\\\/escap29.fr\\\/&quot;,&quot;data&quot;:{&quot;titre&quot;:&quot;Escape game historique&quot;,&quot;description&quot;:&quot;En 1898, alors que le port de Pont-Croix vit ses derni\\u00e8res ann\\u00e9es, un myst\\u00e9rieux sabotage menace le d\\u00e9part du dernier caboteur du Goyen.\\n\\nLes joueurs auront une heure pour enqu\\u00eater dans le bureau d&#039;un n\\u00e9gociant en grains afin de faire la lumi\\u00e8re sur cette affaire. Fouille, observation, r\\u00e9flexion et coop\\u00e9ration seront de mise pour mener \\u00e0 bien cette mission.\\n\\nInstall\\u00e9 sous les combles du Marquisat \\u00e0 Pont-Croix, cet escape game vous plongera dans l&#039;histoire de la fin du 19\\u00e8me si\\u00e8cle. Une fa\\u00e7on ludique de d\\u00e9couvrir le patrimoine local en famille ou entre amis.\\n\\nR\\u00e9servation 06 66 73 04 34\\n54\\u20ac pour 2 joueurs, 63 \\u20ac pour 3, 72\\u20ac pour 4, et 75\\u20ac pour 5\\n\\nTous les jours de Juillet \\u00e0 Octobre&quot;,&quot;categorie&quot;:&quot;En famille&quot;,&quot;ville&quot;:&quot;Pont-Croix&quot;,&quot;code_postal&quot;:&quot;29790&quot;,&quot;name&quot;:&quot;Escape game historique&quot;,&quot;latitude&quot;:&quot;48.0409880&quot;,&quot;longitude&quot;:&quot;-4.4879260&quot;,&quot;link&quot;:&quot;https:\\\/\\\/escap29.fr\\\/&quot;},&quot;category&quot;:&quot;\\u00c9v\\u00e9nements locaux&quot;,&quot;faq&quot;:[],&quot;event&quot;:&quot;Du 06\\\/07\\\/2026 \\u00e0 09:00 au 30\\\/09\\\/2026 \\u00e0 23:59&quot;,&quot;video_url&quot;:&quot;&quot;,&quot;video_embed&quot;:null,&quot;documents&quot;:[],&quot;gallery&quot;:[]}\">\n\n                <!-- Image + badge cat\u00e9gorie -->\n                <div class=\"em-card-img-wrap\">\n                                      <div class=\"em-card-placeholder\">\ud83d\udcf7 Pas d'image<\/div>\n                                    <span class=\"em-card-badge badge-default\">\u00c9v\u00e9nements locaux<\/span>\n                <\/div>\n\n                <!-- Contenu de la card -->\n                <div class=\"em-card-body\">\n                  <h3 class=\"em-card-title\">Escape game historique<\/h3>\n\n                  <!-- Tags r\u00e9sum\u00e9s (max 4) -->\n                  <div class=\"em-card-tags\">\n                                                          <\/div>\n\n                  <!-- Champs suppl\u00e9mentaires (max 3) -->\n                  <div class=\"em-card-fields\">\n                                          <div class=\"em-card-field\">\n                        <span class=\"em-card-field-label\">Titre :<\/span>\n                        <span class=\"em-card-field-value\">Escape game historique<\/span>\n                      <\/div>\n                                          <div class=\"em-card-field\">\n                        <span class=\"em-card-field-label\">Cat\u00e9gorie :<\/span>\n                        <span class=\"em-card-field-value\">En famille<\/span>\n                      <\/div>\n                                          <div class=\"em-card-field\">\n                        <span class=\"em-card-field-label\">Ville :<\/span>\n                        <span class=\"em-card-field-value\">Pont-Croix<\/span>\n                      <\/div>\n                                      <\/div>\n\n                  <!-- Lien vers le d\u00e9tail -->\n                  <div class=\"em-card-footer\">\n                    <span>Voir le d\u00e9tail<\/span>\n                    <svg fill=\"none\" viewBox=\"0 0 24 24\" stroke=\"currentColor\" stroke-width=\"2\">\n                      <path stroke-linecap=\"round\" stroke-linejoin=\"round\" d=\"M13.5 4.5L21 12m0 0l-7.5 7.5M21 12H3\"><\/path>\n                    <\/svg>\n                  <\/div>\n                <\/div>\n              <\/article>\n                          <article class=\"em-card\"\n                data-type=\"evenements-locaux-6\"\n                data-features=\"\"\n                data-name=\"exposition - charybde &amp; scylla\"\n                data-json=\"{&quot;name&quot;:&quot;Exposition - Charybde &amp; Scylla&quot;,&quot;image&quot;:&quot;&quot;,&quot;link&quot;:&quot;https:\\\/\\\/www.bibliotheque-loperhet.fr\\\/&quot;,&quot;data&quot;:{&quot;titre&quot;:&quot;Exposition - Charybde &amp; Scylla&quot;,&quot;description&quot;:&quot;Derri\\u00e8re Charybde &amp; Scylla\\u00a0se cache une jeune artiste brestoise talentueuse. \\nL\\u2019\\u00e9quipe organisatrice \\u00ab Des Cr\\u00eapes &amp; Des Jeux \\u00bb, s\\u00e9duite par sa cr\\u00e9ativit\\u00e9, l\\u2019avait choisie pour r\\u00e9aliser l\\u2019affiche de l\\u2019\\u00e9v\\u00e8nement en f\\u00e9vrier 2026. Nous avons le plaisir de l\\u2019accueillir pour exposer ses cr\\u00e9ations tout l\\u2019\\u00e9t\\u00e9 \\u00e0 la biblioth\\u00e8que. \\n\\nVenez la rencontrer lors du vernissage de l\\u2019exposition, le vendredi 26 juin \\u00e0 20h30 !\\nOuverture le mardi et vendredi de 17h \\u00e0 19h &amp; le mercredi et samedi de 10h \\u00e0 12h.\\nEntr\\u00e9e libre et ouverte \\u00e0 tous.&quot;,&quot;categorie&quot;:&quot;Expositions&quot;,&quot;ville&quot;:&quot;Loperhet&quot;,&quot;code_postal&quot;:&quot;29470&quot;,&quot;name&quot;:&quot;Exposition - Charybde &amp; Scylla&quot;,&quot;latitude&quot;:&quot;48.3744141&quot;,&quot;longitude&quot;:&quot;-4.3055249&quot;,&quot;link&quot;:&quot;https:\\\/\\\/www.bibliotheque-loperhet.fr\\\/&quot;},&quot;category&quot;:&quot;\\u00c9v\\u00e9nements locaux&quot;,&quot;faq&quot;:[],&quot;event&quot;:&quot;Du 26\\\/06\\\/2026 au 31\\\/08\\\/2026 \\u00e0 23:59&quot;,&quot;video_url&quot;:&quot;&quot;,&quot;video_embed&quot;:null,&quot;documents&quot;:[],&quot;gallery&quot;:[]}\">\n\n                <!-- Image + badge cat\u00e9gorie -->\n                <div class=\"em-card-img-wrap\">\n                                      <div class=\"em-card-placeholder\">\ud83d\udcf7 Pas d'image<\/div>\n                                    <span class=\"em-card-badge badge-default\">\u00c9v\u00e9nements locaux<\/span>\n                <\/div>\n\n                <!-- Contenu de la card -->\n                <div class=\"em-card-body\">\n                  <h3 class=\"em-card-title\">Exposition - Charybde &amp; Scylla<\/h3>\n\n                  <!-- Tags r\u00e9sum\u00e9s (max 4) -->\n                  <div class=\"em-card-tags\">\n                                                          <\/div>\n\n                  <!-- Champs suppl\u00e9mentaires (max 3) -->\n                  <div class=\"em-card-fields\">\n                                          <div class=\"em-card-field\">\n                        <span class=\"em-card-field-label\">Titre :<\/span>\n                        <span class=\"em-card-field-value\">Exposition - Charybde &amp; Scylla<\/span>\n                      <\/div>\n                                          <div class=\"em-card-field\">\n                        <span class=\"em-card-field-label\">Cat\u00e9gorie :<\/span>\n                        <span class=\"em-card-field-value\">Expositions<\/span>\n                      <\/div>\n                                          <div class=\"em-card-field\">\n                        <span class=\"em-card-field-label\">Ville :<\/span>\n                        <span class=\"em-card-field-value\">Loperhet<\/span>\n                      <\/div>\n                                      <\/div>\n\n                  <!-- Lien vers le d\u00e9tail -->\n                  <div class=\"em-card-footer\">\n                    <span>Voir le d\u00e9tail<\/span>\n                    <svg fill=\"none\" viewBox=\"0 0 24 24\" stroke=\"currentColor\" stroke-width=\"2\">\n                      <path stroke-linecap=\"round\" stroke-linejoin=\"round\" d=\"M13.5 4.5L21 12m0 0l-7.5 7.5M21 12H3\"><\/path>\n                    <\/svg>\n                  <\/div>\n                <\/div>\n              <\/article>\n                          <article class=\"em-card\"\n                data-type=\"evenements-locaux-6\"\n                data-features=\"\"\n                data-name=\"visite de la pointe saint-mathieu\"\n                data-json=\"{&quot;name&quot;:&quot;Visite de la pointe Saint-Mathieu&quot;,&quot;image&quot;:&quot;&quot;,&quot;link&quot;:&quot;http:\\\/\\\/ribine-experience.fr\\\/&quot;,&quot;data&quot;:{&quot;titre&quot;:&quot;Visite de la pointe Saint-Mathieu&quot;,&quot;description&quot;:&quot;Dans un p\\u00e9rim\\u00e8tre ultra concentr\\u00e9, la pointe Saint-Mathieu nous ouvre une fen\\u00eatre sur la Bretagne, son histoire mouvement\\u00e9e, sa vie maritime et ses l\\u00e9gendes \\u00e9ternelles. Cette visite vous fera entrevoir l&#039;histoire cach\\u00e9e derri\\u00e8re la splendeur de ce bout du Monde.&quot;,&quot;categorie&quot;:&quot;Autres \\u00e9v\\u00e9nements&quot;,&quot;ville&quot;:&quot;Plougonvelin&quot;,&quot;code_postal&quot;:&quot;29217&quot;,&quot;name&quot;:&quot;Visite de la pointe Saint-Mathieu&quot;,&quot;latitude&quot;:&quot;48.3308594&quot;,&quot;longitude&quot;:&quot;-4.7705926&quot;,&quot;link&quot;:&quot;http:\\\/\\\/ribine-experience.fr\\\/&quot;},&quot;category&quot;:&quot;\\u00c9v\\u00e9nements locaux&quot;,&quot;faq&quot;:[],&quot;event&quot;:&quot;Du 30\\\/08\\\/2026 \\u00e0 15:00 au 30\\\/08\\\/2026 \\u00e0 23:59&quot;,&quot;video_url&quot;:&quot;&quot;,&quot;video_embed&quot;:null,&quot;documents&quot;:[],&quot;gallery&quot;:[]}\">\n\n                <!-- Image + badge cat\u00e9gorie -->\n                <div class=\"em-card-img-wrap\">\n                                      <div class=\"em-card-placeholder\">\ud83d\udcf7 Pas d'image<\/div>\n                                    <span class=\"em-card-badge badge-default\">\u00c9v\u00e9nements locaux<\/span>\n                <\/div>\n\n                <!-- Contenu de la card -->\n                <div class=\"em-card-body\">\n                  <h3 class=\"em-card-title\">Visite de la pointe Saint-Mathieu<\/h3>\n\n                  <!-- Tags r\u00e9sum\u00e9s (max 4) -->\n                  <div class=\"em-card-tags\">\n                                                          <\/div>\n\n                  <!-- Champs suppl\u00e9mentaires (max 3) -->\n                  <div class=\"em-card-fields\">\n                                          <div class=\"em-card-field\">\n                        <span class=\"em-card-field-label\">Titre :<\/span>\n                        <span class=\"em-card-field-value\">Visite de la pointe Saint-Mathieu<\/span>\n                      <\/div>\n                                          <div class=\"em-card-field\">\n                        <span class=\"em-card-field-label\">Cat\u00e9gorie :<\/span>\n                        <span class=\"em-card-field-value\">Autres \u00e9v\u00e9nements<\/span>\n                      <\/div>\n                                          <div class=\"em-card-field\">\n                        <span class=\"em-card-field-label\">Ville :<\/span>\n                        <span class=\"em-card-field-value\">Plougonvelin<\/span>\n                      <\/div>\n                                      <\/div>\n\n                  <!-- Lien vers le d\u00e9tail -->\n                  <div class=\"em-card-footer\">\n                    <span>Voir le d\u00e9tail<\/span>\n                    <svg fill=\"none\" viewBox=\"0 0 24 24\" stroke=\"currentColor\" stroke-width=\"2\">\n                      <path stroke-linecap=\"round\" stroke-linejoin=\"round\" d=\"M13.5 4.5L21 12m0 0l-7.5 7.5M21 12H3\"><\/path>\n                    <\/svg>\n                  <\/div>\n                <\/div>\n              <\/article>\n                          <article class=\"em-card\"\n                data-type=\"evenements-locaux-6\"\n                data-features=\"\"\n                data-name=\"exposition peintures et c\u00e9ramiques contemporaines 2026#3\"\n                data-json=\"{&quot;name&quot;:&quot;Exposition peintures et c\\u00e9ramiques contemporaines 2026#3&quot;,&quot;image&quot;:&quot;&quot;,&quot;link&quot;:&quot;http:\\\/\\\/artbausa.com\\\/&quot;,&quot;data&quot;:{&quot;titre&quot;:&quot;Exposition peintures et c\\u00e9ramiques contemporaines 2026#3&quot;,&quot;description&quot;:&quot;L\\u2019exposition #3 rassemble 5 artistes. Retour au calme, \\u00e0 la porcelaine et, plus largement, \\u00e0 l\\u2019essence mat\\u00e9rielle de chaque chose.\\n\\nJean Girel | Ruth Gurvich | Val\\u00e9rie Hermans | Ana\\u00efs Leli\\u00e8vre | Toshio Shimamura\\n\\nCommissariat par St\\u00e9phanie Le Follic-Hadida\\n\\nAna\\u00efs Leli\\u00e8vre qui agit de fa\\u00e7on tr\\u00e8s privil\\u00e9gi\\u00e9e sur le champ de l\\u2019installation, c\\u00e9ramique et papier, interroge et rend hommage \\u00e0 la g\\u00e9ologie, \\u00e0 ses strates superficielles et profondes, ses arrachements, ses d\\u00e9chirures\\u2026 Ruth Gurvichd\\u00e9veloppe, au gr\\u00e9 de plusieurs installations sur table, un rapport illusionniste et m\\u00e9ditatif \\u00e0 la mati\\u00e8re. Entre papier et porcelaine, les sens se troublent et vagabondent d\\u00e9licieusement. \\n\\nD\\u00e9cors peints sur porcelaine interagiront avec la science des \\u00e9maux de Jean Girel, nourri des lumi\\u00e8res bretonnes et avec les bleus iris\\u00e9s de Val\\u00e9rie Hermans. Les macro-photographies de Toshio Shimamura, portraits de fleurs fl\\u00e9tries et de nuages fugaces r\\u00e9sonneront sereinement dans ce concert de pr\\u00e9sences c\\u00e9ramiques.&quot;,&quot;categorie&quot;:&quot;Expositions&quot;,&quot;ville&quot;:&quot;Crozon&quot;,&quot;code_postal&quot;:&quot;29160&quot;,&quot;name&quot;:&quot;Exposition peintures et c\\u00e9ramiques contemporaines 2026#3&quot;,&quot;latitude&quot;:&quot;48.2418000&quot;,&quot;longitude&quot;:&quot;-4.4957600&quot;,&quot;link&quot;:&quot;http:\\\/\\\/artbausa.com\\\/&quot;},&quot;category&quot;:&quot;\\u00c9v\\u00e9nements locaux&quot;,&quot;faq&quot;:[],&quot;event&quot;:&quot;Du 05\\\/08\\\/2026 \\u00e0 15:30 au 12\\\/09\\\/2026 \\u00e0 23:59&quot;,&quot;video_url&quot;:&quot;&quot;,&quot;video_embed&quot;:null,&quot;documents&quot;:[],&quot;gallery&quot;:[]}\">\n\n                <!-- Image + badge cat\u00e9gorie -->\n                <div class=\"em-card-img-wrap\">\n                                      <div class=\"em-card-placeholder\">\ud83d\udcf7 Pas d'image<\/div>\n                                    <span class=\"em-card-badge badge-default\">\u00c9v\u00e9nements locaux<\/span>\n                <\/div>\n\n                <!-- Contenu de la card -->\n                <div class=\"em-card-body\">\n                  <h3 class=\"em-card-title\">Exposition peintures et c\u00e9ramiques contemporaines 2026#3<\/h3>\n\n                  <!-- Tags r\u00e9sum\u00e9s (max 4) -->\n                  <div class=\"em-card-tags\">\n                                                          <\/div>\n\n                  <!-- Champs suppl\u00e9mentaires (max 3) -->\n                  <div class=\"em-card-fields\">\n                                          <div class=\"em-card-field\">\n                        <span class=\"em-card-field-label\">Titre :<\/span>\n                        <span class=\"em-card-field-value\">Exposition peintures et c\u00e9ramiques contemporaines 2026#3<\/span>\n                      <\/div>\n                                          <div class=\"em-card-field\">\n                        <span class=\"em-card-field-label\">Cat\u00e9gorie :<\/span>\n                        <span class=\"em-card-field-value\">Expositions<\/span>\n                      <\/div>\n                                          <div class=\"em-card-field\">\n                        <span class=\"em-card-field-label\">Ville :<\/span>\n                        <span class=\"em-card-field-value\">Crozon<\/span>\n                      <\/div>\n                                      <\/div>\n\n                  <!-- Lien vers le d\u00e9tail -->\n                  <div class=\"em-card-footer\">\n                    <span>Voir le d\u00e9tail<\/span>\n                    <svg fill=\"none\" viewBox=\"0 0 24 24\" stroke=\"currentColor\" stroke-width=\"2\">\n                      <path stroke-linecap=\"round\" stroke-linejoin=\"round\" d=\"M13.5 4.5L21 12m0 0l-7.5 7.5M21 12H3\"><\/path>\n                    <\/svg>\n                  <\/div>\n                <\/div>\n              <\/article>\n                          <article class=\"em-card\"\n                data-type=\"evenements-locaux-6\"\n                data-features=\"\"\n                data-name=\"visite guid\u00e9e \u00ab\u00a0les rendez-vous de la pointe\u00a0\u00bb\"\n                data-json=\"{&quot;name&quot;:&quot;Visite guid\\u00e9e \\u00ab\\u00a0Les rendez-vous de la Pointe\\u00a0\\u00bb&quot;,&quot;image&quot;:&quot;&quot;,&quot;link&quot;:&quot;https:\\\/\\\/www.toutcommenceenfinistere.com\\\/pointe-du-raz\\\/preparer-sa-visite\\\/&quot;,&quot;data&quot;:{&quot;titre&quot;:&quot;Visite guid\\u00e9e \\u00ab\\u00a0Les rendez-vous de la Pointe\\u00a0\\u00bb&quot;,&quot;description&quot;:&quot;Comprendre un paysage d\\u2019exception, en famille.\\n\\nCette visite guid\\u00e9e invite petits et grands \\u00e0 d\\u00e9couvrir les paysages spectaculaires de la Pointe du Raz et \\u00e0 comprendre ce qui fait la singularit\\u00e9 de ce site embl\\u00e9matique du Finist\\u00e8re. Au fil du parcours, le guide d\\u00e9crypte la formation des falaises, l\\u2019influence des vents et des courants, ainsi que l\\u2019histoire humaine intimement li\\u00e9e \\u00e0 ce bout du monde. Anecdotes, observations et \\u00e9changes rythment la visite, pens\\u00e9e pour \\u00eatre accessible et ludique. Une formule id\\u00e9ale pour une premi\\u00e8re approche du site, \\u00e0 partager en famille, entre terre et mer.\\n\\nD\\u00e9part du s\\u00e9maphore (\\u00e0 800 m du parking) - Dur\\u00e9e 1h&quot;,&quot;categorie&quot;:&quot;Sport &amp; randonn\\u00e9e&quot;,&quot;ville&quot;:&quot;Plogoff&quot;,&quot;code_postal&quot;:&quot;29770&quot;,&quot;name&quot;:&quot;Visite guid\\u00e9e \\u00ab\\u00a0Les rendez-vous de la Pointe\\u00a0\\u00bb&quot;,&quot;latitude&quot;:&quot;48.0408590&quot;,&quot;longitude&quot;:&quot;-4.6709770&quot;,&quot;link&quot;:&quot;https:\\\/\\\/www.toutcommenceenfinistere.com\\\/pointe-du-raz\\\/preparer-sa-visite\\\/&quot;},&quot;category&quot;:&quot;\\u00c9v\\u00e9nements locaux&quot;,&quot;faq&quot;:[],&quot;event&quot;:&quot;Du 31\\\/08\\\/2026 \\u00e0 16:00 au 31\\\/08\\\/2026 \\u00e0 23:59&quot;,&quot;video_url&quot;:&quot;&quot;,&quot;video_embed&quot;:null,&quot;documents&quot;:[],&quot;gallery&quot;:[]}\">\n\n                <!-- Image + badge cat\u00e9gorie -->\n                <div class=\"em-card-img-wrap\">\n                                      <div class=\"em-card-placeholder\">\ud83d\udcf7 Pas d'image<\/div>\n                                    <span class=\"em-card-badge badge-default\">\u00c9v\u00e9nements locaux<\/span>\n                <\/div>\n\n                <!-- Contenu de la card -->\n                <div class=\"em-card-body\">\n                  <h3 class=\"em-card-title\">Visite guid\u00e9e \u00ab\u00a0Les rendez-vous de la Pointe\u00a0\u00bb<\/h3>\n\n                  <!-- Tags r\u00e9sum\u00e9s (max 4) -->\n                  <div class=\"em-card-tags\">\n                                                          <\/div>\n\n                  <!-- Champs suppl\u00e9mentaires (max 3) -->\n                  <div class=\"em-card-fields\">\n                                          <div class=\"em-card-field\">\n                        <span class=\"em-card-field-label\">Titre :<\/span>\n                        <span class=\"em-card-field-value\">Visite guid\u00e9e \u00ab\u00a0Les rendez-vous de la Pointe\u00a0\u00bb<\/span>\n                      <\/div>\n                                          <div class=\"em-card-field\">\n                        <span class=\"em-card-field-label\">Cat\u00e9gorie :<\/span>\n                        <span class=\"em-card-field-value\">Sport &amp; randonn\u00e9e<\/span>\n                      <\/div>\n                                          <div class=\"em-card-field\">\n                        <span class=\"em-card-field-label\">Ville :<\/span>\n                        <span class=\"em-card-field-value\">Plogoff<\/span>\n                      <\/div>\n                                      <\/div>\n\n                  <!-- Lien vers le d\u00e9tail -->\n                  <div class=\"em-card-footer\">\n                    <span>Voir le d\u00e9tail<\/span>\n                    <svg fill=\"none\" viewBox=\"0 0 24 24\" stroke=\"currentColor\" stroke-width=\"2\">\n                      <path stroke-linecap=\"round\" stroke-linejoin=\"round\" d=\"M13.5 4.5L21 12m0 0l-7.5 7.5M21 12H3\"><\/path>\n                    <\/svg>\n                  <\/div>\n                <\/div>\n              <\/article>\n                          <article class=\"em-card\"\n                data-type=\"evenements-locaux-6\"\n                data-features=\"\"\n                data-name=\"balade d\u00e9couverte en baie d&#039;audierne avec audierne yachting\"\n                data-json=\"{&quot;name&quot;:&quot;Balade d\\u00e9couverte en baie d&#039;Audierne avec Audierne Yachting&quot;,&quot;image&quot;:&quot;&quot;,&quot;link&quot;:&quot;http:\\\/\\\/www.audierne-yachting.com\\\/&quot;,&quot;data&quot;:{&quot;titre&quot;:&quot;Balade d\\u00e9couverte en baie d&#039;Audierne avec Audierne Yachting&quot;,&quot;description&quot;:&quot;Balade d\\u00e9couverte de 3 h en baie d&#039;Audierne sur l&#039;Atlantis,un voilier habitable de 11,75 m avec un skipper professionnel exp\\u00e9riment\\u00e9 qui adapte la navigation \\u00e0 tous les niveaux de 4 \\u00e0 80 ans.\\nUn moment privil\\u00e9gi\\u00e9 de connexion avec le monde marin, durant cette navigation au large, vous pouvez participer ou simplement vous laisser porter.&quot;,&quot;categorie&quot;:&quot;Autres \\u00e9v\\u00e9nements&quot;,&quot;ville&quot;:&quot;Audierne&quot;,&quot;code_postal&quot;:&quot;29770&quot;,&quot;name&quot;:&quot;Balade d\\u00e9couverte en baie d&#039;Audierne avec Audierne Yachting&quot;,&quot;latitude&quot;:&quot;48.0228702&quot;,&quot;longitude&quot;:&quot;-4.5386722&quot;,&quot;link&quot;:&quot;http:\\\/\\\/www.audierne-yachting.com\\\/&quot;},&quot;category&quot;:&quot;\\u00c9v\\u00e9nements locaux&quot;,&quot;faq&quot;:[],&quot;event&quot;:&quot;Du 12\\\/05\\\/2026 \\u00e0 14:00 au 29\\\/08\\\/2026 \\u00e0 23:59&quot;,&quot;video_url&quot;:&quot;&quot;,&quot;video_embed&quot;:null,&quot;documents&quot;:[],&quot;gallery&quot;:[]}\">\n\n                <!-- Image + badge cat\u00e9gorie -->\n                <div class=\"em-card-img-wrap\">\n                                      <div class=\"em-card-placeholder\">\ud83d\udcf7 Pas d'image<\/div>\n                                    <span class=\"em-card-badge badge-default\">\u00c9v\u00e9nements locaux<\/span>\n                <\/div>\n\n                <!-- Contenu de la card -->\n                <div class=\"em-card-body\">\n                  <h3 class=\"em-card-title\">Balade d\u00e9couverte en baie d&#039;Audierne avec Audierne Yachting<\/h3>\n\n                  <!-- Tags r\u00e9sum\u00e9s (max 4) -->\n                  <div class=\"em-card-tags\">\n                                                          <\/div>\n\n                  <!-- Champs suppl\u00e9mentaires (max 3) -->\n                  <div class=\"em-card-fields\">\n                                          <div class=\"em-card-field\">\n                        <span class=\"em-card-field-label\">Titre :<\/span>\n                        <span class=\"em-card-field-value\">Balade d\u00e9couverte en baie d&#039;Audierne avec Audierne Yachting<\/span>\n                      <\/div>\n                                          <div class=\"em-card-field\">\n                        <span class=\"em-card-field-label\">Cat\u00e9gorie :<\/span>\n                        <span class=\"em-card-field-value\">Autres \u00e9v\u00e9nements<\/span>\n                      <\/div>\n                                          <div class=\"em-card-field\">\n                        <span class=\"em-card-field-label\">Ville :<\/span>\n                        <span class=\"em-card-field-value\">Audierne<\/span>\n                      <\/div>\n                                      <\/div>\n\n                  <!-- Lien vers le d\u00e9tail -->\n                  <div class=\"em-card-footer\">\n                    <span>Voir le d\u00e9tail<\/span>\n                    <svg fill=\"none\" viewBox=\"0 0 24 24\" stroke=\"currentColor\" stroke-width=\"2\">\n                      <path stroke-linecap=\"round\" stroke-linejoin=\"round\" d=\"M13.5 4.5L21 12m0 0l-7.5 7.5M21 12H3\"><\/path>\n                    <\/svg>\n                  <\/div>\n                <\/div>\n              <\/article>\n                          <article class=\"em-card\"\n                data-type=\"evenements-locaux-6\"\n                data-features=\"\"\n                data-name=\"visite guid\u00e9e des vieux quartiers de douarnenez\"\n                data-json=\"{&quot;name&quot;:&quot;Visite guid\\u00e9e des vieux quartiers de Douarnenez&quot;,&quot;image&quot;:&quot;&quot;,&quot;link&quot;:&quot;http:\\\/\\\/www.douarnenez-tourisme.com\\\/&quot;,&quot;data&quot;:{&quot;titre&quot;:&quot;Visite guid\\u00e9e des vieux quartiers de Douarnenez&quot;,&quot;description&quot;:&quot;Cette balade vous fait d\\u00e9couvrir l&#039;\\u00e2me de Douarnenez et comprendre son histoire si intimement li\\u00e9e \\u00e0 l&#039;\\u00e9pop\\u00e9e de la sardine. Parcourez les rues et les venelles de la ville avec leur architecture du 19\\u00e8me si\\u00e8cle et leurs anciennes conserveries dissimul\\u00e9es parmi les maisons. Fl\\u00e2nez sur le vieux port m\\u00e9moire de tout l&#039;ancien Douarnenez jusqu&#039;\\u00e0 l&#039;abri du marin, lieu sacr\\u00e9 pour les p\\u00eacheurs. Inscription n\\u00e9cessaire \\u00e0 l&#039;Office de Tourisme.&quot;,&quot;categorie&quot;:&quot;Autres \\u00e9v\\u00e9nements&quot;,&quot;ville&quot;:&quot;Douarnenez&quot;,&quot;code_postal&quot;:&quot;29100&quot;,&quot;name&quot;:&quot;Visite guid\\u00e9e des vieux quartiers de Douarnenez&quot;,&quot;latitude&quot;:&quot;48.0931504&quot;,&quot;longitude&quot;:&quot;-4.3310605&quot;,&quot;link&quot;:&quot;http:\\\/\\\/www.douarnenez-tourisme.com\\\/&quot;},&quot;category&quot;:&quot;\\u00c9v\\u00e9nements locaux&quot;,&quot;faq&quot;:[],&quot;event&quot;:&quot;Du 31\\\/08\\\/2026 \\u00e0 15:30 au 31\\\/08\\\/2026 \\u00e0 23:59&quot;,&quot;video_url&quot;:&quot;&quot;,&quot;video_embed&quot;:null,&quot;documents&quot;:[],&quot;gallery&quot;:[]}\">\n\n                <!-- Image + badge cat\u00e9gorie -->\n                <div class=\"em-card-img-wrap\">\n                                      <div class=\"em-card-placeholder\">\ud83d\udcf7 Pas d'image<\/div>\n                                    <span class=\"em-card-badge badge-default\">\u00c9v\u00e9nements locaux<\/span>\n                <\/div>\n\n                <!-- Contenu de la card -->\n                <div class=\"em-card-body\">\n                  <h3 class=\"em-card-title\">Visite guid\u00e9e des vieux quartiers de Douarnenez<\/h3>\n\n                  <!-- Tags r\u00e9sum\u00e9s (max 4) -->\n                  <div class=\"em-card-tags\">\n                                                          <\/div>\n\n                  <!-- Champs suppl\u00e9mentaires (max 3) -->\n                  <div class=\"em-card-fields\">\n                                          <div class=\"em-card-field\">\n                        <span class=\"em-card-field-label\">Titre :<\/span>\n                        <span class=\"em-card-field-value\">Visite guid\u00e9e des vieux quartiers de Douarnenez<\/span>\n                      <\/div>\n                                          <div class=\"em-card-field\">\n                        <span class=\"em-card-field-label\">Cat\u00e9gorie :<\/span>\n                        <span class=\"em-card-field-value\">Autres \u00e9v\u00e9nements<\/span>\n                      <\/div>\n                                          <div class=\"em-card-field\">\n                        <span class=\"em-card-field-label\">Ville :<\/span>\n                        <span class=\"em-card-field-value\">Douarnenez<\/span>\n                      <\/div>\n                                      <\/div>\n\n                  <!-- Lien vers le d\u00e9tail -->\n                  <div class=\"em-card-footer\">\n                    <span>Voir le d\u00e9tail<\/span>\n                    <svg fill=\"none\" viewBox=\"0 0 24 24\" stroke=\"currentColor\" stroke-width=\"2\">\n                      <path stroke-linecap=\"round\" stroke-linejoin=\"round\" d=\"M13.5 4.5L21 12m0 0l-7.5 7.5M21 12H3\"><\/path>\n                    <\/svg>\n                  <\/div>\n                <\/div>\n              <\/article>\n                          <article class=\"em-card\"\n                data-type=\"evenements-locaux-6\"\n                data-features=\"\"\n                data-name=\"march\u00e9 bio, local et musical - concert skanky combo\"\n                data-json=\"{&quot;name&quot;:&quot;March\\u00e9 bio, local et musical - Concert Skanky Combo&quot;,&quot;image&quot;:&quot;&quot;,&quot;link&quot;:&quot;http:\\\/\\\/mabiolozic.org\\\/&quot;,&quot;data&quot;:{&quot;titre&quot;:&quot;March\\u00e9 bio, local et musical - Concert Skanky Combo&quot;,&quot;description&quot;:&quot;Retrouvez \\u00e0 partir de 17 heures sur la place de la R\\u00e9publique de Pont-Croix artisans, producteurs, food-trucks et buvette du Cap Sizun et des territoires alentours. \\n\\n\\u00c0 20 heures, Skanky Combo viendra vous faire danser au son des ses compositions ska, rocksteady, et reggae.&quot;,&quot;categorie&quot;:&quot;Concerts, musique &amp; festivals&quot;,&quot;ville&quot;:&quot;Pont-Croix&quot;,&quot;code_postal&quot;:&quot;29790&quot;,&quot;name&quot;:&quot;March\\u00e9 bio, local et musical - Concert Skanky Combo&quot;,&quot;latitude&quot;:&quot;48.0406541&quot;,&quot;longitude&quot;:&quot;-4.4864830&quot;,&quot;link&quot;:&quot;http:\\\/\\\/mabiolozic.org\\\/&quot;},&quot;category&quot;:&quot;\\u00c9v\\u00e9nements locaux&quot;,&quot;faq&quot;:[],&quot;event&quot;:&quot;Du 01\\\/09\\\/2026 \\u00e0 17:00 au 01\\\/09\\\/2026 \\u00e0 23:59&quot;,&quot;video_url&quot;:&quot;&quot;,&quot;video_embed&quot;:null,&quot;documents&quot;:[],&quot;gallery&quot;:[]}\">\n\n                <!-- Image + badge cat\u00e9gorie -->\n                <div class=\"em-card-img-wrap\">\n                                      <div class=\"em-card-placeholder\">\ud83d\udcf7 Pas d'image<\/div>\n                                    <span class=\"em-card-badge badge-default\">\u00c9v\u00e9nements locaux<\/span>\n                <\/div>\n\n                <!-- Contenu de la card -->\n                <div class=\"em-card-body\">\n                  <h3 class=\"em-card-title\">March\u00e9 bio, local et musical - Concert Skanky Combo<\/h3>\n\n                  <!-- Tags r\u00e9sum\u00e9s (max 4) -->\n                  <div class=\"em-card-tags\">\n                                                          <\/div>\n\n                  <!-- Champs suppl\u00e9mentaires (max 3) -->\n                  <div class=\"em-card-fields\">\n                                          <div class=\"em-card-field\">\n                        <span class=\"em-card-field-label\">Titre :<\/span>\n                        <span class=\"em-card-field-value\">March\u00e9 bio, local et musical - Concert Skanky Combo<\/span>\n                      <\/div>\n                                          <div class=\"em-card-field\">\n                        <span class=\"em-card-field-label\">Cat\u00e9gorie :<\/span>\n                        <span class=\"em-card-field-value\">Concerts, musique &amp; festivals<\/span>\n                      <\/div>\n                                          <div class=\"em-card-field\">\n                        <span class=\"em-card-field-label\">Ville :<\/span>\n                        <span class=\"em-card-field-value\">Pont-Croix<\/span>\n                      <\/div>\n                                      <\/div>\n\n                  <!-- Lien vers le d\u00e9tail -->\n                  <div class=\"em-card-footer\">\n                    <span>Voir le d\u00e9tail<\/span>\n                    <svg fill=\"none\" viewBox=\"0 0 24 24\" stroke=\"currentColor\" stroke-width=\"2\">\n                      <path stroke-linecap=\"round\" stroke-linejoin=\"round\" d=\"M13.5 4.5L21 12m0 0l-7.5 7.5M21 12H3\"><\/path>\n                    <\/svg>\n                  <\/div>\n                <\/div>\n              <\/article>\n                          <article class=\"em-card\"\n                data-type=\"evenements-locaux-6\"\n                data-features=\"\"\n                data-name=\"conf\u00e9rence l&#039;ia er les humano\u00eedes\"\n                data-json=\"{&quot;name&quot;:&quot;Conf\\u00e9rence l&#039;IA er les humano\\u00eedes&quot;,&quot;image&quot;:&quot;&quot;,&quot;link&quot;:&quot;&quot;,&quot;data&quot;:{&quot;titre&quot;:&quot;Conf\\u00e9rence l&#039;IA er les humano\\u00eedes&quot;,&quot;description&quot;:&quot;Conference d\\u00e9bat&quot;,&quot;categorie&quot;:&quot;Autres \\u00e9v\\u00e9nements&quot;,&quot;ville&quot;:&quot;Camaret-sur-Mer&quot;,&quot;code_postal&quot;:&quot;29570&quot;,&quot;name&quot;:&quot;Conf\\u00e9rence l&#039;IA er les humano\\u00eedes&quot;,&quot;latitude&quot;:&quot;48.2741100&quot;,&quot;longitude&quot;:&quot;-4.5959300&quot;},&quot;category&quot;:&quot;\\u00c9v\\u00e9nements locaux&quot;,&quot;faq&quot;:[],&quot;event&quot;:&quot;Du 26\\\/08\\\/2026 \\u00e0 20:30 au 26\\\/08\\\/2026 \\u00e0 23:59&quot;,&quot;video_url&quot;:&quot;&quot;,&quot;video_embed&quot;:null,&quot;documents&quot;:[],&quot;gallery&quot;:[]}\">\n\n                <!-- Image + badge cat\u00e9gorie -->\n                <div class=\"em-card-img-wrap\">\n                                      <div class=\"em-card-placeholder\">\ud83d\udcf7 Pas d'image<\/div>\n                                    <span class=\"em-card-badge badge-default\">\u00c9v\u00e9nements locaux<\/span>\n                <\/div>\n\n                <!-- Contenu de la card -->\n                <div class=\"em-card-body\">\n                  <h3 class=\"em-card-title\">Conf\u00e9rence l&#039;IA er les humano\u00eedes<\/h3>\n\n                  <!-- Tags r\u00e9sum\u00e9s (max 4) -->\n                  <div class=\"em-card-tags\">\n                                                          <\/div>\n\n                  <!-- Champs suppl\u00e9mentaires (max 3) -->\n                  <div class=\"em-card-fields\">\n                                          <div class=\"em-card-field\">\n                        <span class=\"em-card-field-label\">Titre :<\/span>\n                        <span class=\"em-card-field-value\">Conf\u00e9rence l&#039;IA er les humano\u00eedes<\/span>\n                      <\/div>\n                                          <div class=\"em-card-field\">\n                        <span class=\"em-card-field-label\">Cat\u00e9gorie :<\/span>\n                        <span class=\"em-card-field-value\">Autres \u00e9v\u00e9nements<\/span>\n                      <\/div>\n                                          <div class=\"em-card-field\">\n                        <span class=\"em-card-field-label\">Ville :<\/span>\n                        <span class=\"em-card-field-value\">Camaret-sur-Mer<\/span>\n                      <\/div>\n                                      <\/div>\n\n                  <!-- Lien vers le d\u00e9tail -->\n                  <div class=\"em-card-footer\">\n                    <span>Voir le d\u00e9tail<\/span>\n                    <svg fill=\"none\" viewBox=\"0 0 24 24\" stroke=\"currentColor\" stroke-width=\"2\">\n                      <path stroke-linecap=\"round\" stroke-linejoin=\"round\" d=\"M13.5 4.5L21 12m0 0l-7.5 7.5M21 12H3\"><\/path>\n                    <\/svg>\n                  <\/div>\n                <\/div>\n              <\/article>\n                          <article class=\"em-card\"\n                data-type=\"evenements-locaux-6\"\n                data-features=\"\"\n                data-name=\"visite guid\u00e9e \u00ab\u00a0les rendez-vous de la pointe\u00a0\u00bb\"\n                data-json=\"{&quot;name&quot;:&quot;Visite guid\\u00e9e \\u00ab\\u00a0Les rendez-vous de la Pointe\\u00a0\\u00bb&quot;,&quot;image&quot;:&quot;&quot;,&quot;link&quot;:&quot;https:\\\/\\\/www.toutcommenceenfinistere.com\\\/pointe-du-raz\\\/preparer-sa-visite\\\/&quot;,&quot;data&quot;:{&quot;titre&quot;:&quot;Visite guid\\u00e9e \\u00ab\\u00a0Les rendez-vous de la Pointe\\u00a0\\u00bb&quot;,&quot;description&quot;:&quot;Comprendre un paysage d\\u2019exception, en famille.\\n\\nCette visite guid\\u00e9e invite petits et grands \\u00e0 d\\u00e9couvrir les paysages spectaculaires de la Pointe du Raz et \\u00e0 comprendre ce qui fait la singularit\\u00e9 de ce site embl\\u00e9matique du Finist\\u00e8re. Au fil du parcours, le guide d\\u00e9crypte la formation des falaises, l\\u2019influence des vents et des courants, ainsi que l\\u2019histoire humaine intimement li\\u00e9e \\u00e0 ce bout du monde. Anecdotes, observations et \\u00e9changes rythment la visite, pens\\u00e9e pour \\u00eatre accessible et ludique. Une formule id\\u00e9ale pour une premi\\u00e8re approche du site, \\u00e0 partager en famille, entre terre et mer.\\n\\nD\\u00e9part du s\\u00e9maphore (\\u00e0 800 m du parking) - Dur\\u00e9e 1h&quot;,&quot;categorie&quot;:&quot;Sport &amp; randonn\\u00e9e&quot;,&quot;ville&quot;:&quot;Plogoff&quot;,&quot;code_postal&quot;:&quot;29770&quot;,&quot;name&quot;:&quot;Visite guid\\u00e9e \\u00ab\\u00a0Les rendez-vous de la Pointe\\u00a0\\u00bb&quot;,&quot;latitude&quot;:&quot;48.0408590&quot;,&quot;longitude&quot;:&quot;-4.6709770&quot;,&quot;link&quot;:&quot;https:\\\/\\\/www.toutcommenceenfinistere.com\\\/pointe-du-raz\\\/preparer-sa-visite\\\/&quot;},&quot;category&quot;:&quot;\\u00c9v\\u00e9nements locaux&quot;,&quot;faq&quot;:[],&quot;event&quot;:&quot;Du 29\\\/08\\\/2026 \\u00e0 14:00 au 29\\\/08\\\/2026 \\u00e0 23:59&quot;,&quot;video_url&quot;:&quot;&quot;,&quot;video_embed&quot;:null,&quot;documents&quot;:[],&quot;gallery&quot;:[]}\">\n\n                <!-- Image + badge cat\u00e9gorie -->\n                <div class=\"em-card-img-wrap\">\n                                      <div class=\"em-card-placeholder\">\ud83d\udcf7 Pas d'image<\/div>\n                                    <span class=\"em-card-badge badge-default\">\u00c9v\u00e9nements locaux<\/span>\n                <\/div>\n\n                <!-- Contenu de la card -->\n                <div class=\"em-card-body\">\n                  <h3 class=\"em-card-title\">Visite guid\u00e9e \u00ab\u00a0Les rendez-vous de la Pointe\u00a0\u00bb<\/h3>\n\n                  <!-- Tags r\u00e9sum\u00e9s (max 4) -->\n                  <div class=\"em-card-tags\">\n                                                          <\/div>\n\n                  <!-- Champs suppl\u00e9mentaires (max 3) -->\n                  <div class=\"em-card-fields\">\n                                          <div class=\"em-card-field\">\n                        <span class=\"em-card-field-label\">Titre :<\/span>\n                        <span class=\"em-card-field-value\">Visite guid\u00e9e \u00ab\u00a0Les rendez-vous de la Pointe\u00a0\u00bb<\/span>\n                      <\/div>\n                                          <div class=\"em-card-field\">\n                        <span class=\"em-card-field-label\">Cat\u00e9gorie :<\/span>\n                        <span class=\"em-card-field-value\">Sport &amp; randonn\u00e9e<\/span>\n                      <\/div>\n                                          <div class=\"em-card-field\">\n                        <span class=\"em-card-field-label\">Ville :<\/span>\n                        <span class=\"em-card-field-value\">Plogoff<\/span>\n                      <\/div>\n                                      <\/div>\n\n                  <!-- Lien vers le d\u00e9tail -->\n                  <div class=\"em-card-footer\">\n                    <span>Voir le d\u00e9tail<\/span>\n                    <svg fill=\"none\" viewBox=\"0 0 24 24\" stroke=\"currentColor\" stroke-width=\"2\">\n                      <path stroke-linecap=\"round\" stroke-linejoin=\"round\" d=\"M13.5 4.5L21 12m0 0l-7.5 7.5M21 12H3\"><\/path>\n                    <\/svg>\n                  <\/div>\n                <\/div>\n              <\/article>\n                          <article class=\"em-card\"\n                data-type=\"evenements-locaux-6\"\n                data-features=\"\"\n                data-name=\"dances bretonnes avec le groupe plack\"\n                data-json=\"{&quot;name&quot;:&quot;Dances bretonnes avec le groupe PLACK&quot;,&quot;image&quot;:&quot;&quot;,&quot;link&quot;:&quot;&quot;,&quot;data&quot;:{&quot;titre&quot;:&quot;Dances bretonnes avec le groupe PLACK&quot;,&quot;description&quot;:&quot;Musique et initiation aux dances bretonnes&quot;,&quot;categorie&quot;:&quot;Spectacles &amp; cin\\u00e9ma&quot;,&quot;ville&quot;:&quot;Camaret-sur-Mer&quot;,&quot;code_postal&quot;:&quot;29570&quot;,&quot;name&quot;:&quot;Dances bretonnes avec le groupe PLACK&quot;,&quot;latitude&quot;:&quot;48.2763500&quot;,&quot;longitude&quot;:&quot;-4.5961100&quot;},&quot;category&quot;:&quot;\\u00c9v\\u00e9nements locaux&quot;,&quot;faq&quot;:[],&quot;event&quot;:&quot;Du 30\\\/08\\\/2026 \\u00e0 11:30 au 30\\\/08\\\/2026 \\u00e0 23:59&quot;,&quot;video_url&quot;:&quot;&quot;,&quot;video_embed&quot;:null,&quot;documents&quot;:[],&quot;gallery&quot;:[]}\">\n\n                <!-- Image + badge cat\u00e9gorie -->\n                <div class=\"em-card-img-wrap\">\n                                      <div class=\"em-card-placeholder\">\ud83d\udcf7 Pas d'image<\/div>\n                                    <span class=\"em-card-badge badge-default\">\u00c9v\u00e9nements locaux<\/span>\n                <\/div>\n\n                <!-- Contenu de la card -->\n                <div class=\"em-card-body\">\n                  <h3 class=\"em-card-title\">Dances bretonnes avec le groupe PLACK<\/h3>\n\n                  <!-- Tags r\u00e9sum\u00e9s (max 4) -->\n                  <div class=\"em-card-tags\">\n                                                          <\/div>\n\n                  <!-- Champs suppl\u00e9mentaires (max 3) -->\n                  <div class=\"em-card-fields\">\n                                          <div class=\"em-card-field\">\n                        <span class=\"em-card-field-label\">Titre :<\/span>\n                        <span class=\"em-card-field-value\">Dances bretonnes avec le groupe PLACK<\/span>\n                      <\/div>\n                                          <div class=\"em-card-field\">\n                        <span class=\"em-card-field-label\">Cat\u00e9gorie :<\/span>\n                        <span class=\"em-card-field-value\">Spectacles &amp; cin\u00e9ma<\/span>\n                      <\/div>\n                                          <div class=\"em-card-field\">\n                        <span class=\"em-card-field-label\">Ville :<\/span>\n                        <span class=\"em-card-field-value\">Camaret-sur-Mer<\/span>\n                      <\/div>\n                                      <\/div>\n\n                  <!-- Lien vers le d\u00e9tail -->\n                  <div class=\"em-card-footer\">\n                    <span>Voir le d\u00e9tail<\/span>\n                    <svg fill=\"none\" viewBox=\"0 0 24 24\" stroke=\"currentColor\" stroke-width=\"2\">\n                      <path stroke-linecap=\"round\" stroke-linejoin=\"round\" d=\"M13.5 4.5L21 12m0 0l-7.5 7.5M21 12H3\"><\/path>\n                    <\/svg>\n                  <\/div>\n                <\/div>\n              <\/article>\n                          <article class=\"em-card\"\n                data-type=\"evenements-locaux-6\"\n                data-features=\"\"\n                data-name=\"visite guid\u00e9e - rando nature \u00e0 la pointe du van\"\n                data-json=\"{&quot;name&quot;:&quot;Visite guid\\u00e9e - Rando Nature \\u00e0 la Pointe du Van&quot;,&quot;image&quot;:&quot;&quot;,&quot;link&quot;:&quot;https:\\\/\\\/www.toutcommenceenfinistere.com\\\/pointe-du-raz\\\/preparer-sa-visite\\\/&quot;,&quot;data&quot;:{&quot;titre&quot;:&quot;Visite guid\\u00e9e - Rando Nature \\u00e0 la Pointe du Van&quot;,&quot;description&quot;:&quot;Une immersion au c\\u0153ur des paysages sauvages !\\n\\nMoins fr\\u00e9quent\\u00e9e mais tout aussi spectaculaire, la Pointe du Van se d\\u00e9voile lors de cette randonn\\u00e9e guid\\u00e9e entre landes battues par les vents, falaises abruptes et patrimoine discret. Le guide vous accompagne \\u00e0 la d\\u00e9couverte d\\u2019un territoire pr\\u00e9serv\\u00e9, fa\\u00e7onn\\u00e9 par la rencontre permanente entre la terre et l\\u2019oc\\u00e9an. Faune, flore, g\\u00e9ologie et traces d\\u2019activit\\u00e9s humaines se m\\u00ealent pour raconter l\\u2019histoire de ces paysages contrast\\u00e9s. Une sortie id\\u00e9ale pour les amoureux de nature et de grands espaces.\\n\\nD\\u00e9part du parking de la Pointe du Van - Dur\\u00e9e 3h - 5 km \\n\\nLes mardis \\u00e0 9h.\\n\\nSur r\\u00e9servation aupr\\u00e8s de la Maison de site ou de l&#039;Office de Tourisme du Cap-Sizun \\u00e0 Audierne.&quot;,&quot;categorie&quot;:&quot;Sport &amp; randonn\\u00e9e&quot;,&quot;ville&quot;:&quot;Cl\\u00e9den-Cap-Sizun&quot;,&quot;code_postal&quot;:&quot;29770&quot;,&quot;name&quot;:&quot;Visite guid\\u00e9e - Rando Nature \\u00e0 la Pointe du Van&quot;,&quot;latitude&quot;:&quot;48.0646350&quot;,&quot;longitude&quot;:&quot;-4.7138110&quot;,&quot;link&quot;:&quot;https:\\\/\\\/www.toutcommenceenfinistere.com\\\/pointe-du-raz\\\/preparer-sa-visite\\\/&quot;},&quot;category&quot;:&quot;\\u00c9v\\u00e9nements locaux&quot;,&quot;faq&quot;:[],&quot;event&quot;:&quot;Du 25\\\/08\\\/2026 \\u00e0 09:00 au 25\\\/08\\\/2026 \\u00e0 23:59&quot;,&quot;video_url&quot;:&quot;&quot;,&quot;video_embed&quot;:null,&quot;documents&quot;:[],&quot;gallery&quot;:[]}\">\n\n                <!-- Image + badge cat\u00e9gorie -->\n                <div class=\"em-card-img-wrap\">\n                                      <div class=\"em-card-placeholder\">\ud83d\udcf7 Pas d'image<\/div>\n                                    <span class=\"em-card-badge badge-default\">\u00c9v\u00e9nements locaux<\/span>\n                <\/div>\n\n                <!-- Contenu de la card -->\n                <div class=\"em-card-body\">\n                  <h3 class=\"em-card-title\">Visite guid\u00e9e - Rando Nature \u00e0 la Pointe du Van<\/h3>\n\n                  <!-- Tags r\u00e9sum\u00e9s (max 4) -->\n                  <div class=\"em-card-tags\">\n                                                          <\/div>\n\n                  <!-- Champs suppl\u00e9mentaires (max 3) -->\n                  <div class=\"em-card-fields\">\n                                          <div class=\"em-card-field\">\n                        <span class=\"em-card-field-label\">Titre :<\/span>\n                        <span class=\"em-card-field-value\">Visite guid\u00e9e - Rando Nature \u00e0 la Pointe du Van<\/span>\n                      <\/div>\n                                          <div class=\"em-card-field\">\n                        <span class=\"em-card-field-label\">Cat\u00e9gorie :<\/span>\n                        <span class=\"em-card-field-value\">Sport &amp; randonn\u00e9e<\/span>\n                      <\/div>\n                                          <div class=\"em-card-field\">\n                        <span class=\"em-card-field-label\">Ville :<\/span>\n                        <span class=\"em-card-field-value\">Cl\u00e9den-Cap-Sizun<\/span>\n                      <\/div>\n                                      <\/div>\n\n                  <!-- Lien vers le d\u00e9tail -->\n                  <div class=\"em-card-footer\">\n                    <span>Voir le d\u00e9tail<\/span>\n                    <svg fill=\"none\" viewBox=\"0 0 24 24\" stroke=\"currentColor\" stroke-width=\"2\">\n                      <path stroke-linecap=\"round\" stroke-linejoin=\"round\" d=\"M13.5 4.5L21 12m0 0l-7.5 7.5M21 12H3\"><\/path>\n                    <\/svg>\n                  <\/div>\n                <\/div>\n              <\/article>\n                          <article class=\"em-card\"\n                data-type=\"evenements-locaux-6\"\n                data-features=\"\"\n                data-name=\"bains de for\u00eat\"\n                data-json=\"{&quot;name&quot;:&quot;Bains de For\\u00eat&quot;,&quot;image&quot;:&quot;&quot;,&quot;link&quot;:&quot;http:\\\/\\\/virginie-guezennec.fr\\\/&quot;,&quot;data&quot;:{&quot;titre&quot;:&quot;Bains de For\\u00eat&quot;,&quot;description&quot;:&quot;\\u00c0 l\\u2019\\u00e9coute des arbres\\n\\nAu c\\u0153ur du Bois de Suguensou, offrez-vous une parenth\\u00e8se hors du temps pour ralentir et vous reconnecter \\u00e0 vos sensations.\\nCette exp\\u00e9rience guid\\u00e9e invite \\u00e0 explorer la rencontre avec les arbres de mani\\u00e8re progressive : d\\u2019abord \\u00e0 distance, puis en s\\u2019approchant doucement de leurs troncs. \\u00c0 travers une \\u00e9coute attentive du corps et une perception subtile du mouvement \\u00e9nerg\\u00e9tique, chacun est amen\\u00e9 \\u00e0 vivre un dialogue silencieux avec le vivant.\\nSurprenante au d\\u00e9but, cette approche devient rapidement un moment profond d\\u2019ancrage et de pr\\u00e9sence, o\\u00f9 l\\u2019on passe du \\u00ab faire \\u00bb \\u00e0 l\\u2019\\u00ab \\u00eatre \\u00bb.\\n\\nInformations particuli\\u00e8res :\\n- Tout public \\u00e0 partir de 11 ans\\n- Pr\\u00e9voir une tenue adapt\\u00e9e permettant d&#039;aller hors des sentiers\\n\\nLes lundis matins \\u00e0 9h.\\nR\\u00e9servation possible aupr\\u00e8s de l&#039;Office de Tourisme d&#039;Audierne ou par t\\u00e9l\\u00e9phone.&quot;,&quot;categorie&quot;:&quot;Sport &amp; randonn\\u00e9e&quot;,&quot;ville&quot;:&quot;Audierne&quot;,&quot;code_postal&quot;:&quot;29770&quot;,&quot;name&quot;:&quot;Bains de For\\u00eat&quot;,&quot;latitude&quot;:&quot;48.0353060&quot;,&quot;longitude&quot;:&quot;-4.5400859&quot;,&quot;link&quot;:&quot;http:\\\/\\\/virginie-guezennec.fr\\\/&quot;},&quot;category&quot;:&quot;\\u00c9v\\u00e9nements locaux&quot;,&quot;faq&quot;:[],&quot;event&quot;:&quot;Du 31\\\/08\\\/2026 \\u00e0 09:00 au 31\\\/08\\\/2026 \\u00e0 23:59&quot;,&quot;video_url&quot;:&quot;&quot;,&quot;video_embed&quot;:null,&quot;documents&quot;:[],&quot;gallery&quot;:[]}\">\n\n                <!-- Image + badge cat\u00e9gorie -->\n                <div class=\"em-card-img-wrap\">\n                                      <div class=\"em-card-placeholder\">\ud83d\udcf7 Pas d'image<\/div>\n                                    <span class=\"em-card-badge badge-default\">\u00c9v\u00e9nements locaux<\/span>\n                <\/div>\n\n                <!-- Contenu de la card -->\n                <div class=\"em-card-body\">\n                  <h3 class=\"em-card-title\">Bains de For\u00eat<\/h3>\n\n                  <!-- Tags r\u00e9sum\u00e9s (max 4) -->\n                  <div class=\"em-card-tags\">\n                                                          <\/div>\n\n                  <!-- Champs suppl\u00e9mentaires (max 3) -->\n                  <div class=\"em-card-fields\">\n                                          <div class=\"em-card-field\">\n                        <span class=\"em-card-field-label\">Titre :<\/span>\n                        <span class=\"em-card-field-value\">Bains de For\u00eat<\/span>\n                      <\/div>\n                                          <div class=\"em-card-field\">\n                        <span class=\"em-card-field-label\">Cat\u00e9gorie :<\/span>\n                        <span class=\"em-card-field-value\">Sport &amp; randonn\u00e9e<\/span>\n                      <\/div>\n                                          <div class=\"em-card-field\">\n                        <span class=\"em-card-field-label\">Ville :<\/span>\n                        <span class=\"em-card-field-value\">Audierne<\/span>\n                      <\/div>\n                                      <\/div>\n\n                  <!-- Lien vers le d\u00e9tail -->\n                  <div class=\"em-card-footer\">\n                    <span>Voir le d\u00e9tail<\/span>\n                    <svg fill=\"none\" viewBox=\"0 0 24 24\" stroke=\"currentColor\" stroke-width=\"2\">\n                      <path stroke-linecap=\"round\" stroke-linejoin=\"round\" d=\"M13.5 4.5L21 12m0 0l-7.5 7.5M21 12H3\"><\/path>\n                    <\/svg>\n                  <\/div>\n                <\/div>\n              <\/article>\n                          <article class=\"em-card\"\n                data-type=\"evenements-locaux-6\"\n                data-features=\"\"\n                data-name=\"randonn\u00e9e bien-\u00eatre : 1 \u00e0 3 jours - le jeudi, vers saint-mathieu\"\n                data-json=\"{&quot;name&quot;:&quot;Randonn\\u00e9e bien-\\u00eatre : 1 \\u00e0 3 jours - Le jeudi, vers Saint-Mathieu&quot;,&quot;image&quot;:&quot;&quot;,&quot;link&quot;:&quot;https:\\\/\\\/terredecume.fr\\\/&quot;,&quot;data&quot;:{&quot;titre&quot;:&quot;Randonn\\u00e9e bien-\\u00eatre : 1 \\u00e0 3 jours - Le jeudi, vers Saint-Mathieu&quot;,&quot;description&quot;:&quot;Randonnez \\u00e0 la journ\\u00e9e avec Terre d&#039;\\u00c9cume, du mercredi au vendredi, pour rallier l\\u2019un des phares de l\\u2019Iroise.\\nProgramme du jeudi :  vers le phare de Saint-Mathieu \\u2013 Lieu : Plougonvelin\\n\\nChoisissez de participer 1, 2 ou 3 jours, selon vos envies et disponibilit\\u00e9s : les stages sont modulables !\\nMercredi 9 h \\u2013  vers le phare du Petit Minou \\nVendredi 9 h \\u2013 Vers le phare de Kermorvan \\n\\nLes randonn\\u00e9es bien-\\u00eatre sont des moments de d\\u00e9tente pour allier bien-\\u00eatre, sport en douceur et d\\u00e9couverte du patrimoine local, afin de se reconnecter pleinement \\u00e0 soi-m\\u00eame et \\u00e0 la nature.\\n\\nAu programme : Randonn\\u00e9es \\u2013 Marche afghane \\u2013 Ornithologie \\u2013 M\\u00e9ditation et relaxation \\u2013 Stretching\\\/\\u00c9tirements - D\\u00e9couverte des phares\\n\\nNiveau de difficult\\u00e9 adapt\\u00e9 \\u00e0 vos besoins et envies.\\n\\nR\\u00e9servation en ligne sur terredecume.fr\\nAvec ou sans h\\u00e9bergements : plus d&#039;infos sur le site.\\nNombre de places limit\\u00e9 \\u00e0 15 personnes\\\/stage.\\n\\u00c0 partir de 16 ans.&quot;,&quot;categorie&quot;:&quot;Sport &amp; randonn\\u00e9e&quot;,&quot;ville&quot;:&quot;Locmaria-Plouzan\\u00e9&quot;,&quot;code_postal&quot;:&quot;29280&quot;,&quot;name&quot;:&quot;Randonn\\u00e9e bien-\\u00eatre : 1 \\u00e0 3 jours - Le jeudi, vers Saint-Mathieu&quot;,&quot;latitude&quot;:&quot;48.3299965&quot;,&quot;longitude&quot;:&quot;-4.7710739&quot;,&quot;link&quot;:&quot;https:\\\/\\\/terredecume.fr\\\/&quot;},&quot;category&quot;:&quot;\\u00c9v\\u00e9nements locaux&quot;,&quot;faq&quot;:[],&quot;event&quot;:&quot;Du 27\\\/08\\\/2026 \\u00e0 09:00 au 27\\\/08\\\/2026 \\u00e0 23:59&quot;,&quot;video_url&quot;:&quot;&quot;,&quot;video_embed&quot;:null,&quot;documents&quot;:[],&quot;gallery&quot;:[]}\">\n\n                <!-- Image + badge cat\u00e9gorie -->\n                <div class=\"em-card-img-wrap\">\n                                      <div class=\"em-card-placeholder\">\ud83d\udcf7 Pas d'image<\/div>\n                                    <span class=\"em-card-badge badge-default\">\u00c9v\u00e9nements locaux<\/span>\n                <\/div>\n\n                <!-- Contenu de la card -->\n                <div class=\"em-card-body\">\n                  <h3 class=\"em-card-title\">Randonn\u00e9e bien-\u00eatre : 1 \u00e0 3 jours - Le jeudi, vers Saint-Mathieu<\/h3>\n\n                  <!-- Tags r\u00e9sum\u00e9s (max 4) -->\n                  <div class=\"em-card-tags\">\n                                                          <\/div>\n\n                  <!-- Champs suppl\u00e9mentaires (max 3) -->\n                  <div class=\"em-card-fields\">\n                                          <div class=\"em-card-field\">\n                        <span class=\"em-card-field-label\">Titre :<\/span>\n                        <span class=\"em-card-field-value\">Randonn\u00e9e bien-\u00eatre : 1 \u00e0 3 jours - Le jeudi, vers Saint-Mat<\/span>\n                      <\/div>\n                                          <div class=\"em-card-field\">\n                        <span class=\"em-card-field-label\">Cat\u00e9gorie :<\/span>\n                        <span class=\"em-card-field-value\">Sport &amp; randonn\u00e9e<\/span>\n                      <\/div>\n                                          <div class=\"em-card-field\">\n                        <span class=\"em-card-field-label\">Ville :<\/span>\n                        <span class=\"em-card-field-value\">Locmaria-Plouzan\u00e9<\/span>\n                      <\/div>\n                                      <\/div>\n\n                  <!-- Lien vers le d\u00e9tail -->\n                  <div class=\"em-card-footer\">\n                    <span>Voir le d\u00e9tail<\/span>\n                    <svg fill=\"none\" viewBox=\"0 0 24 24\" stroke=\"currentColor\" stroke-width=\"2\">\n                      <path stroke-linecap=\"round\" stroke-linejoin=\"round\" d=\"M13.5 4.5L21 12m0 0l-7.5 7.5M21 12H3\"><\/path>\n                    <\/svg>\n                  <\/div>\n                <\/div>\n              <\/article>\n                          <article class=\"em-card\"\n                data-type=\"evenements-locaux-6\"\n                data-features=\"\"\n                data-name=\"\u00cele tristan - &quot;ile ouverte&quot;\"\n                data-json=\"{&quot;name&quot;:&quot;\\u00cele Tristan - \\&quot;Ile Ouverte\\&quot;&quot;,&quot;image&quot;:&quot;&quot;,&quot;link&quot;:&quot;&quot;,&quot;data&quot;:{&quot;titre&quot;:&quot;\\u00cele Tristan - \\&quot;Ile Ouverte\\&quot;&quot;,&quot;description&quot;:&quot;L&#039;\\u00eele Tristan propri\\u00e9t\\u00e9 du Conservatoire du Littoral est ouverte au public gratuitement pendant la mar\\u00e9e basse. Passage \\u00e0 pied. Les chiens, la cueillette, les pique-niques sont interdits sur le site. Il est interdit de fumer sur le site.\\n\\nPROMENEURS, ATTENTION ! CES HORAIRES DE PASSAGE SONT COMMUNIQUES \\u00c0 TITRE INDICATIF.\\nLa travers\\u00e9e \\u00e0 pied se fait sous votre responsabilit\\u00e9. \\nSoyez extr\\u00eamement vigilants \\u00e0 la mont\\u00e9e des eaux pour ne pas rester bloqu\\u00e9s sur l\\u2019\\u00eele. Les temps de passage peuvent \\u00eatre raccourcis en fonction des conditions m\\u00e9t\\u00e9orologiques et de la force du vent. En pr\\u00e9sence d\\u2019eau dans la passe, la force des courants interdit toute travers\\u00e9e. \\nEn cas de probl\\u00e8me, le Conservatoire du littoral, propri\\u00e9taire de l\\u2019\\u00cele Tristan, et la ville de Douarnenez, gestionnaire du site, d\\u00e9clinent toutes responsabilit\\u00e9s.\\nPR\\u00c9VOYEZ DES CHAUSSURES NON GLISSANTES&quot;,&quot;categorie&quot;:&quot;Sport &amp; randonn\\u00e9e&quot;,&quot;ville&quot;:&quot;Douarnenez&quot;,&quot;code_postal&quot;:&quot;29100&quot;,&quot;name&quot;:&quot;\\u00cele Tristan - \\&quot;Ile Ouverte\\&quot;&quot;,&quot;latitude&quot;:&quot;48.0972725&quot;,&quot;longitude&quot;:&quot;-4.3354308&quot;},&quot;category&quot;:&quot;\\u00c9v\\u00e9nements locaux&quot;,&quot;faq&quot;:[],&quot;event&quot;:&quot;Du 31\\\/08\\\/2026 \\u00e0 12:10 au 31\\\/08\\\/2026 \\u00e0 23:59&quot;,&quot;video_url&quot;:&quot;&quot;,&quot;video_embed&quot;:null,&quot;documents&quot;:[],&quot;gallery&quot;:[]}\">\n\n                <!-- Image + badge cat\u00e9gorie -->\n                <div class=\"em-card-img-wrap\">\n                                      <div class=\"em-card-placeholder\">\ud83d\udcf7 Pas d'image<\/div>\n                                    <span class=\"em-card-badge badge-default\">\u00c9v\u00e9nements locaux<\/span>\n                <\/div>\n\n                <!-- Contenu de la card -->\n                <div class=\"em-card-body\">\n                  <h3 class=\"em-card-title\">\u00cele Tristan - &quot;Ile Ouverte&quot;<\/h3>\n\n                  <!-- Tags r\u00e9sum\u00e9s (max 4) -->\n                  <div class=\"em-card-tags\">\n                                                          <\/div>\n\n                  <!-- Champs suppl\u00e9mentaires (max 3) -->\n                  <div class=\"em-card-fields\">\n                                          <div class=\"em-card-field\">\n                        <span class=\"em-card-field-label\">Titre :<\/span>\n                        <span class=\"em-card-field-value\">\u00cele Tristan - &quot;Ile Ouverte&quot;<\/span>\n                      <\/div>\n                                          <div class=\"em-card-field\">\n                        <span class=\"em-card-field-label\">Cat\u00e9gorie :<\/span>\n                        <span class=\"em-card-field-value\">Sport &amp; randonn\u00e9e<\/span>\n                      <\/div>\n                                          <div class=\"em-card-field\">\n                        <span class=\"em-card-field-label\">Ville :<\/span>\n                        <span class=\"em-card-field-value\">Douarnenez<\/span>\n                      <\/div>\n                                      <\/div>\n\n                  <!-- Lien vers le d\u00e9tail -->\n                  <div class=\"em-card-footer\">\n                    <span>Voir le d\u00e9tail<\/span>\n                    <svg fill=\"none\" viewBox=\"0 0 24 24\" stroke=\"currentColor\" stroke-width=\"2\">\n                      <path stroke-linecap=\"round\" stroke-linejoin=\"round\" d=\"M13.5 4.5L21 12m0 0l-7.5 7.5M21 12H3\"><\/path>\n                    <\/svg>\n                  <\/div>\n                <\/div>\n              <\/article>\n                          <article class=\"em-card\"\n                data-type=\"evenements-locaux-6\"\n                data-features=\"\"\n                data-name=\"concert\"\n                data-json=\"{&quot;name&quot;:&quot;Concert&quot;,&quot;image&quot;:&quot;&quot;,&quot;link&quot;:&quot;&quot;,&quot;data&quot;:{&quot;titre&quot;:&quot;Concert&quot;,&quot;description&quot;:&quot;Concert avec \\&quot;les Fr\\u00e8res\\&quot;, nouveau groupe de la Presqu&#039;ile&quot;,&quot;categorie&quot;:&quot;Concerts, musique &amp; festivals&quot;,&quot;ville&quot;:&quot;Camaret-sur-Mer&quot;,&quot;code_postal&quot;:&quot;29570&quot;,&quot;name&quot;:&quot;Concert&quot;,&quot;latitude&quot;:&quot;48.2763500&quot;,&quot;longitude&quot;:&quot;-4.5961100&quot;},&quot;category&quot;:&quot;\\u00c9v\\u00e9nements locaux&quot;,&quot;faq&quot;:[],&quot;event&quot;:&quot;Du 29\\\/08\\\/2026 \\u00e0 18:30 au 29\\\/08\\\/2026 \\u00e0 23:59&quot;,&quot;video_url&quot;:&quot;&quot;,&quot;video_embed&quot;:null,&quot;documents&quot;:[],&quot;gallery&quot;:[]}\">\n\n                <!-- Image + badge cat\u00e9gorie -->\n                <div class=\"em-card-img-wrap\">\n                                      <div class=\"em-card-placeholder\">\ud83d\udcf7 Pas d'image<\/div>\n                                    <span class=\"em-card-badge badge-default\">\u00c9v\u00e9nements locaux<\/span>\n                <\/div>\n\n                <!-- Contenu de la card -->\n                <div class=\"em-card-body\">\n                  <h3 class=\"em-card-title\">Concert<\/h3>\n\n                  <!-- Tags r\u00e9sum\u00e9s (max 4) -->\n                  <div class=\"em-card-tags\">\n                                                          <\/div>\n\n                  <!-- Champs suppl\u00e9mentaires (max 3) -->\n                  <div class=\"em-card-fields\">\n                                          <div class=\"em-card-field\">\n                        <span class=\"em-card-field-label\">Titre :<\/span>\n                        <span class=\"em-card-field-value\">Concert<\/span>\n                      <\/div>\n                                          <div class=\"em-card-field\">\n                        <span class=\"em-card-field-label\">Cat\u00e9gorie :<\/span>\n                        <span class=\"em-card-field-value\">Concerts, musique &amp; festivals<\/span>\n                      <\/div>\n                                          <div class=\"em-card-field\">\n                        <span class=\"em-card-field-label\">Ville :<\/span>\n                        <span class=\"em-card-field-value\">Camaret-sur-Mer<\/span>\n                      <\/div>\n                                      <\/div>\n\n                  <!-- Lien vers le d\u00e9tail -->\n                  <div class=\"em-card-footer\">\n                    <span>Voir le d\u00e9tail<\/span>\n                    <svg fill=\"none\" viewBox=\"0 0 24 24\" stroke=\"currentColor\" stroke-width=\"2\">\n                      <path stroke-linecap=\"round\" stroke-linejoin=\"round\" d=\"M13.5 4.5L21 12m0 0l-7.5 7.5M21 12H3\"><\/path>\n                    <\/svg>\n                  <\/div>\n                <\/div>\n              <\/article>\n                          <article class=\"em-card\"\n                data-type=\"evenements-locaux-6\"\n                data-features=\"\"\n                data-name=\"semaine des d\u00e9couvertes\"\n                data-json=\"{&quot;name&quot;:&quot;Semaine des d\\u00e9couvertes&quot;,&quot;image&quot;:&quot;&quot;,&quot;link&quot;:&quot;https:\\\/\\\/fr-fr.facebook.com\\\/mairiePlougastelDaoulas\\\/&quot;,&quot;data&quot;:{&quot;titre&quot;:&quot;Semaine des d\\u00e9couvertes&quot;,&quot;description&quot;:&quot;Pour la 2e ann\\u00e9e cons\\u00e9cutive, les \\u00e9tablissements de restauration de Plougastel proposeront un \\u00e9v\\u00e9nement intitul\\u00e9 \\u00ab semaine des d\\u00e9couvertes \\u00bb. \\n2 semaines durant lesquelles, les restaurants et caf\\u00e9s proposeront des plats, des menus et\\\/ou des boissons confectionn\\u00e9s \\u00e0 partir de produits locaux de Plougastel et des environs. \\nChaque \\u00e9tablissement s\\u2019appropriera l\\u2019\\u00e9v\\u00e9nement \\u00e0 sa mani\\u00e8re pour valoriser richesses culinaires et la gastronomie : menu, plat, boisson, d\\u00e9jeuner, d\\u00eener, sur place, \\u00e0 emporter... Mille-feuilles de fraises, verrine ch\\u00e8vre-saumon, cr\\u00eapes aux fraises, layer cake fraises, breizh burger, kig ar farz de la mer sont quelques uns des mets propos\\u00e9s qui r\\u00e9galeront les papilles de tous.&quot;,&quot;categorie&quot;:&quot;Autres \\u00e9v\\u00e9nements&quot;,&quot;ville&quot;:&quot;Plougastel-Daoulas&quot;,&quot;code_postal&quot;:&quot;29470&quot;,&quot;name&quot;:&quot;Semaine des d\\u00e9couvertes&quot;,&quot;latitude&quot;:&quot;48.3741020&quot;,&quot;longitude&quot;:&quot;-4.3694140&quot;,&quot;link&quot;:&quot;https:\\\/\\\/fr-fr.facebook.com\\\/mairiePlougastelDaoulas\\\/&quot;},&quot;category&quot;:&quot;\\u00c9v\\u00e9nements locaux&quot;,&quot;faq&quot;:[],&quot;event&quot;:&quot;Du 24\\\/08\\\/2026 au 30\\\/08\\\/2026 \\u00e0 23:59&quot;,&quot;video_url&quot;:&quot;&quot;,&quot;video_embed&quot;:null,&quot;documents&quot;:[],&quot;gallery&quot;:[]}\">\n\n                <!-- Image + badge cat\u00e9gorie -->\n                <div class=\"em-card-img-wrap\">\n                                      <div class=\"em-card-placeholder\">\ud83d\udcf7 Pas d'image<\/div>\n                                    <span class=\"em-card-badge badge-default\">\u00c9v\u00e9nements locaux<\/span>\n                <\/div>\n\n                <!-- Contenu de la card -->\n                <div class=\"em-card-body\">\n                  <h3 class=\"em-card-title\">Semaine des d\u00e9couvertes<\/h3>\n\n                  <!-- Tags r\u00e9sum\u00e9s (max 4) -->\n                  <div class=\"em-card-tags\">\n                                                          <\/div>\n\n                  <!-- Champs suppl\u00e9mentaires (max 3) -->\n                  <div class=\"em-card-fields\">\n                                          <div class=\"em-card-field\">\n                        <span class=\"em-card-field-label\">Titre :<\/span>\n                        <span class=\"em-card-field-value\">Semaine des d\u00e9couvertes<\/span>\n                      <\/div>\n                                          <div class=\"em-card-field\">\n                        <span class=\"em-card-field-label\">Cat\u00e9gorie :<\/span>\n                        <span class=\"em-card-field-value\">Autres \u00e9v\u00e9nements<\/span>\n                      <\/div>\n                                          <div class=\"em-card-field\">\n                        <span class=\"em-card-field-label\">Ville :<\/span>\n                        <span class=\"em-card-field-value\">Plougastel-Daoulas<\/span>\n                      <\/div>\n                                      <\/div>\n\n                  <!-- Lien vers le d\u00e9tail -->\n                  <div class=\"em-card-footer\">\n                    <span>Voir le d\u00e9tail<\/span>\n                    <svg fill=\"none\" viewBox=\"0 0 24 24\" stroke=\"currentColor\" stroke-width=\"2\">\n                      <path stroke-linecap=\"round\" stroke-linejoin=\"round\" d=\"M13.5 4.5L21 12m0 0l-7.5 7.5M21 12H3\"><\/path>\n                    <\/svg>\n                  <\/div>\n                <\/div>\n              <\/article>\n                          <article class=\"em-card\"\n                data-type=\"evenements-locaux-6\"\n                data-features=\"\"\n                data-name=\"exposition &quot;j&#039;ai r\u00eav\u00e9 la bretagne&quot;\"\n                data-json=\"{&quot;name&quot;:&quot;Exposition \\&quot;J&#039;ai r\\u00eav\\u00e9 la Bretagne\\&quot;&quot;,&quot;image&quot;:&quot;&quot;,&quot;link&quot;:&quot;http:\\\/\\\/www.galeriedebretagne.com\\\/&quot;,&quot;data&quot;:{&quot;titre&quot;:&quot;Exposition \\&quot;J&#039;ai r\\u00eav\\u00e9 la Bretagne\\&quot;&quot;,&quot;description&quot;:&quot;Exposition d&#039;une quinzaine d&#039;artistes.\\nInspir\\u00e9s par la Bretagne, vivant en Bretagne, ces peintres, sculpteurs et c\\u00e9ramistes pr\\u00e9sentent \\u00e0 la Galerie de Bretagne (Quimper et Douarnenez) un grand choix d&#039;oeuvres et de paysages.&quot;,&quot;categorie&quot;:&quot;Expositions&quot;,&quot;ville&quot;:&quot;Douarnenez&quot;,&quot;code_postal&quot;:&quot;29100&quot;,&quot;name&quot;:&quot;Exposition \\&quot;J&#039;ai r\\u00eav\\u00e9 la Bretagne\\&quot;&quot;,&quot;latitude&quot;:&quot;48.0933932&quot;,&quot;longitude&quot;:&quot;-4.3259373&quot;,&quot;link&quot;:&quot;http:\\\/\\\/www.galeriedebretagne.com\\\/&quot;},&quot;category&quot;:&quot;\\u00c9v\\u00e9nements locaux&quot;,&quot;faq&quot;:[],&quot;event&quot;:&quot;Du 30\\\/07\\\/2026 au 30\\\/10\\\/2026 \\u00e0 23:59&quot;,&quot;video_url&quot;:&quot;&quot;,&quot;video_embed&quot;:null,&quot;documents&quot;:[],&quot;gallery&quot;:[]}\">\n\n                <!-- Image + badge cat\u00e9gorie -->\n                <div class=\"em-card-img-wrap\">\n                                      <div class=\"em-card-placeholder\">\ud83d\udcf7 Pas d'image<\/div>\n                                    <span class=\"em-card-badge badge-default\">\u00c9v\u00e9nements locaux<\/span>\n                <\/div>\n\n                <!-- Contenu de la card -->\n                <div class=\"em-card-body\">\n                  <h3 class=\"em-card-title\">Exposition &quot;J&#039;ai r\u00eav\u00e9 la Bretagne&quot;<\/h3>\n\n                  <!-- Tags r\u00e9sum\u00e9s (max 4) -->\n                  <div class=\"em-card-tags\">\n                                                          <\/div>\n\n                  <!-- Champs suppl\u00e9mentaires (max 3) -->\n                  <div class=\"em-card-fields\">\n                                          <div class=\"em-card-field\">\n                        <span class=\"em-card-field-label\">Titre :<\/span>\n                        <span class=\"em-card-field-value\">Exposition &quot;J&#039;ai r\u00eav\u00e9 la Bretagne&quot;<\/span>\n                      <\/div>\n                                          <div class=\"em-card-field\">\n                        <span class=\"em-card-field-label\">Cat\u00e9gorie :<\/span>\n                        <span class=\"em-card-field-value\">Expositions<\/span>\n                      <\/div>\n                                          <div class=\"em-card-field\">\n                        <span class=\"em-card-field-label\">Ville :<\/span>\n                        <span class=\"em-card-field-value\">Douarnenez<\/span>\n                      <\/div>\n                                      <\/div>\n\n                  <!-- Lien vers le d\u00e9tail -->\n                  <div class=\"em-card-footer\">\n                    <span>Voir le d\u00e9tail<\/span>\n                    <svg fill=\"none\" viewBox=\"0 0 24 24\" stroke=\"currentColor\" stroke-width=\"2\">\n                      <path stroke-linecap=\"round\" stroke-linejoin=\"round\" d=\"M13.5 4.5L21 12m0 0l-7.5 7.5M21 12H3\"><\/path>\n                    <\/svg>\n                  <\/div>\n                <\/div>\n              <\/article>\n                          <article class=\"em-card\"\n                data-type=\"evenements-locaux-6\"\n                data-features=\"\"\n                data-name=\"visite de la pointe saint-mathieu\"\n                data-json=\"{&quot;name&quot;:&quot;Visite de la pointe Saint-Mathieu&quot;,&quot;image&quot;:&quot;&quot;,&quot;link&quot;:&quot;http:\\\/\\\/ribine-experience.fr\\\/&quot;,&quot;data&quot;:{&quot;titre&quot;:&quot;Visite de la pointe Saint-Mathieu&quot;,&quot;description&quot;:&quot;Dans un p\\u00e9rim\\u00e8tre ultra concentr\\u00e9, la pointe Saint-Mathieu nous ouvre une fen\\u00eatre sur la Bretagne, son histoire mouvement\\u00e9e, sa vie maritime et ses l\\u00e9gendes \\u00e9ternelles. Cette visite vous fera entrevoir l&#039;histoire cach\\u00e9e derri\\u00e8re la splendeur de ce bout du Monde.&quot;,&quot;categorie&quot;:&quot;Autres \\u00e9v\\u00e9nements&quot;,&quot;ville&quot;:&quot;Plougonvelin&quot;,&quot;code_postal&quot;:&quot;29217&quot;,&quot;name&quot;:&quot;Visite de la pointe Saint-Mathieu&quot;,&quot;latitude&quot;:&quot;48.3308594&quot;,&quot;longitude&quot;:&quot;-4.7705926&quot;,&quot;link&quot;:&quot;http:\\\/\\\/ribine-experience.fr\\\/&quot;},&quot;category&quot;:&quot;\\u00c9v\\u00e9nements locaux&quot;,&quot;faq&quot;:[],&quot;event&quot;:&quot;Du 27\\\/08\\\/2026 \\u00e0 17:30 au 27\\\/08\\\/2026 \\u00e0 23:59&quot;,&quot;video_url&quot;:&quot;&quot;,&quot;video_embed&quot;:null,&quot;documents&quot;:[],&quot;gallery&quot;:[]}\">\n\n                <!-- Image + badge cat\u00e9gorie -->\n                <div class=\"em-card-img-wrap\">\n                                      <div class=\"em-card-placeholder\">\ud83d\udcf7 Pas d'image<\/div>\n                                    <span class=\"em-card-badge badge-default\">\u00c9v\u00e9nements locaux<\/span>\n                <\/div>\n\n                <!-- Contenu de la card -->\n                <div class=\"em-card-body\">\n                  <h3 class=\"em-card-title\">Visite de la pointe Saint-Mathieu<\/h3>\n\n                  <!-- Tags r\u00e9sum\u00e9s (max 4) -->\n                  <div class=\"em-card-tags\">\n                                                          <\/div>\n\n                  <!-- Champs suppl\u00e9mentaires (max 3) -->\n                  <div class=\"em-card-fields\">\n                                          <div class=\"em-card-field\">\n                        <span class=\"em-card-field-label\">Titre :<\/span>\n                        <span class=\"em-card-field-value\">Visite de la pointe Saint-Mathieu<\/span>\n                      <\/div>\n                                          <div class=\"em-card-field\">\n                        <span class=\"em-card-field-label\">Cat\u00e9gorie :<\/span>\n                        <span class=\"em-card-field-value\">Autres \u00e9v\u00e9nements<\/span>\n                      <\/div>\n                                          <div class=\"em-card-field\">\n                        <span class=\"em-card-field-label\">Ville :<\/span>\n                        <span class=\"em-card-field-value\">Plougonvelin<\/span>\n                      <\/div>\n                                      <\/div>\n\n                  <!-- Lien vers le d\u00e9tail -->\n                  <div class=\"em-card-footer\">\n                    <span>Voir le d\u00e9tail<\/span>\n                    <svg fill=\"none\" viewBox=\"0 0 24 24\" stroke=\"currentColor\" stroke-width=\"2\">\n                      <path stroke-linecap=\"round\" stroke-linejoin=\"round\" d=\"M13.5 4.5L21 12m0 0l-7.5 7.5M21 12H3\"><\/path>\n                    <\/svg>\n                  <\/div>\n                <\/div>\n              <\/article>\n                          <article class=\"em-card\"\n                data-type=\"evenements-locaux-6\"\n                data-features=\"\"\n                data-name=\"visite guid\u00e9e \u00ab\u00a0les rendez-vous de la pointe\u00a0\u00bb\"\n                data-json=\"{&quot;name&quot;:&quot;Visite guid\\u00e9e \\u00ab\\u00a0Les rendez-vous de la Pointe\\u00a0\\u00bb&quot;,&quot;image&quot;:&quot;&quot;,&quot;link&quot;:&quot;https:\\\/\\\/www.toutcommenceenfinistere.com\\\/pointe-du-raz\\\/preparer-sa-visite\\\/&quot;,&quot;data&quot;:{&quot;titre&quot;:&quot;Visite guid\\u00e9e \\u00ab\\u00a0Les rendez-vous de la Pointe\\u00a0\\u00bb&quot;,&quot;description&quot;:&quot;Comprendre un paysage d\\u2019exception, en famille.\\n\\nCette visite guid\\u00e9e invite petits et grands \\u00e0 d\\u00e9couvrir les paysages spectaculaires de la Pointe du Raz et \\u00e0 comprendre ce qui fait la singularit\\u00e9 de ce site embl\\u00e9matique du Finist\\u00e8re. Au fil du parcours, le guide d\\u00e9crypte la formation des falaises, l\\u2019influence des vents et des courants, ainsi que l\\u2019histoire humaine intimement li\\u00e9e \\u00e0 ce bout du monde. Anecdotes, observations et \\u00e9changes rythment la visite, pens\\u00e9e pour \\u00eatre accessible et ludique. Une formule id\\u00e9ale pour une premi\\u00e8re approche du site, \\u00e0 partager en famille, entre terre et mer.\\n\\nD\\u00e9part du s\\u00e9maphore (\\u00e0 800 m du parking) - Dur\\u00e9e 1h&quot;,&quot;categorie&quot;:&quot;Sport &amp; randonn\\u00e9e&quot;,&quot;ville&quot;:&quot;Plogoff&quot;,&quot;code_postal&quot;:&quot;29770&quot;,&quot;name&quot;:&quot;Visite guid\\u00e9e \\u00ab\\u00a0Les rendez-vous de la Pointe\\u00a0\\u00bb&quot;,&quot;latitude&quot;:&quot;48.0408590&quot;,&quot;longitude&quot;:&quot;-4.6709770&quot;,&quot;link&quot;:&quot;https:\\\/\\\/www.toutcommenceenfinistere.com\\\/pointe-du-raz\\\/preparer-sa-visite\\\/&quot;},&quot;category&quot;:&quot;\\u00c9v\\u00e9nements locaux&quot;,&quot;faq&quot;:[],&quot;event&quot;:&quot;Du 01\\\/09\\\/2026 \\u00e0 14:00 au 01\\\/09\\\/2026 \\u00e0 23:59&quot;,&quot;video_url&quot;:&quot;&quot;,&quot;video_embed&quot;:null,&quot;documents&quot;:[],&quot;gallery&quot;:[]}\">\n\n                <!-- Image + badge cat\u00e9gorie -->\n                <div class=\"em-card-img-wrap\">\n                                      <div class=\"em-card-placeholder\">\ud83d\udcf7 Pas d'image<\/div>\n                                    <span class=\"em-card-badge badge-default\">\u00c9v\u00e9nements locaux<\/span>\n                <\/div>\n\n                <!-- Contenu de la card -->\n                <div class=\"em-card-body\">\n                  <h3 class=\"em-card-title\">Visite guid\u00e9e \u00ab\u00a0Les rendez-vous de la Pointe\u00a0\u00bb<\/h3>\n\n                  <!-- Tags r\u00e9sum\u00e9s (max 4) -->\n                  <div class=\"em-card-tags\">\n                                                          <\/div>\n\n                  <!-- Champs suppl\u00e9mentaires (max 3) -->\n                  <div class=\"em-card-fields\">\n                                          <div class=\"em-card-field\">\n                        <span class=\"em-card-field-label\">Titre :<\/span>\n                        <span class=\"em-card-field-value\">Visite guid\u00e9e \u00ab\u00a0Les rendez-vous de la Pointe\u00a0\u00bb<\/span>\n                      <\/div>\n                                          <div class=\"em-card-field\">\n                        <span class=\"em-card-field-label\">Cat\u00e9gorie :<\/span>\n                        <span class=\"em-card-field-value\">Sport &amp; randonn\u00e9e<\/span>\n                      <\/div>\n                                          <div class=\"em-card-field\">\n                        <span class=\"em-card-field-label\">Ville :<\/span>\n                        <span class=\"em-card-field-value\">Plogoff<\/span>\n                      <\/div>\n                                      <\/div>\n\n                  <!-- Lien vers le d\u00e9tail -->\n                  <div class=\"em-card-footer\">\n                    <span>Voir le d\u00e9tail<\/span>\n                    <svg fill=\"none\" viewBox=\"0 0 24 24\" stroke=\"currentColor\" stroke-width=\"2\">\n                      <path stroke-linecap=\"round\" stroke-linejoin=\"round\" d=\"M13.5 4.5L21 12m0 0l-7.5 7.5M21 12H3\"><\/path>\n                    <\/svg>\n                  <\/div>\n                <\/div>\n              <\/article>\n                          <article class=\"em-card\"\n                data-type=\"evenements-locaux-6\"\n                data-features=\"\"\n                data-name=\"visite guid\u00e9e d&#039;audierne\"\n                data-json=\"{&quot;name&quot;:&quot;Visite guid\\u00e9e d&#039;Audierne&quot;,&quot;image&quot;:&quot;&quot;,&quot;link&quot;:&quot;http:\\\/\\\/www.capsizuntourisme.fr\\\/&quot;,&quot;data&quot;:{&quot;titre&quot;:&quot;Visite guid\\u00e9e d&#039;Audierne&quot;,&quot;description&quot;:&quot;Accompagn\\u00e9 par un guide de l\\u2019office de tourisme, venez profiter d\\u2019un instant de d\\u00e9couverte et de partage sur l\\u2019histoire d\\u2019Audierne. Laissez-vous guider dans la ville afin de d\\u00e9couvrir son histoire passionnante et souvent m\\u00e9connue, au cours d\\u2019une balade dans les venelles. Depuis les hauteurs, vous apercevrez comment les richesses de la mer ont fa\\u00e7onn\\u00e9 la ville et son histoire !&quot;,&quot;categorie&quot;:&quot;Autres \\u00e9v\\u00e9nements&quot;,&quot;ville&quot;:&quot;Audierne&quot;,&quot;code_postal&quot;:&quot;29770&quot;,&quot;name&quot;:&quot;Visite guid\\u00e9e d&#039;Audierne&quot;,&quot;latitude&quot;:&quot;48.0236900&quot;,&quot;longitude&quot;:&quot;-4.5399300&quot;,&quot;link&quot;:&quot;http:\\\/\\\/www.capsizuntourisme.fr\\\/&quot;},&quot;category&quot;:&quot;\\u00c9v\\u00e9nements locaux&quot;,&quot;faq&quot;:[],&quot;event&quot;:&quot;Du 01\\\/09\\\/2026 \\u00e0 15:00 au 01\\\/09\\\/2026 \\u00e0 23:59&quot;,&quot;video_url&quot;:&quot;&quot;,&quot;video_embed&quot;:null,&quot;documents&quot;:[],&quot;gallery&quot;:[]}\">\n\n                <!-- Image + badge cat\u00e9gorie -->\n                <div class=\"em-card-img-wrap\">\n                                      <div class=\"em-card-placeholder\">\ud83d\udcf7 Pas d'image<\/div>\n                                    <span class=\"em-card-badge badge-default\">\u00c9v\u00e9nements locaux<\/span>\n                <\/div>\n\n                <!-- Contenu de la card -->\n                <div class=\"em-card-body\">\n                  <h3 class=\"em-card-title\">Visite guid\u00e9e d&#039;Audierne<\/h3>\n\n                  <!-- Tags r\u00e9sum\u00e9s (max 4) -->\n                  <div class=\"em-card-tags\">\n                                                          <\/div>\n\n                  <!-- Champs suppl\u00e9mentaires (max 3) -->\n                  <div class=\"em-card-fields\">\n                                          <div class=\"em-card-field\">\n                        <span class=\"em-card-field-label\">Titre :<\/span>\n                        <span class=\"em-card-field-value\">Visite guid\u00e9e d&#039;Audierne<\/span>\n                      <\/div>\n                                          <div class=\"em-card-field\">\n                        <span class=\"em-card-field-label\">Cat\u00e9gorie :<\/span>\n                        <span class=\"em-card-field-value\">Autres \u00e9v\u00e9nements<\/span>\n                      <\/div>\n                                          <div class=\"em-card-field\">\n                        <span class=\"em-card-field-label\">Ville :<\/span>\n                        <span class=\"em-card-field-value\">Audierne<\/span>\n                      <\/div>\n                                      <\/div>\n\n                  <!-- Lien vers le d\u00e9tail -->\n                  <div class=\"em-card-footer\">\n                    <span>Voir le d\u00e9tail<\/span>\n                    <svg fill=\"none\" viewBox=\"0 0 24 24\" stroke=\"currentColor\" stroke-width=\"2\">\n                      <path stroke-linecap=\"round\" stroke-linejoin=\"round\" d=\"M13.5 4.5L21 12m0 0l-7.5 7.5M21 12H3\"><\/path>\n                    <\/svg>\n                  <\/div>\n                <\/div>\n              <\/article>\n                          <article class=\"em-card\"\n                data-type=\"evenements-locaux-6\"\n                data-features=\"\"\n                data-name=\"cours de poterie - modelage et tournage\"\n                data-json=\"{&quot;name&quot;:&quot;Cours de Poterie - Modelage et tournage&quot;,&quot;image&quot;:&quot;&quot;,&quot;link&quot;:&quot;https:\\\/\\\/www.instagram.com\\\/umi.studio&quot;,&quot;data&quot;:{&quot;titre&quot;:&quot;Cours de Poterie - Modelage et tournage&quot;,&quot;description&quot;:&quot;Envie de mettre les mains dans la terre et de laisser parler votre cr\\u00e9ativit\\u00e9 ?\\n\\nJe vous propose de venir d\\u00e9couvrir la poterie lors d\\u2019un cours convivial, dans un atelier baign\\u00e9 de lumi\\u00e8re, \\u00e0 50 m\\u00e8tres de la plage Saint-Julien.\\n\\nQue vous soyez d\\u00e9butant\\u00b7e ou d\\u00e9j\\u00e0 initi\\u00e9\\u00b7e, c\\u2019est un moment pour ralentir, exp\\u00e9rimenter, et cr\\u00e9er \\u00e0 votre rythme, dans une ambiance d\\u00e9tendue.\\n\\nAu plaisir de vous accueillir et de partager ce moment avec vous !\\n\\nTous les jeudis jusqu\\u2019au 10 septembre 2026, de 18h \\u00e0 20h. \\nIl est possible de r\\u00e9server un atelier sur un autre cr\\u00e9neau (week-end compris), minimum 3 participant.e.s.\\nInscription par sms : 06.40.41.92.91 ou par email : umistudiocontact@gmail.com\\nTarif : 35\\u20ac. Vous r\\u00e9cup\\u00e9rez toutes vos cr\\u00e9ations cuites.\\nPour un envoi postal de celles-ci, comptez 6\\u20ac de frais de port.\\n\\nLes enfants de moins de 7 ans sont les bienvenus accompagn\\u00e9s de leurs parents. Pour eux\\\/elles l&#039;atelier est \\u00e0 25\\u20ac\\n\\nPlus d&#039;infos sur mon site web : https:\\\/\\\/www.umistudio.fr\\\/cours\\n\\nA bient\\u00f4t !&quot;,&quot;categorie&quot;:&quot;Autres \\u00e9v\\u00e9nements&quot;,&quot;ville&quot;:&quot;Plouhinec&quot;,&quot;code_postal&quot;:&quot;29780&quot;,&quot;name&quot;:&quot;Cours de Poterie - Modelage et tournage&quot;,&quot;latitude&quot;:&quot;48.0176766&quot;,&quot;longitude&quot;:&quot;-4.5304275&quot;,&quot;link&quot;:&quot;https:\\\/\\\/www.instagram.com\\\/umi.studio&quot;},&quot;category&quot;:&quot;\\u00c9v\\u00e9nements locaux&quot;,&quot;faq&quot;:[],&quot;event&quot;:&quot;Du 27\\\/08\\\/2026 \\u00e0 18:00 au 27\\\/08\\\/2026 \\u00e0 23:59&quot;,&quot;video_url&quot;:&quot;&quot;,&quot;video_embed&quot;:null,&quot;documents&quot;:[],&quot;gallery&quot;:[]}\">\n\n                <!-- Image + badge cat\u00e9gorie -->\n                <div class=\"em-card-img-wrap\">\n                                      <div class=\"em-card-placeholder\">\ud83d\udcf7 Pas d'image<\/div>\n                                    <span class=\"em-card-badge badge-default\">\u00c9v\u00e9nements locaux<\/span>\n                <\/div>\n\n                <!-- Contenu de la card -->\n                <div class=\"em-card-body\">\n                  <h3 class=\"em-card-title\">Cours de Poterie - Modelage et tournage<\/h3>\n\n                  <!-- Tags r\u00e9sum\u00e9s (max 4) -->\n                  <div class=\"em-card-tags\">\n                                                          <\/div>\n\n                  <!-- Champs suppl\u00e9mentaires (max 3) -->\n                  <div class=\"em-card-fields\">\n                                          <div class=\"em-card-field\">\n                        <span class=\"em-card-field-label\">Titre :<\/span>\n                        <span class=\"em-card-field-value\">Cours de Poterie - Modelage et tournage<\/span>\n                      <\/div>\n                                          <div class=\"em-card-field\">\n                        <span class=\"em-card-field-label\">Cat\u00e9gorie :<\/span>\n                        <span class=\"em-card-field-value\">Autres \u00e9v\u00e9nements<\/span>\n                      <\/div>\n                                          <div class=\"em-card-field\">\n                        <span class=\"em-card-field-label\">Ville :<\/span>\n                        <span class=\"em-card-field-value\">Plouhinec<\/span>\n                      <\/div>\n                                      <\/div>\n\n                  <!-- Lien vers le d\u00e9tail -->\n                  <div class=\"em-card-footer\">\n                    <span>Voir le d\u00e9tail<\/span>\n                    <svg fill=\"none\" viewBox=\"0 0 24 24\" stroke=\"currentColor\" stroke-width=\"2\">\n                      <path stroke-linecap=\"round\" stroke-linejoin=\"round\" d=\"M13.5 4.5L21 12m0 0l-7.5 7.5M21 12H3\"><\/path>\n                    <\/svg>\n                  <\/div>\n                <\/div>\n              <\/article>\n                          <article class=\"em-card\"\n                data-type=\"evenements-locaux-6\"\n                data-features=\"\"\n                data-name=\"d\u00e9couverte des oiseaux du littoral\"\n                data-json=\"{&quot;name&quot;:&quot;D\\u00e9couverte des oiseaux du littoral&quot;,&quot;image&quot;:&quot;&quot;,&quot;link&quot;:&quot;http:\\\/\\\/terredecume.fr\\\/&quot;,&quot;data&quot;:{&quot;titre&quot;:&quot;D\\u00e9couverte des oiseaux du littoral&quot;,&quot;description&quot;:&quot;Sortie nature et balade ornithologique : d\\u00e9couverte et observation des oiseaux du littoral du pays d\\u2019Iroise. \\nLa ria du Conquet est un sanctuaire pour les oiseaux du littoral. Au rythme des saisons et des mar\\u00e9es, les esp\\u00e8ces se relaient pour notre plus grand bonheur. La plupart ont les pieds dans l&#039;eau, les autres font trempette et si vous levez la t\\u00eate, c&#039;est encore la f\\u00eate !\\n\\nTendez l\\u2019oreille et venez d\\u00e9couvrir les richesses naturelles du Finist\\u00e8re. Peut-\\u00eatre y a-t-il un rouge-gorge sur votre droite, un go\\u00e9land au-dessus de votre t\\u00eate filant dans les courants d\\u2019air ? \\n\\nLe long du sentier c\\u00f4tier, nous cherchons les esp\\u00e8ces cach\\u00e9es entre les rochers ou dans l\\u2019\\u00e9cume des vagues. Nous apprenons \\u00e0 les identifier et nous \\u00e9coutons leur chant.\\n\\nSorties au d\\u00e9part de la ria du Conquet tous les mardis matin \\u00e0 9 h. Des sorties sur d&#039;autres sites sont pr\\u00e9vues dans la semaine, n&#039;h\\u00e9sitez pas \\u00e0 nous contacter.\\nAdapt\\u00e9 aux enfants. Tarif enfant jusqu&#039;\\u00e0 9 ans inclus.\\nR\\u00e9servation en ligne.\\n\\nLes randonn\\u00e9es et balades nature propos\\u00e9es par Terre d&#039;\\u00c9cume sont accessibles \\u00e0 tous (de 16 \\u00e0 99 ans), la difficult\\u00e9 des circuits (distance, d\\u00e9nivel\\u00e9 et rythme de marche) est adapt\\u00e9e \\u00e0 chacun.\\nAcc\\u00e8s PMR et difficult\\u00e9 \\u00e0 se mouvoir (b\\u00e9quilles, ...)\\u00a0: circuits disponibles sur demande.&quot;,&quot;categorie&quot;:&quot;En famille&quot;,&quot;ville&quot;:&quot;Le Conquet&quot;,&quot;code_postal&quot;:&quot;29217&quot;,&quot;name&quot;:&quot;D\\u00e9couverte des oiseaux du littoral&quot;,&quot;latitude&quot;:&quot;48.3513213&quot;,&quot;longitude&quot;:&quot;-4.7392891&quot;,&quot;link&quot;:&quot;http:\\\/\\\/terredecume.fr\\\/&quot;},&quot;category&quot;:&quot;\\u00c9v\\u00e9nements locaux&quot;,&quot;faq&quot;:[],&quot;event&quot;:&quot;Du 01\\\/09\\\/2026 \\u00e0 09:00 au 01\\\/09\\\/2026 \\u00e0 23:59&quot;,&quot;video_url&quot;:&quot;&quot;,&quot;video_embed&quot;:null,&quot;documents&quot;:[],&quot;gallery&quot;:[]}\">\n\n                <!-- Image + badge cat\u00e9gorie -->\n                <div class=\"em-card-img-wrap\">\n                                      <div class=\"em-card-placeholder\">\ud83d\udcf7 Pas d'image<\/div>\n                                    <span class=\"em-card-badge badge-default\">\u00c9v\u00e9nements locaux<\/span>\n                <\/div>\n\n                <!-- Contenu de la card -->\n                <div class=\"em-card-body\">\n                  <h3 class=\"em-card-title\">D\u00e9couverte des oiseaux du littoral<\/h3>\n\n                  <!-- Tags r\u00e9sum\u00e9s (max 4) -->\n                  <div class=\"em-card-tags\">\n                                                          <\/div>\n\n                  <!-- Champs suppl\u00e9mentaires (max 3) -->\n                  <div class=\"em-card-fields\">\n                                          <div class=\"em-card-field\">\n                        <span class=\"em-card-field-label\">Titre :<\/span>\n                        <span class=\"em-card-field-value\">D\u00e9couverte des oiseaux du littoral<\/span>\n                      <\/div>\n                                          <div class=\"em-card-field\">\n                        <span class=\"em-card-field-label\">Cat\u00e9gorie :<\/span>\n                        <span class=\"em-card-field-value\">En famille<\/span>\n                      <\/div>\n                                          <div class=\"em-card-field\">\n                        <span class=\"em-card-field-label\">Ville :<\/span>\n                        <span class=\"em-card-field-value\">Le Conquet<\/span>\n                      <\/div>\n                                      <\/div>\n\n                  <!-- Lien vers le d\u00e9tail -->\n                  <div class=\"em-card-footer\">\n                    <span>Voir le d\u00e9tail<\/span>\n                    <svg fill=\"none\" viewBox=\"0 0 24 24\" stroke=\"currentColor\" stroke-width=\"2\">\n                      <path stroke-linecap=\"round\" stroke-linejoin=\"round\" d=\"M13.5 4.5L21 12m0 0l-7.5 7.5M21 12H3\"><\/path>\n                    <\/svg>\n                  <\/div>\n                <\/div>\n              <\/article>\n                          <article class=\"em-card\"\n                data-type=\"evenements-locaux-6\"\n                data-features=\"\"\n                data-name=\"sortie demi-journ\u00e9e \u00e0 bord de la recouvrance\"\n                data-json=\"{&quot;name&quot;:&quot;Sortie demi-journ\\u00e9e \\u00e0 bord de La Recouvrance&quot;,&quot;image&quot;:&quot;&quot;,&quot;link&quot;:&quot;https:\\\/\\\/www.larecouvrance.com\\\/&quot;,&quot;data&quot;:{&quot;titre&quot;:&quot;Sortie demi-journ\\u00e9e \\u00e0 bord de La Recouvrance&quot;,&quot;description&quot;:&quot;Une certaine id\\u00e9e de la navigation : bateau ambassadeur de la Ville de Brest, La Recouvrance et son \\u00e9quipe de sept marins professionnels font partager leurs passions pour la navigation sur ce Fleuron des C\\u00f4tes de France.\\n\\nLe parcours de navigation est d\\u00e9cid\\u00e9 par le capitaine. Pour une exp\\u00e9rience immersive, vous avez la possibilit\\u00e9 d&#039;aider aux manoeuvres.\\n\\nOrganisation des sorties \\u00e0 la demi-journ\\u00e9e : \\n\\n- Matin \\n10h00 : Embarquement Quai Malbert - Port de commerce de Brest\\nBriefing s\\u00e9curit\\u00e9, histoire du bateau\\n10h30 : Appareillage\\nNavigation en Rade de Brest\\n13h00 : D\\u00e9barquement Quai Malbert - Port de commerce de Brest\\n\\n- Apr\\u00e8s-midi\\n14h00 : Embarquement Quai Malbert - Port de commerce de Brest\\nBriefing s\\u00e9curit\\u00e9, histoire du bateau\\n14h30 : Appareillage\\nNavigation en Rade de Brest\\n17h00 : D\\u00e9barquement Quai Malbert - Port de commerce de Brest\\n\\nInformations pratiques : \\nBillets en vente \\u00e0 l&#039;Office de Tourisme Brest en vue, 52 rue du Ch\\u00e2teau (sous r\\u00e9serve de disponibilit\\u00e9).\\nR\\u00e9servation obligatoire.&quot;,&quot;categorie&quot;:&quot;Autres \\u00e9v\\u00e9nements&quot;,&quot;ville&quot;:&quot;Brest&quot;,&quot;code_postal&quot;:&quot;29200&quot;,&quot;name&quot;:&quot;Sortie demi-journ\\u00e9e \\u00e0 bord de La Recouvrance&quot;,&quot;latitude&quot;:&quot;48.3804036&quot;,&quot;longitude&quot;:&quot;-4.4870384&quot;,&quot;link&quot;:&quot;https:\\\/\\\/www.larecouvrance.com\\\/&quot;},&quot;category&quot;:&quot;\\u00c9v\\u00e9nements locaux&quot;,&quot;faq&quot;:[],&quot;event&quot;:&quot;Du 28\\\/08\\\/2026 \\u00e0 14:00 au 28\\\/08\\\/2026 \\u00e0 23:59&quot;,&quot;video_url&quot;:&quot;&quot;,&quot;video_embed&quot;:null,&quot;documents&quot;:[],&quot;gallery&quot;:[]}\">\n\n                <!-- Image + badge cat\u00e9gorie -->\n                <div class=\"em-card-img-wrap\">\n                                      <div class=\"em-card-placeholder\">\ud83d\udcf7 Pas d'image<\/div>\n                                    <span class=\"em-card-badge badge-default\">\u00c9v\u00e9nements locaux<\/span>\n                <\/div>\n\n                <!-- Contenu de la card -->\n                <div class=\"em-card-body\">\n                  <h3 class=\"em-card-title\">Sortie demi-journ\u00e9e \u00e0 bord de La Recouvrance<\/h3>\n\n                  <!-- Tags r\u00e9sum\u00e9s (max 4) -->\n                  <div class=\"em-card-tags\">\n                                                          <\/div>\n\n                  <!-- Champs suppl\u00e9mentaires (max 3) -->\n                  <div class=\"em-card-fields\">\n                                          <div class=\"em-card-field\">\n                        <span class=\"em-card-field-label\">Titre :<\/span>\n                        <span class=\"em-card-field-value\">Sortie demi-journ\u00e9e \u00e0 bord de La Recouvrance<\/span>\n                      <\/div>\n                                          <div class=\"em-card-field\">\n                        <span class=\"em-card-field-label\">Cat\u00e9gorie :<\/span>\n                        <span class=\"em-card-field-value\">Autres \u00e9v\u00e9nements<\/span>\n                      <\/div>\n                                          <div class=\"em-card-field\">\n                        <span class=\"em-card-field-label\">Ville :<\/span>\n                        <span class=\"em-card-field-value\">Brest<\/span>\n                      <\/div>\n                                      <\/div>\n\n                  <!-- Lien vers le d\u00e9tail -->\n                  <div class=\"em-card-footer\">\n                    <span>Voir le d\u00e9tail<\/span>\n                    <svg fill=\"none\" viewBox=\"0 0 24 24\" stroke=\"currentColor\" stroke-width=\"2\">\n                      <path stroke-linecap=\"round\" stroke-linejoin=\"round\" d=\"M13.5 4.5L21 12m0 0l-7.5 7.5M21 12H3\"><\/path>\n                    <\/svg>\n                  <\/div>\n                <\/div>\n              <\/article>\n                          <article class=\"em-card\"\n                data-type=\"evenements-locaux-6\"\n                data-features=\"\"\n                data-name=\"balade comment\u00e9e en cap-sizun\"\n                data-json=\"{&quot;name&quot;:&quot;Balade comment\\u00e9e en Cap-Sizun&quot;,&quot;image&quot;:&quot;&quot;,&quot;link&quot;:&quot;https:\\\/\\\/www.victourducap.fr\\\/&quot;,&quot;data&quot;:{&quot;titre&quot;:&quot;Balade comment\\u00e9e en Cap-Sizun&quot;,&quot;description&quot;:&quot;Visite motoris\\u00e9e ludique et originale, accessible pour tous les \\u00e2ges et surtout les personnes les moins mobiles. Victor, capiste pur beurre, partagera avec vous son amour et sa passion pour le Cap-Sizun, pour ses paysages, sa faune, son histoire, la p\\u00eache,... La visite est riche de ses anecdotes, de ses explications tr\\u00e8s accessibles et enrichissantes. Vous descendez du v\\u00e9hicule sur les points du visite les plus int\\u00e9ressants.\\n\\nLaissez-vous guider et profiter. Le temps file tr\\u00e8s vite \\u00e0 ses c\\u00f4t\\u00e9s et la visite est tr\\u00e8s agr\\u00e9able.\\n\\n\\u00c0 partager sans mod\\u00e9ration.&quot;,&quot;categorie&quot;:&quot;Autres \\u00e9v\\u00e9nements&quot;,&quot;ville&quot;:&quot;Plouhinec&quot;,&quot;code_postal&quot;:&quot;29780&quot;,&quot;name&quot;:&quot;Balade comment\\u00e9e en Cap-Sizun&quot;,&quot;latitude&quot;:&quot;48.0143400&quot;,&quot;longitude&quot;:&quot;-4.4863900&quot;,&quot;link&quot;:&quot;https:\\\/\\\/www.victourducap.fr\\\/&quot;},&quot;category&quot;:&quot;\\u00c9v\\u00e9nements locaux&quot;,&quot;faq&quot;:[],&quot;event&quot;:&quot;Du 27\\\/08\\\/2026 \\u00e0 14:30 au 27\\\/08\\\/2026 \\u00e0 23:59&quot;,&quot;video_url&quot;:&quot;&quot;,&quot;video_embed&quot;:null,&quot;documents&quot;:[],&quot;gallery&quot;:[]}\">\n\n                <!-- Image + badge cat\u00e9gorie -->\n                <div class=\"em-card-img-wrap\">\n                                      <div class=\"em-card-placeholder\">\ud83d\udcf7 Pas d'image<\/div>\n                                    <span class=\"em-card-badge badge-default\">\u00c9v\u00e9nements locaux<\/span>\n                <\/div>\n\n                <!-- Contenu de la card -->\n                <div class=\"em-card-body\">\n                  <h3 class=\"em-card-title\">Balade comment\u00e9e en Cap-Sizun<\/h3>\n\n                  <!-- Tags r\u00e9sum\u00e9s (max 4) -->\n                  <div class=\"em-card-tags\">\n                                                          <\/div>\n\n                  <!-- Champs suppl\u00e9mentaires (max 3) -->\n                  <div class=\"em-card-fields\">\n                                          <div class=\"em-card-field\">\n                        <span class=\"em-card-field-label\">Titre :<\/span>\n                        <span class=\"em-card-field-value\">Balade comment\u00e9e en Cap-Sizun<\/span>\n                      <\/div>\n                                          <div class=\"em-card-field\">\n                        <span class=\"em-card-field-label\">Cat\u00e9gorie :<\/span>\n                        <span class=\"em-card-field-value\">Autres \u00e9v\u00e9nements<\/span>\n                      <\/div>\n                                          <div class=\"em-card-field\">\n                        <span class=\"em-card-field-label\">Ville :<\/span>\n                        <span class=\"em-card-field-value\">Plouhinec<\/span>\n                      <\/div>\n                                      <\/div>\n\n                  <!-- Lien vers le d\u00e9tail -->\n                  <div class=\"em-card-footer\">\n                    <span>Voir le d\u00e9tail<\/span>\n                    <svg fill=\"none\" viewBox=\"0 0 24 24\" stroke=\"currentColor\" stroke-width=\"2\">\n                      <path stroke-linecap=\"round\" stroke-linejoin=\"round\" d=\"M13.5 4.5L21 12m0 0l-7.5 7.5M21 12H3\"><\/path>\n                    <\/svg>\n                  <\/div>\n                <\/div>\n              <\/article>\n                          <article class=\"em-card\"\n                data-type=\"evenements-locaux-6\"\n                data-features=\"\"\n                data-name=\"rando-v\u00e9lo - balade \u00e0 v\u00e9lo \u00e9lectrique de la pointe du van \u00e0 la pointe du raz\"\n                data-json=\"{&quot;name&quot;:&quot;Rando-V\\u00e9lo - Balade \\u00e0 v\\u00e9lo \\u00e9lectrique de la Pointe du Van \\u00e0 la Pointe du Raz&quot;,&quot;image&quot;:&quot;&quot;,&quot;link&quot;:&quot;http:\\\/\\\/virginie-guezennec.fr\\\/&quot;,&quot;data&quot;:{&quot;titre&quot;:&quot;Rando-V\\u00e9lo - Balade \\u00e0 v\\u00e9lo \\u00e9lectrique de la Pointe du Van \\u00e0 la Pointe du Raz&quot;,&quot;description&quot;:&quot;D\\u00e9couverte \\u00e0 v\\u00e9lo \\u00e9lectrique d\\u2019un territoire maritime sauvage pour comprendre et ressentir comment les paysages ont fa\\u00e7onn\\u00e9 l\\u2019histoire et la vie des habitants du Cap Sizun. Plusieurs haltes rythment le parcours : moulins \\u00e0 vent, chapelle tourn\\u00e9e vers la mer et l\\u2019\\u00cele de Sein, fermes et maisons de p\\u00eacheurs, maison de gardien de phare, port-abri et plage. Le circuit s\\u2019ach\\u00e8ve \\u00e0 la Pointe du Raz, avec un temps d\\u00e9di\\u00e9 \\u00e0 son histoire et \\u00e0 une connexion sensible \\u00e0 la puissance \\u00e9nerg\\u00e9tique de la mer d\\u2019Iroise.\\n\\nR\\u00e9servation obligatoire.\\n\\nGroupe 8 personnes maximum. \\nLe tarif ne comprend pas la location du v\\u00e9lo \\u00e9lectrique et le casque (obligatoire). Liste des loueurs de v\\u00e9los \\u00e9lectrique disponible \\u00e0 l&#039;Office de Tourisme. En cas d&#039;utilisation d&#039;un v\\u00e9lo personnel, veillez \\u00e0 vous assurer qu&#039;il soit pr\\u00eat \\u00e0 rouler : pneus gonfl\\u00e9s, freins et feux de route fonctionnel.\\n\\nR\\u00e9servation possible \\u00e0 l&#039;Office de Tourisme \\u00e0 Audierne ainsi que par t\\u00e9l\\u00e9phone.&quot;,&quot;categorie&quot;:&quot;Sport &amp; randonn\\u00e9e&quot;,&quot;ville&quot;:&quot;Cl\\u00e9den-Cap-Sizun&quot;,&quot;code_postal&quot;:&quot;29770&quot;,&quot;name&quot;:&quot;Rando-V\\u00e9lo - Balade \\u00e0 v\\u00e9lo \\u00e9lectrique de la Pointe du Van \\u00e0 la Pointe du Raz&quot;,&quot;latitude&quot;:&quot;48.0646350&quot;,&quot;longitude&quot;:&quot;-4.7138110&quot;,&quot;link&quot;:&quot;http:\\\/\\\/virginie-guezennec.fr\\\/&quot;},&quot;category&quot;:&quot;\\u00c9v\\u00e9nements locaux&quot;,&quot;faq&quot;:[],&quot;event&quot;:&quot;Du 01\\\/09\\\/2026 \\u00e0 11:00 au 01\\\/09\\\/2026 \\u00e0 23:59&quot;,&quot;video_url&quot;:&quot;&quot;,&quot;video_embed&quot;:null,&quot;documents&quot;:[],&quot;gallery&quot;:[]}\">\n\n                <!-- Image + badge cat\u00e9gorie -->\n                <div class=\"em-card-img-wrap\">\n                                      <div class=\"em-card-placeholder\">\ud83d\udcf7 Pas d'image<\/div>\n                                    <span class=\"em-card-badge badge-default\">\u00c9v\u00e9nements locaux<\/span>\n                <\/div>\n\n                <!-- Contenu de la card -->\n                <div class=\"em-card-body\">\n                  <h3 class=\"em-card-title\">Rando-V\u00e9lo - Balade \u00e0 v\u00e9lo \u00e9lectrique de la Pointe du Van \u00e0 la Pointe du Raz<\/h3>\n\n                  <!-- Tags r\u00e9sum\u00e9s (max 4) -->\n                  <div class=\"em-card-tags\">\n                                                          <\/div>\n\n                  <!-- Champs suppl\u00e9mentaires (max 3) -->\n                  <div class=\"em-card-fields\">\n                                          <div class=\"em-card-field\">\n                        <span class=\"em-card-field-label\">Titre :<\/span>\n                        <span class=\"em-card-field-value\">Rando-V\u00e9lo - Balade \u00e0 v\u00e9lo \u00e9lectrique de la Pointe du Van \u00e0 <\/span>\n                      <\/div>\n                                          <div class=\"em-card-field\">\n                        <span class=\"em-card-field-label\">Cat\u00e9gorie :<\/span>\n                        <span class=\"em-card-field-value\">Sport &amp; randonn\u00e9e<\/span>\n                      <\/div>\n                                          <div class=\"em-card-field\">\n                        <span class=\"em-card-field-label\">Ville :<\/span>\n                        <span class=\"em-card-field-value\">Cl\u00e9den-Cap-Sizun<\/span>\n                      <\/div>\n                                      <\/div>\n\n                  <!-- Lien vers le d\u00e9tail -->\n                  <div class=\"em-card-footer\">\n                    <span>Voir le d\u00e9tail<\/span>\n                    <svg fill=\"none\" viewBox=\"0 0 24 24\" stroke=\"currentColor\" stroke-width=\"2\">\n                      <path stroke-linecap=\"round\" stroke-linejoin=\"round\" d=\"M13.5 4.5L21 12m0 0l-7.5 7.5M21 12H3\"><\/path>\n                    <\/svg>\n                  <\/div>\n                <\/div>\n              <\/article>\n                          <article class=\"em-card\"\n                data-type=\"evenements-locaux-6\"\n                data-features=\"\"\n                data-name=\"visite accompagn\u00e9e panorama\"\n                data-json=\"{&quot;name&quot;:&quot;Visite accompagn\\u00e9e Panorama&quot;,&quot;image&quot;:&quot;&quot;,&quot;link&quot;:&quot;https:\\\/\\\/www.cdp29.fr\\\/&quot;,&quot;data&quot;:{&quot;titre&quot;:&quot;Visite accompagn\\u00e9e Panorama&quot;,&quot;description&quot;:&quot;Un soup\\u00e7on d\\u2019histoire, une dose de jardin et une pointe de photos\\u2026 Voil\\u00e0 la recette de cette visite incontournable pour appr\\u00e9hender le site de l\\u2019Abbaye de Daoulas dans son ensemble et selon vos centres d\\u2019int\\u00e9r\\u00eats. \\nD\\u00e9couvrez les vestiges de l\\u2019abbaye et son histoire depuis le 12e si\\u00e8cle. Profitez des jardins et de ses plantes vertueuses venues du monde entier. Appr\\u00e9hendez l\\u2019exposition photographique de l&#039;artiste Joan Fontcuberta. Le tout en une heure, ou moins si besoin, et dans une dynamique de partage et d&#039;accessibilit\\u00e9 \\u00e0 tous.&quot;,&quot;categorie&quot;:&quot;Autres \\u00e9v\\u00e9nements&quot;,&quot;ville&quot;:&quot;Daoulas&quot;,&quot;code_postal&quot;:&quot;29460&quot;,&quot;name&quot;:&quot;Visite accompagn\\u00e9e Panorama&quot;,&quot;latitude&quot;:&quot;48.3620400&quot;,&quot;longitude&quot;:&quot;-4.2653400&quot;,&quot;link&quot;:&quot;https:\\\/\\\/www.cdp29.fr\\\/&quot;},&quot;category&quot;:&quot;\\u00c9v\\u00e9nements locaux&quot;,&quot;faq&quot;:[],&quot;event&quot;:&quot;Du 06\\\/09\\\/2026 \\u00e0 14:30 au 06\\\/09\\\/2026 \\u00e0 23:59&quot;,&quot;video_url&quot;:&quot;&quot;,&quot;video_embed&quot;:null,&quot;documents&quot;:[],&quot;gallery&quot;:[]}\">\n\n                <!-- Image + badge cat\u00e9gorie -->\n                <div class=\"em-card-img-wrap\">\n                                      <div class=\"em-card-placeholder\">\ud83d\udcf7 Pas d'image<\/div>\n                                    <span class=\"em-card-badge badge-default\">\u00c9v\u00e9nements locaux<\/span>\n                <\/div>\n\n                <!-- Contenu de la card -->\n                <div class=\"em-card-body\">\n                  <h3 class=\"em-card-title\">Visite accompagn\u00e9e Panorama<\/h3>\n\n                  <!-- Tags r\u00e9sum\u00e9s (max 4) -->\n                  <div class=\"em-card-tags\">\n                                                          <\/div>\n\n                  <!-- Champs suppl\u00e9mentaires (max 3) -->\n                  <div class=\"em-card-fields\">\n                                          <div class=\"em-card-field\">\n                        <span class=\"em-card-field-label\">Titre :<\/span>\n                        <span class=\"em-card-field-value\">Visite accompagn\u00e9e Panorama<\/span>\n                      <\/div>\n                                          <div class=\"em-card-field\">\n                        <span class=\"em-card-field-label\">Cat\u00e9gorie :<\/span>\n                        <span class=\"em-card-field-value\">Autres \u00e9v\u00e9nements<\/span>\n                      <\/div>\n                                          <div class=\"em-card-field\">\n                        <span class=\"em-card-field-label\">Ville :<\/span>\n                        <span class=\"em-card-field-value\">Daoulas<\/span>\n                      <\/div>\n                                      <\/div>\n\n                  <!-- Lien vers le d\u00e9tail -->\n                  <div class=\"em-card-footer\">\n                    <span>Voir le d\u00e9tail<\/span>\n                    <svg fill=\"none\" viewBox=\"0 0 24 24\" stroke=\"currentColor\" stroke-width=\"2\">\n                      <path stroke-linecap=\"round\" stroke-linejoin=\"round\" d=\"M13.5 4.5L21 12m0 0l-7.5 7.5M21 12H3\"><\/path>\n                    <\/svg>\n                  <\/div>\n                <\/div>\n              <\/article>\n                          <article class=\"em-card\"\n                data-type=\"evenements-locaux-6\"\n                data-features=\"\"\n                data-name=\"concert en \u00e9glises et chapelles : trio p\u00car-vari kervarec, &quot;l\u2019h\u00e9ritage de bretagne&quot;\"\n                data-json=\"{&quot;name&quot;:&quot;Concert en \\u00e9glises et chapelles : trio P\\u00caR-VARI KERVAREC, \\&quot;L\\u2019H\\u00e9ritage de Bretagne\\&quot;&quot;,&quot;image&quot;:&quot;&quot;,&quot;link&quot;:&quot;&quot;,&quot;data&quot;:{&quot;titre&quot;:&quot;Concert en \\u00e9glises et chapelles : trio P\\u00caR-VARI KERVAREC, \\&quot;L\\u2019H\\u00e9ritage de Bretagne\\&quot;&quot;,&quot;description&quot;:&quot;Au-del\\u00e0 des notes, le Trio P\\u00ear-Vari Kervarec raconte des histoires. Il tisse des r\\u00e9cits ancr\\u00e9s dans la m\\u00e9moire collective, faisant r\\u00e9sonner les mots du breton avec une sinc\\u00e9rit\\u00e9 poignante. A travers la force de la musique et du verbe, il rappelle que la culture bretonne est une langue vivante, un souffle qui se transmet et se renouvelle sans cesse. \\nLe Trio P\\u00ear-Vari Kervarec ne se contente pas d\\u2019interpr\\u00e9ter la tradition : il la r\\u00e9invente avec une sensibilit\\u00e9 rare, insufflant une modernit\\u00e9 respectueuse \\u00e0 un r\\u00e9pertoire qui traverse les \\u00e2ges. \\nAvec le Trio P\\u00ear-Vari Kervarec, la m\\u00e9moire d\\u2019un peuple ne se fige pas dans le pass\\u00e9 : elle s\\u2019\\u00e9l\\u00e8ve, elle danse, elle continue de chanter.&quot;,&quot;categorie&quot;:&quot;Concerts, musique &amp; festivals&quot;,&quot;ville&quot;:&quot;Douarnenez&quot;,&quot;code_postal&quot;:&quot;29100&quot;,&quot;name&quot;:&quot;Concert en \\u00e9glises et chapelles : trio P\\u00caR-VARI KERVAREC, \\&quot;L\\u2019H\\u00e9ritage de Bretagne\\&quot;&quot;,&quot;latitude&quot;:&quot;48.0934247&quot;,&quot;longitude&quot;:&quot;-4.3257356&quot;},&quot;category&quot;:&quot;\\u00c9v\\u00e9nements locaux&quot;,&quot;faq&quot;:[],&quot;event&quot;:&quot;Du 27\\\/08\\\/2026 \\u00e0 20:30 au 27\\\/08\\\/2026 \\u00e0 23:59&quot;,&quot;video_url&quot;:&quot;&quot;,&quot;video_embed&quot;:null,&quot;documents&quot;:[],&quot;gallery&quot;:[]}\">\n\n                <!-- Image + badge cat\u00e9gorie -->\n                <div class=\"em-card-img-wrap\">\n                                      <div class=\"em-card-placeholder\">\ud83d\udcf7 Pas d'image<\/div>\n                                    <span class=\"em-card-badge badge-default\">\u00c9v\u00e9nements locaux<\/span>\n                <\/div>\n\n                <!-- Contenu de la card -->\n                <div class=\"em-card-body\">\n                  <h3 class=\"em-card-title\">Concert en \u00e9glises et chapelles : trio P\u00caR-VARI KERVAREC, &quot;L\u2019H\u00e9ritage de Bretagne&quot;<\/h3>\n\n                  <!-- Tags r\u00e9sum\u00e9s (max 4) -->\n                  <div class=\"em-card-tags\">\n                                                          <\/div>\n\n                  <!-- Champs suppl\u00e9mentaires (max 3) -->\n                  <div class=\"em-card-fields\">\n                                          <div class=\"em-card-field\">\n                        <span class=\"em-card-field-label\">Titre :<\/span>\n                        <span class=\"em-card-field-value\">Concert en \u00e9glises et chapelles : trio P\u00caR-VARI KERVAREC, &quot;L<\/span>\n                      <\/div>\n                                          <div class=\"em-card-field\">\n                        <span class=\"em-card-field-label\">Cat\u00e9gorie :<\/span>\n                        <span class=\"em-card-field-value\">Concerts, musique &amp; festivals<\/span>\n                      <\/div>\n                                          <div class=\"em-card-field\">\n                        <span class=\"em-card-field-label\">Ville :<\/span>\n                        <span class=\"em-card-field-value\">Douarnenez<\/span>\n                      <\/div>\n                                      <\/div>\n\n                  <!-- Lien vers le d\u00e9tail -->\n                  <div class=\"em-card-footer\">\n                    <span>Voir le d\u00e9tail<\/span>\n                    <svg fill=\"none\" viewBox=\"0 0 24 24\" stroke=\"currentColor\" stroke-width=\"2\">\n                      <path stroke-linecap=\"round\" stroke-linejoin=\"round\" d=\"M13.5 4.5L21 12m0 0l-7.5 7.5M21 12H3\"><\/path>\n                    <\/svg>\n                  <\/div>\n                <\/div>\n              <\/article>\n                          <article class=\"em-card\"\n                data-type=\"evenements-locaux-6\"\n                data-features=\"\"\n                data-name=\"exploration en famille sur le th\u00e8me de l&#039;eau\"\n                data-json=\"{&quot;name&quot;:&quot;Exploration en famille sur le th\\u00e8me de l&#039;eau&quot;,&quot;image&quot;:&quot;&quot;,&quot;link&quot;:&quot;https:\\\/\\\/marchons-respirons.fr\\\/&quot;,&quot;data&quot;:{&quot;titre&quot;:&quot;Exploration en famille sur le th\\u00e8me de l&#039;eau&quot;,&quot;description&quot;:&quot;Sur un circuit de 1,5 km, l&#039;enfant \\u00e0 partir de 3 ans, accompagn\\u00e9 d&#039;un adulte r\\u00e9f\\u00e9rant, est invit\\u00e9 \\u00e0 explorer l&#039;eau, de la gouttelette au ruisseau, en passant par un lavoir et par une mare.\\nL&#039;eau est indispensable \\u00e0 la vie. Le cycle de l&#039;eau est expliqu\\u00e9 simplement, et chacun est invit\\u00e9 \\u00e0 comprendre l&#039;association naturelle entre l&#039;eau et la for\\u00eat.\\nLes feuilles, les pommes de pin, les plumes, les b\\u00e2tons ramass\\u00e9s en chemin permettent l&#039;exploration et les jeux.\\nLa motricit\\u00e9 de l&#039;enfant s&#039;exerce librement au fil des opportunit\\u00e9s propos\\u00e9es par la for\\u00eat.\\nDes activit\\u00e9s ludiques avec l&#039;eau compl\\u00e8tent la sortie.\\n\\nEnfilez les bottes, pr\\u00e9voyez la gourde remplie d&#039;eau dans le sac \\u00e0 dos, et un petit sac pour les collectes.\\nLes appareils photos sont aussi les bienvenus.\\n\\n- Nombre de places limit\\u00e9.\\n- R\\u00e9servation obligatoire.&quot;,&quot;categorie&quot;:&quot;En famille&quot;,&quot;ville&quot;:&quot;La Forest-Landerneau&quot;,&quot;code_postal&quot;:&quot;29800&quot;,&quot;name&quot;:&quot;Exploration en famille sur le th\\u00e8me de l&#039;eau&quot;,&quot;latitude&quot;:&quot;48.4378722&quot;,&quot;longitude&quot;:&quot;-4.3078881&quot;,&quot;link&quot;:&quot;https:\\\/\\\/marchons-respirons.fr\\\/&quot;},&quot;category&quot;:&quot;\\u00c9v\\u00e9nements locaux&quot;,&quot;faq&quot;:[],&quot;event&quot;:&quot;Du 25\\\/08\\\/2026 \\u00e0 15:00 au 25\\\/08\\\/2026 \\u00e0 23:59&quot;,&quot;video_url&quot;:&quot;&quot;,&quot;video_embed&quot;:null,&quot;documents&quot;:[],&quot;gallery&quot;:[]}\">\n\n                <!-- Image + badge cat\u00e9gorie -->\n                <div class=\"em-card-img-wrap\">\n                                      <div class=\"em-card-placeholder\">\ud83d\udcf7 Pas d'image<\/div>\n                                    <span class=\"em-card-badge badge-default\">\u00c9v\u00e9nements locaux<\/span>\n                <\/div>\n\n                <!-- Contenu de la card -->\n                <div class=\"em-card-body\">\n                  <h3 class=\"em-card-title\">Exploration en famille sur le th\u00e8me de l&#039;eau<\/h3>\n\n                  <!-- Tags r\u00e9sum\u00e9s (max 4) -->\n                  <div class=\"em-card-tags\">\n                                                          <\/div>\n\n                  <!-- Champs suppl\u00e9mentaires (max 3) -->\n                  <div class=\"em-card-fields\">\n                                          <div class=\"em-card-field\">\n                        <span class=\"em-card-field-label\">Titre :<\/span>\n                        <span class=\"em-card-field-value\">Exploration en famille sur le th\u00e8me de l&#039;eau<\/span>\n                      <\/div>\n                                          <div class=\"em-card-field\">\n                        <span class=\"em-card-field-label\">Cat\u00e9gorie :<\/span>\n                        <span class=\"em-card-field-value\">En famille<\/span>\n                      <\/div>\n                                          <div class=\"em-card-field\">\n                        <span class=\"em-card-field-label\">Ville :<\/span>\n                        <span class=\"em-card-field-value\">La Forest-Landerneau<\/span>\n                      <\/div>\n                                      <\/div>\n\n                  <!-- Lien vers le d\u00e9tail -->\n                  <div class=\"em-card-footer\">\n                    <span>Voir le d\u00e9tail<\/span>\n                    <svg fill=\"none\" viewBox=\"0 0 24 24\" stroke=\"currentColor\" stroke-width=\"2\">\n                      <path stroke-linecap=\"round\" stroke-linejoin=\"round\" d=\"M13.5 4.5L21 12m0 0l-7.5 7.5M21 12H3\"><\/path>\n                    <\/svg>\n                  <\/div>\n                <\/div>\n              <\/article>\n                          <article class=\"em-card\"\n                data-type=\"evenements-locaux-6\"\n                data-features=\"\"\n                data-name=\"le chat d\u00e9ambule \u00e0 brest\"\n                data-json=\"{&quot;name&quot;:&quot;Le chat d\\u00e9ambule \\u00e0 Brest&quot;,&quot;image&quot;:&quot;&quot;,&quot;link&quot;:&quot;https:\\\/\\\/brest.fr\\\/le-chat-deambule-brest&quot;,&quot;data&quot;:{&quot;titre&quot;:&quot;Le chat d\\u00e9ambule \\u00e0 Brest&quot;,&quot;description&quot;:&quot;Le dessinateur et sculpteur belge Philippe Geluck installe l\\u2019exposition de son c\\u00e9l\\u00e8bre Chat jusqu\\u2019au mois d\\u2019octobre \\u00e0 Brest ! Avec cette exposition, le centre-ville se transforme en galerie \\u00e0 ciel ouvert.\\n\\nAu d\\u00e9tour des rues, il est ainsi fort possible que vous tombiez sur une des 15 sculptures monumentales de ce fameux Chat, parfois joyeux, parfois po\\u00e9tique, et toujours surr\\u00e9aliste.\\n\\nEmplacement des statues :\\n\\nHaut de Siam : Une statue devant Cyrillus\\nHaut de Siam : Une statue devant Ecoute et Voir\\nHaut de Siam : Une statue devant Oceania\\nHaut de Siam : Une statue devant le Soci\\u00e9t\\u00e9 G\\u00e9n\\u00e9rale\\nRue Etienne Dolet : Une statue devant Histoire de chocolat\\nRue de Siam : devant Devred en amont des fontaines\\nPorte de l\\u2019Herminier : Une statue sous l\\u2019arche devant le Square l&#039;Herminier, derri\\u00e8re les barri\\u00e8res\\nRue Ducouedic : Une statue entre Citya et La Fayette \\nPlacette Fran\\u00e7ais libre c\\u00f4t\\u00e9 de l\\u2019entr\\u00e9e du pont de Recouvrance\\nJardin de Gaulle : Deux statues pourront \\u00eatre plac\\u00e9es de chaque c\\u00f4t\\u00e9 de la st\\u00e8le russe\\nSquare de Bazeilles : Quatres statues\\nEmplacements des bornes :\\n\\nHaut de Siam\\nDevant Dialogue\\nSquare de Bazeilles\\nJardin de Gaulle&quot;,&quot;categorie&quot;:&quot;Expositions&quot;,&quot;ville&quot;:&quot;Brest&quot;,&quot;code_postal&quot;:&quot;29200&quot;,&quot;name&quot;:&quot;Le chat d\\u00e9ambule \\u00e0 Brest&quot;,&quot;latitude&quot;:&quot;48.4012202&quot;,&quot;longitude&quot;:&quot;-4.4921270&quot;,&quot;link&quot;:&quot;https:\\\/\\\/brest.fr\\\/le-chat-deambule-brest&quot;},&quot;category&quot;:&quot;\\u00c9v\\u00e9nements locaux&quot;,&quot;faq&quot;:[],&quot;event&quot;:&quot;Du 19\\\/06\\\/2026 au 05\\\/10\\\/2026 \\u00e0 23:59&quot;,&quot;video_url&quot;:&quot;&quot;,&quot;video_embed&quot;:null,&quot;documents&quot;:[],&quot;gallery&quot;:[]}\">\n\n                <!-- Image + badge cat\u00e9gorie -->\n                <div class=\"em-card-img-wrap\">\n                                      <div class=\"em-card-placeholder\">\ud83d\udcf7 Pas d'image<\/div>\n                                    <span class=\"em-card-badge badge-default\">\u00c9v\u00e9nements locaux<\/span>\n                <\/div>\n\n                <!-- Contenu de la card -->\n                <div class=\"em-card-body\">\n                  <h3 class=\"em-card-title\">Le chat d\u00e9ambule \u00e0 Brest<\/h3>\n\n                  <!-- Tags r\u00e9sum\u00e9s (max 4) -->\n                  <div class=\"em-card-tags\">\n                                                          <\/div>\n\n                  <!-- Champs suppl\u00e9mentaires (max 3) -->\n                  <div class=\"em-card-fields\">\n                                          <div class=\"em-card-field\">\n                        <span class=\"em-card-field-label\">Titre :<\/span>\n                        <span class=\"em-card-field-value\">Le chat d\u00e9ambule \u00e0 Brest<\/span>\n                      <\/div>\n                                          <div class=\"em-card-field\">\n                        <span class=\"em-card-field-label\">Cat\u00e9gorie :<\/span>\n                        <span class=\"em-card-field-value\">Expositions<\/span>\n                      <\/div>\n                                          <div class=\"em-card-field\">\n                        <span class=\"em-card-field-label\">Ville :<\/span>\n                        <span class=\"em-card-field-value\">Brest<\/span>\n                      <\/div>\n                                      <\/div>\n\n                  <!-- Lien vers le d\u00e9tail -->\n                  <div class=\"em-card-footer\">\n                    <span>Voir le d\u00e9tail<\/span>\n                    <svg fill=\"none\" viewBox=\"0 0 24 24\" stroke=\"currentColor\" stroke-width=\"2\">\n                      <path stroke-linecap=\"round\" stroke-linejoin=\"round\" d=\"M13.5 4.5L21 12m0 0l-7.5 7.5M21 12H3\"><\/path>\n                    <\/svg>\n                  <\/div>\n                <\/div>\n              <\/article>\n                          <article class=\"em-card\"\n                data-type=\"evenements-locaux-6\"\n                data-features=\"\"\n                data-name=\"visite guid\u00e9e d&#039;audierne\"\n                data-json=\"{&quot;name&quot;:&quot;Visite guid\\u00e9e d&#039;Audierne&quot;,&quot;image&quot;:&quot;&quot;,&quot;link&quot;:&quot;http:\\\/\\\/www.capsizuntourisme.fr\\\/&quot;,&quot;data&quot;:{&quot;titre&quot;:&quot;Visite guid\\u00e9e d&#039;Audierne&quot;,&quot;description&quot;:&quot;Accompagn\\u00e9 par un guide de l\\u2019office de tourisme, venez profiter d\\u2019un instant de d\\u00e9couverte et de partage sur l\\u2019histoire d\\u2019Audierne. Laissez-vous guider dans la ville afin de d\\u00e9couvrir son histoire passionnante et souvent m\\u00e9connue, au cours d\\u2019une balade dans les venelles. Depuis les hauteurs, vous apercevrez comment les richesses de la mer ont fa\\u00e7onn\\u00e9 la ville et son histoire !&quot;,&quot;categorie&quot;:&quot;Autres \\u00e9v\\u00e9nements&quot;,&quot;ville&quot;:&quot;Audierne&quot;,&quot;code_postal&quot;:&quot;29770&quot;,&quot;name&quot;:&quot;Visite guid\\u00e9e d&#039;Audierne&quot;,&quot;latitude&quot;:&quot;48.0236900&quot;,&quot;longitude&quot;:&quot;-4.5399300&quot;,&quot;link&quot;:&quot;http:\\\/\\\/www.capsizuntourisme.fr\\\/&quot;},&quot;category&quot;:&quot;\\u00c9v\\u00e9nements locaux&quot;,&quot;faq&quot;:[],&quot;event&quot;:&quot;Du 27\\\/08\\\/2026 \\u00e0 15:00 au 27\\\/08\\\/2026 \\u00e0 23:59&quot;,&quot;video_url&quot;:&quot;&quot;,&quot;video_embed&quot;:null,&quot;documents&quot;:[],&quot;gallery&quot;:[]}\">\n\n                <!-- Image + badge cat\u00e9gorie -->\n                <div class=\"em-card-img-wrap\">\n                                      <div class=\"em-card-placeholder\">\ud83d\udcf7 Pas d'image<\/div>\n                                    <span class=\"em-card-badge badge-default\">\u00c9v\u00e9nements locaux<\/span>\n                <\/div>\n\n                <!-- Contenu de la card -->\n                <div class=\"em-card-body\">\n                  <h3 class=\"em-card-title\">Visite guid\u00e9e d&#039;Audierne<\/h3>\n\n                  <!-- Tags r\u00e9sum\u00e9s (max 4) -->\n                  <div class=\"em-card-tags\">\n                                                          <\/div>\n\n                  <!-- Champs suppl\u00e9mentaires (max 3) -->\n                  <div class=\"em-card-fields\">\n                                          <div class=\"em-card-field\">\n                        <span class=\"em-card-field-label\">Titre :<\/span>\n                        <span class=\"em-card-field-value\">Visite guid\u00e9e d&#039;Audierne<\/span>\n                      <\/div>\n                                          <div class=\"em-card-field\">\n                        <span class=\"em-card-field-label\">Cat\u00e9gorie :<\/span>\n                        <span class=\"em-card-field-value\">Autres \u00e9v\u00e9nements<\/span>\n                      <\/div>\n                                          <div class=\"em-card-field\">\n                        <span class=\"em-card-field-label\">Ville :<\/span>\n                        <span class=\"em-card-field-value\">Audierne<\/span>\n                      <\/div>\n                                      <\/div>\n\n                  <!-- Lien vers le d\u00e9tail -->\n                  <div class=\"em-card-footer\">\n                    <span>Voir le d\u00e9tail<\/span>\n                    <svg fill=\"none\" viewBox=\"0 0 24 24\" stroke=\"currentColor\" stroke-width=\"2\">\n                      <path stroke-linecap=\"round\" stroke-linejoin=\"round\" d=\"M13.5 4.5L21 12m0 0l-7.5 7.5M21 12H3\"><\/path>\n                    <\/svg>\n                  <\/div>\n                <\/div>\n              <\/article>\n                          <article class=\"em-card\"\n                data-type=\"evenements-locaux-6\"\n                data-features=\"\"\n                data-name=\"soir\u00e9e d&#039;observation astronomique\"\n                data-json=\"{&quot;name&quot;:&quot;Soir\\u00e9e d&#039;observation astronomique&quot;,&quot;image&quot;:&quot;&quot;,&quot;link&quot;:&quot;https:\\\/\\\/pegasi.fr\\\/&quot;,&quot;data&quot;:{&quot;titre&quot;:&quot;Soir\\u00e9e d&#039;observation astronomique&quot;,&quot;description&quot;:&quot;Venez \\u00e0 l&#039;observatoire PEGASE dans l&#039;\\u00e9cole (diwan) \\u00e0 partir de l&#039;heure indiqu\\u00e9e pour observer le ciel avec les instruments mis \\u00e0 disposition.\\nVenez avec vos jumelles.\\nEn cas d&#039;intemp\\u00e9ries, le club peut proposer une conf\\u00e9rence \\u00e0 l&#039;auditorium de l&#039;\\u00e9cole.\\nSoir\\u00e9e \\&quot;tout public\\&quot; sans inscription et c&#039;est gratuit !&quot;,&quot;categorie&quot;:&quot;Autres \\u00e9v\\u00e9nements&quot;,&quot;ville&quot;:&quot;Saint-Renan&quot;,&quot;code_postal&quot;:&quot;29290&quot;,&quot;name&quot;:&quot;Soir\\u00e9e d&#039;observation astronomique&quot;,&quot;latitude&quot;:&quot;48.4266730&quot;,&quot;longitude&quot;:&quot;-4.6178433&quot;,&quot;link&quot;:&quot;https:\\\/\\\/pegasi.fr\\\/&quot;},&quot;category&quot;:&quot;\\u00c9v\\u00e9nements locaux&quot;,&quot;faq&quot;:[],&quot;event&quot;:&quot;Du 25\\\/08\\\/2026 \\u00e0 21:30 au 25\\\/08\\\/2026 \\u00e0 23:59&quot;,&quot;video_url&quot;:&quot;&quot;,&quot;video_embed&quot;:null,&quot;documents&quot;:[],&quot;gallery&quot;:[]}\">\n\n                <!-- Image + badge cat\u00e9gorie -->\n                <div class=\"em-card-img-wrap\">\n                                      <div class=\"em-card-placeholder\">\ud83d\udcf7 Pas d'image<\/div>\n                                    <span class=\"em-card-badge badge-default\">\u00c9v\u00e9nements locaux<\/span>\n                <\/div>\n\n                <!-- Contenu de la card -->\n                <div class=\"em-card-body\">\n                  <h3 class=\"em-card-title\">Soir\u00e9e d&#039;observation astronomique<\/h3>\n\n                  <!-- Tags r\u00e9sum\u00e9s (max 4) -->\n                  <div class=\"em-card-tags\">\n                                                          <\/div>\n\n                  <!-- Champs suppl\u00e9mentaires (max 3) -->\n                  <div class=\"em-card-fields\">\n                                          <div class=\"em-card-field\">\n                        <span class=\"em-card-field-label\">Titre :<\/span>\n                        <span class=\"em-card-field-value\">Soir\u00e9e d&#039;observation astronomique<\/span>\n                      <\/div>\n                                          <div class=\"em-card-field\">\n                        <span class=\"em-card-field-label\">Cat\u00e9gorie :<\/span>\n                        <span class=\"em-card-field-value\">Autres \u00e9v\u00e9nements<\/span>\n                      <\/div>\n                                          <div class=\"em-card-field\">\n                        <span class=\"em-card-field-label\">Ville :<\/span>\n                        <span class=\"em-card-field-value\">Saint-Renan<\/span>\n                      <\/div>\n                                      <\/div>\n\n                  <!-- Lien vers le d\u00e9tail -->\n                  <div class=\"em-card-footer\">\n                    <span>Voir le d\u00e9tail<\/span>\n                    <svg fill=\"none\" viewBox=\"0 0 24 24\" stroke=\"currentColor\" stroke-width=\"2\">\n                      <path stroke-linecap=\"round\" stroke-linejoin=\"round\" d=\"M13.5 4.5L21 12m0 0l-7.5 7.5M21 12H3\"><\/path>\n                    <\/svg>\n                  <\/div>\n                <\/div>\n              <\/article>\n                          <article class=\"em-card\"\n                data-type=\"evenements-locaux-6\"\n                data-features=\"\"\n                data-name=\"les pierres qui parlent (kayak bertheaume)\"\n                data-json=\"{&quot;name&quot;:&quot;Les Pierres qui parlent (Kayak Bertheaume)&quot;,&quot;image&quot;:&quot;&quot;,&quot;link&quot;:&quot;https:\\\/\\\/www.wildwata.com\\\/&quot;,&quot;data&quot;:{&quot;titre&quot;:&quot;Les Pierres qui parlent (Kayak Bertheaume)&quot;,&quot;description&quot;:&quot;Une histoire de rase cailloux, comme le Tournepierre camoufl\\u00e9 sur ses rochers. On se fond dans le trait de c\\u00f4te, on l\\u2019explore on part \\u00e0 la d\\u00e9couverte, de ses petits coins de paradis, visible seulement de la mer. Un lieu riche, charg\\u00e9 d&#039;histoire qui se livre petit \\u00e0 petit.\\nEt parfois entre deux coup de pagaie, on entend la pierre chanter...\\nBalade \\u00e0 mar\\u00e9e basse entre les&quot;,&quot;categorie&quot;:&quot;En famille&quot;,&quot;ville&quot;:&quot;Plougonvelin&quot;,&quot;code_postal&quot;:&quot;29217&quot;,&quot;name&quot;:&quot;Les Pierres qui parlent (Kayak Bertheaume)&quot;,&quot;latitude&quot;:&quot;48.3398730&quot;,&quot;longitude&quot;:&quot;-4.6998700&quot;,&quot;link&quot;:&quot;https:\\\/\\\/www.wildwata.com\\\/&quot;},&quot;category&quot;:&quot;\\u00c9v\\u00e9nements locaux&quot;,&quot;faq&quot;:[],&quot;event&quot;:&quot;Du 24\\\/08\\\/2026 \\u00e0 14:00 au 24\\\/08\\\/2026 \\u00e0 23:59&quot;,&quot;video_url&quot;:&quot;&quot;,&quot;video_embed&quot;:null,&quot;documents&quot;:[],&quot;gallery&quot;:[]}\">\n\n                <!-- Image + badge cat\u00e9gorie -->\n                <div class=\"em-card-img-wrap\">\n                                      <div class=\"em-card-placeholder\">\ud83d\udcf7 Pas d'image<\/div>\n                                    <span class=\"em-card-badge badge-default\">\u00c9v\u00e9nements locaux<\/span>\n                <\/div>\n\n                <!-- Contenu de la card -->\n                <div class=\"em-card-body\">\n                  <h3 class=\"em-card-title\">Les Pierres qui parlent (Kayak Bertheaume)<\/h3>\n\n                  <!-- Tags r\u00e9sum\u00e9s (max 4) -->\n                  <div class=\"em-card-tags\">\n                                                          <\/div>\n\n                  <!-- Champs suppl\u00e9mentaires (max 3) -->\n                  <div class=\"em-card-fields\">\n                                          <div class=\"em-card-field\">\n                        <span class=\"em-card-field-label\">Titre :<\/span>\n                        <span class=\"em-card-field-value\">Les Pierres qui parlent (Kayak Bertheaume)<\/span>\n                      <\/div>\n                                          <div class=\"em-card-field\">\n                        <span class=\"em-card-field-label\">Cat\u00e9gorie :<\/span>\n                        <span class=\"em-card-field-value\">En famille<\/span>\n                      <\/div>\n                                          <div class=\"em-card-field\">\n                        <span class=\"em-card-field-label\">Ville :<\/span>\n                        <span class=\"em-card-field-value\">Plougonvelin<\/span>\n                      <\/div>\n                                      <\/div>\n\n                  <!-- Lien vers le d\u00e9tail -->\n                  <div class=\"em-card-footer\">\n                    <span>Voir le d\u00e9tail<\/span>\n                    <svg fill=\"none\" viewBox=\"0 0 24 24\" stroke=\"currentColor\" stroke-width=\"2\">\n                      <path stroke-linecap=\"round\" stroke-linejoin=\"round\" d=\"M13.5 4.5L21 12m0 0l-7.5 7.5M21 12H3\"><\/path>\n                    <\/svg>\n                  <\/div>\n                <\/div>\n              <\/article>\n                          <article class=\"em-card\"\n                data-type=\"evenements-locaux-6\"\n                data-features=\"\"\n                data-name=\"rando-v\u00e9lo - balade \u00e0 v\u00e9lo \u00e9lectrique de la pointe du van \u00e0 la pointe du raz\"\n                data-json=\"{&quot;name&quot;:&quot;Rando-V\\u00e9lo - Balade \\u00e0 v\\u00e9lo \\u00e9lectrique de la Pointe du Van \\u00e0 la Pointe du Raz&quot;,&quot;image&quot;:&quot;&quot;,&quot;link&quot;:&quot;http:\\\/\\\/virginie-guezennec.fr\\\/&quot;,&quot;data&quot;:{&quot;titre&quot;:&quot;Rando-V\\u00e9lo - Balade \\u00e0 v\\u00e9lo \\u00e9lectrique de la Pointe du Van \\u00e0 la Pointe du Raz&quot;,&quot;description&quot;:&quot;D\\u00e9couverte \\u00e0 v\\u00e9lo \\u00e9lectrique d\\u2019un territoire maritime sauvage pour comprendre et ressentir comment les paysages ont fa\\u00e7onn\\u00e9 l\\u2019histoire et la vie des habitants du Cap Sizun. Plusieurs haltes rythment le parcours : moulins \\u00e0 vent, chapelle tourn\\u00e9e vers la mer et l\\u2019\\u00cele de Sein, fermes et maisons de p\\u00eacheurs, maison de gardien de phare, port-abri et plage. Le circuit s\\u2019ach\\u00e8ve \\u00e0 la Pointe du Raz, avec un temps d\\u00e9di\\u00e9 \\u00e0 son histoire et \\u00e0 une connexion sensible \\u00e0 la puissance \\u00e9nerg\\u00e9tique de la mer d\\u2019Iroise.\\n\\nR\\u00e9servation obligatoire.\\n\\nGroupe 8 personnes maximum. \\nLe tarif ne comprend pas la location du v\\u00e9lo \\u00e9lectrique et le casque (obligatoire). Liste des loueurs de v\\u00e9los \\u00e9lectrique disponible \\u00e0 l&#039;Office de Tourisme. En cas d&#039;utilisation d&#039;un v\\u00e9lo personnel, veillez \\u00e0 vous assurer qu&#039;il soit pr\\u00eat \\u00e0 rouler : pneus gonfl\\u00e9s, freins et feux de route fonctionnel.\\n\\nR\\u00e9servation possible \\u00e0 l&#039;Office de Tourisme \\u00e0 Audierne ainsi que par t\\u00e9l\\u00e9phone.&quot;,&quot;categorie&quot;:&quot;Sport &amp; randonn\\u00e9e&quot;,&quot;ville&quot;:&quot;Cl\\u00e9den-Cap-Sizun&quot;,&quot;code_postal&quot;:&quot;29770&quot;,&quot;name&quot;:&quot;Rando-V\\u00e9lo - Balade \\u00e0 v\\u00e9lo \\u00e9lectrique de la Pointe du Van \\u00e0 la Pointe du Raz&quot;,&quot;latitude&quot;:&quot;48.0646350&quot;,&quot;longitude&quot;:&quot;-4.7138110&quot;,&quot;link&quot;:&quot;http:\\\/\\\/virginie-guezennec.fr\\\/&quot;},&quot;category&quot;:&quot;\\u00c9v\\u00e9nements locaux&quot;,&quot;faq&quot;:[],&quot;event&quot;:&quot;Du 27\\\/08\\\/2026 \\u00e0 08:30 au 27\\\/08\\\/2026 \\u00e0 23:59&quot;,&quot;video_url&quot;:&quot;&quot;,&quot;video_embed&quot;:null,&quot;documents&quot;:[],&quot;gallery&quot;:[]}\">\n\n                <!-- Image + badge cat\u00e9gorie -->\n                <div class=\"em-card-img-wrap\">\n                                      <div class=\"em-card-placeholder\">\ud83d\udcf7 Pas d'image<\/div>\n                                    <span class=\"em-card-badge badge-default\">\u00c9v\u00e9nements locaux<\/span>\n                <\/div>\n\n                <!-- Contenu de la card -->\n                <div class=\"em-card-body\">\n                  <h3 class=\"em-card-title\">Rando-V\u00e9lo - Balade \u00e0 v\u00e9lo \u00e9lectrique de la Pointe du Van \u00e0 la Pointe du Raz<\/h3>\n\n                  <!-- Tags r\u00e9sum\u00e9s (max 4) -->\n                  <div class=\"em-card-tags\">\n                                                          <\/div>\n\n                  <!-- Champs suppl\u00e9mentaires (max 3) -->\n                  <div class=\"em-card-fields\">\n                                          <div class=\"em-card-field\">\n                        <span class=\"em-card-field-label\">Titre :<\/span>\n                        <span class=\"em-card-field-value\">Rando-V\u00e9lo - Balade \u00e0 v\u00e9lo \u00e9lectrique de la Pointe du Van \u00e0 <\/span>\n                      <\/div>\n                                          <div class=\"em-card-field\">\n                        <span class=\"em-card-field-label\">Cat\u00e9gorie :<\/span>\n                        <span class=\"em-card-field-value\">Sport &amp; randonn\u00e9e<\/span>\n                      <\/div>\n                                          <div class=\"em-card-field\">\n                        <span class=\"em-card-field-label\">Ville :<\/span>\n                        <span class=\"em-card-field-value\">Cl\u00e9den-Cap-Sizun<\/span>\n                      <\/div>\n                                      <\/div>\n\n                  <!-- Lien vers le d\u00e9tail -->\n                  <div class=\"em-card-footer\">\n                    <span>Voir le d\u00e9tail<\/span>\n                    <svg fill=\"none\" viewBox=\"0 0 24 24\" stroke=\"currentColor\" stroke-width=\"2\">\n                      <path stroke-linecap=\"round\" stroke-linejoin=\"round\" d=\"M13.5 4.5L21 12m0 0l-7.5 7.5M21 12H3\"><\/path>\n                    <\/svg>\n                  <\/div>\n                <\/div>\n              <\/article>\n                          <article class=\"em-card\"\n                data-type=\"evenements-locaux-6\"\n                data-features=\"\"\n                data-name=\"visite guid\u00e9e - rando \u00e0 la pointe du raz\"\n                data-json=\"{&quot;name&quot;:&quot;Visite guid\\u00e9e - Rando \\u00e0 la Pointe du Raz&quot;,&quot;image&quot;:&quot;&quot;,&quot;link&quot;:&quot;https:\\\/\\\/www.toutcommenceenfinistere.com\\\/pointe-du-raz\\\/preparer-sa-visite\\\/&quot;,&quot;data&quot;:{&quot;titre&quot;:&quot;Visite guid\\u00e9e - Rando \\u00e0 la Pointe du Raz&quot;,&quot;description&quot;:&quot;Une aventure pour marcheurs confirm\\u00e9s !\\n\\nCette randonn\\u00e9e propose d\\u2019acc\\u00e9der \\u00e0 la Pointe du Raz par des sentiers moins connus et plus sauvages. Au fil du parcours, la puissance des \\u00e9l\\u00e9ments marins se fait ressentir, tandis que le guide d\\u00e9voile les richesses naturelles du site : faune, flore, paysages et phares l\\u00e9gendaires qui veillent sur la mer d\\u2019Iroise. Une exp\\u00e9rience intense et immersive, r\\u00e9serv\\u00e9e aux marcheurs habitu\\u00e9s, pour vivre pleinement l\\u2019esprit du Grand Site de France.\\n\\nD\\u00e9part de Lescoff \\u00e0 Plogoff - Dur\\u00e9e 3h30 - 9 km \\n\\nLes jeudis \\u00e0 9h.\\n\\nSur r\\u00e9servation aupr\\u00e8s de la Maison de site ou de l&#039;Office de Tourisme du Cap-Sizun \\u00e0 Audierne.&quot;,&quot;categorie&quot;:&quot;Sport &amp; randonn\\u00e9e&quot;,&quot;ville&quot;:&quot;Plogoff&quot;,&quot;code_postal&quot;:&quot;29770&quot;,&quot;name&quot;:&quot;Visite guid\\u00e9e - Rando \\u00e0 la Pointe du Raz&quot;,&quot;latitude&quot;:&quot;48.0391130&quot;,&quot;longitude&quot;:&quot;-4.7055420&quot;,&quot;link&quot;:&quot;https:\\\/\\\/www.toutcommenceenfinistere.com\\\/pointe-du-raz\\\/preparer-sa-visite\\\/&quot;},&quot;category&quot;:&quot;\\u00c9v\\u00e9nements locaux&quot;,&quot;faq&quot;:[],&quot;event&quot;:&quot;Du 27\\\/08\\\/2026 \\u00e0 09:00 au 27\\\/08\\\/2026 \\u00e0 23:59&quot;,&quot;video_url&quot;:&quot;&quot;,&quot;video_embed&quot;:null,&quot;documents&quot;:[],&quot;gallery&quot;:[]}\">\n\n                <!-- Image + badge cat\u00e9gorie -->\n                <div class=\"em-card-img-wrap\">\n                                      <div class=\"em-card-placeholder\">\ud83d\udcf7 Pas d'image<\/div>\n                                    <span class=\"em-card-badge badge-default\">\u00c9v\u00e9nements locaux<\/span>\n                <\/div>\n\n                <!-- Contenu de la card -->\n                <div class=\"em-card-body\">\n                  <h3 class=\"em-card-title\">Visite guid\u00e9e - Rando \u00e0 la Pointe du Raz<\/h3>\n\n                  <!-- Tags r\u00e9sum\u00e9s (max 4) -->\n                  <div class=\"em-card-tags\">\n                                                          <\/div>\n\n                  <!-- Champs suppl\u00e9mentaires (max 3) -->\n                  <div class=\"em-card-fields\">\n                                          <div class=\"em-card-field\">\n                        <span class=\"em-card-field-label\">Titre :<\/span>\n                        <span class=\"em-card-field-value\">Visite guid\u00e9e - Rando \u00e0 la Pointe du Raz<\/span>\n                      <\/div>\n                                          <div class=\"em-card-field\">\n                        <span class=\"em-card-field-label\">Cat\u00e9gorie :<\/span>\n                        <span class=\"em-card-field-value\">Sport &amp; randonn\u00e9e<\/span>\n                      <\/div>\n                                          <div class=\"em-card-field\">\n                        <span class=\"em-card-field-label\">Ville :<\/span>\n                        <span class=\"em-card-field-value\">Plogoff<\/span>\n                      <\/div>\n                                      <\/div>\n\n                  <!-- Lien vers le d\u00e9tail -->\n                  <div class=\"em-card-footer\">\n                    <span>Voir le d\u00e9tail<\/span>\n                    <svg fill=\"none\" viewBox=\"0 0 24 24\" stroke=\"currentColor\" stroke-width=\"2\">\n                      <path stroke-linecap=\"round\" stroke-linejoin=\"round\" d=\"M13.5 4.5L21 12m0 0l-7.5 7.5M21 12H3\"><\/path>\n                    <\/svg>\n                  <\/div>\n                <\/div>\n              <\/article>\n                          <article class=\"em-card\"\n                data-type=\"evenements-locaux-6\"\n                data-features=\"\"\n                data-name=\"exposition du peintre jean-yves madec\"\n                data-json=\"{&quot;name&quot;:&quot;Exposition du peintre Jean-Yves Madec&quot;,&quot;image&quot;:&quot;&quot;,&quot;link&quot;:&quot;&quot;,&quot;data&quot;:{&quot;titre&quot;:&quot;Exposition du peintre Jean-Yves Madec&quot;,&quot;description&quot;:&quot;Exposition r\\u00e9trospective en hommage au peintre Jean-Yves Madec dans les murs de la mairie.&quot;,&quot;categorie&quot;:&quot;Expositions&quot;,&quot;ville&quot;:&quot;Plouarzel&quot;,&quot;code_postal&quot;:&quot;29810&quot;,&quot;name&quot;:&quot;Exposition du peintre Jean-Yves Madec&quot;,&quot;latitude&quot;:&quot;48.4338675&quot;,&quot;longitude&quot;:&quot;-4.7309515&quot;},&quot;category&quot;:&quot;\\u00c9v\\u00e9nements locaux&quot;,&quot;faq&quot;:[],&quot;event&quot;:&quot;Du 06\\\/06\\\/2026 au 29\\\/08\\\/2026 \\u00e0 23:59&quot;,&quot;video_url&quot;:&quot;&quot;,&quot;video_embed&quot;:null,&quot;documents&quot;:[],&quot;gallery&quot;:[]}\">\n\n                <!-- Image + badge cat\u00e9gorie -->\n                <div class=\"em-card-img-wrap\">\n                                      <div class=\"em-card-placeholder\">\ud83d\udcf7 Pas d'image<\/div>\n                                    <span class=\"em-card-badge badge-default\">\u00c9v\u00e9nements locaux<\/span>\n                <\/div>\n\n                <!-- Contenu de la card -->\n                <div class=\"em-card-body\">\n                  <h3 class=\"em-card-title\">Exposition du peintre Jean-Yves Madec<\/h3>\n\n                  <!-- Tags r\u00e9sum\u00e9s (max 4) -->\n                  <div class=\"em-card-tags\">\n                                                          <\/div>\n\n                  <!-- Champs suppl\u00e9mentaires (max 3) -->\n                  <div class=\"em-card-fields\">\n                                          <div class=\"em-card-field\">\n                        <span class=\"em-card-field-label\">Titre :<\/span>\n                        <span class=\"em-card-field-value\">Exposition du peintre Jean-Yves Madec<\/span>\n                      <\/div>\n                                          <div class=\"em-card-field\">\n                        <span class=\"em-card-field-label\">Cat\u00e9gorie :<\/span>\n                        <span class=\"em-card-field-value\">Expositions<\/span>\n                      <\/div>\n                                          <div class=\"em-card-field\">\n                        <span class=\"em-card-field-label\">Ville :<\/span>\n                        <span class=\"em-card-field-value\">Plouarzel<\/span>\n                      <\/div>\n                                      <\/div>\n\n                  <!-- Lien vers le d\u00e9tail -->\n                  <div class=\"em-card-footer\">\n                    <span>Voir le d\u00e9tail<\/span>\n                    <svg fill=\"none\" viewBox=\"0 0 24 24\" stroke=\"currentColor\" stroke-width=\"2\">\n                      <path stroke-linecap=\"round\" stroke-linejoin=\"round\" d=\"M13.5 4.5L21 12m0 0l-7.5 7.5M21 12H3\"><\/path>\n                    <\/svg>\n                  <\/div>\n                <\/div>\n              <\/article>\n                          <article class=\"em-card\"\n                data-type=\"evenements-locaux-6\"\n                data-features=\"\"\n                data-name=\"exposition temporaire - &quot;plus ou moins b\u00eates&quot; - les animaux et l&#039;\u00e9ducation\"\n                data-json=\"{&quot;name&quot;:&quot;Exposition temporaire - \\&quot;Plus ou moins b\\u00eates\\&quot; - Les animaux et l&#039;\\u00e9ducation&quot;,&quot;image&quot;:&quot;&quot;,&quot;link&quot;:&quot;https:\\\/\\\/musee-ecole.fr\\\/&quot;,&quot;data&quot;:{&quot;titre&quot;:&quot;Exposition temporaire - \\&quot;Plus ou moins b\\u00eates\\&quot; - Les animaux et l&#039;\\u00e9ducation&quot;,&quot;description&quot;:&quot;\\u00c0 travers les manuels scolaires, la litt\\u00e9rature jeunesse, les jeux et objets p\\u00e9dagogiques, l\\u2019exposition explore la place des figures animales dans l\\u2019enseignement et l\\u2019\\u00e9ducation informelle.\\n\\nLes premiers apprentissages scolaires fa\\u00e7onnent une vision du monde animal o\\u00f9 se m\\u00ealent science et morale : distinguer les \\&quot;bonnes\\&quot; et les \\&quot;mauvaises\\&quot; b\\u00eates selon leur utilit\\u00e9 pour l\\u2019homme, puis, sous l\\u2019influence des th\\u00e9ories de Darwin, interroger la place de l\\u2019humain au sein du vivant.\\nEn classe, l\\u2019animal est aussi un support p\\u00e9dagogique, des dissections aux mod\\u00e8les anatomiques en passant par les travaux d\\u2019\\u00e9l\\u00e8ves. Enfin, l\\u2019exposition met en lumi\\u00e8re l\\u2019\\u00e9volution des regards sur l\\u2019environnement, de l\\u2019observation naturaliste aux premi\\u00e8res r\\u00e9flexions \\u00e9cologiques int\\u00e9gr\\u00e9es aux enseignements.\\nCon\\u00e7ue comme une v\\u00e9ritable exp\\u00e9rience immersive, cette exposition accorde une large place \\u00e0 la m\\u00e9diation participative : reconnaissance de traces et de cris d\\u2019animaux, jeux \\u00e9ducatifs et dispositifs interactifs.&quot;,&quot;categorie&quot;:&quot;Expositions&quot;,&quot;ville&quot;:&quot;Tr\\u00e9garvan&quot;,&quot;code_postal&quot;:&quot;29560&quot;,&quot;name&quot;:&quot;Exposition temporaire - \\&quot;Plus ou moins b\\u00eates\\&quot; - Les animaux et l&#039;\\u00e9ducation&quot;,&quot;latitude&quot;:&quot;48.2446376&quot;,&quot;longitude&quot;:&quot;-4.2266491&quot;,&quot;link&quot;:&quot;https:\\\/\\\/musee-ecole.fr\\\/&quot;},&quot;category&quot;:&quot;\\u00c9v\\u00e9nements locaux&quot;,&quot;faq&quot;:[],&quot;event&quot;:&quot;Du 12\\\/04\\\/2026 au 20\\\/09\\\/2026 \\u00e0 23:59&quot;,&quot;video_url&quot;:&quot;&quot;,&quot;video_embed&quot;:null,&quot;documents&quot;:[],&quot;gallery&quot;:[]}\">\n\n                <!-- Image + badge cat\u00e9gorie -->\n                <div class=\"em-card-img-wrap\">\n                                      <div class=\"em-card-placeholder\">\ud83d\udcf7 Pas d'image<\/div>\n                                    <span class=\"em-card-badge badge-default\">\u00c9v\u00e9nements locaux<\/span>\n                <\/div>\n\n                <!-- Contenu de la card -->\n                <div class=\"em-card-body\">\n                  <h3 class=\"em-card-title\">Exposition temporaire - &quot;Plus ou moins b\u00eates&quot; - Les animaux et l&#039;\u00e9ducation<\/h3>\n\n                  <!-- Tags r\u00e9sum\u00e9s (max 4) -->\n                  <div class=\"em-card-tags\">\n                                                          <\/div>\n\n                  <!-- Champs suppl\u00e9mentaires (max 3) -->\n                  <div class=\"em-card-fields\">\n                                          <div class=\"em-card-field\">\n                        <span class=\"em-card-field-label\">Titre :<\/span>\n                        <span class=\"em-card-field-value\">Exposition temporaire - &quot;Plus ou moins b\u00eates&quot; - Les animaux <\/span>\n                      <\/div>\n                                          <div class=\"em-card-field\">\n                        <span class=\"em-card-field-label\">Cat\u00e9gorie :<\/span>\n                        <span class=\"em-card-field-value\">Expositions<\/span>\n                      <\/div>\n                                          <div class=\"em-card-field\">\n                        <span class=\"em-card-field-label\">Ville :<\/span>\n                        <span class=\"em-card-field-value\">Tr\u00e9garvan<\/span>\n                      <\/div>\n                                      <\/div>\n\n                  <!-- Lien vers le d\u00e9tail -->\n                  <div class=\"em-card-footer\">\n                    <span>Voir le d\u00e9tail<\/span>\n                    <svg fill=\"none\" viewBox=\"0 0 24 24\" stroke=\"currentColor\" stroke-width=\"2\">\n                      <path stroke-linecap=\"round\" stroke-linejoin=\"round\" d=\"M13.5 4.5L21 12m0 0l-7.5 7.5M21 12H3\"><\/path>\n                    <\/svg>\n                  <\/div>\n                <\/div>\n              <\/article>\n                          <article class=\"em-card\"\n                data-type=\"evenements-locaux-6\"\n                data-features=\"\"\n                data-name=\"visite guid\u00e9e &amp; spectacle d&#039;oiseaux \u00e0 l&#039;aquashow\"\n                data-json=\"{&quot;name&quot;:&quot;Visite guid\\u00e9e &amp; spectacle d&#039;oiseaux \\u00e0 l&#039;Aquashow&quot;,&quot;image&quot;:&quot;&quot;,&quot;link&quot;:&quot;http:\\\/\\\/www.aquarium.fr\\\/&quot;,&quot;data&quot;:{&quot;titre&quot;:&quot;Visite guid\\u00e9e &amp; spectacle d&#039;oiseaux \\u00e0 l&#039;Aquashow&quot;,&quot;description&quot;:&quot;Du 04 avril au 03 juillet : tous les jours de 10h00 \\u00e0 18h00, 3 spectacles d&#039;oiseaux par jour et la visite guid\\u00e9e des aquariums \\u00e0 11h00.\\n\\nDu 04 juillet au 30 aout : tous les jours de 10h00 \\u00e0 19h00, 3 spectacles d&#039;oiseaux par jour et la visite guid\\u00e9e des aquariums \\u00e0 11h00.\\n\\nDu 31 aout au 27 septembre : tous les jours de 10h00 \\u00e0 18h00, 3 spectacles d&#039;oiseaux par jour et la visite guid\\u00e9e des aquariums \\u00e0 11h00.&quot;,&quot;categorie&quot;:&quot;En famille&quot;,&quot;ville&quot;:&quot;Audierne&quot;,&quot;code_postal&quot;:&quot;29770&quot;,&quot;name&quot;:&quot;Visite guid\\u00e9e &amp; spectacle d&#039;oiseaux \\u00e0 l&#039;Aquashow&quot;,&quot;latitude&quot;:&quot;48.0282888&quot;,&quot;longitude&quot;:&quot;-4.5361101&quot;,&quot;link&quot;:&quot;http:\\\/\\\/www.aquarium.fr\\\/&quot;},&quot;category&quot;:&quot;\\u00c9v\\u00e9nements locaux&quot;,&quot;faq&quot;:[],&quot;event&quot;:&quot;Du 31\\\/08\\\/2026 \\u00e0 10:00 au 27\\\/09\\\/2026 \\u00e0 23:59&quot;,&quot;video_url&quot;:&quot;&quot;,&quot;video_embed&quot;:null,&quot;documents&quot;:[],&quot;gallery&quot;:[]}\">\n\n                <!-- Image + badge cat\u00e9gorie -->\n                <div class=\"em-card-img-wrap\">\n                                      <div class=\"em-card-placeholder\">\ud83d\udcf7 Pas d'image<\/div>\n                                    <span class=\"em-card-badge badge-default\">\u00c9v\u00e9nements locaux<\/span>\n                <\/div>\n\n                <!-- Contenu de la card -->\n                <div class=\"em-card-body\">\n                  <h3 class=\"em-card-title\">Visite guid\u00e9e &amp; spectacle d&#039;oiseaux \u00e0 l&#039;Aquashow<\/h3>\n\n                  <!-- Tags r\u00e9sum\u00e9s (max 4) -->\n                  <div class=\"em-card-tags\">\n                                                          <\/div>\n\n                  <!-- Champs suppl\u00e9mentaires (max 3) -->\n                  <div class=\"em-card-fields\">\n                                          <div class=\"em-card-field\">\n                        <span class=\"em-card-field-label\">Titre :<\/span>\n                        <span class=\"em-card-field-value\">Visite guid\u00e9e &amp; spectacle d&#039;oiseaux \u00e0 l&#039;Aquashow<\/span>\n                      <\/div>\n                                          <div class=\"em-card-field\">\n                        <span class=\"em-card-field-label\">Cat\u00e9gorie :<\/span>\n                        <span class=\"em-card-field-value\">En famille<\/span>\n                      <\/div>\n                                          <div class=\"em-card-field\">\n                        <span class=\"em-card-field-label\">Ville :<\/span>\n                        <span class=\"em-card-field-value\">Audierne<\/span>\n                      <\/div>\n                                      <\/div>\n\n                  <!-- Lien vers le d\u00e9tail -->\n                  <div class=\"em-card-footer\">\n                    <span>Voir le d\u00e9tail<\/span>\n                    <svg fill=\"none\" viewBox=\"0 0 24 24\" stroke=\"currentColor\" stroke-width=\"2\">\n                      <path stroke-linecap=\"round\" stroke-linejoin=\"round\" d=\"M13.5 4.5L21 12m0 0l-7.5 7.5M21 12H3\"><\/path>\n                    <\/svg>\n                  <\/div>\n                <\/div>\n              <\/article>\n                          <article class=\"em-card\"\n                data-type=\"evenements-locaux-6\"\n                data-features=\"\"\n                data-name=\"a la d\u00e9couverte de la for\u00eat avec les b\u00e9b\u00e9s\"\n                data-json=\"{&quot;name&quot;:&quot;A la d\\u00e9couverte de la for\\u00eat avec les b\\u00e9b\\u00e9s&quot;,&quot;image&quot;:&quot;&quot;,&quot;link&quot;:&quot;https:\\\/\\\/marchons-respirons.fr\\\/&quot;,&quot;data&quot;:{&quot;titre&quot;:&quot;A la d\\u00e9couverte de la for\\u00eat avec les b\\u00e9b\\u00e9s&quot;,&quot;description&quot;:&quot;Cet atelier en for\\u00eat est con\\u00e7u pour les enfants de moins de 3 ans, accompagn\\u00e9s d&#039;un adulte r\\u00e9f\\u00e9rant. \\nIl offre \\u00e0 l&#039;enfant des opportunit\\u00e9s de d\\u00e9couvertes:\\n- Toucher la terre, la mousse, les feuilles, les bouts de bois. -Ecouter les oiseaux, le bruit du vent dans les feuilles\\n- Humer les fragrances subtiles lib\\u00e9r\\u00e9es par les arbres, les parfums floraux, les odeurs de la terre. \\n- Observer les petites b\\u00eates. \\n\\nLa for\\u00eat est aussi un formidable lieu d&#039;explorations motrices : marcher, enjamber, grimper, sauter, s&#039;agripper, se hisser, ramper, s&#039;\\u00e9quilibrer, courir. Le rythme permet une exploration libre selon l&#039;\\u00e2ge des enfants. \\nDes haltes favorisent les exp\\u00e9riences sensorielles et adapt\\u00e9es selon l&#039;\\u00e2ge des enfants. Gr\\u00e2ce \\u00e0 l&#039;adulte accompagnateur, l&#039;enfant est s\\u00e9curis\\u00e9 dans ses explorations. \\nQuelques suggestions sont propos\\u00e9es, mais parfois c&#039;est la for\\u00eat ou les enfants eux-m\\u00eames qui donnent une impulsion pour un jeu. Enfin, l&#039;adulte accompagnateur profite \\u00e9galement des bienfaits de la for\\u00eat.\\n\\n- Les poussettes l\\u00e9g\\u00e8res sont possibles. \\n- Le portage en \\u00e9charpe ou en porte-b\\u00e9b\\u00e9 est conseill\\u00e9.\\n- R\\u00e9servation obligatoire.\\n- Nombre de places limit\\u00e9s.&quot;,&quot;categorie&quot;:&quot;Sport &amp; randonn\\u00e9e&quot;,&quot;ville&quot;:&quot;La Forest-Landerneau&quot;,&quot;code_postal&quot;:&quot;29800&quot;,&quot;name&quot;:&quot;A la d\\u00e9couverte de la for\\u00eat avec les b\\u00e9b\\u00e9s&quot;,&quot;latitude&quot;:&quot;48.4378722&quot;,&quot;longitude&quot;:&quot;-4.3078876&quot;,&quot;link&quot;:&quot;https:\\\/\\\/marchons-respirons.fr\\\/&quot;},&quot;category&quot;:&quot;\\u00c9v\\u00e9nements locaux&quot;,&quot;faq&quot;:[],&quot;event&quot;:&quot;Du 26\\\/08\\\/2026 \\u00e0 10:00 au 26\\\/08\\\/2026 \\u00e0 23:59&quot;,&quot;video_url&quot;:&quot;&quot;,&quot;video_embed&quot;:null,&quot;documents&quot;:[],&quot;gallery&quot;:[]}\">\n\n                <!-- Image + badge cat\u00e9gorie -->\n                <div class=\"em-card-img-wrap\">\n                                      <div class=\"em-card-placeholder\">\ud83d\udcf7 Pas d'image<\/div>\n                                    <span class=\"em-card-badge badge-default\">\u00c9v\u00e9nements locaux<\/span>\n                <\/div>\n\n                <!-- Contenu de la card -->\n                <div class=\"em-card-body\">\n                  <h3 class=\"em-card-title\">A la d\u00e9couverte de la for\u00eat avec les b\u00e9b\u00e9s<\/h3>\n\n                  <!-- Tags r\u00e9sum\u00e9s (max 4) -->\n                  <div class=\"em-card-tags\">\n                                                          <\/div>\n\n                  <!-- Champs suppl\u00e9mentaires (max 3) -->\n                  <div class=\"em-card-fields\">\n                                          <div class=\"em-card-field\">\n                        <span class=\"em-card-field-label\">Titre :<\/span>\n                        <span class=\"em-card-field-value\">A la d\u00e9couverte de la for\u00eat avec les b\u00e9b\u00e9s<\/span>\n                      <\/div>\n                                          <div class=\"em-card-field\">\n                        <span class=\"em-card-field-label\">Cat\u00e9gorie :<\/span>\n                        <span class=\"em-card-field-value\">Sport &amp; randonn\u00e9e<\/span>\n                      <\/div>\n                                          <div class=\"em-card-field\">\n                        <span class=\"em-card-field-label\">Ville :<\/span>\n                        <span class=\"em-card-field-value\">La Forest-Landerneau<\/span>\n                      <\/div>\n                                      <\/div>\n\n                  <!-- Lien vers le d\u00e9tail -->\n                  <div class=\"em-card-footer\">\n                    <span>Voir le d\u00e9tail<\/span>\n                    <svg fill=\"none\" viewBox=\"0 0 24 24\" stroke=\"currentColor\" stroke-width=\"2\">\n                      <path stroke-linecap=\"round\" stroke-linejoin=\"round\" d=\"M13.5 4.5L21 12m0 0l-7.5 7.5M21 12H3\"><\/path>\n                    <\/svg>\n                  <\/div>\n                <\/div>\n              <\/article>\n                          <article class=\"em-card\"\n                data-type=\"evenements-locaux-6\"\n                data-features=\"\"\n                data-name=\"visite guid\u00e9e de cri\u00e9e d\u2019audierne-poulgoazec\"\n                data-json=\"{&quot;name&quot;:&quot;Visite guid\\u00e9e de cri\\u00e9e d\\u2019Audierne-Poulgoazec&quot;,&quot;image&quot;:&quot;&quot;,&quot;link&quot;:&quot;&quot;,&quot;data&quot;:{&quot;titre&quot;:&quot;Visite guid\\u00e9e de cri\\u00e9e d\\u2019Audierne-Poulgoazec&quot;,&quot;description&quot;:&quot;Venez assister en direct \\u00e0 la vente aux ench\\u00e8res \\u00e0 la halle \\u00e0 mar\\u00e9e.\\nUne visite exceptionnelle \\u00e0 la d\\u00e9couverte de la cri\\u00e9e de Poulgoazec, singuli\\u00e8re par la qualit\\u00e9 de sa p\\u00eache c\\u00f4ti\\u00e8re.\\nAccompagn\\u00e9 par nos m\\u00e9diateurs, nous vous ferons d\\u00e9couvrir l&#039;histoire du port, ses techniques de p\\u00eaches, les diff\\u00e9rentes esp\\u00e8ces de poissons et les conditions de travail des marins-p\\u00eacheurs.\\n \\nSur r\\u00e9servation, 30 pers. max, chaussures ferm\\u00e9es obligatoires, photos interdites \\u00e0 l&#039;int\\u00e9rieur de la halle \\u00e0 mar\\u00e9e.\\nLes animaux ne sont pas accept\\u00e9s.\\n \\nBilletterie disponible dans le bureaux de l&#039;Office de Tourisme.  \\n \\nPoint de rendez-vous \\u00e0 l&#039;Abri du marin de Plouhinec.&quot;,&quot;categorie&quot;:&quot;Autres \\u00e9v\\u00e9nements&quot;,&quot;ville&quot;:&quot;Plouhinec&quot;,&quot;code_postal&quot;:&quot;29780&quot;,&quot;name&quot;:&quot;Visite guid\\u00e9e de cri\\u00e9e d\\u2019Audierne-Poulgoazec&quot;,&quot;latitude&quot;:&quot;48.0184347&quot;,&quot;longitude&quot;:&quot;-4.5316125&quot;},&quot;category&quot;:&quot;\\u00c9v\\u00e9nements locaux&quot;,&quot;faq&quot;:[],&quot;event&quot;:&quot;Du 25\\\/08\\\/2026 \\u00e0 14:30 au 25\\\/08\\\/2026 \\u00e0 23:59&quot;,&quot;video_url&quot;:&quot;&quot;,&quot;video_embed&quot;:null,&quot;documents&quot;:[],&quot;gallery&quot;:[]}\">\n\n                <!-- Image + badge cat\u00e9gorie -->\n                <div class=\"em-card-img-wrap\">\n                                      <div class=\"em-card-placeholder\">\ud83d\udcf7 Pas d'image<\/div>\n                                    <span class=\"em-card-badge badge-default\">\u00c9v\u00e9nements locaux<\/span>\n                <\/div>\n\n                <!-- Contenu de la card -->\n                <div class=\"em-card-body\">\n                  <h3 class=\"em-card-title\">Visite guid\u00e9e de cri\u00e9e d\u2019Audierne-Poulgoazec<\/h3>\n\n                  <!-- Tags r\u00e9sum\u00e9s (max 4) -->\n                  <div class=\"em-card-tags\">\n                                                          <\/div>\n\n                  <!-- Champs suppl\u00e9mentaires (max 3) -->\n                  <div class=\"em-card-fields\">\n                                          <div class=\"em-card-field\">\n                        <span class=\"em-card-field-label\">Titre :<\/span>\n                        <span class=\"em-card-field-value\">Visite guid\u00e9e de cri\u00e9e d\u2019Audierne-Poulgoazec<\/span>\n                      <\/div>\n                                          <div class=\"em-card-field\">\n                        <span class=\"em-card-field-label\">Cat\u00e9gorie :<\/span>\n                        <span class=\"em-card-field-value\">Autres \u00e9v\u00e9nements<\/span>\n                      <\/div>\n                                          <div class=\"em-card-field\">\n                        <span class=\"em-card-field-label\">Ville :<\/span>\n                        <span class=\"em-card-field-value\">Plouhinec<\/span>\n                      <\/div>\n                                      <\/div>\n\n                  <!-- Lien vers le d\u00e9tail -->\n                  <div class=\"em-card-footer\">\n                    <span>Voir le d\u00e9tail<\/span>\n                    <svg fill=\"none\" viewBox=\"0 0 24 24\" stroke=\"currentColor\" stroke-width=\"2\">\n                      <path stroke-linecap=\"round\" stroke-linejoin=\"round\" d=\"M13.5 4.5L21 12m0 0l-7.5 7.5M21 12H3\"><\/path>\n                    <\/svg>\n                  <\/div>\n                <\/div>\n              <\/article>\n                          <article class=\"em-card\"\n                data-type=\"evenements-locaux-6\"\n                data-features=\"\"\n                data-name=\"dj set de chamar\"\n                data-json=\"{&quot;name&quot;:&quot;DJ set de Chamar&quot;,&quot;image&quot;:&quot;&quot;,&quot;link&quot;:&quot;&quot;,&quot;data&quot;:{&quot;titre&quot;:&quot;DJ set de Chamar&quot;,&quot;description&quot;:&quot;Dj set de Chamar Chez Tatabel - tout les mercredis d&#039;ao\\u00fbt\\nPensez \\u00e0 r\\u00e9server si vous souhaitez manger sur place !&quot;,&quot;categorie&quot;:&quot;Concerts, musique &amp; festivals&quot;,&quot;ville&quot;:&quot;Plomodiern&quot;,&quot;code_postal&quot;:&quot;29550&quot;,&quot;name&quot;:&quot;DJ set de Chamar&quot;,&quot;latitude&quot;:&quot;48.1693400&quot;,&quot;longitude&quot;:&quot;-4.2890900&quot;},&quot;category&quot;:&quot;\\u00c9v\\u00e9nements locaux&quot;,&quot;faq&quot;:[],&quot;event&quot;:&quot;Du 26\\\/08\\\/2026 au 26\\\/08\\\/2026 \\u00e0 23:59&quot;,&quot;video_url&quot;:&quot;&quot;,&quot;video_embed&quot;:null,&quot;documents&quot;:[],&quot;gallery&quot;:[]}\">\n\n                <!-- Image + badge cat\u00e9gorie -->\n                <div class=\"em-card-img-wrap\">\n                                      <div class=\"em-card-placeholder\">\ud83d\udcf7 Pas d'image<\/div>\n                                    <span class=\"em-card-badge badge-default\">\u00c9v\u00e9nements locaux<\/span>\n                <\/div>\n\n                <!-- Contenu de la card -->\n                <div class=\"em-card-body\">\n                  <h3 class=\"em-card-title\">DJ set de Chamar<\/h3>\n\n                  <!-- Tags r\u00e9sum\u00e9s (max 4) -->\n                  <div class=\"em-card-tags\">\n                                                          <\/div>\n\n                  <!-- Champs suppl\u00e9mentaires (max 3) -->\n                  <div class=\"em-card-fields\">\n                                          <div class=\"em-card-field\">\n                        <span class=\"em-card-field-label\">Titre :<\/span>\n                        <span class=\"em-card-field-value\">DJ set de Chamar<\/span>\n                      <\/div>\n                                          <div class=\"em-card-field\">\n                        <span class=\"em-card-field-label\">Cat\u00e9gorie :<\/span>\n                        <span class=\"em-card-field-value\">Concerts, musique &amp; festivals<\/span>\n                      <\/div>\n                                          <div class=\"em-card-field\">\n                        <span class=\"em-card-field-label\">Ville :<\/span>\n                        <span class=\"em-card-field-value\">Plomodiern<\/span>\n                      <\/div>\n                                      <\/div>\n\n                  <!-- Lien vers le d\u00e9tail -->\n                  <div class=\"em-card-footer\">\n                    <span>Voir le d\u00e9tail<\/span>\n                    <svg fill=\"none\" viewBox=\"0 0 24 24\" stroke=\"currentColor\" stroke-width=\"2\">\n                      <path stroke-linecap=\"round\" stroke-linejoin=\"round\" d=\"M13.5 4.5L21 12m0 0l-7.5 7.5M21 12H3\"><\/path>\n                    <\/svg>\n                  <\/div>\n                <\/div>\n              <\/article>\n                          <article class=\"em-card\"\n                data-type=\"evenements-locaux-6\"\n                data-features=\"\"\n                data-name=\"visite accompagn\u00e9e - la sorci\u00e8re n&#039;est jamais loin\"\n                data-json=\"{&quot;name&quot;:&quot;Visite accompagn\\u00e9e - La sorci\\u00e8re n&#039;est jamais loin&quot;,&quot;image&quot;:&quot;&quot;,&quot;link&quot;:&quot;https:\\\/\\\/www.cdp29.fr\\\/&quot;,&quot;data&quot;:{&quot;titre&quot;:&quot;Visite accompagn\\u00e9e - La sorci\\u00e8re n&#039;est jamais loin&quot;,&quot;description&quot;:&quot;La visite accompagn\\u00e9e de l\\u2019exposition \\u201cMa sorci\\u00e8re mal nomm\\u00e9e\\u201d  vous fera d\\u00e9couvrir les diff\\u00e9rentes figures de la sorci\\u00e8re (gu\\u00e9risseuse, ogresse, chamane, m\\u00e9dium\\u2026) \\u00e0 travers les si\\u00e8cles et les continents.&quot;,&quot;categorie&quot;:&quot;Autres \\u00e9v\\u00e9nements&quot;,&quot;ville&quot;:&quot;Daoulas&quot;,&quot;code_postal&quot;:&quot;29460&quot;,&quot;name&quot;:&quot;Visite accompagn\\u00e9e - La sorci\\u00e8re n&#039;est jamais loin&quot;,&quot;latitude&quot;:&quot;48.3620400&quot;,&quot;longitude&quot;:&quot;-4.2653400&quot;,&quot;link&quot;:&quot;https:\\\/\\\/www.cdp29.fr\\\/&quot;},&quot;category&quot;:&quot;\\u00c9v\\u00e9nements locaux&quot;,&quot;faq&quot;:[],&quot;event&quot;:&quot;Du 02\\\/09\\\/2026 \\u00e0 16:00 au 02\\\/09\\\/2026 \\u00e0 23:59&quot;,&quot;video_url&quot;:&quot;&quot;,&quot;video_embed&quot;:null,&quot;documents&quot;:[],&quot;gallery&quot;:[]}\">\n\n                <!-- Image + badge cat\u00e9gorie -->\n                <div class=\"em-card-img-wrap\">\n                                      <div class=\"em-card-placeholder\">\ud83d\udcf7 Pas d'image<\/div>\n                                    <span class=\"em-card-badge badge-default\">\u00c9v\u00e9nements locaux<\/span>\n                <\/div>\n\n                <!-- Contenu de la card -->\n                <div class=\"em-card-body\">\n                  <h3 class=\"em-card-title\">Visite accompagn\u00e9e - La sorci\u00e8re n&#039;est jamais loin<\/h3>\n\n                  <!-- Tags r\u00e9sum\u00e9s (max 4) -->\n                  <div class=\"em-card-tags\">\n                                                          <\/div>\n\n                  <!-- Champs suppl\u00e9mentaires (max 3) -->\n                  <div class=\"em-card-fields\">\n                                          <div class=\"em-card-field\">\n                        <span class=\"em-card-field-label\">Titre :<\/span>\n                        <span class=\"em-card-field-value\">Visite accompagn\u00e9e - La sorci\u00e8re n&#039;est jamais loin<\/span>\n                      <\/div>\n                                          <div class=\"em-card-field\">\n                        <span class=\"em-card-field-label\">Cat\u00e9gorie :<\/span>\n                        <span class=\"em-card-field-value\">Autres \u00e9v\u00e9nements<\/span>\n                      <\/div>\n                                          <div class=\"em-card-field\">\n                        <span class=\"em-card-field-label\">Ville :<\/span>\n                        <span class=\"em-card-field-value\">Daoulas<\/span>\n                      <\/div>\n                                      <\/div>\n\n                  <!-- Lien vers le d\u00e9tail -->\n                  <div class=\"em-card-footer\">\n                    <span>Voir le d\u00e9tail<\/span>\n                    <svg fill=\"none\" viewBox=\"0 0 24 24\" stroke=\"currentColor\" stroke-width=\"2\">\n                      <path stroke-linecap=\"round\" stroke-linejoin=\"round\" d=\"M13.5 4.5L21 12m0 0l-7.5 7.5M21 12H3\"><\/path>\n                    <\/svg>\n                  <\/div>\n                <\/div>\n              <\/article>\n                          <article class=\"em-card\"\n                data-type=\"evenements-locaux-6\"\n                data-features=\"\"\n                data-name=\"atelier cyanotype - maison des min\u00e9raux\"\n                data-json=\"{&quot;name&quot;:&quot;Atelier Cyanotype - Maison des Min\\u00e9raux&quot;,&quot;image&quot;:&quot;&quot;,&quot;link&quot;:&quot;&quot;,&quot;data&quot;:{&quot;titre&quot;:&quot;Atelier Cyanotype - Maison des Min\\u00e9raux&quot;,&quot;description&quot;:&quot;R\\u00e9aliser des images cr\\u00e9atives uniques avec la lumi\\u00e8re !\\n\\nFais appara\\u00eetre des images comme par magie ! A partir de feuilles, fleurs ou de petits objets, tu utiliseras la lumi\\u00e8re pour r\\u00e9v\\u00e9ler tes cr\\u00e9ations. Tu repartiras avec tes r\\u00e9alisations.\\n\\n15\\u20ac\\n2h\\nEnfant (7\\\/12 ans) \\nSur r\\u00e9servation au 02.98.27.19.73&quot;,&quot;categorie&quot;:&quot;Autres \\u00e9v\\u00e9nements&quot;,&quot;ville&quot;:&quot;Crozon&quot;,&quot;code_postal&quot;:&quot;29160&quot;,&quot;name&quot;:&quot;Atelier Cyanotype - Maison des Min\\u00e9raux&quot;,&quot;latitude&quot;:&quot;48.2040600&quot;,&quot;longitude&quot;:&quot;-4.5279800&quot;},&quot;category&quot;:&quot;\\u00c9v\\u00e9nements locaux&quot;,&quot;faq&quot;:[],&quot;event&quot;:&quot;Du 26\\\/08\\\/2026 \\u00e0 10:00 au 26\\\/08\\\/2026 \\u00e0 23:59&quot;,&quot;video_url&quot;:&quot;&quot;,&quot;video_embed&quot;:null,&quot;documents&quot;:[],&quot;gallery&quot;:[]}\">\n\n                <!-- Image + badge cat\u00e9gorie -->\n                <div class=\"em-card-img-wrap\">\n                                      <div class=\"em-card-placeholder\">\ud83d\udcf7 Pas d'image<\/div>\n                                    <span class=\"em-card-badge badge-default\">\u00c9v\u00e9nements locaux<\/span>\n                <\/div>\n\n                <!-- Contenu de la card -->\n                <div class=\"em-card-body\">\n                  <h3 class=\"em-card-title\">Atelier Cyanotype - Maison des Min\u00e9raux<\/h3>\n\n                  <!-- Tags r\u00e9sum\u00e9s (max 4) -->\n                  <div class=\"em-card-tags\">\n                                                          <\/div>\n\n                  <!-- Champs suppl\u00e9mentaires (max 3) -->\n                  <div class=\"em-card-fields\">\n                                          <div class=\"em-card-field\">\n                        <span class=\"em-card-field-label\">Titre :<\/span>\n                        <span class=\"em-card-field-value\">Atelier Cyanotype - Maison des Min\u00e9raux<\/span>\n                      <\/div>\n                                          <div class=\"em-card-field\">\n                        <span class=\"em-card-field-label\">Cat\u00e9gorie :<\/span>\n                        <span class=\"em-card-field-value\">Autres \u00e9v\u00e9nements<\/span>\n                      <\/div>\n                                          <div class=\"em-card-field\">\n                        <span class=\"em-card-field-label\">Ville :<\/span>\n                        <span class=\"em-card-field-value\">Crozon<\/span>\n                      <\/div>\n                                      <\/div>\n\n                  <!-- Lien vers le d\u00e9tail -->\n                  <div class=\"em-card-footer\">\n                    <span>Voir le d\u00e9tail<\/span>\n                    <svg fill=\"none\" viewBox=\"0 0 24 24\" stroke=\"currentColor\" stroke-width=\"2\">\n                      <path stroke-linecap=\"round\" stroke-linejoin=\"round\" d=\"M13.5 4.5L21 12m0 0l-7.5 7.5M21 12H3\"><\/path>\n                    <\/svg>\n                  <\/div>\n                <\/div>\n              <\/article>\n                          <article class=\"em-card\"\n                data-type=\"evenements-locaux-6\"\n                data-features=\"\"\n                data-name=\"c&#039;hoari tour - ludoth\u00e8que itin\u00e9rante du cap-sizun - mahalon\"\n                data-json=\"{&quot;name&quot;:&quot;C&#039;hoari Tour - Ludoth\\u00e8que itin\\u00e9rante du Cap-Sizun - Mahalon&quot;,&quot;image&quot;:&quot;&quot;,&quot;link&quot;:&quot;https:\\\/\\\/laobra.bzh\\\/ludotheque\\\/c-hoari-tour&quot;,&quot;data&quot;:{&quot;titre&quot;:&quot;C&#039;hoari Tour - Ludoth\\u00e8que itin\\u00e9rante du Cap-Sizun - Mahalon&quot;,&quot;description&quot;:&quot;Itin\\u00e9rances de la ludoth\\u00e8que avec nos grands jeux en bois. Il y aura un cr\\u00e9ateur de jeux soci\\u00e9t\\u00e9 qui sera pr\\u00e9sent avec ses prototypes.&quot;,&quot;categorie&quot;:&quot;En famille&quot;,&quot;ville&quot;:&quot;Mahalon&quot;,&quot;code_postal&quot;:&quot;29790&quot;,&quot;name&quot;:&quot;C&#039;hoari Tour - Ludoth\\u00e8que itin\\u00e9rante du Cap-Sizun - Mahalon&quot;,&quot;latitude&quot;:&quot;48.0349790&quot;,&quot;longitude&quot;:&quot;-4.4362380&quot;,&quot;link&quot;:&quot;https:\\\/\\\/laobra.bzh\\\/ludotheque\\\/c-hoari-tour&quot;},&quot;category&quot;:&quot;\\u00c9v\\u00e9nements locaux&quot;,&quot;faq&quot;:[],&quot;event&quot;:&quot;Du 26\\\/08\\\/2026 \\u00e0 15:00 au 26\\\/08\\\/2026 \\u00e0 23:59&quot;,&quot;video_url&quot;:&quot;&quot;,&quot;video_embed&quot;:null,&quot;documents&quot;:[],&quot;gallery&quot;:[]}\">\n\n                <!-- Image + badge cat\u00e9gorie -->\n                <div class=\"em-card-img-wrap\">\n                                      <div class=\"em-card-placeholder\">\ud83d\udcf7 Pas d'image<\/div>\n                                    <span class=\"em-card-badge badge-default\">\u00c9v\u00e9nements locaux<\/span>\n                <\/div>\n\n                <!-- Contenu de la card -->\n                <div class=\"em-card-body\">\n                  <h3 class=\"em-card-title\">C&#039;hoari Tour - Ludoth\u00e8que itin\u00e9rante du Cap-Sizun - Mahalon<\/h3>\n\n                  <!-- Tags r\u00e9sum\u00e9s (max 4) -->\n                  <div class=\"em-card-tags\">\n                                                          <\/div>\n\n                  <!-- Champs suppl\u00e9mentaires (max 3) -->\n                  <div class=\"em-card-fields\">\n                                          <div class=\"em-card-field\">\n                        <span class=\"em-card-field-label\">Titre :<\/span>\n                        <span class=\"em-card-field-value\">C&#039;hoari Tour - Ludoth\u00e8que itin\u00e9rante du Cap-Sizun - Mahalon<\/span>\n                      <\/div>\n                                          <div class=\"em-card-field\">\n                        <span class=\"em-card-field-label\">Cat\u00e9gorie :<\/span>\n                        <span class=\"em-card-field-value\">En famille<\/span>\n                      <\/div>\n                                          <div class=\"em-card-field\">\n                        <span class=\"em-card-field-label\">Ville :<\/span>\n                        <span class=\"em-card-field-value\">Mahalon<\/span>\n                      <\/div>\n                                      <\/div>\n\n                  <!-- Lien vers le d\u00e9tail -->\n                  <div class=\"em-card-footer\">\n                    <span>Voir le d\u00e9tail<\/span>\n                    <svg fill=\"none\" viewBox=\"0 0 24 24\" stroke=\"currentColor\" stroke-width=\"2\">\n                      <path stroke-linecap=\"round\" stroke-linejoin=\"round\" d=\"M13.5 4.5L21 12m0 0l-7.5 7.5M21 12H3\"><\/path>\n                    <\/svg>\n                  <\/div>\n                <\/div>\n              <\/article>\n                          <article class=\"em-card\"\n                data-type=\"evenements-locaux-6\"\n                data-features=\"\"\n                data-name=\"visite de la pointe saint-mathieu\"\n                data-json=\"{&quot;name&quot;:&quot;Visite de la pointe Saint-Mathieu&quot;,&quot;image&quot;:&quot;&quot;,&quot;link&quot;:&quot;http:\\\/\\\/ribine-experience.fr\\\/&quot;,&quot;data&quot;:{&quot;titre&quot;:&quot;Visite de la pointe Saint-Mathieu&quot;,&quot;description&quot;:&quot;Dans un p\\u00e9rim\\u00e8tre ultra concentr\\u00e9, la pointe Saint-Mathieu nous ouvre une fen\\u00eatre sur la Bretagne, son histoire mouvement\\u00e9e, sa vie maritime et ses l\\u00e9gendes \\u00e9ternelles. Cette visite vous fera entrevoir l&#039;histoire cach\\u00e9e derri\\u00e8re la splendeur de ce bout du Monde.&quot;,&quot;categorie&quot;:&quot;Autres \\u00e9v\\u00e9nements&quot;,&quot;ville&quot;:&quot;Plougonvelin&quot;,&quot;code_postal&quot;:&quot;29217&quot;,&quot;name&quot;:&quot;Visite de la pointe Saint-Mathieu&quot;,&quot;latitude&quot;:&quot;48.3308594&quot;,&quot;longitude&quot;:&quot;-4.7705926&quot;,&quot;link&quot;:&quot;http:\\\/\\\/ribine-experience.fr\\\/&quot;},&quot;category&quot;:&quot;\\u00c9v\\u00e9nements locaux&quot;,&quot;faq&quot;:[],&quot;event&quot;:&quot;Du 26\\\/08\\\/2026 \\u00e0 16:00 au 26\\\/08\\\/2026 \\u00e0 23:59&quot;,&quot;video_url&quot;:&quot;&quot;,&quot;video_embed&quot;:null,&quot;documents&quot;:[],&quot;gallery&quot;:[]}\">\n\n                <!-- Image + badge cat\u00e9gorie -->\n                <div class=\"em-card-img-wrap\">\n                                      <div class=\"em-card-placeholder\">\ud83d\udcf7 Pas d'image<\/div>\n                                    <span class=\"em-card-badge badge-default\">\u00c9v\u00e9nements locaux<\/span>\n                <\/div>\n\n                <!-- Contenu de la card -->\n                <div class=\"em-card-body\">\n                  <h3 class=\"em-card-title\">Visite de la pointe Saint-Mathieu<\/h3>\n\n                  <!-- Tags r\u00e9sum\u00e9s (max 4) -->\n                  <div class=\"em-card-tags\">\n                                                          <\/div>\n\n                  <!-- Champs suppl\u00e9mentaires (max 3) -->\n                  <div class=\"em-card-fields\">\n                                          <div class=\"em-card-field\">\n                        <span class=\"em-card-field-label\">Titre :<\/span>\n                        <span class=\"em-card-field-value\">Visite de la pointe Saint-Mathieu<\/span>\n                      <\/div>\n                                          <div class=\"em-card-field\">\n                        <span class=\"em-card-field-label\">Cat\u00e9gorie :<\/span>\n                        <span class=\"em-card-field-value\">Autres \u00e9v\u00e9nements<\/span>\n                      <\/div>\n                                          <div class=\"em-card-field\">\n                        <span class=\"em-card-field-label\">Ville :<\/span>\n                        <span class=\"em-card-field-value\">Plougonvelin<\/span>\n                      <\/div>\n                                      <\/div>\n\n                  <!-- Lien vers le d\u00e9tail -->\n                  <div class=\"em-card-footer\">\n                    <span>Voir le d\u00e9tail<\/span>\n                    <svg fill=\"none\" viewBox=\"0 0 24 24\" stroke=\"currentColor\" stroke-width=\"2\">\n                      <path stroke-linecap=\"round\" stroke-linejoin=\"round\" d=\"M13.5 4.5L21 12m0 0l-7.5 7.5M21 12H3\"><\/path>\n                    <\/svg>\n                  <\/div>\n                <\/div>\n              <\/article>\n                          <article class=\"em-card\"\n                data-type=\"evenements-locaux-6\"\n                data-features=\"\"\n                data-name=\"concert ballades celtiques\"\n                data-json=\"{&quot;name&quot;:&quot;Concert Ballades Celtiques&quot;,&quot;image&quot;:&quot;&quot;,&quot;link&quot;:&quot;&quot;,&quot;data&quot;:{&quot;titre&quot;:&quot;Concert Ballades Celtiques&quot;,&quot;description&quot;:&quot;Avec le groupe Lirzin\\nOrganis\\u00e9 par la paroisse de St Tugdual&quot;,&quot;categorie&quot;:&quot;Concerts, musique &amp; festivals&quot;,&quot;ville&quot;:&quot;Ploz\\u00e9vet&quot;,&quot;code_postal&quot;:&quot;29710&quot;,&quot;name&quot;:&quot;Concert Ballades Celtiques&quot;,&quot;latitude&quot;:&quot;47.9861100&quot;,&quot;longitude&quot;:&quot;-4.4269900&quot;},&quot;category&quot;:&quot;\\u00c9v\\u00e9nements locaux&quot;,&quot;faq&quot;:[],&quot;event&quot;:&quot;Du 26\\\/08\\\/2026 au 26\\\/08\\\/2026 \\u00e0 23:59&quot;,&quot;video_url&quot;:&quot;&quot;,&quot;video_embed&quot;:null,&quot;documents&quot;:[],&quot;gallery&quot;:[]}\">\n\n                <!-- Image + badge cat\u00e9gorie -->\n                <div class=\"em-card-img-wrap\">\n                                      <div class=\"em-card-placeholder\">\ud83d\udcf7 Pas d'image<\/div>\n                                    <span class=\"em-card-badge badge-default\">\u00c9v\u00e9nements locaux<\/span>\n                <\/div>\n\n                <!-- Contenu de la card -->\n                <div class=\"em-card-body\">\n                  <h3 class=\"em-card-title\">Concert Ballades Celtiques<\/h3>\n\n                  <!-- Tags r\u00e9sum\u00e9s (max 4) -->\n                  <div class=\"em-card-tags\">\n                                                          <\/div>\n\n                  <!-- Champs suppl\u00e9mentaires (max 3) -->\n                  <div class=\"em-card-fields\">\n                                          <div class=\"em-card-field\">\n                        <span class=\"em-card-field-label\">Titre :<\/span>\n                        <span class=\"em-card-field-value\">Concert Ballades Celtiques<\/span>\n                      <\/div>\n                                          <div class=\"em-card-field\">\n                        <span class=\"em-card-field-label\">Cat\u00e9gorie :<\/span>\n                        <span class=\"em-card-field-value\">Concerts, musique &amp; festivals<\/span>\n                      <\/div>\n                                          <div class=\"em-card-field\">\n                        <span class=\"em-card-field-label\">Ville :<\/span>\n                        <span class=\"em-card-field-value\">Ploz\u00e9vet<\/span>\n                      <\/div>\n                                      <\/div>\n\n                  <!-- Lien vers le d\u00e9tail -->\n                  <div class=\"em-card-footer\">\n                    <span>Voir le d\u00e9tail<\/span>\n                    <svg fill=\"none\" viewBox=\"0 0 24 24\" stroke=\"currentColor\" stroke-width=\"2\">\n                      <path stroke-linecap=\"round\" stroke-linejoin=\"round\" d=\"M13.5 4.5L21 12m0 0l-7.5 7.5M21 12H3\"><\/path>\n                    <\/svg>\n                  <\/div>\n                <\/div>\n              <\/article>\n                          <article class=\"em-card\"\n                data-type=\"evenements-locaux-6\"\n                data-features=\"\"\n                data-name=\"mini conf\u00e9rence - les brasseurs de science\"\n                data-json=\"{&quot;name&quot;:&quot;Mini conf\\u00e9rence - Les brasseurs de science&quot;,&quot;image&quot;:&quot;&quot;,&quot;link&quot;:&quot;https:\\\/\\\/brest.fr\\\/agenda&quot;,&quot;data&quot;:{&quot;titre&quot;:&quot;Mini conf\\u00e9rence - Les brasseurs de science&quot;,&quot;description&quot;:&quot;Pr\\u00e9sentation du conservatoire botanique national de Brest et focus sur la flore du littoral brestois.\\nPar St\\u00e9phanie Hudin, \\u00e9cologue, sp\\u00e9cialiste de la conservation de la biodiversit\\u00e9 v\\u00e9g\\u00e9tale et directrice du Conservatoire botanique national de Brest.\\n\\nInformations pratiques:\\nDur\\u00e9e 1h45\\n\\nOrganis\\u00e9e par la ville de Brest et le caf\\u00e9 de la Maison Blanche - Bistrot de la Rade&quot;,&quot;categorie&quot;:&quot;Autres \\u00e9v\\u00e9nements&quot;,&quot;ville&quot;:&quot;Brest&quot;,&quot;code_postal&quot;:&quot;29200&quot;,&quot;name&quot;:&quot;Mini conf\\u00e9rence - Les brasseurs de science&quot;,&quot;latitude&quot;:&quot;48.3637200&quot;,&quot;longitude&quot;:&quot;-4.5312100&quot;,&quot;link&quot;:&quot;https:\\\/\\\/brest.fr\\\/agenda&quot;},&quot;category&quot;:&quot;\\u00c9v\\u00e9nements locaux&quot;,&quot;faq&quot;:[],&quot;event&quot;:&quot;Du 02\\\/09\\\/2026 \\u00e0 18:00 au 02\\\/09\\\/2026 \\u00e0 23:59&quot;,&quot;video_url&quot;:&quot;&quot;,&quot;video_embed&quot;:null,&quot;documents&quot;:[],&quot;gallery&quot;:[]}\">\n\n                <!-- Image + badge cat\u00e9gorie -->\n                <div class=\"em-card-img-wrap\">\n                                      <div class=\"em-card-placeholder\">\ud83d\udcf7 Pas d'image<\/div>\n                                    <span class=\"em-card-badge badge-default\">\u00c9v\u00e9nements locaux<\/span>\n                <\/div>\n\n                <!-- Contenu de la card -->\n                <div class=\"em-card-body\">\n                  <h3 class=\"em-card-title\">Mini conf\u00e9rence - Les brasseurs de science<\/h3>\n\n                  <!-- Tags r\u00e9sum\u00e9s (max 4) -->\n                  <div class=\"em-card-tags\">\n                                                          <\/div>\n\n                  <!-- Champs suppl\u00e9mentaires (max 3) -->\n                  <div class=\"em-card-fields\">\n                                          <div class=\"em-card-field\">\n                        <span class=\"em-card-field-label\">Titre :<\/span>\n                        <span class=\"em-card-field-value\">Mini conf\u00e9rence - Les brasseurs de science<\/span>\n                      <\/div>\n                                          <div class=\"em-card-field\">\n                        <span class=\"em-card-field-label\">Cat\u00e9gorie :<\/span>\n                        <span class=\"em-card-field-value\">Autres \u00e9v\u00e9nements<\/span>\n                      <\/div>\n                                          <div class=\"em-card-field\">\n                        <span class=\"em-card-field-label\">Ville :<\/span>\n                        <span class=\"em-card-field-value\">Brest<\/span>\n                      <\/div>\n                                      <\/div>\n\n                  <!-- Lien vers le d\u00e9tail -->\n                  <div class=\"em-card-footer\">\n                    <span>Voir le d\u00e9tail<\/span>\n                    <svg fill=\"none\" viewBox=\"0 0 24 24\" stroke=\"currentColor\" stroke-width=\"2\">\n                      <path stroke-linecap=\"round\" stroke-linejoin=\"round\" d=\"M13.5 4.5L21 12m0 0l-7.5 7.5M21 12H3\"><\/path>\n                    <\/svg>\n                  <\/div>\n                <\/div>\n              <\/article>\n                          <article class=\"em-card\"\n                data-type=\"evenements-locaux-6\"\n                data-features=\"\"\n                data-name=\"visite guid\u00e9e d&#039;audierne\"\n                data-json=\"{&quot;name&quot;:&quot;Visite guid\\u00e9e d&#039;Audierne&quot;,&quot;image&quot;:&quot;&quot;,&quot;link&quot;:&quot;http:\\\/\\\/www.capsizuntourisme.fr\\\/&quot;,&quot;data&quot;:{&quot;titre&quot;:&quot;Visite guid\\u00e9e d&#039;Audierne&quot;,&quot;description&quot;:&quot;Accompagn\\u00e9 par un guide de l\\u2019office de tourisme, venez profiter d\\u2019un instant de d\\u00e9couverte et de partage sur l\\u2019histoire d\\u2019Audierne. Laissez-vous guider dans la ville afin de d\\u00e9couvrir son histoire passionnante et souvent m\\u00e9connue, au cours d\\u2019une balade dans les venelles. Depuis les hauteurs, vous apercevrez comment les richesses de la mer ont fa\\u00e7onn\\u00e9 la ville et son histoire !&quot;,&quot;categorie&quot;:&quot;Autres \\u00e9v\\u00e9nements&quot;,&quot;ville&quot;:&quot;Audierne&quot;,&quot;code_postal&quot;:&quot;29770&quot;,&quot;name&quot;:&quot;Visite guid\\u00e9e d&#039;Audierne&quot;,&quot;latitude&quot;:&quot;48.0236900&quot;,&quot;longitude&quot;:&quot;-4.5399300&quot;,&quot;link&quot;:&quot;http:\\\/\\\/www.capsizuntourisme.fr\\\/&quot;},&quot;category&quot;:&quot;\\u00c9v\\u00e9nements locaux&quot;,&quot;faq&quot;:[],&quot;event&quot;:&quot;Du 08\\\/09\\\/2026 \\u00e0 15:00 au 08\\\/09\\\/2026 \\u00e0 23:59&quot;,&quot;video_url&quot;:&quot;&quot;,&quot;video_embed&quot;:null,&quot;documents&quot;:[],&quot;gallery&quot;:[]}\">\n\n                <!-- Image + badge cat\u00e9gorie -->\n                <div class=\"em-card-img-wrap\">\n                                      <div class=\"em-card-placeholder\">\ud83d\udcf7 Pas d'image<\/div>\n                                    <span class=\"em-card-badge badge-default\">\u00c9v\u00e9nements locaux<\/span>\n                <\/div>\n\n                <!-- Contenu de la card -->\n                <div class=\"em-card-body\">\n                  <h3 class=\"em-card-title\">Visite guid\u00e9e d&#039;Audierne<\/h3>\n\n                  <!-- Tags r\u00e9sum\u00e9s (max 4) -->\n                  <div class=\"em-card-tags\">\n                                                          <\/div>\n\n                  <!-- Champs suppl\u00e9mentaires (max 3) -->\n                  <div class=\"em-card-fields\">\n                                          <div class=\"em-card-field\">\n                        <span class=\"em-card-field-label\">Titre :<\/span>\n                        <span class=\"em-card-field-value\">Visite guid\u00e9e d&#039;Audierne<\/span>\n                      <\/div>\n                                          <div class=\"em-card-field\">\n                        <span class=\"em-card-field-label\">Cat\u00e9gorie :<\/span>\n                        <span class=\"em-card-field-value\">Autres \u00e9v\u00e9nements<\/span>\n                      <\/div>\n                                          <div class=\"em-card-field\">\n                        <span class=\"em-card-field-label\">Ville :<\/span>\n                        <span class=\"em-card-field-value\">Audierne<\/span>\n                      <\/div>\n                                      <\/div>\n\n                  <!-- Lien vers le d\u00e9tail -->\n                  <div class=\"em-card-footer\">\n                    <span>Voir le d\u00e9tail<\/span>\n                    <svg fill=\"none\" viewBox=\"0 0 24 24\" stroke=\"currentColor\" stroke-width=\"2\">\n                      <path stroke-linecap=\"round\" stroke-linejoin=\"round\" d=\"M13.5 4.5L21 12m0 0l-7.5 7.5M21 12H3\"><\/path>\n                    <\/svg>\n                  <\/div>\n                <\/div>\n              <\/article>\n                          <article class=\"em-card\"\n                data-type=\"evenements-locaux-6\"\n                data-features=\"\"\n                data-name=\"visite de cri\u00e9e famille\"\n                data-json=\"{&quot;name&quot;:&quot;Visite de cri\\u00e9e Famille&quot;,&quot;image&quot;:&quot;&quot;,&quot;link&quot;:&quot;https:\\\/\\\/www.capsizuntourisme.fr\\\/&quot;,&quot;data&quot;:{&quot;titre&quot;:&quot;Visite de cri\\u00e9e Famille&quot;,&quot;description&quot;:&quot;Venez d\\u00e9couvrir le monde de la p\\u00eache professionnelle en format Ludique. Une visite adapt\\u00e9e pour les familles et les plus jeunes afin de mettre un premier pied dans le monde de la p\\u00eache c\\u00f4ti\\u00e8re. Techniques de p\\u00eaches, d\\u00e9couverte des poissons et fonctionnement de la cri\\u00e9e, nous vous attendons pour passer un bon moment en compagnie de notre guide.\\n\\nVisite conseill\\u00e9e pour les familles (enfants de - de 12ans).\\n\\nR\\u00e9servation aupr\\u00e8s de l&#039;Office de Tourisme \\u00e0 Audierne ou par t\\u00e9l\\u00e9phone. \\n\\nPoint de rendez-vous \\u00e0 l&#039;Abri du marin de Poulgoazec.&quot;,&quot;categorie&quot;:&quot;En famille&quot;,&quot;ville&quot;:&quot;Plouhinec&quot;,&quot;code_postal&quot;:&quot;29780&quot;,&quot;name&quot;:&quot;Visite de cri\\u00e9e Famille&quot;,&quot;latitude&quot;:&quot;48.0184525&quot;,&quot;longitude&quot;:&quot;-4.5316231&quot;,&quot;link&quot;:&quot;https:\\\/\\\/www.capsizuntourisme.fr\\\/&quot;},&quot;category&quot;:&quot;\\u00c9v\\u00e9nements locaux&quot;,&quot;faq&quot;:[],&quot;event&quot;:&quot;Du 26\\\/08\\\/2026 \\u00e0 14:30 au 26\\\/08\\\/2026 \\u00e0 23:59&quot;,&quot;video_url&quot;:&quot;&quot;,&quot;video_embed&quot;:null,&quot;documents&quot;:[],&quot;gallery&quot;:[]}\">\n\n                <!-- Image + badge cat\u00e9gorie -->\n                <div class=\"em-card-img-wrap\">\n                                      <div class=\"em-card-placeholder\">\ud83d\udcf7 Pas d'image<\/div>\n                                    <span class=\"em-card-badge badge-default\">\u00c9v\u00e9nements locaux<\/span>\n                <\/div>\n\n                <!-- Contenu de la card -->\n                <div class=\"em-card-body\">\n                  <h3 class=\"em-card-title\">Visite de cri\u00e9e Famille<\/h3>\n\n                  <!-- Tags r\u00e9sum\u00e9s (max 4) -->\n                  <div class=\"em-card-tags\">\n                                                          <\/div>\n\n                  <!-- Champs suppl\u00e9mentaires (max 3) -->\n                  <div class=\"em-card-fields\">\n                                          <div class=\"em-card-field\">\n                        <span class=\"em-card-field-label\">Titre :<\/span>\n                        <span class=\"em-card-field-value\">Visite de cri\u00e9e Famille<\/span>\n                      <\/div>\n                                          <div class=\"em-card-field\">\n                        <span class=\"em-card-field-label\">Cat\u00e9gorie :<\/span>\n                        <span class=\"em-card-field-value\">En famille<\/span>\n                      <\/div>\n                                          <div class=\"em-card-field\">\n                        <span class=\"em-card-field-label\">Ville :<\/span>\n                        <span class=\"em-card-field-value\">Plouhinec<\/span>\n                      <\/div>\n                                      <\/div>\n\n                  <!-- Lien vers le d\u00e9tail -->\n                  <div class=\"em-card-footer\">\n                    <span>Voir le d\u00e9tail<\/span>\n                    <svg fill=\"none\" viewBox=\"0 0 24 24\" stroke=\"currentColor\" stroke-width=\"2\">\n                      <path stroke-linecap=\"round\" stroke-linejoin=\"round\" d=\"M13.5 4.5L21 12m0 0l-7.5 7.5M21 12H3\"><\/path>\n                    <\/svg>\n                  <\/div>\n                <\/div>\n              <\/article>\n                          <article class=\"em-card\"\n                data-type=\"evenements-locaux-6\"\n                data-features=\"\"\n                data-name=\"atelier de dentelle aux fuseaux\"\n                data-json=\"{&quot;name&quot;:&quot;Atelier de dentelle aux fuseaux&quot;,&quot;image&quot;:&quot;&quot;,&quot;link&quot;:&quot;http:\\\/\\\/www.atelierhorsdutemps.fr\\\/&quot;,&quot;data&quot;:{&quot;titre&quot;:&quot;Atelier de dentelle aux fuseaux&quot;,&quot;description&quot;:&quot;Association cr\\u00e9\\u00e9e pour enseigner la dentelle aux fuseaux, mais aussi la confection du filet... support de nos coiffes locales.&quot;,&quot;categorie&quot;:&quot;Autres \\u00e9v\\u00e9nements&quot;,&quot;ville&quot;:&quot;Primelin&quot;,&quot;code_postal&quot;:&quot;29770&quot;,&quot;name&quot;:&quot;Atelier de dentelle aux fuseaux&quot;,&quot;latitude&quot;:&quot;48.0261091&quot;,&quot;longitude&quot;:&quot;-4.6111536&quot;,&quot;link&quot;:&quot;http:\\\/\\\/www.atelierhorsdutemps.fr\\\/&quot;},&quot;category&quot;:&quot;\\u00c9v\\u00e9nements locaux&quot;,&quot;faq&quot;:[],&quot;event&quot;:&quot;Du 02\\\/09\\\/2026 \\u00e0 14:00 au 02\\\/09\\\/2026 \\u00e0 23:59&quot;,&quot;video_url&quot;:&quot;&quot;,&quot;video_embed&quot;:null,&quot;documents&quot;:[],&quot;gallery&quot;:[]}\">\n\n                <!-- Image + badge cat\u00e9gorie -->\n                <div class=\"em-card-img-wrap\">\n                                      <div class=\"em-card-placeholder\">\ud83d\udcf7 Pas d'image<\/div>\n                                    <span class=\"em-card-badge badge-default\">\u00c9v\u00e9nements locaux<\/span>\n                <\/div>\n\n                <!-- Contenu de la card -->\n                <div class=\"em-card-body\">\n                  <h3 class=\"em-card-title\">Atelier de dentelle aux fuseaux<\/h3>\n\n                  <!-- Tags r\u00e9sum\u00e9s (max 4) -->\n                  <div class=\"em-card-tags\">\n                                                          <\/div>\n\n                  <!-- Champs suppl\u00e9mentaires (max 3) -->\n                  <div class=\"em-card-fields\">\n                                          <div class=\"em-card-field\">\n                        <span class=\"em-card-field-label\">Titre :<\/span>\n                        <span class=\"em-card-field-value\">Atelier de dentelle aux fuseaux<\/span>\n                      <\/div>\n                                          <div class=\"em-card-field\">\n                        <span class=\"em-card-field-label\">Cat\u00e9gorie :<\/span>\n                        <span class=\"em-card-field-value\">Autres \u00e9v\u00e9nements<\/span>\n                      <\/div>\n                                          <div class=\"em-card-field\">\n                        <span class=\"em-card-field-label\">Ville :<\/span>\n                        <span class=\"em-card-field-value\">Primelin<\/span>\n                      <\/div>\n                                      <\/div>\n\n                  <!-- Lien vers le d\u00e9tail -->\n                  <div class=\"em-card-footer\">\n                    <span>Voir le d\u00e9tail<\/span>\n                    <svg fill=\"none\" viewBox=\"0 0 24 24\" stroke=\"currentColor\" stroke-width=\"2\">\n                      <path stroke-linecap=\"round\" stroke-linejoin=\"round\" d=\"M13.5 4.5L21 12m0 0l-7.5 7.5M21 12H3\"><\/path>\n                    <\/svg>\n                  <\/div>\n                <\/div>\n              <\/article>\n                          <article class=\"em-card\"\n                data-type=\"evenements-locaux-6\"\n                data-features=\"\"\n                data-name=\"visite guid\u00e9e \u00ab\u00a0les rendez-vous de la pointe\u00a0\u00bb\"\n                data-json=\"{&quot;name&quot;:&quot;Visite guid\\u00e9e \\u00ab\\u00a0Les rendez-vous de la Pointe\\u00a0\\u00bb&quot;,&quot;image&quot;:&quot;&quot;,&quot;link&quot;:&quot;https:\\\/\\\/www.toutcommenceenfinistere.com\\\/pointe-du-raz\\\/preparer-sa-visite\\\/&quot;,&quot;data&quot;:{&quot;titre&quot;:&quot;Visite guid\\u00e9e \\u00ab\\u00a0Les rendez-vous de la Pointe\\u00a0\\u00bb&quot;,&quot;description&quot;:&quot;Comprendre un paysage d\\u2019exception, en famille.\\n\\nCette visite guid\\u00e9e invite petits et grands \\u00e0 d\\u00e9couvrir les paysages spectaculaires de la Pointe du Raz et \\u00e0 comprendre ce qui fait la singularit\\u00e9 de ce site embl\\u00e9matique du Finist\\u00e8re. Au fil du parcours, le guide d\\u00e9crypte la formation des falaises, l\\u2019influence des vents et des courants, ainsi que l\\u2019histoire humaine intimement li\\u00e9e \\u00e0 ce bout du monde. Anecdotes, observations et \\u00e9changes rythment la visite, pens\\u00e9e pour \\u00eatre accessible et ludique. Une formule id\\u00e9ale pour une premi\\u00e8re approche du site, \\u00e0 partager en famille, entre terre et mer.\\n\\nD\\u00e9part du s\\u00e9maphore (\\u00e0 800 m du parking) - Dur\\u00e9e 1h&quot;,&quot;categorie&quot;:&quot;Sport &amp; randonn\\u00e9e&quot;,&quot;ville&quot;:&quot;Plogoff&quot;,&quot;code_postal&quot;:&quot;29770&quot;,&quot;name&quot;:&quot;Visite guid\\u00e9e \\u00ab\\u00a0Les rendez-vous de la Pointe\\u00a0\\u00bb&quot;,&quot;latitude&quot;:&quot;48.0408590&quot;,&quot;longitude&quot;:&quot;-4.6709770&quot;,&quot;link&quot;:&quot;https:\\\/\\\/www.toutcommenceenfinistere.com\\\/pointe-du-raz\\\/preparer-sa-visite\\\/&quot;},&quot;category&quot;:&quot;\\u00c9v\\u00e9nements locaux&quot;,&quot;faq&quot;:[],&quot;event&quot;:&quot;Du 08\\\/09\\\/2026 \\u00e0 16:00 au 08\\\/09\\\/2026 \\u00e0 23:59&quot;,&quot;video_url&quot;:&quot;&quot;,&quot;video_embed&quot;:null,&quot;documents&quot;:[],&quot;gallery&quot;:[]}\">\n\n                <!-- Image + badge cat\u00e9gorie -->\n                <div class=\"em-card-img-wrap\">\n                                      <div class=\"em-card-placeholder\">\ud83d\udcf7 Pas d'image<\/div>\n                                    <span class=\"em-card-badge badge-default\">\u00c9v\u00e9nements locaux<\/span>\n                <\/div>\n\n                <!-- Contenu de la card -->\n                <div class=\"em-card-body\">\n                  <h3 class=\"em-card-title\">Visite guid\u00e9e \u00ab\u00a0Les rendez-vous de la Pointe\u00a0\u00bb<\/h3>\n\n                  <!-- Tags r\u00e9sum\u00e9s (max 4) -->\n                  <div class=\"em-card-tags\">\n                                                          <\/div>\n\n                  <!-- Champs suppl\u00e9mentaires (max 3) -->\n                  <div class=\"em-card-fields\">\n                                          <div class=\"em-card-field\">\n                        <span class=\"em-card-field-label\">Titre :<\/span>\n                        <span class=\"em-card-field-value\">Visite guid\u00e9e \u00ab\u00a0Les rendez-vous de la Pointe\u00a0\u00bb<\/span>\n                      <\/div>\n                                          <div class=\"em-card-field\">\n                        <span class=\"em-card-field-label\">Cat\u00e9gorie :<\/span>\n                        <span class=\"em-card-field-value\">Sport &amp; randonn\u00e9e<\/span>\n                      <\/div>\n                                          <div class=\"em-card-field\">\n                        <span class=\"em-card-field-label\">Ville :<\/span>\n                        <span class=\"em-card-field-value\">Plogoff<\/span>\n                      <\/div>\n                                      <\/div>\n\n                  <!-- Lien vers le d\u00e9tail -->\n                  <div class=\"em-card-footer\">\n                    <span>Voir le d\u00e9tail<\/span>\n                    <svg fill=\"none\" viewBox=\"0 0 24 24\" stroke=\"currentColor\" stroke-width=\"2\">\n                      <path stroke-linecap=\"round\" stroke-linejoin=\"round\" d=\"M13.5 4.5L21 12m0 0l-7.5 7.5M21 12H3\"><\/path>\n                    <\/svg>\n                  <\/div>\n                <\/div>\n              <\/article>\n                          <article class=\"em-card\"\n                data-type=\"evenements-locaux-6\"\n                data-features=\"\"\n                data-name=\"visite guid\u00e9e - rando nature \u00e0 la pointe du van\"\n                data-json=\"{&quot;name&quot;:&quot;Visite guid\\u00e9e - Rando Nature \\u00e0 la Pointe du Van&quot;,&quot;image&quot;:&quot;&quot;,&quot;link&quot;:&quot;https:\\\/\\\/www.toutcommenceenfinistere.com\\\/pointe-du-raz\\\/preparer-sa-visite\\\/&quot;,&quot;data&quot;:{&quot;titre&quot;:&quot;Visite guid\\u00e9e - Rando Nature \\u00e0 la Pointe du Van&quot;,&quot;description&quot;:&quot;Une immersion au c\\u0153ur des paysages sauvages !\\n\\nMoins fr\\u00e9quent\\u00e9e mais tout aussi spectaculaire, la Pointe du Van se d\\u00e9voile lors de cette randonn\\u00e9e guid\\u00e9e entre landes battues par les vents, falaises abruptes et patrimoine discret. Le guide vous accompagne \\u00e0 la d\\u00e9couverte d\\u2019un territoire pr\\u00e9serv\\u00e9, fa\\u00e7onn\\u00e9 par la rencontre permanente entre la terre et l\\u2019oc\\u00e9an. Faune, flore, g\\u00e9ologie et traces d\\u2019activit\\u00e9s humaines se m\\u00ealent pour raconter l\\u2019histoire de ces paysages contrast\\u00e9s. Une sortie id\\u00e9ale pour les amoureux de nature et de grands espaces.\\n\\nD\\u00e9part du parking de la Pointe du Van - Dur\\u00e9e 3h - 5 km \\n\\nSur r\\u00e9servation aupr\\u00e8s de la Maison de site ou de l&#039;Office de Tourisme du Cap-Sizun \\u00e0 Audierne.&quot;,&quot;categorie&quot;:&quot;Sport &amp; randonn\\u00e9e&quot;,&quot;ville&quot;:&quot;Cl\\u00e9den-Cap-Sizun&quot;,&quot;code_postal&quot;:&quot;29770&quot;,&quot;name&quot;:&quot;Visite guid\\u00e9e - Rando Nature \\u00e0 la Pointe du Van&quot;,&quot;latitude&quot;:&quot;48.0646350&quot;,&quot;longitude&quot;:&quot;-4.7138110&quot;,&quot;link&quot;:&quot;https:\\\/\\\/www.toutcommenceenfinistere.com\\\/pointe-du-raz\\\/preparer-sa-visite\\\/&quot;},&quot;category&quot;:&quot;\\u00c9v\\u00e9nements locaux&quot;,&quot;faq&quot;:[],&quot;event&quot;:&quot;Du 07\\\/04\\\/2026 \\u00e0 09:00 au 27\\\/10\\\/2026 \\u00e0 23:59&quot;,&quot;video_url&quot;:&quot;&quot;,&quot;video_embed&quot;:null,&quot;documents&quot;:[],&quot;gallery&quot;:[]}\">\n\n                <!-- Image + badge cat\u00e9gorie -->\n                <div class=\"em-card-img-wrap\">\n                                      <div class=\"em-card-placeholder\">\ud83d\udcf7 Pas d'image<\/div>\n                                    <span class=\"em-card-badge badge-default\">\u00c9v\u00e9nements locaux<\/span>\n                <\/div>\n\n                <!-- Contenu de la card -->\n                <div class=\"em-card-body\">\n                  <h3 class=\"em-card-title\">Visite guid\u00e9e - Rando Nature \u00e0 la Pointe du Van<\/h3>\n\n                  <!-- Tags r\u00e9sum\u00e9s (max 4) -->\n                  <div class=\"em-card-tags\">\n                                                          <\/div>\n\n                  <!-- Champs suppl\u00e9mentaires (max 3) -->\n                  <div class=\"em-card-fields\">\n                                          <div class=\"em-card-field\">\n                        <span class=\"em-card-field-label\">Titre :<\/span>\n                        <span class=\"em-card-field-value\">Visite guid\u00e9e - Rando Nature \u00e0 la Pointe du Van<\/span>\n                      <\/div>\n                                          <div class=\"em-card-field\">\n                        <span class=\"em-card-field-label\">Cat\u00e9gorie :<\/span>\n                        <span class=\"em-card-field-value\">Sport &amp; randonn\u00e9e<\/span>\n                      <\/div>\n                                          <div class=\"em-card-field\">\n                        <span class=\"em-card-field-label\">Ville :<\/span>\n                        <span class=\"em-card-field-value\">Cl\u00e9den-Cap-Sizun<\/span>\n                      <\/div>\n                                      <\/div>\n\n                  <!-- Lien vers le d\u00e9tail -->\n                  <div class=\"em-card-footer\">\n                    <span>Voir le d\u00e9tail<\/span>\n                    <svg fill=\"none\" viewBox=\"0 0 24 24\" stroke=\"currentColor\" stroke-width=\"2\">\n                      <path stroke-linecap=\"round\" stroke-linejoin=\"round\" d=\"M13.5 4.5L21 12m0 0l-7.5 7.5M21 12H3\"><\/path>\n                    <\/svg>\n                  <\/div>\n                <\/div>\n              <\/article>\n                          <article class=\"em-card\"\n                data-type=\"evenements-locaux-6\"\n                data-features=\"\"\n                data-name=\"d\u00e9couverte \u00e0 pied - la pointe du van, sauvage et sacr\u00e9e\"\n                data-json=\"{&quot;name&quot;:&quot;D\\u00e9couverte \\u00e0 pied - La Pointe du Van, sauvage et sacr\\u00e9e&quot;,&quot;image&quot;:&quot;&quot;,&quot;link&quot;:&quot;http:\\\/\\\/virginie-guezennec.fr\\\/&quot;,&quot;data&quot;:{&quot;titre&quot;:&quot;D\\u00e9couverte \\u00e0 pied - La Pointe du Van, sauvage et sacr\\u00e9e&quot;,&quot;description&quot;:&quot;La Pointe du Van concentre toute l\\u2019essence de la Bretagne sauvage : des \\u00e9l\\u00e9ments puissants, un patrimoine religieux encore sacralis\\u00e9, des oiseaux maritimes venus du Nord pour se reproduire, une v\\u00e9g\\u00e9tation surprenante de r\\u00e9sistance et des paysages grandioses en format XXL. Les panoramas s\\u2019ouvrent sur la mythique mer d\\u2019Iroise et ses phares l\\u00e9gendaires, baign\\u00e9s de lumi\\u00e8res bretonnes uniques. Moins fr\\u00e9quent\\u00e9e que la Pointe du Raz, elle offre une exp\\u00e9rience plus confidentielle, id\\u00e9ale pour les amoureux de nature pr\\u00e9serv\\u00e9e et de contemplation. Une invitation \\u00e0 la d\\u00e9couverte, \\u00e0 l\\u2019\\u00e9merveillement et \\u00e0 la reconnexion. \\n\\nRendez-vous mercredi \\u00e0 14h et jeudi \\u00e0 9h sur le parking de la Pointe du Van, au niveau du snack. \\nParcours facile, 2,5 km, temps de visite 2h30.\\n\\nR\\u00e9servation obligatoire.\\n\\nR\\u00e9servation possible \\u00e0 l&#039;Office de Tourisme \\u00e0 Audierne ainsi que par t\\u00e9l\\u00e9phone.&quot;,&quot;categorie&quot;:&quot;Sport &amp; randonn\\u00e9e&quot;,&quot;ville&quot;:&quot;Cl\\u00e9den-Cap-Sizun&quot;,&quot;code_postal&quot;:&quot;29770&quot;,&quot;name&quot;:&quot;D\\u00e9couverte \\u00e0 pied - La Pointe du Van, sauvage et sacr\\u00e9e&quot;,&quot;latitude&quot;:&quot;48.0646350&quot;,&quot;longitude&quot;:&quot;-4.7138110&quot;,&quot;link&quot;:&quot;http:\\\/\\\/virginie-guezennec.fr\\\/&quot;},&quot;category&quot;:&quot;\\u00c9v\\u00e9nements locaux&quot;,&quot;faq&quot;:[],&quot;event&quot;:&quot;Du 02\\\/09\\\/2026 \\u00e0 14:00 au 02\\\/09\\\/2026 \\u00e0 23:59&quot;,&quot;video_url&quot;:&quot;&quot;,&quot;video_embed&quot;:null,&quot;documents&quot;:[],&quot;gallery&quot;:[]}\">\n\n                <!-- Image + badge cat\u00e9gorie -->\n                <div class=\"em-card-img-wrap\">\n                                      <div class=\"em-card-placeholder\">\ud83d\udcf7 Pas d'image<\/div>\n                                    <span class=\"em-card-badge badge-default\">\u00c9v\u00e9nements locaux<\/span>\n                <\/div>\n\n                <!-- Contenu de la card -->\n                <div class=\"em-card-body\">\n                  <h3 class=\"em-card-title\">D\u00e9couverte \u00e0 pied - La Pointe du Van, sauvage et sacr\u00e9e<\/h3>\n\n                  <!-- Tags r\u00e9sum\u00e9s (max 4) -->\n                  <div class=\"em-card-tags\">\n                                                          <\/div>\n\n                  <!-- Champs suppl\u00e9mentaires (max 3) -->\n                  <div class=\"em-card-fields\">\n                                          <div class=\"em-card-field\">\n                        <span class=\"em-card-field-label\">Titre :<\/span>\n                        <span class=\"em-card-field-value\">D\u00e9couverte \u00e0 pied - La Pointe du Van, sauvage et sacr\u00e9e<\/span>\n                      <\/div>\n                                          <div class=\"em-card-field\">\n                        <span class=\"em-card-field-label\">Cat\u00e9gorie :<\/span>\n                        <span class=\"em-card-field-value\">Sport &amp; randonn\u00e9e<\/span>\n                      <\/div>\n                                          <div class=\"em-card-field\">\n                        <span class=\"em-card-field-label\">Ville :<\/span>\n                        <span class=\"em-card-field-value\">Cl\u00e9den-Cap-Sizun<\/span>\n                      <\/div>\n                                      <\/div>\n\n                  <!-- Lien vers le d\u00e9tail -->\n                  <div class=\"em-card-footer\">\n                    <span>Voir le d\u00e9tail<\/span>\n                    <svg fill=\"none\" viewBox=\"0 0 24 24\" stroke=\"currentColor\" stroke-width=\"2\">\n                      <path stroke-linecap=\"round\" stroke-linejoin=\"round\" d=\"M13.5 4.5L21 12m0 0l-7.5 7.5M21 12H3\"><\/path>\n                    <\/svg>\n                  <\/div>\n                <\/div>\n              <\/article>\n                          <article class=\"em-card\"\n                data-type=\"evenements-locaux-6\"\n                data-features=\"\"\n                data-name=\"visite guid\u00e9e - rando nature \u00e0 la pointe du van\"\n                data-json=\"{&quot;name&quot;:&quot;Visite guid\\u00e9e - Rando Nature \\u00e0 la Pointe du Van&quot;,&quot;image&quot;:&quot;&quot;,&quot;link&quot;:&quot;https:\\\/\\\/www.toutcommenceenfinistere.com\\\/pointe-du-raz\\\/preparer-sa-visite\\\/&quot;,&quot;data&quot;:{&quot;titre&quot;:&quot;Visite guid\\u00e9e - Rando Nature \\u00e0 la Pointe du Van&quot;,&quot;description&quot;:&quot;Une immersion au c\\u0153ur des paysages sauvages !\\n\\nMoins fr\\u00e9quent\\u00e9e mais tout aussi spectaculaire, la Pointe du Van se d\\u00e9voile lors de cette randonn\\u00e9e guid\\u00e9e entre landes battues par les vents, falaises abruptes et patrimoine discret. Le guide vous accompagne \\u00e0 la d\\u00e9couverte d\\u2019un territoire pr\\u00e9serv\\u00e9, fa\\u00e7onn\\u00e9 par la rencontre permanente entre la terre et l\\u2019oc\\u00e9an. Faune, flore, g\\u00e9ologie et traces d\\u2019activit\\u00e9s humaines se m\\u00ealent pour raconter l\\u2019histoire de ces paysages contrast\\u00e9s. Une sortie id\\u00e9ale pour les amoureux de nature et de grands espaces.\\n\\nD\\u00e9part du parking de la Pointe du Van - Dur\\u00e9e 3h - 5 km \\n\\nLes mardis \\u00e0 9h.\\n\\nSur r\\u00e9servation aupr\\u00e8s de la Maison de site ou de l&#039;Office de Tourisme du Cap-Sizun \\u00e0 Audierne.&quot;,&quot;categorie&quot;:&quot;Sport &amp; randonn\\u00e9e&quot;,&quot;ville&quot;:&quot;Cl\\u00e9den-Cap-Sizun&quot;,&quot;code_postal&quot;:&quot;29770&quot;,&quot;name&quot;:&quot;Visite guid\\u00e9e - Rando Nature \\u00e0 la Pointe du Van&quot;,&quot;latitude&quot;:&quot;48.0646350&quot;,&quot;longitude&quot;:&quot;-4.7138110&quot;,&quot;link&quot;:&quot;https:\\\/\\\/www.toutcommenceenfinistere.com\\\/pointe-du-raz\\\/preparer-sa-visite\\\/&quot;},&quot;category&quot;:&quot;\\u00c9v\\u00e9nements locaux&quot;,&quot;faq&quot;:[],&quot;event&quot;:&quot;Du 08\\\/09\\\/2026 \\u00e0 09:00 au 08\\\/09\\\/2026 \\u00e0 23:59&quot;,&quot;video_url&quot;:&quot;&quot;,&quot;video_embed&quot;:null,&quot;documents&quot;:[],&quot;gallery&quot;:[]}\">\n\n                <!-- Image + badge cat\u00e9gorie -->\n                <div class=\"em-card-img-wrap\">\n                                      <div class=\"em-card-placeholder\">\ud83d\udcf7 Pas d'image<\/div>\n                                    <span class=\"em-card-badge badge-default\">\u00c9v\u00e9nements locaux<\/span>\n                <\/div>\n\n                <!-- Contenu de la card -->\n                <div class=\"em-card-body\">\n                  <h3 class=\"em-card-title\">Visite guid\u00e9e - Rando Nature \u00e0 la Pointe du Van<\/h3>\n\n                  <!-- Tags r\u00e9sum\u00e9s (max 4) -->\n                  <div class=\"em-card-tags\">\n                                                          <\/div>\n\n                  <!-- Champs suppl\u00e9mentaires (max 3) -->\n                  <div class=\"em-card-fields\">\n                                          <div class=\"em-card-field\">\n                        <span class=\"em-card-field-label\">Titre :<\/span>\n                        <span class=\"em-card-field-value\">Visite guid\u00e9e - Rando Nature \u00e0 la Pointe du Van<\/span>\n                      <\/div>\n                                          <div class=\"em-card-field\">\n                        <span class=\"em-card-field-label\">Cat\u00e9gorie :<\/span>\n                        <span class=\"em-card-field-value\">Sport &amp; randonn\u00e9e<\/span>\n                      <\/div>\n                                          <div class=\"em-card-field\">\n                        <span class=\"em-card-field-label\">Ville :<\/span>\n                        <span class=\"em-card-field-value\">Cl\u00e9den-Cap-Sizun<\/span>\n                      <\/div>\n                                      <\/div>\n\n                  <!-- Lien vers le d\u00e9tail -->\n                  <div class=\"em-card-footer\">\n                    <span>Voir le d\u00e9tail<\/span>\n                    <svg fill=\"none\" viewBox=\"0 0 24 24\" stroke=\"currentColor\" stroke-width=\"2\">\n                      <path stroke-linecap=\"round\" stroke-linejoin=\"round\" d=\"M13.5 4.5L21 12m0 0l-7.5 7.5M21 12H3\"><\/path>\n                    <\/svg>\n                  <\/div>\n                <\/div>\n              <\/article>\n                          <article class=\"em-card\"\n                data-type=\"evenements-locaux-6\"\n                data-features=\"\"\n                data-name=\"1 h pour comprendre son ado-one man show\"\n                data-json=\"{&quot;name&quot;:&quot;1 h pour comprendre son ado-One Man Show&quot;,&quot;image&quot;:&quot;&quot;,&quot;link&quot;:&quot;https:\\\/\\\/www.comediedufinistere.fr\\\/index.php\\\/le-programme?view=article&amp;id=445:1h-pour-comprendre-son-ado&amp;catid=8&quot;,&quot;data&quot;:{&quot;titre&quot;:&quot;1 h pour comprendre son ado-One Man Show&quot;,&quot;description&quot;:&quot;Essayons de comprendre nos Ados en 1 Heure. En vrai \\u00e7a va \\u00eatre une pure dinguerie!\\n\\nUn stand Up \\u00e0 voir en famille, dans lequel nous \\u00e9tudierons l&#039; Ado, ce petit \\u00eatre tout mignon qui peut se transformer en Hulk \\u00e0 la moindre contrari\\u00e9t\\u00e9. Attention les boomers en prendront aussi pour leur grade ! Les auteurs, sont eux-m\\u00eames papas d&#039; Ados, et \\u00e0 priori ces derniers les inspirent puisqu&#039;on leur doit, en autres le succ\\u00e8s : Les Adoleschiants.\\n\\n\\u00c0 Savoir : Jean-Baptiste Mazoyer est un com\\u00e9dien de Stand Up (Reconnect\\u00e9, Geek...), mais \\u00e9galement auteur pour la t\\u00e9l\\u00e9 et le web. Robert Punzano est auteur et metteur en sc\\u00e8ne, on lui doit Les Colocs, Coach-Moi si tu Peux, Ce Soir ou Jamais...\\n\\nInformations pratiques : \\nDur\\u00e9e 1h\\nHumour\\nTout public\\nSalle accessible aux PMR\\nPlacement libre, par ordre d&#039;arriv\\u00e9e\\nAcc\\u00e8s \\u00e0 la salle possible avec contr\\u00f4le billet 30 minutes avant le d\\u00e9but de la repr\\u00e9sentation\\nL&#039;horaire indiqu\\u00e9 correspond \\u00e0 l&#039;heure de d\\u00e9but du spectacle. Toute personne se pr\\u00e9sentant apr\\u00e8s cet horaire, m\\u00eame en possession d&#039;un billet, pourra se voir refuser l&#039;acc\\u00e8s \\u00e0 la salle.&quot;,&quot;categorie&quot;:&quot;Spectacles &amp; cin\\u00e9ma&quot;,&quot;ville&quot;:&quot;Brest&quot;,&quot;code_postal&quot;:&quot;29200&quot;,&quot;name&quot;:&quot;1 h pour comprendre son ado-One Man Show&quot;,&quot;latitude&quot;:&quot;48.3890223&quot;,&quot;longitude&quot;:&quot;-4.4983387&quot;,&quot;link&quot;:&quot;https:\\\/\\\/www.comediedufinistere.fr\\\/index.php\\\/le-programme?view=article&amp;id=445:1h-pour-comprendre-son-ado&amp;catid=8&quot;},&quot;category&quot;:&quot;\\u00c9v\\u00e9nements locaux&quot;,&quot;faq&quot;:[],&quot;event&quot;:&quot;Du 12\\\/09\\\/2026 \\u00e0 17:00 au 12\\\/09\\\/2026 \\u00e0 23:59&quot;,&quot;video_url&quot;:&quot;&quot;,&quot;video_embed&quot;:null,&quot;documents&quot;:[],&quot;gallery&quot;:[]}\">\n\n                <!-- Image + badge cat\u00e9gorie -->\n                <div class=\"em-card-img-wrap\">\n                                      <div class=\"em-card-placeholder\">\ud83d\udcf7 Pas d'image<\/div>\n                                    <span class=\"em-card-badge badge-default\">\u00c9v\u00e9nements locaux<\/span>\n                <\/div>\n\n                <!-- Contenu de la card -->\n                <div class=\"em-card-body\">\n                  <h3 class=\"em-card-title\">1 h pour comprendre son ado-One Man Show<\/h3>\n\n                  <!-- Tags r\u00e9sum\u00e9s (max 4) -->\n                  <div class=\"em-card-tags\">\n                                                          <\/div>\n\n                  <!-- Champs suppl\u00e9mentaires (max 3) -->\n                  <div class=\"em-card-fields\">\n                                          <div class=\"em-card-field\">\n                        <span class=\"em-card-field-label\">Titre :<\/span>\n                        <span class=\"em-card-field-value\">1 h pour comprendre son ado-One Man Show<\/span>\n                      <\/div>\n                                          <div class=\"em-card-field\">\n                        <span class=\"em-card-field-label\">Cat\u00e9gorie :<\/span>\n                        <span class=\"em-card-field-value\">Spectacles &amp; cin\u00e9ma<\/span>\n                      <\/div>\n                                          <div class=\"em-card-field\">\n                        <span class=\"em-card-field-label\">Ville :<\/span>\n                        <span class=\"em-card-field-value\">Brest<\/span>\n                      <\/div>\n                                      <\/div>\n\n                  <!-- Lien vers le d\u00e9tail -->\n                  <div class=\"em-card-footer\">\n                    <span>Voir le d\u00e9tail<\/span>\n                    <svg fill=\"none\" viewBox=\"0 0 24 24\" stroke=\"currentColor\" stroke-width=\"2\">\n                      <path stroke-linecap=\"round\" stroke-linejoin=\"round\" d=\"M13.5 4.5L21 12m0 0l-7.5 7.5M21 12H3\"><\/path>\n                    <\/svg>\n                  <\/div>\n                <\/div>\n              <\/article>\n                          <article class=\"em-card\"\n                data-type=\"evenements-locaux-6\"\n                data-features=\"\"\n                data-name=\"gef\u00fchrter fotospaziergang durch douarnenez\"\n                data-json=\"{&quot;name&quot;:&quot;Gef\\u00fchrter Fotospaziergang durch Douarnenez&quot;,&quot;image&quot;:&quot;&quot;,&quot;link&quot;:&quot;http:\\\/\\\/www.douarnenez-tourisme.com\\\/&quot;,&quot;data&quot;:{&quot;titre&quot;:&quot;Gef\\u00fchrter Fotospaziergang durch Douarnenez&quot;,&quot;description&quot;:&quot;Gef\\u00fchrter Fotospaziergang durch Douarnenez :\\nEntdecken Sie mit dem Marco-Polo-Autor und erfahrenen Reiseleiter Errol Friedhelm Karakoc die Hafenstadt und ihre K\\u00f6nigin, die Sardine. Auf den Spuren der hiesigen Fischer begegnen Sie streitbaren Damen, kuriosen Riten der heimischen Bev\\u00f6lkerung, h\\u00fcbscher Architektur aus den letzten Jahrhunderten, spannenden Legenden, vielleicht sogar Kommissar Dupin und haben dabei immer wieder den Blick auf die Bucht. Freuen Sie sich auf etwa zwei Stunden des Flanierens durch die Gassen des Hafenviertels Rosmeur.\\n\\nDauer: ca. 2h\\nSprache: auf Deutsch\\nSchwierigkeitsgrad: einfach bis mittel (leichte Steigungen\\\/Gef\\u00e4lle auf st\\u00e4dtischen Wegen, einige Stufen)&quot;,&quot;categorie&quot;:&quot;Autres \\u00e9v\\u00e9nements&quot;,&quot;ville&quot;:&quot;Douarnenez&quot;,&quot;code_postal&quot;:&quot;29100&quot;,&quot;name&quot;:&quot;Gef\\u00fchrter Fotospaziergang durch Douarnenez&quot;,&quot;latitude&quot;:&quot;48.0931504&quot;,&quot;longitude&quot;:&quot;-4.3310605&quot;,&quot;link&quot;:&quot;http:\\\/\\\/www.douarnenez-tourisme.com\\\/&quot;},&quot;category&quot;:&quot;\\u00c9v\\u00e9nements locaux&quot;,&quot;faq&quot;:[],&quot;event&quot;:&quot;Du 02\\\/09\\\/2026 \\u00e0 14:00 au 02\\\/09\\\/2026 \\u00e0 23:59&quot;,&quot;video_url&quot;:&quot;&quot;,&quot;video_embed&quot;:null,&quot;documents&quot;:[],&quot;gallery&quot;:[]}\">\n\n                <!-- Image + badge cat\u00e9gorie -->\n                <div class=\"em-card-img-wrap\">\n                                      <div class=\"em-card-placeholder\">\ud83d\udcf7 Pas d'image<\/div>\n                                    <span class=\"em-card-badge badge-default\">\u00c9v\u00e9nements locaux<\/span>\n                <\/div>\n\n                <!-- Contenu de la card -->\n                <div class=\"em-card-body\">\n                  <h3 class=\"em-card-title\">Gef\u00fchrter Fotospaziergang durch Douarnenez<\/h3>\n\n                  <!-- Tags r\u00e9sum\u00e9s (max 4) -->\n                  <div class=\"em-card-tags\">\n                                                          <\/div>\n\n                  <!-- Champs suppl\u00e9mentaires (max 3) -->\n                  <div class=\"em-card-fields\">\n                                          <div class=\"em-card-field\">\n                        <span class=\"em-card-field-label\">Titre :<\/span>\n                        <span class=\"em-card-field-value\">Gef\u00fchrter Fotospaziergang durch Douarnenez<\/span>\n                      <\/div>\n                                          <div class=\"em-card-field\">\n                        <span class=\"em-card-field-label\">Cat\u00e9gorie :<\/span>\n                        <span class=\"em-card-field-value\">Autres \u00e9v\u00e9nements<\/span>\n                      <\/div>\n                                          <div class=\"em-card-field\">\n                        <span class=\"em-card-field-label\">Ville :<\/span>\n                        <span class=\"em-card-field-value\">Douarnenez<\/span>\n                      <\/div>\n                                      <\/div>\n\n                  <!-- Lien vers le d\u00e9tail -->\n                  <div class=\"em-card-footer\">\n                    <span>Voir le d\u00e9tail<\/span>\n                    <svg fill=\"none\" viewBox=\"0 0 24 24\" stroke=\"currentColor\" stroke-width=\"2\">\n                      <path stroke-linecap=\"round\" stroke-linejoin=\"round\" d=\"M13.5 4.5L21 12m0 0l-7.5 7.5M21 12H3\"><\/path>\n                    <\/svg>\n                  <\/div>\n                <\/div>\n              <\/article>\n                          <article class=\"em-card\"\n                data-type=\"evenements-locaux-6\"\n                data-features=\"\"\n                data-name=\"balade ornithologique sur le sentier c\u00f4tier\"\n                data-json=\"{&quot;name&quot;:&quot;Balade ornithologique sur le sentier c\\u00f4tier&quot;,&quot;image&quot;:&quot;&quot;,&quot;link&quot;:&quot;http:\\\/\\\/terredecume.fr\\\/&quot;,&quot;data&quot;:{&quot;titre&quot;:&quot;Balade ornithologique sur le sentier c\\u00f4tier&quot;,&quot;description&quot;:&quot;Sortie nature : D\\u00e9couverte et observation des oiseaux du littoral du pays d\\u2019Iroise. \\n\\nTendez l\\u2019oreille et venez d\\u00e9couvrir les richesses naturelles du Finist\\u00e8re. Peut-\\u00eatre y a-t-il un rouge-gorge sur votre droite, un go\\u00e9land au-dessus de votre t\\u00eate filant dans les courants d\\u2019air ? \\nLe long du sentier, nous cherchons les esp\\u00e8ces cach\\u00e9es entre les rochers ou dans l\\u2019\\u00e9cume des vagues. Nous apprenons \\u00e0 les identifier et nous \\u00e9coutons leur chant.&quot;,&quot;categorie&quot;:&quot;Sport &amp; randonn\\u00e9e&quot;,&quot;ville&quot;:&quot;Locmaria-Plouzan\\u00e9&quot;,&quot;code_postal&quot;:&quot;29280&quot;,&quot;name&quot;:&quot;Balade ornithologique sur le sentier c\\u00f4tier&quot;,&quot;latitude&quot;:&quot;48.3548649&quot;,&quot;longitude&quot;:&quot;-4.6802890&quot;,&quot;link&quot;:&quot;http:\\\/\\\/terredecume.fr\\\/&quot;},&quot;category&quot;:&quot;\\u00c9v\\u00e9nements locaux&quot;,&quot;faq&quot;:[],&quot;event&quot;:&quot;Du 03\\\/09\\\/2026 \\u00e0 18:00 au 03\\\/09\\\/2026 \\u00e0 23:59&quot;,&quot;video_url&quot;:&quot;&quot;,&quot;video_embed&quot;:null,&quot;documents&quot;:[],&quot;gallery&quot;:[]}\">\n\n                <!-- Image + badge cat\u00e9gorie -->\n                <div class=\"em-card-img-wrap\">\n                                      <div class=\"em-card-placeholder\">\ud83d\udcf7 Pas d'image<\/div>\n                                    <span class=\"em-card-badge badge-default\">\u00c9v\u00e9nements locaux<\/span>\n                <\/div>\n\n                <!-- Contenu de la card -->\n                <div class=\"em-card-body\">\n                  <h3 class=\"em-card-title\">Balade ornithologique sur le sentier c\u00f4tier<\/h3>\n\n                  <!-- Tags r\u00e9sum\u00e9s (max 4) -->\n                  <div class=\"em-card-tags\">\n                                                          <\/div>\n\n                  <!-- Champs suppl\u00e9mentaires (max 3) -->\n                  <div class=\"em-card-fields\">\n                                          <div class=\"em-card-field\">\n                        <span class=\"em-card-field-label\">Titre :<\/span>\n                        <span class=\"em-card-field-value\">Balade ornithologique sur le sentier c\u00f4tier<\/span>\n                      <\/div>\n                                          <div class=\"em-card-field\">\n                        <span class=\"em-card-field-label\">Cat\u00e9gorie :<\/span>\n                        <span class=\"em-card-field-value\">Sport &amp; randonn\u00e9e<\/span>\n                      <\/div>\n                                          <div class=\"em-card-field\">\n                        <span class=\"em-card-field-label\">Ville :<\/span>\n                        <span class=\"em-card-field-value\">Locmaria-Plouzan\u00e9<\/span>\n                      <\/div>\n                                      <\/div>\n\n                  <!-- Lien vers le d\u00e9tail -->\n                  <div class=\"em-card-footer\">\n                    <span>Voir le d\u00e9tail<\/span>\n                    <svg fill=\"none\" viewBox=\"0 0 24 24\" stroke=\"currentColor\" stroke-width=\"2\">\n                      <path stroke-linecap=\"round\" stroke-linejoin=\"round\" d=\"M13.5 4.5L21 12m0 0l-7.5 7.5M21 12H3\"><\/path>\n                    <\/svg>\n                  <\/div>\n                <\/div>\n              <\/article>\n                          <article class=\"em-card\"\n                data-type=\"evenements-locaux-6\"\n                data-features=\"\"\n                data-name=\"concert en \u00e9glises et chapelles : trobairitz\"\n                data-json=\"{&quot;name&quot;:&quot;Concert en \\u00e9glises et chapelles : Trobairitz&quot;,&quot;image&quot;:&quot;&quot;,&quot;link&quot;:&quot;&quot;,&quot;data&quot;:{&quot;titre&quot;:&quot;Concert en \\u00e9glises et chapelles : Trobairitz&quot;,&quot;description&quot;:&quot;Un voyage intemporel depuis l\\u2019\\u00e9poque m\\u00e9di\\u00e9vale dans la po\\u00e9sie, les pens\\u00e9es, les pr\\u00e9occupations des femmes. Depuis le jeu de la bo\\u00fbq\\u00e2l\\u00e2h renfermant des joyaux anonymes de la tradition orale f\\u00e9minine alg\\u00e9rienne jusqu\\u2019\\u00e0 la po\\u00e9sie lyrique de l\\u2019orient italien ou du sud de la France tout en passant par les chansons s\\u00e9farades ou le romancero viejo de l\\u2019Espagne m\\u00e9di\\u00e9vale et de la Reconquista, ces po\\u00e8mes racontent l\\u2019amour, le corps, la d\\u00e9ception, la perfidie, la r\\u00e9silience...en un mot la vie.\\n\\nIngrid BLASCO : vielle \\u00e0 roue, lecture, composition\\nAlice KHAYATI : chant, fl\\u00fbte \\u00e0 bec, percussions\\nMathias MANTELLO : percussions, chant\\nNathalie LE GAOUTAT : viole de gambe&quot;,&quot;categorie&quot;:&quot;Concerts, musique &amp; festivals&quot;,&quot;ville&quot;:&quot;Douarnenez&quot;,&quot;code_postal&quot;:&quot;29100&quot;,&quot;name&quot;:&quot;Concert en \\u00e9glises et chapelles : Trobairitz&quot;,&quot;latitude&quot;:&quot;48.1007102&quot;,&quot;longitude&quot;:&quot;-4.3467658&quot;},&quot;category&quot;:&quot;\\u00c9v\\u00e9nements locaux&quot;,&quot;faq&quot;:[],&quot;event&quot;:&quot;Du 26\\\/08\\\/2026 \\u00e0 21:00 au 26\\\/08\\\/2026 \\u00e0 23:59&quot;,&quot;video_url&quot;:&quot;&quot;,&quot;video_embed&quot;:null,&quot;documents&quot;:[],&quot;gallery&quot;:[]}\">\n\n                <!-- Image + badge cat\u00e9gorie -->\n                <div class=\"em-card-img-wrap\">\n                                      <div class=\"em-card-placeholder\">\ud83d\udcf7 Pas d'image<\/div>\n                                    <span class=\"em-card-badge badge-default\">\u00c9v\u00e9nements locaux<\/span>\n                <\/div>\n\n                <!-- Contenu de la card -->\n                <div class=\"em-card-body\">\n                  <h3 class=\"em-card-title\">Concert en \u00e9glises et chapelles : Trobairitz<\/h3>\n\n                  <!-- Tags r\u00e9sum\u00e9s (max 4) -->\n                  <div class=\"em-card-tags\">\n                                                          <\/div>\n\n                  <!-- Champs suppl\u00e9mentaires (max 3) -->\n                  <div class=\"em-card-fields\">\n                                          <div class=\"em-card-field\">\n                        <span class=\"em-card-field-label\">Titre :<\/span>\n                        <span class=\"em-card-field-value\">Concert en \u00e9glises et chapelles : Trobairitz<\/span>\n                      <\/div>\n                                          <div class=\"em-card-field\">\n                        <span class=\"em-card-field-label\">Cat\u00e9gorie :<\/span>\n                        <span class=\"em-card-field-value\">Concerts, musique &amp; festivals<\/span>\n                      <\/div>\n                                          <div class=\"em-card-field\">\n                        <span class=\"em-card-field-label\">Ville :<\/span>\n                        <span class=\"em-card-field-value\">Douarnenez<\/span>\n                      <\/div>\n                                      <\/div>\n\n                  <!-- Lien vers le d\u00e9tail -->\n                  <div class=\"em-card-footer\">\n                    <span>Voir le d\u00e9tail<\/span>\n                    <svg fill=\"none\" viewBox=\"0 0 24 24\" stroke=\"currentColor\" stroke-width=\"2\">\n                      <path stroke-linecap=\"round\" stroke-linejoin=\"round\" d=\"M13.5 4.5L21 12m0 0l-7.5 7.5M21 12H3\"><\/path>\n                    <\/svg>\n                  <\/div>\n                <\/div>\n              <\/article>\n                          <article class=\"em-card\"\n                data-type=\"evenements-locaux-6\"\n                data-features=\"\"\n                data-name=\"march\u00e9 des ateliers\"\n                data-json=\"{&quot;name&quot;:&quot;March\\u00e9 des Ateliers&quot;,&quot;image&quot;:&quot;&quot;,&quot;link&quot;:&quot;&quot;,&quot;data&quot;:{&quot;titre&quot;:&quot;March\\u00e9 des Ateliers&quot;,&quot;description&quot;:&quot;Artisanes, artisans et artistes des ateliers Jean Moulin vous ouvrent leurs ateliers tous les mercredis de l\\u2019\\u00e9t\\u00e9. C\\u00e9ramiques, peintures, impressions textiles, sculptures et bien plus\\u2026 venez fl\\u00e2ner et d\\u00e9couvrir leurs activit\\u00e9s dans un lieu foisonnant \\u00e0 deux pas du sentier des douaniers !&quot;,&quot;categorie&quot;:&quot;March\\u00e9s &amp; foires&quot;,&quot;ville&quot;:&quot;Plouhinec&quot;,&quot;code_postal&quot;:&quot;29780&quot;,&quot;name&quot;:&quot;March\\u00e9 des Ateliers&quot;,&quot;latitude&quot;:&quot;48.0176766&quot;,&quot;longitude&quot;:&quot;-4.5304275&quot;},&quot;category&quot;:&quot;\\u00c9v\\u00e9nements locaux&quot;,&quot;faq&quot;:[],&quot;event&quot;:&quot;Du 02\\\/09\\\/2026 \\u00e0 14:00 au 02\\\/09\\\/2026 \\u00e0 23:59&quot;,&quot;video_url&quot;:&quot;&quot;,&quot;video_embed&quot;:null,&quot;documents&quot;:[],&quot;gallery&quot;:[]}\">\n\n                <!-- Image + badge cat\u00e9gorie -->\n                <div class=\"em-card-img-wrap\">\n                                      <div class=\"em-card-placeholder\">\ud83d\udcf7 Pas d'image<\/div>\n                                    <span class=\"em-card-badge badge-default\">\u00c9v\u00e9nements locaux<\/span>\n                <\/div>\n\n                <!-- Contenu de la card -->\n                <div class=\"em-card-body\">\n                  <h3 class=\"em-card-title\">March\u00e9 des Ateliers<\/h3>\n\n                  <!-- Tags r\u00e9sum\u00e9s (max 4) -->\n                  <div class=\"em-card-tags\">\n                                                          <\/div>\n\n                  <!-- Champs suppl\u00e9mentaires (max 3) -->\n                  <div class=\"em-card-fields\">\n                                          <div class=\"em-card-field\">\n                        <span class=\"em-card-field-label\">Titre :<\/span>\n                        <span class=\"em-card-field-value\">March\u00e9 des Ateliers<\/span>\n                      <\/div>\n                                          <div class=\"em-card-field\">\n                        <span class=\"em-card-field-label\">Cat\u00e9gorie :<\/span>\n                        <span class=\"em-card-field-value\">March\u00e9s &amp; foires<\/span>\n                      <\/div>\n                                          <div class=\"em-card-field\">\n                        <span class=\"em-card-field-label\">Ville :<\/span>\n                        <span class=\"em-card-field-value\">Plouhinec<\/span>\n                      <\/div>\n                                      <\/div>\n\n                  <!-- Lien vers le d\u00e9tail -->\n                  <div class=\"em-card-footer\">\n                    <span>Voir le d\u00e9tail<\/span>\n                    <svg fill=\"none\" viewBox=\"0 0 24 24\" stroke=\"currentColor\" stroke-width=\"2\">\n                      <path stroke-linecap=\"round\" stroke-linejoin=\"round\" d=\"M13.5 4.5L21 12m0 0l-7.5 7.5M21 12H3\"><\/path>\n                    <\/svg>\n                  <\/div>\n                <\/div>\n              <\/article>\n                          <article class=\"em-card\"\n                data-type=\"evenements-locaux-6\"\n                data-features=\"\"\n                data-name=\"visite cr\u00e9pusculaire de la pointe du raz\"\n                data-json=\"{&quot;name&quot;:&quot;Visite cr\\u00e9pusculaire de la Pointe du Raz&quot;,&quot;image&quot;:&quot;&quot;,&quot;link&quot;:&quot;https:\\\/\\\/www.toutcommenceenfinistere.com\\\/pointe-du-raz\\\/preparer-sa-visite\\\/&quot;,&quot;data&quot;:{&quot;titre&quot;:&quot;Visite cr\\u00e9pusculaire de la Pointe du Raz&quot;,&quot;description&quot;:&quot;La Pointe du Raz \\u00e0 l&#039;heure dor\\u00e9e ! \\n\\n\\u00c0 l\\u2019heure o\\u00f9 le soleil d\\u00e9cline, la Pointe du Raz r\\u00e9v\\u00e8le une atmosph\\u00e8re toute particuli\\u00e8re. Cette visite cr\\u00e9pusculaire propose une immersion sensorielle au c\\u0153ur du Grand Site, lorsque les couleurs s\\u2019adoucissent et que la lumi\\u00e8re dor\\u00e9e embrase les falaises. Progressivement, phares et balises s\\u2019illuminent, offrant un v\\u00e9ritable ballet lumineux sur la mer d\\u2019Iroise. Entre paysages grandioses, r\\u00e9cits maritimes et instants contemplatifs, vivez une exp\\u00e9rience unique, hors du temps, au plus \\u00e0 l\\u2019ouest de la France.\\n\\nSur r\\u00e9servation aupr\\u00e8s de la Maison de site de la Pointe du Raz ou de l&#039;Office de Tourisme du Cap-Sizun \\u00e0 Audierne.&quot;,&quot;categorie&quot;:&quot;Sport &amp; randonn\\u00e9e&quot;,&quot;ville&quot;:&quot;Plogoff&quot;,&quot;code_postal&quot;:&quot;29770&quot;,&quot;name&quot;:&quot;Visite cr\\u00e9pusculaire de la Pointe du Raz&quot;,&quot;latitude&quot;:&quot;48.0408590&quot;,&quot;longitude&quot;:&quot;-4.6709770&quot;,&quot;link&quot;:&quot;https:\\\/\\\/www.toutcommenceenfinistere.com\\\/pointe-du-raz\\\/preparer-sa-visite\\\/&quot;},&quot;category&quot;:&quot;\\u00c9v\\u00e9nements locaux&quot;,&quot;faq&quot;:[],&quot;event&quot;:&quot;Du 08\\\/09\\\/2026 \\u00e0 19:15 au 08\\\/09\\\/2026 \\u00e0 23:59&quot;,&quot;video_url&quot;:&quot;&quot;,&quot;video_embed&quot;:null,&quot;documents&quot;:[],&quot;gallery&quot;:[]}\">\n\n                <!-- Image + badge cat\u00e9gorie -->\n                <div class=\"em-card-img-wrap\">\n                                      <div class=\"em-card-placeholder\">\ud83d\udcf7 Pas d'image<\/div>\n                                    <span class=\"em-card-badge badge-default\">\u00c9v\u00e9nements locaux<\/span>\n                <\/div>\n\n                <!-- Contenu de la card -->\n                <div class=\"em-card-body\">\n                  <h3 class=\"em-card-title\">Visite cr\u00e9pusculaire de la Pointe du Raz<\/h3>\n\n                  <!-- Tags r\u00e9sum\u00e9s (max 4) -->\n                  <div class=\"em-card-tags\">\n                                                          <\/div>\n\n                  <!-- Champs suppl\u00e9mentaires (max 3) -->\n                  <div class=\"em-card-fields\">\n                                          <div class=\"em-card-field\">\n                        <span class=\"em-card-field-label\">Titre :<\/span>\n                        <span class=\"em-card-field-value\">Visite cr\u00e9pusculaire de la Pointe du Raz<\/span>\n                      <\/div>\n                                          <div class=\"em-card-field\">\n                        <span class=\"em-card-field-label\">Cat\u00e9gorie :<\/span>\n                        <span class=\"em-card-field-value\">Sport &amp; randonn\u00e9e<\/span>\n                      <\/div>\n                                          <div class=\"em-card-field\">\n                        <span class=\"em-card-field-label\">Ville :<\/span>\n                        <span class=\"em-card-field-value\">Plogoff<\/span>\n                      <\/div>\n                                      <\/div>\n\n                  <!-- Lien vers le d\u00e9tail -->\n                  <div class=\"em-card-footer\">\n                    <span>Voir le d\u00e9tail<\/span>\n                    <svg fill=\"none\" viewBox=\"0 0 24 24\" stroke=\"currentColor\" stroke-width=\"2\">\n                      <path stroke-linecap=\"round\" stroke-linejoin=\"round\" d=\"M13.5 4.5L21 12m0 0l-7.5 7.5M21 12H3\"><\/path>\n                    <\/svg>\n                  <\/div>\n                <\/div>\n              <\/article>\n                          <article class=\"em-card\"\n                data-type=\"evenements-locaux-6\"\n                data-features=\"\"\n                data-name=\"dessiner \u00e0 l&#039;aquashow\"\n                data-json=\"{&quot;name&quot;:&quot;Dessiner \\u00e0 l&#039;Aquashow&quot;,&quot;image&quot;:&quot;&quot;,&quot;link&quot;:&quot;http:\\\/\\\/voirvoirdehors.com\\\/&quot;,&quot;data&quot;:{&quot;titre&quot;:&quot;Dessiner \\u00e0 l&#039;Aquashow&quot;,&quot;description&quot;:&quot;10h-12h\\nMer 8, 15, 22, 29 JUILLET\\nMer 5, 12, 19, 26 AO\\u00dbT\\n\\nAdresse : Aquashow d&#039;Audierne \\nTARIF : 20\\u20ac + entr\\u00e9e aquashow 7,50\\u20ac\\nTARIF FAMILLE : 15\\u20ac + entr\\u00e9e aquashow 7,50\\u20ac (par enfant)&quot;,&quot;categorie&quot;:&quot;En famille&quot;,&quot;ville&quot;:&quot;Audierne&quot;,&quot;code_postal&quot;:&quot;29770&quot;,&quot;name&quot;:&quot;Dessiner \\u00e0 l&#039;Aquashow&quot;,&quot;latitude&quot;:&quot;48.0282077&quot;,&quot;longitude&quot;:&quot;-4.5357824&quot;,&quot;link&quot;:&quot;http:\\\/\\\/voirvoirdehors.com\\\/&quot;},&quot;category&quot;:&quot;\\u00c9v\\u00e9nements locaux&quot;,&quot;faq&quot;:[],&quot;event&quot;:&quot;Du 26\\\/08\\\/2026 \\u00e0 10:00 au 26\\\/08\\\/2026 \\u00e0 23:59&quot;,&quot;video_url&quot;:&quot;&quot;,&quot;video_embed&quot;:null,&quot;documents&quot;:[],&quot;gallery&quot;:[]}\">\n\n                <!-- Image + badge cat\u00e9gorie -->\n                <div class=\"em-card-img-wrap\">\n                                      <div class=\"em-card-placeholder\">\ud83d\udcf7 Pas d'image<\/div>\n                                    <span class=\"em-card-badge badge-default\">\u00c9v\u00e9nements locaux<\/span>\n                <\/div>\n\n                <!-- Contenu de la card -->\n                <div class=\"em-card-body\">\n                  <h3 class=\"em-card-title\">Dessiner \u00e0 l&#039;Aquashow<\/h3>\n\n                  <!-- Tags r\u00e9sum\u00e9s (max 4) -->\n                  <div class=\"em-card-tags\">\n                                                          <\/div>\n\n                  <!-- Champs suppl\u00e9mentaires (max 3) -->\n                  <div class=\"em-card-fields\">\n                                          <div class=\"em-card-field\">\n                        <span class=\"em-card-field-label\">Titre :<\/span>\n                        <span class=\"em-card-field-value\">Dessiner \u00e0 l&#039;Aquashow<\/span>\n                      <\/div>\n                                          <div class=\"em-card-field\">\n                        <span class=\"em-card-field-label\">Cat\u00e9gorie :<\/span>\n                        <span class=\"em-card-field-value\">En famille<\/span>\n                      <\/div>\n                                          <div class=\"em-card-field\">\n                        <span class=\"em-card-field-label\">Ville :<\/span>\n                        <span class=\"em-card-field-value\">Audierne<\/span>\n                      <\/div>\n                                      <\/div>\n\n                  <!-- Lien vers le d\u00e9tail -->\n                  <div class=\"em-card-footer\">\n                    <span>Voir le d\u00e9tail<\/span>\n                    <svg fill=\"none\" viewBox=\"0 0 24 24\" stroke=\"currentColor\" stroke-width=\"2\">\n                      <path stroke-linecap=\"round\" stroke-linejoin=\"round\" d=\"M13.5 4.5L21 12m0 0l-7.5 7.5M21 12H3\"><\/path>\n                    <\/svg>\n                  <\/div>\n                <\/div>\n              <\/article>\n                          <article class=\"em-card\"\n                data-type=\"evenements-locaux-6\"\n                data-features=\"\"\n                data-name=\"visite guid\u00e9e \u00ab\u00a0les rendez-vous de la pointe\u00a0\u00bb\"\n                data-json=\"{&quot;name&quot;:&quot;Visite guid\\u00e9e \\u00ab\\u00a0Les rendez-vous de la Pointe\\u00a0\\u00bb&quot;,&quot;image&quot;:&quot;&quot;,&quot;link&quot;:&quot;https:\\\/\\\/www.toutcommenceenfinistere.com\\\/pointe-du-raz\\\/preparer-sa-visite\\\/&quot;,&quot;data&quot;:{&quot;titre&quot;:&quot;Visite guid\\u00e9e \\u00ab\\u00a0Les rendez-vous de la Pointe\\u00a0\\u00bb&quot;,&quot;description&quot;:&quot;Comprendre un paysage d\\u2019exception, en famille.\\n\\nCette visite guid\\u00e9e invite petits et grands \\u00e0 d\\u00e9couvrir les paysages spectaculaires de la Pointe du Raz et \\u00e0 comprendre ce qui fait la singularit\\u00e9 de ce site embl\\u00e9matique du Finist\\u00e8re. Au fil du parcours, le guide d\\u00e9crypte la formation des falaises, l\\u2019influence des vents et des courants, ainsi que l\\u2019histoire humaine intimement li\\u00e9e \\u00e0 ce bout du monde. Anecdotes, observations et \\u00e9changes rythment la visite, pens\\u00e9e pour \\u00eatre accessible et ludique. Une formule id\\u00e9ale pour une premi\\u00e8re approche du site, \\u00e0 partager en famille, entre terre et mer.\\n\\nD\\u00e9part du s\\u00e9maphore (\\u00e0 800 m du parking) - Dur\\u00e9e 1h&quot;,&quot;categorie&quot;:&quot;Sport &amp; randonn\\u00e9e&quot;,&quot;ville&quot;:&quot;Plogoff&quot;,&quot;code_postal&quot;:&quot;29770&quot;,&quot;name&quot;:&quot;Visite guid\\u00e9e \\u00ab\\u00a0Les rendez-vous de la Pointe\\u00a0\\u00bb&quot;,&quot;latitude&quot;:&quot;48.0408590&quot;,&quot;longitude&quot;:&quot;-4.6709770&quot;,&quot;link&quot;:&quot;https:\\\/\\\/www.toutcommenceenfinistere.com\\\/pointe-du-raz\\\/preparer-sa-visite\\\/&quot;},&quot;category&quot;:&quot;\\u00c9v\\u00e9nements locaux&quot;,&quot;faq&quot;:[],&quot;event&quot;:&quot;Du 02\\\/09\\\/2026 \\u00e0 16:00 au 02\\\/09\\\/2026 \\u00e0 23:59&quot;,&quot;video_url&quot;:&quot;&quot;,&quot;video_embed&quot;:null,&quot;documents&quot;:[],&quot;gallery&quot;:[]}\">\n\n                <!-- Image + badge cat\u00e9gorie -->\n                <div class=\"em-card-img-wrap\">\n                                      <div class=\"em-card-placeholder\">\ud83d\udcf7 Pas d'image<\/div>\n                                    <span class=\"em-card-badge badge-default\">\u00c9v\u00e9nements locaux<\/span>\n                <\/div>\n\n                <!-- Contenu de la card -->\n                <div class=\"em-card-body\">\n                  <h3 class=\"em-card-title\">Visite guid\u00e9e \u00ab\u00a0Les rendez-vous de la Pointe\u00a0\u00bb<\/h3>\n\n                  <!-- Tags r\u00e9sum\u00e9s (max 4) -->\n                  <div class=\"em-card-tags\">\n                                                          <\/div>\n\n                  <!-- Champs suppl\u00e9mentaires (max 3) -->\n                  <div class=\"em-card-fields\">\n                                          <div class=\"em-card-field\">\n                        <span class=\"em-card-field-label\">Titre :<\/span>\n                        <span class=\"em-card-field-value\">Visite guid\u00e9e \u00ab\u00a0Les rendez-vous de la Pointe\u00a0\u00bb<\/span>\n                      <\/div>\n                                          <div class=\"em-card-field\">\n                        <span class=\"em-card-field-label\">Cat\u00e9gorie :<\/span>\n                        <span class=\"em-card-field-value\">Sport &amp; randonn\u00e9e<\/span>\n                      <\/div>\n                                          <div class=\"em-card-field\">\n                        <span class=\"em-card-field-label\">Ville :<\/span>\n                        <span class=\"em-card-field-value\">Plogoff<\/span>\n                      <\/div>\n                                      <\/div>\n\n                  <!-- Lien vers le d\u00e9tail -->\n                  <div class=\"em-card-footer\">\n                    <span>Voir le d\u00e9tail<\/span>\n                    <svg fill=\"none\" viewBox=\"0 0 24 24\" stroke=\"currentColor\" stroke-width=\"2\">\n                      <path stroke-linecap=\"round\" stroke-linejoin=\"round\" d=\"M13.5 4.5L21 12m0 0l-7.5 7.5M21 12H3\"><\/path>\n                    <\/svg>\n                  <\/div>\n                <\/div>\n              <\/article>\n                          <article class=\"em-card\"\n                data-type=\"evenements-locaux-6\"\n                data-features=\"\"\n                data-name=\"visite guid\u00e9e des vieux quartiers de douarnenez\"\n                data-json=\"{&quot;name&quot;:&quot;Visite guid\\u00e9e des vieux quartiers de Douarnenez&quot;,&quot;image&quot;:&quot;&quot;,&quot;link&quot;:&quot;http:\\\/\\\/www.douarnenez-tourisme.com\\\/&quot;,&quot;data&quot;:{&quot;titre&quot;:&quot;Visite guid\\u00e9e des vieux quartiers de Douarnenez&quot;,&quot;description&quot;:&quot;Cette balade vous fait d\\u00e9couvrir l&#039;\\u00e2me de Douarnenez et comprendre son histoire si intimement li\\u00e9e \\u00e0 l&#039;\\u00e9pop\\u00e9e de la sardine. Parcourez les rues et les venelles de la ville avec leur architecture du 19\\u00e8me si\\u00e8cle et leurs anciennes conserveries dissimul\\u00e9es parmi les maisons. Fl\\u00e2nez sur le vieux port m\\u00e9moire de tout l&#039;ancien Douarnenez jusqu&#039;\\u00e0 l&#039;abri du marin, lieu sacr\\u00e9 pour les p\\u00eacheurs. Inscription n\\u00e9cessaire \\u00e0 l&#039;Office de Tourisme.&quot;,&quot;categorie&quot;:&quot;Autres \\u00e9v\\u00e9nements&quot;,&quot;ville&quot;:&quot;Douarnenez&quot;,&quot;code_postal&quot;:&quot;29100&quot;,&quot;name&quot;:&quot;Visite guid\\u00e9e des vieux quartiers de Douarnenez&quot;,&quot;latitude&quot;:&quot;48.0931504&quot;,&quot;longitude&quot;:&quot;-4.3310605&quot;,&quot;link&quot;:&quot;http:\\\/\\\/www.douarnenez-tourisme.com\\\/&quot;},&quot;category&quot;:&quot;\\u00c9v\\u00e9nements locaux&quot;,&quot;faq&quot;:[],&quot;event&quot;:&quot;Du 08\\\/09\\\/2026 \\u00e0 14:30 au 08\\\/09\\\/2026 \\u00e0 23:59&quot;,&quot;video_url&quot;:&quot;&quot;,&quot;video_embed&quot;:null,&quot;documents&quot;:[],&quot;gallery&quot;:[]}\">\n\n                <!-- Image + badge cat\u00e9gorie -->\n                <div class=\"em-card-img-wrap\">\n                                      <div class=\"em-card-placeholder\">\ud83d\udcf7 Pas d'image<\/div>\n                                    <span class=\"em-card-badge badge-default\">\u00c9v\u00e9nements locaux<\/span>\n                <\/div>\n\n                <!-- Contenu de la card -->\n                <div class=\"em-card-body\">\n                  <h3 class=\"em-card-title\">Visite guid\u00e9e des vieux quartiers de Douarnenez<\/h3>\n\n                  <!-- Tags r\u00e9sum\u00e9s (max 4) -->\n                  <div class=\"em-card-tags\">\n                                                          <\/div>\n\n                  <!-- Champs suppl\u00e9mentaires (max 3) -->\n                  <div class=\"em-card-fields\">\n                                          <div class=\"em-card-field\">\n                        <span class=\"em-card-field-label\">Titre :<\/span>\n                        <span class=\"em-card-field-value\">Visite guid\u00e9e des vieux quartiers de Douarnenez<\/span>\n                      <\/div>\n                                          <div class=\"em-card-field\">\n                        <span class=\"em-card-field-label\">Cat\u00e9gorie :<\/span>\n                        <span class=\"em-card-field-value\">Autres \u00e9v\u00e9nements<\/span>\n                      <\/div>\n                                          <div class=\"em-card-field\">\n                        <span class=\"em-card-field-label\">Ville :<\/span>\n                        <span class=\"em-card-field-value\">Douarnenez<\/span>\n                      <\/div>\n                                      <\/div>\n\n                  <!-- Lien vers le d\u00e9tail -->\n                  <div class=\"em-card-footer\">\n                    <span>Voir le d\u00e9tail<\/span>\n                    <svg fill=\"none\" viewBox=\"0 0 24 24\" stroke=\"currentColor\" stroke-width=\"2\">\n                      <path stroke-linecap=\"round\" stroke-linejoin=\"round\" d=\"M13.5 4.5L21 12m0 0l-7.5 7.5M21 12H3\"><\/path>\n                    <\/svg>\n                  <\/div>\n                <\/div>\n              <\/article>\n                          <article class=\"em-card\"\n                data-type=\"evenements-locaux-6\"\n                data-features=\"\"\n                data-name=\"march\u00e9 des ateliers\"\n                data-json=\"{&quot;name&quot;:&quot;March\\u00e9 des Ateliers&quot;,&quot;image&quot;:&quot;&quot;,&quot;link&quot;:&quot;&quot;,&quot;data&quot;:{&quot;titre&quot;:&quot;March\\u00e9 des Ateliers&quot;,&quot;description&quot;:&quot;Artisanes, artisans et artistes des ateliers Jean Moulin vous ouvrent leurs ateliers tous les mercredis de l\\u2019\\u00e9t\\u00e9. C\\u00e9ramiques, peintures, impressions textiles, sculptures et bien plus\\u2026 venez fl\\u00e2ner et d\\u00e9couvrir leurs activit\\u00e9s dans un lieu foisonnant \\u00e0 deux pas du sentier des douaniers !&quot;,&quot;categorie&quot;:&quot;March\\u00e9s &amp; foires&quot;,&quot;ville&quot;:&quot;Plouhinec&quot;,&quot;code_postal&quot;:&quot;29780&quot;,&quot;name&quot;:&quot;March\\u00e9 des Ateliers&quot;,&quot;latitude&quot;:&quot;48.0176766&quot;,&quot;longitude&quot;:&quot;-4.5304275&quot;},&quot;category&quot;:&quot;\\u00c9v\\u00e9nements locaux&quot;,&quot;faq&quot;:[],&quot;event&quot;:&quot;Du 26\\\/08\\\/2026 \\u00e0 14:00 au 26\\\/08\\\/2026 \\u00e0 23:59&quot;,&quot;video_url&quot;:&quot;&quot;,&quot;video_embed&quot;:null,&quot;documents&quot;:[],&quot;gallery&quot;:[]}\">\n\n                <!-- Image + badge cat\u00e9gorie -->\n                <div class=\"em-card-img-wrap\">\n                                      <div class=\"em-card-placeholder\">\ud83d\udcf7 Pas d'image<\/div>\n                                    <span class=\"em-card-badge badge-default\">\u00c9v\u00e9nements locaux<\/span>\n                <\/div>\n\n                <!-- Contenu de la card -->\n                <div class=\"em-card-body\">\n                  <h3 class=\"em-card-title\">March\u00e9 des Ateliers<\/h3>\n\n                  <!-- Tags r\u00e9sum\u00e9s (max 4) -->\n                  <div class=\"em-card-tags\">\n                                                          <\/div>\n\n                  <!-- Champs suppl\u00e9mentaires (max 3) -->\n                  <div class=\"em-card-fields\">\n                                          <div class=\"em-card-field\">\n                        <span class=\"em-card-field-label\">Titre :<\/span>\n                        <span class=\"em-card-field-value\">March\u00e9 des Ateliers<\/span>\n                      <\/div>\n                                          <div class=\"em-card-field\">\n                        <span class=\"em-card-field-label\">Cat\u00e9gorie :<\/span>\n                        <span class=\"em-card-field-value\">March\u00e9s &amp; foires<\/span>\n                      <\/div>\n                                          <div class=\"em-card-field\">\n                        <span class=\"em-card-field-label\">Ville :<\/span>\n                        <span class=\"em-card-field-value\">Plouhinec<\/span>\n                      <\/div>\n                                      <\/div>\n\n                  <!-- Lien vers le d\u00e9tail -->\n                  <div class=\"em-card-footer\">\n                    <span>Voir le d\u00e9tail<\/span>\n                    <svg fill=\"none\" viewBox=\"0 0 24 24\" stroke=\"currentColor\" stroke-width=\"2\">\n                      <path stroke-linecap=\"round\" stroke-linejoin=\"round\" d=\"M13.5 4.5L21 12m0 0l-7.5 7.5M21 12H3\"><\/path>\n                    <\/svg>\n                  <\/div>\n                <\/div>\n              <\/article>\n                          <article class=\"em-card\"\n                data-type=\"evenements-locaux-6\"\n                data-features=\"\"\n                data-name=\"march\u00e9 bio, local et musical - concerts du groupe battements puis the past travellers\"\n                data-json=\"{&quot;name&quot;:&quot;March\\u00e9 bio, local et musical - Concerts du groupe Battements puis The Past Travellers&quot;,&quot;image&quot;:&quot;&quot;,&quot;link&quot;:&quot;http:\\\/\\\/mabiolozic.org\\\/&quot;,&quot;data&quot;:{&quot;titre&quot;:&quot;March\\u00e9 bio, local et musical - Concerts du groupe Battements puis The Past Travellers&quot;,&quot;description&quot;:&quot;Retrouvez \\u00e0 partir de 17 heures sur la place de la R\\u00e9publique de Pont-Croix artisans, producteurs, food-trucks et buvette du Cap Sizun et des territoires alentours. \\n\\n\\u00c0 19 heures, le groupe Battements, duo piano\\\/batterie, vous fera voyager au son de sa musique percutante et po\\u00e9tique peupl\\u00e9e de paysages oc\\u00e9aniques et de m\\u00e9t\\u00e9o capricieuse.\\n\\n\\u00c0 20 heures, venez d\\u00e9couvrir le m\\u00e9lange entre disco funk et world music de The Past Travellers.&quot;,&quot;categorie&quot;:&quot;Concerts, musique &amp; festivals&quot;,&quot;ville&quot;:&quot;Pont-Croix&quot;,&quot;code_postal&quot;:&quot;29790&quot;,&quot;name&quot;:&quot;March\\u00e9 bio, local et musical - Concerts du groupe Battements puis The Past Travellers&quot;,&quot;latitude&quot;:&quot;48.0406541&quot;,&quot;longitude&quot;:&quot;-4.4864830&quot;,&quot;link&quot;:&quot;http:\\\/\\\/mabiolozic.org\\\/&quot;},&quot;category&quot;:&quot;\\u00c9v\\u00e9nements locaux&quot;,&quot;faq&quot;:[],&quot;event&quot;:&quot;Du 08\\\/09\\\/2026 \\u00e0 17:00 au 08\\\/09\\\/2026 \\u00e0 23:59&quot;,&quot;video_url&quot;:&quot;&quot;,&quot;video_embed&quot;:null,&quot;documents&quot;:[],&quot;gallery&quot;:[]}\">\n\n                <!-- Image + badge cat\u00e9gorie -->\n                <div class=\"em-card-img-wrap\">\n                                      <div class=\"em-card-placeholder\">\ud83d\udcf7 Pas d'image<\/div>\n                                    <span class=\"em-card-badge badge-default\">\u00c9v\u00e9nements locaux<\/span>\n                <\/div>\n\n                <!-- Contenu de la card -->\n                <div class=\"em-card-body\">\n                  <h3 class=\"em-card-title\">March\u00e9 bio, local et musical - Concerts du groupe Battements puis The Past Travellers<\/h3>\n\n                  <!-- Tags r\u00e9sum\u00e9s (max 4) -->\n                  <div class=\"em-card-tags\">\n                                                          <\/div>\n\n                  <!-- Champs suppl\u00e9mentaires (max 3) -->\n                  <div class=\"em-card-fields\">\n                                          <div class=\"em-card-field\">\n                        <span class=\"em-card-field-label\">Titre :<\/span>\n                        <span class=\"em-card-field-value\">March\u00e9 bio, local et musical - Concerts du groupe Battements<\/span>\n                      <\/div>\n                                          <div class=\"em-card-field\">\n                        <span class=\"em-card-field-label\">Cat\u00e9gorie :<\/span>\n                        <span class=\"em-card-field-value\">Concerts, musique &amp; festivals<\/span>\n                      <\/div>\n                                          <div class=\"em-card-field\">\n                        <span class=\"em-card-field-label\">Ville :<\/span>\n                        <span class=\"em-card-field-value\">Pont-Croix<\/span>\n                      <\/div>\n                                      <\/div>\n\n                  <!-- Lien vers le d\u00e9tail -->\n                  <div class=\"em-card-footer\">\n                    <span>Voir le d\u00e9tail<\/span>\n                    <svg fill=\"none\" viewBox=\"0 0 24 24\" stroke=\"currentColor\" stroke-width=\"2\">\n                      <path stroke-linecap=\"round\" stroke-linejoin=\"round\" d=\"M13.5 4.5L21 12m0 0l-7.5 7.5M21 12H3\"><\/path>\n                    <\/svg>\n                  <\/div>\n                <\/div>\n              <\/article>\n                          <article class=\"em-card\"\n                data-type=\"evenements-locaux-6\"\n                data-features=\"\"\n                data-name=\"charlie et le manoir enchant\u00e9\"\n                data-json=\"{&quot;name&quot;:&quot;Charlie et le manoir enchant\\u00e9&quot;,&quot;image&quot;:&quot;&quot;,&quot;link&quot;:&quot;http:\\\/\\\/www.comediedufinistere.fr\\\/&quot;,&quot;data&quot;:{&quot;titre&quot;:&quot;Charlie et le manoir enchant\\u00e9&quot;,&quot;description&quot;:&quot;Petits et grands, pr\\u00e9parez-vous \\u00e0 vivre une aventure extraordinaire, une histoire magique, celle de Charlie et de son ami, le chiot Puppy.\\n\\nTous deux se retrouvent pi\\u00e9g\\u00e9s dans le manoir hant\\u00e9 et ils feront tout pour en sortir et sauver les habitants du manoir.\\n\\nAvec des personnages dr\\u00f4les et attachants, des rencontres avec des fant\\u00f4mes farceurs, prenez part \\u00e0 cette grande aventure et aidez Puppy et Charlie \\u00e0 d\\u00e9couvrir le secret du Manoir de Pottycherry !\\n\\nUne grande com\\u00e9die musicale pleine de fantaisie, d&#039;aventure et de rires, pour toute la famille !\\n\\nInformations pratiques :\\n\\nDur\\u00e9e 50 Minutes\\nDestin\\u00e9 aux enfants  de 3 \\u00e0 10 ans  .\\nChaque adulte et chaque enfant doit \\u00eatre en possession d&#039;une place pour assister au spectacle.\\nR\\u00e9servation en ligne aupr\\u00e8s de La Com\\u00e9die du Finist\\u00e8re&quot;,&quot;categorie&quot;:&quot;En famille&quot;,&quot;ville&quot;:&quot;Brest&quot;,&quot;code_postal&quot;:&quot;29200&quot;,&quot;name&quot;:&quot;Charlie et le manoir enchant\\u00e9&quot;,&quot;latitude&quot;:&quot;48.3890223&quot;,&quot;longitude&quot;:&quot;-4.4983387&quot;,&quot;link&quot;:&quot;http:\\\/\\\/www.comediedufinistere.fr\\\/&quot;},&quot;category&quot;:&quot;\\u00c9v\\u00e9nements locaux&quot;,&quot;faq&quot;:[],&quot;event&quot;:&quot;Du 26\\\/08\\\/2026 \\u00e0 10:30 au 26\\\/08\\\/2026 \\u00e0 23:59&quot;,&quot;video_url&quot;:&quot;&quot;,&quot;video_embed&quot;:null,&quot;documents&quot;:[],&quot;gallery&quot;:[]}\">\n\n                <!-- Image + badge cat\u00e9gorie -->\n                <div class=\"em-card-img-wrap\">\n                                      <div class=\"em-card-placeholder\">\ud83d\udcf7 Pas d'image<\/div>\n                                    <span class=\"em-card-badge badge-default\">\u00c9v\u00e9nements locaux<\/span>\n                <\/div>\n\n                <!-- Contenu de la card -->\n                <div class=\"em-card-body\">\n                  <h3 class=\"em-card-title\">Charlie et le manoir enchant\u00e9<\/h3>\n\n                  <!-- Tags r\u00e9sum\u00e9s (max 4) -->\n                  <div class=\"em-card-tags\">\n                                                          <\/div>\n\n                  <!-- Champs suppl\u00e9mentaires (max 3) -->\n                  <div class=\"em-card-fields\">\n                                          <div class=\"em-card-field\">\n                        <span class=\"em-card-field-label\">Titre :<\/span>\n                        <span class=\"em-card-field-value\">Charlie et le manoir enchant\u00e9<\/span>\n                      <\/div>\n                                          <div class=\"em-card-field\">\n                        <span class=\"em-card-field-label\">Cat\u00e9gorie :<\/span>\n                        <span class=\"em-card-field-value\">En famille<\/span>\n                      <\/div>\n                                          <div class=\"em-card-field\">\n                        <span class=\"em-card-field-label\">Ville :<\/span>\n                        <span class=\"em-card-field-value\">Brest<\/span>\n                      <\/div>\n                                      <\/div>\n\n                  <!-- Lien vers le d\u00e9tail -->\n                  <div class=\"em-card-footer\">\n                    <span>Voir le d\u00e9tail<\/span>\n                    <svg fill=\"none\" viewBox=\"0 0 24 24\" stroke=\"currentColor\" stroke-width=\"2\">\n                      <path stroke-linecap=\"round\" stroke-linejoin=\"round\" d=\"M13.5 4.5L21 12m0 0l-7.5 7.5M21 12H3\"><\/path>\n                    <\/svg>\n                  <\/div>\n                <\/div>\n              <\/article>\n                          <article class=\"em-card\"\n                data-type=\"evenements-locaux-6\"\n                data-features=\"\"\n                data-name=\"promenade dessin\u00e9e - croquis urbain, carnet de voyage\"\n                data-json=\"{&quot;name&quot;:&quot;Promenade dessin\\u00e9e - Croquis urbain, carnet de voyage&quot;,&quot;image&quot;:&quot;&quot;,&quot;link&quot;:&quot;https:\\\/\\\/www.voirvoirdehors.com\\\/&quot;,&quot;data&quot;:{&quot;titre&quot;:&quot;Promenade dessin\\u00e9e - Croquis urbain, carnet de voyage&quot;,&quot;description&quot;:&quot;Mat\\u00e9riels fournis\\n\\nCarnets et crayons en poche, l&#039;atelier vous propose des promenades originales \\u00e0 travers rues, sous-bois et rivages...\\nSuivant la m\\u00e9t\\u00e9o, les promenades dessin\\u00e9es ont lieu dans l&#039;ancien bourg d&#039;Audierne, sur les rives de Poulgoazec \\u00e0 Plouhinec, sur les berges du Goyen, ou la for\\u00eat de Suguensou \\u00e0 Audierne.\\nEn cas de pluie, les ateliers ont lieu en int\\u00e9rieur : caf\\u00e9s-terrasse d&#039;Audierne ou \\u00e0 l&#039;atelier de Marijo Foehrl\\u00e9.\\n\\nCALENDRIER SEPTEMBRE :\\n\\nAUDIERNE\\nMar 01   10h-12h30 \\\/ 14h30-17h\\nMer 02   10h-12h30\\nJeu 03    10h-12h30\\nVen 04   10h-12h30\\n-\\nLun 07   10h-12h30 \\nMar 08   10h-12h30 \\\/ 14h30-17h\\nMer 09   10h-12h30\\nJeu 10    10h-12h30\\nVen 11   10h-12h30\\n\\n1 ATELIER \\\/ 1 s\\u00e9ance de 2h30 \\nTARIF ADULTES : 30\\u20ac\\nTARIF JEUNES ET FAMILLE (3pers) : 25\\u20ac\\n\\n1 STAGE DE 3 jours \\\/ 3 s\\u00e9ances de 2h30\\nTARIF ADULTES : 80\\u20ac\\nTARIF JEUNES ET FAMILLE (3pers) : 70\\u20ac&quot;,&quot;categorie&quot;:&quot;Autres \\u00e9v\\u00e9nements&quot;,&quot;ville&quot;:&quot;Audierne&quot;,&quot;code_postal&quot;:&quot;29770&quot;,&quot;name&quot;:&quot;Promenade dessin\\u00e9e - Croquis urbain, carnet de voyage&quot;,&quot;latitude&quot;:&quot;48.0247440&quot;,&quot;longitude&quot;:&quot;-4.5624680&quot;,&quot;link&quot;:&quot;https:\\\/\\\/www.voirvoirdehors.com\\\/&quot;},&quot;category&quot;:&quot;\\u00c9v\\u00e9nements locaux&quot;,&quot;faq&quot;:[],&quot;event&quot;:&quot;Du 01\\\/07\\\/2026 au 11\\\/09\\\/2026 \\u00e0 23:59&quot;,&quot;video_url&quot;:&quot;&quot;,&quot;video_embed&quot;:null,&quot;documents&quot;:[],&quot;gallery&quot;:[]}\">\n\n                <!-- Image + badge cat\u00e9gorie -->\n                <div class=\"em-card-img-wrap\">\n                                      <div class=\"em-card-placeholder\">\ud83d\udcf7 Pas d'image<\/div>\n                                    <span class=\"em-card-badge badge-default\">\u00c9v\u00e9nements locaux<\/span>\n                <\/div>\n\n                <!-- Contenu de la card -->\n                <div class=\"em-card-body\">\n                  <h3 class=\"em-card-title\">Promenade dessin\u00e9e - Croquis urbain, carnet de voyage<\/h3>\n\n                  <!-- Tags r\u00e9sum\u00e9s (max 4) -->\n                  <div class=\"em-card-tags\">\n                                                          <\/div>\n\n                  <!-- Champs suppl\u00e9mentaires (max 3) -->\n                  <div class=\"em-card-fields\">\n                                          <div class=\"em-card-field\">\n                        <span class=\"em-card-field-label\">Titre :<\/span>\n                        <span class=\"em-card-field-value\">Promenade dessin\u00e9e - Croquis urbain, carnet de voyage<\/span>\n                      <\/div>\n                                          <div class=\"em-card-field\">\n                        <span class=\"em-card-field-label\">Cat\u00e9gorie :<\/span>\n                        <span class=\"em-card-field-value\">Autres \u00e9v\u00e9nements<\/span>\n                      <\/div>\n                                          <div class=\"em-card-field\">\n                        <span class=\"em-card-field-label\">Ville :<\/span>\n                        <span class=\"em-card-field-value\">Audierne<\/span>\n                      <\/div>\n                                      <\/div>\n\n                  <!-- Lien vers le d\u00e9tail -->\n                  <div class=\"em-card-footer\">\n                    <span>Voir le d\u00e9tail<\/span>\n                    <svg fill=\"none\" viewBox=\"0 0 24 24\" stroke=\"currentColor\" stroke-width=\"2\">\n                      <path stroke-linecap=\"round\" stroke-linejoin=\"round\" d=\"M13.5 4.5L21 12m0 0l-7.5 7.5M21 12H3\"><\/path>\n                    <\/svg>\n                  <\/div>\n                <\/div>\n              <\/article>\n                          <article class=\"em-card\"\n                data-type=\"evenements-locaux-6\"\n                data-features=\"\"\n                data-name=\"sant\u00e9  !- com\u00e9die\"\n                data-json=\"{&quot;name&quot;:&quot;Sant\\u00e9  !- Com\\u00e9die&quot;,&quot;image&quot;:&quot;&quot;,&quot;link&quot;:&quot;https:\\\/\\\/comediedufinistere.mapado.com\\\/event\\\/760204-sante&quot;,&quot;data&quot;:{&quot;titre&quot;:&quot;Sant\\u00e9  !- Com\\u00e9die&quot;,&quot;description&quot;:&quot;Les urgences, le soir du 31 d\\u00e9cembre.\\n\\nQuoi de plus normal que d&#039;y croiser des bras cass\\u00e9s ?\\n\\nUne brochette de trois losers magnifiques va dynamiter cette cour des miracles \\u00e0 grands coups de disputes improbables, d&#039;ivresse incongrue et de blessures grotesques autour d&#039;une intrigue polici\\u00e8re haletante...\\n\\nInformations pratiques : \\n\\nDur\\u00e9e 1h15\\nHumour\\nTout public\\nSalle accessible aux PMR\\nPlacement libre, par ordre d&#039;arriv\\u00e9e\\nAcc\\u00e8s \\u00e0 la salle possible avec contr\\u00f4le billet 30 minutes avant le d\\u00e9but de la repr\\u00e9sentation\\nL&#039;horaire indiqu\\u00e9 correspond \\u00e0 l&#039;heure de d\\u00e9but du spectacle. Toute personne se pr\\u00e9sentant apr\\u00e8s cet horaire, m\\u00eame en possession d&#039;un billet, pourra se voir refuser l&#039;acc\\u00e8s \\u00e0 la salle.&quot;,&quot;categorie&quot;:&quot;Spectacles &amp; cin\\u00e9ma&quot;,&quot;ville&quot;:&quot;Brest&quot;,&quot;code_postal&quot;:&quot;29200&quot;,&quot;name&quot;:&quot;Sant\\u00e9  !- Com\\u00e9die&quot;,&quot;latitude&quot;:&quot;48.3890223&quot;,&quot;longitude&quot;:&quot;-4.4983387&quot;,&quot;link&quot;:&quot;https:\\\/\\\/comediedufinistere.mapado.com\\\/event\\\/760204-sante&quot;},&quot;category&quot;:&quot;\\u00c9v\\u00e9nements locaux&quot;,&quot;faq&quot;:[],&quot;event&quot;:&quot;Du 03\\\/09\\\/2026 \\u00e0 20:00 au 05\\\/09\\\/2026 \\u00e0 23:59&quot;,&quot;video_url&quot;:&quot;&quot;,&quot;video_embed&quot;:null,&quot;documents&quot;:[],&quot;gallery&quot;:[]}\">\n\n                <!-- Image + badge cat\u00e9gorie -->\n                <div class=\"em-card-img-wrap\">\n                                      <div class=\"em-card-placeholder\">\ud83d\udcf7 Pas d'image<\/div>\n                                    <span class=\"em-card-badge badge-default\">\u00c9v\u00e9nements locaux<\/span>\n                <\/div>\n\n                <!-- Contenu de la card -->\n                <div class=\"em-card-body\">\n                  <h3 class=\"em-card-title\">Sant\u00e9  !- Com\u00e9die<\/h3>\n\n                  <!-- Tags r\u00e9sum\u00e9s (max 4) -->\n                  <div class=\"em-card-tags\">\n                                                          <\/div>\n\n                  <!-- Champs suppl\u00e9mentaires (max 3) -->\n                  <div class=\"em-card-fields\">\n                                          <div class=\"em-card-field\">\n                        <span class=\"em-card-field-label\">Titre :<\/span>\n                        <span class=\"em-card-field-value\">Sant\u00e9  !- Com\u00e9die<\/span>\n                      <\/div>\n                                          <div class=\"em-card-field\">\n                        <span class=\"em-card-field-label\">Cat\u00e9gorie :<\/span>\n                        <span class=\"em-card-field-value\">Spectacles &amp; cin\u00e9ma<\/span>\n                      <\/div>\n                                          <div class=\"em-card-field\">\n                        <span class=\"em-card-field-label\">Ville :<\/span>\n                        <span class=\"em-card-field-value\">Brest<\/span>\n                      <\/div>\n                                      <\/div>\n\n                  <!-- Lien vers le d\u00e9tail -->\n                  <div class=\"em-card-footer\">\n                    <span>Voir le d\u00e9tail<\/span>\n                    <svg fill=\"none\" viewBox=\"0 0 24 24\" stroke=\"currentColor\" stroke-width=\"2\">\n                      <path stroke-linecap=\"round\" stroke-linejoin=\"round\" d=\"M13.5 4.5L21 12m0 0l-7.5 7.5M21 12H3\"><\/path>\n                    <\/svg>\n                  <\/div>\n                <\/div>\n              <\/article>\n                          <article class=\"em-card\"\n                data-type=\"evenements-locaux-6\"\n                data-features=\"\"\n                data-name=\"visite - la kersantite \u00e0 kersanton\"\n                data-json=\"{&quot;name&quot;:&quot;Visite - La kersantite \\u00e0 Kersanton&quot;,&quot;image&quot;:&quot;&quot;,&quot;link&quot;:&quot;&quot;,&quot;data&quot;:{&quot;titre&quot;:&quot;Visite - La kersantite \\u00e0 Kersanton&quot;,&quot;description&quot;:&quot;La kersantite \\u00e0 Kersanton : entre histoires g\\u00e9ologique et contemporaine:\\n\\nLa kersantite est une roche embl\\u00e9matique de la Bretagne, la seule dont le nom officiel vient d\\u2019un toponyme breton. Elle est r\\u00e9put\\u00e9e depuis des si\\u00e8cles pour ses propri\\u00e9t\\u00e9s int\\u00e9ressantes pour la sculpture. Elle fut ainsi utilis\\u00e9e pour la construction de b\\u00e2timents, l\\u2019art religieux ou encore les monuments aux morts. \\n\\nLa visite propose de d\\u00e9couvrir la plage de Kersanton, lieu \\u00e0 l\\u2019origine du nom de la kersantite, et ses environs. Nous y observerons et verrons comment reconna\\u00eetre les principaux types de roches et les grands groupes d\\u2019animaux fossiles. Nous pourrons constater qu\\u2019ils sont les t\\u00e9moins d\\u2019\\u00e9v\\u00e9nements importants qui ont profond\\u00e9ment impact\\u00e9 l\\u2019histoire de la vie sur Terre et les paysages de la Bretagne. Nous d\\u00e9couvrirons enfin les vestiges des anciennes carri\\u00e8res de kersantite, t\\u00e9moins d\\u2019une longue histoire de l\\u2019exploitation de cette roche dans le Finist\\u00e8re qui a culmin\\u00e9 au 20\\u00e8me si\\u00e8cle. \\n\\n- R\\u00e9servation obligatoire.\\n- Nombre de places limit\\u00e9.&quot;,&quot;categorie&quot;:&quot;Sport &amp; randonn\\u00e9e&quot;,&quot;ville&quot;:&quot;Loperhet&quot;,&quot;code_postal&quot;:&quot;29470&quot;,&quot;name&quot;:&quot;Visite - La kersantite \\u00e0 Kersanton&quot;,&quot;latitude&quot;:&quot;48.3450420&quot;,&quot;longitude&quot;:&quot;-4.3015150&quot;},&quot;category&quot;:&quot;\\u00c9v\\u00e9nements locaux&quot;,&quot;faq&quot;:[],&quot;event&quot;:&quot;Du 30\\\/08\\\/2026 \\u00e0 13:30 au 30\\\/08\\\/2026 \\u00e0 23:59&quot;,&quot;video_url&quot;:&quot;&quot;,&quot;video_embed&quot;:null,&quot;documents&quot;:[],&quot;gallery&quot;:[]}\">\n\n                <!-- Image + badge cat\u00e9gorie -->\n                <div class=\"em-card-img-wrap\">\n                                      <div class=\"em-card-placeholder\">\ud83d\udcf7 Pas d'image<\/div>\n                                    <span class=\"em-card-badge badge-default\">\u00c9v\u00e9nements locaux<\/span>\n                <\/div>\n\n                <!-- Contenu de la card -->\n                <div class=\"em-card-body\">\n                  <h3 class=\"em-card-title\">Visite - La kersantite \u00e0 Kersanton<\/h3>\n\n                  <!-- Tags r\u00e9sum\u00e9s (max 4) -->\n                  <div class=\"em-card-tags\">\n                                                          <\/div>\n\n                  <!-- Champs suppl\u00e9mentaires (max 3) -->\n                  <div class=\"em-card-fields\">\n                                          <div class=\"em-card-field\">\n                        <span class=\"em-card-field-label\">Titre :<\/span>\n                        <span class=\"em-card-field-value\">Visite - La kersantite \u00e0 Kersanton<\/span>\n                      <\/div>\n                                          <div class=\"em-card-field\">\n                        <span class=\"em-card-field-label\">Cat\u00e9gorie :<\/span>\n                        <span class=\"em-card-field-value\">Sport &amp; randonn\u00e9e<\/span>\n                      <\/div>\n                                          <div class=\"em-card-field\">\n                        <span class=\"em-card-field-label\">Ville :<\/span>\n                        <span class=\"em-card-field-value\">Loperhet<\/span>\n                      <\/div>\n                                      <\/div>\n\n                  <!-- Lien vers le d\u00e9tail -->\n                  <div class=\"em-card-footer\">\n                    <span>Voir le d\u00e9tail<\/span>\n                    <svg fill=\"none\" viewBox=\"0 0 24 24\" stroke=\"currentColor\" stroke-width=\"2\">\n                      <path stroke-linecap=\"round\" stroke-linejoin=\"round\" d=\"M13.5 4.5L21 12m0 0l-7.5 7.5M21 12H3\"><\/path>\n                    <\/svg>\n                  <\/div>\n                <\/div>\n              <\/article>\n                          <article class=\"em-card\"\n                data-type=\"evenements-locaux-6\"\n                data-features=\"\"\n                data-name=\"balade nature et g\u00e9ologique - porzh koubou (crozon) - maison des min\u00e9raux\"\n                data-json=\"{&quot;name&quot;:&quot;Balade nature et g\\u00e9ologique - Porzh Koubou (Crozon) - Maison des Min\\u00e9raux&quot;,&quot;image&quot;:&quot;&quot;,&quot;link&quot;:&quot;https:\\\/\\\/www.maison-des-mineraux.org\\\/spip.php?article805&quot;,&quot;data&quot;:{&quot;titre&quot;:&quot;Balade nature et g\\u00e9ologique - Porzh Koubou (Crozon) - Maison des Min\\u00e9raux&quot;,&quot;description&quot;:&quot;Balade Nature &amp; G\\u00e9ologique\\n\\nApprenez \\u00e0 lire le paysage, et voyagez jusqu\\u2019\\u00e0 l\\u2019\\u00e8re primaire sur les traces d\\u2019oc\\u00e9ans disparus, des vestiges de volcans sous-marins, et d\\u00e9couvrez une ancienne cha\\u00eene de montagnes... juste ici, sous vos pieds !\\n\\nDur\\u00e9e : 2h\\nTarif : 15 \\u20ac\\nSur r\\u00e9servation au 02 98 27 19 73&quot;,&quot;categorie&quot;:&quot;En famille&quot;,&quot;ville&quot;:&quot;Crozon&quot;,&quot;code_postal&quot;:&quot;29160&quot;,&quot;name&quot;:&quot;Balade nature et g\\u00e9ologique - Porzh Koubou (Crozon) - Maison des Min\\u00e9raux&quot;,&quot;latitude&quot;:&quot;48.2456100&quot;,&quot;longitude&quot;:&quot;-4.4886100&quot;,&quot;link&quot;:&quot;https:\\\/\\\/www.maison-des-mineraux.org\\\/spip.php?article805&quot;},&quot;category&quot;:&quot;\\u00c9v\\u00e9nements locaux&quot;,&quot;faq&quot;:[],&quot;event&quot;:&quot;Du 25\\\/08\\\/2026 \\u00e0 10:00 au 25\\\/08\\\/2026 \\u00e0 23:59&quot;,&quot;video_url&quot;:&quot;&quot;,&quot;video_embed&quot;:null,&quot;documents&quot;:[],&quot;gallery&quot;:[]}\">\n\n                <!-- Image + badge cat\u00e9gorie -->\n                <div class=\"em-card-img-wrap\">\n                                      <div class=\"em-card-placeholder\">\ud83d\udcf7 Pas d'image<\/div>\n                                    <span class=\"em-card-badge badge-default\">\u00c9v\u00e9nements locaux<\/span>\n                <\/div>\n\n                <!-- Contenu de la card -->\n                <div class=\"em-card-body\">\n                  <h3 class=\"em-card-title\">Balade nature et g\u00e9ologique - Porzh Koubou (Crozon) - Maison des Min\u00e9raux<\/h3>\n\n                  <!-- Tags r\u00e9sum\u00e9s (max 4) -->\n                  <div class=\"em-card-tags\">\n                                                          <\/div>\n\n                  <!-- Champs suppl\u00e9mentaires (max 3) -->\n                  <div class=\"em-card-fields\">\n                                          <div class=\"em-card-field\">\n                        <span class=\"em-card-field-label\">Titre :<\/span>\n                        <span class=\"em-card-field-value\">Balade nature et g\u00e9ologique - Porzh Koubou (Crozon) - Maison<\/span>\n                      <\/div>\n                                          <div class=\"em-card-field\">\n                        <span class=\"em-card-field-label\">Cat\u00e9gorie :<\/span>\n                        <span class=\"em-card-field-value\">En famille<\/span>\n                      <\/div>\n                                          <div class=\"em-card-field\">\n                        <span class=\"em-card-field-label\">Ville :<\/span>\n                        <span class=\"em-card-field-value\">Crozon<\/span>\n                      <\/div>\n                                      <\/div>\n\n                  <!-- Lien vers le d\u00e9tail -->\n                  <div class=\"em-card-footer\">\n                    <span>Voir le d\u00e9tail<\/span>\n                    <svg fill=\"none\" viewBox=\"0 0 24 24\" stroke=\"currentColor\" stroke-width=\"2\">\n                      <path stroke-linecap=\"round\" stroke-linejoin=\"round\" d=\"M13.5 4.5L21 12m0 0l-7.5 7.5M21 12H3\"><\/path>\n                    <\/svg>\n                  <\/div>\n                <\/div>\n              <\/article>\n                          <article class=\"em-card\"\n                data-type=\"evenements-locaux-6\"\n                data-features=\"\"\n                data-name=\"exposition hors saison au marquisat\"\n                data-json=\"{&quot;name&quot;:&quot;Exposition Hors Saison au Marquisat&quot;,&quot;image&quot;:&quot;&quot;,&quot;link&quot;:&quot;&quot;,&quot;data&quot;:{&quot;titre&quot;:&quot;Exposition Hors Saison au Marquisat&quot;,&quot;description&quot;:&quot;Bastien Duval photographie la campagne qu&#039;il habite, en baie d\\u2019Audierne dans le Finist\\u00e8re. Il photographie une vie rurale et c\\u00f4ti\\u00e8re dans un territoire partag\\u00e9 entre les enjeux du littoral et ceux de la ruralit\\u00e9. Dans ces paysages, lotissements, fermes et maisons secondaires se confondent et quelques centaines de m\\u00e8tres suffisent pour passer du bourg aux champs puis \\u00e0 l\\u2019oc\\u00e9an. A l\\u2019occasion du Bicentenaire de la Photographie, Bastien Duval a r\\u00e9alis\\u00e9 une r\\u00e9sidence sur la commune de Pont-Croix. Saisi par la beaut\\u00e9 de ce lieu, il s\\u2019int\\u00e9resse \\u00e0 la vall\\u00e9e du Goyen changeante au rythme des mar\\u00e9es. L\\u2019id\\u00e9e de lisi\\u00e8re l\\u2019a s\\u00e9duite, dans la rencontre entre l\\u2019eau douce et l\\u2019oc\\u00e9an, la rivi\\u00e8re et les champs, la nature et l\\u2019habitat, le pass\\u00e9 et le pr\\u00e9sent. Il a suivi ce fil pendant ces quelques semaines de r\\u00e9sidence.\\n\\nL&#039;exposition est accompagn\\u00e9e d&#039;un volet de cr\\u00e9ation participative par les \\u00e9l\\u00e8ves de 4e du Coll\\u00e8ge de Pont-Croix, r\\u00e9alis\\u00e9 avec la photographe Coline Jourdan (Atelier Maezad).&quot;,&quot;categorie&quot;:&quot;Expositions&quot;,&quot;ville&quot;:&quot;Pont-Croix&quot;,&quot;code_postal&quot;:&quot;29790&quot;,&quot;name&quot;:&quot;Exposition Hors Saison au Marquisat&quot;,&quot;latitude&quot;:&quot;48.0409650&quot;,&quot;longitude&quot;:&quot;-4.4879944&quot;},&quot;category&quot;:&quot;\\u00c9v\\u00e9nements locaux&quot;,&quot;faq&quot;:[],&quot;event&quot;:&quot;Du 09\\\/07\\\/2026 \\u00e0 15:00 au 04\\\/09\\\/2026 \\u00e0 23:59&quot;,&quot;video_url&quot;:&quot;&quot;,&quot;video_embed&quot;:null,&quot;documents&quot;:[],&quot;gallery&quot;:[]}\">\n\n                <!-- Image + badge cat\u00e9gorie -->\n                <div class=\"em-card-img-wrap\">\n                                      <div class=\"em-card-placeholder\">\ud83d\udcf7 Pas d'image<\/div>\n                                    <span class=\"em-card-badge badge-default\">\u00c9v\u00e9nements locaux<\/span>\n                <\/div>\n\n                <!-- Contenu de la card -->\n                <div class=\"em-card-body\">\n                  <h3 class=\"em-card-title\">Exposition Hors Saison au Marquisat<\/h3>\n\n                  <!-- Tags r\u00e9sum\u00e9s (max 4) -->\n                  <div class=\"em-card-tags\">\n                                                          <\/div>\n\n                  <!-- Champs suppl\u00e9mentaires (max 3) -->\n                  <div class=\"em-card-fields\">\n                                          <div class=\"em-card-field\">\n                        <span class=\"em-card-field-label\">Titre :<\/span>\n                        <span class=\"em-card-field-value\">Exposition Hors Saison au Marquisat<\/span>\n                      <\/div>\n                                          <div class=\"em-card-field\">\n                        <span class=\"em-card-field-label\">Cat\u00e9gorie :<\/span>\n                        <span class=\"em-card-field-value\">Expositions<\/span>\n                      <\/div>\n                                          <div class=\"em-card-field\">\n                        <span class=\"em-card-field-label\">Ville :<\/span>\n                        <span class=\"em-card-field-value\">Pont-Croix<\/span>\n                      <\/div>\n                                      <\/div>\n\n                  <!-- Lien vers le d\u00e9tail -->\n                  <div class=\"em-card-footer\">\n                    <span>Voir le d\u00e9tail<\/span>\n                    <svg fill=\"none\" viewBox=\"0 0 24 24\" stroke=\"currentColor\" stroke-width=\"2\">\n                      <path stroke-linecap=\"round\" stroke-linejoin=\"round\" d=\"M13.5 4.5L21 12m0 0l-7.5 7.5M21 12H3\"><\/path>\n                    <\/svg>\n                  <\/div>\n                <\/div>\n              <\/article>\n                          <article class=\"em-card\"\n                data-type=\"evenements-locaux-6\"\n                data-features=\"\"\n                data-name=\"visite - des ruines au mus\u00e9e\"\n                data-json=\"{&quot;name&quot;:&quot;Visite - Des ruines au mus\\u00e9e&quot;,&quot;image&quot;:&quot;&quot;,&quot;link&quot;:&quot;http:\\\/\\\/www.cdp29.fr\\\/&quot;,&quot;data&quot;:{&quot;titre&quot;:&quot;Visite - Des ruines au mus\\u00e9e&quot;,&quot;description&quot;:&quot;Laissez-vous conter l\\u2019histoire fascinante de l\\u2019un des plus anciens monast\\u00e8res de Bretagne ! Arpentez le mus\\u00e9e qui vous d\\u00e9voile le r\\u00e9sultat de 25 ans de fouilles passionnantes. Un v\\u00e9ritable voyage dans le temps pour comprendre 1 500 ans d\\u2019histoire bretonne. Parcourez ensuite les vestiges de l&#039;ancienne abbaye en d\\u00e9couvrant l&#039;\\u00e9volution architecturale du site, de l&#039;\\u00e9poque carolingienne jusqu&#039;\\u00e0 sa reconstruction romane. Terminez la visite au coeur du jardin des simples.&quot;,&quot;categorie&quot;:&quot;Autres \\u00e9v\\u00e9nements&quot;,&quot;ville&quot;:&quot;Land\\u00e9vennec&quot;,&quot;code_postal&quot;:&quot;29560&quot;,&quot;name&quot;:&quot;Visite - Des ruines au mus\\u00e9e&quot;,&quot;latitude&quot;:&quot;48.2913500&quot;,&quot;longitude&quot;:&quot;-4.2674500&quot;,&quot;link&quot;:&quot;http:\\\/\\\/www.cdp29.fr\\\/&quot;},&quot;category&quot;:&quot;\\u00c9v\\u00e9nements locaux&quot;,&quot;faq&quot;:[],&quot;event&quot;:&quot;Du 28\\\/08\\\/2026 \\u00e0 17:00 au 28\\\/08\\\/2026 \\u00e0 23:59&quot;,&quot;video_url&quot;:&quot;&quot;,&quot;video_embed&quot;:null,&quot;documents&quot;:[],&quot;gallery&quot;:[]}\">\n\n                <!-- Image + badge cat\u00e9gorie -->\n                <div class=\"em-card-img-wrap\">\n                                      <div class=\"em-card-placeholder\">\ud83d\udcf7 Pas d'image<\/div>\n                                    <span class=\"em-card-badge badge-default\">\u00c9v\u00e9nements locaux<\/span>\n                <\/div>\n\n                <!-- Contenu de la card -->\n                <div class=\"em-card-body\">\n                  <h3 class=\"em-card-title\">Visite - Des ruines au mus\u00e9e<\/h3>\n\n                  <!-- Tags r\u00e9sum\u00e9s (max 4) -->\n                  <div class=\"em-card-tags\">\n                                                          <\/div>\n\n                  <!-- Champs suppl\u00e9mentaires (max 3) -->\n                  <div class=\"em-card-fields\">\n                                          <div class=\"em-card-field\">\n                        <span class=\"em-card-field-label\">Titre :<\/span>\n                        <span class=\"em-card-field-value\">Visite - Des ruines au mus\u00e9e<\/span>\n                      <\/div>\n                                          <div class=\"em-card-field\">\n                        <span class=\"em-card-field-label\">Cat\u00e9gorie :<\/span>\n                        <span class=\"em-card-field-value\">Autres \u00e9v\u00e9nements<\/span>\n                      <\/div>\n                                          <div class=\"em-card-field\">\n                        <span class=\"em-card-field-label\">Ville :<\/span>\n                        <span class=\"em-card-field-value\">Land\u00e9vennec<\/span>\n                      <\/div>\n                                      <\/div>\n\n                  <!-- Lien vers le d\u00e9tail -->\n                  <div class=\"em-card-footer\">\n                    <span>Voir le d\u00e9tail<\/span>\n                    <svg fill=\"none\" viewBox=\"0 0 24 24\" stroke=\"currentColor\" stroke-width=\"2\">\n                      <path stroke-linecap=\"round\" stroke-linejoin=\"round\" d=\"M13.5 4.5L21 12m0 0l-7.5 7.5M21 12H3\"><\/path>\n                    <\/svg>\n                  <\/div>\n                <\/div>\n              <\/article>\n                          <article class=\"em-card\"\n                data-type=\"evenements-locaux-6\"\n                data-features=\"\"\n                data-name=\"vide grenier de rentr\u00e9e\"\n                data-json=\"{&quot;name&quot;:&quot;Vide grenier de Rentr\\u00e9e&quot;,&quot;image&quot;:&quot;&quot;,&quot;link&quot;:&quot;&quot;,&quot;data&quot;:{&quot;titre&quot;:&quot;Vide grenier de Rentr\\u00e9e&quot;,&quot;description&quot;:&quot;9h \\u00e0 18h \\nEntr\\u00e9e gratuite\\nPetite restauration et buvette\\nGrand parking\\n\\nRenseignements et inscriptions au 07 89 09 62 42&quot;,&quot;categorie&quot;:&quot;Brocantes &amp; vide-greniers&quot;,&quot;ville&quot;:&quot;Lanv\\u00e9oc&quot;,&quot;code_postal&quot;:&quot;29160&quot;,&quot;name&quot;:&quot;Vide grenier de Rentr\\u00e9e&quot;,&quot;latitude&quot;:&quot;48.2916700&quot;,&quot;longitude&quot;:&quot;-4.4538700&quot;},&quot;category&quot;:&quot;\\u00c9v\\u00e9nements locaux&quot;,&quot;faq&quot;:[],&quot;event&quot;:&quot;Du 30\\\/08\\\/2026 \\u00e0 09:00 au 30\\\/08\\\/2026 \\u00e0 23:59&quot;,&quot;video_url&quot;:&quot;&quot;,&quot;video_embed&quot;:null,&quot;documents&quot;:[],&quot;gallery&quot;:[]}\">\n\n                <!-- Image + badge cat\u00e9gorie -->\n                <div class=\"em-card-img-wrap\">\n                                      <div class=\"em-card-placeholder\">\ud83d\udcf7 Pas d'image<\/div>\n                                    <span class=\"em-card-badge badge-default\">\u00c9v\u00e9nements locaux<\/span>\n                <\/div>\n\n                <!-- Contenu de la card -->\n                <div class=\"em-card-body\">\n                  <h3 class=\"em-card-title\">Vide grenier de Rentr\u00e9e<\/h3>\n\n                  <!-- Tags r\u00e9sum\u00e9s (max 4) -->\n                  <div class=\"em-card-tags\">\n                                                          <\/div>\n\n                  <!-- Champs suppl\u00e9mentaires (max 3) -->\n                  <div class=\"em-card-fields\">\n                                          <div class=\"em-card-field\">\n                        <span class=\"em-card-field-label\">Titre :<\/span>\n                        <span class=\"em-card-field-value\">Vide grenier de Rentr\u00e9e<\/span>\n                      <\/div>\n                                          <div class=\"em-card-field\">\n                        <span class=\"em-card-field-label\">Cat\u00e9gorie :<\/span>\n                        <span class=\"em-card-field-value\">Brocantes &amp; vide-greniers<\/span>\n                      <\/div>\n                                          <div class=\"em-card-field\">\n                        <span class=\"em-card-field-label\">Ville :<\/span>\n                        <span class=\"em-card-field-value\">Lanv\u00e9oc<\/span>\n                      <\/div>\n                                      <\/div>\n\n                  <!-- Lien vers le d\u00e9tail -->\n                  <div class=\"em-card-footer\">\n                    <span>Voir le d\u00e9tail<\/span>\n                    <svg fill=\"none\" viewBox=\"0 0 24 24\" stroke=\"currentColor\" stroke-width=\"2\">\n                      <path stroke-linecap=\"round\" stroke-linejoin=\"round\" d=\"M13.5 4.5L21 12m0 0l-7.5 7.5M21 12H3\"><\/path>\n                    <\/svg>\n                  <\/div>\n                <\/div>\n              <\/article>\n                          <article class=\"em-card\"\n                data-type=\"evenements-locaux-6\"\n                data-features=\"\"\n                data-name=\"exposition &quot;nature et s\u00e9r\u00e9nit\u00e9 dans le cap sizun&quot;\"\n                data-json=\"{&quot;name&quot;:&quot;Exposition \\&quot;Nature et s\\u00e9r\\u00e9nit\\u00e9 dans le Cap Sizun\\&quot;&quot;,&quot;image&quot;:&quot;&quot;,&quot;link&quot;:&quot;&quot;,&quot;data&quot;:{&quot;titre&quot;:&quot;Exposition \\&quot;Nature et s\\u00e9r\\u00e9nit\\u00e9 dans le Cap Sizun\\&quot;&quot;,&quot;description&quot;:&quot;Le vernissage de l&#039;exposition photographique d&#039;Aude S\\u00e9galen, autour des paysages de Goulien, aura lieu dans la biblioth\\u00e8que Christian Pelras le 04 avril \\u00e0 18h, autour d&#039;un verre.&quot;,&quot;categorie&quot;:&quot;Expositions&quot;,&quot;ville&quot;:&quot;Goulien&quot;,&quot;code_postal&quot;:&quot;29770&quot;,&quot;name&quot;:&quot;Exposition \\&quot;Nature et s\\u00e9r\\u00e9nit\\u00e9 dans le Cap Sizun\\&quot;&quot;,&quot;latitude&quot;:&quot;48.0558500&quot;,&quot;longitude&quot;:&quot;-4.5930260&quot;},&quot;category&quot;:&quot;\\u00c9v\\u00e9nements locaux&quot;,&quot;faq&quot;:[],&quot;event&quot;:&quot;Du 04\\\/04\\\/2026 \\u00e0 14:00 au 31\\\/08\\\/2026 \\u00e0 23:59&quot;,&quot;video_url&quot;:&quot;&quot;,&quot;video_embed&quot;:null,&quot;documents&quot;:[],&quot;gallery&quot;:[]}\">\n\n                <!-- Image + badge cat\u00e9gorie -->\n                <div class=\"em-card-img-wrap\">\n                                      <div class=\"em-card-placeholder\">\ud83d\udcf7 Pas d'image<\/div>\n                                    <span class=\"em-card-badge badge-default\">\u00c9v\u00e9nements locaux<\/span>\n                <\/div>\n\n                <!-- Contenu de la card -->\n                <div class=\"em-card-body\">\n                  <h3 class=\"em-card-title\">Exposition &quot;Nature et s\u00e9r\u00e9nit\u00e9 dans le Cap Sizun&quot;<\/h3>\n\n                  <!-- Tags r\u00e9sum\u00e9s (max 4) -->\n                  <div class=\"em-card-tags\">\n                                                          <\/div>\n\n                  <!-- Champs suppl\u00e9mentaires (max 3) -->\n                  <div class=\"em-card-fields\">\n                                          <div class=\"em-card-field\">\n                        <span class=\"em-card-field-label\">Titre :<\/span>\n                        <span class=\"em-card-field-value\">Exposition &quot;Nature et s\u00e9r\u00e9nit\u00e9 dans le Cap Sizun&quot;<\/span>\n                      <\/div>\n                                          <div class=\"em-card-field\">\n                        <span class=\"em-card-field-label\">Cat\u00e9gorie :<\/span>\n                        <span class=\"em-card-field-value\">Expositions<\/span>\n                      <\/div>\n                                          <div class=\"em-card-field\">\n                        <span class=\"em-card-field-label\">Ville :<\/span>\n                        <span class=\"em-card-field-value\">Goulien<\/span>\n                      <\/div>\n                                      <\/div>\n\n                  <!-- Lien vers le d\u00e9tail -->\n                  <div class=\"em-card-footer\">\n                    <span>Voir le d\u00e9tail<\/span>\n                    <svg fill=\"none\" viewBox=\"0 0 24 24\" stroke=\"currentColor\" stroke-width=\"2\">\n                      <path stroke-linecap=\"round\" stroke-linejoin=\"round\" d=\"M13.5 4.5L21 12m0 0l-7.5 7.5M21 12H3\"><\/path>\n                    <\/svg>\n                  <\/div>\n                <\/div>\n              <\/article>\n                          <article class=\"em-card\"\n                data-type=\"evenements-locaux-6\"\n                data-features=\"\"\n                data-name=\"exposition &quot;des ann\u00e9es 1950 \u00e0 aujourd&#039;hui : une histoire de transmissions&quot;\"\n                data-json=\"{&quot;name&quot;:&quot;Exposition \\&quot;Des ann\\u00e9es 1950 \\u00e0 aujourd&#039;hui : une histoire de transmissions\\&quot;&quot;,&quot;image&quot;:&quot;&quot;,&quot;link&quot;:&quot;http:\\\/\\\/lapointe-emmaus.bzh\\\/&quot;,&quot;data&quot;:{&quot;titre&quot;:&quot;Exposition \\&quot;Des ann\\u00e9es 1950 \\u00e0 aujourd&#039;hui : une histoire de transmissions\\&quot;&quot;,&quot;description&quot;:&quot;D\\u00e9couverte de l&#039;exposition \\&quot;Des ann\\u00e9es 1950 \\u00e0 aujourd&#039;hui : une histoire de transmissions.\\&quot;\\n\\nDe l&#039;\\u00e9cole du Christ Roi \\u00e0 La Pointe Emma\\u00fcs, les grandes \\u00e9tapes de la transformation du lieu en photographies, t\\u00e9moignages... une exposition visible tout l&#039;\\u00e9t\\u00e9.&quot;,&quot;categorie&quot;:&quot;Expositions&quot;,&quot;ville&quot;:&quot;Primelin&quot;,&quot;code_postal&quot;:&quot;29770&quot;,&quot;name&quot;:&quot;Exposition \\&quot;Des ann\\u00e9es 1950 \\u00e0 aujourd&#039;hui : une histoire de transmissions\\&quot;&quot;,&quot;latitude&quot;:&quot;48.0301028&quot;,&quot;longitude&quot;:&quot;-4.6163250&quot;,&quot;link&quot;:&quot;http:\\\/\\\/lapointe-emmaus.bzh\\\/&quot;},&quot;category&quot;:&quot;\\u00c9v\\u00e9nements locaux&quot;,&quot;faq&quot;:[],&quot;event&quot;:&quot;Du 13\\\/06\\\/2026 \\u00e0 10:00 au 15\\\/09\\\/2026 \\u00e0 23:59&quot;,&quot;video_url&quot;:&quot;&quot;,&quot;video_embed&quot;:null,&quot;documents&quot;:[],&quot;gallery&quot;:[]}\">\n\n                <!-- Image + badge cat\u00e9gorie -->\n                <div class=\"em-card-img-wrap\">\n                                      <div class=\"em-card-placeholder\">\ud83d\udcf7 Pas d'image<\/div>\n                                    <span class=\"em-card-badge badge-default\">\u00c9v\u00e9nements locaux<\/span>\n                <\/div>\n\n                <!-- Contenu de la card -->\n                <div class=\"em-card-body\">\n                  <h3 class=\"em-card-title\">Exposition &quot;Des ann\u00e9es 1950 \u00e0 aujourd&#039;hui : une histoire de transmissions&quot;<\/h3>\n\n                  <!-- Tags r\u00e9sum\u00e9s (max 4) -->\n                  <div class=\"em-card-tags\">\n                                                          <\/div>\n\n                  <!-- Champs suppl\u00e9mentaires (max 3) -->\n                  <div class=\"em-card-fields\">\n                                          <div class=\"em-card-field\">\n                        <span class=\"em-card-field-label\">Titre :<\/span>\n                        <span class=\"em-card-field-value\">Exposition &quot;Des ann\u00e9es 1950 \u00e0 aujourd&#039;hui : une histoire de <\/span>\n                      <\/div>\n                                          <div class=\"em-card-field\">\n                        <span class=\"em-card-field-label\">Cat\u00e9gorie :<\/span>\n                        <span class=\"em-card-field-value\">Expositions<\/span>\n                      <\/div>\n                                          <div class=\"em-card-field\">\n                        <span class=\"em-card-field-label\">Ville :<\/span>\n                        <span class=\"em-card-field-value\">Primelin<\/span>\n                      <\/div>\n                                      <\/div>\n\n                  <!-- Lien vers le d\u00e9tail -->\n                  <div class=\"em-card-footer\">\n                    <span>Voir le d\u00e9tail<\/span>\n                    <svg fill=\"none\" viewBox=\"0 0 24 24\" stroke=\"currentColor\" stroke-width=\"2\">\n                      <path stroke-linecap=\"round\" stroke-linejoin=\"round\" d=\"M13.5 4.5L21 12m0 0l-7.5 7.5M21 12H3\"><\/path>\n                    <\/svg>\n                  <\/div>\n                <\/div>\n              <\/article>\n                          <article class=\"em-card\"\n                data-type=\"evenements-locaux-6\"\n                data-features=\"\"\n                data-name=\"atelier - savoir-faire des marins au port-mus\u00e9e\"\n                data-json=\"{&quot;name&quot;:&quot;Atelier - Savoir-faire des marins au Port-mus\\u00e9e&quot;,&quot;image&quot;:&quot;&quot;,&quot;link&quot;:&quot;&quot;,&quot;data&quot;:{&quot;titre&quot;:&quot;Atelier - Savoir-faire des marins au Port-mus\\u00e9e&quot;,&quot;description&quot;:&quot;Ateliers matelotage et ramendage avec nos anciens marins p\\u00eacheurs.\\nAnimations sans suppl\\u00e9ment sur pr\\u00e9sentation du billet d&#039;entr\\u00e9e et des disponibilit\\u00e9s.&quot;,&quot;categorie&quot;:&quot;Autres \\u00e9v\\u00e9nements&quot;,&quot;ville&quot;:&quot;Douarnenez&quot;,&quot;code_postal&quot;:&quot;29100&quot;,&quot;name&quot;:&quot;Atelier - Savoir-faire des marins au Port-mus\\u00e9e&quot;,&quot;latitude&quot;:&quot;48.0923984&quot;,&quot;longitude&quot;:&quot;-4.3326434&quot;},&quot;category&quot;:&quot;\\u00c9v\\u00e9nements locaux&quot;,&quot;faq&quot;:[],&quot;event&quot;:&quot;Du 27\\\/08\\\/2026 \\u00e0 15:00 au 27\\\/08\\\/2026 \\u00e0 23:59&quot;,&quot;video_url&quot;:&quot;&quot;,&quot;video_embed&quot;:null,&quot;documents&quot;:[],&quot;gallery&quot;:[]}\">\n\n                <!-- Image + badge cat\u00e9gorie -->\n                <div class=\"em-card-img-wrap\">\n                                      <div class=\"em-card-placeholder\">\ud83d\udcf7 Pas d'image<\/div>\n                                    <span class=\"em-card-badge badge-default\">\u00c9v\u00e9nements locaux<\/span>\n                <\/div>\n\n                <!-- Contenu de la card -->\n                <div class=\"em-card-body\">\n                  <h3 class=\"em-card-title\">Atelier - Savoir-faire des marins au Port-mus\u00e9e<\/h3>\n\n                  <!-- Tags r\u00e9sum\u00e9s (max 4) -->\n                  <div class=\"em-card-tags\">\n                                                          <\/div>\n\n                  <!-- Champs suppl\u00e9mentaires (max 3) -->\n                  <div class=\"em-card-fields\">\n                                          <div class=\"em-card-field\">\n                        <span class=\"em-card-field-label\">Titre :<\/span>\n                        <span class=\"em-card-field-value\">Atelier - Savoir-faire des marins au Port-mus\u00e9e<\/span>\n                      <\/div>\n                                          <div class=\"em-card-field\">\n                        <span class=\"em-card-field-label\">Cat\u00e9gorie :<\/span>\n                        <span class=\"em-card-field-value\">Autres \u00e9v\u00e9nements<\/span>\n                      <\/div>\n                                          <div class=\"em-card-field\">\n                        <span class=\"em-card-field-label\">Ville :<\/span>\n                        <span class=\"em-card-field-value\">Douarnenez<\/span>\n                      <\/div>\n                                      <\/div>\n\n                  <!-- Lien vers le d\u00e9tail -->\n                  <div class=\"em-card-footer\">\n                    <span>Voir le d\u00e9tail<\/span>\n                    <svg fill=\"none\" viewBox=\"0 0 24 24\" stroke=\"currentColor\" stroke-width=\"2\">\n                      <path stroke-linecap=\"round\" stroke-linejoin=\"round\" d=\"M13.5 4.5L21 12m0 0l-7.5 7.5M21 12H3\"><\/path>\n                    <\/svg>\n                  <\/div>\n                <\/div>\n              <\/article>\n                          <article class=\"em-card\"\n                data-type=\"evenements-locaux-6\"\n                data-features=\"\"\n                data-name=\"d\u00e9dicace toupoil, la bd-nature des enfants avec serge monfort\"\n                data-json=\"{&quot;name&quot;:&quot;D\\u00e9dicace Toupoil, la BD-Nature des enfants avec Serge Monfort&quot;,&quot;image&quot;:&quot;&quot;,&quot;link&quot;:&quot;https:\\\/\\\/www.toupoil.com\\\/&quot;,&quot;data&quot;:{&quot;titre&quot;:&quot;D\\u00e9dicace Toupoil, la BD-Nature des enfants avec Serge Monfort&quot;,&quot;description&quot;:&quot;Dans le cadre de la boutique L&#039;\\u00c9ph\\u00e9m\\u00e8re 2026, les \\u00e9ditions Crayon Vert pr\\u00e9sentent TOUPOIL, la BD-nature des enfants, de Serge Monfort (sc\\u00e9nario, dessin, couleurs. Albums, cartes postales et ex-libris y seront en expo-vente jusqu&#039;au 30 ao\\u00fbt. L&#039;auteur y d\\u00e9dicacera ses albums le vendredi 24 juillet, de 10 h 30 \\u00e0 18 h 30.\\nToupoil est une BD d\\u2019aventures de premi\\u00e8re lecture. C\\u2019est aussi une BD animali\\u00e8re de sensibilisation et de d\\u00e9couverte de la faune sauvage europ\\u00e9enne qui a tant de mal \\u00e0 survivre aujourd\\u2019hui. C\\u2019est surtout une BD qui pla\\u00eet beaucoup aux enfants, avec un documentaire naturaliste accompagn\\u00e9 de photos, cartes et bibliographie en fin d\\u2019album.\\nDiffusion en librairie : Makassar Diffusion distribution \\\/ commande@makassar-diffusion.com. Prix : 14 \\u20ac l\\u2019album.&quot;,&quot;categorie&quot;:&quot;En famille&quot;,&quot;ville&quot;:&quot;Le Faou&quot;,&quot;code_postal&quot;:&quot;29590&quot;,&quot;name&quot;:&quot;D\\u00e9dicace Toupoil, la BD-Nature des enfants avec Serge Monfort&quot;,&quot;latitude&quot;:&quot;48.2955700&quot;,&quot;longitude&quot;:&quot;-4.1807900&quot;,&quot;link&quot;:&quot;https:\\\/\\\/www.toupoil.com\\\/&quot;},&quot;category&quot;:&quot;\\u00c9v\\u00e9nements locaux&quot;,&quot;faq&quot;:[],&quot;event&quot;:&quot;Du 29\\\/08\\\/2026 \\u00e0 10:30 au 29\\\/08\\\/2026 \\u00e0 23:59&quot;,&quot;video_url&quot;:&quot;&quot;,&quot;video_embed&quot;:null,&quot;documents&quot;:[],&quot;gallery&quot;:[]}\">\n\n                <!-- Image + badge cat\u00e9gorie -->\n                <div class=\"em-card-img-wrap\">\n                                      <div class=\"em-card-placeholder\">\ud83d\udcf7 Pas d'image<\/div>\n                                    <span class=\"em-card-badge badge-default\">\u00c9v\u00e9nements locaux<\/span>\n                <\/div>\n\n                <!-- Contenu de la card -->\n                <div class=\"em-card-body\">\n                  <h3 class=\"em-card-title\">D\u00e9dicace Toupoil, la BD-Nature des enfants avec Serge Monfort<\/h3>\n\n                  <!-- Tags r\u00e9sum\u00e9s (max 4) -->\n                  <div class=\"em-card-tags\">\n                                                          <\/div>\n\n                  <!-- Champs suppl\u00e9mentaires (max 3) -->\n                  <div class=\"em-card-fields\">\n                                          <div class=\"em-card-field\">\n                        <span class=\"em-card-field-label\">Titre :<\/span>\n                        <span class=\"em-card-field-value\">D\u00e9dicace Toupoil, la BD-Nature des enfants avec Serge Monfor<\/span>\n                      <\/div>\n                                          <div class=\"em-card-field\">\n                        <span class=\"em-card-field-label\">Cat\u00e9gorie :<\/span>\n                        <span class=\"em-card-field-value\">En famille<\/span>\n                      <\/div>\n                                          <div class=\"em-card-field\">\n                        <span class=\"em-card-field-label\">Ville :<\/span>\n                        <span class=\"em-card-field-value\">Le Faou<\/span>\n                      <\/div>\n                                      <\/div>\n\n                  <!-- Lien vers le d\u00e9tail -->\n                  <div class=\"em-card-footer\">\n                    <span>Voir le d\u00e9tail<\/span>\n                    <svg fill=\"none\" viewBox=\"0 0 24 24\" stroke=\"currentColor\" stroke-width=\"2\">\n                      <path stroke-linecap=\"round\" stroke-linejoin=\"round\" d=\"M13.5 4.5L21 12m0 0l-7.5 7.5M21 12H3\"><\/path>\n                    <\/svg>\n                  <\/div>\n                <\/div>\n              <\/article>\n                          <article class=\"em-card\"\n                data-type=\"evenements-locaux-6\"\n                data-features=\"\"\n                data-name=\"exposition de jean-pierre le bars\"\n                data-json=\"{&quot;name&quot;:&quot;Exposition de Jean-Pierre Le Bars&quot;,&quot;image&quot;:&quot;&quot;,&quot;link&quot;:&quot;https:\\\/\\\/www.galeriepleinjour.fr\\\/&quot;,&quot;data&quot;:{&quot;titre&quot;:&quot;Exposition de Jean-Pierre Le Bars&quot;,&quot;description&quot;:&quot;Construisant son oeuvre \\u00e0 la jonction de l\\u2019abstraction et de la r\\u00e9alit\\u00e9 la plus concr\\u00e8te, Jean-Pierre Le Bars, qui vit \\u00e0 Douarnenez dans le Finist\\u00e8re, est \\u00e0 la fois peintre et photographe.&quot;,&quot;categorie&quot;:&quot;Expositions&quot;,&quot;ville&quot;:&quot;Douarnenez&quot;,&quot;code_postal&quot;:&quot;29100&quot;,&quot;name&quot;:&quot;Exposition de Jean-Pierre Le Bars&quot;,&quot;latitude&quot;:&quot;48.0938163&quot;,&quot;longitude&quot;:&quot;-4.3272996&quot;,&quot;link&quot;:&quot;https:\\\/\\\/www.galeriepleinjour.fr\\\/&quot;},&quot;category&quot;:&quot;\\u00c9v\\u00e9nements locaux&quot;,&quot;faq&quot;:[],&quot;event&quot;:&quot;Du 15\\\/07\\\/2026 \\u00e0 15:00 au 31\\\/08\\\/2026 \\u00e0 23:59&quot;,&quot;video_url&quot;:&quot;&quot;,&quot;video_embed&quot;:null,&quot;documents&quot;:[],&quot;gallery&quot;:[]}\">\n\n                <!-- Image + badge cat\u00e9gorie -->\n                <div class=\"em-card-img-wrap\">\n                                      <div class=\"em-card-placeholder\">\ud83d\udcf7 Pas d'image<\/div>\n                                    <span class=\"em-card-badge badge-default\">\u00c9v\u00e9nements locaux<\/span>\n                <\/div>\n\n                <!-- Contenu de la card -->\n                <div class=\"em-card-body\">\n                  <h3 class=\"em-card-title\">Exposition de Jean-Pierre Le Bars<\/h3>\n\n                  <!-- Tags r\u00e9sum\u00e9s (max 4) -->\n                  <div class=\"em-card-tags\">\n                                                          <\/div>\n\n                  <!-- Champs suppl\u00e9mentaires (max 3) -->\n                  <div class=\"em-card-fields\">\n                                          <div class=\"em-card-field\">\n                        <span class=\"em-card-field-label\">Titre :<\/span>\n                        <span class=\"em-card-field-value\">Exposition de Jean-Pierre Le Bars<\/span>\n                      <\/div>\n                                          <div class=\"em-card-field\">\n                        <span class=\"em-card-field-label\">Cat\u00e9gorie :<\/span>\n                        <span class=\"em-card-field-value\">Expositions<\/span>\n                      <\/div>\n                                          <div class=\"em-card-field\">\n                        <span class=\"em-card-field-label\">Ville :<\/span>\n                        <span class=\"em-card-field-value\">Douarnenez<\/span>\n                      <\/div>\n                                      <\/div>\n\n                  <!-- Lien vers le d\u00e9tail -->\n                  <div class=\"em-card-footer\">\n                    <span>Voir le d\u00e9tail<\/span>\n                    <svg fill=\"none\" viewBox=\"0 0 24 24\" stroke=\"currentColor\" stroke-width=\"2\">\n                      <path stroke-linecap=\"round\" stroke-linejoin=\"round\" d=\"M13.5 4.5L21 12m0 0l-7.5 7.5M21 12H3\"><\/path>\n                    <\/svg>\n                  <\/div>\n                <\/div>\n              <\/article>\n                          <article class=\"em-card\"\n                data-type=\"evenements-locaux-6\"\n                data-features=\"\"\n                data-name=\"en famille, \u00e9merveillement aupr\u00e8s des arbres\"\n                data-json=\"{&quot;name&quot;:&quot;En famille, \\u00e9merveillement aupr\\u00e8s des arbres&quot;,&quot;image&quot;:&quot;&quot;,&quot;link&quot;:&quot;https:\\\/\\\/marchons-respirons.fr\\\/&quot;,&quot;data&quot;:{&quot;titre&quot;:&quot;En famille, \\u00e9merveillement aupr\\u00e8s des arbres&quot;,&quot;description&quot;:&quot;Sur un circuit de 1,5 km en aller-retour, l&#039;enfant \\u00e0 partir de 3 ans, accompagn\\u00e9 d&#039;un adulte r\\u00e9f\\u00e9rant, est invit\\u00e9 \\u00e0 explorer le monde des arbres et leurs super-pouvoirs. \\n\\nChacun et chacune est invit\\u00e9(e) \\u00e0 percevoir combien les arbres sont un \\u00e9cosyst\\u00e8me bienfaisant pour l&#039;ensemble du vivant. Des activit\\u00e9s sensorielles sont exp\\u00e9riment\\u00e9es par tous, et quelques essences d&#039;arbres sont identifi\\u00e9es. La motricit\\u00e9 de l&#039;enfant s&#039;exerce librement au fil des opportunit\\u00e9s propos\\u00e9es sur le chemin. \\n\\nUne partie du chemin est tr\\u00e8s boueuse selon les mar\\u00e9es, aussi les bottes sont vivement recommand\\u00e9es pour petits et grands. \\n\\nLe sac \\u00e0 dos est conseill\\u00e9, avec la gourde remplie d&#039;eau et un petit sac pour des collectes. Les appareils photos sont aussi les bienvenus.\\n\\n- Nombre de places limit\\u00e9es. \\n- R\\u00e9servation obligatoire.&quot;,&quot;categorie&quot;:&quot;En famille&quot;,&quot;ville&quot;:&quot;La Forest-Landerneau&quot;,&quot;code_postal&quot;:&quot;29800&quot;,&quot;name&quot;:&quot;En famille, \\u00e9merveillement aupr\\u00e8s des arbres&quot;,&quot;latitude&quot;:&quot;48.4259350&quot;,&quot;longitude&quot;:&quot;-4.3064674&quot;,&quot;link&quot;:&quot;https:\\\/\\\/marchons-respirons.fr\\\/&quot;},&quot;category&quot;:&quot;\\u00c9v\\u00e9nements locaux&quot;,&quot;faq&quot;:[],&quot;event&quot;:&quot;Du 28\\\/08\\\/2026 \\u00e0 10:00 au 28\\\/08\\\/2026 \\u00e0 23:59&quot;,&quot;video_url&quot;:&quot;&quot;,&quot;video_embed&quot;:null,&quot;documents&quot;:[],&quot;gallery&quot;:[]}\">\n\n                <!-- Image + badge cat\u00e9gorie -->\n                <div class=\"em-card-img-wrap\">\n                                      <div class=\"em-card-placeholder\">\ud83d\udcf7 Pas d'image<\/div>\n                                    <span class=\"em-card-badge badge-default\">\u00c9v\u00e9nements locaux<\/span>\n                <\/div>\n\n                <!-- Contenu de la card -->\n                <div class=\"em-card-body\">\n                  <h3 class=\"em-card-title\">En famille, \u00e9merveillement aupr\u00e8s des arbres<\/h3>\n\n                  <!-- Tags r\u00e9sum\u00e9s (max 4) -->\n                  <div class=\"em-card-tags\">\n                                                          <\/div>\n\n                  <!-- Champs suppl\u00e9mentaires (max 3) -->\n                  <div class=\"em-card-fields\">\n                                          <div class=\"em-card-field\">\n                        <span class=\"em-card-field-label\">Titre :<\/span>\n                        <span class=\"em-card-field-value\">En famille, \u00e9merveillement aupr\u00e8s des arbres<\/span>\n                      <\/div>\n                                          <div class=\"em-card-field\">\n                        <span class=\"em-card-field-label\">Cat\u00e9gorie :<\/span>\n                        <span class=\"em-card-field-value\">En famille<\/span>\n                      <\/div>\n                                          <div class=\"em-card-field\">\n                        <span class=\"em-card-field-label\">Ville :<\/span>\n                        <span class=\"em-card-field-value\">La Forest-Landerneau<\/span>\n                      <\/div>\n                                      <\/div>\n\n                  <!-- Lien vers le d\u00e9tail -->\n                  <div class=\"em-card-footer\">\n                    <span>Voir le d\u00e9tail<\/span>\n                    <svg fill=\"none\" viewBox=\"0 0 24 24\" stroke=\"currentColor\" stroke-width=\"2\">\n                      <path stroke-linecap=\"round\" stroke-linejoin=\"round\" d=\"M13.5 4.5L21 12m0 0l-7.5 7.5M21 12H3\"><\/path>\n                    <\/svg>\n                  <\/div>\n                <\/div>\n              <\/article>\n                          <article class=\"em-card\"\n                data-type=\"evenements-locaux-6\"\n                data-features=\"\"\n                data-name=\"yoga sur la plage de morgat - vinyasa\"\n                data-json=\"{&quot;name&quot;:&quot;Yoga sur la plage de Morgat - Vinyasa&quot;,&quot;image&quot;:&quot;&quot;,&quot;link&quot;:&quot;http:\\\/\\\/www.sukhayogabzh.fr\\\/&quot;,&quot;data&quot;:{&quot;titre&quot;:&quot;Yoga sur la plage de Morgat - Vinyasa&quot;,&quot;description&quot;:&quot;Rejoignez une communaut\\u00e9 de yogis sur la Presqu&#039;\\u00eele de Crozon. Nos s\\u00e9ances de yoga sp\\u00e9cial \\u00e9t\\u00e9 offrent un espace accueillant pour explorer le bien-\\u00eatre \\u00e0 votre rythme, que vous soyez d\\u00e9butant ou pratiquant.\\n\\n\\ud83d\\udc18 YOGA SUR LA PLAGE DE MORGAT \\u2013 Vinyasa\\nHoraire : 10h00 \\u2013 11h00\\nLieu : Plage de Morgat (arr\\u00eat\\u00e9 municipal en notre possession)\\nR\\u00e9servation par SMS au 06 49 00 91 77\\n\\nLa r\\u00e9servation est demand\\u00e9e car les places sont limit\\u00e9es et il est possible que les s\\u00e9ances en plein air bougent en cas de pluie.&quot;,&quot;categorie&quot;:&quot;Autres \\u00e9v\\u00e9nements&quot;,&quot;ville&quot;:&quot;Crozon&quot;,&quot;code_postal&quot;:&quot;29160&quot;,&quot;name&quot;:&quot;Yoga sur la plage de Morgat - Vinyasa&quot;,&quot;latitude&quot;:&quot;48.2267683&quot;,&quot;longitude&quot;:&quot;-4.5027205&quot;,&quot;link&quot;:&quot;http:\\\/\\\/www.sukhayogabzh.fr\\\/&quot;},&quot;category&quot;:&quot;\\u00c9v\\u00e9nements locaux&quot;,&quot;faq&quot;:[],&quot;event&quot;:&quot;Du 30\\\/08\\\/2026 \\u00e0 10:00 au 30\\\/08\\\/2026 \\u00e0 23:59&quot;,&quot;video_url&quot;:&quot;&quot;,&quot;video_embed&quot;:null,&quot;documents&quot;:[],&quot;gallery&quot;:[]}\">\n\n                <!-- Image + badge cat\u00e9gorie -->\n                <div class=\"em-card-img-wrap\">\n                                      <div class=\"em-card-placeholder\">\ud83d\udcf7 Pas d'image<\/div>\n                                    <span class=\"em-card-badge badge-default\">\u00c9v\u00e9nements locaux<\/span>\n                <\/div>\n\n                <!-- Contenu de la card -->\n                <div class=\"em-card-body\">\n                  <h3 class=\"em-card-title\">Yoga sur la plage de Morgat - Vinyasa<\/h3>\n\n                  <!-- Tags r\u00e9sum\u00e9s (max 4) -->\n                  <div class=\"em-card-tags\">\n                                                          <\/div>\n\n                  <!-- Champs suppl\u00e9mentaires (max 3) -->\n                  <div class=\"em-card-fields\">\n                                          <div class=\"em-card-field\">\n                        <span class=\"em-card-field-label\">Titre :<\/span>\n                        <span class=\"em-card-field-value\">Yoga sur la plage de Morgat - Vinyasa<\/span>\n                      <\/div>\n                                          <div class=\"em-card-field\">\n                        <span class=\"em-card-field-label\">Cat\u00e9gorie :<\/span>\n                        <span class=\"em-card-field-value\">Autres \u00e9v\u00e9nements<\/span>\n                      <\/div>\n                                          <div class=\"em-card-field\">\n                        <span class=\"em-card-field-label\">Ville :<\/span>\n                        <span class=\"em-card-field-value\">Crozon<\/span>\n                      <\/div>\n                                      <\/div>\n\n                  <!-- Lien vers le d\u00e9tail -->\n                  <div class=\"em-card-footer\">\n                    <span>Voir le d\u00e9tail<\/span>\n                    <svg fill=\"none\" viewBox=\"0 0 24 24\" stroke=\"currentColor\" stroke-width=\"2\">\n                      <path stroke-linecap=\"round\" stroke-linejoin=\"round\" d=\"M13.5 4.5L21 12m0 0l-7.5 7.5M21 12H3\"><\/path>\n                    <\/svg>\n                  <\/div>\n                <\/div>\n              <\/article>\n                          <article class=\"em-card\"\n                data-type=\"evenements-locaux-6\"\n                data-features=\"\"\n                data-name=\"l&#039;atelier r\u00e9flexo initiation en duo\"\n                data-json=\"{&quot;name&quot;:&quot;L&#039;Atelier R\\u00e9flexo initiation en duo&quot;,&quot;image&quot;:&quot;&quot;,&quot;link&quot;:&quot;&quot;,&quot;data&quot;:{&quot;titre&quot;:&quot;L&#039;Atelier R\\u00e9flexo initiation en duo&quot;,&quot;description&quot;:&quot;L&#039;Atelier R\\u00e9flexo DUO vous propose de vivre une exp\\u00e9rience de d\\u00e9tente imm\\u00e9diate en vous initiant aux techniques douces de la r\\u00e9flexologie. Au cours de cet atelier, vous d\\u00e9couvrirez les 4 zones \\u00e0 masser dans vos mains, vos pieds et votre dos, ainsi que les huiles essentielles favorisant la relaxation. Et pour clore l&#039;atelier agr\\u00e9ablement, une d\\u00e9gustation de boisson fraicheur vous sera offerte.&quot;,&quot;categorie&quot;:&quot;Autres \\u00e9v\\u00e9nements&quot;,&quot;ville&quot;:&quot;Kersaint-Plabennec&quot;,&quot;code_postal&quot;:&quot;29860&quot;,&quot;name&quot;:&quot;L&#039;Atelier R\\u00e9flexo initiation en duo&quot;,&quot;latitude&quot;:&quot;48.4718900&quot;,&quot;longitude&quot;:&quot;-4.3742500&quot;},&quot;category&quot;:&quot;\\u00c9v\\u00e9nements locaux&quot;,&quot;faq&quot;:[],&quot;event&quot;:&quot;Du 13\\\/07\\\/2026 \\u00e0 09:00 au 31\\\/12\\\/2026 \\u00e0 23:59&quot;,&quot;video_url&quot;:&quot;&quot;,&quot;video_embed&quot;:null,&quot;documents&quot;:[],&quot;gallery&quot;:[]}\">\n\n                <!-- Image + badge cat\u00e9gorie -->\n                <div class=\"em-card-img-wrap\">\n                                      <div class=\"em-card-placeholder\">\ud83d\udcf7 Pas d'image<\/div>\n                                    <span class=\"em-card-badge badge-default\">\u00c9v\u00e9nements locaux<\/span>\n                <\/div>\n\n                <!-- Contenu de la card -->\n                <div class=\"em-card-body\">\n                  <h3 class=\"em-card-title\">L&#039;Atelier R\u00e9flexo initiation en duo<\/h3>\n\n                  <!-- Tags r\u00e9sum\u00e9s (max 4) -->\n                  <div class=\"em-card-tags\">\n                                                          <\/div>\n\n                  <!-- Champs suppl\u00e9mentaires (max 3) -->\n                  <div class=\"em-card-fields\">\n                                          <div class=\"em-card-field\">\n                        <span class=\"em-card-field-label\">Titre :<\/span>\n                        <span class=\"em-card-field-value\">L&#039;Atelier R\u00e9flexo initiation en duo<\/span>\n                      <\/div>\n                                          <div class=\"em-card-field\">\n                        <span class=\"em-card-field-label\">Cat\u00e9gorie :<\/span>\n                        <span class=\"em-card-field-value\">Autres \u00e9v\u00e9nements<\/span>\n                      <\/div>\n                                          <div class=\"em-card-field\">\n                        <span class=\"em-card-field-label\">Ville :<\/span>\n                        <span class=\"em-card-field-value\">Kersaint-Plabennec<\/span>\n                      <\/div>\n                                      <\/div>\n\n                  <!-- Lien vers le d\u00e9tail -->\n                  <div class=\"em-card-footer\">\n                    <span>Voir le d\u00e9tail<\/span>\n                    <svg fill=\"none\" viewBox=\"0 0 24 24\" stroke=\"currentColor\" stroke-width=\"2\">\n                      <path stroke-linecap=\"round\" stroke-linejoin=\"round\" d=\"M13.5 4.5L21 12m0 0l-7.5 7.5M21 12H3\"><\/path>\n                    <\/svg>\n                  <\/div>\n                <\/div>\n              <\/article>\n                          <article class=\"em-card\"\n                data-type=\"evenements-locaux-6\"\n                data-features=\"\"\n                data-name=\"sea, snack &amp; sun !\"\n                data-json=\"{&quot;name&quot;:&quot;Sea, snack &amp; sun !&quot;,&quot;image&quot;:&quot;&quot;,&quot;link&quot;:&quot;https:\\\/\\\/www.lecafedelancre.fr\\\/&quot;,&quot;data&quot;:{&quot;titre&quot;:&quot;Sea, snack &amp; sun !&quot;,&quot;description&quot;:&quot;Nouveau concept \\u00e0 l\\u2019Ancre pour cet \\u00e9t\\u00e9 2026 !\\n\\nSea, Snack &amp; Sun d\\u00e9barque tous les vendredis soirs au caf\\u00e9 !\\n\\nLe concept ? Chaque vendredi soir, un foodtruck ou traiteur vous r\\u00e9galera de ses mets d\\u2019ici ou d\\u2019ailleurs ! Cela vous permettra de d\\u00e9couvrir ou re d\\u00e9couvrir la cuisine locale dans le joli cadre du caf\\u00e9, au bord de l\\u2019eau ! On salive d\\u00e9j\\u00e0 ?....&quot;,&quot;categorie&quot;:&quot;Autres \\u00e9v\\u00e9nements&quot;,&quot;ville&quot;:&quot;Loperhet&quot;,&quot;code_postal&quot;:&quot;29470&quot;,&quot;name&quot;:&quot;Sea, snack &amp; sun !&quot;,&quot;latitude&quot;:&quot;48.3500854&quot;,&quot;longitude&quot;:&quot;-4.3256313&quot;,&quot;link&quot;:&quot;https:\\\/\\\/www.lecafedelancre.fr\\\/&quot;},&quot;category&quot;:&quot;\\u00c9v\\u00e9nements locaux&quot;,&quot;faq&quot;:[],&quot;event&quot;:&quot;Du 28\\\/08\\\/2026 \\u00e0 18:30 au 28\\\/08\\\/2026 \\u00e0 23:59&quot;,&quot;video_url&quot;:&quot;&quot;,&quot;video_embed&quot;:null,&quot;documents&quot;:[],&quot;gallery&quot;:[]}\">\n\n                <!-- Image + badge cat\u00e9gorie -->\n                <div class=\"em-card-img-wrap\">\n                                      <div class=\"em-card-placeholder\">\ud83d\udcf7 Pas d'image<\/div>\n                                    <span class=\"em-card-badge badge-default\">\u00c9v\u00e9nements locaux<\/span>\n                <\/div>\n\n                <!-- Contenu de la card -->\n                <div class=\"em-card-body\">\n                  <h3 class=\"em-card-title\">Sea, snack &amp; sun !<\/h3>\n\n                  <!-- Tags r\u00e9sum\u00e9s (max 4) -->\n                  <div class=\"em-card-tags\">\n                                                          <\/div>\n\n                  <!-- Champs suppl\u00e9mentaires (max 3) -->\n                  <div class=\"em-card-fields\">\n                                          <div class=\"em-card-field\">\n                        <span class=\"em-card-field-label\">Titre :<\/span>\n                        <span class=\"em-card-field-value\">Sea, snack &amp; sun !<\/span>\n                      <\/div>\n                                          <div class=\"em-card-field\">\n                        <span class=\"em-card-field-label\">Cat\u00e9gorie :<\/span>\n                        <span class=\"em-card-field-value\">Autres \u00e9v\u00e9nements<\/span>\n                      <\/div>\n                                          <div class=\"em-card-field\">\n                        <span class=\"em-card-field-label\">Ville :<\/span>\n                        <span class=\"em-card-field-value\">Loperhet<\/span>\n                      <\/div>\n                                      <\/div>\n\n                  <!-- Lien vers le d\u00e9tail -->\n                  <div class=\"em-card-footer\">\n                    <span>Voir le d\u00e9tail<\/span>\n                    <svg fill=\"none\" viewBox=\"0 0 24 24\" stroke=\"currentColor\" stroke-width=\"2\">\n                      <path stroke-linecap=\"round\" stroke-linejoin=\"round\" d=\"M13.5 4.5L21 12m0 0l-7.5 7.5M21 12H3\"><\/path>\n                    <\/svg>\n                  <\/div>\n                <\/div>\n              <\/article>\n                          <article class=\"em-card\"\n                data-type=\"evenements-locaux-6\"\n                data-features=\"\"\n                data-name=\"balade comment\u00e9e - fort de la fraternit\u00e9 \u00e0 roscanvel\"\n                data-json=\"{&quot;name&quot;:&quot;Balade comment\\u00e9e - Fort de la Fraternit\\u00e9 \\u00e0 Roscanvel&quot;,&quot;image&quot;:&quot;&quot;,&quot;link&quot;:&quot;&quot;,&quot;data&quot;:{&quot;titre&quot;:&quot;Balade comment\\u00e9e - Fort de la Fraternit\\u00e9 \\u00e0 Roscanvel&quot;,&quot;description&quot;:&quot;D\\u00e9couvrez le Fort de la Fraternit\\u00e9 \\u00e0 Roscanvel, un site historique embl\\u00e9matique situ\\u00e9 \\u00e0 l\\u2019entr\\u00e9e de la rade de Brest. Ce fort fait partie d\\u2019un ensemble de fortifications con\\u00e7ues pour prot\\u00e9ger la rade et t\\u00e9moigne d\\u2019un riche pass\\u00e9 militaire.\\n\\nEn explorant les alentours du fort, vous serez impressionn\\u00e9s par son architecture imposante et ses vues spectaculaires sur la mer et les paysages c\\u00f4tiers. Le Fort de la Fraternit\\u00e9 offre une plong\\u00e9e fascinante dans l\\u2019histoire maritime et d\\u00e9fensive de la Bretagne.\\n\\nCe lieu est une destination id\\u00e9ale pour les amateurs d\\u2019histoire et de paysages marins, alliant patrimoine militaire, nature et panoramas \\u00e0 couper le souffle.\\n\\nInfos pratiques :\\n\\n    juillet \\u2013 ao\\u00fbt : les mercredis \\u00e0 10h30\\n    3\\u20ac : adulte | Gratuit : -18 ans\\n\\n    R\\u00e9servation obligatoire dans les Offices de Tourisme\\n    dur\\u00e9e : 1h30\\n    Pr\\u00e9voir chaussures de marche\\n    RDV : parking du fort de la fraternit\\u00e9 \\u2013 ROSCANVEL\\n\\nVisite assur\\u00e9e par l\\u2019Office de Tourisme.&quot;,&quot;categorie&quot;:&quot;Autres \\u00e9v\\u00e9nements&quot;,&quot;ville&quot;:&quot;Roscanvel&quot;,&quot;code_postal&quot;:&quot;29570&quot;,&quot;name&quot;:&quot;Balade comment\\u00e9e - Fort de la Fraternit\\u00e9 \\u00e0 Roscanvel&quot;,&quot;latitude&quot;:&quot;48.3058900&quot;,&quot;longitude&quot;:&quot;-4.5652800&quot;},&quot;category&quot;:&quot;\\u00c9v\\u00e9nements locaux&quot;,&quot;faq&quot;:[],&quot;event&quot;:&quot;Du 26\\\/08\\\/2026 \\u00e0 10:30 au 26\\\/08\\\/2026 \\u00e0 23:59&quot;,&quot;video_url&quot;:&quot;&quot;,&quot;video_embed&quot;:null,&quot;documents&quot;:[],&quot;gallery&quot;:[]}\">\n\n                <!-- Image + badge cat\u00e9gorie -->\n                <div class=\"em-card-img-wrap\">\n                                      <div class=\"em-card-placeholder\">\ud83d\udcf7 Pas d'image<\/div>\n                                    <span class=\"em-card-badge badge-default\">\u00c9v\u00e9nements locaux<\/span>\n                <\/div>\n\n                <!-- Contenu de la card -->\n                <div class=\"em-card-body\">\n                  <h3 class=\"em-card-title\">Balade comment\u00e9e - Fort de la Fraternit\u00e9 \u00e0 Roscanvel<\/h3>\n\n                  <!-- Tags r\u00e9sum\u00e9s (max 4) -->\n                  <div class=\"em-card-tags\">\n                                                          <\/div>\n\n                  <!-- Champs suppl\u00e9mentaires (max 3) -->\n                  <div class=\"em-card-fields\">\n                                          <div class=\"em-card-field\">\n                        <span class=\"em-card-field-label\">Titre :<\/span>\n                        <span class=\"em-card-field-value\">Balade comment\u00e9e - Fort de la Fraternit\u00e9 \u00e0 Roscanvel<\/span>\n                      <\/div>\n                                          <div class=\"em-card-field\">\n                        <span class=\"em-card-field-label\">Cat\u00e9gorie :<\/span>\n                        <span class=\"em-card-field-value\">Autres \u00e9v\u00e9nements<\/span>\n                      <\/div>\n                                          <div class=\"em-card-field\">\n                        <span class=\"em-card-field-label\">Ville :<\/span>\n                        <span class=\"em-card-field-value\">Roscanvel<\/span>\n                      <\/div>\n                                      <\/div>\n\n                  <!-- Lien vers le d\u00e9tail -->\n                  <div class=\"em-card-footer\">\n                    <span>Voir le d\u00e9tail<\/span>\n                    <svg fill=\"none\" viewBox=\"0 0 24 24\" stroke=\"currentColor\" stroke-width=\"2\">\n                      <path stroke-linecap=\"round\" stroke-linejoin=\"round\" d=\"M13.5 4.5L21 12m0 0l-7.5 7.5M21 12H3\"><\/path>\n                    <\/svg>\n                  <\/div>\n                <\/div>\n              <\/article>\n                          <article class=\"em-card\"\n                data-type=\"evenements-locaux-6\"\n                data-features=\"\"\n                data-name=\"feel good festival\"\n                data-json=\"{&quot;name&quot;:&quot;Feel Good Festival&quot;,&quot;image&quot;:&quot;&quot;,&quot;link&quot;:&quot;&quot;,&quot;data&quot;:{&quot;titre&quot;:&quot;Feel Good Festival&quot;,&quot;description&quot;:&quot;Le Feel Good Festival est un \\u00e9v\\u00e8nement familial organis\\u00e9 par des artisans et commer\\u00e7ants de la presqu&#039;\\u00eele de Crozon. Le but ? dynamiser et cr\\u00e9er un dernier \\u00e9v\\u00e8nement avant la fin des vacances d&#039;\\u00e9t\\u00e9. Au cours de cette journ\\u00e9e, de nombreuses animations auront lieu : DJ Set, tournoi de palet, cours de yoga et pil\\u00e2tes, massages, atelier de feutrage, concert et cabaret. \\nl&#039;entr\\u00e9e est gratuite et sur place, vous pourrez vous restaurer avec le food truck beurre ta cr\\u00eape ainsi qu&#039;\\u00e0 la buvette tenue par l&#039;association Show Devant. Le petit plus : un kid&#039;s club sera mis en place pour pouvoir profiter au maximum de chaque stands. \\nH\\u00e2te de partager ce moment avec vous !&quot;,&quot;categorie&quot;:&quot;En famille&quot;,&quot;ville&quot;:&quot;Crozon&quot;,&quot;code_postal&quot;:&quot;29160&quot;,&quot;name&quot;:&quot;Feel Good Festival&quot;,&quot;latitude&quot;:&quot;48.2455403&quot;,&quot;longitude&quot;:&quot;-4.4891571&quot;},&quot;category&quot;:&quot;\\u00c9v\\u00e9nements locaux&quot;,&quot;faq&quot;:[],&quot;event&quot;:&quot;Du 30\\\/08\\\/2026 \\u00e0 10:00 au 30\\\/08\\\/2026 \\u00e0 23:59&quot;,&quot;video_url&quot;:&quot;&quot;,&quot;video_embed&quot;:null,&quot;documents&quot;:[],&quot;gallery&quot;:[]}\">\n\n                <!-- Image + badge cat\u00e9gorie -->\n                <div class=\"em-card-img-wrap\">\n                                      <div class=\"em-card-placeholder\">\ud83d\udcf7 Pas d'image<\/div>\n                                    <span class=\"em-card-badge badge-default\">\u00c9v\u00e9nements locaux<\/span>\n                <\/div>\n\n                <!-- Contenu de la card -->\n                <div class=\"em-card-body\">\n                  <h3 class=\"em-card-title\">Feel Good Festival<\/h3>\n\n                  <!-- Tags r\u00e9sum\u00e9s (max 4) -->\n                  <div class=\"em-card-tags\">\n                                                          <\/div>\n\n                  <!-- Champs suppl\u00e9mentaires (max 3) -->\n                  <div class=\"em-card-fields\">\n                                          <div class=\"em-card-field\">\n                        <span class=\"em-card-field-label\">Titre :<\/span>\n                        <span class=\"em-card-field-value\">Feel Good Festival<\/span>\n                      <\/div>\n                                          <div class=\"em-card-field\">\n                        <span class=\"em-card-field-label\">Cat\u00e9gorie :<\/span>\n                        <span class=\"em-card-field-value\">En famille<\/span>\n                      <\/div>\n                                          <div class=\"em-card-field\">\n                        <span class=\"em-card-field-label\">Ville :<\/span>\n                        <span class=\"em-card-field-value\">Crozon<\/span>\n                      <\/div>\n                                      <\/div>\n\n                  <!-- Lien vers le d\u00e9tail -->\n                  <div class=\"em-card-footer\">\n                    <span>Voir le d\u00e9tail<\/span>\n                    <svg fill=\"none\" viewBox=\"0 0 24 24\" stroke=\"currentColor\" stroke-width=\"2\">\n                      <path stroke-linecap=\"round\" stroke-linejoin=\"round\" d=\"M13.5 4.5L21 12m0 0l-7.5 7.5M21 12H3\"><\/path>\n                    <\/svg>\n                  <\/div>\n                <\/div>\n              <\/article>\n                          <article class=\"em-card\"\n                data-type=\"evenements-locaux-6\"\n                data-features=\"\"\n                data-name=\"plan \u00e0 3\"\n                data-json=\"{&quot;name&quot;:&quot;Plan \\u00e0 3&quot;,&quot;image&quot;:&quot;&quot;,&quot;link&quot;:&quot;http:\\\/\\\/www.comediedufinistere.fr\\\/&quot;,&quot;data&quot;:{&quot;titre&quot;:&quot;Plan \\u00e0 3&quot;,&quot;description&quot;:&quot;Un spectacle o\\u00f9 ces 3 com\\u00e9diens n&#039;h\\u00e9siteront pas \\u00e0 vous embarquer dans leur d\\u00e9lire au sens propre du terme...\\n\\nPierre-Antoine et Camille, couple amoureux de trentenaires, cherchent \\u00e0 donner un second souffle \\u00e0 leur routine sexuelle et \\u00e0 rebooster leur libido.\\n\\nComme beaucoup de personnes (toi aussi qui est en train de lire, fais pas genre !) ils vont vouloir exp\\u00e9rimenter le plan \\u00e0 3.\\n\\nD\\u00e9barque alors Gwen, une libertine compl\\u00e8tement d\\u00e9jant\\u00e9e .\\n\\n Informations pratiques :\\n\\nDur\\u00e9e 1h15\\nTout public\\nSalle accessible aux PMR\\nPlacement libre, par ordre d&#039;arriv\\u00e9e\\nAcc\\u00e8s \\u00e0 la salle possible avec contr\\u00f4le billet 30 minutes avant le d\\u00e9but de la repr\\u00e9sentation\\nL&#039;horaire indiqu\\u00e9 correspond \\u00e0 l&#039;heure de d\\u00e9but du spectacle. Toute personne se pr\\u00e9sentant apr\\u00e8s cet horaire, m\\u00eame en possession d&#039;un billet, pourra se voir refuser l&#039;acc\\u00e8s \\u00e0 la salle.&quot;,&quot;categorie&quot;:&quot;Spectacles &amp; cin\\u00e9ma&quot;,&quot;ville&quot;:&quot;Brest&quot;,&quot;code_postal&quot;:&quot;29200&quot;,&quot;name&quot;:&quot;Plan \\u00e0 3&quot;,&quot;latitude&quot;:&quot;48.3890223&quot;,&quot;longitude&quot;:&quot;-4.4983387&quot;,&quot;link&quot;:&quot;http:\\\/\\\/www.comediedufinistere.fr\\\/&quot;},&quot;category&quot;:&quot;\\u00c9v\\u00e9nements locaux&quot;,&quot;faq&quot;:[],&quot;event&quot;:&quot;Du 10\\\/09\\\/2026 \\u00e0 20:00 au 10\\\/09\\\/2026 \\u00e0 23:59&quot;,&quot;video_url&quot;:&quot;&quot;,&quot;video_embed&quot;:null,&quot;documents&quot;:[],&quot;gallery&quot;:[]}\">\n\n                <!-- Image + badge cat\u00e9gorie -->\n                <div class=\"em-card-img-wrap\">\n                                      <div class=\"em-card-placeholder\">\ud83d\udcf7 Pas d'image<\/div>\n                                    <span class=\"em-card-badge badge-default\">\u00c9v\u00e9nements locaux<\/span>\n                <\/div>\n\n                <!-- Contenu de la card -->\n                <div class=\"em-card-body\">\n                  <h3 class=\"em-card-title\">Plan \u00e0 3<\/h3>\n\n                  <!-- Tags r\u00e9sum\u00e9s (max 4) -->\n                  <div class=\"em-card-tags\">\n                                                          <\/div>\n\n                  <!-- Champs suppl\u00e9mentaires (max 3) -->\n                  <div class=\"em-card-fields\">\n                                          <div class=\"em-card-field\">\n                        <span class=\"em-card-field-label\">Titre :<\/span>\n                        <span class=\"em-card-field-value\">Plan \u00e0 3<\/span>\n                      <\/div>\n                                          <div class=\"em-card-field\">\n                        <span class=\"em-card-field-label\">Cat\u00e9gorie :<\/span>\n                        <span class=\"em-card-field-value\">Spectacles &amp; cin\u00e9ma<\/span>\n                      <\/div>\n                                          <div class=\"em-card-field\">\n                        <span class=\"em-card-field-label\">Ville :<\/span>\n                        <span class=\"em-card-field-value\">Brest<\/span>\n                      <\/div>\n                                      <\/div>\n\n                  <!-- Lien vers le d\u00e9tail -->\n                  <div class=\"em-card-footer\">\n                    <span>Voir le d\u00e9tail<\/span>\n                    <svg fill=\"none\" viewBox=\"0 0 24 24\" stroke=\"currentColor\" stroke-width=\"2\">\n                      <path stroke-linecap=\"round\" stroke-linejoin=\"round\" d=\"M13.5 4.5L21 12m0 0l-7.5 7.5M21 12H3\"><\/path>\n                    <\/svg>\n                  <\/div>\n                <\/div>\n              <\/article>\n                          <article class=\"em-card\"\n                data-type=\"evenements-locaux-6\"\n                data-features=\"\"\n                data-name=\"visite guid\u00e9e \u00ab\u00a0les rendez-vous de la pointe\u00a0\u00bb\"\n                data-json=\"{&quot;name&quot;:&quot;Visite guid\\u00e9e \\u00ab\\u00a0Les rendez-vous de la Pointe\\u00a0\\u00bb&quot;,&quot;image&quot;:&quot;&quot;,&quot;link&quot;:&quot;https:\\\/\\\/www.toutcommenceenfinistere.com\\\/pointe-du-raz\\\/preparer-sa-visite\\\/&quot;,&quot;data&quot;:{&quot;titre&quot;:&quot;Visite guid\\u00e9e \\u00ab\\u00a0Les rendez-vous de la Pointe\\u00a0\\u00bb&quot;,&quot;description&quot;:&quot;Comprendre un paysage d\\u2019exception, en famille.\\n\\nCette visite guid\\u00e9e invite petits et grands \\u00e0 d\\u00e9couvrir les paysages spectaculaires de la Pointe du Raz et \\u00e0 comprendre ce qui fait la singularit\\u00e9 de ce site embl\\u00e9matique du Finist\\u00e8re. Au fil du parcours, le guide d\\u00e9crypte la formation des falaises, l\\u2019influence des vents et des courants, ainsi que l\\u2019histoire humaine intimement li\\u00e9e \\u00e0 ce bout du monde. Anecdotes, observations et \\u00e9changes rythment la visite, pens\\u00e9e pour \\u00eatre accessible et ludique. Une formule id\\u00e9ale pour une premi\\u00e8re approche du site, \\u00e0 partager en famille, entre terre et mer.\\n\\nD\\u00e9part du s\\u00e9maphore (\\u00e0 800 m du parking) - Dur\\u00e9e 1h&quot;,&quot;categorie&quot;:&quot;Sport &amp; randonn\\u00e9e&quot;,&quot;ville&quot;:&quot;Plogoff&quot;,&quot;code_postal&quot;:&quot;29770&quot;,&quot;name&quot;:&quot;Visite guid\\u00e9e \\u00ab\\u00a0Les rendez-vous de la Pointe\\u00a0\\u00bb&quot;,&quot;latitude&quot;:&quot;48.0408590&quot;,&quot;longitude&quot;:&quot;-4.6709770&quot;,&quot;link&quot;:&quot;https:\\\/\\\/www.toutcommenceenfinistere.com\\\/pointe-du-raz\\\/preparer-sa-visite\\\/&quot;},&quot;category&quot;:&quot;\\u00c9v\\u00e9nements locaux&quot;,&quot;faq&quot;:[],&quot;event&quot;:&quot;Du 10\\\/09\\\/2026 \\u00e0 14:00 au 10\\\/09\\\/2026 \\u00e0 23:59&quot;,&quot;video_url&quot;:&quot;&quot;,&quot;video_embed&quot;:null,&quot;documents&quot;:[],&quot;gallery&quot;:[]}\">\n\n                <!-- Image + badge cat\u00e9gorie -->\n                <div class=\"em-card-img-wrap\">\n                                      <div class=\"em-card-placeholder\">\ud83d\udcf7 Pas d'image<\/div>\n                                    <span class=\"em-card-badge badge-default\">\u00c9v\u00e9nements locaux<\/span>\n                <\/div>\n\n                <!-- Contenu de la card -->\n                <div class=\"em-card-body\">\n                  <h3 class=\"em-card-title\">Visite guid\u00e9e \u00ab\u00a0Les rendez-vous de la Pointe\u00a0\u00bb<\/h3>\n\n                  <!-- Tags r\u00e9sum\u00e9s (max 4) -->\n                  <div class=\"em-card-tags\">\n                                                          <\/div>\n\n                  <!-- Champs suppl\u00e9mentaires (max 3) -->\n                  <div class=\"em-card-fields\">\n                                          <div class=\"em-card-field\">\n                        <span class=\"em-card-field-label\">Titre :<\/span>\n                        <span class=\"em-card-field-value\">Visite guid\u00e9e \u00ab\u00a0Les rendez-vous de la Pointe\u00a0\u00bb<\/span>\n                      <\/div>\n                                          <div class=\"em-card-field\">\n                        <span class=\"em-card-field-label\">Cat\u00e9gorie :<\/span>\n                        <span class=\"em-card-field-value\">Sport &amp; randonn\u00e9e<\/span>\n                      <\/div>\n                                          <div class=\"em-card-field\">\n                        <span class=\"em-card-field-label\">Ville :<\/span>\n                        <span class=\"em-card-field-value\">Plogoff<\/span>\n                      <\/div>\n                                      <\/div>\n\n                  <!-- Lien vers le d\u00e9tail -->\n                  <div class=\"em-card-footer\">\n                    <span>Voir le d\u00e9tail<\/span>\n                    <svg fill=\"none\" viewBox=\"0 0 24 24\" stroke=\"currentColor\" stroke-width=\"2\">\n                      <path stroke-linecap=\"round\" stroke-linejoin=\"round\" d=\"M13.5 4.5L21 12m0 0l-7.5 7.5M21 12H3\"><\/path>\n                    <\/svg>\n                  <\/div>\n                <\/div>\n              <\/article>\n                          <article class=\"em-card\"\n                data-type=\"evenements-locaux-6\"\n                data-features=\"\"\n                data-name=\"aquagym en mer - ocean by fab\"\n                data-json=\"{&quot;name&quot;:&quot;Aquagym en mer - Ocean by Fab&quot;,&quot;image&quot;:&quot;&quot;,&quot;link&quot;:&quot;http:\\\/\\\/www.oceanbyfab.com\\\/&quot;,&quot;data&quot;:{&quot;titre&quot;:&quot;Aquagym en mer - Ocean by Fab&quot;,&quot;description&quot;:&quot;Aquagym en mer : s\\u00e9ance d&#039;aquagym en mer, travail de tout le corps dans son ensemble, travail des appuis aquatiques, renforcement musculaire, gainage, \\u00e9quilibre, cardio. Postures, respiration.  Travail en pleine eau.\\nCombinaisons pr\\u00eat\\u00e9es. \\n\\nLes lundis et mercredis en juin :\\n01\\\/06 \\u00e0 5h45\\n22\\\/06 \\u00e0 8h30\\n29\\\/06 \\u00e0 14h\\n\\nEn juillet : \\n06\\\/07 : \\u00e0 confirmer\\n08\\\/07 \\u00e0 9h et \\u00e0 11h\\n10\\\/07 \\u00e0 11h30 et \\u00e0 14h30\\n15\\\/07 \\u00e0 15h30 et \\u00e0 18h\\n17\\\/07 \\u00e0 6h (lev\\u00e9 du soleil) et \\u00e0 9h30\\n22\\\/07 \\u00e0 9h et \\u00e0 11h\\n24\\\/07 \\u00e0 12h et \\u00e0 14h30\\n29\\\/07 \\u00e0 14h et \\u00e0 16h\\n31\\\/07 \\u00e0 6h15 (lev\\u00e9 du soleil) et \\u00e0 16h\\n\\nEn ao\\u00fbt :\\n05\\\/08 \\u00e0 9h et \\u00e0 18h30\\n07\\\/08 \\u00e0 11h30 et \\u00e0 14h\\n12\\\/08 \\u00e0 6h30 (lev\\u00e9 du soleil) et \\u00e0 14h\\n14\\\/08 \\u00e0 15h30 et \\u00e0 17h30\\n19\\\/08 \\u00e0 11h et \\u00e0 18h30\\n21\\\/08 \\u00e0 11h et  \\u00e0 13h&quot;,&quot;categorie&quot;:&quot;Autres \\u00e9v\\u00e9nements&quot;,&quot;ville&quot;:&quot;Audierne&quot;,&quot;code_postal&quot;:&quot;29770&quot;,&quot;name&quot;:&quot;Aquagym en mer - Ocean by Fab&quot;,&quot;latitude&quot;:&quot;48.0088512&quot;,&quot;longitude&quot;:&quot;-4.5560520&quot;,&quot;link&quot;:&quot;http:\\\/\\\/www.oceanbyfab.com\\\/&quot;},&quot;category&quot;:&quot;\\u00c9v\\u00e9nements locaux&quot;,&quot;faq&quot;:[],&quot;event&quot;:&quot;Du 01\\\/05\\\/2026 au 31\\\/08\\\/2026 \\u00e0 23:59&quot;,&quot;video_url&quot;:&quot;&quot;,&quot;video_embed&quot;:null,&quot;documents&quot;:[],&quot;gallery&quot;:[]}\">\n\n                <!-- Image + badge cat\u00e9gorie -->\n                <div class=\"em-card-img-wrap\">\n                                      <div class=\"em-card-placeholder\">\ud83d\udcf7 Pas d'image<\/div>\n                                    <span class=\"em-card-badge badge-default\">\u00c9v\u00e9nements locaux<\/span>\n                <\/div>\n\n                <!-- Contenu de la card -->\n                <div class=\"em-card-body\">\n                  <h3 class=\"em-card-title\">Aquagym en mer - Ocean by Fab<\/h3>\n\n                  <!-- Tags r\u00e9sum\u00e9s (max 4) -->\n                  <div class=\"em-card-tags\">\n                                                          <\/div>\n\n                  <!-- Champs suppl\u00e9mentaires (max 3) -->\n                  <div class=\"em-card-fields\">\n                                          <div class=\"em-card-field\">\n                        <span class=\"em-card-field-label\">Titre :<\/span>\n                        <span class=\"em-card-field-value\">Aquagym en mer - Ocean by Fab<\/span>\n                      <\/div>\n                                          <div class=\"em-card-field\">\n                        <span class=\"em-card-field-label\">Cat\u00e9gorie :<\/span>\n                        <span class=\"em-card-field-value\">Autres \u00e9v\u00e9nements<\/span>\n                      <\/div>\n                                          <div class=\"em-card-field\">\n                        <span class=\"em-card-field-label\">Ville :<\/span>\n                        <span class=\"em-card-field-value\">Audierne<\/span>\n                      <\/div>\n                                      <\/div>\n\n                  <!-- Lien vers le d\u00e9tail -->\n                  <div class=\"em-card-footer\">\n                    <span>Voir le d\u00e9tail<\/span>\n                    <svg fill=\"none\" viewBox=\"0 0 24 24\" stroke=\"currentColor\" stroke-width=\"2\">\n                      <path stroke-linecap=\"round\" stroke-linejoin=\"round\" d=\"M13.5 4.5L21 12m0 0l-7.5 7.5M21 12H3\"><\/path>\n                    <\/svg>\n                  <\/div>\n                <\/div>\n              <\/article>\n                          <article class=\"em-card\"\n                data-type=\"evenements-locaux-6\"\n                data-features=\"\"\n                data-name=\"march\u00e9 d&#039;argol\"\n                data-json=\"{&quot;name&quot;:&quot;March\\u00e9 d&#039;Argol&quot;,&quot;image&quot;:&quot;&quot;,&quot;link&quot;:&quot;&quot;,&quot;data&quot;:{&quot;titre&quot;:&quot;March\\u00e9 d&#039;Argol&quot;,&quot;description&quot;:&quot;Pr\\u00e9sence de marchands ambulants de 9h00 \\u00e0 12h00&quot;,&quot;categorie&quot;:&quot;March\\u00e9s &amp; foires&quot;,&quot;ville&quot;:&quot;Argol&quot;,&quot;code_postal&quot;:&quot;29560&quot;,&quot;name&quot;:&quot;March\\u00e9 d&#039;Argol&quot;,&quot;latitude&quot;:&quot;48.2453000&quot;,&quot;longitude&quot;:&quot;-4.3164100&quot;},&quot;category&quot;:&quot;\\u00c9v\\u00e9nements locaux&quot;,&quot;faq&quot;:[],&quot;event&quot;:&quot;Du 10\\\/09\\\/2026 au 10\\\/09\\\/2026 \\u00e0 23:59&quot;,&quot;video_url&quot;:&quot;&quot;,&quot;video_embed&quot;:null,&quot;documents&quot;:[],&quot;gallery&quot;:[]}\">\n\n                <!-- Image + badge cat\u00e9gorie -->\n                <div class=\"em-card-img-wrap\">\n                                      <div class=\"em-card-placeholder\">\ud83d\udcf7 Pas d'image<\/div>\n                                    <span class=\"em-card-badge badge-default\">\u00c9v\u00e9nements locaux<\/span>\n                <\/div>\n\n                <!-- Contenu de la card -->\n                <div class=\"em-card-body\">\n                  <h3 class=\"em-card-title\">March\u00e9 d&#039;Argol<\/h3>\n\n                  <!-- Tags r\u00e9sum\u00e9s (max 4) -->\n                  <div class=\"em-card-tags\">\n                                                          <\/div>\n\n                  <!-- Champs suppl\u00e9mentaires (max 3) -->\n                  <div class=\"em-card-fields\">\n                                          <div class=\"em-card-field\">\n                        <span class=\"em-card-field-label\">Titre :<\/span>\n                        <span class=\"em-card-field-value\">March\u00e9 d&#039;Argol<\/span>\n                      <\/div>\n                                          <div class=\"em-card-field\">\n                        <span class=\"em-card-field-label\">Cat\u00e9gorie :<\/span>\n                        <span class=\"em-card-field-value\">March\u00e9s &amp; foires<\/span>\n                      <\/div>\n                                          <div class=\"em-card-field\">\n                        <span class=\"em-card-field-label\">Ville :<\/span>\n                        <span class=\"em-card-field-value\">Argol<\/span>\n                      <\/div>\n                                      <\/div>\n\n                  <!-- Lien vers le d\u00e9tail -->\n                  <div class=\"em-card-footer\">\n                    <span>Voir le d\u00e9tail<\/span>\n                    <svg fill=\"none\" viewBox=\"0 0 24 24\" stroke=\"currentColor\" stroke-width=\"2\">\n                      <path stroke-linecap=\"round\" stroke-linejoin=\"round\" d=\"M13.5 4.5L21 12m0 0l-7.5 7.5M21 12H3\"><\/path>\n                    <\/svg>\n                  <\/div>\n                <\/div>\n              <\/article>\n                          <article class=\"em-card\"\n                data-type=\"evenements-locaux-6\"\n                data-features=\"\"\n                data-name=\"cours de poterie - modelage et tournage\"\n                data-json=\"{&quot;name&quot;:&quot;Cours de Poterie - Modelage et tournage&quot;,&quot;image&quot;:&quot;&quot;,&quot;link&quot;:&quot;https:\\\/\\\/www.instagram.com\\\/umi.studio&quot;,&quot;data&quot;:{&quot;titre&quot;:&quot;Cours de Poterie - Modelage et tournage&quot;,&quot;description&quot;:&quot;Envie de mettre les mains dans la terre et de laisser parler votre cr\\u00e9ativit\\u00e9 ?\\n\\nJe vous propose de venir d\\u00e9couvrir la poterie lors d\\u2019un cours convivial, dans un atelier baign\\u00e9 de lumi\\u00e8re, \\u00e0 50 m\\u00e8tres de la plage Saint-Julien.\\n\\nQue vous soyez d\\u00e9butant\\u00b7e ou d\\u00e9j\\u00e0 initi\\u00e9\\u00b7e, c\\u2019est un moment pour ralentir, exp\\u00e9rimenter, et cr\\u00e9er \\u00e0 votre rythme, dans une ambiance d\\u00e9tendue.\\n\\nAu plaisir de vous accueillir et de partager ce moment avec vous !\\n\\nTous les jeudis jusqu\\u2019au 10 septembre 2026, de 18h \\u00e0 20h. \\nIl est possible de r\\u00e9server un atelier sur un autre cr\\u00e9neau (week-end compris), minimum 3 participant.e.s.\\nInscription par sms : 06.40.41.92.91 ou par email : umistudiocontact@gmail.com\\nTarif : 35\\u20ac. Vous r\\u00e9cup\\u00e9rez toutes vos cr\\u00e9ations cuites.\\nPour un envoi postal de celles-ci, comptez 6\\u20ac de frais de port.\\n\\nLes enfants de moins de 7 ans sont les bienvenus accompagn\\u00e9s de leurs parents. Pour eux\\\/elles l&#039;atelier est \\u00e0 25\\u20ac\\n\\nPlus d&#039;infos sur mon site web : https:\\\/\\\/www.umistudio.fr\\\/cours\\n\\nA bient\\u00f4t !&quot;,&quot;categorie&quot;:&quot;Autres \\u00e9v\\u00e9nements&quot;,&quot;ville&quot;:&quot;Plouhinec&quot;,&quot;code_postal&quot;:&quot;29780&quot;,&quot;name&quot;:&quot;Cours de Poterie - Modelage et tournage&quot;,&quot;latitude&quot;:&quot;48.0176766&quot;,&quot;longitude&quot;:&quot;-4.5304275&quot;,&quot;link&quot;:&quot;https:\\\/\\\/www.instagram.com\\\/umi.studio&quot;},&quot;category&quot;:&quot;\\u00c9v\\u00e9nements locaux&quot;,&quot;faq&quot;:[],&quot;event&quot;:&quot;Du 10\\\/09\\\/2026 \\u00e0 18:00 au 10\\\/09\\\/2026 \\u00e0 23:59&quot;,&quot;video_url&quot;:&quot;&quot;,&quot;video_embed&quot;:null,&quot;documents&quot;:[],&quot;gallery&quot;:[]}\">\n\n                <!-- Image + badge cat\u00e9gorie -->\n                <div class=\"em-card-img-wrap\">\n                                      <div class=\"em-card-placeholder\">\ud83d\udcf7 Pas d'image<\/div>\n                                    <span class=\"em-card-badge badge-default\">\u00c9v\u00e9nements locaux<\/span>\n                <\/div>\n\n                <!-- Contenu de la card -->\n                <div class=\"em-card-body\">\n                  <h3 class=\"em-card-title\">Cours de Poterie - Modelage et tournage<\/h3>\n\n                  <!-- Tags r\u00e9sum\u00e9s (max 4) -->\n                  <div class=\"em-card-tags\">\n                                                          <\/div>\n\n                  <!-- Champs suppl\u00e9mentaires (max 3) -->\n                  <div class=\"em-card-fields\">\n                                          <div class=\"em-card-field\">\n                        <span class=\"em-card-field-label\">Titre :<\/span>\n                        <span class=\"em-card-field-value\">Cours de Poterie - Modelage et tournage<\/span>\n                      <\/div>\n                                          <div class=\"em-card-field\">\n                        <span class=\"em-card-field-label\">Cat\u00e9gorie :<\/span>\n                        <span class=\"em-card-field-value\">Autres \u00e9v\u00e9nements<\/span>\n                      <\/div>\n                                          <div class=\"em-card-field\">\n                        <span class=\"em-card-field-label\">Ville :<\/span>\n                        <span class=\"em-card-field-value\">Plouhinec<\/span>\n                      <\/div>\n                                      <\/div>\n\n                  <!-- Lien vers le d\u00e9tail -->\n                  <div class=\"em-card-footer\">\n                    <span>Voir le d\u00e9tail<\/span>\n                    <svg fill=\"none\" viewBox=\"0 0 24 24\" stroke=\"currentColor\" stroke-width=\"2\">\n                      <path stroke-linecap=\"round\" stroke-linejoin=\"round\" d=\"M13.5 4.5L21 12m0 0l-7.5 7.5M21 12H3\"><\/path>\n                    <\/svg>\n                  <\/div>\n                <\/div>\n              <\/article>\n                          <article class=\"em-card\"\n                data-type=\"evenements-locaux-6\"\n                data-features=\"\"\n                data-name=\"visite guid\u00e9e - rando \u00e0 la pointe du raz\"\n                data-json=\"{&quot;name&quot;:&quot;Visite guid\\u00e9e - Rando \\u00e0 la Pointe du Raz&quot;,&quot;image&quot;:&quot;&quot;,&quot;link&quot;:&quot;https:\\\/\\\/www.toutcommenceenfinistere.com\\\/pointe-du-raz\\\/preparer-sa-visite\\\/&quot;,&quot;data&quot;:{&quot;titre&quot;:&quot;Visite guid\\u00e9e - Rando \\u00e0 la Pointe du Raz&quot;,&quot;description&quot;:&quot;Une aventure pour marcheurs confirm\\u00e9s !\\n\\nCette randonn\\u00e9e propose d\\u2019acc\\u00e9der \\u00e0 la Pointe du Raz par des sentiers moins connus et plus sauvages. Au fil du parcours, la puissance des \\u00e9l\\u00e9ments marins se fait ressentir, tandis que le guide d\\u00e9voile les richesses naturelles du site : faune, flore, paysages et phares l\\u00e9gendaires qui veillent sur la mer d\\u2019Iroise. Une exp\\u00e9rience intense et immersive, r\\u00e9serv\\u00e9e aux marcheurs habitu\\u00e9s, pour vivre pleinement l\\u2019esprit du Grand Site de France.\\n\\nD\\u00e9part de Lescoff \\u00e0 Plogoff - Dur\\u00e9e 3h30 - 9 km \\n\\nLes jeudis \\u00e0 9h.\\n\\nSur r\\u00e9servation aupr\\u00e8s de la Maison de site ou de l&#039;Office de Tourisme du Cap-Sizun \\u00e0 Audierne.&quot;,&quot;categorie&quot;:&quot;Sport &amp; randonn\\u00e9e&quot;,&quot;ville&quot;:&quot;Plogoff&quot;,&quot;code_postal&quot;:&quot;29770&quot;,&quot;name&quot;:&quot;Visite guid\\u00e9e - Rando \\u00e0 la Pointe du Raz&quot;,&quot;latitude&quot;:&quot;48.0391130&quot;,&quot;longitude&quot;:&quot;-4.7055420&quot;,&quot;link&quot;:&quot;https:\\\/\\\/www.toutcommenceenfinistere.com\\\/pointe-du-raz\\\/preparer-sa-visite\\\/&quot;},&quot;category&quot;:&quot;\\u00c9v\\u00e9nements locaux&quot;,&quot;faq&quot;:[],&quot;event&quot;:&quot;Du 10\\\/09\\\/2026 \\u00e0 09:00 au 10\\\/09\\\/2026 \\u00e0 23:59&quot;,&quot;video_url&quot;:&quot;&quot;,&quot;video_embed&quot;:null,&quot;documents&quot;:[],&quot;gallery&quot;:[]}\">\n\n                <!-- Image + badge cat\u00e9gorie -->\n                <div class=\"em-card-img-wrap\">\n                                      <div class=\"em-card-placeholder\">\ud83d\udcf7 Pas d'image<\/div>\n                                    <span class=\"em-card-badge badge-default\">\u00c9v\u00e9nements locaux<\/span>\n                <\/div>\n\n                <!-- Contenu de la card -->\n                <div class=\"em-card-body\">\n                  <h3 class=\"em-card-title\">Visite guid\u00e9e - Rando \u00e0 la Pointe du Raz<\/h3>\n\n                  <!-- Tags r\u00e9sum\u00e9s (max 4) -->\n                  <div class=\"em-card-tags\">\n                                                          <\/div>\n\n                  <!-- Champs suppl\u00e9mentaires (max 3) -->\n                  <div class=\"em-card-fields\">\n                                          <div class=\"em-card-field\">\n                        <span class=\"em-card-field-label\">Titre :<\/span>\n                        <span class=\"em-card-field-value\">Visite guid\u00e9e - Rando \u00e0 la Pointe du Raz<\/span>\n                      <\/div>\n                                          <div class=\"em-card-field\">\n                        <span class=\"em-card-field-label\">Cat\u00e9gorie :<\/span>\n                        <span class=\"em-card-field-value\">Sport &amp; randonn\u00e9e<\/span>\n                      <\/div>\n                                          <div class=\"em-card-field\">\n                        <span class=\"em-card-field-label\">Ville :<\/span>\n                        <span class=\"em-card-field-value\">Plogoff<\/span>\n                      <\/div>\n                                      <\/div>\n\n                  <!-- Lien vers le d\u00e9tail -->\n                  <div class=\"em-card-footer\">\n                    <span>Voir le d\u00e9tail<\/span>\n                    <svg fill=\"none\" viewBox=\"0 0 24 24\" stroke=\"currentColor\" stroke-width=\"2\">\n                      <path stroke-linecap=\"round\" stroke-linejoin=\"round\" d=\"M13.5 4.5L21 12m0 0l-7.5 7.5M21 12H3\"><\/path>\n                    <\/svg>\n                  <\/div>\n                <\/div>\n              <\/article>\n                          <article class=\"em-card\"\n                data-type=\"evenements-locaux-6\"\n                data-features=\"\"\n                data-name=\"navigation d\u00e9couverte sur le langoustier cap sizun\"\n                data-json=\"{&quot;name&quot;:&quot;Navigation d\\u00e9couverte sur le langoustier Cap Sizun&quot;,&quot;image&quot;:&quot;&quot;,&quot;link&quot;:&quot;&quot;,&quot;data&quot;:{&quot;titre&quot;:&quot;Navigation d\\u00e9couverte sur le langoustier Cap Sizun&quot;,&quot;description&quot;:&quot;Tous les mercredis et samedis sauf \\u00e9v\\u00e9nement exceptionnel (heure de d\\u00e9part en fonction des mar\\u00e9es).&quot;,&quot;categorie&quot;:&quot;Autres \\u00e9v\\u00e9nements&quot;,&quot;ville&quot;:&quot;Audierne&quot;,&quot;code_postal&quot;:&quot;29770&quot;,&quot;name&quot;:&quot;Navigation d\\u00e9couverte sur le langoustier Cap Sizun&quot;,&quot;latitude&quot;:&quot;48.0203459&quot;,&quot;longitude&quot;:&quot;-4.5362191&quot;},&quot;category&quot;:&quot;\\u00c9v\\u00e9nements locaux&quot;,&quot;faq&quot;:[],&quot;event&quot;:&quot;Du 01\\\/05\\\/2026 au 31\\\/10\\\/2027 \\u00e0 23:59&quot;,&quot;video_url&quot;:&quot;&quot;,&quot;video_embed&quot;:null,&quot;documents&quot;:[],&quot;gallery&quot;:[]}\">\n\n                <!-- Image + badge cat\u00e9gorie -->\n                <div class=\"em-card-img-wrap\">\n                                      <div class=\"em-card-placeholder\">\ud83d\udcf7 Pas d'image<\/div>\n                                    <span class=\"em-card-badge badge-default\">\u00c9v\u00e9nements locaux<\/span>\n                <\/div>\n\n                <!-- Contenu de la card -->\n                <div class=\"em-card-body\">\n                  <h3 class=\"em-card-title\">Navigation d\u00e9couverte sur le langoustier Cap Sizun<\/h3>\n\n                  <!-- Tags r\u00e9sum\u00e9s (max 4) -->\n                  <div class=\"em-card-tags\">\n                                                          <\/div>\n\n                  <!-- Champs suppl\u00e9mentaires (max 3) -->\n                  <div class=\"em-card-fields\">\n                                          <div class=\"em-card-field\">\n                        <span class=\"em-card-field-label\">Titre :<\/span>\n                        <span class=\"em-card-field-value\">Navigation d\u00e9couverte sur le langoustier Cap Sizun<\/span>\n                      <\/div>\n                                          <div class=\"em-card-field\">\n                        <span class=\"em-card-field-label\">Cat\u00e9gorie :<\/span>\n                        <span class=\"em-card-field-value\">Autres \u00e9v\u00e9nements<\/span>\n                      <\/div>\n                                          <div class=\"em-card-field\">\n                        <span class=\"em-card-field-label\">Ville :<\/span>\n                        <span class=\"em-card-field-value\">Audierne<\/span>\n                      <\/div>\n                                      <\/div>\n\n                  <!-- Lien vers le d\u00e9tail -->\n                  <div class=\"em-card-footer\">\n                    <span>Voir le d\u00e9tail<\/span>\n                    <svg fill=\"none\" viewBox=\"0 0 24 24\" stroke=\"currentColor\" stroke-width=\"2\">\n                      <path stroke-linecap=\"round\" stroke-linejoin=\"round\" d=\"M13.5 4.5L21 12m0 0l-7.5 7.5M21 12H3\"><\/path>\n                    <\/svg>\n                  <\/div>\n                <\/div>\n              <\/article>\n                          <article class=\"em-card\"\n                data-type=\"evenements-locaux-6\"\n                data-features=\"\"\n                data-name=\"\u00cele tristan - &quot;ile ouverte&quot;\"\n                data-json=\"{&quot;name&quot;:&quot;\\u00cele Tristan - \\&quot;Ile Ouverte\\&quot;&quot;,&quot;image&quot;:&quot;&quot;,&quot;link&quot;:&quot;&quot;,&quot;data&quot;:{&quot;titre&quot;:&quot;\\u00cele Tristan - \\&quot;Ile Ouverte\\&quot;&quot;,&quot;description&quot;:&quot;L&#039;\\u00eele Tristan propri\\u00e9t\\u00e9 du Conservatoire du Littoral est ouverte au public gratuitement pendant la mar\\u00e9e basse. Passage \\u00e0 pied. Les chiens, la cueillette, les pique-niques sont interdits sur le site. Il est interdit de fumer sur le site.\\n\\nPROMENEURS, ATTENTION ! CES HORAIRES DE PASSAGE SONT COMMUNIQUES \\u00c0 TITRE INDICATIF.\\nLa travers\\u00e9e \\u00e0 pied se fait sous votre responsabilit\\u00e9. \\nSoyez extr\\u00eamement vigilants \\u00e0 la mont\\u00e9e des eaux pour ne pas rester bloqu\\u00e9s sur l\\u2019\\u00eele. Les temps de passage peuvent \\u00eatre raccourcis en fonction des conditions m\\u00e9t\\u00e9orologiques et de la force du vent. En pr\\u00e9sence d\\u2019eau dans la passe, la force des courants interdit toute travers\\u00e9e. \\nEn cas de probl\\u00e8me, le Conservatoire du littoral, propri\\u00e9taire de l\\u2019\\u00cele Tristan, et la ville de Douarnenez, gestionnaire du site, d\\u00e9clinent toutes responsabilit\\u00e9s.\\nPR\\u00c9VOYEZ DES CHAUSSURES NON GLISSANTES&quot;,&quot;categorie&quot;:&quot;Sport &amp; randonn\\u00e9e&quot;,&quot;ville&quot;:&quot;Douarnenez&quot;,&quot;code_postal&quot;:&quot;29100&quot;,&quot;name&quot;:&quot;\\u00cele Tristan - \\&quot;Ile Ouverte\\&quot;&quot;,&quot;latitude&quot;:&quot;48.0972725&quot;,&quot;longitude&quot;:&quot;-4.3354308&quot;},&quot;category&quot;:&quot;\\u00c9v\\u00e9nements locaux&quot;,&quot;faq&quot;:[],&quot;event&quot;:&quot;Du 29\\\/08\\\/2026 \\u00e0 11:10 au 29\\\/08\\\/2026 \\u00e0 23:59&quot;,&quot;video_url&quot;:&quot;&quot;,&quot;video_embed&quot;:null,&quot;documents&quot;:[],&quot;gallery&quot;:[]}\">\n\n                <!-- Image + badge cat\u00e9gorie -->\n                <div class=\"em-card-img-wrap\">\n                                      <div class=\"em-card-placeholder\">\ud83d\udcf7 Pas d'image<\/div>\n                                    <span class=\"em-card-badge badge-default\">\u00c9v\u00e9nements locaux<\/span>\n                <\/div>\n\n                <!-- Contenu de la card -->\n                <div class=\"em-card-body\">\n                  <h3 class=\"em-card-title\">\u00cele Tristan - &quot;Ile Ouverte&quot;<\/h3>\n\n                  <!-- Tags r\u00e9sum\u00e9s (max 4) -->\n                  <div class=\"em-card-tags\">\n                                                          <\/div>\n\n                  <!-- Champs suppl\u00e9mentaires (max 3) -->\n                  <div class=\"em-card-fields\">\n                                          <div class=\"em-card-field\">\n                        <span class=\"em-card-field-label\">Titre :<\/span>\n                        <span class=\"em-card-field-value\">\u00cele Tristan - &quot;Ile Ouverte&quot;<\/span>\n                      <\/div>\n                                          <div class=\"em-card-field\">\n                        <span class=\"em-card-field-label\">Cat\u00e9gorie :<\/span>\n                        <span class=\"em-card-field-value\">Sport &amp; randonn\u00e9e<\/span>\n                      <\/div>\n                                          <div class=\"em-card-field\">\n                        <span class=\"em-card-field-label\">Ville :<\/span>\n                        <span class=\"em-card-field-value\">Douarnenez<\/span>\n                      <\/div>\n                                      <\/div>\n\n                  <!-- Lien vers le d\u00e9tail -->\n                  <div class=\"em-card-footer\">\n                    <span>Voir le d\u00e9tail<\/span>\n                    <svg fill=\"none\" viewBox=\"0 0 24 24\" stroke=\"currentColor\" stroke-width=\"2\">\n                      <path stroke-linecap=\"round\" stroke-linejoin=\"round\" d=\"M13.5 4.5L21 12m0 0l-7.5 7.5M21 12H3\"><\/path>\n                    <\/svg>\n                  <\/div>\n                <\/div>\n              <\/article>\n                          <article class=\"em-card\"\n                data-type=\"evenements-locaux-6\"\n                data-features=\"\"\n                data-name=\"th\u00e9\u00e2tre tr\u00e8s jeune public - rendez-vous \u00e0 la plage - cie fario\"\n                data-json=\"{&quot;name&quot;:&quot;Th\\u00e9\\u00e2tre tr\\u00e8s jeune public - Rendez-vous \\u00e0 la plage - Cie Fario&quot;,&quot;image&quot;:&quot;&quot;,&quot;link&quot;:&quot;https:\\\/\\\/brest.fr\\\/rendez-vous-la-plage-cie-fario&quot;,&quot;data&quot;:{&quot;titre&quot;:&quot;Th\\u00e9\\u00e2tre tr\\u00e8s jeune public - Rendez-vous \\u00e0 la plage - Cie Fario&quot;,&quot;description&quot;:&quot;Un p\\u00eacheur a perdu son bateau\\u2026 pas banal ! Il faut l\\u2019aider \\u00e0 le retrouver et \\u00e0 l\\u2019amarrer au port avant que la mer ne monte !\\n\\nSpectacle de th\\u00e9\\u00e2tre tr\\u00e8s jeune public (1 \\u00e0 5 ans) d&#039;une dur\\u00e9e de 30 minutes, programm\\u00e9 dans le cadre de Saint-Pierre \\u00e0 la Cote.\\n\\nAttention, jauge limit\\u00e9e \\u00e0 30 enfants (parents compt\\u00e9s en plus). \\n\\nAllez y avec votre serviette de plage ou votre si\\u00e8ge de plage!&quot;,&quot;categorie&quot;:&quot;En famille&quot;,&quot;ville&quot;:&quot;Brest&quot;,&quot;code_postal&quot;:&quot;29200&quot;,&quot;name&quot;:&quot;Th\\u00e9\\u00e2tre tr\\u00e8s jeune public - Rendez-vous \\u00e0 la plage - Cie Fario&quot;,&quot;latitude&quot;:&quot;48.3624500&quot;,&quot;longitude&quot;:&quot;-4.5528000&quot;,&quot;link&quot;:&quot;https:\\\/\\\/brest.fr\\\/rendez-vous-la-plage-cie-fario&quot;},&quot;category&quot;:&quot;\\u00c9v\\u00e9nements locaux&quot;,&quot;faq&quot;:[],&quot;event&quot;:&quot;Du 26\\\/08\\\/2026 \\u00e0 11:00 au 26\\\/08\\\/2026 \\u00e0 23:59&quot;,&quot;video_url&quot;:&quot;&quot;,&quot;video_embed&quot;:null,&quot;documents&quot;:[],&quot;gallery&quot;:[]}\">\n\n                <!-- Image + badge cat\u00e9gorie -->\n                <div class=\"em-card-img-wrap\">\n                                      <div class=\"em-card-placeholder\">\ud83d\udcf7 Pas d'image<\/div>\n                                    <span class=\"em-card-badge badge-default\">\u00c9v\u00e9nements locaux<\/span>\n                <\/div>\n\n                <!-- Contenu de la card -->\n                <div class=\"em-card-body\">\n                  <h3 class=\"em-card-title\">Th\u00e9\u00e2tre tr\u00e8s jeune public - Rendez-vous \u00e0 la plage - Cie Fario<\/h3>\n\n                  <!-- Tags r\u00e9sum\u00e9s (max 4) -->\n                  <div class=\"em-card-tags\">\n                                                          <\/div>\n\n                  <!-- Champs suppl\u00e9mentaires (max 3) -->\n                  <div class=\"em-card-fields\">\n                                          <div class=\"em-card-field\">\n                        <span class=\"em-card-field-label\">Titre :<\/span>\n                        <span class=\"em-card-field-value\">Th\u00e9\u00e2tre tr\u00e8s jeune public - Rendez-vous \u00e0 la plage - Cie Far<\/span>\n                      <\/div>\n                                          <div class=\"em-card-field\">\n                        <span class=\"em-card-field-label\">Cat\u00e9gorie :<\/span>\n                        <span class=\"em-card-field-value\">En famille<\/span>\n                      <\/div>\n                                          <div class=\"em-card-field\">\n                        <span class=\"em-card-field-label\">Ville :<\/span>\n                        <span class=\"em-card-field-value\">Brest<\/span>\n                      <\/div>\n                                      <\/div>\n\n                  <!-- Lien vers le d\u00e9tail -->\n                  <div class=\"em-card-footer\">\n                    <span>Voir le d\u00e9tail<\/span>\n                    <svg fill=\"none\" viewBox=\"0 0 24 24\" stroke=\"currentColor\" stroke-width=\"2\">\n                      <path stroke-linecap=\"round\" stroke-linejoin=\"round\" d=\"M13.5 4.5L21 12m0 0l-7.5 7.5M21 12H3\"><\/path>\n                    <\/svg>\n                  <\/div>\n                <\/div>\n              <\/article>\n                          <article class=\"em-card\"\n                data-type=\"evenements-locaux-6\"\n                data-features=\"\"\n                data-name=\"les balades photographiques de daoulas\"\n                data-json=\"{&quot;name&quot;:&quot;Les Balades photographiques de Daoulas&quot;,&quot;image&quot;:&quot;&quot;,&quot;link&quot;:&quot;https:\\\/\\\/www.cdp29.fr\\\/fr\\\/agenda\\\/view\\\/1086\\\/les-balades-photographiques-de-daoulas-2026\\\/&quot;,&quot;data&quot;:{&quot;titre&quot;:&quot;Les Balades photographiques de Daoulas&quot;,&quot;description&quot;:&quot;Les Balades photographiques de Daoulas 2026 vous invitent \\u00e0 entrer dans un univers d\\u2019enchantement \\u00e0 travers les \\u0153uvres de deux photographes, Joan Fontcuberta, photographe espagnol de renomm\\u00e9e internationale dans les jardins de l\\u2019Abbaye avec son travail sur les Mazzeri corses et St\\u00e9phane Mah\\u00e9, photographe breton \\u00e0 la notori\\u00e9t\\u00e9 grandissante avec ses \\u0153uvres po\\u00e9tiques et oniriques pr\\u00e9sent\\u00e9es dans la ville.\\nDeux visions d\\u2019auteurs aux fronti\\u00e8res du surr\\u00e9el.\\n\\nL&#039;exposition photographique s&#039;\\u00e9tend dans les rues de la ville (gratuit) et les jardins de l&#039;Abbaye (voir conditions d&#039;acc\\u00e8s au site).&quot;,&quot;categorie&quot;:&quot;Expositions&quot;,&quot;ville&quot;:&quot;Daoulas&quot;,&quot;code_postal&quot;:&quot;29460&quot;,&quot;name&quot;:&quot;Les Balades photographiques de Daoulas&quot;,&quot;latitude&quot;:&quot;48.3621507&quot;,&quot;longitude&quot;:&quot;-4.2656187&quot;,&quot;link&quot;:&quot;https:\\\/\\\/www.cdp29.fr\\\/fr\\\/agenda\\\/view\\\/1086\\\/les-balades-photographiques-de-daoulas-2026\\\/&quot;},&quot;category&quot;:&quot;\\u00c9v\\u00e9nements locaux&quot;,&quot;faq&quot;:[],&quot;event&quot;:&quot;Du 29\\\/04\\\/2026 \\u00e0 14:00 au 29\\\/11\\\/2026 \\u00e0 23:59&quot;,&quot;video_url&quot;:&quot;&quot;,&quot;video_embed&quot;:null,&quot;documents&quot;:[],&quot;gallery&quot;:[]}\">\n\n                <!-- Image + badge cat\u00e9gorie -->\n                <div class=\"em-card-img-wrap\">\n                                      <div class=\"em-card-placeholder\">\ud83d\udcf7 Pas d'image<\/div>\n                                    <span class=\"em-card-badge badge-default\">\u00c9v\u00e9nements locaux<\/span>\n                <\/div>\n\n                <!-- Contenu de la card -->\n                <div class=\"em-card-body\">\n                  <h3 class=\"em-card-title\">Les Balades photographiques de Daoulas<\/h3>\n\n                  <!-- Tags r\u00e9sum\u00e9s (max 4) -->\n                  <div class=\"em-card-tags\">\n                                                          <\/div>\n\n                  <!-- Champs suppl\u00e9mentaires (max 3) -->\n                  <div class=\"em-card-fields\">\n                                          <div class=\"em-card-field\">\n                        <span class=\"em-card-field-label\">Titre :<\/span>\n                        <span class=\"em-card-field-value\">Les Balades photographiques de Daoulas<\/span>\n                      <\/div>\n                                          <div class=\"em-card-field\">\n                        <span class=\"em-card-field-label\">Cat\u00e9gorie :<\/span>\n                        <span class=\"em-card-field-value\">Expositions<\/span>\n                      <\/div>\n                                          <div class=\"em-card-field\">\n                        <span class=\"em-card-field-label\">Ville :<\/span>\n                        <span class=\"em-card-field-value\">Daoulas<\/span>\n                      <\/div>\n                                      <\/div>\n\n                  <!-- Lien vers le d\u00e9tail -->\n                  <div class=\"em-card-footer\">\n                    <span>Voir le d\u00e9tail<\/span>\n                    <svg fill=\"none\" viewBox=\"0 0 24 24\" stroke=\"currentColor\" stroke-width=\"2\">\n                      <path stroke-linecap=\"round\" stroke-linejoin=\"round\" d=\"M13.5 4.5L21 12m0 0l-7.5 7.5M21 12H3\"><\/path>\n                    <\/svg>\n                  <\/div>\n                <\/div>\n              <\/article>\n                          <article class=\"em-card\"\n                data-type=\"evenements-locaux-6\"\n                data-features=\"\"\n                data-name=\"visite de la ferme h\u00e9licicole cap&#039;h\u00e9lix\"\n                data-json=\"{&quot;name&quot;:&quot;Visite de la ferme h\\u00e9licicole Cap&#039;H\\u00e9lix&quot;,&quot;image&quot;:&quot;&quot;,&quot;link&quot;:&quot;http:\\\/\\\/www.cap-helix.fr\\\/&quot;,&quot;data&quot;:{&quot;titre&quot;:&quot;Visite de la ferme h\\u00e9licicole Cap&#039;H\\u00e9lix&quot;,&quot;description&quot;:&quot;Ferme h\\u00e9licicole diversifi\\u00e9e en Agriculture Biologique. Production d&#039;escargots Petits-gris, l\\u00e9gumes, fruits, \\u0153ufs et produits d\\u00e9riv\\u00e9s (escargots farcis, conserves, confitures, jus, sirops, vinaigres, liqueurs...).\\nUne visite est propos\\u00e9e du 13\\\/04 au 11\\\/09, du lundi au vendredi \\u00e0 10h30 et 15h30, et selon disponibilit\\u00e9s. Elle comprend un expos\\u00e9 oral, une vid\\u00e9o (traduite en anglais, allemand, espagnol) et la visite des parcs. \\nMinimum 2 pers, maximum 20 pers. \\nD\\u00e9gustation en option. \\nBoutique en ligne et \\u00e0 la ferme toute l&#039;ann\\u00e9e.\\nAire d&#039;accueil pour camping-cars.&quot;,&quot;categorie&quot;:&quot;Autres \\u00e9v\\u00e9nements&quot;,&quot;ville&quot;:&quot;Goulien&quot;,&quot;code_postal&quot;:&quot;29770&quot;,&quot;name&quot;:&quot;Visite de la ferme h\\u00e9licicole Cap&#039;H\\u00e9lix&quot;,&quot;latitude&quot;:&quot;48.0511222&quot;,&quot;longitude&quot;:&quot;-4.5722182&quot;,&quot;link&quot;:&quot;http:\\\/\\\/www.cap-helix.fr\\\/&quot;},&quot;category&quot;:&quot;\\u00c9v\\u00e9nements locaux&quot;,&quot;faq&quot;:[],&quot;event&quot;:&quot;Du 13\\\/04\\\/2026 \\u00e0 10:30 au 11\\\/09\\\/2026 \\u00e0 23:59&quot;,&quot;video_url&quot;:&quot;&quot;,&quot;video_embed&quot;:null,&quot;documents&quot;:[],&quot;gallery&quot;:[]}\">\n\n                <!-- Image + badge cat\u00e9gorie -->\n                <div class=\"em-card-img-wrap\">\n                                      <div class=\"em-card-placeholder\">\ud83d\udcf7 Pas d'image<\/div>\n                                    <span class=\"em-card-badge badge-default\">\u00c9v\u00e9nements locaux<\/span>\n                <\/div>\n\n                <!-- Contenu de la card -->\n                <div class=\"em-card-body\">\n                  <h3 class=\"em-card-title\">Visite de la ferme h\u00e9licicole Cap&#039;H\u00e9lix<\/h3>\n\n                  <!-- Tags r\u00e9sum\u00e9s (max 4) -->\n                  <div class=\"em-card-tags\">\n                                                          <\/div>\n\n                  <!-- Champs suppl\u00e9mentaires (max 3) -->\n                  <div class=\"em-card-fields\">\n                                          <div class=\"em-card-field\">\n                        <span class=\"em-card-field-label\">Titre :<\/span>\n                        <span class=\"em-card-field-value\">Visite de la ferme h\u00e9licicole Cap&#039;H\u00e9lix<\/span>\n                      <\/div>\n                                          <div class=\"em-card-field\">\n                        <span class=\"em-card-field-label\">Cat\u00e9gorie :<\/span>\n                        <span class=\"em-card-field-value\">Autres \u00e9v\u00e9nements<\/span>\n                      <\/div>\n                                          <div class=\"em-card-field\">\n                        <span class=\"em-card-field-label\">Ville :<\/span>\n                        <span class=\"em-card-field-value\">Goulien<\/span>\n                      <\/div>\n                                      <\/div>\n\n                  <!-- Lien vers le d\u00e9tail -->\n                  <div class=\"em-card-footer\">\n                    <span>Voir le d\u00e9tail<\/span>\n                    <svg fill=\"none\" viewBox=\"0 0 24 24\" stroke=\"currentColor\" stroke-width=\"2\">\n                      <path stroke-linecap=\"round\" stroke-linejoin=\"round\" d=\"M13.5 4.5L21 12m0 0l-7.5 7.5M21 12H3\"><\/path>\n                    <\/svg>\n                  <\/div>\n                <\/div>\n              <\/article>\n                          <article class=\"em-card\"\n                data-type=\"evenements-locaux-6\"\n                data-features=\"\"\n                data-name=\"vide grenier\"\n                data-json=\"{&quot;name&quot;:&quot;Vide grenier&quot;,&quot;image&quot;:&quot;&quot;,&quot;link&quot;:&quot;&quot;,&quot;data&quot;:{&quot;titre&quot;:&quot;Vide grenier&quot;,&quot;description&quot;:&quot;Vide grenier int\\u00e9rieur et ext\\u00e9rieur\\nBuvette, cr\\u00eapes, petite restauration\\nOuverture aux visiteurs \\u00e0 9h (entr\\u00e9e gratuite)\\n\\nAccueil exposants \\u00e0 partir de 7h, caf\\u00e9 offert\\nInscriptions et renseignements au 06.79.55.74.56 ou au 06.86.73.47.24\\n3\\u20ac le m\\u00e8tre lin\\u00e9aire en ext\\u00e9rieur et 5\\u20ac la table (1,60 m) en int\\u00e9rieur\\nTables et chaises fournies en int\\u00e9rieur, en ext\\u00e9rieur \\u00e0 chacun d&#039;envoyer son mat\\u00e9riel&quot;,&quot;categorie&quot;:&quot;Brocantes &amp; vide-greniers&quot;,&quot;ville&quot;:&quot;Tr\\u00e9garvan&quot;,&quot;code_postal&quot;:&quot;29560&quot;,&quot;name&quot;:&quot;Vide grenier&quot;,&quot;latitude&quot;:&quot;48.2514600&quot;,&quot;longitude&quot;:&quot;-4.2222800&quot;},&quot;category&quot;:&quot;\\u00c9v\\u00e9nements locaux&quot;,&quot;faq&quot;:[],&quot;event&quot;:&quot;Du 13\\\/09\\\/2026 \\u00e0 09:00 au 13\\\/09\\\/2026 \\u00e0 23:59&quot;,&quot;video_url&quot;:&quot;&quot;,&quot;video_embed&quot;:null,&quot;documents&quot;:[],&quot;gallery&quot;:[]}\">\n\n                <!-- Image + badge cat\u00e9gorie -->\n                <div class=\"em-card-img-wrap\">\n                                      <div class=\"em-card-placeholder\">\ud83d\udcf7 Pas d'image<\/div>\n                                    <span class=\"em-card-badge badge-default\">\u00c9v\u00e9nements locaux<\/span>\n                <\/div>\n\n                <!-- Contenu de la card -->\n                <div class=\"em-card-body\">\n                  <h3 class=\"em-card-title\">Vide grenier<\/h3>\n\n                  <!-- Tags r\u00e9sum\u00e9s (max 4) -->\n                  <div class=\"em-card-tags\">\n                                                          <\/div>\n\n                  <!-- Champs suppl\u00e9mentaires (max 3) -->\n                  <div class=\"em-card-fields\">\n                                          <div class=\"em-card-field\">\n                        <span class=\"em-card-field-label\">Titre :<\/span>\n                        <span class=\"em-card-field-value\">Vide grenier<\/span>\n                      <\/div>\n                                          <div class=\"em-card-field\">\n                        <span class=\"em-card-field-label\">Cat\u00e9gorie :<\/span>\n                        <span class=\"em-card-field-value\">Brocantes &amp; vide-greniers<\/span>\n                      <\/div>\n                                          <div class=\"em-card-field\">\n                        <span class=\"em-card-field-label\">Ville :<\/span>\n                        <span class=\"em-card-field-value\">Tr\u00e9garvan<\/span>\n                      <\/div>\n                                      <\/div>\n\n                  <!-- Lien vers le d\u00e9tail -->\n                  <div class=\"em-card-footer\">\n                    <span>Voir le d\u00e9tail<\/span>\n                    <svg fill=\"none\" viewBox=\"0 0 24 24\" stroke=\"currentColor\" stroke-width=\"2\">\n                      <path stroke-linecap=\"round\" stroke-linejoin=\"round\" d=\"M13.5 4.5L21 12m0 0l-7.5 7.5M21 12H3\"><\/path>\n                    <\/svg>\n                  <\/div>\n                <\/div>\n              <\/article>\n                          <article class=\"em-card\"\n                data-type=\"evenements-locaux-6\"\n                data-features=\"\"\n                data-name=\"atelier de sensibilisation \u00e0 l&#039;autisme : fresque de l&#039;autisme\"\n                data-json=\"{&quot;name&quot;:&quot;Atelier de sensibilisation \\u00e0 l&#039;autisme : Fresque de l&#039;autisme&quot;,&quot;image&quot;:&quot;&quot;,&quot;link&quot;:&quot;https:\\\/\\\/www.cra.bzh\\\/&quot;,&quot;data&quot;:{&quot;titre&quot;:&quot;Atelier de sensibilisation \\u00e0 l&#039;autisme : Fresque de l&#039;autisme&quot;,&quot;description&quot;:&quot;Le Centre d&#039;Art Passerelle vous propose un atelier de sensibilisation \\u00e0 l&#039;autisme. Cet outil collaboratif (la fresque) permet de trouver des strat\\u00e9gies personnalis\\u00e9es et de soutenir les personnes autistes dans leur quotidien. Aucun pr\\u00e9-requis n&#039;est n\\u00e9cessaire pour participer \\u00e0 cet atelier. \\n\\nPr\\u00e9sentation :\\nEn \\u00e9quipe, faites des liens entre 3 types de cartes : \\n- Personnage : d\\u00e9couvrez l&#039;un des 12 personnages fictifs pr\\u00e9sentant un trouble du spectre de l&#039;autisme. \\n- Fonctionnement : identifiez des particularit\\u00e9s du fonctionnement autistique.\\n- Action : \\u00e9laborez des strat\\u00e9gies d\\u2019accompagnement.\\n\\nObjectifs\\n\\n- Apprendre autrement gr\\u00e2ce \\u00e0 une approche ludique, interactive et collective.\\n- Changer de perspective pour mieux comprendre le v\\u00e9cu des personnes autistes et de leurs proches.\\n- Prendre confiance dans sa capacit\\u00e9 \\u00e0 d\\u00e9velopper des strat\\u00e9gies d\\u2019accompagnement adapt\\u00e9es.\\n- Passer \\u00e0 l\\u2019action en identifiant des solutions concr\\u00e8tes pour agir \\u00e0 son \\u00e9chelle.\\n\\nUn atelier propos\\u00e9 par  le CRA (Centre de Ressources Autisme) Bretagne\\n\\nInformations pratiques : \\nTout public. \\nDur\\u00e9e 3h.\\nSur r\\u00e9servation aupr\\u00e8s du Centre de Ressources Autisme Bretagne, en ligne.&quot;,&quot;categorie&quot;:&quot;Autres \\u00e9v\\u00e9nements&quot;,&quot;ville&quot;:&quot;Brest&quot;,&quot;code_postal&quot;:&quot;29200&quot;,&quot;name&quot;:&quot;Atelier de sensibilisation \\u00e0 l&#039;autisme : Fresque de l&#039;autisme&quot;,&quot;latitude&quot;:&quot;48.3884131&quot;,&quot;longitude&quot;:&quot;-4.4850075&quot;,&quot;link&quot;:&quot;https:\\\/\\\/www.cra.bzh\\\/&quot;},&quot;category&quot;:&quot;\\u00c9v\\u00e9nements locaux&quot;,&quot;faq&quot;:[],&quot;event&quot;:&quot;Du 26\\\/08\\\/2026 \\u00e0 14:00 au 26\\\/08\\\/2026 \\u00e0 23:59&quot;,&quot;video_url&quot;:&quot;&quot;,&quot;video_embed&quot;:null,&quot;documents&quot;:[],&quot;gallery&quot;:[]}\">\n\n                <!-- Image + badge cat\u00e9gorie -->\n                <div class=\"em-card-img-wrap\">\n                                      <div class=\"em-card-placeholder\">\ud83d\udcf7 Pas d'image<\/div>\n                                    <span class=\"em-card-badge badge-default\">\u00c9v\u00e9nements locaux<\/span>\n                <\/div>\n\n                <!-- Contenu de la card -->\n                <div class=\"em-card-body\">\n                  <h3 class=\"em-card-title\">Atelier de sensibilisation \u00e0 l&#039;autisme : Fresque de l&#039;autisme<\/h3>\n\n                  <!-- Tags r\u00e9sum\u00e9s (max 4) -->\n                  <div class=\"em-card-tags\">\n                                                          <\/div>\n\n                  <!-- Champs suppl\u00e9mentaires (max 3) -->\n                  <div class=\"em-card-fields\">\n                                          <div class=\"em-card-field\">\n                        <span class=\"em-card-field-label\">Titre :<\/span>\n                        <span class=\"em-card-field-value\">Atelier de sensibilisation \u00e0 l&#039;autisme : Fresque de l&#039;autism<\/span>\n                      <\/div>\n                                          <div class=\"em-card-field\">\n                        <span class=\"em-card-field-label\">Cat\u00e9gorie :<\/span>\n                        <span class=\"em-card-field-value\">Autres \u00e9v\u00e9nements<\/span>\n                      <\/div>\n                                          <div class=\"em-card-field\">\n                        <span class=\"em-card-field-label\">Ville :<\/span>\n                        <span class=\"em-card-field-value\">Brest<\/span>\n                      <\/div>\n                                      <\/div>\n\n                  <!-- Lien vers le d\u00e9tail -->\n                  <div class=\"em-card-footer\">\n                    <span>Voir le d\u00e9tail<\/span>\n                    <svg fill=\"none\" viewBox=\"0 0 24 24\" stroke=\"currentColor\" stroke-width=\"2\">\n                      <path stroke-linecap=\"round\" stroke-linejoin=\"round\" d=\"M13.5 4.5L21 12m0 0l-7.5 7.5M21 12H3\"><\/path>\n                    <\/svg>\n                  <\/div>\n                <\/div>\n              <\/article>\n                          <article class=\"em-card\"\n                data-type=\"evenements-locaux-6\"\n                data-features=\"\"\n                data-name=\"balade cont\u00e9e \u00e0 menez dregan\"\n                data-json=\"{&quot;name&quot;:&quot;Balade cont\\u00e9e \\u00e0 Menez Dregan&quot;,&quot;image&quot;:&quot;&quot;,&quot;link&quot;:&quot;&quot;,&quot;data&quot;:{&quot;titre&quot;:&quot;Balade cont\\u00e9e \\u00e0 Menez Dregan&quot;,&quot;description&quot;:&quot;Balade Cont\\u00e9e \\u00e0 Menez Dregan. \\nDur\\u00e9e : 1h30&quot;,&quot;categorie&quot;:&quot;Autres \\u00e9v\\u00e9nements&quot;,&quot;ville&quot;:&quot;Plouhinec&quot;,&quot;code_postal&quot;:&quot;29780&quot;,&quot;name&quot;:&quot;Balade cont\\u00e9e \\u00e0 Menez Dregan&quot;,&quot;latitude&quot;:&quot;47.9858700&quot;,&quot;longitude&quot;:&quot;-4.4700660&quot;},&quot;category&quot;:&quot;\\u00c9v\\u00e9nements locaux&quot;,&quot;faq&quot;:[],&quot;event&quot;:&quot;Du 27\\\/08\\\/2026 \\u00e0 18:00 au 27\\\/08\\\/2026 \\u00e0 23:59&quot;,&quot;video_url&quot;:&quot;&quot;,&quot;video_embed&quot;:null,&quot;documents&quot;:[],&quot;gallery&quot;:[]}\">\n\n                <!-- Image + badge cat\u00e9gorie -->\n                <div class=\"em-card-img-wrap\">\n                                      <div class=\"em-card-placeholder\">\ud83d\udcf7 Pas d'image<\/div>\n                                    <span class=\"em-card-badge badge-default\">\u00c9v\u00e9nements locaux<\/span>\n                <\/div>\n\n                <!-- Contenu de la card -->\n                <div class=\"em-card-body\">\n                  <h3 class=\"em-card-title\">Balade cont\u00e9e \u00e0 Menez Dregan<\/h3>\n\n                  <!-- Tags r\u00e9sum\u00e9s (max 4) -->\n                  <div class=\"em-card-tags\">\n                                                          <\/div>\n\n                  <!-- Champs suppl\u00e9mentaires (max 3) -->\n                  <div class=\"em-card-fields\">\n                                          <div class=\"em-card-field\">\n                        <span class=\"em-card-field-label\">Titre :<\/span>\n                        <span class=\"em-card-field-value\">Balade cont\u00e9e \u00e0 Menez Dregan<\/span>\n                      <\/div>\n                                          <div class=\"em-card-field\">\n                        <span class=\"em-card-field-label\">Cat\u00e9gorie :<\/span>\n                        <span class=\"em-card-field-value\">Autres \u00e9v\u00e9nements<\/span>\n                      <\/div>\n                                          <div class=\"em-card-field\">\n                        <span class=\"em-card-field-label\">Ville :<\/span>\n                        <span class=\"em-card-field-value\">Plouhinec<\/span>\n                      <\/div>\n                                      <\/div>\n\n                  <!-- Lien vers le d\u00e9tail -->\n                  <div class=\"em-card-footer\">\n                    <span>Voir le d\u00e9tail<\/span>\n                    <svg fill=\"none\" viewBox=\"0 0 24 24\" stroke=\"currentColor\" stroke-width=\"2\">\n                      <path stroke-linecap=\"round\" stroke-linejoin=\"round\" d=\"M13.5 4.5L21 12m0 0l-7.5 7.5M21 12H3\"><\/path>\n                    <\/svg>\n                  <\/div>\n                <\/div>\n              <\/article>\n                          <article class=\"em-card\"\n                data-type=\"evenements-locaux-6\"\n                data-features=\"\"\n                data-name=\"gef\u00fchrter fotospaziergang durch douarnenez\"\n                data-json=\"{&quot;name&quot;:&quot;Gef\\u00fchrter Fotospaziergang durch Douarnenez&quot;,&quot;image&quot;:&quot;&quot;,&quot;link&quot;:&quot;http:\\\/\\\/www.douarnenez-tourisme.com\\\/&quot;,&quot;data&quot;:{&quot;titre&quot;:&quot;Gef\\u00fchrter Fotospaziergang durch Douarnenez&quot;,&quot;description&quot;:&quot;Gef\\u00fchrter Fotospaziergang durch Douarnenez :\\nEntdecken Sie mit dem Marco-Polo-Autor und erfahrenen Reiseleiter Errol Friedhelm Karakoc die Hafenstadt und ihre K\\u00f6nigin, die Sardine. Auf den Spuren der hiesigen Fischer begegnen Sie streitbaren Damen, kuriosen Riten der heimischen Bev\\u00f6lkerung, h\\u00fcbscher Architektur aus den letzten Jahrhunderten, spannenden Legenden, vielleicht sogar Kommissar Dupin und haben dabei immer wieder den Blick auf die Bucht. Freuen Sie sich auf etwa zwei Stunden des Flanierens durch die Gassen des Hafenviertels Rosmeur.\\n\\nDauer: ca. 2h\\nSprache: auf Deutsch\\nSchwierigkeitsgrad: einfach bis mittel (leichte Steigungen\\\/Gef\\u00e4lle auf st\\u00e4dtischen Wegen, einige Stufen)&quot;,&quot;categorie&quot;:&quot;Autres \\u00e9v\\u00e9nements&quot;,&quot;ville&quot;:&quot;Douarnenez&quot;,&quot;code_postal&quot;:&quot;29100&quot;,&quot;name&quot;:&quot;Gef\\u00fchrter Fotospaziergang durch Douarnenez&quot;,&quot;latitude&quot;:&quot;48.0931504&quot;,&quot;longitude&quot;:&quot;-4.3310605&quot;,&quot;link&quot;:&quot;http:\\\/\\\/www.douarnenez-tourisme.com\\\/&quot;},&quot;category&quot;:&quot;\\u00c9v\\u00e9nements locaux&quot;,&quot;faq&quot;:[],&quot;event&quot;:&quot;Du 13\\\/09\\\/2026 \\u00e0 14:00 au 13\\\/09\\\/2026 \\u00e0 23:59&quot;,&quot;video_url&quot;:&quot;&quot;,&quot;video_embed&quot;:null,&quot;documents&quot;:[],&quot;gallery&quot;:[]}\">\n\n                <!-- Image + badge cat\u00e9gorie -->\n                <div class=\"em-card-img-wrap\">\n                                      <div class=\"em-card-placeholder\">\ud83d\udcf7 Pas d'image<\/div>\n                                    <span class=\"em-card-badge badge-default\">\u00c9v\u00e9nements locaux<\/span>\n                <\/div>\n\n                <!-- Contenu de la card -->\n                <div class=\"em-card-body\">\n                  <h3 class=\"em-card-title\">Gef\u00fchrter Fotospaziergang durch Douarnenez<\/h3>\n\n                  <!-- Tags r\u00e9sum\u00e9s (max 4) -->\n                  <div class=\"em-card-tags\">\n                                                          <\/div>\n\n                  <!-- Champs suppl\u00e9mentaires (max 3) -->\n                  <div class=\"em-card-fields\">\n                                          <div class=\"em-card-field\">\n                        <span class=\"em-card-field-label\">Titre :<\/span>\n                        <span class=\"em-card-field-value\">Gef\u00fchrter Fotospaziergang durch Douarnenez<\/span>\n                      <\/div>\n                                          <div class=\"em-card-field\">\n                        <span class=\"em-card-field-label\">Cat\u00e9gorie :<\/span>\n                        <span class=\"em-card-field-value\">Autres \u00e9v\u00e9nements<\/span>\n                      <\/div>\n                                          <div class=\"em-card-field\">\n                        <span class=\"em-card-field-label\">Ville :<\/span>\n                        <span class=\"em-card-field-value\">Douarnenez<\/span>\n                      <\/div>\n                                      <\/div>\n\n                  <!-- Lien vers le d\u00e9tail -->\n                  <div class=\"em-card-footer\">\n                    <span>Voir le d\u00e9tail<\/span>\n                    <svg fill=\"none\" viewBox=\"0 0 24 24\" stroke=\"currentColor\" stroke-width=\"2\">\n                      <path stroke-linecap=\"round\" stroke-linejoin=\"round\" d=\"M13.5 4.5L21 12m0 0l-7.5 7.5M21 12H3\"><\/path>\n                    <\/svg>\n                  <\/div>\n                <\/div>\n              <\/article>\n                          <article class=\"em-card\"\n                data-type=\"evenements-locaux-6\"\n                data-features=\"\"\n                data-name=\"visite guid\u00e9e des vieux quartiers de douarnenez\"\n                data-json=\"{&quot;name&quot;:&quot;Visite guid\\u00e9e des vieux quartiers de Douarnenez&quot;,&quot;image&quot;:&quot;&quot;,&quot;link&quot;:&quot;http:\\\/\\\/www.douarnenez-tourisme.com\\\/&quot;,&quot;data&quot;:{&quot;titre&quot;:&quot;Visite guid\\u00e9e des vieux quartiers de Douarnenez&quot;,&quot;description&quot;:&quot;Cette balade vous fait d\\u00e9couvrir l&#039;\\u00e2me de Douarnenez et comprendre son histoire si intimement li\\u00e9e \\u00e0 l&#039;\\u00e9pop\\u00e9e de la sardine. Parcourez les rues et les venelles de la ville avec leur architecture du 19\\u00e8me si\\u00e8cle et leurs anciennes conserveries dissimul\\u00e9es parmi les maisons. Fl\\u00e2nez sur le vieux port m\\u00e9moire de tout l&#039;ancien Douarnenez jusqu&#039;\\u00e0 l&#039;abri du marin, lieu sacr\\u00e9 pour les p\\u00eacheurs. Inscription n\\u00e9cessaire \\u00e0 l&#039;Office de Tourisme.&quot;,&quot;categorie&quot;:&quot;Autres \\u00e9v\\u00e9nements&quot;,&quot;ville&quot;:&quot;Douarnenez&quot;,&quot;code_postal&quot;:&quot;29100&quot;,&quot;name&quot;:&quot;Visite guid\\u00e9e des vieux quartiers de Douarnenez&quot;,&quot;latitude&quot;:&quot;48.0931504&quot;,&quot;longitude&quot;:&quot;-4.3310605&quot;,&quot;link&quot;:&quot;http:\\\/\\\/www.douarnenez-tourisme.com\\\/&quot;},&quot;category&quot;:&quot;\\u00c9v\\u00e9nements locaux&quot;,&quot;faq&quot;:[],&quot;event&quot;:&quot;Du 01\\\/09\\\/2026 \\u00e0 14:30 au 01\\\/09\\\/2026 \\u00e0 23:59&quot;,&quot;video_url&quot;:&quot;&quot;,&quot;video_embed&quot;:null,&quot;documents&quot;:[],&quot;gallery&quot;:[]}\">\n\n                <!-- Image + badge cat\u00e9gorie -->\n                <div class=\"em-card-img-wrap\">\n                                      <div class=\"em-card-placeholder\">\ud83d\udcf7 Pas d'image<\/div>\n                                    <span class=\"em-card-badge badge-default\">\u00c9v\u00e9nements locaux<\/span>\n                <\/div>\n\n                <!-- Contenu de la card -->\n                <div class=\"em-card-body\">\n                  <h3 class=\"em-card-title\">Visite guid\u00e9e des vieux quartiers de Douarnenez<\/h3>\n\n                  <!-- Tags r\u00e9sum\u00e9s (max 4) -->\n                  <div class=\"em-card-tags\">\n                                                          <\/div>\n\n                  <!-- Champs suppl\u00e9mentaires (max 3) -->\n                  <div class=\"em-card-fields\">\n                                          <div class=\"em-card-field\">\n                        <span class=\"em-card-field-label\">Titre :<\/span>\n                        <span class=\"em-card-field-value\">Visite guid\u00e9e des vieux quartiers de Douarnenez<\/span>\n                      <\/div>\n                                          <div class=\"em-card-field\">\n                        <span class=\"em-card-field-label\">Cat\u00e9gorie :<\/span>\n                        <span class=\"em-card-field-value\">Autres \u00e9v\u00e9nements<\/span>\n                      <\/div>\n                                          <div class=\"em-card-field\">\n                        <span class=\"em-card-field-label\">Ville :<\/span>\n                        <span class=\"em-card-field-value\">Douarnenez<\/span>\n                      <\/div>\n                                      <\/div>\n\n                  <!-- Lien vers le d\u00e9tail -->\n                  <div class=\"em-card-footer\">\n                    <span>Voir le d\u00e9tail<\/span>\n                    <svg fill=\"none\" viewBox=\"0 0 24 24\" stroke=\"currentColor\" stroke-width=\"2\">\n                      <path stroke-linecap=\"round\" stroke-linejoin=\"round\" d=\"M13.5 4.5L21 12m0 0l-7.5 7.5M21 12H3\"><\/path>\n                    <\/svg>\n                  <\/div>\n                <\/div>\n              <\/article>\n                          <article class=\"em-card\"\n                data-type=\"evenements-locaux-6\"\n                data-features=\"\"\n                data-name=\"marathon photo\"\n                data-json=\"{&quot;name&quot;:&quot;Marathon photo&quot;,&quot;image&quot;:&quot;&quot;,&quot;link&quot;:&quot;https:\\\/\\\/www.alimageducapsizun.org\\\/&quot;,&quot;data&quot;:{&quot;titre&quot;:&quot;Marathon photo&quot;,&quot;description&quot;:&quot;A l&#039;occasion du march\\u00e9 des artisans et  cr\\u00e9ateurs le 13\\\/09\\\/2026, se d\\u00e9roulera un Marathon photo de 9h00 \\u00e0 17h00, qui consistera \\u00e0 r\\u00e9aliser en un temps donn\\u00e9 un certain nombre de th\\u00e8me photo. \\n  \\nInscription et r\\u00e8glement sur www.alimageducapsizun.org&quot;,&quot;categorie&quot;:&quot;Autres \\u00e9v\\u00e9nements&quot;,&quot;ville&quot;:&quot;Pont-Croix&quot;,&quot;code_postal&quot;:&quot;29790&quot;,&quot;name&quot;:&quot;Marathon photo&quot;,&quot;latitude&quot;:&quot;48.0413250&quot;,&quot;longitude&quot;:&quot;-4.4875760&quot;,&quot;link&quot;:&quot;https:\\\/\\\/www.alimageducapsizun.org\\\/&quot;},&quot;category&quot;:&quot;\\u00c9v\\u00e9nements locaux&quot;,&quot;faq&quot;:[],&quot;event&quot;:&quot;Du 13\\\/09\\\/2026 \\u00e0 09:00 au 13\\\/09\\\/2026 \\u00e0 23:59&quot;,&quot;video_url&quot;:&quot;&quot;,&quot;video_embed&quot;:null,&quot;documents&quot;:[],&quot;gallery&quot;:[]}\">\n\n                <!-- Image + badge cat\u00e9gorie -->\n                <div class=\"em-card-img-wrap\">\n                                      <div class=\"em-card-placeholder\">\ud83d\udcf7 Pas d'image<\/div>\n                                    <span class=\"em-card-badge badge-default\">\u00c9v\u00e9nements locaux<\/span>\n                <\/div>\n\n                <!-- Contenu de la card -->\n                <div class=\"em-card-body\">\n                  <h3 class=\"em-card-title\">Marathon photo<\/h3>\n\n                  <!-- Tags r\u00e9sum\u00e9s (max 4) -->\n                  <div class=\"em-card-tags\">\n                                                          <\/div>\n\n                  <!-- Champs suppl\u00e9mentaires (max 3) -->\n                  <div class=\"em-card-fields\">\n                                          <div class=\"em-card-field\">\n                        <span class=\"em-card-field-label\">Titre :<\/span>\n                        <span class=\"em-card-field-value\">Marathon photo<\/span>\n                      <\/div>\n                                          <div class=\"em-card-field\">\n                        <span class=\"em-card-field-label\">Cat\u00e9gorie :<\/span>\n                        <span class=\"em-card-field-value\">Autres \u00e9v\u00e9nements<\/span>\n                      <\/div>\n                                          <div class=\"em-card-field\">\n                        <span class=\"em-card-field-label\">Ville :<\/span>\n                        <span class=\"em-card-field-value\">Pont-Croix<\/span>\n                      <\/div>\n                                      <\/div>\n\n                  <!-- Lien vers le d\u00e9tail -->\n                  <div class=\"em-card-footer\">\n                    <span>Voir le d\u00e9tail<\/span>\n                    <svg fill=\"none\" viewBox=\"0 0 24 24\" stroke=\"currentColor\" stroke-width=\"2\">\n                      <path stroke-linecap=\"round\" stroke-linejoin=\"round\" d=\"M13.5 4.5L21 12m0 0l-7.5 7.5M21 12H3\"><\/path>\n                    <\/svg>\n                  <\/div>\n                <\/div>\n              <\/article>\n                          <article class=\"em-card\"\n                data-type=\"evenements-locaux-6\"\n                data-features=\"\"\n                data-name=\"visite guid\u00e9e de l&#039;\u00eele tristan\"\n                data-json=\"{&quot;name&quot;:&quot;Visite guid\\u00e9e de l&#039;\\u00eele Tristan&quot;,&quot;image&quot;:&quot;&quot;,&quot;link&quot;:&quot;http:\\\/\\\/www.douarnenez-tourisme.com\\\/&quot;,&quot;data&quot;:{&quot;titre&quot;:&quot;Visite guid\\u00e9e de l&#039;\\u00eele Tristan&quot;,&quot;description&quot;:&quot;Situ\\u00e9e \\u00e0 quelques encablures de Douarnenez, l&#039;\\u00eele Tristan, site naturel prot\\u00e9g\\u00e9 est la propri\\u00e9t\\u00e9 du Conservatoire du Littoral. Marchez sur les pas du c\\u00e9l\\u00e8bre brigand de La Fontenelle, de Tristan et Yseult et des nombreux artistes qui ont fr\\u00e9quent\\u00e9 l&#039;\\u00eele au d\\u00e9but 20\\u00e8me si\\u00e8cle. Inscription obligatoire \\u00e0 l&#039;Office de Tourisme du Pays de Douarnenez ou sur le site internet. Chiens non admis. Les conditions m\\u00e9t\\u00e9orologiques et la houle peuvent nous contraindre \\u00e0 annuler la visite.&quot;,&quot;categorie&quot;:&quot;Sport &amp; randonn\\u00e9e&quot;,&quot;ville&quot;:&quot;Douarnenez&quot;,&quot;code_postal&quot;:&quot;29100&quot;,&quot;name&quot;:&quot;Visite guid\\u00e9e de l&#039;\\u00eele Tristan&quot;,&quot;latitude&quot;:&quot;48.0972725&quot;,&quot;longitude&quot;:&quot;-4.3354308&quot;,&quot;link&quot;:&quot;http:\\\/\\\/www.douarnenez-tourisme.com\\\/&quot;},&quot;category&quot;:&quot;\\u00c9v\\u00e9nements locaux&quot;,&quot;faq&quot;:[],&quot;event&quot;:&quot;Du 29\\\/08\\\/2026 \\u00e0 11:15 au 29\\\/08\\\/2026 \\u00e0 23:59&quot;,&quot;video_url&quot;:&quot;&quot;,&quot;video_embed&quot;:null,&quot;documents&quot;:[],&quot;gallery&quot;:[]}\">\n\n                <!-- Image + badge cat\u00e9gorie -->\n                <div class=\"em-card-img-wrap\">\n                                      <div class=\"em-card-placeholder\">\ud83d\udcf7 Pas d'image<\/div>\n                                    <span class=\"em-card-badge badge-default\">\u00c9v\u00e9nements locaux<\/span>\n                <\/div>\n\n                <!-- Contenu de la card -->\n                <div class=\"em-card-body\">\n                  <h3 class=\"em-card-title\">Visite guid\u00e9e de l&#039;\u00eele Tristan<\/h3>\n\n                  <!-- Tags r\u00e9sum\u00e9s (max 4) -->\n                  <div class=\"em-card-tags\">\n                                                          <\/div>\n\n                  <!-- Champs suppl\u00e9mentaires (max 3) -->\n                  <div class=\"em-card-fields\">\n                                          <div class=\"em-card-field\">\n                        <span class=\"em-card-field-label\">Titre :<\/span>\n                        <span class=\"em-card-field-value\">Visite guid\u00e9e de l&#039;\u00eele Tristan<\/span>\n                      <\/div>\n                                          <div class=\"em-card-field\">\n                        <span class=\"em-card-field-label\">Cat\u00e9gorie :<\/span>\n                        <span class=\"em-card-field-value\">Sport &amp; randonn\u00e9e<\/span>\n                      <\/div>\n                                          <div class=\"em-card-field\">\n                        <span class=\"em-card-field-label\">Ville :<\/span>\n                        <span class=\"em-card-field-value\">Douarnenez<\/span>\n                      <\/div>\n                                      <\/div>\n\n                  <!-- Lien vers le d\u00e9tail -->\n                  <div class=\"em-card-footer\">\n                    <span>Voir le d\u00e9tail<\/span>\n                    <svg fill=\"none\" viewBox=\"0 0 24 24\" stroke=\"currentColor\" stroke-width=\"2\">\n                      <path stroke-linecap=\"round\" stroke-linejoin=\"round\" d=\"M13.5 4.5L21 12m0 0l-7.5 7.5M21 12H3\"><\/path>\n                    <\/svg>\n                  <\/div>\n                <\/div>\n              <\/article>\n                          <article class=\"em-card\"\n                data-type=\"evenements-locaux-6\"\n                data-features=\"\"\n                data-name=\"visite de la brasserie diaoul\"\n                data-json=\"{&quot;name&quot;:&quot;Visite de la Brasserie Diaoul&quot;,&quot;image&quot;:&quot;&quot;,&quot;link&quot;:&quot;&quot;,&quot;data&quot;:{&quot;titre&quot;:&quot;Visite de la Brasserie Diaoul&quot;,&quot;description&quot;:&quot;La visite permettra de partager avec les visiteurs le processus de fabrication d\\u2019une bi\\u00e8re, de l\\u2019id\\u00e9e de la recette \\u00e0 la bouteille. Sur r\\u00e9servation.\\nLes vendredis et samedis.&quot;,&quot;categorie&quot;:&quot;Autres \\u00e9v\\u00e9nements&quot;,&quot;ville&quot;:&quot;Le Juch&quot;,&quot;code_postal&quot;:&quot;29100&quot;,&quot;name&quot;:&quot;Visite de la Brasserie Diaoul&quot;,&quot;latitude&quot;:&quot;48.0505673&quot;,&quot;longitude&quot;:&quot;-4.2864733&quot;},&quot;category&quot;:&quot;\\u00c9v\\u00e9nements locaux&quot;,&quot;faq&quot;:[],&quot;event&quot;:&quot;Du 01\\\/04\\\/2026 au 31\\\/10\\\/2026 \\u00e0 23:59&quot;,&quot;video_url&quot;:&quot;&quot;,&quot;video_embed&quot;:null,&quot;documents&quot;:[],&quot;gallery&quot;:[]}\">\n\n                <!-- Image + badge cat\u00e9gorie -->\n                <div class=\"em-card-img-wrap\">\n                                      <div class=\"em-card-placeholder\">\ud83d\udcf7 Pas d'image<\/div>\n                                    <span class=\"em-card-badge badge-default\">\u00c9v\u00e9nements locaux<\/span>\n                <\/div>\n\n                <!-- Contenu de la card -->\n                <div class=\"em-card-body\">\n                  <h3 class=\"em-card-title\">Visite de la Brasserie Diaoul<\/h3>\n\n                  <!-- Tags r\u00e9sum\u00e9s (max 4) -->\n                  <div class=\"em-card-tags\">\n                                                          <\/div>\n\n                  <!-- Champs suppl\u00e9mentaires (max 3) -->\n                  <div class=\"em-card-fields\">\n                                          <div class=\"em-card-field\">\n                        <span class=\"em-card-field-label\">Titre :<\/span>\n                        <span class=\"em-card-field-value\">Visite de la Brasserie Diaoul<\/span>\n                      <\/div>\n                                          <div class=\"em-card-field\">\n                        <span class=\"em-card-field-label\">Cat\u00e9gorie :<\/span>\n                        <span class=\"em-card-field-value\">Autres \u00e9v\u00e9nements<\/span>\n                      <\/div>\n                                          <div class=\"em-card-field\">\n                        <span class=\"em-card-field-label\">Ville :<\/span>\n                        <span class=\"em-card-field-value\">Le Juch<\/span>\n                      <\/div>\n                                      <\/div>\n\n                  <!-- Lien vers le d\u00e9tail -->\n                  <div class=\"em-card-footer\">\n                    <span>Voir le d\u00e9tail<\/span>\n                    <svg fill=\"none\" viewBox=\"0 0 24 24\" stroke=\"currentColor\" stroke-width=\"2\">\n                      <path stroke-linecap=\"round\" stroke-linejoin=\"round\" d=\"M13.5 4.5L21 12m0 0l-7.5 7.5M21 12H3\"><\/path>\n                    <\/svg>\n                  <\/div>\n                <\/div>\n              <\/article>\n                          <article class=\"em-card\"\n                data-type=\"evenements-locaux-6\"\n                data-features=\"\"\n                data-name=\"march\u00e9 des artisans et cr\u00e9ateurs\"\n                data-json=\"{&quot;name&quot;:&quot;March\\u00e9 des artisans et cr\\u00e9ateurs&quot;,&quot;image&quot;:&quot;&quot;,&quot;link&quot;:&quot;http:\\\/\\\/aimageducapsizun.org\\\/&quot;,&quot;data&quot;:{&quot;titre&quot;:&quot;March\\u00e9 des artisans et cr\\u00e9ateurs&quot;,&quot;description&quot;:&quot;Exposition-vente d&#039;une trentaine d&#039;artisans, artistes et cr\\u00e9ateurs organis\\u00e9e par le club photo A l&#039;Image du Cap Sizun. \\nBuvette et petite restauration sur place.&quot;,&quot;categorie&quot;:&quot;Expositions&quot;,&quot;ville&quot;:&quot;Pont-Croix&quot;,&quot;code_postal&quot;:&quot;29790&quot;,&quot;name&quot;:&quot;March\\u00e9 des artisans et cr\\u00e9ateurs&quot;,&quot;latitude&quot;:&quot;48.0416942&quot;,&quot;longitude&quot;:&quot;-4.4892502&quot;,&quot;link&quot;:&quot;http:\\\/\\\/aimageducapsizun.org\\\/&quot;},&quot;category&quot;:&quot;\\u00c9v\\u00e9nements locaux&quot;,&quot;faq&quot;:[],&quot;event&quot;:&quot;Du 13\\\/09\\\/2026 \\u00e0 10:00 au 13\\\/09\\\/2026 \\u00e0 23:59&quot;,&quot;video_url&quot;:&quot;&quot;,&quot;video_embed&quot;:null,&quot;documents&quot;:[],&quot;gallery&quot;:[]}\">\n\n                <!-- Image + badge cat\u00e9gorie -->\n                <div class=\"em-card-img-wrap\">\n                                      <div class=\"em-card-placeholder\">\ud83d\udcf7 Pas d'image<\/div>\n                                    <span class=\"em-card-badge badge-default\">\u00c9v\u00e9nements locaux<\/span>\n                <\/div>\n\n                <!-- Contenu de la card -->\n                <div class=\"em-card-body\">\n                  <h3 class=\"em-card-title\">March\u00e9 des artisans et cr\u00e9ateurs<\/h3>\n\n                  <!-- Tags r\u00e9sum\u00e9s (max 4) -->\n                  <div class=\"em-card-tags\">\n                                                          <\/div>\n\n                  <!-- Champs suppl\u00e9mentaires (max 3) -->\n                  <div class=\"em-card-fields\">\n                                          <div class=\"em-card-field\">\n                        <span class=\"em-card-field-label\">Titre :<\/span>\n                        <span class=\"em-card-field-value\">March\u00e9 des artisans et cr\u00e9ateurs<\/span>\n                      <\/div>\n                                          <div class=\"em-card-field\">\n                        <span class=\"em-card-field-label\">Cat\u00e9gorie :<\/span>\n                        <span class=\"em-card-field-value\">Expositions<\/span>\n                      <\/div>\n                                          <div class=\"em-card-field\">\n                        <span class=\"em-card-field-label\">Ville :<\/span>\n                        <span class=\"em-card-field-value\">Pont-Croix<\/span>\n                      <\/div>\n                                      <\/div>\n\n                  <!-- Lien vers le d\u00e9tail -->\n                  <div class=\"em-card-footer\">\n                    <span>Voir le d\u00e9tail<\/span>\n                    <svg fill=\"none\" viewBox=\"0 0 24 24\" stroke=\"currentColor\" stroke-width=\"2\">\n                      <path stroke-linecap=\"round\" stroke-linejoin=\"round\" d=\"M13.5 4.5L21 12m0 0l-7.5 7.5M21 12H3\"><\/path>\n                    <\/svg>\n                  <\/div>\n                <\/div>\n              <\/article>\n                          <article class=\"em-card\"\n                data-type=\"evenements-locaux-6\"\n                data-features=\"\"\n                data-name=\"d\u00e9couverte de la marche afghane\"\n                data-json=\"{&quot;name&quot;:&quot;D\\u00e9couverte de la marche Afghane&quot;,&quot;image&quot;:&quot;&quot;,&quot;link&quot;:&quot;https:\\\/\\\/terredecume.fr\\\/&quot;,&quot;data&quot;:{&quot;titre&quot;:&quot;D\\u00e9couverte de la marche Afghane&quot;,&quot;description&quot;:&quot;La marche afghane est une technique de respiration qui permet de synchroniser sa respiration avec le pas en fonction du terrain. \\n\\nMarchez aux c\\u00f4t\\u00e9s de Terre d&#039;\\u00e9cume sur les d\\u00e9nivel\\u00e9s de l\\u2019Iroise pour exp\\u00e9rimenter cette technique qui vous permettra de g\\u00e9rer votre effort physique pendant la marche. Nous travaillerons \\u00e9galement sur la prise de conscience du corps et sur la r\\u00e9cup\\u00e9ration.\\n\\nTous les lundis et mardis \\u00e0 13h30.\\nDisponibilit\\u00e9s et r\\u00e9servations en ligne sur terredecume.fr\\n\\u00c0 partir de 16 ans.\\n\\nR\\u00e9servable en formule \\&quot;cocon solo\\&quot;, vous partez seul avec moi.\\nCartes cadeaux disponibles.\\n\\nUne randonn\\u00e9e bien-\\u00eatre : relaxation, m\\u00e9ditation et respiration est \\u00e9galement disponible sur ce cr\\u00e9neau. Si cette sortie vous int\\u00e9resse, contactez Terre d&#039;\\u00e9cume.\\n\\nLes randonn\\u00e9es et balades nature propos\\u00e9es par Terre d&#039;\\u00c9cume sont accessibles \\u00e0 tous (de 16 \\u00e0 99 ans), la difficult\\u00e9 des circuits (distance, d\\u00e9nivel\\u00e9 et rythme de marche) est adapt\\u00e9e \\u00e0 chacun.\\nAcc\\u00e8s PMR et difficult\\u00e9 \\u00e0 se mouvoir (b\\u00e9quilles, ...)\\u00a0: circuits disponibles sur demande.&quot;,&quot;categorie&quot;:&quot;Sport &amp; randonn\\u00e9e&quot;,&quot;ville&quot;:&quot;Locmaria-Plouzan\\u00e9&quot;,&quot;code_postal&quot;:&quot;29280&quot;,&quot;name&quot;:&quot;D\\u00e9couverte de la marche Afghane&quot;,&quot;latitude&quot;:&quot;48.3744869&quot;,&quot;longitude&quot;:&quot;-4.6450747&quot;,&quot;link&quot;:&quot;https:\\\/\\\/terredecume.fr\\\/&quot;},&quot;category&quot;:&quot;\\u00c9v\\u00e9nements locaux&quot;,&quot;faq&quot;:[],&quot;event&quot;:&quot;Du 31\\\/08\\\/2026 \\u00e0 13:30 au 01\\\/09\\\/2026 \\u00e0 23:59&quot;,&quot;video_url&quot;:&quot;&quot;,&quot;video_embed&quot;:null,&quot;documents&quot;:[],&quot;gallery&quot;:[]}\">\n\n                <!-- Image + badge cat\u00e9gorie -->\n                <div class=\"em-card-img-wrap\">\n                                      <div class=\"em-card-placeholder\">\ud83d\udcf7 Pas d'image<\/div>\n                                    <span class=\"em-card-badge badge-default\">\u00c9v\u00e9nements locaux<\/span>\n                <\/div>\n\n                <!-- Contenu de la card -->\n                <div class=\"em-card-body\">\n                  <h3 class=\"em-card-title\">D\u00e9couverte de la marche Afghane<\/h3>\n\n                  <!-- Tags r\u00e9sum\u00e9s (max 4) -->\n                  <div class=\"em-card-tags\">\n                                                          <\/div>\n\n                  <!-- Champs suppl\u00e9mentaires (max 3) -->\n                  <div class=\"em-card-fields\">\n                                          <div class=\"em-card-field\">\n                        <span class=\"em-card-field-label\">Titre :<\/span>\n                        <span class=\"em-card-field-value\">D\u00e9couverte de la marche Afghane<\/span>\n                      <\/div>\n                                          <div class=\"em-card-field\">\n                        <span class=\"em-card-field-label\">Cat\u00e9gorie :<\/span>\n                        <span class=\"em-card-field-value\">Sport &amp; randonn\u00e9e<\/span>\n                      <\/div>\n                                          <div class=\"em-card-field\">\n                        <span class=\"em-card-field-label\">Ville :<\/span>\n                        <span class=\"em-card-field-value\">Locmaria-Plouzan\u00e9<\/span>\n                      <\/div>\n                                      <\/div>\n\n                  <!-- Lien vers le d\u00e9tail -->\n                  <div class=\"em-card-footer\">\n                    <span>Voir le d\u00e9tail<\/span>\n                    <svg fill=\"none\" viewBox=\"0 0 24 24\" stroke=\"currentColor\" stroke-width=\"2\">\n                      <path stroke-linecap=\"round\" stroke-linejoin=\"round\" d=\"M13.5 4.5L21 12m0 0l-7.5 7.5M21 12H3\"><\/path>\n                    <\/svg>\n                  <\/div>\n                <\/div>\n              <\/article>\n                          <article class=\"em-card\"\n                data-type=\"evenements-locaux-6\"\n                data-features=\"\"\n                data-name=\"pardon saint justin\"\n                data-json=\"{&quot;name&quot;:&quot;Pardon Saint Justin&quot;,&quot;image&quot;:&quot;&quot;,&quot;link&quot;:&quot;https:\\\/\\\/www.paroissesaintugdual.fr\\\/&quot;,&quot;data&quot;:{&quot;titre&quot;:&quot;Pardon Saint Justin&quot;,&quot;description&quot;:&quot;F\\u00eate religieuse typique bretonne, organis\\u00e9 par la paroisse St Tugdual&quot;,&quot;categorie&quot;:&quot;Autres \\u00e9v\\u00e9nements&quot;,&quot;ville&quot;:&quot;Guiler-sur-Goyen&quot;,&quot;code_postal&quot;:&quot;29710&quot;,&quot;name&quot;:&quot;Pardon Saint Justin&quot;,&quot;latitude&quot;:&quot;48.0153600&quot;,&quot;longitude&quot;:&quot;-4.3601200&quot;,&quot;link&quot;:&quot;https:\\\/\\\/www.paroissesaintugdual.fr\\\/&quot;},&quot;category&quot;:&quot;\\u00c9v\\u00e9nements locaux&quot;,&quot;faq&quot;:[],&quot;event&quot;:&quot;Du 13\\\/09\\\/2026 au 13\\\/09\\\/2026 \\u00e0 23:59&quot;,&quot;video_url&quot;:&quot;&quot;,&quot;video_embed&quot;:null,&quot;documents&quot;:[],&quot;gallery&quot;:[]}\">\n\n                <!-- Image + badge cat\u00e9gorie -->\n                <div class=\"em-card-img-wrap\">\n                                      <div class=\"em-card-placeholder\">\ud83d\udcf7 Pas d'image<\/div>\n                                    <span class=\"em-card-badge badge-default\">\u00c9v\u00e9nements locaux<\/span>\n                <\/div>\n\n                <!-- Contenu de la card -->\n                <div class=\"em-card-body\">\n                  <h3 class=\"em-card-title\">Pardon Saint Justin<\/h3>\n\n                  <!-- Tags r\u00e9sum\u00e9s (max 4) -->\n                  <div class=\"em-card-tags\">\n                                                          <\/div>\n\n                  <!-- Champs suppl\u00e9mentaires (max 3) -->\n                  <div class=\"em-card-fields\">\n                                          <div class=\"em-card-field\">\n                        <span class=\"em-card-field-label\">Titre :<\/span>\n                        <span class=\"em-card-field-value\">Pardon Saint Justin<\/span>\n                      <\/div>\n                                          <div class=\"em-card-field\">\n                        <span class=\"em-card-field-label\">Cat\u00e9gorie :<\/span>\n                        <span class=\"em-card-field-value\">Autres \u00e9v\u00e9nements<\/span>\n                      <\/div>\n                                          <div class=\"em-card-field\">\n                        <span class=\"em-card-field-label\">Ville :<\/span>\n                        <span class=\"em-card-field-value\">Guiler-sur-Goyen<\/span>\n                      <\/div>\n                                      <\/div>\n\n                  <!-- Lien vers le d\u00e9tail -->\n                  <div class=\"em-card-footer\">\n                    <span>Voir le d\u00e9tail<\/span>\n                    <svg fill=\"none\" viewBox=\"0 0 24 24\" stroke=\"currentColor\" stroke-width=\"2\">\n                      <path stroke-linecap=\"round\" stroke-linejoin=\"round\" d=\"M13.5 4.5L21 12m0 0l-7.5 7.5M21 12H3\"><\/path>\n                    <\/svg>\n                  <\/div>\n                <\/div>\n              <\/article>\n                          <article class=\"em-card\"\n                data-type=\"evenements-locaux-6\"\n                data-features=\"\"\n                data-name=\"les vendredis du camfrout\"\n                data-json=\"{&quot;name&quot;:&quot;Les Vendredis du Camfrout&quot;,&quot;image&quot;:&quot;&quot;,&quot;link&quot;:&quot;&quot;,&quot;data&quot;:{&quot;titre&quot;:&quot;Les Vendredis du Camfrout&quot;,&quot;description&quot;:&quot;Les Vendredis du Camfrout font leur grand retour !\\n\\nApr\\u00e8s quelques ann\\u00e9es d\\u2019absence, les \\u00ab Vendredis du Camfrout \\u00bb reviennent animer le c\\u0153ur de L\\u2019H\\u00f4pital-Camfrout. Organis\\u00e9e par la municipalit\\u00e9, cette nouvelle \\u00e9dition a \\u00e9t\\u00e9 imagin\\u00e9e avec une envie simple : redonner vie aux soir\\u00e9es d\\u2019\\u00e9t\\u00e9, faire vibrer la place de la mairie et offrir aux habitants comme aux visiteurs un moment de partage, de musique et de convivialit\\u00e9.\\n\\nChaque soir\\u00e9e aura sa propre ambiance :\\n\\n14 ao\\u00fbt : DJ Glaouch et ses marionnettes ouvriront les festivit\\u00e9s dans une ambiance festive et familiale.\\n21 ao\\u00fbt : place \\u00e0 la Bretagne avec Skipailh et Forzh Penaos, pour une soir\\u00e9e plac\\u00e9e sous le signe de la musique bretonne et de la danse.\\n28 ao\\u00fbt : The PhoenyX Land et Broken Hourglass cl\\u00f4tureront cette \\u00e9dition avec une soir\\u00e9e rock pleine d\\u2019\\u00e9nergie.\\n\\nSur place, chacun pourra profiter d\\u2019une buvette, de la friterie belge SERKEN, et de cr\\u00eapes bien s\\u00fbr, dans une ambiance chaleureuse et interg\\u00e9n\\u00e9rationnelle.\\n\\n\\u00c0 travers cette manifestation, la commune souhaite faire des Vendredis du Camfrout un rendez-vous incontournable de l\\u2019\\u00e9t\\u00e9, o\\u00f9 habitants, vacanciers, familles et amis se retrouvent pour partager un chouette moment, simple et festif.\\n\\nRepli \\u00e0 la salle Steredenn en cas de pluie. \\n\\nL\\u2019entr\\u00e9e est gratuite. Il ne manque plus que vous !&quot;,&quot;categorie&quot;:&quot;Concerts, musique &amp; festivals&quot;,&quot;ville&quot;:&quot;H\\u00f4pital-Camfrout&quot;,&quot;code_postal&quot;:&quot;29460&quot;,&quot;name&quot;:&quot;Les Vendredis du Camfrout&quot;,&quot;latitude&quot;:&quot;48.3279861&quot;,&quot;longitude&quot;:&quot;-4.2420348&quot;},&quot;category&quot;:&quot;\\u00c9v\\u00e9nements locaux&quot;,&quot;faq&quot;:[],&quot;event&quot;:&quot;Du 28\\\/08\\\/2026 \\u00e0 19:00 au 28\\\/08\\\/2026 \\u00e0 23:59&quot;,&quot;video_url&quot;:&quot;&quot;,&quot;video_embed&quot;:null,&quot;documents&quot;:[],&quot;gallery&quot;:[]}\">\n\n                <!-- Image + badge cat\u00e9gorie -->\n                <div class=\"em-card-img-wrap\">\n                                      <div class=\"em-card-placeholder\">\ud83d\udcf7 Pas d'image<\/div>\n                                    <span class=\"em-card-badge badge-default\">\u00c9v\u00e9nements locaux<\/span>\n                <\/div>\n\n                <!-- Contenu de la card -->\n                <div class=\"em-card-body\">\n                  <h3 class=\"em-card-title\">Les Vendredis du Camfrout<\/h3>\n\n                  <!-- Tags r\u00e9sum\u00e9s (max 4) -->\n                  <div class=\"em-card-tags\">\n                                                          <\/div>\n\n                  <!-- Champs suppl\u00e9mentaires (max 3) -->\n                  <div class=\"em-card-fields\">\n                                          <div class=\"em-card-field\">\n                        <span class=\"em-card-field-label\">Titre :<\/span>\n                        <span class=\"em-card-field-value\">Les Vendredis du Camfrout<\/span>\n                      <\/div>\n                                          <div class=\"em-card-field\">\n                        <span class=\"em-card-field-label\">Cat\u00e9gorie :<\/span>\n                        <span class=\"em-card-field-value\">Concerts, musique &amp; festivals<\/span>\n                      <\/div>\n                                          <div class=\"em-card-field\">\n                        <span class=\"em-card-field-label\">Ville :<\/span>\n                        <span class=\"em-card-field-value\">H\u00f4pital-Camfrout<\/span>\n                      <\/div>\n                                      <\/div>\n\n                  <!-- Lien vers le d\u00e9tail -->\n                  <div class=\"em-card-footer\">\n                    <span>Voir le d\u00e9tail<\/span>\n                    <svg fill=\"none\" viewBox=\"0 0 24 24\" stroke=\"currentColor\" stroke-width=\"2\">\n                      <path stroke-linecap=\"round\" stroke-linejoin=\"round\" d=\"M13.5 4.5L21 12m0 0l-7.5 7.5M21 12H3\"><\/path>\n                    <\/svg>\n                  <\/div>\n                <\/div>\n              <\/article>\n                          <article class=\"em-card\"\n                data-type=\"evenements-locaux-6\"\n                data-features=\"\"\n                data-name=\"pardon de notre dame de lorette\"\n                data-json=\"{&quot;name&quot;:&quot;Pardon de Notre Dame de Lorette&quot;,&quot;image&quot;:&quot;&quot;,&quot;link&quot;:&quot;&quot;,&quot;data&quot;:{&quot;titre&quot;:&quot;Pardon de Notre Dame de Lorette&quot;,&quot;description&quot;:&quot;Messe \\u00e0 10h30.&quot;,&quot;categorie&quot;:&quot;Autres \\u00e9v\\u00e9nements&quot;,&quot;ville&quot;:&quot;Plouhinec&quot;,&quot;code_postal&quot;:&quot;29780&quot;,&quot;name&quot;:&quot;Pardon de Notre Dame de Lorette&quot;,&quot;latitude&quot;:&quot;48.0140072&quot;,&quot;longitude&quot;:&quot;-4.4857280&quot;},&quot;category&quot;:&quot;\\u00c9v\\u00e9nements locaux&quot;,&quot;faq&quot;:[],&quot;event&quot;:&quot;Du 13\\\/09\\\/2026 \\u00e0 10:30 au 13\\\/09\\\/2026 \\u00e0 23:59&quot;,&quot;video_url&quot;:&quot;&quot;,&quot;video_embed&quot;:null,&quot;documents&quot;:[],&quot;gallery&quot;:[]}\">\n\n                <!-- Image + badge cat\u00e9gorie -->\n                <div class=\"em-card-img-wrap\">\n                                      <div class=\"em-card-placeholder\">\ud83d\udcf7 Pas d'image<\/div>\n                                    <span class=\"em-card-badge badge-default\">\u00c9v\u00e9nements locaux<\/span>\n                <\/div>\n\n                <!-- Contenu de la card -->\n                <div class=\"em-card-body\">\n                  <h3 class=\"em-card-title\">Pardon de Notre Dame de Lorette<\/h3>\n\n                  <!-- Tags r\u00e9sum\u00e9s (max 4) -->\n                  <div class=\"em-card-tags\">\n                                                          <\/div>\n\n                  <!-- Champs suppl\u00e9mentaires (max 3) -->\n                  <div class=\"em-card-fields\">\n                                          <div class=\"em-card-field\">\n                        <span class=\"em-card-field-label\">Titre :<\/span>\n                        <span class=\"em-card-field-value\">Pardon de Notre Dame de Lorette<\/span>\n                      <\/div>\n                                          <div class=\"em-card-field\">\n                        <span class=\"em-card-field-label\">Cat\u00e9gorie :<\/span>\n                        <span class=\"em-card-field-value\">Autres \u00e9v\u00e9nements<\/span>\n                      <\/div>\n                                          <div class=\"em-card-field\">\n                        <span class=\"em-card-field-label\">Ville :<\/span>\n                        <span class=\"em-card-field-value\">Plouhinec<\/span>\n                      <\/div>\n                                      <\/div>\n\n                  <!-- Lien vers le d\u00e9tail -->\n                  <div class=\"em-card-footer\">\n                    <span>Voir le d\u00e9tail<\/span>\n                    <svg fill=\"none\" viewBox=\"0 0 24 24\" stroke=\"currentColor\" stroke-width=\"2\">\n                      <path stroke-linecap=\"round\" stroke-linejoin=\"round\" d=\"M13.5 4.5L21 12m0 0l-7.5 7.5M21 12H3\"><\/path>\n                    <\/svg>\n                  <\/div>\n                <\/div>\n              <\/article>\n                          <article class=\"em-card\"\n                data-type=\"evenements-locaux-6\"\n                data-features=\"\"\n                data-name=\"activit\u00e9s \u00e0 la plage (2 -10 ans) - sea cool\"\n                data-json=\"{&quot;name&quot;:&quot;Activit\\u00e9s \\u00e0 la plage (2 -10 ans) - Sea Cool&quot;,&quot;image&quot;:&quot;&quot;,&quot;link&quot;:&quot;&quot;,&quot;data&quot;:{&quot;titre&quot;:&quot;Activit\\u00e9s \\u00e0 la plage (2 -10 ans) - Sea Cool&quot;,&quot;description&quot;:&quot;La Sea Cool propose des activit\\u00e9s pour les 2 \\u00e0 10 ans \\u00e0 la plage pendant les vacances d&#039;\\u00e9t\\u00e9 tous les jeudis et vendredis matin de 10h30 \\u00e0 12h00.\\nDes ateliers nature autour de la d\\u00e9couverte des mares, des algues, des animaux marins, des jeux ludiques seront au programme !\\nLe lieu de rendez-vous variera en fonction de la m\\u00e9t\\u00e9o et de la mar\\u00e9e, nous vous pr\\u00e9viendrons la veille.&quot;,&quot;categorie&quot;:&quot;En famille&quot;,&quot;ville&quot;:&quot;Primelin&quot;,&quot;code_postal&quot;:&quot;29770&quot;,&quot;name&quot;:&quot;Activit\\u00e9s \\u00e0 la plage (2 -10 ans) - Sea Cool&quot;,&quot;latitude&quot;:&quot;48.0146461&quot;,&quot;longitude&quot;:&quot;-4.5973837&quot;},&quot;category&quot;:&quot;\\u00c9v\\u00e9nements locaux&quot;,&quot;faq&quot;:[],&quot;event&quot;:&quot;Du 02\\\/07\\\/2026 \\u00e0 10:30 au 28\\\/08\\\/2026 \\u00e0 23:59&quot;,&quot;video_url&quot;:&quot;&quot;,&quot;video_embed&quot;:null,&quot;documents&quot;:[],&quot;gallery&quot;:[]}\">\n\n                <!-- Image + badge cat\u00e9gorie -->\n                <div class=\"em-card-img-wrap\">\n                                      <div class=\"em-card-placeholder\">\ud83d\udcf7 Pas d'image<\/div>\n                                    <span class=\"em-card-badge badge-default\">\u00c9v\u00e9nements locaux<\/span>\n                <\/div>\n\n                <!-- Contenu de la card -->\n                <div class=\"em-card-body\">\n                  <h3 class=\"em-card-title\">Activit\u00e9s \u00e0 la plage (2 -10 ans) - Sea Cool<\/h3>\n\n                  <!-- Tags r\u00e9sum\u00e9s (max 4) -->\n                  <div class=\"em-card-tags\">\n                                                          <\/div>\n\n                  <!-- Champs suppl\u00e9mentaires (max 3) -->\n                  <div class=\"em-card-fields\">\n                                          <div class=\"em-card-field\">\n                        <span class=\"em-card-field-label\">Titre :<\/span>\n                        <span class=\"em-card-field-value\">Activit\u00e9s \u00e0 la plage (2 -10 ans) - Sea Cool<\/span>\n                      <\/div>\n                                          <div class=\"em-card-field\">\n                        <span class=\"em-card-field-label\">Cat\u00e9gorie :<\/span>\n                        <span class=\"em-card-field-value\">En famille<\/span>\n                      <\/div>\n                                          <div class=\"em-card-field\">\n                        <span class=\"em-card-field-label\">Ville :<\/span>\n                        <span class=\"em-card-field-value\">Primelin<\/span>\n                      <\/div>\n                                      <\/div>\n\n                  <!-- Lien vers le d\u00e9tail -->\n                  <div class=\"em-card-footer\">\n                    <span>Voir le d\u00e9tail<\/span>\n                    <svg fill=\"none\" viewBox=\"0 0 24 24\" stroke=\"currentColor\" stroke-width=\"2\">\n                      <path stroke-linecap=\"round\" stroke-linejoin=\"round\" d=\"M13.5 4.5L21 12m0 0l-7.5 7.5M21 12H3\"><\/path>\n                    <\/svg>\n                  <\/div>\n                <\/div>\n              <\/article>\n                          <article class=\"em-card\"\n                data-type=\"evenements-locaux-6\"\n                data-features=\"\"\n                data-name=\"s\u00e9jour rando sur le gr34\u00ae. pointe du raz - ile de sein 6j\/6n\"\n                data-json=\"{&quot;name&quot;:&quot;S\\u00e9jour rando sur le GR34\\u00ae. Pointe du Raz - Ile de Sein 6J\\\/6N&quot;,&quot;image&quot;:&quot;&quot;,&quot;link&quot;:&quot;https:\\\/\\\/www.sentiersmaritimes.com\\\/rando-accompagnee-bretagne-normandie\\\/221-la-pointe-du-raz-et-l-ile-de-sein.html&quot;,&quot;data&quot;:{&quot;titre&quot;:&quot;S\\u00e9jour rando sur le GR34\\u00ae. Pointe du Raz - Ile de Sein 6J\\\/6N&quot;,&quot;description&quot;:&quot;Six jours de rando accompagn\\u00e9e sur la c\\u00f4te qui surplombe la mer d&#039;Iroise. Du Raz de Sein \\u00e0 la Baie de Douarnenez, pouss\\u00e9s par un l\\u00e9ger vent de noiro\\u00eet ou (d\\u00e9)coiff\\u00e9s par les embruns, suivez Marie ! au d\\u00e9tour du sentier, elle vous emm\\u00e8ne \\u00e0 la rencontre de l&#039;\\u00e2me du Cap-Sizun. Et vous embarque jusque l&#039;\\u00eele de Sein pour une escapade de l&#039;autre c\\u00f4t\\u00e9 de l&#039;horizon ...\\nH\\u00e9berg\\u00e9s dans un g\\u00eete con\\u00e7u pour les randonneurs, vous profiterez de repas confectionn\\u00e9s \\u00e0 partir de produits locaux de qualit\\u00e9.&quot;,&quot;categorie&quot;:&quot;Sport &amp; randonn\\u00e9e&quot;,&quot;ville&quot;:&quot;Plogoff&quot;,&quot;code_postal&quot;:&quot;29770&quot;,&quot;name&quot;:&quot;S\\u00e9jour rando sur le GR34\\u00ae. Pointe du Raz - Ile de Sein 6J\\\/6N&quot;,&quot;latitude&quot;:&quot;48.0366740&quot;,&quot;longitude&quot;:&quot;-4.6664990&quot;,&quot;link&quot;:&quot;https:\\\/\\\/www.sentiersmaritimes.com\\\/rando-accompagnee-bretagne-normandie\\\/221-la-pointe-du-raz-et-l-ile-de-sein.html&quot;},&quot;category&quot;:&quot;\\u00c9v\\u00e9nements locaux&quot;,&quot;faq&quot;:[],&quot;event&quot;:&quot;Du 13\\\/09\\\/2026 au 19\\\/09\\\/2026 \\u00e0 23:59&quot;,&quot;video_url&quot;:&quot;&quot;,&quot;video_embed&quot;:null,&quot;documents&quot;:[],&quot;gallery&quot;:[]}\">\n\n                <!-- Image + badge cat\u00e9gorie -->\n                <div class=\"em-card-img-wrap\">\n                                      <div class=\"em-card-placeholder\">\ud83d\udcf7 Pas d'image<\/div>\n                                    <span class=\"em-card-badge badge-default\">\u00c9v\u00e9nements locaux<\/span>\n                <\/div>\n\n                <!-- Contenu de la card -->\n                <div class=\"em-card-body\">\n                  <h3 class=\"em-card-title\">S\u00e9jour rando sur le GR34\u00ae. Pointe du Raz - Ile de Sein 6J\/6N<\/h3>\n\n                  <!-- Tags r\u00e9sum\u00e9s (max 4) -->\n                  <div class=\"em-card-tags\">\n                                                          <\/div>\n\n                  <!-- Champs suppl\u00e9mentaires (max 3) -->\n                  <div class=\"em-card-fields\">\n                                          <div class=\"em-card-field\">\n                        <span class=\"em-card-field-label\">Titre :<\/span>\n                        <span class=\"em-card-field-value\">S\u00e9jour rando sur le GR34\u00ae. Pointe du Raz - Ile de Sein 6J\/6N<\/span>\n                      <\/div>\n                                          <div class=\"em-card-field\">\n                        <span class=\"em-card-field-label\">Cat\u00e9gorie :<\/span>\n                        <span class=\"em-card-field-value\">Sport &amp; randonn\u00e9e<\/span>\n                      <\/div>\n                                          <div class=\"em-card-field\">\n                        <span class=\"em-card-field-label\">Ville :<\/span>\n                        <span class=\"em-card-field-value\">Plogoff<\/span>\n                      <\/div>\n                                      <\/div>\n\n                  <!-- Lien vers le d\u00e9tail -->\n                  <div class=\"em-card-footer\">\n                    <span>Voir le d\u00e9tail<\/span>\n                    <svg fill=\"none\" viewBox=\"0 0 24 24\" stroke=\"currentColor\" stroke-width=\"2\">\n                      <path stroke-linecap=\"round\" stroke-linejoin=\"round\" d=\"M13.5 4.5L21 12m0 0l-7.5 7.5M21 12H3\"><\/path>\n                    <\/svg>\n                  <\/div>\n                <\/div>\n              <\/article>\n                          <article class=\"em-card\"\n                data-type=\"evenements-locaux-6\"\n                data-features=\"\"\n                data-name=\"exposition : bretagne sacr\u00e9e, bretagne celtique\"\n                data-json=\"{&quot;name&quot;:&quot;Exposition : Bretagne sacr\\u00e9e, Bretagne celtique&quot;,&quot;image&quot;:&quot;&quot;,&quot;link&quot;:&quot;&quot;,&quot;data&quot;:{&quot;titre&quot;:&quot;Exposition : Bretagne sacr\\u00e9e, Bretagne celtique&quot;,&quot;description&quot;:&quot;Bretagne sacr\\u00e9e, Bretagne celtique : le calendrier, les f\\u00eates et leurs survivances populaires\\n\\nLes f\\u00eates celtiques font-elles partie d\\u2019un pass\\u00e9 lointain \\u00e0 jamais r\\u00e9volu ? A quoi correspondent les trom\\u00e9nies, les f\\u00eates de la Saint-Jean et de No\\u00ebl et la tradition d\\u2019accrocher une branche de h\\u00eatre aux maisons d\\u00e9but mai ?\\n\\nNous sommes aujourd\\u2019hui en pr\\u00e9sence d\\u2019un h\\u00e9ritage fort dispers\\u00e9, d\\u2019une sorte de puzzle dont les morceaux repr\\u00e9sentent les mythes, les contes et l\\u00e9gendes, et les recherches dans diverses disciplines comme l\\u2019arch\\u00e9ologie, l\\u2019ethnologie, la topom\\u00e9trie, l\\u2019hagiographie\\u2026 ; puzzle dont il est passionnant de reconstituer les morceaux.\\n\\nL\\u2019exposition, r\\u00e9alis\\u00e9e par H\\u00e9l\\u00e8ne Barazer, permet de mettre en \\u00e9vidence un pass\\u00e9 qui est toujours pr\\u00e9sent : les f\\u00eates des solstices r\\u00e9pondent \\u00e0 d\\u2019anciennes f\\u00eates en l\\u2019honneur d\\u2019un dieu solaire, la Samain est devenue la Toussaint\\u2026 le tout \\u00e0 travers le d\\u00e9coupage de l\\u2019ann\\u00e9e suivant un mod\\u00e8le celtique luni-solaire.\\n\\nPetit voyage \\u00e0 travers le temps et l\\u2019espace, \\u00e0 travers les traditions, les rites et les\\ncroyances populaires d\\u2019aujourd\\u2019hui, \\u00e0 la recherche de ces traces partout discernables d\\u2019un pass\\u00e9 disparu...en surface, uniquement !\\n\\nLes Th\\u00e8mes : Le soleil et la lune ; Quelques grands principes des Celtes ; L\\u2019ann\\u00e9e\\nceltique ; Le jour et la nuit ; Le cerf et le loup ; Le solstice d\\u2019hiver ; Le solstice d\\u2019\\u00e9t\\u00e9 ; \\nLes quatre f\\u00eates druidiques : Samain, Imbolc, Beltaine, Lugnasad&quot;,&quot;categorie&quot;:&quot;Expositions&quot;,&quot;ville&quot;:&quot;Douarnenez&quot;,&quot;code_postal&quot;:&quot;29100&quot;,&quot;name&quot;:&quot;Exposition : Bretagne sacr\\u00e9e, Bretagne celtique&quot;,&quot;latitude&quot;:&quot;48.0934247&quot;,&quot;longitude&quot;:&quot;-4.3257356&quot;},&quot;category&quot;:&quot;\\u00c9v\\u00e9nements locaux&quot;,&quot;faq&quot;:[],&quot;event&quot;:&quot;Du 01\\\/07\\\/2026 \\u00e0 10:00 au 30\\\/09\\\/2026 \\u00e0 23:59&quot;,&quot;video_url&quot;:&quot;&quot;,&quot;video_embed&quot;:null,&quot;documents&quot;:[],&quot;gallery&quot;:[]}\">\n\n                <!-- Image + badge cat\u00e9gorie -->\n                <div class=\"em-card-img-wrap\">\n                                      <div class=\"em-card-placeholder\">\ud83d\udcf7 Pas d'image<\/div>\n                                    <span class=\"em-card-badge badge-default\">\u00c9v\u00e9nements locaux<\/span>\n                <\/div>\n\n                <!-- Contenu de la card -->\n                <div class=\"em-card-body\">\n                  <h3 class=\"em-card-title\">Exposition : Bretagne sacr\u00e9e, Bretagne celtique<\/h3>\n\n                  <!-- Tags r\u00e9sum\u00e9s (max 4) -->\n                  <div class=\"em-card-tags\">\n                                                          <\/div>\n\n                  <!-- Champs suppl\u00e9mentaires (max 3) -->\n                  <div class=\"em-card-fields\">\n                                          <div class=\"em-card-field\">\n                        <span class=\"em-card-field-label\">Titre :<\/span>\n                        <span class=\"em-card-field-value\">Exposition : Bretagne sacr\u00e9e, Bretagne celtique<\/span>\n                      <\/div>\n                                          <div class=\"em-card-field\">\n                        <span class=\"em-card-field-label\">Cat\u00e9gorie :<\/span>\n                        <span class=\"em-card-field-value\">Expositions<\/span>\n                      <\/div>\n                                          <div class=\"em-card-field\">\n                        <span class=\"em-card-field-label\">Ville :<\/span>\n                        <span class=\"em-card-field-value\">Douarnenez<\/span>\n                      <\/div>\n                                      <\/div>\n\n                  <!-- Lien vers le d\u00e9tail -->\n                  <div class=\"em-card-footer\">\n                    <span>Voir le d\u00e9tail<\/span>\n                    <svg fill=\"none\" viewBox=\"0 0 24 24\" stroke=\"currentColor\" stroke-width=\"2\">\n                      <path stroke-linecap=\"round\" stroke-linejoin=\"round\" d=\"M13.5 4.5L21 12m0 0l-7.5 7.5M21 12H3\"><\/path>\n                    <\/svg>\n                  <\/div>\n                <\/div>\n              <\/article>\n                          <article class=\"em-card\"\n                data-type=\"evenements-locaux-6\"\n                data-features=\"\"\n                data-name=\"visites mensuelles du mus\u00e9e vivant de l&#039;imprimerie pam\"\n                data-json=\"{&quot;name&quot;:&quot;Visites mensuelles du mus\\u00e9e vivant de l&#039;imprimerie PAM&quot;,&quot;image&quot;:&quot;&quot;,&quot;link&quot;:&quot;https:\\\/\\\/www.lapambrest.fr\\\/d-tails-et-inscription\\\/visites-mensuelles-du-musee-vivant-de-limprimerie-pam-8?utm_campaign=f7f2679a-5fd2-457e-a7ad-6ad752cc4047&amp;utm_source=so&amp;utm_medium=mail&amp;cid=2bc7c3bf-4f10-47c6-90ee-258481c69049&quot;,&quot;data&quot;:{&quot;titre&quot;:&quot;Visites mensuelles du mus\\u00e9e vivant de l&#039;imprimerie PAM&quot;,&quot;description&quot;:&quot;Visite comment\\u00e9e: \\nVenez d\\u00e9couvrir les tr\\u00e9sors de l&#039;ancienne imprimerie PAM qui poss\\u00e8de plus de 3000 pierres lithographiques ! Son histoire et son activit\\u00e9 vous seront cont\\u00e9es par un membre de l&#039;association Les Enfants de Gutenberg qui g\\u00e8re ce fonds patrimonial exceptionnel. \\n\\n\\nLes visites sont ouvertes \\u00e0 tous, gratuites et sans inscriptions au pr\\u00e9alable. Le RDV est donn\\u00e9 au sous-sol de la PAM, au pied de l&#039;escalier en colima\\u00e7on.\\n\\nInformations pratiques : \\nDur\\u00e9e 1h.&quot;,&quot;categorie&quot;:&quot;Autres \\u00e9v\\u00e9nements&quot;,&quot;ville&quot;:&quot;Brest&quot;,&quot;code_postal&quot;:&quot;29200&quot;,&quot;name&quot;:&quot;Visites mensuelles du mus\\u00e9e vivant de l&#039;imprimerie PAM&quot;,&quot;latitude&quot;:&quot;48.3873000&quot;,&quot;longitude&quot;:&quot;-4.4917445&quot;,&quot;link&quot;:&quot;https:\\\/\\\/www.lapambrest.fr\\\/d-tails-et-inscription\\\/visites-mensuelles-du-musee-vivant-de-limprimerie-pam-8?utm_campaign=f7f2679a-5fd2-457e-a7ad-6ad752cc4047&amp;utm_source=so&amp;utm_medium=mail&amp;cid=2bc7c3bf-4f10-47c6-90ee-258481c69049&quot;},&quot;category&quot;:&quot;\\u00c9v\\u00e9nements locaux&quot;,&quot;faq&quot;:[],&quot;event&quot;:&quot;Du 29\\\/08\\\/2026 \\u00e0 11:00 au 29\\\/08\\\/2026 \\u00e0 23:59&quot;,&quot;video_url&quot;:&quot;&quot;,&quot;video_embed&quot;:null,&quot;documents&quot;:[],&quot;gallery&quot;:[]}\">\n\n                <!-- Image + badge cat\u00e9gorie -->\n                <div class=\"em-card-img-wrap\">\n                                      <div class=\"em-card-placeholder\">\ud83d\udcf7 Pas d'image<\/div>\n                                    <span class=\"em-card-badge badge-default\">\u00c9v\u00e9nements locaux<\/span>\n                <\/div>\n\n                <!-- Contenu de la card -->\n                <div class=\"em-card-body\">\n                  <h3 class=\"em-card-title\">Visites mensuelles du mus\u00e9e vivant de l&#039;imprimerie PAM<\/h3>\n\n                  <!-- Tags r\u00e9sum\u00e9s (max 4) -->\n                  <div class=\"em-card-tags\">\n                                                          <\/div>\n\n                  <!-- Champs suppl\u00e9mentaires (max 3) -->\n                  <div class=\"em-card-fields\">\n                                          <div class=\"em-card-field\">\n                        <span class=\"em-card-field-label\">Titre :<\/span>\n                        <span class=\"em-card-field-value\">Visites mensuelles du mus\u00e9e vivant de l&#039;imprimerie PAM<\/span>\n                      <\/div>\n                                          <div class=\"em-card-field\">\n                        <span class=\"em-card-field-label\">Cat\u00e9gorie :<\/span>\n                        <span class=\"em-card-field-value\">Autres \u00e9v\u00e9nements<\/span>\n                      <\/div>\n                                          <div class=\"em-card-field\">\n                        <span class=\"em-card-field-label\">Ville :<\/span>\n                        <span class=\"em-card-field-value\">Brest<\/span>\n                      <\/div>\n                                      <\/div>\n\n                  <!-- Lien vers le d\u00e9tail -->\n                  <div class=\"em-card-footer\">\n                    <span>Voir le d\u00e9tail<\/span>\n                    <svg fill=\"none\" viewBox=\"0 0 24 24\" stroke=\"currentColor\" stroke-width=\"2\">\n                      <path stroke-linecap=\"round\" stroke-linejoin=\"round\" d=\"M13.5 4.5L21 12m0 0l-7.5 7.5M21 12H3\"><\/path>\n                    <\/svg>\n                  <\/div>\n                <\/div>\n              <\/article>\n                          <article class=\"em-card\"\n                data-type=\"evenements-locaux-6\"\n                data-features=\"\"\n                data-name=\"march\u00e9\"\n                data-json=\"{&quot;name&quot;:&quot;March\\u00e9&quot;,&quot;image&quot;:&quot;&quot;,&quot;link&quot;:&quot;&quot;,&quot;data&quot;:{&quot;titre&quot;:&quot;March\\u00e9&quot;,&quot;description&quot;:&quot;Tous les vendredis matin : march\\u00e9 tous produits - toute l&#039;ann\\u00e9e de 8h00 \\u00e0 13h00  sur la placette de l&#039;\\u00e9glise et le long de la rue de la plage.&quot;,&quot;categorie&quot;:&quot;March\\u00e9s &amp; foires&quot;,&quot;ville&quot;:&quot;Plomodiern&quot;,&quot;code_postal&quot;:&quot;29550&quot;,&quot;name&quot;:&quot;March\\u00e9&quot;,&quot;latitude&quot;:&quot;48.1816350&quot;,&quot;longitude&quot;:&quot;-4.2327410&quot;},&quot;category&quot;:&quot;\\u00c9v\\u00e9nements locaux&quot;,&quot;faq&quot;:[],&quot;event&quot;:&quot;Du 01\\\/01\\\/2026 \\u00e0 08:00 au 31\\\/12\\\/2026 \\u00e0 23:59&quot;,&quot;video_url&quot;:&quot;&quot;,&quot;video_embed&quot;:null,&quot;documents&quot;:[],&quot;gallery&quot;:[]}\">\n\n                <!-- Image + badge cat\u00e9gorie -->\n                <div class=\"em-card-img-wrap\">\n                                      <div class=\"em-card-placeholder\">\ud83d\udcf7 Pas d'image<\/div>\n                                    <span class=\"em-card-badge badge-default\">\u00c9v\u00e9nements locaux<\/span>\n                <\/div>\n\n                <!-- Contenu de la card -->\n                <div class=\"em-card-body\">\n                  <h3 class=\"em-card-title\">March\u00e9<\/h3>\n\n                  <!-- Tags r\u00e9sum\u00e9s (max 4) -->\n                  <div class=\"em-card-tags\">\n                                                          <\/div>\n\n                  <!-- Champs suppl\u00e9mentaires (max 3) -->\n                  <div class=\"em-card-fields\">\n                                          <div class=\"em-card-field\">\n                        <span class=\"em-card-field-label\">Titre :<\/span>\n                        <span class=\"em-card-field-value\">March\u00e9<\/span>\n                      <\/div>\n                                          <div class=\"em-card-field\">\n                        <span class=\"em-card-field-label\">Cat\u00e9gorie :<\/span>\n                        <span class=\"em-card-field-value\">March\u00e9s &amp; foires<\/span>\n                      <\/div>\n                                          <div class=\"em-card-field\">\n                        <span class=\"em-card-field-label\">Ville :<\/span>\n                        <span class=\"em-card-field-value\">Plomodiern<\/span>\n                      <\/div>\n                                      <\/div>\n\n                  <!-- Lien vers le d\u00e9tail -->\n                  <div class=\"em-card-footer\">\n                    <span>Voir le d\u00e9tail<\/span>\n                    <svg fill=\"none\" viewBox=\"0 0 24 24\" stroke=\"currentColor\" stroke-width=\"2\">\n                      <path stroke-linecap=\"round\" stroke-linejoin=\"round\" d=\"M13.5 4.5L21 12m0 0l-7.5 7.5M21 12H3\"><\/path>\n                    <\/svg>\n                  <\/div>\n                <\/div>\n              <\/article>\n                          <article class=\"em-card\"\n                data-type=\"evenements-locaux-6\"\n                data-features=\"\"\n                data-name=\"spectacle partage - cirque fran\u00e7ais\"\n                data-json=\"{&quot;name&quot;:&quot;Spectacle Partage - Cirque Fran\\u00e7ais&quot;,&quot;image&quot;:&quot;&quot;,&quot;link&quot;:&quot;https:\\\/\\\/www.cirquefrancais.com\\\/spectacles-et-plus-encore\\\/&quot;,&quot;data&quot;:{&quot;titre&quot;:&quot;Spectacle Partage - Cirque Fran\\u00e7ais&quot;,&quot;description&quot;:&quot;Bienvenue dans la nouvelle cr\\u00e9ation du Cirque Fran\\u00e7ais, un voyage \\u00e0 travers les arts.\\nCette ann\\u00e9e, le chapiteau se transforme en Mus\\u00e9e vivant, mettant en sc\\u00e8ne les diff\\u00e9rentes cat\\u00e9gories d\\u2019art, que notre guide vous fera d\\u00e9couvrir avec passion : L\\u2019art ne prend tout son sens que lorsqu\\u2019il est partag\\u00e9.\\n\\nInformation pratique : \\nDur\\u00e9e 1h30 avec entracte.&quot;,&quot;categorie&quot;:&quot;En famille&quot;,&quot;ville&quot;:&quot;Brest&quot;,&quot;code_postal&quot;:&quot;29200&quot;,&quot;name&quot;:&quot;Spectacle Partage - Cirque Fran\\u00e7ais&quot;,&quot;latitude&quot;:&quot;48.3822080&quot;,&quot;longitude&quot;:&quot;-4.4890438&quot;,&quot;link&quot;:&quot;https:\\\/\\\/www.cirquefrancais.com\\\/spectacles-et-plus-encore\\\/&quot;},&quot;category&quot;:&quot;\\u00c9v\\u00e9nements locaux&quot;,&quot;faq&quot;:[],&quot;event&quot;:&quot;Du 30\\\/08\\\/2026 \\u00e0 10:30 au 30\\\/08\\\/2026 \\u00e0 23:59&quot;,&quot;video_url&quot;:&quot;&quot;,&quot;video_embed&quot;:null,&quot;documents&quot;:[],&quot;gallery&quot;:[]}\">\n\n                <!-- Image + badge cat\u00e9gorie -->\n                <div class=\"em-card-img-wrap\">\n                                      <div class=\"em-card-placeholder\">\ud83d\udcf7 Pas d'image<\/div>\n                                    <span class=\"em-card-badge badge-default\">\u00c9v\u00e9nements locaux<\/span>\n                <\/div>\n\n                <!-- Contenu de la card -->\n                <div class=\"em-card-body\">\n                  <h3 class=\"em-card-title\">Spectacle Partage - Cirque Fran\u00e7ais<\/h3>\n\n                  <!-- Tags r\u00e9sum\u00e9s (max 4) -->\n                  <div class=\"em-card-tags\">\n                                                          <\/div>\n\n                  <!-- Champs suppl\u00e9mentaires (max 3) -->\n                  <div class=\"em-card-fields\">\n                                          <div class=\"em-card-field\">\n                        <span class=\"em-card-field-label\">Titre :<\/span>\n                        <span class=\"em-card-field-value\">Spectacle Partage - Cirque Fran\u00e7ais<\/span>\n                      <\/div>\n                                          <div class=\"em-card-field\">\n                        <span class=\"em-card-field-label\">Cat\u00e9gorie :<\/span>\n                        <span class=\"em-card-field-value\">En famille<\/span>\n                      <\/div>\n                                          <div class=\"em-card-field\">\n                        <span class=\"em-card-field-label\">Ville :<\/span>\n                        <span class=\"em-card-field-value\">Brest<\/span>\n                      <\/div>\n                                      <\/div>\n\n                  <!-- Lien vers le d\u00e9tail -->\n                  <div class=\"em-card-footer\">\n                    <span>Voir le d\u00e9tail<\/span>\n                    <svg fill=\"none\" viewBox=\"0 0 24 24\" stroke=\"currentColor\" stroke-width=\"2\">\n                      <path stroke-linecap=\"round\" stroke-linejoin=\"round\" d=\"M13.5 4.5L21 12m0 0l-7.5 7.5M21 12H3\"><\/path>\n                    <\/svg>\n                  <\/div>\n                <\/div>\n              <\/article>\n                          <article class=\"em-card\"\n                data-type=\"evenements-locaux-6\"\n                data-features=\"\"\n                data-name=\"comice agricole du pays bigouden\"\n                data-json=\"{&quot;name&quot;:&quot;Comice agricole du Pays Bigouden&quot;,&quot;image&quot;:&quot;&quot;,&quot;link&quot;:&quot;&quot;,&quot;data&quot;:{&quot;titre&quot;:&quot;Comice agricole du Pays Bigouden&quot;,&quot;description&quot;:&quot;Rencontre du monde agricole et rural , dans un souci de communication , aupr\\u00e8s d&#039; un public initi\\u00e9 ou pas . De nombreuses animations avec en point d&#039; orgue 1 concours de bovins , et surtout de vaches laiti\\u00e8res pr\\u00e9sent\\u00e9es par des \\u00e9leveurs passionn\\u00e9s de leurs m\\u00e9tier et de l&#039; \\u00e9levage.\\n Un concours avec des enfants qui suivent les traces de leurs parents et pr\\u00e9senteront sur le ring des animaux dress\\u00e9s \\u00e0 la perfection .\\n Une pr\\u00e9sentation de chevaux de moutons et autres ch\\u00e8vres compl\\u00e9tera la partie animale . \\n\\nLes producteurs locaux comme tout un chacun sont invit\\u00e9s \\u00e0 pr\\u00e9senter et vendre leurs productions.\\n\\n A midi un repas servi par les associations locales sera propos\\u00e9 au prix de 15 euros .\\nOrganis\\u00e9 par passion \\u00e9l\\u00e9vage&quot;,&quot;categorie&quot;:&quot;Autres \\u00e9v\\u00e9nements&quot;,&quot;ville&quot;:&quot;Ploz\\u00e9vet&quot;,&quot;code_postal&quot;:&quot;29710&quot;,&quot;name&quot;:&quot;Comice agricole du Pays Bigouden&quot;,&quot;latitude&quot;:&quot;47.9858100&quot;,&quot;longitude&quot;:&quot;-4.4204500&quot;},&quot;category&quot;:&quot;\\u00c9v\\u00e9nements locaux&quot;,&quot;faq&quot;:[],&quot;event&quot;:&quot;Du 29\\\/08\\\/2026 au 29\\\/08\\\/2026 \\u00e0 23:59&quot;,&quot;video_url&quot;:&quot;&quot;,&quot;video_embed&quot;:null,&quot;documents&quot;:[],&quot;gallery&quot;:[]}\">\n\n                <!-- Image + badge cat\u00e9gorie -->\n                <div class=\"em-card-img-wrap\">\n                                      <div class=\"em-card-placeholder\">\ud83d\udcf7 Pas d'image<\/div>\n                                    <span class=\"em-card-badge badge-default\">\u00c9v\u00e9nements locaux<\/span>\n                <\/div>\n\n                <!-- Contenu de la card -->\n                <div class=\"em-card-body\">\n                  <h3 class=\"em-card-title\">Comice agricole du Pays Bigouden<\/h3>\n\n                  <!-- Tags r\u00e9sum\u00e9s (max 4) -->\n                  <div class=\"em-card-tags\">\n                                                          <\/div>\n\n                  <!-- Champs suppl\u00e9mentaires (max 3) -->\n                  <div class=\"em-card-fields\">\n                                          <div class=\"em-card-field\">\n                        <span class=\"em-card-field-label\">Titre :<\/span>\n                        <span class=\"em-card-field-value\">Comice agricole du Pays Bigouden<\/span>\n                      <\/div>\n                                          <div class=\"em-card-field\">\n                        <span class=\"em-card-field-label\">Cat\u00e9gorie :<\/span>\n                        <span class=\"em-card-field-value\">Autres \u00e9v\u00e9nements<\/span>\n                      <\/div>\n                                          <div class=\"em-card-field\">\n                        <span class=\"em-card-field-label\">Ville :<\/span>\n                        <span class=\"em-card-field-value\">Ploz\u00e9vet<\/span>\n                      <\/div>\n                                      <\/div>\n\n                  <!-- Lien vers le d\u00e9tail -->\n                  <div class=\"em-card-footer\">\n                    <span>Voir le d\u00e9tail<\/span>\n                    <svg fill=\"none\" viewBox=\"0 0 24 24\" stroke=\"currentColor\" stroke-width=\"2\">\n                      <path stroke-linecap=\"round\" stroke-linejoin=\"round\" d=\"M13.5 4.5L21 12m0 0l-7.5 7.5M21 12H3\"><\/path>\n                    <\/svg>\n                  <\/div>\n                <\/div>\n              <\/article>\n                          <article class=\"em-card\"\n                data-type=\"evenements-locaux-6\"\n                data-features=\"\"\n                data-name=\"d\u00e9couverte de la marche afghane\"\n                data-json=\"{&quot;name&quot;:&quot;D\\u00e9couverte de la marche Afghane&quot;,&quot;image&quot;:&quot;&quot;,&quot;link&quot;:&quot;https:\\\/\\\/terredecume.fr\\\/&quot;,&quot;data&quot;:{&quot;titre&quot;:&quot;D\\u00e9couverte de la marche Afghane&quot;,&quot;description&quot;:&quot;La marche afghane est une technique de respiration qui permet de synchroniser sa respiration avec le pas en fonction du terrain. \\n\\nMarchez aux c\\u00f4t\\u00e9s de Terre d&#039;\\u00e9cume sur les d\\u00e9nivel\\u00e9s de l\\u2019Iroise pour exp\\u00e9rimenter cette technique qui vous permettra de g\\u00e9rer votre effort physique pendant la marche. Nous travaillerons \\u00e9galement sur la prise de conscience du corps et sur la r\\u00e9cup\\u00e9ration.\\n\\nTous les lundis et mardis \\u00e0 13h30.\\nDisponibilit\\u00e9s et r\\u00e9servations en ligne sur terredecume.fr\\n\\u00c0 partir de 16 ans.\\n\\nR\\u00e9servable en formule \\&quot;cocon solo\\&quot;, vous partez seul avec moi.\\nCartes cadeaux disponibles.\\n\\nUne randonn\\u00e9e bien-\\u00eatre : relaxation, m\\u00e9ditation et respiration est \\u00e9galement disponible sur ce cr\\u00e9neau. Si cette sortie vous int\\u00e9resse, contactez Terre d&#039;\\u00e9cume.\\n\\nLes randonn\\u00e9es et balades nature propos\\u00e9es par Terre d&#039;\\u00c9cume sont accessibles \\u00e0 tous (de 16 \\u00e0 99 ans), la difficult\\u00e9 des circuits (distance, d\\u00e9nivel\\u00e9 et rythme de marche) est adapt\\u00e9e \\u00e0 chacun.\\nAcc\\u00e8s PMR et difficult\\u00e9 \\u00e0 se mouvoir (b\\u00e9quilles, ...)\\u00a0: circuits disponibles sur demande.&quot;,&quot;categorie&quot;:&quot;Sport &amp; randonn\\u00e9e&quot;,&quot;ville&quot;:&quot;Locmaria-Plouzan\\u00e9&quot;,&quot;code_postal&quot;:&quot;29280&quot;,&quot;name&quot;:&quot;D\\u00e9couverte de la marche Afghane&quot;,&quot;latitude&quot;:&quot;48.3744869&quot;,&quot;longitude&quot;:&quot;-4.6450747&quot;,&quot;link&quot;:&quot;https:\\\/\\\/terredecume.fr\\\/&quot;},&quot;category&quot;:&quot;\\u00c9v\\u00e9nements locaux&quot;,&quot;faq&quot;:[],&quot;event&quot;:&quot;Du 07\\\/09\\\/2026 \\u00e0 13:30 au 08\\\/09\\\/2026 \\u00e0 23:59&quot;,&quot;video_url&quot;:&quot;&quot;,&quot;video_embed&quot;:null,&quot;documents&quot;:[],&quot;gallery&quot;:[]}\">\n\n                <!-- Image + badge cat\u00e9gorie -->\n                <div class=\"em-card-img-wrap\">\n                                      <div class=\"em-card-placeholder\">\ud83d\udcf7 Pas d'image<\/div>\n                                    <span class=\"em-card-badge badge-default\">\u00c9v\u00e9nements locaux<\/span>\n                <\/div>\n\n                <!-- Contenu de la card -->\n                <div class=\"em-card-body\">\n                  <h3 class=\"em-card-title\">D\u00e9couverte de la marche Afghane<\/h3>\n\n                  <!-- Tags r\u00e9sum\u00e9s (max 4) -->\n                  <div class=\"em-card-tags\">\n                                                          <\/div>\n\n                  <!-- Champs suppl\u00e9mentaires (max 3) -->\n                  <div class=\"em-card-fields\">\n                                          <div class=\"em-card-field\">\n                        <span class=\"em-card-field-label\">Titre :<\/span>\n                        <span class=\"em-card-field-value\">D\u00e9couverte de la marche Afghane<\/span>\n                      <\/div>\n                                          <div class=\"em-card-field\">\n                        <span class=\"em-card-field-label\">Cat\u00e9gorie :<\/span>\n                        <span class=\"em-card-field-value\">Sport &amp; randonn\u00e9e<\/span>\n                      <\/div>\n                                          <div class=\"em-card-field\">\n                        <span class=\"em-card-field-label\">Ville :<\/span>\n                        <span class=\"em-card-field-value\">Locmaria-Plouzan\u00e9<\/span>\n                      <\/div>\n                                      <\/div>\n\n                  <!-- Lien vers le d\u00e9tail -->\n                  <div class=\"em-card-footer\">\n                    <span>Voir le d\u00e9tail<\/span>\n                    <svg fill=\"none\" viewBox=\"0 0 24 24\" stroke=\"currentColor\" stroke-width=\"2\">\n                      <path stroke-linecap=\"round\" stroke-linejoin=\"round\" d=\"M13.5 4.5L21 12m0 0l-7.5 7.5M21 12H3\"><\/path>\n                    <\/svg>\n                  <\/div>\n                <\/div>\n              <\/article>\n                          <article class=\"em-card\"\n                data-type=\"evenements-locaux-6\"\n                data-features=\"\"\n                data-name=\"exposition fonds marins de la rade de brest\"\n                data-json=\"{&quot;name&quot;:&quot;Exposition fonds marins de la rade de Brest&quot;,&quot;image&quot;:&quot;&quot;,&quot;link&quot;:&quot;https:\\\/\\\/ville-plougastel.bzh\\\/les-rdv-nature-du-mois-de-mai\\\/&quot;,&quot;data&quot;:{&quot;titre&quot;:&quot;Exposition fonds marins de la rade de Brest&quot;,&quot;description&quot;:&quot;Le long de la promenade du Tinduff, d\\u00e9couvrez la richesse de la biodiversit\\u00e9 sous- marine \\u00e0 travers l\\u2019exposition estivale sur les fonds marins de la rade issue des clich\\u00e9s r\\u00e9alis\\u00e9s par les plongeurs du club de plong\\u00e9e ACDC. \\n\\nAcc\\u00e8s libre&quot;,&quot;categorie&quot;:&quot;Expositions&quot;,&quot;ville&quot;:&quot;Plougastel-Daoulas&quot;,&quot;code_postal&quot;:&quot;29470&quot;,&quot;name&quot;:&quot;Exposition fonds marins de la rade de Brest&quot;,&quot;latitude&quot;:&quot;48.3416585&quot;,&quot;longitude&quot;:&quot;-4.3672169&quot;,&quot;link&quot;:&quot;https:\\\/\\\/ville-plougastel.bzh\\\/les-rdv-nature-du-mois-de-mai\\\/&quot;},&quot;category&quot;:&quot;\\u00c9v\\u00e9nements locaux&quot;,&quot;faq&quot;:[],&quot;event&quot;:&quot;Du 01\\\/08\\\/2026 au 31\\\/08\\\/2026 \\u00e0 23:59&quot;,&quot;video_url&quot;:&quot;&quot;,&quot;video_embed&quot;:null,&quot;documents&quot;:[],&quot;gallery&quot;:[]}\">\n\n                <!-- Image + badge cat\u00e9gorie -->\n                <div class=\"em-card-img-wrap\">\n                                      <div class=\"em-card-placeholder\">\ud83d\udcf7 Pas d'image<\/div>\n                                    <span class=\"em-card-badge badge-default\">\u00c9v\u00e9nements locaux<\/span>\n                <\/div>\n\n                <!-- Contenu de la card -->\n                <div class=\"em-card-body\">\n                  <h3 class=\"em-card-title\">Exposition fonds marins de la rade de Brest<\/h3>\n\n                  <!-- Tags r\u00e9sum\u00e9s (max 4) -->\n                  <div class=\"em-card-tags\">\n                                                          <\/div>\n\n                  <!-- Champs suppl\u00e9mentaires (max 3) -->\n                  <div class=\"em-card-fields\">\n                                          <div class=\"em-card-field\">\n                        <span class=\"em-card-field-label\">Titre :<\/span>\n                        <span class=\"em-card-field-value\">Exposition fonds marins de la rade de Brest<\/span>\n                      <\/div>\n                                          <div class=\"em-card-field\">\n                        <span class=\"em-card-field-label\">Cat\u00e9gorie :<\/span>\n                        <span class=\"em-card-field-value\">Expositions<\/span>\n                      <\/div>\n                                          <div class=\"em-card-field\">\n                        <span class=\"em-card-field-label\">Ville :<\/span>\n                        <span class=\"em-card-field-value\">Plougastel-Daoulas<\/span>\n                      <\/div>\n                                      <\/div>\n\n                  <!-- Lien vers le d\u00e9tail -->\n                  <div class=\"em-card-footer\">\n                    <span>Voir le d\u00e9tail<\/span>\n                    <svg fill=\"none\" viewBox=\"0 0 24 24\" stroke=\"currentColor\" stroke-width=\"2\">\n                      <path stroke-linecap=\"round\" stroke-linejoin=\"round\" d=\"M13.5 4.5L21 12m0 0l-7.5 7.5M21 12H3\"><\/path>\n                    <\/svg>\n                  <\/div>\n                <\/div>\n              <\/article>\n                      <\/div>\n\n          <!-- \u00c9tat vide (aucun r\u00e9sultat apr\u00e8s filtrage) -->\n          <div class=\"em-empty\" id=\"em-empty\" style=\"display:none;\">\n            <p><strong>Aucun r\u00e9sultat<\/strong><br>Modifiez vos filtres pour voir plus de r\u00e9sultats<\/p>\n          <\/div>\n        <\/div>\n      <\/main>\n    <\/div>\n  <\/div>\n\n  <!-- \u2550\u2550\u2550\u2550\u2550\u2550\u2550\u2550\u2550\u2550\u2550\u2550\u2550\u2550\u2550\u2550\u2550\u2550\u2550\u2550\u2550\u2550\u2550\u2550\u2550\u2550\u2550\u2550\u2550\u2550\u2550\u2550\u2550\u2550\u2550\u2550\u2550\u2550\u2550\u2550\u2550\u2550\u2550\u2550\u2550\u2550\u2550\u2550\u2550\u2550\u2550\u2550\u2550\u2550\u2550\u2550\u2550\u2550\u2550\u2550\u2550\u2550\u2550\n     JAVASCRIPT \u2014 Filtres, modal, carte Leaflet\n     \u2550\u2550\u2550\u2550\u2550\u2550\u2550\u2550\u2550\u2550\u2550\u2550\u2550\u2550\u2550\u2550\u2550\u2550\u2550\u2550\u2550\u2550\u2550\u2550\u2550\u2550\u2550\u2550\u2550\u2550\u2550\u2550\u2550\u2550\u2550\u2550\u2550\u2550\u2550\u2550\u2550\u2550\u2550\u2550\u2550\u2550\u2550\u2550\u2550\u2550\u2550\u2550\u2550\u2550\u2550\u2550\u2550\u2550\u2550\u2550\u2550\u2550\u2550 -->\n\n  <script>\n    (function() {\n      'use strict';\n\n      \/\/ Labels des champs (inject\u00e9s depuis PHP)\n      var FIELD_LABELS = window.emFieldLabels || {};\n\n      \/\/ Cl\u00e9s exclues de la modal (donn\u00e9es internes \/ d\u00e9j\u00e0 affich\u00e9es)\n      var EXCLUDED_KEYS = [\n        'name', 'image', 'images', 'image_url', 'link', 'site_officiel',\n        'gps_coordinates_latitude', 'gps_coordinates_longitude',\n        'latitude', 'longitude', 'latitude_deg', 'longitude_deg',\n        'address', 'available_image_urls'\n      ];\n\n      \/**\n       * Retourne le label lisible d'un champ\n       * Utilise les labels API si disponibles, sinon formate la cl\u00e9\n       *\/\n      function getFieldLabel(key) {\n        if (FIELD_LABELS[key]) return FIELD_LABELS[key];\n        \/\/ Suffixe legacy `_xxxxxxx` (7 alphanum) \u2014 cf. em_field_label() c\u00f4t\u00e9 PHP.\n        var cleaned = key.replace(\/_[a-z0-9]{7}$\/i, '');\n        if (FIELD_LABELS[cleaned]) return FIELD_LABELS[cleaned];\n        return cleaned.replace(\/_\/g, ' ').replace(\/^\\w\/, function(c) {\n          return c.toUpperCase();\n        });\n      }\n\n      \/**\n       * \u00c9chappe le HTML pour \u00e9viter les injections XSS\n       *\/\n      function escapeHtml(str) {\n        if (!str) return '';\n        var div = document.createElement('div');\n        div.textContent = str;\n        return div.innerHTML;\n      }\n\n      \/**\n       * Normalise une cha\u00eene pour une recherche insensible aux accents et \u00e0 la casse\n       * \"Caf\u00e9\" \u2192 \"cafe\" | \"H\u00f4tel\" \u2192 \"hotel\" | \"BI\u00c8RE\" \u2192 \"biere\"\n       *\/\n      function stripAccents(str) {\n        return (str || '').toLowerCase().normalize('NFD').replace(\/[\\u0300-\\u036f]\/g, '');\n      }\n\n      \/\/ \u2550\u2550\u2550\u2550\u2550\u2550\u2550\u2550\u2550\u2550\u2550\u2550\u2550\u2550\u2550\u2550\u2550\u2550\u2550\u2550\u2550\u2550\u2550\u2550\u2550\u2550\u2550\u2550\u2550\u2550\u2550\u2550\u2550\u2550\u2550\u2550\u2550\u2550\u2550\n      \/\/ FILTRES \u2014 Onglets, checkboxes, recherche\n      \/\/ \u2550\u2550\u2550\u2550\u2550\u2550\u2550\u2550\u2550\u2550\u2550\u2550\u2550\u2550\u2550\u2550\u2550\u2550\u2550\u2550\u2550\u2550\u2550\u2550\u2550\u2550\u2550\u2550\u2550\u2550\u2550\u2550\u2550\u2550\u2550\u2550\u2550\u2550\u2550\n\n      var activeCategoryFilter = 'all';\n      var searchQuery = '';\n\n      \/**\n       * Applique tous les filtres actifs (cat\u00e9gorie, type, \u00e9quipements, recherche)\n       * Met \u00e0 jour la visibilit\u00e9 des cards et les compteurs\n       *\/\n      function applyFilters() {\n        var selectedTypes = Array.from(document.querySelectorAll('.em-filter-type:checked')).map(function(cb) {\n          return cb.value;\n        });\n        var selectedFeatures = Array.from(document.querySelectorAll('.em-filter-feat:checked')).map(function(cb) {\n          return cb.value;\n        });\n        var cards = document.querySelectorAll('.em-card');\n        var visibleCount = 0;\n        var normalizedQuery = stripAccents(searchQuery);\n\n        cards.forEach(function(card) {\n          var cardType = card.getAttribute('data-type');\n          var cardFeatures = (card.getAttribute('data-features') || '').split(',').filter(Boolean);\n          var cardName = card.getAttribute('data-name') || '';\n\n          \/\/ V\u00e9rifier chaque crit\u00e8re de filtre\n          var matchesCategory = (activeCategoryFilter === 'all' || activeCategoryFilter === cardType);\n          var matchesType = selectedTypes.indexOf(cardType) !== -1;\n          var matchesSearch = (normalizedQuery === '' || stripAccents(cardName).indexOf(normalizedQuery) !== -1);\n\n          var isVisible = matchesCategory && matchesType && matchesSearch;\n\n          \/\/ Filtre \u00e9quipements (uniquement pour les h\u00e9bergements)\n          if (isVisible && (cardType === 'accommodation' || cardType === 'accomodation') && selectedFeatures.length > 0) {\n            isVisible = selectedFeatures.every(function(feat) {\n              return cardFeatures.indexOf(feat) !== -1;\n            });\n          }\n\n          card.classList.toggle('em-hidden', !isVisible);\n          if (isVisible) visibleCount++;\n        });\n\n        \/\/ Mise \u00e0 jour des compteurs\n        document.getElementById('em-stat-visible').textContent = visibleCount;\n        document.getElementById('em-empty').style.display = visibleCount === 0 ? 'block' : 'none';\n\n        \/\/ Mise \u00e0 jour des marqueurs de la carte\n        if (typeof updateMapMarkers === 'function') {\n          updateMapMarkers(activeCategoryFilter === 'all' ? selectedTypes : [activeCategoryFilter]);\n        }\n\n        \/\/ Sync visuel de la l\u00e9gende carte avec les filtres actifs\n        document.querySelectorAll('.em-map-legend-item').forEach(function(item) {\n          var type = item.getAttribute('data-type');\n          var matchesCategory = (activeCategoryFilter === 'all' || activeCategoryFilter === type);\n          var matchesType = selectedTypes.indexOf(type) !== -1;\n          item.classList.toggle('em-map-legend-item--off', !(matchesCategory && matchesType));\n        });\n\n        \/\/ Masque le groupe \u00e9quipements si accommodation n'est pas dans les filtres actifs\n        var featGroup = document.querySelector('.em-filter-group .em-filter-label');\n        var equipGroup = Array.from(document.querySelectorAll('.em-filter-group')).find(function(g) {\n          return g.querySelector('.em-filter-feat');\n        });\n\n        if (equipGroup) {\n          var accomActive = (activeCategoryFilter === 'all' || activeCategoryFilter === 'accommodation' || activeCategoryFilter === 'accomodation') &&\n            selectedTypes.some(function(t) {\n              return t === 'accommodation' || t === 'accomodation';\n            });\n          equipGroup.style.display = accomActive ? '' : 'none';\n        }\n      }\n\n      \/**\n       * Synchronise les checkboxes Type avec l'onglet actif\n       * \"all\" \u2192 toutes coch\u00e9es | type X \u2192 seule la checkbox X coch\u00e9e\n       *\/\n      function syncTypeCheckboxesFromTab() {\n        document.querySelectorAll('.em-filter-type').forEach(function(cb) {\n          cb.checked = (activeCategoryFilter === 'all') || (cb.value === activeCategoryFilter);\n        });\n      }\n\n      \/**\n       * Synchronise l'onglet actif avec l'\u00e9tat des checkboxes Type\n       * Toutes coch\u00e9es \u2192 \"all\" | exactement une \u2192 onglet de ce type | sous-ensemble \u2192 aucun onglet (cas personnalis\u00e9)\n       *\/\n      function syncTabsFromTypeCheckboxes() {\n        var typeCbs = Array.from(document.querySelectorAll('.em-filter-type'));\n        var checked = typeCbs.filter(function(cb) {\n          return cb.checked;\n        });\n        var matchingTab = null;\n        if (checked.length === typeCbs.length) matchingTab = 'all';\n        else if (checked.length === 1) matchingTab = checked[0].value;\n        \/\/ sous-ensemble : matchingTab reste null \u2192 aucun onglet n'est actif, le filtre logique tombe sur 'all'\n        activeCategoryFilter = matchingTab || 'all';\n        document.querySelectorAll('.em-tab').forEach(function(t) {\n          t.classList.toggle('active', t.getAttribute('data-filter') === matchingTab);\n        });\n      }\n\n      \/**\n       * Replace le d\u00e9but du layout sous l'\u00e9ventuel header sticky du th\u00e8me.\n       *\/\n      function scrollToLayoutTop() {\n        var layout = document.querySelector('.em-layout');\n        if (!layout) return;\n\n        var headerOffset = parseFloat(\n          getComputedStyle(document.documentElement).getPropertyValue('--em-header-offset')\n        ) || 0;\n        var top = window.scrollY + layout.getBoundingClientRect().top - headerOffset - 16;\n\n        window.scrollTo({\n          top: Math.max(0, top),\n          behavior: 'smooth'\n        });\n      }\n\n      \/\/ \u2500\u2500\u2500 Onglets de cat\u00e9gories \u2500\u2500\u2500\n      document.querySelectorAll('.em-tab').forEach(function(tab) {\n        tab.addEventListener('click', function() {\n          document.querySelectorAll('.em-tab').forEach(function(t) {\n            t.classList.remove('active');\n          });\n          tab.classList.add('active');\n          activeCategoryFilter = tab.getAttribute('data-filter');\n          syncTypeCheckboxesFromTab();\n\n          \/\/ Reset \u00e9quipements si on revient sur \"Tout\" ou un onglet non-accommodation\n          if (activeCategoryFilter !== 'accommodation' && activeCategoryFilter !== 'accomodation') {\n            document.querySelectorAll('.em-filter-feat').forEach(function(cb) {\n              cb.checked = false;\n            });\n          }\n\n          applyFilters();\n          scrollToLayoutTop();\n        });\n      });\n\n      \/\/ \u2500\u2500\u2500 Checkboxes filtres \u2500\u2500\u2500\n      document.querySelectorAll('.em-filter-type, .em-filter-feat').forEach(function(checkbox) {\n        checkbox.addEventListener('change', function() {\n          if (checkbox.classList.contains('em-filter-type')) {\n            syncTabsFromTypeCheckboxes();\n\n            \/\/ Reset \u00e9quipements si accommodation n'est plus le seul type s\u00e9lectionn\u00e9\n            var selectedTypes = Array.from(document.querySelectorAll('.em-filter-type:checked')).map(function(cb) {\n              return cb.value;\n            });\n            var onlyAccom = selectedTypes.every(function(t) {\n              return t === 'accommodation' || t === 'accomodation';\n            });\n            if (!onlyAccom) {\n              document.querySelectorAll('.em-filter-feat').forEach(function(cb) {\n                cb.checked = false;\n              });\n            }\n          }\n\n          \/\/ Si \u00e9quipement coch\u00e9 \u2192 active l'onglet accommodation\n          if (checkbox.classList.contains('em-filter-feat') && checkbox.checked) {\n            activeCategoryFilter = 'accommodation';\n\n            \/\/ Coche uniquement accommodation dans les types\n            document.querySelectorAll('.em-filter-type').forEach(function(cb) {\n              cb.checked = cb.value === 'accommodation' || cb.value === 'accomodation';\n            });\n\n            \/\/ Active l'onglet visuellement\n            document.querySelectorAll('.em-tab').forEach(function(t) {\n              var filter = t.getAttribute('data-filter');\n              t.classList.toggle('active', filter === 'accommodation' || filter === 'accomodation');\n            });\n          }\n\n          applyFilters();\n          scrollToLayoutTop();\n        });\n      });\n\n      \/\/ \u2500\u2500\u2500 L\u00e9gende carte cliquable : toggle de la checkbox Type correspondante \u2500\u2500\u2500\n      \/\/ R\u00e9utilise la pipeline checkbox (sync onglets + applyFilters via dispatchEvent)\n      document.querySelectorAll('.em-map-legend-item').forEach(function(item) {\n        item.addEventListener('click', function() {\n          var type = item.getAttribute('data-type');\n          var typeCb = Array.from(document.querySelectorAll('.em-filter-type')).find(function(cb) {\n            return cb.value === type;\n          });\n          if (typeCb) {\n            typeCb.checked = !typeCb.checked;\n            typeCb.dispatchEvent(new Event('change'));\n          }\n        });\n      });\n\n      \/\/ \u2500\u2500\u2500 Barre de recherche \u2500\u2500\u2500\n      var searchInput = document.getElementById('em-search');\n      if (searchInput) {\n        searchInput.addEventListener('input', function(e) {\n          searchQuery = e.target.value;\n          applyFilters();\n        });\n      }\n\n      \/\/ \u2500\u2500\u2500 Bouton r\u00e9initialiser \u2500\u2500\u2500\n      var resetButton = document.getElementById('em-reset-filters');\n      if (resetButton) {\n        resetButton.addEventListener('click', function() {\n          document.querySelectorAll('.em-filter-type').forEach(function(cb) {\n            cb.checked = true;\n          });\n          document.querySelectorAll('.em-filter-feat').forEach(function(cb) {\n            cb.checked = false;\n          });\n          if (searchInput) searchInput.value = '';\n          searchQuery = '';\n          activeCategoryFilter = 'all';\n\n          \/\/ Remettre l'onglet \"Tout\" actif\n          document.querySelectorAll('.em-tab').forEach(function(t) {\n            t.classList.remove('active');\n          });\n          var allTab = document.querySelector('.em-tab[data-filter=\"all\"]');\n          if (allTab) allTab.classList.add('active');\n\n          applyFilters();\n        });\n      }\n\n      \/\/ Application initiale des filtres\n      applyFilters();\n\n      \/\/ \u2550\u2550\u2550\u2550\u2550\u2550\u2550\u2550\u2550\u2550\u2550\u2550\u2550\u2550\u2550\u2550\u2550\u2550\u2550\u2550\u2550\u2550\u2550\u2550\u2550\u2550\u2550\u2550\u2550\u2550\u2550\u2550\u2550\u2550\u2550\u2550\u2550\u2550\u2550\n      \/\/ MODAL \u2014 D\u00e9tail d'une fiche\n      \/\/ \u2550\u2550\u2550\u2550\u2550\u2550\u2550\u2550\u2550\u2550\u2550\u2550\u2550\u2550\u2550\u2550\u2550\u2550\u2550\u2550\u2550\u2550\u2550\u2550\u2550\u2550\u2550\u2550\u2550\u2550\u2550\u2550\u2550\u2550\u2550\u2550\u2550\u2550\u2550\n\n      \/\/ Clic sur une card \u2192 ouvrir la modal\n      document.querySelectorAll('.em-card').forEach(function(card) {\n        card.addEventListener('click', function() {\n          var cardData = JSON.parse(card.getAttribute('data-json'));\n          openDetailModal(cardData);\n        });\n      });\n\n      \/**\n       * Ouvre la modal de d\u00e9tail pour une fiche\n       * Affiche l'image (si disponible), les champs et le lien externe\n       *\/\n      function openDetailModal(item) {\n        var entries = Object.entries(item.data || {}).filter(function(entry) {\n          return EXCLUDED_KEYS.indexOf(entry[0]) === -1 &&\n            entry[1] && entry[1] !== '' &&\n            typeof entry[1] !== 'object';\n        }).map(function(entry) {\n          var value = entry[1];\n          if (value === true || value === 'true') value = 'Oui';\n          else if (value === false || value === 'false') value = 'Non';\n          return {\n            label: getFieldLabel(entry[0]),\n            value: String(value)\n          };\n        });\n\n        var hasImage = item.image && item.image.indexOf('http') === 0;\n        var html = '<div class=\"em-modal\">';\n\n        if (hasImage) {\n          html += '<div class=\"em-modal-img-wrap\">' +\n            '<img decoding=\"async\" class=\"em-modal-img\" src=\"' + escapeHtml(item.image) + '\" alt=\"' + escapeHtml(item.name) + '\" onerror=\"this.style.display=\\'none\\'\">' +\n            '<div class=\"em-modal-img-gradient\"><\/div>' +\n            '<button class=\"em-modal-close\" data-close>&times;<\/button>' +\n            '<div class=\"em-modal-img-info\">' +\n            '<p class=\"em-modal-img-cat\">' + escapeHtml(item.category || '') + '<\/p>' +\n            '<h3 class=\"em-modal-img-title\">' + escapeHtml(item.name) + '<\/h3>' +\n            '<\/div><\/div>';\n        } else {\n          html += '<div class=\"em-modal-header-noimg\"><div>' +\n            '<p class=\"em-modal-header-noimg-cat\">' + escapeHtml(item.category || '') + '<\/p>' +\n            '<h3 class=\"em-modal-header-noimg-title\">' + escapeHtml(item.name) + '<\/h3>' +\n            '<\/div><button class=\"em-modal-close-noimg\" data-close>&times;<\/button><\/div>';\n        }\n\n        html += '<div class=\"em-modal-body\">';\n\n        \/\/ Badge date d'\u00e9v\u00e9nement\n        if (item.event) {\n          html += '<div class=\"em-modal-event\">' +\n            '<svg width=\"14\" height=\"14\" fill=\"none\" viewBox=\"0 0 24 24\" stroke=\"currentColor\" stroke-width=\"1.8\" style=\"vertical-align:middle;margin-right:6px\">' +\n            '<path stroke-linecap=\"round\" stroke-linejoin=\"round\" d=\"M6.75 3v2.25M17.25 3v2.25M3.75 18.75V7.5a2.25 2.25 0 012.25-2.25h12a2.25 2.25 0 012.25 2.25v11.25m-16.5 0A2.25 2.25 0 006 21h12a2.25 2.25 0 002.25-2.25m-16.5 0V11.25h16.5v7.5M3.75 11.25h16.5\"\/><\/svg>' +\n            escapeHtml(item.event) + '<\/div>';\n        }\n\n        \/\/ Champs g\u00e9n\u00e9riques\n        entries.forEach(function(entry) {\n          html += '<div class=\"em-modal-entry\">' +\n            '<p class=\"em-modal-entry-label\">' + escapeHtml(entry.label) + '<\/p>' +\n            '<p class=\"em-modal-entry-value\">' + escapeHtml(entry.value) + '<\/p>' +\n            '<\/div>';\n        });\n\n        \/\/ Vid\u00e9o (iframe ou <video>)\n        if (item.video_url) {\n          html += '<div class=\"em-modal-entry\"><p class=\"em-modal-entry-label\">Vid\u00e9o<\/p>';\n          var embed = item.video_embed;\n          if (embed && (embed.type === 'youtube' || embed.type === 'vimeo')) {\n            html += '<div class=\"em-modal-video-wrap\"><iframe src=\"' + escapeHtml(embed.src) + '\" frameborder=\"0\" allow=\"accelerometer; autoplay; clipboard-write; encrypted-media; gyroscope; picture-in-picture\" allowfullscreen referrerpolicy=\"strict-origin-when-cross-origin\"><\/iframe><\/div>';\n          } else if (embed && embed.type === 'file') {\n            html += '<video src=\"' + escapeHtml(embed.src) + '\" controls preload=\"metadata\" class=\"em-modal-video-file\"><\/video>';\n          } else {\n            html += '<a href=\"' + escapeHtml(item.video_url) + '\" target=\"_blank\" rel=\"noopener\" class=\"em-modal-link\">' + escapeHtml(item.video_url) + '<\/a>';\n          }\n          html += '<\/div>';\n        }\n\n        \/\/ Galerie d'images (template has_gallery=true)\n        if (Array.isArray(item.gallery) && item.gallery.length > 0) {\n          html += '<div class=\"em-modal-entry\"><p class=\"em-modal-entry-label\">Galerie (' + item.gallery.length + ')<\/p>' +\n            '<div class=\"em-modal-gallery\">';\n          item.gallery.forEach(function(imgUrl) {\n            if (typeof imgUrl !== 'string' || imgUrl === '') return;\n            html += '<a href=\"' + escapeHtml(imgUrl) + '\" target=\"_blank\" rel=\"noopener\" class=\"em-modal-gallery-item\">' +\n              '<img decoding=\"async\" src=\"' + escapeHtml(imgUrl) + '\" alt=\"\" loading=\"lazy\" \/><\/a>';\n          });\n          html += '<\/div><\/div>';\n        }\n\n        \/\/ Documents PDF (template has_documents=true)\n        if (Array.isArray(item.documents) && item.documents.length > 0) {\n          html += '<div class=\"em-modal-entry\"><p class=\"em-modal-entry-label\">Documents (' + item.documents.length + ')<\/p>' +\n            '<ul class=\"em-modal-docs\">';\n          item.documents.forEach(function(doc) {\n            if (!doc || typeof doc !== 'object' || !doc.url) return;\n            var docName = doc.nom || 'Document';\n            var docType = (doc.type || '').toString().toLowerCase();\n            html += '<li><a href=\"' + escapeHtml(doc.url) + '\" target=\"_blank\" rel=\"noopener\" class=\"em-modal-doc\">' +\n              '<svg width=\"16\" height=\"16\" viewBox=\"0 0 20 20\" fill=\"currentColor\" aria-hidden=\"true\">' +\n              '<path fill-rule=\"evenodd\" d=\"M4 4a2 2 0 0 1 2-2h4.586A2 2 0 0 1 12 2.586L15.414 6A2 2 0 0 1 16 7.414V16a2 2 0 0 1-2 2H6a2 2 0 0 1-2-2V4Z\" clip-rule=\"evenodd\" \/><\/svg>' +\n              '<span class=\"em-modal-doc-name\">' + escapeHtml(docName) + '<\/span>' +\n              (docType ? '<span class=\"em-modal-doc-type\">' + escapeHtml(docType) + '<\/span>' : '') +\n              '<\/a><\/li>';\n          });\n          html += '<\/ul><\/div>';\n        }\n\n        \/\/ Questions fr\u00e9quentes\n        if (Array.isArray(item.faq) && item.faq.length > 0) {\n          html += '<div class=\"em-modal-faq\">' +\n            '<p class=\"em-modal-entry-label\">Questions fr\u00e9quentes (' + item.faq.length + ')<\/p>';\n          item.faq.forEach(function(qa) {\n            html += '<div class=\"em-modal-faq-item\">' +\n              '<div class=\"em-modal-faq-q\">' + escapeHtml(qa.question) + '<\/div>' +\n              '<div class=\"em-modal-faq-a' + (qa.answer ? '' : ' em-modal-faq-a-empty') + '\">' +\n              escapeHtml(qa.answer || 'Pas encore de r\u00e9ponse.') +\n              '<\/div><\/div>';\n          });\n          html += '<\/div>';\n        }\n\n        html += '<\/div>';\n\n        html += '<div class=\"em-modal-footer\">';\n        if (item.link && item.link.indexOf('http') === 0) {\n          html += '<a href=\"' + escapeHtml(item.link) + '\" target=\"_blank\" rel=\"noopener\" class=\"em-modal-link\">Ouvrir le lien &rarr;<\/a>';\n        } else {\n          html += '<span><\/span>';\n        }\n        html += '<button class=\"em-modal-close-btn\" data-close>Fermer<\/button><\/div><\/div>';\n\n        var overlay = document.createElement('div');\n        overlay.className = 'em-modal-overlay';\n        overlay.innerHTML = html;\n        document.body.appendChild(overlay);\n\n        \/\/ Bloque le scroll arri\u00e8re-plan\n        document.body.style.overflow = 'hidden';\n\n        function closeModal() {\n          document.body.style.overflow = '';\n          overlay.remove();\n        }\n\n        overlay.querySelectorAll('[data-close]').forEach(function(btn) {\n          btn.addEventListener('click', closeModal);\n        });\n        overlay.addEventListener('click', function(e) {\n          if (e.target === overlay) closeModal();\n        });\n        document.addEventListener('keydown', function escapeHandler(e) {\n          if (e.key === 'Escape') {\n            closeModal();\n            document.removeEventListener('keydown', escapeHandler);\n          }\n        });\n      }\n\n      \/\/ \u2550\u2550\u2550\u2550\u2550\u2550\u2550\u2550\u2550\u2550\u2550\u2550\u2550\u2550\u2550\u2550\u2550\u2550\u2550\u2550\u2550\u2550\u2550\u2550\u2550\u2550\u2550\u2550\u2550\u2550\u2550\u2550\u2550\u2550\u2550\u2550\u2550\u2550\u2550\n      \/\/ CARTE LEAFLET \u2014 Marqueurs + interactions\n      \/\/ \u2550\u2550\u2550\u2550\u2550\u2550\u2550\u2550\u2550\u2550\u2550\u2550\u2550\u2550\u2550\u2550\u2550\u2550\u2550\u2550\u2550\u2550\u2550\u2550\u2550\u2550\u2550\u2550\u2550\u2550\u2550\u2550\u2550\u2550\u2550\u2550\u2550\u2550\u2550\n\n      var initLeafletTries = 0;\n      function initLeafletMap() {\n        var mapElement = document.getElementById('em-map');\n        \/\/ Si le div n'est pas encore pars\u00e9 (script d\u00e9plac\u00e9 par un optimiseur) ou si Leaflet\n        \/\/ est encore en train de se charger (defer\/async), on retente. Cap \u00e0 100 essais (~10s).\n        if (!mapElement || typeof L === 'undefined') {\n          if (++initLeafletTries > 100) return;\n          return setTimeout(initLeafletMap, 100);\n        }\n\n        \/\/ Initialisation de la carte\n        var map = L.map(mapElement, {\n          zoomControl: false,\n          attributionControl: false,\n          scrollWheelZoom: false,\n        }).setView([46.6, 1.9], 6);\n\n        \/\/ Tuiles en premier\n        L.tileLayer('https:\/\/{s}.basemaps.cartocdn.com\/rastertiles\/voyager\/{z}\/{x}\/{y}{r}.png', {\n          maxZoom: 19,\n          subdomains: 'abcd'\n        }).addTo(map);\n\n        \/\/ Contr\u00f4les UI ensuite\n        L.control.zoom({\n          position: 'topright'\n        }).addTo(map);\n        L.control.attribution({\n            position: 'bottomright',\n            prefix: false\n          })\n          .addAttribution('&copy; <a href=\"https:\/\/www.openstreetmap.org\/copyright\">OSM<\/a> &copy; <a href=\"https:\/\/carto.com\/\">CARTO<\/a>')\n          .addTo(map);\n\n        \/\/ Bouton de recentrage\n        L.Control.Recenter = L.Control.extend({\n          onAdd: function() {\n            const container = L.DomUtil.create('div', 'leaflet-bar leaflet-control');\n            const btn = L.DomUtil.create('a', '', container);\n            btn.innerHTML = '<svg width=\"16\" height=\"16\" fill=\"none\" viewBox=\"0 0 24 24\" stroke=\"currentColor\" stroke-width=\"3\"><circle cx=\"12\" cy=\"12\" r=\"3\"\/><path stroke-linecap=\"round\" stroke-linejoin=\"round\" d=\"M12 2v3M12 19v3M2 12h3M19 12h3\"\/><\/svg>';\n            btn.href = '#';\n            btn.title = 'Recentrer la carte';\n            btn.style.display = 'flex';\n            btn.style.alignItems = 'center';\n            btn.style.justifyContent = 'center';\n            L.DomEvent.on(btn, 'click', function(e) {\n              L.DomEvent.preventDefault(e);\n              if (allBounds.length > 1) map.fitBounds(allBounds, {\n                padding: [40, 40]\n              });\n              else if (allBounds.length === 1) map.setView(allBounds[0], 13);\n            });\n            return container;\n          }\n        });\n        new L.Control.Recenter({\n          position: 'topright'\n        }).addTo(map);\n\n        \/\/ Donn\u00e9es inject\u00e9es depuis PHP\n        var gpsPoints = [{\"lat\":48.2267256,\"lng\":-4.5027445,\"name\":\"Morgat\",\"type\":\"modele-villes\",\"idx\":0},{\"lat\":48.2459683,\"lng\":-4.4898033,\"name\":\"Crozon\",\"type\":\"modele-villes\",\"idx\":1},{\"lat\":48.2768812,\"lng\":-4.5963192,\"name\":\"Camaret-sur-Mer\",\"type\":\"modele-villes\",\"idx\":2},{\"lat\":48.2458636,\"lng\":-4.3170182,\"name\":\"Argol\",\"type\":\"modele-villes\",\"idx\":3},{\"lat\":48.3155977,\"lng\":-4.5478081,\"name\":\"Roscanvel\",\"type\":\"modele-villes\",\"idx\":4},{\"lat\":48.793,\"lng\":-3.037,\"name\":\"Paimpol\",\"type\":\"modele-villes\",\"idx\":5},{\"lat\":48.2234255,\"lng\":-4.4980112,\"name\":\"Centre Nautique de Crozon-Morgat\",\"type\":\"activites\",\"idx\":6},{\"lat\":48.2268981,\"lng\":-4.5029281,\"name\":\"Plage de Morgat\",\"type\":\"activites\",\"idx\":8},{\"lat\":48.2041398,\"lng\":-4.5275328,\"name\":\"Maison des Min\\u00e9raux\",\"type\":\"activites\",\"idx\":10},{\"lat\":48.2000165,\"lng\":-4.5541724,\"name\":\"Surf \\u00e0 la plage de la Palue\",\"type\":\"activites\",\"idx\":11},{\"lat\":48.2058,\"lng\":-4.563,\"name\":\"Surf \\u00e0 Lostmarc'h\",\"type\":\"activites\",\"idx\":12},{\"lat\":48.2464843,\"lng\":-4.4892925,\"name\":\"Centre \\u00c9questre \\u00c9trier de l'Aber\",\"type\":\"activites\",\"idx\":14},{\"lat\":48.223553,\"lng\":-4.494581,\"name\":\"Les Mardis de Morgat\",\"type\":\"activites\",\"idx\":15},{\"lat\":48.040859,\"lng\":-4.670977,\"name\":\"Visite guid\\u00e9e \\u00ab\\u00a0Les rendez-vous de la Pointe\\u00a0\\u00bb\",\"type\":\"evenements-locaux-6\",\"idx\":20},{\"lat\":48.3894,\"lng\":-4.49924,\"name\":\"Navire Amiral - Exposition\",\"type\":\"evenements-locaux-6\",\"idx\":21},{\"lat\":48.09242,\"lng\":-4.33041,\"name\":\"Cin\\u00e9mas Douarnenez\",\"type\":\"evenements-locaux-6\",\"idx\":22},{\"lat\":48.0176766,\"lng\":-4.5304275,\"name\":\"March\\u00e9 des Ateliers\",\"type\":\"evenements-locaux-6\",\"idx\":23},{\"lat\":48.433551,\"lng\":-4.6611348,\"name\":\"Visite guid\\u00e9e du ch\\u00e2teau de Kerveatoux\",\"type\":\"evenements-locaux-6\",\"idx\":24},{\"lat\":48.036674,\"lng\":-4.666499,\"name\":\"S\\u00e9jour rando sur le GR34\\u00ae. Pointe du Raz - Ile de Sein 6J\\\/6N\",\"type\":\"evenements-locaux-6\",\"idx\":25},{\"lat\":48.0931504,\"lng\":-4.3310605,\"name\":\"Gef\\u00fchrter Fotospaziergang durch Douarnenez\",\"type\":\"evenements-locaux-6\",\"idx\":26},{\"lat\":48.0382383,\"lng\":-4.7240061,\"name\":\"La Pointe du Raz \\u00e0 l'heure des Phares\",\"type\":\"evenements-locaux-6\",\"idx\":27},{\"lat\":48.29577,\"lng\":-4.18072,\"name\":\"Balade comment\\u00e9e - Le patrimoine du Faou\",\"type\":\"evenements-locaux-6\",\"idx\":28},{\"lat\":48.4336401,\"lng\":-4.6612803,\"name\":\"Visite guid\\u00e9e du ch\\u00e2teau de Kerveatoux\",\"type\":\"evenements-locaux-6\",\"idx\":29},{\"lat\":48.3981,\"lng\":-4.42568,\"name\":\"D\\u00e9couvrez la rade de Brest en toute libert\\u00e9 gr\\u00e2ce \\u00e0 Nautic Lib !\",\"type\":\"evenements-locaux-6\",\"idx\":30},{\"lat\":48.02369,\"lng\":-4.53993,\"name\":\"Visite guid\\u00e9e d'Audierne\",\"type\":\"evenements-locaux-6\",\"idx\":31},{\"lat\":48.27979,\"lng\":-4.59193,\"name\":\"Visite guid\\u00e9e de la Tour Vauban\",\"type\":\"evenements-locaux-6\",\"idx\":32},{\"lat\":48.38105,\"lng\":-4.49278,\"name\":\"L'Appel des Profondeurs\",\"type\":\"evenements-locaux-6\",\"idx\":33},{\"lat\":48.3890223,\"lng\":-4.4983387,\"name\":\"Tonnerre Com\\u00e9die Club - Plateau d'humour\",\"type\":\"evenements-locaux-6\",\"idx\":34},{\"lat\":48.3744869,\"lng\":-4.6450747,\"name\":\"Visite du manoir de Kerscao\",\"type\":\"evenements-locaux-6\",\"idx\":35},{\"lat\":48.3513213,\"lng\":-4.7392891,\"name\":\"R\\u00e9cits du bout du monde\",\"type\":\"evenements-locaux-6\",\"idx\":36},{\"lat\":48.3212595,\"lng\":-4.2992682,\"name\":\"Les arts des algues - Arzo\\u00f9 bezhin\",\"type\":\"evenements-locaux-6\",\"idx\":37},{\"lat\":48.3890223,\"lng\":-4.4983387,\"name\":\"Patapon et la for\\u00eat des chansons\",\"type\":\"evenements-locaux-6\",\"idx\":38},{\"lat\":48.3951276,\"lng\":-4.4792974,\"name\":\"\\\"Chic carton \\u00e0 dessin\\\" - Fabriquer son portfolio (4h)\",\"type\":\"evenements-locaux-6\",\"idx\":39},{\"lat\":48.040859,\"lng\":-4.670977,\"name\":\"Visite guid\\u00e9e \\u00ab\\u00a0Les rendez-vous de la Pointe\\u00a0\\u00bb\",\"type\":\"evenements-locaux-6\",\"idx\":40},{\"lat\":48.0184347,\"lng\":-4.5316125,\"name\":\"Visite guid\\u00e9e de cri\\u00e9e d\\u2019Audierne-Poulgoazec\",\"type\":\"evenements-locaux-6\",\"idx\":41},{\"lat\":48.36204,\"lng\":-4.26534,\"name\":\"Visite interactive - Il \\u00e9tait une fois, une sorci\\u00e8re\\u2026\",\"type\":\"evenements-locaux-6\",\"idx\":42},{\"lat\":48.24281,\"lng\":-4.48436,\"name\":\"Projection du film \\\"L'Indien \\u00e0 la rame\\\"\",\"type\":\"evenements-locaux-6\",\"idx\":43},{\"lat\":48.38997,\"lng\":-4.4361,\"name\":\"Oc\\u00e9anolab - Projet Alcid\",\"type\":\"evenements-locaux-6\",\"idx\":44},{\"lat\":48.0931504,\"lng\":-4.3310605,\"name\":\"Gef\\u00fchrter Fotospaziergang durch Douarnenez\",\"type\":\"evenements-locaux-6\",\"idx\":45},{\"lat\":48.3202272,\"lng\":-4.3256528,\"name\":\"La paillote, point de locations nautiques\",\"type\":\"evenements-locaux-6\",\"idx\":46},{\"lat\":48.064635,\"lng\":-4.713811,\"name\":\"Visite guid\\u00e9e - Rando Nature \\u00e0 la Pointe du Van\",\"type\":\"evenements-locaux-6\",\"idx\":47},{\"lat\":48.040859,\"lng\":-4.670977,\"name\":\"Visite cr\\u00e9pusculaire de la Pointe du Raz\",\"type\":\"evenements-locaux-6\",\"idx\":48},{\"lat\":48.3669345,\"lng\":-4.3237429,\"name\":\"March\\u00e9 de la ferme du Meot\",\"type\":\"evenements-locaux-6\",\"idx\":49},{\"lat\":48.3835486,\"lng\":-4.4863992,\"name\":\"Comm\\u00e9moration : Bataille de la Baie de Chesapeake\",\"type\":\"evenements-locaux-6\",\"idx\":50},{\"lat\":48.4378718,\"lng\":-4.3078881,\"name\":\"A la d\\u00e9couverte des animaux visibles et invisibles en famille\",\"type\":\"evenements-locaux-6\",\"idx\":51},{\"lat\":48.009859,\"lng\":-4.4803825,\"name\":\"Tout Commen\\u00e7e en Finist\\u00e8re Ladies Classic\",\"type\":\"evenements-locaux-6\",\"idx\":52},{\"lat\":48.3890457,\"lng\":-4.4982695,\"name\":\"Brest En Bulles - Les Rencontres Brestoises de la BD\",\"type\":\"evenements-locaux-6\",\"idx\":53},{\"lat\":48.3513213,\"lng\":-4.7392891,\"name\":\"Exposition collective\",\"type\":\"evenements-locaux-6\",\"idx\":54},{\"lat\":48.0261773,\"lng\":-4.6111777,\"name\":\"Atelier de dentelle aux fuseaux\",\"type\":\"evenements-locaux-6\",\"idx\":55},{\"lat\":48.3891,\"lng\":-4.49935,\"name\":\"Exposition \\\"V\\u00e9g\\u00e9tal\\\", balade botanique dans les collections patrimoniales\",\"type\":\"evenements-locaux-6\",\"idx\":56},{\"lat\":48.0237348,\"lng\":-4.5613454,\"name\":\"Exposition collective Au Gai Sabot\",\"type\":\"evenements-locaux-6\",\"idx\":57},{\"lat\":48.18213,\"lng\":-4.23132,\"name\":\"Mardi Yoga\",\"type\":\"evenements-locaux-6\",\"idx\":58},{\"lat\":48.42752,\"lng\":-4.46055,\"name\":\"Portes ouvertes \\u00e0 Vertical art\",\"type\":\"evenements-locaux-6\",\"idx\":59},{\"lat\":48.3744869,\"lng\":-4.6450747,\"name\":\"Marche afghane en rose\",\"type\":\"evenements-locaux-6\",\"idx\":60},{\"lat\":48.0934247,\"lng\":-4.3257356,\"name\":\"Concert en \\u00e9glises et chapelles : CONSTELLATION\",\"type\":\"evenements-locaux-6\",\"idx\":61},{\"lat\":47.9872409,\"lng\":-4.4740849,\"name\":\"Ateliers cr\\u00e9atifs aux sites arch\\u00e9ologiques de Menez Dregan\",\"type\":\"evenements-locaux-6\",\"idx\":62},{\"lat\":48.037321,\"lng\":-4.712428,\"name\":\"Rando le long des Falaises de la Pointe du Raz\",\"type\":\"evenements-locaux-6\",\"idx\":63},{\"lat\":48.0963267,\"lng\":-4.3280107,\"name\":\"Exposition de L\\u2019Abri des Guetteurs \\\"l'Odyss\\u00e9e d'Eliboubane\\\"\",\"type\":\"evenements-locaux-6\",\"idx\":64},{\"lat\":48.36228,\"lng\":-4.26005,\"name\":\"Foire de Daoulas\",\"type\":\"evenements-locaux-6\",\"idx\":65},{\"lat\":48.0382383,\"lng\":-4.7240061,\"name\":\"La Pointe du Raz \\u00e0 l'heure des Phares\",\"type\":\"evenements-locaux-6\",\"idx\":66},{\"lat\":48.12494,\"lng\":-4.21912,\"name\":\"Jeudi Yoga\",\"type\":\"evenements-locaux-6\",\"idx\":67},{\"lat\":48.29135,\"lng\":-4.26745,\"name\":\"Atelier Calligraphie\",\"type\":\"evenements-locaux-6\",\"idx\":68},{\"lat\":48.3884227,\"lng\":-4.4850204,\"name\":\"Au temps de la Reconstruction\",\"type\":\"evenements-locaux-6\",\"idx\":69},{\"lat\":48.3921137,\"lng\":-4.4332261,\"name\":\"F\\u00eate de la mer et du nautisme\",\"type\":\"evenements-locaux-6\",\"idx\":70},{\"lat\":48.38748,\"lng\":-4.49044,\"name\":\"La Librairie Dialogues\",\"type\":\"evenements-locaux-6\",\"idx\":71},{\"lat\":48.0931504,\"lng\":-4.3310605,\"name\":\"Gef\\u00fchrter Fotospaziergang durch Douarnenez\",\"type\":\"evenements-locaux-6\",\"idx\":72},{\"lat\":48.4749211,\"lng\":-4.5265787,\"name\":\"Karaok\\u00e9 anim\\u00e9\",\"type\":\"evenements-locaux-6\",\"idx\":73},{\"lat\":48.024744,\"lng\":-4.562468,\"name\":\"Exposition Patrick Serc\",\"type\":\"evenements-locaux-6\",\"idx\":74},{\"lat\":48.20406,\"lng\":-4.52798,\"name\":\"Contes cailloux - Maison des Min\\u00e9raux\",\"type\":\"evenements-locaux-6\",\"idx\":75},{\"lat\":48.0931504,\"lng\":-4.3310605,\"name\":\"Gef\\u00fchrter Fotospaziergang durch Douarnenez\",\"type\":\"evenements-locaux-6\",\"idx\":76},{\"lat\":48.0060997,\"lng\":-4.5553163,\"name\":\"Balade en baie d\\u2019Audierne\",\"type\":\"evenements-locaux-6\",\"idx\":77},{\"lat\":48.0931504,\"lng\":-4.3310605,\"name\":\"Visite guid\\u00e9e des vieux quartiers de Douarnenez\",\"type\":\"evenements-locaux-6\",\"idx\":78},{\"lat\":48.0417328,\"lng\":-4.4885744,\"name\":\"Exposition Couleurs de Bretagne\",\"type\":\"evenements-locaux-6\",\"idx\":79},{\"lat\":48.3377566,\"lng\":-4.6143471,\"name\":\"Randonn\\u00e9e bien-\\u00eatre : 1 \\u00e0 3 jours - Le mercredi, vers le Petit Minou\",\"type\":\"evenements-locaux-6\",\"idx\":80},{\"lat\":48.0972725,\"lng\":-4.3354308,\"name\":\"Visite guid\\u00e9e de l'\\u00eele Tristan\",\"type\":\"evenements-locaux-6\",\"idx\":81},{\"lat\":48.0468405,\"lng\":-4.7069558,\"name\":\"Bodygliss\",\"type\":\"evenements-locaux-6\",\"idx\":82},{\"lat\":48.0254525,\"lng\":-4.5369374,\"name\":\"Exposition \\\"Ce que l'eau murmure aux pieds\\\"\",\"type\":\"evenements-locaux-6\",\"idx\":83},{\"lat\":48.0923984,\"lng\":-4.3326434,\"name\":\"Animation - La p\\u00eache aux d\\u00e9tails\",\"type\":\"evenements-locaux-6\",\"idx\":84},{\"lat\":48.12568,\"lng\":-4.22215,\"name\":\"Forum des associations de Plon\\u00e9vez-Porzay\",\"type\":\"evenements-locaux-6\",\"idx\":85},{\"lat\":48.0226149,\"lng\":-4.5407798,\"name\":\"Galerie Cobalt - Exposition collective\",\"type\":\"evenements-locaux-6\",\"idx\":86},{\"lat\":48.27183,\"lng\":-4.42213,\"name\":\"Initiation \\u00e0 la danse bretonne et mini Fest-Noz - Ferme Oc\\u00e9'\\u00e2ne\",\"type\":\"evenements-locaux-6\",\"idx\":87},{\"lat\":48.36396,\"lng\":-4.59965,\"name\":\"Balade nature au phare du Petit Minou\",\"type\":\"evenements-locaux-6\",\"idx\":88},{\"lat\":48.27635,\"lng\":-4.59611,\"name\":\"Concert avec Clandestino, chut !\",\"type\":\"evenements-locaux-6\",\"idx\":89},{\"lat\":48.3853899,\"lng\":-4.4883749,\"name\":\"Speedy Graphito : Arr\\u00eat sur images - Exposition\",\"type\":\"evenements-locaux-6\",\"idx\":90},{\"lat\":48.080168,\"lng\":-4.27106,\"name\":\"Visite de la ferme de Keratry : Spiruline de Bretagne\",\"type\":\"evenements-locaux-6\",\"idx\":91},{\"lat\":48.0102041,\"lng\":-4.4807646,\"name\":\"Pointe du Raz Ladies Classic\",\"type\":\"evenements-locaux-6\",\"idx\":92},{\"lat\":48.16934,\"lng\":-4.28909,\"name\":\"Concert Tokataporte\",\"type\":\"evenements-locaux-6\",\"idx\":93},{\"lat\":48.37441,\"lng\":-4.37047,\"name\":\"Trico\\u2019sette\",\"type\":\"evenements-locaux-6\",\"idx\":94},{\"lat\":48.3221392,\"lng\":-4.324462,\"name\":\"Le jeudi hu\\u00eetres \\u00e0 La Paillote du Yelen !\",\"type\":\"evenements-locaux-6\",\"idx\":95},{\"lat\":48.039113,\"lng\":-4.705542,\"name\":\"Visite guid\\u00e9e - Rando \\u00e0 la Pointe du Raz\",\"type\":\"evenements-locaux-6\",\"idx\":96},{\"lat\":48.0923984,\"lng\":-4.3326434,\"name\":\"Exposition \\\"Faire les gras, le go\\u00fbt de la f\\u00eate \\u00e0 Douarnenez\\\"\",\"type\":\"evenements-locaux-6\",\"idx\":97},{\"lat\":48.0176766,\"lng\":-4.5304275,\"name\":\"Cours de Poterie - Modelage et tournage\",\"type\":\"evenements-locaux-6\",\"idx\":98},{\"lat\":48.0382383,\"lng\":-4.7240061,\"name\":\"Projection du documentaire \\\"Gardiennes\\\" en pr\\u00e9sence des r\\u00e9alisatrices\",\"type\":\"evenements-locaux-6\",\"idx\":99},{\"lat\":48.0145538,\"lng\":-4.4872651,\"name\":\"Initiation aux danses bretonnes\",\"type\":\"evenements-locaux-6\",\"idx\":100},{\"lat\":48.3873947,\"lng\":-4.5199544,\"name\":\"Le BBH affronte Besancon\",\"type\":\"evenements-locaux-6\",\"idx\":101},{\"lat\":48.040988,\"lng\":-4.487926,\"name\":\"EsCAP'ade historique en sac \\u00e0 dos\",\"type\":\"evenements-locaux-6\",\"idx\":102},{\"lat\":48.29366,\"lng\":-4.26813,\"name\":\"Concert harpe et quatuor \\u00e0 corde\",\"type\":\"evenements-locaux-6\",\"idx\":103},{\"lat\":48.2453,\"lng\":-4.31641,\"name\":\"March\\u00e9 d'Argol\",\"type\":\"evenements-locaux-6\",\"idx\":104},{\"lat\":48.22512,\"lng\":-4.50659,\"name\":\"Exposition Peinture Thierry Labruyere\",\"type\":\"evenements-locaux-6\",\"idx\":105},{\"lat\":48.0932841,\"lng\":-4.3306155,\"name\":\"F\\u00fchrungen durch die Altstadt, auf Deutsch.\",\"type\":\"evenements-locaux-6\",\"idx\":106},{\"lat\":48.413054,\"lng\":-4.795125,\"name\":\"Balade nocturne autour des phares de l'Iroise (Corsen)\",\"type\":\"evenements-locaux-6\",\"idx\":107},{\"lat\":48.3298633,\"lng\":-4.7709141,\"name\":\"Jeu de piste \\\"Le fant\\u00f4me de l'abbaye\\\"\",\"type\":\"evenements-locaux-6\",\"idx\":108},{\"lat\":48.2971423,\"lng\":-4.2250107,\"name\":\"Visite - La plage de Lanvoy et ses fossiles\",\"type\":\"evenements-locaux-6\",\"idx\":109},{\"lat\":48.02369,\"lng\":-4.53993,\"name\":\"Pr\\u00e9sentation du travail de la nacre\",\"type\":\"evenements-locaux-6\",\"idx\":110},{\"lat\":48.29135,\"lng\":-4.26745,\"name\":\"Atelier Chantier de fouilles\",\"type\":\"evenements-locaux-6\",\"idx\":111},{\"lat\":48.0118551,\"lng\":-4.5441499,\"name\":\"S\\u00e9ances de Yoga sur la plage\",\"type\":\"evenements-locaux-6\",\"idx\":112},{\"lat\":48.4076506,\"lng\":-4.3251918,\"name\":\"Randonn\\u00e9e p\\u00e9destre - Elorn et Gorre menez\",\"type\":\"evenements-locaux-6\",\"idx\":113},{\"lat\":48.0990005,\"lng\":-4.4655718,\"name\":\"\\u00c0 la lisi\\u00e8re, entre l'eau et la berge, entre la terre et le large\",\"type\":\"evenements-locaux-6\",\"idx\":114},{\"lat\":48.39048,\"lng\":-4.48671,\"name\":\"Journ\\u00e9e des Abris\",\"type\":\"evenements-locaux-6\",\"idx\":115},{\"lat\":48.3890223,\"lng\":-4.4983387,\"name\":\"Hermeline, Seule en Sc\\u00e8ne-One Woman Show\",\"type\":\"evenements-locaux-6\",\"idx\":116},{\"lat\":48.35619,\"lng\":-4.67838,\"name\":\"D\\u00e9couverte de la marche afghane avec Terre d'\\u00e9cume\",\"type\":\"evenements-locaux-6\",\"idx\":117},{\"lat\":48.0410261,\"lng\":-4.4879467,\"name\":\"Les Marguerites #2 \\u2013 March\\u00e9 de micro-\\u00e9ditions\",\"type\":\"evenements-locaux-6\",\"idx\":118},{\"lat\":48.23831,\"lng\":-4.49593,\"name\":\"F\\u00eate de l'ULAMIR \\u00e0 l'Incroyable Jardin\",\"type\":\"evenements-locaux-6\",\"idx\":119},{\"lat\":48.040859,\"lng\":-4.670977,\"name\":\"Visite guid\\u00e9e \\u00ab\\u00a0Les rendez-vous de la Pointe\\u00a0\\u00bb\",\"type\":\"evenements-locaux-6\",\"idx\":120},{\"lat\":48.040859,\"lng\":-4.670977,\"name\":\"Visite guid\\u00e9e \\u00ab\\u00a0Les rendez-vous de la Pointe\\u00a0\\u00bb\",\"type\":\"evenements-locaux-6\",\"idx\":121},{\"lat\":48.4749211,\"lng\":-4.5265787,\"name\":\"Soir\\u00e9e tatouages \\u00e9ph\\u00e9m\\u00e8res\",\"type\":\"evenements-locaux-6\",\"idx\":122},{\"lat\":48.43362,\"lng\":-4.62076,\"name\":\"Vide grenier de la rentr\\u00e9e\",\"type\":\"evenements-locaux-6\",\"idx\":123},{\"lat\":48.040859,\"lng\":-4.670977,\"name\":\"Visite guid\\u00e9e \\u00ab\\u00a0Les rendez-vous de la Pointe\\u00a0\\u00bb\",\"type\":\"evenements-locaux-6\",\"idx\":124},{\"lat\":48.29135,\"lng\":-4.26745,\"name\":\"Atelier Arch\\u00e9o'labo\",\"type\":\"evenements-locaux-6\",\"idx\":125},{\"lat\":48.38944,\"lng\":-4.50179,\"name\":\"Les Beaux Dimanches de la Rue Saint-Malo\",\"type\":\"evenements-locaux-6\",\"idx\":126},{\"lat\":48.094177,\"lng\":-4.3268591,\"name\":\"Visite de l'Atelier de c\\u00e9ramique \\\"Miss Terre de l'Ouest\\\"\",\"type\":\"evenements-locaux-6\",\"idx\":127},{\"lat\":48.2446376,\"lng\":-4.2266491,\"name\":\"Dict\\u00e9e \\u00e0 la plume - Mus\\u00e9e de l'\\u00e9cole rurale\",\"type\":\"evenements-locaux-6\",\"idx\":128},{\"lat\":48.0931504,\"lng\":-4.3310605,\"name\":\"Gef\\u00fchrter Fotospaziergang durch Douarnenez\",\"type\":\"evenements-locaux-6\",\"idx\":129},{\"lat\":48.433551,\"lng\":-4.6611348,\"name\":\"Atelier nature - les petites b\\u00eates du ch\\u00e2teau\",\"type\":\"evenements-locaux-6\",\"idx\":130},{\"lat\":48.2769296,\"lng\":-4.5961323,\"name\":\"Animation Jeux en Bois\",\"type\":\"evenements-locaux-6\",\"idx\":131},{\"lat\":48.0931504,\"lng\":-4.3310605,\"name\":\"Gef\\u00fchrter Fotospaziergang durch Douarnenez\",\"type\":\"evenements-locaux-6\",\"idx\":132},{\"lat\":48.0811149,\"lng\":-4.296134,\"name\":\"Visite guid\\u00e9e de la Conserverie Kerbriant\",\"type\":\"evenements-locaux-6\",\"idx\":133},{\"lat\":48.3092319,\"lng\":-4.2611543,\"name\":\"Visite - la plage de Troaon et ses fossiles\",\"type\":\"evenements-locaux-6\",\"idx\":134},{\"lat\":48.080168,\"lng\":-4.27106,\"name\":\"Visite de la ferme de Keratry : Spiruline de Bretagne\",\"type\":\"evenements-locaux-6\",\"idx\":135},{\"lat\":48.3891,\"lng\":-4.49935,\"name\":\"Atelier : apprendre \\u00e0 couvrir ses livres\",\"type\":\"evenements-locaux-6\",\"idx\":136},{\"lat\":48.18152,\"lng\":-4.23248,\"name\":\"Concert \\\"An Henchou Treuz\\\"\",\"type\":\"evenements-locaux-6\",\"idx\":137},{\"lat\":47.99202,\"lng\":-4.43108,\"name\":\"Braderie -Vente textile au poids\",\"type\":\"evenements-locaux-6\",\"idx\":138},{\"lat\":48.18076,\"lng\":-4.2322,\"name\":\"Vernissage de l'exposition Jacques Bo\\u00ebnnec\",\"type\":\"evenements-locaux-6\",\"idx\":139},{\"lat\":48.3557944,\"lng\":-4.2654948,\"name\":\"Exposition - \\\"La libert\\u00e9. Force vive, d\\u00e9ploy\\u00e9e\\\"\",\"type\":\"evenements-locaux-6\",\"idx\":140},{\"lat\":48.40289,\"lng\":-4.46141,\"name\":\"SB29 - Toulouse FC\",\"type\":\"evenements-locaux-6\",\"idx\":141},{\"lat\":48.24561,\"lng\":-4.48861,\"name\":\"Les Lolos \\u00e0 l'eau 4\",\"type\":\"evenements-locaux-6\",\"idx\":142},{\"lat\":48.3810239,\"lng\":-4.4946544,\"name\":\"Escape game \\u00ab Les \\u00e9vad\\u00e9s du ch\\u00e2teau \\u00bb\",\"type\":\"evenements-locaux-6\",\"idx\":143},{\"lat\":48.040859,\"lng\":-4.670977,\"name\":\"Visite guid\\u00e9e \\u00ab\\u00a0Les rendez-vous de la Pointe\\u00a0\\u00bb\",\"type\":\"evenements-locaux-6\",\"idx\":144},{\"lat\":48.3892147,\"lng\":-4.4977701,\"name\":\"Gotlib, l'humour ind\\u00e9l\\u00e9bile - Exposition\",\"type\":\"evenements-locaux-6\",\"idx\":145},{\"lat\":48.3513213,\"lng\":-4.7392891,\"name\":\"Atelier \\\"Jardinons au naturel\\\"\",\"type\":\"evenements-locaux-6\",\"idx\":146},{\"lat\":48.37441,\"lng\":-4.37047,\"name\":\"Les lectures au saut du lit\",\"type\":\"evenements-locaux-6\",\"idx\":147},{\"lat\":48.213724,\"lng\":-4.197027,\"name\":\"Visite guid\\u00e9e des champs chez MimiBzh\",\"type\":\"evenements-locaux-6\",\"idx\":148},{\"lat\":48.0349614,\"lng\":-4.2437439,\"name\":\"Orchestre Electropic\",\"type\":\"evenements-locaux-6\",\"idx\":149},{\"lat\":48.3621128,\"lng\":-4.7894416,\"name\":\"Randonn\\u00e9e bien-\\u00eatre : 1 \\u00e0 3 jours - Le vendredi, vers Kermorvan\",\"type\":\"evenements-locaux-6\",\"idx\":150},{\"lat\":48.22528,\"lng\":-4.50422,\"name\":\"Balade comment\\u00e9e - Le patrimoine de Morgat\",\"type\":\"evenements-locaux-6\",\"idx\":151},{\"lat\":48.0349614,\"lng\":-4.2437439,\"name\":\"Soir\\u00e9e danses bachata et salsa\",\"type\":\"evenements-locaux-6\",\"idx\":152},{\"lat\":48.0418527,\"lng\":-4.4885657,\"name\":\"Apr\\u00e8s-midi avec Pierre Treille, cr\\u00e9ateur de jeux\",\"type\":\"evenements-locaux-6\",\"idx\":153},{\"lat\":48.0152505,\"lng\":-4.5051148,\"name\":\"Conf\\u00e9rence \\\"Robert-Louis Stevenson, les chemins de la libert\\u00e9\\\"\",\"type\":\"evenements-locaux-6\",\"idx\":154},{\"lat\":48.0972725,\"lng\":-4.3354308,\"name\":\"Visite guid\\u00e9e de l'\\u00eele Tristan\",\"type\":\"evenements-locaux-6\",\"idx\":155},{\"lat\":48.38873,\"lng\":-4.49865,\"name\":\"Visite de l'exposition Brest, l'art pour raconter la ville\",\"type\":\"evenements-locaux-6\",\"idx\":156},{\"lat\":48.040859,\"lng\":-4.670977,\"name\":\"Visite guid\\u00e9e \\u00ab\\u00a0Les rendez-vous de la Pointe\\u00a0\\u00bb\",\"type\":\"evenements-locaux-6\",\"idx\":157},{\"lat\":48.3178941,\"lng\":-4.2608998,\"name\":\"Les Rendez-Vous P\\u00e9pites: Les ch\\u00e8vres de Mohair de Cornouaille \\u00e0 l'H\\u00f4pital-Camfrout\",\"type\":\"evenements-locaux-6\",\"idx\":158},{\"lat\":48.0178694,\"lng\":-4.5304599,\"name\":\"Atelier d'initiation au handtufting Cr\\u00e9ation tapis laine\",\"type\":\"evenements-locaux-6\",\"idx\":159},{\"lat\":48.27979,\"lng\":-4.59193,\"name\":\"Visite guid\\u00e9e du sillon de Camaret-sur-Mer + visite libre de la Tour\",\"type\":\"evenements-locaux-6\",\"idx\":160},{\"lat\":48.24561,\"lng\":-4.48861,\"name\":\"Balades climatiques par la Maison des Min\\u00e9raux\",\"type\":\"evenements-locaux-6\",\"idx\":161},{\"lat\":48.4323369,\"lng\":-4.628738,\"name\":\"Bourse aux v\\u00eatements - pu\\u00e9riculture\",\"type\":\"evenements-locaux-6\",\"idx\":162},{\"lat\":48.0923984,\"lng\":-4.3326434,\"name\":\"Visite \\\"Des bancs de sardines aux bancs d'usines\\\"\",\"type\":\"evenements-locaux-6\",\"idx\":163},{\"lat\":48.29135,\"lng\":-4.26745,\"name\":\"L'abbaye-forteresse en 3D\",\"type\":\"evenements-locaux-6\",\"idx\":164},{\"lat\":48.091288,\"lng\":-4.3214678,\"name\":\"Visite guid\\u00e9e du site naturel des Plomarc'h\",\"type\":\"evenements-locaux-6\",\"idx\":165},{\"lat\":48.24748,\"lng\":-4.31835,\"name\":\"Concert Trio Vocal Baroque\",\"type\":\"evenements-locaux-6\",\"idx\":166},{\"lat\":47.98562,\"lng\":-4.42047,\"name\":\"Forum des associations\",\"type\":\"evenements-locaux-6\",\"idx\":167},{\"lat\":48.0178694,\"lng\":-4.5304599,\"name\":\"Atelier d'initiation au handtufting Cr\\u00e9ation tapis laine\",\"type\":\"evenements-locaux-6\",\"idx\":168},{\"lat\":48.040859,\"lng\":-4.670977,\"name\":\"Visite cr\\u00e9pusculaire de la Pointe du Raz\",\"type\":\"evenements-locaux-6\",\"idx\":169},{\"lat\":48.0923984,\"lng\":-4.3326434,\"name\":\"Exposition photographies \\\"A terre en mer, les \\u00eeles de Michel Thersiquel\\\"\",\"type\":\"evenements-locaux-6\",\"idx\":170},{\"lat\":48.3913143,\"lng\":-4.381277,\"name\":\"Jeu de piste guid\\u00e9 \\\"d\\u00e9couverte du patrimoine au port du Passage\\\"\",\"type\":\"evenements-locaux-6\",\"idx\":171},{\"lat\":48.0251489,\"lng\":-4.5358517,\"name\":\"Exposition \\\"Marines d'hier et d'aujourd'hui\\\"\",\"type\":\"evenements-locaux-6\",\"idx\":172},{\"lat\":48.3585519,\"lng\":-4.7698143,\"name\":\"Tour de ville du Conquet\",\"type\":\"evenements-locaux-6\",\"idx\":173},{\"lat\":48.3593718,\"lng\":-4.7737684,\"name\":\"Exposition Tintin et son univers\",\"type\":\"evenements-locaux-6\",\"idx\":174},{\"lat\":48.0351667,\"lng\":-4.4365454,\"name\":\"Rando Sant\\u00e9\",\"type\":\"evenements-locaux-6\",\"idx\":175},{\"lat\":48.25146,\"lng\":-4.22228,\"name\":\"Summer Tour\",\"type\":\"evenements-locaux-6\",\"idx\":176},{\"lat\":48.3884227,\"lng\":-4.4850204,\"name\":\"Vivre et r\\u00e9sister sous l'occupation\",\"type\":\"evenements-locaux-6\",\"idx\":177},{\"lat\":48.035306,\"lng\":-4.5400859,\"name\":\"Bains de For\\u00eat\",\"type\":\"evenements-locaux-6\",\"idx\":178},{\"lat\":48.3817225,\"lng\":-4.4921918,\"name\":\"Le dessous des mers - Exposition\",\"type\":\"evenements-locaux-6\",\"idx\":179},{\"lat\":48.04248,\"lng\":-4.48929,\"name\":\"Concours de palet breton\",\"type\":\"evenements-locaux-6\",\"idx\":180},{\"lat\":48.0060997,\"lng\":-4.5553163,\"name\":\"Balade en baie d\\u2019Audierne\",\"type\":\"evenements-locaux-6\",\"idx\":181},{\"lat\":48.3557701,\"lng\":-4.6794651,\"name\":\"Balade ornithologique sp\\u00e9ciale \\u00ab retour des limicoles \\u00bb\",\"type\":\"evenements-locaux-6\",\"idx\":182},{\"lat\":48.3298633,\"lng\":-4.7709141,\"name\":\"Jeu de piste \\\"Le fant\\u00f4me de l'abbaye\\\"\",\"type\":\"evenements-locaux-6\",\"idx\":183},{\"lat\":48.391613,\"lng\":-4.435704,\"name\":\"Championnat d'Europe Ocean Racing\",\"type\":\"evenements-locaux-6\",\"idx\":184},{\"lat\":48.039113,\"lng\":-4.705542,\"name\":\"Visite guid\\u00e9e - Rando \\u00e0 la Pointe du Raz\",\"type\":\"evenements-locaux-6\",\"idx\":185},{\"lat\":48.033334,\"lng\":-4.564891,\"name\":\"Animations estivales \\u00e0 Aquacap\",\"type\":\"evenements-locaux-6\",\"idx\":186},{\"lat\":47.98536,\"lng\":-4.42624,\"name\":\"Exposition  : Ph\\u00e9nom\\u00e8nes -  Monique Duguer et Patrick Guellec\",\"type\":\"evenements-locaux-6\",\"idx\":187},{\"lat\":48.31832,\"lng\":-4.28392,\"name\":\"Stage Multiactivit\\u00e9s 8\\\/12 ans \\u00e0 Moulin Mer\",\"type\":\"evenements-locaux-6\",\"idx\":188},{\"lat\":48.27635,\"lng\":-4.59611,\"name\":\"Concert de chansons de Georges Brassens\",\"type\":\"evenements-locaux-6\",\"idx\":189},{\"lat\":48.0234305,\"lng\":-4.5398973,\"name\":\"Atelier caf\\u00e9 c\\u00e9ramique & cours d'initiation au modelage\",\"type\":\"evenements-locaux-6\",\"idx\":190},{\"lat\":48.1028916,\"lng\":-4.3807995,\"name\":\"Atelier de c\\u00e9ramique sur le th\\u00e8me \\\"du modelage \\u00e0 l'\\u00e9panouissement cr\\u00e9atif\\\" par les C\\u00e9ramiques de Blue\",\"type\":\"evenements-locaux-6\",\"idx\":191},{\"lat\":48.0934716,\"lng\":-4.3268701,\"name\":\"March\\u00e9s du Pays de Douarnenez\",\"type\":\"evenements-locaux-6\",\"idx\":192},{\"lat\":48.35978,\"lng\":-4.186038,\"name\":\"Visite de la chapelle Notre Dame de Lorette\",\"type\":\"evenements-locaux-6\",\"idx\":193},{\"lat\":48.0410345,\"lng\":-4.4879437,\"name\":\"Concert de Oizau\",\"type\":\"evenements-locaux-6\",\"idx\":194},{\"lat\":48.3890223,\"lng\":-4.4983387,\"name\":\"Il est con mais je l'aime - Spectacle d'humour\",\"type\":\"evenements-locaux-6\",\"idx\":195},{\"lat\":48.24584,\"lng\":-4.49062,\"name\":\"Les vendredis Concerts\",\"type\":\"evenements-locaux-6\",\"idx\":196},{\"lat\":48.3734843,\"lng\":-4.3704427,\"name\":\"Visite atelier \\u00ab Les fraises de Plougastel\\u00bb\",\"type\":\"evenements-locaux-6\",\"idx\":197},{\"lat\":48.29236,\"lng\":-4.2678,\"name\":\"Le vol du coeur d'Anne de Bretagne\",\"type\":\"evenements-locaux-6\",\"idx\":198},{\"lat\":48.3978896,\"lng\":-4.3946601,\"name\":\"Bal populaire, DJ et feu d'artifice\",\"type\":\"evenements-locaux-6\",\"idx\":199},{\"lat\":48.3810239,\"lng\":-4.4946544,\"name\":\"Escape game \\u00ab Les \\u00e9vad\\u00e9s du ch\\u00e2teau \\u00bb\",\"type\":\"evenements-locaux-6\",\"idx\":200},{\"lat\":48.0060997,\"lng\":-4.5553163,\"name\":\"Balade en baie d\\u2019Audierne\",\"type\":\"evenements-locaux-6\",\"idx\":201},{\"lat\":48.26289,\"lng\":-4.61582,\"name\":\"Rando U\",\"type\":\"evenements-locaux-6\",\"idx\":202},{\"lat\":48.3976845,\"lng\":-4.4263325,\"name\":\"Tournoi de Beach-volley\",\"type\":\"evenements-locaux-6\",\"idx\":203},{\"lat\":48.3710617,\"lng\":-4.7359158,\"name\":\"Rencontres musicales de Tr\\u00e9babu \\u2013 \\u00ab\\u00a0Kanerien Lanveneg\\u00a0\\u00bb\",\"type\":\"evenements-locaux-6\",\"idx\":204},{\"lat\":48.0931504,\"lng\":-4.3310605,\"name\":\"Gef\\u00fchrter Fotospaziergang durch Douarnenez\",\"type\":\"evenements-locaux-6\",\"idx\":205},{\"lat\":48.39801,\"lng\":-4.38832,\"name\":\"Destok\",\"type\":\"evenements-locaux-6\",\"idx\":206},{\"lat\":48.0176766,\"lng\":-4.5304275,\"name\":\"Cours de Poterie - Modelage et tournage\",\"type\":\"evenements-locaux-6\",\"idx\":207},{\"lat\":48.24143,\"lng\":-4.29881,\"name\":\"Atelier v\\u00e9lo participatif et solidaire\",\"type\":\"evenements-locaux-6\",\"idx\":208},{\"lat\":48.3616903,\"lng\":-4.2612576,\"name\":\"Visite guid\\u00e9e du Daoulas historique\",\"type\":\"evenements-locaux-6\",\"idx\":209},{\"lat\":48.033235,\"lng\":-4.592736,\"name\":\"Accueils Enfants \\u00c9t\\u00e9 2026 - Forest Cool - Cap Sizun\",\"type\":\"evenements-locaux-6\",\"idx\":210},{\"lat\":48.3308594,\"lng\":-4.7705926,\"name\":\"Visite de la pointe Saint-Mathieu\",\"type\":\"evenements-locaux-6\",\"idx\":211},{\"lat\":48.3620578,\"lng\":-4.2653057,\"name\":\"Exposition \\\/ Ma sorci\\u00e8re mal nomm\\u00e9e - Magie et Pouvoir au f\\u00e9minin\",\"type\":\"evenements-locaux-6\",\"idx\":212},{\"lat\":48.3890223,\"lng\":-4.4983387,\"name\":\"Les aventures du magicien d'Oz\",\"type\":\"evenements-locaux-6\",\"idx\":213},{\"lat\":48.0972725,\"lng\":-4.3354308,\"name\":\"\\u00cele Tristan - \\\"Ile Ouverte\\\"\",\"type\":\"evenements-locaux-6\",\"idx\":214},{\"lat\":48.3668906,\"lng\":-4.7468749,\"name\":\"Stage Aventure Nature\",\"type\":\"evenements-locaux-6\",\"idx\":215},{\"lat\":48.035306,\"lng\":-4.5400859,\"name\":\"Bains de For\\u00eat\",\"type\":\"evenements-locaux-6\",\"idx\":216},{\"lat\":48.0145538,\"lng\":-4.4872651,\"name\":\"Portes ouvertes association Danses en Cap Sizun\",\"type\":\"evenements-locaux-6\",\"idx\":217},{\"lat\":48.27045,\"lng\":-4.5847,\"name\":\"Visitez la distillerie Brumenn\",\"type\":\"evenements-locaux-6\",\"idx\":218},{\"lat\":48.064635,\"lng\":-4.713811,\"name\":\"Visite guid\\u00e9e - Rando Nature \\u00e0 la Pointe du Van\",\"type\":\"evenements-locaux-6\",\"idx\":219},{\"lat\":48.2934,\"lng\":-4.26771,\"name\":\"Balade comment\\u00e9e - Le patrimoine de Land\\u00e9vennec\",\"type\":\"evenements-locaux-6\",\"idx\":220},{\"lat\":48.01434,\"lng\":-4.48639,\"name\":\"Balade comment\\u00e9e en Cap-Sizun\",\"type\":\"evenements-locaux-6\",\"idx\":221},{\"lat\":48.022336,\"lng\":-4.592026,\"name\":\"Visite guid\\u00e9e de la Chapelle de Saint-Tugen\",\"type\":\"evenements-locaux-6\",\"idx\":222},{\"lat\":48.02369,\"lng\":-4.53993,\"name\":\"Visite guid\\u00e9e d'Audierne\",\"type\":\"evenements-locaux-6\",\"idx\":223},{\"lat\":48.3513213,\"lng\":-4.7392891,\"name\":\"Sortie stand-up paddle dans la ria\",\"type\":\"evenements-locaux-6\",\"idx\":224},{\"lat\":48.040859,\"lng\":-4.670977,\"name\":\"Visite cr\\u00e9pusculaire de la Pointe du Raz\",\"type\":\"evenements-locaux-6\",\"idx\":225},{\"lat\":48.29236,\"lng\":-4.2678,\"name\":\"Bretagne Virtuelle\",\"type\":\"evenements-locaux-6\",\"idx\":226},{\"lat\":48.0060997,\"lng\":-4.5553163,\"name\":\"Balade en baie d\\u2019Audierne\",\"type\":\"evenements-locaux-6\",\"idx\":227},{\"lat\":48.27989,\"lng\":-4.59106,\"name\":\"Lev\\u00e9e du pont levis - Tour Vauban\",\"type\":\"evenements-locaux-6\",\"idx\":228},{\"lat\":48.0184347,\"lng\":-4.5316125,\"name\":\"Visite guid\\u00e9e de cri\\u00e9e d\\u2019Audierne-Poulgoazec\",\"type\":\"evenements-locaux-6\",\"idx\":229},{\"lat\":48.348335,\"lng\":-4.3280509,\"name\":\"Stage de voile \\u00e0 Rostiviec\",\"type\":\"evenements-locaux-6\",\"idx\":230},{\"lat\":48.0972725,\"lng\":-4.3354308,\"name\":\"Visite guid\\u00e9e de l'\\u00eele Tristan\",\"type\":\"evenements-locaux-6\",\"idx\":231},{\"lat\":48.040859,\"lng\":-4.670977,\"name\":\"Visite guid\\u00e9e \\u00ab\\u00a0Les rendez-vous de la Pointe\\u00a0\\u00bb\",\"type\":\"evenements-locaux-6\",\"idx\":232},{\"lat\":48.3739281,\"lng\":-4.3700705,\"name\":\"Visite guid\\u00e9e du Calvaire\",\"type\":\"evenements-locaux-6\",\"idx\":233},{\"lat\":48.3873947,\"lng\":-4.5199544,\"name\":\"Le BBH affronte Borussia Dortmund\",\"type\":\"evenements-locaux-6\",\"idx\":234},{\"lat\":48.27681,\"lng\":-4.5963,\"name\":\"Kaz'Heol Games\",\"type\":\"evenements-locaux-6\",\"idx\":235},{\"lat\":48.064635,\"lng\":-4.713811,\"name\":\"Rando-V\\u00e9lo - Balade \\u00e0 v\\u00e9lo \\u00e9lectrique de la Pointe du Van \\u00e0 la Pointe du Raz\",\"type\":\"evenements-locaux-6\",\"idx\":236},{\"lat\":48.25025,\"lng\":-4.38179,\"name\":\"March\\u00e9 des producteurs - Cidrerie de Rozavern\",\"type\":\"evenements-locaux-6\",\"idx\":237},{\"lat\":48.38659,\"lng\":-4.48777,\"name\":\"Exposition Brest, l'art pour raconter la ville\",\"type\":\"evenements-locaux-6\",\"idx\":238},{\"lat\":48.39954,\"lng\":-4.44072,\"name\":\"Au secours des plantes menac\\u00e9es - Exposition\",\"type\":\"evenements-locaux-6\",\"idx\":239},{\"lat\":48.0406541,\"lng\":-4.486483,\"name\":\"March\\u00e9 Bio Local et Musical\",\"type\":\"evenements-locaux-6\",\"idx\":240},{\"lat\":48.38997,\"lng\":-4.4361,\"name\":\"R\\u00e9ouverture du pavillon Tropical\",\"type\":\"evenements-locaux-6\",\"idx\":241},{\"lat\":48.35619,\"lng\":-4.67838,\"name\":\"Randonn\\u00e9e bien-\\u00eatre  sur le GR 34 vers le phare du petit minou\",\"type\":\"evenements-locaux-6\",\"idx\":242},{\"lat\":48.27993,\"lng\":-4.59221,\"name\":\"Pardon & b\\u00e9n\\u00e9diction de la mer\",\"type\":\"evenements-locaux-6\",\"idx\":243},{\"lat\":48.064635,\"lng\":-4.713811,\"name\":\"Rando-V\\u00e9lo - Balade \\u00e0 v\\u00e9lo \\u00e9lectrique de la Pointe du Van \\u00e0 la Pointe du Raz\",\"type\":\"evenements-locaux-6\",\"idx\":244},{\"lat\":48.381201,\"lng\":-4.509831,\"name\":\"Fen\\u00eatres Ouvertes #7 - Festival itin\\u00e9rant interquartiers\",\"type\":\"evenements-locaux-6\",\"idx\":245},{\"lat\":48.1253469,\"lng\":-4.2199348,\"name\":\"March\\u00e9 saisonnier\",\"type\":\"evenements-locaux-6\",\"idx\":246},{\"lat\":48.0663827,\"lng\":-4.2557126,\"name\":\"Ouverture de l'\\u00e9glise Notre-Dame du Juch\",\"type\":\"evenements-locaux-6\",\"idx\":247},{\"lat\":48.040859,\"lng\":-4.670977,\"name\":\"Visite guid\\u00e9e \\u00ab\\u00a0Les rendez-vous de la Pointe\\u00a0\\u00bb\",\"type\":\"evenements-locaux-6\",\"idx\":248},{\"lat\":48.3377566,\"lng\":-4.6143471,\"name\":\"Randonn\\u00e9e bien-\\u00eatre : 1 \\u00e0 3 jours - Le mercredi, vers le Petit Minou\",\"type\":\"evenements-locaux-6\",\"idx\":249},{\"lat\":48.31832,\"lng\":-4.28392,\"name\":\"Stage Moussaillon 4-7 ans \\u00e0 Moulin Mer\",\"type\":\"evenements-locaux-6\",\"idx\":250},{\"lat\":48.3884131,\"lng\":-4.4850075,\"name\":\"Exposition : DRAW -  La communaut\\u00e9 de ceux qui n'ont rien en commun\",\"type\":\"evenements-locaux-6\",\"idx\":251},{\"lat\":48.0972725,\"lng\":-4.3354308,\"name\":\"Visite guid\\u00e9e de l'\\u00eele Tristan\",\"type\":\"evenements-locaux-6\",\"idx\":252},{\"lat\":48.0972725,\"lng\":-4.3354308,\"name\":\"Visite guid\\u00e9e de l'\\u00eele Tristan\",\"type\":\"evenements-locaux-6\",\"idx\":253},{\"lat\":48.0507898,\"lng\":-4.4280268,\"name\":\"F\\u00eate du Cheval et de la Forge\",\"type\":\"evenements-locaux-6\",\"idx\":254},{\"lat\":48.035306,\"lng\":-4.5400859,\"name\":\"Bains de For\\u00eat\",\"type\":\"evenements-locaux-6\",\"idx\":255},{\"lat\":48.0177402,\"lng\":-4.5304652,\"name\":\"Atelier d'initiation au handtufting - confection d'un tapis laine\",\"type\":\"evenements-locaux-6\",\"idx\":256},{\"lat\":48.3308594,\"lng\":-4.7705926,\"name\":\"Visite de la pointe Saint-Mathieu\",\"type\":\"evenements-locaux-6\",\"idx\":257},{\"lat\":48.040859,\"lng\":-4.670977,\"name\":\"Visite guid\\u00e9e \\u00ab\\u00a0Les rendez-vous de la Pointe\\u00a0\\u00bb\",\"type\":\"evenements-locaux-6\",\"idx\":258},{\"lat\":48.02493,\"lng\":-4.60945,\"name\":\"PREVEL XTREM CHALLENGE\",\"type\":\"evenements-locaux-6\",\"idx\":259},{\"lat\":48.0583151,\"lng\":-4.3353462,\"name\":\"Concert en \\u00e9glises et chapelles : Dremmwel et Klervi Rivi\\u00e8re\",\"type\":\"evenements-locaux-6\",\"idx\":260},{\"lat\":48.039,\"lng\":-4.48929,\"name\":\"Exposition \\\"Soyons SAGE, pensons nos paysages\\\"\",\"type\":\"evenements-locaux-6\",\"idx\":261},{\"lat\":48.0159937,\"lng\":-4.4903103,\"name\":\"Randos v\\u00e9lo ou marche de la POINTE DU RAZ LADIES CLASSIC\",\"type\":\"evenements-locaux-6\",\"idx\":262},{\"lat\":48.0565349,\"lng\":-4.507816,\"name\":\"S\\u00e9ance de Yoga\",\"type\":\"evenements-locaux-6\",\"idx\":263},{\"lat\":48.3416929,\"lng\":-4.718374,\"name\":\"Stages de natation \\u00e9t\\u00e9 2026 \\u00e0 la Tr\\u00e9ziroise\",\"type\":\"evenements-locaux-6\",\"idx\":264},{\"lat\":48.064635,\"lng\":-4.713811,\"name\":\"D\\u00e9couverte \\u00e0 pied - La Pointe du Van, sauvage et sacr\\u00e9e\",\"type\":\"evenements-locaux-6\",\"idx\":265},{\"lat\":48.3744869,\"lng\":-4.6450747,\"name\":\"D\\u00e9couverte des oiseaux du littoral\",\"type\":\"evenements-locaux-6\",\"idx\":266},{\"lat\":48.3804036,\"lng\":-4.4870384,\"name\":\"Sortie journ\\u00e9e \\u00e0 bord de La Recouvrance (avec repas)\",\"type\":\"evenements-locaux-6\",\"idx\":267},{\"lat\":48.024744,\"lng\":-4.562468,\"name\":\"Aquagym en mer avec Ocean by Fab\",\"type\":\"evenements-locaux-6\",\"idx\":268},{\"lat\":48.2339,\"lng\":-4.49691,\"name\":\"Mini fest noz au Grand H\\u00f4tel de la Mer\",\"type\":\"evenements-locaux-6\",\"idx\":269},{\"lat\":47.98679,\"lng\":-4.42162,\"name\":\"Troc et Puces de quartier\",\"type\":\"evenements-locaux-6\",\"idx\":270},{\"lat\":48.0933013,\"lng\":-4.3287374,\"name\":\"Exposition de photographies de \\u200b\\u200b\\u200b\\u200bIsrael Ari\\u00f1o\",\"type\":\"evenements-locaux-6\",\"idx\":271},{\"lat\":48.42752,\"lng\":-4.46055,\"name\":\"Tournoi de Molky \\u00e0 Vertical Art\",\"type\":\"evenements-locaux-6\",\"idx\":272},{\"lat\":48.27188,\"lng\":-4.42258,\"name\":\"Animation \\u00e0 la ferme Oc\\u00e9'\\u00e2ne - Petit.es \\u00e2nier.es\",\"type\":\"evenements-locaux-6\",\"idx\":273},{\"lat\":48.08554,\"lng\":-4.33113,\"name\":\"Centre des arts Andr\\u00e9 Malraux\",\"type\":\"evenements-locaux-6\",\"idx\":274},{\"lat\":48.394162,\"lng\":-4.4782092,\"name\":\"Dans les all\\u00e9es du cimeti\\u00e8re Saint-Martin\",\"type\":\"evenements-locaux-6\",\"idx\":275},{\"lat\":48.0246239,\"lng\":-4.5415165,\"name\":\"Ateliers d'initiation \\u00e0 la broderie pour enfants de l'Atelier du 5\",\"type\":\"evenements-locaux-6\",\"idx\":276},{\"lat\":48.0972725,\"lng\":-4.3354308,\"name\":\"Visite guid\\u00e9e de l'\\u00eele Tristan\",\"type\":\"evenements-locaux-6\",\"idx\":277},{\"lat\":48.38324,\"lng\":-4.49752,\"name\":\"Le charme du Brest d'Avant-Guerre - Quartier de Recouvrance\",\"type\":\"evenements-locaux-6\",\"idx\":278},{\"lat\":48.18152,\"lng\":-4.23248,\"name\":\"Exposition Fa\\u00f1ch Rol\",\"type\":\"evenements-locaux-6\",\"idx\":279},{\"lat\":48.3513213,\"lng\":-4.7392891,\"name\":\"D\\u00e9couverte des oiseaux du littoral\",\"type\":\"evenements-locaux-6\",\"idx\":280},{\"lat\":48.3602527,\"lng\":-4.7778495,\"name\":\"Balade m\\u00e9ditative dans le Parc marin direction l'\\u00eele de Qu\\u00e9m\\u00e9n\\u00e8s\",\"type\":\"evenements-locaux-6\",\"idx\":281},{\"lat\":48.3371047,\"lng\":-4.6975136,\"name\":\"Vide Greniers de l'association Bertheaume\",\"type\":\"evenements-locaux-6\",\"idx\":282},{\"lat\":48.040859,\"lng\":-4.670977,\"name\":\"Visite guid\\u00e9e \\u00ab\\u00a0Les rendez-vous de la Pointe\\u00a0\\u00bb\",\"type\":\"evenements-locaux-6\",\"idx\":283},{\"lat\":48.23879,\"lng\":-4.46201,\"name\":\"Le korrigan en f\\u00eate\",\"type\":\"evenements-locaux-6\",\"idx\":284},{\"lat\":48.374102,\"lng\":-4.369414,\"name\":\"Semaine des d\\u00e9couvertes gourmandes\",\"type\":\"evenements-locaux-6\",\"idx\":285},{\"lat\":48.0060997,\"lng\":-4.5553163,\"name\":\"Balade en baie d\\u2019Audierne\",\"type\":\"evenements-locaux-6\",\"idx\":286},{\"lat\":48.29135,\"lng\":-4.26745,\"name\":\"Des tours \\u00e0 l'abbaye ?!\",\"type\":\"evenements-locaux-6\",\"idx\":287},{\"lat\":48.27188,\"lng\":-4.42258,\"name\":\"Les dimanches \\u00e0 Oc\\u00e9'\\u00e2ne\",\"type\":\"evenements-locaux-6\",\"idx\":288},{\"lat\":48.04117,\"lng\":-4.487383,\"name\":\"Exposition des Aquarelles de Fred P.\",\"type\":\"evenements-locaux-6\",\"idx\":289},{\"lat\":48.0301028,\"lng\":-4.616325,\"name\":\"Activit\\u00e9 Echecs\",\"type\":\"evenements-locaux-6\",\"idx\":290},{\"lat\":48.22033,\"lng\":-4.36865,\"name\":\"Visite guid\\u00e9e du moulin \\u00e0 vent de Luz\\u00e9oc - Telgruc-sur-Mer\",\"type\":\"evenements-locaux-6\",\"idx\":291},{\"lat\":48.0358755,\"lng\":-4.6643866,\"name\":\"Visite de la distillerie Moby Dick\",\"type\":\"evenements-locaux-6\",\"idx\":292},{\"lat\":48.3286657,\"lng\":-4.5687414,\"name\":\"Balade comment\\u00e9e - La batterie de Kerviniou\",\"type\":\"evenements-locaux-6\",\"idx\":293},{\"lat\":48.3308594,\"lng\":-4.7705926,\"name\":\"Visite de la pointe Saint-Mathieu\",\"type\":\"evenements-locaux-6\",\"idx\":294},{\"lat\":48.38207,\"lng\":-4.49944,\"name\":\"Exposition - \\\"Le ronronnement des machines\\\"\",\"type\":\"evenements-locaux-6\",\"idx\":295},{\"lat\":48.3894,\"lng\":-4.49924,\"name\":\"Les Ateliers des capucins f\\u00eatent leurs 10 ans !\",\"type\":\"evenements-locaux-6\",\"idx\":296},{\"lat\":48.2910595,\"lng\":-4.2675401,\"name\":\"Conf\\u00e9rences \\\"Rendez-vous - Emgavio\\u00f9 Landevenneg\\\"\",\"type\":\"evenements-locaux-6\",\"idx\":297},{\"lat\":48.035306,\"lng\":-4.5400859,\"name\":\"Bains de For\\u00eat\",\"type\":\"evenements-locaux-6\",\"idx\":298},{\"lat\":48.040859,\"lng\":-4.670977,\"name\":\"Visite guid\\u00e9e \\u00ab\\u00a0Les rendez-vous de la Pointe\\u00a0\\u00bb\",\"type\":\"evenements-locaux-6\",\"idx\":299},{\"lat\":48.3744869,\"lng\":-4.6450747,\"name\":\"D\\u00e9couverte des oiseaux du littoral\",\"type\":\"evenements-locaux-6\",\"idx\":300},{\"lat\":48.0931504,\"lng\":-4.3310605,\"name\":\"Gef\\u00fchrter Fotospaziergang durch Douarnenez\",\"type\":\"evenements-locaux-6\",\"idx\":301},{\"lat\":48.3974813,\"lng\":-4.2697699,\"name\":\"Fest Deiz au mus\\u00e9e Ti Gwechal de Dirinon\",\"type\":\"evenements-locaux-6\",\"idx\":302},{\"lat\":48.25025,\"lng\":-4.38179,\"name\":\"Visite guid\\u00e9e \\u00e0 la Cidrerie de Rozavern\",\"type\":\"evenements-locaux-6\",\"idx\":303},{\"lat\":48.3817225,\"lng\":-4.4921918,\"name\":\"Les Marines de Dilasser - Exposition\",\"type\":\"evenements-locaux-6\",\"idx\":304},{\"lat\":48.040988,\"lng\":-4.487926,\"name\":\"Escape game historique\",\"type\":\"evenements-locaux-6\",\"idx\":305},{\"lat\":48.3744141,\"lng\":-4.3055249,\"name\":\"Exposition - Charybde & Scylla\",\"type\":\"evenements-locaux-6\",\"idx\":306},{\"lat\":48.3308594,\"lng\":-4.7705926,\"name\":\"Visite de la pointe Saint-Mathieu\",\"type\":\"evenements-locaux-6\",\"idx\":307},{\"lat\":48.2418,\"lng\":-4.49576,\"name\":\"Exposition peintures et c\\u00e9ramiques contemporaines 2026#3\",\"type\":\"evenements-locaux-6\",\"idx\":308},{\"lat\":48.040859,\"lng\":-4.670977,\"name\":\"Visite guid\\u00e9e \\u00ab\\u00a0Les rendez-vous de la Pointe\\u00a0\\u00bb\",\"type\":\"evenements-locaux-6\",\"idx\":309},{\"lat\":48.0228702,\"lng\":-4.5386722,\"name\":\"Balade d\\u00e9couverte en baie d'Audierne avec Audierne Yachting\",\"type\":\"evenements-locaux-6\",\"idx\":310},{\"lat\":48.0931504,\"lng\":-4.3310605,\"name\":\"Visite guid\\u00e9e des vieux quartiers de Douarnenez\",\"type\":\"evenements-locaux-6\",\"idx\":311},{\"lat\":48.0406541,\"lng\":-4.486483,\"name\":\"March\\u00e9 bio, local et musical - Concert Skanky Combo\",\"type\":\"evenements-locaux-6\",\"idx\":312},{\"lat\":48.27411,\"lng\":-4.59593,\"name\":\"Conf\\u00e9rence l'IA er les humano\\u00eedes\",\"type\":\"evenements-locaux-6\",\"idx\":313},{\"lat\":48.040859,\"lng\":-4.670977,\"name\":\"Visite guid\\u00e9e \\u00ab\\u00a0Les rendez-vous de la Pointe\\u00a0\\u00bb\",\"type\":\"evenements-locaux-6\",\"idx\":314},{\"lat\":48.27635,\"lng\":-4.59611,\"name\":\"Dances bretonnes avec le groupe PLACK\",\"type\":\"evenements-locaux-6\",\"idx\":315},{\"lat\":48.064635,\"lng\":-4.713811,\"name\":\"Visite guid\\u00e9e - Rando Nature \\u00e0 la Pointe du Van\",\"type\":\"evenements-locaux-6\",\"idx\":316},{\"lat\":48.035306,\"lng\":-4.5400859,\"name\":\"Bains de For\\u00eat\",\"type\":\"evenements-locaux-6\",\"idx\":317},{\"lat\":48.3299965,\"lng\":-4.7710739,\"name\":\"Randonn\\u00e9e bien-\\u00eatre : 1 \\u00e0 3 jours - Le jeudi, vers Saint-Mathieu\",\"type\":\"evenements-locaux-6\",\"idx\":318},{\"lat\":48.0972725,\"lng\":-4.3354308,\"name\":\"\\u00cele Tristan - \\\"Ile Ouverte\\\"\",\"type\":\"evenements-locaux-6\",\"idx\":319},{\"lat\":48.27635,\"lng\":-4.59611,\"name\":\"Concert\",\"type\":\"evenements-locaux-6\",\"idx\":320},{\"lat\":48.374102,\"lng\":-4.369414,\"name\":\"Semaine des d\\u00e9couvertes\",\"type\":\"evenements-locaux-6\",\"idx\":321},{\"lat\":48.0933932,\"lng\":-4.3259373,\"name\":\"Exposition \\\"J'ai r\\u00eav\\u00e9 la Bretagne\\\"\",\"type\":\"evenements-locaux-6\",\"idx\":322},{\"lat\":48.3308594,\"lng\":-4.7705926,\"name\":\"Visite de la pointe Saint-Mathieu\",\"type\":\"evenements-locaux-6\",\"idx\":323},{\"lat\":48.040859,\"lng\":-4.670977,\"name\":\"Visite guid\\u00e9e \\u00ab\\u00a0Les rendez-vous de la Pointe\\u00a0\\u00bb\",\"type\":\"evenements-locaux-6\",\"idx\":324},{\"lat\":48.02369,\"lng\":-4.53993,\"name\":\"Visite guid\\u00e9e d'Audierne\",\"type\":\"evenements-locaux-6\",\"idx\":325},{\"lat\":48.0176766,\"lng\":-4.5304275,\"name\":\"Cours de Poterie - Modelage et tournage\",\"type\":\"evenements-locaux-6\",\"idx\":326},{\"lat\":48.3513213,\"lng\":-4.7392891,\"name\":\"D\\u00e9couverte des oiseaux du littoral\",\"type\":\"evenements-locaux-6\",\"idx\":327},{\"lat\":48.3804036,\"lng\":-4.4870384,\"name\":\"Sortie demi-journ\\u00e9e \\u00e0 bord de La Recouvrance\",\"type\":\"evenements-locaux-6\",\"idx\":328},{\"lat\":48.01434,\"lng\":-4.48639,\"name\":\"Balade comment\\u00e9e en Cap-Sizun\",\"type\":\"evenements-locaux-6\",\"idx\":329},{\"lat\":48.064635,\"lng\":-4.713811,\"name\":\"Rando-V\\u00e9lo - Balade \\u00e0 v\\u00e9lo \\u00e9lectrique de la Pointe du Van \\u00e0 la Pointe du Raz\",\"type\":\"evenements-locaux-6\",\"idx\":330},{\"lat\":48.36204,\"lng\":-4.26534,\"name\":\"Visite accompagn\\u00e9e Panorama\",\"type\":\"evenements-locaux-6\",\"idx\":331},{\"lat\":48.0934247,\"lng\":-4.3257356,\"name\":\"Concert en \\u00e9glises et chapelles : trio P\\u00caR-VARI KERVAREC, \\\"L\\u2019H\\u00e9ritage de Bretagne\\\"\",\"type\":\"evenements-locaux-6\",\"idx\":332},{\"lat\":48.4378722,\"lng\":-4.3078881,\"name\":\"Exploration en famille sur le th\\u00e8me de l'eau\",\"type\":\"evenements-locaux-6\",\"idx\":333},{\"lat\":48.4012202,\"lng\":-4.492127,\"name\":\"Le chat d\\u00e9ambule \\u00e0 Brest\",\"type\":\"evenements-locaux-6\",\"idx\":334},{\"lat\":48.02369,\"lng\":-4.53993,\"name\":\"Visite guid\\u00e9e d'Audierne\",\"type\":\"evenements-locaux-6\",\"idx\":335},{\"lat\":48.426673,\"lng\":-4.6178433,\"name\":\"Soir\\u00e9e d'observation astronomique\",\"type\":\"evenements-locaux-6\",\"idx\":336},{\"lat\":48.339873,\"lng\":-4.69987,\"name\":\"Les Pierres qui parlent (Kayak Bertheaume)\",\"type\":\"evenements-locaux-6\",\"idx\":337},{\"lat\":48.064635,\"lng\":-4.713811,\"name\":\"Rando-V\\u00e9lo - Balade \\u00e0 v\\u00e9lo \\u00e9lectrique de la Pointe du Van \\u00e0 la Pointe du Raz\",\"type\":\"evenements-locaux-6\",\"idx\":338},{\"lat\":48.039113,\"lng\":-4.705542,\"name\":\"Visite guid\\u00e9e - Rando \\u00e0 la Pointe du Raz\",\"type\":\"evenements-locaux-6\",\"idx\":339},{\"lat\":48.4338675,\"lng\":-4.7309515,\"name\":\"Exposition du peintre Jean-Yves Madec\",\"type\":\"evenements-locaux-6\",\"idx\":340},{\"lat\":48.2446376,\"lng\":-4.2266491,\"name\":\"Exposition temporaire - \\\"Plus ou moins b\\u00eates\\\" - Les animaux et l'\\u00e9ducation\",\"type\":\"evenements-locaux-6\",\"idx\":341},{\"lat\":48.0282888,\"lng\":-4.5361101,\"name\":\"Visite guid\\u00e9e & spectacle d'oiseaux \\u00e0 l'Aquashow\",\"type\":\"evenements-locaux-6\",\"idx\":342},{\"lat\":48.4378722,\"lng\":-4.3078876,\"name\":\"A la d\\u00e9couverte de la for\\u00eat avec les b\\u00e9b\\u00e9s\",\"type\":\"evenements-locaux-6\",\"idx\":343},{\"lat\":48.0184347,\"lng\":-4.5316125,\"name\":\"Visite guid\\u00e9e de cri\\u00e9e d\\u2019Audierne-Poulgoazec\",\"type\":\"evenements-locaux-6\",\"idx\":344},{\"lat\":48.16934,\"lng\":-4.28909,\"name\":\"DJ set de Chamar\",\"type\":\"evenements-locaux-6\",\"idx\":345},{\"lat\":48.36204,\"lng\":-4.26534,\"name\":\"Visite accompagn\\u00e9e - La sorci\\u00e8re n'est jamais loin\",\"type\":\"evenements-locaux-6\",\"idx\":346},{\"lat\":48.20406,\"lng\":-4.52798,\"name\":\"Atelier Cyanotype - Maison des Min\\u00e9raux\",\"type\":\"evenements-locaux-6\",\"idx\":347},{\"lat\":48.034979,\"lng\":-4.436238,\"name\":\"C'hoari Tour - Ludoth\\u00e8que itin\\u00e9rante du Cap-Sizun - Mahalon\",\"type\":\"evenements-locaux-6\",\"idx\":348},{\"lat\":48.3308594,\"lng\":-4.7705926,\"name\":\"Visite de la pointe Saint-Mathieu\",\"type\":\"evenements-locaux-6\",\"idx\":349},{\"lat\":47.98611,\"lng\":-4.42699,\"name\":\"Concert Ballades Celtiques\",\"type\":\"evenements-locaux-6\",\"idx\":350},{\"lat\":48.36372,\"lng\":-4.53121,\"name\":\"Mini conf\\u00e9rence - Les brasseurs de science\",\"type\":\"evenements-locaux-6\",\"idx\":351},{\"lat\":48.02369,\"lng\":-4.53993,\"name\":\"Visite guid\\u00e9e d'Audierne\",\"type\":\"evenements-locaux-6\",\"idx\":352},{\"lat\":48.0184525,\"lng\":-4.5316231,\"name\":\"Visite de cri\\u00e9e Famille\",\"type\":\"evenements-locaux-6\",\"idx\":353},{\"lat\":48.0261091,\"lng\":-4.6111536,\"name\":\"Atelier de dentelle aux fuseaux\",\"type\":\"evenements-locaux-6\",\"idx\":354},{\"lat\":48.040859,\"lng\":-4.670977,\"name\":\"Visite guid\\u00e9e \\u00ab\\u00a0Les rendez-vous de la Pointe\\u00a0\\u00bb\",\"type\":\"evenements-locaux-6\",\"idx\":355},{\"lat\":48.064635,\"lng\":-4.713811,\"name\":\"Visite guid\\u00e9e - Rando Nature \\u00e0 la Pointe du Van\",\"type\":\"evenements-locaux-6\",\"idx\":356},{\"lat\":48.064635,\"lng\":-4.713811,\"name\":\"D\\u00e9couverte \\u00e0 pied - La Pointe du Van, sauvage et sacr\\u00e9e\",\"type\":\"evenements-locaux-6\",\"idx\":357},{\"lat\":48.064635,\"lng\":-4.713811,\"name\":\"Visite guid\\u00e9e - Rando Nature \\u00e0 la Pointe du Van\",\"type\":\"evenements-locaux-6\",\"idx\":358},{\"lat\":48.3890223,\"lng\":-4.4983387,\"name\":\"1 h pour comprendre son ado-One Man Show\",\"type\":\"evenements-locaux-6\",\"idx\":359},{\"lat\":48.0931504,\"lng\":-4.3310605,\"name\":\"Gef\\u00fchrter Fotospaziergang durch Douarnenez\",\"type\":\"evenements-locaux-6\",\"idx\":360},{\"lat\":48.3548649,\"lng\":-4.680289,\"name\":\"Balade ornithologique sur le sentier c\\u00f4tier\",\"type\":\"evenements-locaux-6\",\"idx\":361},{\"lat\":48.1007102,\"lng\":-4.3467658,\"name\":\"Concert en \\u00e9glises et chapelles : Trobairitz\",\"type\":\"evenements-locaux-6\",\"idx\":362},{\"lat\":48.0176766,\"lng\":-4.5304275,\"name\":\"March\\u00e9 des Ateliers\",\"type\":\"evenements-locaux-6\",\"idx\":363},{\"lat\":48.040859,\"lng\":-4.670977,\"name\":\"Visite cr\\u00e9pusculaire de la Pointe du Raz\",\"type\":\"evenements-locaux-6\",\"idx\":364},{\"lat\":48.0282077,\"lng\":-4.5357824,\"name\":\"Dessiner \\u00e0 l'Aquashow\",\"type\":\"evenements-locaux-6\",\"idx\":365},{\"lat\":48.040859,\"lng\":-4.670977,\"name\":\"Visite guid\\u00e9e \\u00ab\\u00a0Les rendez-vous de la Pointe\\u00a0\\u00bb\",\"type\":\"evenements-locaux-6\",\"idx\":366},{\"lat\":48.0931504,\"lng\":-4.3310605,\"name\":\"Visite guid\\u00e9e des vieux quartiers de Douarnenez\",\"type\":\"evenements-locaux-6\",\"idx\":367},{\"lat\":48.0176766,\"lng\":-4.5304275,\"name\":\"March\\u00e9 des Ateliers\",\"type\":\"evenements-locaux-6\",\"idx\":368},{\"lat\":48.0406541,\"lng\":-4.486483,\"name\":\"March\\u00e9 bio, local et musical - Concerts du groupe Battements puis The Past Travellers\",\"type\":\"evenements-locaux-6\",\"idx\":369},{\"lat\":48.3890223,\"lng\":-4.4983387,\"name\":\"Charlie et le manoir enchant\\u00e9\",\"type\":\"evenements-locaux-6\",\"idx\":370},{\"lat\":48.024744,\"lng\":-4.562468,\"name\":\"Promenade dessin\\u00e9e - Croquis urbain, carnet de voyage\",\"type\":\"evenements-locaux-6\",\"idx\":371},{\"lat\":48.3890223,\"lng\":-4.4983387,\"name\":\"Sant\\u00e9  !- Com\\u00e9die\",\"type\":\"evenements-locaux-6\",\"idx\":372},{\"lat\":48.345042,\"lng\":-4.301515,\"name\":\"Visite - La kersantite \\u00e0 Kersanton\",\"type\":\"evenements-locaux-6\",\"idx\":373},{\"lat\":48.24561,\"lng\":-4.48861,\"name\":\"Balade nature et g\\u00e9ologique - Porzh Koubou (Crozon) - Maison des Min\\u00e9raux\",\"type\":\"evenements-locaux-6\",\"idx\":374},{\"lat\":48.040965,\"lng\":-4.4879944,\"name\":\"Exposition Hors Saison au Marquisat\",\"type\":\"evenements-locaux-6\",\"idx\":375},{\"lat\":48.29135,\"lng\":-4.26745,\"name\":\"Visite - Des ruines au mus\\u00e9e\",\"type\":\"evenements-locaux-6\",\"idx\":376},{\"lat\":48.29167,\"lng\":-4.45387,\"name\":\"Vide grenier de Rentr\\u00e9e\",\"type\":\"evenements-locaux-6\",\"idx\":377},{\"lat\":48.05585,\"lng\":-4.593026,\"name\":\"Exposition \\\"Nature et s\\u00e9r\\u00e9nit\\u00e9 dans le Cap Sizun\\\"\",\"type\":\"evenements-locaux-6\",\"idx\":378},{\"lat\":48.0301028,\"lng\":-4.616325,\"name\":\"Exposition \\\"Des ann\\u00e9es 1950 \\u00e0 aujourd'hui : une histoire de transmissions\\\"\",\"type\":\"evenements-locaux-6\",\"idx\":379},{\"lat\":48.0923984,\"lng\":-4.3326434,\"name\":\"Atelier - Savoir-faire des marins au Port-mus\\u00e9e\",\"type\":\"evenements-locaux-6\",\"idx\":380},{\"lat\":48.29557,\"lng\":-4.18079,\"name\":\"D\\u00e9dicace Toupoil, la BD-Nature des enfants avec Serge Monfort\",\"type\":\"evenements-locaux-6\",\"idx\":381},{\"lat\":48.0938163,\"lng\":-4.3272996,\"name\":\"Exposition de Jean-Pierre Le Bars\",\"type\":\"evenements-locaux-6\",\"idx\":382},{\"lat\":48.425935,\"lng\":-4.3064674,\"name\":\"En famille, \\u00e9merveillement aupr\\u00e8s des arbres\",\"type\":\"evenements-locaux-6\",\"idx\":383},{\"lat\":48.2267683,\"lng\":-4.5027205,\"name\":\"Yoga sur la plage de Morgat - Vinyasa\",\"type\":\"evenements-locaux-6\",\"idx\":384},{\"lat\":48.47189,\"lng\":-4.37425,\"name\":\"L'Atelier R\\u00e9flexo initiation en duo\",\"type\":\"evenements-locaux-6\",\"idx\":385},{\"lat\":48.3500854,\"lng\":-4.3256313,\"name\":\"Sea, snack & sun !\",\"type\":\"evenements-locaux-6\",\"idx\":386},{\"lat\":48.30589,\"lng\":-4.56528,\"name\":\"Balade comment\\u00e9e - Fort de la Fraternit\\u00e9 \\u00e0 Roscanvel\",\"type\":\"evenements-locaux-6\",\"idx\":387},{\"lat\":48.2455403,\"lng\":-4.4891571,\"name\":\"Feel Good Festival\",\"type\":\"evenements-locaux-6\",\"idx\":388},{\"lat\":48.3890223,\"lng\":-4.4983387,\"name\":\"Plan \\u00e0 3\",\"type\":\"evenements-locaux-6\",\"idx\":389},{\"lat\":48.040859,\"lng\":-4.670977,\"name\":\"Visite guid\\u00e9e \\u00ab\\u00a0Les rendez-vous de la Pointe\\u00a0\\u00bb\",\"type\":\"evenements-locaux-6\",\"idx\":390},{\"lat\":48.0088512,\"lng\":-4.556052,\"name\":\"Aquagym en mer - Ocean by Fab\",\"type\":\"evenements-locaux-6\",\"idx\":391},{\"lat\":48.2453,\"lng\":-4.31641,\"name\":\"March\\u00e9 d'Argol\",\"type\":\"evenements-locaux-6\",\"idx\":392},{\"lat\":48.0176766,\"lng\":-4.5304275,\"name\":\"Cours de Poterie - Modelage et tournage\",\"type\":\"evenements-locaux-6\",\"idx\":393},{\"lat\":48.039113,\"lng\":-4.705542,\"name\":\"Visite guid\\u00e9e - Rando \\u00e0 la Pointe du Raz\",\"type\":\"evenements-locaux-6\",\"idx\":394},{\"lat\":48.0203459,\"lng\":-4.5362191,\"name\":\"Navigation d\\u00e9couverte sur le langoustier Cap Sizun\",\"type\":\"evenements-locaux-6\",\"idx\":395},{\"lat\":48.0972725,\"lng\":-4.3354308,\"name\":\"\\u00cele Tristan - \\\"Ile Ouverte\\\"\",\"type\":\"evenements-locaux-6\",\"idx\":396},{\"lat\":48.36245,\"lng\":-4.5528,\"name\":\"Th\\u00e9\\u00e2tre tr\\u00e8s jeune public - Rendez-vous \\u00e0 la plage - Cie Fario\",\"type\":\"evenements-locaux-6\",\"idx\":397},{\"lat\":48.3621507,\"lng\":-4.2656187,\"name\":\"Les Balades photographiques de Daoulas\",\"type\":\"evenements-locaux-6\",\"idx\":398},{\"lat\":48.0511222,\"lng\":-4.5722182,\"name\":\"Visite de la ferme h\\u00e9licicole Cap'H\\u00e9lix\",\"type\":\"evenements-locaux-6\",\"idx\":399},{\"lat\":48.25146,\"lng\":-4.22228,\"name\":\"Vide grenier\",\"type\":\"evenements-locaux-6\",\"idx\":400},{\"lat\":48.3884131,\"lng\":-4.4850075,\"name\":\"Atelier de sensibilisation \\u00e0 l'autisme : Fresque de l'autisme\",\"type\":\"evenements-locaux-6\",\"idx\":401},{\"lat\":47.98587,\"lng\":-4.470066,\"name\":\"Balade cont\\u00e9e \\u00e0 Menez Dregan\",\"type\":\"evenements-locaux-6\",\"idx\":402},{\"lat\":48.0931504,\"lng\":-4.3310605,\"name\":\"Gef\\u00fchrter Fotospaziergang durch Douarnenez\",\"type\":\"evenements-locaux-6\",\"idx\":403},{\"lat\":48.0931504,\"lng\":-4.3310605,\"name\":\"Visite guid\\u00e9e des vieux quartiers de Douarnenez\",\"type\":\"evenements-locaux-6\",\"idx\":404},{\"lat\":48.041325,\"lng\":-4.487576,\"name\":\"Marathon photo\",\"type\":\"evenements-locaux-6\",\"idx\":405},{\"lat\":48.0972725,\"lng\":-4.3354308,\"name\":\"Visite guid\\u00e9e de l'\\u00eele Tristan\",\"type\":\"evenements-locaux-6\",\"idx\":406},{\"lat\":48.0505673,\"lng\":-4.2864733,\"name\":\"Visite de la Brasserie Diaoul\",\"type\":\"evenements-locaux-6\",\"idx\":407},{\"lat\":48.0416942,\"lng\":-4.4892502,\"name\":\"March\\u00e9 des artisans et cr\\u00e9ateurs\",\"type\":\"evenements-locaux-6\",\"idx\":408},{\"lat\":48.3744869,\"lng\":-4.6450747,\"name\":\"D\\u00e9couverte de la marche Afghane\",\"type\":\"evenements-locaux-6\",\"idx\":409},{\"lat\":48.01536,\"lng\":-4.36012,\"name\":\"Pardon Saint Justin\",\"type\":\"evenements-locaux-6\",\"idx\":410},{\"lat\":48.3279861,\"lng\":-4.2420348,\"name\":\"Les Vendredis du Camfrout\",\"type\":\"evenements-locaux-6\",\"idx\":411},{\"lat\":48.0140072,\"lng\":-4.485728,\"name\":\"Pardon de Notre Dame de Lorette\",\"type\":\"evenements-locaux-6\",\"idx\":412},{\"lat\":48.0146461,\"lng\":-4.5973837,\"name\":\"Activit\\u00e9s \\u00e0 la plage (2 -10 ans) - Sea Cool\",\"type\":\"evenements-locaux-6\",\"idx\":413},{\"lat\":48.036674,\"lng\":-4.666499,\"name\":\"S\\u00e9jour rando sur le GR34\\u00ae. Pointe du Raz - Ile de Sein 6J\\\/6N\",\"type\":\"evenements-locaux-6\",\"idx\":414},{\"lat\":48.0934247,\"lng\":-4.3257356,\"name\":\"Exposition : Bretagne sacr\\u00e9e, Bretagne celtique\",\"type\":\"evenements-locaux-6\",\"idx\":415},{\"lat\":48.3873,\"lng\":-4.4917445,\"name\":\"Visites mensuelles du mus\\u00e9e vivant de l'imprimerie PAM\",\"type\":\"evenements-locaux-6\",\"idx\":416},{\"lat\":48.181635,\"lng\":-4.232741,\"name\":\"March\\u00e9\",\"type\":\"evenements-locaux-6\",\"idx\":417},{\"lat\":48.382208,\"lng\":-4.4890438,\"name\":\"Spectacle Partage - Cirque Fran\\u00e7ais\",\"type\":\"evenements-locaux-6\",\"idx\":418},{\"lat\":47.98581,\"lng\":-4.42045,\"name\":\"Comice agricole du Pays Bigouden\",\"type\":\"evenements-locaux-6\",\"idx\":419},{\"lat\":48.3744869,\"lng\":-4.6450747,\"name\":\"D\\u00e9couverte de la marche Afghane\",\"type\":\"evenements-locaux-6\",\"idx\":420},{\"lat\":48.3416585,\"lng\":-4.3672169,\"name\":\"Exposition fonds marins de la rade de Brest\",\"type\":\"evenements-locaux-6\",\"idx\":421}];\n        var categoryColorMap = {\"modele-villes\":\"#0891b2\",\"activites\":\"#db2777\",\"evenements-a-proximite-de-lhotel\":\"#65a30d\",\"evenements-locaux-6\":\"#c026d3\"};\n        var categoryLabelMap = {\"modele-villes\":\"Mod\\u00e8le Villes\",\"activites\":\"Activit\\u00e9s\",\"evenements-a-proximite-de-lhotel\":\"\\u00c9v\\u00e9nements \\u00e0 proximit\\u00e9 de l'h\\u00f4tel\",\"evenements-locaux-6\":\"\\u00c9v\\u00e9nements locaux\"};\n\n        var markers = []; \/\/ Tous les marqueurs [{marker, type, latLng, idx}]\n        var allBounds = []; \/\/ Coordonn\u00e9es pour le fitBounds initial\n        var activeMarker = null; \/\/ Marqueur actuellement s\u00e9lectionn\u00e9\n\n        \/**\n         * Cr\u00e9e une ic\u00f4ne SVG circulaire pour un marqueur Leaflet\n         * @param {string} color  \u2014 Couleur de remplissage\n         * @param {number} size   \u2014 Diam\u00e8tre du cercle int\u00e9rieur (d\u00e9faut: 12)\n         *\/\n        function createMarkerIcon(color, size) {\n          size = size || 12;\n          var outerSize = size + 8;\n          var center = outerSize \/ 2;\n          return L.divIcon({\n            className: 'em-marker',\n            html: '<svg width=\"' + outerSize + '\" height=\"' + outerSize + '\" viewBox=\"0 0 ' + outerSize + ' ' + outerSize + '\">' +\n              '<circle cx=\"' + center + '\" cy=\"' + center + '\" r=\"' + (size \/ 2 + 2) + '\" fill=\"white\" opacity=\"0.9\"\/>' +\n              '<circle cx=\"' + center + '\" cy=\"' + center + '\" r=\"' + (size \/ 2) + '\" fill=\"' + color + '\"\/>' +\n              '<\/svg>',\n            iconSize: [outerSize, outerSize],\n            iconAnchor: [center, center],\n            popupAnchor: [0, -(size \/ 2 + 6)]\n          });\n        }\n\n        \/\/ \u2500\u2500\u2500 Placement des marqueurs sur la carte \u2500\u2500\u2500\n        gpsPoints.forEach(function(point) {\n          var color = categoryColorMap[point.type] || '#6b7280';\n          var catLabel = categoryLabelMap[point.type] || point.type;\n          var icon = createMarkerIcon(color, 12);\n          var marker = L.marker([point.lat, point.lng], {\n            icon: icon\n          }).addTo(map);\n\n          \/\/ Popup au clic\n          var popupHtml = '<div class=\"em-map-popup\">' +\n            '<p class=\"em-map-popup-name\">' + escapeHtml(point.name) + '<\/p>' +\n            '<p class=\"em-map-popup-cat\" style=\"color:' + color + '\">' + escapeHtml(catLabel) + '<\/p>' +\n            '<button class=\"em-map-popup-btn\" data-card-idx=\"' + point.idx + '\">Voir la fiche \u2192<\/button>' +\n            '<\/div>';\n          marker.bindPopup(popupHtml, {\n            closeButton: false,\n            minWidth: 180\n          });\n\n          \/\/ Highlight du marqueur actif\n          marker.on('click', function() {\n            if (activeMarker && activeMarker.getElement()) activeMarker.getElement().classList.remove('em-marker--active');\n            if (marker.getElement()) marker.getElement().classList.add('em-marker--active');\n            activeMarker = marker;\n          });\n\n          \/\/ Bouton \"Voir la fiche\" dans la popup\n          marker.on('popupopen', function() {\n            var popupBtn = document.querySelector('.em-map-popup-btn[data-card-idx=\"' + point.idx + '\"]');\n            if (popupBtn) {\n              popupBtn.addEventListener('click', function() {\n                var allCards = document.querySelectorAll('.em-card');\n                var targetCard = allCards[point.idx];\n                if (targetCard) {\n                  var cardData = JSON.parse(targetCard.getAttribute('data-json'));\n                  openDetailModal(cardData);\n                }\n                map.closePopup();\n              });\n            }\n          });\n\n          markers.push({\n            marker: marker,\n            type: point.type,\n            latLng: [point.lat, point.lng],\n            idx: point.idx\n          });\n          allBounds.push([point.lat, point.lng]);\n        });\n\n        \/\/ Cadrage initial de la carte\n        if (allBounds.length > 1) map.fitBounds(allBounds, {\n          padding: [40, 40]\n        });\n        else if (allBounds.length === 1) map.setView(allBounds[0], 13);\n        setTimeout(function() {\n          map.invalidateSize();\n        }, 100);\n\n        \/\/ \u2500\u2500\u2500 Interaction cards \u2194 marqueurs (hover) \u2500\u2500\u2500\n        document.querySelectorAll('.em-card').forEach(function(card, cardIndex) {\n          card.addEventListener('mouseenter', function() {\n            markers.forEach(function(m) {\n              if (m.idx === cardIndex) {\n                m.marker.setIcon(createMarkerIcon(categoryColorMap[m.type] || '#6b7280', 18));\n                m.marker.setZIndexOffset(1000);\n              }\n            });\n          });\n          card.addEventListener('mouseleave', function() {\n            markers.forEach(function(m) {\n              if (m.idx === cardIndex) {\n                m.marker.setIcon(createMarkerIcon(categoryColorMap[m.type] || '#6b7280', 12));\n                m.marker.setZIndexOffset(0);\n              }\n            });\n          });\n        });\n\n        \/**\n         * Met \u00e0 jour la visibilit\u00e9 des marqueurs selon les types s\u00e9lectionn\u00e9s\n         * Appel\u00e9 par applyFilters() quand les filtres changent\n         *\/\n        window.updateMapMarkers = function(visibleTypes) {\n          var visibleBounds = [];\n          markers.forEach(function(m) {\n            if (visibleTypes.indexOf(m.type) !== -1) {\n              if (!map.hasLayer(m.marker)) map.addLayer(m.marker);\n              visibleBounds.push(m.latLng);\n            } else {\n              if (map.hasLayer(m.marker)) map.removeLayer(m.marker);\n            }\n          });\n\n          var hasPoints = visibleBounds.length > 0;\n          var mapSection = document.querySelector('.em-map-section');\n          var mapToggleBtn = document.getElementById('em-map-toggle');\n\n          if (mapSection) mapSection.style.display = hasPoints ? '' : 'none';\n          if (mapToggleBtn) {\n            mapToggleBtn.disabled = !hasPoints;\n            mapToggleBtn.style.opacity = hasPoints ? '' : '0.4';\n            mapToggleBtn.style.cursor = hasPoints ? '' : 'not-allowed';\n            \/\/ Ne touche pas \u00e0 .active \u2014 c'est le listener toggle qui le g\u00e8re\n          }\n\n          if (visibleBounds.length > 1) map.fitBounds(visibleBounds, {\n            padding: [40, 40],\n            maxZoom: 14\n          });\n          else if (visibleBounds.length === 1) map.setView(visibleBounds[0], 13);\n        };\n\n        \/\/ \u2500\u2500\u2500 Toggle visibilit\u00e9 de la carte \u2500\u2500\u2500\n        var mapToggle = document.getElementById('em-map-toggle');\n        var mapWrapper = document.getElementById('em-map-wrap');\n        if (mapToggle && mapWrapper) {\n          mapToggle.addEventListener('click', function() {\n            if (mapToggle.disabled) return;\n            var isVisible = mapWrapper.style.display !== 'none';\n            mapWrapper.style.display = isVisible ? 'none' : '';\n            mapToggle.classList.toggle('active', !isVisible);\n            if (!isVisible) setTimeout(function() {\n              map.invalidateSize();\n            }, 100);\n          });\n        }\n\n      }\n      initLeafletMap();\n\n      \/\/ \u2550\u2550\u2550\u2550\u2550\u2550\u2550\u2550\u2550\u2550\u2550\u2550\u2550\u2550\u2550\u2550\u2550\u2550\u2550\u2550\u2550\u2550\u2550\u2550\u2550\u2550\u2550\u2550\u2550\u2550\u2550\u2550\u2550\u2550\u2550\u2550\u2550\u2550\u2550\n      \/\/ MOBILE \/ TABLETTE \u2014 Sidebar filtres collapsible\n      \/\/ \u2550\u2550\u2550\u2550\u2550\u2550\u2550\u2550\u2550\u2550\u2550\u2550\u2550\u2550\u2550\u2550\u2550\u2550\u2550\u2550\u2550\u2550\u2550\u2550\u2550\u2550\u2550\u2550\u2550\u2550\u2550\u2550\u2550\u2550\u2550\u2550\u2550\u2550\u2550\n\n      \/**\n       * Sur mobile et tablette (\u22641024px), la sidebar filtres est repli\u00e9e par d\u00e9faut\n       * Un clic sur le titre la d\u00e9plie\/replie\n       *\/\n      function initMobileFilters() {\n        var filtersContainer = document.querySelector('.em-filters');\n        var filtersTitle = document.querySelector('.em-filters-title');\n        if (!filtersContainer || !filtersTitle) return;\n\n        var wrap = filtersContainer.closest('.em-wrap');\n        var backdrop = document.createElement('div');\n        backdrop.className = 'em-filter-backdrop';\n        filtersContainer.parentNode.insertBefore(backdrop, filtersContainer);\n\n        function isMobileOverlay() {\n          return window.innerWidth <= 720;\n        }\n\n        function setFiltersOpen(isOpen) {\n          filtersContainer.classList.toggle('collapsed', !isOpen);\n          filtersTitle.setAttribute('aria-expanded', isOpen ? 'true' : 'false');\n          backdrop.classList.toggle('is-visible', isOpen && isMobileOverlay());\n          document.documentElement.classList.toggle('em-filters-open', isOpen && isMobileOverlay());\n          if (wrap) wrap.classList.toggle('em-mobile-filters-open', isOpen && isMobileOverlay());\n        }\n\n        if (window.innerWidth <= 1024) {\n          setFiltersOpen(false);\n        } else {\n          setFiltersOpen(true);\n        }\n\n        filtersTitle.addEventListener('click', function() {\n          if (window.innerWidth <= 1024) {\n            setFiltersOpen(filtersContainer.classList.contains('collapsed'));\n          }\n        });\n\n        backdrop.addEventListener('click', function() {\n          setFiltersOpen(false);\n        });\n\n        document.addEventListener('keydown', function(event) {\n          if (event.key === 'Escape' && !filtersContainer.classList.contains('collapsed')) {\n            setFiltersOpen(false);\n          }\n        });\n\n        window.addEventListener('resize', function() {\n          if (window.innerWidth > 1024) {\n            setFiltersOpen(true);\n          } else if (window.innerWidth > 720) {\n            backdrop.classList.remove('is-visible');\n            document.documentElement.classList.remove('em-filters-open');\n            if (wrap) wrap.classList.remove('em-mobile-filters-open');\n          } else if (!filtersContainer.classList.contains('collapsed')) {\n            backdrop.classList.add('is-visible');\n            document.documentElement.classList.add('em-filters-open');\n            if (wrap) wrap.classList.add('em-mobile-filters-open');\n          }\n        });\n      }\n\n      initMobileFilters();\n\n      \/\/ \u2550\u2550\u2550\u2550\u2550\u2550\u2550\u2550\u2550\u2550\u2550\u2550\u2550\u2550\u2550\u2550\u2550\u2550\u2550\u2550\u2550\u2550\u2550\u2550\u2550\u2550\u2550\u2550\u2550\u2550\u2550\u2550\u2550\u2550\u2550\u2550\u2550\u2550\u2550\n      \/\/ OFFSET HEADER TH\u00c8ME \u2014 D\u00e9tecte un header sticky\/fix\u00e9 + injecte un overlay opaque sous celui-ci pour les th\u00e8mes au header semi-transparent\n      \/\/ \u2550\u2550\u2550\u2550\u2550\u2550\u2550\u2550\u2550\u2550\u2550\u2550\u2550\u2550\u2550\u2550\u2550\u2550\u2550\u2550\u2550\u2550\u2550\u2550\u2550\u2550\u2550\u2550\u2550\u2550\u2550\u2550\u2550\u2550\u2550\u2550\u2550\u2550\u2550\n      var HEADER_SELECTORS = 'header, .site-header, #masthead, #header, .header, .navbar, .nav-bar, body > nav, body > .top-bar';\n\n      \/\/ Inject l'overlay opaque dans le body (au niveau racine, \u00e9vite les pi\u00e8ges de stacking context si le th\u00e8me a un transform sur un anc\u00eatre)\n      if (!document.getElementById('em-header-overlay')) {\n        var overlay = document.createElement('div');\n        overlay.id = 'em-header-overlay';\n        document.body.appendChild(overlay);\n      }\n\n      function updateThemeHeaderOffset() {\n        var bottom = 0;\n        document.querySelectorAll(HEADER_SELECTORS).forEach(function(el) {\n          var style = window.getComputedStyle(el);\n          if (style.position !== 'fixed' && style.position !== 'sticky') return;\n          var rect = el.getBoundingClientRect();\n          if (rect.top <= 50 && rect.bottom > bottom) bottom = rect.bottom;\n        });\n        document.documentElement.style.setProperty('--em-header-offset', Math.max(0, bottom) + 'px');\n      }\n\n      function updateScrolledClass() {\n        document.documentElement.classList.toggle('em-scrolled', window.scrollY > 0);\n      }\n\n      updateThemeHeaderOffset();\n      updateScrolledClass();\n\n      window.addEventListener('resize', updateThemeHeaderOffset);\n\n      var headerTicking = false;\n      window.addEventListener('scroll', function() {\n        if (headerTicking) return;\n        headerTicking = true;\n        requestAnimationFrame(function() {\n          updateThemeHeaderOffset();\n          updateScrolledClass();\n          headerTicking = false;\n        });\n      }, {\n        passive: true\n      });\n\n    })();\n  <\/script>\n\n\n<\/section>\n","protected":false},"excerpt":{"rendered":"","protected":false},"author":1,"featured_media":1040,"parent":0,"menu_order":0,"comment_status":"closed","ping_status":"closed","template":"","meta":{"_seopress_titles_title":"","_seopress_titles_desc":"","_seopress_robots_index":"","_seopress_robots_follow":"","_seopress_robots_imageindex":"","_seopress_robots_snippet":"","_seopress_robots_primary_cat":"","_seopress_robots_breadcrumbs":"","_seopress_robots_freeze_modified_date":"","_seopress_robots_custom_modified_date":"","_seopress_robots_canonical":"","_seopress_social_fb_title":"","_seopress_social_fb_desc":"","_seopress_social_fb_img":"","_seopress_social_fb_img_attachment_id":0,"_seopress_social_fb_img_width":0,"_seopress_social_fb_img_height":0,"_seopress_social_twitter_title":"","_seopress_social_twitter_desc":"","_seopress_social_twitter_img":"","_seopress_social_twitter_img_attachment_id":0,"_seopress_social_twitter_img_width":0,"_seopress_social_twitter_img_height":0,"_seopress_redirections_value":"","_seopress_redirections_enabled":"","_seopress_redirections_enabled_regex":"","_seopress_redirections_logged_status":"both","_seopress_redirections_param":"","_seopress_redirections_type":301,"_seopress_analysis_target_kw":"","inline_featured_image":false,"gt_fse_maillage_image":"https:\/\/www.hoteldelabaiecrozonmorgat.com\/wp-content\/uploads\/2026\/02\/baie-de-douarnenez-morgat-hotel-baie-du-crozon.jpeg","gt_fse_maillage_titre":"Entdecken Sie in Ihrer Umgebung","gt_fse_maillage_alt":"Bucht von Douarnenez Morgat Hotel Bucht von Crozon","gt_fse_maillage_resume":"","footnotes":""},"categories":[],"tags":[],"class_list":["post-2067","page","type-page","status-publish","has-post-thumbnail","hentry"],"_links":{"self":[{"href":"https:\/\/www.hoteldelabaiecrozonmorgat.com\/de\/wp-json\/wp\/v2\/pages\/2067","targetHints":{"allow":["GET"]}}],"collection":[{"href":"https:\/\/www.hoteldelabaiecrozonmorgat.com\/de\/wp-json\/wp\/v2\/pages"}],"about":[{"href":"https:\/\/www.hoteldelabaiecrozonmorgat.com\/de\/wp-json\/wp\/v2\/types\/page"}],"author":[{"embeddable":true,"href":"https:\/\/www.hoteldelabaiecrozonmorgat.com\/de\/wp-json\/wp\/v2\/users\/1"}],"replies":[{"embeddable":true,"href":"https:\/\/www.hoteldelabaiecrozonmorgat.com\/de\/wp-json\/wp\/v2\/comments?post=2067"}],"version-history":[{"count":2,"href":"https:\/\/www.hoteldelabaiecrozonmorgat.com\/de\/wp-json\/wp\/v2\/pages\/2067\/revisions"}],"predecessor-version":[{"id":2485,"href":"https:\/\/www.hoteldelabaiecrozonmorgat.com\/de\/wp-json\/wp\/v2\/pages\/2067\/revisions\/2485"}],"wp:featuredmedia":[{"embeddable":true,"href":"https:\/\/www.hoteldelabaiecrozonmorgat.com\/de\/wp-json\/wp\/v2\/media\/1040"}],"wp:attachment":[{"href":"https:\/\/www.hoteldelabaiecrozonmorgat.com\/de\/wp-json\/wp\/v2\/media?parent=2067"}],"wp:term":[{"taxonomy":"category","embeddable":true,"href":"https:\/\/www.hoteldelabaiecrozonmorgat.com\/de\/wp-json\/wp\/v2\/categories?post=2067"},{"taxonomy":"post_tag","embeddable":true,"href":"https:\/\/www.hoteldelabaiecrozonmorgat.com\/de\/wp-json\/wp\/v2\/tags?post=2067"}],"curies":[{"name":"wp","href":"https:\/\/api.w.org\/{rel}","templated":true}]}}